{"id":13724,"date":"2020-06-24T16:45:33","date_gmt":"2020-06-24T14:45:33","guid":{"rendered":"http:\/\/pkol.local\/person\/piotr-gladki\/"},"modified":"2021-02-08T10:16:03","modified_gmt":"2021-02-08T09:16:03","slug":"piotr-gladki","status":"publish","type":"person","link":"https:\/\/olimpijski.pl\/en\/olimpijczycy\/piotr-gladki\/","title":{"rendered":"Piotr G\u0142adki (1972-2005)"},"content":{"rendered":"\n<p><br><br><br><strong>marato\u0144czyk z Gda\u0144ska, olimpijczyk z Sydney (2000), zwyci\u0119zca maratonu w Hamburgu (2000).<br><\/strong><br>Urodzony 8 lutego 1972 w Gda\u0144sku, syn Lucjana i Wandy, lekkoatleta (177 cm, 62 kg) miejscowej Lechii (1987-2001), od 2002 zawodnik Sportingu Mi\u0119dzyzdroje, podopieczny trenera Zbigniewa Kr\u00f3la. Student gda\u0144skiej AWF, specjalizuj\u0105cy si\u0119 w biegach d\u0142ugich. 3-krotny reprezentant Polski w meczach mi\u0119dzypa\u0144stwowych 1994-1999 (3 starty, bez zwyci\u0119stw indywidualnych), 3-krotny mistrz kraju: 5000 m (1998, 1999) i bieg prze\u0142. 12 km (1996) i halowy mistrz Polski na 3000 m (1997). Rekordy \u017cyciowe: 5000 m &#8211; 13.36.50 (29 maja 1994 Amsberg), 10000 m &#8211; 28.38.41 (8 czerwca 1998 Praga) i maraton &#8211; 2:11.06 (16 kwietnia 2000 Hamburg). Uczestnik mistrzostw \u015bwiata i mistrzostw Europy junior\u00f3w (1990, 1991), mistrzostw Europy senior\u00f3w (2002 Monachium: maraton &#8211; 17 m.) oraz fina\u0142u Pucharu Europy (1995, 1999), gdzie w Pary\u017cu (1999) zaj\u0105\u0142 w biegu na 5000 m &#8211; 6 m. Najcenniejszy sukces odni\u00f3s\u0142 w Hamburgu zwyci\u0119\u017caj\u0105c tam w tradycyjnym i dobrze obsadzonym maratonie (2000).<\/p>\n\n\n\n<p>Zgin\u0105\u0142 27 maja 2005 roku w wypadku samochodowym w m. Wyczechowo k. Kartuz, wracaj\u0105c do domu po udanym starcie (3 m.) w biegu ulicznym (Bia\u0142o\u015bliwie). Pochowany na cmentarzu Srebrzysko w Gda\u0144sku.<\/p>\n\n\n\n<p><strong>*2000 Sydney: lekkoatletyka, maraton<\/strong> &#8211; nie uko\u0144czy\u0142 wycofuj\u0105c si\u0119 na trasie (zw. G. Abera, Etiopia &#8211; 2:10.11).<\/p>\n\n\n\n<p><em>Bibl.: &#8220;Magazyn Olimpijski&#8221;, 2000, nr 8-9, s. 75; &#8220;Lekkoatleta&#8221; 2000, s. 199, 200; &#8220;Lekkoatleta&#8221;, 1997-2001 (rocznik), MP m\u0119\u017cczyzn 1945-2000 (oprac. PZLA niepubl.); Kurzy\u0144ski, Mecze m\u0119\u017cczyzn 1984-2002 (oprac. niepubl.); USC Gda\u0144sk, AU 1173\/1972.<\/em><\/p>\n","protected":false},"excerpt":{"rendered":"<p>marato\u0144czyk z Gda\u0144ska, olimpijczyk z Sydney (2000), zwyci\u0119zca maratonu w Hamburgu (2000). &#8230; <a class=\"read-more\" href=\"https:\/\/olimpijski.pl\/en\/olimpijczycy\/piotr-gladki\/\">Czytaj dalej<\/a><\/p>\n","protected":false},"featured_media":38719,"menu_order":60,"template":"","meta":{"_acf_changed":false,"ub_ctt_via":"","footnotes":""},"class_list":["post-13724","person","type-person","status-publish","has-post-thumbnail","hentry","infinite-scroll-item","no-featured-image-padding","resize-featured-image"],"acf":{"olimpic_information":[{"olimpic":[{"ID":294,"post_author":"1","post_date":"2000-06-17 13:34:45","post_date_gmt":"2000-06-17 11:34:45","post_content":"<!-- wp:heading {\"level\":1,\"className\":\"main-title\"} -->\n<h1 class=\"main-title\"><strong>Igrzyska XXVII Olimpiady<\/strong><br>Sydney 2000<\/h1>\n<!-- \/wp:heading -->\n\n<!-- wp:paragraph -->\n<p><br><\/p>\n<!-- \/wp:paragraph -->\n\n<!-- wp:image {\"align\":\"left\",\"id\":19354,\"sizeSlug\":\"large\",\"className\":\"is-style-default\"} -->\n<div class=\"wp-block-image is-style-default\"><figure class=\"alignleft size-large\"><img src=\"https:\/\/olimpijski.pl\/wp-content\/uploads\/2000\/06\/sydney2000.png\" alt=\"\" class=\"wp-image-19354\"\/><\/figure><\/div>\n<!-- \/wp:image -->\n\n<!-- wp:list -->\n<ul><li>Igrzyska rozegrano w dniach <strong>15 wrze\u015bnia \u2013 1 pa\u017adziernika<\/strong>.<\/li><li>Wystartowa\u0142o <strong>10 651<\/strong> zawodnik\u00f3w (w tym <strong>4769<\/strong> kobiet) ze <strong>199<\/strong> kraj\u00f3w.<\/li><li>Rozdano <strong>300<\/strong> komplet\u00f3w medali.<\/li><li>Przysi\u0119g\u0119 olimpijsk\u0105 w imieniu sportowc\u00f3w z\u0142o\u017cy\u0142a hokeistka na trawie <strong>Rachelle Margaret Hawkes<\/strong>, natomiast w imieniu s\u0119dzi\u00f3w i trener\u00f3w \u2013 <strong>Peter Kerr<\/strong>.<\/li><li>Znicz zapali\u0142a srebrna medalistka z Atlanty 1996 w biegu na 400 m <strong>Cathy Freeman<\/strong> (wygrywaj\u0105c rywalizacj\u0119 na tym dystansie w Sydney, przesz\u0142a do historii, jako pierwsza kobieta, kt\u00f3ra zapali\u0142a znicz na igrzyskach, w kt\u00f3rych zdoby\u0142a z\u0142oty medal).<\/li><li>Igrzyska otworzy\u0142 gubernator generalny Australii <strong>sir William Deane<\/strong>.<\/li><\/ul>\n<!-- \/wp:list -->\n\n<!-- wp:heading -->\n<h2><strong>Program Igrzysk \u2013 31 dyscyplin, 300 konkurencji<\/strong><\/h2>\n<!-- \/wp:heading -->\n\n<!-- wp:paragraph -->\n<p>badminton (5 konkurencji), baseball (1), boks (12), gimnastyka (18), hokej na trawie (2), je\u017adziectwo (6), judo (14), kajakarstwo (16), kolarstwo (18), koszyk\u00f3wka (2), lekkoatletyka (46), \u0142ucznictwo (4), pi\u0119ciob\u00f3j nowoczesny (2), pi\u0142ka no\u017cna (2), pi\u0142ka r\u0119czna (2), pi\u0142ka siatkowa (4), pi\u0142ka wodna (2), p\u0142ywanie (32), p\u0142ywanie synchroniczne (2), podnoszenie ci\u0119\u017car\u00f3w (15), skoki do wody (8), softball (1), strzelectwo (17), szermierka (10), taekwondo (8), tenis (4), tenis sto\u0142owy (4), triathlon (2), wio\u015blarstwo (14), zapasy (16), \u017ceglarstwo (11).<\/p>\n<!-- \/wp:paragraph -->\n\n<!-- wp:heading -->\n<h2><strong>Gwiazdy Igrzysk<\/strong><\/h2>\n<!-- \/wp:heading -->\n\n<!-- wp:paragraph -->\n<p><strong>Aleksiej Nemow<\/strong> (Rosja, gimnastyka) \u2013 2 z\u0142ote medale, 1 srebrny, 3 br\u0105zowe<br><strong>Ian Thorpe<\/strong> (Australia, p\u0142ywanie) \u2013 3 z\u0142ote medale, 2 srebrne<br><strong>Marion Jones<\/strong> (USA, lekkoatletyka) \u2013 3 z\u0142ote medale, 2 br\u0105zowe<br><strong>Robert Korzeniowski<\/strong> (Polska, lekkoatletyka) \u2013 2 z\u0142ote medale<\/p>\n<!-- \/wp:paragraph -->\n\n<!-- wp:heading -->\n<h2><strong>Polska Reprezentacja Olimpijska<\/strong><\/h2>\n<!-- \/wp:heading -->\n\n<!-- wp:paragraph -->\n<p><strong>195 os\u00f3b<\/strong> (startowa\u0142o 187 \u2013 58 kobiet i 129 m\u0119\u017cczyzn) w 19 sportach: 3 badmintonist\u00f3w (w tym 1 kobieta), 5 bokser\u00f3w, 1 gimnastyczka artystyczna, 2 gimnastyk\u00f3w sportowych (w tym 1 kobieta), 16 hokeist\u00f3w na trawie, 6 judok\u00f3w (w tym 1 kobieta; 5 startowa\u0142o, 1 nie), 23 kajakarzy (w tym 7 kobiet; 21 startowa\u0142o + 2 rez.), 11 kolarzy (10 startowa\u0142o, 1 nie), 12 koszykarek, 39 lekkoatlet\u00f3w (w tym 15 kobiet; 35 startowa\u0142o + 4 rez.), 5 \u0142ucznik\u00f3w (w tym 3 kobiety), 3 pi\u0119cioboist\u00f3w (w tym 3 kobiety), 8 p\u0142ywak\u00f3w w tym 4 kobiety), 9 ci\u0119\u017carowc\u00f3w (w tym 3 kobiety), 5 strzelc\u00f3w (w tym 2 kobiety), 10 szermierzy (w tym 4 kobiety), 2 tenisist\u00f3w sto\u0142owych, 17 wio\u015blarzy (w tym 3 kobiety), 9 zapa\u015bnik\u00f3w, 9 \u017ceglarzy (w tym 2 kobiety).<\/p>\n<!-- \/wp:paragraph -->\n\n<!-- wp:paragraph -->\n<p>Chor\u0105\u017cym reprezentacji Polski by\u0142 dwukrotny mistrz olimpijski zapa\u015bnik <strong>Andrzej Wro\u0144ski<\/strong>. &nbsp;&nbsp;&nbsp;&nbsp;&nbsp;&nbsp;&nbsp;<\/p>\n<!-- \/wp:paragraph -->\n\n<!-- wp:heading -->\n<h2><strong>Klasyfikacja medalowa<\/strong><\/h2>\n<!-- \/wp:heading -->\n\n<!-- wp:table {\"hasFixedLayout\":true,\"className\":\"is-style-stripes\"} -->\n<figure class=\"wp-block-table is-style-stripes\"><table class=\"has-fixed-layout\"><tbody><tr><td><\/td><td><\/td><td class=\"has-text-align-center\" data-align=\"center\">&nbsp;<\/td><td class=\"has-text-align-center\" data-align=\"center\">&nbsp;<\/td><td class=\"has-text-align-center\" data-align=\"center\">&nbsp;<\/td><td class=\"has-text-align-center\" data-align=\"center\">&nbsp;<\/td><\/tr><tr><td>&nbsp;<\/td><td>&nbsp;<\/td><td class=\"has-text-align-center\" data-align=\"center\">&nbsp;<\/td><td class=\"has-text-align-center\" data-align=\"center\"><img class=\"wp-image-27817\" style=\"width: 50px;\" src=\"https:\/\/olimpijski.pl\/wp-content\/uploads\/2016\/06\/2016_Rio_zloty_50x50.jpg\" alt=\"\"><\/td><td class=\"has-text-align-center\" data-align=\"center\"><img class=\"wp-image-27819\" style=\"width: 50px;\" src=\"https:\/\/olimpijski.pl\/wp-content\/uploads\/2016\/06\/2016_Rio_sreb_50x50.jpg\" alt=\"\"><\/td><td class=\"has-text-align-center\" data-align=\"center\"><img class=\"wp-image-27821\" style=\"width: 50px;\" src=\"https:\/\/olimpijski.pl\/wp-content\/uploads\/2016\/06\/2016_Rio_braz_50x50.jpg\" alt=\"\"><\/td><\/tr><tr><td>1.<\/td><td>USA<\/td><td class=\"has-text-align-center\" data-align=\"center\">91<\/td><td class=\"has-text-align-center\" data-align=\"center\">36<\/td><td class=\"has-text-align-center\" data-align=\"center\">24<\/td><td class=\"has-text-align-center\" data-align=\"center\">32<\/td><\/tr><tr><td>2.<\/td><td>Rosja<\/td><td class=\"has-text-align-center\" data-align=\"center\">88<\/td><td class=\"has-text-align-center\" data-align=\"center\">32<\/td><td class=\"has-text-align-center\" data-align=\"center\">28<\/td><td class=\"has-text-align-center\" data-align=\"center\">28<\/td><\/tr><tr><td>3.<\/td><td>Chiny<\/td><td class=\"has-text-align-center\" data-align=\"center\">59<\/td><td class=\"has-text-align-center\" data-align=\"center\">28<\/td><td class=\"has-text-align-center\" data-align=\"center\">16<\/td><td class=\"has-text-align-center\" data-align=\"center\">14<\/td><\/tr><tr><td>...<\/td><td>&nbsp;<\/td><td class=\"has-text-align-center\" data-align=\"center\">&nbsp;<\/td><td class=\"has-text-align-center\" data-align=\"center\">&nbsp;<\/td><td class=\"has-text-align-center\" data-align=\"center\">&nbsp;<\/td><td class=\"has-text-align-center\" data-align=\"center\">&nbsp;<\/td><\/tr><tr><td><strong>14.<\/strong><\/td><td><strong>Polska<\/strong><\/td><td class=\"has-text-align-center\" data-align=\"center\"><strong>1<\/strong>4<\/td><td class=\"has-text-align-center\" data-align=\"center\"><strong>6<\/strong><\/td><td class=\"has-text-align-center\" data-align=\"center\"><strong>5<\/strong><\/td><td class=\"has-text-align-center\" data-align=\"center\"><strong>3<\/strong><\/td><\/tr><\/tbody><\/table><\/figure>\n<!-- \/wp:table -->\n\n<!-- wp:heading -->\n<h2><strong>Medale dla Polski (14)<\/strong><\/h2>\n<!-- \/wp:heading -->\n\n<!-- wp:ub\/content-toggle-block {\"blockID\":\"e47a46fb-55e5-4cdd-a265-7d60709f2846\",\"theme\":\"#f1f1f1\",\"collapsed\":true,\"titleColor\":\"#000000\"} -->\n<!-- wp:ub\/content-toggle-panel-block {\"parentID\":\"e47a46fb-55e5-4cdd-a265-7d60709f2846\",\"theme\":\"#f1f1f1\",\"collapsed\":true,\"titleColor\":\"#000000\",\"panelTitle\":\"Z\u0142ote\"} -->\n<!-- wp:paragraph -->\n<p><\/p>\n<!-- \/wp:paragraph -->\n\n<!-- wp:media-text {\"align\":\"\",\"mediaId\":30166,\"mediaLink\":\"https:\/\/olimpijski.pl\/igrzyska_letnie\/sydney-2000\/2000_sydney_zloty_200\/#main\",\"mediaType\":\"image\",\"mediaWidth\":21} -->\n<div class=\"wp-block-media-text is-stacked-on-mobile\" style=\"grid-template-columns:21% auto\"><figure class=\"wp-block-media-text__media\"><img src=\"https:\/\/olimpijski.pl\/wp-content\/uploads\/2000\/06\/2000_Sydney_zloty_200.jpg\" alt=\"\" class=\"wp-image-30166\"\/><\/figure><div class=\"wp-block-media-text__content\"><!-- wp:paragraph -->\n<p><strong>Renata Mauer-R\u00f3\u017ca\u0144ska<\/strong><br>(strzelectwo, karabin standard - 3 pozycje)<\/p>\n<!-- \/wp:paragraph -->\n\n<!-- wp:paragraph -->\n<p><strong>Robert Korzeniowski<\/strong><br>(lekkoatletyka, ch\u00f3d sportowy - 20 km)<\/p>\n<!-- \/wp:paragraph -->\n\n<!-- wp:paragraph -->\n<p><strong>Robert Korzeniowski<\/strong><br>(lekkoatletyka, ch\u00f3d sportowy - 50 km)<\/p>\n<!-- \/wp:paragraph -->\n\n<!-- wp:paragraph -->\n<p><strong>Szymon Zi\u00f3\u0142kowski<\/strong><br>(lekkoatletyka, rzut m\u0142otem)<\/p>\n<!-- \/wp:paragraph -->\n\n<!-- wp:paragraph -->\n<p><strong>Kamila Skolimowska<\/strong><br>(lekkoatletyka, rzut m\u0142otem)<\/p>\n<!-- \/wp:paragraph -->\n\n<!-- wp:paragraph -->\n<p><strong>Tomasz Kucharski, Robert Sycz<\/strong><br>(wio\u015blarstwo, dw\u00f3jka wagi lekkiej)<\/p>\n<!-- \/wp:paragraph --><\/div><\/div>\n<!-- \/wp:media-text -->\n<!-- \/wp:ub\/content-toggle-panel-block -->\n<!-- \/wp:ub\/content-toggle-block -->\n\n<!-- wp:ub\/content-toggle-block {\"blockID\":\"15f62126-e65d-47be-8112-ce48deb6a91d\",\"theme\":\"#f1f1f1\",\"collapsed\":true,\"titleColor\":\"#000000\"} -->\n<!-- wp:ub\/content-toggle-panel-block {\"parentID\":\"15f62126-e65d-47be-8112-ce48deb6a91d\",\"theme\":\"#f1f1f1\",\"collapsed\":true,\"titleColor\":\"#000000\",\"panelTitle\":\"Srebrne\"} -->\n<!-- wp:paragraph -->\n<p><\/p>\n<!-- \/wp:paragraph -->\n\n<!-- wp:media-text {\"align\":\"\",\"mediaId\":30168,\"mediaLink\":\"https:\/\/olimpijski.pl\/igrzyska_letnie\/sydney-2000\/2000_sydney_sreb_200\/#main\",\"mediaType\":\"image\",\"mediaWidth\":20} -->\n<div class=\"wp-block-media-text is-stacked-on-mobile\" style=\"grid-template-columns:20% auto\"><figure class=\"wp-block-media-text__media\"><img src=\"https:\/\/olimpijski.pl\/wp-content\/uploads\/2000\/06\/2000_Sydney_sreb_200.jpg\" alt=\"\" class=\"wp-image-30168\"\/><\/figure><div class=\"wp-block-media-text__content\"><!-- wp:paragraph -->\n<p><strong>Agata Wr\u00f3bel<\/strong><br>(podnoszenie ci\u0119\u017car\u00f3w, waga +72 kg)<\/p>\n<!-- \/wp:paragraph -->\n\n<!-- wp:paragraph -->\n<p><strong>Szymon Ko\u0142ecki<\/strong><br>(podnoszenie ci\u0119\u017car\u00f3w, waga 94 kg)<\/p>\n<!-- \/wp:paragraph -->\n\n<!-- wp:paragraph -->\n<p><strong>Krzysztof Ko\u0142oma\u0144ski, Micha\u0142 Staniszewski<\/strong><br>(kajakarstwo g\u00f3rskie, C2 slalom)<\/p>\n<!-- \/wp:paragraph -->\n\n<!-- wp:paragraph -->\n<p><strong>Sylwia Grucha\u0142a, Magdalena Mroczkiewicz, Anna Rybicka, Barbara Wolnicka<\/strong><br>(szermierka, floret dru\u017cynowo)<\/p>\n<!-- \/wp:paragraph -->\n\n<!-- wp:paragraph -->\n<p><strong>Pawe\u0142 Baraszkiewicz, Daniel J\u0119draszko<\/strong><br>(kajakarstwo, C2 500 m)<\/p>\n<!-- \/wp:paragraph --><\/div><\/div>\n<!-- \/wp:media-text -->\n<!-- \/wp:ub\/content-toggle-panel-block -->\n<!-- \/wp:ub\/content-toggle-block -->\n\n<!-- wp:ub\/content-toggle-block {\"blockID\":\"90c67442-9d16-4432-846e-7bf4c010e034\",\"theme\":\"#f1f1f1\",\"collapsed\":true,\"titleColor\":\"#000000\"} -->\n<!-- wp:ub\/content-toggle-panel-block {\"parentID\":\"90c67442-9d16-4432-846e-7bf4c010e034\",\"theme\":\"#f1f1f1\",\"collapsed\":true,\"titleColor\":\"#000000\",\"panelTitle\":\"Br\u0105zowe\"} -->\n<!-- wp:paragraph -->\n<p><\/p>\n<!-- \/wp:paragraph -->\n\n<!-- wp:media-text {\"align\":\"\",\"mediaId\":30170,\"mediaLink\":\"https:\/\/olimpijski.pl\/igrzyska_letnie\/sydney-2000\/2000_sydney_braz_200\/#main\",\"mediaType\":\"image\",\"mediaWidth\":20} -->\n<div class=\"wp-block-media-text is-stacked-on-mobile\" style=\"grid-template-columns:20% auto\"><figure class=\"wp-block-media-text__media\"><img src=\"https:\/\/olimpijski.pl\/wp-content\/uploads\/2000\/06\/2000_Sydney_braz_200.jpg\" alt=\"\" class=\"wp-image-30170\"\/><\/figure><div class=\"wp-block-media-text__content\"><!-- wp:paragraph -->\n<p><strong>Leszek Blanik<\/strong><br>(gimnastyka, skok przez konia)<\/p>\n<!-- \/wp:paragraph -->\n\n<!-- wp:paragraph -->\n<p><strong>Aneta Pastuszka, Beata Soko\u0142owska<\/strong><br>(kajakarstwo, K2 500 m)<\/p>\n<!-- \/wp:paragraph -->\n\n<!-- wp:paragraph -->\n<p><strong>Dariusz Bia\u0142kowski, Grzegorz Kotowicz, Adam Seroczy\u0144ski, Marek Witkowski<\/strong><br>(kajakarstwo, K4 na 1000 m)<\/p>\n<!-- \/wp:paragraph --><\/div><\/div>\n<!-- \/wp:media-text -->\n<!-- \/wp:ub\/content-toggle-panel-block -->\n<!-- \/wp:ub\/content-toggle-block -->\n\n<!-- wp:paragraph -->\n<p><br><\/p>\n<!-- \/wp:paragraph -->","post_title":"Sydney 2000","post_excerpt":"","post_status":"publish","comment_status":"closed","ping_status":"closed","post_password":"","post_name":"sydney-2000","to_ping":"","pinged":"","post_modified":"2020-10-02 12:34:58","post_modified_gmt":"2020-10-02 10:34:58","post_content_filtered":"","post_parent":0,"guid":"https:\/\/wai-q98d7hpf9hy9k.wpallimport-demo.qsandbox.me\/olympics_summer\/sydney-2000\/","menu_order":0,"post_type":"olympics_summer","post_mime_type":"","comment_count":"0","filter":"raw"}],"competitions_rewards":[{"competition":[{"ID":5819,"post_author":"1","post_date":"2020-06-19 11:32:23","post_date_gmt":"2020-06-19 11:32:23","post_content":"","post_title":"Lekkoatletyka","post_excerpt":"","post_status":"publish","comment_status":"open","ping_status":"open","post_password":"","post_name":"lekkoatletyka","to_ping":"","pinged":"","post_modified":"2020-06-29 13:17:08","post_modified_gmt":"2020-06-29 11:17:08","post_content_filtered":"","post_parent":0,"guid":"https:\/\/wai-q7byvryhhcz9k.wpallimport-demo.qsandbox.me\/competition\/lekkoatletyka\/","menu_order":0,"post_type":"competition","post_mime_type":"","comment_count":"0","filter":"raw"}],"reward":""}]}],"picture":{"ID":38719,"id":38719,"title":"Piotr_Gladki","filename":"Piotr_Gladki.jpg","filesize":34105,"url":"https:\/\/olimpijski.pl\/wp-content\/uploads\/2020\/06\/Piotr_Gladki.jpg","link":"https:\/\/olimpijski.pl\/en\/olimpijczycy\/piotr-gladki\/piotr_gladki\/#main","alt":"","author":"15","description":"","caption":"","name":"piotr_gladki","status":"inherit","uploaded_to":13724,"date":"2021-02-08 09:14:31","modified":"2021-02-08 09:14:31","menu_order":0,"mime_type":"image\/jpeg","type":"image","subtype":"jpeg","icon":"https:\/\/olimpijski.pl\/wp-includes\/images\/media\/default.png","width":400,"height":447,"sizes":{"thumbnail":"https:\/\/olimpijski.pl\/wp-content\/uploads\/2020\/06\/Piotr_Gladki-150x150.jpg","thumbnail-width":150,"thumbnail-height":150,"medium":"https:\/\/olimpijski.pl\/wp-content\/uploads\/2020\/06\/Piotr_Gladki-268x300.jpg","medium-width":268,"medium-height":300,"medium_large":"https:\/\/olimpijski.pl\/wp-content\/uploads\/2020\/06\/Piotr_Gladki.jpg","medium_large-width":400,"medium_large-height":447,"large":"https:\/\/olimpijski.pl\/wp-content\/uploads\/2020\/06\/Piotr_Gladki.jpg","large-width":400,"large-height":447,"1536x1536":"https:\/\/olimpijski.pl\/wp-content\/uploads\/2020\/06\/Piotr_Gladki.jpg","1536x1536-width":400,"1536x1536-height":447,"2048x2048":"https:\/\/olimpijski.pl\/wp-content\/uploads\/2020\/06\/Piotr_Gladki.jpg","2048x2048-width":400,"2048x2048-height":447,"ultp_layout_landscape_large":"https:\/\/olimpijski.pl\/wp-content\/uploads\/2020\/06\/Piotr_Gladki.jpg","ultp_layout_landscape_large-width":400,"ultp_layout_landscape_large-height":447,"ultp_layout_landscape":"https:\/\/olimpijski.pl\/wp-content\/uploads\/2020\/06\/Piotr_Gladki.jpg","ultp_layout_landscape-width":400,"ultp_layout_landscape-height":447,"ultp_layout_portrait":"https:\/\/olimpijski.pl\/wp-content\/uploads\/2020\/06\/Piotr_Gladki.jpg","ultp_layout_portrait-width":400,"ultp_layout_portrait-height":447,"ultp_layout_square":"https:\/\/olimpijski.pl\/wp-content\/uploads\/2020\/06\/Piotr_Gladki.jpg","ultp_layout_square-width":400,"ultp_layout_square-height":447}},"firstname":"Piotr","lastname":"G\u0142adki (1972-2005)","birthdate_date":"08\/02\/1972","birthdate":"8 lutego 1972","deathdate_date":"27\/05\/2005","deathdate":"27 maja 2005","placeofbirth":"","club":"","coach":"","metrics":"","seolink":"gladki-piotr","tmp_old_id":"13737","tmp_old_fid":"294","tmp_old_parent_id":"15544","createdate":"06\/11\/2013","tmp_old_title":"G\u0142adki  Piotr","tmp_old_lead":"","tmp_old_body":"<p class=\"title-m-02\">G\u0141ADKI  PIOTR<\/p><p><strong>marato\u0144czyk z Gda\u0144ska, olimpijczyk z Sydney (2000), zwyci\u0119zca maratonu w Hamburgu (2000).<br\/><\/strong><br\/>Urodzony 8 lutego 1972 w Gda\u0144sku, syn Lucjana i Wandy, lekkoatleta (177 cm, 62 kg) miejscowej Lechii (1987-2001), od 2002 zawodnik Sportingu Mi\u0119dzyzdroje, podopieczny trenera Zbigniewa Kr\u00f3la. Student gda\u0144skiej AWF, specjalizuj\u0105cy si\u0119 w biegach d\u0142ugich. 3-krotny reprezentant Polski w meczach mi\u0119dzypa\u0144stwowych 1994-1999 (3 starty, bez zwyci\u0119stw indywidualnych), 3-krotny mistrz kraju: 5000 m (1998, 1999) i bieg prze\u0142. 12 km (1996) i halowy mistrz Polski na 3000 m (1997). Rekordy \u017cyciowe: 5000 m - 13.36.50 (29 maja 1994 Amsberg), 10000 m - 28.38.41 (8 czerwca 1998 Praga) i maraton - 2:11.06 (16 kwietnia 2000 Hamburg ). Uczestnik mistrzostw \u015bwiata i mistrzostw Europy junior\u00f3w (1990, 1991), mistrzostw Europy senior\u00f3w (2002 Monachium: maraton - 17 m.) oraz\u00a0fina\u0142u Pucharu Europy (1995, 1999), gdzie w Pary\u017cu (1999) zaj\u0105\u0142 w biegu na 5000 m - 6 m. Najcenniejszy sukces odni\u00f3s\u0142 w Hamburgu zwyci\u0119\u017caj\u0105c tam w tradycyjnym i dobrze obsadzonym maratonie (2000). Kawaler.<br\/><br\/>Bibl.: \"Magazyn Olimpijski\", 2000, nr 8-9, s. 75; \"Lekkoatleta\"\u00a02000, s. 199, 200; \"Lekkoatleta\", 1997-2001 (rocznik),\u00a0MP m\u0119\u017cczyzn 1945-2000 (oprac. PZLA\u00a0 niepubl.); Kurzy\u0144ski, Mecze m\u0119\u017cczyzn 1984-2002 (oprac. niepubl.); USC Gda\u0144sk, AU 1173\/1972.<br\/><strong>*2000 Sydney: maraton<\/strong> - nie uko\u0144czy\u0142 wycofuj\u0105c si\u0119 na trasie (zw. G. Abera, Etiopia - 2:10.11)<\/p><!-- history --><table width=\"85%\" style=\"text-align:right\" border=\"0\" cellspacing=\"0\" cellpadding=\"0\">  <tr>    <td align=\"right\" class=\"box3-title\"><a href=\"javascript:history.back()\">\u00ab powr\u00f3t do listy<\/a><\/td>  <\/tr><\/table>","tmp_old_body_img":false,"tmp_old_lead_img":false,"picture_medalists":false,"important":"","person_achivments":""},"_links":{"self":[{"href":"https:\/\/olimpijski.pl\/en\/wp-json\/wp\/v2\/person\/13724"}],"collection":[{"href":"https:\/\/olimpijski.pl\/en\/wp-json\/wp\/v2\/person"}],"about":[{"href":"https:\/\/olimpijski.pl\/en\/wp-json\/wp\/v2\/types\/person"}],"version-history":[{"count":2,"href":"https:\/\/olimpijski.pl\/en\/wp-json\/wp\/v2\/person\/13724\/revisions"}],"predecessor-version":[{"id":38722,"href":"https:\/\/olimpijski.pl\/en\/wp-json\/wp\/v2\/person\/13724\/revisions\/38722"}],"wp:featuredmedia":[{"embeddable":true,"href":"https:\/\/olimpijski.pl\/en\/wp-json\/wp\/v2\/media\/38719"}],"wp:attachment":[{"href":"https:\/\/olimpijski.pl\/en\/wp-json\/wp\/v2\/media?parent=13724"}],"curies":[{"name":"wp","href":"https:\/\/api.w.org\/{rel}","templated":true}]}}