{"id":13748,"date":"2020-06-24T16:45:38","date_gmt":"2020-06-24T14:45:38","guid":{"rendered":"http:\/\/pkol.local\/person\/gontowicz-szalas-maria\/"},"modified":"2021-02-23T12:33:31","modified_gmt":"2021-02-23T11:33:31","slug":"gontowicz-szalas-maria","status":"publish","type":"person","link":"https:\/\/olimpijski.pl\/en\/olimpijczycy\/gontowicz-szalas-maria\/","title":{"rendered":"Maria Gontowicz-Sza\u0142as"},"content":{"rendered":"\n<p><br><br><br><strong>judoczka z Gorzowa Wielkopolskiego, mistrzyni Polski, medalistka mistrzostw \u015bwiata i Europy, olimpijka z Barcelony (1992).<\/strong><\/p>\n\n\n\n<p>Urodzona 23 lutego 1965 w Gorzowie Wielkopolskim, c\u00f3rka Jaros\u0142awa i Olgi Komarnickiej, absolwentka miejscowego Liceum Og\u00f3lnokszta\u0142c\u0105cego 1985 (studiowa\u0142a te\u017c w Instytucie Kultury Fizycznej pozna\u0144skiej AWF w Gorzowie Wlkp., uczelni nie uko\u0144czy\u0142a). Zawodniczka (160 cm, 56 kg) gorzowskiego AZS-AWF (1980-1992), podopieczna trener\u00f3w: Eugeniusza Pilcha i Andrzeja Blady (klub) oraz Jacka Skubisa i Jerzego Dodziana (kadra). Jedna z najlepszych polskich judoczek (skromna, kole\u017ce\u0144ska, lubiana), dobrze wyszkolona technicznie, odporna psychicznie, pracowita w okresach przygotowawczych do zawod\u00f3w.<\/p>\n\n\n\n<p>Zadziorna, energiczna na tatami i w \u017cyciu, znana z nerwowych ruch\u00f3w, wiecznie si\u0119 gdzie\u015b spieszy\u0142a. 6-krotna mistrzyni Polski w wadze 56-60 kg (1982, 1985, 1987, 1989, 1991 i 1992), na arenie mi\u0119dzynarodowej by\u0142a: srebrn\u0105 medalistk\u0105 M\u015a (1986), 4-krotn\u0105 medalistk\u0105 ME: srebrn\u0105 (1989) i br\u0105zow\u0105 (1985-1987).<\/p>\n\n\n\n<p><strong>*1992 Barcelona: judo, w. lekka 56 kg<\/strong> &#8211; w pierwszej kolejce wyci\u0105gn\u0119\u0142a wolny los, w drugiej przegra\u0142a z D. Gonzales (Kuba), w rep. pokona\u0142a J. Alves (Brazylia), nast\u0119pnie U. Mybren (Szwecja) i przegra\u0142a z C. Tateno (Japonia), zajmuj\u0105c m. 7-8 (zw. M. Biasco Soto Hiszpania).<\/p>\n\n\n\n<p><em>Bibl.: G\u0142uszek, Leksykon 1999, s. 200; Pawlak, Olimpijczycy, s. 83; Kronika Sportu, s. 904; Archiwum PZJudo ;&nbsp; Archiwum IKF Gorz\u00f3w Wlkp.; Wywiad \u015brodowiskowy.<\/em><\/p>\n","protected":false},"excerpt":{"rendered":"<p>judoczka z Gorzowa Wielkopolskiego, mistrzyni Polski, medalistka mistrzostw \u015bwiata i Europy, olimpijka z Barcelony (1992). &#8230; <a class=\"read-more\" href=\"https:\/\/olimpijski.pl\/en\/olimpijczycy\/gontowicz-szalas-maria\/\">Czytaj dalej<\/a><\/p>\n","protected":false},"featured_media":39592,"menu_order":60,"template":"","meta":{"_acf_changed":false,"ub_ctt_via":"","footnotes":""},"class_list":["post-13748","person","type-person","status-publish","has-post-thumbnail","hentry","infinite-scroll-item","no-featured-image-padding","resize-featured-image"],"acf":{"olimpic_information":[{"olimpic":[{"ID":296,"post_author":"1","post_date":"1992-06-17 13:34:45","post_date_gmt":"1992-06-17 11:34:45","post_content":"<!-- wp:heading {\"level\":1,\"className\":\"main-title\"} -->\n<h1 class=\"main-title\"><strong>Igrzyska XXV Olimpiady<\/strong><br>Barcelona 1992<\/h1>\n<!-- \/wp:heading -->\n\n<!-- wp:paragraph -->\n<p><br><\/p>\n<!-- \/wp:paragraph -->\n\n<!-- wp:image {\"align\":\"left\",\"id\":19314,\"sizeSlug\":\"large\",\"className\":\"is-style-default\"} -->\n<div class=\"wp-block-image is-style-default\"><figure class=\"alignleft size-large\"><img src=\"https:\/\/olimpijski.pl\/wp-content\/uploads\/1992\/06\/barcelona1992.png\" alt=\"\" class=\"wp-image-19314\"\/><\/figure><\/div>\n<!-- \/wp:image -->\n\n<!-- wp:list -->\n<ul><li>Igrzyska rozegrano w dniach <strong>25 lipca \u2013 9 sierpnia<\/strong>.<\/li><li>Wystartowa\u0142o <strong>9956<\/strong> zawodnik\u00f3w (w tym <strong>2851<\/strong> kobiet) ze <strong>173<\/strong> kraj\u00f3w.<\/li><li>Rozdano <strong>257<\/strong> komplet\u00f3w medali.<\/li><li>Przysi\u0119g\u0119 olimpijsk\u0105 w imieniu sportowc\u00f3w z\u0142o\u017cy\u0142 \u017ceglarz <strong>Luis Doreste Blanco<\/strong>, natomiast w imieniu s\u0119dzi\u00f3w i trener\u00f3w \u2013 <strong>Eugeni Asensio<\/strong>.<\/li><li>Znicz olimpijski zapali\u0142 \u0142ucznik <strong>Antonio Rebollo<\/strong>, uczestnik trzech igrzysk paraolimpijskich i ich srebrny i br\u0105zowy medalista.<\/li><li>Igrzyska otworzy\u0142 <strong>kr\u00f3l Hiszpanii Juan Carlos<\/strong>.<\/li><\/ul>\n<!-- \/wp:list -->\n\n<!-- wp:heading -->\n<h2><strong>Program Igrzysk \u2013 28 dyscyplin, 257 konkurencji<\/strong><\/h2>\n<!-- \/wp:heading -->\n\n<!-- wp:paragraph -->\n<p>badminton (4 konkurencje), baseball (1), boks (12), gimnastyka (15), hokej na trawie (2), je\u017adziectwo (6), judo (14), kajakarstwo (16), kolarstwo (10), koszyk\u00f3wka (2), lekkoatletyka (43), \u0142ucznictwo (4), pi\u0119ciob\u00f3j nowoczesny (2), pi\u0142ka no\u017cna (1), pi\u0142ka r\u0119czna (2), pi\u0142ka siatkowa (2), pi\u0142ka wodna (1), p\u0142ywanie (31), p\u0142ywanie synchroniczne (2), podnoszenie ci\u0119\u017car\u00f3w (10), skoki do wody (4), strzelectwo (13), szermierka (8), tenis (4), tenis sto\u0142owy (4), wio\u015blarstwo (14), zapasy (20), \u017ceglarstwo (10).<\/p>\n<!-- \/wp:paragraph -->\n\n<!-- wp:heading -->\n<h2><strong>Gwiazda Igrzysk<\/strong><\/h2>\n<!-- \/wp:heading -->\n\n<!-- wp:paragraph -->\n<p><strong>Witalij Szczerbo <\/strong>(Wsp\u00f3lnota Niepodleg\u0142ych Pa\u0144stw, gimnastyka) \u2013 6 z\u0142otych medali<\/p>\n<!-- \/wp:paragraph -->\n\n<!-- wp:heading -->\n<h2><strong>Polska Reprezentacja Olimpijska<\/strong><\/h2>\n<!-- \/wp:heading -->\n\n<!-- wp:paragraph -->\n<p><strong>207 os\u00f3b<\/strong> (startowa\u0142o 201 \u2013 52 kobiety i 149 m\u0119\u017cczyzn) w 21 sportach: 8 bokser\u00f3w, 6 badmintonist\u00f3w (w tym 5 kobiet), 2 gimnastyczki artystyczne, 5 je\u017ad\u017ac\u00f3w (4 startowa\u0142o, 1 nie), 11 judok\u00f3w (w tym 5 kobiet), 18 kajakarzy (w tym 3 kobiety), 9 kolarzy, 24 lekkoatlet\u00f3w (w tym 14 kobiet), 6 \u0142ucznik\u00f3w (w tym 3 kobiety), 4 pi\u0119cioboist\u00f3w (3 startowa\u0142o, + 1 rez.), 20 pi\u0142karzy (16 startowa\u0142o + 4 rez.), 14 p\u0142ywak\u00f3w (w tym 6 kobiet), 1 skoczek do wody, 9 ci\u0119\u017carowc\u00f3w, 12 strzelc\u00f3w (w tym 5 kobiet), 3 tenisistki, 3 tenisist\u00f3w sto\u0142owych, 20 szermierzy (w tym 5 kobiet), 15 wio\u015blarzy, 13 zapa\u015bnik\u00f3w, 4 \u017ceglarzy (w tym 1 kobieta).<\/p>\n<!-- \/wp:paragraph -->\n\n<!-- wp:paragraph -->\n<p>Chor\u0105\u017cym reprezentacji Polski by\u0142 judoka <strong>Waldemar Legie\u0144<\/strong>.<\/p>\n<!-- \/wp:paragraph -->\n\n<!-- wp:heading -->\n<h2><strong>Klasyfikacja medalowa<\/strong><\/h2>\n<!-- \/wp:heading -->\n\n<!-- wp:table {\"hasFixedLayout\":true,\"className\":\"is-style-stripes\"} -->\n<figure class=\"wp-block-table is-style-stripes\"><table class=\"has-fixed-layout\"><tbody><tr><td><\/td><td><\/td><td class=\"has-text-align-center\" data-align=\"center\">&nbsp;<\/td><td class=\"has-text-align-center\" data-align=\"center\">&nbsp;<\/td><td class=\"has-text-align-center\" data-align=\"center\">&nbsp;<\/td><td class=\"has-text-align-center\" data-align=\"center\">&nbsp;<\/td><\/tr><tr><td>&nbsp;<\/td><td>&nbsp;<\/td><td class=\"has-text-align-center\" data-align=\"center\">&nbsp;<\/td><td class=\"has-text-align-center\" data-align=\"center\"><img class=\"wp-image-27817\" style=\"width: 50px;\" src=\"https:\/\/olimpijski.pl\/wp-content\/uploads\/2016\/06\/2016_Rio_zloty_50x50.jpg\" alt=\"\"><\/td><td class=\"has-text-align-center\" data-align=\"center\"><img class=\"wp-image-27819\" style=\"width: 50px;\" src=\"https:\/\/olimpijski.pl\/wp-content\/uploads\/2016\/06\/2016_Rio_sreb_50x50.jpg\" alt=\"\"><\/td><td class=\"has-text-align-center\" data-align=\"center\"><img class=\"wp-image-27821\" style=\"width: 50px;\" src=\"https:\/\/olimpijski.pl\/wp-content\/uploads\/2016\/06\/2016_Rio_braz_50x50.jpg\" alt=\"\"><\/td><\/tr><tr><td>1.<\/td><td>WNP*<\/td><td class=\"has-text-align-center\" data-align=\"center\">112<\/td><td class=\"has-text-align-center\" data-align=\"center\">45<\/td><td class=\"has-text-align-center\" data-align=\"center\">38<\/td><td class=\"has-text-align-center\" data-align=\"center\">29<\/td><\/tr><tr><td>2.<\/td><td>USA<\/td><td class=\"has-text-align-center\" data-align=\"center\">108<\/td><td class=\"has-text-align-center\" data-align=\"center\">37<\/td><td class=\"has-text-align-center\" data-align=\"center\">34<\/td><td class=\"has-text-align-center\" data-align=\"center\">37<\/td><\/tr><tr><td>3.<\/td><td>Niemcy<\/td><td class=\"has-text-align-center\" data-align=\"center\">92<\/td><td class=\"has-text-align-center\" data-align=\"center\">33<\/td><td class=\"has-text-align-center\" data-align=\"center\">21<\/td><td class=\"has-text-align-center\" data-align=\"center\">38<\/td><\/tr><tr><td>...<\/td><td>&nbsp;<\/td><td class=\"has-text-align-center\" data-align=\"center\">&nbsp;<\/td><td class=\"has-text-align-center\" data-align=\"center\">&nbsp;<\/td><td class=\"has-text-align-center\" data-align=\"center\">&nbsp;<\/td><td class=\"has-text-align-center\" data-align=\"center\">&nbsp;<\/td><\/tr><tr><td><strong>19.<\/strong><\/td><td><strong>Polska<\/strong><\/td><td class=\"has-text-align-center\" data-align=\"center\"><strong>19<\/strong><\/td><td class=\"has-text-align-center\" data-align=\"center\"><strong>3<\/strong><\/td><td class=\"has-text-align-center\" data-align=\"center\"><strong>6<\/strong><\/td><td class=\"has-text-align-center\" data-align=\"center\"><strong>10<\/strong><\/td><\/tr><\/tbody><\/table><\/figure>\n<!-- \/wp:table -->\n\n<!-- wp:heading -->\n<h2><strong>Medale dla Polski (19)<\/strong><\/h2>\n<!-- \/wp:heading -->\n\n<!-- wp:paragraph -->\n<p>z\u0142oty - Waldemar Legie\u0144 (judo - waga 86 kg)<br>z\u0142oty - Arkadiusz Skrzypaszek (pi\u0119ciob\u00f3j nowoczesny - rywalizacja indywidualna)<br>z\u0142oty - Maciej Czy\u017cowicz, Dariusz Go\u017adziak i Arkadiusz Skrzypaszek (pi\u0119ciob\u00f3j nowoczesny - rywalizacja dru\u017cynowa)<br><br>srebrny - Maciej Freimut i Wojciech Kurpiewski (kajakarstwo - KS na 500 m)<br>srebrny - Rafa\u0142 Szuka\u0142a (p\u0142ywanie - wy\u015bcig na 100 m stylem motylkowym)<br>srebrny - Krzysztof Siemion (podnoszenie ci\u0119\u017car\u00f3w - waga 82,5 kg)<br>srebrny - J\u00f3zef Tracz (zapasy - styl klasyczny - waga 74 kg)<br>srebrny - Piotr St\u0119pie\u0144 (zapasy - styl klasyczny - waga 82 kg)<br>srebrny - Dariusz Adamczuk, Marek Bajor, Jerzy Brz\u0119czek, Dariusz G\u0119sior, Marcin Ja\u0142ocha, Andrzej Juskowiak, Aleksander K\u0142ak, Andrzej Kobyla\u0144ski, Dariusz Kose\u0142a, Wojciech Kowalczyk, Marek Ko\u017ami\u0144ski, Tomasz \u0141api\u0144ski, Grzegorz Mielcarski, Arkadiusz Onyszko, Ryszard Staniek, Dariusz Szubert, Piotr \u015awierczewski, Miros\u0142aw Walig\u00f3ra, Tomasz Wa\u0142doch i Tomasz Wieszczycki (pi\u0142ka no\u017cna)<br><br>br\u0105zowy - Wojciech Bartnik (boks - waga p\u00f3\u0142ci\u0119\u017cka)<br>br\u0105zowy - Grzegorz Kotowicz, Dariusz Bia\u0142kowski (kajakarstwo - K2 na 1000 m)<br>br\u0105zowy - Izabela Dylewska (kajakarstwo - K1 na 500 m)<br>br\u0105zowy - Artur Partyka (lekkoatletyka- skok wzwy\u017c)<br>br\u0105zowy - Sergiusz Wo\u0142czaniecki (podnoszenie ci\u0119\u017car\u00f3w - waga 90 kg)<br>br\u0105zowy - Waldemar Malak (podnoszenie ci\u0119\u017car\u00f3w - waga 90 kg)<br>br\u0105zowy - Ma\u0142gorzata Ksi\u0105\u017ckiewicz (strzelectwo - karabin ma\u0142okalibrowy)<br>br\u0105zowy - Piotr Kie\u0142pikowski, Adam Krzesi\u0144ski, Cezary Siess, Ryszard Sobczak i Marian Sypniewski (szermierka - turniej dru\u017cynowy florecist\u00f3w)<br>br\u0105zowy - Kajetan Broniewski (wio\u015blarstwo - jedynki)<br>br\u0105zowy - Wojciech Jankowski, Maciej \u0141asicki, Jacek Streich, Tomasz Tomiak i sternik Micha\u0142 Cie\u015blak (wio\u015blarstwo - czw\u00f3rka ze sternikiem)<\/p>\n<!-- \/wp:paragraph -->\n\n<!-- wp:quote {\"className\":\"is-style-default\"} -->\n<blockquote class=\"wp-block-quote is-style-default\"><p>Ceremoni\u0119 otwarcia ogl\u0105da\u0142o ponad 3 mld telewidz\u00f3w. W programie igrzysk znalaz\u0142y si\u0119 badminton, baseball i judo kobiet. RPA, kt\u00f3ra zerwa\u0142a z polityk\u0105 apartheidu mia\u0142a reprezentacj\u0119 mieszan\u0105 rasowo. Zadebiutowa\u0142y: Chorwacja, S\u0142owenia, Bo\u015bnia i Hercegowina, Jemen i Namibia. Sportowcy Jugos\u0142awii, na kt\u00f3r\u0105 na\u0142o\u017cone sankcje mi\u0119dzynarodowe wyst\u0105pili w dru\u017cynie niezale\u017cnej (Independent Olympic Participants).<\/p><\/blockquote>\n<!-- \/wp:quote -->\n\n<!-- wp:paragraph -->\n<p><em>* WNP \u2013 Wsp\u00f3lnota Niepodleg\u0142ych Pa\u0144stw, czyli forma przej\u015bciowa mi\u0119dzy ZSRR, a Rosj\u0105.<\/em><\/p>\n<!-- \/wp:paragraph -->","post_title":"Barcelona 1992","post_excerpt":"","post_status":"publish","comment_status":"closed","ping_status":"closed","post_password":"","post_name":"barcelona-1992","to_ping":"","pinged":"","post_modified":"2020-09-28 15:16:33","post_modified_gmt":"2020-09-28 13:16:33","post_content_filtered":"","post_parent":0,"guid":"https:\/\/wai-q98d7hpf9hy9k.wpallimport-demo.qsandbox.me\/olympics_summer\/barcelona-1992\/","menu_order":0,"post_type":"olympics_summer","post_mime_type":"","comment_count":"0","filter":"raw"}],"competitions_rewards":[{"competition":[{"ID":5857,"post_author":"1","post_date":"2020-06-19 11:32:26","post_date_gmt":"2020-06-19 11:32:26","post_content":"","post_title":"Judo","post_excerpt":"","post_status":"publish","comment_status":"open","ping_status":"open","post_password":"","post_name":"judo","to_ping":"","pinged":"","post_modified":"2020-07-19 22:34:47","post_modified_gmt":"2020-07-19 20:34:47","post_content_filtered":"","post_parent":0,"guid":"https:\/\/wai-q7byvryhhcz9k.wpallimport-demo.qsandbox.me\/competition\/judo\/","menu_order":0,"post_type":"competition","post_mime_type":"","comment_count":"0","filter":"raw"}],"reward":""}]}],"picture":{"ID":39592,"id":39592,"title":"Maria_Gontowicz-Szalas","filename":"Maria_Gontowicz-Szalas.jpg","filesize":44656,"url":"https:\/\/olimpijski.pl\/wp-content\/uploads\/2020\/06\/Maria_Gontowicz-Szalas.jpg","link":"https:\/\/olimpijski.pl\/en\/olimpijczycy\/gontowicz-szalas-maria\/maria_gontowicz-szalas\/#main","alt":"","author":"15","description":"","caption":"","name":"maria_gontowicz-szalas","status":"inherit","uploaded_to":13748,"date":"2021-02-23 11:32:47","modified":"2021-02-23 11:32:47","menu_order":0,"mime_type":"image\/jpeg","type":"image","subtype":"jpeg","icon":"https:\/\/olimpijski.pl\/wp-includes\/images\/media\/default.png","width":400,"height":475,"sizes":{"thumbnail":"https:\/\/olimpijski.pl\/wp-content\/uploads\/2020\/06\/Maria_Gontowicz-Szalas-150x150.jpg","thumbnail-width":150,"thumbnail-height":150,"medium":"https:\/\/olimpijski.pl\/wp-content\/uploads\/2020\/06\/Maria_Gontowicz-Szalas-253x300.jpg","medium-width":253,"medium-height":300,"medium_large":"https:\/\/olimpijski.pl\/wp-content\/uploads\/2020\/06\/Maria_Gontowicz-Szalas.jpg","medium_large-width":400,"medium_large-height":475,"large":"https:\/\/olimpijski.pl\/wp-content\/uploads\/2020\/06\/Maria_Gontowicz-Szalas.jpg","large-width":400,"large-height":475,"1536x1536":"https:\/\/olimpijski.pl\/wp-content\/uploads\/2020\/06\/Maria_Gontowicz-Szalas.jpg","1536x1536-width":400,"1536x1536-height":475,"2048x2048":"https:\/\/olimpijski.pl\/wp-content\/uploads\/2020\/06\/Maria_Gontowicz-Szalas.jpg","2048x2048-width":400,"2048x2048-height":475,"ultp_layout_landscape_large":"https:\/\/olimpijski.pl\/wp-content\/uploads\/2020\/06\/Maria_Gontowicz-Szalas.jpg","ultp_layout_landscape_large-width":400,"ultp_layout_landscape_large-height":475,"ultp_layout_landscape":"https:\/\/olimpijski.pl\/wp-content\/uploads\/2020\/06\/Maria_Gontowicz-Szalas.jpg","ultp_layout_landscape-width":400,"ultp_layout_landscape-height":475,"ultp_layout_portrait":"https:\/\/olimpijski.pl\/wp-content\/uploads\/2020\/06\/Maria_Gontowicz-Szalas.jpg","ultp_layout_portrait-width":400,"ultp_layout_portrait-height":475,"ultp_layout_square":"https:\/\/olimpijski.pl\/wp-content\/uploads\/2020\/06\/Maria_Gontowicz-Szalas.jpg","ultp_layout_square-width":400,"ultp_layout_square-height":475}},"firstname":"Maria","lastname":"Gontowicz-Sza\u0142as ","birthdate_date":"23\/02\/1965","birthdate":"23 lutego 1965","deathdate_date":"","deathdate":"","placeofbirth":"","club":"","coach":"","metrics":"","seolink":"gontowicz-szalas-maria","tmp_old_id":"14788","tmp_old_fid":"294","tmp_old_parent_id":"15544","createdate":"06\/11\/2013","tmp_old_title":"Gontowicz  Sza\u0142as  Maria","tmp_old_lead":"","tmp_old_body":"<p class=\"title-m-02\">GONTOWICZ  SZA\u0141AS  MARIA<\/p><p><strong>judoczka z Gorzowa Wielkopolskiego, mistrzyni Polski, medalistka mistrzostw \u015bwiata i Europy, olimpijka z Barcelony (1992).<br\/><\/strong><br\/>Urodzona 23 lutego 1965 w Gorzowie Wielkopolskim, c\u00f3rka Jaros\u0142awa i Olgi Komarnickiej, absolwentka miejscowego Liceum Og\u00f3lnokszta\u0142c\u0105cego 1985 (studiowa\u0142a te\u017c w Instytucie Kultury Fizycznej pozna\u0144skiej AWF w Gorzowie Wlkp.,\u00a0uczelni nie uko\u0144czy\u0142a). Zawodniczka (160 cm, 56 kg) gorzowskiego AZS-AWF (1980-1992), podopieczna trener\u00f3w: Eugeniusza Pilcha i Andrzeja Blady (klub) oraz Jacka Skubisa i Jerzego Dodziana (kadra). Jedna z najlepszych polskich judoczek (skromna, kole\u017ce\u0144ska, lubiana), dobrze wyszkolona technicznie, odporna psychicznie, pracowita w okresach przygotowawczych do zawod\u00f3w. Zadziorna, energiczna na tatami i w \u017cyciu, znana z nerwowych ruch\u00f3w, wiecznie si\u0119 gdzie\u015b spieszy\u0142a. 6-krotna mistrzyni Polski w wadze 56-60 kg (1982, 1985, 1987, 1989, 1991 i 1992), na arenie mi\u0119dzynarodowej by\u0142a: <strong>srebrn\u0105 medalistk\u0105<\/strong> M\u015a (1986), 4-krotn\u0105 medalistk\u0105 ME: srebrn\u0105 (1989) i br\u0105zow\u0105 (1985-1987). M\u0119\u017catka (Miros\u0142aw), ma pi\u0119cioro dzieci (Damian, Katarzyna, Karolina, Julia, Andrzej). Mieszka w Gorzowie Wlkp.<br\/><br\/>Bibl.: G\u0142uszek, Leksykon 1999, s. 200; Pawlak, Olimpijczycy, s. 83; Kronika Sportu, s. 904; Archiwum PZJudo ;\u00a0 Archiwum IKF Gorz\u00f3w Wlkp.; Wywiad \u015brodowiskowy.<br\/><strong>*1992 Barcelona: w. lekka 56 kg<\/strong> - w pierwszej kolejce wyci\u0105gn\u0119\u0142a wolny los, w drugiej przegra\u0142a z D. Gonzales (Kuba), w rep. pokona\u0142a J. Alves (Brazylia), nast\u0119pnie U. Mybren (Szwecja) i przegra\u0142a z C. Tateno (Japonia), zajmuj\u0105c m. 7-8 (zw. M. Biasco Soto Hiszpania).<br\/><\/p><!-- history --><table width=\"85%\" style=\"text-align:right\" border=\"0\" cellspacing=\"0\" cellpadding=\"0\">  <tr>    <td align=\"right\" class=\"box3-title\"><a href=\"javascript:history.back()\">\u00ab powr\u00f3t do listy<\/a><\/td>  <\/tr><\/table>","tmp_old_body_img":false,"tmp_old_lead_img":false,"picture_medalists":false,"important":"","person_achivments":""},"_links":{"self":[{"href":"https:\/\/olimpijski.pl\/en\/wp-json\/wp\/v2\/person\/13748"}],"collection":[{"href":"https:\/\/olimpijski.pl\/en\/wp-json\/wp\/v2\/person"}],"about":[{"href":"https:\/\/olimpijski.pl\/en\/wp-json\/wp\/v2\/types\/person"}],"version-history":[{"count":2,"href":"https:\/\/olimpijski.pl\/en\/wp-json\/wp\/v2\/person\/13748\/revisions"}],"predecessor-version":[{"id":39595,"href":"https:\/\/olimpijski.pl\/en\/wp-json\/wp\/v2\/person\/13748\/revisions\/39595"}],"wp:featuredmedia":[{"embeddable":true,"href":"https:\/\/olimpijski.pl\/en\/wp-json\/wp\/v2\/media\/39592"}],"wp:attachment":[{"href":"https:\/\/olimpijski.pl\/en\/wp-json\/wp\/v2\/media?parent=13748"}],"curies":[{"name":"wp","href":"https:\/\/api.w.org\/{rel}","templated":true}]}}