{"id":13749,"date":"2020-06-24T16:45:38","date_gmt":"2020-06-24T14:45:38","guid":{"rendered":"http:\/\/pkol.local\/person\/gora-wilhelm-antoni\/"},"modified":"2020-09-21T00:57:44","modified_gmt":"2020-09-20T22:57:44","slug":"gora-wilhelm-antoni","status":"publish","type":"person","link":"https:\/\/olimpijski.pl\/en\/olimpijczycy\/gora-wilhelm-antoni\/","title":{"rendered":"Gora Wilhelm Antoni"},"content":{"rendered":"<p class=\"title-m-02\">GORA WILHELM ANTONI (1916-1975)<\/p>\n<p><strong>restaurator, reprezentacyjny pomocnik Cracovii, olimpijczyk z Berlina (1936), w czasie wojny zawodnik Deutsche Turn-und Sport Gemeinschaft Krakau.<br \/><\/strong><br \/>Urodzony 18 stycznia&nbsp;1916 w Bytomiu, syn Jana i Marty z d. Obronczka, wykszta\u0142cenie \u015brednie. Urz\u0119dnik&nbsp;a potem restaurator. Swoje doros\u0142e&nbsp;&#8220;sportowe \u017cycie&#8221; sp\u0119dzi\u0142 w Cracovii (1935-1939) rozgrywaj\u0105c w jej barwach 134 mecze (debiut 22 kwietnia&nbsp;1935 z FC Wien i ostatni mecz 20 sierpnia 1939 z Union Touring). 16-krotnie wyst\u0119powa\u0142 w dru\u017cynie narodowej podczas mecz\u00f3w mi\u0119dzypa\u0144stwowych (1935-1939), m. in. na III mistrzostwach \u015bwiata (1938) w pami\u0119tnym meczu z Brazyli\u0105 (5:6). W czasie wojny przyj\u0105\u0142 niemieck\u0105 list\u0119 narodowo\u015bciow\u0105 i wyst\u0119powa\u0142&nbsp;jako zawodnik w Deutsche&nbsp;Turn &#8211; und Gemeinschaft (DTSG ) w Krakowie. Po wojnie (najprawdopodobniej przez kr\u00f3tki&nbsp;okres&nbsp;pod przybranym nazwiskiem przebywa\u0142 w Szczecinie) boj\u0105c si\u0119 odpowiedzialno\u015bci karnej&nbsp;wyjecha\u0142 do Niemiec Zachodnich (1946), gdzie zmar\u0142 w Hombergu 21 maja 1975.<\/p>\n<p>Bibl.: Gowarzewski, Encyklopedia, s. 379; KS Cracovia 1906-1986 , s. 52 (tu miejsce urodzenia Katowice); EP Fuji, t. 12 , s.52 i t. 20, s. 167; G\u0142uszek, Leksykon 1999, s. 201 (tu b\u0142\u0119dny rok urodzenia i brak daty \u015bmierci); Pawlak, Olimpijczycy, s. 84-85; Gowarzewski, Bia\u0142o-Czerwoni, s. 361; USC Bytom, AU 57\/1916 (tu prawid\u0142owa pisownia nazwiska &#8211; Gora).<br \/><strong>*1936 Berlin:<\/strong> <strong>pomocnik dru\u017cyny<\/strong>, kt\u00f3ra w elimin. pokona\u0142a W\u0119gry 3:0, w \u0107wier\u0107finale Wielk\u0105 Brytani\u0119 5:4, w p\u00f3\u0142finale przegra\u0142a z Austri\u0105 1:3, a w meczu o br\u0105zowy medal uleg\u0142a Norwegii 2:3 zajmuj\u0105c w turnieju 4 m. (zw. W\u0142ochy). G\u00f3ra wyst\u0105pi\u0142 w meczu z Norwegi\u0105. Sk\u0142ad dru\u017cyny zob. &#8211; Alba\u0144ski Spirydion.<\/p>\n<p><!-- history --><\/p>\n<table width=\"85%\" style=\"text-align:right\" border=\"0\" cellspacing=\"0\" cellpadding=\"0\">\n<tr>\n<td align=\"right\" class=\"box3-title\"><a href=\"javascript:history.back()\">&laquo; powr\u00f3t do listy<\/a><\/td>\n<\/tr>\n<\/table>\n","protected":false},"excerpt":{"rendered":"<p>GORA WILHELM ANTONI (1916-1975) restaurator, reprezentacyjny pomocnik Cracovii, olimpijczyk z Berlina (1936), w czasie wojny zawodnik Deutsche Turn-und Sport Gemeinschaft Krakau.Urodzony 18<\/p>\n","protected":false},"featured_media":0,"menu_order":60,"template":"","meta":{"_acf_changed":false,"ub_ctt_via":"","footnotes":""},"class_list":["post-13749","person","type-person","status-publish","hentry","infinite-scroll-item","no-featured-image-padding"],"acf":{"olimpic_information":[{"olimpic":[{"ID":308,"post_author":"1","post_date":"1936-06-17 13:34:45","post_date_gmt":"1936-06-17 12:34:45","post_content":"<!-- wp:heading {\"level\":1,\"className\":\"main-title\"} -->\n<h1 class=\"main-title\"><strong>Igrzyska XI Olimpiady<\/strong><br>Berlin 1936<\/h1>\n<!-- \/wp:heading -->\n\n<!-- wp:paragraph -->\n<p><br><\/p>\n<!-- \/wp:paragraph -->\n\n<!-- wp:image {\"align\":\"left\",\"id\":19316,\"width\":137,\"height\":137,\"sizeSlug\":\"large\"} -->\n<div class=\"wp-block-image\"><figure class=\"alignleft size-large is-resized\"><img src=\"https:\/\/olimpijski.pl\/wp-content\/uploads\/1936\/06\/berlin1936.png\" alt=\"\" class=\"wp-image-19316\" width=\"137\" height=\"137\"\/><\/figure><\/div>\n<!-- \/wp:image -->\n\n<!-- wp:list -->\n<ul><li>Igrzyska zosta\u0142y rozegrane w dniach <strong>1-16 sierpnia<\/strong>.<\/li><li>Wystartowa\u0142o <strong>4066<\/strong> zawodnik\u00f3w z <strong>49<\/strong> kraj\u00f3w (w tym <strong>328<\/strong> kobiet).<\/li><li>Rozdano <strong>129<\/strong> komplet\u00f3w medali.<\/li><li>Przysi\u0119g\u0119 w imieniu olimpijczyk\u00f3w z\u0142o\u017cy\u0142 ci\u0119\u017carowiec <strong>Rudolf Ismayr<\/strong>.<\/li><li>Po raz pierwszy w historii, na arenie igrzysk zapalony zosta\u0142 znicz olimpijski, a zaszczyt ten przypad\u0142 lekkoatlecie <strong>Fritzowi Schilgenowi<\/strong>, wybranemu ze wzgl\u0119du na \u0142adny styl biegania.<\/li><li>Igrzyska otworzy\u0142 kanclerz Niemiec <strong>Adolf Hitler<\/strong>.<\/li><\/ul>\n<!-- \/wp:list -->\n\n<!-- wp:heading -->\n<h2><strong>Program Igrzysk <strong>\u2013<\/strong> 21 dyscyplin, 129 konkurencji<\/strong><\/h2>\n<!-- \/wp:heading -->\n\n<!-- wp:paragraph -->\n<p>boks (8 konkurencji), gimnastyka (9), hokej na trawie (1), je\u017adziectwo (6), kajakarstwo (9), kolarstwo (6), koszyk\u00f3wka (1), lekkoatletyka (29), pi\u0119ciob\u00f3j nowoczesny (1), pi\u0142ka no\u017cna (1), pi\u0142ka r\u0119czna (1), pi\u0142ka wodna (1), p\u0142ywanie (11), podnoszenie ci\u0119\u017car\u00f3w (5), polo (1), skoki do wody (4), strzelectwo (3), szermierka (7), wio\u015blarstwo (7), zapasy (14), \u017ceglarstwo (4).<\/p>\n<!-- \/wp:paragraph -->\n\n<!-- wp:heading -->\n<h2><strong>Gwiazda Igrzysk<\/strong><\/h2>\n<!-- \/wp:heading -->\n\n<!-- wp:paragraph -->\n<p><strong>James Cleveland \u201eJesse\u201d Owens<\/strong> (USA, lekkoatletyka) \u2013 4 z\u0142ote medale<\/p>\n<!-- \/wp:paragraph -->\n\n<!-- wp:heading -->\n<h2><strong>Polska Reprezentacja Olimpijska<\/strong><\/h2>\n<!-- \/wp:heading -->\n\n<!-- wp:paragraph -->\n<p><strong>125 os\u00f3b<\/strong> (startowa\u0142o 113 \u2013 11 kobiet i 102 m\u0119\u017cczyzn) w 14 sportach: 8 bokser\u00f3w (7 startowa\u0142o, 1 nie), 9 gimnastyczek (8 startowa\u0142o, 1 nie),8 je\u017ad\u017ac\u00f3w (6 startowa\u0142o + 2 rez.), 5 kolarzy (4 startowa\u0142o + 1 rez.), 18 lekkoatlet\u00f3w (w tym 3 zawodniczki; 17 startowa\u0142o, 1 nie), 12 koszykarzy (10 startowa\u0142o + 2 rez.), 2 kajakarzy, 5 p\u0142ywak\u00f3w (4 startowa\u0142o + 1 rez.), 18 pi\u0142karzy (17 startowa\u0142o + 1 rez.), 11 szermierzy, 6 strzelc\u00f3w, 11 wio\u015blarzy, 4 zapa\u015bnik\u00f3w (3 startowa\u0142o, 1 nie), 8 \u017ceglarzy (7 startowa\u0142o + 1 rez.).<\/p>\n<!-- \/wp:paragraph -->\n\n<!-- wp:paragraph -->\n<p>Chor\u0105\u017cym reprezentacji Polski by\u0142 lekkoatleta <strong>Klemens Biniakowski<\/strong>.<\/p>\n<!-- \/wp:paragraph -->\n\n<!-- wp:heading -->\n<h2><strong>Klasyfikacja medalowa<\/strong><\/h2>\n<!-- \/wp:heading -->\n\n<!-- wp:table {\"hasFixedLayout\":true,\"className\":\"is-style-stripes\"} -->\n<figure class=\"wp-block-table is-style-stripes\"><table class=\"has-fixed-layout\"><tbody><tr><td><\/td><td><\/td><td class=\"has-text-align-center\" data-align=\"center\">&nbsp;<\/td><td class=\"has-text-align-center\" data-align=\"center\">&nbsp;<\/td><td class=\"has-text-align-center\" data-align=\"center\">&nbsp;<\/td><td class=\"has-text-align-center\" data-align=\"center\">&nbsp;<\/td><\/tr><tr><td>&nbsp;<\/td><td>&nbsp;<\/td><td class=\"has-text-align-center\" data-align=\"center\">&nbsp;<\/td><td class=\"has-text-align-center\" data-align=\"center\"><img class=\"wp-image-27817\" style=\"width: 50px;\" src=\"https:\/\/olimpijski.pl\/wp-content\/uploads\/2016\/06\/2016_Rio_zloty_50x50.jpg\" alt=\"\"><\/td><td class=\"has-text-align-center\" data-align=\"center\"><img class=\"wp-image-27819\" style=\"width: 50px;\" src=\"https:\/\/olimpijski.pl\/wp-content\/uploads\/2016\/06\/2016_Rio_sreb_50x50.jpg\" alt=\"\"><\/td><td class=\"has-text-align-center\" data-align=\"center\"><img class=\"wp-image-27821\" style=\"width: 50px;\" src=\"https:\/\/olimpijski.pl\/wp-content\/uploads\/2016\/06\/2016_Rio_braz_50x50.jpg\" alt=\"\"><\/td><\/tr><tr><td>1.<\/td><td>Niemcy<\/td><td class=\"has-text-align-center\" data-align=\"center\">89<\/td><td class=\"has-text-align-center\" data-align=\"center\">33<\/td><td class=\"has-text-align-center\" data-align=\"center\">26<\/td><td class=\"has-text-align-center\" data-align=\"center\">30<\/td><\/tr><tr><td>2.<\/td><td>USA<\/td><td class=\"has-text-align-center\" data-align=\"center\">56<\/td><td class=\"has-text-align-center\" data-align=\"center\">24<\/td><td class=\"has-text-align-center\" data-align=\"center\">20<\/td><td class=\"has-text-align-center\" data-align=\"center\">12<\/td><\/tr><tr><td>3.<\/td><td>W\u0119gry<\/td><td class=\"has-text-align-center\" data-align=\"center\">16<\/td><td class=\"has-text-align-center\" data-align=\"center\">10<\/td><td class=\"has-text-align-center\" data-align=\"center\">1<\/td><td class=\"has-text-align-center\" data-align=\"center\">5<\/td><\/tr><tr><td>...<\/td><td>&nbsp;<\/td><td class=\"has-text-align-center\" data-align=\"center\">&nbsp;<\/td><td class=\"has-text-align-center\" data-align=\"center\">&nbsp;<\/td><td class=\"has-text-align-center\" data-align=\"center\">&nbsp;<\/td><td class=\"has-text-align-center\" data-align=\"center\">&nbsp;<\/td><\/tr><tr><td><strong>22.<\/strong><\/td><td><strong>Polska<\/strong><\/td><td class=\"has-text-align-center\" data-align=\"center\"><strong>6<\/strong><\/td><td class=\"has-text-align-center\" data-align=\"center\"><strong>0<\/strong><\/td><td class=\"has-text-align-center\" data-align=\"center\"><strong>3<\/strong><\/td><td class=\"has-text-align-center\" data-align=\"center\"><strong>3<\/strong><\/td><\/tr><\/tbody><\/table><\/figure>\n<!-- \/wp:table -->\n\n<!-- wp:heading -->\n<h2><strong>Medale dla Polski (6)<\/strong><\/h2>\n<!-- \/wp:heading -->\n\n<!-- wp:ub\/content-toggle-block {\"blockID\":\"61bbb204-487c-421f-8244-fb42e8f2da7e\",\"theme\":\"#f1f1f1\",\"collapsed\":true,\"titleColor\":\"#000000\"} -->\n<!-- wp:ub\/content-toggle-panel-block {\"parentID\":\"61bbb204-487c-421f-8244-fb42e8f2da7e\",\"theme\":\"#f1f1f1\",\"collapsed\":true,\"titleColor\":\"#000000\",\"panelTitle\":\"Srebrne\"} -->\n<!-- wp:paragraph -->\n<p><\/p>\n<!-- \/wp:paragraph -->\n\n<!-- wp:media-text {\"align\":\"\",\"mediaId\":30221,\"mediaLink\":\"https:\/\/olimpijski.pl\/igrzyska_letnie\/berlin-1936\/1936_berlin_sreb_200\/#main\",\"mediaType\":\"image\",\"mediaWidth\":20} -->\n<div class=\"wp-block-media-text is-stacked-on-mobile\" style=\"grid-template-columns:20% auto\"><figure class=\"wp-block-media-text__media\"><img src=\"https:\/\/olimpijski.pl\/wp-content\/uploads\/1936\/06\/1936_Berlin_sreb_200.jpg\" alt=\"\" class=\"wp-image-30221\"\/><\/figure><div class=\"wp-block-media-text__content\"><!-- wp:paragraph -->\n<p><strong>Stanis\u0142awa Walasiewicz<\/strong><br>(lekkoatletyka, bieg na 100 m)<br><br><strong>Jadwiga Wajs<\/strong><br>(lekkoatletyka, rzut dyskiem)<\/p>\n<!-- \/wp:paragraph -->\n\n<!-- wp:paragraph -->\n<p><strong>Zdzis\u0142aw Kawecki, Henryk Leliwa-Roycewicz, Seweryn Kulesza<\/strong><br>(je\u017adziectwo, WKKW)<\/p>\n<!-- \/wp:paragraph --><\/div><\/div>\n<!-- \/wp:media-text -->\n<!-- \/wp:ub\/content-toggle-panel-block -->\n<!-- \/wp:ub\/content-toggle-block -->\n\n<!-- wp:ub\/content-toggle-block {\"blockID\":\"4c66526b-45eb-4431-93e8-e6d76c006dc6\",\"theme\":\"#f1f1f1\",\"collapsed\":true,\"titleColor\":\"#000000\"} -->\n<!-- wp:ub\/content-toggle-panel-block {\"parentID\":\"4c66526b-45eb-4431-93e8-e6d76c006dc6\",\"theme\":\"#f1f1f1\",\"collapsed\":true,\"titleColor\":\"#000000\",\"panelTitle\":\"Br\u0105zowe\"} -->\n<!-- wp:paragraph -->\n<p><\/p>\n<!-- \/wp:paragraph -->\n\n<!-- wp:media-text {\"align\":\"\",\"mediaId\":30223,\"mediaLink\":\"https:\/\/olimpijski.pl\/igrzyska_letnie\/berlin-1936\/1936_berlin_braz_200\/#main\",\"mediaType\":\"image\",\"mediaWidth\":20} -->\n<div class=\"wp-block-media-text is-stacked-on-mobile\" style=\"grid-template-columns:20% auto\"><figure class=\"wp-block-media-text__media\"><img src=\"https:\/\/olimpijski.pl\/wp-content\/uploads\/1936\/06\/1936_Berlin_braz_200.jpg\" alt=\"\" class=\"wp-image-30223\"\/><\/figure><div class=\"wp-block-media-text__content\"><!-- wp:paragraph -->\n<p><strong>Maria Kwa\u015bniewska<\/strong><br>(lekkoatletyka, rzut oszczepem)<\/p>\n<!-- \/wp:paragraph -->\n\n<!-- wp:paragraph -->\n<p><strong>W\u0142adys\u0142aw Kara\u015b<\/strong><br>(strzelectwo, karabin ma\u0142okalibrowy le\u017c\u0105c 50 m)<\/p>\n<!-- \/wp:paragraph -->\n\n<!-- wp:paragraph -->\n<p><strong>Jerzy Ustupski, Roger Verey<\/strong><br>(wio\u015blarstwo, dw\u00f3jka podw\u00f3jna)<\/p>\n<!-- \/wp:paragraph --><\/div><\/div>\n<!-- \/wp:media-text -->\n<!-- \/wp:ub\/content-toggle-panel-block -->\n<!-- \/wp:ub\/content-toggle-block -->\n\n<!-- wp:quote {\"className\":\"is-style-default\"} -->\n<blockquote class=\"wp-block-quote is-style-default\"><p>Trzy medale wywalczy\u0142y lekkoatletki, po jednym je\u017ad\u017acy, strzelec i wio\u015blarze. Ponownie w gronie najlepszych znalaz\u0142y si\u0119 Stanis\u0142awa Walasiewicz zajmuj\u0105c drugie miejsce w biegu na 100 m oraz Jadwiga Wajs w rzucie dyskiem. Trzecia, w rzucie oszczepem, by\u0142a Maria Kwa\u015bniewska.<\/p><\/blockquote>\n<!-- \/wp:quote -->","post_title":"Berlin 1936","post_excerpt":"","post_status":"publish","comment_status":"closed","ping_status":"closed","post_password":"","post_name":"berlin-1936","to_ping":"","pinged":"","post_modified":"2020-10-02 15:33:24","post_modified_gmt":"2020-10-02 13:33:24","post_content_filtered":"","post_parent":0,"guid":"https:\/\/wai-q98d7hpf9hy9k.wpallimport-demo.qsandbox.me\/olympics_summer\/berlin-1936\/","menu_order":0,"post_type":"olympics_summer","post_mime_type":"","comment_count":"0","filter":"raw"}],"competitions_rewards":[{"competition":[{"ID":5884,"post_author":"1","post_date":"2020-06-19 11:32:33","post_date_gmt":"2020-06-19 11:32:33","post_content":"","post_title":"Pi\u0142ka no\u017cna","post_excerpt":"","post_status":"publish","comment_status":"open","ping_status":"open","post_password":"","post_name":"pilka-nozna","to_ping":"","pinged":"","post_modified":"2020-06-29 13:17:08","post_modified_gmt":"2020-06-29 11:17:08","post_content_filtered":"","post_parent":0,"guid":"https:\/\/wai-q7byvryhhcz9k.wpallimport-demo.qsandbox.me\/competition\/pilka-nozna\/","menu_order":0,"post_type":"competition","post_mime_type":"","comment_count":"0","filter":"raw"}],"reward":""},{"competition":null,"reward":""}]}],"picture":false,"firstname":"","lastname":"Gora Wilhelm Antoni","birthdate_date":"20\/08\/1939","birthdate":"20 sierpnia 1939","deathdate_date":"","deathdate":"1975","placeofbirth":"","club":"","coach":"","metrics":"","seolink":"gora-wilhelm-antoni","tmp_old_id":"14683","tmp_old_fid":"294","tmp_old_parent_id":"15544","createdate":"06\/11\/2013","tmp_old_title":"Gora Wilhelm Antoni (1916-1975)","tmp_old_lead":"","tmp_old_body":"<p class=\"title-m-02\">GORA WILHELM ANTONI (1916-1975)<\/p>\n\n<p><strong>restaurator, reprezentacyjny pomocnik Cracovii, olimpijczyk z Berlina (1936), w czasie wojny zawodnik Deutsche Turn-und Sport Gemeinschaft Krakau.<br\/><\/strong><br\/>Urodzony 18 stycznia&nbsp;1916 w Bytomiu, syn Jana i Marty z d. Obronczka, wykszta\u0142cenie \u015brednie. Urz\u0119dnik&nbsp;a potem restaurator. Swoje doros\u0142e&nbsp;\"sportowe \u017cycie\" sp\u0119dzi\u0142 w Cracovii (1935-1939) rozgrywaj\u0105c w jej barwach 134 mecze (debiut 22 kwietnia&nbsp;1935 z FC Wien i ostatni mecz 20 sierpnia 1939 z Union Touring). 16-krotnie wyst\u0119powa\u0142 w dru\u017cynie narodowej podczas mecz\u00f3w mi\u0119dzypa\u0144stwowych (1935-1939), m. in. na III mistrzostwach \u015bwiata (1938) w pami\u0119tnym meczu z Brazyli\u0105 (5:6). W czasie wojny przyj\u0105\u0142 niemieck\u0105 list\u0119 narodowo\u015bciow\u0105 i wyst\u0119powa\u0142&nbsp;jako zawodnik w Deutsche&nbsp;Turn - und Gemeinschaft (DTSG ) w Krakowie. Po wojnie (najprawdopodobniej przez kr\u00f3tki&nbsp;okres&nbsp;pod przybranym nazwiskiem przebywa\u0142 w Szczecinie) boj\u0105c si\u0119 odpowiedzialno\u015bci karnej&nbsp;wyjecha\u0142 do Niemiec Zachodnich (1946), gdzie zmar\u0142 w Hombergu 21 maja 1975.<br\/><br\/>Bibl.: Gowarzewski, Encyklopedia, s. 379; KS Cracovia 1906-1986 , s. 52 (tu miejsce urodzenia Katowice); EP Fuji, t. 12 , s.52 i t. 20, s. 167; G\u0142uszek, Leksykon 1999, s. 201 (tu b\u0142\u0119dny rok urodzenia i brak daty \u015bmierci); Pawlak, Olimpijczycy, s. 84-85; Gowarzewski, Bia\u0142o-Czerwoni, s. 361; USC Bytom, AU 57\/1916 (tu prawid\u0142owa pisownia nazwiska - Gora).<br\/><strong>*1936 Berlin:<\/strong> <strong>pomocnik dru\u017cyny<\/strong>, kt\u00f3ra w elimin. pokona\u0142a W\u0119gry 3:0, w \u0107wier\u0107finale Wielk\u0105 Brytani\u0119 5:4, w p\u00f3\u0142finale przegra\u0142a z Austri\u0105 1:3, a w meczu o br\u0105zowy medal uleg\u0142a Norwegii 2:3 zajmuj\u0105c w turnieju 4 m. (zw. W\u0142ochy). G\u00f3ra wyst\u0105pi\u0142 w meczu z Norwegi\u0105. Sk\u0142ad dru\u017cyny zob. - Alba\u0144ski Spirydion.<\/p>\n\n<!-- history -->\n<table width=\"85%\" style=\"text-align:right\" border=\"0\" cellspacing=\"0\" cellpadding=\"0\">\n  <tr>\n    <td align=\"right\" class=\"box3-title\"><a href=\"javascript:history.back()\">&laquo; powr\u00f3t do listy<\/a><\/td>\n  <\/tr>\n<\/table>","tmp_old_body_img":false,"tmp_old_lead_img":false,"picture_medalists":false,"important":""},"_links":{"self":[{"href":"https:\/\/olimpijski.pl\/en\/wp-json\/wp\/v2\/person\/13749"}],"collection":[{"href":"https:\/\/olimpijski.pl\/en\/wp-json\/wp\/v2\/person"}],"about":[{"href":"https:\/\/olimpijski.pl\/en\/wp-json\/wp\/v2\/types\/person"}],"version-history":[{"count":0,"href":"https:\/\/olimpijski.pl\/en\/wp-json\/wp\/v2\/person\/13749\/revisions"}],"wp:attachment":[{"href":"https:\/\/olimpijski.pl\/en\/wp-json\/wp\/v2\/media?parent=13749"}],"curies":[{"name":"wp","href":"https:\/\/api.w.org\/{rel}","templated":true}]}}