{"id":13847,"date":"2020-06-24T16:46:01","date_gmt":"2020-06-24T14:46:01","guid":{"rendered":"http:\/\/pkol.local\/person\/dorota-horzonek-jokiel\/"},"modified":"2021-05-26T11:44:06","modified_gmt":"2021-05-26T09:44:06","slug":"dorota-horzonek-jokiel","status":"publish","type":"person","link":"https:\/\/olimpijski.pl\/en\/olimpijczycy\/dorota-horzonek-jokiel\/","title":{"rendered":"Dorota Horzonek-Jokiel (1934-1992)"},"content":{"rendered":"\n<p><strong>urz\u0119dniczka, instruktor sportu, gimnastyczka Pogoni Nowy Bytom, mistrzyni i&nbsp;reprezentantka Polski, olimpijka z&nbsp;Helsinek (1952) i&nbsp;Melbourne (1956) &#8211; br\u0105zowa medalistka z&nbsp;Antypod\u00f3w.<\/strong><\/p>\n\n\n\n<p>Urodzona 3 lutego 1934 w&nbsp;Nowym Bytomiu, c\u00f3rka Karola i&nbsp;Emy Kucharczyk, wykszta\u0142cenie podstawowe (urz\u0119dniczka w&nbsp;hucie &#8220;Pok\u00f3j&#8221;, instruktorka sportu). Gimnastyczka (156 cm, 58 kg), reprezentantka Towarzystwa Sportowego Huty Pok\u00f3j (od 1947), Ko\u0142a Sportowego Stal (od 1949) i&nbsp;Pogoni Nowy Bytom (1957-1958), wychowanka trenera Jerzego Dziuby. 11-krotna reprezentantka Polski (1952-1958) by\u0142a te\u017c 2-krotn\u0105 mistrzyni\u0105 kraju: na&nbsp;r\u00f3wnowa\u017cni (1957), por\u0119czach (1958) i&nbsp;2-krotn\u0105 mistrzyni\u0105 w&nbsp;konkurencji dru\u017cynowej (klasa MM, 1957-1958) oraz&nbsp;7-krotn\u0105 srebrn\u0105 medalistk\u0105 MP: w&nbsp;skoku przez&nbsp;konia (1952), \u0107wiczeniach wolnych (1952-1954), r\u00f3wnowa\u017cni (1953 i&nbsp;1956) oraz&nbsp;na por\u0119czach (1953).<\/p>\n\n\n\n<p>Na arenie mi\u0119dzynarodowej (obok dw\u00f3ch start\u00f3w&nbsp; olimpijskich i&nbsp;br\u0105zowego medalu w&nbsp;\u0107wiczeniach dru\u017cynowych z&nbsp;przyborami w&nbsp;Melbourne) startowa\u0142a m. in. w&nbsp;mistrzostwach \u015bwiata: w&nbsp;Rzymie (1954), gdzie zaj\u0119\u0142a 6. msc (wielob\u00f3j dru\u017c.) i&nbsp;84. msc (wielob\u00f3j ind.) oraz&nbsp;Mi\u0119dzynarodowych Igrzyskach M\u0142odzie\u017cy i&nbsp;Student\u00f3w: w&nbsp;Warszawie (1955), gdzie wywalczy\u0142a srebrny medal w&nbsp;dru\u017cynie (\u0107wiczenia z&nbsp;przyborami) i&nbsp;Moskwie (1957) w&nbsp;olimpijskim sk\u0142adzie Polki wygra\u0142y z\u0142oty medal powtarzaj\u0105c uk\u0142ad (\u0107wicze\u0144 z&nbsp;przyborami) z&nbsp;Melbourne. Po zako\u0144czeniu kariery zawodniczej (po M\u015a w&nbsp;Moskwie w&nbsp;1958, gdzie podczas treningu uleg\u0142a kontuzji i&nbsp;nie wystartowa\u0142a w&nbsp;konkurencji), po\u015bwi\u0119ci\u0142a si\u0119 szkoleniu m\u0142odzie\u017cy, najpierw sama (GKS Urania Koch\u0142owice), a&nbsp;p\u00f3\u017aniej w&nbsp;pracy treningowej towarzyszy\u0142a m\u0119\u017cowi, srebrnemu medali\u015bcie olimpijskiemu z&nbsp;Helsinek (ma\u0142\u017ce\u0144stwo od&nbsp;6 stycznia 1956) &#8211; Jerzemu Jokielowi.<\/p>\n\n\n\n<p>Kolejne miejsce pracy: Meksyk (od 1967 Jokiel przygotowywa\u0142 kadr\u0119 tego kraju do wyst\u0119pu olimpijskiego w 1968), Orzeg\u00f3w (od 1969), Ruda \u015al\u0105ska (1971, Slavia), O\u015brodek Przygotowa\u0144 Olimpijskich gimnastyki kobiet w Orzegowie (1979-1980), klub gimnastyczny w Barcelonie (od 1980) i wreszcie Bochum w Niemczech (od 1982). Owocem pracy pa\u0144stwa Jokiel\u00f3w w Slavii i OPO by\u0142o wiele \u015bwietnych gimnastyczek, reprezentantek Polski i uczestniczek IO (obok ich c\u00f3rki Anity Jokielanki m. in. Judyta Krawieczek &#8211; My\u0107ka, Ewa Guzik &#8211; Krzykawska, Gra\u017cyna Kulik &#8211; S\u00f3wka, Ma\u0142gorzata Majza &#8211; Dymek, Iwona Marczewska &#8211; Pelka, Jolanta Stawowska &#8211; Koszala, Janina Szweda). Zas\u0142u\u017cona Mistrzyni Sportu odznaczona m.in. srebrnym&nbsp; i br\u0105zowym Medalem za Wybitne Osi\u0105gni\u0119cia Sportowe.<\/p>\n\n\n\n<p>Zmar\u0142a w Bochum 26 maja 1992 r.<\/p>\n\n\n\n<p>*<strong>1952 Helsinki: gimnastyka, 4-b\u00f3j ind.<\/strong> &#8211; 86. na&nbsp;134 start. z&nbsp;not\u0105 67.57 (zw. M. Gorochowska, ZSRR &#8211; 76.78); \u0107wiczenia&nbsp; wolne &#8211; 77. msc z&nbsp;not\u0105 17.36 (zw. A. Keleti, W\u0119gry &#8211; 19.36); r\u00f3wnowa\u017cnia &#8211; 79. msc z&nbsp;not\u0105 16.96 (zw. N. Boczarowa, ZSRR &#8211; 19.22); por\u0119cze &#8211; 112. msc z&nbsp;not\u0105 15.76 (zw. M. Korondi, W\u0119gry &#8211; 19.40); skok&nbsp; przez&nbsp; konia &#8211; 79. msc z&nbsp;not\u0105 17.49 (zw. E. Kalinczuk, ZSRR &#8211; 19.20); <strong>4-b\u00f3j dru\u017c.<\/strong> &#8211; 8. na&nbsp;16 start. z&nbsp;not\u0105 483.72 (zw. ZSRR &#8211; 527.03). Partnerkami&nbsp;w dru\u017cynie by\u0142y:&nbsp;Z. Kowalczyk, U.&nbsp; \u0141ukomska, U. Marci\u0144czak, S. Moro\u0144, H. Rakoczy, S. Reindl i&nbsp;B. \u015alizowska.<\/p>\n\n\n\n<p><strong>*1956 Melbourne: gimnastyka, 4-b\u00f3j ind.<\/strong> &#8211; 27. na&nbsp;65 start. z&nbsp;not\u0105 71.666 (zw. L. \u0141atynina, ZSRR &#8211; 74.933); \u0107wiczenia&nbsp; wolne &#8211; 59. msc z&nbsp;not\u0105 17.366 (zw. A. Keleti, W\u0119gry i&nbsp;L. \u0141atynina, ZSRR &#8211; 18.733); r\u00f3wnowa\u017cnia &#8211; 26. msc z&nbsp;not\u0105 17.866 (zw. A. Keleti, W\u0119gry &#8211; 18.800); por\u0119cze &#8211; 20. msc z&nbsp;not\u0105 18.200 (zw. A. Keleti, W\u0119gry &#8211; 18.966); skok&nbsp; przez&nbsp;konia &#8211; 16. msc z&nbsp;not\u0105 18.233 (zw. L. \u0141atynina, ZSRR &#8211; 18.833); <strong>4-b\u00f3j&nbsp; dru\u017c.<\/strong> &#8211; 4. na&nbsp;9 start. z&nbsp;not\u0105 436.500 (zw. ZSRR &#8211; 444.800). Partnerkami H.(71.666) w&nbsp;dru\u017cynie&nbsp;by\u0142y:&nbsp;N. Kot (73.633), H. Rakoczy (73.700), D. Stachow (71.800), L. Szczerbi\u0144ska (70.300) i&nbsp;B. \u015alizowska (70.533); <strong>\u0107wiczenia dru\u017c. z<\/strong> <strong>przyborem<\/strong> &#8211; 3. ex aequo z&nbsp;ZSRR na&nbsp;9 start. z&nbsp;not\u0105 74.00 <strong>zdobywaj\u0105c br\u0105zowy medal<\/strong> (zw. W\u0119gry &#8211; 75.20). Polki&nbsp;wyst\u0105pi\u0142y w&nbsp;tym samym&nbsp;zespole&nbsp;sze\u015bciu zawodniczek.<\/p>\n\n\n\n<p><em>Bibl.:&nbsp;S\u0142ownik WF, 2000, z. 2, s. 99-100 (A. Steuer); G\u0142uszek, Leksykon 1999, s. 209 (tu brak danych o&nbsp;\u015bmierci);&nbsp;Pawlak, Olimpijczycy, s. 95 (tu b\u0142\u0119dnie rok \u015bmierci; 1993);&nbsp;Klimontowicz, Ruch olimpijski, s. 60;&nbsp; MES, t. 1, s. 218;&nbsp;Porada, Igrzyska, s. 835, 843, 844; Kronika Sportu, s. 896, 897; Dziuba, G\u00f3rno\u015bl\u0105scy olimpijczycy w&nbsp;gimnastyce, s. 10, 43 (tu&nbsp; informacja, \u017ce&nbsp;na&nbsp;MP Jokiel r\u00f3wnie\u017c zaj\u0119\u0142a w&nbsp;wieloboju 2 m (1952, 1957)&nbsp;i 3 m (1953, 1954, 1956, 1958); Kluge, Die Olympischen Spiele 1896-1980, s. 219; Du\u0144ski, Od Pary\u017ca,s. 286 (tu autor, w&nbsp;2000 r., osiem lat po \u015bmierci naszej olimpijki nie zauwa\u017cy\u0142 tego&nbsp;faktu, pisz\u0105c, \u017ce&nbsp;&#8220;Dorota i&nbsp;Jerzy Jokielowie&nbsp;mieszkaj\u0105 w&nbsp;Niemczech&#8221;).<\/em><\/p>\n","protected":false},"excerpt":{"rendered":"<p>urz\u0119dniczka, instruktor sportu, gimnastyczka Pogoni Nowy Bytom, mistrzyni i\u00a0reprezentantka Polski, olimpijka z\u00a0Helsinek (1952) i\u00a0Melbourne (1956) &#8211; br\u0105zowa medalistka z\u00a0Antypod\u00f3w. &#8230; <a class=\"read-more\" href=\"https:\/\/olimpijski.pl\/en\/olimpijczycy\/dorota-horzonek-jokiel\/\">Czytaj dalej<\/a><\/p>\n","protected":false},"featured_media":0,"menu_order":60,"template":"","meta":{"_acf_changed":false,"ub_ctt_via":"","footnotes":""},"class_list":["post-13847","person","type-person","status-publish","hentry","infinite-scroll-item","no-featured-image-padding"],"acf":{"olimpic_information":[{"olimpic":[{"ID":305,"post_author":"1","post_date":"1956-06-17 13:34:45","post_date_gmt":"1956-06-17 12:34:45","post_content":"<!-- wp:heading {\"level\":1,\"className\":\"main-title\"} -->\n<h1 class=\"main-title\"><strong>Igrzyska XVI Olimpiady<\/strong><br>Melbourne 1956<\/h1>\n<!-- \/wp:heading -->\n\n<!-- wp:paragraph -->\n<p><br><\/p>\n<!-- \/wp:paragraph -->\n\n<!-- wp:image {\"align\":\"left\",\"id\":19332,\"width\":147,\"height\":147,\"sizeSlug\":\"large\",\"className\":\"is-style-default\"} -->\n<div class=\"wp-block-image is-style-default\"><figure class=\"alignleft size-large is-resized\"><img src=\"https:\/\/olimpijski.pl\/wp-content\/uploads\/1956\/06\/melbourne1956.png\" alt=\"\" class=\"wp-image-19332\" width=\"147\" height=\"147\"\/><\/figure><\/div>\n<!-- \/wp:image -->\n\n<!-- wp:list -->\n<ul><li>Igrzyska rozegrano w dniach <strong>22 listopada \u2013 8 grudnia<\/strong> (ze wzgl\u0119du na problemy z kwarantann\u0105 koni konkurencje je\u017adzieckie odby\u0142y si\u0119 w Sztokholmie w dniach <strong>10-17 czerwca<\/strong>).<\/li><li>Wystartowa\u0142o <strong>3314<\/strong> zawodnik\u00f3w (w tym <strong>376<\/strong> kobiet) z <strong>72<\/strong> kraj\u00f3w.<\/li><li>Rozdano <strong>151<\/strong> komplet\u00f3w medali.<\/li><li>Znicz zapalili na dw\u00f3ch wie\u017cach stadionu <strong>Karin Lindberg<\/strong> i <strong>Henry Eriksson<\/strong>. W Melbourne znicz zapali\u0142 <strong>Ron Clarke<\/strong>.<\/li><li>Przysi\u0119g\u0119 w imieniu olimpijczyk\u00f3w w Sztokholmie sk\u0142ada\u0142 je\u017adziec <strong>Henri Julius Reverony Saint-Cyr<\/strong>, a w Melbourne lekkoatleta <strong>John Landy<\/strong>.<\/li><li>Igrzyska otworzy\u0142 ma\u0142\u017conek kr\u00f3lowej El\u017cbiety II, <strong>ksi\u0105\u017c\u0119 Edynburga Filip Mountbatten<\/strong>.<\/li><\/ul>\n<!-- \/wp:list -->\n\n<!-- wp:heading -->\n<h2><strong>Program Igrzysk \u2013 19 dyscyplin, 151 konkurencji<\/strong><\/h2>\n<!-- \/wp:heading -->\n\n<!-- wp:paragraph -->\n<p>boks (10 konkurencji), gimnastyka (15), hokej na trawie (1), je\u017adziectwo (6), kajakarstwo (9), kolarstwo (6), koszyk\u00f3wka (1), lekkoatletyka (33), pi\u0119ciob\u00f3j nowoczesny (2), pi\u0142ka no\u017cna (1), pi\u0142ka wodna (1), p\u0142ywanie (13), podnoszenie ci\u0119\u017car\u00f3w (7), skoki do wody (4), strzelectwo (7), szermierka (7), wio\u015blarstwo (7), zapasy (16), \u017ceglarstwo (5).<\/p>\n<!-- \/wp:paragraph -->\n\n<!-- wp:heading -->\n<h2><strong>Gwiazda Igrzysk<\/strong><\/h2>\n<!-- \/wp:heading -->\n\n<!-- wp:paragraph -->\n<p><strong>Larysa \u0141atynina<\/strong> (ZSRR, gimnastyka sportowa) \u2013 5 z\u0142otych medali i 1 srebrny<\/p>\n<!-- \/wp:paragraph -->\n\n<!-- wp:heading -->\n<h2><strong>Polska Reprezentacja Olimpijska<\/strong><\/h2>\n<!-- \/wp:heading -->\n\n<!-- wp:paragraph -->\n<p><strong>65 os\u00f3b<\/strong> (startowa\u0142y 64 \u2013 15 kobiet i 49 m\u0119\u017cczyzn) w 9 sportach: 9 bokser\u00f3w, 5 ci\u0119\u017carowc\u00f3w, 7 gimnastyczek (6 startowa\u0142o + 1 rez.), 4 kajakarzy (w tym 1 kobieta), 23 lekkoatlet\u00f3w (w tym 7 kobiet), 1 p\u0142ywaczka, 6 szermierzy, 2 strzelc\u00f3w, 8 wio\u015blarzy.<\/p>\n<!-- \/wp:paragraph -->\n\n<!-- wp:paragraph -->\n<p>Chor\u0105\u017cym reprezentacji Polski by\u0142&nbsp; m\u0142ociarz <strong>Tadeusz Rut<\/strong>.<\/p>\n<!-- \/wp:paragraph -->\n\n<!-- wp:heading -->\n<h2><strong>Klasyfikacja medalowa<\/strong><\/h2>\n<!-- \/wp:heading -->\n\n<!-- wp:table {\"hasFixedLayout\":true,\"className\":\"is-style-stripes\"} -->\n<figure class=\"wp-block-table is-style-stripes\"><table class=\"has-fixed-layout\"><tbody><tr><td><\/td><td><\/td><td class=\"has-text-align-center\" data-align=\"center\">&nbsp;<\/td><td class=\"has-text-align-center\" data-align=\"center\">&nbsp;<\/td><td class=\"has-text-align-center\" data-align=\"center\">&nbsp;<\/td><td class=\"has-text-align-center\" data-align=\"center\">&nbsp;<\/td><\/tr><tr><td>&nbsp;<\/td><td>&nbsp;<\/td><td class=\"has-text-align-center\" data-align=\"center\">&nbsp;<\/td><td class=\"has-text-align-center\" data-align=\"center\"><img class=\"wp-image-27817\" style=\"width: 50px;\" src=\"https:\/\/olimpijski.pl\/wp-content\/uploads\/2016\/06\/2016_Rio_zloty_50x50.jpg\" alt=\"\"><\/td><td class=\"has-text-align-center\" data-align=\"center\"><img class=\"wp-image-27819\" style=\"width: 50px;\" src=\"https:\/\/olimpijski.pl\/wp-content\/uploads\/2016\/06\/2016_Rio_sreb_50x50.jpg\" alt=\"\"><\/td><td class=\"has-text-align-center\" data-align=\"center\"><img class=\"wp-image-27821\" style=\"width: 50px;\" src=\"https:\/\/olimpijski.pl\/wp-content\/uploads\/2016\/06\/2016_Rio_braz_50x50.jpg\" alt=\"\"><\/td><\/tr><tr><td>1.<\/td><td>ZSRR<\/td><td class=\"has-text-align-center\" data-align=\"center\">98<\/td><td class=\"has-text-align-center\" data-align=\"center\">37<\/td><td class=\"has-text-align-center\" data-align=\"center\">29<\/td><td class=\"has-text-align-center\" data-align=\"center\">32<\/td><\/tr><tr><td>2.<\/td><td>USA<\/td><td class=\"has-text-align-center\" data-align=\"center\">74<\/td><td class=\"has-text-align-center\" data-align=\"center\">32<\/td><td class=\"has-text-align-center\" data-align=\"center\">25<\/td><td class=\"has-text-align-center\" data-align=\"center\">17<\/td><\/tr><tr><td>3.<\/td><td>Australia<\/td><td class=\"has-text-align-center\" data-align=\"center\">35<\/td><td class=\"has-text-align-center\" data-align=\"center\">13<\/td><td class=\"has-text-align-center\" data-align=\"center\">8<\/td><td class=\"has-text-align-center\" data-align=\"center\">14<\/td><\/tr><tr><td>...<\/td><td>&nbsp;<\/td><td class=\"has-text-align-center\" data-align=\"center\">&nbsp;<\/td><td class=\"has-text-align-center\" data-align=\"center\">&nbsp;<\/td><td class=\"has-text-align-center\" data-align=\"center\">&nbsp;<\/td><td class=\"has-text-align-center\" data-align=\"center\">&nbsp;<\/td><\/tr><tr><td><strong>17.<\/strong><\/td><td><strong>Polska<\/strong><\/td><td class=\"has-text-align-center\" data-align=\"center\"><strong>9<\/strong><\/td><td class=\"has-text-align-center\" data-align=\"center\"><strong>1<\/strong><\/td><td class=\"has-text-align-center\" data-align=\"center\"><strong>4<\/strong><\/td><td class=\"has-text-align-center\" data-align=\"center\"><strong>4<\/strong><\/td><\/tr><\/tbody><\/table><\/figure>\n<!-- \/wp:table -->\n\n<!-- wp:heading -->\n<h2><strong>Medale dla Polski (9)<\/strong><\/h2>\n<!-- \/wp:heading -->\n\n<!-- wp:ub\/content-toggle-block {\"blockID\":\"217075f5-6df1-4b44-8349-12ae685c9a5e\",\"theme\":\"#f1f1f1\",\"collapsed\":true,\"titleColor\":\"#000000\"} -->\n<!-- wp:ub\/content-toggle-panel-block {\"parentID\":\"217075f5-6df1-4b44-8349-12ae685c9a5e\",\"theme\":\"#f1f1f1\",\"collapsed\":true,\"titleColor\":\"#000000\",\"panelTitle\":\"Z\u0142oty\"} -->\n<!-- wp:paragraph -->\n<p><\/p>\n<!-- \/wp:paragraph -->\n\n<!-- wp:media-text {\"align\":\"\",\"mediaId\":30241,\"mediaLink\":\"https:\/\/olimpijski.pl\/igrzyska_letnie\/melbourne-1956\/1956_melbourne_zloty_200-2\/#main\",\"mediaType\":\"image\",\"mediaWidth\":20} -->\n<div class=\"wp-block-media-text is-stacked-on-mobile\" style=\"grid-template-columns:20% auto\"><figure class=\"wp-block-media-text__media\"><img src=\"https:\/\/olimpijski.pl\/wp-content\/uploads\/1956\/06\/1956_Melbourne_zloty_200-1.jpg\" alt=\"\" class=\"wp-image-30241\"\/><\/figure><div class=\"wp-block-media-text__content\"><!-- wp:paragraph -->\n<p><strong>El\u017cbieta Du\u0144ska<\/strong><br>(lekkoatletyka, skok w dal)<\/p>\n<!-- \/wp:paragraph --><\/div><\/div>\n<!-- \/wp:media-text -->\n<!-- \/wp:ub\/content-toggle-panel-block -->\n<!-- \/wp:ub\/content-toggle-block -->\n\n<!-- wp:ub\/content-toggle-block {\"blockID\":\"67ddeb95-8bad-4c8e-a939-3643cfe5d0ba\",\"theme\":\"#f1f1f1\",\"collapsed\":true,\"titleColor\":\"#000000\"} -->\n<!-- wp:ub\/content-toggle-panel-block {\"parentID\":\"67ddeb95-8bad-4c8e-a939-3643cfe5d0ba\",\"theme\":\"#f1f1f1\",\"collapsed\":true,\"titleColor\":\"#000000\",\"panelTitle\":\"Srebrne\"} -->\n<!-- wp:paragraph -->\n<p><\/p>\n<!-- \/wp:paragraph -->\n\n<!-- wp:media-text {\"align\":\"\",\"mediaId\":30243,\"mediaLink\":\"https:\/\/olimpijski.pl\/igrzyska_letnie\/melbourne-1956\/1956_melbourne_sreb_200\/#main\",\"mediaType\":\"image\",\"mediaWidth\":20} -->\n<div class=\"wp-block-media-text is-stacked-on-mobile\" style=\"grid-template-columns:20% auto\"><figure class=\"wp-block-media-text__media\"><img src=\"https:\/\/olimpijski.pl\/wp-content\/uploads\/1956\/06\/1956_Melbourne_sreb_200.jpg\" alt=\"\" class=\"wp-image-30243\"\/><\/figure><div class=\"wp-block-media-text__content\"><!-- wp:paragraph -->\n<p><strong>Janusz Sid\u0142o<\/strong><br>(lekkoatletyka, rzut oszczepem)<\/p>\n<!-- \/wp:paragraph -->\n\n<!-- wp:paragraph -->\n<p><strong>Adam Smelczy\u0144ski<\/strong><br>(strzelectwo, rzutki)<\/p>\n<!-- \/wp:paragraph -->\n\n<!-- wp:paragraph -->\n<p><strong>Marian Kuszewski, Zygmunt Pawlas, Jerzy Paw\u0142owski, Andrzej Pi\u0105tkowski, Wojciech Zab\u0142ocki, Ryszard Zub<\/strong><br>(szermierka, szabla dru\u017cynowo)<\/p>\n<!-- \/wp:paragraph -->\n\n<!-- wp:paragraph -->\n<p><strong>Jerzy Paw\u0142owski<\/strong><br>(szermierka, szabla)<\/p>\n<!-- \/wp:paragraph --><\/div><\/div>\n<!-- \/wp:media-text -->\n<!-- \/wp:ub\/content-toggle-panel-block -->\n<!-- \/wp:ub\/content-toggle-block -->\n\n<!-- wp:ub\/content-toggle-block {\"blockID\":\"460515f8-d072-48da-83ac-971bda549441\",\"theme\":\"#f1f1f1\",\"collapsed\":true,\"titleColor\":\"#000000\"} -->\n<!-- wp:ub\/content-toggle-panel-block {\"parentID\":\"460515f8-d072-48da-83ac-971bda549441\",\"theme\":\"#f1f1f1\",\"collapsed\":true,\"titleColor\":\"#000000\",\"panelTitle\":\"Br\u0105zowe\"} -->\n<!-- wp:paragraph -->\n<p><\/p>\n<!-- \/wp:paragraph -->\n\n<!-- wp:media-text {\"align\":\"\",\"mediaId\":30245,\"mediaLink\":\"https:\/\/olimpijski.pl\/igrzyska_letnie\/melbourne-1956\/1956_melbourne_braz_200\/#main\",\"mediaType\":\"image\",\"mediaWidth\":20} -->\n<div class=\"wp-block-media-text is-stacked-on-mobile\" style=\"grid-template-columns:20% auto\"><figure class=\"wp-block-media-text__media\"><img src=\"https:\/\/olimpijski.pl\/wp-content\/uploads\/1956\/06\/1956_Melbourne_braz_200.jpg\" alt=\"\" class=\"wp-image-30245\"\/><\/figure><div class=\"wp-block-media-text__content\"><!-- wp:paragraph -->\n<p><strong>Dorota Horzonek, Natalia Kot, Helena Rakoczy, Danuta Stachow, Lidia Szczerbi\u0144ska, Barbara \u015alizowska<\/strong><br>(gimnastyka, dru\u017cynowo z przyborem)<\/p>\n<!-- \/wp:paragraph -->\n\n<!-- wp:paragraph -->\n<p><strong>Marian Zieli\u0144ski<\/strong><br>(podnoszenie ci\u0119\u017car\u00f3w, 60 kg)<\/p>\n<!-- \/wp:paragraph -->\n\n<!-- wp:paragraph -->\n<p><strong>Zbigniew Pietrzykowski<\/strong><br>(boks, waga lekko\u015brednia)<\/p>\n<!-- \/wp:paragraph -->\n\n<!-- wp:paragraph -->\n<p><strong>Henryk Nied\u017awiedzki<\/strong><br>(boks, waga pi\u00f3rkowa)<\/p>\n<!-- \/wp:paragraph --><\/div><\/div>\n<!-- \/wp:media-text -->\n\n<!-- wp:paragraph -->\n<p><\/p>\n<!-- \/wp:paragraph -->\n<!-- \/wp:ub\/content-toggle-panel-block -->\n<!-- \/wp:ub\/content-toggle-block -->\n\n<!-- wp:paragraph -->\n<p><\/p>\n<!-- \/wp:paragraph -->\n\n<!-- wp:quote {\"className\":\"is-style-default\"} -->\n<blockquote class=\"wp-block-quote is-style-default\"><p>Po raz pierwszy na czele klasyfikacji medalowej igrzysk znale\u017ali si\u0119 sportowcy ZSRR, kt\u00f3rzy zdobyli 98 medali.<\/p><\/blockquote>\n<!-- \/wp:quote -->","post_title":"Melbourne 1956","post_excerpt":"","post_status":"publish","comment_status":"closed","ping_status":"closed","post_password":"","post_name":"melbourne-1956","to_ping":"","pinged":"","post_modified":"2020-10-02 15:54:58","post_modified_gmt":"2020-10-02 13:54:58","post_content_filtered":"","post_parent":0,"guid":"https:\/\/wai-q98d7hpf9hy9k.wpallimport-demo.qsandbox.me\/olympics_summer\/melbourne-1956\/","menu_order":0,"post_type":"olympics_summer","post_mime_type":"","comment_count":"0","filter":"raw"}],"competitions_rewards":[{"competition":[{"ID":18948,"post_author":"15","post_date":"2020-07-14 14:23:14","post_date_gmt":"2020-07-14 12:23:14","post_content":"","post_title":"Gimnastyka sportowa - \u0107wiczenia dru\u017cynowe z przyborem","post_excerpt":"","post_status":"publish","comment_status":"closed","ping_status":"closed","post_password":"","post_name":"cwiczenia-druzynowe-z-przyborem","to_ping":"","pinged":"","post_modified":"2020-08-17 15:23:03","post_modified_gmt":"2020-08-17 13:23:03","post_content_filtered":"","post_parent":5860,"guid":"http:\/\/pkol.cumulus.atthouse.pl\/?post_type=competition&#038;p=18948","menu_order":0,"post_type":"competition","post_mime_type":"","comment_count":"0","filter":"raw"}],"reward":{"value":"3","label":"Br\u0105zowy"}}]},{"olimpic":[{"ID":306,"post_author":"1","post_date":"1952-06-17 13:34:45","post_date_gmt":"1952-06-17 12:34:45","post_content":"<!-- wp:heading {\"level\":1,\"className\":\"main-title\"} -->\n<h1 class=\"main-title\"><strong>Igrzyska XV Olimpiady<\/strong><br>Helsinki 1952<\/h1>\n<!-- \/wp:heading -->\n\n<!-- wp:paragraph -->\n<p><br><\/p>\n<!-- \/wp:paragraph -->\n\n<!-- wp:image {\"align\":\"left\",\"id\":19318,\"sizeSlug\":\"large\",\"className\":\"is-style-default\"} -->\n<div class=\"wp-block-image is-style-default\"><figure class=\"alignleft size-large\"><img src=\"https:\/\/olimpijski.pl\/wp-content\/uploads\/1952\/06\/helsinki1952.png\" alt=\"\" class=\"wp-image-19318\"\/><\/figure><\/div>\n<!-- \/wp:image -->\n\n<!-- wp:list -->\n<ul><li>Igrzyska rozegrano w dniach <strong>19 lipca \u2013 3 sierpnia<\/strong>.<\/li><li>Wystartowa\u0142o <strong>4955<\/strong> zawodnik\u00f3w (w tym <strong>519<\/strong> kobiet) z <strong>69<\/strong> kraj\u00f3w.<\/li><li>Rozdano <strong>149<\/strong> komplet\u00f3w medali.<\/li><li>Przysi\u0119g\u0119 w imieniu sportowc\u00f3w z\u0142o\u017cy\u0142 gimnastyk <strong>Heikki Savolainen<\/strong>.<\/li><li>Znicz olimpijski zapalili <strong>Hannes Kolehmainen<\/strong> i <strong>Paavo Nurmi<\/strong>.<\/li><li>Igrzyska otworzy\u0142 prezydent Finlandii <strong>Juho Kusti Paasikivi<\/strong>.<\/li><\/ul>\n<!-- \/wp:list -->\n\n<!-- wp:heading -->\n<h2><strong>Program Igrzysk \u2013 19 dyscyplin, 149 konkurencji<\/strong><\/h2>\n<!-- \/wp:heading -->\n\n<!-- wp:paragraph -->\n<p>Boks (10 konkurencji), gimnastyka (15), hokej na trawie (1), je\u017adziectwo (6), kajakarstwo (9), kolarstwo (6), koszyk\u00f3wka (1), lekkoatletyka (33), pi\u0119ciob\u00f3j nowoczesny (2), pi\u0142ka no\u017cna (1), pi\u0142ka wodna (1), p\u0142ywanie (11), podnoszenie ci\u0119\u017car\u00f3w (7), skoki do wody (4), strzelectwo (7), szermierka (7), wio\u015blarstwo (7), zapasy (16), \u017ceglarstwo (5).<\/p>\n<!-- \/wp:paragraph -->\n\n<!-- wp:heading -->\n<h2><strong>Gwiazdy Igrzysk<\/strong><\/h2>\n<!-- \/wp:heading -->\n\n<!-- wp:paragraph -->\n<p><strong>Emil Zatopek<\/strong> (Czechos\u0142owacja, lekkoatletyka) \u2013 3 z\u0142ote medale<br><strong>Dana Zatopek<\/strong> (Czechos\u0142owacja, lekkoatletyka) \u2013 1 z\u0142oty medal<\/p>\n<!-- \/wp:paragraph -->\n\n<!-- wp:heading -->\n<h2><strong>Polska Reprezentacja Olimpijska<\/strong><\/h2>\n<!-- \/wp:heading -->\n\n<!-- wp:paragraph -->\n<p>135 os\u00f3b (startowa\u0142o 125 \u2013 22 kobiety i 103 m\u0119\u017cczyzn) w 11 sportach: 11 bokser\u00f3w (10 startowa\u0142o + 1 rez.), 17 gimnastyk\u00f3w (w tym 9 kobiet; 16 startowa\u0142o + 1 rez.), 16 hokeist\u00f3w na trawie (14 startowa\u0142o + 2 rez.), 31 lekkoatlet\u00f3w (w tym 9 kobiet; 29 startowa\u0142o + 1 rez., 1 nie), 8 p\u0142ywak\u00f3w (w tym 2 kobiety (7 startowa\u0142o, 1 rez.), 4 ci\u0119\u017carowc\u00f3w, 17 pi\u0142karzy (15 startowa\u0142o + 2 rez.), 2 strzelc\u00f3w, 13 szermierzy (w tym 3 kobiety), 10 wio\u015blarzy, 6 zapa\u015bnik\u00f3w (5 startowa\u0142o, 1 nie).<\/p>\n<!-- \/wp:paragraph -->\n\n<!-- wp:paragraph -->\n<p>Chor\u0105\u017cym reprezentacji Polski by\u0142 wio\u015blarz <strong>Teodor Kocerka<\/strong>.<\/p>\n<!-- \/wp:paragraph -->\n\n<!-- wp:heading -->\n<h2><strong>Klasyfikacja medalowa<\/strong><\/h2>\n<!-- \/wp:heading -->\n\n<!-- wp:table {\"hasFixedLayout\":true,\"className\":\"is-style-stripes\"} -->\n<figure class=\"wp-block-table is-style-stripes\"><table class=\"has-fixed-layout\"><tbody><tr><td><\/td><td><\/td><td class=\"has-text-align-center\" data-align=\"center\">&nbsp;<\/td><td class=\"has-text-align-center\" data-align=\"center\">&nbsp;<\/td><td class=\"has-text-align-center\" data-align=\"center\">&nbsp;<\/td><td class=\"has-text-align-center\" data-align=\"center\">&nbsp;<\/td><\/tr><tr><td>&nbsp;<\/td><td>&nbsp;<\/td><td class=\"has-text-align-center\" data-align=\"center\">&nbsp;<\/td><td class=\"has-text-align-center\" data-align=\"center\"><img class=\"wp-image-27817\" style=\"width: 50px;\" src=\"https:\/\/olimpijski.pl\/wp-content\/uploads\/2016\/06\/2016_Rio_zloty_50x50.jpg\" alt=\"\"><\/td><td class=\"has-text-align-center\" data-align=\"center\"><img class=\"wp-image-27819\" style=\"width: 50px;\" src=\"https:\/\/olimpijski.pl\/wp-content\/uploads\/2016\/06\/2016_Rio_sreb_50x50.jpg\" alt=\"\"><\/td><td class=\"has-text-align-center\" data-align=\"center\"><img class=\"wp-image-27821\" style=\"width: 50px;\" src=\"https:\/\/olimpijski.pl\/wp-content\/uploads\/2016\/06\/2016_Rio_braz_50x50.jpg\" alt=\"\"><\/td><\/tr><tr><td>1.<\/td><td>USA<\/td><td class=\"has-text-align-center\" data-align=\"center\">76<\/td><td class=\"has-text-align-center\" data-align=\"center\">40<\/td><td class=\"has-text-align-center\" data-align=\"center\">19<\/td><td class=\"has-text-align-center\" data-align=\"center\">17<\/td><\/tr><tr><td>2.<\/td><td>ZSRR<\/td><td class=\"has-text-align-center\" data-align=\"center\">71<\/td><td class=\"has-text-align-center\" data-align=\"center\">22<\/td><td class=\"has-text-align-center\" data-align=\"center\">30<\/td><td class=\"has-text-align-center\" data-align=\"center\">19<\/td><\/tr><tr><td>3.<\/td><td>W\u0119gry<\/td><td class=\"has-text-align-center\" data-align=\"center\">42<\/td><td class=\"has-text-align-center\" data-align=\"center\">16<\/td><td class=\"has-text-align-center\" data-align=\"center\">10<\/td><td class=\"has-text-align-center\" data-align=\"center\">19<\/td><\/tr><tr><td>...<\/td><td>&nbsp;<\/td><td class=\"has-text-align-center\" data-align=\"center\">&nbsp;<\/td><td class=\"has-text-align-center\" data-align=\"center\">&nbsp;<\/td><td class=\"has-text-align-center\" data-align=\"center\">&nbsp;<\/td><td class=\"has-text-align-center\" data-align=\"center\">&nbsp;<\/td><\/tr><tr><td><strong>33.<\/strong><\/td><td><strong>Polska<\/strong><\/td><td class=\"has-text-align-center\" data-align=\"center\"><strong>4<\/strong><\/td><td class=\"has-text-align-center\" data-align=\"center\"><strong>1<\/strong><\/td><td class=\"has-text-align-center\" data-align=\"center\"><strong>2<\/strong><\/td><td class=\"has-text-align-center\" data-align=\"center\"><strong>1<\/strong><\/td><\/tr><\/tbody><\/table><\/figure>\n<!-- \/wp:table -->\n\n<!-- wp:heading -->\n<h2><strong>Medale dla Polski (4)<\/strong><\/h2>\n<!-- \/wp:heading -->\n\n<!-- wp:ub\/content-toggle-block {\"blockID\":\"6a4bf77c-c42d-48cf-86cd-6f66d1c7e3fb\",\"theme\":\"#f1f1f1\",\"collapsed\":true,\"titleColor\":\"#000000\"} -->\n<!-- wp:ub\/content-toggle-panel-block {\"parentID\":\"6a4bf77c-c42d-48cf-86cd-6f66d1c7e3fb\",\"theme\":\"#f1f1f1\",\"collapsed\":true,\"titleColor\":\"#000000\",\"panelTitle\":\"Z\u0142oty\"} -->\n<!-- wp:paragraph -->\n<p><\/p>\n<!-- \/wp:paragraph -->\n\n<!-- wp:media-text {\"align\":\"\",\"mediaId\":30230,\"mediaLink\":\"https:\/\/olimpijski.pl\/igrzyska_letnie\/helsinki-1952\/1952_helsinki_zloty_200\/#main\",\"mediaType\":\"image\",\"mediaWidth\":20} -->\n<div class=\"wp-block-media-text is-stacked-on-mobile\" style=\"grid-template-columns:20% auto\"><figure class=\"wp-block-media-text__media\"><img src=\"https:\/\/olimpijski.pl\/wp-content\/uploads\/1952\/06\/1952_Helsinki_zloty_200.jpg\" alt=\"\" class=\"wp-image-30230\"\/><\/figure><div class=\"wp-block-media-text__content\"><!-- wp:paragraph -->\n<p><strong>Zygmunt Chych\u0142a<\/strong><br>(boks, waga p\u00f3\u0142\u015brednia)<\/p>\n<!-- \/wp:paragraph --><\/div><\/div>\n<!-- \/wp:media-text -->\n<!-- \/wp:ub\/content-toggle-panel-block -->\n<!-- \/wp:ub\/content-toggle-block -->\n\n<!-- wp:ub\/content-toggle-block {\"blockID\":\"10c24053-1e9f-443d-8c6e-be0c82c74dc3\",\"theme\":\"#f1f1f1\",\"collapsed\":true,\"titleColor\":\"#000000\"} -->\n<!-- wp:ub\/content-toggle-panel-block {\"parentID\":\"10c24053-1e9f-443d-8c6e-be0c82c74dc3\",\"theme\":\"#f1f1f1\",\"collapsed\":true,\"titleColor\":\"#000000\",\"panelTitle\":\"Srebrne\"} -->\n<!-- wp:paragraph -->\n<p><\/p>\n<!-- \/wp:paragraph -->\n\n<!-- wp:media-text {\"align\":\"\",\"mediaId\":30232,\"mediaLink\":\"https:\/\/olimpijski.pl\/igrzyska_letnie\/helsinki-1952\/1952_helsinki_sreb_200\/#main\",\"mediaType\":\"image\",\"mediaWidth\":20} -->\n<div class=\"wp-block-media-text is-stacked-on-mobile\" style=\"grid-template-columns:20% auto\"><figure class=\"wp-block-media-text__media\"><img src=\"https:\/\/olimpijski.pl\/wp-content\/uploads\/1952\/06\/1952_Helsinki_sreb_200.jpg\" alt=\"\" class=\"wp-image-30232\"\/><\/figure><div class=\"wp-block-media-text__content\"><!-- wp:paragraph -->\n<p><strong>Aleksy Antkiewicz<\/strong><br>(boks, waga lekka)<\/p>\n<!-- \/wp:paragraph -->\n\n<!-- wp:paragraph -->\n<p><strong>Jerzy Jokiel<\/strong><br>(gimnastyka sportowa, \u0107wiczenia wolne)<\/p>\n<!-- \/wp:paragraph --><\/div><\/div>\n<!-- \/wp:media-text -->\n<!-- \/wp:ub\/content-toggle-panel-block -->\n<!-- \/wp:ub\/content-toggle-block -->\n\n<!-- wp:ub\/content-toggle-block {\"blockID\":\"9a7ad677-5265-4ca1-89f1-0e019a696b93\",\"theme\":\"#f1f1f1\",\"collapsed\":true,\"titleColor\":\"#000000\"} -->\n<!-- wp:ub\/content-toggle-panel-block {\"parentID\":\"9a7ad677-5265-4ca1-89f1-0e019a696b93\",\"theme\":\"#f1f1f1\",\"collapsed\":true,\"titleColor\":\"#000000\",\"panelTitle\":\"Br\u0105zowy\"} -->\n<!-- wp:paragraph -->\n<p><\/p>\n<!-- \/wp:paragraph -->\n\n<!-- wp:media-text {\"align\":\"\",\"mediaId\":30235,\"mediaLink\":\"https:\/\/olimpijski.pl\/igrzyska_letnie\/helsinki-1952\/1952_helsinki_braz_200\/#main\",\"mediaType\":\"image\",\"mediaWidth\":20} -->\n<div class=\"wp-block-media-text is-stacked-on-mobile\" style=\"grid-template-columns:20% auto\"><figure class=\"wp-block-media-text__media\"><img src=\"https:\/\/olimpijski.pl\/wp-content\/uploads\/1952\/06\/1952_Helsinki_braz_200.jpg\" alt=\"\" class=\"wp-image-30235\"\/><\/figure><div class=\"wp-block-media-text__content\"><!-- wp:paragraph -->\n<p><strong>Teodor Kocerka<\/strong><br>(wio\u015blarstwo, jedynki)<\/p>\n<!-- \/wp:paragraph --><\/div><\/div>\n<!-- \/wp:media-text -->\n<!-- \/wp:ub\/content-toggle-panel-block -->\n<!-- \/wp:ub\/content-toggle-block -->\n\n<!-- wp:quote {\"className\":\"is-style-default\"} -->\n<blockquote class=\"wp-block-quote is-style-default\"><p>Pierwszy z\u0142oty medal dla Polski po II wojnie \u015bwiatowej zdoby\u0142 w Helsinkach w wadze p\u00f3\u0142\u015bredniej bokser Zygmunt Chych\u0142a. Srebrny kr\u0105\u017cek w rywalizacji bokser\u00f3w przypad\u0142 w wadze lekkiej kolejnemu podopiecznemu trenera Feliksa Stamma, Aleksemu Antkiewiczowi, kt\u00f3ry poprawi\u0142 kolor kr\u0105\u017cka zdobytego przed czterema laty w Londynie na srebrny.<\/p><p>W igrzyskach po raz pierwszy wyst\u0105pili sportowcy z Antyli Holenderskich, Baham\u00f3w, Chi\u0144skiej republiki Ludowej, Ghany (jako Z\u0142ote Wybrze\u017ce), Gwatemali, Hongkongu, Indonezji, Izraela, Nigerii, Tajlandii, Wietnamu i ZSRR. Imprezami pokazowymi by\u0142y: pi\u0142ka r\u0119czna i baseball.<\/p><\/blockquote>\n<!-- \/wp:quote -->","post_title":"Helsinki 1952","post_excerpt":"","post_status":"publish","comment_status":"closed","ping_status":"closed","post_password":"","post_name":"helsinki-1952","to_ping":"","pinged":"","post_modified":"2020-10-02 15:46:41","post_modified_gmt":"2020-10-02 13:46:41","post_content_filtered":"","post_parent":0,"guid":"https:\/\/wai-q98d7hpf9hy9k.wpallimport-demo.qsandbox.me\/olympics_summer\/helsinki-1952\/","menu_order":0,"post_type":"olympics_summer","post_mime_type":"","comment_count":"0","filter":"raw"}],"competitions_rewards":[{"competition":[{"ID":5860,"post_author":"1","post_date":"2020-06-19 11:32:30","post_date_gmt":"2020-06-19 11:32:30","post_content":"","post_title":"Gimnastyka sportowa","post_excerpt":"","post_status":"publish","comment_status":"open","ping_status":"open","post_password":"","post_name":"gimnastyka-sportowa","to_ping":"","pinged":"","post_modified":"2020-06-29 13:17:07","post_modified_gmt":"2020-06-29 11:17:07","post_content_filtered":"","post_parent":0,"guid":"https:\/\/wai-q7byvryhhcz9k.wpallimport-demo.qsandbox.me\/competition\/gimnastyka-sportowa\/","menu_order":0,"post_type":"competition","post_mime_type":"","comment_count":"0","filter":"raw"}],"reward":""}]}],"picture":{"ID":32808,"id":32808,"title":"Dorota-Horzonek-Jokiel_Melbourne'56","filename":"Dorota-Horzonek-Jokiel_Melbourne56.jpg","filesize":58661,"url":"https:\/\/olimpijski.pl\/wp-content\/uploads\/2020\/06\/Dorota-Horzonek-Jokiel_Melbourne56.jpg","link":"https:\/\/olimpijski.pl\/en\/olimpijczycy\/dorota-horzonek-jokiel\/dorota-horzonek-jokiel_melbourne56\/#main","alt":"","author":"15","description":"","caption":"","name":"dorota-horzonek-jokiel_melbourne56","status":"inherit","uploaded_to":13847,"date":"2020-10-09 09:57:35","modified":"2020-10-09 09:57:35","menu_order":0,"mime_type":"image\/jpeg","type":"image","subtype":"jpeg","icon":"https:\/\/olimpijski.pl\/wp-includes\/images\/media\/default.png","width":503,"height":630,"sizes":{"thumbnail":"https:\/\/olimpijski.pl\/wp-content\/uploads\/2020\/06\/Dorota-Horzonek-Jokiel_Melbourne56-150x150.jpg","thumbnail-width":150,"thumbnail-height":150,"medium":"https:\/\/olimpijski.pl\/wp-content\/uploads\/2020\/06\/Dorota-Horzonek-Jokiel_Melbourne56-240x300.jpg","medium-width":240,"medium-height":300,"medium_large":"https:\/\/olimpijski.pl\/wp-content\/uploads\/2020\/06\/Dorota-Horzonek-Jokiel_Melbourne56.jpg","medium_large-width":503,"medium_large-height":630,"large":"https:\/\/olimpijski.pl\/wp-content\/uploads\/2020\/06\/Dorota-Horzonek-Jokiel_Melbourne56.jpg","large-width":503,"large-height":630,"1536x1536":"https:\/\/olimpijski.pl\/wp-content\/uploads\/2020\/06\/Dorota-Horzonek-Jokiel_Melbourne56.jpg","1536x1536-width":503,"1536x1536-height":630,"2048x2048":"https:\/\/olimpijski.pl\/wp-content\/uploads\/2020\/06\/Dorota-Horzonek-Jokiel_Melbourne56.jpg","2048x2048-width":503,"2048x2048-height":630,"ultp_layout_landscape_large":"https:\/\/olimpijski.pl\/wp-content\/uploads\/2020\/06\/Dorota-Horzonek-Jokiel_Melbourne56.jpg","ultp_layout_landscape_large-width":503,"ultp_layout_landscape_large-height":630,"ultp_layout_landscape":"https:\/\/olimpijski.pl\/wp-content\/uploads\/2020\/06\/Dorota-Horzonek-Jokiel_Melbourne56-503x570.jpg","ultp_layout_landscape-width":503,"ultp_layout_landscape-height":570,"ultp_layout_portrait":"https:\/\/olimpijski.pl\/wp-content\/uploads\/2020\/06\/Dorota-Horzonek-Jokiel_Melbourne56.jpg","ultp_layout_portrait-width":503,"ultp_layout_portrait-height":630,"ultp_layout_square":"https:\/\/olimpijski.pl\/wp-content\/uploads\/2020\/06\/Dorota-Horzonek-Jokiel_Melbourne56-503x600.jpg","ultp_layout_square-width":503,"ultp_layout_square-height":600}},"firstname":"Dorota","lastname":"Horzonek-Jokiel (1934-1992)","birthdate_date":"03\/02\/1934","birthdate":"3 lutego 1934","deathdate_date":"26\/05\/1992","deathdate":"26 maja 1992","placeofbirth":"Nowy Bytom","club":"Towarzystwo Sportowe Huta Pok\u00f3j, Ko\u0142o Sportowe Stal, Pogo\u0144 Nowy Bytom","coach":"Jerzy Dziuba","metrics":"156 cm \/ 58 kg","seolink":"horzonek-jokiel-dorota","tmp_old_id":"14880","tmp_old_fid":"294","tmp_old_parent_id":"15544","createdate":"27\/01\/2014","tmp_old_title":"Horzonek - Jokiel Dorota (1934-1992)","tmp_old_lead":"","tmp_old_body":"<p class=\"title-m-02\">HORZONEK - JOKIEL DOROTA (1934-1992)<\/p><p><strong>urz\u0119dniczka, instruktor sportu, gimnastyczka Pogoni Nowy Bytom, mistrzyni i reprezentantka Polski, olimpijka z Helsinek (1952) i Melbourne (1956) - br\u0105zowa medalistka z Antypod\u00f3w.<br\/><br\/><\/strong>Urodzona 3 lutego 1934 w Nowym Bytomiu, c\u00f3rka Karola i Emy Kucharczyk, wykszta\u0142cenie podstawowe (urz\u0119dniczka w hucie \"Pok\u00f3j\", instruktorka sportu). Gimnastyczka (156 cm, 58 kg), reprezentantka Towarzystwa Sportowego Huty Pok\u00f3j (od 1947), Ko\u0142a Sportowego Stal (od 1949) i Pogoni Nowy Bytom (1957-1958), wychowanka trenera Jerzego Dziuby. 11-krotna reprezentantka Polski (1952-1958) by\u0142a te\u017c 2-krotn\u0105 mistrzyni\u0105 kraju: na r\u00f3wnowa\u017cni (1957), por\u0119czach (1958) i 2-krotn\u0105 mistrzyni\u0105 w konkurencji dru\u017cynowej (klasa MM, 1957-1958) oraz 7-krotn\u0105 srebrn\u0105 medalistk\u0105 MP: w skoku przez konia (1952), \u0107wiczeniach wolnych (1952-1954), r\u00f3wnowa\u017cni (1953 i 1956) oraz na por\u0119czach (1953). <p>Na arenie mi\u0119dzynarodowej (obok dw\u00f3ch start\u00f3w\u00a0 olimpijskich i br\u0105zowego medalu w \u0107wiczeniach dru\u017cynowych z przyborami w Melbourne) startowa\u0142a m. in. w mistrzostwach \u015bwiata: w Rzymie (1954), gdzie zaj\u0119\u0142a 6 m. (wielob\u00f3j dru\u017c.) i 84 m. (wielob\u00f3j ind.) oraz Mi\u0119dzynarodowych Igrzyskach M\u0142odzie\u017cy i Student\u00f3w: w Warszawie (1955), gdzie wywalczy\u0142a srebrny medal w dru\u017cynie (\u0107wiczenia z przyborami) i Moskwie (1957) w olimpijskim sk\u0142adzie Polki wygra\u0142y z\u0142oty medal powtarzaj\u0105c uk\u0142ad (\u0107wicze\u0144 z przyborami) z Melbourne. Po zako\u0144czeniu kariery zawodniczej (po M\u015a w Moskwie w 1958, gdzie podczas treningu uleg\u0142a kontuzji i nie wystartowa\u0142a w konkurencji), po\u015bwi\u0119ci\u0142a si\u0119 szkoleniu m\u0142odzie\u017cy, najpierw sama (GKS Urania Koch\u0142owice), a p\u00f3\u017aniej w pracy treningowej towarzyszy\u0142a m\u0119\u017cowi, srebrnemu medali\u015bcie olimpijskiemu z Helsinek (ma\u0142\u017ce\u0144stwo od 6 stycznia 1956) - Jerzemu Jokielowi. Kolejne miejsce pracy: Meksyk (od 1967 Jokiel przygotowywa\u0142 kadr\u0119 tego kraju do wyst\u0119pu olimpijskiego w 1968), Orzeg\u00f3w (od 1969), Ruda \u015al\u0105ska (1971, Slavia), O\u015brodek Przygotowa\u0144 Olimpijskich gimnastyki kobiet w Orzegowie (1979-1980), klub gimnastyczny w Barcelonie (od 1980) i wreszcie Bochum w Niemczech (od 1982). Owocem pracy pa\u0144stwa Jokiel\u00f3w w Slavii\u00a0i OPO by\u0142o wiele \u015bwietnych gimnastyczek, reprezentantek Polski i uczestniczek IO (obok ich c\u00f3rki Anity Jokielanki m. in. Judyta Krawieczek - My\u0107ka, Ewa Guzik - Krzykawska, Gra\u017cyna Kulik - S\u00f3wka, Ma\u0142gorzata Majza - Dymek, Iwona Marczewska - Pelka, Jolanta Stawowska - Koszala, Janina Szweda). Zas\u0142u\u017cona Mistrzyni Sportu odznaczona m. in. srebrnym\u00a0 i br\u0105zowym Medalem za Wybitne Osi\u0105gni\u0119cia Sportowe. Od 1982 na sta\u0142e zamieszka\u0142a w Niemczech (Bochum). Mia\u0142a dwoje dzieci: Mariusza i Anit\u0119 (reprezentantka barw narodowych\u00a0podczas IO w Moskwie). Zmar\u0142a w Bochum 26 maja 1992.<br\/><br\/>Bibl.:\u00a0S\u0142ownik WF, 2000, z. 2, s. 99-100 (A. Steuer); G\u0142uszek, Leksykon 1999, s. 209 (tu brak danych o \u015bmierci);\u00a0Pawlak, Olimpijczycy, s. 95 (tu b\u0142\u0119dnie rok \u015bmierci; 1993);\u00a0Klimontowicz, Ruch olimpijski, s. 60;\u00a0 MES, t. 1, s. 218;\u00a0Porada, Igrzyska, s. 835, 843, 844; Kronika Sportu, s. 896, 897; Dziuba, G\u00f3rno\u015bl\u0105scy olimpijczycy w gimnastyce, s. 10, 43 (tu\u00a0 informacja, \u017ce na MP Jokiel r\u00f3wnie\u017c zaj\u0119\u0142a w wieloboju 2 m (1952, 1957)\u00a0i 3 m (1953, 1954, 1956, 1958); Kluge, Die Olympischen Spiele 1896-1980, s. 219; Du\u0144ski, Od Pary\u017ca,s. 286 (tu autor, w 2000 r., osiem lat po \u015bmierci naszej olimpijki nie zauwa\u017cy\u0142 tego\u00a0faktu, pisz\u0105c, \u017ce \"Dorota i Jerzy Jokielowie\u00a0mieszkaj\u0105 w Niemczech\").<br\/>*<strong>1952 Helsinki: 4-b\u00f3j ind.<\/strong> - 86 m. na 134 start. z not\u0105 67.57 (zw. M. Gorochowska, ZSRR - 76.78); \u0107wiczenia\u00a0 wolne - 77 m. z not\u0105 17.36 (zw. A. Keleti, W\u0119gry - 19.36); r\u00f3wnowa\u017cnia - 79 m. z not\u0105 16.96 (zw. N. Boczarowa, ZSRR - 19.22); por\u0119cze - 112 m. z not\u0105 15.76 (zw. M. Korondi, W\u0119gry - 19.40); skok\u00a0 przez\u00a0 konia - 79 m. z not\u0105 17.49 (zw. E. Kalinczuk, ZSRR - 19.20); <strong>4-b\u00f3j dru\u017c.<\/strong> - 8 m. na 16 start. z not\u0105 483.72 (zw. ZSRR - 527.03). Partnerkami\u00a0w dru\u017cynie by\u0142y:\u00a0Z. Kowalczyk, U.\u00a0 \u0141ukomska, U. Marci\u0144czak, S. Moro\u0144, H. Rakoczy, S. Reindl i B. \u015alizowska.<br\/><strong>*1956 Melbourne: 4-b\u00f3j ind.<\/strong> - 27 m. na 65 start. z not\u0105 71.666 (zw. L. \u0141atynina, ZSRR - 74.933); \u0107wiczenia\u00a0 wolne - 59 m. z not\u0105 17.366 (zw. A. Keleti, W\u0119gry i L. \u0141atynina, ZSRR - 18.733); r\u00f3wnowa\u017cnia - 26 m. z not\u0105 17.866 (zw. A. Keleti, W\u0119gry - 18.800); por\u0119cze - 20 m. z not\u0105 18.200 (zw. A. Keleti, W\u0119gry - 18.966); skok\u00a0 przez konia - 16 m. z not\u0105 18.233 (zw. L. \u0141atynina, ZSRR - 18.833); <strong>4-b\u00f3j\u00a0 dru\u017c.<\/strong> - 4 m. na 9 start. z not\u0105 436.500 (zw. ZSRR - 444.800). Partnerkami H.(71.666) w dru\u017cynie\u00a0by\u0142y:\u00a0N. Kot (73.633), H. Rakoczy (73.700), D. Stachow (71.800), L. Szczerbi\u0144ska (70.300) i B. \u015alizowska (70.533); <strong>\u0107wiczenia dru\u017c. z<\/strong> <strong>przyborem<\/strong> - 3 m. ex aequo z ZSRR na 9 start. z not\u0105 74.00 <strong>zdobywaj\u0105c br\u0105zowy medal<\/strong> (zw. W\u0119gry - 75.20). Polki\u00a0wyst\u0105pi\u0142y w tym samym\u00a0zespole\u00a0sze\u015bciu zawodniczek.<\/p><p>\u00a0<\/p><\/p><!-- history --><table width=\"85%\" style=\"text-align:right\" border=\"0\" cellspacing=\"0\" cellpadding=\"0\">  <tr>    <td align=\"right\" class=\"box3-title\"><a href=\"javascript:history.back()\">\u00ab powr\u00f3t do listy<\/a><\/td>  <\/tr><\/table>","tmp_old_body_img":false,"tmp_old_lead_img":false,"picture_medalists":false,"important":"","person_achivments":"","group_knuie68fa087fd5h76":false},"_links":{"self":[{"href":"https:\/\/olimpijski.pl\/en\/wp-json\/wp\/v2\/person\/13847"}],"collection":[{"href":"https:\/\/olimpijski.pl\/en\/wp-json\/wp\/v2\/person"}],"about":[{"href":"https:\/\/olimpijski.pl\/en\/wp-json\/wp\/v2\/types\/person"}],"version-history":[{"count":4,"href":"https:\/\/olimpijski.pl\/en\/wp-json\/wp\/v2\/person\/13847\/revisions"}],"predecessor-version":[{"id":42365,"href":"https:\/\/olimpijski.pl\/en\/wp-json\/wp\/v2\/person\/13847\/revisions\/42365"}],"wp:attachment":[{"href":"https:\/\/olimpijski.pl\/en\/wp-json\/wp\/v2\/media?parent=13847"}],"curies":[{"name":"wp","href":"https:\/\/api.w.org\/{rel}","templated":true}]}}