{"id":13930,"date":"2020-06-24T16:46:25","date_gmt":"2020-06-24T14:46:25","guid":{"rendered":"http:\/\/pkol.local\/person\/marian-jezak\/"},"modified":"2022-09-26T10:15:59","modified_gmt":"2022-09-26T08:15:59","slug":"marian-jezak","status":"publish","type":"person","link":"https:\/\/olimpijski.pl\/en\/olimpijczycy\/marian-jezak\/","title":{"rendered":"Marian Je\u017cak (1928-2013)"},"content":{"rendered":"\n<p><br><br><br><strong>ps. &#8220;Maniu\u015b&#8221;, mjr s\u0142. st. WP, nauczyciel wf, trener, hokeista z\u00a0Krynicy, jeden z\u00a0najlepszych napastnik\u00f3w lat pi\u0119\u0107dziesi\u0105tych, olimpijczyk z\u00a0Oslo (1952).<br><\/strong><br>Urodzony 26 wrze\u015bnia 1928 w\u00a0Krynicy, absolwent miejscowego Pa\u0144stwowego Gimnazjum i\u00a0Liceum (1949) oraz\u00a0warszawskiej AWF (1952), gdzie uko\u0144czy\u0142 studia zawodowe. Od najm\u0142odszych lat (1945) cz\u0142onek KTH, gdzie uprawia\u0142 pi\u0142k\u0119 no\u017cn\u0105 i\u00a0inne gry sportowe, lekkoatletyk\u0119, tenis sto\u0142owy i\u00a0ziemny. W\u00a0Krynicy najpopularniejszy by\u0142 jednak hokej.\u00a0Zawodnik (168 cm, 68 kg),\u00a0napastnik KTH Krynica (1947-1950), Unii Krynica (1951-1952) i\u00a0Legii Warszawa (1953-1961). 8-krotny mistrz: 1950 (KTH Krynica),1953-1957, 1959, 1961 (Legia Warszawa) i\u00a03-krotny wicemistrz Polski: 1949 (KTH Krynica), 1958, 1960 (Legia Warszawa) by\u0142 tak\u017ce 45-krotnym reprezentantem Polski, dla\u00a0kt\u00f3rej barw zdoby\u0142 9 bramek.<\/p>\n\n\n\n<p>Nieust\u0119pliwy, waleczny, szybki, posiada\u0142 zaskakuj\u0105cy strza\u0142. By\u0142 cz\u0142onkiem dw\u00f3ch s\u0142ynnych formacji ataku: ze Stefanem Csorichem i&nbsp;Eugeniuszem Lewackim w&nbsp;KTH (gra\u0142 on tak\u017ce w&nbsp;reprezentacji pod nazw\u0105 &#8220;krynicki&#8221;) oraz&nbsp;Zdzis\u0142awem Nowakiem i&nbsp;Szymonem Janiczko w&nbsp;Legii. Olimpijczyk (1952) i&nbsp;uczestnik M\u015a 1955 RFN (7 m).<\/p>\n\n\n\n<p>Zas\u0142u\u017cony Mistrz Sportu. Po zako\u0144czeniu kariery zawodniczej &#8211; szkoleniowiec Legii i trener kadry narodowej: 1963-1964 (z Kanadyjczykiem Garry Hughesem) i 1965 (ze Zdzis\u0142awem Mase\u0142ko).<\/p>\n\n\n\n<p>Zmar\u0142 14 maja 2013 roku.<\/p>\n\n\n\n<p><strong>*1952 Oslo: hokej na lodzie<\/strong>,cz\u0142onek dru\u017cyny, kt\u00f3ra po zwyci\u0119stwach nad Finlandi\u0105 4:2 i&nbsp;Norwegi\u0105 4:3, remisie z&nbsp;RFN 4:4 oraz&nbsp;pora\u017ckach z&nbsp;CSRS 2:8, Szwecj\u0105 1:17, Szwajcari\u0105 3:6, Kanad\u0105 0:11 i&nbsp;USA 3:5 zaj\u0119\u0142a 6 m. w&nbsp;turnieju (zw. Kanada). Sk\u0142ad dru\u017cyny zob. &#8211; Antuszewicz&nbsp; Micha\u0142.<\/p>\n","protected":false},"excerpt":{"rendered":"<p>ps. &#8220;Maniu\u015b&#8221;, mjr s\u0142. st. WP, nauczyciel wf, trener, hokeista z\u00a0Krynicy, jeden z\u00a0najlepszych napastnik\u00f3w lat pi\u0119\u0107dziesi\u0105tych, olimpijczyk z\u00a0Oslo (1952). &#8230; <a class=\"read-more\" href=\"https:\/\/olimpijski.pl\/en\/olimpijczycy\/marian-jezak\/\">Czytaj dalej<\/a><\/p>\n","protected":false},"featured_media":0,"menu_order":60,"template":"","meta":{"_acf_changed":false,"ub_ctt_via":"","footnotes":""},"class_list":["post-13930","person","type-person","status-publish","hentry","infinite-scroll-item","no-featured-image-padding"],"acf":{"olimpic_information":[{"olimpic":[{"ID":5906,"post_author":"15","post_date":"1952-06-17 13:54:39","post_date_gmt":"1952-06-17 12:54:39","post_content":"<!-- wp:heading {\"level\":1,\"className\":\"main-title\"} -->\n<h1 class=\"main-title\"><strong>VI ZIO<\/strong><br>Oslo 1952<\/h1>\n<!-- \/wp:heading -->\n\n<!-- wp:paragraph -->\n<p><br><\/p>\n<!-- \/wp:paragraph -->\n\n<!-- wp:image {\"align\":\"left\",\"id\":19386,\"sizeSlug\":\"large\",\"className\":\"is-style-default\"} -->\n<div class=\"wp-block-image is-style-default\"><figure class=\"alignleft size-large\"><img src=\"https:\/\/olimpijski.pl\/wp-content\/uploads\/1952\/06\/oslo1952.png\" alt=\"\" class=\"wp-image-19386\"\/><\/figure><\/div>\n<!-- \/wp:image -->\n\n<!-- wp:list -->\n<ul><li>Igrzyska rozegrano w dniach <strong>14-25 lutego<\/strong>.<\/li><li>Wystartowa\u0142o <strong>694<\/strong> zawodnik\u00f3w (w tym <strong>109<\/strong> kobiet) z <strong>30<\/strong> kraj\u00f3w.<\/li><li>Rozdano <strong>22<\/strong> komplety medali.<\/li><li>W Oslo po raz pierwszy w historii zap\u0142on\u0105\u0142 znicz zimowych igrzysk. Zapali\u0142 go wnuk badacza polarnego <strong>Fridtjoefa Nansena, Egil<\/strong>.<\/li><li>Otwarcie igrzysk og\u0142osi\u0142a <strong>ksi\u0119\u017cniczka Ragnhild<\/strong>.<\/li><\/ul>\n<!-- \/wp:list -->\n\n<!-- wp:heading -->\n<h2><strong>Program Igrzysk \u2013 6 dyscyplin i 22 konkurencje<\/strong><\/h2>\n<!-- \/wp:heading -->\n\n<!-- wp:paragraph -->\n<p>bobsleje (2 konkurencje), hokej na lodzie (1), \u0142y\u017cwiarstwo figurowe (3), \u0142y\u017cwiarstwo szybkie (4), narciarstwo alpejskie (6), narciarstwo klasyczne (6).<\/p>\n<!-- \/wp:paragraph -->\n\n<!-- wp:heading -->\n<h2><strong>Gwiazdy Igrzysk<\/strong><\/h2>\n<!-- \/wp:heading -->\n\n<!-- wp:paragraph -->\n<p><strong>Hjalmar Andersen<\/strong> (Norwegia, \u0142y\u017cwiarstwo szybkie) \u2013 3 z\u0142ote medale<br><strong>Andrea B. Mead Lawrence<\/strong> (USA, narciarstwo alpejskie) \u2013 2 z\u0142ote medale<br><strong>Andreas Ostler<\/strong> (Niemcy, bobsleje) \u2013 2 z\u0142ote medale<br><strong>Lorenz Nieberl<\/strong> (Niemcy, bobsleje) \u2013 2 z\u0142ote medale<\/p>\n<!-- \/wp:paragraph -->\n\n<!-- wp:heading -->\n<h2><strong>Polska Reprezentacja Olimpijska<\/strong><\/h2>\n<!-- \/wp:heading -->\n\n<!-- wp:paragraph -->\n<p><strong>32 osoby<\/strong> (startowa\u0142o 30 \u2013 3 kobiety i 27 m\u0119\u017cczyzn) w 2 sportach: 16 hokeist\u00f3w, 16 narciarzy (w tym 3 kobiety; 14 startowa\u0142o, 2 nie).<\/p>\n<!-- \/wp:paragraph -->\n\n<!-- wp:paragraph -->\n<p>Chor\u0105\u017cym reprezentacji Polski by\u0142 skoczek narciarski <strong>Stanis\u0142aw Marusarz<\/strong>.<\/p>\n<!-- \/wp:paragraph -->\n\n<!-- wp:heading -->\n<h2><strong>Klasyfikacja medalowa<\/strong><\/h2>\n<!-- \/wp:heading -->\n\n<!-- wp:table {\"hasFixedLayout\":true,\"className\":\"is-style-stripes\"} -->\n<figure class=\"wp-block-table is-style-stripes\"><table class=\"has-fixed-layout\"><tbody><tr><td><\/td><td><\/td><td class=\"has-text-align-center\" data-align=\"center\">&nbsp;<\/td><td class=\"has-text-align-center\" data-align=\"center\">&nbsp;<\/td><td class=\"has-text-align-center\" data-align=\"center\">&nbsp;<\/td><td class=\"has-text-align-center\" data-align=\"center\">&nbsp;<\/td><\/tr><tr><td>&nbsp;<\/td><td>&nbsp;<\/td><td class=\"has-text-align-center\" data-align=\"center\">&nbsp;<\/td><td class=\"has-text-align-center\" data-align=\"center\"><img class=\"wp-image-26068\" style=\"width: 50px;\" src=\"https:\/\/olimpijski.pl\/wp-content\/uploads\/1948\/06\/2008_Pekin_zloty_50x50.jpg\" alt=\"\"><\/td><td class=\"has-text-align-center\" data-align=\"center\"><img class=\"wp-image-26071\" style=\"width: 50px;\" src=\"https:\/\/olimpijski.pl\/wp-content\/uploads\/1948\/06\/2008_Pekin_sreb_50x50.jpg\" alt=\"\"><\/td><td class=\"has-text-align-center\" data-align=\"center\"><img class=\"wp-image-26073\" style=\"width: 50px;\" src=\"https:\/\/olimpijski.pl\/wp-content\/uploads\/1948\/06\/2008_Pekin_braz_50x50.jpg\" alt=\"\"><\/td><\/tr><tr><td>1.<\/td><td>Norwegia<\/td><td class=\"has-text-align-center\" data-align=\"center\">16<\/td><td class=\"has-text-align-center\" data-align=\"center\">7<\/td><td class=\"has-text-align-center\" data-align=\"center\">3<\/td><td class=\"has-text-align-center\" data-align=\"center\">6<\/td><\/tr><tr><td>2.<\/td><td>USA<\/td><td class=\"has-text-align-center\" data-align=\"center\">11<\/td><td class=\"has-text-align-center\" data-align=\"center\">4<\/td><td class=\"has-text-align-center\" data-align=\"center\">6<\/td><td class=\"has-text-align-center\" data-align=\"center\">1<\/td><\/tr><tr><td>3.<\/td><td>Finlandia<\/td><td class=\"has-text-align-center\" data-align=\"center\">9<\/td><td class=\"has-text-align-center\" data-align=\"center\">3<\/td><td class=\"has-text-align-center\" data-align=\"center\">4<\/td><td class=\"has-text-align-center\" data-align=\"center\">2<\/td><\/tr><tr><td>...<\/td><td>&nbsp;<\/td><td class=\"has-text-align-center\" data-align=\"center\">&nbsp;<\/td><td class=\"has-text-align-center\" data-align=\"center\">&nbsp;<\/td><td class=\"has-text-align-center\" data-align=\"center\">&nbsp;<\/td><td class=\"has-text-align-center\" data-align=\"center\">&nbsp;<\/td><\/tr><tr><td>&nbsp;<\/td><td><strong>Polska<\/strong><\/td><td class=\"has-text-align-center\" data-align=\"center\"><strong>0<\/strong><\/td><td class=\"has-text-align-center\" data-align=\"center\"><strong>0<\/strong><\/td><td class=\"has-text-align-center\" data-align=\"center\"><strong>0<\/strong><\/td><td class=\"has-text-align-center\" data-align=\"center\"><strong>0<\/strong><\/td><\/tr><\/tbody><\/table><\/figure>\n<!-- \/wp:table -->\n\n<!-- wp:quote {\"className\":\"is-style-default\"} -->\n<blockquote class=\"wp-block-quote is-style-default\"><p>Dyscyplin\u0105 pokazow\u0105 by\u0142o bandy (odmiana hokeja na lodzie).<\/p><p>Najlepiej z Polak\u00f3w zaprezentowali si\u0119 hokei\u015bci, kt\u00f3rzy zaj\u0119li 6. miejsce: Micha\u0142 Antuszewicz, Henryk Bronowicz, Kazimierz Chodakowski, Stefan Wojciech Csorich, Rudolf Karl Czech, Alfred Konrad Gansiniec, Jan Hampel, Marian Je\u017cak, Eugeniusz Stanis\u0142aw Lewacki, Roman Penczek, Hilary Skar\u017cy\u0144ski, \u015awicarz, Stanis\u0142aw Szlendak,&nbsp; Zdzis\u0142aw Trojanowski, Alfred II Wr\u00f3bel i Antoni I Wr\u00f3bel.<\/p><\/blockquote>\n<!-- \/wp:quote -->","post_title":"Oslo 1952","post_excerpt":"","post_status":"publish","comment_status":"closed","ping_status":"closed","post_password":"","post_name":"oslo-1952","to_ping":"","pinged":"","post_modified":"2020-09-30 11:49:06","post_modified_gmt":"2020-09-30 09:49:06","post_content_filtered":"","post_parent":0,"guid":"https:\/\/wai-q98d7hpf9hy9k.wpallimport-demo.qsandbox.me\/olympics_winter\/oslo-1952\/","menu_order":0,"post_type":"olympics_winter","post_mime_type":"","comment_count":"0","filter":"raw"}],"competitions_rewards":[{"competition":[{"ID":5840,"post_author":"1","post_date":"2020-06-19 11:32:26","post_date_gmt":"2020-06-19 11:32:26","post_content":"","post_title":"Hokej na lodzie","post_excerpt":"","post_status":"publish","comment_status":"open","ping_status":"open","post_password":"","post_name":"hokej-na-lodzie","to_ping":"","pinged":"","post_modified":"2020-06-29 13:13:11","post_modified_gmt":"2020-06-29 11:13:11","post_content_filtered":"","post_parent":0,"guid":"https:\/\/wai-q7byvryhhcz9k.wpallimport-demo.qsandbox.me\/competition\/hokej-na-lodzie\/","menu_order":0,"post_type":"competition","post_mime_type":"","comment_count":"0","filter":"raw"}],"reward":""}]}],"picture":false,"firstname":"Marian","lastname":"Je\u017cak","birthdate_date":"26\/09\/1928","birthdate":"26 wrze\u015bnia 1928","deathdate_date":"14\/05\/2013","deathdate":"14 maja 2013","placeofbirth":"","club":"","coach":"","metrics":"","seolink":"jezak-marian","tmp_old_id":"13079","tmp_old_fid":"294","tmp_old_parent_id":"15544","createdate":"06\/11\/2013","tmp_old_title":"Je\u017cak  Marian","tmp_old_lead":"","tmp_old_body":"<p class=\"title-m-02\">JE\u017bAK  MARIAN<\/p><p><strong>ps. \"Maniu\u015b\", pp\u0142k s\u0142. st. WP, nauczyciel wf, trener, hokeista z Krynicy, jeden z najlepszych napastnik\u00f3w lat pi\u0119\u0107dziesi\u0105tych, olimpijczyk z Oslo (1952).<br\/><\/strong><br\/>Urodzony 26 wrze\u015bnia 1928 w Krynicy, syn Adama i Marii Nowak, absolwent miejscowego Pa\u0144stwowego Gimnazjum i Liceum (1949) oraz warszawskiej AWF (1952), gdzie uko\u0144czy\u0142 studia zawodowe. Od najm\u0142odszych lat (1945) cz\u0142onek KTH, gdzie uprawia\u0142 pi\u0142k\u0119 no\u017cn\u0105 i inne gry sportowe, lekkoatletyk\u0119, tenis sto\u0142owy i ziemny. W Krynicy najpopularniejszy by\u0142 jednak hokej.&nbsp;Zawodnik (168 cm, 68 kg),&nbsp;napastnik KTH Krynica (1947-1950), Unii Krynica (1951-1952) i Legii Warszawa (1953-1961). 8-krotny mistrz: 1950 (KTH Krynica),1953-1957, 1959, 1961 (Legia Warszawa) i 3-krotny wicemistrz Polski: 1949 (KTH Krynica), 1958, 1960 (Legia Warszawa) by\u0142 tak\u017ce 45-krotnym reprezentantem Polski, dla kt\u00f3rej barw zdoby\u0142 9 bramek. Nieust\u0119pliwy, waleczny, szybki, posiada\u0142 zaskakuj\u0105cy strza\u0142. By\u0142 cz\u0142onkiem dw\u00f3ch s\u0142ynnych formacji ataku: ze Stefanem Csorichem i Eugeniuszem Lewackim w KTH (gra\u0142 on tak\u017ce w reprezentacji pod nazw\u0105 \"krynicki\") oraz Zdzis\u0142awem Nowakiem i Szymonem Janiczko w Legii. Olimpijczyk (1952) i&nbsp;uczestnik M\u015a 1955 RFN (7 m). Zas\u0142u\u017cony Mistrz Sportu. Po zako\u0144czeniu kariery zawodniczej - szkoleniowiec Legii i trener kadry narodowej: 1963-1964 (z Kanadyjczykiem Garry Hughesem) i 1965 (ze Zdzis\u0142awem Mase\u0142ko). Wdowiec. Mieszka w Bia\u0142ymstoku.<br\/><br\/>Bibl.: G\u0142uszek, Leksykon 1999, s. 215; Pawlak, Olimpijczycy, s. 103; Porada, Igrzyska, s. 832; Doma\u0144ski, \u015aladem, s. 179, 181-183, 188-192; Ziele\u015bkiewicz, Encyklopedia, s. 96, 287-288; AAWF Warszawa, sygn. D-376\/ D; Wywiad \u015brodowiskowy.<br\/><strong>*1952 Oslo: cz\u0142onek dru\u017cyny hokejowej<\/strong>, kt\u00f3ra po zwyci\u0119stwach nad Finlandi\u0105 4:2 i Norwegi\u0105 4:3, remisie z RFN 4:4 oraz pora\u017ckach z CSRS 2:8, Szwecj\u0105 1:17, Szwajcari\u0105 3:6, Kanad\u0105 0:11 i USA 3:5 zaj\u0119\u0142a 6 m. w turnieju (zw. Kanada). Sk\u0142ad dru\u017cyny zob. - Antuszewicz&nbsp; Micha\u0142.<\/p><!-- history --><table width=\"85%\" style=\"text-align:right\" border=\"0\" cellspacing=\"0\" cellpadding=\"0\">  <tr>    <td align=\"right\" class=\"box3-title\"><a href=\"javascript:history.back()\">&laquo; powr\u00f3t do listy<\/a><\/td>  <\/tr><\/table>","tmp_old_body_img":false,"tmp_old_lead_img":false,"picture_medalists":false,"important":"","group_knuie68fa087fd5h76":false,"person_achivments":""},"_links":{"self":[{"href":"https:\/\/olimpijski.pl\/en\/wp-json\/wp\/v2\/person\/13930"}],"collection":[{"href":"https:\/\/olimpijski.pl\/en\/wp-json\/wp\/v2\/person"}],"about":[{"href":"https:\/\/olimpijski.pl\/en\/wp-json\/wp\/v2\/types\/person"}],"version-history":[{"count":2,"href":"https:\/\/olimpijski.pl\/en\/wp-json\/wp\/v2\/person\/13930\/revisions"}],"predecessor-version":[{"id":63086,"href":"https:\/\/olimpijski.pl\/en\/wp-json\/wp\/v2\/person\/13930\/revisions\/63086"}],"wp:attachment":[{"href":"https:\/\/olimpijski.pl\/en\/wp-json\/wp\/v2\/media?parent=13930"}],"curies":[{"name":"wp","href":"https:\/\/api.w.org\/{rel}","templated":true}]}}