{"id":13970,"date":"2020-06-24T16:46:34","date_gmt":"2020-06-24T14:46:34","guid":{"rendered":"http:\/\/pkol.local\/person\/kalbarczyk-janusz-antoni\/"},"modified":"2020-09-21T01:06:36","modified_gmt":"2020-09-20T23:06:36","slug":"kalbarczyk-janusz-antoni","status":"publish","type":"person","link":"https:\/\/olimpijski.pl\/en\/olimpijczycy\/kalbarczyk-janusz-antoni\/","title":{"rendered":"Kalbarczyk Janusz Antoni"},"content":{"rendered":"<p class=\"title-m-02\">KALBARCZYK JANUSZ ANTONI (1910-1999)<\/p>\n<table border=\"0\" cellspacing=\"0\" cellpadding=\"0\" align=\"LEFT\">\n<tbody>\n<tr>\n<td class=\"photo-td-01\">\n<table border=\"0\" cellspacing=\"0\" cellpadding=\"0\">\n<tbody>\n<tr>\n<td><img loading=\"lazy\" decoding=\"async\" src=\"\/files\/old\/i\/olimpijczycy\/Kalbarczyk_Janusz_m.jpg\" alt=\"KALBARCZYK JANUSZ ANTONI\" width=\"50\" height=\"50\" border=\"0\" \/><\/td>\n<\/tr>\n<\/tbody>\n<\/table>\n<\/td>\n<\/tr>\n<\/tbody>\n<\/table>\n<p><strong>in\u017cynier architekt, olimpijczyk z Ga-Pa (1936),\u00a0projektant wielu obiekt\u00f3w sportowych, jeden z najlepszych polskich \u0142y\u017cwiarzy, dzia\u0142acz sportowy.<br \/>\n<\/strong><br \/>\nUrodzony 13 czerwca 1910 w Warszawie, syn Karola i Michaliny z Go\u017adzik\u00f3w. Uko\u0144czy\u0142 miejscowe 8-klasowe gimnazjum\u00a0typu humanistycznego im. A. Mickiewicza (1929), Wydzia\u0142 Architektury Politechniki Warszawskiej (1937)\u00a0i dywizyjny kurs podchor\u0105\u017cych rezerwy przy 32 pp. (1933-1934).\u00a0W czasach studenckich\u00a0uprawia\u0142 kilka dyscyplin sportu (kolarstwo, lekkoatletyka, motocykle i samochody, jazda konna, sporty wodne) ale wyniki na \u015bwiatowym poziomie uzyska\u0142 w \u0142y\u017cwiarstwie szybkim. W czasie swojej bardzo d\u0142ugiej kariery sportowej (1929-1953) startuj\u0105c w barwach: AZS Warszawa (1929-1935), Warszawianki i Polonii Warszawa (1936-1939), BOS Warszawa i sto\u0142ecznej Legii (1945-1953) by\u0142 a\u017c <strong>62 razy mistrzem Polski<\/strong> w tym m. in. w wieloboju (1929, 1931, 1933, 1934, 1938, 1939, 1946-1951) i <strong>39-krotnym rekordzist\u0105 Polski<\/strong> na wszystkich dystansach: 500 m &#8211; 9 x (od 49.60 w1934 do 45.70 w 1938), 1000 m &#8211; 3 x (od 1.42,20 w 1932 do 1:34.50 w1936), 1500 m &#8211; 6 x (od 2.38,70 w 1932 do 2.24,00 w 1937), 3000 m &#8211; 8 x (od 5.43,60 w 1932 do 5.00,00 w 1938), 5000 m &#8211; 5 x (od\u00a0 9.26,60 w 1932 do 8.37,30 w 1937), 10000 m &#8211; 4 x (od 19.32,00 w 1932 do 17.54,90 w 1936), wielob\u00f3j du\u017cy &#8211; 3 x (od 218,640 w 1932 do 204,740 w 1936), wielob\u00f3j ma\u0142y &#8211; 1 x (196,190 w 1937), mimo i\u017c nie mia\u0142 budowy \u0142y\u017cwiarskiego wieloboisty (tylko 167 cm wzrostu, 76 kg wagi, ale niezwykle silne nogi). <strong>Uczestnik mistrzostw \u015bwiata<\/strong> (1935 Oslo: 9 m. (10000), 1936 Davos: 4 m. (10000 m), 1938 Davos, 1939 Helsinki: 6 m. (10000), 8 m. (wielob\u00f3j) i <strong>ME<\/strong> 1932 Davos (10000 m i wielob\u00f3j &#8211; 9 m.), 1937 Davos (3000 m &#8211; 9 m. , 5000 m &#8211; 8 m., wielob\u00f3j &#8211; 9 m.)., 1938 Oslo (1500 m i 3000 m &#8211; 8 m.), 1939 Ryga (1500 m &#8211; 9 m.), 1947 Sztokholm). Cz\u0142owiek o niebywa\u0142ej pasji, energii i inicjatywie wykorzysta\u0142 wszystkie te atuty tak\u017ce w d\u0105\u017ceniu do doskona\u0142o\u015bci w sporcie (jako pierwszy w Polsce wprowadzi\u0142 do treningu ca\u0142oroczne przygotowania kondycyjne oraz rozgrzewk\u0119 przed startem). W drugiej po\u0142owie lat trzydziestych zbli\u017cy\u0142 si\u0119 wynikami do najlepszych \u0142y\u017cwiarzy \u015bwiata, g\u0142\u00f3wnie na wytrzyma\u0142o\u015bciowym dystansie 10.000 m (4-6 miejsce na mistrzostwach \u015bwiata). Podczas IO w Ga-Pa mia\u0142 pecha. Na przeszkodzie do zdobycia\u00a0medalu stan\u0119\u0142a aura. W biegu na 10.000 m, kiedy rankiem startowali jego wielcy rywale, tor by\u0142 twardy i temperatura wynosi\u0142a &#8211; 8\u00b0 C. Polak startowa\u0142 o godzinie 14, kiedy temperatura wzros\u0142a do + 12\u00b0C , a tor zalany by\u0142 wod\u0105.<br \/>\nUczestnik kampanii wrze\u015bniowej 1939 w obronie Warszawy. Po wojnie organizator plac\u00f3wki Biura Odbudowy Stolicy i Klubu Sportowego BOS (mia\u0142a tak\u017ce bardzo siln\u0105 sekcj\u0119 kolarsk\u0105). Organizator pierwszych imprez sportowych w zburzonej Warszawie. Projektant ko\u015bcio\u0142\u00f3w, szk\u00f3\u0142 i budynk\u00f3w mieszkalnych, specjalizowa\u0142 si\u0119 w budownictwie sportowym.\u00a0Opracowa\u0142 m.in. projekt toru kolarskiego w Warszawie przy ul. Podskarbi\u0144skiej (Nowe Dynasy) i pierwszego sztucznego toru \u0142y\u017cwiarskiego Stegny, zmodernizowa\u0142 p\u0142yt\u0119 toru kolarskiego w Kaliszu, zaprojektowa\u0142 hale sportowe z element\u00f3w sk\u0142adanych (Piotrk\u00f3w Trybunalski, Tomasz\u00f3w Mazowiecki, Radomsko, \u0141\u00f3d\u017a). Wieloletni dzia\u0142acz WOZ\u0141Sz. i PZ\u0141Sz. Autor wydawnictwa <em>&#8220;\u0141y\u017cwiarzem mo\u017ce zosta\u0107 ka\u017cdy&#8221;<\/em> (1947). By\u0142 \u017conaty ze znan\u0105 lekkoatletk\u0105 i \u0142y\u017cwiark\u0105 szybk\u0105 Jadwig\u0105 Nowack\u0105 i mia\u0142 czworo dzieci (c\u00f3rka Bo\u017cena Kalbarczyk te\u017c startowa\u0142a na torze oraz El\u017cbieta, Dorota i Andrzej). Zmar\u0142 w Piastowie ko\u0142o Warszawy 2 marca 1999.<\/p>\n<p>Bibl.: G\u0142uszek, Leksykon 1999, s. 219; Pawlak, Olimpijczycy, s. 108; Kronika sportu, s. 946; Wryk, Akademicki, s. 288 i dalsze; Tajner, Legendy sportu, s. 125-127; P\u00f3\u0142 wieku AZS, s. 89-90;\u00a0\u0141y\u017cwiarski\u00a0 jubileusz, s. 32-37, 274, 275; CAW: AP 7763; APW , nr alb. 12135 (dyplom nr 4859, 14 czerwca 1937); USC Piast\u00f3w, AZ 23\/1999.<br \/>\n<strong>*1936 Garmisch &#8211; Partenkirchen: 5000 m<\/strong> &#8211; 12 m. na 38 start. z czasem 8.47,7 (zw. Norweg I. Ballangrud &#8211; 8.19,6); <strong>10000 m<\/strong>\u00a0 &#8211; 9 m. z\u00a0 czasem 17.54,0 (zw. Norweg I. Ballangrud &#8211; 17.24,3).<\/p>\n<p><!-- history --><\/p>\n<table style=\"text-align: right;\" border=\"0\" width=\"85%\" cellspacing=\"0\" cellpadding=\"0\">\n<tbody>\n<tr>\n<td class=\"box3-title\" align=\"right\"><a>\u00ab powr\u00f3t do listy<\/a><\/td>\n<\/tr>\n<\/tbody>\n<\/table>\n","protected":false},"excerpt":{"rendered":"<p>KALBARCZYK JANUSZ ANTONI (1910-1999) in\u017cynier architekt, olimpijczyk z Ga-Pa (1936),\u00a0projektant wielu obiekt\u00f3w sportowych, jeden z najlepszych polskich \u0142y\u017cwiarzy, dzia\u0142acz sportowy. Urodzony 13<\/p>\n","protected":false},"featured_media":20915,"menu_order":60,"template":"","meta":{"_acf_changed":false,"ub_ctt_via":"","footnotes":""},"class_list":["post-13970","person","type-person","status-publish","has-post-thumbnail","hentry","infinite-scroll-item","no-featured-image-padding","resize-featured-image"],"acf":{"olimpic_information":[{"olimpic":[{"ID":5908,"post_author":"15","post_date":"1936-06-17 13:54:39","post_date_gmt":"1936-06-17 12:54:39","post_content":"<!-- wp:heading {\"level\":1,\"className\":\"main-title\"} -->\n<h1 class=\"main-title\"><strong>IV ZIO<\/strong><br>Garmisch-Partenkirchen 1936<\/h1>\n<!-- \/wp:heading -->\n\n<!-- wp:paragraph -->\n<p><br><\/p>\n<!-- \/wp:paragraph -->\n\n<!-- wp:image {\"align\":\"left\",\"id\":19369,\"sizeSlug\":\"large\",\"className\":\"is-style-default\"} -->\n<div class=\"wp-block-image is-style-default\"><figure class=\"alignleft size-large\"><img src=\"https:\/\/olimpijski.pl\/wp-content\/uploads\/1936\/06\/garmisch-partenkirchen1936.png\" alt=\"\" class=\"wp-image-19369\"\/><\/figure><\/div>\n<!-- \/wp:image -->\n\n<!-- wp:list -->\n<ul><li>Igrzyska rozegrano w dniach <strong>6-16 lutego<\/strong>.<\/li><li>Wystartowa\u0142o <strong>646<\/strong> zawodnik\u00f3w, (w tym <strong>80<\/strong> kobiet) z <strong>28<\/strong> kraj\u00f3w.<\/li><li>Rozdano <strong>17<\/strong> komplet\u00f3w medali.<\/li><li>Otwarcia igrzysk dokona\u0142 <strong>kanclerz III Rzeszy Adolf Hitler<\/strong>.<\/li><li>Igrzyska obserwowa\u0142o <strong>543 155<\/strong> widz\u00f3w.<\/li><\/ul>\n<!-- \/wp:list -->\n\n<!-- wp:heading -->\n<h2><strong>Program Igrzysk \u2013 6 dyscyplin i 17 konkurencji<\/strong><\/h2>\n<!-- \/wp:heading -->\n\n<!-- wp:paragraph -->\n<p>bobsleje (2 konkurencje), hokej na lodzie (1), \u0142y\u017cwiarstwo figurowe (3), \u0142y\u017cwiarstwo szybkie (4), narciarstwo alpejskie (2), narciarstwo klasyczne (5).<\/p>\n<!-- \/wp:paragraph -->\n\n<!-- wp:heading -->\n<h2><strong>Gwiazdy Igrzysk<\/strong><\/h2>\n<!-- \/wp:heading -->\n\n<!-- wp:paragraph -->\n<p><strong>Ivar Ballagrund<\/strong> (Norwegia, \u0142y\u017cwiarstwo figurowe) \u2013 3 z\u0142ote medale, 1 srebrny<br><strong>Oddbjoern Hagen<\/strong> (Norwegia, biegi narciarskie) \u2013 1 z\u0142oty medal, 2 srebrne<br><strong>Ernst Baier<\/strong> (Niemcy, \u0142y\u017cwiarstwo figurowe) \u2013 1 z\u0142oty medal, 1 srebrny<\/p>\n<!-- \/wp:paragraph -->\n\n<!-- wp:heading -->\n<h2><strong>Polska Reprezentacja Olimpijska<\/strong><\/h2>\n<!-- \/wp:heading -->\n\n<!-- wp:paragraph -->\n<p><strong>24 m\u0119\u017cczyzn<\/strong> (startowa\u0142o 20) w 3 sportach: 15 hokeist\u00f3w (11 startowa\u0142o + 4 rez.), 1 \u0142y\u017cwiarz szybki, 8 narciarzy.<\/p>\n<!-- \/wp:paragraph -->\n\n<!-- wp:paragraph -->\n<p>Chor\u0105\u017cym reprezentacji Polski by\u0142 <strong>Bronis\u0142aw Czech<\/strong> (biegi narciarskie, kombinacja norweska, narciarstwo alpejskie).<\/p>\n<!-- \/wp:paragraph -->\n\n<!-- wp:heading -->\n<h2><strong>Klasyfikacja medalowa<\/strong><\/h2>\n<!-- \/wp:heading -->\n\n<!-- wp:table {\"hasFixedLayout\":true,\"className\":\"is-style-stripes\"} -->\n<figure class=\"wp-block-table is-style-stripes\"><table class=\"has-fixed-layout\"><tbody><tr><td><\/td><td><\/td><td class=\"has-text-align-center\" data-align=\"center\">&nbsp;<\/td><td class=\"has-text-align-center\" data-align=\"center\">&nbsp;<\/td><td class=\"has-text-align-center\" data-align=\"center\">&nbsp;<\/td><td class=\"has-text-align-center\" data-align=\"center\">&nbsp;<\/td><\/tr><tr><td>&nbsp;<\/td><td>&nbsp;<\/td><td class=\"has-text-align-center\" data-align=\"center\">&nbsp;<\/td><td class=\"has-text-align-center\" data-align=\"center\"><img class=\"wp-image-26068\" style=\"width: 50px;\" src=\"https:\/\/olimpijski.pl\/wp-content\/uploads\/1948\/06\/2008_Pekin_zloty_50x50.jpg\" alt=\"\"><\/td><td class=\"has-text-align-center\" data-align=\"center\"><img class=\"wp-image-26071\" style=\"width: 50px;\" src=\"https:\/\/olimpijski.pl\/wp-content\/uploads\/1948\/06\/2008_Pekin_sreb_50x50.jpg\" alt=\"\"><\/td><td class=\"has-text-align-center\" data-align=\"center\"><img class=\"wp-image-26073\" style=\"width: 50px;\" src=\"https:\/\/olimpijski.pl\/wp-content\/uploads\/1948\/06\/2008_Pekin_braz_50x50.jpg\" alt=\"\"><\/td><\/tr><tr><td>1.<\/td><td>Norwegia<\/td><td class=\"has-text-align-center\" data-align=\"center\">15<\/td><td class=\"has-text-align-center\" data-align=\"center\">7<\/td><td class=\"has-text-align-center\" data-align=\"center\">5<\/td><td class=\"has-text-align-center\" data-align=\"center\">3<\/td><\/tr><tr><td>2.<\/td><td>Niemcy<\/td><td class=\"has-text-align-center\" data-align=\"center\">6<\/td><td class=\"has-text-align-center\" data-align=\"center\">3<\/td><td class=\"has-text-align-center\" data-align=\"center\">3<\/td><td class=\"has-text-align-center\" data-align=\"center\">0<\/td><\/tr><tr><td>3.<\/td><td>Szwecja<\/td><td class=\"has-text-align-center\" data-align=\"center\">7<\/td><td class=\"has-text-align-center\" data-align=\"center\">2<\/td><td class=\"has-text-align-center\" data-align=\"center\">2<\/td><td class=\"has-text-align-center\" data-align=\"center\">3<\/td><\/tr><tr><td>...<\/td><td>&nbsp;<\/td><td class=\"has-text-align-center\" data-align=\"center\">&nbsp;<\/td><td class=\"has-text-align-center\" data-align=\"center\">&nbsp;<\/td><td class=\"has-text-align-center\" data-align=\"center\">&nbsp;<\/td><td class=\"has-text-align-center\" data-align=\"center\">&nbsp;<\/td><\/tr><tr><td>&nbsp;<\/td><td><strong>Polska<\/strong><\/td><td class=\"has-text-align-center\" data-align=\"center\"><strong>0<\/strong><\/td><td class=\"has-text-align-center\" data-align=\"center\"><strong>0<\/strong><\/td><td class=\"has-text-align-center\" data-align=\"center\"><strong>0<\/strong><\/td><td class=\"has-text-align-center\" data-align=\"center\"><strong>0<\/strong><\/td><\/tr><\/tbody><\/table><\/figure>\n<!-- \/wp:table -->\n\n<!-- wp:quote {\"className\":\"is-style-default\"} -->\n<blockquote class=\"wp-block-quote is-style-default\"><p>Dyscyplinami pokazowymi by\u0142y: wojskowy bieg patrolowy, bawarska odmiana curlingu (dru\u017cynowo i indywidualnie).<\/p><p>Najwy\u017csza lokata Polak\u00f3w to 5. miejsce w skokach Stanis\u0142awa Marusarza, kt\u00f3ry by\u0142 najlepszym zawodnikiem spoza pa\u0144stw skandynawskich.<\/p><p>Przy imprezie by\u0142o akredytowanych 498 dziennikarzy; prasa (403), radio (49) i 46 fotograf\u00f3w (wy\u0142\u0105cznie niemieckich).<\/p><\/blockquote>\n<!-- \/wp:quote -->","post_title":"Garmisch-Partenkirchen 1936","post_excerpt":"","post_status":"publish","comment_status":"closed","ping_status":"closed","post_password":"","post_name":"garmisch-partenkirchen-1936","to_ping":"","pinged":"","post_modified":"2020-09-30 11:46:16","post_modified_gmt":"2020-09-30 09:46:16","post_content_filtered":"","post_parent":0,"guid":"https:\/\/wai-q98d7hpf9hy9k.wpallimport-demo.qsandbox.me\/olympics_winter\/garmisch-partenkirchen-1936\/","menu_order":0,"post_type":"olympics_winter","post_mime_type":"","comment_count":"0","filter":"raw"}],"competitions_rewards":[{"competition":[{"ID":5838,"post_author":"1","post_date":"2020-06-19 11:32:23","post_date_gmt":"2020-06-19 11:32:23","post_content":"","post_title":"\u0141y\u017cwiarstwo szybkie","post_excerpt":"","post_status":"publish","comment_status":"open","ping_status":"open","post_password":"","post_name":"lyzwiarstwo-szybkie","to_ping":"","pinged":"","post_modified":"2020-06-29 13:13:11","post_modified_gmt":"2020-06-29 11:13:11","post_content_filtered":"","post_parent":0,"guid":"https:\/\/wai-q7byvryhhcz9k.wpallimport-demo.qsandbox.me\/competition\/lyzwiarstwo-szybkie\/","menu_order":0,"post_type":"competition","post_mime_type":"","comment_count":"0","filter":"raw"}],"reward":""},{"competition":null,"reward":""}]},{"olimpic":[{"ID":300,"post_author":"1","post_date":"1976-06-17 13:34:45","post_date_gmt":"1976-06-17 12:34:45","post_content":"<!-- wp:heading {\"level\":1,\"className\":\"main-title\"} -->\n<h1 class=\"main-title\"><strong>Igrzyska XXI Olimpiady<\/strong><br>Montreal 1976<\/h1>\n<!-- \/wp:heading -->\n\n<!-- wp:paragraph -->\n<p><br><\/p>\n<!-- \/wp:paragraph -->\n\n<!-- wp:image {\"align\":\"left\",\"id\":19336,\"sizeSlug\":\"large\",\"className\":\"is-style-default\"} -->\n<div class=\"wp-block-image is-style-default\"><figure class=\"alignleft size-large\"><img src=\"https:\/\/olimpijski.pl\/wp-content\/uploads\/1976\/06\/montreal1976.png\" alt=\"\" class=\"wp-image-19336\"\/><\/figure><\/div>\n<!-- \/wp:image -->\n\n<!-- wp:list -->\n<ul><li>Igrzyska rozegrano w dniach <strong>17 lipca \u2013 1 sierpnia<\/strong>.<\/li><li>Wystartowa\u0142o <strong>6084<\/strong> zawodnik\u00f3w (w tym <strong>1260<\/strong> kobiet) z <strong>92<\/strong> kraj\u00f3w.<\/li><li>Rozdano <strong>198<\/strong> komplet\u00f3w medali.<\/li><li>Przysi\u0119g\u0119 olimpijsk\u0105 w imieniu sportowc\u00f3w z\u0142o\u017cy\u0142 ci\u0119\u017carowiec <strong>Pierre Saint-Jean<\/strong>, natomiast w imieniu s\u0119dzi\u00f3w i trener\u00f3w \u2013 <strong>Maurice Fauget<\/strong>.<\/li><li>Znicz olimpijski zapalili nastolatkowie reprezentuj\u0105cy angielsk\u0105 i francusk\u0105 spo\u0142eczno\u015b\u0107 Kanady \u2013 <strong>Sandra Henderson<\/strong> i <strong>Stephane Prefontaine<\/strong>.<\/li><li>Igrzyska otworzy\u0142a <strong>kr\u00f3lowa Anglii El\u017cbieta II<\/strong>.<\/li><\/ul>\n<!-- \/wp:list -->\n\n<!-- wp:heading -->\n<h2><strong>Program Igrzysk \u2013 23 dyscypliny, 198 konkurencji<\/strong><\/h2>\n<!-- \/wp:heading -->\n\n<!-- wp:paragraph -->\n<p>boks (11 konkurencji), gimnastyka (14), hokej na trawie (1), je\u017adziectwo (6), judo (6), kajakarstwo (11), kolarstwo (6), koszyk\u00f3wka (2), lekkoatletyka (37), \u0142ucznictwo (2), pi\u0119ciob\u00f3j nowoczesny (2), pi\u0142ka no\u017cna (1), pi\u0142ka r\u0119czna (2), pi\u0142ka siatkowa (2), pi\u0142ka wodna (1), p\u0142ywanie (26), podnoszenie ci\u0119\u017car\u00f3w (9), skoki do wody (4), strzelectwo (7), szermierka (8), wio\u015blarstwo (14), zapasy (20), \u017ceglarstwo (6).<\/p>\n<!-- \/wp:paragraph -->\n\n<!-- wp:heading -->\n<h2><strong>Gwiazda Igrzysk<\/strong><\/h2>\n<!-- \/wp:heading -->\n\n<!-- wp:paragraph -->\n<p><strong>Nadia Comaneci<\/strong> (Rumunia, gimnastyka) \u2013 3 z\u0142ote medale, 1 srebrny, 1 br\u0105zowy<\/p>\n<!-- \/wp:paragraph -->\n\n<!-- wp:heading -->\n<h2><strong>Polska Reprezentacja Olimpijska<\/strong><\/h2>\n<!-- \/wp:heading -->\n\n<!-- wp:paragraph -->\n<p>223 osoby (startowa\u0142o 207 \u2013 27 kobiet i 180 m\u0119\u017cczyzn) w 18 sportach: 11 bokser\u00f3w, 7 gimnastyk\u00f3w (6 startowa\u0142o, 1 nie), 5 judok\u00f3w, 16 kajakarzy (w tym 4 kobiety; 13 startowa\u0142o + 3 rez.), 14 kolarzy (11 startowa\u0142o + 3 rez.), 33 lekkoatlet\u00f3w (w tym 4 kobiety; 32 startowa\u0142o, 1 nie), 4 \u0142ucznik\u00f3w (w tym 2 kobiety), 4 pi\u0119cioboist\u00f3w (3 startowa\u0142o + 1 rez.), 17 pi\u0142karzy, 14 pi\u0142karzy r\u0119cznych, 12 siatkarzy, 3 p\u0142ywak\u00f3w (w tym 1 kobieta), 11 ci\u0119\u017carowc\u00f3w (9 startowa\u0142o + 2 rez.), 12 strzelc\u00f3w, 18 szermierzy (w tym 5 kobiet), 26 wio\u015blarzy (w tym 14 kobiet; 22 startowa\u0142o + 4 rez.), 14 zapa\u015bnik\u00f3w, 2 \u017ceglarzy (1 startowa\u0142o + 1 rez.).<\/p>\n<!-- \/wp:paragraph -->\n\n<!-- wp:paragraph -->\n<p>Chor\u0105\u017cym reprezentacji Polski by\u0142 kajakarz <strong>Grzegorz \u015aledziewski<\/strong>.<\/p>\n<!-- \/wp:paragraph -->\n\n<!-- wp:heading -->\n<h2><strong>Klasyfikacja medalowa<\/strong><\/h2>\n<!-- \/wp:heading -->\n\n<!-- wp:table {\"hasFixedLayout\":true,\"className\":\"is-style-stripes\"} -->\n<figure class=\"wp-block-table is-style-stripes\"><table class=\"has-fixed-layout\"><tbody><tr><td><\/td><td><\/td><td class=\"has-text-align-center\" data-align=\"center\">&nbsp;<\/td><td class=\"has-text-align-center\" data-align=\"center\">&nbsp;<\/td><td class=\"has-text-align-center\" data-align=\"center\">&nbsp;<\/td><td class=\"has-text-align-center\" data-align=\"center\">&nbsp;<\/td><\/tr><tr><td>&nbsp;<\/td><td>&nbsp;<\/td><td class=\"has-text-align-center\" data-align=\"center\">&nbsp;<\/td><td class=\"has-text-align-center\" data-align=\"center\"><img class=\"wp-image-27817\" style=\"width: 50px;\" src=\"https:\/\/olimpijski.pl\/wp-content\/uploads\/2016\/06\/2016_Rio_zloty_50x50.jpg\" alt=\"\"><\/td><td class=\"has-text-align-center\" data-align=\"center\"><img class=\"wp-image-27819\" style=\"width: 50px;\" src=\"https:\/\/olimpijski.pl\/wp-content\/uploads\/2016\/06\/2016_Rio_sreb_50x50.jpg\" alt=\"\"><\/td><td class=\"has-text-align-center\" data-align=\"center\"><img class=\"wp-image-27821\" style=\"width: 50px;\" src=\"https:\/\/olimpijski.pl\/wp-content\/uploads\/2016\/06\/2016_Rio_braz_50x50.jpg\" alt=\"\"><\/td><\/tr><tr><td>1.<\/td><td>ZSRR<\/td><td class=\"has-text-align-center\" data-align=\"center\">125<\/td><td class=\"has-text-align-center\" data-align=\"center\">49<\/td><td class=\"has-text-align-center\" data-align=\"center\">41<\/td><td class=\"has-text-align-center\" data-align=\"center\">35<\/td><\/tr><tr><td>2.<\/td><td>NRD<\/td><td class=\"has-text-align-center\" data-align=\"center\">90<\/td><td class=\"has-text-align-center\" data-align=\"center\">40<\/td><td class=\"has-text-align-center\" data-align=\"center\">25<\/td><td class=\"has-text-align-center\" data-align=\"center\">25<\/td><\/tr><tr><td>3.<\/td><td>USA<\/td><td class=\"has-text-align-center\" data-align=\"center\">94<\/td><td class=\"has-text-align-center\" data-align=\"center\">34<\/td><td class=\"has-text-align-center\" data-align=\"center\">35<\/td><td class=\"has-text-align-center\" data-align=\"center\">25<\/td><\/tr><tr><td>...<\/td><td>&nbsp;<\/td><td class=\"has-text-align-center\" data-align=\"center\">&nbsp;<\/td><td class=\"has-text-align-center\" data-align=\"center\">&nbsp;<\/td><td class=\"has-text-align-center\" data-align=\"center\">&nbsp;<\/td><td class=\"has-text-align-center\" data-align=\"center\">&nbsp;<\/td><\/tr><tr><td><strong>6.<\/strong><\/td><td><strong>Polska<\/strong><\/td><td class=\"has-text-align-center\" data-align=\"center\"><strong>26<\/strong><\/td><td class=\"has-text-align-center\" data-align=\"center\"><strong>7<\/strong><\/td><td class=\"has-text-align-center\" data-align=\"center\"><strong>6<\/strong><\/td><td class=\"has-text-align-center\" data-align=\"center\"><strong>13<\/strong><\/td><\/tr><\/tbody><\/table><\/figure>\n<!-- \/wp:table -->\n\n<!-- wp:heading -->\n<h2><strong>Medale dla Polski (26)<\/strong><\/h2>\n<!-- \/wp:heading -->\n\n<!-- wp:paragraph -->\n<p>z\u0142oty - Irena Szewi\u0144ska (lekkoatletyka - bieg na 400 m)<br>z\u0142oty - Janusz Pyciak-Peciak (pi\u0119ciob\u00f3j nowoczesny)<br>z\u0142oty - Jerzy Rybicki (boks - waga lekko\u015brednia)<br>z\u0142oty - Tadeusz \u015alusarski (lekkoatletyka - skok o tyczce)<br>z\u0142oty - Jacek Wszo\u0142a (lekkoatletyka - skok wzwy\u017c)<br>z\u0142oty Kazimierz Lipie\u0144 (zapasy - styl klasyczny - waga 62 kg)<br>z\u0142oty - Bronis\u0142aw Bebel, Ryszard Bosek, Wies\u0142aw Gaw\u0142owski, Marek Karbarz, Zbigniew Lubiejewski, Lech Lasko, Miros\u0142aw Rybaczewski, W\u0142odzimierz Sadalski, Edward Skorek, W\u0142odzimierz Stefa\u0144ski, Tomasz Wojtowicz i Zbigniew Zarzycki (siatk\u00f3wka)<\/p>\n<!-- \/wp:paragraph -->\n\n<!-- wp:paragraph -->\n<p>srebrny - Andrzej Gronowicz i Jerzy Opara (kajakarstwo - C2&nbsp; 500 m)<br>srebrny - Bronis\u0142aw Malinowski (lekkoatletyka- bieg na 3000 m z przeszkodami)<br>srebrny - Grzegorz Cziura (podnoszenie ci\u0119\u017car\u00f3w - waga 56 kg)<br>srebrny - Grzegorz Jaremski, Jerzy Pietrzyk, Ryszard Podlas i Jan Werner (lekkoatletyka - sztafeta 4x400 m)<br>srebrny - Tadeusz Mytnik, Mieczys\u0142aw Nowicki, Stanis\u0142aw Szozda, Ryszard Szurkowski (kolarstwo - szosowy wy\u015bcig dru\u017c. na 100 km)<br>srebrny - (Jan Beniger, Les\u0142aw \u0106mikiewicz, Kazimierz Deyna, Jerzy Gorgo\u0144, Henryk Kasperczak, Kazimierz Kmiecik, Grzegorz Lato, Zygmunt Maszczyk, Piotr Mowlik, Roman Ogaza, Wojciech Rudy, Andrzej Szarmach, Antoni Szymanowski, Jan Tomaszewski, Henryk Wawrowski, Henryk Wieczorek, W\u0142adys\u0142aw \u017bmuda (pi\u0142ka no\u017cna)<\/p>\n<!-- \/wp:paragraph -->\n\n<!-- wp:paragraph -->\n<p>br\u0105zowy - Leszek B\u0142a\u017cy\u0144ski (boks - waga musza)<br>br\u0105zowy - Leszek Kosedowski (boks - waga pi\u00f3rkowa)<br>br\u0105zowy - Kazimierz Szczerba (boks - waga lekkop\u00f3\u0142\u015brednia)<br>br\u0105zowy - Janusz Gortat (boks -waga p\u00f3\u0142ci\u0119\u017cka)<br>br\u0105zowy - Marian Ta\u0142aj (judo - waga 71 kg)<br>br\u0105zowy - Mieczys\u0142aw Nowicki (kolarstwo - wy\u015bcig indywidualny)<br>br\u0105zowy - Wies\u0142aw Gawlikowski (strzelectwo - skeet)<br>br\u0105zowy - Jerzy Greszkiewicz (strzelectwo - strzelanie do sylwetki biegn\u0105cego dzika)<br>br\u0105zowy - Czes\u0142aw Kwieci\u0144ski (zapasy - styl klasyczny - waga 90 kg)<br>br\u0105zowy - Andrzej Skrzydlewski (zapasy - styl klasyczny - waga 100 kg)<br>br\u0105zowy - Kazimierz Czarnecki (podnoszenie ci\u0119\u017car\u00f3w - waga 67,5 kg)<br>br\u0105zowy - Tadeusz Rutkowski (podnoszenie ci\u0119\u017car\u00f3w - waga ponad 110 kg)<br>br\u0105zowy - Zdzis\u0142aw Antczak, Janusz Brzozowski, Piotr Cie\u015bla, Jan Gmyrek, Alfred Ka\u0142uzi\u0144ski, Jerzy Klempel, Zygfryd Kuchta, Jerzy Melcer, Ryszard Przybysz, Henryk Rozmiarek, Andrzej Soko\u0142owski, Andrzej Szymczak, Mieczys\u0142aw Wojczak i W\u0142odzimierz Zieli\u0144ski (pi\u0142ka r\u0119czna)<\/p>\n<!-- \/wp:paragraph -->\n\n<!-- wp:quote {\"className\":\"is-style-default\"} -->\n<blockquote class=\"wp-block-quote is-style-default\"><p>A\u017c siedem razy zagrano bia\u0142o-czerwonym Mazurek D\u0105browskiego: Irenie Szewi\u0144skiej triumfatorce biegu na 400 m, bokserowi Jerzemu Rybickiemu, Jackowi Wszole najlepszemu w skoku wzwy\u017c i Tadeuszowi \u015alusarskiemu, kt\u00f3ry wygra\u0142 konkurs skoku o tyczce, najlepszemu pi\u0119cioboi\u015bcie nowoczesnemu igrzysk Januszowi Pyciakowi-Peciakowi, zapa\u015bnikowi klasykowi Kazimierzowi Lipieniowi oraz siatkarzom, podopiecznym trenera Huberta Wagnera.<\/p><p>Drugi olimpijski kr\u0105\u017cek wywalczyli pi\u0142karze no\u017cni \u2013 tym razem srebro, z kolei zdobyli br\u0105z pi\u0142karze r\u0119czni.<\/p><\/blockquote>\n<!-- \/wp:quote -->","post_title":"Montreal 1976","post_excerpt":"","post_status":"publish","comment_status":"closed","ping_status":"closed","post_password":"","post_name":"montreal-1976","to_ping":"","pinged":"","post_modified":"2020-09-28 15:51:36","post_modified_gmt":"2020-09-28 13:51:36","post_content_filtered":"","post_parent":0,"guid":"https:\/\/wai-q98d7hpf9hy9k.wpallimport-demo.qsandbox.me\/olympics_summer\/montreal-1976\/","menu_order":0,"post_type":"olympics_summer","post_mime_type":"","comment_count":"0","filter":"raw"}],"competitions_rewards":[{"competition":[{"ID":5884,"post_author":"1","post_date":"2020-06-19 11:32:33","post_date_gmt":"2020-06-19 11:32:33","post_content":"","post_title":"Pi\u0142ka no\u017cna","post_excerpt":"","post_status":"publish","comment_status":"open","ping_status":"open","post_password":"","post_name":"pilka-nozna","to_ping":"","pinged":"","post_modified":"2020-06-29 13:17:08","post_modified_gmt":"2020-06-29 11:17:08","post_content_filtered":"","post_parent":0,"guid":"https:\/\/wai-q7byvryhhcz9k.wpallimport-demo.qsandbox.me\/competition\/pilka-nozna\/","menu_order":0,"post_type":"competition","post_mime_type":"","comment_count":"0","filter":"raw"}],"reward":""},{"competition":null,"reward":""}]}],"picture":{"ID":20915,"id":20915,"title":"bio_large_kalbarczyk-janusz-m","filename":"bio_large_kalbarczyk-janusz-m.jpg","filesize":1309,"url":"https:\/\/olimpijski.pl\/wp-content\/uploads\/2020\/06\/bio_large_kalbarczyk-janusz-m.jpg","link":"https:\/\/olimpijski.pl\/en\/olimpijczycy\/kalbarczyk-janusz-antoni\/bio_large_kalbarczyk-janusz-m\/#main","alt":"","author":"1","description":"","caption":"","name":"bio_large_kalbarczyk-janusz-m","status":"inherit","uploaded_to":13970,"date":"2020-08-06 10:18:09","modified":"2020-08-06 10:18:09","menu_order":0,"mime_type":"image\/jpeg","type":"image","subtype":"jpeg","icon":"https:\/\/olimpijski.pl\/wp-includes\/images\/media\/default.png","width":50,"height":50,"sizes":{"thumbnail":"https:\/\/olimpijski.pl\/wp-content\/uploads\/2020\/06\/bio_large_kalbarczyk-janusz-m.jpg","thumbnail-width":50,"thumbnail-height":50,"medium":"https:\/\/olimpijski.pl\/wp-content\/uploads\/2020\/06\/bio_large_kalbarczyk-janusz-m.jpg","medium-width":50,"medium-height":50,"medium_large":"https:\/\/olimpijski.pl\/wp-content\/uploads\/2020\/06\/bio_large_kalbarczyk-janusz-m.jpg","medium_large-width":50,"medium_large-height":50,"large":"https:\/\/olimpijski.pl\/wp-content\/uploads\/2020\/06\/bio_large_kalbarczyk-janusz-m.jpg","large-width":50,"large-height":50,"1536x1536":"https:\/\/olimpijski.pl\/wp-content\/uploads\/2020\/06\/bio_large_kalbarczyk-janusz-m.jpg","1536x1536-width":50,"1536x1536-height":50,"2048x2048":"https:\/\/olimpijski.pl\/wp-content\/uploads\/2020\/06\/bio_large_kalbarczyk-janusz-m.jpg","2048x2048-width":50,"2048x2048-height":50,"ultp_layout_landscape_large":"https:\/\/olimpijski.pl\/wp-content\/uploads\/2020\/06\/bio_large_kalbarczyk-janusz-m.jpg","ultp_layout_landscape_large-width":50,"ultp_layout_landscape_large-height":50,"ultp_layout_landscape":"https:\/\/olimpijski.pl\/wp-content\/uploads\/2020\/06\/bio_large_kalbarczyk-janusz-m.jpg","ultp_layout_landscape-width":50,"ultp_layout_landscape-height":50,"ultp_layout_portrait":"https:\/\/olimpijski.pl\/wp-content\/uploads\/2020\/06\/bio_large_kalbarczyk-janusz-m.jpg","ultp_layout_portrait-width":50,"ultp_layout_portrait-height":50,"ultp_layout_square":"https:\/\/olimpijski.pl\/wp-content\/uploads\/2020\/06\/bio_large_kalbarczyk-janusz-m.jpg","ultp_layout_square-width":50,"ultp_layout_square-height":50}},"firstname":"","lastname":"Kalbarczyk Janusz Antoni","birthdate_date":"13\/06\/1910","birthdate":"13 czerwca 1910","deathdate_date":"","deathdate":"1999","placeofbirth":"","club":"","coach":"","metrics":"","seolink":"kalbarczyk-janusz-antoni","tmp_old_id":"14302","tmp_old_fid":"294","tmp_old_parent_id":"15544","createdate":"06\/11\/2013","tmp_old_title":"Kalbarczyk Janusz Antoni (1910-1999)","tmp_old_lead":"","tmp_old_body":"<p class=\"title-m-02\">KALBARCZYK JANUSZ ANTONI (1910-1999)<\/p><table  border=\"0\" align=\"LEFT\" cellpadding=\"0\" cellspacing=\"0\"> <tr> <td class=\"photo-td-01\"><table  border=\"0\" cellspacing=\"0\" cellpadding=\"0\"> <tr>  <td><img src=\"files\/old\/i\/olimpijczycy\/Kalbarczyk_Janusz_m.jpg\" alt=\"KALBARCZYK JANUSZ ANTONI\" border=\"0\" width=\"50\" height=\"50\"><\/td> <\/tr> <\/table><\/td><\/tr><\/table><p><strong>in\u017cynier architekt, olimpijczyk z Ga-Pa (1936),\u00a0projektant wielu obiekt\u00f3w sportowych, jeden z najlepszych polskich \u0142y\u017cwiarzy, dzia\u0142acz sportowy.<br\/><\/strong><br\/>Urodzony 13 czerwca 1910 w Warszawie, syn Karola i Michaliny z Go\u017adzik\u00f3w. Uko\u0144czy\u0142 miejscowe 8-klasowe gimnazjum\u00a0typu humanistycznego im. A. Mickiewicza (1929), Wydzia\u0142 Architektury Politechniki Warszawskiej (1937)\u00a0i dywizyjny kurs podchor\u0105\u017cych rezerwy przy 32 pp. (1933-1934).\u00a0W czasach studenckich\u00a0uprawia\u0142 kilka dyscyplin sportu (kolarstwo, lekkoatletyka, motocykle i samochody, jazda konna, sporty wodne) ale wyniki na \u015bwiatowym poziomie uzyska\u0142 w \u0142y\u017cwiarstwie szybkim. W czasie swojej bardzo d\u0142ugiej kariery sportowej (1929-1953) startuj\u0105c w barwach: AZS Warszawa (1929-1935), Warszawianki i Polonii Warszawa (1936-1939), BOS Warszawa i sto\u0142ecznej Legii (1945-1953) by\u0142 a\u017c <strong>62 razy mistrzem Polski<\/strong> w tym m. in. w wieloboju (1929, 1931, 1933, 1934, 1938, 1939, 1946-1951) i <strong>39-krotnym rekordzist\u0105 Polski<\/strong> na wszystkich dystansach: 500 m - 9 x (od 49.60 w1934 do 45.70 w 1938), 1000 m - 3 x (od 1.42,20 w 1932 do 1:34.50 w1936), 1500 m - 6 x (od 2.38,70 w 1932 do 2.24,00 w 1937), 3000 m - 8 x (od 5.43,60 w 1932 do 5.00,00 w 1938), 5000 m - 5 x (od\u00a0 9.26,60 w 1932 do 8.37,30 w 1937), 10000 m - 4 x (od 19.32,00 w 1932 do 17.54,90 w 1936), wielob\u00f3j du\u017cy - 3 x (od 218,640 w 1932 do 204,740 w 1936), wielob\u00f3j ma\u0142y - 1 x (196,190 w 1937), mimo i\u017c nie mia\u0142 budowy \u0142y\u017cwiarskiego wieloboisty (tylko 167 cm wzrostu, 76 kg wagi, ale niezwykle silne nogi). <strong>Uczestnik mistrzostw \u015bwiata<\/strong> (1935 Oslo: 9 m. (10000), 1936 Davos: 4 m. (10000 m), 1938 Davos, 1939 Helsinki: 6 m. (10000), 8 m. (wielob\u00f3j) i <strong>ME<\/strong> 1932 Davos (10000 m i wielob\u00f3j - 9 m.), 1937 Davos (3000 m - 9 m. , 5000 m - 8 m., wielob\u00f3j - 9 m.)., 1938 Oslo (1500 m i 3000 m - 8 m.), 1939 Ryga (1500 m - 9 m.), 1947 Sztokholm). Cz\u0142owiek o niebywa\u0142ej pasji, energii i inicjatywie wykorzysta\u0142 wszystkie te atuty tak\u017ce w d\u0105\u017ceniu do doskona\u0142o\u015bci w sporcie (jako pierwszy w Polsce wprowadzi\u0142 do treningu ca\u0142oroczne przygotowania kondycyjne oraz rozgrzewk\u0119 przed startem). W drugiej po\u0142owie lat trzydziestych zbli\u017cy\u0142 si\u0119 wynikami do najlepszych \u0142y\u017cwiarzy \u015bwiata, g\u0142\u00f3wnie na wytrzyma\u0142o\u015bciowym dystansie 10.000 m (4-6 miejsce na mistrzostwach \u015bwiata). Podczas IO w Ga-Pa mia\u0142 pecha. Na przeszkodzie do zdobycia\u00a0medalu stan\u0119\u0142a aura. W biegu na 10.000 m, kiedy rankiem startowali jego wielcy rywale, tor by\u0142 twardy i temperatura wynosi\u0142a - 8\u00b0 C. Polak startowa\u0142 o godzinie 14, kiedy temperatura wzros\u0142a do + 12\u00b0C , a tor zalany by\u0142 wod\u0105. Uczestnik kampanii wrze\u015bniowej 1939 w obronie Warszawy. Po wojnie organizator plac\u00f3wki Biura Odbudowy Stolicy i Klubu Sportowego BOS (mia\u0142a tak\u017ce bardzo siln\u0105 sekcj\u0119 kolarsk\u0105). Organizator pierwszych imprez sportowych w zburzonej Warszawie. Projektant ko\u015bcio\u0142\u00f3w, szk\u00f3\u0142 i budynk\u00f3w mieszkalnych, specjalizowa\u0142 si\u0119 w budownictwie sportowym.\u00a0Opracowa\u0142 m.in. projekt toru kolarskiego w Warszawie przy ul. Podskarbi\u0144skiej (Nowe Dynasy) i pierwszego sztucznego toru \u0142y\u017cwiarskiego Stegny, zmodernizowa\u0142 p\u0142yt\u0119 toru kolarskiego w Kaliszu, zaprojektowa\u0142 hale sportowe z element\u00f3w sk\u0142adanych (Piotrk\u00f3w Trybunalski, Tomasz\u00f3w Mazowiecki, Radomsko, \u0141\u00f3d\u017a). Wieloletni dzia\u0142acz WOZ\u0141Sz. i PZ\u0141Sz. Autor wydawnictwa <em>\"\u0141y\u017cwiarzem mo\u017ce zosta\u0107 ka\u017cdy\"<\/em> (1947). By\u0142 \u017conaty ze znan\u0105 lekkoatletk\u0105 i \u0142y\u017cwiark\u0105 szybk\u0105 Jadwig\u0105 Nowack\u0105 i mia\u0142 czworo dzieci (c\u00f3rka Bo\u017cena Kalbarczyk te\u017c startowa\u0142a na torze oraz El\u017cbieta, Dorota i Andrzej). Zmar\u0142 w Piastowie ko\u0142o Warszawy 2 marca 1999.<br\/><br\/>Bibl.: G\u0142uszek, Leksykon 1999, s. 219; Pawlak, Olimpijczycy, s. 108; Kronika sportu, s. 946; Wryk, Akademicki, s. 288 i dalsze; Tajner, Legendy sportu, s. 125-127; P\u00f3\u0142 wieku AZS, s. 89-90;\u00a0\u0141y\u017cwiarski\u00a0 jubileusz, s. 32-37, 274, 275; CAW: AP 7763; APW , nr alb. 12135 (dyplom nr 4859, 14 czerwca 1937); USC Piast\u00f3w, AZ 23\/1999.<br\/><strong>*1936 Garmisch - Partenkirchen: 5000 m<\/strong> - 12 m. na 38 start. z czasem 8.47,7 (zw. Norweg I. Ballangrud - 8.19,6); <strong>10000 m<\/strong>\u00a0 - 9 m. z\u00a0 czasem 17.54,0 (zw. Norweg I. Ballangrud - 17.24,3).<br\/><\/p><!-- history --><table width=\"85%\" style=\"text-align:right\" border=\"0\" cellspacing=\"0\" cellpadding=\"0\">  <tr>    <td align=\"right\" class=\"box3-title\"><a href=\"javascript:history.back()\">\u00ab powr\u00f3t do listy<\/a><\/td>  <\/tr><\/table>","tmp_old_body_img":false,"tmp_old_lead_img":false,"picture_medalists":false,"important":""},"_links":{"self":[{"href":"https:\/\/olimpijski.pl\/en\/wp-json\/wp\/v2\/person\/13970"}],"collection":[{"href":"https:\/\/olimpijski.pl\/en\/wp-json\/wp\/v2\/person"}],"about":[{"href":"https:\/\/olimpijski.pl\/en\/wp-json\/wp\/v2\/types\/person"}],"version-history":[{"count":0,"href":"https:\/\/olimpijski.pl\/en\/wp-json\/wp\/v2\/person\/13970\/revisions"}],"wp:featuredmedia":[{"embeddable":true,"href":"https:\/\/olimpijski.pl\/en\/wp-json\/wp\/v2\/media\/20915"}],"wp:attachment":[{"href":"https:\/\/olimpijski.pl\/en\/wp-json\/wp\/v2\/media?parent=13970"}],"curies":[{"name":"wp","href":"https:\/\/api.w.org\/{rel}","templated":true}]}}