{"id":14047,"date":"2020-06-24T16:46:56","date_gmt":"2020-06-24T14:46:56","guid":{"rendered":"http:\/\/pkol.local\/person\/aleksander-klima\/"},"modified":"2020-09-21T01:09:50","modified_gmt":"2020-09-20T23:09:50","slug":"aleksander-klima","status":"publish","type":"person","link":"https:\/\/olimpijski.pl\/en\/olimpijczycy\/aleksander-klima\/","title":{"rendered":"Aleksander Klima"},"content":{"rendered":"<p class=\"title-m-02\">KLIMA  ALEKSANDER<\/p>\n<p><strong>podoficer s\u0142. st. WP, instruktor, kierowca, narciarz, biathlonista Legii Zakopane, medalista mistrzostw \u015bwiata w sztafecie (1971),&nbsp;olimpijczyk z Sapporo (1972).<br \/><\/strong><br \/>Urodzony 13 sierpnia 1945 w Oschatz (syn Franciszka), absolwent zasadniczej szko\u0142y zawodowej, podoficer zawodowy WP. Narciarz (182 cm, 79 kg),&nbsp;biathlonista, reprezentant WKS Legia Zakopane, podopieczny trener\u00f3w: Franciszka Klimy (klub) i&nbsp;Stanis\u0142awa Zi\u0119by (kadra)).<strong> Najwi\u0119kszy sukces odni\u00f3s\u0142 podczas M\u015a (1971) w Finlandii (Haemeenlinna), gdzie wraz z kolegami (J. R\u00f3\u017cak, A. Rapacz, J. Stopka) zdoby\u0142 br\u0105zowy medal w sztafecie 4 x 7,5 km. 4-krotny mistrz Polski<\/strong> w biathlonie: na 20 km (1971-1973) i w sztafecie 4 x 7,5 km (1970); <strong>uczestnik M\u015a<\/strong>: 1970 Oestersund: 6 m. (4 x 7,5 km), 1974 Raubicze k. Mi\u0144ska: 32 m. (10 km), 24 m. (20 km), 11 m. (4 x 7,5 km). M<strong>istrz Zimowej Spartakiady Armii Zaprzyja\u017anionych<\/strong> w Pamporowie 1973 (20 km). Zas\u0142u\u017cony Mistrz Sportu odznaczony m. in. Br\u0105zowym Krzy\u017cem Zas\u0142ugi i br\u0105zowym Medalem za Wybitne Osi\u0105gni\u0119cia Sportowe. \u017bonaty (1968) z Iren\u0105 Kiernick\u0105, ma dwie c\u00f3rki: Bo\u017cen\u0119 i Ew\u0119. Mieszka w Kirach, bardzo blisko o\u015brodka biathlonowego (pracuje jako kierowca Forda-busa, kt\u00f3rym wozi turyst\u00f3w po Zakopanem i Podhalu), b\u0119d\u0105c jednocze\u015bnie wiceprezesem zakopia\u0144skiego zrzeszenia prywatnych przewo\u017anik\u00f3w.<\/p>\n<p>Bibl.: G\u0142uszek, Leksykon 1999, s. 228;&nbsp;Pawlak, Olimpijczycy, s. 117; MES, t. 2, s. 45;&nbsp;Porada, Igrzyska, s. 879;&nbsp;Tajner, Legendy, s. 117; Ziele\u015bkiewicz, Encyklopedia, s. 107, 250, 251, 252; Szatkowski, 50 lat WKS Zakopane, s. 94-102. <br \/><strong>*1972 Sapporo: biathlon ind. 20 km<\/strong> &#8211; 9 m. na 53 start. z czasem 1:19.00,86, w tym 2 minuty karne za 2 strza\u0142y niecelne (zw. M. Solberg, Norwegia &#8211; 1:15.55,50, w tym 2 minuty karne); <strong>biathlon dru\u017c.&nbsp;4 x 7,5 km<\/strong> &#8211; 7 m. na 13 start. z czasem 1:58.09,92, w tym&nbsp;4 strza\u0142y niecelne (zw. ZSRR &#8211; 1:51.44,92, w tym 3 strza\u0142y niecelne). Wynik&nbsp; K. &#8211; 3006,39. Partnerami&nbsp;w sztafecie&nbsp;byli:&nbsp;A. Rapacz (29.05,75), J. R\u00f3\u017cak (29.36,15) i J. Stopka&nbsp; (29.21,63).<\/p>\n<p><!-- history --><\/p>\n<table width=\"85%\" style=\"text-align:right\" border=\"0\" cellspacing=\"0\" cellpadding=\"0\">\n<tr>\n<td align=\"right\" class=\"box3-title\"><a href=\"javascript:history.back()\">&laquo; powr\u00f3t do listy<\/a><\/td>\n<\/tr>\n<\/table>\n","protected":false},"excerpt":{"rendered":"<p>KLIMA ALEKSANDER podoficer s\u0142. st. WP, instruktor, kierowca, narciarz, biathlonista Legii Zakopane, medalista mistrzostw \u015bwiata w sztafecie (1971),&nbsp;olimpijczyk z Sapporo (1972).Urodzony 13<\/p>\n","protected":false},"featured_media":0,"menu_order":60,"template":"","meta":{"_acf_changed":false,"ub_ctt_via":"","footnotes":""},"class_list":["post-14047","person","type-person","status-publish","hentry","infinite-scroll-item","no-featured-image-padding"],"acf":{"olimpic_information":[{"olimpic":[{"ID":5901,"post_author":"15","post_date":"1972-06-17 13:54:39","post_date_gmt":"1972-06-17 12:54:39","post_content":"<!-- wp:heading {\"level\":1,\"className\":\"main-title\"} -->\n<h1 class=\"main-title\"><strong>XI ZIO<\/strong><br>Sapporo 1972<\/h1>\n<!-- \/wp:heading -->\n\n<!-- wp:paragraph -->\n<p><br><\/p>\n<!-- \/wp:paragraph -->\n\n<!-- wp:image {\"align\":\"left\",\"id\":19392,\"sizeSlug\":\"large\",\"className\":\"is-style-default\"} -->\n<div class=\"wp-block-image is-style-default\"><figure class=\"alignleft size-large\"><img src=\"https:\/\/olimpijski.pl\/wp-content\/uploads\/1972\/06\/sapporo1972.png\" alt=\"\" class=\"wp-image-19392\"\/><\/figure><\/div>\n<!-- \/wp:image -->\n\n<!-- wp:list -->\n<ul><li>Igrzyska rozegrano w dniach <strong>3-13 lutego<\/strong>.<\/li><li>Wystartowa\u0142o <strong>1006<\/strong> zawodnik\u00f3w (w tym <strong>206<\/strong> kobiet) z <strong>35<\/strong> kraj\u00f3w.<\/li><li>Rozdano <strong>35<\/strong> komplet\u00f3w medali.<\/li><li>Znicz olimpijski zapali\u0142a uczennica <strong>Hideki Takada<\/strong>.<\/li><li>Igrzyska otworzy\u0142 <strong>cesarz Japonii Hirohito<\/strong>.<\/li><li>Po raz pierwszy w historii zimowe igrzyska olimpijskie odby\u0142y si\u0119 w Azji.<\/li><\/ul>\n<!-- \/wp:list -->\n\n<!-- wp:heading -->\n<h2><strong>Program Igrzysk \u2013 8 dyscyplin i 35 konkurencji<\/strong><\/h2>\n<!-- \/wp:heading -->\n\n<!-- wp:paragraph -->\n<p>biathlon (2 konkurencje), bobsleje (2), hokej na lodzie (1), \u0142y\u017cwiarstwo figurowe (3), \u0142y\u017cwiarstwo szybkie (8), narciarstwo alpejskie (6), narciarstwo klasyczne (10), saneczkarstwo (3).<\/p>\n<!-- \/wp:paragraph -->\n\n<!-- wp:heading -->\n<h2><strong>Gwiazdy Igrzysk<\/strong><\/h2>\n<!-- \/wp:heading -->\n\n<!-- wp:paragraph -->\n<p><strong>Galina Ku\u0142akowa<\/strong> (ZSRR, biegi narciarskie) \u2013 3 z\u0142ote medale<br><strong>Ard Schenk<\/strong> (Holandia, biegi narciarskie) \u2013 3 z\u0142ote medale<\/p>\n<!-- \/wp:paragraph -->\n\n<!-- wp:heading -->\n<h2><strong>Polska Reprezentacja Olimpijska<\/strong><\/h2>\n<!-- \/wp:heading -->\n\n<!-- wp:paragraph -->\n<p><strong>50 os\u00f3b<\/strong> (startowa\u0142o 47 \u2013 8 kobiet i 39 m\u0119\u017cczyzn) w 5 sportach: 5 biathlonist\u00f3w, 19 hokeist\u00f3w, 2 \u0142y\u017cwiarzy figurowych (w tym 1 kobieta), 13 narciarzy (w tym 4 kobiety), 11 saneczkarzy (w tym 3 kobiety; 8 startowa\u0142o + 2 rez., 1 nie).<\/p>\n<!-- \/wp:paragraph -->\n\n<!-- wp:paragraph -->\n<p>Chor\u0105\u017cym reprezentacji Polski by\u0142 nasz pierwszy medalista mistrzostw \u015bwiata w narciarstwie alpejskim <strong>Andrzej Bachleda-Curu\u015b II<\/strong>.<\/p>\n<!-- \/wp:paragraph -->\n\n<!-- wp:heading -->\n<h2><strong>Klasyfikacja medalowa<\/strong><\/h2>\n<!-- \/wp:heading -->\n\n<!-- wp:table {\"hasFixedLayout\":true,\"className\":\"is-style-stripes\"} -->\n<figure class=\"wp-block-table is-style-stripes\"><table class=\"has-fixed-layout\"><tbody><tr><td><\/td><td><\/td><td class=\"has-text-align-center\" data-align=\"center\">&nbsp;<\/td><td class=\"has-text-align-center\" data-align=\"center\">&nbsp;<\/td><td class=\"has-text-align-center\" data-align=\"center\">&nbsp;<\/td><td class=\"has-text-align-center\" data-align=\"center\">&nbsp;<\/td><\/tr><tr><td>&nbsp;<\/td><td>&nbsp;<\/td><td class=\"has-text-align-center\" data-align=\"center\">&nbsp;<\/td><td class=\"has-text-align-center\" data-align=\"center\"><img class=\"wp-image-26068\" style=\"width: 50px;\" src=\"https:\/\/olimpijski.pl\/wp-content\/uploads\/1948\/06\/2008_Pekin_zloty_50x50.jpg\" alt=\"\"><\/td><td class=\"has-text-align-center\" data-align=\"center\"><img class=\"wp-image-26071\" style=\"width: 50px;\" src=\"https:\/\/olimpijski.pl\/wp-content\/uploads\/1948\/06\/2008_Pekin_sreb_50x50.jpg\" alt=\"\"><\/td><td class=\"has-text-align-center\" data-align=\"center\"><img class=\"wp-image-26073\" style=\"width: 50px;\" src=\"https:\/\/olimpijski.pl\/wp-content\/uploads\/1948\/06\/2008_Pekin_braz_50x50.jpg\" alt=\"\"><\/td><\/tr><tr><td>1.<\/td><td>ZSRR<\/td><td class=\"has-text-align-center\" data-align=\"center\">16<\/td><td class=\"has-text-align-center\" data-align=\"center\">8<\/td><td class=\"has-text-align-center\" data-align=\"center\">5<\/td><td class=\"has-text-align-center\" data-align=\"center\">3<\/td><\/tr><tr><td>2.<\/td><td>NRD<\/td><td class=\"has-text-align-center\" data-align=\"center\">14<\/td><td class=\"has-text-align-center\" data-align=\"center\">4<\/td><td class=\"has-text-align-center\" data-align=\"center\">3<\/td><td class=\"has-text-align-center\" data-align=\"center\">7<\/td><\/tr><tr><td>3.<\/td><td>Szwajcaria<\/td><td class=\"has-text-align-center\" data-align=\"center\">10<\/td><td class=\"has-text-align-center\" data-align=\"center\">4<\/td><td class=\"has-text-align-center\" data-align=\"center\">3<\/td><td class=\"has-text-align-center\" data-align=\"center\">3<\/td><\/tr><tr><td>...<\/td><td>&nbsp;<\/td><td class=\"has-text-align-center\" data-align=\"center\">&nbsp;<\/td><td class=\"has-text-align-center\" data-align=\"center\">&nbsp;<\/td><td class=\"has-text-align-center\" data-align=\"center\">&nbsp;<\/td><td class=\"has-text-align-center\" data-align=\"center\">&nbsp;<\/td><\/tr><tr><td><strong>13-14.<\/strong><\/td><td><strong>Polska<\/strong><\/td><td class=\"has-text-align-center\" data-align=\"center\"><strong>1<\/strong><\/td><td class=\"has-text-align-center\" data-align=\"center\"><strong>1<\/strong><\/td><td class=\"has-text-align-center\" data-align=\"center\"><strong>0<\/strong><\/td><td class=\"has-text-align-center\" data-align=\"center\"><strong>0<\/strong><\/td><\/tr><\/tbody><\/table><\/figure>\n<!-- \/wp:table -->\n\n<!-- wp:heading -->\n<h2><strong>Medale dla Polski (1)<\/strong><\/h2>\n<!-- \/wp:heading -->\n\n<!-- wp:paragraph -->\n<p>Z\u0142oty \u2013 Wojciech Fortuna (skoki narciarskie, K-90 \u2013 w\u00f3wczas skocznia du\u017ca)<\/p>\n<!-- \/wp:paragraph -->\n\n<!-- wp:quote {\"className\":\"is-style-default\"} -->\n<blockquote class=\"wp-block-quote is-style-default\"><p>O jedn\u0105 z najwi\u0119kszych niespodzianek postara\u0142 si\u0119 Wojciech Fortuna. Zdoby\u0142 pierwszy dla Polski medal w skokach narciarskich, na 90 metrowym obiekcie wyprzedzi\u0142 Szwajcara Waltera Steinera o zaledwie 0,1 pkt.<\/p><p>Narciarze po raz ostatni u\u017cywali drewnianego sprz\u0119tu, wypieranego przez syntetyczne w\u0142\u00f3kna szklane. Przed igrzyskami MKOl wykluczy\u0142 z imprezy jednego z faworyt\u00f3w, austriackiego alpejczyka Karla Schranza, za naruszenie Karty Olimpijskiej (niedozwolony udzia\u0142 w reklamie).<\/p><\/blockquote>\n<!-- \/wp:quote -->","post_title":"Sapporo 1972","post_excerpt":"","post_status":"publish","comment_status":"closed","ping_status":"closed","post_password":"","post_name":"sapporo-1972","to_ping":"","pinged":"","post_modified":"2020-09-30 12:12:02","post_modified_gmt":"2020-09-30 10:12:02","post_content_filtered":"","post_parent":0,"guid":"https:\/\/wai-q98d7hpf9hy9k.wpallimport-demo.qsandbox.me\/olympics_winter\/sapporo-1972\/","menu_order":0,"post_type":"olympics_winter","post_mime_type":"","comment_count":"0","filter":"raw"}],"competitions_rewards":[{"competition":[{"ID":5846,"post_author":"1","post_date":"2020-06-19 11:32:26","post_date_gmt":"2020-06-19 09:32:26","post_content":"","post_title":"Biathlon","post_excerpt":"","post_status":"publish","comment_status":"closed","ping_status":"closed","post_password":"","post_name":"biathlon-2","to_ping":"","pinged":"","post_modified":"2020-06-29 13:13:10","post_modified_gmt":"2020-06-29 11:13:10","post_content_filtered":"","post_parent":0,"guid":"https:\/\/wai-q7byvryhhcz9k.wpallimport-demo.qsandbox.me\/competition\/biathlon\/","menu_order":0,"post_type":"competition","post_mime_type":"","comment_count":"0","filter":"raw"}],"reward":""},{"competition":null,"reward":""}]}],"picture":false,"firstname":"Aleksander","lastname":"Klima","birthdate_date":"13\/08\/1945","birthdate":"13 sierpnia 1945","deathdate_date":"","deathdate":"","placeofbirth":"","club":"","coach":"","metrics":"","seolink":"klima-aleksander","tmp_old_id":"14259","tmp_old_fid":"294","tmp_old_parent_id":"15544","createdate":"06\/11\/2013","tmp_old_title":"Klima  Aleksander","tmp_old_lead":"","tmp_old_body":"<p class=\"title-m-02\">KLIMA  ALEKSANDER<\/p>\n\n<p><strong>podoficer s\u0142. st. WP, instruktor, kierowca, narciarz, biathlonista Legii Zakopane, medalista mistrzostw \u015bwiata w sztafecie (1971),&nbsp;olimpijczyk z Sapporo (1972).<br\/><\/strong><br\/>Urodzony 13 sierpnia 1945 w Oschatz (syn Franciszka), absolwent zasadniczej szko\u0142y zawodowej, podoficer zawodowy WP. Narciarz (182 cm, 79 kg),&nbsp;biathlonista, reprezentant WKS Legia Zakopane, podopieczny trener\u00f3w: Franciszka Klimy (klub) i&nbsp;Stanis\u0142awa Zi\u0119by (kadra)).<strong> Najwi\u0119kszy sukces odni\u00f3s\u0142 podczas M\u015a (1971) w Finlandii (Haemeenlinna), gdzie wraz z kolegami (J. R\u00f3\u017cak, A. Rapacz, J. Stopka) zdoby\u0142 br\u0105zowy medal w sztafecie 4 x 7,5 km. 4-krotny mistrz Polski<\/strong> w biathlonie: na 20 km (1971-1973) i w sztafecie 4 x 7,5 km (1970); <strong>uczestnik M\u015a<\/strong>: 1970 Oestersund: 6 m. (4 x 7,5 km), 1974 Raubicze k. Mi\u0144ska: 32 m. (10 km), 24 m. (20 km), 11 m. (4 x 7,5 km). M<strong>istrz Zimowej Spartakiady Armii Zaprzyja\u017anionych<\/strong> w Pamporowie 1973 (20 km). Zas\u0142u\u017cony Mistrz Sportu odznaczony m. in. Br\u0105zowym Krzy\u017cem Zas\u0142ugi i br\u0105zowym Medalem za Wybitne Osi\u0105gni\u0119cia Sportowe. \u017bonaty (1968) z Iren\u0105 Kiernick\u0105, ma dwie c\u00f3rki: Bo\u017cen\u0119 i Ew\u0119. Mieszka w Kirach, bardzo blisko o\u015brodka biathlonowego (pracuje jako kierowca Forda-busa, kt\u00f3rym wozi turyst\u00f3w po Zakopanem i Podhalu), b\u0119d\u0105c jednocze\u015bnie wiceprezesem zakopia\u0144skiego zrzeszenia prywatnych przewo\u017anik\u00f3w.<br\/><br\/>Bibl.: G\u0142uszek, Leksykon 1999, s. 228;&nbsp;Pawlak, Olimpijczycy, s. 117; MES, t. 2, s. 45;&nbsp;Porada, Igrzyska, s. 879;&nbsp;Tajner, Legendy, s. 117; Ziele\u015bkiewicz, Encyklopedia, s. 107, 250, 251, 252; Szatkowski, 50 lat WKS Zakopane, s. 94-102. <br\/><strong>*1972 Sapporo: biathlon ind. 20 km<\/strong> - 9 m. na 53 start. z czasem 1:19.00,86, w tym 2 minuty karne za 2 strza\u0142y niecelne (zw. M. Solberg, Norwegia - 1:15.55,50, w tym 2 minuty karne); <strong>biathlon dru\u017c.&nbsp;4 x 7,5 km<\/strong> - 7 m. na 13 start. z czasem 1:58.09,92, w tym&nbsp;4 strza\u0142y niecelne (zw. ZSRR - 1:51.44,92, w tym 3 strza\u0142y niecelne). Wynik&nbsp; K. - 3006,39. Partnerami&nbsp;w sztafecie&nbsp;byli:&nbsp;A. Rapacz (29.05,75), J. R\u00f3\u017cak (29.36,15) i J. Stopka&nbsp; (29.21,63).<\/p>\n\n<!-- history -->\n<table width=\"85%\" style=\"text-align:right\" border=\"0\" cellspacing=\"0\" cellpadding=\"0\">\n  <tr>\n    <td align=\"right\" class=\"box3-title\"><a href=\"javascript:history.back()\">&laquo; powr\u00f3t do listy<\/a><\/td>\n  <\/tr>\n<\/table>","tmp_old_body_img":false,"tmp_old_lead_img":false,"picture_medalists":false,"important":""},"_links":{"self":[{"href":"https:\/\/olimpijski.pl\/en\/wp-json\/wp\/v2\/person\/14047"}],"collection":[{"href":"https:\/\/olimpijski.pl\/en\/wp-json\/wp\/v2\/person"}],"about":[{"href":"https:\/\/olimpijski.pl\/en\/wp-json\/wp\/v2\/types\/person"}],"version-history":[{"count":0,"href":"https:\/\/olimpijski.pl\/en\/wp-json\/wp\/v2\/person\/14047\/revisions"}],"wp:attachment":[{"href":"https:\/\/olimpijski.pl\/en\/wp-json\/wp\/v2\/media?parent=14047"}],"curies":[{"name":"wp","href":"https:\/\/api.w.org\/{rel}","templated":true}]}}