{"id":14068,"date":"2020-06-24T16:47:01","date_gmt":"2020-06-24T14:47:01","guid":{"rendered":"http:\/\/pkol.local\/person\/andrzej-kobylanski\/"},"modified":"2020-10-09T09:43:35","modified_gmt":"2020-10-09T07:43:35","slug":"andrzej-kobylanski","status":"publish","type":"person","link":"https:\/\/olimpijski.pl\/en\/olimpijczycy\/andrzej-kobylanski\/","title":{"rendered":"Andrzej Kobyla\u0144ski"},"content":{"rendered":"<p class=\"title-m-02\">KOBYLA\u0143SKI ANDRZEJ<\/p>\n<p><strong>ps. &#8220;Kobi&#8221;, pi\u0142karz, wychowanek \u015bwi\u0119tokrzyskiego KSZO, zawodnik klub\u00f3w niemieckich, srebrny medalista olimpijski z\u00a0Barcelony (1992).<br \/>\n<\/strong><br \/>\nUrodzony 31 lipca 1970 w\u00a0Ostrowcu \u015awi\u0119tokrzyskim, absolwent Szko\u0142y Budowlanej w\u00a0Sandomierzu. Pi\u0142karz (182 cm, 72 kg),\u00a0lewy pomocnik, wychowanek Klubu Sportowego Zak\u0142ad\u00f3w Ostrowieckich w\u00a0Ostrowcu \u015awi\u0119tokrzyskim (1984-1989). Gra\u0142 na\u00a0wszystkich pozycjach, nawet w\u00a0bramce, zawodnik Siarki Tarnobrzeg 1989-1992, liga. Tu trener Janusz Ga\u0142ka pozna\u0142 si\u0119 na\u00a0jego talencie i\u00a0jemu najwi\u0119cej zawdzi\u0119cza.<\/p>\n<p>Zawodnik\u00a0klub\u00f3w niemieckich: 1. FC Koeln (1993), Tennis &#8211; Borussia Berlin (1993-1994), Hannover 96 &#8211; 1994-1995 (tu jesieni\u0105 1994 podczas meczu przeciwko Fortunie K\u00f6ln (4:1) zdoby\u0142 dla\u00a0swego zespo\u0142u wszystkie cztery bramki), SV Waldhof\u00a0Mannheim (1995-1997), ponownie Widzewa \u0141\u00f3d\u017a (1997-1998) i\u00a0ponownie Hannoveru 96 (1999-2000).<\/p>\n<p>6-krotny reprezentant Polski (6 A), zadebiutowa\u0142 w\u00a0meczu z\u00a0\u0141otw\u0105 (1992) i\u00a0ostatni mecz zagra\u0142 z\u00a0Finlandi\u0105 (1993).\u00a0Mia\u0142 w\u00a0Niemczech &#8220;dobr\u0105 pras\u0119&#8221;. Zdobywa\u0142 efektowne bramki (cz\u0119sto g\u0142ow\u0105, co by\u0142o jego specjalno\u015bci\u0105).<\/p>\n<p><strong>* 1992 Barcelona: napastnik dru\u017cyny pi\u0142karskiej<\/strong>, kt\u00f3ra w\u00a0grupie elim. (4 dru\u017c.) wygra\u0142a z\u00a0Kuwejtem 2:0 i\u00a0W\u0142ochami 3:0 oraz\u00a0zremisowa\u0142a z\u00a0USA 2:2, zajmuj\u0105c 1. miejsce w\u00a0grupie; w\u00a0\u0107wier\u0107fin. pokona\u0142a Katar 2:0, w\u00a0p\u00f3\u0142fin. zwyci\u0119\u017cy\u0142a Australi\u0119 6:1 i\u00a0w finale przegra\u0142a z\u00a0Hiszpani\u0105 2:3 <strong>zdobywaj\u0105c srebrny medal<\/strong>. Kobyla\u0144ski wyst\u0105pi\u0142 w\u00a0meczu z\u00a0USA, Katarem i\u00a0Hiszpani\u0105. Sk\u0142ad dru\u017cyny zob. &#8211; Adamczuk Dariusz.<\/p>\n<p><em>Bibl.: G\u0142uszek, Leksykon 1999, s. 229 (tu b\u0142\u0119dna data urodzenia 2.09.1970 Tarnobrzeg); EP Fuji: Widzew, s. 166, Rocznik 92-93, t. 5, s. 38, Bia\u0142o-Czerwoni, t. 20, s. 170; Gowarzewski, Bia\u0142o-Czerwoni, s. 364; Pawlak, Olimpijczycy, s. 120; Du\u0144ski, Od Pary\u017ca, s. 346.<\/em><\/p>\n<p><!-- history --><\/p>\n<table style=\"text-align: right; width: 85%;\" border=\"0\" cellspacing=\"0\" cellpadding=\"0\">\n<tbody>\n<tr>\n<td class=\"box3-title\" align=\"right\"><\/td>\n<\/tr>\n<\/tbody>\n<\/table>\n","protected":false},"excerpt":{"rendered":"<p>KOBYLA\u0143SKI ANDRZEJ ps. &#8220;Kobi&#8221;, pi\u0142karz, wychowanek \u015bwi\u0119tokrzyskiego KSZO, zawodnik klub\u00f3w niemieckich, srebrny medalista olimpijski z\u00a0Barcelony (1992). Urodzony 31 lipca 1970 w\u00a0Ostrowcu \u015awi\u0119tokrzyskim,<\/p>\n","protected":false},"featured_media":0,"menu_order":127,"template":"","meta":{"_acf_changed":false,"ub_ctt_via":"","footnotes":""},"class_list":["post-14068","person","type-person","status-publish","hentry","infinite-scroll-item","no-featured-image-padding"],"acf":{"olimpic_information":[{"olimpic":[{"ID":296,"post_author":"1","post_date":"1992-06-17 13:34:45","post_date_gmt":"1992-06-17 11:34:45","post_content":"<!-- wp:heading {\"level\":1,\"className\":\"main-title\"} -->\n<h1 class=\"main-title\"><strong>Igrzyska XXV Olimpiady<\/strong><br>Barcelona 1992<\/h1>\n<!-- \/wp:heading -->\n\n<!-- wp:paragraph -->\n<p><br><\/p>\n<!-- \/wp:paragraph -->\n\n<!-- wp:image {\"align\":\"left\",\"id\":19314,\"sizeSlug\":\"large\",\"className\":\"is-style-default\"} -->\n<div class=\"wp-block-image is-style-default\"><figure class=\"alignleft size-large\"><img src=\"https:\/\/olimpijski.pl\/wp-content\/uploads\/1992\/06\/barcelona1992.png\" alt=\"\" class=\"wp-image-19314\"\/><\/figure><\/div>\n<!-- \/wp:image -->\n\n<!-- wp:list -->\n<ul><li>Igrzyska rozegrano w dniach <strong>25 lipca \u2013 9 sierpnia<\/strong>.<\/li><li>Wystartowa\u0142o <strong>9956<\/strong> zawodnik\u00f3w (w tym <strong>2851<\/strong> kobiet) ze <strong>173<\/strong> kraj\u00f3w.<\/li><li>Rozdano <strong>257<\/strong> komplet\u00f3w medali.<\/li><li>Przysi\u0119g\u0119 olimpijsk\u0105 w imieniu sportowc\u00f3w z\u0142o\u017cy\u0142 \u017ceglarz <strong>Luis Doreste Blanco<\/strong>, natomiast w imieniu s\u0119dzi\u00f3w i trener\u00f3w \u2013 <strong>Eugeni Asensio<\/strong>.<\/li><li>Znicz olimpijski zapali\u0142 \u0142ucznik <strong>Antonio Rebollo<\/strong>, uczestnik trzech igrzysk paraolimpijskich i ich srebrny i br\u0105zowy medalista.<\/li><li>Igrzyska otworzy\u0142 <strong>kr\u00f3l Hiszpanii Juan Carlos<\/strong>.<\/li><\/ul>\n<!-- \/wp:list -->\n\n<!-- wp:heading -->\n<h2><strong>Program Igrzysk \u2013 28 dyscyplin, 257 konkurencji<\/strong><\/h2>\n<!-- \/wp:heading -->\n\n<!-- wp:paragraph -->\n<p>badminton (4 konkurencje), baseball (1), boks (12), gimnastyka (15), hokej na trawie (2), je\u017adziectwo (6), judo (14), kajakarstwo (16), kolarstwo (10), koszyk\u00f3wka (2), lekkoatletyka (43), \u0142ucznictwo (4), pi\u0119ciob\u00f3j nowoczesny (2), pi\u0142ka no\u017cna (1), pi\u0142ka r\u0119czna (2), pi\u0142ka siatkowa (2), pi\u0142ka wodna (1), p\u0142ywanie (31), p\u0142ywanie synchroniczne (2), podnoszenie ci\u0119\u017car\u00f3w (10), skoki do wody (4), strzelectwo (13), szermierka (8), tenis (4), tenis sto\u0142owy (4), wio\u015blarstwo (14), zapasy (20), \u017ceglarstwo (10).<\/p>\n<!-- \/wp:paragraph -->\n\n<!-- wp:heading -->\n<h2><strong>Gwiazda Igrzysk<\/strong><\/h2>\n<!-- \/wp:heading -->\n\n<!-- wp:paragraph -->\n<p><strong>Witalij Szczerbo <\/strong>(Wsp\u00f3lnota Niepodleg\u0142ych Pa\u0144stw, gimnastyka) \u2013 6 z\u0142otych medali<\/p>\n<!-- \/wp:paragraph -->\n\n<!-- wp:heading -->\n<h2><strong>Polska Reprezentacja Olimpijska<\/strong><\/h2>\n<!-- \/wp:heading -->\n\n<!-- wp:paragraph -->\n<p><strong>207 os\u00f3b<\/strong> (startowa\u0142o 201 \u2013 52 kobiety i 149 m\u0119\u017cczyzn) w 21 sportach: 8 bokser\u00f3w, 6 badmintonist\u00f3w (w tym 5 kobiet), 2 gimnastyczki artystyczne, 5 je\u017ad\u017ac\u00f3w (4 startowa\u0142o, 1 nie), 11 judok\u00f3w (w tym 5 kobiet), 18 kajakarzy (w tym 3 kobiety), 9 kolarzy, 24 lekkoatlet\u00f3w (w tym 14 kobiet), 6 \u0142ucznik\u00f3w (w tym 3 kobiety), 4 pi\u0119cioboist\u00f3w (3 startowa\u0142o, + 1 rez.), 20 pi\u0142karzy (16 startowa\u0142o + 4 rez.), 14 p\u0142ywak\u00f3w (w tym 6 kobiet), 1 skoczek do wody, 9 ci\u0119\u017carowc\u00f3w, 12 strzelc\u00f3w (w tym 5 kobiet), 3 tenisistki, 3 tenisist\u00f3w sto\u0142owych, 20 szermierzy (w tym 5 kobiet), 15 wio\u015blarzy, 13 zapa\u015bnik\u00f3w, 4 \u017ceglarzy (w tym 1 kobieta).<\/p>\n<!-- \/wp:paragraph -->\n\n<!-- wp:paragraph -->\n<p>Chor\u0105\u017cym reprezentacji Polski by\u0142 judoka <strong>Waldemar Legie\u0144<\/strong>.<\/p>\n<!-- \/wp:paragraph -->\n\n<!-- wp:heading -->\n<h2><strong>Klasyfikacja medalowa<\/strong><\/h2>\n<!-- \/wp:heading -->\n\n<!-- wp:table {\"hasFixedLayout\":true,\"className\":\"is-style-stripes\"} -->\n<figure class=\"wp-block-table is-style-stripes\"><table class=\"has-fixed-layout\"><tbody><tr><td><\/td><td><\/td><td class=\"has-text-align-center\" data-align=\"center\">&nbsp;<\/td><td class=\"has-text-align-center\" data-align=\"center\">&nbsp;<\/td><td class=\"has-text-align-center\" data-align=\"center\">&nbsp;<\/td><td class=\"has-text-align-center\" data-align=\"center\">&nbsp;<\/td><\/tr><tr><td>&nbsp;<\/td><td>&nbsp;<\/td><td class=\"has-text-align-center\" data-align=\"center\">&nbsp;<\/td><td class=\"has-text-align-center\" data-align=\"center\"><img class=\"wp-image-27817\" style=\"width: 50px;\" src=\"https:\/\/olimpijski.pl\/wp-content\/uploads\/2016\/06\/2016_Rio_zloty_50x50.jpg\" alt=\"\"><\/td><td class=\"has-text-align-center\" data-align=\"center\"><img class=\"wp-image-27819\" style=\"width: 50px;\" src=\"https:\/\/olimpijski.pl\/wp-content\/uploads\/2016\/06\/2016_Rio_sreb_50x50.jpg\" alt=\"\"><\/td><td class=\"has-text-align-center\" data-align=\"center\"><img class=\"wp-image-27821\" style=\"width: 50px;\" src=\"https:\/\/olimpijski.pl\/wp-content\/uploads\/2016\/06\/2016_Rio_braz_50x50.jpg\" alt=\"\"><\/td><\/tr><tr><td>1.<\/td><td>WNP*<\/td><td class=\"has-text-align-center\" data-align=\"center\">112<\/td><td class=\"has-text-align-center\" data-align=\"center\">45<\/td><td class=\"has-text-align-center\" data-align=\"center\">38<\/td><td class=\"has-text-align-center\" data-align=\"center\">29<\/td><\/tr><tr><td>2.<\/td><td>USA<\/td><td class=\"has-text-align-center\" data-align=\"center\">108<\/td><td class=\"has-text-align-center\" data-align=\"center\">37<\/td><td class=\"has-text-align-center\" data-align=\"center\">34<\/td><td class=\"has-text-align-center\" data-align=\"center\">37<\/td><\/tr><tr><td>3.<\/td><td>Niemcy<\/td><td class=\"has-text-align-center\" data-align=\"center\">92<\/td><td class=\"has-text-align-center\" data-align=\"center\">33<\/td><td class=\"has-text-align-center\" data-align=\"center\">21<\/td><td class=\"has-text-align-center\" data-align=\"center\">38<\/td><\/tr><tr><td>...<\/td><td>&nbsp;<\/td><td class=\"has-text-align-center\" data-align=\"center\">&nbsp;<\/td><td class=\"has-text-align-center\" data-align=\"center\">&nbsp;<\/td><td class=\"has-text-align-center\" data-align=\"center\">&nbsp;<\/td><td class=\"has-text-align-center\" data-align=\"center\">&nbsp;<\/td><\/tr><tr><td><strong>19.<\/strong><\/td><td><strong>Polska<\/strong><\/td><td class=\"has-text-align-center\" data-align=\"center\"><strong>19<\/strong><\/td><td class=\"has-text-align-center\" data-align=\"center\"><strong>3<\/strong><\/td><td class=\"has-text-align-center\" data-align=\"center\"><strong>6<\/strong><\/td><td class=\"has-text-align-center\" data-align=\"center\"><strong>10<\/strong><\/td><\/tr><\/tbody><\/table><\/figure>\n<!-- \/wp:table -->\n\n<!-- wp:heading -->\n<h2><strong>Medale dla Polski (19)<\/strong><\/h2>\n<!-- \/wp:heading -->\n\n<!-- wp:paragraph -->\n<p>z\u0142oty - Waldemar Legie\u0144 (judo - waga 86 kg)<br>z\u0142oty - Arkadiusz Skrzypaszek (pi\u0119ciob\u00f3j nowoczesny - rywalizacja indywidualna)<br>z\u0142oty - Maciej Czy\u017cowicz, Dariusz Go\u017adziak i Arkadiusz Skrzypaszek (pi\u0119ciob\u00f3j nowoczesny - rywalizacja dru\u017cynowa)<br><br>srebrny - Maciej Freimut i Wojciech Kurpiewski (kajakarstwo - KS na 500 m)<br>srebrny - Rafa\u0142 Szuka\u0142a (p\u0142ywanie - wy\u015bcig na 100 m stylem motylkowym)<br>srebrny - Krzysztof Siemion (podnoszenie ci\u0119\u017car\u00f3w - waga 82,5 kg)<br>srebrny - J\u00f3zef Tracz (zapasy - styl klasyczny - waga 74 kg)<br>srebrny - Piotr St\u0119pie\u0144 (zapasy - styl klasyczny - waga 82 kg)<br>srebrny - Dariusz Adamczuk, Marek Bajor, Jerzy Brz\u0119czek, Dariusz G\u0119sior, Marcin Ja\u0142ocha, Andrzej Juskowiak, Aleksander K\u0142ak, Andrzej Kobyla\u0144ski, Dariusz Kose\u0142a, Wojciech Kowalczyk, Marek Ko\u017ami\u0144ski, Tomasz \u0141api\u0144ski, Grzegorz Mielcarski, Arkadiusz Onyszko, Ryszard Staniek, Dariusz Szubert, Piotr \u015awierczewski, Miros\u0142aw Walig\u00f3ra, Tomasz Wa\u0142doch i Tomasz Wieszczycki (pi\u0142ka no\u017cna)<br><br>br\u0105zowy - Wojciech Bartnik (boks - waga p\u00f3\u0142ci\u0119\u017cka)<br>br\u0105zowy - Grzegorz Kotowicz, Dariusz Bia\u0142kowski (kajakarstwo - K2 na 1000 m)<br>br\u0105zowy - Izabela Dylewska (kajakarstwo - K1 na 500 m)<br>br\u0105zowy - Artur Partyka (lekkoatletyka- skok wzwy\u017c)<br>br\u0105zowy - Sergiusz Wo\u0142czaniecki (podnoszenie ci\u0119\u017car\u00f3w - waga 90 kg)<br>br\u0105zowy - Waldemar Malak (podnoszenie ci\u0119\u017car\u00f3w - waga 90 kg)<br>br\u0105zowy - Ma\u0142gorzata Ksi\u0105\u017ckiewicz (strzelectwo - karabin ma\u0142okalibrowy)<br>br\u0105zowy - Piotr Kie\u0142pikowski, Adam Krzesi\u0144ski, Cezary Siess, Ryszard Sobczak i Marian Sypniewski (szermierka - turniej dru\u017cynowy florecist\u00f3w)<br>br\u0105zowy - Kajetan Broniewski (wio\u015blarstwo - jedynki)<br>br\u0105zowy - Wojciech Jankowski, Maciej \u0141asicki, Jacek Streich, Tomasz Tomiak i sternik Micha\u0142 Cie\u015blak (wio\u015blarstwo - czw\u00f3rka ze sternikiem)<\/p>\n<!-- \/wp:paragraph -->\n\n<!-- wp:quote {\"className\":\"is-style-default\"} -->\n<blockquote class=\"wp-block-quote is-style-default\"><p>Ceremoni\u0119 otwarcia ogl\u0105da\u0142o ponad 3 mld telewidz\u00f3w. W programie igrzysk znalaz\u0142y si\u0119 badminton, baseball i judo kobiet. RPA, kt\u00f3ra zerwa\u0142a z polityk\u0105 apartheidu mia\u0142a reprezentacj\u0119 mieszan\u0105 rasowo. Zadebiutowa\u0142y: Chorwacja, S\u0142owenia, Bo\u015bnia i Hercegowina, Jemen i Namibia. Sportowcy Jugos\u0142awii, na kt\u00f3r\u0105 na\u0142o\u017cone sankcje mi\u0119dzynarodowe wyst\u0105pili w dru\u017cynie niezale\u017cnej (Independent Olympic Participants).<\/p><\/blockquote>\n<!-- \/wp:quote -->\n\n<!-- wp:paragraph -->\n<p><em>* WNP \u2013 Wsp\u00f3lnota Niepodleg\u0142ych Pa\u0144stw, czyli forma przej\u015bciowa mi\u0119dzy ZSRR, a Rosj\u0105.<\/em><\/p>\n<!-- \/wp:paragraph -->","post_title":"Barcelona 1992","post_excerpt":"","post_status":"publish","comment_status":"closed","ping_status":"closed","post_password":"","post_name":"barcelona-1992","to_ping":"","pinged":"","post_modified":"2020-09-28 15:16:33","post_modified_gmt":"2020-09-28 13:16:33","post_content_filtered":"","post_parent":0,"guid":"https:\/\/wai-q98d7hpf9hy9k.wpallimport-demo.qsandbox.me\/olympics_summer\/barcelona-1992\/","menu_order":0,"post_type":"olympics_summer","post_mime_type":"","comment_count":"0","filter":"raw"}],"competitions_rewards":[{"competition":[{"ID":5884,"post_author":"1","post_date":"2020-06-19 11:32:33","post_date_gmt":"2020-06-19 11:32:33","post_content":"","post_title":"Pi\u0142ka no\u017cna","post_excerpt":"","post_status":"publish","comment_status":"open","ping_status":"open","post_password":"","post_name":"pilka-nozna","to_ping":"","pinged":"","post_modified":"2020-06-29 13:17:08","post_modified_gmt":"2020-06-29 11:17:08","post_content_filtered":"","post_parent":0,"guid":"https:\/\/wai-q7byvryhhcz9k.wpallimport-demo.qsandbox.me\/competition\/pilka-nozna\/","menu_order":0,"post_type":"competition","post_mime_type":"","comment_count":"0","filter":"raw"}],"reward":{"value":"2","label":"Srebrny"}}]}],"picture":{"ID":32513,"id":32513,"title":"Aleksander-K\u253c\u00e9ak_Barcelona'92","filename":"Aleksander-K\u253ceak_Barcelona92.jpg","filesize":41894,"url":"https:\/\/olimpijski.pl\/wp-content\/uploads\/2020\/06\/Aleksander-K\u253ceak_Barcelona92.jpg","link":"https:\/\/olimpijski.pl\/en\/olimpijczycy\/aleksander-dominik-klak\/aleksander-k%e2%94%bceak_barcelona92\/#main","alt":"","author":"15","description":"","caption":"","name":"aleksander-k%e2%94%bceak_barcelona92","status":"inherit","uploaded_to":14058,"date":"2020-10-09 07:39:31","modified":"2020-10-09 07:39:31","menu_order":0,"mime_type":"image\/jpeg","type":"image","subtype":"jpeg","icon":"https:\/\/olimpijski.pl\/wp-includes\/images\/media\/default.png","width":503,"height":630,"sizes":{"thumbnail":"https:\/\/olimpijski.pl\/wp-content\/uploads\/2020\/06\/Aleksander-K\u253ceak_Barcelona92-150x150.jpg","thumbnail-width":150,"thumbnail-height":150,"medium":"https:\/\/olimpijski.pl\/wp-content\/uploads\/2020\/06\/Aleksander-K\u253ceak_Barcelona92-240x300.jpg","medium-width":240,"medium-height":300,"medium_large":"https:\/\/olimpijski.pl\/wp-content\/uploads\/2020\/06\/Aleksander-K\u253ceak_Barcelona92.jpg","medium_large-width":503,"medium_large-height":630,"large":"https:\/\/olimpijski.pl\/wp-content\/uploads\/2020\/06\/Aleksander-K\u253ceak_Barcelona92.jpg","large-width":503,"large-height":630,"1536x1536":"https:\/\/olimpijski.pl\/wp-content\/uploads\/2020\/06\/Aleksander-K\u253ceak_Barcelona92.jpg","1536x1536-width":503,"1536x1536-height":630,"2048x2048":"https:\/\/olimpijski.pl\/wp-content\/uploads\/2020\/06\/Aleksander-K\u253ceak_Barcelona92.jpg","2048x2048-width":503,"2048x2048-height":630,"ultp_layout_landscape_large":"https:\/\/olimpijski.pl\/wp-content\/uploads\/2020\/06\/Aleksander-K\u253ceak_Barcelona92.jpg","ultp_layout_landscape_large-width":503,"ultp_layout_landscape_large-height":630,"ultp_layout_landscape":"https:\/\/olimpijski.pl\/wp-content\/uploads\/2020\/06\/Aleksander-K\u253ceak_Barcelona92-503x570.jpg","ultp_layout_landscape-width":503,"ultp_layout_landscape-height":570,"ultp_layout_portrait":"https:\/\/olimpijski.pl\/wp-content\/uploads\/2020\/06\/Aleksander-K\u253ceak_Barcelona92.jpg","ultp_layout_portrait-width":503,"ultp_layout_portrait-height":630,"ultp_layout_square":"https:\/\/olimpijski.pl\/wp-content\/uploads\/2020\/06\/Aleksander-K\u253ceak_Barcelona92-503x600.jpg","ultp_layout_square-width":503,"ultp_layout_square-height":600}},"firstname":"Andrzej","lastname":"Kobyla\u0144ski","birthdate_date":"31\/07\/1970","birthdate":"31 lipca 1970","deathdate_date":"","deathdate":"","placeofbirth":"Ostrowiec \u015awi\u0119tokrzyski","club":"KSZO Ostrowiec \u015awi\u0119tokrzyski, Siarka Tarnobrzeg, 1. FC Koeln, Tennis - Borussia Berlin, Hannover 96, SV Waldhof Mannheim, Widzew \u0141\u00f3d\u017a,","coach":"Janusz Ga\u0142ek, Janusz W\u00f3jcik","metrics":"182 cm \/ 72 kg","seolink":"kobylanski-andrzej","tmp_old_id":"14664","tmp_old_fid":"294","tmp_old_parent_id":"15544","createdate":"28\/01\/2014","tmp_old_title":"Kobyla\u0144ski Andrzej","tmp_old_lead":"","tmp_old_body":"<p class=\"title-m-02\">KOBYLA\u0143SKI ANDRZEJ<\/p><p><strong>ps. \"Kobi\", pi\u0142karz, wychowanek \u015bwi\u0119tokrzyskiego KSZO, zawodnik klub\u00f3w niemieckich, srebrny medalista olimpijski z Barcelony (1992).<br\/><\/strong><br\/>Urodzony 31 lipca 1970 w Ostrowcu \u015awi\u0119tokrzyskim, absolwent Szko\u0142y Budowlanej w Sandomierzu. Pi\u0142karz (182 cm, 72 kg),\u00a0lewy pomocnik, wychowanek Klubu Sportowego Zak\u0142ad\u00f3w Ostrowieckich w Ostrowcu \u015awi\u0119tokrzyskim (1984-1989). Gra\u0142 na wszystkich pozycjach, nawet w bramce, zawodnik Siarki Tarnobrzeg 1989-1992, liga. Tu trener Janusz Ga\u0142ka pozna\u0142 si\u0119 na jego talencie i jemu najwi\u0119cej zawdzi\u0119cza. Zawodnik\u00a0klub\u00f3w niemieckich: 1. FC K\u00f6ln (1993), Tennis - Borussia Berlin (1993-1994), Hannover 96 - 1994-1995 (tu jesieni\u0105 1994 podczas meczu przeciwko Fortunie K\u00f6ln (4:1)\u00a0 zdoby\u0142 dla swego zespo\u0142u wszystkie cztery bramki), SV Waldhof\u00a0Mannheim (1995-1997), ponownie Widzewa \u0141\u00f3d\u017a (1997-1998) i ponownie Hannoveru 96 (1999-2000). 6-krotny reprezentant Polski (6 A), zadebiutowa\u0142 w meczu z \u0141otw\u0105 (1992) i ostatni mecz zagra\u0142 z Finlandi\u0105 (1993).\u00a0Ma w Niemczech \"dobr\u0105 pras\u0119\". Zdobywa efektowne bramki (cz\u0119sto g\u0142ow\u0105, co jest jego specjalno\u015bci\u0105). \u017bonaty z Joann\u0105 Rutkowsk\u0105 (od 1989), ma dwoje dzieci (Marika i Martina).<br\/><br\/>Bibl.: G\u0142uszek, Leksykon 1999, s. 229 (tu b\u0142\u0119dna data urodzenia 2.09.1970 Tarnobrzeg); EP Fuji: Widzew, s. 166, Rocznik 92-93, t. 5, s. 38, Bia\u0142o-Czerwoni, t. 20, s. 170; Gowarzewski, Bia\u0142o-Czerwoni, s. 364; Pawlak, Olimpijczycy, s. 120; Du\u0144ski, Od Pary\u017ca, s. 346.<br\/><strong>* 1992 Barcelona: napastnik dru\u017cyny pi\u0142karskiej<\/strong>, kt\u00f3ra w grupie elim. (4 dru\u017c.) wygra\u0142a z Kuwejtem 2:0 i W\u0142ochami 3:0 oraz zremisowa\u0142a z USA 2:2, zajmuj\u0105c 1 m. w grupie; w \u0107wier\u0107fin. pokona\u0142a Katar 2:0, w p\u00f3\u0142fin. zwyci\u0119\u017cy\u0142a Australi\u0119 6:1 i w finale przegra\u0142a z Hiszpani\u0105 2:3 <strong>zdobywaj\u0105c srebrny medal<\/strong>. Kobyla\u0144ski wyst\u0105pi\u0142 w meczu z USA, Katarem i Hiszpani\u0105. Sk\u0142ad dru\u017cyny zob. - Adamczuk Dariusz.<br\/><\/p><!-- history --><table width=\"85%\" style=\"text-align:right\" border=\"0\" cellspacing=\"0\" cellpadding=\"0\">  <tr>    <td align=\"right\" class=\"box3-title\"><a href=\"javascript:history.back()\">\u00ab powr\u00f3t do listy<\/a><\/td>  <\/tr><\/table>","tmp_old_body_img":false,"tmp_old_lead_img":false,"picture_medalists":false,"important":"","person_achivments":""},"_links":{"self":[{"href":"https:\/\/olimpijski.pl\/en\/wp-json\/wp\/v2\/person\/14068"}],"collection":[{"href":"https:\/\/olimpijski.pl\/en\/wp-json\/wp\/v2\/person"}],"about":[{"href":"https:\/\/olimpijski.pl\/en\/wp-json\/wp\/v2\/types\/person"}],"version-history":[{"count":1,"href":"https:\/\/olimpijski.pl\/en\/wp-json\/wp\/v2\/person\/14068\/revisions"}],"predecessor-version":[{"id":32525,"href":"https:\/\/olimpijski.pl\/en\/wp-json\/wp\/v2\/person\/14068\/revisions\/32525"}],"wp:attachment":[{"href":"https:\/\/olimpijski.pl\/en\/wp-json\/wp\/v2\/media?parent=14068"}],"curies":[{"name":"wp","href":"https:\/\/api.w.org\/{rel}","templated":true}]}}