{"id":14070,"date":"2020-06-24T16:47:01","date_gmt":"2020-06-24T14:47:01","guid":{"rendered":"http:\/\/pkol.local\/person\/kobylinski-andrzej-jozef\/"},"modified":"2020-12-05T09:26:49","modified_gmt":"2020-12-05T08:26:49","slug":"kobylinski-andrzej-jozef","status":"publish","type":"person","link":"https:\/\/olimpijski.pl\/en\/olimpijczycy\/kobylinski-andrzej-jozef\/","title":{"rendered":"Andrzej Kobyli\u0144ski (1931-1990)"},"content":{"rendered":"\n<p><br><br><\/p>\n\n\n\n<p><strong>trener, mistrz Polski w uje\u017cd\u017ceniu i WKKW, olimpijczyk z Rzymu (1960), zas\u0142u\u017cony trener.<br><\/strong><br>Urodzony 5 grudnia 1931 w Urbanowie, pow. Nowy Tomy\u015bl, syn Mieczys\u0142awa i \u0141ucji K\u00fchn, absolwent miejscowego Technikum Mechanicznego (1949), rozpocz\u0105\u0142 karier\u0119 sportow\u0105 (1950) pod okiem trenera Wojciecha Zbanyszka, kiedy obj\u0105\u0142 prac\u0119 (podkoniuszy) w PSK Bielin Nowy. Stamt\u0105d (1957) przeni\u00f3s\u0142 si\u0119 wraz z dw\u00f3jk\u0105 koni (Wolb\u00f3rz, Volt) do PSO Sierak\u00f3w (trener J. Mossakowski) o zaraz potem do ZTKE w Poznaniu (wraz z ko\u0144mi i trenerem), gdzie pe\u0142ni\u0105c funkcj\u0119 koniuszego na Woli (1958-1962), kontynuowa\u0142 karier\u0119 je\u017adzieck\u0105 (trener Jan Mickunas). Tam te\u017c uko\u0144czy\u0142 kurs instruktor\u00f3w jazdy konnej. Po likwidacji o\u015brodka PZJ w Poznaniu (1963) i zabraniu do CWKS Legia koni (Don Hubertus, Timur, Tyras i Skok) wycofa\u0142 si\u0119 na 6 lat z je\u017adziectwa. 2-krotny mistrz Polski: w uje\u017cd\u017ceniu (1959) i WKKW (1961), I wicemistrz kraju w uje\u017cd\u017ceniu (1963) i II wicemistrz Polski w WKKW (1958) na koniach Wolb\u00f3rz, Castelotti i Tyras.<\/p>\n\n\n\n<p>2-krotny uczestnik Pucharu Narod\u00f3w (skoki) i&nbsp; m. in. ME w Harewood (1959), gdzie w dru\u017cynie WKKW (M. Babirecki, A. Or\u0142o\u015b, M. Roszczynialski) zaj\u0105\u0142 4 m., a indywidualnie 14 (na Wolborzu). Powr\u00f3ci\u0142 do je\u017adziectwa (1970) dzi\u0119ki dyrektorowi SK w Nowielicach Kazimierzowi Bobikowi, gdzie rozpocz\u0105\u0142 bardzo udan\u0105 karier\u0119 trenersk\u0105 (1974). Pracowa\u0142 kolejno w LKS Dragon Nowielice oraz w Bia\u0142ym Borze (od 1982) i Boninie ko\u0142o \u0141obza (od 1986). Jego wychowankami byli: Piotr Skwira (mistrz Polski WKKW 1975), Janusz&nbsp; Bobik (olimpijczyk z Moskwy 1980) oraz Miros\u0142aw \u015alusarczyk, Jacek Bobik, Adam Prokulewicz i Bogus\u0142aw Jarecki (trzykrotny olimpijczyk). Mistrz Sportu.<\/p>\n\n\n\n<p>Zmar\u0142 w \u0141obzie 6 kwietnia 1990 roku.<\/p>\n\n\n\n<p><strong>*1960 Rzym: je\u017adziectwo, WKKW ind. i dru\u017c.<\/strong> &#8211; wyeliminowany w drugiej konkurencji (Wolb\u00f3rz &#8220;za\u0142amuje si\u0119&#8221; na &#8220;8&#8221; i nie ko\u0144czy crossu); w zwi\u0105zku i\u017c podobny los, tak\u017ce w crossie spotka\u0142 Roszczynialskiego na Wi\u017amie &#8211; dru\u017cyna polska zosta\u0142a zdekompletowana i nie sklasyfikowana (zw. Australia). Partnerami Kobyli\u0144skiego byli poza tym: M. Babirecki (8) i A. Or\u0142o\u015b (17).<\/p>\n\n\n\n<p><em>Bibl.: G\u0142uszek, Leksykon 1999, s. 230 (tu brak danych dotycz\u0105cych los\u00f3w klasyfikacji dru\u017c.); Pawlak, Olimpijczycy, s. 120; Habinowska, Ludzie i konie, s. 323, 324 i dalsze; Je\u017ad\u017acy olimpijscy, s. 51-53; Kronika Sportu, s. 900; Ksi\u0119ga sportu, s.479; Porada, Igrzyska, s. 850; Baza danych Muzeum \u0141owiectwa i Je\u017adziectwa w Warszawie; Wywiad rodzinny (\u017cona).<\/em><\/p>\n","protected":false},"excerpt":{"rendered":"<p>trener, mistrz Polski w uje\u017cd\u017ceniu i WKKW, olimpijczyk z Rzymu (1960), zas\u0142u\u017cony trener. &#8230; <a class=\"read-more\" href=\"https:\/\/olimpijski.pl\/en\/olimpijczycy\/kobylinski-andrzej-jozef\/\">Czytaj dalej<\/a><\/p>\n","protected":false},"featured_media":36739,"menu_order":60,"template":"","meta":{"_acf_changed":false,"ub_ctt_via":"","footnotes":""},"class_list":["post-14070","person","type-person","status-publish","has-post-thumbnail","hentry","infinite-scroll-item","no-featured-image-padding","resize-featured-image"],"acf":{"olimpic_information":[{"olimpic":[{"ID":304,"post_author":"1","post_date":"1960-06-17 13:34:45","post_date_gmt":"1960-06-17 11:34:45","post_content":"<!-- wp:heading {\"level\":1,\"className\":\"main-title\"} -->\n<h1 class=\"wp-block-heading main-title\"><strong>Igrzyska XVII Olimpiady<\/strong><br>Rzym 1960<\/h1>\n<!-- \/wp:heading -->\n\n<!-- wp:paragraph -->\n<p><br><\/p>\n<!-- \/wp:paragraph -->\n\n<!-- wp:image {\"id\":19348,\"sizeSlug\":\"large\",\"align\":\"left\",\"className\":\"is-style-default\"} -->\n<figure class=\"wp-block-image alignleft size-large is-style-default\"><img src=\"https:\/\/olimpijski.pl\/wp-content\/uploads\/1960\/06\/rzym1960.png\" alt=\"\" class=\"wp-image-19348\"\/><\/figure>\n<!-- \/wp:image -->\n\n<!-- wp:list -->\n<ul><!-- wp:list-item -->\n<li>Igrzyska rozegrano w dniach <strong>25 sierpnia \u2013 11 wrze\u015bnia<\/strong>.<\/li>\n<!-- \/wp:list-item -->\n\n<!-- wp:list-item -->\n<li>Wystartowa\u0142o <strong>5338<\/strong> zawodnik\u00f3w (w tym <strong>611<\/strong> kobiet) z <strong>83<\/strong> kraj\u00f3w.<\/li>\n<!-- \/wp:list-item -->\n\n<!-- wp:list-item -->\n<li>Rozdano <strong>150<\/strong> komplet\u00f3w medali.<\/li>\n<!-- \/wp:list-item -->\n\n<!-- wp:list-item -->\n<li>Przysi\u0119g\u0119 w imieniu sportowc\u00f3w z\u0142o\u017cy\u0142 lekkoatleta <strong>Adolfo Consolini<\/strong>.<\/li>\n<!-- \/wp:list-item -->\n\n<!-- wp:list-item -->\n<li>Znicz zapali\u0142 posiadaj\u0105cy greckie korzenie <strong>Giancarlo Peris<\/strong> \u2013 W\u0142oski Komitet Olimpijski zdecydowa\u0142, \u017ce powinien go zapali\u0107 junior, zwyci\u0119zca biegu prze\u0142ajowego w tej kategorii wiekowej.<\/li>\n<!-- \/wp:list-item -->\n\n<!-- wp:list-item -->\n<li>Igrzyska otworzy\u0142 <strong>prezydent W\u0142och Giovanni Gronchi<\/strong>.<\/li>\n<!-- \/wp:list-item --><\/ul>\n<!-- \/wp:list -->\n\n<!-- wp:heading -->\n<h2 class=\"wp-block-heading\"><strong>Program Igrzysk \u2013 19 dyscyplin, 150 konkurencji<\/strong><\/h2>\n<!-- \/wp:heading -->\n\n<!-- wp:paragraph -->\n<p>boks (10 konkurencji), gimnastyka (14), hokej na trawie (1), je\u017adziectwo (5), kajakarstwo (7), kolarstwo (6), koszyk\u00f3wka (1), lekkoatletyka (34), pi\u0119ciob\u00f3j nowoczesny (2), pi\u0142ka no\u017cna (1), pi\u0142ka wodna (1), p\u0142ywanie (15), podnoszenie ci\u0119\u017car\u00f3w (7), skoki do wody (4), strzelectwo (6), szermierka (8), wio\u015blarstwo (7), zapasy (16), \u017ceglarstwo (5).<\/p>\n<!-- \/wp:paragraph -->\n\n<!-- wp:heading -->\n<h2 class=\"wp-block-heading\"><strong>Gwiazdy Igrzysk<\/strong><\/h2>\n<!-- \/wp:heading -->\n\n<!-- wp:paragraph -->\n<p><strong>Borys Szachlin<\/strong> (ZSRR, gimnastyka) \u2013 4 z\u0142ote medale, 2 srebrne i 1 br\u0105zowy<br><strong>Larysa \u0141atynina<\/strong>&nbsp;(ZSRR, gimnastyka) \u2013&nbsp;3 z\u0142ote, 2 srebrne, 1 br\u0105zowy<\/p>\n<!-- \/wp:paragraph -->\n\n<!-- wp:heading -->\n<h2 class=\"wp-block-heading\"><strong>Polska Reprezentacja Olimpijska<\/strong><\/h2>\n<!-- \/wp:heading -->\n\n<!-- wp:paragraph -->\n<p><strong>202 osoby<\/strong> (startowa\u0142o 185 \u2013 29 kobiet i 156 m\u0119\u017cczyzn) w 16 sportach: 10 bokser\u00f3w, 14 gimnastyk\u00f3w (w tym 7 kobiet; 12 startowa\u0142o + 2 rez.), 16 hokeist\u00f3w na trawie (13 startowa\u0142o + 3 rez.), 6 je\u017ad\u017ac\u00f3w (4 startowa\u0142o + 2 rez.), 8 kajakarzy (w tym 2 kobiety; 6 startowa\u0142o + 1 rez., 1 nie), 5 kolarzy, 12 koszykarzy, 51 lekkoatlet\u00f3w (w tym 16 kobiet; 49 startowa\u0142o + 2 rez.), 18 pi\u0142karzy (13 startowa\u0142o + 5 rez.), 3 pi\u0119cioboist\u00f3w, 7 p\u0142ywak\u00f3w (6 startowa\u0142o + 1 rez.), 7 ci\u0119\u017carowc\u00f3w, 7 strzelc\u00f3w, 21 szermierzy (w tym 5 kobiet), 5 wio\u015blarzy, 12 zapa\u015bnik\u00f3w.<\/p>\n<!-- \/wp:paragraph -->\n\n<!-- wp:paragraph -->\n<p>Chor\u0105\u017cym by\u0142 wio\u015blarz <strong>Teodor Kocerka<\/strong>.<\/p>\n<!-- \/wp:paragraph -->\n\n<!-- wp:heading -->\n<h2 class=\"wp-block-heading\"><strong>Klasyfikacja medalowa<\/strong><\/h2>\n<!-- \/wp:heading -->\n\n<!-- wp:table {\"hasFixedLayout\":true,\"className\":\"is-style-stripes\"} -->\n<figure class=\"wp-block-table is-style-stripes\"><table class=\"has-fixed-layout\"><tbody><tr><td><\/td><td><\/td><td class=\"has-text-align-center\" data-align=\"center\">&nbsp;<\/td><td class=\"has-text-align-center\" data-align=\"center\">&nbsp;<\/td><td class=\"has-text-align-center\" data-align=\"center\">&nbsp;<\/td><td class=\"has-text-align-center\" data-align=\"center\">&nbsp;<\/td><\/tr><tr><td>&nbsp;<\/td><td>&nbsp;<\/td><td class=\"has-text-align-center\" data-align=\"center\">&nbsp;<\/td><td class=\"has-text-align-center\" data-align=\"center\"><img class=\"wp-image-27817\" style=\"width: 50px;\" src=\"https:\/\/olimpijski.pl\/wp-content\/uploads\/2016\/06\/2016_Rio_zloty_50x50.jpg\" alt=\"\"><\/td><td class=\"has-text-align-center\" data-align=\"center\"><img class=\"wp-image-27819\" style=\"width: 50px;\" src=\"https:\/\/olimpijski.pl\/wp-content\/uploads\/2016\/06\/2016_Rio_sreb_50x50.jpg\" alt=\"\"><\/td><td class=\"has-text-align-center\" data-align=\"center\"><img class=\"wp-image-27821\" style=\"width: 50px;\" src=\"https:\/\/olimpijski.pl\/wp-content\/uploads\/2016\/06\/2016_Rio_braz_50x50.jpg\" alt=\"\"><\/td><\/tr><tr><td>1.<\/td><td>ZSRR<\/td><td class=\"has-text-align-center\" data-align=\"center\">103<\/td><td class=\"has-text-align-center\" data-align=\"center\">43<\/td><td class=\"has-text-align-center\" data-align=\"center\">29<\/td><td class=\"has-text-align-center\" data-align=\"center\">31<\/td><\/tr><tr><td>2.<\/td><td>USA<\/td><td class=\"has-text-align-center\" data-align=\"center\">71<\/td><td class=\"has-text-align-center\" data-align=\"center\">34<\/td><td class=\"has-text-align-center\" data-align=\"center\">21<\/td><td class=\"has-text-align-center\" data-align=\"center\">16<\/td><\/tr><tr><td>3.<\/td><td>W\u0142ochy<\/td><td class=\"has-text-align-center\" data-align=\"center\">36<\/td><td class=\"has-text-align-center\" data-align=\"center\">13<\/td><td class=\"has-text-align-center\" data-align=\"center\">10<\/td><td class=\"has-text-align-center\" data-align=\"center\">13<\/td><\/tr><tr><td>...<\/td><td>&nbsp;<\/td><td class=\"has-text-align-center\" data-align=\"center\">&nbsp;<\/td><td class=\"has-text-align-center\" data-align=\"center\">&nbsp;<\/td><td class=\"has-text-align-center\" data-align=\"center\">&nbsp;<\/td><td class=\"has-text-align-center\" data-align=\"center\">&nbsp;<\/td><\/tr><tr><td><strong>9.<\/strong><\/td><td><strong>Polska<\/strong><\/td><td class=\"has-text-align-center\" data-align=\"center\"><strong>21<\/strong><\/td><td class=\"has-text-align-center\" data-align=\"center\"><strong>4<\/strong><\/td><td class=\"has-text-align-center\" data-align=\"center\"><strong>6<\/strong><\/td><td class=\"has-text-align-center\" data-align=\"center\"><strong>11<\/strong><\/td><\/tr><\/tbody><\/table><\/figure>\n<!-- \/wp:table -->\n\n<!-- wp:heading -->\n<h2 class=\"wp-block-heading\"><strong>Medale dla Polski (21)<\/strong><\/h2>\n<!-- \/wp:heading -->\n\n<!-- wp:ub\/content-toggle-block {\"blockID\":\"d703506d-3cab-4ae7-bba6-c1f63e5faef8\",\"theme\":\"#f1f1f1\",\"collapsed\":true,\"titleColor\":\"#000000\"} -->\n<!-- wp:ub\/content-toggle-panel-block {\"parentID\":\"6d2bdf16-bc4c-43c4-a83f-43ee612c986d\",\"theme\":\"#f1f1f1\",\"collapsed\":true,\"titleColor\":\"#000000\",\"panelTitle\":\"Z\u0142ote\",\"blockID\":\"6f75d013-b6c3-4bb5-a060-deb5e307cb50\"} -->\n<!-- wp:paragraph -->\n<p><\/p>\n<!-- \/wp:paragraph -->\n\n<!-- wp:media-text {\"align\":\"wide\",\"mediaId\":30248,\"mediaType\":\"image\",\"mediaWidth\":20,\"isStackedOnMobile\":false,\"className\":\"is-stacked-on-mobile\"} -->\n<div class=\"wp-block-media-text alignwide is-stacked-on-mobile\" style=\"grid-template-columns:20% auto\"><figure class=\"wp-block-media-text__media\"><img src=\"https:\/\/olimpijski.pl\/wp-content\/uploads\/1960\/06\/1960_Rzym_zloty_200.jpg\" alt=\"\" class=\"wp-image-30248 size-full\"\/><\/figure><div class=\"wp-block-media-text__content\"><!-- wp:paragraph -->\n<p><strong>Zdzis\u0142aw Krzyszkowiak<\/strong><br>(lekkoatletyka, 3000m z przeszkodami)<\/p>\n<!-- \/wp:paragraph -->\n\n<!-- wp:paragraph -->\n<p><strong>J\u00f3zef Schmidt<\/strong><br>(lekkoatletyka, tr\u00f3jskok)<\/p>\n<!-- \/wp:paragraph -->\n\n<!-- wp:paragraph -->\n<p><strong>Ireneusz Pali\u0144ski<\/strong><br>(podnoszenie ci\u0119\u017car\u00f3w, 82,5 kg)<\/p>\n<!-- \/wp:paragraph -->\n\n<!-- wp:paragraph -->\n<p><strong>Kazimierz Pa\u017adzior<\/strong><br>(boks, waga lekka)<\/p>\n<!-- \/wp:paragraph --><\/div><\/div>\n<!-- \/wp:media-text -->\n<!-- \/wp:ub\/content-toggle-panel-block -->\n<!-- \/wp:ub\/content-toggle-block -->\n\n<!-- wp:ub\/content-toggle-block {\"blockID\":\"347fabe1-7fc8-4573-b872-e1e306314837\",\"theme\":\"#f1f1f1\",\"collapsed\":true,\"titleColor\":\"#000000\"} -->\n<!-- wp:ub\/content-toggle-panel-block {\"parentID\":\"b662193c-5a84-47eb-a9a5-76f446d5e30c\",\"theme\":\"#f1f1f1\",\"collapsed\":true,\"titleColor\":\"#000000\",\"panelTitle\":\"Srebrne\",\"blockID\":\"ed747d28-9a08-410b-b694-c97c0e315451\"} -->\n<!-- wp:paragraph -->\n<p><\/p>\n<!-- \/wp:paragraph -->\n\n<!-- wp:media-text {\"align\":\"wide\",\"mediaId\":30250,\"mediaType\":\"image\",\"mediaWidth\":20,\"isStackedOnMobile\":false,\"className\":\"is-stacked-on-mobile\"} -->\n<div class=\"wp-block-media-text alignwide is-stacked-on-mobile\" style=\"grid-template-columns:20% auto\"><figure class=\"wp-block-media-text__media\"><img src=\"https:\/\/olimpijski.pl\/wp-content\/uploads\/1960\/06\/1960_Rzym_sreb_200.jpg\" alt=\"\" class=\"wp-image-30250 size-full\"\/><\/figure><div class=\"wp-block-media-text__content\"><!-- wp:paragraph -->\n<p><strong>El\u017cbieta Krzesi\u0144ska<\/strong><br>(lekkoatletyka, skok w dal)<\/p>\n<!-- \/wp:paragraph -->\n\n<!-- wp:paragraph -->\n<p><strong>Jaros\u0142awa J\u00f3\u017awiakowska<\/strong><br>(lekkoatletyka, skok wzwy\u017c)<\/p>\n<!-- \/wp:paragraph -->\n\n<!-- wp:paragraph -->\n<p><strong>Jerzy Adamski<\/strong><br>(boks, waga pi\u00f3rkowa)<\/p>\n<!-- \/wp:paragraph -->\n\n<!-- wp:paragraph -->\n<p><strong>Tadeusz Walasek<\/strong><br>(boks, waga \u015brednia)<\/p>\n<!-- \/wp:paragraph -->\n\n<!-- wp:paragraph -->\n<p><strong>Zbigniew Pietrzykowski<\/strong><br>(boks, waga p\u00f3\u0142ci\u0119\u017cka)<\/p>\n<!-- \/wp:paragraph -->\n\n<!-- wp:paragraph -->\n<p><strong>Marian Kuszewski, Emil Ochyra, Jerzy Paw\u0142owski, Andrzej Pi\u0105tkowski, Wojciech Zab\u0142ocki, Ryszard Zub<\/strong><br>(szermierka, szabla dru\u017cynowo)<\/p>\n<!-- \/wp:paragraph --><\/div><\/div>\n<!-- \/wp:media-text -->\n<!-- \/wp:ub\/content-toggle-panel-block -->\n<!-- \/wp:ub\/content-toggle-block -->\n\n<!-- wp:ub\/content-toggle-block {\"blockID\":\"6c7378ab-a429-4ed7-a173-fb3e3494a047\",\"theme\":\"#f1f1f1\",\"collapsed\":true,\"titleColor\":\"#000000\"} -->\n<!-- wp:ub\/content-toggle-panel-block {\"parentID\":\"40cc4003-9e39-4c8d-965f-0ad01819e5ca\",\"theme\":\"#f1f1f1\",\"collapsed\":true,\"titleColor\":\"#000000\",\"panelTitle\":\"Br\u0105zowe\",\"blockID\":\"71fa9c40-d1a4-4c62-babe-89db9bcfdc96\"} -->\n<!-- wp:paragraph -->\n<p><\/p>\n<!-- \/wp:paragraph -->\n\n<!-- wp:media-text {\"align\":\"wide\",\"mediaId\":30252,\"mediaType\":\"image\",\"mediaWidth\":20,\"isStackedOnMobile\":false,\"className\":\"is-stacked-on-mobile\"} -->\n<div class=\"wp-block-media-text alignwide is-stacked-on-mobile\" style=\"grid-template-columns:20% auto\"><figure class=\"wp-block-media-text__media\"><img src=\"https:\/\/olimpijski.pl\/wp-content\/uploads\/1960\/06\/1960_Rzym_braz_200.jpg\" alt=\"\" class=\"wp-image-30252 size-full\"\/><\/figure><div class=\"wp-block-media-text__content\"><!-- wp:paragraph -->\n<p><strong>Brunon Bendig<\/strong><br>(boks - waga kogucia)<\/p>\n<!-- \/wp:paragraph -->\n\n<!-- wp:paragraph -->\n<p><strong>Leszek Drogosz<\/strong><br>(boks, waga lekkop\u00f3\u0142\u015brednia)<\/p>\n<!-- \/wp:paragraph -->\n\n<!-- wp:paragraph -->\n<p><strong>Marian Kasprzyk<\/strong><br>(boks, waga p\u00f3\u0142\u015brednia)<\/p>\n<!-- \/wp:paragraph -->\n\n<!-- wp:paragraph -->\n<p><strong>Danuta Walkowiak<\/strong><br>(kajakarstwo, K1 na 500 m)<\/p>\n<!-- \/wp:paragraph -->\n\n<!-- wp:paragraph -->\n<p><strong>Stefan Kap\u0142aniak, W\u0142adys\u0142aw Zieli\u0144ski<\/strong><br>(kajakarstwo, K2 na 1000 m)<\/p>\n<!-- \/wp:paragraph -->\n\n<!-- wp:paragraph -->\n<p><strong>Tadeusz Rut<\/strong><br>(lekkoatletyka, rzut m\u0142otem)<\/p>\n<!-- \/wp:paragraph -->\n\n<!-- wp:paragraph -->\n<p><strong>Kazimierz Zimny<\/strong><br>(lekkoatletyka, bieg na 5000 m)<\/p>\n<!-- \/wp:paragraph -->\n\n<!-- wp:paragraph -->\n<p><strong>Teresa Ciep\u0142y, Halina G\u00f3recka, Barbara Janiszewska, Celina Jesionowska<\/strong><br>(lekkoatletyka, sztafeta 4x100 m)<\/p>\n<!-- \/wp:paragraph -->\n\n<!-- wp:paragraph -->\n<p><strong>Teodor Kocerka<\/strong><br>(wio\u015blarstwo, jedynki)<\/p>\n<!-- \/wp:paragraph -->\n\n<!-- wp:paragraph -->\n<p><strong>Jan Bochenek<\/strong><br>(podnoszenie ci\u0119\u017car\u00f3w, waga 82,5 kg)<\/p>\n<!-- \/wp:paragraph -->\n\n<!-- wp:paragraph -->\n<p><strong>Tadeusz Trojanowski<\/strong><br>(zapasy, styl wolny - 60 kg)<\/p>\n<!-- \/wp:paragraph --><\/div><\/div>\n<!-- \/wp:media-text -->\n<!-- \/wp:ub\/content-toggle-panel-block -->\n<!-- \/wp:ub\/content-toggle-block -->\n\n<!-- wp:quote {\"className\":\"is-style-default\"} -->\n<blockquote class=\"wp-block-quote is-style-default\"><!-- wp:paragraph -->\n<p>Na starcie po raz pierwszy stan\u0119li sportowcy z Maroka, San Marino, Sudanu i Tunezji.<\/p>\n<!-- \/wp:paragraph --><\/blockquote>\n<!-- \/wp:quote -->","post_title":"Rzym 1960","post_excerpt":"","post_status":"publish","comment_status":"closed","ping_status":"closed","post_password":"","post_name":"rzym-1960","to_ping":"","pinged":"","post_modified":"2024-06-27 13:05:26","post_modified_gmt":"2024-06-27 11:05:26","post_content_filtered":"","post_parent":0,"guid":"https:\/\/wai-q98d7hpf9hy9k.wpallimport-demo.qsandbox.me\/olympics_summer\/rzym-1960\/","menu_order":0,"post_type":"olympics_summer","post_mime_type":"","comment_count":"0","filter":"raw"}],"competitions_rewards":[{"competition":[{"ID":5877,"post_author":"1","post_date":"2020-06-19 11:32:33","post_date_gmt":"2020-06-19 11:32:33","post_content":"","post_title":"Je\u017adziectwo","post_excerpt":"","post_status":"publish","comment_status":"open","ping_status":"open","post_password":"","post_name":"jezdziectwo","to_ping":"","pinged":"","post_modified":"2020-06-29 13:17:07","post_modified_gmt":"2020-06-29 11:17:07","post_content_filtered":"","post_parent":0,"guid":"https:\/\/wai-q7byvryhhcz9k.wpallimport-demo.qsandbox.me\/competition\/jezdziectwo\/","menu_order":0,"post_type":"competition","post_mime_type":"","comment_count":"0","filter":"raw"}],"reward":""}]}],"picture":{"ID":36739,"id":36739,"title":"Andrzej_Kobylinski","filename":"Andrzej_Kobylinski.jpg","filesize":43857,"url":"https:\/\/olimpijski.pl\/wp-content\/uploads\/2020\/06\/Andrzej_Kobylinski.jpg","link":"https:\/\/olimpijski.pl\/en\/olimpijczycy\/kobylinski-andrzej-jozef\/andrzej_kobylinski\/#main","alt":"","author":"15","description":"","caption":"","name":"andrzej_kobylinski","status":"inherit","uploaded_to":14070,"date":"2020-12-05 08:26:13","modified":"2020-12-05 08:26:13","menu_order":0,"mime_type":"image\/jpeg","type":"image","subtype":"jpeg","icon":"https:\/\/olimpijski.pl\/wp-includes\/images\/media\/default.png","width":430,"height":548,"sizes":{"thumbnail":"https:\/\/olimpijski.pl\/wp-content\/uploads\/2020\/06\/Andrzej_Kobylinski-150x150.jpg","thumbnail-width":150,"thumbnail-height":150,"medium":"https:\/\/olimpijski.pl\/wp-content\/uploads\/2020\/06\/Andrzej_Kobylinski-235x300.jpg","medium-width":235,"medium-height":300,"medium_large":"https:\/\/olimpijski.pl\/wp-content\/uploads\/2020\/06\/Andrzej_Kobylinski.jpg","medium_large-width":430,"medium_large-height":548,"large":"https:\/\/olimpijski.pl\/wp-content\/uploads\/2020\/06\/Andrzej_Kobylinski.jpg","large-width":430,"large-height":548,"1536x1536":"https:\/\/olimpijski.pl\/wp-content\/uploads\/2020\/06\/Andrzej_Kobylinski.jpg","1536x1536-width":430,"1536x1536-height":548,"2048x2048":"https:\/\/olimpijski.pl\/wp-content\/uploads\/2020\/06\/Andrzej_Kobylinski.jpg","2048x2048-width":430,"2048x2048-height":548,"ultp_layout_landscape_large":"https:\/\/olimpijski.pl\/wp-content\/uploads\/2020\/06\/Andrzej_Kobylinski.jpg","ultp_layout_landscape_large-width":430,"ultp_layout_landscape_large-height":548,"ultp_layout_landscape":"https:\/\/olimpijski.pl\/wp-content\/uploads\/2020\/06\/Andrzej_Kobylinski.jpg","ultp_layout_landscape-width":430,"ultp_layout_landscape-height":548,"ultp_layout_portrait":"https:\/\/olimpijski.pl\/wp-content\/uploads\/2020\/06\/Andrzej_Kobylinski.jpg","ultp_layout_portrait-width":430,"ultp_layout_portrait-height":548,"ultp_layout_square":"https:\/\/olimpijski.pl\/wp-content\/uploads\/2020\/06\/Andrzej_Kobylinski.jpg","ultp_layout_square-width":430,"ultp_layout_square-height":548}},"firstname":"Andrzej","lastname":"Kobyli\u0144ski (1931-1990)","birthdate_date":"05\/12\/1931","birthdate":"5 grudnia 1931","deathdate_date":"06\/04\/1990","deathdate":"6 kwietnia 1990","placeofbirth":"","club":"","coach":"","metrics":"","seolink":"kobylinski-andrzej-jozef","tmp_old_id":"13902","tmp_old_fid":"294","tmp_old_parent_id":"15544","createdate":"06\/11\/2013","tmp_old_title":"Kobyli\u0144ski  Andrzej  J\u00f3zef (1931-1990)","tmp_old_lead":"","tmp_old_body":"<p class=\"title-m-02\">KOBYLI\u0143SKI  ANDRZEJ  J\u00d3ZEF (1931-1990)<\/p><p><strong>trener, mistrz Polski w uje\u017cd\u017ceniu i WKKW, olimpijczyk z Rzymu (1960), zas\u0142u\u017cony trener.<br\/><\/strong><br\/>Urodzony 5 grudnia 1931 w Urbanowie, pow. Nowy Tomy\u015bl, syn Mieczys\u0142awa i \u0141ucji K\u00fchn, absolwent miejscowego Technikum Mechanicznego (1949), rozpocz\u0105\u0142 karier\u0119 sportow\u0105 (1950) pod okiem trenera Wojciecha Zbanyszka, kiedy obj\u0105\u0142 prac\u0119 (podkoniuszy) w PSK Bielin Nowy. Stamt\u0105d (1957) przeni\u00f3s\u0142 si\u0119 wraz z dw\u00f3jk\u0105 koni (Wolb\u00f3rz, Volt) do PSO Sierak\u00f3w (trener J. Mossakowski) o zaraz potem do ZTKE w Poznaniu (wraz z ko\u0144mi i trenerem), gdzie pe\u0142ni\u0105c funkcj\u0119 koniuszego na Woli (1958-1962), kontynuowa\u0142 karier\u0119 je\u017adzieck\u0105 (trener Jan Mickunas). Tam te\u017c uko\u0144czy\u0142 kurs instruktor\u00f3w jazdy konnej. Po likwidacji o\u015brodka PZJ w Poznaniu (1963) i zabraniu do CWKS Legia koni (Don Hubertus, Timur, Tyras i Skok) wycofa\u0142 si\u0119 na 6 lat z je\u017adziectwa. 2-krotny mistrz Polski: w uje\u017cd\u017ceniu (1959) i WKKW (1961), I wicemistrz kraju w uje\u017cd\u017ceniu (1963) i II wicemistrz Polski w WKKW (1958) na koniach Wolb\u00f3rz, Castelotti i Tyras. 2-krotny uczestnik Pucharu Narod\u00f3w (skoki) i\u00a0 m. in. ME w Harewood (1959), gdzie w dru\u017cynie WKKW (M. Babirecki, A. Or\u0142o\u015b, M. Roszczynialski) zaj\u0105\u0142 4 m., a indywidualnie 14 (na Wolborzu). Powr\u00f3ci\u0142 do je\u017adziectwa (1970) dzi\u0119ki dyrektorowi SK w Nowielicach Kazimierzowi Bobikowi, gdzie rozpocz\u0105\u0142 bardzo udan\u0105 karier\u0119 trenersk\u0105 (1974). Pracowa\u0142 kolejno w LKS Dragon Nowielice oraz w Bia\u0142ym Borze (od 1982) i Boninie ko\u0142o \u0141obza (od 1986). Jego wychowankami byli: Piotr Skwira (mistrz Polski WKKW 1975), Janusz\u00a0 Bobik (olimpijczyk z Moskwy 1980) oraz Miros\u0142aw \u015alusarczyk, Jacek Bobik, Adam Prokulewicz i Bogus\u0142aw Jarecki (trzykrotny olimpijczyk). Mistrz Sportu. \u017bonaty (Joanna mgr in\u017c. zootechnik), mia\u0142 troje dzieci (Aneta, Justyna, Piotr). Zmar\u0142 w \u0141obzie 6 kwietnia 1990.<br\/><br\/>\u00a0Bibl.: G\u0142uszek, Leksykon 1999, s. 230 (tu brak danych dotycz\u0105cych los\u00f3w klasyfikacji dru\u017c.); Pawlak, Olimpijczycy, s. 120; Habinowska, Ludzie i konie, s. 323, 324 i dalsze; Je\u017ad\u017acy olimpijscy, s. 51-53; Kronika Sportu, s. 900; Ksi\u0119ga sportu, s.479; Porada, Igrzyska, s. 850; Baza danych Muzeum \u0141owiectwa i Je\u017adziectwa w Warszawie; Wywiad rodzinny (\u017cona).<br\/><strong>*1960 Rzym: WKKW ind. i dru\u017c.<\/strong> - wyeliminowany w drugiej konkurencji (Wolb\u00f3rz \"za\u0142amuje si\u0119\" na \"8\" i nie ko\u0144czy crossu); w zwi\u0105zku i\u017c podobny los, tak\u017ce w crossie spotka\u0142 Roszczynialskiego na Wi\u017amie - dru\u017cyna polska zosta\u0142a zdekompletowana i nie sklasyfikowana (zw. Australia). Partnerami Kobyli\u0144skiego byli poza tym: M. Babirecki (8) i A. Or\u0142o\u015b (17).<\/p><!-- history --><table width=\"85%\" style=\"text-align:right\" border=\"0\" cellspacing=\"0\" cellpadding=\"0\">  <tr>    <td align=\"right\" class=\"box3-title\"><a href=\"javascript:history.back()\">\u00ab powr\u00f3t do listy<\/a><\/td>  <\/tr><\/table>","tmp_old_body_img":false,"tmp_old_lead_img":false,"picture_medalists":false,"important":"","person_achivments":""},"_links":{"self":[{"href":"https:\/\/olimpijski.pl\/en\/wp-json\/wp\/v2\/person\/14070"}],"collection":[{"href":"https:\/\/olimpijski.pl\/en\/wp-json\/wp\/v2\/person"}],"about":[{"href":"https:\/\/olimpijski.pl\/en\/wp-json\/wp\/v2\/types\/person"}],"version-history":[{"count":2,"href":"https:\/\/olimpijski.pl\/en\/wp-json\/wp\/v2\/person\/14070\/revisions"}],"predecessor-version":[{"id":36742,"href":"https:\/\/olimpijski.pl\/en\/wp-json\/wp\/v2\/person\/14070\/revisions\/36742"}],"wp:featuredmedia":[{"embeddable":true,"href":"https:\/\/olimpijski.pl\/en\/wp-json\/wp\/v2\/media\/36739"}],"wp:attachment":[{"href":"https:\/\/olimpijski.pl\/en\/wp-json\/wp\/v2\/media?parent=14070"}],"curies":[{"name":"wp","href":"https:\/\/api.w.org\/{rel}","templated":true}]}}