{"id":14089,"date":"2020-06-24T16:47:05","date_gmt":"2020-06-24T14:47:05","guid":{"rendered":"http:\/\/pkol.local\/person\/krzysztof-marek-kolomanski\/"},"modified":"2020-10-09T10:25:11","modified_gmt":"2020-10-09T08:25:11","slug":"krzysztof-marek-kolomanski","status":"publish","type":"person","link":"https:\/\/olimpijski.pl\/en\/olimpijczycy\/krzysztof-marek-kolomanski\/","title":{"rendered":"Krzysztof Ko\u0142oma\u0144ski"},"content":{"rendered":"<p class=\"title-m-02\">KO\u0141OMA\u0143SKI KRZYSZTOF MAREK<\/p>\n<p><strong>prawnik, kanadyjkarz g\u00f3rski z&nbsp;Drzewicy, wieloletni partner Micha\u0142a Staniszewskiego, mistrz \u015bwiata w&nbsp;slalomie g\u00f3rskim (1995), trzykrotny uczestnik IO (1992, 1996, 2000), srebrny medalista olimpijski z&nbsp;Sydney (2000).<\/strong><\/p>\n<p><strong><br \/>\n<\/strong><strong><\/strong>Urodzony 16 sierpnia 1973 w&nbsp;Opocznie, syn Andrzeja i&nbsp;Wies\u0142awy St\u0119pniewskiej, absolwent Wydzia\u0142u Prawa UMCS w&nbsp;Lublinie (2001). Kanadyjkarz g\u00f3rski (170 cm, 68 kg), reprezentant Gerlacha Drzewica (1979-2001), wychowanek i&nbsp;podopieczny trener\u00f3w: Kazimierza Kuropeski i&nbsp;Roberta Korzeniewskiego.<\/p>\n<p>Jego kariera sportowa (a tak\u017ce wieloletniego partnera Micha\u0142a Staniszewskiego) zwi\u0105zana jest nieroz\u0142\u0105cznie z&nbsp;histori\u0105 ma\u0142ego klubu, kt\u00f3ry powsta\u0142 przy Zak\u0142adach Metalowych Gerlach w&nbsp;Drzewicy jeszcze w&nbsp;okresie mi\u0119dzywojennym (mia\u0142 tylko sekcj\u0119 pi\u0142ki no\u017cnej). Warunki do&nbsp;uprawiania kajakarstwa g\u00f3rskiego &#8211; zbudowanie na&nbsp;jeziorze sztucznego toru &#8211;&nbsp;by\u0142o dzie\u0142em&nbsp;powojennym dzie\u0142em grupy dzia\u0142aczy i&nbsp;ca\u0142ej spo\u0142eczno\u015bci miasteczka oraz&nbsp;dw\u00f3ch wspania\u0142ych szkoleniowc\u00f3w Kazimierza Kuropeski i&nbsp;Roberta Korzeniewskiego (rozpocz\u0105\u0142 treningi 10 marca 1978). To oni przed miejscow\u0105 m\u0142odzie\u017c\u0105 potrafili stworzy\u0107 wizj\u0119 sportowego wsp\u00f3\u0142zawodnictwa, kt\u00f3re najwytrwalszych mo\u017ce zaprowadzi\u0107 a\u017c na&nbsp;olimpijskie podium. Ko\u0142oma\u0144ski i&nbsp;Staniszewski, dzi\u0119ki wielkiemu talentowi, zaanga\u017cowaniu, wieloletniej pracy (wychowanie g\u00f3rskiego slalomisty to&nbsp;lata treningu), zrealizowali po mistrzowsku oczekiwania i&nbsp;marzenia mieszka\u0144c\u00f3w Drzewicy. Debiut w&nbsp;reprezentacji Polski junior\u00f3w (1987), mistrzostwo \u015bwiata junior\u00f3w (1991), mistrzostwo \u015bwiata senior\u00f3w w&nbsp;slalomie kanadyjek (1995), wreszcie srebrny medal olimpijski w&nbsp;Sydney (2000) &#8211; to&nbsp;kamienie milowe wspania\u0142ej kariery sportowej, kt\u00f3ra trwa\u0142a ponad dwadzie\u015bcia lat.<\/p>\n<p>Wielokrotny mistrz Polski: w&nbsp;tym C-2 slalom (1990, 1992). 2-krotny medalista M\u015a 1995 Nottingham: 1. msc i&nbsp;1999 Sen de Urgell: 2. msc w&nbsp;slalomie g\u00f3rskim C-2 wraz z&nbsp;M. Staniszewskim. 3-krotny medalista ME 1996 Augsburg: 2. msc (sztafeta &#8211; slalom g\u00f3rski), 3. msc (slalom g\u00f3rski, z&nbsp;M. Staniszewskim), 2000 Val Di Sole &#8211; Mezzana: 3. msc (slalom g\u00f3rski C-2, z&nbsp;M. Staniszewskim).<\/p>\n<p>Smutne jest, niestety, zako\u0144czenie tej historii. Ko\u0142oma\u0144ski, jako ostatni dowiedzia\u0142 si\u0119 po sukcesie olimpijskim, \u017ce&nbsp;jego wieloletni partner rozstaje si\u0119 z&nbsp;nim i&nbsp;wyje\u017cd\u017ca do&nbsp;Kanady.&nbsp;Chc\u0105c nie chc\u0105c, podejmuje decyzj\u0119 o&nbsp;zako\u0144czeniu kariery sportowej.<\/p>\n<p>11 marca 2001 wieloletni trener kadry i&nbsp;srebrnego medalisty, szkoleniowa opoka g\u00f3rskich slalomist\u00f3w Robert Korzeniewski,&nbsp;absolwent AWF, umiera w&nbsp;szpitalu w&nbsp;Pradze podczas zgrupowania kadry narodowej. Rodzi si\u0119 pytanie, czy znakomity zawodnik zostanie nast\u0119pc\u0105 swego trenerskiego mistrza? Nie zosta\u0142&#8230;<\/p>\n<p><strong>*1992 Barcelona: kan. dw\u00f3jki&nbsp;slalom<\/strong> &#8211; 10. msc na&nbsp;17 start. z&nbsp;not\u0105 133.75 pkt. (zw. USA &#8211; 122.41pkt.). Partnerem&nbsp;w osadzie by\u0142 M. Staniszewski.<\/p>\n<p><strong>*1996 Atlanta: kan. dw\u00f3jki&nbsp; slalom<\/strong> &#8211; 7. msc na&nbsp;15 start. z&nbsp;not\u0105 169.95 pkt. (zw. Francja -158.82 pkt.). Partnerem&nbsp;w&nbsp;osadzie by\u0142&nbsp;M.&nbsp;Staniszewski.<\/p>\n<p><strong>*2000 Sydney: kan. dw\u00f3jki slalom<\/strong> &#8211; 6. msc w&nbsp;elim. (12 osad) z&nbsp;not\u0105 285,94 pkt. (148,46; 137,48 ), 2. msc w&nbsp;finale (8 osad) z&nbsp;not\u0105 243,81 pkt. (124,19+119,62), <strong>zdobywaj\u0105c srebrny medal<\/strong> (zw. S\u0142owacja &#8211; 237,74 pkt.;121.01 + 116.73). Partnerem&nbsp;w&nbsp; osadzie by\u0142&nbsp; M. Staniszewski.<\/p>\n<p><em>Bibl.: G\u0142uszek, Leksykon 1999, s. 231;&nbsp;Magazyn Olimpijski, 2000, nr&nbsp;8\/9, s. 65, nr&nbsp;10\/11, s. 117; Du\u0144ski, Od Pary\u017ca, s. 362-363; Kronika Sportu 2000, s. 66, 235, 236;&nbsp;Pawlak, Olimpijczycy, s. 122; Kronika Sportu, s. 905; Wywiad \u015brodowiskowy (ankieta wype\u0142niona przez&nbsp;zawodnika).<\/em><\/p>\n<p><!-- history --><\/p>\n<table style=\"text-align: right; width: 85%;\" cellspacing=\"0\" cellpadding=\"0\" border=\"0\">\n<tbody>\n<tr>\n<td class=\"box3-title\" align=\"right\"><a href=\"javascript:history.back()\"><\/a><\/td>\n<\/tr>\n<\/tbody>\n<\/table>\n","protected":false},"excerpt":{"rendered":"<p>KO\u0141OMA\u0143SKI KRZYSZTOF MAREK prawnik, kanadyjkarz g\u00f3rski z&nbsp;Drzewicy, wieloletni partner Micha\u0142a Staniszewskiego, mistrz \u015bwiata w&nbsp;slalomie g\u00f3rskim (1995), trzykrotny uczestnik IO (1992, 1996, 2000),<\/p>\n","protected":false},"featured_media":0,"menu_order":128,"template":"","meta":{"_acf_changed":false,"ub_ctt_via":"","footnotes":""},"class_list":["post-14089","person","type-person","status-publish","hentry","infinite-scroll-item","no-featured-image-padding"],"acf":{"olimpic_information":[{"olimpic":[{"ID":294,"post_author":"1","post_date":"2000-06-17 13:34:45","post_date_gmt":"2000-06-17 11:34:45","post_content":"<!-- wp:heading {\"level\":1,\"className\":\"main-title\"} -->\n<h1 class=\"main-title\"><strong>Igrzyska XXVII Olimpiady<\/strong><br>Sydney 2000<\/h1>\n<!-- \/wp:heading -->\n\n<!-- wp:paragraph -->\n<p><br><\/p>\n<!-- \/wp:paragraph -->\n\n<!-- wp:image {\"align\":\"left\",\"id\":19354,\"sizeSlug\":\"large\",\"className\":\"is-style-default\"} -->\n<div class=\"wp-block-image is-style-default\"><figure class=\"alignleft size-large\"><img src=\"https:\/\/olimpijski.pl\/wp-content\/uploads\/2000\/06\/sydney2000.png\" alt=\"\" class=\"wp-image-19354\"\/><\/figure><\/div>\n<!-- \/wp:image -->\n\n<!-- wp:list -->\n<ul><li>Igrzyska rozegrano w dniach <strong>15 wrze\u015bnia \u2013 1 pa\u017adziernika<\/strong>.<\/li><li>Wystartowa\u0142o <strong>10 651<\/strong> zawodnik\u00f3w (w tym <strong>4769<\/strong> kobiet) ze <strong>199<\/strong> kraj\u00f3w.<\/li><li>Rozdano <strong>300<\/strong> komplet\u00f3w medali.<\/li><li>Przysi\u0119g\u0119 olimpijsk\u0105 w imieniu sportowc\u00f3w z\u0142o\u017cy\u0142a hokeistka na trawie <strong>Rachelle Margaret Hawkes<\/strong>, natomiast w imieniu s\u0119dzi\u00f3w i trener\u00f3w \u2013 <strong>Peter Kerr<\/strong>.<\/li><li>Znicz zapali\u0142a srebrna medalistka z Atlanty 1996 w biegu na 400 m <strong>Cathy Freeman<\/strong> (wygrywaj\u0105c rywalizacj\u0119 na tym dystansie w Sydney, przesz\u0142a do historii, jako pierwsza kobieta, kt\u00f3ra zapali\u0142a znicz na igrzyskach, w kt\u00f3rych zdoby\u0142a z\u0142oty medal).<\/li><li>Igrzyska otworzy\u0142 gubernator generalny Australii <strong>sir William Deane<\/strong>.<\/li><\/ul>\n<!-- \/wp:list -->\n\n<!-- wp:heading -->\n<h2><strong>Program Igrzysk \u2013 31 dyscyplin, 300 konkurencji<\/strong><\/h2>\n<!-- \/wp:heading -->\n\n<!-- wp:paragraph -->\n<p>badminton (5 konkurencji), baseball (1), boks (12), gimnastyka (18), hokej na trawie (2), je\u017adziectwo (6), judo (14), kajakarstwo (16), kolarstwo (18), koszyk\u00f3wka (2), lekkoatletyka (46), \u0142ucznictwo (4), pi\u0119ciob\u00f3j nowoczesny (2), pi\u0142ka no\u017cna (2), pi\u0142ka r\u0119czna (2), pi\u0142ka siatkowa (4), pi\u0142ka wodna (2), p\u0142ywanie (32), p\u0142ywanie synchroniczne (2), podnoszenie ci\u0119\u017car\u00f3w (15), skoki do wody (8), softball (1), strzelectwo (17), szermierka (10), taekwondo (8), tenis (4), tenis sto\u0142owy (4), triathlon (2), wio\u015blarstwo (14), zapasy (16), \u017ceglarstwo (11).<\/p>\n<!-- \/wp:paragraph -->\n\n<!-- wp:heading -->\n<h2><strong>Gwiazdy Igrzysk<\/strong><\/h2>\n<!-- \/wp:heading -->\n\n<!-- wp:paragraph -->\n<p><strong>Aleksiej Nemow<\/strong> (Rosja, gimnastyka) \u2013 2 z\u0142ote medale, 1 srebrny, 3 br\u0105zowe<br><strong>Ian Thorpe<\/strong> (Australia, p\u0142ywanie) \u2013 3 z\u0142ote medale, 2 srebrne<br><strong>Marion Jones<\/strong> (USA, lekkoatletyka) \u2013 3 z\u0142ote medale, 2 br\u0105zowe<br><strong>Robert Korzeniowski<\/strong> (Polska, lekkoatletyka) \u2013 2 z\u0142ote medale<\/p>\n<!-- \/wp:paragraph -->\n\n<!-- wp:heading -->\n<h2><strong>Polska Reprezentacja Olimpijska<\/strong><\/h2>\n<!-- \/wp:heading -->\n\n<!-- wp:paragraph -->\n<p><strong>195 os\u00f3b<\/strong> (startowa\u0142o 187 \u2013 58 kobiet i 129 m\u0119\u017cczyzn) w 19 sportach: 3 badmintonist\u00f3w (w tym 1 kobieta), 5 bokser\u00f3w, 1 gimnastyczka artystyczna, 2 gimnastyk\u00f3w sportowych (w tym 1 kobieta), 16 hokeist\u00f3w na trawie, 6 judok\u00f3w (w tym 1 kobieta; 5 startowa\u0142o, 1 nie), 23 kajakarzy (w tym 7 kobiet; 21 startowa\u0142o + 2 rez.), 11 kolarzy (10 startowa\u0142o, 1 nie), 12 koszykarek, 39 lekkoatlet\u00f3w (w tym 15 kobiet; 35 startowa\u0142o + 4 rez.), 5 \u0142ucznik\u00f3w (w tym 3 kobiety), 3 pi\u0119cioboist\u00f3w (w tym 3 kobiety), 8 p\u0142ywak\u00f3w w tym 4 kobiety), 9 ci\u0119\u017carowc\u00f3w (w tym 3 kobiety), 5 strzelc\u00f3w (w tym 2 kobiety), 10 szermierzy (w tym 4 kobiety), 2 tenisist\u00f3w sto\u0142owych, 17 wio\u015blarzy (w tym 3 kobiety), 9 zapa\u015bnik\u00f3w, 9 \u017ceglarzy (w tym 2 kobiety).<\/p>\n<!-- \/wp:paragraph -->\n\n<!-- wp:paragraph -->\n<p>Chor\u0105\u017cym reprezentacji Polski by\u0142 dwukrotny mistrz olimpijski zapa\u015bnik <strong>Andrzej Wro\u0144ski<\/strong>. &nbsp;&nbsp;&nbsp;&nbsp;&nbsp;&nbsp;&nbsp;<\/p>\n<!-- \/wp:paragraph -->\n\n<!-- wp:heading -->\n<h2><strong>Klasyfikacja medalowa<\/strong><\/h2>\n<!-- \/wp:heading -->\n\n<!-- wp:table {\"hasFixedLayout\":true,\"className\":\"is-style-stripes\"} -->\n<figure class=\"wp-block-table is-style-stripes\"><table class=\"has-fixed-layout\"><tbody><tr><td><\/td><td><\/td><td class=\"has-text-align-center\" data-align=\"center\">&nbsp;<\/td><td class=\"has-text-align-center\" data-align=\"center\">&nbsp;<\/td><td class=\"has-text-align-center\" data-align=\"center\">&nbsp;<\/td><td class=\"has-text-align-center\" data-align=\"center\">&nbsp;<\/td><\/tr><tr><td>&nbsp;<\/td><td>&nbsp;<\/td><td class=\"has-text-align-center\" data-align=\"center\">&nbsp;<\/td><td class=\"has-text-align-center\" data-align=\"center\"><img class=\"wp-image-27817\" style=\"width: 50px;\" src=\"https:\/\/olimpijski.pl\/wp-content\/uploads\/2016\/06\/2016_Rio_zloty_50x50.jpg\" alt=\"\"><\/td><td class=\"has-text-align-center\" data-align=\"center\"><img class=\"wp-image-27819\" style=\"width: 50px;\" src=\"https:\/\/olimpijski.pl\/wp-content\/uploads\/2016\/06\/2016_Rio_sreb_50x50.jpg\" alt=\"\"><\/td><td class=\"has-text-align-center\" data-align=\"center\"><img class=\"wp-image-27821\" style=\"width: 50px;\" src=\"https:\/\/olimpijski.pl\/wp-content\/uploads\/2016\/06\/2016_Rio_braz_50x50.jpg\" alt=\"\"><\/td><\/tr><tr><td>1.<\/td><td>USA<\/td><td class=\"has-text-align-center\" data-align=\"center\">91<\/td><td class=\"has-text-align-center\" data-align=\"center\">36<\/td><td class=\"has-text-align-center\" data-align=\"center\">24<\/td><td class=\"has-text-align-center\" data-align=\"center\">32<\/td><\/tr><tr><td>2.<\/td><td>Rosja<\/td><td class=\"has-text-align-center\" data-align=\"center\">88<\/td><td class=\"has-text-align-center\" data-align=\"center\">32<\/td><td class=\"has-text-align-center\" data-align=\"center\">28<\/td><td class=\"has-text-align-center\" data-align=\"center\">28<\/td><\/tr><tr><td>3.<\/td><td>Chiny<\/td><td class=\"has-text-align-center\" data-align=\"center\">59<\/td><td class=\"has-text-align-center\" data-align=\"center\">28<\/td><td class=\"has-text-align-center\" data-align=\"center\">16<\/td><td class=\"has-text-align-center\" data-align=\"center\">14<\/td><\/tr><tr><td>...<\/td><td>&nbsp;<\/td><td class=\"has-text-align-center\" data-align=\"center\">&nbsp;<\/td><td class=\"has-text-align-center\" data-align=\"center\">&nbsp;<\/td><td class=\"has-text-align-center\" data-align=\"center\">&nbsp;<\/td><td class=\"has-text-align-center\" data-align=\"center\">&nbsp;<\/td><\/tr><tr><td><strong>14.<\/strong><\/td><td><strong>Polska<\/strong><\/td><td class=\"has-text-align-center\" data-align=\"center\"><strong>1<\/strong>4<\/td><td class=\"has-text-align-center\" data-align=\"center\"><strong>6<\/strong><\/td><td class=\"has-text-align-center\" data-align=\"center\"><strong>5<\/strong><\/td><td class=\"has-text-align-center\" data-align=\"center\"><strong>3<\/strong><\/td><\/tr><\/tbody><\/table><\/figure>\n<!-- \/wp:table -->\n\n<!-- wp:heading -->\n<h2><strong>Medale dla Polski (14)<\/strong><\/h2>\n<!-- \/wp:heading -->\n\n<!-- wp:ub\/content-toggle-block {\"blockID\":\"e47a46fb-55e5-4cdd-a265-7d60709f2846\",\"theme\":\"#f1f1f1\",\"collapsed\":true,\"titleColor\":\"#000000\"} -->\n<!-- wp:ub\/content-toggle-panel-block {\"parentID\":\"e47a46fb-55e5-4cdd-a265-7d60709f2846\",\"theme\":\"#f1f1f1\",\"collapsed\":true,\"titleColor\":\"#000000\",\"panelTitle\":\"Z\u0142ote\"} -->\n<!-- wp:paragraph -->\n<p><\/p>\n<!-- \/wp:paragraph -->\n\n<!-- wp:media-text {\"align\":\"\",\"mediaId\":30166,\"mediaLink\":\"https:\/\/olimpijski.pl\/igrzyska_letnie\/sydney-2000\/2000_sydney_zloty_200\/#main\",\"mediaType\":\"image\",\"mediaWidth\":21} -->\n<div class=\"wp-block-media-text is-stacked-on-mobile\" style=\"grid-template-columns:21% auto\"><figure class=\"wp-block-media-text__media\"><img src=\"https:\/\/olimpijski.pl\/wp-content\/uploads\/2000\/06\/2000_Sydney_zloty_200.jpg\" alt=\"\" class=\"wp-image-30166\"\/><\/figure><div class=\"wp-block-media-text__content\"><!-- wp:paragraph -->\n<p><strong>Renata Mauer-R\u00f3\u017ca\u0144ska<\/strong><br>(strzelectwo, karabin standard - 3 pozycje)<\/p>\n<!-- \/wp:paragraph -->\n\n<!-- wp:paragraph -->\n<p><strong>Robert Korzeniowski<\/strong><br>(lekkoatletyka, ch\u00f3d sportowy - 20 km)<\/p>\n<!-- \/wp:paragraph -->\n\n<!-- wp:paragraph -->\n<p><strong>Robert Korzeniowski<\/strong><br>(lekkoatletyka, ch\u00f3d sportowy - 50 km)<\/p>\n<!-- \/wp:paragraph -->\n\n<!-- wp:paragraph -->\n<p><strong>Szymon Zi\u00f3\u0142kowski<\/strong><br>(lekkoatletyka, rzut m\u0142otem)<\/p>\n<!-- \/wp:paragraph -->\n\n<!-- wp:paragraph -->\n<p><strong>Kamila Skolimowska<\/strong><br>(lekkoatletyka, rzut m\u0142otem)<\/p>\n<!-- \/wp:paragraph -->\n\n<!-- wp:paragraph -->\n<p><strong>Tomasz Kucharski, Robert Sycz<\/strong><br>(wio\u015blarstwo, dw\u00f3jka wagi lekkiej)<\/p>\n<!-- \/wp:paragraph --><\/div><\/div>\n<!-- \/wp:media-text -->\n<!-- \/wp:ub\/content-toggle-panel-block -->\n<!-- \/wp:ub\/content-toggle-block -->\n\n<!-- wp:ub\/content-toggle-block {\"blockID\":\"15f62126-e65d-47be-8112-ce48deb6a91d\",\"theme\":\"#f1f1f1\",\"collapsed\":true,\"titleColor\":\"#000000\"} -->\n<!-- wp:ub\/content-toggle-panel-block {\"parentID\":\"15f62126-e65d-47be-8112-ce48deb6a91d\",\"theme\":\"#f1f1f1\",\"collapsed\":true,\"titleColor\":\"#000000\",\"panelTitle\":\"Srebrne\"} -->\n<!-- wp:paragraph -->\n<p><\/p>\n<!-- \/wp:paragraph -->\n\n<!-- wp:media-text {\"align\":\"\",\"mediaId\":30168,\"mediaLink\":\"https:\/\/olimpijski.pl\/igrzyska_letnie\/sydney-2000\/2000_sydney_sreb_200\/#main\",\"mediaType\":\"image\",\"mediaWidth\":20} -->\n<div class=\"wp-block-media-text is-stacked-on-mobile\" style=\"grid-template-columns:20% auto\"><figure class=\"wp-block-media-text__media\"><img src=\"https:\/\/olimpijski.pl\/wp-content\/uploads\/2000\/06\/2000_Sydney_sreb_200.jpg\" alt=\"\" class=\"wp-image-30168\"\/><\/figure><div class=\"wp-block-media-text__content\"><!-- wp:paragraph -->\n<p><strong>Agata Wr\u00f3bel<\/strong><br>(podnoszenie ci\u0119\u017car\u00f3w, waga +72 kg)<\/p>\n<!-- \/wp:paragraph -->\n\n<!-- wp:paragraph -->\n<p><strong>Szymon Ko\u0142ecki<\/strong><br>(podnoszenie ci\u0119\u017car\u00f3w, waga 94 kg)<\/p>\n<!-- \/wp:paragraph -->\n\n<!-- wp:paragraph -->\n<p><strong>Krzysztof Ko\u0142oma\u0144ski, Micha\u0142 Staniszewski<\/strong><br>(kajakarstwo g\u00f3rskie, C2 slalom)<\/p>\n<!-- \/wp:paragraph -->\n\n<!-- wp:paragraph -->\n<p><strong>Sylwia Grucha\u0142a, Magdalena Mroczkiewicz, Anna Rybicka, Barbara Wolnicka<\/strong><br>(szermierka, floret dru\u017cynowo)<\/p>\n<!-- \/wp:paragraph -->\n\n<!-- wp:paragraph -->\n<p><strong>Pawe\u0142 Baraszkiewicz, Daniel J\u0119draszko<\/strong><br>(kajakarstwo, C2 500 m)<\/p>\n<!-- \/wp:paragraph --><\/div><\/div>\n<!-- \/wp:media-text -->\n<!-- \/wp:ub\/content-toggle-panel-block -->\n<!-- \/wp:ub\/content-toggle-block -->\n\n<!-- wp:ub\/content-toggle-block {\"blockID\":\"90c67442-9d16-4432-846e-7bf4c010e034\",\"theme\":\"#f1f1f1\",\"collapsed\":true,\"titleColor\":\"#000000\"} -->\n<!-- wp:ub\/content-toggle-panel-block {\"parentID\":\"90c67442-9d16-4432-846e-7bf4c010e034\",\"theme\":\"#f1f1f1\",\"collapsed\":true,\"titleColor\":\"#000000\",\"panelTitle\":\"Br\u0105zowe\"} -->\n<!-- wp:paragraph -->\n<p><\/p>\n<!-- \/wp:paragraph -->\n\n<!-- wp:media-text {\"align\":\"\",\"mediaId\":30170,\"mediaLink\":\"https:\/\/olimpijski.pl\/igrzyska_letnie\/sydney-2000\/2000_sydney_braz_200\/#main\",\"mediaType\":\"image\",\"mediaWidth\":20} -->\n<div class=\"wp-block-media-text is-stacked-on-mobile\" style=\"grid-template-columns:20% auto\"><figure class=\"wp-block-media-text__media\"><img src=\"https:\/\/olimpijski.pl\/wp-content\/uploads\/2000\/06\/2000_Sydney_braz_200.jpg\" alt=\"\" class=\"wp-image-30170\"\/><\/figure><div class=\"wp-block-media-text__content\"><!-- wp:paragraph -->\n<p><strong>Leszek Blanik<\/strong><br>(gimnastyka, skok przez konia)<\/p>\n<!-- \/wp:paragraph -->\n\n<!-- wp:paragraph -->\n<p><strong>Aneta Pastuszka, Beata Soko\u0142owska<\/strong><br>(kajakarstwo, K2 500 m)<\/p>\n<!-- \/wp:paragraph -->\n\n<!-- wp:paragraph -->\n<p><strong>Dariusz Bia\u0142kowski, Grzegorz Kotowicz, Adam Seroczy\u0144ski, Marek Witkowski<\/strong><br>(kajakarstwo, K4 na 1000 m)<\/p>\n<!-- \/wp:paragraph --><\/div><\/div>\n<!-- \/wp:media-text -->\n<!-- \/wp:ub\/content-toggle-panel-block -->\n<!-- \/wp:ub\/content-toggle-block -->\n\n<!-- wp:paragraph -->\n<p><br><\/p>\n<!-- \/wp:paragraph -->","post_title":"Sydney 2000","post_excerpt":"","post_status":"publish","comment_status":"closed","ping_status":"closed","post_password":"","post_name":"sydney-2000","to_ping":"","pinged":"","post_modified":"2020-10-02 12:34:58","post_modified_gmt":"2020-10-02 10:34:58","post_content_filtered":"","post_parent":0,"guid":"https:\/\/wai-q98d7hpf9hy9k.wpallimport-demo.qsandbox.me\/olympics_summer\/sydney-2000\/","menu_order":0,"post_type":"olympics_summer","post_mime_type":"","comment_count":"0","filter":"raw"}],"competitions_rewards":[{"competition":[{"ID":5668,"post_author":"15","post_date":"2020-06-19 11:31:55","post_date_gmt":"2020-06-19 09:31:55","post_content":"","post_title":"Kajakarstwo, slalom - C-2","post_excerpt":"","post_status":"publish","comment_status":"closed","ping_status":"closed","post_password":"","post_name":"c-2","to_ping":"","pinged":"","post_modified":"2021-12-07 09:46:04","post_modified_gmt":"2021-12-07 08:46:04","post_content_filtered":"","post_parent":5861,"guid":"https:\/\/wai-q7byvryhhcz9k.wpallimport-demo.qsandbox.me\/competition\/c-2\/","menu_order":0,"post_type":"competition","post_mime_type":"","comment_count":"0","filter":"raw"}],"reward":{"value":"2","label":"Srebrny"}}]},{"olimpic":[{"ID":296,"post_author":"1","post_date":"1992-06-17 13:34:45","post_date_gmt":"1992-06-17 11:34:45","post_content":"<!-- wp:heading {\"level\":1,\"className\":\"main-title\"} -->\n<h1 class=\"main-title\"><strong>Igrzyska XXV Olimpiady<\/strong><br>Barcelona 1992<\/h1>\n<!-- \/wp:heading -->\n\n<!-- wp:paragraph -->\n<p><br><\/p>\n<!-- \/wp:paragraph -->\n\n<!-- wp:image {\"align\":\"left\",\"id\":19314,\"sizeSlug\":\"large\",\"className\":\"is-style-default\"} -->\n<div class=\"wp-block-image is-style-default\"><figure class=\"alignleft size-large\"><img src=\"https:\/\/olimpijski.pl\/wp-content\/uploads\/1992\/06\/barcelona1992.png\" alt=\"\" class=\"wp-image-19314\"\/><\/figure><\/div>\n<!-- \/wp:image -->\n\n<!-- wp:list -->\n<ul><li>Igrzyska rozegrano w dniach <strong>25 lipca \u2013 9 sierpnia<\/strong>.<\/li><li>Wystartowa\u0142o <strong>9956<\/strong> zawodnik\u00f3w (w tym <strong>2851<\/strong> kobiet) ze <strong>173<\/strong> kraj\u00f3w.<\/li><li>Rozdano <strong>257<\/strong> komplet\u00f3w medali.<\/li><li>Przysi\u0119g\u0119 olimpijsk\u0105 w imieniu sportowc\u00f3w z\u0142o\u017cy\u0142 \u017ceglarz <strong>Luis Doreste Blanco<\/strong>, natomiast w imieniu s\u0119dzi\u00f3w i trener\u00f3w \u2013 <strong>Eugeni Asensio<\/strong>.<\/li><li>Znicz olimpijski zapali\u0142 \u0142ucznik <strong>Antonio Rebollo<\/strong>, uczestnik trzech igrzysk paraolimpijskich i ich srebrny i br\u0105zowy medalista.<\/li><li>Igrzyska otworzy\u0142 <strong>kr\u00f3l Hiszpanii Juan Carlos<\/strong>.<\/li><\/ul>\n<!-- \/wp:list -->\n\n<!-- wp:heading -->\n<h2><strong>Program Igrzysk \u2013 28 dyscyplin, 257 konkurencji<\/strong><\/h2>\n<!-- \/wp:heading -->\n\n<!-- wp:paragraph -->\n<p>badminton (4 konkurencje), baseball (1), boks (12), gimnastyka (15), hokej na trawie (2), je\u017adziectwo (6), judo (14), kajakarstwo (16), kolarstwo (10), koszyk\u00f3wka (2), lekkoatletyka (43), \u0142ucznictwo (4), pi\u0119ciob\u00f3j nowoczesny (2), pi\u0142ka no\u017cna (1), pi\u0142ka r\u0119czna (2), pi\u0142ka siatkowa (2), pi\u0142ka wodna (1), p\u0142ywanie (31), p\u0142ywanie synchroniczne (2), podnoszenie ci\u0119\u017car\u00f3w (10), skoki do wody (4), strzelectwo (13), szermierka (8), tenis (4), tenis sto\u0142owy (4), wio\u015blarstwo (14), zapasy (20), \u017ceglarstwo (10).<\/p>\n<!-- \/wp:paragraph -->\n\n<!-- wp:heading -->\n<h2><strong>Gwiazda Igrzysk<\/strong><\/h2>\n<!-- \/wp:heading -->\n\n<!-- wp:paragraph -->\n<p><strong>Witalij Szczerbo <\/strong>(Wsp\u00f3lnota Niepodleg\u0142ych Pa\u0144stw, gimnastyka) \u2013 6 z\u0142otych medali<\/p>\n<!-- \/wp:paragraph -->\n\n<!-- wp:heading -->\n<h2><strong>Polska Reprezentacja Olimpijska<\/strong><\/h2>\n<!-- \/wp:heading -->\n\n<!-- wp:paragraph -->\n<p><strong>207 os\u00f3b<\/strong> (startowa\u0142o 201 \u2013 52 kobiety i 149 m\u0119\u017cczyzn) w 21 sportach: 8 bokser\u00f3w, 6 badmintonist\u00f3w (w tym 5 kobiet), 2 gimnastyczki artystyczne, 5 je\u017ad\u017ac\u00f3w (4 startowa\u0142o, 1 nie), 11 judok\u00f3w (w tym 5 kobiet), 18 kajakarzy (w tym 3 kobiety), 9 kolarzy, 24 lekkoatlet\u00f3w (w tym 14 kobiet), 6 \u0142ucznik\u00f3w (w tym 3 kobiety), 4 pi\u0119cioboist\u00f3w (3 startowa\u0142o, + 1 rez.), 20 pi\u0142karzy (16 startowa\u0142o + 4 rez.), 14 p\u0142ywak\u00f3w (w tym 6 kobiet), 1 skoczek do wody, 9 ci\u0119\u017carowc\u00f3w, 12 strzelc\u00f3w (w tym 5 kobiet), 3 tenisistki, 3 tenisist\u00f3w sto\u0142owych, 20 szermierzy (w tym 5 kobiet), 15 wio\u015blarzy, 13 zapa\u015bnik\u00f3w, 4 \u017ceglarzy (w tym 1 kobieta).<\/p>\n<!-- \/wp:paragraph -->\n\n<!-- wp:paragraph -->\n<p>Chor\u0105\u017cym reprezentacji Polski by\u0142 judoka <strong>Waldemar Legie\u0144<\/strong>.<\/p>\n<!-- \/wp:paragraph -->\n\n<!-- wp:heading -->\n<h2><strong>Klasyfikacja medalowa<\/strong><\/h2>\n<!-- \/wp:heading -->\n\n<!-- wp:table {\"hasFixedLayout\":true,\"className\":\"is-style-stripes\"} -->\n<figure class=\"wp-block-table is-style-stripes\"><table class=\"has-fixed-layout\"><tbody><tr><td><\/td><td><\/td><td class=\"has-text-align-center\" data-align=\"center\">&nbsp;<\/td><td class=\"has-text-align-center\" data-align=\"center\">&nbsp;<\/td><td class=\"has-text-align-center\" data-align=\"center\">&nbsp;<\/td><td class=\"has-text-align-center\" data-align=\"center\">&nbsp;<\/td><\/tr><tr><td>&nbsp;<\/td><td>&nbsp;<\/td><td class=\"has-text-align-center\" data-align=\"center\">&nbsp;<\/td><td class=\"has-text-align-center\" data-align=\"center\"><img class=\"wp-image-27817\" style=\"width: 50px;\" src=\"https:\/\/olimpijski.pl\/wp-content\/uploads\/2016\/06\/2016_Rio_zloty_50x50.jpg\" alt=\"\"><\/td><td class=\"has-text-align-center\" data-align=\"center\"><img class=\"wp-image-27819\" style=\"width: 50px;\" src=\"https:\/\/olimpijski.pl\/wp-content\/uploads\/2016\/06\/2016_Rio_sreb_50x50.jpg\" alt=\"\"><\/td><td class=\"has-text-align-center\" data-align=\"center\"><img class=\"wp-image-27821\" style=\"width: 50px;\" src=\"https:\/\/olimpijski.pl\/wp-content\/uploads\/2016\/06\/2016_Rio_braz_50x50.jpg\" alt=\"\"><\/td><\/tr><tr><td>1.<\/td><td>WNP*<\/td><td class=\"has-text-align-center\" data-align=\"center\">112<\/td><td class=\"has-text-align-center\" data-align=\"center\">45<\/td><td class=\"has-text-align-center\" data-align=\"center\">38<\/td><td class=\"has-text-align-center\" data-align=\"center\">29<\/td><\/tr><tr><td>2.<\/td><td>USA<\/td><td class=\"has-text-align-center\" data-align=\"center\">108<\/td><td class=\"has-text-align-center\" data-align=\"center\">37<\/td><td class=\"has-text-align-center\" data-align=\"center\">34<\/td><td class=\"has-text-align-center\" data-align=\"center\">37<\/td><\/tr><tr><td>3.<\/td><td>Niemcy<\/td><td class=\"has-text-align-center\" data-align=\"center\">92<\/td><td class=\"has-text-align-center\" data-align=\"center\">33<\/td><td class=\"has-text-align-center\" data-align=\"center\">21<\/td><td class=\"has-text-align-center\" data-align=\"center\">38<\/td><\/tr><tr><td>...<\/td><td>&nbsp;<\/td><td class=\"has-text-align-center\" data-align=\"center\">&nbsp;<\/td><td class=\"has-text-align-center\" data-align=\"center\">&nbsp;<\/td><td class=\"has-text-align-center\" data-align=\"center\">&nbsp;<\/td><td class=\"has-text-align-center\" data-align=\"center\">&nbsp;<\/td><\/tr><tr><td><strong>19.<\/strong><\/td><td><strong>Polska<\/strong><\/td><td class=\"has-text-align-center\" data-align=\"center\"><strong>19<\/strong><\/td><td class=\"has-text-align-center\" data-align=\"center\"><strong>3<\/strong><\/td><td class=\"has-text-align-center\" data-align=\"center\"><strong>6<\/strong><\/td><td class=\"has-text-align-center\" data-align=\"center\"><strong>10<\/strong><\/td><\/tr><\/tbody><\/table><\/figure>\n<!-- \/wp:table -->\n\n<!-- wp:heading -->\n<h2><strong>Medale dla Polski (19)<\/strong><\/h2>\n<!-- \/wp:heading -->\n\n<!-- wp:paragraph -->\n<p>z\u0142oty - Waldemar Legie\u0144 (judo - waga 86 kg)<br>z\u0142oty - Arkadiusz Skrzypaszek (pi\u0119ciob\u00f3j nowoczesny - rywalizacja indywidualna)<br>z\u0142oty - Maciej Czy\u017cowicz, Dariusz Go\u017adziak i Arkadiusz Skrzypaszek (pi\u0119ciob\u00f3j nowoczesny - rywalizacja dru\u017cynowa)<br><br>srebrny - Maciej Freimut i Wojciech Kurpiewski (kajakarstwo - KS na 500 m)<br>srebrny - Rafa\u0142 Szuka\u0142a (p\u0142ywanie - wy\u015bcig na 100 m stylem motylkowym)<br>srebrny - Krzysztof Siemion (podnoszenie ci\u0119\u017car\u00f3w - waga 82,5 kg)<br>srebrny - J\u00f3zef Tracz (zapasy - styl klasyczny - waga 74 kg)<br>srebrny - Piotr St\u0119pie\u0144 (zapasy - styl klasyczny - waga 82 kg)<br>srebrny - Dariusz Adamczuk, Marek Bajor, Jerzy Brz\u0119czek, Dariusz G\u0119sior, Marcin Ja\u0142ocha, Andrzej Juskowiak, Aleksander K\u0142ak, Andrzej Kobyla\u0144ski, Dariusz Kose\u0142a, Wojciech Kowalczyk, Marek Ko\u017ami\u0144ski, Tomasz \u0141api\u0144ski, Grzegorz Mielcarski, Arkadiusz Onyszko, Ryszard Staniek, Dariusz Szubert, Piotr \u015awierczewski, Miros\u0142aw Walig\u00f3ra, Tomasz Wa\u0142doch i Tomasz Wieszczycki (pi\u0142ka no\u017cna)<br><br>br\u0105zowy - Wojciech Bartnik (boks - waga p\u00f3\u0142ci\u0119\u017cka)<br>br\u0105zowy - Grzegorz Kotowicz, Dariusz Bia\u0142kowski (kajakarstwo - K2 na 1000 m)<br>br\u0105zowy - Izabela Dylewska (kajakarstwo - K1 na 500 m)<br>br\u0105zowy - Artur Partyka (lekkoatletyka- skok wzwy\u017c)<br>br\u0105zowy - Sergiusz Wo\u0142czaniecki (podnoszenie ci\u0119\u017car\u00f3w - waga 90 kg)<br>br\u0105zowy - Waldemar Malak (podnoszenie ci\u0119\u017car\u00f3w - waga 90 kg)<br>br\u0105zowy - Ma\u0142gorzata Ksi\u0105\u017ckiewicz (strzelectwo - karabin ma\u0142okalibrowy)<br>br\u0105zowy - Piotr Kie\u0142pikowski, Adam Krzesi\u0144ski, Cezary Siess, Ryszard Sobczak i Marian Sypniewski (szermierka - turniej dru\u017cynowy florecist\u00f3w)<br>br\u0105zowy - Kajetan Broniewski (wio\u015blarstwo - jedynki)<br>br\u0105zowy - Wojciech Jankowski, Maciej \u0141asicki, Jacek Streich, Tomasz Tomiak i sternik Micha\u0142 Cie\u015blak (wio\u015blarstwo - czw\u00f3rka ze sternikiem)<\/p>\n<!-- \/wp:paragraph -->\n\n<!-- wp:quote {\"className\":\"is-style-default\"} -->\n<blockquote class=\"wp-block-quote is-style-default\"><p>Ceremoni\u0119 otwarcia ogl\u0105da\u0142o ponad 3 mld telewidz\u00f3w. W programie igrzysk znalaz\u0142y si\u0119 badminton, baseball i judo kobiet. RPA, kt\u00f3ra zerwa\u0142a z polityk\u0105 apartheidu mia\u0142a reprezentacj\u0119 mieszan\u0105 rasowo. Zadebiutowa\u0142y: Chorwacja, S\u0142owenia, Bo\u015bnia i Hercegowina, Jemen i Namibia. Sportowcy Jugos\u0142awii, na kt\u00f3r\u0105 na\u0142o\u017cone sankcje mi\u0119dzynarodowe wyst\u0105pili w dru\u017cynie niezale\u017cnej (Independent Olympic Participants).<\/p><\/blockquote>\n<!-- \/wp:quote -->\n\n<!-- wp:paragraph -->\n<p><em>* WNP \u2013 Wsp\u00f3lnota Niepodleg\u0142ych Pa\u0144stw, czyli forma przej\u015bciowa mi\u0119dzy ZSRR, a Rosj\u0105.<\/em><\/p>\n<!-- \/wp:paragraph -->","post_title":"Barcelona 1992","post_excerpt":"","post_status":"publish","comment_status":"closed","ping_status":"closed","post_password":"","post_name":"barcelona-1992","to_ping":"","pinged":"","post_modified":"2020-09-28 15:16:33","post_modified_gmt":"2020-09-28 13:16:33","post_content_filtered":"","post_parent":0,"guid":"https:\/\/wai-q98d7hpf9hy9k.wpallimport-demo.qsandbox.me\/olympics_summer\/barcelona-1992\/","menu_order":0,"post_type":"olympics_summer","post_mime_type":"","comment_count":"0","filter":"raw"}],"competitions_rewards":[{"competition":[{"ID":5861,"post_author":"15","post_date":"2020-06-19 11:32:30","post_date_gmt":"2020-06-19 11:32:30","post_content":"","post_title":"Kajakarstwo, slalom","post_excerpt":"","post_status":"publish","comment_status":"closed","ping_status":"closed","post_password":"","post_name":"kajakarstwo-gorskie","to_ping":"","pinged":"","post_modified":"2021-12-07 09:44:19","post_modified_gmt":"2021-12-07 08:44:19","post_content_filtered":"","post_parent":0,"guid":"https:\/\/wai-q7byvryhhcz9k.wpallimport-demo.qsandbox.me\/competition\/kajakarstwo-gorskie\/","menu_order":0,"post_type":"competition","post_mime_type":"","comment_count":"0","filter":"raw"}],"reward":""}]},{"olimpic":[{"ID":295,"post_author":"1","post_date":"1996-06-17 13:34:45","post_date_gmt":"1996-06-17 11:34:45","post_content":"<!-- wp:heading {\"level\":1,\"className\":\"main-title\"} -->\n<h1 class=\"main-title\"><strong>Igrzyska XXVI Olimpiady<\/strong><br>Atlanta 1996<\/h1>\n<!-- \/wp:heading -->\n\n<!-- wp:paragraph -->\n<p><br><\/p>\n<!-- \/wp:paragraph -->\n\n<!-- wp:image {\"align\":\"left\",\"id\":19312,\"sizeSlug\":\"large\",\"className\":\"is-style-default\"} -->\n<div class=\"wp-block-image is-style-default\"><figure class=\"alignleft size-large\"><img src=\"https:\/\/olimpijski.pl\/wp-content\/uploads\/1996\/06\/atlanta1996.png\" alt=\"\" class=\"wp-image-19312\"\/><\/figure><\/div>\n<!-- \/wp:image -->\n\n<!-- wp:list -->\n<ul><li>Igrzyska rozegrano w dniach <strong>19 lipca \u2013 4 sierpnia<\/strong>.<\/li><li>Wystartowa\u0142o <strong>10 318 <\/strong>zawodnik\u00f3w (w tym <strong>3512<\/strong> kobiet) ze <strong>197<\/strong> kraj\u00f3w.<\/li><li>Rozdano <strong>271<\/strong> komplet\u00f3w medali.<\/li><li>Przysi\u0119g\u0119 olimpijsk\u0105 z\u0142o\u017cy\u0142a koszykarka <strong>Teresa Edwards<\/strong>, natomiast w imieniu s\u0119dzi\u00f3w i trener\u00f3w \u2013 <strong>Hoby Billingsley<\/strong>.<\/li><li>Znicz zapali\u0142 z\u0142oty medalista olimpijski w boksie z Rzymu w 1960 roku <strong>Muhammad Ali<\/strong>.<\/li><li>Igrzyska otworzy\u0142 prezydent USA <strong>Bill Clinton<\/strong>.<\/li><\/ul>\n<!-- \/wp:list -->\n\n<!-- wp:heading -->\n<h2><strong>Program Igrzysk \u2013 29 dyscyplin, 271 konkurencji<\/strong><\/h2>\n<!-- \/wp:heading -->\n\n<!-- wp:paragraph -->\n<p>badminton (5 konkurencji), baseball (1), boks (12), gimnastyka (16), hokej na trawie (2), je\u017adziectwo (6), judo (14), kajakarstwo (16), kolarstwo (14), koszyk\u00f3wka (2), lekkoatletyka (44), \u0142ucznictwo (4), pi\u0119ciob\u00f3j nowoczesny (1), pi\u0142ka no\u017cna (2), pi\u0142ka r\u0119czna (2), pi\u0142ka siatkowa (4), pi\u0142ka wodna (1), p\u0142ywanie (32), p\u0142ywanie synchroniczne (1), podnoszenie ci\u0119\u017car\u00f3w (10), skoki do wody (4), softball (1), strzelectwo (15), szermierka (10), tenis (4), tenis sto\u0142owy (4), wio\u015blarstwo (14), zapasy (20), \u017ceglarstwo (10).<\/p>\n<!-- \/wp:paragraph -->\n\n<!-- wp:heading -->\n<h2><strong>Gwiazda Igrzysk<\/strong><\/h2>\n<!-- \/wp:heading -->\n\n<!-- wp:paragraph -->\n<p><strong>Aleksiej Nemow <\/strong>(Rosja, gimnastyka) \u2013 2 z\u0142ote medale, 1 srebrny, 3 br\u0105zowe<\/p>\n<!-- \/wp:paragraph -->\n\n<!-- wp:heading -->\n<h2><strong>Polska Reprezentacja Olimpijska<\/strong><\/h2>\n<!-- \/wp:heading -->\n\n<!-- wp:paragraph -->\n<p>168 os\u00f3b (startowa\u0142o 165 \u2013 39 kobiet i 126 m\u0119\u017cczyzn) w 20 sportach: 1 badmintonistka, 4 bokser\u00f3w, 2 gimnastyczki artystyczne, 5 je\u017ad\u017ac\u00f3w, 12 judok\u00f3w (w tym 5 kobiet), 24 kajakarzy (w tym 4 kobiety; 23 startowa\u0142o + 1 rez.), 9 kolarzy (8 startowa\u0142o, 1 nie), 23 lekkoatlet\u00f3w (w tym 9 kobiet), 4 \u0142ucznik\u00f3w (w tym 3 kobiety), 2 pi\u0119cioboist\u00f3w, 11 p\u0142ywak\u00f3w (w tym 4 kobiety), 5 ci\u0119\u017carowc\u00f3w, 12 siatkarzy (11 startowa\u0142o + 1 rez.), 10 strzelc\u00f3w (w tym 3 kobiety), 11 szermierzy (w tym 4 kobiety), 2 tenisistki, 2 tenisist\u00f3w sto\u0142owych, 12 wio\u015blarzy, 11 zapa\u015bnik\u00f3w, 6 \u017ceglarzy (w tym 2 kobiety).<\/p>\n<!-- \/wp:paragraph -->\n\n<!-- wp:paragraph -->\n<p>Chor\u0105\u017cym reprezentacji Polski by\u0142 p\u0142ywak <strong>Rafa\u0142 Szuka\u0142a<\/strong>.<\/p>\n<!-- \/wp:paragraph -->\n\n<!-- wp:heading -->\n<h2><strong>Klasyfikacja medalowa<\/strong><\/h2>\n<!-- \/wp:heading -->\n\n<!-- wp:table {\"hasFixedLayout\":true,\"className\":\"is-style-stripes\"} -->\n<figure class=\"wp-block-table is-style-stripes\"><table class=\"has-fixed-layout\"><tbody><tr><td><\/td><td><\/td><td class=\"has-text-align-center\" data-align=\"center\">&nbsp;<\/td><td class=\"has-text-align-center\" data-align=\"center\">&nbsp;<\/td><td class=\"has-text-align-center\" data-align=\"center\">&nbsp;<\/td><td class=\"has-text-align-center\" data-align=\"center\">&nbsp;<\/td><\/tr><tr><td>&nbsp;<\/td><td>&nbsp;<\/td><td class=\"has-text-align-center\" data-align=\"center\">&nbsp;<\/td><td class=\"has-text-align-center\" data-align=\"center\"><img class=\"wp-image-27817\" style=\"width: 50px;\" src=\"https:\/\/olimpijski.pl\/wp-content\/uploads\/2016\/06\/2016_Rio_zloty_50x50.jpg\" alt=\"\"><\/td><td class=\"has-text-align-center\" data-align=\"center\"><img class=\"wp-image-27819\" style=\"width: 50px;\" src=\"https:\/\/olimpijski.pl\/wp-content\/uploads\/2016\/06\/2016_Rio_sreb_50x50.jpg\" alt=\"\"><\/td><td class=\"has-text-align-center\" data-align=\"center\"><img class=\"wp-image-27821\" style=\"width: 50px;\" src=\"https:\/\/olimpijski.pl\/wp-content\/uploads\/2016\/06\/2016_Rio_braz_50x50.jpg\" alt=\"\"><\/td><\/tr><tr><td>1.<\/td><td>USA<\/td><td class=\"has-text-align-center\" data-align=\"center\">101<\/td><td class=\"has-text-align-center\" data-align=\"center\">44<\/td><td class=\"has-text-align-center\" data-align=\"center\">32<\/td><td class=\"has-text-align-center\" data-align=\"center\">25<\/td><\/tr><tr><td>2.<\/td><td>Rosja<\/td><td class=\"has-text-align-center\" data-align=\"center\">63<\/td><td class=\"has-text-align-center\" data-align=\"center\">26<\/td><td class=\"has-text-align-center\" data-align=\"center\">21<\/td><td class=\"has-text-align-center\" data-align=\"center\">16<\/td><\/tr><tr><td>3.<\/td><td>Niemcy<\/td><td class=\"has-text-align-center\" data-align=\"center\">65<\/td><td class=\"has-text-align-center\" data-align=\"center\">20<\/td><td class=\"has-text-align-center\" data-align=\"center\">18<\/td><td class=\"has-text-align-center\" data-align=\"center\">27<\/td><\/tr><tr><td>...<\/td><td>&nbsp;<\/td><td class=\"has-text-align-center\" data-align=\"center\">&nbsp;<\/td><td class=\"has-text-align-center\" data-align=\"center\">&nbsp;<\/td><td class=\"has-text-align-center\" data-align=\"center\">&nbsp;<\/td><td class=\"has-text-align-center\" data-align=\"center\">&nbsp;<\/td><\/tr><tr><td><strong>11.<\/strong><\/td><td><strong>Polska<\/strong><\/td><td class=\"has-text-align-center\" data-align=\"center\"><strong>17<\/strong><\/td><td class=\"has-text-align-center\" data-align=\"center\"><strong>7<\/strong><\/td><td class=\"has-text-align-center\" data-align=\"center\"><strong>5<\/strong><\/td><td class=\"has-text-align-center\" data-align=\"center\"><strong>5<\/strong><\/td><\/tr><\/tbody><\/table><\/figure>\n<!-- \/wp:table -->\n\n<!-- wp:heading -->\n<h2><strong>Medale dla Polski (17)<\/strong><\/h2>\n<!-- \/wp:heading -->\n\n<!-- wp:ub\/content-toggle-block {\"blockID\":\"8ed634eb-cee6-4def-8c79-4b5504ccc508\",\"theme\":\"#f1f1f1\",\"collapsed\":true,\"titleColor\":\"#000000\"} -->\n<!-- wp:ub\/content-toggle-panel-block {\"parentID\":\"8ed634eb-cee6-4def-8c79-4b5504ccc508\",\"theme\":\"#f1f1f1\",\"collapsed\":true,\"titleColor\":\"#000000\",\"panelTitle\":\"Z\u0142ote\"} -->\n<!-- wp:paragraph -->\n<p><\/p>\n<!-- \/wp:paragraph -->\n\n<!-- wp:media-text {\"align\":\"\",\"mediaId\":30175,\"mediaLink\":\"https:\/\/olimpijski.pl\/igrzyska_letnie\/atlanta-1996\/1996_atlanta_zloto_200\/#main\",\"mediaType\":\"image\",\"mediaWidth\":21} -->\n<div class=\"wp-block-media-text is-stacked-on-mobile\" style=\"grid-template-columns:21% auto\"><figure class=\"wp-block-media-text__media\"><img src=\"https:\/\/olimpijski.pl\/wp-content\/uploads\/1996\/06\/1996_Atlanta_zloto_200.jpg\" alt=\"\" class=\"wp-image-30175\"\/><\/figure><div class=\"wp-block-media-text__content\"><!-- wp:paragraph -->\n<p><strong>Renata Mauer<\/strong><br>(strzelectwo, karabin pneumatyczny - 10 m)<\/p>\n<!-- \/wp:paragraph -->\n\n<!-- wp:paragraph -->\n<p><strong>Pawe\u0142 Nastula<\/strong><br>(judo, 95 kg)<\/p>\n<!-- \/wp:paragraph -->\n\n<!-- wp:paragraph -->\n<p><strong>W\u0142odzimierz Zawadzki<\/strong><br>(zapasy, styl klasyczny - 62 kg)<\/p>\n<!-- \/wp:paragraph -->\n\n<!-- wp:paragraph -->\n<p><strong>Ryszard Wolny<\/strong><br>(zapasy, styl klasyczny - 68 kg)<\/p>\n<!-- \/wp:paragraph -->\n\n<!-- wp:paragraph -->\n<p><strong>Andrzej Wro\u0144ski<\/strong><br>(zapasy, styl klasyczny - 100 kg)<\/p>\n<!-- \/wp:paragraph -->\n\n<!-- wp:paragraph -->\n<p><strong>Robert Korzeniowski<\/strong><br>(lekkoatletyka, ch\u00f3d sportowy - 50 km)<\/p>\n<!-- \/wp:paragraph -->\n\n<!-- wp:paragraph -->\n<p><strong>Mateusz Kusznierewicz<\/strong><br>(\u017ceglarstwo, klasa Finn)<\/p>\n<!-- \/wp:paragraph --><\/div><\/div>\n<!-- \/wp:media-text -->\n<!-- \/wp:ub\/content-toggle-panel-block -->\n<!-- \/wp:ub\/content-toggle-block -->\n\n<!-- wp:ub\/content-toggle-block {\"blockID\":\"42f38dc0-cfb2-4dca-886f-7633fe3250fc\",\"theme\":\"#f1f1f1\",\"collapsed\":true,\"titleColor\":\"#000000\"} -->\n<!-- wp:ub\/content-toggle-panel-block {\"parentID\":\"42f38dc0-cfb2-4dca-886f-7633fe3250fc\",\"theme\":\"#f1f1f1\",\"collapsed\":true,\"titleColor\":\"#000000\",\"panelTitle\":\"Srebrne\"} -->\n<!-- wp:paragraph -->\n<p><\/p>\n<!-- \/wp:paragraph -->\n\n<!-- wp:media-text {\"align\":\"\",\"mediaId\":30177,\"mediaLink\":\"https:\/\/olimpijski.pl\/igrzyska_letnie\/atlanta-1996\/1996_atlanta_srebro_200\/#main\",\"mediaType\":\"image\",\"mediaWidth\":20} -->\n<div class=\"wp-block-media-text is-stacked-on-mobile\" style=\"grid-template-columns:20% auto\"><figure class=\"wp-block-media-text__media\"><img src=\"https:\/\/olimpijski.pl\/wp-content\/uploads\/1996\/06\/1996_Atlanta_srebro_200.jpg\" alt=\"\" class=\"wp-image-30177\"\/><\/figure><div class=\"wp-block-media-text__content\"><!-- wp:paragraph -->\n<p><strong>Aneta Szczepa\u0144ska<\/strong><br>(judo, 66 kg)<\/p>\n<!-- \/wp:paragraph -->\n\n<!-- wp:paragraph -->\n<p><strong>Artur Partyka<\/strong><br>(lekkoatletyka, skok wzwy\u017c)<\/p>\n<!-- \/wp:paragraph -->\n\n<!-- wp:paragraph -->\n<p><strong>Miros\u0142aw Rzepkowski<\/strong><br>(strzelectwo, skeet)<\/p>\n<!-- \/wp:paragraph -->\n\n<!-- wp:paragraph -->\n<p><strong>Jacek Fafi\u0144ski<\/strong><br>(zapasy, styl klasyczny - 90 kg)<\/p>\n<!-- \/wp:paragraph -->\n\n<!-- wp:paragraph -->\n<p><strong>Piotr Kie\u0142pikowski, Adam Krzesi\u0144ski, Jaros\u0142aw Rodzewicz, Ryszard Sobczak<\/strong><br>(szermierka, floret dru\u017cynowo)<\/p>\n<!-- \/wp:paragraph --><\/div><\/div>\n<!-- \/wp:media-text -->\n<!-- \/wp:ub\/content-toggle-panel-block -->\n<!-- \/wp:ub\/content-toggle-block -->\n\n<!-- wp:ub\/content-toggle-block {\"blockID\":\"7ba58206-48fb-4576-b72e-3ec4aee6e70e\",\"theme\":\"#f1f1f1\",\"collapsed\":true,\"titleColor\":\"#000000\"} -->\n<!-- wp:ub\/content-toggle-panel-block {\"parentID\":\"7ba58206-48fb-4576-b72e-3ec4aee6e70e\",\"theme\":\"#f1f1f1\",\"collapsed\":true,\"titleColor\":\"#000000\",\"panelTitle\":\"Br\u0105zowe\"} -->\n<!-- wp:paragraph -->\n<p><\/p>\n<!-- \/wp:paragraph -->\n\n<!-- wp:media-text {\"align\":\"\",\"mediaId\":30179,\"mediaLink\":\"https:\/\/olimpijski.pl\/igrzyska_letnie\/atlanta-1996\/1996_atlanta_braz_200\/#main\",\"mediaType\":\"image\",\"mediaWidth\":20} -->\n<div class=\"wp-block-media-text is-stacked-on-mobile\" style=\"grid-template-columns:20% auto\"><figure class=\"wp-block-media-text__media\"><img src=\"https:\/\/olimpijski.pl\/wp-content\/uploads\/1996\/06\/1996_Atlanta_braz_200.jpg\" alt=\"\" class=\"wp-image-30179\"\/><\/figure><div class=\"wp-block-media-text__content\"><!-- wp:paragraph -->\n<p><strong>Marek Markiewicz<\/strong><br>(kajakarstwo, K1 na 500 m)<\/p>\n<!-- \/wp:paragraph -->\n\n<!-- wp:paragraph -->\n<p><strong>Iwona Dzi\u0119cio\u0142, Katarzyna Klata, Joanna Nowicka<\/strong><br>(\u0142ucznictwo, turniej dru\u017cynowy)<\/p>\n<!-- \/wp:paragraph -->\n\n<!-- wp:paragraph -->\n<p><strong>Andrzej Cofalik<\/strong><br>(podnoszenie ci\u0119\u017car\u00f3w - 83 kg)<\/p>\n<!-- \/wp:paragraph -->\n\n<!-- wp:paragraph -->\n<p><strong>Renata Mauer<\/strong><br>(strzelectwo, karabin standard)<\/p>\n<!-- \/wp:paragraph -->\n\n<!-- wp:paragraph -->\n<p><strong>J\u00f3zef Tracz<\/strong><br>(zapasy, styl klasyczny - 74 kg)<\/p>\n<!-- \/wp:paragraph --><\/div><\/div>\n<!-- \/wp:media-text -->\n<!-- \/wp:ub\/content-toggle-panel-block -->\n<!-- \/wp:ub\/content-toggle-block -->\n\n<!-- wp:paragraph -->\n<p><\/p>\n<!-- \/wp:paragraph -->\n\n<!-- wp:quote {\"className\":\"is-style-default\"} -->\n<blockquote class=\"wp-block-quote is-style-default\"><p>Bohaterami reprezentacji byli polscy zapa\u015bnicy, kt\u00f3rzy odnie\u015bli najwi\u0119kszy sukces w historii start\u00f3w olimpijskich, zdobywaj\u0105c 3 z\u0142ote medale.<\/p><p>W programie rywalizacji znalaz\u0142y si\u0119 po raz pierwszy: siatk\u00f3wka pla\u017cowa, kolarstwo g\u00f3rskie, pi\u0142ka no\u017cna kobiet oraz softball&nbsp; kobiet. Po raz pierwszy na igrzyskach pojawi\u0142y si\u0119 reprezentacje: Azerbejd\u017canu, Burundi, Dominikany, Gwinei Bissau, Komor\u00f3w, Macedonii, Nauru, Palestyny, Republiki Zielonego Przyl\u0105dka, Saint Kitts i Nevis, Saint Lucia, Wyspy \u015bw. Tomasza i ksi\u0105\u017c\u0119cej, Tad\u017cykistanu i Turkmenistanu.<\/p><\/blockquote>\n<!-- \/wp:quote -->","post_title":"Atlanta 1996","post_excerpt":"","post_status":"publish","comment_status":"closed","ping_status":"closed","post_password":"","post_name":"atlanta-1996","to_ping":"","pinged":"","post_modified":"2020-10-02 12:55:26","post_modified_gmt":"2020-10-02 10:55:26","post_content_filtered":"","post_parent":0,"guid":"https:\/\/wai-q98d7hpf9hy9k.wpallimport-demo.qsandbox.me\/olympics_summer\/atlanta-1996\/","menu_order":0,"post_type":"olympics_summer","post_mime_type":"","comment_count":"0","filter":"raw"}],"competitions_rewards":[{"competition":[{"ID":5861,"post_author":"15","post_date":"2020-06-19 11:32:30","post_date_gmt":"2020-06-19 11:32:30","post_content":"","post_title":"Kajakarstwo, slalom","post_excerpt":"","post_status":"publish","comment_status":"closed","ping_status":"closed","post_password":"","post_name":"kajakarstwo-gorskie","to_ping":"","pinged":"","post_modified":"2021-12-07 09:44:19","post_modified_gmt":"2021-12-07 08:44:19","post_content_filtered":"","post_parent":0,"guid":"https:\/\/wai-q7byvryhhcz9k.wpallimport-demo.qsandbox.me\/competition\/kajakarstwo-gorskie\/","menu_order":0,"post_type":"competition","post_mime_type":"","comment_count":"0","filter":"raw"}],"reward":""}]}],"picture":{"ID":32498,"id":32498,"title":"_-Barbara-Wolnicka_Sydney-2000","filename":"Barbara-Wolnicka_Sydney-2000.jpg","filesize":39849,"url":"https:\/\/olimpijski.pl\/wp-content\/uploads\/2020\/06\/Barbara-Wolnicka_Sydney-2000.jpg","link":"https:\/\/olimpijski.pl\/en\/olimpijczycy\/barbara-miroslawa-wolnicka-szewczyk\/_-barbara-wolnicka_sydney-2000\/#main","alt":"","author":"15","description":"","caption":"","name":"_-barbara-wolnicka_sydney-2000","status":"inherit","uploaded_to":15225,"date":"2020-10-09 07:31:40","modified":"2020-10-09 07:31:40","menu_order":0,"mime_type":"image\/jpeg","type":"image","subtype":"jpeg","icon":"https:\/\/olimpijski.pl\/wp-includes\/images\/media\/default.png","width":503,"height":630,"sizes":{"thumbnail":"https:\/\/olimpijski.pl\/wp-content\/uploads\/2020\/06\/Barbara-Wolnicka_Sydney-2000-150x150.jpg","thumbnail-width":150,"thumbnail-height":150,"medium":"https:\/\/olimpijski.pl\/wp-content\/uploads\/2020\/06\/Barbara-Wolnicka_Sydney-2000-240x300.jpg","medium-width":240,"medium-height":300,"medium_large":"https:\/\/olimpijski.pl\/wp-content\/uploads\/2020\/06\/Barbara-Wolnicka_Sydney-2000.jpg","medium_large-width":503,"medium_large-height":630,"large":"https:\/\/olimpijski.pl\/wp-content\/uploads\/2020\/06\/Barbara-Wolnicka_Sydney-2000.jpg","large-width":503,"large-height":630,"1536x1536":"https:\/\/olimpijski.pl\/wp-content\/uploads\/2020\/06\/Barbara-Wolnicka_Sydney-2000.jpg","1536x1536-width":503,"1536x1536-height":630,"2048x2048":"https:\/\/olimpijski.pl\/wp-content\/uploads\/2020\/06\/Barbara-Wolnicka_Sydney-2000.jpg","2048x2048-width":503,"2048x2048-height":630,"ultp_layout_landscape_large":"https:\/\/olimpijski.pl\/wp-content\/uploads\/2020\/06\/Barbara-Wolnicka_Sydney-2000.jpg","ultp_layout_landscape_large-width":503,"ultp_layout_landscape_large-height":630,"ultp_layout_landscape":"https:\/\/olimpijski.pl\/wp-content\/uploads\/2020\/06\/Barbara-Wolnicka_Sydney-2000-503x570.jpg","ultp_layout_landscape-width":503,"ultp_layout_landscape-height":570,"ultp_layout_portrait":"https:\/\/olimpijski.pl\/wp-content\/uploads\/2020\/06\/Barbara-Wolnicka_Sydney-2000.jpg","ultp_layout_portrait-width":503,"ultp_layout_portrait-height":630,"ultp_layout_square":"https:\/\/olimpijski.pl\/wp-content\/uploads\/2020\/06\/Barbara-Wolnicka_Sydney-2000-503x600.jpg","ultp_layout_square-width":503,"ultp_layout_square-height":600}},"firstname":"Krzysztof Marek","lastname":"Ko\u0142oma\u0144ski","birthdate_date":"16\/08\/1973","birthdate":"16 sierpnia 1973","deathdate_date":"","deathdate":"","placeofbirth":"Opoczno","club":"Gerlach Drzewica","coach":"Kazimierz Kuropeski, Robert Korzeniewski","metrics":"170 cm \/ 68 kg","seolink":"kolomanski-krzysztof-marek","tmp_old_id":"13469","tmp_old_fid":"294","tmp_old_parent_id":"15544","createdate":"28\/01\/2014","tmp_old_title":"Ko\u0142oma\u0144ski  Krzysztof Marek","tmp_old_lead":"","tmp_old_body":"<p class=\"title-m-02\">KO\u0141OMA\u0143SKI  KRZYSZTOF MAREK<\/p><p><strong>prawnik, kanadyjkarz g\u00f3rski z Drzewicy, wieloletni partner Micha\u0142a Staniszewskiego, mistrz \u015bwiata w slalomie g\u00f3rskim (1995), trzykrotny uczestnik IO (1992, 1996, 2000), srebrny medalista olimpijski z Sydney (2000).<br\/><br\/><\/strong>Urodzony 16 sierpnia 1973 w Opocznie, syn Andrzeja i Wies\u0142awy St\u0119pniewskiej, absolwent Wydzia\u0142u Prawa UMCS w Lublinie (2001). Kanadyjkarz g\u00f3rski (170 cm, 68 kg), reprezentant Gerlacha Drzewica (1979-2001), wychowanek i podopieczny trener\u00f3w: Kazimierza Kuropeski i Roberta Korzeniewskiego. Jego kariera sportowa (a tak\u017ce wieloletniego partnera Micha\u0142a Staniszewskiego) zwi\u0105zana jest nieroz\u0142\u0105cznie z histori\u0105 ma\u0142ego klubu, kt\u00f3ry powsta\u0142 przy Zak\u0142adach Metalowych Gerlach w Drzewicy jeszcze w okresie mi\u0119dzywojennym (mia\u0142 tylko sekcj\u0119 pi\u0142ki no\u017cnej). Warunki do uprawiania kajakarstwa g\u00f3rskiego - zbudowanie na jeziorze sztucznego toru -\u00a0by\u0142o dzie\u0142em\u00a0powojennym dzie\u0142em grupy dzia\u0142aczy i ca\u0142ej spo\u0142eczno\u015bci miasteczka oraz dw\u00f3ch wspania\u0142ych szkoleniowc\u00f3w Kazimierza Kuropeski i Roberta Korzeniewskiego (rozpocz\u0105\u0142 treningi 10 marca 1978). To oni przed miejscow\u0105 m\u0142odzie\u017c\u0105 potrafili stworzy\u0107 wizj\u0119 sportowego wsp\u00f3\u0142zawodnictwa, kt\u00f3re najwytrwalszych mo\u017ce zaprowadzi\u0107 a\u017c na olimpijskie podium. Ko\u0142oma\u0144ski i Staniszewski, dzi\u0119ki wielkiemu talentowi, zaanga\u017cowaniu, wieloletniej pracy (wychowanie g\u00f3rskiego slalomisty to lata treningu), zrealizowali po mistrzowsku oczekiwania i marzenia mieszka\u0144c\u00f3w Drzewicy. Debiut w reprezentacji Polski junior\u00f3w (1987), mistrzostwo \u015bwiata junior\u00f3w (1991), mistrzostwo \u015bwiata senior\u00f3w w slalomie kanadyjek (1995), wreszcie srebrny medal olimpijski w Sydney (2000) - to kamienie milowe wspania\u0142ej kariery sportowej, kt\u00f3ra trwa\u0142a ponad dwadzie\u015bcia lat. <strong>Wielokrotny mistrz Polski:<\/strong> w tym C-2 slalom (1990, 1992). <strong>2-krotny medalista M\u015a<\/strong> 1995 Nottingham: 1 m. i 1999 Sen de Urgell: 2 m. w slalomie g\u00f3rskim C-2 wraz z M. Staniszewskim. <strong>3-krotny medalista ME<\/strong> 1996 Augsburg: 2 m. (sztafeta - slalom g\u00f3rski), 3 m. (slalom g\u00f3rski, z M. Staniszewskim), 2000 Val Di Sole - Mezzana: 3 m. (slalom g\u00f3rski C-2, z M. Staniszewskim). Smutne jest, niestety, zako\u0144czenie tej historii. Ko\u0142oma\u0144ski, jako ostatni dowiedzia\u0142 si\u0119 po sukcesie olimpijskim, \u017ce jego wieloletni partner rozstaje si\u0119 z nim i wyje\u017cd\u017ca do Kanady.\u00a0Chc\u0105c nie chc\u0105c, podejmuje decyzj\u0119 o zako\u0144czeniu kariery sportowej. 11 marca 2001 wieloletni trener kadry i srebrnego medalisty, szkoleniowa opoka g\u00f3rskich slalomist\u00f3w Robert Korzeniewski,\u00a0absolwent AWF, umiera w szpitalu w Pradze podczas zgrupowania kadry narodowej. Rodzi si\u0119 pytanie, czy znakomity zawodnik zostanie nast\u0119pc\u0105 swego trenerskiego mistrza? \u017bonaty (Danuta, prowadzi w Opocznie i Drzewicy dwa sklepy), ma syna Micha\u0142a (1994). Mieszka w Drzewicy, gdzie jest prezesem miejscowego LKS.<br\/><br\/>Bibl.: G\u0142uszek, Leksykon 1999, s. 231;\u00a0Magazyn Olimpijski, 2000, nr 8\/9, s. 65, nr 10\/11, s. 117; Du\u0144ski, Od Pary\u017ca, s. 362-363; Kronika Sportu 2000, s. 66, 235, 236;\u00a0Pawlak, Olimpijczycy, s. 122; Kronika Sportu, s. 905; Wywiad \u015brodowiskowy (ankieta wype\u0142niona przez zawodnika).<br\/><strong>*1992 Barcelona: kan. dw\u00f3jki\u00a0slalom<\/strong> - 10 m. na 17 start. z not\u0105 133.75 pkt. (zw. USA - 122.41pkt.). Partnerem\u00a0w osadzie by\u0142 M. Staniszewski.<br\/><strong>*1996 Atlanta: kan. dw\u00f3jki\u00a0 slalom<\/strong> - 7 m. na 15 start. z not\u0105 169.95 pkt. (zw. Francja -158.82 pkt.). Partnerem\u00a0w\u00a0osadzie by\u0142\u00a0M.\u00a0Staniszewski.<br\/><strong>*2000 Sydney:\u00a0 kan. dw\u00f3jki slalom<\/strong> - 6 m. w elim. (12 osad) z not\u0105 285,94 pkt. (148,46; 137,48 ), 2 m. w finale (8 osad) z not\u0105 243,81 pkt. (124,19+119,62), <strong>zdobywaj\u0105c srebrny medal<\/strong> (zw. S\u0142owacja -237,74 pkt.;121.01 + 116.73 ). Partnerem\u00a0w\u00a0 osadzie by\u0142\u00a0 M. Staniszewski.<br\/><\/p><!-- history --><table width=\"85%\" style=\"text-align:right\" border=\"0\" cellspacing=\"0\" cellpadding=\"0\">  <tr>    <td align=\"right\" class=\"box3-title\"><a href=\"javascript:history.back()\">\u00ab powr\u00f3t do listy<\/a><\/td>  <\/tr><\/table>","tmp_old_body_img":false,"tmp_old_lead_img":false,"picture_medalists":false,"important":"","person_achivments":""},"_links":{"self":[{"href":"https:\/\/olimpijski.pl\/en\/wp-json\/wp\/v2\/person\/14089"}],"collection":[{"href":"https:\/\/olimpijski.pl\/en\/wp-json\/wp\/v2\/person"}],"about":[{"href":"https:\/\/olimpijski.pl\/en\/wp-json\/wp\/v2\/types\/person"}],"version-history":[{"count":2,"href":"https:\/\/olimpijski.pl\/en\/wp-json\/wp\/v2\/person\/14089\/revisions"}],"predecessor-version":[{"id":32611,"href":"https:\/\/olimpijski.pl\/en\/wp-json\/wp\/v2\/person\/14089\/revisions\/32611"}],"wp:attachment":[{"href":"https:\/\/olimpijski.pl\/en\/wp-json\/wp\/v2\/media?parent=14089"}],"curies":[{"name":"wp","href":"https:\/\/api.w.org\/{rel}","templated":true}]}}