{"id":14106,"date":"2020-06-24T16:47:10","date_gmt":"2020-06-24T14:47:10","guid":{"rendered":"http:\/\/pkol.local\/person\/kopyto-jan-antoni\/"},"modified":"2020-09-21T01:12:15","modified_gmt":"2020-09-20T23:12:15","slug":"kopyto-jan-antoni","status":"publish","type":"person","link":"https:\/\/olimpijski.pl\/en\/olimpijczycy\/kopyto-jan-antoni\/","title":{"rendered":"Kopyto Jan Antoni"},"content":{"rendered":"<p class=\"title-m-02\">KOPYTO  JAN  ANTONI<\/p>\n<p><strong>nauczyciel&nbsp;wf,&nbsp;trener, czo\u0142owy oszczepnik polski lat pi\u0119\u0107dziesi\u0105tych, uczestnik IO w Melbourne (1956).<br \/>\n<\/strong><br \/>\nUrodzony 15 czerwca 1934 w m. Gocza\u0142ki, pow. Grudzi\u0105dz w ch\u0142opskiej rodzinie Antoniego i Marii z Oleks&oacute;w, uko\u0144czy\u0142 Technikum Le\u015bne w Rogozi\u0144cu (1954) i&nbsp;AWF w Warszawie (1959), gdzie otrzyma\u0142 tytu\u0142 mgr wf. Wielki talent oszczepniczy robi\u0105cy szybkie post\u0119py pod okiem trenera Zygmunta Szelesta niejako w cieniu wielkiej kariery Janusza Sid\u0142y. 8-krotny&nbsp; reprezentant Polski w meczach mi\u0119dzypa\u0144stwowych 1956-1958 (8 start&oacute;w, 1 zwyci\u0119stwo indywidualne). Zawodnik Unii Zielona G&oacute;ra (1953-1955) i AZS Warszawa (1956-1958). 2-krotny br\u0105zowy medalista MP (1954, 1958), wicemistrz Uniwersiady w Pary\u017cu (1957), gdzie zaj\u0105\u0142 2 m. (77.79) i&nbsp;Mi\u0119dzynarodowych Igrzysk M\u0142odzie\u017cy i Student&oacute;w w Moskwie (1957), gdzie by\u0142 r&oacute;wnie\u017c 2 (76.70) przegrywaj\u0105c tylko z J. Sid\u0142o (80.12). Rekordy \u017cyciowe: w oszczepie &#8211; 83.37 (13 pa\u017adziernika 1957 Warszawa) i&nbsp;pchni\u0119ciu kul\u0105 &#8211; 14.62 (8 lipca 1956 Warszawa). B\u0142yskotliwa i niezwykle ciekawie zapowiadaj\u0105c\u0105 si\u0119 karier\u0119 przerwa\u0142a w 1960 roku kontuzja (zwichni\u0119cie barku z zerwaniem wi\u0119zade\u0142 i nerw&oacute;w), kt&oacute;ra wyeliminowa\u0142a go&nbsp;z grona zawodnik&oacute;w. W 1969 r. wyjecha\u0142 do Wielkiej Brytanii, gdzie pozosta\u0142 na sta\u0142e. Pracowa\u0142 pod Londynem jako trener kadry Wlk. Brytanii (1971-76) i nauczyciel wf.<\/p>\n<p><em>Bibl.: G\u0142uszek, Leksykon 1999, s. 233; Pawlak, Olimpijczycy, s. 124; \u0141ojewski, Mecze m\u0119\u017cczyzn, s. 44 , 331; Kurzy\u0144ski, Indeks LA 1945-1956 (oprac. niepubl.); MP m\u0119\u017cczyzn 1945-2002 (oprac. PZLA niepubl.); Rozum, Osi\u0105gni\u0119cia, Rzut oszczepem m., s. 169; Encyklopedia (Statystyczna) LA , s. 76, 119, 134; MES, t. 1, s. 296; zur Megede, Die Geschichte der olympischen Leichtathletik, t. 2, s. 148, 150; AAWF Warszawa, D-1369\/ S.<\/em><\/p>\n<p><strong>*1956 Melbourne: oszczep<\/strong> &#8211; w elim. osi\u0105gn\u0105\u0142 68.19 (min. kwalifik. 66.00), w finale 5 m. (15 zaw.) z wynikiem 74.28 (zw. Norweg E. Danielsen&nbsp; 85.71).<\/p>\n<p><!-- history --><\/p>\n<table width=\"85%\" cellspacing=\"0\" cellpadding=\"0\" border=\"0\" style=\"text-align:right\">\n<tbody>\n<tr>\n<td align=\"right\" class=\"box3-title\"><a href=\"javascript:history.back()\">&laquo; powr&oacute;t do listy<\/a><\/td>\n<\/tr>\n<\/tbody>\n<\/table>\n","protected":false},"excerpt":{"rendered":"<p>KOPYTO JAN ANTONI nauczyciel&nbsp;wf,&nbsp;trener, czo\u0142owy oszczepnik polski lat pi\u0119\u0107dziesi\u0105tych, uczestnik IO w Melbourne (1956). Urodzony 15 czerwca 1934 w m. Gocza\u0142ki, pow.<\/p>\n","protected":false},"featured_media":0,"menu_order":60,"template":"","meta":{"_acf_changed":false,"ub_ctt_via":"","footnotes":""},"class_list":["post-14106","person","type-person","status-publish","hentry","infinite-scroll-item","no-featured-image-padding"],"acf":{"olimpic_information":[{"olimpic":[{"ID":305,"post_author":"1","post_date":"1956-06-17 13:34:45","post_date_gmt":"1956-06-17 12:34:45","post_content":"<!-- wp:heading {\"level\":1,\"className\":\"main-title\"} -->\n<h1 class=\"main-title\"><strong>Igrzyska XVI Olimpiady<\/strong><br>Melbourne 1956<\/h1>\n<!-- \/wp:heading -->\n\n<!-- wp:paragraph -->\n<p><br><\/p>\n<!-- \/wp:paragraph -->\n\n<!-- wp:image {\"align\":\"left\",\"id\":19332,\"width\":147,\"height\":147,\"sizeSlug\":\"large\",\"className\":\"is-style-default\"} -->\n<div class=\"wp-block-image is-style-default\"><figure class=\"alignleft size-large is-resized\"><img src=\"https:\/\/olimpijski.pl\/wp-content\/uploads\/1956\/06\/melbourne1956.png\" alt=\"\" class=\"wp-image-19332\" width=\"147\" height=\"147\"\/><\/figure><\/div>\n<!-- \/wp:image -->\n\n<!-- wp:list -->\n<ul><li>Igrzyska rozegrano w dniach <strong>22 listopada \u2013 8 grudnia<\/strong> (ze wzgl\u0119du na problemy z kwarantann\u0105 koni konkurencje je\u017adzieckie odby\u0142y si\u0119 w Sztokholmie w dniach <strong>10-17 czerwca<\/strong>).<\/li><li>Wystartowa\u0142o <strong>3314<\/strong> zawodnik\u00f3w (w tym <strong>376<\/strong> kobiet) z <strong>72<\/strong> kraj\u00f3w.<\/li><li>Rozdano <strong>151<\/strong> komplet\u00f3w medali.<\/li><li>Znicz zapalili na dw\u00f3ch wie\u017cach stadionu <strong>Karin Lindberg<\/strong> i <strong>Henry Eriksson<\/strong>. W Melbourne znicz zapali\u0142 <strong>Ron Clarke<\/strong>.<\/li><li>Przysi\u0119g\u0119 w imieniu olimpijczyk\u00f3w w Sztokholmie sk\u0142ada\u0142 je\u017adziec <strong>Henri Julius Reverony Saint-Cyr<\/strong>, a w Melbourne lekkoatleta <strong>John Landy<\/strong>.<\/li><li>Igrzyska otworzy\u0142 ma\u0142\u017conek kr\u00f3lowej El\u017cbiety II, <strong>ksi\u0105\u017c\u0119 Edynburga Filip Mountbatten<\/strong>.<\/li><\/ul>\n<!-- \/wp:list -->\n\n<!-- wp:heading -->\n<h2><strong>Program Igrzysk \u2013 19 dyscyplin, 151 konkurencji<\/strong><\/h2>\n<!-- \/wp:heading -->\n\n<!-- wp:paragraph -->\n<p>boks (10 konkurencji), gimnastyka (15), hokej na trawie (1), je\u017adziectwo (6), kajakarstwo (9), kolarstwo (6), koszyk\u00f3wka (1), lekkoatletyka (33), pi\u0119ciob\u00f3j nowoczesny (2), pi\u0142ka no\u017cna (1), pi\u0142ka wodna (1), p\u0142ywanie (13), podnoszenie ci\u0119\u017car\u00f3w (7), skoki do wody (4), strzelectwo (7), szermierka (7), wio\u015blarstwo (7), zapasy (16), \u017ceglarstwo (5).<\/p>\n<!-- \/wp:paragraph -->\n\n<!-- wp:heading -->\n<h2><strong>Gwiazda Igrzysk<\/strong><\/h2>\n<!-- \/wp:heading -->\n\n<!-- wp:paragraph -->\n<p><strong>Larysa \u0141atynina<\/strong> (ZSRR, gimnastyka sportowa) \u2013 5 z\u0142otych medali i 1 srebrny<\/p>\n<!-- \/wp:paragraph -->\n\n<!-- wp:heading -->\n<h2><strong>Polska Reprezentacja Olimpijska<\/strong><\/h2>\n<!-- \/wp:heading -->\n\n<!-- wp:paragraph -->\n<p><strong>65 os\u00f3b<\/strong> (startowa\u0142y 64 \u2013 15 kobiet i 49 m\u0119\u017cczyzn) w 9 sportach: 9 bokser\u00f3w, 5 ci\u0119\u017carowc\u00f3w, 7 gimnastyczek (6 startowa\u0142o + 1 rez.), 4 kajakarzy (w tym 1 kobieta), 23 lekkoatlet\u00f3w (w tym 7 kobiet), 1 p\u0142ywaczka, 6 szermierzy, 2 strzelc\u00f3w, 8 wio\u015blarzy.<\/p>\n<!-- \/wp:paragraph -->\n\n<!-- wp:paragraph -->\n<p>Chor\u0105\u017cym reprezentacji Polski by\u0142&nbsp; m\u0142ociarz <strong>Tadeusz Rut<\/strong>.<\/p>\n<!-- \/wp:paragraph -->\n\n<!-- wp:heading -->\n<h2><strong>Klasyfikacja medalowa<\/strong><\/h2>\n<!-- \/wp:heading -->\n\n<!-- wp:table {\"hasFixedLayout\":true,\"className\":\"is-style-stripes\"} -->\n<figure class=\"wp-block-table is-style-stripes\"><table class=\"has-fixed-layout\"><tbody><tr><td><\/td><td><\/td><td class=\"has-text-align-center\" data-align=\"center\">&nbsp;<\/td><td class=\"has-text-align-center\" data-align=\"center\">&nbsp;<\/td><td class=\"has-text-align-center\" data-align=\"center\">&nbsp;<\/td><td class=\"has-text-align-center\" data-align=\"center\">&nbsp;<\/td><\/tr><tr><td>&nbsp;<\/td><td>&nbsp;<\/td><td class=\"has-text-align-center\" data-align=\"center\">&nbsp;<\/td><td class=\"has-text-align-center\" data-align=\"center\"><img class=\"wp-image-27817\" style=\"width: 50px;\" src=\"https:\/\/olimpijski.pl\/wp-content\/uploads\/2016\/06\/2016_Rio_zloty_50x50.jpg\" alt=\"\"><\/td><td class=\"has-text-align-center\" data-align=\"center\"><img class=\"wp-image-27819\" style=\"width: 50px;\" src=\"https:\/\/olimpijski.pl\/wp-content\/uploads\/2016\/06\/2016_Rio_sreb_50x50.jpg\" alt=\"\"><\/td><td class=\"has-text-align-center\" data-align=\"center\"><img class=\"wp-image-27821\" style=\"width: 50px;\" src=\"https:\/\/olimpijski.pl\/wp-content\/uploads\/2016\/06\/2016_Rio_braz_50x50.jpg\" alt=\"\"><\/td><\/tr><tr><td>1.<\/td><td>ZSRR<\/td><td class=\"has-text-align-center\" data-align=\"center\">98<\/td><td class=\"has-text-align-center\" data-align=\"center\">37<\/td><td class=\"has-text-align-center\" data-align=\"center\">29<\/td><td class=\"has-text-align-center\" data-align=\"center\">32<\/td><\/tr><tr><td>2.<\/td><td>USA<\/td><td class=\"has-text-align-center\" data-align=\"center\">74<\/td><td class=\"has-text-align-center\" data-align=\"center\">32<\/td><td class=\"has-text-align-center\" data-align=\"center\">25<\/td><td class=\"has-text-align-center\" data-align=\"center\">17<\/td><\/tr><tr><td>3.<\/td><td>Australia<\/td><td class=\"has-text-align-center\" data-align=\"center\">35<\/td><td class=\"has-text-align-center\" data-align=\"center\">13<\/td><td class=\"has-text-align-center\" data-align=\"center\">8<\/td><td class=\"has-text-align-center\" data-align=\"center\">14<\/td><\/tr><tr><td>...<\/td><td>&nbsp;<\/td><td class=\"has-text-align-center\" data-align=\"center\">&nbsp;<\/td><td class=\"has-text-align-center\" data-align=\"center\">&nbsp;<\/td><td class=\"has-text-align-center\" data-align=\"center\">&nbsp;<\/td><td class=\"has-text-align-center\" data-align=\"center\">&nbsp;<\/td><\/tr><tr><td><strong>17.<\/strong><\/td><td><strong>Polska<\/strong><\/td><td class=\"has-text-align-center\" data-align=\"center\"><strong>9<\/strong><\/td><td class=\"has-text-align-center\" data-align=\"center\"><strong>1<\/strong><\/td><td class=\"has-text-align-center\" data-align=\"center\"><strong>4<\/strong><\/td><td class=\"has-text-align-center\" data-align=\"center\"><strong>4<\/strong><\/td><\/tr><\/tbody><\/table><\/figure>\n<!-- \/wp:table -->\n\n<!-- wp:heading -->\n<h2><strong>Medale dla Polski (9)<\/strong><\/h2>\n<!-- \/wp:heading -->\n\n<!-- wp:ub\/content-toggle-block {\"blockID\":\"217075f5-6df1-4b44-8349-12ae685c9a5e\",\"theme\":\"#f1f1f1\",\"collapsed\":true,\"titleColor\":\"#000000\"} -->\n<!-- wp:ub\/content-toggle-panel-block {\"parentID\":\"217075f5-6df1-4b44-8349-12ae685c9a5e\",\"theme\":\"#f1f1f1\",\"collapsed\":true,\"titleColor\":\"#000000\",\"panelTitle\":\"Z\u0142oty\"} -->\n<!-- wp:paragraph -->\n<p><\/p>\n<!-- \/wp:paragraph -->\n\n<!-- wp:media-text {\"align\":\"\",\"mediaId\":30241,\"mediaLink\":\"https:\/\/olimpijski.pl\/igrzyska_letnie\/melbourne-1956\/1956_melbourne_zloty_200-2\/#main\",\"mediaType\":\"image\",\"mediaWidth\":20} -->\n<div class=\"wp-block-media-text is-stacked-on-mobile\" style=\"grid-template-columns:20% auto\"><figure class=\"wp-block-media-text__media\"><img src=\"https:\/\/olimpijski.pl\/wp-content\/uploads\/1956\/06\/1956_Melbourne_zloty_200-1.jpg\" alt=\"\" class=\"wp-image-30241\"\/><\/figure><div class=\"wp-block-media-text__content\"><!-- wp:paragraph -->\n<p><strong>El\u017cbieta Du\u0144ska<\/strong><br>(lekkoatletyka, skok w dal)<\/p>\n<!-- \/wp:paragraph --><\/div><\/div>\n<!-- \/wp:media-text -->\n<!-- \/wp:ub\/content-toggle-panel-block -->\n<!-- \/wp:ub\/content-toggle-block -->\n\n<!-- wp:ub\/content-toggle-block {\"blockID\":\"67ddeb95-8bad-4c8e-a939-3643cfe5d0ba\",\"theme\":\"#f1f1f1\",\"collapsed\":true,\"titleColor\":\"#000000\"} -->\n<!-- wp:ub\/content-toggle-panel-block {\"parentID\":\"67ddeb95-8bad-4c8e-a939-3643cfe5d0ba\",\"theme\":\"#f1f1f1\",\"collapsed\":true,\"titleColor\":\"#000000\",\"panelTitle\":\"Srebrne\"} -->\n<!-- wp:paragraph -->\n<p><\/p>\n<!-- \/wp:paragraph -->\n\n<!-- wp:media-text {\"align\":\"\",\"mediaId\":30243,\"mediaLink\":\"https:\/\/olimpijski.pl\/igrzyska_letnie\/melbourne-1956\/1956_melbourne_sreb_200\/#main\",\"mediaType\":\"image\",\"mediaWidth\":20} -->\n<div class=\"wp-block-media-text is-stacked-on-mobile\" style=\"grid-template-columns:20% auto\"><figure class=\"wp-block-media-text__media\"><img src=\"https:\/\/olimpijski.pl\/wp-content\/uploads\/1956\/06\/1956_Melbourne_sreb_200.jpg\" alt=\"\" class=\"wp-image-30243\"\/><\/figure><div class=\"wp-block-media-text__content\"><!-- wp:paragraph -->\n<p><strong>Janusz Sid\u0142o<\/strong><br>(lekkoatletyka, rzut oszczepem)<\/p>\n<!-- \/wp:paragraph -->\n\n<!-- wp:paragraph -->\n<p><strong>Adam Smelczy\u0144ski<\/strong><br>(strzelectwo, rzutki)<\/p>\n<!-- \/wp:paragraph -->\n\n<!-- wp:paragraph -->\n<p><strong>Marian Kuszewski, Zygmunt Pawlas, Jerzy Paw\u0142owski, Andrzej Pi\u0105tkowski, Wojciech Zab\u0142ocki, Ryszard Zub<\/strong><br>(szermierka, szabla dru\u017cynowo)<\/p>\n<!-- \/wp:paragraph -->\n\n<!-- wp:paragraph -->\n<p><strong>Jerzy Paw\u0142owski<\/strong><br>(szermierka, szabla)<\/p>\n<!-- \/wp:paragraph --><\/div><\/div>\n<!-- \/wp:media-text -->\n<!-- \/wp:ub\/content-toggle-panel-block -->\n<!-- \/wp:ub\/content-toggle-block -->\n\n<!-- wp:ub\/content-toggle-block {\"blockID\":\"460515f8-d072-48da-83ac-971bda549441\",\"theme\":\"#f1f1f1\",\"collapsed\":true,\"titleColor\":\"#000000\"} -->\n<!-- wp:ub\/content-toggle-panel-block {\"parentID\":\"460515f8-d072-48da-83ac-971bda549441\",\"theme\":\"#f1f1f1\",\"collapsed\":true,\"titleColor\":\"#000000\",\"panelTitle\":\"Br\u0105zowe\"} -->\n<!-- wp:paragraph -->\n<p><\/p>\n<!-- \/wp:paragraph -->\n\n<!-- wp:media-text {\"align\":\"\",\"mediaId\":30245,\"mediaLink\":\"https:\/\/olimpijski.pl\/igrzyska_letnie\/melbourne-1956\/1956_melbourne_braz_200\/#main\",\"mediaType\":\"image\",\"mediaWidth\":20} -->\n<div class=\"wp-block-media-text is-stacked-on-mobile\" style=\"grid-template-columns:20% auto\"><figure class=\"wp-block-media-text__media\"><img src=\"https:\/\/olimpijski.pl\/wp-content\/uploads\/1956\/06\/1956_Melbourne_braz_200.jpg\" alt=\"\" class=\"wp-image-30245\"\/><\/figure><div class=\"wp-block-media-text__content\"><!-- wp:paragraph -->\n<p><strong>Dorota Horzonek, Natalia Kot, Helena Rakoczy, Danuta Stachow, Lidia Szczerbi\u0144ska, Barbara \u015alizowska<\/strong><br>(gimnastyka, dru\u017cynowo z przyborem)<\/p>\n<!-- \/wp:paragraph -->\n\n<!-- wp:paragraph -->\n<p><strong>Marian Zieli\u0144ski<\/strong><br>(podnoszenie ci\u0119\u017car\u00f3w, 60 kg)<\/p>\n<!-- \/wp:paragraph -->\n\n<!-- wp:paragraph -->\n<p><strong>Zbigniew Pietrzykowski<\/strong><br>(boks, waga lekko\u015brednia)<\/p>\n<!-- \/wp:paragraph -->\n\n<!-- wp:paragraph -->\n<p><strong>Henryk Nied\u017awiedzki<\/strong><br>(boks, waga pi\u00f3rkowa)<\/p>\n<!-- \/wp:paragraph --><\/div><\/div>\n<!-- \/wp:media-text -->\n\n<!-- wp:paragraph -->\n<p><\/p>\n<!-- \/wp:paragraph -->\n<!-- \/wp:ub\/content-toggle-panel-block -->\n<!-- \/wp:ub\/content-toggle-block -->\n\n<!-- wp:paragraph -->\n<p><\/p>\n<!-- \/wp:paragraph -->\n\n<!-- wp:quote {\"className\":\"is-style-default\"} -->\n<blockquote class=\"wp-block-quote is-style-default\"><p>Po raz pierwszy na czele klasyfikacji medalowej igrzysk znale\u017ali si\u0119 sportowcy ZSRR, kt\u00f3rzy zdobyli 98 medali.<\/p><\/blockquote>\n<!-- \/wp:quote -->","post_title":"Melbourne 1956","post_excerpt":"","post_status":"publish","comment_status":"closed","ping_status":"closed","post_password":"","post_name":"melbourne-1956","to_ping":"","pinged":"","post_modified":"2020-10-02 15:54:58","post_modified_gmt":"2020-10-02 13:54:58","post_content_filtered":"","post_parent":0,"guid":"https:\/\/wai-q98d7hpf9hy9k.wpallimport-demo.qsandbox.me\/olympics_summer\/melbourne-1956\/","menu_order":0,"post_type":"olympics_summer","post_mime_type":"","comment_count":"0","filter":"raw"}],"competitions_rewards":[{"competition":[{"ID":5819,"post_author":"1","post_date":"2020-06-19 11:32:23","post_date_gmt":"2020-06-19 11:32:23","post_content":"","post_title":"Lekkoatletyka","post_excerpt":"","post_status":"publish","comment_status":"open","ping_status":"open","post_password":"","post_name":"lekkoatletyka","to_ping":"","pinged":"","post_modified":"2020-06-29 13:17:08","post_modified_gmt":"2020-06-29 11:17:08","post_content_filtered":"","post_parent":0,"guid":"https:\/\/wai-q7byvryhhcz9k.wpallimport-demo.qsandbox.me\/competition\/lekkoatletyka\/","menu_order":0,"post_type":"competition","post_mime_type":"","comment_count":"0","filter":"raw"}],"reward":""},{"competition":null,"reward":""}]}],"picture":false,"firstname":"","lastname":"Kopyto Jan Antoni","birthdate_date":"15\/06\/1934","birthdate":"15 czerwca 1934","deathdate_date":"","deathdate":"","placeofbirth":"","club":"","coach":"","metrics":"","seolink":"kopyto-jan-antoni","tmp_old_id":"13935","tmp_old_fid":"294","tmp_old_parent_id":"15544","createdate":"06\/11\/2013","tmp_old_title":"Kopyto  Jan  Antoni","tmp_old_lead":"","tmp_old_body":"<p class=\"title-m-02\">KOPYTO  JAN  ANTONI<\/p>\n<p><strong>nauczyciel&nbsp;wf,&nbsp;trener, czo\u0142owy oszczepnik polski lat pi\u0119\u0107dziesi\u0105tych, uczestnik IO w Melbourne (1956).<br \/>\n<\/strong><br \/>\nUrodzony 15 czerwca 1934 w m. Gocza\u0142ki, pow. Grudzi\u0105dz w ch\u0142opskiej rodzinie Antoniego i Marii z Oleks&oacute;w, uko\u0144czy\u0142 Technikum Le\u015bne w Rogozi\u0144cu (1954) i&nbsp;AWF w Warszawie (1959), gdzie otrzyma\u0142 tytu\u0142 mgr wf. Wielki talent oszczepniczy robi\u0105cy szybkie post\u0119py pod okiem trenera Zygmunta Szelesta niejako w cieniu wielkiej kariery Janusza Sid\u0142y. 8-krotny&nbsp; reprezentant Polski w meczach mi\u0119dzypa\u0144stwowych 1956-1958 (8 start&oacute;w, 1 zwyci\u0119stwo indywidualne). Zawodnik Unii Zielona G&oacute;ra (1953-1955) i AZS Warszawa (1956-1958). 2-krotny br\u0105zowy medalista MP (1954, 1958), wicemistrz Uniwersiady w Pary\u017cu (1957), gdzie zaj\u0105\u0142 2 m. (77.79) i&nbsp;Mi\u0119dzynarodowych Igrzysk M\u0142odzie\u017cy i Student&oacute;w w Moskwie (1957), gdzie by\u0142 r&oacute;wnie\u017c 2 (76.70) przegrywaj\u0105c tylko z J. Sid\u0142o (80.12). Rekordy \u017cyciowe: w oszczepie - 83.37 (13 pa\u017adziernika 1957 Warszawa) i&nbsp;pchni\u0119ciu kul\u0105 - 14.62 (8 lipca 1956 Warszawa). B\u0142yskotliwa i niezwykle ciekawie zapowiadaj\u0105c\u0105 si\u0119 karier\u0119 przerwa\u0142a w 1960 roku kontuzja (zwichni\u0119cie barku z zerwaniem wi\u0119zade\u0142 i nerw&oacute;w), kt&oacute;ra wyeliminowa\u0142a go&nbsp;z grona zawodnik&oacute;w. W 1969 r. wyjecha\u0142 do Wielkiej Brytanii, gdzie pozosta\u0142 na sta\u0142e. Pracowa\u0142 pod Londynem jako trener kadry Wlk. Brytanii (1971-76) i nauczyciel wf.<br \/>\n<br \/>\n<em>Bibl.: G\u0142uszek, Leksykon 1999, s. 233; Pawlak, Olimpijczycy, s. 124; \u0141ojewski, Mecze m\u0119\u017cczyzn, s. 44 , 331; Kurzy\u0144ski, Indeks LA 1945-1956 (oprac. niepubl.); MP m\u0119\u017cczyzn 1945-2002 (oprac. PZLA niepubl.); Rozum, Osi\u0105gni\u0119cia, Rzut oszczepem m., s. 169; Encyklopedia (Statystyczna) LA , s. 76, 119, 134; MES, t. 1, s. 296; zur Megede, Die Geschichte der olympischen Leichtathletik, t. 2, s. 148, 150; AAWF Warszawa, D-1369\/ S.<\/em><\/p>\n<p><strong>*1956 Melbourne: oszczep<\/strong> - w elim. osi\u0105gn\u0105\u0142 68.19 (min. kwalifik. 66.00), w finale 5 m. (15 zaw.) z wynikiem 74.28 (zw. Norweg E. Danielsen&nbsp; 85.71).<\/p>\n<!-- history -->\n<table width=\"85%\" cellspacing=\"0\" cellpadding=\"0\" border=\"0\" style=\"text-align:right\">\n    <tbody>\n        <tr>\n            <td align=\"right\" class=\"box3-title\"><a href=\"javascript:history.back()\">&laquo; powr&oacute;t do listy<\/a><\/td>\n        <\/tr>\n    <\/tbody>\n<\/table>","tmp_old_body_img":false,"tmp_old_lead_img":false,"picture_medalists":false,"important":""},"_links":{"self":[{"href":"https:\/\/olimpijski.pl\/en\/wp-json\/wp\/v2\/person\/14106"}],"collection":[{"href":"https:\/\/olimpijski.pl\/en\/wp-json\/wp\/v2\/person"}],"about":[{"href":"https:\/\/olimpijski.pl\/en\/wp-json\/wp\/v2\/types\/person"}],"version-history":[{"count":0,"href":"https:\/\/olimpijski.pl\/en\/wp-json\/wp\/v2\/person\/14106\/revisions"}],"wp:attachment":[{"href":"https:\/\/olimpijski.pl\/en\/wp-json\/wp\/v2\/media?parent=14106"}],"curies":[{"name":"wp","href":"https:\/\/api.w.org\/{rel}","templated":true}]}}