{"id":14146,"date":"2020-06-24T16:47:19","date_gmt":"2020-06-24T14:47:19","guid":{"rendered":"http:\/\/pkol.local\/person\/jan-kowal\/"},"modified":"2022-07-08T13:02:37","modified_gmt":"2022-07-08T11:02:37","slug":"jan-kowal","status":"publish","type":"person","link":"https:\/\/olimpijski.pl\/en\/olimpijczycy\/jan-kowal\/","title":{"rendered":"Jan Kowal"},"content":{"rendered":"\n<p><br><br><br><\/p>\n\n\n\n<p><strong>skoczek narciarski z Zakopanego, wielokrotny mistrz i reprezentant Polski, rekordzista Wielkiej Krokwi (122,5 m), olimpijczyk z Calgary (1988).<br><\/strong><br>Urodzony 8 lipca 1967 w Zakopanem, absolwent zasadniczej szko\u0142y zawodowej (stolarz). Skoczek narciarski (168 cm, 62 kg), reprezentant WKS Zakopane (1979-1993), podopieczny trener\u00f3w: Lecha Nadarkiewicza i Krzysztofa Soba\u0144skiego. 7-krotny mistrz Polski: na skoczni 70. m (1988-1990), 85. m (1991), 90. m (1989), 116. miejsce (1991-1992). 8-krotny wicemistrz Polski: na skoczni 70. m (1986-1987), 85. m (1992-1993), 90. m (1986-1988) i 116. m (1993).<\/p>\n\n\n\n<p>7-krotny&nbsp;mistrz kraju w konkurencji&nbsp;dru\u017cynowej (1986-1989, 1991-1993). 5-krotny uczestnik M\u015a: 1985 Seefeld: 64. m (70 m), 59. m (90 m); 1986 Bad Mittendorf: 12. m (loty); 1987 Oberstdorf: 14. m (70 m), 41. m (90 m), 13. m (dru\u017c.); 1989 Lahti: 58. m (70 m), 51. m (90 m), 12. m (dru\u017c.); 1991 Valle di Fiemme: 47. m (90 m), 39. m (120 m). Rekordzista skoczni Wielka Krokiew w Zakopanem &#8211; 122,5 m (1986).<\/p>\n\n\n\n<p><strong>*1988 Calgary: skoki narciarskie, \u015brednia skocznia<\/strong> &#8211; 34-35 m.&nbsp;z not\u0105 174.3&nbsp;za skoki 79 m i 77 m (zw. M. Nykaenen, Finlandia z not\u0105 229.1 za skoki 89,5 m i 89,5 m); <strong>du\u017ca skocznia<\/strong> &#8211; 37 m. z not\u0105&nbsp;164.3 za skoki 102 m i 93 m (zw. M. Nykaenen, Finlandia z not\u0105 224.0 za skoki 118,5 i 107 m).<\/p>\n\n\n\n<p><em>Bibl.: G\u0142uszek, Leksykon 1999, s. 237;&nbsp;Pawlak, Olimpijczycy, s. 128;&nbsp;Szatkowski, Stanis\u0142aw Marusarz, s. 144;&nbsp;Ziele\u015bkiewicz, Encyklopedia, s. 111, 394;&nbsp;Szatkowski, 50 lat WKS Zakopane, s. 353-356; Szatkowski, Od Marusarza do Ma\u0142ysza, s. 251-254.<\/em><\/p>\n","protected":false},"excerpt":{"rendered":"<p>skoczek narciarski z Zakopanego, wielokrotny mistrz i reprezentant Polski, rekordzista Wielkiej Krokwi (122,5 m), olimpijczyk z Calgary (1988). &#8230; <a class=\"read-more\" href=\"https:\/\/olimpijski.pl\/en\/olimpijczycy\/jan-kowal\/\">Czytaj dalej<\/a><\/p>\n","protected":false},"featured_media":0,"menu_order":60,"template":"","meta":{"_acf_changed":false,"ub_ctt_via":"","footnotes":""},"class_list":["post-14146","person","type-person","status-publish","hentry","infinite-scroll-item","no-featured-image-padding"],"acf":{"olimpic_information":[{"olimpic":[{"ID":5898,"post_author":"15","post_date":"1988-06-17 13:54:39","post_date_gmt":"1988-06-17 11:54:39","post_content":"<!-- wp:heading {\"level\":1,\"className\":\"main-title\"} -->\n<h1 class=\"main-title\"><strong>XV ZIO<\/strong><br>Calgary 1988<\/h1>\n<!-- \/wp:heading -->\n\n<!-- wp:paragraph -->\n<p><br><\/p>\n<!-- \/wp:paragraph -->\n\n<!-- wp:image {\"align\":\"left\",\"id\":19362,\"sizeSlug\":\"large\",\"className\":\"is-style-default\"} -->\n<div class=\"wp-block-image is-style-default\"><figure class=\"alignleft size-large\"><img src=\"https:\/\/olimpijski.pl\/wp-content\/uploads\/1988\/06\/calgary1988.png\" alt=\"\" class=\"wp-image-19362\"\/><\/figure><\/div>\n<!-- \/wp:image -->\n\n<!-- wp:list -->\n<ul><li>Igrzyska rozegrano w dniach <strong>13-28 lutego<\/strong>.<\/li><li>Wystartowa\u0142o <strong>1423<\/strong> zawodnik\u00f3w (w tym <strong>301<\/strong> kobiet) z <strong>57<\/strong> kraj\u00f3w.<\/li><li>Rozdano <strong>46<\/strong> komplet\u00f3w medali.<\/li><li>Znicz zapali\u0142a 12-letnia \u0142y\u017cwiarka figurowa <strong>Robyn Perry<\/strong>.<\/li><li>Igrzyska otworzy\u0142a gubernator Kanady, pierwsza kobieta na tym stanowisku i dziennikarka g\u0142\u00f3wnego publicznego nadawcy radiowo-telewizyjnego CBC (ponad 20 lat pracy) <strong>Jeanne Sauve<\/strong>.<\/li><\/ul>\n<!-- \/wp:list -->\n\n<!-- wp:heading -->\n<h2><strong>Program Igrzysk \u2013 8 dyscyplin i 46 konkurencji<\/strong><\/h2>\n<!-- \/wp:heading -->\n\n<!-- wp:paragraph -->\n<p>biathlon (3 konkurencje), bobsleje (2), hokej na lodzie (1), \u0142y\u017cwiarstwo figurowe (4), \u0142y\u017cwiarstwo szybkie (10), narciarstwo alpejskie (10), narciarstwo klasyczne (13), saneczkarstwo (3).<\/p>\n<!-- \/wp:paragraph -->\n\n<!-- wp:heading -->\n<h2><strong>Gwiazdy Igrzysk<\/strong><\/h2>\n<!-- \/wp:heading -->\n\n<!-- wp:paragraph -->\n<p><strong>Matti Nykaenen<\/strong> (Finlandia, skoki narciarskie) \u2013 3 z\u0142ote medale<br><strong>Yvonne van Gennip<\/strong> (Holandia, \u0142y\u017cwiarstwo szybkie) \u2013 3 z\u0142ote medale<br><strong>Tamara Tichonowa<\/strong> (ZSRR, biegi narciarskie) \u2013 2 z\u0142ote medale, 1 srebrny<br><strong>Frank-Peter Roetsch<\/strong> (NRD, biathlon) \u2013 2 z\u0142ote medale, 1 srebrny<\/p>\n<!-- \/wp:paragraph -->\n\n<!-- wp:heading -->\n<h2><strong>Polska Reprezentacja Olimpijska<\/strong><\/h2>\n<!-- \/wp:heading -->\n\n<!-- wp:paragraph -->\n<p><strong>35 os\u00f3b<\/strong> (startowa\u0142o 33 \u2013 4 kobiety i 29 m\u0119\u017cczyzn) w 4 sportach: 25 hokeist\u00f3w (23 startowa\u0142o + 2 rez.), 3 \u0142y\u017cwiarzy figurowych (w tym 1 kobieta), 3 \u0142y\u017cwiarzy szybkich (w tym 2 kobiety), 4 narciarzy (w tym 1 kobieta).<\/p>\n<!-- \/wp:paragraph -->\n\n<!-- wp:paragraph -->\n<p>Chor\u0105\u017cym reprezentacji Polski by\u0142 hokeista <strong>Henryk Gruth<\/strong>.<\/p>\n<!-- \/wp:paragraph -->\n\n<!-- wp:heading -->\n<h2><strong>Klasyfikacja medalowa<\/strong><\/h2>\n<!-- \/wp:heading -->\n\n<!-- wp:table {\"hasFixedLayout\":true,\"className\":\"is-style-stripes\"} -->\n<figure class=\"wp-block-table is-style-stripes\"><table class=\"has-fixed-layout\"><tbody><tr><td><\/td><td><\/td><td class=\"has-text-align-center\" data-align=\"center\">&nbsp;<\/td><td class=\"has-text-align-center\" data-align=\"center\">&nbsp;<\/td><td class=\"has-text-align-center\" data-align=\"center\">&nbsp;<\/td><td class=\"has-text-align-center\" data-align=\"center\">&nbsp;<\/td><\/tr><tr><td>&nbsp;<\/td><td>&nbsp;<\/td><td class=\"has-text-align-center\" data-align=\"center\">&nbsp;<\/td><td class=\"has-text-align-center\" data-align=\"center\"><img class=\"wp-image-26068\" style=\"width: 50px;\" src=\"https:\/\/olimpijski.pl\/wp-content\/uploads\/1948\/06\/2008_Pekin_zloty_50x50.jpg\" alt=\"\"><\/td><td class=\"has-text-align-center\" data-align=\"center\"><img class=\"wp-image-26071\" style=\"width: 50px;\" src=\"https:\/\/olimpijski.pl\/wp-content\/uploads\/1948\/06\/2008_Pekin_sreb_50x50.jpg\" alt=\"\"><\/td><td class=\"has-text-align-center\" data-align=\"center\"><img class=\"wp-image-26073\" style=\"width: 50px;\" src=\"https:\/\/olimpijski.pl\/wp-content\/uploads\/1948\/06\/2008_Pekin_braz_50x50.jpg\" alt=\"\"><\/td><\/tr><tr><td>1.<\/td><td>ZSRR<\/td><td class=\"has-text-align-center\" data-align=\"center\">29<\/td><td class=\"has-text-align-center\" data-align=\"center\">11<\/td><td class=\"has-text-align-center\" data-align=\"center\">9<\/td><td class=\"has-text-align-center\" data-align=\"center\">9<\/td><\/tr><tr><td>2.<\/td><td>NRD<\/td><td class=\"has-text-align-center\" data-align=\"center\">25<\/td><td class=\"has-text-align-center\" data-align=\"center\">9<\/td><td class=\"has-text-align-center\" data-align=\"center\">10<\/td><td class=\"has-text-align-center\" data-align=\"center\">6<\/td><\/tr><tr><td>3.<\/td><td>Szwajcaria<\/td><td class=\"has-text-align-center\" data-align=\"center\">15<\/td><td class=\"has-text-align-center\" data-align=\"center\">5<\/td><td class=\"has-text-align-center\" data-align=\"center\">5<\/td><td class=\"has-text-align-center\" data-align=\"center\">5<\/td><\/tr><tr><td>...<\/td><td>&nbsp;<\/td><td class=\"has-text-align-center\" data-align=\"center\">&nbsp;<\/td><td class=\"has-text-align-center\" data-align=\"center\">&nbsp;<\/td><td class=\"has-text-align-center\" data-align=\"center\">&nbsp;<\/td><td class=\"has-text-align-center\" data-align=\"center\">&nbsp;<\/td><\/tr><tr><td>&nbsp;<\/td><td><strong>Polska<\/strong><\/td><td class=\"has-text-align-center\" data-align=\"center\"><strong>0<\/strong><\/td><td class=\"has-text-align-center\" data-align=\"center\"><strong>0<\/strong><\/td><td class=\"has-text-align-center\" data-align=\"center\"><strong>0<\/strong><\/td><td class=\"has-text-align-center\" data-align=\"center\"><strong>0<\/strong><\/td><\/tr><\/tbody><\/table><\/figure>\n<!-- \/wp:table -->\n\n<!-- wp:quote {\"className\":\"is-style-default\"} -->\n<blockquote class=\"wp-block-quote is-style-default\"><p>Najwy\u017csze \u2013 pi\u0105te miejsca \u2013 przypad\u0142y \u0142y\u017cwiarzowi figurowemu Grzegorzowi Filipowskiemu oraz na 3000 m \u0142y\u017cwiarce szybkiej Erwinie Ry\u015b-Ferens.<\/p><\/blockquote>\n<!-- \/wp:quote -->","post_title":"Calgary 1988","post_excerpt":"","post_status":"publish","comment_status":"closed","ping_status":"closed","post_password":"","post_name":"calgary-1988","to_ping":"","pinged":"","post_modified":"2020-10-09 12:52:29","post_modified_gmt":"2020-10-09 10:52:29","post_content_filtered":"","post_parent":0,"guid":"https:\/\/wai-q98d7hpf9hy9k.wpallimport-demo.qsandbox.me\/olympics_winter\/calgary-1988\/","menu_order":0,"post_type":"olympics_winter","post_mime_type":"","comment_count":"0","filter":"raw"}],"competitions_rewards":[{"competition":[{"ID":5834,"post_author":"1","post_date":"2020-06-19 11:32:23","post_date_gmt":"2020-06-19 11:32:23","post_content":"","post_title":"Skoki narciarskie","post_excerpt":"","post_status":"publish","comment_status":"open","ping_status":"open","post_password":"","post_name":"skoki-narciarskie","to_ping":"","pinged":"","post_modified":"2020-06-29 13:13:11","post_modified_gmt":"2020-06-29 11:13:11","post_content_filtered":"","post_parent":0,"guid":"https:\/\/wai-q7byvryhhcz9k.wpallimport-demo.qsandbox.me\/competition\/skoki-narciarskie\/","menu_order":0,"post_type":"competition","post_mime_type":"","comment_count":"0","filter":"raw"}],"reward":""}]}],"picture":false,"firstname":"Jan","lastname":"Kowal","birthdate_date":"08\/07\/1967","birthdate":"8 lipca 1967","deathdate_date":"","deathdate":"","placeofbirth":"","club":"","coach":"","metrics":"","seolink":"kowal-jan","tmp_old_id":"14276","tmp_old_fid":"294","tmp_old_parent_id":"15544","createdate":"06\/11\/2013","tmp_old_title":"Kowal  Jan","tmp_old_lead":"","tmp_old_body":"<p class=\"title-m-02\">KOWAL  JAN<\/p><p><strong>stolarz, skoczek narciarski z Zakopanego, wielokrotny mistrz i reprezentant Polski, rekordzista Wielkiej Krokwi (122,5 m), olimpijczyk z Calgary (1988).<br\/><\/strong><br\/>Urodzony 8 lipca 1967 w Zakopanem,&nbsp;absolwent zasadniczej szko\u0142y zawodowej (stolarz). Skoczek narciarski (168 cm, 62 kg), reprezentant WKS Zakopane (1979-1993), podopieczny trener\u00f3w: Lecha Nadarkiewicza i Krzysztofa Soba\u0144skiego. <strong>7-krotny mistrz&nbsp;Polski<\/strong>: na skoczni 70 m. (1988-1990\/, 85 m. (1991), 90 m. (1989), 116 m. (1991- 1992). <strong>8-krotny&nbsp;wicemistrz&nbsp;Polski<\/strong>: na skoczni 70 m. (1986-1987), 85 m. (1992-1993), 90 m. (1986-1988) i 116 m. (1993). <strong>7-krotny&nbsp;mistrz kraju w konkurencji&nbsp;dru\u017cynowej<\/strong> (1986-1989, 1991-1993). <strong>5-krotny uczestnik&nbsp;M\u015a<\/strong>: 1985 Seefeld: 64 m. (70 m), 59 m. (90 m); 1986 Bad&nbsp; Mittendorf: 12 m. (loty); 1987 Oberstdorf: 14 m. (70 m), 41 m. (90 m), 13 m. (dru\u017c.); 1989 Lahti: 58 m. (70 m), 51 m. (90 m), 12 m. (dru\u017c.); 1991 Valle di Fiemme: 47 m. (90 m), 39 m. (120 m). Rekordzista&nbsp; skoczni&nbsp; Wielka Krokiew w Zakopanem - 122,5 m. (1986). \u017bonaty, ma troje dzieci: c\u00f3rk\u0119 Dominik\u0119 i syn\u00f3w Dawida i Kamila. Mieszka w Zakopanem, w zimie prowadzi wyci\u0105g narciarski i wypo\u017cyczalni\u0119 nart.<br\/><br\/>Bibl.: G\u0142uszek, Leksykon 1999, s. 237;&nbsp;Pawlak, Olimpijczycy, s. 128;&nbsp;Szatkowski, Stanis\u0142aw Marusarz, s. 144;&nbsp;Ziele\u015bkiewicz, Encyklopedia, s. 111, 394;&nbsp;Szatkowski, 50 lat WKS Zakopane, s. 353-356; Szatkowski, Od Marusarza do Ma\u0142ysza, s. 251-254.<br\/><strong>*1988 Calgary:&nbsp;\u015brednia skocznia<\/strong> - 34-35 m.&nbsp;z not\u0105 174.3&nbsp;za skoki 79 m i 77 m (zw. M. Nykaenen, Finlandia z not\u0105 229.1 za skoki 89,5 m i 89,5 m); <strong>du\u017ca skocznia<\/strong> - 37 m. z not\u0105&nbsp;164.3 za skoki 102 m i 93 m (zw. M. Nykaenen, Finlandia z not\u0105 224.0 za skoki 118,5 i 107 m).<\/p><!-- history --><table width=\"85%\" style=\"text-align:right\" border=\"0\" cellspacing=\"0\" cellpadding=\"0\">  <tr>    <td align=\"right\" class=\"box3-title\"><a href=\"javascript:history.back()\">&laquo; powr\u00f3t do listy<\/a><\/td>  <\/tr><\/table>","tmp_old_body_img":false,"tmp_old_lead_img":false,"picture_medalists":false,"important":"","group_knuie68fa087fd5h76":false,"person_achivments":""},"_links":{"self":[{"href":"https:\/\/olimpijski.pl\/en\/wp-json\/wp\/v2\/person\/14146"}],"collection":[{"href":"https:\/\/olimpijski.pl\/en\/wp-json\/wp\/v2\/person"}],"about":[{"href":"https:\/\/olimpijski.pl\/en\/wp-json\/wp\/v2\/types\/person"}],"version-history":[{"count":2,"href":"https:\/\/olimpijski.pl\/en\/wp-json\/wp\/v2\/person\/14146\/revisions"}],"predecessor-version":[{"id":58695,"href":"https:\/\/olimpijski.pl\/en\/wp-json\/wp\/v2\/person\/14146\/revisions\/58695"}],"wp:attachment":[{"href":"https:\/\/olimpijski.pl\/en\/wp-json\/wp\/v2\/media?parent=14146"}],"curies":[{"name":"wp","href":"https:\/\/api.w.org\/{rel}","templated":true}]}}