{"id":14204,"date":"2020-06-24T16:47:40","date_gmt":"2020-06-24T14:47:40","guid":{"rendered":"http:\/\/pkol.local\/person\/krolikowska-jolanta-hanna\/"},"modified":"2021-05-21T12:23:18","modified_gmt":"2021-05-21T10:23:18","slug":"krolikowska-jolanta-hanna","status":"publish","type":"person","link":"https:\/\/olimpijski.pl\/en\/olimpijczycy\/krolikowska-jolanta-hanna\/","title":{"rendered":"Jolanta Kr\u00f3likowska-Tarnowska"},"content":{"rendered":"\n<p><br><br><br><strong>florecistka warszawskiego Marymontu, srebrna medalistka mistrzostw \u015bwiata w dru\u017cynie (1978), olimpijka z Moskwy (1980) i Seulu (1988).<br><\/strong><br>Urodzona 21 maja 1960 w Warszawie, c\u00f3rka Mieczys\u0142awa i Haliny Rogali\u0144skiej, absolwentka (matura) Centrum Kszta\u0142cenia Ustawicznego (1979), studentka biela\u0144skiej AWF (1979-1987). Florecistka (162 cm, 52 kg) sto\u0142ecznego Marymontu od 1974 (wychowanka trenera Andrzeja Gottnera). 3-krotna mistrzyni Polski w konkurencji ind. floretu (1983, 1985, 1988), 1-krotna wicemistrzyni (1980) i 1-krotna wicemistrzyni w konk. dru\u017cynowej (1985).<\/p>\n\n\n\n<p>Najwi\u0119kszy sukces sportowy odnios\u0142a na M\u015a w Hamburgu (1978), gdzie wraz z kole\u017cankami zdoby\u0142a srebrny medal. Tak\u017ce w dru\u017cynowym florecie by\u0142a finalistk\u0105 M\u015a w Rzymie (1982), gdzie zaj\u0119\u0142a 6 m. Mistrzyni Sportu odznaczona m. in. srebrnym Medalem za Wybitne Osi\u0105gni\u0119cia Sportowe. Siostra olimpijczyka Sylwestra Kr\u00f3likowskiego.<\/p>\n\n\n\n<p><strong>*1980 Moskwa: szermierka, floret ind.<\/strong> &#8211; 6 m. w grupie elim. (6 zaw.) z 1 zw., odp. z konk. zajmuj\u0105c 30 m. w turnieju (zw. P. Trinquet Francja); <strong>floret dru\u017c.<\/strong> &#8211; w grupie elim. (3 dru\u017c.) po zwyci\u0119stwie nad W. Brytani\u0105 12:4 (3 zw. Kr\u00f3likowskiej) i pora\u017cce z W\u0119grami 6:10 (0 zw.) Polki zaj\u0119\u0142y 2 m. w grupie; w \u0107wier\u0107fin. pokona\u0142y Kub\u0119 9:7 (3 zw.); w p\u00f3\u0142fin. przegra\u0142y z ZSRR 3:9 (0 zw.); w meczu o m. 3-4 uleg\u0142y W\u0119grom 7:9 (2 zw.), zajmuj\u0105c 4 m. w turnieju (zw. Francja). Partnerkami w dru\u017cynie by\u0142y: A. Dubrawska, D. Sk\u0105pska, K. Sk\u0142adanowska i E. Wysocza\u0144ska.<\/p>\n\n\n\n<p><strong>*1988 Seul: szermierka, floret ind.<\/strong> &#8211; 4 m. w pierwszej elim. grupowej (5 zaw.) z 2 zw., 4 m. w drugiej elim. grupowej (6 zaw.) z 2 zw., 4 m. w trzeciej elim. grupowej (6 zaw.) z 2 zw.; w pierwszej rundzie walk bezpo\u015brednich przegra\u0142a 6:8 z T. Sadowsk\u0105 (ZSRR), w rep. pierwszej rundy uleg\u0142a 6:8 C. Bilodeau (USA), odp. z konk.; <strong>floret dru\u017c.<\/strong> &#8211; w grupie elim. (3 dru\u017c.) Polki przegra\u0142y z Francj\u0105 3:9 i ZSRR 6:9, zajmuj\u0105c 3 m. w grupie i odp. z konk. Partnerkami w dru\u017cynie by\u0142y: M. Bre\u015b, A. Dubrawska, H. Prusakowska i A. Sobczak.<\/p>\n\n\n\n<p><em>Bibl.: G\u0142uszek, Leksykon 1999, s. 242; Pawlak, Olimpijczycy, s. 135; Borz\u0119cki, Bia\u0142\u0105 broni\u0105, s. 6 i dalsze; \u0141uczak, Szermierka w Polsce, s. 91 i dalsze; AAWF Warszawa, sygn. D-7729\/ S.<\/em><\/p>\n","protected":false},"excerpt":{"rendered":"<p>florecistka warszawskiego Marymontu, srebrna medalistka mistrzostw \u015bwiata w dru\u017cynie (1978), olimpijka z Moskwy (1980) i Seulu (1988). &#8230; <a class=\"read-more\" href=\"https:\/\/olimpijski.pl\/en\/olimpijczycy\/krolikowska-jolanta-hanna\/\">Czytaj dalej<\/a><\/p>\n","protected":false},"featured_media":42207,"menu_order":60,"template":"","meta":{"_acf_changed":false,"ub_ctt_via":"","footnotes":""},"class_list":["post-14204","person","type-person","status-publish","has-post-thumbnail","hentry","infinite-scroll-item","no-featured-image-padding","resize-featured-image"],"acf":{"olimpic_information":[{"olimpic":[{"ID":297,"post_author":"1","post_date":"1988-06-17 13:34:45","post_date_gmt":"1988-06-17 11:34:45","post_content":"<!-- wp:heading {\"level\":1,\"className\":\"main-title\"} -->\n<h1 class=\"main-title\"><strong>Igrzyska XXIV Olimpiady<\/strong><br>Seul 1988<\/h1>\n<!-- \/wp:heading -->\n\n<!-- wp:paragraph -->\n<p><br><\/p>\n<!-- \/wp:paragraph -->\n\n<!-- wp:image {\"align\":\"left\",\"id\":19352,\"sizeSlug\":\"large\",\"className\":\"is-style-default\"} -->\n<div class=\"wp-block-image is-style-default\"><figure class=\"alignleft size-large\"><img src=\"https:\/\/olimpijski.pl\/wp-content\/uploads\/1988\/06\/seul1988.png\" alt=\"\" class=\"wp-image-19352\"\/><\/figure><\/div>\n<!-- \/wp:image -->\n\n<!-- wp:list -->\n<ul><li>Igrzyska rozegrano w dniach <strong>17 wrze\u015bnia \u2013 2 pa\u017adziernika<\/strong>.<\/li><li>Wystartowa\u0142o <strong>8391<\/strong> zawodnik\u00f3w (w tym <strong>2194<\/strong> kobiety) ze <strong>153<\/strong> kraj\u00f3w.<\/li><li>Rozdano <strong>237<\/strong> komplet\u00f3w medali.<\/li><li>Przysi\u0119g\u0119 olimpijsk\u0105 w imieniu sportowc\u00f3w z\u0142o\u017cy\u0142 koszykarz <strong>Jae Hur<\/strong>, natomiast w imieniu s\u0119dzi\u00f3w i trener\u00f3w \u2013 <strong>Hak-rae Lee<\/strong>.<\/li><li>Znicz zapalili: nauczyciel <strong>Sun-man Chung<\/strong>, tancerz <strong>Mi-chung Sohn<\/strong> i marato\u0144czyk <strong>Won-Tak Kim<\/strong>.<\/li><li>Igrzyska otworzy\u0142 <strong>prezydent Korei Po\u0142udniowej Tae Woo Roh<\/strong>.<\/li><\/ul>\n<!-- \/wp:list -->\n\n<!-- wp:heading -->\n<h2><strong>Program Igrzysk \u2013 26 dyscyplin, 237 konkurencji<\/strong><\/h2>\n<!-- \/wp:heading -->\n\n<!-- wp:paragraph -->\n<p>boks (12 konkurencji), gimnastyka (15), hokej na trawie (2), je\u017adziectwo (6), judo (7), kajakarstwo (12), kolarstwo (9), koszyk\u00f3wka (2), lekkoatletyka (42), \u0142ucznictwo (4), pi\u0119ciob\u00f3j nowoczesny (2), pi\u0142ka no\u017cna (1), pi\u0142ka r\u0119czna (2), pi\u0142ka siatkowa (2), pi\u0142ka wodna (1), p\u0142ywanie (31), p\u0142ywanie synchroniczne (2), podnoszenie ci\u0119\u017car\u00f3w (10), skoki do wody (4), strzelectwo (13), szermierka (8), tenis (4), tenis sto\u0142owy (4), wio\u015blarstwo (14), zapasy (20), \u017ceglarstwo (8).<\/p>\n<!-- \/wp:paragraph -->\n\n<!-- wp:heading -->\n<h2><strong>Gwiazdy Igrzysk<\/strong><\/h2>\n<!-- \/wp:heading -->\n\n<!-- wp:paragraph -->\n<p><strong>Matthew Nicholas Biondi<\/strong> (USA, p\u0142ywanie) \u2013 5 z\u0142otych medali, 1 srebrny, 1 br\u0105zowy<br><strong>Kristin Otto<\/strong> (NRD, p\u0142ywanie) \u2013 6 z\u0142otych medali<\/p>\n<!-- \/wp:paragraph -->\n\n<!-- wp:heading -->\n<h2><strong>Polska Reprezentacja Olimpijska<\/strong><\/h2>\n<!-- \/wp:heading -->\n\n<!-- wp:paragraph -->\n<p>147 os\u00f3b (startowa\u0142y 143 \u2013 32 kobiety i 111 m\u0119\u017cczyzn) w 19 sportach: 7 bokser\u00f3w, 2 gimnastyczki artystyczne, 5 je\u017ad\u017ac\u00f3w (4 startowa\u0142o, 1 nie), 6 judok\u00f3w, 13 kajakarzy (w tym 5 kobiet; 12 startowa\u0142o, 1 nie), 12 kolarzy (11 startowa\u0142o + 1 rez.), 21 lekkoatlet\u00f3w (w tym 9 kobiet), 3 \u0142uczniczki, 4 pi\u0119cioboist\u00f3w (3 startowa\u0142o + 1 rez.), 5 p\u0142ywak\u00f3w (w tym 2 kobiety), 1 skoczek do wody, 7 ci\u0119\u017carowc\u00f3w, 6 strzelc\u00f3w (w tym 1 kobieta), 18 szermierzy (w tym 5 kobiet), 1 tenisista, 3 tenisist\u00f3w sto\u0142owych, 13 wio\u015blarzy (w tym 5 kobiet), 18 zapa\u015bnik\u00f3w, 2 \u017ceglarzy.<\/p>\n<!-- \/wp:paragraph -->\n\n<!-- wp:paragraph -->\n<p>Chor\u0105\u017cym reprezentacji Polski by\u0142 zapa\u015bnik w stylu klasycznym <strong>Bogdan Daras<\/strong>.<\/p>\n<!-- \/wp:paragraph -->\n\n<!-- wp:heading -->\n<h2><strong>Klasyfikacja medalowa<\/strong><\/h2>\n<!-- \/wp:heading -->\n\n<!-- wp:table {\"hasFixedLayout\":true,\"className\":\"is-style-stripes\"} -->\n<figure class=\"wp-block-table is-style-stripes\"><table class=\"has-fixed-layout\"><tbody><tr><td><\/td><td><\/td><td class=\"has-text-align-center\" data-align=\"center\">&nbsp;<\/td><td class=\"has-text-align-center\" data-align=\"center\">&nbsp;<\/td><td class=\"has-text-align-center\" data-align=\"center\">&nbsp;<\/td><td class=\"has-text-align-center\" data-align=\"center\">&nbsp;<\/td><\/tr><tr><td>&nbsp;<\/td><td>&nbsp;<\/td><td class=\"has-text-align-center\" data-align=\"center\">&nbsp;<\/td><td class=\"has-text-align-center\" data-align=\"center\"><img class=\"wp-image-27817\" style=\"width: 50px;\" src=\"https:\/\/olimpijski.pl\/wp-content\/uploads\/2016\/06\/2016_Rio_zloty_50x50.jpg\" alt=\"\"><\/td><td class=\"has-text-align-center\" data-align=\"center\"><img class=\"wp-image-27819\" style=\"width: 50px;\" src=\"https:\/\/olimpijski.pl\/wp-content\/uploads\/2016\/06\/2016_Rio_sreb_50x50.jpg\" alt=\"\"><\/td><td class=\"has-text-align-center\" data-align=\"center\"><img class=\"wp-image-27821\" style=\"width: 50px;\" src=\"https:\/\/olimpijski.pl\/wp-content\/uploads\/2016\/06\/2016_Rio_braz_50x50.jpg\" alt=\"\"><\/td><\/tr><tr><td>1.<\/td><td>ZSRR<\/td><td class=\"has-text-align-center\" data-align=\"center\">132<\/td><td class=\"has-text-align-center\" data-align=\"center\">55<\/td><td class=\"has-text-align-center\" data-align=\"center\">31<\/td><td class=\"has-text-align-center\" data-align=\"center\">46<\/td><\/tr><tr><td>2.<\/td><td>NRD<\/td><td class=\"has-text-align-center\" data-align=\"center\">102<\/td><td class=\"has-text-align-center\" data-align=\"center\">37<\/td><td class=\"has-text-align-center\" data-align=\"center\">35<\/td><td class=\"has-text-align-center\" data-align=\"center\">30<\/td><\/tr><tr><td>3.<\/td><td>USA<\/td><td class=\"has-text-align-center\" data-align=\"center\">94<\/td><td class=\"has-text-align-center\" data-align=\"center\">36<\/td><td class=\"has-text-align-center\" data-align=\"center\">31<\/td><td class=\"has-text-align-center\" data-align=\"center\">27<\/td><\/tr><tr><td>...<\/td><td>&nbsp;<\/td><td class=\"has-text-align-center\" data-align=\"center\">&nbsp;<\/td><td class=\"has-text-align-center\" data-align=\"center\">&nbsp;<\/td><td class=\"has-text-align-center\" data-align=\"center\">&nbsp;<\/td><td class=\"has-text-align-center\" data-align=\"center\">&nbsp;<\/td><\/tr><tr><td><strong>20.<\/strong><\/td><td><strong>Polska<\/strong><\/td><td class=\"has-text-align-center\" data-align=\"center\"><strong>16<\/strong><\/td><td class=\"has-text-align-center\" data-align=\"center\"><strong>2<\/strong><\/td><td class=\"has-text-align-center\" data-align=\"center\"><strong>5<\/strong><\/td><td class=\"has-text-align-center\" data-align=\"center\"><strong>9<\/strong><\/td><\/tr><\/tbody><\/table><\/figure>\n<!-- \/wp:table -->\n\n<!-- wp:heading -->\n<h2><strong>Medale dla Polski (16)<\/strong><\/h2>\n<!-- \/wp:heading -->\n\n<!-- wp:paragraph -->\n<p>z\u0142oty - Waldemar Legie\u0144 (judo - waga lekko\u015brednia - 78 kg)<br>z\u0142oty - Andrzej Wro\u0144ski (zapasy - styl klasyczny - waga 100 kg)<\/p>\n<!-- \/wp:paragraph -->\n\n<!-- wp:paragraph -->\n<p>srebrny - Janusz Paw\u0142owski (judo - waga 65 kg)<br>srebrny - Janusz Olech (szermierka - turniej indywidualny szablist\u00f3w)<br>srebrny - Andrzej G\u0142\u0105b (zapasy - styl klasyczny - waga 48 kg)<br>srebrny - Marek Dopiera\u0142a i Marek \u0141bik (kajakarstwo - C2 na 500 m)<br>srebrny - Joachim Halupczok, Zenon Jasku\u0142a, Marek Le\u015bniewski, Andrzej Sypytkowski - wy\u015bcig (kolarstwo - dru\u017cynowy wy\u015bcig szosowy na 100 km)<br><br>br\u0105zowy - Jan Dydak (boks - waga p\u00f3\u0142\u015brednia)<br>br\u0105zowy - Henryk Petrich (boks - waga p\u00f3\u0142ci\u0119\u017cka)<br>br\u0105zowy - Andrzej Go\u0142ota (boks - waga ci\u0119\u017cka)<br>br\u0105zowy - Janusz Zarenkiewicz (boks - waga superci\u0119\u017cka)<br>br\u0105zowy - Marek \u0141bik, Marek Dopiera\u0142a (kajakarstwo - C2 na 1000 m)<br>br\u0105zowy - Izabela Dylewska (kajakarstwo K1 na 500 m)<br>br\u0105zowy - Artur Wojdat (p\u0142ywanie - wy\u015bcig na 400 m stylem dowolnym)<br>br\u0105zowy - S\u0142awomir Zawada (podnoszenie ci\u0119\u017car\u00f3w - waga 90 kg)<br>br\u0105zowy - J\u00f3zef Tracz (zapasy - styl klasyczny - waga 74 kg)<\/p>\n<!-- \/wp:paragraph -->\n\n<!-- wp:quote {\"className\":\"is-style-default\"} -->\n<blockquote class=\"wp-block-quote is-style-default\"><p>W imprezie zadebiutowa\u0142y: Aruba, Samoa Ameryka\u0144skie, Wyspy Cooka, Malediwy, Vanuatu, Saint Vincent i Grenadyny, Jemen Po\u0142udniowy i Guam. Do programu powr\u00f3ci\u0142 tenis, a now\u0105 dyscyplin\u0105 zosta\u0142 tenis sto\u0142owy. Dyscyplinami pokazowymi by\u0142y: badminton, baseball, judo kobiet, kr\u0119gle, taekwondo i wy\u015bcig na w\u00f3zkach inwalidzkich.<\/p><p>Przed igrzyskami w\u0142adze KRL-D wysuwa\u0142y \u017c\u0105dania pod adresem MKOl, dotycz\u0105ce przyznania imprezy obu Koreom. Propozycje olimpijskiej centrali w\u0142adze Korei P\u00f3\u0142nocnej uzna\u0142y za niewystarczaj\u0105ce i postanowi\u0142y nie wysy\u0142a\u0107 do Seulu swojej reprezentacji. Na znak solidarno\u015bci do bojkotu przy\u0142\u0105czy\u0142y si\u0119 Kuba i Etiopia.<\/p><\/blockquote>\n<!-- \/wp:quote -->","post_title":"Seul 1988","post_excerpt":"","post_status":"publish","comment_status":"closed","ping_status":"closed","post_password":"","post_name":"seul-1988","to_ping":"","pinged":"","post_modified":"2020-09-28 15:20:40","post_modified_gmt":"2020-09-28 13:20:40","post_content_filtered":"","post_parent":0,"guid":"https:\/\/wai-q98d7hpf9hy9k.wpallimport-demo.qsandbox.me\/olympics_summer\/seul-1988\/","menu_order":0,"post_type":"olympics_summer","post_mime_type":"","comment_count":"0","filter":"raw"}],"competitions_rewards":[{"competition":[{"ID":5868,"post_author":"1","post_date":"2020-06-19 11:32:30","post_date_gmt":"2020-06-19 11:32:30","post_content":"","post_title":"Szermierka","post_excerpt":"","post_status":"publish","comment_status":"open","ping_status":"open","post_password":"","post_name":"szermierka","to_ping":"","pinged":"","post_modified":"2020-06-29 13:17:09","post_modified_gmt":"2020-06-29 11:17:09","post_content_filtered":"","post_parent":0,"guid":"https:\/\/wai-q7byvryhhcz9k.wpallimport-demo.qsandbox.me\/competition\/szermierka\/","menu_order":0,"post_type":"competition","post_mime_type":"","comment_count":"0","filter":"raw"}],"reward":""}]}],"picture":{"ID":42207,"id":42207,"title":"Jolanta_Krolikowska","filename":"Jolanta_Krolikowska.jpg","filesize":35968,"url":"https:\/\/olimpijski.pl\/wp-content\/uploads\/2020\/06\/Jolanta_Krolikowska.jpg","link":"https:\/\/olimpijski.pl\/en\/olimpijczycy\/krolikowska-jolanta-hanna\/jolanta_krolikowska\/#main","alt":"","author":"15","description":"","caption":"","name":"jolanta_krolikowska","status":"inherit","uploaded_to":14204,"date":"2021-05-21 10:22:04","modified":"2021-05-21 10:22:04","menu_order":0,"mime_type":"image\/jpeg","type":"image","subtype":"jpeg","icon":"https:\/\/olimpijski.pl\/wp-includes\/images\/media\/default.png","width":400,"height":534,"sizes":{"thumbnail":"https:\/\/olimpijski.pl\/wp-content\/uploads\/2020\/06\/Jolanta_Krolikowska-150x150.jpg","thumbnail-width":150,"thumbnail-height":150,"medium":"https:\/\/olimpijski.pl\/wp-content\/uploads\/2020\/06\/Jolanta_Krolikowska-225x300.jpg","medium-width":225,"medium-height":300,"medium_large":"https:\/\/olimpijski.pl\/wp-content\/uploads\/2020\/06\/Jolanta_Krolikowska.jpg","medium_large-width":400,"medium_large-height":534,"large":"https:\/\/olimpijski.pl\/wp-content\/uploads\/2020\/06\/Jolanta_Krolikowska.jpg","large-width":400,"large-height":534,"1536x1536":"https:\/\/olimpijski.pl\/wp-content\/uploads\/2020\/06\/Jolanta_Krolikowska.jpg","1536x1536-width":400,"1536x1536-height":534,"2048x2048":"https:\/\/olimpijski.pl\/wp-content\/uploads\/2020\/06\/Jolanta_Krolikowska.jpg","2048x2048-width":400,"2048x2048-height":534,"ultp_layout_landscape_large":"https:\/\/olimpijski.pl\/wp-content\/uploads\/2020\/06\/Jolanta_Krolikowska.jpg","ultp_layout_landscape_large-width":400,"ultp_layout_landscape_large-height":534,"ultp_layout_landscape":"https:\/\/olimpijski.pl\/wp-content\/uploads\/2020\/06\/Jolanta_Krolikowska.jpg","ultp_layout_landscape-width":400,"ultp_layout_landscape-height":534,"ultp_layout_portrait":"https:\/\/olimpijski.pl\/wp-content\/uploads\/2020\/06\/Jolanta_Krolikowska.jpg","ultp_layout_portrait-width":400,"ultp_layout_portrait-height":534,"ultp_layout_square":"https:\/\/olimpijski.pl\/wp-content\/uploads\/2020\/06\/Jolanta_Krolikowska.jpg","ultp_layout_square-width":400,"ultp_layout_square-height":534}},"firstname":"Jolanta","lastname":"Kr\u00f3likowska-Tarnowska","birthdate_date":"21\/05\/1960","birthdate":"21 maja 1960","deathdate_date":"","deathdate":"","placeofbirth":"","club":"","coach":"","metrics":"","seolink":"krolikowska-jolanta-hanna","tmp_old_id":"15180","tmp_old_fid":"294","tmp_old_parent_id":"15544","createdate":"06\/11\/2013","tmp_old_title":"Kr\u00f3likowska Jolanta Hanna","tmp_old_lead":"","tmp_old_body":"<p class=\"title-m-02\">KR\u00d3LIKOWSKA JOLANTA HANNA<\/p><table  border=\"0\" align=\"LEFT\" cellpadding=\"0\" cellspacing=\"0\"> <tr> <td class=\"photo-td-01\"><table  border=\"0\" cellspacing=\"0\" cellpadding=\"0\"> <tr>  <td><img src=\"files\/old\/i\/olimpijczycy\/Krolikowska_Jolanta_m.jpg\" alt=\"KR\u00d3LIKOWSKA JOLANTA HANNA\" border=\"0\" width=\"50\" height=\"50\"><\/td> <\/tr> <\/table><\/td><\/tr><\/table><p><strong>florecistka warszawskiego Marymontu, srebrna medalistka mistrzostw \u015bwiata w dru\u017cynie (1978), olimpijka z Moskwy (1980) i Seulu (1988).<br\/><\/strong> <br\/>Urodzona 21 maja 1960 w Warszawie, c\u00f3rka Mieczys\u0142awa i Haliny Rogali\u0144skiej, absolwentka (matura) Centrum Kszta\u0142cenia Ustawicznego (1979), studentka biela\u0144skiej AWF (1979-1987). Florecistka (162 cm, 52 kg) sto\u0142ecznego Marymontu od 1974 (wychowanka trenera Andrzeja Gottnera). <strong>3-krotna mistrzyni Polski<\/strong> w konkurencji ind. floretu (1983, 1985, 1988), 1-krotna wicemistrzyni (1980) i 1-krotna wicemistrzyni w konk. dru\u017cynowej (1985). Najwi\u0119kszy sukces sportowy odnios\u0142a na M\u015a w Hamburgu (1978), gdzie wraz z kole\u017cankami zdoby\u0142a <strong>srebrny medal<\/strong>. Tak\u017ce w dru\u017cynowym florecie by\u0142a finalistk\u0105 M\u015a w Rzymie (1982), gdzie zaj\u0119\u0142a 6 m. Mistrzyni Sportu odznaczona m. in. srebrnym Medalem za Wybitne Osi\u0105gni\u0119cia Sportowe. Siostra olimpijczyka Sylwestra Kr\u00f3likowskiego. Mieszka w Warszawie.<br\/><br\/>\u00a0Bibl.: G\u0142uszek, Leksykon 1999, s. 242; Pawlak, Olimpijczycy, s. 135; Borz\u0119cki, Bia\u0142\u0105 broni\u0105, s. 6 i dalsze; \u0141uczak, Szermierka w Polsce, s. 91 i dalsze; AAWF Warszawa , sygn. D-7729\/ S.<br\/><strong>*1980 Moskwa: floret ind.<\/strong> - 6 m. w grupie elim. (6 zaw.) z 1 zw., odp. z konk. zajmuj\u0105c 30 m. w turnieju (zw. P. Trinquet Francja); <strong>floret dru\u017c.<\/strong> - w grupie elim. (3 dru\u017c.) po zwyci\u0119stwie nad W. Brytani\u0105 12:4 (3 zw. Kr\u00f3likowskiej) i pora\u017cce z W\u0119grami 6:10 (0 zw.) Polki zaj\u0119\u0142y 2 m. w grupie; w \u0107wier\u0107fin. pokona\u0142y Kub\u0119 9:7 (3 zw.); w p\u00f3\u0142fin. przegra\u0142y z ZSRR 3:9 (0 zw.); w meczu o m. 3-4 uleg\u0142y W\u0119grom 7:9 (2 zw.), zajmuj\u0105c 4 m. w turnieju (zw. Francja). Partnerkami w dru\u017cynie by\u0142y: A. Dubrawska, D. Sk\u0105pska, K. Sk\u0142adanowska i E. Wysocza\u0144ska.<br\/><strong>\u00a0*1988 Seul: floret ind.<\/strong> - 4 m. w pierwszej elim. grupowej (5 zaw.) z 2 zw., 4 m. w drugiej elim. grupowej (6 zaw.) z 2 zw., 4 m. w trzeciej elim. grupowej (6 zaw.) z 2 zw.; w pierwszej rundzie walk bezpo\u015brednich przegra\u0142a 6:8 z T. Sadowsk\u0105 (ZSRR), w rep. pierwszej rundy uleg\u0142a 6:8 C. Bilodeau (USA), odp. z konk.; <strong>floret dru\u017c.<\/strong> - w grupie elim. (3 dru\u017c.) Polki przegra\u0142y z Francj\u0105 3:9 i ZSRR 6:9, zajmuj\u0105c 3 m. w grupie i odp. z konk. Partnerkami w dru\u017cynie by\u0142y: M. Bre\u015b, A. Dubrawska, H. Prusakowska i A. Sobczak.<br\/><\/p><!-- history --><table width=\"85%\" style=\"text-align:right\" border=\"0\" cellspacing=\"0\" cellpadding=\"0\">  <tr>    <td align=\"right\" class=\"box3-title\"><a href=\"javascript:history.back()\">\u00ab powr\u00f3t do listy<\/a><\/td>  <\/tr><\/table>","tmp_old_body_img":false,"tmp_old_lead_img":false,"picture_medalists":false,"important":"","group_knuie68fa087fd5h76":false,"person_achivments":""},"_links":{"self":[{"href":"https:\/\/olimpijski.pl\/en\/wp-json\/wp\/v2\/person\/14204"}],"collection":[{"href":"https:\/\/olimpijski.pl\/en\/wp-json\/wp\/v2\/person"}],"about":[{"href":"https:\/\/olimpijski.pl\/en\/wp-json\/wp\/v2\/types\/person"}],"version-history":[{"count":2,"href":"https:\/\/olimpijski.pl\/en\/wp-json\/wp\/v2\/person\/14204\/revisions"}],"predecessor-version":[{"id":42210,"href":"https:\/\/olimpijski.pl\/en\/wp-json\/wp\/v2\/person\/14204\/revisions\/42210"}],"wp:featuredmedia":[{"embeddable":true,"href":"https:\/\/olimpijski.pl\/en\/wp-json\/wp\/v2\/media\/42207"}],"wp:attachment":[{"href":"https:\/\/olimpijski.pl\/en\/wp-json\/wp\/v2\/media?parent=14204"}],"curies":[{"name":"wp","href":"https:\/\/api.w.org\/{rel}","templated":true}]}}