{"id":14205,"date":"2020-06-24T16:47:40","date_gmt":"2020-06-24T14:47:40","guid":{"rendered":"http:\/\/pkol.local\/person\/krolikowski-sylwester-mieczyslaw\/"},"modified":"2020-09-21T01:16:14","modified_gmt":"2020-09-20T23:16:14","slug":"krolikowski-sylwester-mieczyslaw","status":"publish","type":"person","link":"https:\/\/olimpijski.pl\/en\/olimpijczycy\/krolikowski-sylwester-mieczyslaw\/","title":{"rendered":"Kr\u00f3likowski Sylwester Mieczys\u0142aw"},"content":{"rendered":"<p class=\"title-m-02\">KR\u00d3LIKOWSKI SYLWESTER MIECZYS\u0141AW<\/p>\n<table border=\"0\" cellspacing=\"0\" cellpadding=\"0\" align=\"LEFT\">\n<tbody>\n<tr>\n<td class=\"photo-td-01\">\n<table border=\"0\" cellspacing=\"0\" cellpadding=\"0\">\n<tbody>\n<tr>\n<td><img loading=\"lazy\" decoding=\"async\" src=\"\/files\/old\/i\/olimpijczycy\/Krolikowski_Sylwester_m.jpg\" alt=\"KR\u00d3LIKOWSKI SYLWESTER MIECZYS\u0141AW\" width=\"50\" height=\"50\" border=\"0\" \/><\/td>\n<\/tr>\n<\/tbody>\n<\/table>\n<\/td>\n<\/tr>\n<\/tbody>\n<\/table>\n<p><strong>nauczyciel wf, trener, szablista warszawskiego Marymontu, olimpijczyk z Montrealu (1976).<br \/>\n<\/strong><br \/>\nUrodzony 2 pa\u017adziernika 1950 w Warszawie, syn mistrza \u015blusarskiego Mieczys\u0142awa i Haliny Rogali\u0144skiej, absolwent miejscowego Technikum Budowlanego nr 1 im. Zdzis\u0142awa M\u0105cze\u0144skiego (1970) i biela\u0144skiej AWF (1975), gdzie otrzyma\u0142 tytu\u0142 magistra wf. Szablista (176 cm, 73 kg), wychowanek Pa\u0142acu M\u0142odzie\u017cy (Andrzej Ko\u015bcielniakowski), zawodnik sto\u0142ecznego RKS Marymont. 3-krotny wicemistrz Polski (1976, 1977, 1979), 2-krotny dru\u017cynowy mistrz kraju (1977, 1978) i 1-krotny wicemistrz (1971). Dwukrotnie walczy\u0142 w fina\u0142ach mistrzostw \u015bwiata (dru\u017cyna szablowa); w Buenos Aires (1977) i Hamburgu (1978), gdzie zaj\u0105\u0142 5 m. Brat olimpijki Jolanty Kr\u00f3likowskiej.<\/p>\n<p>Bibl.: G\u0142uszek, Leksykon 1999, s. 242-243; Pawlak, Olimpijczycy, s. 135; Borz\u0119cki, Bia\u0142\u0105 broni\u0105, s. 6 i dalsze; \u0141uczak, Szermierka w Polsce, s\u00a0 91 i dalsze; AAWF Warszawa, D-4807 \/ S.<\/p>\n<p><strong>*1976 Montreal: szabla dru\u017c.<\/strong> &#8211; w grupie elim. (4 dru\u017c.) po zwyci\u0119stwach nad Argentyn\u0105 10:6 (Kr\u00f3likowski 2 zw.) i Iranem 9:7 (3 zw.) oraz pora\u017cce z W\u0119grami 6:8 (2 zw.) Polacy zaj\u0119li 2 m. w grupie; w \u0107wier\u0107fin. przegrali z Rumuni\u0105 4:9 (2 zw.), w meczu o 5-8 m. pokonali USA 9:3 (2 zw.); w meczu o 5-6 m. ulegli Kubie 6:9 (1 zw.), zajmuj\u0105c 6 m. w turnieju (zw. ZSRR). Partnerami w dru\u017cynie byli: J. Bierkowski, L. Jab\u0142onowski i J. Nowara.<\/p>\n<p><!-- history --><\/p>\n<table style=\"text-align: right;\" border=\"0\" width=\"85%\" cellspacing=\"0\" cellpadding=\"0\">\n<tbody>\n<tr>\n<td class=\"box3-title\" align=\"right\"><a>\u00ab powr\u00f3t do listy<\/a><\/td>\n<\/tr>\n<\/tbody>\n<\/table>\n","protected":false},"excerpt":{"rendered":"<p>KR\u00d3LIKOWSKI SYLWESTER MIECZYS\u0141AW nauczyciel wf, trener, szablista warszawskiego Marymontu, olimpijczyk z Montrealu (1976). Urodzony 2 pa\u017adziernika 1950 w Warszawie, syn mistrza \u015blusarskiego<\/p>\n","protected":false},"featured_media":20997,"menu_order":60,"template":"","meta":{"_acf_changed":false,"ub_ctt_via":"","footnotes":""},"class_list":["post-14205","person","type-person","status-publish","has-post-thumbnail","hentry","infinite-scroll-item","no-featured-image-padding","resize-featured-image"],"acf":{"olimpic_information":false,"picture":{"ID":20997,"id":20997,"title":"bio_large_krolikowski-sylwester-m","filename":"bio_large_krolikowski-sylwester-m.jpg","filesize":1595,"url":"https:\/\/olimpijski.pl\/wp-content\/uploads\/2020\/06\/bio_large_krolikowski-sylwester-m.jpg","link":"https:\/\/olimpijski.pl\/en\/olimpijczycy\/krolikowski-sylwester-mieczyslaw\/bio_large_krolikowski-sylwester-m\/#main","alt":"","author":"1","description":"","caption":"","name":"bio_large_krolikowski-sylwester-m","status":"inherit","uploaded_to":14205,"date":"2020-08-06 10:58:23","modified":"2020-08-06 10:58:23","menu_order":0,"mime_type":"image\/jpeg","type":"image","subtype":"jpeg","icon":"https:\/\/olimpijski.pl\/wp-includes\/images\/media\/default.png","width":50,"height":50,"sizes":{"thumbnail":"https:\/\/olimpijski.pl\/wp-content\/uploads\/2020\/06\/bio_large_krolikowski-sylwester-m.jpg","thumbnail-width":50,"thumbnail-height":50,"medium":"https:\/\/olimpijski.pl\/wp-content\/uploads\/2020\/06\/bio_large_krolikowski-sylwester-m.jpg","medium-width":50,"medium-height":50,"medium_large":"https:\/\/olimpijski.pl\/wp-content\/uploads\/2020\/06\/bio_large_krolikowski-sylwester-m.jpg","medium_large-width":50,"medium_large-height":50,"large":"https:\/\/olimpijski.pl\/wp-content\/uploads\/2020\/06\/bio_large_krolikowski-sylwester-m.jpg","large-width":50,"large-height":50,"1536x1536":"https:\/\/olimpijski.pl\/wp-content\/uploads\/2020\/06\/bio_large_krolikowski-sylwester-m.jpg","1536x1536-width":50,"1536x1536-height":50,"2048x2048":"https:\/\/olimpijski.pl\/wp-content\/uploads\/2020\/06\/bio_large_krolikowski-sylwester-m.jpg","2048x2048-width":50,"2048x2048-height":50,"ultp_layout_landscape_large":"https:\/\/olimpijski.pl\/wp-content\/uploads\/2020\/06\/bio_large_krolikowski-sylwester-m.jpg","ultp_layout_landscape_large-width":50,"ultp_layout_landscape_large-height":50,"ultp_layout_landscape":"https:\/\/olimpijski.pl\/wp-content\/uploads\/2020\/06\/bio_large_krolikowski-sylwester-m.jpg","ultp_layout_landscape-width":50,"ultp_layout_landscape-height":50,"ultp_layout_portrait":"https:\/\/olimpijski.pl\/wp-content\/uploads\/2020\/06\/bio_large_krolikowski-sylwester-m.jpg","ultp_layout_portrait-width":50,"ultp_layout_portrait-height":50,"ultp_layout_square":"https:\/\/olimpijski.pl\/wp-content\/uploads\/2020\/06\/bio_large_krolikowski-sylwester-m.jpg","ultp_layout_square-width":50,"ultp_layout_square-height":50}},"firstname":"","lastname":"Kr\u00f3likowski Sylwester Mieczys\u0142aw","birthdate_date":"02\/10\/1950","birthdate":"2 pa\u017adziernika 1950","deathdate_date":"","deathdate":"","placeofbirth":"","club":"","coach":"","metrics":"","seolink":"krolikowski-sylwester-mieczyslaw","tmp_old_id":"15182","tmp_old_fid":"294","tmp_old_parent_id":"15544","createdate":"06\/11\/2013","tmp_old_title":"Kr\u00f3likowski Sylwester Mieczys\u0142aw","tmp_old_lead":"","tmp_old_body":"<p class=\"title-m-02\">KR\u00d3LIKOWSKI SYLWESTER MIECZYS\u0141AW<\/p><table cellspacing=\"0\" cellpadding=\"0\" border=\"0\" align=\"LEFT\">    <tbody>        <tr>            <td class=\"photo-td-01\">            <table cellspacing=\"0\" cellpadding=\"0\" border=\"0\">                <tbody>                    <tr>                        <td><img height=\"50\" border=\"0\" width=\"50\" alt=\"KR\u00d3LIKOWSKI SYLWESTER MIECZYS\u0141AW\" src=\"files\/old\/i\/olimpijczycy\/Krolikowski_Sylwester_m.jpg\" \/><\/td>                    <\/tr>                <\/tbody>            <\/table>            <\/td>        <\/tr>    <\/tbody><\/table><p><strong>nauczyciel wf, trener, szablista warszawskiego Marymontu, olimpijczyk z Montrealu (1976).<br \/><\/strong><br \/>Urodzony 2 pa\u017adziernika 1950 w Warszawie, syn mistrza \u015blusarskiego Mieczys\u0142awa i Haliny Rogali\u0144skiej, absolwent miejscowego Technikum Budowlanego nr 1 im. Zdzis\u0142awa M\u0105cze\u0144skiego (1970) i biela\u0144skiej AWF (1975), gdzie otrzyma\u0142 tytu\u0142 magistra wf. Szablista (176 cm, 73 kg), wychowanek Pa\u0142acu M\u0142odzie\u017cy (Andrzej Ko\u015bcielniakowski), zawodnik sto\u0142ecznego RKS Marymont. 3-krotny wicemistrz Polski (1976, 1977, 1979), 2-krotny dru\u017cynowy mistrz kraju (1977, 1978) i 1-krotny wicemistrz (1971). Dwukrotnie walczy\u0142 w fina\u0142ach mistrzostw \u015bwiata (dru\u017cyna szablowa); w Buenos Aires (1977) i Hamburgu (1978), gdzie zaj\u0105\u0142 5 m. Brat olimpijki Jolanty Kr\u00f3likowskiej.<\/p><p>Bibl.: G\u0142uszek, Leksykon 1999, s. 242-243; Pawlak, Olimpijczycy, s. 135; Borz\u0119cki, Bia\u0142\u0105 broni\u0105, s. 6 i dalsze; \u0141uczak, Szermierka w Polsce, s\u00a0 91 i dalsze; AAWF Warszawa, D-4807 \/ S.<\/p><p><strong>*1976 Montreal: szabla dru\u017c.<\/strong> - w grupie elim. (4 dru\u017c.) po zwyci\u0119stwach nad Argentyn\u0105 10:6 (Kr\u00f3likowski 2 zw.) i Iranem 9:7 (3 zw.) oraz pora\u017cce z W\u0119grami 6:8 (2 zw.) Polacy zaj\u0119li 2 m. w grupie; w \u0107wier\u0107fin. przegrali z Rumuni\u0105 4:9 (2 zw.), w meczu o 5-8 m. pokonali USA 9:3 (2 zw.); w meczu o 5-6 m. ulegli Kubie 6:9 (1 zw.), zajmuj\u0105c 6 m. w turnieju (zw. ZSRR). Partnerami w dru\u017cynie byli: J. Bierkowski, L. Jab\u0142onowski i J. Nowara.<\/p><!-- history --><table cellspacing=\"0\" cellpadding=\"0\" border=\"0\" width=\"85%\" style=\"text-align: right;\">    <tbody>        <tr>            <td align=\"right\" class=\"box3-title\"><a href=\"javascript:history.back()\">\u00ab powr\u00f3t do listy<\/a><\/td>        <\/tr>    <\/tbody><\/table>","tmp_old_body_img":false,"tmp_old_lead_img":false,"picture_medalists":false,"important":""},"_links":{"self":[{"href":"https:\/\/olimpijski.pl\/en\/wp-json\/wp\/v2\/person\/14205"}],"collection":[{"href":"https:\/\/olimpijski.pl\/en\/wp-json\/wp\/v2\/person"}],"about":[{"href":"https:\/\/olimpijski.pl\/en\/wp-json\/wp\/v2\/types\/person"}],"version-history":[{"count":0,"href":"https:\/\/olimpijski.pl\/en\/wp-json\/wp\/v2\/person\/14205\/revisions"}],"wp:featuredmedia":[{"embeddable":true,"href":"https:\/\/olimpijski.pl\/en\/wp-json\/wp\/v2\/media\/20997"}],"wp:attachment":[{"href":"https:\/\/olimpijski.pl\/en\/wp-json\/wp\/v2\/media?parent=14205"}],"curies":[{"name":"wp","href":"https:\/\/api.w.org\/{rel}","templated":true}]}}