{"id":14230,"date":"2020-06-24T16:47:49","date_gmt":"2020-06-24T14:47:49","guid":{"rendered":"http:\/\/pkol.local\/person\/adam-artur-krzesinski\/"},"modified":"2020-10-12T09:52:11","modified_gmt":"2020-10-12T07:52:11","slug":"adam-artur-krzesinski","status":"publish","type":"person","link":"https:\/\/olimpijski.pl\/en\/olimpijczycy\/adam-artur-krzesinski\/","title":{"rendered":"Adam Krzesi\u0144ski"},"content":{"rendered":"\n<p><strong>zas\u0142u\u017cony florecista AZS-AWF Warszawa, br\u0105zowy (1992) i srebrny (1996) medalista olimpijski w dru\u017cynie, mistrz \u015bwiata i Europy.<\/strong><\/p>\n\n\n\n<p>Urodzony 13 wrze\u015bnia 1965 w Warszawie, absolwent Liceum Og\u00f3lnokszta\u0142c\u0105cego Mistrzostwa Sportowego nr 59 na Bielanach (1984), absolwent AWF Warszawa (trener szermierki i nauczyciel wf) i Podyplomowych Studi\u00f3w Mened\u017cerskich Organizacji i Zarz\u0105dzania w Sporcie. W latach 1975-2002 florecista (196 cm, 92 kg) sto\u0142ecznego AZS-AWF. W szkole podstawowej nr 21 rozpocz\u0105\u0142 przygod\u0119 z szermierk\u0105 (nauczycielka wf Renata Krzykalska &#8211; Popek by\u0142a florecistk\u0105).<\/p>\n\n\n\n<p>Od pocz\u0105tku kariery sportowej (1975) zawodnik klubu przy biela\u0144skiej uczelni, gdzie nad jego post\u0119pami czuwali trenerzy: Wojciech Adamczewski, Leszek Martewicz i Ryszard Bre\u015b. Mia\u0142 wspania\u0142e warunki fizyczne i by\u0142 zawodnikiem lewor\u0119cznym. Wszechstronnie wyszkolony, o dobrej technice, spokojny i opanowany. Silny punkt ka\u017cdej dru\u017cyny. Lubi\u0142 turnieje dru\u017cynowe, w kt\u00f3rych emocje s\u0105 wi\u0119ksze, podobnie jak motywacja.<\/p>\n\n\n\n<p>Mistrz (1996, 1997) i wicemistrz Polski: indywidualnie (1989) i w dru\u017cynie (1987). Na mistrzostwach \u015bwiata, walcz\u0105c w dru\u017cynie zdoby\u0142: w 1998 w La Chaux de Fonds &#8211; z\u0142oty medal (tam w p\u00f3\u0142finale w meczu z Kub\u0105, kiedy rywale prowadzili 40:34 stoczy\u0142 pasjonuj\u0105cy i zwyci\u0119ski pojedynek, wygra\u0142 11:4 z wicemistrzem \u015bwiata Elvisem Gregorym, otworzy\u0142 Polakom drog\u0119 do fina\u0142u i ko\u0144cowego sukcesu), w 1990 w Lyonie i 2001 w Nimes medal srebrny i 3-krotnie medal br\u0105zowy: w Essen (1993), Hadze (1995) i Seulu (1999). W konkurencji indywidualnej zosta\u0142 m.in. mistrzem (1997, Gda\u0144sk) i wicemistrzem Europy (2001 Koblencja). Wicemistrz Europy z P\u0142owdiw z 1998 r. Trzykrotny br\u0105zowy medalista mistrzostw Europy (1991, Wiede\u0144; 1999, Bolano; 2001, Koblencja).<\/p>\n\n\n\n<pre class=\"wp-block-preformatted\"><iframe loading=\"lazy\" scrolling=\"no\" allowfullscreen=\"true\" src=\"https:\/\/www.olympicchannel.com\/video\/syndicated\/detail\/the-polish-men-s-foil-team-in-barcelona-1992?partner_name=www.olympicchannel.com&amp;partnerdomain=www.olympicchannel.com\" width=\"950\" height=\"534\" frameborder=\"0\">&lt;\/pre><\/iframe><\/pre>\n\n\n\n<p>Cz\u0142onek i propagator Towarzystwa Olimpijczyk\u00f3w Polskich. Wielokrotny Wiceprzewodnicz\u0105cy Polskiej Reprezentacji Olimpijskiej na Igrzyskach Olimpijskich (Pekin 2008, Londyn 2012, Rio de Janeiro 2016), Zimowych Igrzyskach Olimpijskich (Turyn 2006, Vancouver 2010, Soczi 2014, PyeongChang 2018) oraz Igrzyskach Europejskich (Baku 2015, Mi\u0144sk 2019). Cz\u0142onek zespo\u0142u zadaniowego ds. III Igrzysk Europejskich Krak\u00f3w-Ma\u0142opolska 2023, od 2005 roku delegat PKOl na posiedzenia Stowarzyszenia Europejskich Komitet\u00f3w Olimpijskich (EOC), \u015awiatowego Stowarzyszenia Narodowych Komitet\u00f3w Olimpijskich (ANOC), cz\u0142onek Komisji Technicznej EOC w latach 2005-2009 oraz cz\u0142onek Komisji EOC ds. Przygotowa\u0144 Olimpijskich od 2009 roku.<\/p>\n\n\n\n<p>Wiceprzewodnicz\u0105cy Sztabu Przygotowa\u0144 Olimpijskich (Turyn 2006, Pekin 2008, Vancouver 2010, PyeongChang 2018, Tokio 2020). Wiceprzewodnicz\u0105cy Komitetu Organizacyjnego IX Zimowego Olimpijskiego Festiwalu M\u0142odzie\u017cy Europy \u015al\u0105sk-Beskidy 2009.<\/p>\n\n\n\n<p>Odznaczony m.in. Medalem za Wybitne Osi\u0105gni\u0119cia Sportowe, Krzy\u017cem Kawalerskim oraz Z\u0142otym i Srebrnym Krzy\u017cem Zas\u0142ugi. Zako\u0144czy\u0142 karier\u0119 w 2002 roku, w latach 2002-2005 by\u0142 dyrektorem klubu AZS-AWF Warszawa, a od 2005 roku Sekretarz Generalny Polskiego Komitetu Olimpijskiego.<\/p>\n\n\n\n<p><strong>*1992 Barcelona: floret ind.<\/strong> &#8211; 5. w&nbsp;elim. grupowej (6 zaw.) z&nbsp;2 zw.; w&nbsp;pierwszej rundzie walk bezpo\u015brednich przegra\u0142 3:5 i&nbsp;1:5 z&nbsp;P. Grocem (Francja), odp. z&nbsp;konk.; <strong>floret dru\u017c.<\/strong> &#8211; w&nbsp;grupie elim. (3 dru\u017c.) Polacy wygrali z&nbsp;ChRL 9:7 oraz&nbsp;przegrali z&nbsp;W\u0142ochami 8:8 (trafieniami), zajmuj\u0105c 2 m. w&nbsp;grupie; w&nbsp;\u0107wier\u0107fin. pokonali WNP 8:8 (trafieniami) &#8211; Krzesi\u0144ski 3 zw., w&nbsp;p\u00f3\u0142fin. ulegli Kubie 7:9 (3 zw.), w&nbsp;meczu o&nbsp;m. 3-4 zwyci\u0119\u017cyli W\u0119gry 9:4 (3 zw.) <strong>zdobywaj\u0105c br\u0105zowy medal<\/strong>. Partnerami w&nbsp;dru\u017cynie byli: P. Kie\u0142pikowski, C. Siess, R. Sobczak i&nbsp;M. Sypniewski.<\/p>\n\n\n\n<p><strong>*1996 Atlanta: floret ind.<\/strong> &#8211; w&nbsp;pierwszej rundzie pokona\u0142 15:14 E. Bravina (USA), w&nbsp;drugiej przegra\u0142 10:15 z&nbsp;E. Gregory (Kuba), odp. z&nbsp;konk.; <strong>floret dru\u017c.<\/strong> &#8211; w&nbsp;pierwszej rundzie Polacy pokonali Wenezuel\u0119 45:27, w&nbsp;\u0107wier\u0107fin. wygrali z&nbsp;Niemcami 45:44, w&nbsp;p\u00f3\u0142fin. zwyci\u0119\u017cyli Austri\u0119 45:38, w&nbsp;finale przegrali z&nbsp;Rosj\u0105 40:45, <strong>zdobywaj\u0105c srebrny medal<\/strong>. Partnerami w&nbsp;dru\u017cynie byli: P. Kie\u0142pikowski, J. Rodzewicz i&nbsp;R. Sobczak.<\/p>\n\n\n\n<p><strong>*2000 Sydney: floret ind.<\/strong> &#8211; w pierwszej rundzie przegra\u0142 z D. Szewczenko (Rosja) 8:15, odp. z konk., zajmuj\u0105c 26. miejsce w turnieju; <strong>floret dru\u017c.<\/strong> &#8211; w \u0107wier\u0107fin. Polacy pokonali Niemcy 45:37, w p\u00f3\u0142fin. przegrali z Francj\u0105 38:45 i w walce o 3. miejsce przegrali z W\u0142ochami 38:45, zajmuj\u0105c ostatecznie 4. msc (zw. Francja). Partnerami w dru\u017cynie byli: R. Sobczak i S. Mocek.<\/p>\n\n\n\n<p><em>Bibl.: G\u0142uszek, Leksykon 1999, s. 245; Du\u0144ski, Od Pary\u017ca, s. 436-437; Kto jest kim w&nbsp;Polsce, Ed. III, 1993, s. 353; Magazyn Olimpijski, 2000, nr&nbsp;8-9, s. 88, nr&nbsp;10-11, s. 131; Kronika 2000, s. 235, 236; Kronika 2001, s. 198; Pawlak, Olimpijczycy, s. 137; Borz\u0119cki, Bia\u0142\u0105 broni\u0105, s. 6 i&nbsp;dalsze; \u0141uczak, Szermierka w&nbsp;Polsce, s. 296, 312; AAWF Warszawa, D-9609 \/ S.<\/em><\/p>\n\n\n\n<figure class=\"wp-block-table\"><table><tbody><tr><td>&nbsp;<\/td><\/tr><\/tbody><\/table><\/figure>\n","protected":false},"excerpt":{"rendered":"<p>zas\u0142u\u017cony florecista AZS-AWF Warszawa, br\u0105zowy (1992) i srebrny (1996) medalista olimpijski w dru\u017cynie, mistrz \u015bwiata i Europy. Urodzony 13 wrze\u015bnia 1965 w<\/p>\n","protected":false},"featured_media":34567,"menu_order":7,"template":"","meta":{"_acf_changed":false,"ub_ctt_via":"","footnotes":""},"class_list":["post-14230","person","type-person","status-publish","has-post-thumbnail","hentry","infinite-scroll-item","no-featured-image-padding","resize-featured-image"],"acf":{"olimpic_information":[{"olimpic":[{"ID":295,"post_author":"1","post_date":"1996-06-17 13:34:45","post_date_gmt":"1996-06-17 11:34:45","post_content":"<!-- wp:heading {\"level\":1,\"className\":\"main-title\"} -->\n<h1 class=\"main-title\"><strong>Igrzyska XXVI Olimpiady<\/strong><br>Atlanta 1996<\/h1>\n<!-- \/wp:heading -->\n\n<!-- wp:paragraph -->\n<p><br><\/p>\n<!-- \/wp:paragraph -->\n\n<!-- wp:image {\"align\":\"left\",\"id\":19312,\"sizeSlug\":\"large\",\"className\":\"is-style-default\"} -->\n<div class=\"wp-block-image is-style-default\"><figure class=\"alignleft size-large\"><img src=\"https:\/\/olimpijski.pl\/wp-content\/uploads\/1996\/06\/atlanta1996.png\" alt=\"\" class=\"wp-image-19312\"\/><\/figure><\/div>\n<!-- \/wp:image -->\n\n<!-- wp:list -->\n<ul><li>Igrzyska rozegrano w dniach <strong>19 lipca \u2013 4 sierpnia<\/strong>.<\/li><li>Wystartowa\u0142o <strong>10 318 <\/strong>zawodnik\u00f3w (w tym <strong>3512<\/strong> kobiet) ze <strong>197<\/strong> kraj\u00f3w.<\/li><li>Rozdano <strong>271<\/strong> komplet\u00f3w medali.<\/li><li>Przysi\u0119g\u0119 olimpijsk\u0105 z\u0142o\u017cy\u0142a koszykarka <strong>Teresa Edwards<\/strong>, natomiast w imieniu s\u0119dzi\u00f3w i trener\u00f3w \u2013 <strong>Hoby Billingsley<\/strong>.<\/li><li>Znicz zapali\u0142 z\u0142oty medalista olimpijski w boksie z Rzymu w 1960 roku <strong>Muhammad Ali<\/strong>.<\/li><li>Igrzyska otworzy\u0142 prezydent USA <strong>Bill Clinton<\/strong>.<\/li><\/ul>\n<!-- \/wp:list -->\n\n<!-- wp:heading -->\n<h2><strong>Program Igrzysk \u2013 29 dyscyplin, 271 konkurencji<\/strong><\/h2>\n<!-- \/wp:heading -->\n\n<!-- wp:paragraph -->\n<p>badminton (5 konkurencji), baseball (1), boks (12), gimnastyka (16), hokej na trawie (2), je\u017adziectwo (6), judo (14), kajakarstwo (16), kolarstwo (14), koszyk\u00f3wka (2), lekkoatletyka (44), \u0142ucznictwo (4), pi\u0119ciob\u00f3j nowoczesny (1), pi\u0142ka no\u017cna (2), pi\u0142ka r\u0119czna (2), pi\u0142ka siatkowa (4), pi\u0142ka wodna (1), p\u0142ywanie (32), p\u0142ywanie synchroniczne (1), podnoszenie ci\u0119\u017car\u00f3w (10), skoki do wody (4), softball (1), strzelectwo (15), szermierka (10), tenis (4), tenis sto\u0142owy (4), wio\u015blarstwo (14), zapasy (20), \u017ceglarstwo (10).<\/p>\n<!-- \/wp:paragraph -->\n\n<!-- wp:heading -->\n<h2><strong>Gwiazda Igrzysk<\/strong><\/h2>\n<!-- \/wp:heading -->\n\n<!-- wp:paragraph -->\n<p><strong>Aleksiej Nemow <\/strong>(Rosja, gimnastyka) \u2013 2 z\u0142ote medale, 1 srebrny, 3 br\u0105zowe<\/p>\n<!-- \/wp:paragraph -->\n\n<!-- wp:heading -->\n<h2><strong>Polska Reprezentacja Olimpijska<\/strong><\/h2>\n<!-- \/wp:heading -->\n\n<!-- wp:paragraph -->\n<p>168 os\u00f3b (startowa\u0142o 165 \u2013 39 kobiet i 126 m\u0119\u017cczyzn) w 20 sportach: 1 badmintonistka, 4 bokser\u00f3w, 2 gimnastyczki artystyczne, 5 je\u017ad\u017ac\u00f3w, 12 judok\u00f3w (w tym 5 kobiet), 24 kajakarzy (w tym 4 kobiety; 23 startowa\u0142o + 1 rez.), 9 kolarzy (8 startowa\u0142o, 1 nie), 23 lekkoatlet\u00f3w (w tym 9 kobiet), 4 \u0142ucznik\u00f3w (w tym 3 kobiety), 2 pi\u0119cioboist\u00f3w, 11 p\u0142ywak\u00f3w (w tym 4 kobiety), 5 ci\u0119\u017carowc\u00f3w, 12 siatkarzy (11 startowa\u0142o + 1 rez.), 10 strzelc\u00f3w (w tym 3 kobiety), 11 szermierzy (w tym 4 kobiety), 2 tenisistki, 2 tenisist\u00f3w sto\u0142owych, 12 wio\u015blarzy, 11 zapa\u015bnik\u00f3w, 6 \u017ceglarzy (w tym 2 kobiety).<\/p>\n<!-- \/wp:paragraph -->\n\n<!-- wp:paragraph -->\n<p>Chor\u0105\u017cym reprezentacji Polski by\u0142 p\u0142ywak <strong>Rafa\u0142 Szuka\u0142a<\/strong>.<\/p>\n<!-- \/wp:paragraph -->\n\n<!-- wp:heading -->\n<h2><strong>Klasyfikacja medalowa<\/strong><\/h2>\n<!-- \/wp:heading -->\n\n<!-- wp:table {\"hasFixedLayout\":true,\"className\":\"is-style-stripes\"} -->\n<figure class=\"wp-block-table is-style-stripes\"><table class=\"has-fixed-layout\"><tbody><tr><td><\/td><td><\/td><td class=\"has-text-align-center\" data-align=\"center\">&nbsp;<\/td><td class=\"has-text-align-center\" data-align=\"center\">&nbsp;<\/td><td class=\"has-text-align-center\" data-align=\"center\">&nbsp;<\/td><td class=\"has-text-align-center\" data-align=\"center\">&nbsp;<\/td><\/tr><tr><td>&nbsp;<\/td><td>&nbsp;<\/td><td class=\"has-text-align-center\" data-align=\"center\">&nbsp;<\/td><td class=\"has-text-align-center\" data-align=\"center\"><img class=\"wp-image-27817\" style=\"width: 50px;\" src=\"https:\/\/olimpijski.pl\/wp-content\/uploads\/2016\/06\/2016_Rio_zloty_50x50.jpg\" alt=\"\"><\/td><td class=\"has-text-align-center\" data-align=\"center\"><img class=\"wp-image-27819\" style=\"width: 50px;\" src=\"https:\/\/olimpijski.pl\/wp-content\/uploads\/2016\/06\/2016_Rio_sreb_50x50.jpg\" alt=\"\"><\/td><td class=\"has-text-align-center\" data-align=\"center\"><img class=\"wp-image-27821\" style=\"width: 50px;\" src=\"https:\/\/olimpijski.pl\/wp-content\/uploads\/2016\/06\/2016_Rio_braz_50x50.jpg\" alt=\"\"><\/td><\/tr><tr><td>1.<\/td><td>USA<\/td><td class=\"has-text-align-center\" data-align=\"center\">101<\/td><td class=\"has-text-align-center\" data-align=\"center\">44<\/td><td class=\"has-text-align-center\" data-align=\"center\">32<\/td><td class=\"has-text-align-center\" data-align=\"center\">25<\/td><\/tr><tr><td>2.<\/td><td>Rosja<\/td><td class=\"has-text-align-center\" data-align=\"center\">63<\/td><td class=\"has-text-align-center\" data-align=\"center\">26<\/td><td class=\"has-text-align-center\" data-align=\"center\">21<\/td><td class=\"has-text-align-center\" data-align=\"center\">16<\/td><\/tr><tr><td>3.<\/td><td>Niemcy<\/td><td class=\"has-text-align-center\" data-align=\"center\">65<\/td><td class=\"has-text-align-center\" data-align=\"center\">20<\/td><td class=\"has-text-align-center\" data-align=\"center\">18<\/td><td class=\"has-text-align-center\" data-align=\"center\">27<\/td><\/tr><tr><td>...<\/td><td>&nbsp;<\/td><td class=\"has-text-align-center\" data-align=\"center\">&nbsp;<\/td><td class=\"has-text-align-center\" data-align=\"center\">&nbsp;<\/td><td class=\"has-text-align-center\" data-align=\"center\">&nbsp;<\/td><td class=\"has-text-align-center\" data-align=\"center\">&nbsp;<\/td><\/tr><tr><td><strong>11.<\/strong><\/td><td><strong>Polska<\/strong><\/td><td class=\"has-text-align-center\" data-align=\"center\"><strong>17<\/strong><\/td><td class=\"has-text-align-center\" data-align=\"center\"><strong>7<\/strong><\/td><td class=\"has-text-align-center\" data-align=\"center\"><strong>5<\/strong><\/td><td class=\"has-text-align-center\" data-align=\"center\"><strong>5<\/strong><\/td><\/tr><\/tbody><\/table><\/figure>\n<!-- \/wp:table -->\n\n<!-- wp:heading -->\n<h2><strong>Medale dla Polski (17)<\/strong><\/h2>\n<!-- \/wp:heading -->\n\n<!-- wp:ub\/content-toggle-block {\"blockID\":\"8ed634eb-cee6-4def-8c79-4b5504ccc508\",\"theme\":\"#f1f1f1\",\"collapsed\":true,\"titleColor\":\"#000000\"} -->\n<!-- wp:ub\/content-toggle-panel-block {\"parentID\":\"8ed634eb-cee6-4def-8c79-4b5504ccc508\",\"theme\":\"#f1f1f1\",\"collapsed\":true,\"titleColor\":\"#000000\",\"panelTitle\":\"Z\u0142ote\"} -->\n<!-- wp:paragraph -->\n<p><\/p>\n<!-- \/wp:paragraph -->\n\n<!-- wp:media-text {\"align\":\"\",\"mediaId\":30175,\"mediaLink\":\"https:\/\/olimpijski.pl\/igrzyska_letnie\/atlanta-1996\/1996_atlanta_zloto_200\/#main\",\"mediaType\":\"image\",\"mediaWidth\":21} -->\n<div class=\"wp-block-media-text is-stacked-on-mobile\" style=\"grid-template-columns:21% auto\"><figure class=\"wp-block-media-text__media\"><img src=\"https:\/\/olimpijski.pl\/wp-content\/uploads\/1996\/06\/1996_Atlanta_zloto_200.jpg\" alt=\"\" class=\"wp-image-30175\"\/><\/figure><div class=\"wp-block-media-text__content\"><!-- wp:paragraph -->\n<p><strong>Renata Mauer<\/strong><br>(strzelectwo, karabin pneumatyczny - 10 m)<\/p>\n<!-- \/wp:paragraph -->\n\n<!-- wp:paragraph -->\n<p><strong>Pawe\u0142 Nastula<\/strong><br>(judo, 95 kg)<\/p>\n<!-- \/wp:paragraph -->\n\n<!-- wp:paragraph -->\n<p><strong>W\u0142odzimierz Zawadzki<\/strong><br>(zapasy, styl klasyczny - 62 kg)<\/p>\n<!-- \/wp:paragraph -->\n\n<!-- wp:paragraph -->\n<p><strong>Ryszard Wolny<\/strong><br>(zapasy, styl klasyczny - 68 kg)<\/p>\n<!-- \/wp:paragraph -->\n\n<!-- wp:paragraph -->\n<p><strong>Andrzej Wro\u0144ski<\/strong><br>(zapasy, styl klasyczny - 100 kg)<\/p>\n<!-- \/wp:paragraph -->\n\n<!-- wp:paragraph -->\n<p><strong>Robert Korzeniowski<\/strong><br>(lekkoatletyka, ch\u00f3d sportowy - 50 km)<\/p>\n<!-- \/wp:paragraph -->\n\n<!-- wp:paragraph -->\n<p><strong>Mateusz Kusznierewicz<\/strong><br>(\u017ceglarstwo, klasa Finn)<\/p>\n<!-- \/wp:paragraph --><\/div><\/div>\n<!-- \/wp:media-text -->\n<!-- \/wp:ub\/content-toggle-panel-block -->\n<!-- \/wp:ub\/content-toggle-block -->\n\n<!-- wp:ub\/content-toggle-block {\"blockID\":\"42f38dc0-cfb2-4dca-886f-7633fe3250fc\",\"theme\":\"#f1f1f1\",\"collapsed\":true,\"titleColor\":\"#000000\"} -->\n<!-- wp:ub\/content-toggle-panel-block {\"parentID\":\"42f38dc0-cfb2-4dca-886f-7633fe3250fc\",\"theme\":\"#f1f1f1\",\"collapsed\":true,\"titleColor\":\"#000000\",\"panelTitle\":\"Srebrne\"} -->\n<!-- wp:paragraph -->\n<p><\/p>\n<!-- \/wp:paragraph -->\n\n<!-- wp:media-text {\"align\":\"\",\"mediaId\":30177,\"mediaLink\":\"https:\/\/olimpijski.pl\/igrzyska_letnie\/atlanta-1996\/1996_atlanta_srebro_200\/#main\",\"mediaType\":\"image\",\"mediaWidth\":20} -->\n<div class=\"wp-block-media-text is-stacked-on-mobile\" style=\"grid-template-columns:20% auto\"><figure class=\"wp-block-media-text__media\"><img src=\"https:\/\/olimpijski.pl\/wp-content\/uploads\/1996\/06\/1996_Atlanta_srebro_200.jpg\" alt=\"\" class=\"wp-image-30177\"\/><\/figure><div class=\"wp-block-media-text__content\"><!-- wp:paragraph -->\n<p><strong>Aneta Szczepa\u0144ska<\/strong><br>(judo, 66 kg)<\/p>\n<!-- \/wp:paragraph -->\n\n<!-- wp:paragraph -->\n<p><strong>Artur Partyka<\/strong><br>(lekkoatletyka, skok wzwy\u017c)<\/p>\n<!-- \/wp:paragraph -->\n\n<!-- wp:paragraph -->\n<p><strong>Miros\u0142aw Rzepkowski<\/strong><br>(strzelectwo, skeet)<\/p>\n<!-- \/wp:paragraph -->\n\n<!-- wp:paragraph -->\n<p><strong>Jacek Fafi\u0144ski<\/strong><br>(zapasy, styl klasyczny - 90 kg)<\/p>\n<!-- \/wp:paragraph -->\n\n<!-- wp:paragraph -->\n<p><strong>Piotr Kie\u0142pikowski, Adam Krzesi\u0144ski, Jaros\u0142aw Rodzewicz, Ryszard Sobczak<\/strong><br>(szermierka, floret dru\u017cynowo)<\/p>\n<!-- \/wp:paragraph --><\/div><\/div>\n<!-- \/wp:media-text -->\n<!-- \/wp:ub\/content-toggle-panel-block -->\n<!-- \/wp:ub\/content-toggle-block -->\n\n<!-- wp:ub\/content-toggle-block {\"blockID\":\"7ba58206-48fb-4576-b72e-3ec4aee6e70e\",\"theme\":\"#f1f1f1\",\"collapsed\":true,\"titleColor\":\"#000000\"} -->\n<!-- wp:ub\/content-toggle-panel-block {\"parentID\":\"7ba58206-48fb-4576-b72e-3ec4aee6e70e\",\"theme\":\"#f1f1f1\",\"collapsed\":true,\"titleColor\":\"#000000\",\"panelTitle\":\"Br\u0105zowe\"} -->\n<!-- wp:paragraph -->\n<p><\/p>\n<!-- \/wp:paragraph -->\n\n<!-- wp:media-text {\"align\":\"\",\"mediaId\":30179,\"mediaLink\":\"https:\/\/olimpijski.pl\/igrzyska_letnie\/atlanta-1996\/1996_atlanta_braz_200\/#main\",\"mediaType\":\"image\",\"mediaWidth\":20} -->\n<div class=\"wp-block-media-text is-stacked-on-mobile\" style=\"grid-template-columns:20% auto\"><figure class=\"wp-block-media-text__media\"><img src=\"https:\/\/olimpijski.pl\/wp-content\/uploads\/1996\/06\/1996_Atlanta_braz_200.jpg\" alt=\"\" class=\"wp-image-30179\"\/><\/figure><div class=\"wp-block-media-text__content\"><!-- wp:paragraph -->\n<p><strong>Marek Markiewicz<\/strong><br>(kajakarstwo, K1 na 500 m)<\/p>\n<!-- \/wp:paragraph -->\n\n<!-- wp:paragraph -->\n<p><strong>Iwona Dzi\u0119cio\u0142, Katarzyna Klata, Joanna Nowicka<\/strong><br>(\u0142ucznictwo, turniej dru\u017cynowy)<\/p>\n<!-- \/wp:paragraph -->\n\n<!-- wp:paragraph -->\n<p><strong>Andrzej Cofalik<\/strong><br>(podnoszenie ci\u0119\u017car\u00f3w - 83 kg)<\/p>\n<!-- \/wp:paragraph -->\n\n<!-- wp:paragraph -->\n<p><strong>Renata Mauer<\/strong><br>(strzelectwo, karabin standard)<\/p>\n<!-- \/wp:paragraph -->\n\n<!-- wp:paragraph -->\n<p><strong>J\u00f3zef Tracz<\/strong><br>(zapasy, styl klasyczny - 74 kg)<\/p>\n<!-- \/wp:paragraph --><\/div><\/div>\n<!-- \/wp:media-text -->\n<!-- \/wp:ub\/content-toggle-panel-block -->\n<!-- \/wp:ub\/content-toggle-block -->\n\n<!-- wp:paragraph -->\n<p><\/p>\n<!-- \/wp:paragraph -->\n\n<!-- wp:quote {\"className\":\"is-style-default\"} -->\n<blockquote class=\"wp-block-quote is-style-default\"><p>Bohaterami reprezentacji byli polscy zapa\u015bnicy, kt\u00f3rzy odnie\u015bli najwi\u0119kszy sukces w historii start\u00f3w olimpijskich, zdobywaj\u0105c 3 z\u0142ote medale.<\/p><p>W programie rywalizacji znalaz\u0142y si\u0119 po raz pierwszy: siatk\u00f3wka pla\u017cowa, kolarstwo g\u00f3rskie, pi\u0142ka no\u017cna kobiet oraz softball&nbsp; kobiet. Po raz pierwszy na igrzyskach pojawi\u0142y si\u0119 reprezentacje: Azerbejd\u017canu, Burundi, Dominikany, Gwinei Bissau, Komor\u00f3w, Macedonii, Nauru, Palestyny, Republiki Zielonego Przyl\u0105dka, Saint Kitts i Nevis, Saint Lucia, Wyspy \u015bw. Tomasza i ksi\u0105\u017c\u0119cej, Tad\u017cykistanu i Turkmenistanu.<\/p><\/blockquote>\n<!-- \/wp:quote -->","post_title":"Atlanta 1996","post_excerpt":"","post_status":"publish","comment_status":"closed","ping_status":"closed","post_password":"","post_name":"atlanta-1996","to_ping":"","pinged":"","post_modified":"2020-10-02 12:55:26","post_modified_gmt":"2020-10-02 10:55:26","post_content_filtered":"","post_parent":0,"guid":"https:\/\/wai-q98d7hpf9hy9k.wpallimport-demo.qsandbox.me\/olympics_summer\/atlanta-1996\/","menu_order":0,"post_type":"olympics_summer","post_mime_type":"","comment_count":"0","filter":"raw"}],"competitions_rewards":[{"competition":[{"ID":5785,"post_author":"1","post_date":"2020-06-19 11:32:17","post_date_gmt":"2020-06-19 09:32:17","post_content":"","post_title":"Szermierka - floret dru\u017c.","post_excerpt":"","post_status":"publish","comment_status":"closed","ping_status":"closed","post_password":"","post_name":"floret-druz","to_ping":"","pinged":"","post_modified":"2020-07-22 12:06:54","post_modified_gmt":"2020-07-22 10:06:54","post_content_filtered":"","post_parent":5868,"guid":"https:\/\/wai-q7byvryhhcz9k.wpallimport-demo.qsandbox.me\/competition\/floret-druz\/","menu_order":0,"post_type":"competition","post_mime_type":"","comment_count":"0","filter":"raw"}],"reward":{"value":"2","label":"Srebrny"}}]},{"olimpic":[{"ID":296,"post_author":"1","post_date":"1992-06-17 13:34:45","post_date_gmt":"1992-06-17 11:34:45","post_content":"<!-- wp:heading {\"level\":1,\"className\":\"main-title\"} -->\n<h1 class=\"main-title\"><strong>Igrzyska XXV Olimpiady<\/strong><br>Barcelona 1992<\/h1>\n<!-- \/wp:heading -->\n\n<!-- wp:paragraph -->\n<p><br><\/p>\n<!-- \/wp:paragraph -->\n\n<!-- wp:image {\"align\":\"left\",\"id\":19314,\"sizeSlug\":\"large\",\"className\":\"is-style-default\"} -->\n<div class=\"wp-block-image is-style-default\"><figure class=\"alignleft size-large\"><img src=\"https:\/\/olimpijski.pl\/wp-content\/uploads\/1992\/06\/barcelona1992.png\" alt=\"\" class=\"wp-image-19314\"\/><\/figure><\/div>\n<!-- \/wp:image -->\n\n<!-- wp:list -->\n<ul><li>Igrzyska rozegrano w dniach <strong>25 lipca \u2013 9 sierpnia<\/strong>.<\/li><li>Wystartowa\u0142o <strong>9956<\/strong> zawodnik\u00f3w (w tym <strong>2851<\/strong> kobiet) ze <strong>173<\/strong> kraj\u00f3w.<\/li><li>Rozdano <strong>257<\/strong> komplet\u00f3w medali.<\/li><li>Przysi\u0119g\u0119 olimpijsk\u0105 w imieniu sportowc\u00f3w z\u0142o\u017cy\u0142 \u017ceglarz <strong>Luis Doreste Blanco<\/strong>, natomiast w imieniu s\u0119dzi\u00f3w i trener\u00f3w \u2013 <strong>Eugeni Asensio<\/strong>.<\/li><li>Znicz olimpijski zapali\u0142 \u0142ucznik <strong>Antonio Rebollo<\/strong>, uczestnik trzech igrzysk paraolimpijskich i ich srebrny i br\u0105zowy medalista.<\/li><li>Igrzyska otworzy\u0142 <strong>kr\u00f3l Hiszpanii Juan Carlos<\/strong>.<\/li><\/ul>\n<!-- \/wp:list -->\n\n<!-- wp:heading -->\n<h2><strong>Program Igrzysk \u2013 28 dyscyplin, 257 konkurencji<\/strong><\/h2>\n<!-- \/wp:heading -->\n\n<!-- wp:paragraph -->\n<p>badminton (4 konkurencje), baseball (1), boks (12), gimnastyka (15), hokej na trawie (2), je\u017adziectwo (6), judo (14), kajakarstwo (16), kolarstwo (10), koszyk\u00f3wka (2), lekkoatletyka (43), \u0142ucznictwo (4), pi\u0119ciob\u00f3j nowoczesny (2), pi\u0142ka no\u017cna (1), pi\u0142ka r\u0119czna (2), pi\u0142ka siatkowa (2), pi\u0142ka wodna (1), p\u0142ywanie (31), p\u0142ywanie synchroniczne (2), podnoszenie ci\u0119\u017car\u00f3w (10), skoki do wody (4), strzelectwo (13), szermierka (8), tenis (4), tenis sto\u0142owy (4), wio\u015blarstwo (14), zapasy (20), \u017ceglarstwo (10).<\/p>\n<!-- \/wp:paragraph -->\n\n<!-- wp:heading -->\n<h2><strong>Gwiazda Igrzysk<\/strong><\/h2>\n<!-- \/wp:heading -->\n\n<!-- wp:paragraph -->\n<p><strong>Witalij Szczerbo <\/strong>(Wsp\u00f3lnota Niepodleg\u0142ych Pa\u0144stw, gimnastyka) \u2013 6 z\u0142otych medali<\/p>\n<!-- \/wp:paragraph -->\n\n<!-- wp:heading -->\n<h2><strong>Polska Reprezentacja Olimpijska<\/strong><\/h2>\n<!-- \/wp:heading -->\n\n<!-- wp:paragraph -->\n<p><strong>207 os\u00f3b<\/strong> (startowa\u0142o 201 \u2013 52 kobiety i 149 m\u0119\u017cczyzn) w 21 sportach: 8 bokser\u00f3w, 6 badmintonist\u00f3w (w tym 5 kobiet), 2 gimnastyczki artystyczne, 5 je\u017ad\u017ac\u00f3w (4 startowa\u0142o, 1 nie), 11 judok\u00f3w (w tym 5 kobiet), 18 kajakarzy (w tym 3 kobiety), 9 kolarzy, 24 lekkoatlet\u00f3w (w tym 14 kobiet), 6 \u0142ucznik\u00f3w (w tym 3 kobiety), 4 pi\u0119cioboist\u00f3w (3 startowa\u0142o, + 1 rez.), 20 pi\u0142karzy (16 startowa\u0142o + 4 rez.), 14 p\u0142ywak\u00f3w (w tym 6 kobiet), 1 skoczek do wody, 9 ci\u0119\u017carowc\u00f3w, 12 strzelc\u00f3w (w tym 5 kobiet), 3 tenisistki, 3 tenisist\u00f3w sto\u0142owych, 20 szermierzy (w tym 5 kobiet), 15 wio\u015blarzy, 13 zapa\u015bnik\u00f3w, 4 \u017ceglarzy (w tym 1 kobieta).<\/p>\n<!-- \/wp:paragraph -->\n\n<!-- wp:paragraph -->\n<p>Chor\u0105\u017cym reprezentacji Polski by\u0142 judoka <strong>Waldemar Legie\u0144<\/strong>.<\/p>\n<!-- \/wp:paragraph -->\n\n<!-- wp:heading -->\n<h2><strong>Klasyfikacja medalowa<\/strong><\/h2>\n<!-- \/wp:heading -->\n\n<!-- wp:table {\"hasFixedLayout\":true,\"className\":\"is-style-stripes\"} -->\n<figure class=\"wp-block-table is-style-stripes\"><table class=\"has-fixed-layout\"><tbody><tr><td><\/td><td><\/td><td class=\"has-text-align-center\" data-align=\"center\">&nbsp;<\/td><td class=\"has-text-align-center\" data-align=\"center\">&nbsp;<\/td><td class=\"has-text-align-center\" data-align=\"center\">&nbsp;<\/td><td class=\"has-text-align-center\" data-align=\"center\">&nbsp;<\/td><\/tr><tr><td>&nbsp;<\/td><td>&nbsp;<\/td><td class=\"has-text-align-center\" data-align=\"center\">&nbsp;<\/td><td class=\"has-text-align-center\" data-align=\"center\"><img class=\"wp-image-27817\" style=\"width: 50px;\" src=\"https:\/\/olimpijski.pl\/wp-content\/uploads\/2016\/06\/2016_Rio_zloty_50x50.jpg\" alt=\"\"><\/td><td class=\"has-text-align-center\" data-align=\"center\"><img class=\"wp-image-27819\" style=\"width: 50px;\" src=\"https:\/\/olimpijski.pl\/wp-content\/uploads\/2016\/06\/2016_Rio_sreb_50x50.jpg\" alt=\"\"><\/td><td class=\"has-text-align-center\" data-align=\"center\"><img class=\"wp-image-27821\" style=\"width: 50px;\" src=\"https:\/\/olimpijski.pl\/wp-content\/uploads\/2016\/06\/2016_Rio_braz_50x50.jpg\" alt=\"\"><\/td><\/tr><tr><td>1.<\/td><td>WNP*<\/td><td class=\"has-text-align-center\" data-align=\"center\">112<\/td><td class=\"has-text-align-center\" data-align=\"center\">45<\/td><td class=\"has-text-align-center\" data-align=\"center\">38<\/td><td class=\"has-text-align-center\" data-align=\"center\">29<\/td><\/tr><tr><td>2.<\/td><td>USA<\/td><td class=\"has-text-align-center\" data-align=\"center\">108<\/td><td class=\"has-text-align-center\" data-align=\"center\">37<\/td><td class=\"has-text-align-center\" data-align=\"center\">34<\/td><td class=\"has-text-align-center\" data-align=\"center\">37<\/td><\/tr><tr><td>3.<\/td><td>Niemcy<\/td><td class=\"has-text-align-center\" data-align=\"center\">92<\/td><td class=\"has-text-align-center\" data-align=\"center\">33<\/td><td class=\"has-text-align-center\" data-align=\"center\">21<\/td><td class=\"has-text-align-center\" data-align=\"center\">38<\/td><\/tr><tr><td>...<\/td><td>&nbsp;<\/td><td class=\"has-text-align-center\" data-align=\"center\">&nbsp;<\/td><td class=\"has-text-align-center\" data-align=\"center\">&nbsp;<\/td><td class=\"has-text-align-center\" data-align=\"center\">&nbsp;<\/td><td class=\"has-text-align-center\" data-align=\"center\">&nbsp;<\/td><\/tr><tr><td><strong>19.<\/strong><\/td><td><strong>Polska<\/strong><\/td><td class=\"has-text-align-center\" data-align=\"center\"><strong>19<\/strong><\/td><td class=\"has-text-align-center\" data-align=\"center\"><strong>3<\/strong><\/td><td class=\"has-text-align-center\" data-align=\"center\"><strong>6<\/strong><\/td><td class=\"has-text-align-center\" data-align=\"center\"><strong>10<\/strong><\/td><\/tr><\/tbody><\/table><\/figure>\n<!-- \/wp:table -->\n\n<!-- wp:heading -->\n<h2><strong>Medale dla Polski (19)<\/strong><\/h2>\n<!-- \/wp:heading -->\n\n<!-- wp:paragraph -->\n<p>z\u0142oty - Waldemar Legie\u0144 (judo - waga 86 kg)<br>z\u0142oty - Arkadiusz Skrzypaszek (pi\u0119ciob\u00f3j nowoczesny - rywalizacja indywidualna)<br>z\u0142oty - Maciej Czy\u017cowicz, Dariusz Go\u017adziak i Arkadiusz Skrzypaszek (pi\u0119ciob\u00f3j nowoczesny - rywalizacja dru\u017cynowa)<br><br>srebrny - Maciej Freimut i Wojciech Kurpiewski (kajakarstwo - KS na 500 m)<br>srebrny - Rafa\u0142 Szuka\u0142a (p\u0142ywanie - wy\u015bcig na 100 m stylem motylkowym)<br>srebrny - Krzysztof Siemion (podnoszenie ci\u0119\u017car\u00f3w - waga 82,5 kg)<br>srebrny - J\u00f3zef Tracz (zapasy - styl klasyczny - waga 74 kg)<br>srebrny - Piotr St\u0119pie\u0144 (zapasy - styl klasyczny - waga 82 kg)<br>srebrny - Dariusz Adamczuk, Marek Bajor, Jerzy Brz\u0119czek, Dariusz G\u0119sior, Marcin Ja\u0142ocha, Andrzej Juskowiak, Aleksander K\u0142ak, Andrzej Kobyla\u0144ski, Dariusz Kose\u0142a, Wojciech Kowalczyk, Marek Ko\u017ami\u0144ski, Tomasz \u0141api\u0144ski, Grzegorz Mielcarski, Arkadiusz Onyszko, Ryszard Staniek, Dariusz Szubert, Piotr \u015awierczewski, Miros\u0142aw Walig\u00f3ra, Tomasz Wa\u0142doch i Tomasz Wieszczycki (pi\u0142ka no\u017cna)<br><br>br\u0105zowy - Wojciech Bartnik (boks - waga p\u00f3\u0142ci\u0119\u017cka)<br>br\u0105zowy - Grzegorz Kotowicz, Dariusz Bia\u0142kowski (kajakarstwo - K2 na 1000 m)<br>br\u0105zowy - Izabela Dylewska (kajakarstwo - K1 na 500 m)<br>br\u0105zowy - Artur Partyka (lekkoatletyka- skok wzwy\u017c)<br>br\u0105zowy - Sergiusz Wo\u0142czaniecki (podnoszenie ci\u0119\u017car\u00f3w - waga 90 kg)<br>br\u0105zowy - Waldemar Malak (podnoszenie ci\u0119\u017car\u00f3w - waga 90 kg)<br>br\u0105zowy - Ma\u0142gorzata Ksi\u0105\u017ckiewicz (strzelectwo - karabin ma\u0142okalibrowy)<br>br\u0105zowy - Piotr Kie\u0142pikowski, Adam Krzesi\u0144ski, Cezary Siess, Ryszard Sobczak i Marian Sypniewski (szermierka - turniej dru\u017cynowy florecist\u00f3w)<br>br\u0105zowy - Kajetan Broniewski (wio\u015blarstwo - jedynki)<br>br\u0105zowy - Wojciech Jankowski, Maciej \u0141asicki, Jacek Streich, Tomasz Tomiak i sternik Micha\u0142 Cie\u015blak (wio\u015blarstwo - czw\u00f3rka ze sternikiem)<\/p>\n<!-- \/wp:paragraph -->\n\n<!-- wp:quote {\"className\":\"is-style-default\"} -->\n<blockquote class=\"wp-block-quote is-style-default\"><p>Ceremoni\u0119 otwarcia ogl\u0105da\u0142o ponad 3 mld telewidz\u00f3w. W programie igrzysk znalaz\u0142y si\u0119 badminton, baseball i judo kobiet. RPA, kt\u00f3ra zerwa\u0142a z polityk\u0105 apartheidu mia\u0142a reprezentacj\u0119 mieszan\u0105 rasowo. Zadebiutowa\u0142y: Chorwacja, S\u0142owenia, Bo\u015bnia i Hercegowina, Jemen i Namibia. Sportowcy Jugos\u0142awii, na kt\u00f3r\u0105 na\u0142o\u017cone sankcje mi\u0119dzynarodowe wyst\u0105pili w dru\u017cynie niezale\u017cnej (Independent Olympic Participants).<\/p><\/blockquote>\n<!-- \/wp:quote -->\n\n<!-- wp:paragraph -->\n<p><em>* WNP \u2013 Wsp\u00f3lnota Niepodleg\u0142ych Pa\u0144stw, czyli forma przej\u015bciowa mi\u0119dzy ZSRR, a Rosj\u0105.<\/em><\/p>\n<!-- \/wp:paragraph -->","post_title":"Barcelona 1992","post_excerpt":"","post_status":"publish","comment_status":"closed","ping_status":"closed","post_password":"","post_name":"barcelona-1992","to_ping":"","pinged":"","post_modified":"2020-09-28 15:16:33","post_modified_gmt":"2020-09-28 13:16:33","post_content_filtered":"","post_parent":0,"guid":"https:\/\/wai-q98d7hpf9hy9k.wpallimport-demo.qsandbox.me\/olympics_summer\/barcelona-1992\/","menu_order":0,"post_type":"olympics_summer","post_mime_type":"","comment_count":"0","filter":"raw"}],"competitions_rewards":[{"competition":[{"ID":5785,"post_author":"1","post_date":"2020-06-19 11:32:17","post_date_gmt":"2020-06-19 09:32:17","post_content":"","post_title":"Szermierka - floret dru\u017c.","post_excerpt":"","post_status":"publish","comment_status":"closed","ping_status":"closed","post_password":"","post_name":"floret-druz","to_ping":"","pinged":"","post_modified":"2020-07-22 12:06:54","post_modified_gmt":"2020-07-22 10:06:54","post_content_filtered":"","post_parent":5868,"guid":"https:\/\/wai-q7byvryhhcz9k.wpallimport-demo.qsandbox.me\/competition\/floret-druz\/","menu_order":0,"post_type":"competition","post_mime_type":"","comment_count":"0","filter":"raw"}],"reward":{"value":"3","label":"Br\u0105zowy"}}]}],"picture":{"ID":34567,"id":34567,"title":"adam_krzesinski_1000x1100","filename":"adam_krzesinski_1000x1100.jpg","filesize":552372,"url":"https:\/\/olimpijski.pl\/wp-content\/uploads\/2020\/06\/adam_krzesinski_1000x1100.jpg","link":"https:\/\/olimpijski.pl\/en\/olimpijczycy\/adam-artur-krzesinski\/adam_krzesinski_1000x1100\/#main","alt":"","author":"15","description":"","caption":"","name":"adam_krzesinski_1000x1100","status":"inherit","uploaded_to":14230,"date":"2020-10-12 07:51:42","modified":"2020-10-12 07:51:42","menu_order":0,"mime_type":"image\/jpeg","type":"image","subtype":"jpeg","icon":"https:\/\/olimpijski.pl\/wp-includes\/images\/media\/default.png","width":1000,"height":1149,"sizes":{"thumbnail":"https:\/\/olimpijski.pl\/wp-content\/uploads\/2020\/06\/adam_krzesinski_1000x1100-150x150.jpg","thumbnail-width":150,"thumbnail-height":150,"medium":"https:\/\/olimpijski.pl\/wp-content\/uploads\/2020\/06\/adam_krzesinski_1000x1100-261x300.jpg","medium-width":261,"medium-height":300,"medium_large":"https:\/\/olimpijski.pl\/wp-content\/uploads\/2020\/06\/adam_krzesinski_1000x1100-768x882.jpg","medium_large-width":768,"medium_large-height":882,"large":"https:\/\/olimpijski.pl\/wp-content\/uploads\/2020\/06\/adam_krzesinski_1000x1100-891x1024.jpg","large-width":891,"large-height":1024,"1536x1536":"https:\/\/olimpijski.pl\/wp-content\/uploads\/2020\/06\/adam_krzesinski_1000x1100.jpg","1536x1536-width":1000,"1536x1536-height":1149,"2048x2048":"https:\/\/olimpijski.pl\/wp-content\/uploads\/2020\/06\/adam_krzesinski_1000x1100.jpg","2048x2048-width":1000,"2048x2048-height":1149,"ultp_layout_landscape_large":"https:\/\/olimpijski.pl\/wp-content\/uploads\/2020\/06\/adam_krzesinski_1000x1100-1000x800.jpg","ultp_layout_landscape_large-width":1000,"ultp_layout_landscape_large-height":800,"ultp_layout_landscape":"https:\/\/olimpijski.pl\/wp-content\/uploads\/2020\/06\/adam_krzesinski_1000x1100-870x570.jpg","ultp_layout_landscape-width":870,"ultp_layout_landscape-height":570,"ultp_layout_portrait":"https:\/\/olimpijski.pl\/wp-content\/uploads\/2020\/06\/adam_krzesinski_1000x1100-600x900.jpg","ultp_layout_portrait-width":600,"ultp_layout_portrait-height":900,"ultp_layout_square":"https:\/\/olimpijski.pl\/wp-content\/uploads\/2020\/06\/adam_krzesinski_1000x1100-600x600.jpg","ultp_layout_square-width":600,"ultp_layout_square-height":600}},"firstname":"Adam","lastname":"Krzesi\u0144ski","birthdate_date":"13\/09\/1965","birthdate":"13 wrze\u015bnia 1965","deathdate_date":"","deathdate":"","placeofbirth":"Warszawa","club":"AZS - AWF Warszawa,","coach":"Wojciech Adamczewski, Leszek Martewicz, Ryszard Bre\u015b","metrics":"196 cm \/ 90 kg","seolink":"krzesinski-adam-artur","tmp_old_id":"15184","tmp_old_fid":"294","tmp_old_parent_id":"15544","createdate":"19\/03\/2014","tmp_old_title":"Krzesi\u0144ski Adam Artur","tmp_old_lead":"","tmp_old_body":"<p class=\"title-m-02\">KRZESI\u0143SKI ADAM ARTUR<\/p><p><strong><img width=\"50\" vspace=\"6\" hspace=\"15\" height=\"50\" align=\"left\" src=\"files\/old\/i\/olimpijczycy\/Krzesinski_Adam.jpg\" alt=\"\" \/>ps. \"Krzesina\", zas\u0142u\u017cony florecista AZS - AWF Warszawa, ch\u0142opak z Bielan, br\u0105zowy (1992) i srebrny (1996) medalista olimpijski w dru\u017cynie, mistrz \u015bwiata i Europy.<\/strong><br \/><br \/>Urodzony 13 wrze\u015bnia 1965 w Warszawie, syn Kazimierza (in\u017cynier mechanik) i Ireny Jureczko, absolwent Liceum Og\u00f3lnokszta\u0142c\u0105cego Mistrzostwa Sportowego nr 59 na Bielanach (1984),absolwent AWF Warszawa (trener szermierki i nauczyciel wf) i Podyplomowych Studi\u00f3w Mened\u017cerskich Organizacji i Zarz\u0105dzania w Sporcie. W latach 1975-2002 florecista (196 cm, 90 kg) sto\u0142ecznego AZS - AWF. M\u00f3wi\u0105 o nim: ch\u0142opak z Bielan. W szkole podstawowej nr 21 rozpocz\u0105\u0142 przygod\u0119 z szermierk\u0105 (nauczycielka wf Renata Krzykalska - Popek by\u0142a florecistk\u0105). Od pocz\u0105tku kariery sportowej (1975) zawodnik klubu przy biela\u0144skiej uczelni, gdzie nad jego post\u0119pami czuwali trenerzy: Wojciech Adamczewski, Leszek Martewicz i Ryszard Bre\u015b. Mia\u0142 wspania\u0142e warunki fizyczne i by\u0142 zawodnikiem lewor\u0119cznym, cho\u0107 osobi\u015bcie nie wierzy w mit \"lewej r\u0119ki\" (lewor\u0119czno\u015b\u0107 spowszednia\u0142a). Wszechstronnie wyszkolony, o dobrej technice, spokojny i opanowany. Silny punkt ka\u017cdej dru\u017cyny. Lubi\u0142 turnieje dru\u017cynowe, w kt\u00f3rych emocje s\u0105 wi\u0119ksze, podobnie jak motywacja. Mistrz (1996, 1997) i wicemistrz Polski: indywidualnie (1989) i w dru\u017cynie (1987). Wicemistrz Europy z P\u0142owdiw z 1998r. Na mistrzostwach \u015bwiata, walcz\u0105c w dru\u017cynie zdoby\u0142: w 1998 w La Chaux de Fonds - <strong>z\u0142oty medal<\/strong> (tam w p\u00f3\u0142finale w meczu z Kub\u0105, kiedy rywale prowadzili 40:34 stoczy\u0142 pasjonuj\u0105cy i zwyci\u0119ski pojedynek, wygra\u0142 11:4 z wicemistrzem \u015bwiata Elvisem Gregorym, otworzy\u0142 Polakom drog\u0119 do fina\u0142u i ko\u0144cowego sukcesu), w 1990 w Lyonie i 2001 w Nimes medal srebrny i 3-krotnie medal br\u0105zowy: w Essen (1993), Hadze (1995) i Seulu (1999). W konkurencji indywidualnej zosta\u0142 m. in. mistrzem (1997, Gda\u0144sk) i wicemistrzem Europy (2001 Koblencja). Trzykrotny br\u0105zowy medalista mistrzostw Europy (1991, Wiede\u0144; 1999, Bolano; 2001, Koblencja). Odznaczony m. in. Medalem za Wybitne Osi\u0105gni\u0119cia Sportowe i Z\u0142otym Krzy\u017cem Zas\u0142ugi. Nale\u017cy do wielkiej rodziny sportowej Krzesi\u0144skich wywodz\u0105cych si\u0119 z Bia\u0142obrzeg\u00f3w nad Pilic\u0105 (Andrzej - tyczkarz, Stanis\u0142aw - zapa\u015bnik, Ryszard - m\u0142ociarz). Zako\u0144czy\u0142 karier\u0119 w 2002 roku, w latach 2002-2005 by\u0142 dyrektorem klubu AZS - AWF Warszawa, a od 2005 roku sekretarz generalny Polskiego Komitetu Olimpijskiego. \u017bonaty, ma dwie c\u00f3rki Aleksandr\u0119 i Juli\u0119. Mieszka w Warszawie.<br \/><br \/>Bibl.: G\u0142uszek, Leksykon 1999, s. 245; Du\u0144ski, Od Pary\u017ca, s. 436-437; Kto jest kim w Polsce, Ed. III, 1993, s. 353; Magazyn Olimpijski, 2000, nr 8-9, s. 88, nr 10-11, s. 131; Kronika 2000, s. 235, 236; Kronika 2001, s. 198; Pawlak, Olimpijczycy, s. 137; Borz\u0119cki, Bia\u0142\u0105 broni\u0105, s. 6 i dalsze; \u0141uczak, Szermierka w Polsce, s. 296, 312; AAWF Warszawa, D-9609 \/ S.<br \/><br \/><strong>*1992 Barcelona: floret ind.<\/strong> - 5 m. w elim. grupowej (6 zaw.) z 2 zw.; w pierwszej rundzie walk bezpo\u015brednich przegra\u0142 3:5 i 1:5 z P. Grocem (Francja), odp. z konk.; <strong>floret dru\u017c.<\/strong> - w grupie elim. (3 dru\u017c.) Polacy wygrali z ChRL 9:7 oraz przegrali z W\u0142ochami 8:8 (trafieniami), zajmuj\u0105c 2 m. w grupie; w \u0107wier\u0107fin. pokonali WNP 8:8 (trafieniami) - Krzesi\u0144ski 3 zw., w p\u00f3\u0142fin. ulegli Kubie 7:9 (3 zw.), w meczu o m. 3-4 zwyci\u0119\u017cyli W\u0119gry 9:4 (3 zw.) <strong>zdobywaj\u0105c br\u0105zowy medal<\/strong>. Partnerami w dru\u017cynie byli: P. Kie\u0142pikowski, C. Siess, R. Sobczak i M. Sypniewski.<br \/><br \/><strong>*1996 Atlanta: floret ind.<\/strong> - w pierwszej rundzie pokona\u0142 15:14 E. Bravina (USA), w drugiej przegra\u0142 10:15 z E. Gregory (Kuba), odp. z konk; <strong>floret dru\u017c.<\/strong> - w pierwszej rundzie Polacy pokonali Wenezuel\u0119 45:27, w \u0107wier\u0107fin. wygrali z Niemcami 45:44, w p\u00f3\u0142fin. zwyci\u0119\u017cyli Austri\u0119 45:38, w finale przegrali z Rosj\u0105 40:45, <strong>zdobywaj\u0105c srebrny medal<\/strong>. Partnerami w dru\u017cynie byli: P. Kie\u0142pikowski, J. Rodzewicz i R. Sobczak.<br \/><br \/><strong>*2000 Sydney: floret ind.<\/strong> - w pierwszej rundzie przegra\u0142 z D. Szewczenko (Rosja) 8:15, odp. z konk., zajmuj\u0105c 26 m. w turnieju; <strong>floret dru\u017c.<\/strong> - w \u0107wier\u0107fin. Polacy pokonali Niemcy 45:37, w p\u00f3\u0142fin. przegrali z Francj\u0105 38:45 i w walce o 3 m. przegrali z W\u0142ochami 38:45, zajmuj\u0105c ostatecznie 4 m. (zw. Francja). Partnerami w dru\u017cynie byli: R. Sobczak i S. Mocek.<\/p><!-- history --><table width=\"85%\" cellspacing=\"0\" cellpadding=\"0\" border=\"0\" style=\"text-align: right;\">    <tbody>        <tr>            <td align=\"right\" class=\"box3-title\"><a href=\"javascript:history.back()\">\u00ab powr\u00f3t do listy<\/a><\/td>        <\/tr>    <\/tbody><\/table>","tmp_old_body_img":false,"tmp_old_lead_img":false,"picture_medalists":{"ID":34567,"id":34567,"title":"adam_krzesinski_1000x1100","filename":"adam_krzesinski_1000x1100.jpg","filesize":552372,"url":"https:\/\/olimpijski.pl\/wp-content\/uploads\/2020\/06\/adam_krzesinski_1000x1100.jpg","link":"https:\/\/olimpijski.pl\/en\/olimpijczycy\/adam-artur-krzesinski\/adam_krzesinski_1000x1100\/#main","alt":"","author":"15","description":"","caption":"","name":"adam_krzesinski_1000x1100","status":"inherit","uploaded_to":14230,"date":"2020-10-12 07:51:42","modified":"2020-10-12 07:51:42","menu_order":0,"mime_type":"image\/jpeg","type":"image","subtype":"jpeg","icon":"https:\/\/olimpijski.pl\/wp-includes\/images\/media\/default.png","width":1000,"height":1149,"sizes":{"thumbnail":"https:\/\/olimpijski.pl\/wp-content\/uploads\/2020\/06\/adam_krzesinski_1000x1100-150x150.jpg","thumbnail-width":150,"thumbnail-height":150,"medium":"https:\/\/olimpijski.pl\/wp-content\/uploads\/2020\/06\/adam_krzesinski_1000x1100-261x300.jpg","medium-width":261,"medium-height":300,"medium_large":"https:\/\/olimpijski.pl\/wp-content\/uploads\/2020\/06\/adam_krzesinski_1000x1100-768x882.jpg","medium_large-width":768,"medium_large-height":882,"large":"https:\/\/olimpijski.pl\/wp-content\/uploads\/2020\/06\/adam_krzesinski_1000x1100-891x1024.jpg","large-width":891,"large-height":1024,"1536x1536":"https:\/\/olimpijski.pl\/wp-content\/uploads\/2020\/06\/adam_krzesinski_1000x1100.jpg","1536x1536-width":1000,"1536x1536-height":1149,"2048x2048":"https:\/\/olimpijski.pl\/wp-content\/uploads\/2020\/06\/adam_krzesinski_1000x1100.jpg","2048x2048-width":1000,"2048x2048-height":1149,"ultp_layout_landscape_large":"https:\/\/olimpijski.pl\/wp-content\/uploads\/2020\/06\/adam_krzesinski_1000x1100-1000x800.jpg","ultp_layout_landscape_large-width":1000,"ultp_layout_landscape_large-height":800,"ultp_layout_landscape":"https:\/\/olimpijski.pl\/wp-content\/uploads\/2020\/06\/adam_krzesinski_1000x1100-870x570.jpg","ultp_layout_landscape-width":870,"ultp_layout_landscape-height":570,"ultp_layout_portrait":"https:\/\/olimpijski.pl\/wp-content\/uploads\/2020\/06\/adam_krzesinski_1000x1100-600x900.jpg","ultp_layout_portrait-width":600,"ultp_layout_portrait-height":900,"ultp_layout_square":"https:\/\/olimpijski.pl\/wp-content\/uploads\/2020\/06\/adam_krzesinski_1000x1100-600x600.jpg","ultp_layout_square-width":600,"ultp_layout_square-height":600}},"important":"2014-03-19 17:13:36","person_achivments":""},"_links":{"self":[{"href":"https:\/\/olimpijski.pl\/en\/wp-json\/wp\/v2\/person\/14230"}],"collection":[{"href":"https:\/\/olimpijski.pl\/en\/wp-json\/wp\/v2\/person"}],"about":[{"href":"https:\/\/olimpijski.pl\/en\/wp-json\/wp\/v2\/types\/person"}],"version-history":[{"count":9,"href":"https:\/\/olimpijski.pl\/en\/wp-json\/wp\/v2\/person\/14230\/revisions"}],"predecessor-version":[{"id":34568,"href":"https:\/\/olimpijski.pl\/en\/wp-json\/wp\/v2\/person\/14230\/revisions\/34568"}],"wp:featuredmedia":[{"embeddable":true,"href":"https:\/\/olimpijski.pl\/en\/wp-json\/wp\/v2\/media\/34567"}],"wp:attachment":[{"href":"https:\/\/olimpijski.pl\/en\/wp-json\/wp\/v2\/media?parent=14230"}],"curies":[{"name":"wp","href":"https:\/\/api.w.org\/{rel}","templated":true}]}}