{"id":14369,"date":"2020-06-24T16:48:21","date_gmt":"2020-06-24T14:48:21","guid":{"rendered":"http:\/\/pkol.local\/person\/zbigniew-lubiejewski\/"},"modified":"2020-10-09T09:17:37","modified_gmt":"2020-10-09T07:17:37","slug":"zbigniew-lubiejewski","status":"publish","type":"person","link":"https:\/\/olimpijski.pl\/en\/olimpijczycy\/zbigniew-lubiejewski\/","title":{"rendered":"Zbigniew Lubiejewski"},"content":{"rendered":"<p class=\"title-m-02\">LUBIEJEWSKI ZBIGNIEW<\/p>\n<table border=\"0\" cellspacing=\"0\" cellpadding=\"0\" align=\"LEFT\">\n<tbody>\n<tr>\n<td class=\"photo-td-01\">\n<table border=\"0\" cellspacing=\"0\" cellpadding=\"0\">\n<tbody>\n<tr>\n<td><img loading=\"lazy\" decoding=\"async\" src=\"\/files\/old\/i\/olimpijczycy\/Lubiejewski_Zbigniew_m.jpg\" alt=\"LUBIEJEWSKI ZBIGNIEW\" width=\"50\" height=\"50\" border=\"0\" \/><\/td>\n<\/tr>\n<\/tbody>\n<\/table>\n<\/td>\n<\/tr>\n<\/tbody>\n<\/table>\n<p><strong>ps. &#8220;Chomik&#8221;, in\u017cynier rolnik, kupiec, siatkarz, wychowanek Leszka Dorosza z\u00a0olszty\u0144skiego AZS, z\u0142oty medalista olimpijski z\u00a0Montrealu (1976).<br \/>\n<\/strong><br \/>\nUrodzony 6 listopada 1949 w\u00a0Bartoszycach, syn J\u00f3zefa i\u00a0Janiny Sulkowskiej, absolwent miejscowego Liceum Og\u00f3lnokszta\u0142c\u0105cego nr\u00a01 (1967) i\u00a0Akademii Rolniczo &#8211; Technicznej w\u00a0Olsztynie (1972), gdzie otrzyma\u0142 tytu\u0142\u00a0in\u017c. rolnika. Siatkarz (187 cm, 82 kg) miejscowego AZS, kt\u00f3rego tw\u00f3rc\u0105 by\u0142 pracownik naukowy tej uczelni Leszek Dorosz. Potrafi\u0142 on zach\u0119ci\u0107 do\u00a0studi\u00f3w wszystkich tych siatkarzy i\u00a0kandydat\u00f3w na\u00a0zawodnik\u00f3w, kt\u00f3rych interesowa\u0142o rolnictwo, rybo\u0142\u00f3wstwo i\u00a0wszelkie nauki techniczne zwi\u0105zane z\u00a0ziemi\u0105 i\u00a0lasem. Lubiejewski by\u0142 jednym z\u00a0nich (obok m.in. Miros\u0142awa Rybaczewskiego), kt\u00f3remu si\u0119 powiod\u0142o.<\/p>\n<p>3-krotny mistrz Polski (1973, 1976, 1978), 4-krotny wicemistrz (1972, 1974, 1977, 1980), 2-krotny br\u0105zowy medalista MP (1971, 1975), 3-krotny zdobywca Pucharu Polski (1970-1972) i\u00a0finalista PEZP 1978 z\u00a0drug\u0105 lokat\u0105 (wszystko w\u00a0barwach AZS, kt\u00f3remu by\u0142 wierny do\u00a0ko\u0144ca kariery sportowej). 74-krotny reprezentant Polski (1972-1977), srebrny medalista ME z\u00a0Belgradu (1975) by\u0142 ju\u017c got\u00f3w do\u00a0olimpijskiego startu w\u00a01972, ale\u00a0dopiero Hubert Wagner cztery lata p\u00f3\u017aniej zabra\u0142 go do\u00a0Montrealu, gdzie obok Sadalskiego, \u0141aski i\u00a0Zarzyckiego stanowi\u0142 bezpo\u015brednie zaplecze zawodnik\u00f3w pierwszej sz\u00f3stki (konkretniej: by\u0142 zast\u0119pc\u0105 pierwszego zmianowego Zbigniewa Zarzyckiego). M\u00f3wi\u0142 o\u00a0nim Wagner: &#8220;On swoj\u0105 rol\u0119 przyj\u0105\u0142. Wiedzia\u0142, \u017ce\u00a0ma harowa\u0107, bo wiadomo, \u017ce\u00a0na\u00a0indywidualno\u015bci musz\u0105 pracowa\u0107 inni. Na obozach tyra\u0142, na\u00a0meczach wpuszczany by\u0142 niewiele, bo grali od\u00a0niego znacznie lepsi. Stwarza\u0142 jednak zagro\u017cenie dla\u00a0gwiazd, zmuszaj\u0105c je do\u00a0wi\u0119kszego wysi\u0142ku&#8221;.<\/p>\n<p>Po zako\u0144czeniu kariery zawodniczej w\u00a0kraju wyst\u0119powa\u0142 pocz\u0105tkowo jako zawodnik, a\u00a0p\u00f3\u017aniej trener w\u00a0belgijskim Antonius Herentals. Odznaczony m.in. z\u0142otym Medalem za Wybitne Osi\u0105gni\u0119cia Sportowe.<\/p>\n<p><strong>*1976 Montreal: cz\u0142onek dru\u017cyny siatk\u00f3wki<\/strong>, kt\u00f3ra po zwyci\u0119stwach nad Kore\u0105 P\u0142d. 3:2, Kanad\u0105 3:0, Kub\u0105 3:2 i\u00a0CSRS 3:1 zaj\u0119\u0142a w\u00a0grupie 1. msc; w\u00a0spotkaniu o\u00a0lokaty 1-4 pokona\u0142a Japoni\u0119 3:2; w\u00a0meczu o\u00a0miejsca 1-2 wygra\u0142a z\u00a0ZSRR 3:2, <strong>zdobywaj\u0105c z\u0142oty medal<\/strong>. Sk\u0142ad dru\u017cyny zob. &#8211; Bebel Bronis\u0142aw.<\/p>\n<p><em>Bibl.: G\u0142uszek, Leksykon 1999, s. 260; Pawlak, Olimpijczycy, s. 155; Du\u0144ski, Od Pary\u017ca, s. 515; MES, t. 2, s. 95; Mecner, 80 lat siatk\u00f3wki, s. 109 i\u00a0dalsze.<\/em><\/p>\n<p><!-- history --><\/p>\n<table style=\"text-align: right; width: 85%;\" border=\"0\" cellspacing=\"0\" cellpadding=\"0\">\n<tbody>\n<tr>\n<td class=\"box3-title\" align=\"right\"><\/td>\n<\/tr>\n<\/tbody>\n<\/table>\n","protected":false},"excerpt":{"rendered":"<p>LUBIEJEWSKI ZBIGNIEW ps. &#8220;Chomik&#8221;, in\u017cynier rolnik, kupiec, siatkarz, wychowanek Leszka Dorosza z\u00a0olszty\u0144skiego AZS, z\u0142oty medalista olimpijski z\u00a0Montrealu (1976). Urodzony 6 listopada 1949<\/p>\n","protected":false},"featured_media":21119,"menu_order":57,"template":"","meta":{"_acf_changed":false,"ub_ctt_via":"","footnotes":""},"class_list":["post-14369","person","type-person","status-publish","has-post-thumbnail","hentry","infinite-scroll-item","no-featured-image-padding","resize-featured-image"],"acf":{"olimpic_information":[{"olimpic":[{"ID":300,"post_author":"1","post_date":"1976-06-17 13:34:45","post_date_gmt":"1976-06-17 12:34:45","post_content":"<!-- wp:heading {\"level\":1,\"className\":\"main-title\"} -->\n<h1 class=\"main-title\"><strong>Igrzyska XXI Olimpiady<\/strong><br>Montreal 1976<\/h1>\n<!-- \/wp:heading -->\n\n<!-- wp:paragraph -->\n<p><br><\/p>\n<!-- \/wp:paragraph -->\n\n<!-- wp:image {\"align\":\"left\",\"id\":19336,\"sizeSlug\":\"large\",\"className\":\"is-style-default\"} -->\n<div class=\"wp-block-image is-style-default\"><figure class=\"alignleft size-large\"><img src=\"https:\/\/olimpijski.pl\/wp-content\/uploads\/1976\/06\/montreal1976.png\" alt=\"\" class=\"wp-image-19336\"\/><\/figure><\/div>\n<!-- \/wp:image -->\n\n<!-- wp:list -->\n<ul><li>Igrzyska rozegrano w dniach <strong>17 lipca \u2013 1 sierpnia<\/strong>.<\/li><li>Wystartowa\u0142o <strong>6084<\/strong> zawodnik\u00f3w (w tym <strong>1260<\/strong> kobiet) z <strong>92<\/strong> kraj\u00f3w.<\/li><li>Rozdano <strong>198<\/strong> komplet\u00f3w medali.<\/li><li>Przysi\u0119g\u0119 olimpijsk\u0105 w imieniu sportowc\u00f3w z\u0142o\u017cy\u0142 ci\u0119\u017carowiec <strong>Pierre Saint-Jean<\/strong>, natomiast w imieniu s\u0119dzi\u00f3w i trener\u00f3w \u2013 <strong>Maurice Fauget<\/strong>.<\/li><li>Znicz olimpijski zapalili nastolatkowie reprezentuj\u0105cy angielsk\u0105 i francusk\u0105 spo\u0142eczno\u015b\u0107 Kanady \u2013 <strong>Sandra Henderson<\/strong> i <strong>Stephane Prefontaine<\/strong>.<\/li><li>Igrzyska otworzy\u0142a <strong>kr\u00f3lowa Anglii El\u017cbieta II<\/strong>.<\/li><\/ul>\n<!-- \/wp:list -->\n\n<!-- wp:heading -->\n<h2><strong>Program Igrzysk \u2013 23 dyscypliny, 198 konkurencji<\/strong><\/h2>\n<!-- \/wp:heading -->\n\n<!-- wp:paragraph -->\n<p>boks (11 konkurencji), gimnastyka (14), hokej na trawie (1), je\u017adziectwo (6), judo (6), kajakarstwo (11), kolarstwo (6), koszyk\u00f3wka (2), lekkoatletyka (37), \u0142ucznictwo (2), pi\u0119ciob\u00f3j nowoczesny (2), pi\u0142ka no\u017cna (1), pi\u0142ka r\u0119czna (2), pi\u0142ka siatkowa (2), pi\u0142ka wodna (1), p\u0142ywanie (26), podnoszenie ci\u0119\u017car\u00f3w (9), skoki do wody (4), strzelectwo (7), szermierka (8), wio\u015blarstwo (14), zapasy (20), \u017ceglarstwo (6).<\/p>\n<!-- \/wp:paragraph -->\n\n<!-- wp:heading -->\n<h2><strong>Gwiazda Igrzysk<\/strong><\/h2>\n<!-- \/wp:heading -->\n\n<!-- wp:paragraph -->\n<p><strong>Nadia Comaneci<\/strong> (Rumunia, gimnastyka) \u2013 3 z\u0142ote medale, 1 srebrny, 1 br\u0105zowy<\/p>\n<!-- \/wp:paragraph -->\n\n<!-- wp:heading -->\n<h2><strong>Polska Reprezentacja Olimpijska<\/strong><\/h2>\n<!-- \/wp:heading -->\n\n<!-- wp:paragraph -->\n<p>223 osoby (startowa\u0142o 207 \u2013 27 kobiet i 180 m\u0119\u017cczyzn) w 18 sportach: 11 bokser\u00f3w, 7 gimnastyk\u00f3w (6 startowa\u0142o, 1 nie), 5 judok\u00f3w, 16 kajakarzy (w tym 4 kobiety; 13 startowa\u0142o + 3 rez.), 14 kolarzy (11 startowa\u0142o + 3 rez.), 33 lekkoatlet\u00f3w (w tym 4 kobiety; 32 startowa\u0142o, 1 nie), 4 \u0142ucznik\u00f3w (w tym 2 kobiety), 4 pi\u0119cioboist\u00f3w (3 startowa\u0142o + 1 rez.), 17 pi\u0142karzy, 14 pi\u0142karzy r\u0119cznych, 12 siatkarzy, 3 p\u0142ywak\u00f3w (w tym 1 kobieta), 11 ci\u0119\u017carowc\u00f3w (9 startowa\u0142o + 2 rez.), 12 strzelc\u00f3w, 18 szermierzy (w tym 5 kobiet), 26 wio\u015blarzy (w tym 14 kobiet; 22 startowa\u0142o + 4 rez.), 14 zapa\u015bnik\u00f3w, 2 \u017ceglarzy (1 startowa\u0142o + 1 rez.).<\/p>\n<!-- \/wp:paragraph -->\n\n<!-- wp:paragraph -->\n<p>Chor\u0105\u017cym reprezentacji Polski by\u0142 kajakarz <strong>Grzegorz \u015aledziewski<\/strong>.<\/p>\n<!-- \/wp:paragraph -->\n\n<!-- wp:heading -->\n<h2><strong>Klasyfikacja medalowa<\/strong><\/h2>\n<!-- \/wp:heading -->\n\n<!-- wp:table {\"hasFixedLayout\":true,\"className\":\"is-style-stripes\"} -->\n<figure class=\"wp-block-table is-style-stripes\"><table class=\"has-fixed-layout\"><tbody><tr><td><\/td><td><\/td><td class=\"has-text-align-center\" data-align=\"center\">&nbsp;<\/td><td class=\"has-text-align-center\" data-align=\"center\">&nbsp;<\/td><td class=\"has-text-align-center\" data-align=\"center\">&nbsp;<\/td><td class=\"has-text-align-center\" data-align=\"center\">&nbsp;<\/td><\/tr><tr><td>&nbsp;<\/td><td>&nbsp;<\/td><td class=\"has-text-align-center\" data-align=\"center\">&nbsp;<\/td><td class=\"has-text-align-center\" data-align=\"center\"><img class=\"wp-image-27817\" style=\"width: 50px;\" src=\"https:\/\/olimpijski.pl\/wp-content\/uploads\/2016\/06\/2016_Rio_zloty_50x50.jpg\" alt=\"\"><\/td><td class=\"has-text-align-center\" data-align=\"center\"><img class=\"wp-image-27819\" style=\"width: 50px;\" src=\"https:\/\/olimpijski.pl\/wp-content\/uploads\/2016\/06\/2016_Rio_sreb_50x50.jpg\" alt=\"\"><\/td><td class=\"has-text-align-center\" data-align=\"center\"><img class=\"wp-image-27821\" style=\"width: 50px;\" src=\"https:\/\/olimpijski.pl\/wp-content\/uploads\/2016\/06\/2016_Rio_braz_50x50.jpg\" alt=\"\"><\/td><\/tr><tr><td>1.<\/td><td>ZSRR<\/td><td class=\"has-text-align-center\" data-align=\"center\">125<\/td><td class=\"has-text-align-center\" data-align=\"center\">49<\/td><td class=\"has-text-align-center\" data-align=\"center\">41<\/td><td class=\"has-text-align-center\" data-align=\"center\">35<\/td><\/tr><tr><td>2.<\/td><td>NRD<\/td><td class=\"has-text-align-center\" data-align=\"center\">90<\/td><td class=\"has-text-align-center\" data-align=\"center\">40<\/td><td class=\"has-text-align-center\" data-align=\"center\">25<\/td><td class=\"has-text-align-center\" data-align=\"center\">25<\/td><\/tr><tr><td>3.<\/td><td>USA<\/td><td class=\"has-text-align-center\" data-align=\"center\">94<\/td><td class=\"has-text-align-center\" data-align=\"center\">34<\/td><td class=\"has-text-align-center\" data-align=\"center\">35<\/td><td class=\"has-text-align-center\" data-align=\"center\">25<\/td><\/tr><tr><td>...<\/td><td>&nbsp;<\/td><td class=\"has-text-align-center\" data-align=\"center\">&nbsp;<\/td><td class=\"has-text-align-center\" data-align=\"center\">&nbsp;<\/td><td class=\"has-text-align-center\" data-align=\"center\">&nbsp;<\/td><td class=\"has-text-align-center\" data-align=\"center\">&nbsp;<\/td><\/tr><tr><td><strong>6.<\/strong><\/td><td><strong>Polska<\/strong><\/td><td class=\"has-text-align-center\" data-align=\"center\"><strong>26<\/strong><\/td><td class=\"has-text-align-center\" data-align=\"center\"><strong>7<\/strong><\/td><td class=\"has-text-align-center\" data-align=\"center\"><strong>6<\/strong><\/td><td class=\"has-text-align-center\" data-align=\"center\"><strong>13<\/strong><\/td><\/tr><\/tbody><\/table><\/figure>\n<!-- \/wp:table -->\n\n<!-- wp:heading -->\n<h2><strong>Medale dla Polski (26)<\/strong><\/h2>\n<!-- \/wp:heading -->\n\n<!-- wp:paragraph -->\n<p>z\u0142oty - Irena Szewi\u0144ska (lekkoatletyka - bieg na 400 m)<br>z\u0142oty - Janusz Pyciak-Peciak (pi\u0119ciob\u00f3j nowoczesny)<br>z\u0142oty - Jerzy Rybicki (boks - waga lekko\u015brednia)<br>z\u0142oty - Tadeusz \u015alusarski (lekkoatletyka - skok o tyczce)<br>z\u0142oty - Jacek Wszo\u0142a (lekkoatletyka - skok wzwy\u017c)<br>z\u0142oty Kazimierz Lipie\u0144 (zapasy - styl klasyczny - waga 62 kg)<br>z\u0142oty - Bronis\u0142aw Bebel, Ryszard Bosek, Wies\u0142aw Gaw\u0142owski, Marek Karbarz, Zbigniew Lubiejewski, Lech Lasko, Miros\u0142aw Rybaczewski, W\u0142odzimierz Sadalski, Edward Skorek, W\u0142odzimierz Stefa\u0144ski, Tomasz Wojtowicz i Zbigniew Zarzycki (siatk\u00f3wka)<\/p>\n<!-- \/wp:paragraph -->\n\n<!-- wp:paragraph -->\n<p>srebrny - Andrzej Gronowicz i Jerzy Opara (kajakarstwo - C2&nbsp; 500 m)<br>srebrny - Bronis\u0142aw Malinowski (lekkoatletyka- bieg na 3000 m z przeszkodami)<br>srebrny - Grzegorz Cziura (podnoszenie ci\u0119\u017car\u00f3w - waga 56 kg)<br>srebrny - Grzegorz Jaremski, Jerzy Pietrzyk, Ryszard Podlas i Jan Werner (lekkoatletyka - sztafeta 4x400 m)<br>srebrny - Tadeusz Mytnik, Mieczys\u0142aw Nowicki, Stanis\u0142aw Szozda, Ryszard Szurkowski (kolarstwo - szosowy wy\u015bcig dru\u017c. na 100 km)<br>srebrny - (Jan Beniger, Les\u0142aw \u0106mikiewicz, Kazimierz Deyna, Jerzy Gorgo\u0144, Henryk Kasperczak, Kazimierz Kmiecik, Grzegorz Lato, Zygmunt Maszczyk, Piotr Mowlik, Roman Ogaza, Wojciech Rudy, Andrzej Szarmach, Antoni Szymanowski, Jan Tomaszewski, Henryk Wawrowski, Henryk Wieczorek, W\u0142adys\u0142aw \u017bmuda (pi\u0142ka no\u017cna)<\/p>\n<!-- \/wp:paragraph -->\n\n<!-- wp:paragraph -->\n<p>br\u0105zowy - Leszek B\u0142a\u017cy\u0144ski (boks - waga musza)<br>br\u0105zowy - Leszek Kosedowski (boks - waga pi\u00f3rkowa)<br>br\u0105zowy - Kazimierz Szczerba (boks - waga lekkop\u00f3\u0142\u015brednia)<br>br\u0105zowy - Janusz Gortat (boks -waga p\u00f3\u0142ci\u0119\u017cka)<br>br\u0105zowy - Marian Ta\u0142aj (judo - waga 71 kg)<br>br\u0105zowy - Mieczys\u0142aw Nowicki (kolarstwo - wy\u015bcig indywidualny)<br>br\u0105zowy - Wies\u0142aw Gawlikowski (strzelectwo - skeet)<br>br\u0105zowy - Jerzy Greszkiewicz (strzelectwo - strzelanie do sylwetki biegn\u0105cego dzika)<br>br\u0105zowy - Czes\u0142aw Kwieci\u0144ski (zapasy - styl klasyczny - waga 90 kg)<br>br\u0105zowy - Andrzej Skrzydlewski (zapasy - styl klasyczny - waga 100 kg)<br>br\u0105zowy - Kazimierz Czarnecki (podnoszenie ci\u0119\u017car\u00f3w - waga 67,5 kg)<br>br\u0105zowy - Tadeusz Rutkowski (podnoszenie ci\u0119\u017car\u00f3w - waga ponad 110 kg)<br>br\u0105zowy - Zdzis\u0142aw Antczak, Janusz Brzozowski, Piotr Cie\u015bla, Jan Gmyrek, Alfred Ka\u0142uzi\u0144ski, Jerzy Klempel, Zygfryd Kuchta, Jerzy Melcer, Ryszard Przybysz, Henryk Rozmiarek, Andrzej Soko\u0142owski, Andrzej Szymczak, Mieczys\u0142aw Wojczak i W\u0142odzimierz Zieli\u0144ski (pi\u0142ka r\u0119czna)<\/p>\n<!-- \/wp:paragraph -->\n\n<!-- wp:quote {\"className\":\"is-style-default\"} -->\n<blockquote class=\"wp-block-quote is-style-default\"><p>A\u017c siedem razy zagrano bia\u0142o-czerwonym Mazurek D\u0105browskiego: Irenie Szewi\u0144skiej triumfatorce biegu na 400 m, bokserowi Jerzemu Rybickiemu, Jackowi Wszole najlepszemu w skoku wzwy\u017c i Tadeuszowi \u015alusarskiemu, kt\u00f3ry wygra\u0142 konkurs skoku o tyczce, najlepszemu pi\u0119cioboi\u015bcie nowoczesnemu igrzysk Januszowi Pyciakowi-Peciakowi, zapa\u015bnikowi klasykowi Kazimierzowi Lipieniowi oraz siatkarzom, podopiecznym trenera Huberta Wagnera.<\/p><p>Drugi olimpijski kr\u0105\u017cek wywalczyli pi\u0142karze no\u017cni \u2013 tym razem srebro, z kolei zdobyli br\u0105z pi\u0142karze r\u0119czni.<\/p><\/blockquote>\n<!-- \/wp:quote -->","post_title":"Montreal 1976","post_excerpt":"","post_status":"publish","comment_status":"closed","ping_status":"closed","post_password":"","post_name":"montreal-1976","to_ping":"","pinged":"","post_modified":"2020-09-28 15:51:36","post_modified_gmt":"2020-09-28 13:51:36","post_content_filtered":"","post_parent":0,"guid":"https:\/\/wai-q98d7hpf9hy9k.wpallimport-demo.qsandbox.me\/olympics_summer\/montreal-1976\/","menu_order":0,"post_type":"olympics_summer","post_mime_type":"","comment_count":"0","filter":"raw"}],"competitions_rewards":[{"competition":[{"ID":5876,"post_author":"1","post_date":"2020-06-19 11:32:30","post_date_gmt":"2020-06-19 11:32:30","post_content":"","post_title":"Siatk\u00f3wka","post_excerpt":"","post_status":"publish","comment_status":"open","ping_status":"open","post_password":"","post_name":"siatkowka","to_ping":"","pinged":"","post_modified":"2020-06-29 13:17:09","post_modified_gmt":"2020-06-29 11:17:09","post_content_filtered":"","post_parent":0,"guid":"https:\/\/wai-q7byvryhhcz9k.wpallimport-demo.qsandbox.me\/competition\/siatkowka\/","menu_order":0,"post_type":"competition","post_mime_type":"","comment_count":"0","filter":"raw"}],"reward":{"value":"1","label":"Z\u0142oty"}}]}],"picture":{"ID":32440,"id":32440,"title":"Bronis\u253c\u00e9aw-Bebel_Montreal'76","filename":"Bronis\u253ceaw-Bebel_Montreal76.jpg","filesize":51930,"url":"https:\/\/olimpijski.pl\/wp-content\/uploads\/2020\/06\/Bronis\u253ceaw-Bebel_Montreal76.jpg","link":"https:\/\/olimpijski.pl\/en\/olimpijczycy\/bronislaw-bebel\/bronis%e2%94%bceaw-bebel_montreal76\/#main","alt":"","author":"15","description":"","caption":"","name":"bronis%e2%94%bceaw-bebel_montreal76","status":"inherit","uploaded_to":13292,"date":"2020-10-09 06:51:20","modified":"2020-10-09 06:51:20","menu_order":0,"mime_type":"image\/jpeg","type":"image","subtype":"jpeg","icon":"https:\/\/olimpijski.pl\/wp-includes\/images\/media\/default.png","width":503,"height":630,"sizes":{"thumbnail":"https:\/\/olimpijski.pl\/wp-content\/uploads\/2020\/06\/Bronis\u253ceaw-Bebel_Montreal76-150x150.jpg","thumbnail-width":150,"thumbnail-height":150,"medium":"https:\/\/olimpijski.pl\/wp-content\/uploads\/2020\/06\/Bronis\u253ceaw-Bebel_Montreal76-240x300.jpg","medium-width":240,"medium-height":300,"medium_large":"https:\/\/olimpijski.pl\/wp-content\/uploads\/2020\/06\/Bronis\u253ceaw-Bebel_Montreal76.jpg","medium_large-width":503,"medium_large-height":630,"large":"https:\/\/olimpijski.pl\/wp-content\/uploads\/2020\/06\/Bronis\u253ceaw-Bebel_Montreal76.jpg","large-width":503,"large-height":630,"1536x1536":"https:\/\/olimpijski.pl\/wp-content\/uploads\/2020\/06\/Bronis\u253ceaw-Bebel_Montreal76.jpg","1536x1536-width":503,"1536x1536-height":630,"2048x2048":"https:\/\/olimpijski.pl\/wp-content\/uploads\/2020\/06\/Bronis\u253ceaw-Bebel_Montreal76.jpg","2048x2048-width":503,"2048x2048-height":630,"ultp_layout_landscape_large":"https:\/\/olimpijski.pl\/wp-content\/uploads\/2020\/06\/Bronis\u253ceaw-Bebel_Montreal76.jpg","ultp_layout_landscape_large-width":503,"ultp_layout_landscape_large-height":630,"ultp_layout_landscape":"https:\/\/olimpijski.pl\/wp-content\/uploads\/2020\/06\/Bronis\u253ceaw-Bebel_Montreal76-503x570.jpg","ultp_layout_landscape-width":503,"ultp_layout_landscape-height":570,"ultp_layout_portrait":"https:\/\/olimpijski.pl\/wp-content\/uploads\/2020\/06\/Bronis\u253ceaw-Bebel_Montreal76.jpg","ultp_layout_portrait-width":503,"ultp_layout_portrait-height":630,"ultp_layout_square":"https:\/\/olimpijski.pl\/wp-content\/uploads\/2020\/06\/Bronis\u253ceaw-Bebel_Montreal76-503x600.jpg","ultp_layout_square-width":503,"ultp_layout_square-height":600}},"firstname":"Zbigniew","lastname":"Lubiejewski","birthdate_date":"06\/11\/1949","birthdate":"6 listopada 1949","deathdate_date":"","deathdate":"","placeofbirth":"Bartoszyce","club":"AZS Bartoszyce, Antonius Herentals","coach":"Leszek Dorosz, Hubert Wagner","metrics":"187 cm \/ 82 kg","seolink":"lubiejewski-zbigniew","tmp_old_id":"15000","tmp_old_fid":"294","tmp_old_parent_id":"15544","createdate":"06\/11\/2014","tmp_old_title":"Lubiejewski Zbigniew","tmp_old_lead":"","tmp_old_body":"<p class=\"title-m-02\">LUBIEJEWSKI ZBIGNIEW<\/p><table  border=\"0\" align=\"LEFT\" cellpadding=\"0\" cellspacing=\"0\"> <tr> <td class=\"photo-td-01\"><table  border=\"0\" cellspacing=\"0\" cellpadding=\"0\"> <tr>  <td><img src=\"files\/old\/i\/olimpijczycy\/Lubiejewski_Zbigniew_m.jpg\" alt=\"LUBIEJEWSKI ZBIGNIEW\" border=\"0\" width=\"50\" height=\"50\"><\/td> <\/tr> <\/table><\/td><\/tr><\/table><p><strong>ps. \"Chomik\", in\u017cynier rolnik, kupiec, siatkarz, wychowanek Leszka Dorosza z olszty\u0144skiego AZS, z\u0142oty medalista olimpijski z Montrealu (1976).<br\/><\/strong><br\/>Urodzony 6 listopada 1949 w Bartoszycach, syn J\u00f3zefa i Janiny Sulkowskiej, absolwent miejscowego Liceum Og\u00f3lnokszta\u0142c\u0105cego nr 1 (1967) i Akademii Rolniczo - Technicznej w Olsztynie (1972), gdzie otrzyma\u0142 tytu\u0142\u00a0in\u017c. rolnika. Siatkarz (187 cm, 82 kg) miejscowego AZS, kt\u00f3rego tw\u00f3rc\u0105 by\u0142 pracownik naukowy tej uczelni Leszek Dorosz. Potrafi\u0142 on zach\u0119ci\u0107 do studi\u00f3w wszystkich tych siatkarzy i kandydat\u00f3w na zawodnik\u00f3w, kt\u00f3rych interesowa\u0142o rolnictwo, rybo\u0142\u00f3wstwo i wszelkie nauki techniczne zwi\u0105zane z ziemi\u0105 i lasem. Lubiejewski by\u0142 jednym z nich (obok m. in. Miros\u0142awa Rybaczewskiego), kt\u00f3remu si\u0119 powiod\u0142o. 3-krotny mistrz Polski (1973, 1976, 1978), 4-krotny wicemistrz (1972, 1974, 1977, 1980), 2-krotny br\u0105zowy medalista MP (1971, 1975), 3-krotny zdobywca Pucharu Polski (1970-1972) i finalista PEZP 1978 z\u00a0drug\u0105 lokat\u0105 (wszystko w barwach AZS, kt\u00f3remu by\u0142 wierny do ko\u0144ca kariery sportowej). 74-krotny reprezentant Polski (1972-1977), srebrny medalista ME z Belgradu (1975) by\u0142 ju\u017c got\u00f3w do olimpijskiego startu w 1972, ale dopiero Hubert Wagner cztery lata p\u00f3\u017aniej zabra\u0142 go do Montrealu, gdzie obok Sadalskiego, \u0141aski i Zarzyckiego stanowi\u0142 bezpo\u015brednie zaplecze zawodnik\u00f3w pierwszej sz\u00f3stki (konkretniej: by\u0142 zast\u0119pc\u0105 pierwszego zmianowego Zbigniewa Zarzyckiego). M\u00f3wi\u0142 o nim Wagner: \"On swoj\u0105 rol\u0119 przyj\u0105\u0142. Wiedzia\u0142, \u017ce ma harowa\u0107, bo wiadomo, \u017ce na indywidualno\u015bci musz\u0105 pracowa\u0107 inni. Na obozach tyra\u0142, na meczach wpuszczany by\u0142 niewiele, bo grali od niego znacznie lepsi. Stwarza\u0142 jednak zagro\u017cenie dla gwiazd, zmuszaj\u0105c je do wi\u0119kszego wysi\u0142ku\". Po zako\u0144czeniu kariery zawodniczej w kraju wyst\u0119powa\u0142 pocz\u0105tkowo jako zawodnik a p\u00f3\u017aniej trener w belgijskim Antonius Herentals. Obecnie dzia\u0142acz (cz\u0142onek zarz\u0105du) olszty\u0144skiego AZS. Odznaczony m. in. z\u0142otym Medalem za Wybitne Osi\u0105gni\u0119cia Sportowe. \u017bonaty (Liliana), ma c\u00f3rk\u0119 (Ewa). Mieszka w Olsztynie.<br\/><br\/>Bibl.: G\u0142uszek, Leksykon 1999, s. 260; Pawlak, Olimpijczycy, s. 155; Du\u0144ski, Od Pary\u017ca, s. 515; MES, t. 2, s. 95; Mecner, 80 lat siatk\u00f3wki, s. 109 i dalsze.<br\/><strong>*1976 Montreal: cz\u0142onek dru\u017cyny siatk\u00f3wki<\/strong>, kt\u00f3ra po zwyci\u0119stwach nad Kore\u0105 P\u0142d. 3:2, Kanad\u0105 3:0, Kub\u0105 3:2 i CSRS 3:1 zaj\u0119\u0142a w grupie 1 m.; w spotkaniu o 1-4 m. pokona\u0142a Japoni\u0119 3:2; w meczu o m. 1-2 wygra\u0142a z ZSRR 3:2, <strong>zdobywaj\u0105c z\u0142oty medal<\/strong>. Sk\u0142ad dru\u017cyny zob. - Bebel Bronis\u0142aw.<\/p><!-- history --><table width=\"85%\" style=\"text-align:right\" border=\"0\" cellspacing=\"0\" cellpadding=\"0\">  <tr>    <td align=\"right\" class=\"box3-title\"><a href=\"javascript:history.back()\">\u00ab powr\u00f3t do listy<\/a><\/td>  <\/tr><\/table>","tmp_old_body_img":false,"tmp_old_lead_img":false,"picture_medalists":false,"important":"","person_achivments":""},"_links":{"self":[{"href":"https:\/\/olimpijski.pl\/en\/wp-json\/wp\/v2\/person\/14369"}],"collection":[{"href":"https:\/\/olimpijski.pl\/en\/wp-json\/wp\/v2\/person"}],"about":[{"href":"https:\/\/olimpijski.pl\/en\/wp-json\/wp\/v2\/types\/person"}],"version-history":[{"count":1,"href":"https:\/\/olimpijski.pl\/en\/wp-json\/wp\/v2\/person\/14369\/revisions"}],"predecessor-version":[{"id":32486,"href":"https:\/\/olimpijski.pl\/en\/wp-json\/wp\/v2\/person\/14369\/revisions\/32486"}],"wp:featuredmedia":[{"embeddable":true,"href":"https:\/\/olimpijski.pl\/en\/wp-json\/wp\/v2\/media\/21119"}],"wp:attachment":[{"href":"https:\/\/olimpijski.pl\/en\/wp-json\/wp\/v2\/media?parent=14369"}],"curies":[{"name":"wp","href":"https:\/\/api.w.org\/{rel}","templated":true}]}}