{"id":14388,"date":"2020-06-24T16:48:25","date_gmt":"2020-06-24T14:48:25","guid":{"rendered":"http:\/\/pkol.local\/person\/mieczyslaw-lomowski\/"},"modified":"2022-09-21T13:40:47","modified_gmt":"2022-09-21T11:40:47","slug":"mieczyslaw-lomowski","status":"publish","type":"person","link":"https:\/\/olimpijski.pl\/en\/olimpijczycy\/mieczyslaw-lomowski\/","title":{"rendered":"Mieczys\u0142aw \u0141omowski (1914-1969)"},"content":{"rendered":"\n<p><br><br><br><strong>ps. &#8220;\u017bubr&#8221;, kulomiot i dyskobol, najlepszy polski lekkoatleta pierwszych lat po II wojnie \u015bwiatowej, olimpijczyk z Londynu (1948), trener i dzia\u0142acz sportowy<\/strong>.<\/p>\n\n\n\n<p>Urodzony 19 wrze\u015bnia 1914 w Wilnie, gdzie uko\u0144czy\u0142 Pa\u0144stwow\u0105&nbsp; Szko\u0142\u0119 Techniczn\u0105. Ju\u017c jako ch\u0142opiec wykazywa\u0142 du\u017ce zainteresowanie sportem (p\u0142ywa\u0142, uprawia\u0142 wio\u015blarstwo, kolarstwo, gra\u0142 w hokeja na lodzie), ale wychowawcy w szkole (Tadeusz Lach, W\u0142adys\u0142aw Wiro &#8211; Kiro) uznali (181 cm wzrostu, 94 kg wagi), \u017ce jest stworzony do rzut\u00f3w (kula, dysk) w kt\u00f3rych robi\u0142 szybkie post\u0119py. Zawodnik KPW Ognisko, \u015amig\u0142ego i AZS Wilno, tu\u017c przed wojn\u0105 uzyska\u0142 40.92 w dysku (1938) oraz 14.02 w kuli (1939) i powo\u0142any zosta\u0142 do kadry reprezentacyjnej (mecz z Litw\u0105 w 1939), gdzie przysposabia\u0107 go do dalszej kariery miotacza zacz\u0119li: Karol Hoffmann i J\u00f3zef Baran. Lata okupacji sp\u0119dzi\u0142 na Wile\u0144szczy\u017anie (kierownik kopalni torfu), a po wkroczeniu Armii Czerwonej zn\u00f3w rozpocz\u0105\u0142 treningi i starty. Wyjecha\u0142 nawet na mistrzostwa ZSRR do Moskwy, gdzie uzyska\u0142 wyniki lepsze od polskich rekord\u00f3w: 15.28 w kuli i 46.14 w dysku.<\/p>\n\n\n\n<p>Z takim &#8220;sportowym dorobkiem&#8221; przyjecha\u0142 na sta\u0142e do wyzwolonego Gda\u0144ska (wrzesie\u0144 1945), gdzie podj\u0105\u0142 prac\u0119 w Biurze Odbudowy Port\u00f3w. Rozpocz\u0119\u0142a si\u0119 druga cz\u0119\u015b\u0107 jego ciekawej kariery sportowej. Zawodnik gda\u0144skich klub\u00f3w: BOP (1945), Lechii (1946-1949), Budowlanych (1950-1951), Gwardii (1952-1956) i Wybrze\u017ca (1957-1958), by\u0142 7-krotnym reprezentantem Polski w meczach mi\u0119dzypa\u0144stwowych 1950-1954 (13 start\u00f3w, 5 zwyci\u0119stw indywidualnych), 16-krotnym medalist\u0105 mistrzostw krajowych, w tym: 3-krotnym mistrzem Polski w pchni\u0119ciu kul\u0105 (1947-1949) i 5-krotnym w rzucie dyskiem (1947-1949, 1951, 1953) oraz 2-krotnym rekordzist\u0105 Polski: kula &#8211; 16.15 (11 maja 1952 Bydgoszcz) i dysk &#8211; 47.46 (27 maja 1948 Gda\u0144sk). Startowa\u0142 na mistrzostwach Europy w Oslo (1946), ale najwi\u0119kszy sukces przyni\u00f3s\u0142 mu start olimpijski (1948), gdzie w pchni\u0119ciu kul\u0105 uleg\u0142 tylko Amerykanom.<\/p>\n\n\n\n<p>By\u0142 najlepszym Europejczykiem. Mimo sta\u0142ych i znacz\u0105cych post\u0119p\u00f3w (pobi\u0142 rekord Heljasza w kuli), nie pojecha\u0142 na drugie igrzyska (1952) wyeliminowany&nbsp; przez kontuzj\u0119. Gdy mia\u0142 41 lat, pobi\u0142 swoje rekordy \u017cyciowe: kula &#8211; 16.25 (26 czerwca 1955 Pozna\u0144) i dysk &#8211; 48.77 (2 pa\u017adziernika 1955 Gda\u0144sk). Po zako\u0144czeniu kariery zawodniczej z entuzjazmem i zaanga\u017cowaniem uprawia\u0142 zaw\u00f3d trenera. \u017byczliwy i kole\u017ce\u0144ski dla m\u0142odzie\u017cy, by\u0142 wychowawc\u0105 i doradc\u0105 wielu czo\u0142owych zawodnik\u00f3w (E. Rusin &#8211; Ciarkowska, J. Klockowski, J. Detko, W. Komar). Trener &#8211; koordynator grupy rzut\u00f3w w GKS Wybrze\u017ce, dzia\u0142acz komisji szkoleniowej i dyscyplinarnej Gda\u0144skiego OZLA. Zas\u0142u\u017cony Mistrz Sportu.<\/p>\n\n\n\n<p>Zgin\u0105\u0142 w tragicznym wypadku samochodowym niedaleko Gniewa 15 pa\u017adziernika 1969.<\/p>\n\n\n\n<p><strong>*1948 Londyn: lekkoatletyka, pchni\u0119cie kul\u0105<\/strong> &#8211; w elim. (20 start.) uzyska\u0142 14.70, 4 m. w finale (12 start.) z wynikiem 15.43 (zw. W. Thompson USA &#8211; 17.12); dysk &#8211; odp. w elim. (brak wyniku). <strong>Chor\u0105\u017cy<\/strong> polskiej ekipy na IO w Londynie (1948).<\/p>\n\n\n\n<p><em>Bibl.: S\u0142ownik WF, 1973, z. 2, s. 187-188 (Bo\u017cena Bruska); G\u0142uszek, Leksykon 1999, s. 261; Pawlak, Olimpijczycy, s. 157; Gebert, Poczet olimpijczyk\u00f3w, s. 118-119; Kurzy\u0144ski, Indeks LA&nbsp; 1945-1956 (oprac. niepubl.); \u0141ojewski, Mecze m\u0119\u017cczyzn, s. 46, 339; MP m\u0119\u017cczyzn 1945-2002 (oprac. PZLA niepubl.); Encyklopedia (Statystyczna) LA, s. 68, 106, 107, 119, 136, 156; 50 lat OZLA Gda\u0144sk, s. 31, 38, 42; MES, t. 2 , s. 99;&nbsp;zur Megede, Die Geschichte der olympischen Leichtathletik, s. 36, 37.<\/em><\/p>\n","protected":false},"excerpt":{"rendered":"<p>ps. &#8220;\u017bubr&#8221;, kulomiot i dyskobol, najlepszy polski lekkoatleta pierwszych lat po II wojnie \u015bwiatowej, olimpijczyk z Londynu (1948), trener i dzia\u0142acz sportowy. &#8230; <a class=\"read-more\" href=\"https:\/\/olimpijski.pl\/en\/olimpijczycy\/mieczyslaw-lomowski\/\">Czytaj dalej<\/a><\/p>\n","protected":false},"featured_media":0,"menu_order":60,"template":"","meta":{"_acf_changed":false,"ub_ctt_via":"","footnotes":""},"class_list":["post-14388","person","type-person","status-publish","hentry","infinite-scroll-item","no-featured-image-padding"],"acf":{"olimpic_information":[{"olimpic":[{"ID":307,"post_author":"1","post_date":"1948-06-17 13:34:45","post_date_gmt":"1948-06-17 11:34:45","post_content":"<!-- wp:heading {\"level\":1,\"className\":\"main-title\"} -->\n<h1 class=\"main-title\"><strong>Igrzyska XIV Olimpiady<\/strong><br>Londyn 1948<\/h1>\n<!-- \/wp:heading -->\n\n<!-- wp:cover {\"url\":\"https:\/\/olimpijski.pl\/wp-content\/uploads\/2020\/09\/londyn_plakat.jpg\",\"id\":27475,\"hasParallax\":true,\"dimRatio\":30,\"overlayColor\":\"cyan-bluish-gray\",\"minHeight\":211,\"minHeightUnit\":\"px\",\"contentPosition\":\"center center\",\"align\":\"wide\"} -->\n<div class=\"wp-block-cover alignwide has-background-dim-30 has-cyan-bluish-gray-background-color has-background-dim has-parallax is-position-center-center\" style=\"background-image:url(https:\/\/olimpijski.pl\/wp-content\/uploads\/2020\/09\/londyn_plakat.jpg);min-height:211px\"><div class=\"wp-block-cover__inner-container\"><!-- wp:paragraph {\"align\":\"center\",\"placeholder\":\"Wprowad\u017a tytu\u0142...\",\"fontSize\":\"large\"} -->\n<p class=\"has-text-align-center has-large-font-size\">&nbsp;<\/p>\n<!-- \/wp:paragraph --><\/div><\/div>\n<!-- \/wp:cover -->\n\n<!-- wp:spacer {\"height\":51} -->\n<div style=\"height:51px\" aria-hidden=\"true\" class=\"wp-block-spacer\"><\/div>\n<!-- \/wp:spacer -->\n\n<!-- wp:image {\"align\":\"left\",\"id\":19322,\"width\":148,\"height\":148,\"sizeSlug\":\"large\",\"className\":\"is-style-default\"} -->\n<div class=\"wp-block-image is-style-default\"><figure class=\"alignleft size-large is-resized\"><img src=\"https:\/\/olimpijski.pl\/wp-content\/uploads\/1948\/06\/londyn1948.png\" alt=\"\" class=\"wp-image-19322\" width=\"148\" height=\"148\"\/><\/figure><\/div>\n<!-- \/wp:image -->\n\n<!-- wp:list -->\n<ul><li>Igrzyska rozegrano w dniach <strong>29 lipca \u2013 14 sierpnia<\/strong>.<\/li><li>Wystartowa\u0142o <strong>4104<\/strong> zawodnik\u00f3w (w tym <strong>390<\/strong> kobiet)&nbsp;z <strong>59<\/strong> kraj\u00f3w.<\/li><li>Rozdano <strong>136<\/strong> komplet\u00f3w medali.<\/li><li>Znicz zapali\u0142 na Wembley <strong>John Mark<\/strong>, student medycyny uniwersytetu w Cambridge.<\/li><li>Przysi\u0119g\u0119 z\u0142o\u017cy\u0142 lekkoatleta <strong>Donald Osborn Finlay<\/strong>.<\/li><li>Igrzyska otworzy\u0142 <strong>kr\u00f3l Anglii Jerzy VI<\/strong>.<\/li><\/ul>\n<!-- \/wp:list -->\n\n<!-- wp:heading -->\n<h2><strong>Program Igrzysk \u2013 19 dyscyplin, 136 konkurencji<\/strong><\/h2>\n<!-- \/wp:heading -->\n\n<!-- wp:paragraph -->\n<p>boks (8 konkurencji), gimnastyka (9), hokej na trawie (1), je\u017adziectwo (6), kajakarstwo (9), kolarstwo (6), koszyk\u00f3wka (1), lekkoatletyka (33), pi\u0119ciob\u00f3j nowoczesny (1), pi\u0142ka no\u017cna (1), pi\u0142ka wodna (1), p\u0142ywanie (11), podnoszenie ci\u0119\u017car\u00f3w (6), skoki do wody (4), strzelectwo (4), szermierka (7), wio\u015blarstwo (7), zapasy (16), \u017ceglarstwo (5).<\/p>\n<!-- \/wp:paragraph -->\n\n<!-- wp:heading -->\n<h2><strong>Gwiazdy Igrzysk<\/strong><\/h2>\n<!-- \/wp:heading -->\n\n<!-- wp:paragraph -->\n<p><strong>Francina \u201eFanny\u201d Blankers-Koen<\/strong> (Holandia, lekkoatletyka) \u2013 4 z\u0142ote medale<br><strong>Veikko Huhtanen<\/strong> (Finlandia, gimnastyka) \u2013 3 z\u0142ote, 1 srebrny, 1 br\u0105zowy<\/p>\n<!-- \/wp:paragraph -->\n\n<!-- wp:heading -->\n<h2><strong>Polska Reprezentacja Olimpijska<\/strong><\/h2>\n<!-- \/wp:heading -->\n\n<!-- wp:paragraph -->\n<p>24 osoby (startowa\u0142y 23 \u2013 4 kobiety i 19 m\u0119\u017cczyzn) w 4 sportach: 6 bokser\u00f3w, 3 kajakarzy, 7 lekkoatlet\u00f3w (w tym 3 kobiety), 8 szermierzy (w tym 1 kobieta; 7 startowa\u0142o, 1 nie).<\/p>\n<!-- \/wp:paragraph -->\n\n<!-- wp:paragraph -->\n<p>Chor\u0105\u017cym reprezentacji Polski by\u0142 lekkoatleta <strong>Mieczys\u0142aw \u0141omowski<\/strong>.<\/p>\n<!-- \/wp:paragraph -->\n\n<!-- wp:heading -->\n<h2><strong>Klasyfikacja medalowa<\/strong><\/h2>\n<!-- \/wp:heading -->\n\n<!-- wp:table {\"hasFixedLayout\":true,\"className\":\"is-style-stripes\"} -->\n<figure class=\"wp-block-table is-style-stripes\"><table class=\"has-fixed-layout\"><tbody><tr><td><\/td><td><\/td><td class=\"has-text-align-center\" data-align=\"center\">&nbsp;<\/td><td class=\"has-text-align-center\" data-align=\"center\">&nbsp;<\/td><td class=\"has-text-align-center\" data-align=\"center\">&nbsp;<\/td><td class=\"has-text-align-center\" data-align=\"center\">&nbsp;<\/td><\/tr><tr><td>&nbsp;<\/td><td>&nbsp;<\/td><td class=\"has-text-align-center\" data-align=\"center\">&nbsp;<\/td><td class=\"has-text-align-center\" data-align=\"center\"><img class=\"wp-image-26068\" style=\"width: 50px;\" src=\"https:\/\/olimpijski.pl\/wp-content\/uploads\/1948\/06\/2008_Pekin_zloty_50x50.jpg\" alt=\"\"><\/td><td class=\"has-text-align-center\" data-align=\"center\"><img class=\"wp-image-26071\" style=\"width: 50px;\" src=\"https:\/\/olimpijski.pl\/wp-content\/uploads\/1948\/06\/2008_Pekin_sreb_50x50.jpg\" alt=\"\"><\/td><td class=\"has-text-align-center\" data-align=\"center\"><img class=\"wp-image-26073\" style=\"width: 50px;\" src=\"https:\/\/olimpijski.pl\/wp-content\/uploads\/1948\/06\/2008_Pekin_braz_50x50.jpg\" alt=\"\"><\/td><\/tr><tr><td>1.<\/td><td>USA<\/td><td class=\"has-text-align-center\" data-align=\"center\">84<\/td><td class=\"has-text-align-center\" data-align=\"center\">38<\/td><td class=\"has-text-align-center\" data-align=\"center\">27<\/td><td class=\"has-text-align-center\" data-align=\"center\">19<\/td><\/tr><tr><td>2.<\/td><td>Niemcy<\/td><td class=\"has-text-align-center\" data-align=\"center\">44<\/td><td class=\"has-text-align-center\" data-align=\"center\">16<\/td><td class=\"has-text-align-center\" data-align=\"center\">11<\/td><td class=\"has-text-align-center\" data-align=\"center\">17<\/td><\/tr><tr><td>3.<\/td><td>Finlandia<\/td><td class=\"has-text-align-center\" data-align=\"center\">29<\/td><td class=\"has-text-align-center\" data-align=\"center\">10<\/td><td class=\"has-text-align-center\" data-align=\"center\">6<\/td><td class=\"has-text-align-center\" data-align=\"center\">13<\/td><\/tr><tr><td>...<\/td><td>&nbsp;<\/td><td class=\"has-text-align-center\" data-align=\"center\">&nbsp;<\/td><td class=\"has-text-align-center\" data-align=\"center\">&nbsp;<\/td><td class=\"has-text-align-center\" data-align=\"center\">&nbsp;<\/td><td class=\"has-text-align-center\" data-align=\"center\">&nbsp;<\/td><\/tr><tr><td><strong>21-22.<\/strong><\/td><td><strong>Polska<\/strong><\/td><td class=\"has-text-align-center\" data-align=\"center\"><strong>1<\/strong><\/td><td class=\"has-text-align-center\" data-align=\"center\"><strong>0<\/strong><\/td><td class=\"has-text-align-center\" data-align=\"center\"><strong>0<\/strong><\/td><td class=\"has-text-align-center\" data-align=\"center\"><strong>1<\/strong><\/td><\/tr><\/tbody><\/table><\/figure>\n<!-- \/wp:table -->\n\n<!-- wp:heading -->\n<h2><strong>Medal dla Polski (1)<\/strong><\/h2>\n<!-- \/wp:heading -->\n\n<!-- wp:media-text {\"align\":\"\",\"mediaId\":26065,\"mediaLink\":\"https:\/\/olimpijski.pl\/olympics_summer\/londyn-1948\/1948_londyn_braz_aw-200\/#main\",\"mediaType\":\"image\",\"mediaWidth\":16} -->\n<div class=\"wp-block-media-text is-stacked-on-mobile\" style=\"grid-template-columns:16% auto\"><figure class=\"wp-block-media-text__media\"><img src=\"https:\/\/olimpijski.pl\/wp-content\/uploads\/1948\/06\/1948_Londyn_braz_aw-200.jpg\" alt=\"\" class=\"wp-image-26065\"\/><\/figure><div class=\"wp-block-media-text__content\"><!-- wp:paragraph {\"placeholder\":\"Tre\u015b\u0107...\",\"fontSize\":\"large\"} -->\n<p class=\"has-large-font-size\"><strong>Aleksy Antkiewicz<\/strong><br>(boks, waga pi\u00f3rkowa)<\/p>\n<!-- \/wp:paragraph --><\/div><\/div>\n<!-- \/wp:media-text -->\n\n<!-- wp:separator {\"className\":\"is-style-wide\"} -->\n<hr class=\"wp-block-separator is-style-wide\"\/>\n<!-- \/wp:separator -->\n\n<!-- wp:paragraph -->\n<p>&nbsp;<\/p>\n<!-- \/wp:paragraph -->\n\n<!-- wp:quote -->\n<blockquote class=\"wp-block-quote\"><p>Na Igrzyska nie zosta\u0142y zaproszone Japonia i Niemcy. Nie startowa\u0142a r\u00f3wnie\u017c reprezentacja ZSRR, gdy\u017c jeszcze nie mia\u0142a swojego narodowego komitetu olimpijskiego.<\/p><\/blockquote>\n<!-- \/wp:quote -->\n\n<!-- wp:paragraph -->\n<p>&nbsp;<\/p>\n<!-- \/wp:paragraph -->","post_title":"Londyn 1948","post_excerpt":"","post_status":"publish","comment_status":"closed","ping_status":"closed","post_password":"","post_name":"londyn-1948","to_ping":"","pinged":"","post_modified":"2020-09-28 11:59:41","post_modified_gmt":"2020-09-28 09:59:41","post_content_filtered":"","post_parent":0,"guid":"https:\/\/wai-q98d7hpf9hy9k.wpallimport-demo.qsandbox.me\/olympics_summer\/londyn-1948\/","menu_order":0,"post_type":"olympics_summer","post_mime_type":"","comment_count":"0","filter":"raw"}],"competitions_rewards":false}],"picture":false,"firstname":"Mieczys\u0142aw","lastname":"\u0141omowski (1914-1969)","birthdate_date":"19\/09\/1914","birthdate":"19 wrze\u015bnia 1914","deathdate_date":"15\/10\/1969","deathdate":"15 pa\u017adziernika 1969","placeofbirth":"","club":"","coach":"","metrics":"","seolink":"lomowski-mieczyslaw","tmp_old_id":"13883","tmp_old_fid":"294","tmp_old_parent_id":"15544","createdate":"06\/11\/2013","tmp_old_title":"\u0141omowski Mieczys\u0142aw (1914-1969)","tmp_old_lead":"","tmp_old_body":"<p class=\"title-m-02\">\u0141OMOWSKI MIECZYS\u0141AW (1914-1969)<\/p><p><strong>ps. \"\u017bubr\", kulomiot i dyskobol, najlepszy polski lekkoatleta pierwszych lat po II wojnie \u015bwiatowej, olimpijczyk z Londynu (1948), trener i dzia\u0142acz sportowy<\/strong>.<br\/><br\/>Urodzony 19 wrze\u015bnia 1914 w Wilnie, gdzie uko\u0144czy\u0142 Pa\u0144stwow\u0105&nbsp; Szko\u0142\u0119 Techniczn\u0105. Ju\u017c jako ch\u0142opiec wykazywa\u0142 du\u017ce zainteresowanie sportem (p\u0142ywa\u0142, uprawia\u0142 wio\u015blarstwo, kolarstwo, gra\u0142 w hokeja na lodzie), ale wychowawcy&nbsp;w szkole (Tadeusz Lach, W\u0142adys\u0142aw Wiro - Kiro) uznali (181 cm wzrostu, 94 kg wagi), \u017ce jest stworzony do rzut\u00f3w (kula, dysk) w kt\u00f3rych robi\u0142 szybkie post\u0119py. Zawodnik KPW Ognisko, \u015amig\u0142ego i&nbsp; AZS Wilno, tu\u017c przed wojn\u0105 uzyska\u0142&nbsp;40.92 w dysku (1938) oraz 14.02 w kuli (1939) i&nbsp;powo\u0142any zosta\u0142 do kadry reprezentacyjnej (mecz z Litw\u0105 w 1939), gdzie przysposabia\u0107 go do dalszej kariery miotacza zacz\u0119li: Karol Hoffmann i J\u00f3zef Baran. Lata okupacji sp\u0119dzi\u0142 na Wile\u0144szczy\u017anie (kierownik&nbsp;kopalni torfu), a po wkroczeniu Armii Czerwonej&nbsp;zn\u00f3w&nbsp;rozpocz\u0105\u0142 treningi i starty. Wyjecha\u0142 nawet na mistrzostwa ZSRR do Moskwy, gdzie uzyska\u0142 wyniki lepsze od polskich rekord\u00f3w: 15.28 w kuli i 46.14 w dysku. Z takim \"sportowym dorobkiem\" przyjecha\u0142 na sta\u0142e do wyzwolonego Gda\u0144ska (wrzesie\u0144 1945), gdzie podj\u0105\u0142 prac\u0119 w Biurze Odbudowy Port\u00f3w. Rozpocz\u0119\u0142a si\u0119 druga cz\u0119\u015b\u0107 jego ciekawej kariery sportowej.&nbsp;Zawodnik gda\u0144skich klub\u00f3w: BOP (1945), Lechii (1946-1949), Budowlanych (1950-1951), Gwardii (1952-1956) i Wybrze\u017ca (1957-1958), by\u0142 7-krotnym reprezentantem Polski w meczach mi\u0119dzypa\u0144stwowych 1950-1954 (13 start\u00f3w, 5 zwyci\u0119stw indywidualnych), 16-krotnym medalist\u0105 mistrzostw krajowych, w tym: 3-krotnym mistrzem Polski w pchni\u0119ciu kul\u0105 (1947-1949) i 5-krotnym w rzucie dyskiem (1947-1949, 1951, 1953) oraz 2-krotnym rekordzist\u0105 Polski: kula - 16.15 (11 maja 1952 Bydgoszcz) i dysk - 47.46 (27 maja 1948 Gda\u0144sk). Startowa\u0142 na mistrzostwach Europy w Oslo (1946), ale najwi\u0119kszy sukces przyni\u00f3s\u0142 mu start olimpijski (1948), gdzie w pchni\u0119ciu kul\u0105 uleg\u0142 tylko Amerykanom. <strong>By\u0142 najlepszym Europejczykiem<\/strong>. Mimo sta\u0142ych i znacz\u0105cych post\u0119p\u00f3w (pobi\u0142 rekord Heljasza w kuli), nie pojecha\u0142 na drugie igrzyska (1952) wyeliminowany&nbsp; przez kontuzj\u0119. Gdy mia\u0142 41 lat, pobi\u0142 swoje rekordy \u017cyciowe: kula - 16.25 (26 czerwca 1955 Pozna\u0144) i dysk - 48.77 (2 pa\u017adziernika 1955 Gda\u0144sk). Po zako\u0144czeniu kariery zawodniczej z entuzjazmem i&nbsp;zaanga\u017cowaniem uprawia\u0142 zaw\u00f3d trenera. \u017byczliwy i kole\u017ce\u0144ski dla m\u0142odzie\u017cy, by\u0142 wychowawc\u0105 i doradc\u0105 wielu czo\u0142owych zawodnik\u00f3w (E. Rusin - Ciarkowska, J. Klockowski, J. Detko, W. Komar). Trener - koordynator&nbsp;grupy rzut\u00f3w w GKS Wybrze\u017ce, dzia\u0142acz komisji szkoleniowej i dyscyplinarnej Gda\u0144skiego OZLA. Zas\u0142u\u017cony Mistrz Sportu. Zgin\u0105\u0142 w tragicznym wypadku samochodowym niedaleko Gniewa 15 pa\u017adziernika 1969.<br\/><br\/>Bibl.: S\u0142ownik WF, 1973, z. 2, s. 187-188 (Bo\u017cena Bruska); G\u0142uszek, Leksykon 1999, s. 261; Pawlak, Olimpijczycy, s. 157; Gebert, Poczet olimpijczyk\u00f3w, s. 118-119; Kurzy\u0144ski, Indeks LA&nbsp; 1945-1956 (oprac. niepubl.); \u0141ojewski, Mecze m\u0119\u017cczyzn, s. 46, 339; MP m\u0119\u017cczyzn 1945-2002 (oprac. PZLA niepubl.); Encyklopedia (Statystyczna) LA, s. 68, 106, 107, 119, 136, 156; 50 lat OZLA Gda\u0144sk, s. 31, 38, 42; MES, t. 2 , s. 99;&nbsp;zur Megede, Die Geschichte der olympischen Leichtathletik, s. 36, 37. <br\/><strong>*1948 Londyn: kula<\/strong> - w elim. (20 start.) uzyska\u0142 14.70, 4 m. w finale (12 start.) z wynikiem&nbsp; 15.43 (zw. W. Thompson USA - 17.12); dysk - odp. w elim. (brak wyniku). <strong>Chor\u0105\u017cy<\/strong> polskiej ekipy na IO w Londynie (1948).<br\/><\/p><!-- history --><table width=\"85%\" style=\"text-align:right\" border=\"0\" cellspacing=\"0\" cellpadding=\"0\">  <tr>    <td align=\"right\" class=\"box3-title\"><a href=\"javascript:history.back()\">&laquo; powr\u00f3t do listy<\/a><\/td>  <\/tr><\/table>","tmp_old_body_img":false,"tmp_old_lead_img":false,"picture_medalists":false,"important":"","group_knuie68fa087fd5h76":false,"person_achivments":""},"_links":{"self":[{"href":"https:\/\/olimpijski.pl\/en\/wp-json\/wp\/v2\/person\/14388"}],"collection":[{"href":"https:\/\/olimpijski.pl\/en\/wp-json\/wp\/v2\/person"}],"about":[{"href":"https:\/\/olimpijski.pl\/en\/wp-json\/wp\/v2\/types\/person"}],"version-history":[{"count":3,"href":"https:\/\/olimpijski.pl\/en\/wp-json\/wp\/v2\/person\/14388\/revisions"}],"predecessor-version":[{"id":63024,"href":"https:\/\/olimpijski.pl\/en\/wp-json\/wp\/v2\/person\/14388\/revisions\/63024"}],"wp:attachment":[{"href":"https:\/\/olimpijski.pl\/en\/wp-json\/wp\/v2\/media?parent=14388"}],"curies":[{"name":"wp","href":"https:\/\/api.w.org\/{rel}","templated":true}]}}