{"id":14427,"date":"2020-06-24T16:48:39","date_gmt":"2020-06-24T14:48:39","guid":{"rendered":"http:\/\/pkol.local\/person\/waldemar-malak\/"},"modified":"2020-10-08T12:07:13","modified_gmt":"2020-10-08T10:07:13","slug":"waldemar-malak","status":"publish","type":"person","link":"https:\/\/olimpijski.pl\/en\/olimpijczycy\/waldemar-malak\/","title":{"rendered":"Waldemar Malak"},"content":{"rendered":"<p class=\"title-m-02\">MALAK WALDEMAR (1970-1992)<\/p>\n<table border=\"0\" cellspacing=\"0\" cellpadding=\"0\" align=\"LEFT\">\n<tbody>\n<tr>\n<td class=\"photo-td-01\">\n<table border=\"0\" cellspacing=\"0\" cellpadding=\"0\">\n<tbody>\n<tr>\n<td><img loading=\"lazy\" decoding=\"async\" src=\"\/pl\/soczi2014\/files\/old\/i\/olimpijczycy\/Malak_Waldemar_m.jpg\" alt=\"MALAK WALDEMAR \" width=\"50\" height=\"50\" border=\"0\" \/><\/td>\n<\/tr>\n<\/tbody>\n<\/table>\n<\/td>\n<\/tr>\n<\/tbody>\n<\/table>\n<p><strong>mechanik samochodowy, wielki showmen i\u00a0ci\u0119\u017carowy talent z\u00a0Gda\u0144ska, medalista olimpijski z\u00a0Barcelony (1992), zgin\u0105\u0142 w\u00a0wypadku drogowym trzy miesi\u0105ce po igrzyskach.<br \/>\n<\/strong><br \/>\nUrodzony 17 lipca 1970 w\u00a0Gda\u0144sku, syn Stanis\u0142awa i\u00a0Zofii Paul, absolwent miejscowej Szko\u0142y Samochodowej przy ul. Karpiej (od 8 roku \u017cycia wychowany tylko przez\u00a0matk\u0119 Zofi\u0119), ju\u017c w\u00a0szkole podstawowej (nr 80) na\u00a0Przymorzu by\u0142 bardzo zaanga\u017cowany w\u00a0&#8220;dzia\u0142alno\u015b\u0107 sportow\u0105&#8221; (gry zespo\u0142owe, g\u0142\u00f3wnie pi\u0142ka no\u017cna, lekka atletyka, tenis sto\u0142owy, \u0142y\u017cwiarstwo szybkie). Gdy zach\u0119cony przez\u00a0trenera Piotra Owczarskiego zjawi\u0142 si\u0119 w\u00a0si\u0142owni Stoczniowca mia\u0142 12 lat, 142 cm i\u00a0wa\u017cy\u0142 40 kg. Sprytny i\u00a0piekielnie uzdolniony mikrus szybko by\u0142 najlepszy w\u015br\u00f3d koleg\u00f3w i\u00a0na treningach zacz\u0105\u0142 si\u0119&#8230; nudzi\u0107. Nast\u0119pne p\u00f3\u0142tora roku sp\u0119dzi\u0142\u00a0 w\u00a0zwi\u0105zku z\u00a0tym w\u015br\u00f3d starej paki pi\u0142karzy Championa \u017babianka z\u00a0kt\u00f3r\u0105 wyst\u0105pi\u0142 w\u00a0fina\u0142ach Og\u00f3lnopolskiej Spartakiady M\u0142odzie\u017cy. Do Owczarskiego, ale\u00a0ju\u017c w\u00a0Lechii, powr\u00f3ci\u0142 pod koniec 1985, a\u00a0dwa lata p\u00f3\u017aniej uzdolnionym juniorem zainteresowa\u0142 si\u0119 trener kadry Zygmunt Smalcerz. R\u00f3s\u0142, przybiera\u0142 na\u00a0wadze, odbywa\u0142 s\u0142u\u017cb\u0119 wojskow\u0105 (Legia) szybko doskonal\u0105c swoje umiej\u0119tno\u015bci i\u00a0uzyskuj\u0105c coraz lepsze wyniki.<\/p>\n<p>Zawodnik Lechii Gda\u0144sk (177 cm, 100 kg) rozpocz\u0105\u0142 swoj\u0105 kr\u00f3tk\u0105 karier\u0119 od\u00a0wyst\u0119p\u00f3w w\u015br\u00f3d junior\u00f3w. Zdoby\u0142 dwukrotnie tytu\u0142 mistrza Polski i\u00a0w 1990 daje si\u0119 ju\u017c pozna\u0107 na\u00a0arenie mi\u0119dzynarodowej: zostaje srebrnym medalist\u0105 (waga ci\u0119\u017cka 100 kg) M\u015a\u00a0&#8211; 362,5 kg (170+192,5) i\u00a0ME\u00a0&#8211; 370 kg (170+200). Wielki talent i\u00a0sta\u0142e szybkie post\u0119py potwierdza w\u00a0kategorii senior\u00f3w. Na swoich pierwszych M\u015a (1991) zajmuje wprawdzie &#8220;tylko&#8221; 4. msc, ale\u00a0uzyskuje w\u00a0dwuboju 377,5 kg; zdobywa tak\u017ce tytu\u0142 m\u0142odzie\u017cowego mistrza Polski (do 23 lat) i\u00a0udanie startuje w\u00a0Pucharze \u015awiata. W\u00a0roku olimpijskim jest bezkonkurencyjny: tytu\u0142 mistrza Polski senior\u00f3w zdobywa z\u00a0doskona\u0142ym wynikiem 397,5 kg, a\u00a0tylko o\u00a02,5 kg jest gorszy na\u00a0W\u0119grzech, gdzie zdobywa br\u0105zowy medal ME\u00a0&#8211; 395 kg (182,5+212,5), co otwiera mu drog\u0119 do\u00a0Barcelony. I nie zawodzi. W\u00a0stolicy Katalonii po porywaj\u0105cej walce uzyska\u0142 upragnione 400 kg i\u00a0zdoby\u0142 br\u0105zowy medal (wynik tylko o\u00a02,5 kg gorszy od\u00a0srebrnego medalisty, reprezentanta WNP Timura Tajmazowa).<\/p>\n<p>Otrzyma\u0142 ogromne brawa nie tylko za medal, ale\u00a0tak\u017ce za styl walki. Polak okaza\u0142 si\u0119 bowiem wielkim wsp\u00f3\u0142czesnym showmenem. Podchodz\u0105c do\u00a0sztangi wydawa\u0142 niecodzienne pomruki, a\u00a0po podniesieniu na\u00a0wyci\u0105gni\u0119tych r\u0119kach trzyma\u0142 j\u0105 w\u00a0powietrzu poza regulaminowe 3 sekundy przest\u0119puj\u0105c z\u00a0nogi na\u00a0nog\u0119, jakby chcia\u0142 wszystkim pokaza\u0107 jaki to\u00a0jest silny. A &#8220;straszy\u0142&#8221; ju\u017c samym wygl\u0105dem: pot\u0119\u017cnymi bicepsami i\u00a0na zero ogolon\u0105 g\u0142ow\u0105. Gda\u0144ski si\u0142acz by\u0142 wielk\u0105 atrakcj\u0105 ci\u0119\u017carowego turnieju w\u00a0Barcelonie (otrzyma\u0142 wielkie brawa od\u00a0publiczno\u015bci) i\u00a0nasz\u0105 nadziej\u0105 na\u00a0nast\u0119pne igrzyska w\u00a0Atlancie. M\u00f3wiono, \u017ce\u00a0musia\u0142 tylko nieco poprawi\u0107 technik\u0119 podrzutu. Mia\u0142 by\u0107 og\u0142oszony przez\u00a0PZPC\u00a0&#8211; zawodnikiem Roku 1992. Ulubieniec publiczno\u015bci, fan motoryzacji i\u00a0szybko\u015bci, jad\u0105c jako pasa\u017cer w\u0142asnym fordem (dar sponsora za medal olimpijski) do\u00a0Wolfsburga, zgin\u0105\u0142 w\u00a0wypadku drogowym w\u00a0Hawratyni pod Wejherowem 13 listopada 1992 i\u00a0pochowany jest na\u00a0\u0141ostowicach.<\/p>\n<p><strong>*1992 Barcelona: w. ci\u0119\u017cka 100 kg<\/strong>\u00a0&#8211; 3. na\u00a025 start. z\u00a0wynikiem 400 kg:185+215 <strong>zdobywaj\u0105c br\u0105zowy medal<\/strong> (zw. W. Tregubow WNP\u00a0&#8211; 410 kg:190+220).<\/p>\n<p><em>Bibl.: G\u0142uszek, Leksykon 1999, s. 266; Pawlak, Olimpijczycy, s. 161-162; Gebert, Poczet olimpijczyk\u00f3w, s. 91-95; Du\u0144ski, Od Pary\u017ca, s. 532; Szyk, Polski sport ci\u0119\u017carowy, s. 45, 58, 68; Kronika Sportu, s. 980; USC Gda\u0144sk, pismo z\u00a023.04.2003; USC Luzino, AZ 29\/1992; Wywiad \u015brodowiskowy.<\/em><\/p>\n<p><!-- history --><\/p>\n<table style=\"text-align: right; width: 85%;\" border=\"0\" cellspacing=\"0\" cellpadding=\"0\">\n<tbody>\n<tr>\n<td class=\"box3-title\" align=\"right\"><\/td>\n<\/tr>\n<\/tbody>\n<\/table>\n","protected":false},"excerpt":{"rendered":"<p>MALAK WALDEMAR (1970-1992) mechanik samochodowy, wielki showmen i\u00a0ci\u0119\u017carowy talent z\u00a0Gda\u0144ska, medalista olimpijski z\u00a0Barcelony (1992), zgin\u0105\u0142 w\u00a0wypadku drogowym trzy miesi\u0105ce po igrzyskach. Urodzony<\/p>\n","protected":false},"featured_media":21144,"menu_order":60,"template":"","meta":{"_acf_changed":false,"ub_ctt_via":"","footnotes":""},"class_list":["post-14427","person","type-person","status-publish","has-post-thumbnail","hentry","infinite-scroll-item","no-featured-image-padding","resize-featured-image"],"acf":{"olimpic_information":[{"olimpic":[{"ID":296,"post_author":"1","post_date":"1992-06-17 13:34:45","post_date_gmt":"1992-06-17 11:34:45","post_content":"<!-- wp:heading {\"level\":1,\"className\":\"main-title\"} -->\n<h1 class=\"main-title\"><strong>Igrzyska XXV Olimpiady<\/strong><br>Barcelona 1992<\/h1>\n<!-- \/wp:heading -->\n\n<!-- wp:paragraph -->\n<p><br><\/p>\n<!-- \/wp:paragraph -->\n\n<!-- wp:image {\"align\":\"left\",\"id\":19314,\"sizeSlug\":\"large\",\"className\":\"is-style-default\"} -->\n<div class=\"wp-block-image is-style-default\"><figure class=\"alignleft size-large\"><img src=\"https:\/\/olimpijski.pl\/wp-content\/uploads\/1992\/06\/barcelona1992.png\" alt=\"\" class=\"wp-image-19314\"\/><\/figure><\/div>\n<!-- \/wp:image -->\n\n<!-- wp:list -->\n<ul><li>Igrzyska rozegrano w dniach <strong>25 lipca \u2013 9 sierpnia<\/strong>.<\/li><li>Wystartowa\u0142o <strong>9956<\/strong> zawodnik\u00f3w (w tym <strong>2851<\/strong> kobiet) ze <strong>173<\/strong> kraj\u00f3w.<\/li><li>Rozdano <strong>257<\/strong> komplet\u00f3w medali.<\/li><li>Przysi\u0119g\u0119 olimpijsk\u0105 w imieniu sportowc\u00f3w z\u0142o\u017cy\u0142 \u017ceglarz <strong>Luis Doreste Blanco<\/strong>, natomiast w imieniu s\u0119dzi\u00f3w i trener\u00f3w \u2013 <strong>Eugeni Asensio<\/strong>.<\/li><li>Znicz olimpijski zapali\u0142 \u0142ucznik <strong>Antonio Rebollo<\/strong>, uczestnik trzech igrzysk paraolimpijskich i ich srebrny i br\u0105zowy medalista.<\/li><li>Igrzyska otworzy\u0142 <strong>kr\u00f3l Hiszpanii Juan Carlos<\/strong>.<\/li><\/ul>\n<!-- \/wp:list -->\n\n<!-- wp:heading -->\n<h2><strong>Program Igrzysk \u2013 28 dyscyplin, 257 konkurencji<\/strong><\/h2>\n<!-- \/wp:heading -->\n\n<!-- wp:paragraph -->\n<p>badminton (4 konkurencje), baseball (1), boks (12), gimnastyka (15), hokej na trawie (2), je\u017adziectwo (6), judo (14), kajakarstwo (16), kolarstwo (10), koszyk\u00f3wka (2), lekkoatletyka (43), \u0142ucznictwo (4), pi\u0119ciob\u00f3j nowoczesny (2), pi\u0142ka no\u017cna (1), pi\u0142ka r\u0119czna (2), pi\u0142ka siatkowa (2), pi\u0142ka wodna (1), p\u0142ywanie (31), p\u0142ywanie synchroniczne (2), podnoszenie ci\u0119\u017car\u00f3w (10), skoki do wody (4), strzelectwo (13), szermierka (8), tenis (4), tenis sto\u0142owy (4), wio\u015blarstwo (14), zapasy (20), \u017ceglarstwo (10).<\/p>\n<!-- \/wp:paragraph -->\n\n<!-- wp:heading -->\n<h2><strong>Gwiazda Igrzysk<\/strong><\/h2>\n<!-- \/wp:heading -->\n\n<!-- wp:paragraph -->\n<p><strong>Witalij Szczerbo <\/strong>(Wsp\u00f3lnota Niepodleg\u0142ych Pa\u0144stw, gimnastyka) \u2013 6 z\u0142otych medali<\/p>\n<!-- \/wp:paragraph -->\n\n<!-- wp:heading -->\n<h2><strong>Polska Reprezentacja Olimpijska<\/strong><\/h2>\n<!-- \/wp:heading -->\n\n<!-- wp:paragraph -->\n<p><strong>207 os\u00f3b<\/strong> (startowa\u0142o 201 \u2013 52 kobiety i 149 m\u0119\u017cczyzn) w 21 sportach: 8 bokser\u00f3w, 6 badmintonist\u00f3w (w tym 5 kobiet), 2 gimnastyczki artystyczne, 5 je\u017ad\u017ac\u00f3w (4 startowa\u0142o, 1 nie), 11 judok\u00f3w (w tym 5 kobiet), 18 kajakarzy (w tym 3 kobiety), 9 kolarzy, 24 lekkoatlet\u00f3w (w tym 14 kobiet), 6 \u0142ucznik\u00f3w (w tym 3 kobiety), 4 pi\u0119cioboist\u00f3w (3 startowa\u0142o, + 1 rez.), 20 pi\u0142karzy (16 startowa\u0142o + 4 rez.), 14 p\u0142ywak\u00f3w (w tym 6 kobiet), 1 skoczek do wody, 9 ci\u0119\u017carowc\u00f3w, 12 strzelc\u00f3w (w tym 5 kobiet), 3 tenisistki, 3 tenisist\u00f3w sto\u0142owych, 20 szermierzy (w tym 5 kobiet), 15 wio\u015blarzy, 13 zapa\u015bnik\u00f3w, 4 \u017ceglarzy (w tym 1 kobieta).<\/p>\n<!-- \/wp:paragraph -->\n\n<!-- wp:paragraph -->\n<p>Chor\u0105\u017cym reprezentacji Polski by\u0142 judoka <strong>Waldemar Legie\u0144<\/strong>.<\/p>\n<!-- \/wp:paragraph -->\n\n<!-- wp:heading -->\n<h2><strong>Klasyfikacja medalowa<\/strong><\/h2>\n<!-- \/wp:heading -->\n\n<!-- wp:table {\"hasFixedLayout\":true,\"className\":\"is-style-stripes\"} -->\n<figure class=\"wp-block-table is-style-stripes\"><table class=\"has-fixed-layout\"><tbody><tr><td><\/td><td><\/td><td class=\"has-text-align-center\" data-align=\"center\">&nbsp;<\/td><td class=\"has-text-align-center\" data-align=\"center\">&nbsp;<\/td><td class=\"has-text-align-center\" data-align=\"center\">&nbsp;<\/td><td class=\"has-text-align-center\" data-align=\"center\">&nbsp;<\/td><\/tr><tr><td>&nbsp;<\/td><td>&nbsp;<\/td><td class=\"has-text-align-center\" data-align=\"center\">&nbsp;<\/td><td class=\"has-text-align-center\" data-align=\"center\"><img class=\"wp-image-27817\" style=\"width: 50px;\" src=\"https:\/\/olimpijski.pl\/wp-content\/uploads\/2016\/06\/2016_Rio_zloty_50x50.jpg\" alt=\"\"><\/td><td class=\"has-text-align-center\" data-align=\"center\"><img class=\"wp-image-27819\" style=\"width: 50px;\" src=\"https:\/\/olimpijski.pl\/wp-content\/uploads\/2016\/06\/2016_Rio_sreb_50x50.jpg\" alt=\"\"><\/td><td class=\"has-text-align-center\" data-align=\"center\"><img class=\"wp-image-27821\" style=\"width: 50px;\" src=\"https:\/\/olimpijski.pl\/wp-content\/uploads\/2016\/06\/2016_Rio_braz_50x50.jpg\" alt=\"\"><\/td><\/tr><tr><td>1.<\/td><td>WNP*<\/td><td class=\"has-text-align-center\" data-align=\"center\">112<\/td><td class=\"has-text-align-center\" data-align=\"center\">45<\/td><td class=\"has-text-align-center\" data-align=\"center\">38<\/td><td class=\"has-text-align-center\" data-align=\"center\">29<\/td><\/tr><tr><td>2.<\/td><td>USA<\/td><td class=\"has-text-align-center\" data-align=\"center\">108<\/td><td class=\"has-text-align-center\" data-align=\"center\">37<\/td><td class=\"has-text-align-center\" data-align=\"center\">34<\/td><td class=\"has-text-align-center\" data-align=\"center\">37<\/td><\/tr><tr><td>3.<\/td><td>Niemcy<\/td><td class=\"has-text-align-center\" data-align=\"center\">92<\/td><td class=\"has-text-align-center\" data-align=\"center\">33<\/td><td class=\"has-text-align-center\" data-align=\"center\">21<\/td><td class=\"has-text-align-center\" data-align=\"center\">38<\/td><\/tr><tr><td>...<\/td><td>&nbsp;<\/td><td class=\"has-text-align-center\" data-align=\"center\">&nbsp;<\/td><td class=\"has-text-align-center\" data-align=\"center\">&nbsp;<\/td><td class=\"has-text-align-center\" data-align=\"center\">&nbsp;<\/td><td class=\"has-text-align-center\" data-align=\"center\">&nbsp;<\/td><\/tr><tr><td><strong>19.<\/strong><\/td><td><strong>Polska<\/strong><\/td><td class=\"has-text-align-center\" data-align=\"center\"><strong>19<\/strong><\/td><td class=\"has-text-align-center\" data-align=\"center\"><strong>3<\/strong><\/td><td class=\"has-text-align-center\" data-align=\"center\"><strong>6<\/strong><\/td><td class=\"has-text-align-center\" data-align=\"center\"><strong>10<\/strong><\/td><\/tr><\/tbody><\/table><\/figure>\n<!-- \/wp:table -->\n\n<!-- wp:heading -->\n<h2><strong>Medale dla Polski (19)<\/strong><\/h2>\n<!-- \/wp:heading -->\n\n<!-- wp:paragraph -->\n<p>z\u0142oty - Waldemar Legie\u0144 (judo - waga 86 kg)<br>z\u0142oty - Arkadiusz Skrzypaszek (pi\u0119ciob\u00f3j nowoczesny - rywalizacja indywidualna)<br>z\u0142oty - Maciej Czy\u017cowicz, Dariusz Go\u017adziak i Arkadiusz Skrzypaszek (pi\u0119ciob\u00f3j nowoczesny - rywalizacja dru\u017cynowa)<br><br>srebrny - Maciej Freimut i Wojciech Kurpiewski (kajakarstwo - KS na 500 m)<br>srebrny - Rafa\u0142 Szuka\u0142a (p\u0142ywanie - wy\u015bcig na 100 m stylem motylkowym)<br>srebrny - Krzysztof Siemion (podnoszenie ci\u0119\u017car\u00f3w - waga 82,5 kg)<br>srebrny - J\u00f3zef Tracz (zapasy - styl klasyczny - waga 74 kg)<br>srebrny - Piotr St\u0119pie\u0144 (zapasy - styl klasyczny - waga 82 kg)<br>srebrny - Dariusz Adamczuk, Marek Bajor, Jerzy Brz\u0119czek, Dariusz G\u0119sior, Marcin Ja\u0142ocha, Andrzej Juskowiak, Aleksander K\u0142ak, Andrzej Kobyla\u0144ski, Dariusz Kose\u0142a, Wojciech Kowalczyk, Marek Ko\u017ami\u0144ski, Tomasz \u0141api\u0144ski, Grzegorz Mielcarski, Arkadiusz Onyszko, Ryszard Staniek, Dariusz Szubert, Piotr \u015awierczewski, Miros\u0142aw Walig\u00f3ra, Tomasz Wa\u0142doch i Tomasz Wieszczycki (pi\u0142ka no\u017cna)<br><br>br\u0105zowy - Wojciech Bartnik (boks - waga p\u00f3\u0142ci\u0119\u017cka)<br>br\u0105zowy - Grzegorz Kotowicz, Dariusz Bia\u0142kowski (kajakarstwo - K2 na 1000 m)<br>br\u0105zowy - Izabela Dylewska (kajakarstwo - K1 na 500 m)<br>br\u0105zowy - Artur Partyka (lekkoatletyka- skok wzwy\u017c)<br>br\u0105zowy - Sergiusz Wo\u0142czaniecki (podnoszenie ci\u0119\u017car\u00f3w - waga 90 kg)<br>br\u0105zowy - Waldemar Malak (podnoszenie ci\u0119\u017car\u00f3w - waga 90 kg)<br>br\u0105zowy - Ma\u0142gorzata Ksi\u0105\u017ckiewicz (strzelectwo - karabin ma\u0142okalibrowy)<br>br\u0105zowy - Piotr Kie\u0142pikowski, Adam Krzesi\u0144ski, Cezary Siess, Ryszard Sobczak i Marian Sypniewski (szermierka - turniej dru\u017cynowy florecist\u00f3w)<br>br\u0105zowy - Kajetan Broniewski (wio\u015blarstwo - jedynki)<br>br\u0105zowy - Wojciech Jankowski, Maciej \u0141asicki, Jacek Streich, Tomasz Tomiak i sternik Micha\u0142 Cie\u015blak (wio\u015blarstwo - czw\u00f3rka ze sternikiem)<\/p>\n<!-- \/wp:paragraph -->\n\n<!-- wp:quote {\"className\":\"is-style-default\"} -->\n<blockquote class=\"wp-block-quote is-style-default\"><p>Ceremoni\u0119 otwarcia ogl\u0105da\u0142o ponad 3 mld telewidz\u00f3w. W programie igrzysk znalaz\u0142y si\u0119 badminton, baseball i judo kobiet. RPA, kt\u00f3ra zerwa\u0142a z polityk\u0105 apartheidu mia\u0142a reprezentacj\u0119 mieszan\u0105 rasowo. Zadebiutowa\u0142y: Chorwacja, S\u0142owenia, Bo\u015bnia i Hercegowina, Jemen i Namibia. Sportowcy Jugos\u0142awii, na kt\u00f3r\u0105 na\u0142o\u017cone sankcje mi\u0119dzynarodowe wyst\u0105pili w dru\u017cynie niezale\u017cnej (Independent Olympic Participants).<\/p><\/blockquote>\n<!-- \/wp:quote -->\n\n<!-- wp:paragraph -->\n<p><em>* WNP \u2013 Wsp\u00f3lnota Niepodleg\u0142ych Pa\u0144stw, czyli forma przej\u015bciowa mi\u0119dzy ZSRR, a Rosj\u0105.<\/em><\/p>\n<!-- \/wp:paragraph -->","post_title":"Barcelona 1992","post_excerpt":"","post_status":"publish","comment_status":"closed","ping_status":"closed","post_password":"","post_name":"barcelona-1992","to_ping":"","pinged":"","post_modified":"2020-09-28 15:16:33","post_modified_gmt":"2020-09-28 13:16:33","post_content_filtered":"","post_parent":0,"guid":"https:\/\/wai-q98d7hpf9hy9k.wpallimport-demo.qsandbox.me\/olympics_summer\/barcelona-1992\/","menu_order":0,"post_type":"olympics_summer","post_mime_type":"","comment_count":"0","filter":"raw"}],"competitions_rewards":[{"competition":[{"ID":19048,"post_author":"15","post_date":"2020-07-17 15:51:12","post_date_gmt":"2020-07-17 13:51:12","post_content":"","post_title":"Podnoszenie ci\u0119\u017car\u00f3w - 100 kg","post_excerpt":"","post_status":"publish","comment_status":"closed","ping_status":"closed","post_password":"","post_name":"100-kg-podnoszenie-ciezarow","to_ping":"","pinged":"","post_modified":"2020-07-22 12:52:40","post_modified_gmt":"2020-07-22 10:52:40","post_content_filtered":"","post_parent":5820,"guid":"http:\/\/pkol.cumulus.atthouse.pl\/?post_type=competition&#038;p=19048","menu_order":0,"post_type":"competition","post_mime_type":"","comment_count":"0","filter":"raw"}],"reward":{"value":"3","label":"Br\u0105zowy"}}]}],"picture":{"ID":31618,"id":31618,"title":"Malak","filename":"Malak-1.jpg","filesize":53728,"url":"https:\/\/olimpijski.pl\/wp-content\/uploads\/2020\/06\/Malak-1.jpg","link":"https:\/\/olimpijski.pl\/en\/olimpijczycy\/waldemar-malak\/malak\/#main","alt":"","author":"15","description":"","caption":"","name":"malak","status":"inherit","uploaded_to":14427,"date":"2020-10-08 10:07:04","modified":"2020-10-08 10:07:04","menu_order":0,"mime_type":"image\/jpeg","type":"image","subtype":"jpeg","icon":"https:\/\/olimpijski.pl\/wp-includes\/images\/media\/default.png","width":503,"height":630,"sizes":{"thumbnail":"https:\/\/olimpijski.pl\/wp-content\/uploads\/2020\/06\/Malak-1-150x150.jpg","thumbnail-width":150,"thumbnail-height":150,"medium":"https:\/\/olimpijski.pl\/wp-content\/uploads\/2020\/06\/Malak-1-240x300.jpg","medium-width":240,"medium-height":300,"medium_large":"https:\/\/olimpijski.pl\/wp-content\/uploads\/2020\/06\/Malak-1.jpg","medium_large-width":503,"medium_large-height":630,"large":"https:\/\/olimpijski.pl\/wp-content\/uploads\/2020\/06\/Malak-1.jpg","large-width":503,"large-height":630,"1536x1536":"https:\/\/olimpijski.pl\/wp-content\/uploads\/2020\/06\/Malak-1.jpg","1536x1536-width":503,"1536x1536-height":630,"2048x2048":"https:\/\/olimpijski.pl\/wp-content\/uploads\/2020\/06\/Malak-1.jpg","2048x2048-width":503,"2048x2048-height":630,"ultp_layout_landscape_large":"https:\/\/olimpijski.pl\/wp-content\/uploads\/2020\/06\/Malak-1.jpg","ultp_layout_landscape_large-width":503,"ultp_layout_landscape_large-height":630,"ultp_layout_landscape":"https:\/\/olimpijski.pl\/wp-content\/uploads\/2020\/06\/Malak-1-503x570.jpg","ultp_layout_landscape-width":503,"ultp_layout_landscape-height":570,"ultp_layout_portrait":"https:\/\/olimpijski.pl\/wp-content\/uploads\/2020\/06\/Malak-1.jpg","ultp_layout_portrait-width":503,"ultp_layout_portrait-height":630,"ultp_layout_square":"https:\/\/olimpijski.pl\/wp-content\/uploads\/2020\/06\/Malak-1-503x600.jpg","ultp_layout_square-width":503,"ultp_layout_square-height":600}},"firstname":"Waldemar","lastname":"Malak","birthdate_date":"17\/07\/1970","birthdate":"17 lipca 1970","deathdate_date":"13\/11\/1992","deathdate":"13 listopada 1992","placeofbirth":"Gda\u0144sk","club":"Stoczniowiec Gda\u0144sk, Lechia Gda\u0144sk","coach":"Piotr Owczarski, Zygmunt Smalcerz","metrics":"177 cm \/ 100 kg","seolink":"malak-waldemar","tmp_old_id":"14881","tmp_old_fid":"294","tmp_old_parent_id":"15544","createdate":"27\/01\/2014","tmp_old_title":"Malak  Waldemar (1970-1992)","tmp_old_lead":"","tmp_old_body":"<p class=\"title-m-02\">MALAK  WALDEMAR (1970-1992)<\/p><table  border=\"0\" align=\"LEFT\" cellpadding=\"0\" cellspacing=\"0\"> <tr> <td class=\"photo-td-01\"><table  border=\"0\" cellspacing=\"0\" cellpadding=\"0\"> <tr>  <td><img src=\"files\/old\/i\/olimpijczycy\/Malak_Waldemar_m.jpg\" alt=\"MALAK WALDEMAR \" border=\"0\" width=\"50\" height=\"50\"><\/td> <\/tr> <\/table><\/td><\/tr><\/table><p><strong>mechanik samochodowy, wielki showmen i ci\u0119\u017carowy talent z Gda\u0144ska, medalista olimpijski z Barcelony (1992), zgin\u0105\u0142 w wypadku drogowym trzy miesi\u0105ce po igrzyskach.<br\/><\/strong><br\/>Urodzony 17 lipca 1970 w Gda\u0144sku, syn Stanis\u0142awa i Zofii Paul, absolwent miejscowej Szko\u0142y Samochodowej przy ul. Karpiej (od 8 roku \u017cycia wychowany tylko przez matk\u0119 Zofi\u0119), ju\u017c w szkole podstawowej (nr 80) na Przymorzu by\u0142 bardzo zaanga\u017cowany w \"dzia\u0142alno\u015b\u0107 sportow\u0105\" (gry zespo\u0142owe, g\u0142\u00f3wnie pi\u0142ka no\u017cna, lekka atletyka, tenis sto\u0142owy, \u0142y\u017cwiarstwo szybkie). Gdy zach\u0119cony przez trenera Piotra Owczarskiego zjawi\u0142 si\u0119 w si\u0142owni Stoczniowca mia\u0142 12 lat, 142 cm i wa\u017cy\u0142 40 kg. Sprytny i piekielnie uzdolniony mikrus szybko by\u0142 najlepszy w\u015br\u00f3d koleg\u00f3w i na treningach zacz\u0105\u0142 si\u0119... nudzi\u0107. Nast\u0119pne p\u00f3\u0142tora roku sp\u0119dzi\u0142\u00a0 w zwi\u0105zku z tym w\u015br\u00f3d starej paki pi\u0142karzy Championa \u017babianka z kt\u00f3r\u0105 wyst\u0105pi\u0142 w fina\u0142ach Og\u00f3lnopolskiej Spartakiady M\u0142odzie\u017cy. Do Owczarskiego, ale ju\u017c w Lechii, powr\u00f3ci\u0142 pod koniec 1985, a dwa lata p\u00f3\u017aniej uzdolnionym juniorem zainteresowa\u0142 si\u0119 trener kadry Zygmunt Smalcerz. R\u00f3s\u0142, przybiera\u0142 na wadze, odbywa\u0142 s\u0142u\u017cb\u0119 wojskow\u0105 (Legia) szybko doskonal\u0105c swoje umiej\u0119tno\u015bci i uzyskuj\u0105c coraz lepsze wyniki. Zawodnik Lechii Gda\u0144sk (177 cm, 100 kg) rozpocz\u0105\u0142 swoj\u0105 kr\u00f3tk\u0105 karier\u0119 od wyst\u0119p\u00f3w w\u015br\u00f3d junior\u00f3w. Zdoby\u0142 dwukrotnie tytu\u0142 mistrza Polski i w 1990 daje si\u0119 ju\u017c pozna\u0107 na arenie mi\u0119dzynarodowej: zostaje srebrnym medalist\u0105 (waga ci\u0119\u017cka 100 kg) M\u015a\u00a0- 362,5 kg (170+192,5) i ME\u00a0- 370 kg (170+200). Wielki talent i sta\u0142e szybkie post\u0119py potwierdza w kategorii senior\u00f3w. Na swoich pierwszych M\u015a (1991) zajmuje wprawdzie \"tylko\" 4 m., ale uzyskuje w dwuboju 377,5 kg; zdobywa tak\u017ce tytu\u0142 m\u0142odzie\u017cowego mistrza Polski (do 23 lat) i udanie startuje w Pucharze \u015awiata. W roku olimpijskim jest bezkonkurencyjny: tytu\u0142 mistrza Polski senior\u00f3w zdobywa z doskona\u0142ym wynikiem 397,5 kg, a tylko o 2,5 kg jest gorszy na W\u0119grzech, gdzie zdobywa br\u0105zowy medal ME\u00a0- 395 kg (182,5+212,5), co otwiera mu drog\u0119 do Barcelony. I nie zawodzi. W stolicy Katalonii po porywaj\u0105cej walce uzyska\u0142 upragnione 400 kg i zdoby\u0142 br\u0105zowy medal (wynik tylko o 2,5 kg gorszy od srebrnego medalisty, reprezentanta WNP Timura Tajmazowa). Otrzyma\u0142 ogromne brawa nie tylko za medal, ale tak\u017ce za styl walki. Polak okaza\u0142 si\u0119 bowiem wielkim wsp\u00f3\u0142czesnym showmenem. Podchodz\u0105c do sztangi wydawa\u0142 niecodzienne pomruki, a po podniesieniu na wyci\u0105gni\u0119tych r\u0119kach trzyma\u0142 j\u0105 w powietrzu poza regulaminowe 3 sekundy przest\u0119puj\u0105c z nogi na nog\u0119, jakby chcia\u0142 wszystkim pokaza\u0107 jaki to jest silny. A \"straszy\u0142\" ju\u017c samym wygl\u0105dem: pot\u0119\u017cnymi bicepsami i na zero ogolon\u0105 g\u0142ow\u0105. Gda\u0144ski si\u0142acz by\u0142 wielk\u0105 atrakcj\u0105 ci\u0119\u017carowego turnieju w Barcelonie (otrzyma\u0142 wielkie brawa od publiczno\u015bci) i nasz\u0105 nadziej\u0105 na nast\u0119pne igrzyska w Atlancie. M\u00f3wiono, \u017ce musia\u0142 tylko nieco poprawi\u0107 technik\u0119 podrzutu. Mia\u0142 by\u0107 og\u0142oszony przez PZPC\u00a0- zawodnikiem Roku 1992. Ulubieniec publiczno\u015bci, fan motoryzacji i szybko\u015bci, jad\u0105c jako pasa\u017cer w\u0142asnym fordem (dar sponsora za medal olimpijski) do Wolfsburga, zgin\u0105\u0142 w wypadku drogowym w Hawratyni pod Wejherowem 13 listopada 1992 i pochowany jest na \u0141ostowicach. Nie zd\u0105\u017cy\u0142 za\u0142o\u017cy\u0107 rodziny. Co roku w Gda\u0144sku odbywa si\u0119 turniej ci\u0119\u017carowy jego imienia.<br\/><br\/>\u00a0\u00a0 Bibl.: G\u0142uszek, Leksykon 1999, s. 266; Pawlak, Olimpijczycy, s. 161-162; Gebert, Poczet olimpijczyk\u00f3w, s. 91-95; Du\u0144ski, Od Pary\u017ca, s. 532; Szyk, Polski sport ci\u0119\u017carowy, s. 45, 58, 68; Kronika Sportu, s. 980; USC Gda\u0144sk, pismo z 23.04.2003; USC Luzino, AZ 29\/1992; Wywiad \u015brodowiskowy.<br\/><strong>*1992 Barcelona: w. ci\u0119\u017cka 100 kg<\/strong>\u00a0- 3 m. na 25 start. z wynikiem 400 kg:185+215 <strong>zdobywaj\u0105c br\u0105zowy medal<\/strong> (zw. W. Tregubow WNP\u00a0- 410 kg:190+220).<\/p><!-- history --><table width=\"85%\" style=\"text-align:right\" border=\"0\" cellspacing=\"0\" cellpadding=\"0\">  <tr>    <td align=\"right\" class=\"box3-title\"><a href=\"javascript:history.back()\">\u00ab powr\u00f3t do listy<\/a><\/td>  <\/tr><\/table>","tmp_old_body_img":false,"tmp_old_lead_img":false,"picture_medalists":false,"important":"","person_achivments":""},"_links":{"self":[{"href":"https:\/\/olimpijski.pl\/en\/wp-json\/wp\/v2\/person\/14427"}],"collection":[{"href":"https:\/\/olimpijski.pl\/en\/wp-json\/wp\/v2\/person"}],"about":[{"href":"https:\/\/olimpijski.pl\/en\/wp-json\/wp\/v2\/types\/person"}],"version-history":[{"count":1,"href":"https:\/\/olimpijski.pl\/en\/wp-json\/wp\/v2\/person\/14427\/revisions"}],"predecessor-version":[{"id":31620,"href":"https:\/\/olimpijski.pl\/en\/wp-json\/wp\/v2\/person\/14427\/revisions\/31620"}],"wp:featuredmedia":[{"embeddable":true,"href":"https:\/\/olimpijski.pl\/en\/wp-json\/wp\/v2\/media\/21144"}],"wp:attachment":[{"href":"https:\/\/olimpijski.pl\/en\/wp-json\/wp\/v2\/media?parent=14427"}],"curies":[{"name":"wp","href":"https:\/\/api.w.org\/{rel}","templated":true}]}}