{"id":14485,"date":"2020-06-24T16:48:58","date_gmt":"2020-06-24T14:48:58","guid":{"rendered":"http:\/\/pkol.local\/person\/lukasz-maszczyk\/"},"modified":"2020-12-15T11:18:05","modified_gmt":"2020-12-15T10:18:05","slug":"lukasz-maszczyk","status":"publish","type":"person","link":"https:\/\/olimpijski.pl\/en\/olimpijczycy\/lukasz-maszczyk\/","title":{"rendered":"\u0141ukasz Maszczyk"},"content":{"rendered":"\n<p><br><br><br><strong>polski bokser amatorski walcz\u0105cy w wadze papierowej (do 48 kg), olimpijczyk z Pekinu (2008).<\/strong><\/p>\n\n\n\n<p>Urodzi\u0142 si\u0119 15 grudnia 1984 w Myszkowie. W 1996 r. rozpocz\u0105\u0142 treningi w MOSiR-ze Myszk\u00f3w pod okiem Henryka \u015arednickiego. Dla tego klubu w 2001 i 2002 r. zdoby\u0142 mistrzostwo Polski junior\u00f3w.<\/p>\n\n\n\n<p>W latach p\u00f3\u017aniejszych reprezentowa\u0142 barwy Imeksu Jastrz\u0119bie, a obecnie jest zawodnikiem Gwardii Warszawa. W 2006 r. zosta\u0142 mistrzem Unii Europejskiej. Pi\u0119ciokrotnie wywalczy\u0142 mistrzostwo Polski senior\u00f3w w latach 2004, 2005, 2006, 2007, 2008, zwyci\u0119\u017cy\u0142 te\u017c w Turnieju im. Feliksa Stamma.<\/p>\n\n\n\n<p>Zakwalifikowa\u0142 si\u0119 do Igrzysk Olimpijskich w Pekinie (2008), gdzie przegra\u0142 w \u0107wier\u0107finale z Irlandczykiem Paddym Barnesem 5:11.<\/p>\n\n\n\n<p><strong>*2008 Pekin: boks, waga papierowa (48 kg)<\/strong> &#8211; 5. miejsce (w \u0107wier\u0107finale przegra\u0142 z Irlandczykiem Paddym Barnesem 5:11).<\/p>\n","protected":false},"excerpt":{"rendered":"<p>polski bokser amatorski walcz\u0105cy w wadze papierowej (do 48 kg), olimpijczyk z Pekinu (2008). &#8230; <a class=\"read-more\" href=\"https:\/\/olimpijski.pl\/en\/olimpijczycy\/lukasz-maszczyk\/\">Czytaj dalej<\/a><\/p>\n","protected":false},"featured_media":37120,"menu_order":60,"template":"","meta":{"_acf_changed":false,"ub_ctt_via":"","footnotes":""},"class_list":["post-14485","person","type-person","status-publish","has-post-thumbnail","hentry","infinite-scroll-item","no-featured-image-padding","resize-featured-image"],"acf":{"olimpic_information":[{"olimpic":[{"ID":292,"post_author":"1","post_date":"2008-06-17 13:34:45","post_date_gmt":"2008-06-17 11:34:45","post_content":"<!-- wp:heading {\"level\":1,\"className\":\"main-title\"} -->\n<h1 class=\"main-title\"><strong>Igrzyska XXIX Olimpiady<\/strong><br>Pekin 2008<\/h1>\n<!-- \/wp:heading -->\n\n<!-- wp:paragraph -->\n<p><br><\/p>\n<!-- \/wp:paragraph -->\n\n<!-- wp:image {\"align\":\"left\",\"id\":19344,\"sizeSlug\":\"large\",\"className\":\"is-style-default\"} -->\n<div class=\"wp-block-image is-style-default\"><figure class=\"alignleft size-large\"><img src=\"https:\/\/olimpijski.pl\/wp-content\/uploads\/2008\/06\/pekin2008.png\" alt=\"\" class=\"wp-image-19344\"\/><\/figure><\/div>\n<!-- \/wp:image -->\n\n<!-- wp:list -->\n<ul><li>Igrzyska rozegrano w dniach <strong>8-24 sierpnia<\/strong>.<\/li><li>Wystartowa\u0142o <strong>11 128<\/strong> zawodnik\u00f3w (w tym <strong>4746<\/strong> kobiet) z <strong>204<\/strong> kraj\u00f3w.<\/li><li>Rozdano <strong>302<\/strong> komplety medali.<\/li><li>Przysi\u0119g\u0119 olimpijsk\u0105 w imieniu sportowc\u00f3w z\u0142o\u017cy\u0142a tenisistka sto\u0142owa <strong>Yining Zhang<\/strong>, natomiast w imieniu s\u0119dzi\u00f3w i trener\u00f3w \u2013 <strong>Lipeng Huang<\/strong>.<\/li><li>Znicz zapali\u0142 gimnastyk <strong>Ning Li<\/strong> zdobywca 3 z\u0142otych, dw\u00f3ch srebrnych i jednego br\u0105zowego w igrzyskach olimpijskich w Los Angeles w 1984 roku.<\/li><li>Otwarcia dokona\u0142 prezydent Chin <strong>Jintao Hu<\/strong>.<\/li><\/ul>\n<!-- \/wp:list -->\n\n<!-- wp:heading -->\n<h2><strong>Program Igrzysk \u2013 31 dyscyplin, 302 konkurencje<\/strong><\/h2>\n<!-- \/wp:heading -->\n\n<!-- wp:paragraph -->\n<p>badminton (5 konkurencji), baseball (1), boks (11), gimnastyka (18), hokej na trawie (2), je\u017adziectwo (6), judo (14), kajakarstwo (16), kolarstwo (18), koszyk\u00f3wka (2), lekkoatletyka (47), \u0142ucznictwo (4), pi\u0119ciob\u00f3j nowoczesny (2), pi\u0142ka no\u017cna (2), pi\u0142ka r\u0119czna (2), pi\u0142ka siatkowa (4), pi\u0142ka wodna (2), p\u0142ywanie (34), p\u0142ywanie synchroniczne (2), podnoszenie ci\u0119\u017car\u00f3w (15), skoki do wody (8), softball (1), strzelectwo (15), szermierka (10), taekwondo (8), tenis (4), tenis sto\u0142owy (4), triathlon (2), wio\u015blarstwo (14), zapasy (18), \u017ceglarstwo (11).<\/p>\n<!-- \/wp:paragraph -->\n\n<!-- wp:heading -->\n<h2><strong>Gwiazda Igrzysk<\/strong><\/h2>\n<!-- \/wp:heading -->\n\n<!-- wp:paragraph -->\n<p><strong>Michael Phelps<\/strong> (USA, p\u0142ywanie) \u2013 8 z\u0142otych medali<\/p>\n<!-- \/wp:paragraph -->\n\n<!-- wp:heading -->\n<h2><strong>Polska Reprezentacja Olimpijska<\/strong><\/h2>\n<!-- \/wp:heading -->\n\n<!-- wp:paragraph -->\n<p><strong>269 os\u00f3b<\/strong> (startowa\u0142o 257 \u2013 101 kobiet i 156 m\u0119\u017cczyzn) w 22 sportach: 5 badmintonist\u00f3w (w tym 2 kobiety), 2 bokser\u00f3w, 1 gimnastyczka artystyczna, 2 gimnastyk\u00f3w sportowych (w tym 1 kobieta), 3 je\u017ad\u017ac\u00f3w, 7 judok\u00f3w (w tym 2 kobiety), 21 kajakarzy (w tym 6 kobiet), 11 kolarzy (w tym 3 kobiety), 66 lekkoatlet\u00f3w (w tym 35 kobiet; 60 startowa\u0142o + 6 rez.), 6 \u0142ucznik\u00f3w (w tym 3 kobiety), 4 pi\u0119cioboist\u00f3w (w tym 2 kobiety), 15 pi\u0142karzy r\u0119cznych (14 startowa\u0142o + 1 rez.), 24 siatkarzy (w tym 12 kobiet), 17 p\u0142ywak\u00f3w (w tym 8 kobiet; 15 startowa\u0142o + 2 rez.), 10 ci\u0119\u017carowc\u00f3w (w tym 4 kobiety), 6 strzelc\u00f3w (w tym 4 kobiety), 14 szermierzy (w tym 8 kobiet; 13 startowa\u0142o + 1 rez.), 6 tenisist\u00f3w (w tym 4 kobiety), 4 tenisist\u00f3w sto\u0142owych (w tym 3 kobiet), 3 triathlonist\u00f3w (w tym 2 kobiety), 22 wio\u015blarzy (w tym 1 kobieta; 20 startowa\u0142o + 2 rez.), 9 zapa\u015bnik\u00f3w (w tym 2 kobiety), 11 \u017ceglarzy (w tym 2 kobiety).<\/p>\n<!-- \/wp:paragraph -->\n\n<!-- wp:paragraph -->\n<p>Chor\u0105\u017cym reprezentacji Polski by\u0142 kajakarz <strong>Marek Twardowski<\/strong>.<\/p>\n<!-- \/wp:paragraph -->\n\n<!-- wp:heading -->\n<h2><strong>Klasyfikacja medalowa<\/strong><\/h2>\n<!-- \/wp:heading -->\n\n<!-- wp:table {\"hasFixedLayout\":true,\"className\":\"is-style-stripes\"} -->\n<figure class=\"wp-block-table is-style-stripes\"><table class=\"has-fixed-layout\"><tbody><tr><td><\/td><td><\/td><td class=\"has-text-align-center\" data-align=\"center\">&nbsp;<\/td><td class=\"has-text-align-center\" data-align=\"center\">&nbsp;<\/td><td class=\"has-text-align-center\" data-align=\"center\">&nbsp;<\/td><td class=\"has-text-align-center\" data-align=\"center\">&nbsp;<\/td><\/tr><tr><td>&nbsp;<\/td><td>&nbsp;<\/td><td class=\"has-text-align-center\" data-align=\"center\">&nbsp;<\/td><td class=\"has-text-align-center\" data-align=\"center\"><img class=\"wp-image-27817\" style=\"width: 50px;\" src=\"https:\/\/olimpijski.pl\/wp-content\/uploads\/2016\/06\/2016_Rio_zloty_50x50.jpg\" alt=\"\"><\/td><td class=\"has-text-align-center\" data-align=\"center\"><img class=\"wp-image-27819\" style=\"width: 50px;\" src=\"https:\/\/olimpijski.pl\/wp-content\/uploads\/2016\/06\/2016_Rio_sreb_50x50.jpg\" alt=\"\"><\/td><td class=\"has-text-align-center\" data-align=\"center\"><img class=\"wp-image-27821\" style=\"width: 50px;\" src=\"https:\/\/olimpijski.pl\/wp-content\/uploads\/2016\/06\/2016_Rio_braz_50x50.jpg\" alt=\"\"><\/td><\/tr><tr><td>1.<\/td><td>Chiny<\/td><td class=\"has-text-align-center\" data-align=\"center\">100<\/td><td class=\"has-text-align-center\" data-align=\"center\">51<\/td><td class=\"has-text-align-center\" data-align=\"center\">21<\/td><td class=\"has-text-align-center\" data-align=\"center\">28<\/td><\/tr><tr><td>2.<\/td><td>USA<\/td><td class=\"has-text-align-center\" data-align=\"center\">110<\/td><td class=\"has-text-align-center\" data-align=\"center\">36<\/td><td class=\"has-text-align-center\" data-align=\"center\">38<\/td><td class=\"has-text-align-center\" data-align=\"center\">36<\/td><\/tr><tr><td>3.<\/td><td>Rosja<\/td><td class=\"has-text-align-center\" data-align=\"center\">71<\/td><td class=\"has-text-align-center\" data-align=\"center\">22<\/td><td class=\"has-text-align-center\" data-align=\"center\">21<\/td><td class=\"has-text-align-center\" data-align=\"center\">28<\/td><\/tr><tr><td>...<\/td><td>&nbsp;<\/td><td class=\"has-text-align-center\" data-align=\"center\">&nbsp;<\/td><td class=\"has-text-align-center\" data-align=\"center\">&nbsp;<\/td><td class=\"has-text-align-center\" data-align=\"center\">&nbsp;<\/td><td class=\"has-text-align-center\" data-align=\"center\">&nbsp;<\/td><\/tr><tr><td><strong>16.<\/strong><\/td><td><strong>Polska<\/strong><\/td><td class=\"has-text-align-center\" data-align=\"center\"><strong>11<\/strong><\/td><td class=\"has-text-align-center\" data-align=\"center\"><strong>4<\/strong><\/td><td class=\"has-text-align-center\" data-align=\"center\"><strong>5<\/strong><\/td><td class=\"has-text-align-center\" data-align=\"center\"><strong>2<\/strong><\/td><\/tr><\/tbody><\/table><\/figure>\n<!-- \/wp:table -->\n\n<!-- wp:heading -->\n<h2><strong>Medale dla Polski (11)<\/strong><\/h2>\n<!-- \/wp:heading -->\n\n<!-- wp:ub\/content-toggle-block {\"blockID\":\"8844a311-441c-4185-a50e-fa41562c5ef5\",\"theme\":\"#f1f1f1\",\"collapsed\":true,\"titleColor\":\"#000000\"} -->\n<!-- wp:ub\/content-toggle-panel-block {\"parentID\":\"8844a311-441c-4185-a50e-fa41562c5ef5\",\"theme\":\"#f1f1f1\",\"collapsed\":true,\"titleColor\":\"#000000\",\"panelTitle\":\"Z\u0142ote\"} -->\n<!-- wp:paragraph -->\n<p><\/p>\n<!-- \/wp:paragraph -->\n\n<!-- wp:media-text {\"align\":\"\",\"mediaId\":30150,\"mediaLink\":\"https:\/\/olimpijski.pl\/igrzyska_letnie\/pekin-2008\/2008_pekin_zloty_200\/#main\",\"mediaType\":\"image\",\"mediaWidth\":20} -->\n<div class=\"wp-block-media-text is-stacked-on-mobile\" style=\"grid-template-columns:20% auto\"><figure class=\"wp-block-media-text__media\"><img src=\"https:\/\/olimpijski.pl\/wp-content\/uploads\/2008\/06\/2008_Pekin_zloty_200.jpg\" alt=\"\" class=\"wp-image-30150\"\/><\/figure><div class=\"wp-block-media-text__content\"><!-- wp:paragraph -->\n<p><strong>Leszek Blanik<\/strong><br>(gimnastyka, skok)<\/p>\n<!-- \/wp:paragraph -->\n\n<!-- wp:paragraph -->\n<p><strong>Tomasz Majewski<\/strong><br>(lekkoatletyka, pchni\u0119cie kul\u0105)<\/p>\n<!-- \/wp:paragraph -->\n\n<!-- wp:paragraph -->\n<p><strong>Adam Korol, Marek Kolbowicz, Micha\u0142 Jeli\u0144ski i Konrad Wasielewski<\/strong><br>(wio\u015blarstwo, czw\u00f3rka podw\u00f3jna)<\/p>\n<!-- \/wp:paragraph -->\n\n<!-- wp:paragraph -->\n<p><strong>Szymon Ko\u0142ecki<\/strong><br>(podnoszenie ci\u0119\u017car\u00f3w, waga 94 kg)<\/p>\n<!-- \/wp:paragraph --><\/div><\/div>\n<!-- \/wp:media-text -->\n\n<!-- wp:paragraph -->\n<p><\/p>\n<!-- \/wp:paragraph -->\n<!-- \/wp:ub\/content-toggle-panel-block -->\n<!-- \/wp:ub\/content-toggle-block -->\n\n<!-- wp:ub\/content-toggle-block {\"blockID\":\"66384a72-41bb-458a-89e0-c071da3f2511\",\"theme\":\"#f1f1f1\",\"collapsed\":true,\"titleColor\":\"#000000\"} -->\n<!-- wp:ub\/content-toggle-panel-block {\"parentID\":\"66384a72-41bb-458a-89e0-c071da3f2511\",\"theme\":\"#f1f1f1\",\"collapsed\":true,\"titleColor\":\"#000000\",\"panelTitle\":\"Srebrne\"} -->\n<!-- wp:paragraph -->\n<p><\/p>\n<!-- \/wp:paragraph -->\n\n<!-- wp:media-text {\"align\":\"\",\"mediaId\":30152,\"mediaLink\":\"https:\/\/olimpijski.pl\/igrzyska_letnie\/pekin-2008\/2008_pekin_sreb_200\/#main\",\"mediaType\":\"image\",\"mediaWidth\":20} -->\n<div class=\"wp-block-media-text is-stacked-on-mobile\" style=\"grid-template-columns:20% auto\"><figure class=\"wp-block-media-text__media\"><img src=\"https:\/\/olimpijski.pl\/wp-content\/uploads\/2008\/06\/2008_Pekin_sreb_200.jpg\" alt=\"\" class=\"wp-image-30152\"\/><\/figure><div class=\"wp-block-media-text__content\"><!-- wp:paragraph -->\n<p><br><br><br><strong>Piotr Ma\u0142achowski<\/strong><br>(lekkoatletyka, rzut dyskiem)<br><br><strong>Aneta Konieczna, Beata Miko\u0142ajczyk<\/strong><br>(kajakarstwo, K2 500)<br><br><strong>Maja W\u0142oszczowska<\/strong><br>(kolarstwo g\u00f3rskie)<\/p>\n<!-- \/wp:paragraph -->\n\n<!-- wp:paragraph -->\n<p><strong>Robert Andrzejuk, Tomasz Motyka, Adam Wiercioch, Rados\u0142aw Zawrotniak<\/strong><br>(szermierka, szpada dru\u017cynowo)<br><br><strong>Mi\u0142osz Bernatajtys, \u0141ukasz Paw\u0142owski, Bart\u0142omiej Pawe\u0142czak, Pawe\u0142 Ra\u0144da<\/strong><br>(wio\u015blarstwo, czw\u00f3rka wagi lekkiej)<\/p>\n<!-- \/wp:paragraph --><\/div><\/div>\n<!-- \/wp:media-text -->\n<!-- \/wp:ub\/content-toggle-panel-block -->\n<!-- \/wp:ub\/content-toggle-block -->\n\n<!-- wp:ub\/content-toggle-block {\"blockID\":\"b6619c81-d659-42e3-869c-35457a540cfa\",\"theme\":\"#f1f1f1\",\"collapsed\":true,\"titleColor\":\"#000000\"} -->\n<!-- wp:ub\/content-toggle-panel-block {\"parentID\":\"b6619c81-d659-42e3-869c-35457a540cfa\",\"theme\":\"#f1f1f1\",\"collapsed\":true,\"titleColor\":\"#000000\",\"panelTitle\":\"Br\u0105zowy\"} -->\n<!-- wp:paragraph -->\n<p><\/p>\n<!-- \/wp:paragraph -->\n\n<!-- wp:media-text {\"align\":\"\",\"mediaId\":30154,\"mediaLink\":\"https:\/\/olimpijski.pl\/igrzyska_letnie\/pekin-2008\/2008_pekin_braz_200\/#main\",\"mediaType\":\"image\",\"mediaWidth\":20} -->\n<div class=\"wp-block-media-text is-stacked-on-mobile\" style=\"grid-template-columns:20% auto\"><figure class=\"wp-block-media-text__media\"><img src=\"https:\/\/olimpijski.pl\/wp-content\/uploads\/2008\/06\/2008_Pekin_braz_200.jpg\" alt=\"\" class=\"wp-image-30154\"\/><\/figure><div class=\"wp-block-media-text__content\"><!-- wp:paragraph -->\n<p><strong>Agnieszka Wieszczek<\/strong><br>(zapasy, waga 72 kg)<\/p>\n<!-- \/wp:paragraph -->\n\n<!-- wp:paragraph -->\n<p><strong>Marcin Do\u0142\u0119ga<br><\/strong>(podnoszenie ci\u0119\u017car\u00f3w, waga 105 kg)<\/p>\n<!-- \/wp:paragraph --><\/div><\/div>\n<!-- \/wp:media-text -->\n\n<!-- wp:paragraph -->\n<p><\/p>\n<!-- \/wp:paragraph -->\n<!-- \/wp:ub\/content-toggle-panel-block -->\n<!-- \/wp:ub\/content-toggle-block -->\n\n<!-- wp:paragraph -->\n<p><\/p>\n<!-- \/wp:paragraph -->\n\n<!-- wp:quote {\"className\":\"is-style-default\"} -->\n<blockquote class=\"wp-block-quote is-style-default\"><p>Po raz pierwszy na igrzyska przyjechali sportowcy z Tuvalu i Wysp Marshalla. Tak\u017ce po raz pierwszy oddzielnie wyst\u0105pili olimpijczycy z Czarnog\u00f3ry i Serbii. Ciekawostk\u0105 jest to, \u017ce podczas ceremonii otwarcia zaprezentowano oratorium Krzysztofa Pendereckiego.<\/p><\/blockquote>\n<!-- \/wp:quote -->","post_title":"Pekin 2008","post_excerpt":"","post_status":"publish","comment_status":"closed","ping_status":"closed","post_password":"","post_name":"pekin-2008","to_ping":"","pinged":"","post_modified":"2020-12-03 13:11:40","post_modified_gmt":"2020-12-03 12:11:40","post_content_filtered":"","post_parent":0,"guid":"https:\/\/wai-q98d7hpf9hy9k.wpallimport-demo.qsandbox.me\/olympics_summer\/pekin-2008\/","menu_order":0,"post_type":"olympics_summer","post_mime_type":"","comment_count":"0","filter":"raw"}],"competitions_rewards":[{"competition":[{"ID":5852,"post_author":"1","post_date":"2020-06-19 11:32:26","post_date_gmt":"2020-06-19 11:32:26","post_content":"","post_title":"Boks","post_excerpt":"","post_status":"publish","comment_status":"open","ping_status":"open","post_password":"","post_name":"boks","to_ping":"","pinged":"","post_modified":"2020-06-29 13:17:07","post_modified_gmt":"2020-06-29 11:17:07","post_content_filtered":"","post_parent":0,"guid":"https:\/\/wai-q7byvryhhcz9k.wpallimport-demo.qsandbox.me\/competition\/boks\/","menu_order":0,"post_type":"competition","post_mime_type":"","comment_count":"0","filter":"raw"}],"reward":""}]}],"picture":{"ID":37120,"id":37120,"title":"Lukasz_Maszczyk","filename":"Lukasz_Maszczyk.jpg","filesize":52120,"url":"https:\/\/olimpijski.pl\/wp-content\/uploads\/2020\/06\/Lukasz_Maszczyk.jpg","link":"https:\/\/olimpijski.pl\/en\/olimpijczycy\/lukasz-maszczyk\/lukasz_maszczyk\/#main","alt":"","author":"15","description":"","caption":"","name":"lukasz_maszczyk","status":"inherit","uploaded_to":14485,"date":"2020-12-15 10:16:38","modified":"2020-12-15 10:16:38","menu_order":0,"mime_type":"image\/jpeg","type":"image","subtype":"jpeg","icon":"https:\/\/olimpijski.pl\/wp-includes\/images\/media\/default.png","width":430,"height":535,"sizes":{"thumbnail":"https:\/\/olimpijski.pl\/wp-content\/uploads\/2020\/06\/Lukasz_Maszczyk-150x150.jpg","thumbnail-width":150,"thumbnail-height":150,"medium":"https:\/\/olimpijski.pl\/wp-content\/uploads\/2020\/06\/Lukasz_Maszczyk-241x300.jpg","medium-width":241,"medium-height":300,"medium_large":"https:\/\/olimpijski.pl\/wp-content\/uploads\/2020\/06\/Lukasz_Maszczyk.jpg","medium_large-width":430,"medium_large-height":535,"large":"https:\/\/olimpijski.pl\/wp-content\/uploads\/2020\/06\/Lukasz_Maszczyk.jpg","large-width":430,"large-height":535,"1536x1536":"https:\/\/olimpijski.pl\/wp-content\/uploads\/2020\/06\/Lukasz_Maszczyk.jpg","1536x1536-width":430,"1536x1536-height":535,"2048x2048":"https:\/\/olimpijski.pl\/wp-content\/uploads\/2020\/06\/Lukasz_Maszczyk.jpg","2048x2048-width":430,"2048x2048-height":535,"ultp_layout_landscape_large":"https:\/\/olimpijski.pl\/wp-content\/uploads\/2020\/06\/Lukasz_Maszczyk.jpg","ultp_layout_landscape_large-width":430,"ultp_layout_landscape_large-height":535,"ultp_layout_landscape":"https:\/\/olimpijski.pl\/wp-content\/uploads\/2020\/06\/Lukasz_Maszczyk.jpg","ultp_layout_landscape-width":430,"ultp_layout_landscape-height":535,"ultp_layout_portrait":"https:\/\/olimpijski.pl\/wp-content\/uploads\/2020\/06\/Lukasz_Maszczyk.jpg","ultp_layout_portrait-width":430,"ultp_layout_portrait-height":535,"ultp_layout_square":"https:\/\/olimpijski.pl\/wp-content\/uploads\/2020\/06\/Lukasz_Maszczyk.jpg","ultp_layout_square-width":430,"ultp_layout_square-height":535}},"firstname":"\u0141ukasz","lastname":"Maszczyk","birthdate_date":"15\/12\/1984","birthdate":"15 grudnia 1984","deathdate_date":"","deathdate":"","placeofbirth":"","club":"","coach":"","metrics":"","seolink":"maszczyk-lukasz","tmp_old_id":"15939","tmp_old_fid":"0","tmp_old_parent_id":"15544","createdate":"06\/11\/2013","tmp_old_title":"MASZCZYK \u0141UKASZ","tmp_old_lead":"","tmp_old_body":"<p class=\"title-m-02\">MASZCZYK \u0141UKASZ<\/p><p><strong>polski bokser amatorski walcz\u0105cy w wadze papierowej (do 48 kg), olimpijczyk z Pekinu (2008).<\/strong><br \/><br \/>Urodzi\u0142 si\u0119 15 grudnia 1984 w Myszkowie. W 1996 r. rozpocz\u0105\u0142 treningi w MOSiR-ze Myszk\u00f3w pod okiem Henryka \u015arednickiego. Dla tego klubu w 2001 i 2002 r. zdoby\u0142 mistrzostwo Polski junior\u00f3w.<br \/><br \/>W latach p\u00f3\u017aniejszych reprezentowa\u0142 barwy Imeksu Jastrz\u0119bie, a obecnie jest zawodnikiem Gwardii Warszawa. W 2006 r. zosta\u0142 mistrzem Unii Europejskiej. Pi\u0119ciokrotnie wywalczy\u0142 mistrzostwo Polski senior\u00f3w w latach 2004, 2005, 2006, 2007, 2008, zwyci\u0119\u017cy\u0142 te\u017c w Turnieju im. Feliksa Stamma.<br \/><br \/>Zakwalifikowa\u0142 si\u0119 do Igrzysk Olimpijskich w Pekinie (2008), gdzie przegra\u0142 w \u0107wier\u0107finale z Irlandczykiem Paddym Barnesem 5:11.<br \/><br \/><strong>*2008 Pekin: waga papierowa (48 kg)<\/strong> - 5. miejsce (w \u0107wier\u0107finale przegra\u0142 z Irlandczykiem Paddym Barnesem 5:11).<\/p><p>\u00a0<\/p><!-- history --><table width=\"85%\" cellspacing=\"0\" cellpadding=\"0\" border=\"0\" style=\"text-align: right;\">    <tbody>        <tr>            <td align=\"right\" class=\"box3-title\"><a href=\"javascript:history.back()\">\u00ab powr\u00f3t do listy<\/a><\/td>        <\/tr>    <\/tbody><\/table>","tmp_old_body_img":false,"tmp_old_lead_img":false,"picture_medalists":false,"important":"","person_achivments":""},"_links":{"self":[{"href":"https:\/\/olimpijski.pl\/en\/wp-json\/wp\/v2\/person\/14485"}],"collection":[{"href":"https:\/\/olimpijski.pl\/en\/wp-json\/wp\/v2\/person"}],"about":[{"href":"https:\/\/olimpijski.pl\/en\/wp-json\/wp\/v2\/types\/person"}],"version-history":[{"count":3,"href":"https:\/\/olimpijski.pl\/en\/wp-json\/wp\/v2\/person\/14485\/revisions"}],"predecessor-version":[{"id":37124,"href":"https:\/\/olimpijski.pl\/en\/wp-json\/wp\/v2\/person\/14485\/revisions\/37124"}],"wp:featuredmedia":[{"embeddable":true,"href":"https:\/\/olimpijski.pl\/en\/wp-json\/wp\/v2\/media\/37120"}],"wp:attachment":[{"href":"https:\/\/olimpijski.pl\/en\/wp-json\/wp\/v2\/media?parent=14485"}],"curies":[{"name":"wp","href":"https:\/\/api.w.org\/{rel}","templated":true}]}}