{"id":14604,"date":"2020-06-24T16:49:25","date_gmt":"2020-06-24T14:49:25","guid":{"rendered":"http:\/\/pkol.local\/person\/henryk-wladyslaw-niedzwiedzki\/"},"modified":"2021-04-06T12:34:00","modified_gmt":"2021-04-06T10:34:00","slug":"henryk-wladyslaw-niedzwiedzki","status":"publish","type":"person","link":"https:\/\/olimpijski.pl\/en\/olimpijczycy\/henryk-wladyslaw-niedzwiedzki\/","title":{"rendered":"Henryk Nied\u017awiedzki (1933-2018)"},"content":{"rendered":"\n<p><strong>pp\u0142k&nbsp;s\u0142. st. WP, trener, jedyny (obok Pietrzykowskiego) bokser zdobywca br\u0105zowego medalu w&nbsp;Melbourne&nbsp;(1956), wychowawca olimpijczyka Janusza Gortata.<br><\/strong><br>Urodzony 6 kwietnia 1933 w&nbsp;Nied\u017awiadach, woj. pomorskim, syn Stanis\u0142awa i&nbsp;Heleny Janowiak, absolwent Liceum Og\u00f3lnokszta\u0142c\u0105cego, pp\u0142k s\u0142. st. WP, trener; bokser (168 cm, 60 kg) wagi koguciej&nbsp;&#8211; lekkop\u00f3\u0142\u015bredniej Zwi\u0105zkowca Bydgoszcz (1949-1950), Kolejarza Brdy Bydgoszcz (1951-1953), CWKS Legia Warszawa (1953-1959), mistrz Polski (1956) w&nbsp;w. lekkop\u00f3\u0142\u015bredniej, 6-krotny dru\u017cynowy mistrz kraju w&nbsp;barwach Legii (1953\/54&nbsp;&#8211; 1958\/59), 16-krotny reprezentant Polski (1952-1956) w&nbsp;meczach mi\u0119dzypa\u0144stwowych (15 zwyci\u0119stw, 1 pora\u017cka). Pi\u0119\u015bciarz o&nbsp;nokautuj\u0105cym ciosie z&nbsp;lewej r\u0119ki, kt\u00f3ry najwi\u0119cej zawdzi\u0119cza dw\u00f3m trenerom (Edward Rinke, Stanis\u0142aw Wasilewski). Uczestnik mistrzostw Europy w&nbsp;Berlinie Zach. (1955), gdzie w&nbsp;wadze lekkiej odpad\u0142 ju\u017c w&nbsp;pierwszej walce eliminacyjnej. 2-krotnie dost\u0105pi\u0142 zaszczytu wyst\u0119pu olimpijskiego.<\/p>\n\n\n\n<p>Debiut olimpijski naszego 19-letniego pi\u0119\u015bciarza przebieg\u0142 pod znakiem zwyci\u0119stwa nad \u015bwietnym bokserem Wsp\u00f3lnoty Brytyjskiej i&nbsp;pora\u017ck\u0105 ze znakomicie wyszkolonym i&nbsp;utytu\u0142owanym Finem, kt\u00f3ry u&nbsp;siebie w&nbsp;domu zdoby\u0142&nbsp;z\u0142oty medal. Cztery lata p\u00f3\u017aniej, wyst\u0119p znanych ju\u017c w&nbsp;Europie Polak\u00f3w zako\u0144czy\u0142 si\u0119 prawie kompletn\u0105 kl\u0119ska (chyba ze wzgl\u0119d\u00f3w aklimatyzacyjnych) jedynie&nbsp;&#8211; obok Pietrzykowskiego &#8211; Nied\u017awiedzki zdo\u0142a\u0142 zdoby\u0107 br\u0105zowy medal, cho\u0107 walczy\u0142 z&nbsp;kontuzjowan\u0105 r\u0119k\u0105 i&nbsp;w zasadzie nie powinien w&nbsp;og\u00f3le polecie\u0107 do&nbsp;Australii. Jedn\u0105 r\u0119k\u0105 nie m\u00f3g\u0142 jednak pokona\u0107 \u015bwietnie dysponowanego zawodnika radzieckiego. W&nbsp;karierze sportowej stoczy\u0142 220 walk (199 zwyci\u0119stw &#8211; 4 remisy -17 pora\u017cek). Po zako\u0144czeniu kariery zawodniczej (1960, wbrew naciskom prze\u0142o\u017conych) zaj\u0105\u0142 si\u0119 prac\u0105 szkoleniow\u0105 w&nbsp;Legii. Mia\u0142 w&nbsp;niej znacz\u0105ce sukcesy. M.in. (wraz z&nbsp;nauczycielem wf&nbsp;Zbigniewem J\u00f3\u017awiakiem) stworzy\u0142 zesp\u00f3\u0142 junior\u00f3w Legii z\u0142o\u017cony w&nbsp;ca\u0142o\u015bci z&nbsp;uczni\u00f3w Technikum Mechanicznego przy ul. Wi\u015bniowej. Czo\u0142owym jego wychowankiem by\u0142 Janusz Gortat. Zas\u0142u\u017cony Mistrz Sportu.<\/p>\n\n\n\n<p>Zmar\u0142 9 lutego 2018 roku w Warszawie.<\/p>\n\n\n\n<p><strong>*1952 Helsinki: boks, w. kogucia<\/strong>&nbsp;&#8211; w&nbsp; pierwszej kolejce pokona\u0142&nbsp;Australijczyka Ronaldo Gowera przez&nbsp;tko w&nbsp;I rundzie, w&nbsp;drugiej przegra\u0142 0:3 z&nbsp;Finem Pentti H\u00e4m\u00e4l\u00e4inenem, odp. z&nbsp;turnieju (zw. P. H\u00e4m\u00e4l\u00e4inen, Finlandia).<\/p>\n\n\n\n<p><strong>*1956 Melbourne: boks, w. pi\u00f3rkowa<\/strong>&nbsp;&#8211; pierwsz\u0105 kolejk\u0119 przeszed\u0142 bez&nbsp;walki, w&nbsp;drugiej pokona\u0142 Leonarda Leischinga (P\u0142d. Afryka), w&nbsp;\u0107wier\u0107fin. zwyci\u0119\u017cy\u0142 Argenty\u0144czyka Tristana Falfana przez&nbsp;poddanie w&nbsp;I rundzie, w&nbsp;p\u00f3\u0142fin. przegra\u0142 z&nbsp;W\u0142adimirem Safronowem (ZSRR) <strong>zdobywaj\u0105c br\u0105zowy medal<\/strong> (zw. W. Safronow ZSRR).<\/p>\n\n\n\n<p><em>Bibl.: G\u0142uszek, Leksykon 1999, s. 280; Kurzy\u0144ski, Tysi\u0105c wspania\u0142ych (2), s. 164-165; Skotnicki, Od Olimpii do&nbsp;Atlanty, s. 180, 183; Du\u0144ski, Od Pary\u017ca, s. 589; Pawlak, Olimpijczycy, s. 180; Lis, Rekordy w&nbsp;plecaku, s. 79-93; Osm\u00f3lski, Leksykon boksu, s. 191.<\/em><\/p>\n","protected":false},"excerpt":{"rendered":"<p>pp\u0142k\u00a0s\u0142. st. WP, trener, jedyny (obok Pietrzykowskiego) bokser zdobywca br\u0105zowego medalu w\u00a0Melbourne\u00a0(1956), wychowawca olimpijczyka Janusza Gortata. &#8230; <a class=\"read-more\" href=\"https:\/\/olimpijski.pl\/en\/olimpijczycy\/henryk-wladyslaw-niedzwiedzki\/\">Czytaj dalej<\/a><\/p>\n","protected":false},"featured_media":31101,"menu_order":60,"template":"","meta":{"_acf_changed":false,"ub_ctt_via":"","footnotes":""},"class_list":["post-14604","person","type-person","status-publish","has-post-thumbnail","hentry","infinite-scroll-item","no-featured-image-padding","resize-featured-image"],"acf":{"olimpic_information":[{"olimpic":[{"ID":305,"post_author":"1","post_date":"1956-06-17 13:34:45","post_date_gmt":"1956-06-17 12:34:45","post_content":"<!-- wp:heading {\"level\":1,\"className\":\"main-title\"} -->\n<h1 class=\"main-title\"><strong>Igrzyska XVI Olimpiady<\/strong><br>Melbourne 1956<\/h1>\n<!-- \/wp:heading -->\n\n<!-- wp:paragraph -->\n<p><br><\/p>\n<!-- \/wp:paragraph -->\n\n<!-- wp:image {\"align\":\"left\",\"id\":19332,\"width\":147,\"height\":147,\"sizeSlug\":\"large\",\"className\":\"is-style-default\"} -->\n<div class=\"wp-block-image is-style-default\"><figure class=\"alignleft size-large is-resized\"><img src=\"https:\/\/olimpijski.pl\/wp-content\/uploads\/1956\/06\/melbourne1956.png\" alt=\"\" class=\"wp-image-19332\" width=\"147\" height=\"147\"\/><\/figure><\/div>\n<!-- \/wp:image -->\n\n<!-- wp:list -->\n<ul><li>Igrzyska rozegrano w dniach <strong>22 listopada \u2013 8 grudnia<\/strong> (ze wzgl\u0119du na problemy z kwarantann\u0105 koni konkurencje je\u017adzieckie odby\u0142y si\u0119 w Sztokholmie w dniach <strong>10-17 czerwca<\/strong>).<\/li><li>Wystartowa\u0142o <strong>3314<\/strong> zawodnik\u00f3w (w tym <strong>376<\/strong> kobiet) z <strong>72<\/strong> kraj\u00f3w.<\/li><li>Rozdano <strong>151<\/strong> komplet\u00f3w medali.<\/li><li>Znicz zapalili na dw\u00f3ch wie\u017cach stadionu <strong>Karin Lindberg<\/strong> i <strong>Henry Eriksson<\/strong>. W Melbourne znicz zapali\u0142 <strong>Ron Clarke<\/strong>.<\/li><li>Przysi\u0119g\u0119 w imieniu olimpijczyk\u00f3w w Sztokholmie sk\u0142ada\u0142 je\u017adziec <strong>Henri Julius Reverony Saint-Cyr<\/strong>, a w Melbourne lekkoatleta <strong>John Landy<\/strong>.<\/li><li>Igrzyska otworzy\u0142 ma\u0142\u017conek kr\u00f3lowej El\u017cbiety II, <strong>ksi\u0105\u017c\u0119 Edynburga Filip Mountbatten<\/strong>.<\/li><\/ul>\n<!-- \/wp:list -->\n\n<!-- wp:heading -->\n<h2><strong>Program Igrzysk \u2013 19 dyscyplin, 151 konkurencji<\/strong><\/h2>\n<!-- \/wp:heading -->\n\n<!-- wp:paragraph -->\n<p>boks (10 konkurencji), gimnastyka (15), hokej na trawie (1), je\u017adziectwo (6), kajakarstwo (9), kolarstwo (6), koszyk\u00f3wka (1), lekkoatletyka (33), pi\u0119ciob\u00f3j nowoczesny (2), pi\u0142ka no\u017cna (1), pi\u0142ka wodna (1), p\u0142ywanie (13), podnoszenie ci\u0119\u017car\u00f3w (7), skoki do wody (4), strzelectwo (7), szermierka (7), wio\u015blarstwo (7), zapasy (16), \u017ceglarstwo (5).<\/p>\n<!-- \/wp:paragraph -->\n\n<!-- wp:heading -->\n<h2><strong>Gwiazda Igrzysk<\/strong><\/h2>\n<!-- \/wp:heading -->\n\n<!-- wp:paragraph -->\n<p><strong>Larysa \u0141atynina<\/strong> (ZSRR, gimnastyka sportowa) \u2013 5 z\u0142otych medali i 1 srebrny<\/p>\n<!-- \/wp:paragraph -->\n\n<!-- wp:heading -->\n<h2><strong>Polska Reprezentacja Olimpijska<\/strong><\/h2>\n<!-- \/wp:heading -->\n\n<!-- wp:paragraph -->\n<p><strong>65 os\u00f3b<\/strong> (startowa\u0142y 64 \u2013 15 kobiet i 49 m\u0119\u017cczyzn) w 9 sportach: 9 bokser\u00f3w, 5 ci\u0119\u017carowc\u00f3w, 7 gimnastyczek (6 startowa\u0142o + 1 rez.), 4 kajakarzy (w tym 1 kobieta), 23 lekkoatlet\u00f3w (w tym 7 kobiet), 1 p\u0142ywaczka, 6 szermierzy, 2 strzelc\u00f3w, 8 wio\u015blarzy.<\/p>\n<!-- \/wp:paragraph -->\n\n<!-- wp:paragraph -->\n<p>Chor\u0105\u017cym reprezentacji Polski by\u0142&nbsp; m\u0142ociarz <strong>Tadeusz Rut<\/strong>.<\/p>\n<!-- \/wp:paragraph -->\n\n<!-- wp:heading -->\n<h2><strong>Klasyfikacja medalowa<\/strong><\/h2>\n<!-- \/wp:heading -->\n\n<!-- wp:table {\"hasFixedLayout\":true,\"className\":\"is-style-stripes\"} -->\n<figure class=\"wp-block-table is-style-stripes\"><table class=\"has-fixed-layout\"><tbody><tr><td><\/td><td><\/td><td class=\"has-text-align-center\" data-align=\"center\">&nbsp;<\/td><td class=\"has-text-align-center\" data-align=\"center\">&nbsp;<\/td><td class=\"has-text-align-center\" data-align=\"center\">&nbsp;<\/td><td class=\"has-text-align-center\" data-align=\"center\">&nbsp;<\/td><\/tr><tr><td>&nbsp;<\/td><td>&nbsp;<\/td><td class=\"has-text-align-center\" data-align=\"center\">&nbsp;<\/td><td class=\"has-text-align-center\" data-align=\"center\"><img class=\"wp-image-27817\" style=\"width: 50px;\" src=\"https:\/\/olimpijski.pl\/wp-content\/uploads\/2016\/06\/2016_Rio_zloty_50x50.jpg\" alt=\"\"><\/td><td class=\"has-text-align-center\" data-align=\"center\"><img class=\"wp-image-27819\" style=\"width: 50px;\" src=\"https:\/\/olimpijski.pl\/wp-content\/uploads\/2016\/06\/2016_Rio_sreb_50x50.jpg\" alt=\"\"><\/td><td class=\"has-text-align-center\" data-align=\"center\"><img class=\"wp-image-27821\" style=\"width: 50px;\" src=\"https:\/\/olimpijski.pl\/wp-content\/uploads\/2016\/06\/2016_Rio_braz_50x50.jpg\" alt=\"\"><\/td><\/tr><tr><td>1.<\/td><td>ZSRR<\/td><td class=\"has-text-align-center\" data-align=\"center\">98<\/td><td class=\"has-text-align-center\" data-align=\"center\">37<\/td><td class=\"has-text-align-center\" data-align=\"center\">29<\/td><td class=\"has-text-align-center\" data-align=\"center\">32<\/td><\/tr><tr><td>2.<\/td><td>USA<\/td><td class=\"has-text-align-center\" data-align=\"center\">74<\/td><td class=\"has-text-align-center\" data-align=\"center\">32<\/td><td class=\"has-text-align-center\" data-align=\"center\">25<\/td><td class=\"has-text-align-center\" data-align=\"center\">17<\/td><\/tr><tr><td>3.<\/td><td>Australia<\/td><td class=\"has-text-align-center\" data-align=\"center\">35<\/td><td class=\"has-text-align-center\" data-align=\"center\">13<\/td><td class=\"has-text-align-center\" data-align=\"center\">8<\/td><td class=\"has-text-align-center\" data-align=\"center\">14<\/td><\/tr><tr><td>...<\/td><td>&nbsp;<\/td><td class=\"has-text-align-center\" data-align=\"center\">&nbsp;<\/td><td class=\"has-text-align-center\" data-align=\"center\">&nbsp;<\/td><td class=\"has-text-align-center\" data-align=\"center\">&nbsp;<\/td><td class=\"has-text-align-center\" data-align=\"center\">&nbsp;<\/td><\/tr><tr><td><strong>17.<\/strong><\/td><td><strong>Polska<\/strong><\/td><td class=\"has-text-align-center\" data-align=\"center\"><strong>9<\/strong><\/td><td class=\"has-text-align-center\" data-align=\"center\"><strong>1<\/strong><\/td><td class=\"has-text-align-center\" data-align=\"center\"><strong>4<\/strong><\/td><td class=\"has-text-align-center\" data-align=\"center\"><strong>4<\/strong><\/td><\/tr><\/tbody><\/table><\/figure>\n<!-- \/wp:table -->\n\n<!-- wp:heading -->\n<h2><strong>Medale dla Polski (9)<\/strong><\/h2>\n<!-- \/wp:heading -->\n\n<!-- wp:ub\/content-toggle-block {\"blockID\":\"217075f5-6df1-4b44-8349-12ae685c9a5e\",\"theme\":\"#f1f1f1\",\"collapsed\":true,\"titleColor\":\"#000000\"} -->\n<!-- wp:ub\/content-toggle-panel-block {\"parentID\":\"217075f5-6df1-4b44-8349-12ae685c9a5e\",\"theme\":\"#f1f1f1\",\"collapsed\":true,\"titleColor\":\"#000000\",\"panelTitle\":\"Z\u0142oty\"} -->\n<!-- wp:paragraph -->\n<p><\/p>\n<!-- \/wp:paragraph -->\n\n<!-- wp:media-text {\"align\":\"\",\"mediaId\":30241,\"mediaLink\":\"https:\/\/olimpijski.pl\/igrzyska_letnie\/melbourne-1956\/1956_melbourne_zloty_200-2\/#main\",\"mediaType\":\"image\",\"mediaWidth\":20} -->\n<div class=\"wp-block-media-text is-stacked-on-mobile\" style=\"grid-template-columns:20% auto\"><figure class=\"wp-block-media-text__media\"><img src=\"https:\/\/olimpijski.pl\/wp-content\/uploads\/1956\/06\/1956_Melbourne_zloty_200-1.jpg\" alt=\"\" class=\"wp-image-30241\"\/><\/figure><div class=\"wp-block-media-text__content\"><!-- wp:paragraph -->\n<p><strong>El\u017cbieta Du\u0144ska<\/strong><br>(lekkoatletyka, skok w dal)<\/p>\n<!-- \/wp:paragraph --><\/div><\/div>\n<!-- \/wp:media-text -->\n<!-- \/wp:ub\/content-toggle-panel-block -->\n<!-- \/wp:ub\/content-toggle-block -->\n\n<!-- wp:ub\/content-toggle-block {\"blockID\":\"67ddeb95-8bad-4c8e-a939-3643cfe5d0ba\",\"theme\":\"#f1f1f1\",\"collapsed\":true,\"titleColor\":\"#000000\"} -->\n<!-- wp:ub\/content-toggle-panel-block {\"parentID\":\"67ddeb95-8bad-4c8e-a939-3643cfe5d0ba\",\"theme\":\"#f1f1f1\",\"collapsed\":true,\"titleColor\":\"#000000\",\"panelTitle\":\"Srebrne\"} -->\n<!-- wp:paragraph -->\n<p><\/p>\n<!-- \/wp:paragraph -->\n\n<!-- wp:media-text {\"align\":\"\",\"mediaId\":30243,\"mediaLink\":\"https:\/\/olimpijski.pl\/igrzyska_letnie\/melbourne-1956\/1956_melbourne_sreb_200\/#main\",\"mediaType\":\"image\",\"mediaWidth\":20} -->\n<div class=\"wp-block-media-text is-stacked-on-mobile\" style=\"grid-template-columns:20% auto\"><figure class=\"wp-block-media-text__media\"><img src=\"https:\/\/olimpijski.pl\/wp-content\/uploads\/1956\/06\/1956_Melbourne_sreb_200.jpg\" alt=\"\" class=\"wp-image-30243\"\/><\/figure><div class=\"wp-block-media-text__content\"><!-- wp:paragraph -->\n<p><strong>Janusz Sid\u0142o<\/strong><br>(lekkoatletyka, rzut oszczepem)<\/p>\n<!-- \/wp:paragraph -->\n\n<!-- wp:paragraph -->\n<p><strong>Adam Smelczy\u0144ski<\/strong><br>(strzelectwo, rzutki)<\/p>\n<!-- \/wp:paragraph -->\n\n<!-- wp:paragraph -->\n<p><strong>Marian Kuszewski, Zygmunt Pawlas, Jerzy Paw\u0142owski, Andrzej Pi\u0105tkowski, Wojciech Zab\u0142ocki, Ryszard Zub<\/strong><br>(szermierka, szabla dru\u017cynowo)<\/p>\n<!-- \/wp:paragraph -->\n\n<!-- wp:paragraph -->\n<p><strong>Jerzy Paw\u0142owski<\/strong><br>(szermierka, szabla)<\/p>\n<!-- \/wp:paragraph --><\/div><\/div>\n<!-- \/wp:media-text -->\n<!-- \/wp:ub\/content-toggle-panel-block -->\n<!-- \/wp:ub\/content-toggle-block -->\n\n<!-- wp:ub\/content-toggle-block {\"blockID\":\"460515f8-d072-48da-83ac-971bda549441\",\"theme\":\"#f1f1f1\",\"collapsed\":true,\"titleColor\":\"#000000\"} -->\n<!-- wp:ub\/content-toggle-panel-block {\"parentID\":\"460515f8-d072-48da-83ac-971bda549441\",\"theme\":\"#f1f1f1\",\"collapsed\":true,\"titleColor\":\"#000000\",\"panelTitle\":\"Br\u0105zowe\"} -->\n<!-- wp:paragraph -->\n<p><\/p>\n<!-- \/wp:paragraph -->\n\n<!-- wp:media-text {\"align\":\"\",\"mediaId\":30245,\"mediaLink\":\"https:\/\/olimpijski.pl\/igrzyska_letnie\/melbourne-1956\/1956_melbourne_braz_200\/#main\",\"mediaType\":\"image\",\"mediaWidth\":20} -->\n<div class=\"wp-block-media-text is-stacked-on-mobile\" style=\"grid-template-columns:20% auto\"><figure class=\"wp-block-media-text__media\"><img src=\"https:\/\/olimpijski.pl\/wp-content\/uploads\/1956\/06\/1956_Melbourne_braz_200.jpg\" alt=\"\" class=\"wp-image-30245\"\/><\/figure><div class=\"wp-block-media-text__content\"><!-- wp:paragraph -->\n<p><strong>Dorota Horzonek, Natalia Kot, Helena Rakoczy, Danuta Stachow, Lidia Szczerbi\u0144ska, Barbara \u015alizowska<\/strong><br>(gimnastyka, dru\u017cynowo z przyborem)<\/p>\n<!-- \/wp:paragraph -->\n\n<!-- wp:paragraph -->\n<p><strong>Marian Zieli\u0144ski<\/strong><br>(podnoszenie ci\u0119\u017car\u00f3w, 60 kg)<\/p>\n<!-- \/wp:paragraph -->\n\n<!-- wp:paragraph -->\n<p><strong>Zbigniew Pietrzykowski<\/strong><br>(boks, waga lekko\u015brednia)<\/p>\n<!-- \/wp:paragraph -->\n\n<!-- wp:paragraph -->\n<p><strong>Henryk Nied\u017awiedzki<\/strong><br>(boks, waga pi\u00f3rkowa)<\/p>\n<!-- \/wp:paragraph --><\/div><\/div>\n<!-- \/wp:media-text -->\n\n<!-- wp:paragraph -->\n<p><\/p>\n<!-- \/wp:paragraph -->\n<!-- \/wp:ub\/content-toggle-panel-block -->\n<!-- \/wp:ub\/content-toggle-block -->\n\n<!-- wp:paragraph -->\n<p><\/p>\n<!-- \/wp:paragraph -->\n\n<!-- wp:quote {\"className\":\"is-style-default\"} -->\n<blockquote class=\"wp-block-quote is-style-default\"><p>Po raz pierwszy na czele klasyfikacji medalowej igrzysk znale\u017ali si\u0119 sportowcy ZSRR, kt\u00f3rzy zdobyli 98 medali.<\/p><\/blockquote>\n<!-- \/wp:quote -->","post_title":"Melbourne 1956","post_excerpt":"","post_status":"publish","comment_status":"closed","ping_status":"closed","post_password":"","post_name":"melbourne-1956","to_ping":"","pinged":"","post_modified":"2020-10-02 15:54:58","post_modified_gmt":"2020-10-02 13:54:58","post_content_filtered":"","post_parent":0,"guid":"https:\/\/wai-q98d7hpf9hy9k.wpallimport-demo.qsandbox.me\/olympics_summer\/melbourne-1956\/","menu_order":0,"post_type":"olympics_summer","post_mime_type":"","comment_count":"0","filter":"raw"}],"competitions_rewards":[{"competition":[{"ID":18946,"post_author":"15","post_date":"2020-07-14 14:19:59","post_date_gmt":"2020-07-14 12:19:59","post_content":"","post_title":"Boks - 57 kg","post_excerpt":"","post_status":"publish","comment_status":"closed","ping_status":"closed","post_password":"","post_name":"waga-piorkowa-do-57-kg","to_ping":"","pinged":"","post_modified":"2020-07-22 12:49:53","post_modified_gmt":"2020-07-22 10:49:53","post_content_filtered":"","post_parent":5852,"guid":"http:\/\/pkol.cumulus.atthouse.pl\/?post_type=competition&#038;p=18946","menu_order":0,"post_type":"competition","post_mime_type":"","comment_count":"0","filter":"raw"}],"reward":{"value":"3","label":"Br\u0105zowy"}}]},{"olimpic":[{"ID":306,"post_author":"1","post_date":"1952-06-17 13:34:45","post_date_gmt":"1952-06-17 12:34:45","post_content":"<!-- wp:heading {\"level\":1,\"className\":\"main-title\"} -->\n<h1 class=\"main-title\"><strong>Igrzyska XV Olimpiady<\/strong><br>Helsinki 1952<\/h1>\n<!-- \/wp:heading -->\n\n<!-- wp:paragraph -->\n<p><br><\/p>\n<!-- \/wp:paragraph -->\n\n<!-- wp:image {\"align\":\"left\",\"id\":19318,\"sizeSlug\":\"large\",\"className\":\"is-style-default\"} -->\n<div class=\"wp-block-image is-style-default\"><figure class=\"alignleft size-large\"><img src=\"https:\/\/olimpijski.pl\/wp-content\/uploads\/1952\/06\/helsinki1952.png\" alt=\"\" class=\"wp-image-19318\"\/><\/figure><\/div>\n<!-- \/wp:image -->\n\n<!-- wp:list -->\n<ul><li>Igrzyska rozegrano w dniach <strong>19 lipca \u2013 3 sierpnia<\/strong>.<\/li><li>Wystartowa\u0142o <strong>4955<\/strong> zawodnik\u00f3w (w tym <strong>519<\/strong> kobiet) z <strong>69<\/strong> kraj\u00f3w.<\/li><li>Rozdano <strong>149<\/strong> komplet\u00f3w medali.<\/li><li>Przysi\u0119g\u0119 w imieniu sportowc\u00f3w z\u0142o\u017cy\u0142 gimnastyk <strong>Heikki Savolainen<\/strong>.<\/li><li>Znicz olimpijski zapalili <strong>Hannes Kolehmainen<\/strong> i <strong>Paavo Nurmi<\/strong>.<\/li><li>Igrzyska otworzy\u0142 prezydent Finlandii <strong>Juho Kusti Paasikivi<\/strong>.<\/li><\/ul>\n<!-- \/wp:list -->\n\n<!-- wp:heading -->\n<h2><strong>Program Igrzysk \u2013 19 dyscyplin, 149 konkurencji<\/strong><\/h2>\n<!-- \/wp:heading -->\n\n<!-- wp:paragraph -->\n<p>Boks (10 konkurencji), gimnastyka (15), hokej na trawie (1), je\u017adziectwo (6), kajakarstwo (9), kolarstwo (6), koszyk\u00f3wka (1), lekkoatletyka (33), pi\u0119ciob\u00f3j nowoczesny (2), pi\u0142ka no\u017cna (1), pi\u0142ka wodna (1), p\u0142ywanie (11), podnoszenie ci\u0119\u017car\u00f3w (7), skoki do wody (4), strzelectwo (7), szermierka (7), wio\u015blarstwo (7), zapasy (16), \u017ceglarstwo (5).<\/p>\n<!-- \/wp:paragraph -->\n\n<!-- wp:heading -->\n<h2><strong>Gwiazdy Igrzysk<\/strong><\/h2>\n<!-- \/wp:heading -->\n\n<!-- wp:paragraph -->\n<p><strong>Emil Zatopek<\/strong> (Czechos\u0142owacja, lekkoatletyka) \u2013 3 z\u0142ote medale<br><strong>Dana Zatopek<\/strong> (Czechos\u0142owacja, lekkoatletyka) \u2013 1 z\u0142oty medal<\/p>\n<!-- \/wp:paragraph -->\n\n<!-- wp:heading -->\n<h2><strong>Polska Reprezentacja Olimpijska<\/strong><\/h2>\n<!-- \/wp:heading -->\n\n<!-- wp:paragraph -->\n<p>135 os\u00f3b (startowa\u0142o 125 \u2013 22 kobiety i 103 m\u0119\u017cczyzn) w 11 sportach: 11 bokser\u00f3w (10 startowa\u0142o + 1 rez.), 17 gimnastyk\u00f3w (w tym 9 kobiet; 16 startowa\u0142o + 1 rez.), 16 hokeist\u00f3w na trawie (14 startowa\u0142o + 2 rez.), 31 lekkoatlet\u00f3w (w tym 9 kobiet; 29 startowa\u0142o + 1 rez., 1 nie), 8 p\u0142ywak\u00f3w (w tym 2 kobiety (7 startowa\u0142o, 1 rez.), 4 ci\u0119\u017carowc\u00f3w, 17 pi\u0142karzy (15 startowa\u0142o + 2 rez.), 2 strzelc\u00f3w, 13 szermierzy (w tym 3 kobiety), 10 wio\u015blarzy, 6 zapa\u015bnik\u00f3w (5 startowa\u0142o, 1 nie).<\/p>\n<!-- \/wp:paragraph -->\n\n<!-- wp:paragraph -->\n<p>Chor\u0105\u017cym reprezentacji Polski by\u0142 wio\u015blarz <strong>Teodor Kocerka<\/strong>.<\/p>\n<!-- \/wp:paragraph -->\n\n<!-- wp:heading -->\n<h2><strong>Klasyfikacja medalowa<\/strong><\/h2>\n<!-- \/wp:heading -->\n\n<!-- wp:table {\"hasFixedLayout\":true,\"className\":\"is-style-stripes\"} -->\n<figure class=\"wp-block-table is-style-stripes\"><table class=\"has-fixed-layout\"><tbody><tr><td><\/td><td><\/td><td class=\"has-text-align-center\" data-align=\"center\">&nbsp;<\/td><td class=\"has-text-align-center\" data-align=\"center\">&nbsp;<\/td><td class=\"has-text-align-center\" data-align=\"center\">&nbsp;<\/td><td class=\"has-text-align-center\" data-align=\"center\">&nbsp;<\/td><\/tr><tr><td>&nbsp;<\/td><td>&nbsp;<\/td><td class=\"has-text-align-center\" data-align=\"center\">&nbsp;<\/td><td class=\"has-text-align-center\" data-align=\"center\"><img class=\"wp-image-27817\" style=\"width: 50px;\" src=\"https:\/\/olimpijski.pl\/wp-content\/uploads\/2016\/06\/2016_Rio_zloty_50x50.jpg\" alt=\"\"><\/td><td class=\"has-text-align-center\" data-align=\"center\"><img class=\"wp-image-27819\" style=\"width: 50px;\" src=\"https:\/\/olimpijski.pl\/wp-content\/uploads\/2016\/06\/2016_Rio_sreb_50x50.jpg\" alt=\"\"><\/td><td class=\"has-text-align-center\" data-align=\"center\"><img class=\"wp-image-27821\" style=\"width: 50px;\" src=\"https:\/\/olimpijski.pl\/wp-content\/uploads\/2016\/06\/2016_Rio_braz_50x50.jpg\" alt=\"\"><\/td><\/tr><tr><td>1.<\/td><td>USA<\/td><td class=\"has-text-align-center\" data-align=\"center\">76<\/td><td class=\"has-text-align-center\" data-align=\"center\">40<\/td><td class=\"has-text-align-center\" data-align=\"center\">19<\/td><td class=\"has-text-align-center\" data-align=\"center\">17<\/td><\/tr><tr><td>2.<\/td><td>ZSRR<\/td><td class=\"has-text-align-center\" data-align=\"center\">71<\/td><td class=\"has-text-align-center\" data-align=\"center\">22<\/td><td class=\"has-text-align-center\" data-align=\"center\">30<\/td><td class=\"has-text-align-center\" data-align=\"center\">19<\/td><\/tr><tr><td>3.<\/td><td>W\u0119gry<\/td><td class=\"has-text-align-center\" data-align=\"center\">42<\/td><td class=\"has-text-align-center\" data-align=\"center\">16<\/td><td class=\"has-text-align-center\" data-align=\"center\">10<\/td><td class=\"has-text-align-center\" data-align=\"center\">19<\/td><\/tr><tr><td>...<\/td><td>&nbsp;<\/td><td class=\"has-text-align-center\" data-align=\"center\">&nbsp;<\/td><td class=\"has-text-align-center\" data-align=\"center\">&nbsp;<\/td><td class=\"has-text-align-center\" data-align=\"center\">&nbsp;<\/td><td class=\"has-text-align-center\" data-align=\"center\">&nbsp;<\/td><\/tr><tr><td><strong>33.<\/strong><\/td><td><strong>Polska<\/strong><\/td><td class=\"has-text-align-center\" data-align=\"center\"><strong>4<\/strong><\/td><td class=\"has-text-align-center\" data-align=\"center\"><strong>1<\/strong><\/td><td class=\"has-text-align-center\" data-align=\"center\"><strong>2<\/strong><\/td><td class=\"has-text-align-center\" data-align=\"center\"><strong>1<\/strong><\/td><\/tr><\/tbody><\/table><\/figure>\n<!-- \/wp:table -->\n\n<!-- wp:heading -->\n<h2><strong>Medale dla Polski (4)<\/strong><\/h2>\n<!-- \/wp:heading -->\n\n<!-- wp:ub\/content-toggle-block {\"blockID\":\"6a4bf77c-c42d-48cf-86cd-6f66d1c7e3fb\",\"theme\":\"#f1f1f1\",\"collapsed\":true,\"titleColor\":\"#000000\"} -->\n<!-- wp:ub\/content-toggle-panel-block {\"parentID\":\"6a4bf77c-c42d-48cf-86cd-6f66d1c7e3fb\",\"theme\":\"#f1f1f1\",\"collapsed\":true,\"titleColor\":\"#000000\",\"panelTitle\":\"Z\u0142oty\"} -->\n<!-- wp:paragraph -->\n<p><\/p>\n<!-- \/wp:paragraph -->\n\n<!-- wp:media-text {\"align\":\"\",\"mediaId\":30230,\"mediaLink\":\"https:\/\/olimpijski.pl\/igrzyska_letnie\/helsinki-1952\/1952_helsinki_zloty_200\/#main\",\"mediaType\":\"image\",\"mediaWidth\":20} -->\n<div class=\"wp-block-media-text is-stacked-on-mobile\" style=\"grid-template-columns:20% auto\"><figure class=\"wp-block-media-text__media\"><img src=\"https:\/\/olimpijski.pl\/wp-content\/uploads\/1952\/06\/1952_Helsinki_zloty_200.jpg\" alt=\"\" class=\"wp-image-30230\"\/><\/figure><div class=\"wp-block-media-text__content\"><!-- wp:paragraph -->\n<p><strong>Zygmunt Chych\u0142a<\/strong><br>(boks, waga p\u00f3\u0142\u015brednia)<\/p>\n<!-- \/wp:paragraph --><\/div><\/div>\n<!-- \/wp:media-text -->\n<!-- \/wp:ub\/content-toggle-panel-block -->\n<!-- \/wp:ub\/content-toggle-block -->\n\n<!-- wp:ub\/content-toggle-block {\"blockID\":\"10c24053-1e9f-443d-8c6e-be0c82c74dc3\",\"theme\":\"#f1f1f1\",\"collapsed\":true,\"titleColor\":\"#000000\"} -->\n<!-- wp:ub\/content-toggle-panel-block {\"parentID\":\"10c24053-1e9f-443d-8c6e-be0c82c74dc3\",\"theme\":\"#f1f1f1\",\"collapsed\":true,\"titleColor\":\"#000000\",\"panelTitle\":\"Srebrne\"} -->\n<!-- wp:paragraph -->\n<p><\/p>\n<!-- \/wp:paragraph -->\n\n<!-- wp:media-text {\"align\":\"\",\"mediaId\":30232,\"mediaLink\":\"https:\/\/olimpijski.pl\/igrzyska_letnie\/helsinki-1952\/1952_helsinki_sreb_200\/#main\",\"mediaType\":\"image\",\"mediaWidth\":20} -->\n<div class=\"wp-block-media-text is-stacked-on-mobile\" style=\"grid-template-columns:20% auto\"><figure class=\"wp-block-media-text__media\"><img src=\"https:\/\/olimpijski.pl\/wp-content\/uploads\/1952\/06\/1952_Helsinki_sreb_200.jpg\" alt=\"\" class=\"wp-image-30232\"\/><\/figure><div class=\"wp-block-media-text__content\"><!-- wp:paragraph -->\n<p><strong>Aleksy Antkiewicz<\/strong><br>(boks, waga lekka)<\/p>\n<!-- \/wp:paragraph -->\n\n<!-- wp:paragraph -->\n<p><strong>Jerzy Jokiel<\/strong><br>(gimnastyka sportowa, \u0107wiczenia wolne)<\/p>\n<!-- \/wp:paragraph --><\/div><\/div>\n<!-- \/wp:media-text -->\n<!-- \/wp:ub\/content-toggle-panel-block -->\n<!-- \/wp:ub\/content-toggle-block -->\n\n<!-- wp:ub\/content-toggle-block {\"blockID\":\"9a7ad677-5265-4ca1-89f1-0e019a696b93\",\"theme\":\"#f1f1f1\",\"collapsed\":true,\"titleColor\":\"#000000\"} -->\n<!-- wp:ub\/content-toggle-panel-block {\"parentID\":\"9a7ad677-5265-4ca1-89f1-0e019a696b93\",\"theme\":\"#f1f1f1\",\"collapsed\":true,\"titleColor\":\"#000000\",\"panelTitle\":\"Br\u0105zowy\"} -->\n<!-- wp:paragraph -->\n<p><\/p>\n<!-- \/wp:paragraph -->\n\n<!-- wp:media-text {\"align\":\"\",\"mediaId\":30235,\"mediaLink\":\"https:\/\/olimpijski.pl\/igrzyska_letnie\/helsinki-1952\/1952_helsinki_braz_200\/#main\",\"mediaType\":\"image\",\"mediaWidth\":20} -->\n<div class=\"wp-block-media-text is-stacked-on-mobile\" style=\"grid-template-columns:20% auto\"><figure class=\"wp-block-media-text__media\"><img src=\"https:\/\/olimpijski.pl\/wp-content\/uploads\/1952\/06\/1952_Helsinki_braz_200.jpg\" alt=\"\" class=\"wp-image-30235\"\/><\/figure><div class=\"wp-block-media-text__content\"><!-- wp:paragraph -->\n<p><strong>Teodor Kocerka<\/strong><br>(wio\u015blarstwo, jedynki)<\/p>\n<!-- \/wp:paragraph --><\/div><\/div>\n<!-- \/wp:media-text -->\n<!-- \/wp:ub\/content-toggle-panel-block -->\n<!-- \/wp:ub\/content-toggle-block -->\n\n<!-- wp:quote {\"className\":\"is-style-default\"} -->\n<blockquote class=\"wp-block-quote is-style-default\"><p>Pierwszy z\u0142oty medal dla Polski po II wojnie \u015bwiatowej zdoby\u0142 w Helsinkach w wadze p\u00f3\u0142\u015bredniej bokser Zygmunt Chych\u0142a. Srebrny kr\u0105\u017cek w rywalizacji bokser\u00f3w przypad\u0142 w wadze lekkiej kolejnemu podopiecznemu trenera Feliksa Stamma, Aleksemu Antkiewiczowi, kt\u00f3ry poprawi\u0142 kolor kr\u0105\u017cka zdobytego przed czterema laty w Londynie na srebrny.<\/p><p>W igrzyskach po raz pierwszy wyst\u0105pili sportowcy z Antyli Holenderskich, Baham\u00f3w, Chi\u0144skiej republiki Ludowej, Ghany (jako Z\u0142ote Wybrze\u017ce), Gwatemali, Hongkongu, Indonezji, Izraela, Nigerii, Tajlandii, Wietnamu i ZSRR. Imprezami pokazowymi by\u0142y: pi\u0142ka r\u0119czna i baseball.<\/p><\/blockquote>\n<!-- \/wp:quote -->","post_title":"Helsinki 1952","post_excerpt":"","post_status":"publish","comment_status":"closed","ping_status":"closed","post_password":"","post_name":"helsinki-1952","to_ping":"","pinged":"","post_modified":"2020-10-02 15:46:41","post_modified_gmt":"2020-10-02 13:46:41","post_content_filtered":"","post_parent":0,"guid":"https:\/\/wai-q98d7hpf9hy9k.wpallimport-demo.qsandbox.me\/olympics_summer\/helsinki-1952\/","menu_order":0,"post_type":"olympics_summer","post_mime_type":"","comment_count":"0","filter":"raw"}],"competitions_rewards":[{"competition":[{"ID":5852,"post_author":"1","post_date":"2020-06-19 11:32:26","post_date_gmt":"2020-06-19 11:32:26","post_content":"","post_title":"Boks","post_excerpt":"","post_status":"publish","comment_status":"open","ping_status":"open","post_password":"","post_name":"boks","to_ping":"","pinged":"","post_modified":"2020-06-29 13:17:07","post_modified_gmt":"2020-06-29 11:17:07","post_content_filtered":"","post_parent":0,"guid":"https:\/\/wai-q7byvryhhcz9k.wpallimport-demo.qsandbox.me\/competition\/boks\/","menu_order":0,"post_type":"competition","post_mime_type":"","comment_count":"0","filter":"raw"}],"reward":""}]}],"picture":{"ID":31101,"id":31101,"title":"H.Niedzwiedzki","filename":"Henryk-Niedzwiedzki-bokser.jpg","filesize":294333,"url":"https:\/\/olimpijski.pl\/wp-content\/uploads\/2020\/06\/Henryk-Niedzwiedzki-bokser.jpg","link":"https:\/\/olimpijski.pl\/en\/olimpijczycy\/henryk-wladyslaw-niedzwiedzki\/h-niedzwiedzki\/#main","alt":"","author":"15","description":"","caption":"Warszawa 1966 r. Henryk Niedzwiedzki bokser olimpijczyk 1952- 1956 r. Zawodnik  Legii Warszawa. Fot. Jan Rozmarynowski\/Forum","name":"h-niedzwiedzki","status":"inherit","uploaded_to":14604,"date":"2020-10-07 11:08:41","modified":"2020-10-07 11:08:41","menu_order":0,"mime_type":"image\/jpeg","type":"image","subtype":"jpeg","icon":"https:\/\/olimpijski.pl\/wp-includes\/images\/media\/default.png","width":1317,"height":1920,"sizes":{"thumbnail":"https:\/\/olimpijski.pl\/wp-content\/uploads\/2020\/06\/Henryk-Niedzwiedzki-bokser-150x150.jpg","thumbnail-width":150,"thumbnail-height":150,"medium":"https:\/\/olimpijski.pl\/wp-content\/uploads\/2020\/06\/Henryk-Niedzwiedzki-bokser-206x300.jpg","medium-width":206,"medium-height":300,"medium_large":"https:\/\/olimpijski.pl\/wp-content\/uploads\/2020\/06\/Henryk-Niedzwiedzki-bokser-768x1120.jpg","medium_large-width":768,"medium_large-height":1120,"large":"https:\/\/olimpijski.pl\/wp-content\/uploads\/2020\/06\/Henryk-Niedzwiedzki-bokser-702x1024.jpg","large-width":702,"large-height":1024,"1536x1536":"https:\/\/olimpijski.pl\/wp-content\/uploads\/2020\/06\/Henryk-Niedzwiedzki-bokser-1054x1536.jpg","1536x1536-width":1054,"1536x1536-height":1536,"2048x2048":"https:\/\/olimpijski.pl\/wp-content\/uploads\/2020\/06\/Henryk-Niedzwiedzki-bokser.jpg","2048x2048-width":1317,"2048x2048-height":1920,"ultp_layout_landscape_large":"https:\/\/olimpijski.pl\/wp-content\/uploads\/2020\/06\/Henryk-Niedzwiedzki-bokser-1200x800.jpg","ultp_layout_landscape_large-width":1200,"ultp_layout_landscape_large-height":800,"ultp_layout_landscape":"https:\/\/olimpijski.pl\/wp-content\/uploads\/2020\/06\/Henryk-Niedzwiedzki-bokser-870x570.jpg","ultp_layout_landscape-width":870,"ultp_layout_landscape-height":570,"ultp_layout_portrait":"https:\/\/olimpijski.pl\/wp-content\/uploads\/2020\/06\/Henryk-Niedzwiedzki-bokser-600x900.jpg","ultp_layout_portrait-width":600,"ultp_layout_portrait-height":900,"ultp_layout_square":"https:\/\/olimpijski.pl\/wp-content\/uploads\/2020\/06\/Henryk-Niedzwiedzki-bokser-600x600.jpg","ultp_layout_square-width":600,"ultp_layout_square-height":600}},"firstname":"Henryk","lastname":"Nied\u017awiedzki (1933-2018)","birthdate_date":"06\/04\/1933","birthdate":"6 kwietnia 1933","deathdate_date":"09\/02\/2018","deathdate":"9 lutego 2018","placeofbirth":"Nied\u017awiady","club":"Zwi\u0105zkowiec Bydgoszcz, Kolejarz Brda Bydgoszcz, CWKS Legia Warszawa","coach":"Edward Rinke, Stanis\u0142aw Wasilewski","metrics":"168 cm \/ 60 kg","seolink":"niedzwiedzki-henryk-wladyslaw","tmp_old_id":"14748","tmp_old_fid":"294","tmp_old_parent_id":"15544","createdate":"27\/01\/2014","tmp_old_title":"Nied\u017awiedzki  Henryk W\u0142adys\u0142aw","tmp_old_lead":"","tmp_old_body":"<p class=\"title-m-02\">NIED\u0179WIEDZKI  HENRYK W\u0141ADYS\u0141AW<\/p><table  border=\"0\" align=\"LEFT\" cellpadding=\"0\" cellspacing=\"0\"> <tr> <td class=\"photo-td-01\"><table  border=\"0\" cellspacing=\"0\" cellpadding=\"0\"> <tr>  <td><img src=\"files\/old\/i\/olimpijczycy\/Niedzwiecki_Henryk_m.jpg\" alt=\"NIED\u0179WIEDZKI HENRYK W\u0141ADYS\u0141AW\" border=\"0\" width=\"50\" height=\"50\"><\/td> <\/tr> <\/table><\/td><\/tr><\/table><p><strong>pp\u0142k\u00a0s\u0142. st. WP, trener, jedyny (obok Pietrzykowskiego) bokser zdobywca br\u0105zowego medalu w Melbourne\u00a0(1956), wychowawca olimpijczyka Janusza Gortata.<br\/><\/strong><br\/>Urodzony 6 kwietnia 1933 w Nied\u017awiadach, woj. pomorskim, syn Stanis\u0142awa i Heleny Janowiak, absolwent Liceum Og\u00f3lnokszta\u0142c\u0105cego, pp\u0142k s\u0142. st. WP, trener; bokser (168 cm, 60 kg) wagi koguciej\u00a0- lekkop\u00f3\u0142\u015bredniej Zwi\u0105zkowca Bydgoszcz (1949-1950), Kolejarza Brdy Bydgoszcz (1951-1953), CWKS Legia Warszawa (1953-1959), mistrz Polski (1956) w w. lekkop\u00f3\u0142\u015bredniej, 6-krotny dru\u017cynowy mistrz kraju w barwach Legii (1953\/54\u00a0- 1958\/59), 16-krotny reprezentant Polski (1952-1956) w meczach mi\u0119dzypa\u0144stwowych (15 zwyci\u0119stw, 1 pora\u017cka). Pi\u0119\u015bciarz o nokautuj\u0105cym ciosie z lewej r\u0119ki, kt\u00f3ry najwi\u0119cej zawdzi\u0119cza dw\u00f3m trenerom (Edward Rinke, Stanis\u0142aw Wasilewski). Uczestnik mistrzostw Europy w Berlinie Zach. (1955), gdzie w wadze lekkiej odpad\u0142 ju\u017c w pierwszej walce eliminacyjnej. 2-krotnie dost\u0105pi\u0142 zaszczytu wyst\u0119pu olimpijskiego. Debiut olimpijski naszego 19-letniego pi\u0119\u015bciarza przebieg\u0142 pod znakiem zwyci\u0119stwa nad \u015bwietnym bokserem Wsp\u00f3lnoty Brytyjskiej i pora\u017ck\u0105 ze znakomicie wyszkolonym i utytu\u0142owanym Finem, kt\u00f3ry u siebie w domu zdoby\u0142\u00a0z\u0142oty medal. Cztery lata p\u00f3\u017aniej, wyst\u0119p znanych ju\u017c w Europie Polak\u00f3w zako\u0144czy\u0142 si\u0119 prawie kompletn\u0105 kl\u0119ska (chyba ze wzgl\u0119d\u00f3w aklimatyzacyjnych) jedynie\u00a0- obok Pietrzykowskiego - Nied\u017awiedzki zdo\u0142a\u0142 zdoby\u0107 br\u0105zowy medal, cho\u0107 walczy\u0142 z kontuzjowan\u0105 r\u0119k\u0105 i w zasadzie nie powinien w og\u00f3le polecie\u0107 do Australii. Jedn\u0105 r\u0119k\u0105 nie m\u00f3g\u0142 jednak pokona\u0107 \u015bwietnie dysponowanego zawodnika radzieckiego. W karierze sportowej stoczy\u0142 220 walk (199 zwyci\u0119stw - 4 remisy -17 pora\u017cek). Po zako\u0144czeniu kariery zawodniczej (1960, wbrew naciskom prze\u0142o\u017conych) zaj\u0105\u0142 si\u0119 prac\u0105 szkoleniow\u0105 w Legii. Mia\u0142 w niej znacz\u0105ce sukcesy. M.in. (wraz z nauczycielem wf\u00a0Zbigniewem J\u00f3\u017awiakiem) stworzy\u0142 zesp\u00f3\u0142 junior\u00f3w Legii z\u0142o\u017cony w ca\u0142o\u015bci z uczni\u00f3w Technikum Mechanicznego przy ul. Wi\u015bniowej. Czo\u0142owym jego wychowankiem by\u0142 Janusz Gortat. Zas\u0142u\u017cony Mistrz Sportu. \u017bonaty (Barbara) ma jedn\u0105 c\u00f3rk\u0119 (Ewa). Mieszka w Warszawie.<br\/><br\/>Bibl.: G\u0142uszek, Leksykon 1999, s. 280; Kurzy\u0144ski, Tysi\u0105c wspania\u0142ych (2), s. 164-165; Skotnicki, Od Olimpii do Atlanty, s. 180, 183; Du\u0144ski, Od Pary\u017ca, s. 589; Pawlak, Olimpijczycy, s. 180; Lis, Rekordy w plecaku, s. 79-93; Osm\u00f3lski, Leksykon boksu, s. 191.<br\/><strong>*1952 Helsinki: w. kogucia<\/strong>\u00a0- w\u00a0 pierwszej kolejce pokona\u0142\u00a0Australijczyka Ronaldo Gowera przez tko w I rundzie, w drugiej przegra\u0142 0:3 z Finem Pentti H\u00e4m\u00e4l\u00e4inenem, odp. z turnieju (zw. P. H\u00e4m\u00e4l\u00e4inen, Finlandia).<br\/><strong>*1956 Melbourne: w. pi\u00f3rkowa<\/strong>\u00a0- pierwsz\u0105 kolejk\u0119 przeszed\u0142 bez walki, w drugiej pokona\u0142 Leonarda Leischinga (P\u0142d. Afryka), w \u0107wier\u0107fin. zwyci\u0119\u017cy\u0142 Argenty\u0144czyka Tristana Falfana przez poddanie w I rundzie, w p\u00f3\u0142fin. przegra\u0142 z W\u0142adimirem Safronowem (ZSRR) zdobywaj\u0105c br\u0105zowy medal (zw. W. Safronow ZSRR).<\/p><!-- history --><table width=\"85%\" style=\"text-align:right\" border=\"0\" cellspacing=\"0\" cellpadding=\"0\">  <tr>    <td align=\"right\" class=\"box3-title\"><a href=\"javascript:history.back()\">\u00ab powr\u00f3t do listy<\/a><\/td>  <\/tr><\/table>","tmp_old_body_img":false,"tmp_old_lead_img":false,"picture_medalists":false,"important":"","person_achivments":"","group_knuie68fa087fd5h76":false},"_links":{"self":[{"href":"https:\/\/olimpijski.pl\/en\/wp-json\/wp\/v2\/person\/14604"}],"collection":[{"href":"https:\/\/olimpijski.pl\/en\/wp-json\/wp\/v2\/person"}],"about":[{"href":"https:\/\/olimpijski.pl\/en\/wp-json\/wp\/v2\/types\/person"}],"version-history":[{"count":3,"href":"https:\/\/olimpijski.pl\/en\/wp-json\/wp\/v2\/person\/14604\/revisions"}],"predecessor-version":[{"id":41045,"href":"https:\/\/olimpijski.pl\/en\/wp-json\/wp\/v2\/person\/14604\/revisions\/41045"}],"wp:featuredmedia":[{"embeddable":true,"href":"https:\/\/olimpijski.pl\/en\/wp-json\/wp\/v2\/media\/31101"}],"wp:attachment":[{"href":"https:\/\/olimpijski.pl\/en\/wp-json\/wp\/v2\/media?parent=14604"}],"curies":[{"name":"wp","href":"https:\/\/api.w.org\/{rel}","templated":true}]}}