{"id":14624,"date":"2020-06-24T16:49:36","date_gmt":"2020-06-24T14:49:36","guid":{"rendered":"http:\/\/pkol.local\/person\/nowak-zdzislaw-ignacy\/"},"modified":"2020-09-21T01:32:54","modified_gmt":"2020-09-20T23:32:54","slug":"nowak-zdzislaw-ignacy","status":"publish","type":"person","link":"https:\/\/olimpijski.pl\/en\/olimpijczycy\/nowak-zdzislaw-ignacy\/","title":{"rendered":"Nowak Zdzis\u0142aw Ignacy"},"content":{"rendered":"<p class=\"title-m-02\">NOWAK  ZDZIS\u0141AW IGNACY (1928-2000)<\/p>\n<p><strong>urz\u0119dnik, instruktor sportu, hokeista z Krynicy, mistrz i reprezentant Polski, olimpijczyk z Cortiny (1956).<br \/><\/strong><br \/>Urodzony 25 lutego 1928 w Krynicy, syn Stanis\u0142awa i Marii&nbsp;S\u0142aweckiej, absolwent szko\u0142y \u015bredniej, urz\u0119dnik, instruktor sportu, hokeista miejscowego KTH (1947-1951, 1956-1960) i Legii Warszawa (1952-1955), 5-krotny mistrz Polski: w barwach KTH (1950) i Legii (1952-1955) graj\u0105cy na \u015brodku napadu. Dobrze wyszkolony tak pod wzgl\u0119dem techniki kija jak i jazdy, niestety nie do ko\u0144ca rozwin\u0105\u0142 sw\u00f3j talent. 45-krotny reprezentant Polski (strzelec 15 bramek), olimpijczyk (1956) i uczestnik 2 turniej\u00f3w o M\u015a: 1955 RFN &#8211; 7 m. i 1957 Moskwa &#8211; 6 m. Br\u0105zowy medalista Akademickich M\u015a (1956). Wieloletni kierownik kina w Krynicy. Instruktor sportu. Dzia\u0142acz. Zas\u0142u\u017cony Mistrz Sportu. \u017bonaty (Ludmi\u0142a Feliksa Sumik ). Mia\u0142 dwoje dzieci. Zmar\u0142 w Krynicy 25 listopada 2000.<\/p>\n<p>Bibl.: G\u0142uszek, Leksykon 1999, s. 283 (tu b\u0142\u0119dne wyniki IO w Cortina); Pawlak, Olimpijczycy, s. 183;&nbsp;Porada, Igrzyska, s. 840; Doma\u0144ski, \u015aladem, s. 179, 181-182, 189-190; Ziele\u015bkiewicz, Encyklopedia, s. 156, 287; USC Krynica-Zdr\u00f3j, AU 13\/1928, AZ 195\/2000; Wywiad \u015brodowiskowy. <br \/><strong>*1956 Cortina d&#8217; Ampezzo: cz\u0142onek dru\u017cyny hokejowej<\/strong>, kt\u00f3ra po przegranej z USA 0:4 i Czechos\u0142owacj\u0105 3:8 oraz zwyci\u0119stwie nad Szwajcari\u0105 6:2 nie awansowa\u0142a do grupy fina\u0142owej; w turniej pocieszenia przegra\u0142a niespodziewanie z W\u0142ochami 2:5, ale wygra\u0142a z Austri\u0105 4:3 i zaj\u0119\u0142a ostatecznie w turnieju 8 m. (zw. ZSRR). Sk\u0142ad dru\u017cyny zob. &#8211; Bromowicz Henryk.<\/p>\n<p><!-- history --><\/p>\n<table width=\"85%\" style=\"text-align:right\" border=\"0\" cellspacing=\"0\" cellpadding=\"0\">\n<tr>\n<td align=\"right\" class=\"box3-title\"><a href=\"javascript:history.back()\">&laquo; powr\u00f3t do listy<\/a><\/td>\n<\/tr>\n<\/table>\n","protected":false},"excerpt":{"rendered":"<p>NOWAK ZDZIS\u0141AW IGNACY (1928-2000) urz\u0119dnik, instruktor sportu, hokeista z Krynicy, mistrz i reprezentant Polski, olimpijczyk z Cortiny (1956).Urodzony 25 lutego 1928 w<\/p>\n","protected":false},"featured_media":0,"menu_order":60,"template":"","meta":{"_acf_changed":false,"ub_ctt_via":"","footnotes":""},"class_list":["post-14624","person","type-person","status-publish","hentry","infinite-scroll-item","no-featured-image-padding"],"acf":{"olimpic_information":[{"olimpic":[{"ID":5905,"post_author":"15","post_date":"1956-06-17 13:54:39","post_date_gmt":"1956-06-17 12:54:39","post_content":"<!-- wp:heading {\"level\":1,\"className\":\"main-title\"} -->\n<h1 class=\"wp-block-heading main-title\"><strong>VII ZIO<\/strong><br>Cortina d'Ampezzo 1956<\/h1>\n<!-- \/wp:heading -->\n\n<!-- wp:paragraph -->\n<p><br><\/p>\n<!-- \/wp:paragraph -->\n\n<!-- wp:image {\"id\":19366,\"sizeSlug\":\"large\",\"align\":\"left\",\"className\":\"is-style-default\"} -->\n<figure class=\"wp-block-image alignleft size-large is-style-default\"><img src=\"https:\/\/olimpijski.pl\/wp-content\/uploads\/1956\/06\/cortina-d-ampezzo1956.png\" alt=\"\" class=\"wp-image-19366\"\/><\/figure>\n<!-- \/wp:image -->\n\n<!-- wp:list -->\n<ul class=\"wp-block-list\"><!-- wp:list-item -->\n<li>Igrzyska rozegrano w dniach <strong>26 stycznia \u2013 5 lutego<\/strong>.<\/li>\n<!-- \/wp:list-item -->\n\n<!-- wp:list-item -->\n<li>Wystartowa\u0142o <strong>821<\/strong> zawodnik\u00f3w (w tym <strong>134<\/strong> kobiety) z <strong>32<\/strong> kraj\u00f3w.<\/li>\n<!-- \/wp:list-item -->\n\n<!-- wp:list-item -->\n<li>Rozdano <strong>24<\/strong> komplety medali.<\/li>\n<!-- \/wp:list-item -->\n\n<!-- wp:list-item -->\n<li>Znicz olimpijski zapali\u0142 \u0142y\u017cwiarz szybki <strong>Guido Caroli<\/strong>.<\/li>\n<!-- \/wp:list-item -->\n\n<!-- wp:list-item -->\n<li>Igrzyska otworzy\u0142 <strong>prezydent W\u0142och Giovanni Gronchi<\/strong>.<\/li>\n<!-- \/wp:list-item --><\/ul>\n<!-- \/wp:list -->\n\n<!-- wp:heading -->\n<h2 class=\"wp-block-heading\"><strong>Program Igrzysk \u2013 6 dyscyplin i 24 konkurencje<\/strong><\/h2>\n<!-- \/wp:heading -->\n\n<!-- wp:paragraph -->\n<p>bobsleje (2 konkurencje), hokej na lodzie (1), \u0142y\u017cwiarstwo figurowe (3), \u0142y\u017cwiarstwo szybkie (4), narciarstwo alpejskie (6), narciarstwo klasyczne (8).<\/p>\n<!-- \/wp:paragraph -->\n\n<!-- wp:heading -->\n<h2 class=\"wp-block-heading\"><strong>Gwiazdy Igrzysk<\/strong><\/h2>\n<!-- \/wp:heading -->\n\n<!-- wp:paragraph -->\n<p><strong>Anton \u201eToni\u201d Sailer<\/strong> (Austria, narciarstwo alpejskie) \u2013 3 z\u0142ote medale<br><strong>Sixten Jernberg<\/strong> (Szwecja, biegi narciarskie) \u2013 1 z\u0142oty medal, 2 srebrne, 1 br\u0105zowy<\/p>\n<!-- \/wp:paragraph -->\n\n<!-- wp:heading -->\n<h2 class=\"wp-block-heading\"><strong>Polska Reprezentacja Olimpijska<\/strong><\/h2>\n<!-- \/wp:heading -->\n\n<!-- wp:paragraph -->\n<p><strong>52 osoby<\/strong> (startowa\u0142o 51 \u2013 7 kobiet i 44 m\u0119\u017cczyzn) w 3 sportach: 9 bobsleist\u00f3w, 17 hokeist\u00f3w, 26 narciarzy (w tym 7 kobiet; 25 startowa\u0142o + 1 rez.).<\/p>\n<!-- \/wp:paragraph -->\n\n<!-- wp:paragraph -->\n<p>Chor\u0105\u017cym reprezentacji Polski by\u0142 43-letni biegacz narciarski i lekkoatleta <strong>Tadeusz Kwapie\u0144<\/strong>.<\/p>\n<!-- \/wp:paragraph -->\n\n<!-- wp:heading -->\n<h2 class=\"wp-block-heading\"><strong>Klasyfikacja medalowa<\/strong><\/h2>\n<!-- \/wp:heading -->\n\n<!-- wp:table {\"className\":\"is-style-stripes\"} -->\n<figure class=\"wp-block-table is-style-stripes\"><table class=\"has-fixed-layout\"><tbody><tr><td><\/td><td><\/td><td class=\"has-text-align-center\" data-align=\"center\">&nbsp;<\/td><td class=\"has-text-align-center\" data-align=\"center\">&nbsp;<\/td><td class=\"has-text-align-center\" data-align=\"center\">&nbsp;<\/td><td class=\"has-text-align-center\" data-align=\"center\">&nbsp;<\/td><\/tr><tr><td>&nbsp;<\/td><td>&nbsp;<\/td><td class=\"has-text-align-center\" data-align=\"center\">&nbsp;<\/td><td class=\"has-text-align-center\" data-align=\"center\"><img class=\"wp-image-26068\" style=\"width: 50px;\" src=\"https:\/\/olimpijski.pl\/wp-content\/uploads\/1948\/06\/2008_Pekin_zloty_50x50.jpg\" alt=\"\"><\/td><td class=\"has-text-align-center\" data-align=\"center\"><img class=\"wp-image-26071\" style=\"width: 50px;\" src=\"https:\/\/olimpijski.pl\/wp-content\/uploads\/1948\/06\/2008_Pekin_sreb_50x50.jpg\" alt=\"\"><\/td><td class=\"has-text-align-center\" data-align=\"center\"><img class=\"wp-image-26073\" style=\"width: 50px;\" src=\"https:\/\/olimpijski.pl\/wp-content\/uploads\/1948\/06\/2008_Pekin_braz_50x50.jpg\" alt=\"\"><\/td><\/tr><tr><td>1.<\/td><td>ZSRR<\/td><td class=\"has-text-align-center\" data-align=\"center\">16<\/td><td class=\"has-text-align-center\" data-align=\"center\">7<\/td><td class=\"has-text-align-center\" data-align=\"center\">3<\/td><td class=\"has-text-align-center\" data-align=\"center\">6<\/td><\/tr><tr><td>2.<\/td><td>Austria<\/td><td class=\"has-text-align-center\" data-align=\"center\">11<\/td><td class=\"has-text-align-center\" data-align=\"center\">4<\/td><td class=\"has-text-align-center\" data-align=\"center\">3<\/td><td class=\"has-text-align-center\" data-align=\"center\">4<\/td><\/tr><tr><td>3.<\/td><td>Finlandia<\/td><td class=\"has-text-align-center\" data-align=\"center\">7<\/td><td class=\"has-text-align-center\" data-align=\"center\">3<\/td><td class=\"has-text-align-center\" data-align=\"center\">3<\/td><td class=\"has-text-align-center\" data-align=\"center\">1<\/td><\/tr><tr><td>...<\/td><td>&nbsp;<\/td><td class=\"has-text-align-center\" data-align=\"center\">&nbsp;<\/td><td class=\"has-text-align-center\" data-align=\"center\">&nbsp;<\/td><td class=\"has-text-align-center\" data-align=\"center\">&nbsp;<\/td><td class=\"has-text-align-center\" data-align=\"center\">&nbsp;<\/td><\/tr><tr><td>&nbsp;<\/td><td><strong>Polska<\/strong><\/td><td class=\"has-text-align-center\" data-align=\"center\"><strong>1<\/strong><\/td><td class=\"has-text-align-center\" data-align=\"center\"><strong>0<\/strong><\/td><td class=\"has-text-align-center\" data-align=\"center\"><strong>0<\/strong><\/td><td class=\"has-text-align-center\" data-align=\"center\"><strong>1<\/strong><\/td><\/tr><\/tbody><\/table><\/figure>\n<!-- \/wp:table -->\n\n<!-- wp:heading -->\n<h2 class=\"wp-block-heading\"><strong>Medale dla Polski (1)<\/strong><\/h2>\n<!-- \/wp:heading -->\n\n<!-- wp:paragraph -->\n<p>Br\u0105zowy \u2013 Franciszek G\u0105sienica Gro\u0144 (kombinacja norweska)<\/p>\n<!-- \/wp:paragraph -->\n\n<!-- wp:quote {\"className\":\"is-style-default\"} -->\n<blockquote class=\"wp-block-quote is-style-default\"><!-- wp:paragraph -->\n<p>Po raz pierwszy na olimpijskim \u015bniegu i lodzie pojawili si\u0119 sportowcy ZSRR i od razu wygrali klasyfikacj\u0119 medalow\u0105, a ich najwi\u0119kszym propagandowym sukcesem by\u0142o zwyci\u0119stwo w turnieju hokejowym i prze\u0142amanie hegemonii Kanadyjczyk\u00f3w.<\/p>\n<!-- \/wp:paragraph -->\n\n<!-- wp:paragraph -->\n<p>Polsce po raz pierwszy w historii start\u00f3w przypad\u0142 nieoczekiwanie medal olimpijski. By\u0142 to te\u017c pierwszy medal w kombinacji norweskiej zdobyty przez narciarza spoza Skandynawii.<\/p>\n<!-- \/wp:paragraph --><\/blockquote>\n<!-- \/wp:quote -->","post_title":"Cortina d'Ampezzo 1956","post_excerpt":"","post_status":"publish","comment_status":"closed","ping_status":"closed","post_password":"","post_name":"cortina-dampezzo-1956","to_ping":"","pinged":"","post_modified":"2025-12-17 14:36:00","post_modified_gmt":"2025-12-17 13:36:00","post_content_filtered":"","post_parent":0,"guid":"https:\/\/wai-q98d7hpf9hy9k.wpallimport-demo.qsandbox.me\/olympics_winter\/cortina-dampezzo-1956\/","menu_order":0,"post_type":"olympics_winter","post_mime_type":"","comment_count":"0","filter":"raw"}],"competitions_rewards":[{"competition":[{"ID":5840,"post_author":"1","post_date":"2020-06-19 11:32:26","post_date_gmt":"2020-06-19 11:32:26","post_content":"","post_title":"Hokej na lodzie","post_excerpt":"","post_status":"publish","comment_status":"open","ping_status":"open","post_password":"","post_name":"hokej-na-lodzie","to_ping":"","pinged":"","post_modified":"2020-06-29 13:13:11","post_modified_gmt":"2020-06-29 11:13:11","post_content_filtered":"","post_parent":0,"guid":"https:\/\/wai-q7byvryhhcz9k.wpallimport-demo.qsandbox.me\/competition\/hokej-na-lodzie\/","menu_order":0,"post_type":"competition","post_mime_type":"","comment_count":"0","filter":"raw"}],"reward":""},{"competition":null,"reward":""}]},{"olimpic":[{"ID":310,"post_author":"1","post_date":"1928-06-17 13:34:47","post_date_gmt":"1928-06-17 12:34:47","post_content":"<!-- wp:heading {\"level\":1,\"className\":\"main-title\"} -->\n<h1 class=\"main-title\">Igrzyska IX Olimpiady<br><strong>Amsterdam 1928<\/strong><\/h1>\n<!-- \/wp:heading -->\n\n<!-- wp:paragraph -->\n<p><br><\/p>\n<!-- \/wp:paragraph -->\n\n<!-- wp:image {\"align\":\"left\",\"id\":19258,\"sizeSlug\":\"large\"} -->\n<div class=\"wp-block-image\"><figure class=\"alignleft size-large\"><img src=\"https:\/\/olimpijski.pl\/wp-content\/uploads\/1928\/06\/amsterdam1928.png\" alt=\"\" class=\"wp-image-19258\"\/><\/figure><\/div>\n<!-- \/wp:image -->\n\n<!-- wp:list -->\n<ul><li>Igrzyska rozegrano w dniach <strong>17 maja \u2013 12 sierpnia<\/strong> [17\u201326 maja 1928 (hokej na trawie), 27 maja \u2013 3 czerwca 1928 (pi\u0142ka no\u017cna)].<\/li><li>Wystartowa\u0142o <strong>2883<\/strong> uczestnik\u00f3w (w tym <strong>277<\/strong> kobiet) z <strong>46<\/strong> kraj\u00f3w.<\/li><li>Rozdano <strong>109<\/strong> komplet\u00f3w medali.<\/li><li>Przysi\u0119g\u0119 w imieniu sportowc\u00f3w z\u0142o\u017cy\u0142 pi\u0142karz <strong>Leonard Barthlemie Denis<\/strong>.<\/li><li>Igrzyska otworzy\u0142 ksi\u0105\u017c\u0119 <strong>Hendrick Mecklenburg-Schwerin<\/strong>.<\/li><\/ul>\n<!-- \/wp:list -->\n\n<!-- wp:heading -->\n<h2><strong>Program Igrzysk \u2013 16 dyscyplin, 109 konkurencji<\/strong><\/h2>\n<!-- \/wp:heading -->\n\n<!-- wp:paragraph -->\n<p>boks (8 konkurencji), gimnastyka (8), hokej na trawie (1), je\u017adziectwo (6), kolarstwo (6), lekkoatletyka (27), pi\u0119ciob\u00f3j nowoczesny (1), pi\u0142ka no\u017cna (1), pi\u0142ka wodna (1), p\u0142ywanie (11), podnoszenie ci\u0119\u017car\u00f3w (5), skoki do wody (4), szermierka (7), wio\u015blarstwo (7), zapasy (13), \u017ceglarstwo (3).<\/p>\n<!-- \/wp:paragraph -->\n\n<!-- wp:heading -->\n<h2><strong>Gwiazdy Igrzysk<\/strong><\/h2>\n<!-- \/wp:heading -->\n\n<!-- wp:paragraph -->\n<p><strong>Herman Haenggi<\/strong> (Szwajcaria, gimnastyka) \u2013 2 z\u0142ote, 1 srebrny, 1 br\u0105z<br><strong>Georges Miez<\/strong> (Szwajcaria, gimnastyka) \u2013 3 z\u0142ote<br><strong>Paavo Nurmi<\/strong> (Finlandia, lekkoatletyka) \u2013 1 z\u0142oty, 2 srebrne<br><strong>Johnny Weismueller<\/strong> (USA, p\u0142ywanie) \u2013 2 z\u0142ote<br><strong>Albina Osipowichowa<\/strong> (USA, p\u0142ywanie) \u2013 2 z\u0142ote<\/p>\n<!-- \/wp:paragraph -->\n\n<!-- wp:heading -->\n<h2><strong>Polska Reprezentacja Olimpijska<\/strong><\/h2>\n<!-- \/wp:heading -->\n\n<!-- wp:paragraph -->\n<p>75 os\u00f3b (startowa\u0142o 66 \u2013 5 kobiet i 61 m\u0119\u017cczyzn) w 10 sportach: 4 bokser\u00f3w, 7 je\u017ad\u017ac\u00f3w (5 start + 2 rez.), 12 kolarzy (11 startowa\u0142o, 1 nie), 16 lekkoatlet\u00f3w (w tym 5 kobiet; 15 startowa\u0142o, 1 nie), 4 pi\u0119cioboist\u00f3w (3 startowa\u0142o, 1 nie), 2 p\u0142ywak\u00f3w (w tym 1 kobieta), 6 szermierzy, 17 wio\u015blarzy (14 startowa\u0142o + 3 rez.), 5 zapa\u015bnik\u00f3w (4 startowa\u0142o, 1 nie), 2 \u017ceglarzy.<\/p>\n<!-- \/wp:paragraph -->\n\n<!-- wp:paragraph -->\n<p>Chor\u0105\u017cym reprezentacji Polski by\u0142 zapa\u015bnik <strong>Marian Cieniewski<\/strong>.<\/p>\n<!-- \/wp:paragraph -->\n\n<!-- wp:heading -->\n<h2><strong>Klasyfikacja medalowa<\/strong><\/h2>\n<!-- \/wp:heading -->\n\n<!-- wp:table {\"hasFixedLayout\":true,\"className\":\"is-style-stripes\"} -->\n<figure class=\"wp-block-table is-style-stripes\"><table class=\"has-fixed-layout\"><tbody><tr><td><\/td><td><\/td><td class=\"has-text-align-center\" data-align=\"center\">&nbsp;<\/td><td class=\"has-text-align-center\" data-align=\"center\">&nbsp;<\/td><td class=\"has-text-align-center\" data-align=\"center\">&nbsp;<\/td><td class=\"has-text-align-center\" data-align=\"center\">&nbsp;<\/td><\/tr><tr><td>&nbsp;<\/td><td>&nbsp;<\/td><td class=\"has-text-align-center\" data-align=\"center\">&nbsp;<\/td><td class=\"has-text-align-center\" data-align=\"center\"><img class=\"wp-image-27817\" style=\"width: 50px;\" src=\"https:\/\/olimpijski.pl\/wp-content\/uploads\/2016\/06\/2016_Rio_zloty_50x50.jpg\" alt=\"\"><\/td><td class=\"has-text-align-center\" data-align=\"center\"><img class=\"wp-image-27819\" style=\"width: 50px;\" src=\"https:\/\/olimpijski.pl\/wp-content\/uploads\/2016\/06\/2016_Rio_sreb_50x50.jpg\" alt=\"\"><\/td><td class=\"has-text-align-center\" data-align=\"center\"><img class=\"wp-image-27821\" style=\"width: 50px;\" src=\"https:\/\/olimpijski.pl\/wp-content\/uploads\/2016\/06\/2016_Rio_braz_50x50.jpg\" alt=\"\"><\/td><\/tr><tr><td>1.<\/td><td>USA<\/td><td class=\"has-text-align-center\" data-align=\"center\">56<\/td><td class=\"has-text-align-center\" data-align=\"center\">22<\/td><td class=\"has-text-align-center\" data-align=\"center\">18<\/td><td class=\"has-text-align-center\" data-align=\"center\">16<\/td><\/tr><tr><td>2.<\/td><td>Niemcy<\/td><td class=\"has-text-align-center\" data-align=\"center\">31<\/td><td class=\"has-text-align-center\" data-align=\"center\">10<\/td><td class=\"has-text-align-center\" data-align=\"center\">7<\/td><td class=\"has-text-align-center\" data-align=\"center\">14<\/td><\/tr><tr><td>3.<\/td><td>Finlandia<\/td><td class=\"has-text-align-center\" data-align=\"center\">25<\/td><td class=\"has-text-align-center\" data-align=\"center\">8<\/td><td class=\"has-text-align-center\" data-align=\"center\">8<\/td><td class=\"has-text-align-center\" data-align=\"center\">9<\/td><\/tr><tr><td>...<\/td><td>&nbsp;<\/td><td class=\"has-text-align-center\" data-align=\"center\">&nbsp;<\/td><td class=\"has-text-align-center\" data-align=\"center\">&nbsp;<\/td><td class=\"has-text-align-center\" data-align=\"center\">&nbsp;<\/td><td class=\"has-text-align-center\" data-align=\"center\">&nbsp;<\/td><\/tr><tr><td><strong>21-22.<\/strong><\/td><td><strong>Polska<\/strong><\/td><td class=\"has-text-align-center\" data-align=\"center\"><strong>5<\/strong><\/td><td class=\"has-text-align-center\" data-align=\"center\"><strong>1<\/strong><\/td><td class=\"has-text-align-center\" data-align=\"center\"><strong>1<\/strong><\/td><td class=\"has-text-align-center\" data-align=\"center\"><strong>3<\/strong><\/td><\/tr><\/tbody><\/table><\/figure>\n<!-- \/wp:table -->\n\n<!-- wp:heading -->\n<h2><strong>Medale dla Polski (5)<\/strong><\/h2>\n<!-- \/wp:heading -->\n\n<!-- wp:ub\/content-toggle-block {\"blockID\":\"df8e2a5a-82a8-4f24-87e2-30492831c6fc\",\"theme\":\"#f1f1f1\",\"collapsed\":true,\"titleColor\":\"#000000\"} -->\n<!-- wp:ub\/content-toggle-panel-block {\"parentID\":\"df8e2a5a-82a8-4f24-87e2-30492831c6fc\",\"theme\":\"#f1f1f1\",\"collapsed\":true,\"titleColor\":\"#000000\",\"panelTitle\":\"Z\u0142oty\"} -->\n<!-- wp:paragraph -->\n<p><\/p>\n<!-- \/wp:paragraph -->\n\n<!-- wp:media-text {\"align\":\"\",\"mediaId\":30202,\"mediaLink\":\"https:\/\/olimpijski.pl\/igrzyska_letnie\/amsterdam-1928\/1928_amsterdam_zloty_200\/#main\",\"mediaType\":\"image\",\"mediaWidth\":20} -->\n<div class=\"wp-block-media-text is-stacked-on-mobile\" style=\"grid-template-columns:20% auto\"><figure class=\"wp-block-media-text__media\"><img src=\"https:\/\/olimpijski.pl\/wp-content\/uploads\/1928\/06\/1928_Amsterdam_zloty_200.jpg\" alt=\"\" class=\"wp-image-30202\"\/><\/figure><div class=\"wp-block-media-text__content\"><!-- wp:paragraph -->\n<p><strong>Halina Konopacka<\/strong><br>(lekkoatletyka, rzut dyskiem)<\/p>\n<!-- \/wp:paragraph --><\/div><\/div>\n<!-- \/wp:media-text -->\n<!-- \/wp:ub\/content-toggle-panel-block -->\n<!-- \/wp:ub\/content-toggle-block -->\n\n<!-- wp:ub\/content-toggle-block {\"blockID\":\"7bb790d6-4119-4c10-8275-0050b117058b\",\"theme\":\"#f1f1f1\",\"collapsed\":true,\"titleColor\":\"#000000\"} -->\n<!-- wp:ub\/content-toggle-panel-block {\"parentID\":\"7bb790d6-4119-4c10-8275-0050b117058b\",\"theme\":\"#f1f1f1\",\"collapsed\":true,\"titleColor\":\"#000000\",\"panelTitle\":\"Srebrny\"} -->\n<!-- wp:paragraph -->\n<p><\/p>\n<!-- \/wp:paragraph -->\n\n<!-- wp:media-text {\"align\":\"\",\"mediaId\":30204,\"mediaLink\":\"https:\/\/olimpijski.pl\/igrzyska_letnie\/amsterdam-1928\/1928_amsterdam_sreb_aw\/#main\",\"mediaType\":\"image\",\"mediaWidth\":20} -->\n<div class=\"wp-block-media-text is-stacked-on-mobile\" style=\"grid-template-columns:20% auto\"><figure class=\"wp-block-media-text__media\"><img src=\"https:\/\/olimpijski.pl\/wp-content\/uploads\/1928\/06\/1928_Amsterdam_sreb_aw.jpg\" alt=\"\" class=\"wp-image-30204\"\/><\/figure><div class=\"wp-block-media-text__content\"><!-- wp:paragraph -->\n<p><strong>Micha\u0142 Woysym-Antoniewicz, Kazimierz Gzowski, Kazimierz Szosland<\/strong><br>(je\u017adziectwo, skoki przez przeszkody)<\/p>\n<!-- \/wp:paragraph --><\/div><\/div>\n<!-- \/wp:media-text -->\n<!-- \/wp:ub\/content-toggle-panel-block -->\n<!-- \/wp:ub\/content-toggle-block -->\n\n<!-- wp:ub\/content-toggle-block {\"blockID\":\"c93581ba-53bc-42f5-aa8a-a0434da9f859\",\"theme\":\"#f1f1f1\",\"collapsed\":true,\"titleColor\":\"#000000\"} -->\n<!-- wp:ub\/content-toggle-panel-block {\"parentID\":\"c93581ba-53bc-42f5-aa8a-a0434da9f859\",\"theme\":\"#f1f1f1\",\"collapsed\":true,\"titleColor\":\"#000000\",\"panelTitle\":\"Br\u0105zowe\"} -->\n<!-- wp:paragraph -->\n<p><\/p>\n<!-- \/wp:paragraph -->\n\n<!-- wp:media-text {\"align\":\"\",\"mediaId\":30206,\"mediaLink\":\"https:\/\/olimpijski.pl\/igrzyska_letnie\/amsterdam-1928\/1928_amsterdam_braz_200\/#main\",\"mediaType\":\"image\",\"mediaWidth\":20} -->\n<div class=\"wp-block-media-text is-stacked-on-mobile\" style=\"grid-template-columns:20% auto\"><figure class=\"wp-block-media-text__media\"><img src=\"https:\/\/olimpijski.pl\/wp-content\/uploads\/1928\/06\/1928_Amsterdam_braz_200.jpg\" alt=\"\" class=\"wp-image-30206\"\/><\/figure><div class=\"wp-block-media-text__content\"><!-- wp:paragraph -->\n<p><strong>Micha\u0142 Woysym-Antoniewicz, Karol R\u00f3mmel, J\u00f3zef Trenkwald<\/strong><br>(je\u017adziectwo, WKKW)<\/p>\n<!-- \/wp:paragraph -->\n\n<!-- wp:paragraph -->\n<p><strong>Tadeusz Friedrich, Kazimierz Laskowski, Aleksander Ma\u0142ecki, Adam Papee,\u00a0W\u0142adys\u0142aw Segda, Jerzy Zabielski<\/strong><br>(szermierka, szabla dru\u017cynowo)<\/p>\n<!-- \/wp:paragraph -->\n\n<!-- wp:paragraph -->\n<p><strong>Leon Birkholc, Franciszek Bronikowski, Edmund Jankowski, Bernard Ormanowski i\u00a0sternik Boles\u0142aw Drewek<\/strong><br>(wio\u015blarstwo, czw\u00f3rka ze sternikiem)<\/p>\n<!-- \/wp:paragraph --><\/div><\/div>\n<!-- \/wp:media-text -->\n<!-- \/wp:ub\/content-toggle-panel-block -->\n<!-- \/wp:ub\/content-toggle-block -->\n\n<!-- wp:quote {\"className\":\"is-style-default\"} -->\n<blockquote class=\"wp-block-quote is-style-default\"><p>Igrzyska w Amsterdamie przynios\u0142y Polsce pierwszy z\u0142oty medal olimpijski. Konkurs rzutu dyskiem wygra\u0142a uznana potem za miss imprezy Halina Konopacka. Je\u017adziectwo zanotowa\u0142o kolejne dwa medale: srebrny i br\u0105zowy. Po raz pierwszy na podium pojawili si\u0119 polscy wio\u015blarze.<\/p><\/blockquote>\n<!-- \/wp:quote -->","post_title":"Amsterdam 1928","post_excerpt":"","post_status":"publish","comment_status":"closed","ping_status":"closed","post_password":"","post_name":"amsterdam-1928","to_ping":"","pinged":"","post_modified":"2020-10-02 15:14:59","post_modified_gmt":"2020-10-02 13:14:59","post_content_filtered":"","post_parent":0,"guid":"https:\/\/wai-q98d7hpf9hy9k.wpallimport-demo.qsandbox.me\/olympics_summer\/amsterdam-1928\/","menu_order":0,"post_type":"olympics_summer","post_mime_type":"","comment_count":"0","filter":"raw"}],"competitions_rewards":[{"competition":[{"ID":5819,"post_author":"1","post_date":"2020-06-19 11:32:23","post_date_gmt":"2020-06-19 11:32:23","post_content":"","post_title":"Lekkoatletyka","post_excerpt":"","post_status":"publish","comment_status":"open","ping_status":"open","post_password":"","post_name":"lekkoatletyka","to_ping":"","pinged":"","post_modified":"2020-06-29 13:17:08","post_modified_gmt":"2020-06-29 11:17:08","post_content_filtered":"","post_parent":0,"guid":"https:\/\/wai-q7byvryhhcz9k.wpallimport-demo.qsandbox.me\/competition\/lekkoatletyka\/","menu_order":0,"post_type":"competition","post_mime_type":"","comment_count":"0","filter":"raw"}],"reward":""},{"competition":null,"reward":""}]}],"picture":false,"firstname":"","lastname":"Nowak Zdzis\u0142aw Ignacy","birthdate_date":"25\/02\/1928","birthdate":"25 lutego 1928","deathdate_date":"","deathdate":"2000","placeofbirth":"","club":"","coach":"","metrics":"","seolink":"nowak-zdzislaw-ignacy","tmp_old_id":"13628","tmp_old_fid":"294","tmp_old_parent_id":"15544","createdate":"06\/11\/2013","tmp_old_title":"Nowak  Zdzis\u0142aw Ignacy (1928-2000)","tmp_old_lead":"","tmp_old_body":"<p class=\"title-m-02\">NOWAK  ZDZIS\u0141AW IGNACY (1928-2000)<\/p>\n\n<p><strong>urz\u0119dnik, instruktor sportu, hokeista z Krynicy, mistrz i reprezentant Polski, olimpijczyk z Cortiny (1956).<br\/><\/strong><br\/>Urodzony 25 lutego 1928 w Krynicy, syn Stanis\u0142awa i Marii&nbsp;S\u0142aweckiej, absolwent szko\u0142y \u015bredniej, urz\u0119dnik, instruktor sportu, hokeista miejscowego KTH (1947-1951, 1956-1960) i Legii Warszawa (1952-1955), 5-krotny mistrz Polski: w barwach KTH (1950) i Legii (1952-1955) graj\u0105cy na \u015brodku napadu. Dobrze wyszkolony tak pod wzgl\u0119dem techniki kija jak i jazdy, niestety nie do ko\u0144ca rozwin\u0105\u0142 sw\u00f3j talent. 45-krotny reprezentant Polski (strzelec 15 bramek), olimpijczyk (1956) i uczestnik 2 turniej\u00f3w o M\u015a: 1955 RFN - 7 m. i 1957 Moskwa - 6 m. Br\u0105zowy medalista Akademickich M\u015a (1956). Wieloletni kierownik kina w Krynicy. Instruktor sportu. Dzia\u0142acz. Zas\u0142u\u017cony Mistrz Sportu. \u017bonaty (Ludmi\u0142a Feliksa Sumik ). Mia\u0142 dwoje dzieci. Zmar\u0142 w Krynicy 25 listopada 2000.<br\/><br\/>Bibl.: G\u0142uszek, Leksykon 1999, s. 283 (tu b\u0142\u0119dne wyniki IO w Cortina); Pawlak, Olimpijczycy, s. 183;&nbsp;Porada, Igrzyska, s. 840; Doma\u0144ski, \u015aladem, s. 179, 181-182, 189-190; Ziele\u015bkiewicz, Encyklopedia, s. 156, 287; USC Krynica-Zdr\u00f3j, AU 13\/1928, AZ 195\/2000; Wywiad \u015brodowiskowy. <br\/><strong>*1956 Cortina d' Ampezzo: cz\u0142onek dru\u017cyny hokejowej<\/strong>, kt\u00f3ra po przegranej z USA 0:4 i Czechos\u0142owacj\u0105 3:8 oraz zwyci\u0119stwie nad Szwajcari\u0105 6:2 nie awansowa\u0142a do grupy fina\u0142owej; w turniej pocieszenia przegra\u0142a niespodziewanie z W\u0142ochami 2:5, ale wygra\u0142a z Austri\u0105 4:3 i zaj\u0119\u0142a ostatecznie w turnieju 8 m. (zw. ZSRR). Sk\u0142ad dru\u017cyny zob. - Bromowicz Henryk.<\/p>\n\n<!-- history -->\n<table width=\"85%\" style=\"text-align:right\" border=\"0\" cellspacing=\"0\" cellpadding=\"0\">\n  <tr>\n    <td align=\"right\" class=\"box3-title\"><a href=\"javascript:history.back()\">&laquo; powr\u00f3t do listy<\/a><\/td>\n  <\/tr>\n<\/table>","tmp_old_body_img":false,"tmp_old_lead_img":false,"picture_medalists":false,"important":""},"_links":{"self":[{"href":"https:\/\/olimpijski.pl\/en\/wp-json\/wp\/v2\/person\/14624"}],"collection":[{"href":"https:\/\/olimpijski.pl\/en\/wp-json\/wp\/v2\/person"}],"about":[{"href":"https:\/\/olimpijski.pl\/en\/wp-json\/wp\/v2\/types\/person"}],"version-history":[{"count":0,"href":"https:\/\/olimpijski.pl\/en\/wp-json\/wp\/v2\/person\/14624\/revisions"}],"wp:attachment":[{"href":"https:\/\/olimpijski.pl\/en\/wp-json\/wp\/v2\/media?parent=14624"}],"curies":[{"name":"wp","href":"https:\/\/api.w.org\/{rel}","templated":true}]}}