{"id":14627,"date":"2020-06-24T16:49:36","date_gmt":"2020-06-24T14:49:36","guid":{"rendered":"http:\/\/pkol.local\/person\/nowak-gierczak-nikitinowa-teresa\/"},"modified":"2024-10-21T15:21:32","modified_gmt":"2024-10-21T13:21:32","slug":"nowak-gierczak-nikitinowa-teresa","status":"publish","type":"person","link":"https:\/\/olimpijski.pl\/en\/olimpijczycy\/nowak-gierczak-nikitinowa-teresa\/","title":{"rendered":"Teresa Nowak-Nikitin (1942-2024)"},"content":{"rendered":"\n<p><br><br><br><br><strong>lekkoatletka, olimpijka z Monachium (1972).<\/strong><br><br>Urodzona 29 kwietnia 1942 w Piotrkowie Trybunalskim (c\u00f3rka Stanis\u0142awa) uko\u0144czy\u0142a miejscowe II Liceum Og\u00f3lnokszta\u0142c\u0105ce 1959) i pozna\u0144sk\u0105&nbsp;AWF (1978), gdzie otrzyma\u0142a tytu\u0142 magistra wf (specjalno\u015b\u0107 sport).<\/p>\n\n\n\n<p>P\u0142otkarka Concordii Piotrk\u00f3w Tryb. (1958-1960), Startu \u0141\u00f3d\u017a (1961) i Gwardii Warszawa (1962-1976), wychowanka trenera Sylwestra Niedzielskiego, podopieczna trener\u00f3w: Andrzeja Piotrowskiego i S\u0142awomira Nowaka. 25-krotna reprezentantka Polski w meczach&nbsp; mi\u0119dzypa\u0144stwowych 1965-1976 (26 start\u00f3w, 5 zwyci\u0119stw indywidualnych), 4-krotna mistrzyni kraju: w biegu na 80 m pp\u0142 (1967), 100 m pp\u0142 (1969, 1974) i sztafecie 4&#215;100 m (1967), 12-krotna rekordzista Polski w biegu na 80 m pp\u0142 (10.6 w 1967) i 100m pp\u0142 (od 13.8 w 1969 do 12.5 w 1974).<\/p>\n\n\n\n<p>3-krotna uczestniczka mistrzostw Europy (1969, 1971, 1974), podczas kt\u00f3rych zdoby\u0142a dwa&nbsp;br\u0105zowe medale w biegu na 100 m pp\u0142: w Atenach (1969) &#8211; 13.71 i w Rzymie (1974) &#8211; 12.91. Podczas 6-krotnego uczestnictwa w HME (1970, 1972-1976) zdoby\u0142a tak\u017ce br\u0105zowy medal w Rotterdamie (1973) w biegu 60 m pp\u0142 (8,23). Rekordy \u017cyciowe: 100 m &#8211; 11.8 (5 sierpnia 1971 Warszawa), 200 m &#8211; 24.3 (27 czerwca 1971 Warszawa), 80 m pp\u0142 &#8211; 10.6 (2 czerwca 1967 Warszawa), 100 m pp\u0142 -12.5 (22 czerwca 1974 Warszawa) i 12.91 (7 wrze\u015bnia 1974 Rzym), 200 m pp\u0142 &#8211; 27.5 (28 sierpnia 1970 Warszawa), w dal &#8211; 5.67 (23 lipca 1967 Mariestadt). Mistrzyni sportu.<\/p>\n\n\n\n<p>Zmar\u0142a 10 pa\u017adziernika 2024 roku w Sztokholmie.<\/p>\n\n\n\n<p><strong>*1972 Monachium: lekkoatletyka, 100 m pp\u0142<\/strong> &#8211; 3 m. w I przedb. (6 zaw.) z czasem 13.16, 4 m. w I p\u00f3\u0142fin. (8 zaw.) z&nbsp; czasem 13.10, 5 m. w finale (8 zaw.) z czasem 13.17 (zw. A. Ehrhardt NRD &#8211; 12.59).<\/p>\n\n\n\n<p><em>Bibl.: G\u0142uszek, Leksykon 1999, s. 283; Pawlak, Olimpijczycy, s. 183; Kurzy\u0144ski, Indeks LA 1957-1970 (oprac. niepubl.); \u0141ojewski, Mecze kobiet, s. 15; MP kobiet 1945-2001 (oprac. PZLA niepubl.); Encyklopedia (Statystyczna) LA, s. 176, 191, 193, 232, 233, 251, 256, 258, 259, 261; &#8220;Lekkoatletyka&#8221;, 1972, nr 11, s. 24; Mistrovstvi&nbsp;Evropy&nbsp;1934-1974, t. 2, s. 18, 19; European Indoor Handbook, s. 62; MES, t. 2, s. 206; Poznajmy ich bli\u017cej, Jestem optymistk\u0105, &#8220;Lekkoatletyka&#8221;, 1973, nr 2, s. 19-20; AAWF Pozna\u0144, nr dypl. 2732.<\/em><\/p>\n","protected":false},"excerpt":{"rendered":"<p>lekkoatletka, olimpijka z Monachium (1972). &#8230; <a class=\"read-more\" href=\"https:\/\/olimpijski.pl\/en\/olimpijczycy\/nowak-gierczak-nikitinowa-teresa\/\">Czytaj dalej<\/a><\/p>\n","protected":false},"featured_media":41743,"menu_order":60,"template":"","meta":{"_acf_changed":false,"ub_ctt_via":"","footnotes":""},"class_list":["post-14627","person","type-person","status-publish","has-post-thumbnail","hentry","infinite-scroll-item","no-featured-image-padding","resize-featured-image"],"acf":{"olimpic_information":[{"olimpic":[{"ID":301,"post_author":"1","post_date":"1972-06-17 13:34:45","post_date_gmt":"1972-06-17 12:34:45","post_content":"<!-- wp:heading {\"level\":1,\"className\":\"main-title\"} -->\n<h1 class=\"main-title\"><strong>Igrzyska XX Olimpiady<\/strong><br>Monachium 1972<\/h1>\n<!-- \/wp:heading -->\n\n<!-- wp:paragraph -->\n<p><br><\/p>\n<!-- \/wp:paragraph -->\n\n<!-- wp:image {\"align\":\"left\",\"id\":19334,\"sizeSlug\":\"large\",\"className\":\"is-style-default\"} -->\n<div class=\"wp-block-image is-style-default\"><figure class=\"alignleft size-large\"><img src=\"https:\/\/olimpijski.pl\/wp-content\/uploads\/1972\/06\/monachium1972.png\" alt=\"\" class=\"wp-image-19334\"\/><\/figure><\/div>\n<!-- \/wp:image -->\n\n<!-- wp:list -->\n<ul><li>Igrzyska rozegrano w dniach <strong>26 sierpnia \u2013 11 wrze\u015bnia<\/strong>.<\/li><li>Wystartowa\u0142o <strong>7132<\/strong> zawodnik\u00f3w (w tym <strong>1058<\/strong> kobiet) ze <strong>121<\/strong> kraj\u00f3w.<\/li><li>Rozdano <strong>195<\/strong> komplet\u00f3w medali.<\/li><li>Przysi\u0119g\u0119 olimpijsk\u0105 w imieniu sportowc\u00f3w z\u0142o\u017cy\u0142a lekkoatletka <strong>Heidi Schueller<\/strong>, natomiast w imieniu s\u0119dzi\u00f3w i trener\u00f3w \u2013 po raz pierwszy w historii igrzysk \u2013 <strong>Heinz Pollay<\/strong>.<\/li><li>Znicz olimpijski zapali\u0142 lekkoatleta specjalizuj\u0105cy si\u0119 w biegach na \u015brednich dystansach <strong>Guenther Zahn<\/strong>.<\/li><li>Igrzyska otworzy\u0142 <strong>prezydent RFN Gustav Heinemann<\/strong>.<\/li><\/ul>\n<!-- \/wp:list -->\n\n<!-- wp:heading -->\n<h2><strong>Program Igrzysk \u2013 23 dyscypliny, 195 konkurencji<\/strong><\/h2>\n<!-- \/wp:heading -->\n\n<!-- wp:paragraph -->\n<p>boks (11 konkurencji), gimnastyka (14), hokej na trawie (1), je\u017adziectwo (6), judo (6), kajakarstwo (11), kolarstwo (7), koszyk\u00f3wka (1), lekkoatletyka (38), \u0142ucznictwo (2), pi\u0119ciob\u00f3j nowoczesny (2), pi\u0142ka no\u017cna (1), pi\u0142ka r\u0119czna (1), pi\u0142ka siatkowa (2), pi\u0142ka wodna (1), p\u0142ywanie (29), podnoszenie ci\u0119\u017car\u00f3w (9), skoki do wody (4), strzelectwo (8), szermierka (8), wio\u015blarstwo (7), zapasy (20), \u017ceglarstwo (6).<\/p>\n<!-- \/wp:paragraph -->\n\n<!-- wp:heading -->\n<h2><strong>Gwiazda Igrzysk<\/strong><\/h2>\n<!-- \/wp:heading -->\n\n<!-- wp:paragraph -->\n<p><strong>Mark Spitz<\/strong> (USA, p\u0142ywanie) \u2013 7 z\u0142otych medali<\/p>\n<!-- \/wp:paragraph -->\n\n<!-- wp:heading -->\n<h2><strong>Polska Reprezentacja Olimpijska<\/strong><\/h2>\n<!-- \/wp:heading -->\n\n<!-- wp:paragraph -->\n<p><strong>309 os\u00f3b<\/strong> (startowa\u0142o 290 \u2013 37 kobiet i 253 m\u0119\u017cczyzn) w 22 sportach: 11 bokser\u00f3w, 14 gimnastyk\u00f3w (w tym 7 kobiet; 12 startowa\u0142o + 1 rez., 1 nie), 18 hokeist\u00f3w na trawie (17 startowa\u0142o + 1 rez.), 9 je\u017ad\u017ac\u00f3w (8 startowa\u0142o + 1 rez.), 4 judok\u00f3w, 25 kajakarzy (w tym 4 kobiety; 23 startowa\u0142o + 1 rez.), 14 kolarzy (12 startowa\u0142o + 2 rez.), 12 koszykarzy, 49 lekkoatlet\u00f3w (w tym 18 kobiet; 45 startowa\u0142o, 4 rez.), 4 \u0142ucznik\u00f3w (w tym 3 kobiety), 4 pi\u0119cioboist\u00f3w (3 start + 1 rez.), 19 pi\u0142karzy (17 startowa\u0142o + 2 rez.), 16 pi\u0142karzy r\u0119cznych (15 startowa\u0142o + 1 rez.), 12 siatkarzy, 5 p\u0142ywak\u00f3w, 3 skoczk\u00f3w do wody (w tym 2 kobiety), 9 ci\u0119\u017carowc\u00f3w, 13 strzelc\u00f3w (w tym 1 kobieta), 20 szermierzy (w tym 5 kobiet), 18 wio\u015blarzy (16 startowa\u0142o + 2 rez.), 18 zapa\u015bnik\u00f3w, 13 \u017ceglarzy (11 startowa\u0142o + 2 rez.).<\/p>\n<!-- \/wp:paragraph -->\n\n<!-- wp:paragraph -->\n<p>Chor\u0105\u017cym reprezentacji Polski by\u0142 po raz trzeci ci\u0119\u017carowiec <strong>Waldemar Baszanowski<\/strong>.<\/p>\n<!-- \/wp:paragraph -->\n\n<!-- wp:heading -->\n<h2><strong>Klasyfikacja medalowa<\/strong><\/h2>\n<!-- \/wp:heading -->\n\n<!-- wp:table {\"hasFixedLayout\":true,\"className\":\"is-style-stripes\"} -->\n<figure class=\"wp-block-table is-style-stripes\"><table class=\"has-fixed-layout\"><tbody><tr><td><\/td><td><\/td><td class=\"has-text-align-center\" data-align=\"center\">&nbsp;<\/td><td class=\"has-text-align-center\" data-align=\"center\">&nbsp;<\/td><td class=\"has-text-align-center\" data-align=\"center\">&nbsp;<\/td><td class=\"has-text-align-center\" data-align=\"center\">&nbsp;<\/td><\/tr><tr><td>&nbsp;<\/td><td>&nbsp;<\/td><td class=\"has-text-align-center\" data-align=\"center\">&nbsp;<\/td><td class=\"has-text-align-center\" data-align=\"center\"><img class=\"wp-image-27817\" style=\"width: 50px;\" src=\"https:\/\/olimpijski.pl\/wp-content\/uploads\/2016\/06\/2016_Rio_zloty_50x50.jpg\" alt=\"\"><\/td><td class=\"has-text-align-center\" data-align=\"center\"><img class=\"wp-image-27819\" style=\"width: 50px;\" src=\"https:\/\/olimpijski.pl\/wp-content\/uploads\/2016\/06\/2016_Rio_sreb_50x50.jpg\" alt=\"\"><\/td><td class=\"has-text-align-center\" data-align=\"center\"><img class=\"wp-image-27821\" style=\"width: 50px;\" src=\"https:\/\/olimpijski.pl\/wp-content\/uploads\/2016\/06\/2016_Rio_braz_50x50.jpg\" alt=\"\"><\/td><\/tr><tr><td>1.<\/td><td>ZSRR<\/td><td class=\"has-text-align-center\" data-align=\"center\">99<\/td><td class=\"has-text-align-center\" data-align=\"center\">50<\/td><td class=\"has-text-align-center\" data-align=\"center\">27<\/td><td class=\"has-text-align-center\" data-align=\"center\">22<\/td><\/tr><tr><td>2.<\/td><td>USA<\/td><td class=\"has-text-align-center\" data-align=\"center\">94<\/td><td class=\"has-text-align-center\" data-align=\"center\">33<\/td><td class=\"has-text-align-center\" data-align=\"center\">31<\/td><td class=\"has-text-align-center\" data-align=\"center\">30<\/td><\/tr><tr><td>3.<\/td><td>NRD<\/td><td class=\"has-text-align-center\" data-align=\"center\">66<\/td><td class=\"has-text-align-center\" data-align=\"center\">20<\/td><td class=\"has-text-align-center\" data-align=\"center\">23<\/td><td class=\"has-text-align-center\" data-align=\"center\">23<\/td><\/tr><tr><td>...<\/td><td>&nbsp;<\/td><td class=\"has-text-align-center\" data-align=\"center\">&nbsp;<\/td><td class=\"has-text-align-center\" data-align=\"center\">&nbsp;<\/td><td class=\"has-text-align-center\" data-align=\"center\">&nbsp;<\/td><td class=\"has-text-align-center\" data-align=\"center\">&nbsp;<\/td><\/tr><tr><td><strong>7.<\/strong><\/td><td><strong>Polska<\/strong><\/td><td class=\"has-text-align-center\" data-align=\"center\"><strong>21<\/strong><\/td><td class=\"has-text-align-center\" data-align=\"center\"><strong>7<\/strong><\/td><td class=\"has-text-align-center\" data-align=\"center\"><strong>5<\/strong><\/td><td class=\"has-text-align-center\" data-align=\"center\"><strong>9<\/strong><\/td><\/tr><\/tbody><\/table><\/figure>\n<!-- \/wp:table -->\n\n<!-- wp:heading -->\n<h2><strong>Medale dla Polski (21)<\/strong><\/h2>\n<!-- \/wp:heading -->\n\n<!-- wp:paragraph -->\n<p>z\u0142oty - W\u0142adys\u0142aw Komar (lekkoatletyka - pchni\u0119cie kul\u0105)<br>z\u0142oty - Witold Woyda (szermierka - turniej indywidualny florecist\u00f3w)<br>z\u0142oty - Jan Szczepa\u0144ski (boks - waga lekka)<br>z\u0142oty - Zygmunt Smalcerz (podnoszenie ci\u0119\u017car\u00f3w - waga 52 kg)<br>z\u0142oty - J\u00f3zef Zap\u0119dzki (strzelectwo - pistolet sylwetkowy)<br>z\u0142oty - Marek D\u0105browski, Arkadiusz Godel, Jerzy Kaczmarek, Lech Koziejowski i Witold Woyda (szermierka - turniej dru\u017cynowy florecist\u00f3w)<br>z\u0142oty - Zygmunt Anczok, Les\u0142aw \u0106mikiewicz, Kazimierz Deyna, Robert Gadocha, Zbigniew Gut, Jerzy Gorgo\u0144, Andrzej Jarosik, Kazimierz Kmiecik, Hubert Kostka, Jerzy Kraska, Grzegorz Lato, W\u0142odzimierz Luba\u0144ski, Joachim Marx, Zygmunt Maszczyk, Marian Ostafi\u0144ski, Marian Szeja, Zygfryd Szo\u0142tysik, Antoni Szymanowski i Ryszard Szymczak (pi\u0142ka no\u017cna)<\/p>\n<!-- \/wp:paragraph -->\n\n<!-- wp:paragraph -->\n<p>srebrny - Wies\u0142aw Rudkowski (boks - waga lekko\u015brednia)<br>srebrny - Antoni Zajkowski (judo - waga 71 kg)<br>srebrny - Norbert Ozimek (podnoszenie ci\u0119\u017car\u00f3w - waga 82,5 kg)<br>srebrny - Irena Szyd\u0142owska (\u0142ucznictwo - turniej indywidualny)<br>srebrny - Edward Barcik, Lucjan Lis, Stanis\u0142aw Szozda i Ryszard Szurkowski (kolarstwo - wy\u015bcig dru\u017cynowy na 100 km)<\/p>\n<!-- \/wp:paragraph -->\n\n<!-- wp:paragraph -->\n<p>br\u0105zowy - Leszek B\u0142a\u017cy\u0144ski (boks - waga musza)<br>br\u0105zowy - Janusz Gortat (boks - waga p\u00f3\u0142ci\u0119\u017cka)<br>br\u0105zowy - Irena Szewi\u0144ska (lekkoatletyka - bieg na 200 m)<br>br\u0105zowy - Ryszard Katus (lekkoatletyka - dziesi\u0119ciob\u00f3j)<br>br\u0105zowy - Kazimierz Lipie\u0144 (zapasy - styl klasyczny - waga 62 kg)<br>br\u0105zowy - Czes\u0142aw Kwieci\u0144ski (zapasy - styl klasyczny - waga 90 kg)<br>br\u0105zowy - Rafa\u0142 Piszcz i W\u0142adys\u0142aw Szuszkiewicz (kajakarstwo - wy\u015bcig K2 na 1000 m)<br>br\u0105zowy - Andrzej Bek i Benedykt Kocot (kolarstwo- torowy wy\u015bcig tandem\u00f3w)<br>br\u0105zowy - Zbigniew Kaczmarek (podnoszenie ci\u0119\u017car\u00f3w - waga 67,5 kg)<\/p>\n<!-- \/wp:paragraph -->\n\n<!-- wp:quote {\"className\":\"is-style-default\"} -->\n<blockquote class=\"wp-block-quote is-style-default\"><p>Bohaterem reprezentacji Polski by\u0142 szermierz Witold Woyda, zdobywca 2 z\u0142otych medali. Kolejny medal do swojej olimpijskiej kolekcji do\u0142o\u017cy\u0142a Irena Szewi\u0144ska. Wielkim sukcesem by\u0142o tak\u017ce z\u0142oto pi\u0142karskie podopiecznych legendarnego trenera Kazimierza G\u00f3rskiego.<br><br>W czasie igrzysk cz\u0142onkowie palesty\u0144skiej organizacji terrorystycznej Czarny Wrzesie\u0144 wzi\u0119li za zak\u0142adnik\u00f3w 11 cz\u0142onk\u00f3w ekipy izraelskiej. Zabili sportowc\u00f3w i trener\u00f3w oraz jednego policjanta. Pi\u0119ciu z o\u015bmiu terroryst\u00f3w zosta\u0142o zabitych podczas pr\u00f3by odbicia zak\u0142adnik\u00f3w, trzech pozosta\u0142ych schwytano.<\/p><\/blockquote>\n<!-- \/wp:quote -->","post_title":"Monachium 1972","post_excerpt":"","post_status":"publish","comment_status":"closed","ping_status":"closed","post_password":"","post_name":"monachium-1972","to_ping":"","pinged":"","post_modified":"2020-09-28 15:54:00","post_modified_gmt":"2020-09-28 13:54:00","post_content_filtered":"","post_parent":0,"guid":"https:\/\/wai-q98d7hpf9hy9k.wpallimport-demo.qsandbox.me\/olympics_summer\/monachium-1972\/","menu_order":0,"post_type":"olympics_summer","post_mime_type":"","comment_count":"0","filter":"raw"}],"competitions_rewards":[{"competition":[{"ID":5819,"post_author":"1","post_date":"2020-06-19 11:32:23","post_date_gmt":"2020-06-19 11:32:23","post_content":"","post_title":"Lekkoatletyka","post_excerpt":"","post_status":"publish","comment_status":"open","ping_status":"open","post_password":"","post_name":"lekkoatletyka","to_ping":"","pinged":"","post_modified":"2020-06-29 13:17:08","post_modified_gmt":"2020-06-29 11:17:08","post_content_filtered":"","post_parent":0,"guid":"https:\/\/wai-q7byvryhhcz9k.wpallimport-demo.qsandbox.me\/competition\/lekkoatletyka\/","menu_order":0,"post_type":"competition","post_mime_type":"","comment_count":"0","filter":"raw"}],"reward":""}]}],"picture":{"ID":41743,"id":41743,"title":"Teresa_Nowak_Nikitin","filename":"Teresa_Nowak_Nikitin.jpg","filesize":23296,"url":"https:\/\/olimpijski.pl\/wp-content\/uploads\/2020\/06\/Teresa_Nowak_Nikitin.jpg","link":"https:\/\/olimpijski.pl\/en\/olimpijczycy\/nowak-gierczak-nikitinowa-teresa\/teresa_nowak_nikitin\/#main","alt":"","author":"15","description":"","caption":"","name":"teresa_nowak_nikitin","status":"inherit","uploaded_to":14627,"date":"2021-04-29 11:34:01","modified":"2021-04-29 11:34:01","menu_order":0,"mime_type":"image\/jpeg","type":"image","subtype":"jpeg","icon":"https:\/\/olimpijski.pl\/wp-includes\/images\/media\/default.png","width":314,"height":416,"sizes":{"thumbnail":"https:\/\/olimpijski.pl\/wp-content\/uploads\/2020\/06\/Teresa_Nowak_Nikitin-150x150.jpg","thumbnail-width":150,"thumbnail-height":150,"medium":"https:\/\/olimpijski.pl\/wp-content\/uploads\/2020\/06\/Teresa_Nowak_Nikitin-226x300.jpg","medium-width":226,"medium-height":300,"medium_large":"https:\/\/olimpijski.pl\/wp-content\/uploads\/2020\/06\/Teresa_Nowak_Nikitin.jpg","medium_large-width":314,"medium_large-height":416,"large":"https:\/\/olimpijski.pl\/wp-content\/uploads\/2020\/06\/Teresa_Nowak_Nikitin.jpg","large-width":314,"large-height":416,"1536x1536":"https:\/\/olimpijski.pl\/wp-content\/uploads\/2020\/06\/Teresa_Nowak_Nikitin.jpg","1536x1536-width":314,"1536x1536-height":416,"2048x2048":"https:\/\/olimpijski.pl\/wp-content\/uploads\/2020\/06\/Teresa_Nowak_Nikitin.jpg","2048x2048-width":314,"2048x2048-height":416,"ultp_layout_landscape_large":"https:\/\/olimpijski.pl\/wp-content\/uploads\/2020\/06\/Teresa_Nowak_Nikitin.jpg","ultp_layout_landscape_large-width":314,"ultp_layout_landscape_large-height":416,"ultp_layout_landscape":"https:\/\/olimpijski.pl\/wp-content\/uploads\/2020\/06\/Teresa_Nowak_Nikitin.jpg","ultp_layout_landscape-width":314,"ultp_layout_landscape-height":416,"ultp_layout_portrait":"https:\/\/olimpijski.pl\/wp-content\/uploads\/2020\/06\/Teresa_Nowak_Nikitin.jpg","ultp_layout_portrait-width":314,"ultp_layout_portrait-height":416,"ultp_layout_square":"https:\/\/olimpijski.pl\/wp-content\/uploads\/2020\/06\/Teresa_Nowak_Nikitin.jpg","ultp_layout_square-width":314,"ultp_layout_square-height":416}},"firstname":"Teresa","lastname":"Nowak-Nikitin (1942-2024)","birthdate_date":"29\/04\/1942","birthdate":"29 kwietnia 1942","deathdate_date":"10\/10\/2024","deathdate":"10 pa\u017adziernika 2024","placeofbirth":"","club":"","coach":"","metrics":"","seolink":"nowak-gierczak-nikitinowa-teresa","tmp_old_id":"14246","tmp_old_fid":"294","tmp_old_parent_id":"15544","createdate":"06\/11\/2013","tmp_old_title":"Nowak (gierczak) - Nikitinowa Teresa","tmp_old_lead":"","tmp_old_body":"<p class=\"title-m-02\">NOWAK (GIERCZAK) - NIKITINOWA TERESA<\/p><p><strong>Urodzona 29 kwietnia 1942 w Piotrkowie Trybunalskim (c\u00f3rka Stanis\u0142awa) uko\u0144czy\u0142a miejscowe II Liceum Og\u00f3lnokszta\u0142c\u0105ce 1959) i pozna\u0144sk\u0105\u00a0 AWF (1978), gdzie otrzyma\u0142a tytu\u0142 magistra wf (specjalno\u015b\u0107 sport).<br\/><br\/><\/strong>P\u0142otkarka Concordii\u00a0Piotrk\u00f3w Tryb. (1958-1960), Startu \u0141\u00f3d\u017a (1961) i Gwardii Warszawa (1962-1976), wychowanka trenera Sylwestra Niedzielskiego, podopieczna trener\u00f3w: Andrzeja Piotrowskiego i S\u0142awomira Nowaka. 25-krotna reprezentantka Polski w meczach\u00a0 mi\u0119dzypa\u0144stwowych 1965-1976 (26 start\u00f3w, 5 zwyci\u0119stw indywidualnych), 4-krotna mistrzyni kraju: w biegu na 80 m p\u0142 (1967), 100 m p\u0142 (1969, 1974) i sztafecie 4x100 m (1967), 12-krotna rekordzista Polski w biegu na 80 m p\u0142 (10.6 w 1967) i 100m p\u0142 (od 13.8 w 1969 do 12.5 w 1974). 3-krotna uczestniczka mistrzostw Europy (1969, 1971, 1974) podczas kt\u00f3rych zdoby\u0142a dwa\u00a0 br\u0105zowe medale w\u00a0 biegu\u00a0 na 100 m p\u0142: w Atenach (1969) - 13.71 i w Rzymie (1974) - 12.91. Podczas 6-krotnego uczestnictwa w HME (1970, 1972-1976) zdoby\u0142a tak\u017ce br\u0105zowy medal\u00a0w Rotterdamie (1973) w biegu 60 m p\u0142 (8,23). Rekordy \u017cyciowe: 100 m - 11.8 (5 sierpnia 1971 Warszawa), 200 m - 24.3 (27 czerwca 1971 Warszawa), 80 m p\u0142 - 10.6 (2 czerwca 1967 Warszawa), 100 m p\u0142 -12.5 (22 czerwca 1974 Warszawa) i 12.91 (7 wrze\u015bnia 1974 Rzym), 200 m p\u0142 - 27.5 (28 sierpnia 1970 Warszawa), w dal - 5.67 (23 lipca 1967 Mariestadt). Mistrzyni sportu. M\u0119\u017catka. Mieszka w Szwecji.<br\/><br\/>Bibl.: G\u0142uszek, Leksykon 1999, s. 283; Pawlak, Olimpijczycy, s. 183; Kurzy\u0144ski, Indeks LA 1957-1970 (oprac. niepubl.); \u0141ojewski, Mecze kobiet, s. 15; MP kobiet 1945-2001 (oprac. PZLA niepubl.); Encyklopedia (Statystyczna) LA, s. 176, 191, 193, 232, 233, 251, 256, 258, 259, 261; \"Lekkoatletyka\", 1972, nr 11, s. 24; Mistrovstvi\u00a0Evropy\u00a01934-1974, t. 2, s. 18, 19; European Indoor Handbook, s. 62; MES, t. 2, s. 206; Poznajmy ich bli\u017cej, Jestem optymistk\u0105, \"Lekkoatletyka\", 1973, nr 2, s. 19-20; AAWF Pozna\u0144, nr dypl. 2732.<br\/><strong>*1972 Monachium: 100 m p\u0142<\/strong> - 3 m. w I przedb. (6 zaw.) z czasem 13.16, 4 m. w I p\u00f3\u0142fin. (8 zaw.) z\u00a0 czasem 13.10, 5 m. w finale (8 zaw.) z czasem 13.17 (zw. A. Ehrhardt NRD - 12.59).<\/p><!-- history --><table width=\"85%\" style=\"text-align:right\" border=\"0\" cellspacing=\"0\" cellpadding=\"0\">  <tr>    <td align=\"right\" class=\"box3-title\"><a href=\"javascript:history.back()\">\u00ab powr\u00f3t do listy<\/a><\/td>  <\/tr><\/table>","tmp_old_body_img":false,"tmp_old_lead_img":false,"picture_medalists":false,"important":"","group_knuie68fa087fd5h76":false,"person_achivments":""},"_links":{"self":[{"href":"https:\/\/olimpijski.pl\/en\/wp-json\/wp\/v2\/person\/14627"}],"collection":[{"href":"https:\/\/olimpijski.pl\/en\/wp-json\/wp\/v2\/person"}],"about":[{"href":"https:\/\/olimpijski.pl\/en\/wp-json\/wp\/v2\/types\/person"}],"version-history":[{"count":7,"href":"https:\/\/olimpijski.pl\/en\/wp-json\/wp\/v2\/person\/14627\/revisions"}],"predecessor-version":[{"id":90790,"href":"https:\/\/olimpijski.pl\/en\/wp-json\/wp\/v2\/person\/14627\/revisions\/90790"}],"wp:featuredmedia":[{"embeddable":true,"href":"https:\/\/olimpijski.pl\/en\/wp-json\/wp\/v2\/media\/41743"}],"wp:attachment":[{"href":"https:\/\/olimpijski.pl\/en\/wp-json\/wp\/v2\/media?parent=14627"}],"curies":[{"name":"wp","href":"https:\/\/api.w.org\/{rel}","templated":true}]}}