{"id":14634,"date":"2020-06-24T16:49:36","date_gmt":"2020-06-24T14:49:36","guid":{"rendered":"http:\/\/pkol.local\/person\/krystyna-nowakowska-snop-zawitkowska\/"},"modified":"2020-12-08T09:53:54","modified_gmt":"2020-12-08T08:53:54","slug":"krystyna-nowakowska-snop-zawitkowska","status":"publish","type":"person","link":"https:\/\/olimpijski.pl\/en\/olimpijczycy\/krystyna-nowakowska-snop-zawitkowska\/","title":{"rendered":"Krystyna Nowakowska-Zawitkowska (Snop) (1935-2019)"},"content":{"rendered":"\n<p><br><br><strong>nauczycielka wf, biegaczka na\u00a0\u015brednich dystansach, olimpijka z\u00a0Rzymu (1960).<br><\/strong><br>Urodzona 8 grudnia 1935 w\u00a0Ostrowcu \u015awi\u0119tokrzyskim, c\u00f3rka Ignacego i\u00a0Aleksandry Feliksiowskiej, absolwentka Studium Trenerskiego WSWF w\u00a0Poznaniu (1968) oraz\u00a0kurs\u00f3w w\u00a0O\u015brodku Doskonalenia Zawodowego Nauczycieli (1989), nauczycielka wf i\u00a0gimnastyki korekcyjno-kompensacyjnej.<\/p>\n\n\n\n<p>Lekkoatletka (164 cm \/ 58 kg) KSZO (Stali) Ostrowiec (1954-1958) i&nbsp;Legii Warszawa (1959-1966) specjalizuj\u0105ca si\u0119 w&nbsp;biegach \u015brednich. 25-krotna reprezentantka Polski w&nbsp;meczach mi\u0119dzypa\u0144stwowych 1957-1965 (25 start\u00f3w, 8 zwyci\u0119stw indywidualnych), 5-krotna rekordzistka kraju (w tym 3-krotna w&nbsp;biegu na&nbsp;800 m &#8211; 2.08.3 do&nbsp;2.05.8 w&nbsp;1962) i&nbsp;9-krotna mistrzyni Polski: 800 m (1958-1960, 1962) oraz&nbsp;w&nbsp;biegach prze\u0142. (1958,1959, 1961, 1962, 1964). Rekordy \u017cyciowe: 400 m &#8211; 57.6 (10 sierpnia 1961 Wa\u0142cz), 500 m &#8211; 1.15.2 (9 sierpnia 1959 Sopot) i&nbsp;800 m &#8211; 2.05.8 (16 wrze\u015bnia 1962 Belgrad).<\/p>\n\n\n\n<p>2-krotna uczestniczka mistrzostw Europy: w&nbsp;Sztokholmie (1958) odpad\u0142a w&nbsp;przedbiegu zajmuj\u0105c 4. miejsce (2.10.7), a&nbsp;w&nbsp;Belgradzie (1962) by\u0142a w&nbsp;finale 5 z&nbsp;wynikiem 2.05.8 (zw. Holenderka G. Kraan &#8211; 2.02.8). Czterokrotnie startowa\u0142a w&nbsp;presti\u017cowym mi\u0119dzynarodowym crossie gazety francuskiej L&#8217; Humanite w&nbsp;Pary\u017cu, zajmuj\u0105c w&nbsp;1963 zaszczytne drugie miejsce. Po zako\u0144czeniu kariery zawodniczej trener kadry biegaczek na&nbsp;\u015brednich dystansach (1966-1967), redaktor w&nbsp;miesi\u0119czniku &#8220;Lekka Atletyka&#8221; (1967-1971), trener bieg\u00f3w \u015brednich WKS &#8220;Legia&#8221;, KKS &#8220;&#8221;Polonia&#8221; i&nbsp;nauczycielka wf w&nbsp;Szkole Podstawowej Nr 34 w&nbsp;Warszawie. Zas\u0142u\u017cona Mistrzyni Sportu odznaczona m.in. Br\u0105zowym Medalem za Wybitne Osi\u0105gni\u0119cia Sportowe.<\/p>\n\n\n\n<p>Zmar\u0142a 15 listopada 2019 r.<\/p>\n\n\n\n<p><strong>*1960 Rzym: lekkoatletyka, 800 m<\/strong> &#8211; 3. miejsce w&nbsp;III przedb. (7 zaw.) z&nbsp;wynikiem 2.09.7, odp. z&nbsp;konk. (zw. L. Szewcowa, ZSRR &#8211; 2.04.3).<\/p>\n\n\n\n<p><em>Bibl.: G\u0142uszek, Leksykon 1999, s. 283; Pawlak, Olimpijczycy, s. 183; Kurzy\u0144ski, Indeks LA 1957-1970 (oprac. niepubl.); \u0141ojewski, Mecze kobiet, s. 15 ; MP kobiet 1945-2001 (oprac. PZLA niepubl.); Encyklopedia (Statystyczna) LA, s. 181, 230, 251, 258, 269; zur Megede, Die Geschichte der olympischen Leichtathletik, s. 223; Mistrovstvi Evropy 1934-1974, s. 12; European Championships 1934-1998, s. 53, 61; Michniak, \u015awi\u0119tokrzyski Leksykon Sportowy, s. 195.<\/em><\/p>\n","protected":false},"excerpt":{"rendered":"<p>nauczycielka wf, biegaczka na\u00a0\u015brednich dystansach, olimpijka z\u00a0Rzymu (1960). &#8230; <a class=\"read-more\" href=\"https:\/\/olimpijski.pl\/en\/olimpijczycy\/krystyna-nowakowska-snop-zawitkowska\/\">Czytaj dalej<\/a><\/p>\n","protected":false},"featured_media":36863,"menu_order":60,"template":"","meta":{"_acf_changed":false,"ub_ctt_via":"","footnotes":""},"class_list":["post-14634","person","type-person","status-publish","has-post-thumbnail","hentry","infinite-scroll-item","no-featured-image-padding","resize-featured-image"],"acf":{"olimpic_information":[{"olimpic":[{"ID":304,"post_author":"1","post_date":"1960-06-17 13:34:45","post_date_gmt":"1960-06-17 11:34:45","post_content":"<!-- wp:heading {\"level\":1,\"className\":\"main-title\"} -->\n<h1 class=\"wp-block-heading main-title\"><strong>Igrzyska XVII Olimpiady<\/strong><br>Rzym 1960<\/h1>\n<!-- \/wp:heading -->\n\n<!-- wp:paragraph -->\n<p><br><\/p>\n<!-- \/wp:paragraph -->\n\n<!-- wp:image {\"id\":19348,\"sizeSlug\":\"large\",\"align\":\"left\",\"className\":\"is-style-default\"} -->\n<figure class=\"wp-block-image alignleft size-large is-style-default\"><img src=\"https:\/\/olimpijski.pl\/wp-content\/uploads\/1960\/06\/rzym1960.png\" alt=\"\" class=\"wp-image-19348\"\/><\/figure>\n<!-- \/wp:image -->\n\n<!-- wp:list -->\n<ul><!-- wp:list-item -->\n<li>Igrzyska rozegrano w dniach <strong>25 sierpnia \u2013 11 wrze\u015bnia<\/strong>.<\/li>\n<!-- \/wp:list-item -->\n\n<!-- wp:list-item -->\n<li>Wystartowa\u0142o <strong>5338<\/strong> zawodnik\u00f3w (w tym <strong>611<\/strong> kobiet) z <strong>83<\/strong> kraj\u00f3w.<\/li>\n<!-- \/wp:list-item -->\n\n<!-- wp:list-item -->\n<li>Rozdano <strong>150<\/strong> komplet\u00f3w medali.<\/li>\n<!-- \/wp:list-item -->\n\n<!-- wp:list-item -->\n<li>Przysi\u0119g\u0119 w imieniu sportowc\u00f3w z\u0142o\u017cy\u0142 lekkoatleta <strong>Adolfo Consolini<\/strong>.<\/li>\n<!-- \/wp:list-item -->\n\n<!-- wp:list-item -->\n<li>Znicz zapali\u0142 posiadaj\u0105cy greckie korzenie <strong>Giancarlo Peris<\/strong> \u2013 W\u0142oski Komitet Olimpijski zdecydowa\u0142, \u017ce powinien go zapali\u0107 junior, zwyci\u0119zca biegu prze\u0142ajowego w tej kategorii wiekowej.<\/li>\n<!-- \/wp:list-item -->\n\n<!-- wp:list-item -->\n<li>Igrzyska otworzy\u0142 <strong>prezydent W\u0142och Giovanni Gronchi<\/strong>.<\/li>\n<!-- \/wp:list-item --><\/ul>\n<!-- \/wp:list -->\n\n<!-- wp:heading -->\n<h2 class=\"wp-block-heading\"><strong>Program Igrzysk \u2013 19 dyscyplin, 150 konkurencji<\/strong><\/h2>\n<!-- \/wp:heading -->\n\n<!-- wp:paragraph -->\n<p>boks (10 konkurencji), gimnastyka (14), hokej na trawie (1), je\u017adziectwo (5), kajakarstwo (7), kolarstwo (6), koszyk\u00f3wka (1), lekkoatletyka (34), pi\u0119ciob\u00f3j nowoczesny (2), pi\u0142ka no\u017cna (1), pi\u0142ka wodna (1), p\u0142ywanie (15), podnoszenie ci\u0119\u017car\u00f3w (7), skoki do wody (4), strzelectwo (6), szermierka (8), wio\u015blarstwo (7), zapasy (16), \u017ceglarstwo (5).<\/p>\n<!-- \/wp:paragraph -->\n\n<!-- wp:heading -->\n<h2 class=\"wp-block-heading\"><strong>Gwiazdy Igrzysk<\/strong><\/h2>\n<!-- \/wp:heading -->\n\n<!-- wp:paragraph -->\n<p><strong>Borys Szachlin<\/strong> (ZSRR, gimnastyka) \u2013 4 z\u0142ote medale, 2 srebrne i 1 br\u0105zowy<br><strong>Larysa \u0141atynina<\/strong>&nbsp;(ZSRR, gimnastyka) \u2013&nbsp;3 z\u0142ote, 2 srebrne, 1 br\u0105zowy<\/p>\n<!-- \/wp:paragraph -->\n\n<!-- wp:heading -->\n<h2 class=\"wp-block-heading\"><strong>Polska Reprezentacja Olimpijska<\/strong><\/h2>\n<!-- \/wp:heading -->\n\n<!-- wp:paragraph -->\n<p><strong>202 osoby<\/strong> (startowa\u0142o 185 \u2013 29 kobiet i 156 m\u0119\u017cczyzn) w 16 sportach: 10 bokser\u00f3w, 14 gimnastyk\u00f3w (w tym 7 kobiet; 12 startowa\u0142o + 2 rez.), 16 hokeist\u00f3w na trawie (13 startowa\u0142o + 3 rez.), 6 je\u017ad\u017ac\u00f3w (4 startowa\u0142o + 2 rez.), 8 kajakarzy (w tym 2 kobiety; 6 startowa\u0142o + 1 rez., 1 nie), 5 kolarzy, 12 koszykarzy, 51 lekkoatlet\u00f3w (w tym 16 kobiet; 49 startowa\u0142o + 2 rez.), 18 pi\u0142karzy (13 startowa\u0142o + 5 rez.), 3 pi\u0119cioboist\u00f3w, 7 p\u0142ywak\u00f3w (6 startowa\u0142o + 1 rez.), 7 ci\u0119\u017carowc\u00f3w, 7 strzelc\u00f3w, 21 szermierzy (w tym 5 kobiet), 5 wio\u015blarzy, 12 zapa\u015bnik\u00f3w.<\/p>\n<!-- \/wp:paragraph -->\n\n<!-- wp:paragraph -->\n<p>Chor\u0105\u017cym by\u0142 wio\u015blarz <strong>Teodor Kocerka<\/strong>.<\/p>\n<!-- \/wp:paragraph -->\n\n<!-- wp:heading -->\n<h2 class=\"wp-block-heading\"><strong>Klasyfikacja medalowa<\/strong><\/h2>\n<!-- \/wp:heading -->\n\n<!-- wp:table {\"hasFixedLayout\":true,\"className\":\"is-style-stripes\"} -->\n<figure class=\"wp-block-table is-style-stripes\"><table class=\"has-fixed-layout\"><tbody><tr><td><\/td><td><\/td><td class=\"has-text-align-center\" data-align=\"center\">&nbsp;<\/td><td class=\"has-text-align-center\" data-align=\"center\">&nbsp;<\/td><td class=\"has-text-align-center\" data-align=\"center\">&nbsp;<\/td><td class=\"has-text-align-center\" data-align=\"center\">&nbsp;<\/td><\/tr><tr><td>&nbsp;<\/td><td>&nbsp;<\/td><td class=\"has-text-align-center\" data-align=\"center\">&nbsp;<\/td><td class=\"has-text-align-center\" data-align=\"center\"><img class=\"wp-image-27817\" style=\"width: 50px;\" src=\"https:\/\/olimpijski.pl\/wp-content\/uploads\/2016\/06\/2016_Rio_zloty_50x50.jpg\" alt=\"\"><\/td><td class=\"has-text-align-center\" data-align=\"center\"><img class=\"wp-image-27819\" style=\"width: 50px;\" src=\"https:\/\/olimpijski.pl\/wp-content\/uploads\/2016\/06\/2016_Rio_sreb_50x50.jpg\" alt=\"\"><\/td><td class=\"has-text-align-center\" data-align=\"center\"><img class=\"wp-image-27821\" style=\"width: 50px;\" src=\"https:\/\/olimpijski.pl\/wp-content\/uploads\/2016\/06\/2016_Rio_braz_50x50.jpg\" alt=\"\"><\/td><\/tr><tr><td>1.<\/td><td>ZSRR<\/td><td class=\"has-text-align-center\" data-align=\"center\">103<\/td><td class=\"has-text-align-center\" data-align=\"center\">43<\/td><td class=\"has-text-align-center\" data-align=\"center\">29<\/td><td class=\"has-text-align-center\" data-align=\"center\">31<\/td><\/tr><tr><td>2.<\/td><td>USA<\/td><td class=\"has-text-align-center\" data-align=\"center\">71<\/td><td class=\"has-text-align-center\" data-align=\"center\">34<\/td><td class=\"has-text-align-center\" data-align=\"center\">21<\/td><td class=\"has-text-align-center\" data-align=\"center\">16<\/td><\/tr><tr><td>3.<\/td><td>W\u0142ochy<\/td><td class=\"has-text-align-center\" data-align=\"center\">36<\/td><td class=\"has-text-align-center\" data-align=\"center\">13<\/td><td class=\"has-text-align-center\" data-align=\"center\">10<\/td><td class=\"has-text-align-center\" data-align=\"center\">13<\/td><\/tr><tr><td>...<\/td><td>&nbsp;<\/td><td class=\"has-text-align-center\" data-align=\"center\">&nbsp;<\/td><td class=\"has-text-align-center\" data-align=\"center\">&nbsp;<\/td><td class=\"has-text-align-center\" data-align=\"center\">&nbsp;<\/td><td class=\"has-text-align-center\" data-align=\"center\">&nbsp;<\/td><\/tr><tr><td><strong>9.<\/strong><\/td><td><strong>Polska<\/strong><\/td><td class=\"has-text-align-center\" data-align=\"center\"><strong>21<\/strong><\/td><td class=\"has-text-align-center\" data-align=\"center\"><strong>4<\/strong><\/td><td class=\"has-text-align-center\" data-align=\"center\"><strong>6<\/strong><\/td><td class=\"has-text-align-center\" data-align=\"center\"><strong>11<\/strong><\/td><\/tr><\/tbody><\/table><\/figure>\n<!-- \/wp:table -->\n\n<!-- wp:heading -->\n<h2 class=\"wp-block-heading\"><strong>Medale dla Polski (21)<\/strong><\/h2>\n<!-- \/wp:heading -->\n\n<!-- wp:ub\/content-toggle-block {\"blockID\":\"d703506d-3cab-4ae7-bba6-c1f63e5faef8\",\"theme\":\"#f1f1f1\",\"collapsed\":true,\"titleColor\":\"#000000\"} -->\n<!-- wp:ub\/content-toggle-panel-block {\"parentID\":\"6d2bdf16-bc4c-43c4-a83f-43ee612c986d\",\"theme\":\"#f1f1f1\",\"collapsed\":true,\"titleColor\":\"#000000\",\"panelTitle\":\"Z\u0142ote\",\"blockID\":\"6f75d013-b6c3-4bb5-a060-deb5e307cb50\"} -->\n<!-- wp:paragraph -->\n<p><\/p>\n<!-- \/wp:paragraph -->\n\n<!-- wp:media-text {\"align\":\"wide\",\"mediaId\":30248,\"mediaType\":\"image\",\"mediaWidth\":20,\"isStackedOnMobile\":false,\"className\":\"is-stacked-on-mobile\"} -->\n<div class=\"wp-block-media-text alignwide is-stacked-on-mobile\" style=\"grid-template-columns:20% auto\"><figure class=\"wp-block-media-text__media\"><img src=\"https:\/\/olimpijski.pl\/wp-content\/uploads\/1960\/06\/1960_Rzym_zloty_200.jpg\" alt=\"\" class=\"wp-image-30248 size-full\"\/><\/figure><div class=\"wp-block-media-text__content\"><!-- wp:paragraph -->\n<p><strong>Zdzis\u0142aw Krzyszkowiak<\/strong><br>(lekkoatletyka, 3000m z przeszkodami)<\/p>\n<!-- \/wp:paragraph -->\n\n<!-- wp:paragraph -->\n<p><strong>J\u00f3zef Schmidt<\/strong><br>(lekkoatletyka, tr\u00f3jskok)<\/p>\n<!-- \/wp:paragraph -->\n\n<!-- wp:paragraph -->\n<p><strong>Ireneusz Pali\u0144ski<\/strong><br>(podnoszenie ci\u0119\u017car\u00f3w, 82,5 kg)<\/p>\n<!-- \/wp:paragraph -->\n\n<!-- wp:paragraph -->\n<p><strong>Kazimierz Pa\u017adzior<\/strong><br>(boks, waga lekka)<\/p>\n<!-- \/wp:paragraph --><\/div><\/div>\n<!-- \/wp:media-text -->\n<!-- \/wp:ub\/content-toggle-panel-block -->\n<!-- \/wp:ub\/content-toggle-block -->\n\n<!-- wp:ub\/content-toggle-block {\"blockID\":\"347fabe1-7fc8-4573-b872-e1e306314837\",\"theme\":\"#f1f1f1\",\"collapsed\":true,\"titleColor\":\"#000000\"} -->\n<!-- wp:ub\/content-toggle-panel-block {\"parentID\":\"b662193c-5a84-47eb-a9a5-76f446d5e30c\",\"theme\":\"#f1f1f1\",\"collapsed\":true,\"titleColor\":\"#000000\",\"panelTitle\":\"Srebrne\",\"blockID\":\"ed747d28-9a08-410b-b694-c97c0e315451\"} -->\n<!-- wp:paragraph -->\n<p><\/p>\n<!-- \/wp:paragraph -->\n\n<!-- wp:media-text {\"align\":\"wide\",\"mediaId\":30250,\"mediaType\":\"image\",\"mediaWidth\":20,\"isStackedOnMobile\":false,\"className\":\"is-stacked-on-mobile\"} -->\n<div class=\"wp-block-media-text alignwide is-stacked-on-mobile\" style=\"grid-template-columns:20% auto\"><figure class=\"wp-block-media-text__media\"><img src=\"https:\/\/olimpijski.pl\/wp-content\/uploads\/1960\/06\/1960_Rzym_sreb_200.jpg\" alt=\"\" class=\"wp-image-30250 size-full\"\/><\/figure><div class=\"wp-block-media-text__content\"><!-- wp:paragraph -->\n<p><strong>El\u017cbieta Krzesi\u0144ska<\/strong><br>(lekkoatletyka, skok w dal)<\/p>\n<!-- \/wp:paragraph -->\n\n<!-- wp:paragraph -->\n<p><strong>Jaros\u0142awa J\u00f3\u017awiakowska<\/strong><br>(lekkoatletyka, skok wzwy\u017c)<\/p>\n<!-- \/wp:paragraph -->\n\n<!-- wp:paragraph -->\n<p><strong>Jerzy Adamski<\/strong><br>(boks, waga pi\u00f3rkowa)<\/p>\n<!-- \/wp:paragraph -->\n\n<!-- wp:paragraph -->\n<p><strong>Tadeusz Walasek<\/strong><br>(boks, waga \u015brednia)<\/p>\n<!-- \/wp:paragraph -->\n\n<!-- wp:paragraph -->\n<p><strong>Zbigniew Pietrzykowski<\/strong><br>(boks, waga p\u00f3\u0142ci\u0119\u017cka)<\/p>\n<!-- \/wp:paragraph -->\n\n<!-- wp:paragraph -->\n<p><strong>Marian Kuszewski, Emil Ochyra, Jerzy Paw\u0142owski, Andrzej Pi\u0105tkowski, Wojciech Zab\u0142ocki, Ryszard Zub<\/strong><br>(szermierka, szabla dru\u017cynowo)<\/p>\n<!-- \/wp:paragraph --><\/div><\/div>\n<!-- \/wp:media-text -->\n<!-- \/wp:ub\/content-toggle-panel-block -->\n<!-- \/wp:ub\/content-toggle-block -->\n\n<!-- wp:ub\/content-toggle-block {\"blockID\":\"6c7378ab-a429-4ed7-a173-fb3e3494a047\",\"theme\":\"#f1f1f1\",\"collapsed\":true,\"titleColor\":\"#000000\"} -->\n<!-- wp:ub\/content-toggle-panel-block {\"parentID\":\"40cc4003-9e39-4c8d-965f-0ad01819e5ca\",\"theme\":\"#f1f1f1\",\"collapsed\":true,\"titleColor\":\"#000000\",\"panelTitle\":\"Br\u0105zowe\",\"blockID\":\"71fa9c40-d1a4-4c62-babe-89db9bcfdc96\"} -->\n<!-- wp:paragraph -->\n<p><\/p>\n<!-- \/wp:paragraph -->\n\n<!-- wp:media-text {\"align\":\"wide\",\"mediaId\":30252,\"mediaType\":\"image\",\"mediaWidth\":20,\"isStackedOnMobile\":false,\"className\":\"is-stacked-on-mobile\"} -->\n<div class=\"wp-block-media-text alignwide is-stacked-on-mobile\" style=\"grid-template-columns:20% auto\"><figure class=\"wp-block-media-text__media\"><img src=\"https:\/\/olimpijski.pl\/wp-content\/uploads\/1960\/06\/1960_Rzym_braz_200.jpg\" alt=\"\" class=\"wp-image-30252 size-full\"\/><\/figure><div class=\"wp-block-media-text__content\"><!-- wp:paragraph -->\n<p><strong>Brunon Bendig<\/strong><br>(boks - waga kogucia)<\/p>\n<!-- \/wp:paragraph -->\n\n<!-- wp:paragraph -->\n<p><strong>Leszek Drogosz<\/strong><br>(boks, waga lekkop\u00f3\u0142\u015brednia)<\/p>\n<!-- \/wp:paragraph -->\n\n<!-- wp:paragraph -->\n<p><strong>Marian Kasprzyk<\/strong><br>(boks, waga p\u00f3\u0142\u015brednia)<\/p>\n<!-- \/wp:paragraph -->\n\n<!-- wp:paragraph -->\n<p><strong>Danuta Walkowiak<\/strong><br>(kajakarstwo, K1 na 500 m)<\/p>\n<!-- \/wp:paragraph -->\n\n<!-- wp:paragraph -->\n<p><strong>Stefan Kap\u0142aniak, W\u0142adys\u0142aw Zieli\u0144ski<\/strong><br>(kajakarstwo, K2 na 1000 m)<\/p>\n<!-- \/wp:paragraph -->\n\n<!-- wp:paragraph -->\n<p><strong>Tadeusz Rut<\/strong><br>(lekkoatletyka, rzut m\u0142otem)<\/p>\n<!-- \/wp:paragraph -->\n\n<!-- wp:paragraph -->\n<p><strong>Kazimierz Zimny<\/strong><br>(lekkoatletyka, bieg na 5000 m)<\/p>\n<!-- \/wp:paragraph -->\n\n<!-- wp:paragraph -->\n<p><strong>Teresa Ciep\u0142y, Halina G\u00f3recka, Barbara Janiszewska, Celina Jesionowska<\/strong><br>(lekkoatletyka, sztafeta 4x100 m)<\/p>\n<!-- \/wp:paragraph -->\n\n<!-- wp:paragraph -->\n<p><strong>Teodor Kocerka<\/strong><br>(wio\u015blarstwo, jedynki)<\/p>\n<!-- \/wp:paragraph -->\n\n<!-- wp:paragraph -->\n<p><strong>Jan Bochenek<\/strong><br>(podnoszenie ci\u0119\u017car\u00f3w, waga 82,5 kg)<\/p>\n<!-- \/wp:paragraph -->\n\n<!-- wp:paragraph -->\n<p><strong>Tadeusz Trojanowski<\/strong><br>(zapasy, styl wolny - 60 kg)<\/p>\n<!-- \/wp:paragraph --><\/div><\/div>\n<!-- \/wp:media-text -->\n<!-- \/wp:ub\/content-toggle-panel-block -->\n<!-- \/wp:ub\/content-toggle-block -->\n\n<!-- wp:quote {\"className\":\"is-style-default\"} -->\n<blockquote class=\"wp-block-quote is-style-default\"><!-- wp:paragraph -->\n<p>Na starcie po raz pierwszy stan\u0119li sportowcy z Maroka, San Marino, Sudanu i Tunezji.<\/p>\n<!-- \/wp:paragraph --><\/blockquote>\n<!-- \/wp:quote -->","post_title":"Rzym 1960","post_excerpt":"","post_status":"publish","comment_status":"closed","ping_status":"closed","post_password":"","post_name":"rzym-1960","to_ping":"","pinged":"","post_modified":"2024-06-27 13:05:26","post_modified_gmt":"2024-06-27 11:05:26","post_content_filtered":"","post_parent":0,"guid":"https:\/\/wai-q98d7hpf9hy9k.wpallimport-demo.qsandbox.me\/olympics_summer\/rzym-1960\/","menu_order":0,"post_type":"olympics_summer","post_mime_type":"","comment_count":"0","filter":"raw"}],"competitions_rewards":[{"competition":[{"ID":5819,"post_author":"1","post_date":"2020-06-19 11:32:23","post_date_gmt":"2020-06-19 11:32:23","post_content":"","post_title":"Lekkoatletyka","post_excerpt":"","post_status":"publish","comment_status":"open","ping_status":"open","post_password":"","post_name":"lekkoatletyka","to_ping":"","pinged":"","post_modified":"2020-06-29 13:17:08","post_modified_gmt":"2020-06-29 11:17:08","post_content_filtered":"","post_parent":0,"guid":"https:\/\/wai-q7byvryhhcz9k.wpallimport-demo.qsandbox.me\/competition\/lekkoatletyka\/","menu_order":0,"post_type":"competition","post_mime_type":"","comment_count":"0","filter":"raw"}],"reward":""}]}],"picture":{"ID":36863,"id":36863,"title":"Krystyna_Nowakowska-Zawitkowska","filename":"Krystyna_Nowakowska-Zawitkowska.jpg","filesize":47320,"url":"https:\/\/olimpijski.pl\/wp-content\/uploads\/2020\/06\/Krystyna_Nowakowska-Zawitkowska.jpg","link":"https:\/\/olimpijski.pl\/en\/olimpijczycy\/krystyna-nowakowska-snop-zawitkowska\/krystyna_nowakowska-zawitkowska\/#main","alt":"","author":"15","description":"","caption":"","name":"krystyna_nowakowska-zawitkowska","status":"inherit","uploaded_to":14634,"date":"2020-12-08 08:53:26","modified":"2020-12-08 08:53:26","menu_order":0,"mime_type":"image\/jpeg","type":"image","subtype":"jpeg","icon":"https:\/\/olimpijski.pl\/wp-includes\/images\/media\/default.png","width":430,"height":545,"sizes":{"thumbnail":"https:\/\/olimpijski.pl\/wp-content\/uploads\/2020\/06\/Krystyna_Nowakowska-Zawitkowska-150x150.jpg","thumbnail-width":150,"thumbnail-height":150,"medium":"https:\/\/olimpijski.pl\/wp-content\/uploads\/2020\/06\/Krystyna_Nowakowska-Zawitkowska-237x300.jpg","medium-width":237,"medium-height":300,"medium_large":"https:\/\/olimpijski.pl\/wp-content\/uploads\/2020\/06\/Krystyna_Nowakowska-Zawitkowska.jpg","medium_large-width":430,"medium_large-height":545,"large":"https:\/\/olimpijski.pl\/wp-content\/uploads\/2020\/06\/Krystyna_Nowakowska-Zawitkowska.jpg","large-width":430,"large-height":545,"1536x1536":"https:\/\/olimpijski.pl\/wp-content\/uploads\/2020\/06\/Krystyna_Nowakowska-Zawitkowska.jpg","1536x1536-width":430,"1536x1536-height":545,"2048x2048":"https:\/\/olimpijski.pl\/wp-content\/uploads\/2020\/06\/Krystyna_Nowakowska-Zawitkowska.jpg","2048x2048-width":430,"2048x2048-height":545,"ultp_layout_landscape_large":"https:\/\/olimpijski.pl\/wp-content\/uploads\/2020\/06\/Krystyna_Nowakowska-Zawitkowska.jpg","ultp_layout_landscape_large-width":430,"ultp_layout_landscape_large-height":545,"ultp_layout_landscape":"https:\/\/olimpijski.pl\/wp-content\/uploads\/2020\/06\/Krystyna_Nowakowska-Zawitkowska.jpg","ultp_layout_landscape-width":430,"ultp_layout_landscape-height":545,"ultp_layout_portrait":"https:\/\/olimpijski.pl\/wp-content\/uploads\/2020\/06\/Krystyna_Nowakowska-Zawitkowska.jpg","ultp_layout_portrait-width":430,"ultp_layout_portrait-height":545,"ultp_layout_square":"https:\/\/olimpijski.pl\/wp-content\/uploads\/2020\/06\/Krystyna_Nowakowska-Zawitkowska.jpg","ultp_layout_square-width":430,"ultp_layout_square-height":545}},"firstname":"Krystyna","lastname":"Nowakowska-Zawitkowska (Snop) (1935-2019)","birthdate_date":"08\/12\/1935","birthdate":"8 grudnia 1935","deathdate_date":"15\/11\/2019","deathdate":"15 listopada 2019","placeofbirth":"Ostrowiec \u015awi\u0119tokrzyski","club":"KSZO Stal Ostrowiec, Legia Warszawa","coach":"","metrics":"164 cm \/ 58 kg","seolink":"nowakowska-snop-zawitkowska-krystyna","tmp_old_id":"14248","tmp_old_fid":"294","tmp_old_parent_id":"15544","createdate":"08\/12\/2014","tmp_old_title":"Nowakowska (snop) - Zawitkowska Krystyna","tmp_old_lead":"","tmp_old_body":"<p class=\"title-m-02\">NOWAKOWSKA (SNOP) - ZAWITKOWSKA KRYSTYNA<\/p><p><strong>nauczycielka wf, biegaczka na \u015brednich dystansach, olimpijka z Rzymu (1960).<br\/><\/strong><br\/>Urodzona 8 grudnia 1935 w Ostrowcu \u015awi\u0119tokrzyskim, c\u00f3rka Ignacego i Aleksandry Feliksiowskiej, absolwentka Studium Trenerskiego WSWF w Poznaniu (1968) oraz\u00a0 kurs\u00f3w w O\u015brodku Doskonalenia Zawodowego Nauczycieli (1989), nauczycielka wf i gimnastyki korekcyjno-kompensacyjnej, lekkoatletka (164 cm, 58 kg ) KSZO (Stali) Ostrowiec (1954-1958) i Legii Warszawa (1959-1966) specjalizuj\u0105ca si\u0119 w biegach \u015brednich. 25-krotna reprezentantka Polski w meczach mi\u0119dzypa\u0144stwowych 1957-1965 (25 start\u00f3w, 8 zwyci\u0119stw indywidualnych), 5-krotna rekordzistka kraju (w tym 3-krotna w biegu na 800 m - 2.08.3 do 2.05.8 w 1962 ) i 9-krotna mistrzyni Polski: 800 m (1958-1960, 1962) oraz w biegach prze\u0142. (1958,1959, 1961, 1962, 1964 ). Rekordy \u017cyciowe: 400 m - 57.6 (10 sierpnia 1961 Wa\u0142cz), 500 m - 1.15.2 (9 sierpnia 1959 Sopot) i 800 m - 2.05.8 (16 wrze\u015bnia 1962 Belgrad ). 2-krotna uczestniczka mistrzostw Europy: w Sztokholmie (1958) odpad\u0142a w przedbiegu zajmuj\u0105c 4 m. (2.10.7), a w Belgradzie (1962) by\u0142a w finale 5 z wynikiem 2.05.8 (zw. Holenderka G. Kraan - 2.02.8). Czterokrotnie startowa\u0142a w presti\u017cowym mi\u0119dzynarodowym crossie gazety francuskiej L' Humanite w Pary\u017cu, zajmuj\u0105c w 1963 zaszczytne drugie miejsce. Po zako\u0144czeniu kariery zawodniczej trener kadry biegaczek na \u015brednich dystansach (1966-1967), redaktor w miesi\u0119czniku \"Lekka Atletyka\" (1967-1971), trener bieg\u00f3w \u015brednich\u00a0 WKS \"Legia\", KKS \"\"Polonia\" i nauczycielka wf w Szkole Podstawowej Nr 34 w Warszawie. Zas\u0142u\u017cona Mistrzyni Sportu odznaczona m.in. Br\u0105zowym Medalem za Wybitne Osi\u0105gni\u0119cia Sportowe. M\u0119\u017catka (\u017cona lekarza), ma syna. Mieszka w Warszawie.<br\/><br\/>Bibl.: G\u0142uszek, Leksykon 1999, s. 283; Pawlak, Olimpijczycy, s. 183; Kurzy\u0144ski, Indeks LA 1957-1970 (oprac. niepubl.); \u0141ojewski, Mecze kobiet, s. 15 ; MP kobiet 1945-2001 (oprac. PZLA niepubl.); Encyklopedia (Statystyczna) LA, s. 181, 230, 251, 258, 269; zur Megede, Die Geschichte der olympischen Leichtathletik, s. 223; Mistrovstvi Evropy 1934-1974, s. 12; European Championships 1934-1998, s. 53, 61; Michniak, \u015awi\u0119tokrzyski Leksykon Sportowy, s. 195.<br\/><strong>*1960 Rzym: 800 m<\/strong> - 3 m. w III przedb. (7 zaw.) z wynikiem 2.09.7, odp. z konk. (zw. L. Szewcowa, ZSRR - 2.04.3).<\/p><!-- history --><table width=\"85%\" style=\"text-align:right\" border=\"0\" cellspacing=\"0\" cellpadding=\"0\">  <tr>    <td align=\"right\" class=\"box3-title\"><a href=\"javascript:history.back()\">\u00ab powr\u00f3t do listy<\/a><\/td>  <\/tr><\/table>","tmp_old_body_img":false,"tmp_old_lead_img":false,"picture_medalists":false,"important":"","person_achivments":""},"_links":{"self":[{"href":"https:\/\/olimpijski.pl\/en\/wp-json\/wp\/v2\/person\/14634"}],"collection":[{"href":"https:\/\/olimpijski.pl\/en\/wp-json\/wp\/v2\/person"}],"about":[{"href":"https:\/\/olimpijski.pl\/en\/wp-json\/wp\/v2\/types\/person"}],"version-history":[{"count":2,"href":"https:\/\/olimpijski.pl\/en\/wp-json\/wp\/v2\/person\/14634\/revisions"}],"predecessor-version":[{"id":36866,"href":"https:\/\/olimpijski.pl\/en\/wp-json\/wp\/v2\/person\/14634\/revisions\/36866"}],"wp:featuredmedia":[{"embeddable":true,"href":"https:\/\/olimpijski.pl\/en\/wp-json\/wp\/v2\/media\/36863"}],"wp:attachment":[{"href":"https:\/\/olimpijski.pl\/en\/wp-json\/wp\/v2\/media?parent=14634"}],"curies":[{"name":"wp","href":"https:\/\/api.w.org\/{rel}","templated":true}]}}