{"id":14637,"date":"2020-06-24T16:49:36","date_gmt":"2020-06-24T14:49:36","guid":{"rendered":"http:\/\/pkol.local\/person\/nowara-jozef-jan\/"},"modified":"2020-09-21T01:33:27","modified_gmt":"2020-09-20T23:33:27","slug":"nowara-jozef-jan","status":"publish","type":"person","link":"https:\/\/olimpijski.pl\/en\/olimpijczycy\/nowara-jozef-jan\/","title":{"rendered":"Nowara J\u00f3zef Jan"},"content":{"rendered":"<p class=\"title-m-02\">NOWARA J\u00d3ZEF JAN (1945-1984)<\/p>\n<table border=\"0\" cellspacing=\"0\" cellpadding=\"0\" align=\"LEFT\">\n<tbody>\n<tr>\n<td class=\"photo-td-01\">\n<table border=\"0\" cellspacing=\"0\" cellpadding=\"0\">\n<tbody>\n<tr>\n<td><img loading=\"lazy\" decoding=\"async\" src=\"\/files\/old\/i\/olimpijczycy\/Nowara_Jozef_m.jpg\" alt=\"NOWARA J\u00d3ZEF JAN \" width=\"50\" height=\"50\" border=\"0\" \/><\/td>\n<\/tr>\n<\/tbody>\n<\/table>\n<\/td>\n<\/tr>\n<\/tbody>\n<\/table>\n<p><strong>trener, szablista o d\u0142ugim sta\u017cu zawodniczym i reprezentacyjnym, trzykrotny olimpijczyk z Meksyku (1968), Monachium (1972) i Montrealu (1976).<br \/>\n<\/strong><br \/>\nUrodzony 25 lutego 1945 w Kostuchnie, pow. Tychy, syn Jerzego i Rozalii Paj\u0105k, absolwent Technikum Mechanicznego im. S. Starzy\u0144skiego w Warszawie (1970) i biela\u0144skiej AWF (1977), gdzie otrzyma\u0142 tytu\u0142 magistra wf (specjalizacja sport), szablista (180 cm, 70 kg) Baildonu Katowice (od 1961, wychowanek trener\u00f3w Antoniego Sobika i Teodora Zaczyka) i Legii Warszawa (1965-1977), trener Ryszard Zub). Mistrz (1975) i 4-krotny wicemistrz kraju w szabli (1969-1971, 1974) i 7-krotny mistrz Polski w dru\u017cynie (1965, 1966, 1968-1970, 1972, 1974). Bardzo ceniony i przydatny w dru\u017cynie narodowej: srebrny (1969, Hawana) i br\u0105zowy (1970, Ankara) medalista mistrzostw \u015bwiata. Po zako\u0144czeniu kariery zawodniczej wyjecha\u0142 do Luksemburga, gdzie szkoli\u0142 kadr\u0119 szermiercz\u0105 tego kraju. Zgin\u0105\u0142 tragicznie w wypadku samochodowym 10 kistopada 1984. W Luksemburgu organizowany jest turniej szpadzistek z cyklu Pucharu \u015awiata nazwany jego imieniem.<\/p>\n<p>Bibl.: G\u0142uszek, Leksykon 1999, s. 284 (uwaga, pomy\u0142ki w wynikach dru\u017c. igrzysk w Meksyku); Pawlak, Olimpijczycy, s. 184; MES, t. 2., s. 206; Borz\u0119cki, Bia\u0142\u0105 broni\u0105, s. 7, 12 i dalsze; \u0141uczak, Szermierka w Polsce, s. 89 i dalsze; Marzec, Historia medalami pisana, s. 76-77, 85; AAWF\u00a0 Warszawa, sygn. D\u00a0&#8211; 2612\/Z.<br \/>\n<strong>*1968 Meksyk: szabla ind.<\/strong>\u00a0&#8211; w pierwszej grupie elim. (7 zaw.) zaj\u0105\u0142 4 m. z 3 zw., w drugiej grupie elim. (6 zaw.) uplasowa\u0142 si\u0119 na 4 m. z 2 zw., w pierwszej walce pucharowej pokona\u0142 Francuza C. Arabo 5:0, w walce \u0107wier\u0107fin. przegra\u0142 z W\u0142ochem R. Rigoli 4:5, w p\u00f3\u0142fin. bara\u017cowym wygra\u0142 z Francuzem C. Arabo 5:2, a w finale zwyci\u0119\u017cy\u0142 W. Mawlichanowa (ZSRR) 5:3. W fina\u0142owej sz\u00f3stce przegra\u0142 wszystkie pojedynki zajmuj\u0105c 6 m. w turnieju (zw. Polak J. Paw\u0142owski); <strong>szabla dru\u017c.<\/strong>\u00a0&#8211; w grupie elim. (3 dru\u017c.) Polacy pokonali Kub\u0119 13:3 (3 zw. Nowary), w \u0107wier\u0107fin. przegrali z Francj\u0105 7:9 (1 zw.); w meczu dodatkowym wygrali z W. Brytani\u0105 9:2 (3 zw.), a w meczu o m. 5-6 pokonali USA 9:5 (3 zw.) zajmuj\u0105c ostatecznie w turnieju 5 m. (zw. ZSRR). Partnerami w dru\u017cynie byli: Z. Kawecki, E. Ochyra, J. Paw\u0142owski i F. Sobczak.<br \/>\n<strong>*1972 Monachium: szabla ind.<\/strong>\u00a0&#8211; 3 m. w grupie elim. (6 zaw.) z 2 zw., 4 m. w drugiej elim. grupowej (6 zaw.) z 2 zw., 5 m. w grupie \u0107wier\u0107fin. (6 zaw.) z 2 zw., odp. z turnieju; <strong>szabla dru\u017c.<\/strong>\u00a0&#8211; w grupie elim. (4 dru\u017c.) po zwyci\u0119stwach nad Austri\u0105 12:4 (2 zw.), Szwajcari\u0105 12:4 (3 zw.) i RFN 11:5 (3 zw.) Polacy zaj\u0119li 1 m.; w \u0107wier\u0107fin. przegrali z W\u0142ochami 2:9 (0 zw.); w meczu o m. 5-8 pokonali Francj\u0119 9:6 (nie walczy\u0142); w meczu o m. 5-6 zwyci\u0119\u017cyli Kub\u0119 9:5 (nie walczy\u0142), zajmuj\u0105c 5 m. (zw. W\u0142ochy). Partnerami w dru\u017cynie byli: K. Grzegorek, Z. Kawecki, J. Majewski i J. Paw\u0142owski.<br \/>\n<strong>*1976 Montreal: szabla ind.<\/strong>\u00a0&#8211; 2 m. w grupie elim. (5 zaw.) z 2 zw., 3 m. w drugiej elim. grupowej (6 zaw.) z 3 zw., 3 m. w trzeciej elim. grupowej (6 zaw.) z 2 zw.; w walkach pucharowych przegra\u0142 z W. Sidiakiem (ZSRR) 7:10 i z W\u0142ochem A. Arcidiacomo 6:10, odp. z konk. zajmuj\u0105c 13-16 m. (zw. W. Krowopuskow ZSRR); <strong>szabla dru\u017c.<\/strong>\u00a0&#8211; w grupie elim. (4 dru\u017c.) po zwyci\u0119stwach nad Argentyn\u0105 10:6 (4 zw.) i Iranem 9:7 (1 zw.) oraz pora\u017cce z W\u0119grami 6:8 (0 zw.) Polacy zaj\u0119li 2 m.; w grupie \u0107wier\u0107fin. przegrali z Rumuni\u0105 4:9 (1 zw.); w meczu o m. 5-8 pokonali\u00a0USA 9:3 (3 zw.); w meczu o m. 5-6 ulegli Kubie 6:9 (2 zw.), zajmuj\u0105c 6 m. w turnieju (zw. ZSRR). Partnerami w dru\u017cynie byli: J. Bierkowski, J. Jab\u0142onowski i S. Kr\u00f3likowski.<\/p>\n<p><!-- history --><\/p>\n<table style=\"text-align: right;\" border=\"0\" width=\"85%\" cellspacing=\"0\" cellpadding=\"0\">\n<tbody>\n<tr>\n<td class=\"box3-title\" align=\"right\"><a>\u00ab powr\u00f3t do listy<\/a><\/td>\n<\/tr>\n<\/tbody>\n<\/table>\n","protected":false},"excerpt":{"rendered":"<p>NOWARA J\u00d3ZEF JAN (1945-1984) trener, szablista o d\u0142ugim sta\u017cu zawodniczym i reprezentacyjnym, trzykrotny olimpijczyk z Meksyku (1968), Monachium (1972) i Montrealu (1976).<\/p>\n","protected":false},"featured_media":21240,"menu_order":60,"template":"","meta":{"_acf_changed":false,"ub_ctt_via":"","footnotes":""},"class_list":["post-14637","person","type-person","status-publish","has-post-thumbnail","hentry","infinite-scroll-item","no-featured-image-padding","resize-featured-image"],"acf":{"olimpic_information":[{"olimpic":[{"ID":302,"post_author":"1","post_date":"1968-06-17 13:34:45","post_date_gmt":"1968-06-17 12:34:45","post_content":"<!-- wp:heading {\"level\":1,\"className\":\"main-title\"} -->\n<h1 class=\"main-title\"><strong>Igrzyska XIX Olimpiady<\/strong><br>Meksyk 1968<\/h1>\n<!-- \/wp:heading -->\n\n<!-- wp:paragraph -->\n<p><br><\/p>\n<!-- \/wp:paragraph -->\n\n<!-- wp:image {\"align\":\"left\",\"id\":19330,\"sizeSlug\":\"large\",\"className\":\"is-style-default\"} -->\n<div class=\"wp-block-image is-style-default\"><figure class=\"alignleft size-large\"><img src=\"https:\/\/olimpijski.pl\/wp-content\/uploads\/1968\/06\/meksyk1968.png\" alt=\"\" class=\"wp-image-19330\"\/><\/figure><\/div>\n<!-- \/wp:image -->\n\n<!-- wp:list -->\n<ul><li>Igrzyska rozegrano w dniach <strong>12-27 pa\u017adziernika<\/strong>.<\/li><li>Wystartowa\u0142o <strong>5516<\/strong> zawodnik\u00f3w (w tym <strong>781<\/strong> kobiet) ze <strong>112<\/strong>.<\/li><li>Rozdano <strong>172<\/strong> komplety medali.<\/li><li>Przysi\u0119g\u0119 olimpijsk\u0105 w imieniu sportowc\u00f3w z\u0142o\u017cy\u0142 lekkoatleta <strong>Pablo Garrido<\/strong>.<\/li><li>Znicz zapali\u0142a sprinterka i uczestniczka igrzysk <strong>Norma Enriqueta Basilio de Sotelo<\/strong> staj\u0105c si\u0119 pierwsz\u0105 w historii igrzysk kobiet\u0105, kt\u00f3ra zapali\u0142a znicz olimpijski.<\/li><li>Igrzyska otworzy\u0142 <strong>prezydent Meksyku Gustavo Diaz Ordaz<\/strong>.<\/li><\/ul>\n<!-- \/wp:list -->\n\n<!-- wp:heading -->\n<h2><strong>Program Igrzysk \u2013 20 dyscyplin, 172 konkurencje<\/strong><\/h2>\n<!-- \/wp:heading -->\n\n<!-- wp:paragraph -->\n<p>boks (11 konkurencji), gimnastyka (14), hokej na trawie (1), je\u017adziectwo (6), kajakarstwo (7), kolarstwo (7), koszyk\u00f3wka (1), lekkoatletyka (36), pi\u0119ciob\u00f3j nowoczesny (2), pi\u0142ka no\u017cna (1), pi\u0142ka siatkowa (2), pi\u0142ka wodna (1), p\u0142ywanie (29), podnoszenie ci\u0119\u017car\u00f3w (7), skoki do wody (4), strzelectwo (7), szermierka (8), wio\u015blarstwo (7), zapasy (16), \u017ceglarstwo (5).<\/p>\n<!-- \/wp:paragraph -->\n\n<!-- wp:heading -->\n<h2><strong>Gwiazdy Igrzysk<\/strong><\/h2>\n<!-- \/wp:heading -->\n\n<!-- wp:paragraph -->\n<p><strong>Vera Caslavska<\/strong> (Czechos\u0142owacja, gimnastyka) \u2013 4 z\u0142ote medale, 2 srebrne<br><strong>Al Oerter <\/strong>(USA, lekkoatletyka) \u2013 czwarty z rz\u0119du z\u0142oty medal w rzucie dyskiem.<\/p>\n<!-- \/wp:paragraph -->\n\n<!-- wp:heading -->\n<h2><strong>Polska Reprezentacja Olimpijska<\/strong><\/h2>\n<!-- \/wp:heading -->\n\n<!-- wp:paragraph -->\n<p><strong>186 os\u00f3b <\/strong>(startowa\u0142o 177 \u2013 37 kobiet i 140 m\u0119\u017cczyzn) w 15 sportach: 11 bokser\u00f3w, 14 gimnastyk\u00f3w (w tym 7 kobiet; 12 startowa\u0142o + 2 rez.), 4 je\u017ad\u017ac\u00f3w, 8 kajakarzy (w tym 3 kobiety), 12 kolarzy (10 startowa\u0142o + 2 rez.), 33 lekkoatlet\u00f3w (w tym 8 kobiet; 31 startowa\u0142o + 2 rez.), 12 koszykarzy, 24 siatkarzy (w tym 12 kobiet), 9 p\u0142ywak\u00f3w (w tym 2 kobiety), 8 ci\u0119\u017carowc\u00f3w (7 startowa\u0142o + 1 rez.), 12 strzelc\u00f3w (w tym 1 kobieta; 11 startowa\u0142o +1 rez.), 20 szermierzy (w tym 5 kobiet), 3 wio\u015blarzy, 12 zapa\u015bnik\u00f3w, 4 \u017ceglarzy (3 startowa\u0142o + 1 rez.).<\/p>\n<!-- \/wp:paragraph -->\n\n<!-- wp:paragraph -->\n<p>Chor\u0105\u017cym reprezentacji Polski by\u0142 ci\u0119\u017carowiec <strong>Waldemar Baszanowski<\/strong>.<\/p>\n<!-- \/wp:paragraph -->\n\n<!-- wp:heading -->\n<h2><strong>Klasyfikacja medalowa<\/strong><\/h2>\n<!-- \/wp:heading -->\n\n<!-- wp:table {\"hasFixedLayout\":true,\"className\":\"is-style-stripes\"} -->\n<figure class=\"wp-block-table is-style-stripes\"><table class=\"has-fixed-layout\"><tbody><tr><td><\/td><td><\/td><td class=\"has-text-align-center\" data-align=\"center\">&nbsp;<\/td><td class=\"has-text-align-center\" data-align=\"center\">&nbsp;<\/td><td class=\"has-text-align-center\" data-align=\"center\">&nbsp;<\/td><td class=\"has-text-align-center\" data-align=\"center\">&nbsp;<\/td><\/tr><tr><td>&nbsp;<\/td><td>&nbsp;<\/td><td class=\"has-text-align-center\" data-align=\"center\">&nbsp;<\/td><td class=\"has-text-align-center\" data-align=\"center\"><img class=\"wp-image-27817\" style=\"width: 50px;\" src=\"https:\/\/olimpijski.pl\/wp-content\/uploads\/2016\/06\/2016_Rio_zloty_50x50.jpg\" alt=\"\"><\/td><td class=\"has-text-align-center\" data-align=\"center\"><img class=\"wp-image-27819\" style=\"width: 50px;\" src=\"https:\/\/olimpijski.pl\/wp-content\/uploads\/2016\/06\/2016_Rio_sreb_50x50.jpg\" alt=\"\"><\/td><td class=\"has-text-align-center\" data-align=\"center\"><img class=\"wp-image-27821\" style=\"width: 50px;\" src=\"https:\/\/olimpijski.pl\/wp-content\/uploads\/2016\/06\/2016_Rio_braz_50x50.jpg\" alt=\"\"><\/td><\/tr><tr><td>1.<\/td><td>USA<\/td><td class=\"has-text-align-center\" data-align=\"center\">107<\/td><td class=\"has-text-align-center\" data-align=\"center\">45<\/td><td class=\"has-text-align-center\" data-align=\"center\">28<\/td><td class=\"has-text-align-center\" data-align=\"center\">34<\/td><\/tr><tr><td>2.<\/td><td>ZSRR<\/td><td class=\"has-text-align-center\" data-align=\"center\">91<\/td><td class=\"has-text-align-center\" data-align=\"center\">29<\/td><td class=\"has-text-align-center\" data-align=\"center\">32<\/td><td class=\"has-text-align-center\" data-align=\"center\">30<\/td><\/tr><tr><td>3.<\/td><td>Japonia<\/td><td class=\"has-text-align-center\" data-align=\"center\">25<\/td><td class=\"has-text-align-center\" data-align=\"center\">11<\/td><td class=\"has-text-align-center\" data-align=\"center\">7<\/td><td class=\"has-text-align-center\" data-align=\"center\">7<\/td><\/tr><tr><td>...<\/td><td>&nbsp;<\/td><td class=\"has-text-align-center\" data-align=\"center\">&nbsp;<\/td><td class=\"has-text-align-center\" data-align=\"center\">&nbsp;<\/td><td class=\"has-text-align-center\" data-align=\"center\">&nbsp;<\/td><td class=\"has-text-align-center\" data-align=\"center\">&nbsp;<\/td><\/tr><tr><td><strong>11.<\/strong><\/td><td><strong>Polska<\/strong><\/td><td class=\"has-text-align-center\" data-align=\"center\"><strong>18<\/strong><\/td><td class=\"has-text-align-center\" data-align=\"center\"><strong>5<\/strong><\/td><td class=\"has-text-align-center\" data-align=\"center\"><strong>2<\/strong><\/td><td class=\"has-text-align-center\" data-align=\"center\"><strong>11<\/strong><\/td><\/tr><\/tbody><\/table><\/figure>\n<!-- \/wp:table -->\n\n<!-- wp:heading -->\n<h2><strong>Medale dla Polski (18)<\/strong><\/h2>\n<!-- \/wp:heading -->\n\n<!-- wp:ub\/content-toggle-block {\"blockID\":\"1a05adaf-4f93-4171-a580-1c718ee6b70e\",\"theme\":\"#f1f1f1\",\"collapsed\":true,\"titleColor\":\"#000000\"} -->\n<!-- wp:ub\/content-toggle-panel-block {\"parentID\":\"1a05adaf-4f93-4171-a580-1c718ee6b70e\",\"theme\":\"#f1f1f1\",\"collapsed\":true,\"titleColor\":\"#000000\",\"panelTitle\":\"Z\u0142ote\"} -->\n<!-- wp:paragraph -->\n<p><\/p>\n<!-- \/wp:paragraph -->\n\n<!-- wp:media-text {\"align\":\"\",\"mediaId\":30262,\"mediaLink\":\"https:\/\/olimpijski.pl\/igrzyska_letnie\/meksyk-1968\/1968_meksyk_zloty_200\/#main\",\"mediaType\":\"image\",\"mediaWidth\":20} -->\n<div class=\"wp-block-media-text is-stacked-on-mobile\" style=\"grid-template-columns:20% auto\"><figure class=\"wp-block-media-text__media\"><img src=\"https:\/\/olimpijski.pl\/wp-content\/uploads\/1968\/06\/1968_Meksyk_zloty_200.jpg\" alt=\"\" class=\"wp-image-30262\"\/><\/figure><div class=\"wp-block-media-text__content\"><!-- wp:paragraph -->\n<p><strong>Jerzy Kulej<\/strong><br>(boks, waga lekko\u015brednia)<\/p>\n<!-- \/wp:paragraph -->\n\n<!-- wp:paragraph -->\n<p><strong>Irena Szewi\u0144ska<\/strong><br>(lekkoatletyka, 200 m)<\/p>\n<!-- \/wp:paragraph -->\n\n<!-- wp:paragraph -->\n<p><strong>Waldemar Baszanowski<\/strong><br>(podnoszenie ci\u0119\u017car\u00f3w, 87,5 kg)<\/p>\n<!-- \/wp:paragraph -->\n\n<!-- wp:paragraph -->\n<p><strong>J\u00f3zef Zap\u0119dzki<\/strong><br>(strzelectwo, pistolet sylwetkowy)<\/p>\n<!-- \/wp:paragraph -->\n\n<!-- wp:paragraph -->\n<p><strong>Jerzy Paw\u0142owski<\/strong><br>(szermierka, szabla)<\/p>\n<!-- \/wp:paragraph --><\/div><\/div>\n<!-- \/wp:media-text -->\n<!-- \/wp:ub\/content-toggle-panel-block -->\n<!-- \/wp:ub\/content-toggle-block -->\n\n<!-- wp:ub\/content-toggle-block {\"blockID\":\"56a99d1e-5d16-4b96-9117-2cd71c78df48\",\"theme\":\"#f1f1f1\",\"collapsed\":true,\"titleColor\":\"#000000\"} -->\n<!-- wp:ub\/content-toggle-panel-block {\"parentID\":\"56a99d1e-5d16-4b96-9117-2cd71c78df48\",\"theme\":\"#f1f1f1\",\"collapsed\":true,\"titleColor\":\"#000000\",\"panelTitle\":\"Srebrne\"} -->\n<!-- wp:paragraph -->\n<p><\/p>\n<!-- \/wp:paragraph -->\n\n<!-- wp:media-text {\"align\":\"\",\"mediaId\":30264,\"mediaLink\":\"https:\/\/olimpijski.pl\/igrzyska_letnie\/meksyk-1968\/1968_meksyk_sreb_200\/#main\",\"mediaType\":\"image\",\"mediaWidth\":20} -->\n<div class=\"wp-block-media-text is-stacked-on-mobile\" style=\"grid-template-columns:20% auto\"><figure class=\"wp-block-media-text__media\"><img src=\"https:\/\/olimpijski.pl\/wp-content\/uploads\/1968\/06\/1968_Meksyk_sreb_200.jpg\" alt=\"\" class=\"wp-image-30264\"\/><\/figure><div class=\"wp-block-media-text__content\"><!-- wp:paragraph -->\n<p><strong>Artur Olech<\/strong><br>(boks, waga musza)<\/p>\n<!-- \/wp:paragraph -->\n\n<!-- wp:paragraph -->\n<p><strong>J\u00f3zef Grudzie\u0144<\/strong><br>(boks, waga lekka)<\/p>\n<!-- \/wp:paragraph --><\/div><\/div>\n<!-- \/wp:media-text -->\n<!-- \/wp:ub\/content-toggle-panel-block -->\n<!-- \/wp:ub\/content-toggle-block -->\n\n<!-- wp:ub\/content-toggle-block {\"blockID\":\"1f2d265b-a948-4d4c-88f0-7a2510db5f48\",\"theme\":\"#f1f1f1\",\"collapsed\":true,\"titleColor\":\"#000000\"} -->\n<!-- wp:ub\/content-toggle-panel-block {\"parentID\":\"1f2d265b-a948-4d4c-88f0-7a2510db5f48\",\"theme\":\"#f1f1f1\",\"collapsed\":true,\"titleColor\":\"#000000\",\"panelTitle\":\"Br\u0105zowe\"} -->\n<!-- wp:paragraph -->\n<p><\/p>\n<!-- \/wp:paragraph -->\n\n<!-- wp:media-text {\"align\":\"\",\"mediaId\":30266,\"mediaLink\":\"https:\/\/olimpijski.pl\/igrzyska_letnie\/meksyk-1968\/1968_meksyk_braz_200\/#main\",\"mediaType\":\"image\",\"mediaWidth\":21} -->\n<div class=\"wp-block-media-text is-stacked-on-mobile\" style=\"grid-template-columns:21% auto\"><figure class=\"wp-block-media-text__media\"><img src=\"https:\/\/olimpijski.pl\/wp-content\/uploads\/1968\/06\/1968_Meksyk_braz_200.jpg\" alt=\"\" class=\"wp-image-30266\"\/><\/figure><div class=\"wp-block-media-text__content\"><!-- wp:paragraph -->\n<p><strong>Irena Kirszenstein<\/strong><br>(lekkoatletyka, 100 m)<\/p>\n<!-- \/wp:paragraph -->\n\n<!-- wp:paragraph -->\n<p><strong>Egon Franke, Adam Lisewski, Ryszard Parulski, Zbigniew Skrudlik, Witold Wojda<\/strong><br>(szermierka, floret dru\u017cynowo)<\/p>\n<!-- \/wp:paragraph -->\n\n<!-- wp:paragraph -->\n<p><strong>Bohdan Andrzejewski, Kazimierz Barburski, Micha\u0142 Butkiewicz, Bohdan Gonsior, Henryk Nielaba<\/strong><br>(szermierka, szpada dru\u017cynowo)<\/p>\n<!-- \/wp:paragraph -->\n\n<!-- wp:paragraph -->\n<p><strong>Halina Aszkie\u0142owicz, Krystyna Czajkowska, Krystyna Jakubowska, Krystyna Krupa, J\u00f3zefa Ledwig, Jadwiga Marko-Ksi\u0105\u017cek, Barbara Niemczyk, Krystyna Ostrom\u0119cka, El\u017cbieta Porzec, Zofia Szcz\u0119\u015bniewska, Wanda Wiecha, Lidia \u017bmuda<\/strong><br>(siatk\u00f3wka)<\/p>\n<!-- \/wp:paragraph -->\n\n<!-- wp:paragraph -->\n<p><strong>Hubert Skrzypczak<\/strong><br>(boks, waga papierowa)<\/p>\n<!-- \/wp:paragraph -->\n\n<!-- wp:paragraph -->\n<p><strong>Stanis\u0142aw Dragan<\/strong><br>(boks, waga p\u00f3\u0142ci\u0119\u017cka)<\/p>\n<!-- \/wp:paragraph -->\n\n<!-- wp:paragraph -->\n<p><strong>Janusz Kierzkowski<\/strong><br>(kolarstwo torowe, 1000 m)<\/p>\n<!-- \/wp:paragraph -->\n\n<!-- wp:paragraph -->\n<p><strong>Henryk Tr\u0119bicki<\/strong><br>(podnoszenie ci\u0119\u017car\u00f3w, 56 kg)<\/p>\n<!-- \/wp:paragraph -->\n\n<!-- wp:paragraph -->\n<p><strong>Marian Zieli\u0144ski<\/strong><br>(podnoszenie ci\u0119\u017car\u00f3w, 67,5 kg)<\/p>\n<!-- \/wp:paragraph -->\n\n<!-- wp:paragraph -->\n<p><strong>Marek Go\u0142\u0105b<\/strong><br>(podnoszenie ci\u0119\u017car\u00f3w, 90 kg)<\/p>\n<!-- \/wp:paragraph -->\n\n<!-- wp:paragraph -->\n<p><strong>Norbert Ozimek<\/strong><br>(podnoszenie ci\u0119\u017car\u00f3w, 82,5 kg)<\/p>\n<!-- \/wp:paragraph --><\/div><\/div>\n<!-- \/wp:media-text -->\n<!-- \/wp:ub\/content-toggle-panel-block -->\n<!-- \/wp:ub\/content-toggle-block -->\n\n<!-- wp:quote -->\n<blockquote class=\"wp-block-quote\"><p>Kolejne \u015bwietne igrzyska Polak\u00f3w. Sukces z Tokio powt\u00f3rzy\u0142 bokser Jerzy Kulej, tym razem triumfuj\u0105c w wadze lekko\u015bredniej oraz Waldemar Baszanowski, najlepszy w wadze 87,5 kg. Dwa medale (z\u0142oty i br\u0105zowy)\u00a0do kolekcji dorzuci\u0142a Irena Szewi\u0144ska. Pozosta\u0142e tytu\u0142y mistrz\u00f3w przypad\u0142y: strzelcowi J\u00f3zefowi Zap\u0119dzkiemu w pistolecie sylwetkowym i szabli\u015bcie Jerzemu Paw\u0142owskiemu.<\/p><\/blockquote>\n<!-- \/wp:quote -->\n\n<!-- wp:quote -->\n<blockquote class=\"wp-block-quote\"><p>W meksyka\u0144skich igrzyskach zadebiutowa\u0142y: Barbados, Belize (jako Honduras Brytyjski), Demokratyczna Republika Kongo (jako Kongo Kinszasa, Gwinea, Honduras, Kuwejt, Nikaragua, Paragwaj, Republika\u00a0 \u015arodkowo-Afryka\u0144ska, Salwador, Sierra Leone oraz Wyspy Dziewicze Stan\u00f3w Zjednoczonych. Stwierdzono jeden przypadek dopingu.<\/p><\/blockquote>\n<!-- \/wp:quote -->","post_title":"Meksyk 1968","post_excerpt":"","post_status":"publish","comment_status":"closed","ping_status":"closed","post_password":"","post_name":"meksyk-1968","to_ping":"","pinged":"","post_modified":"2020-10-02 16:32:52","post_modified_gmt":"2020-10-02 14:32:52","post_content_filtered":"","post_parent":0,"guid":"https:\/\/wai-q98d7hpf9hy9k.wpallimport-demo.qsandbox.me\/olympics_summer\/meksyk-1968\/","menu_order":0,"post_type":"olympics_summer","post_mime_type":"","comment_count":"0","filter":"raw"}],"competitions_rewards":[{"competition":[{"ID":5868,"post_author":"1","post_date":"2020-06-19 11:32:30","post_date_gmt":"2020-06-19 11:32:30","post_content":"","post_title":"Szermierka","post_excerpt":"","post_status":"publish","comment_status":"open","ping_status":"open","post_password":"","post_name":"szermierka","to_ping":"","pinged":"","post_modified":"2020-06-29 13:17:09","post_modified_gmt":"2020-06-29 11:17:09","post_content_filtered":"","post_parent":0,"guid":"https:\/\/wai-q7byvryhhcz9k.wpallimport-demo.qsandbox.me\/competition\/szermierka\/","menu_order":0,"post_type":"competition","post_mime_type":"","comment_count":"0","filter":"raw"}],"reward":""},{"competition":null,"reward":""}]},{"olimpic":[{"ID":301,"post_author":"1","post_date":"1972-06-17 13:34:45","post_date_gmt":"1972-06-17 12:34:45","post_content":"<!-- wp:heading {\"level\":1,\"className\":\"main-title\"} -->\n<h1 class=\"main-title\"><strong>Igrzyska XX Olimpiady<\/strong><br>Monachium 1972<\/h1>\n<!-- \/wp:heading -->\n\n<!-- wp:paragraph -->\n<p><br><\/p>\n<!-- \/wp:paragraph -->\n\n<!-- wp:image {\"align\":\"left\",\"id\":19334,\"sizeSlug\":\"large\",\"className\":\"is-style-default\"} -->\n<div class=\"wp-block-image is-style-default\"><figure class=\"alignleft size-large\"><img src=\"https:\/\/olimpijski.pl\/wp-content\/uploads\/1972\/06\/monachium1972.png\" alt=\"\" class=\"wp-image-19334\"\/><\/figure><\/div>\n<!-- \/wp:image -->\n\n<!-- wp:list -->\n<ul><li>Igrzyska rozegrano w dniach <strong>26 sierpnia \u2013 11 wrze\u015bnia<\/strong>.<\/li><li>Wystartowa\u0142o <strong>7132<\/strong> zawodnik\u00f3w (w tym <strong>1058<\/strong> kobiet) ze <strong>121<\/strong> kraj\u00f3w.<\/li><li>Rozdano <strong>195<\/strong> komplet\u00f3w medali.<\/li><li>Przysi\u0119g\u0119 olimpijsk\u0105 w imieniu sportowc\u00f3w z\u0142o\u017cy\u0142a lekkoatletka <strong>Heidi Schueller<\/strong>, natomiast w imieniu s\u0119dzi\u00f3w i trener\u00f3w \u2013 po raz pierwszy w historii igrzysk \u2013 <strong>Heinz Pollay<\/strong>.<\/li><li>Znicz olimpijski zapali\u0142 lekkoatleta specjalizuj\u0105cy si\u0119 w biegach na \u015brednich dystansach <strong>Guenther Zahn<\/strong>.<\/li><li>Igrzyska otworzy\u0142 <strong>prezydent RFN Gustav Heinemann<\/strong>.<\/li><\/ul>\n<!-- \/wp:list -->\n\n<!-- wp:heading -->\n<h2><strong>Program Igrzysk \u2013 23 dyscypliny, 195 konkurencji<\/strong><\/h2>\n<!-- \/wp:heading -->\n\n<!-- wp:paragraph -->\n<p>boks (11 konkurencji), gimnastyka (14), hokej na trawie (1), je\u017adziectwo (6), judo (6), kajakarstwo (11), kolarstwo (7), koszyk\u00f3wka (1), lekkoatletyka (38), \u0142ucznictwo (2), pi\u0119ciob\u00f3j nowoczesny (2), pi\u0142ka no\u017cna (1), pi\u0142ka r\u0119czna (1), pi\u0142ka siatkowa (2), pi\u0142ka wodna (1), p\u0142ywanie (29), podnoszenie ci\u0119\u017car\u00f3w (9), skoki do wody (4), strzelectwo (8), szermierka (8), wio\u015blarstwo (7), zapasy (20), \u017ceglarstwo (6).<\/p>\n<!-- \/wp:paragraph -->\n\n<!-- wp:heading -->\n<h2><strong>Gwiazda Igrzysk<\/strong><\/h2>\n<!-- \/wp:heading -->\n\n<!-- wp:paragraph -->\n<p><strong>Mark Spitz<\/strong> (USA, p\u0142ywanie) \u2013 7 z\u0142otych medali<\/p>\n<!-- \/wp:paragraph -->\n\n<!-- wp:heading -->\n<h2><strong>Polska Reprezentacja Olimpijska<\/strong><\/h2>\n<!-- \/wp:heading -->\n\n<!-- wp:paragraph -->\n<p><strong>309 os\u00f3b<\/strong> (startowa\u0142o 290 \u2013 37 kobiet i 253 m\u0119\u017cczyzn) w 22 sportach: 11 bokser\u00f3w, 14 gimnastyk\u00f3w (w tym 7 kobiet; 12 startowa\u0142o + 1 rez., 1 nie), 18 hokeist\u00f3w na trawie (17 startowa\u0142o + 1 rez.), 9 je\u017ad\u017ac\u00f3w (8 startowa\u0142o + 1 rez.), 4 judok\u00f3w, 25 kajakarzy (w tym 4 kobiety; 23 startowa\u0142o + 1 rez.), 14 kolarzy (12 startowa\u0142o + 2 rez.), 12 koszykarzy, 49 lekkoatlet\u00f3w (w tym 18 kobiet; 45 startowa\u0142o, 4 rez.), 4 \u0142ucznik\u00f3w (w tym 3 kobiety), 4 pi\u0119cioboist\u00f3w (3 start + 1 rez.), 19 pi\u0142karzy (17 startowa\u0142o + 2 rez.), 16 pi\u0142karzy r\u0119cznych (15 startowa\u0142o + 1 rez.), 12 siatkarzy, 5 p\u0142ywak\u00f3w, 3 skoczk\u00f3w do wody (w tym 2 kobiety), 9 ci\u0119\u017carowc\u00f3w, 13 strzelc\u00f3w (w tym 1 kobieta), 20 szermierzy (w tym 5 kobiet), 18 wio\u015blarzy (16 startowa\u0142o + 2 rez.), 18 zapa\u015bnik\u00f3w, 13 \u017ceglarzy (11 startowa\u0142o + 2 rez.).<\/p>\n<!-- \/wp:paragraph -->\n\n<!-- wp:paragraph -->\n<p>Chor\u0105\u017cym reprezentacji Polski by\u0142 po raz trzeci ci\u0119\u017carowiec <strong>Waldemar Baszanowski<\/strong>.<\/p>\n<!-- \/wp:paragraph -->\n\n<!-- wp:heading -->\n<h2><strong>Klasyfikacja medalowa<\/strong><\/h2>\n<!-- \/wp:heading -->\n\n<!-- wp:table {\"hasFixedLayout\":true,\"className\":\"is-style-stripes\"} -->\n<figure class=\"wp-block-table is-style-stripes\"><table class=\"has-fixed-layout\"><tbody><tr><td><\/td><td><\/td><td class=\"has-text-align-center\" data-align=\"center\">&nbsp;<\/td><td class=\"has-text-align-center\" data-align=\"center\">&nbsp;<\/td><td class=\"has-text-align-center\" data-align=\"center\">&nbsp;<\/td><td class=\"has-text-align-center\" data-align=\"center\">&nbsp;<\/td><\/tr><tr><td>&nbsp;<\/td><td>&nbsp;<\/td><td class=\"has-text-align-center\" data-align=\"center\">&nbsp;<\/td><td class=\"has-text-align-center\" data-align=\"center\"><img class=\"wp-image-27817\" style=\"width: 50px;\" src=\"https:\/\/olimpijski.pl\/wp-content\/uploads\/2016\/06\/2016_Rio_zloty_50x50.jpg\" alt=\"\"><\/td><td class=\"has-text-align-center\" data-align=\"center\"><img class=\"wp-image-27819\" style=\"width: 50px;\" src=\"https:\/\/olimpijski.pl\/wp-content\/uploads\/2016\/06\/2016_Rio_sreb_50x50.jpg\" alt=\"\"><\/td><td class=\"has-text-align-center\" data-align=\"center\"><img class=\"wp-image-27821\" style=\"width: 50px;\" src=\"https:\/\/olimpijski.pl\/wp-content\/uploads\/2016\/06\/2016_Rio_braz_50x50.jpg\" alt=\"\"><\/td><\/tr><tr><td>1.<\/td><td>ZSRR<\/td><td class=\"has-text-align-center\" data-align=\"center\">99<\/td><td class=\"has-text-align-center\" data-align=\"center\">50<\/td><td class=\"has-text-align-center\" data-align=\"center\">27<\/td><td class=\"has-text-align-center\" data-align=\"center\">22<\/td><\/tr><tr><td>2.<\/td><td>USA<\/td><td class=\"has-text-align-center\" data-align=\"center\">94<\/td><td class=\"has-text-align-center\" data-align=\"center\">33<\/td><td class=\"has-text-align-center\" data-align=\"center\">31<\/td><td class=\"has-text-align-center\" data-align=\"center\">30<\/td><\/tr><tr><td>3.<\/td><td>NRD<\/td><td class=\"has-text-align-center\" data-align=\"center\">66<\/td><td class=\"has-text-align-center\" data-align=\"center\">20<\/td><td class=\"has-text-align-center\" data-align=\"center\">23<\/td><td class=\"has-text-align-center\" data-align=\"center\">23<\/td><\/tr><tr><td>...<\/td><td>&nbsp;<\/td><td class=\"has-text-align-center\" data-align=\"center\">&nbsp;<\/td><td class=\"has-text-align-center\" data-align=\"center\">&nbsp;<\/td><td class=\"has-text-align-center\" data-align=\"center\">&nbsp;<\/td><td class=\"has-text-align-center\" data-align=\"center\">&nbsp;<\/td><\/tr><tr><td><strong>7.<\/strong><\/td><td><strong>Polska<\/strong><\/td><td class=\"has-text-align-center\" data-align=\"center\"><strong>21<\/strong><\/td><td class=\"has-text-align-center\" data-align=\"center\"><strong>7<\/strong><\/td><td class=\"has-text-align-center\" data-align=\"center\"><strong>5<\/strong><\/td><td class=\"has-text-align-center\" data-align=\"center\"><strong>9<\/strong><\/td><\/tr><\/tbody><\/table><\/figure>\n<!-- \/wp:table -->\n\n<!-- wp:heading -->\n<h2><strong>Medale dla Polski (21)<\/strong><\/h2>\n<!-- \/wp:heading -->\n\n<!-- wp:paragraph -->\n<p>z\u0142oty - W\u0142adys\u0142aw Komar (lekkoatletyka - pchni\u0119cie kul\u0105)<br>z\u0142oty - Witold Woyda (szermierka - turniej indywidualny florecist\u00f3w)<br>z\u0142oty - Jan Szczepa\u0144ski (boks - waga lekka)<br>z\u0142oty - Zygmunt Smalcerz (podnoszenie ci\u0119\u017car\u00f3w - waga 52 kg)<br>z\u0142oty - J\u00f3zef Zap\u0119dzki (strzelectwo - pistolet sylwetkowy)<br>z\u0142oty - Marek D\u0105browski, Arkadiusz Godel, Jerzy Kaczmarek, Lech Koziejowski i Witold Woyda (szermierka - turniej dru\u017cynowy florecist\u00f3w)<br>z\u0142oty - Zygmunt Anczok, Les\u0142aw \u0106mikiewicz, Kazimierz Deyna, Robert Gadocha, Zbigniew Gut, Jerzy Gorgo\u0144, Andrzej Jarosik, Kazimierz Kmiecik, Hubert Kostka, Jerzy Kraska, Grzegorz Lato, W\u0142odzimierz Luba\u0144ski, Joachim Marx, Zygmunt Maszczyk, Marian Ostafi\u0144ski, Marian Szeja, Zygfryd Szo\u0142tysik, Antoni Szymanowski i Ryszard Szymczak (pi\u0142ka no\u017cna)<\/p>\n<!-- \/wp:paragraph -->\n\n<!-- wp:paragraph -->\n<p>srebrny - Wies\u0142aw Rudkowski (boks - waga lekko\u015brednia)<br>srebrny - Antoni Zajkowski (judo - waga 71 kg)<br>srebrny - Norbert Ozimek (podnoszenie ci\u0119\u017car\u00f3w - waga 82,5 kg)<br>srebrny - Irena Szyd\u0142owska (\u0142ucznictwo - turniej indywidualny)<br>srebrny - Edward Barcik, Lucjan Lis, Stanis\u0142aw Szozda i Ryszard Szurkowski (kolarstwo - wy\u015bcig dru\u017cynowy na 100 km)<\/p>\n<!-- \/wp:paragraph -->\n\n<!-- wp:paragraph -->\n<p>br\u0105zowy - Leszek B\u0142a\u017cy\u0144ski (boks - waga musza)<br>br\u0105zowy - Janusz Gortat (boks - waga p\u00f3\u0142ci\u0119\u017cka)<br>br\u0105zowy - Irena Szewi\u0144ska (lekkoatletyka - bieg na 200 m)<br>br\u0105zowy - Ryszard Katus (lekkoatletyka - dziesi\u0119ciob\u00f3j)<br>br\u0105zowy - Kazimierz Lipie\u0144 (zapasy - styl klasyczny - waga 62 kg)<br>br\u0105zowy - Czes\u0142aw Kwieci\u0144ski (zapasy - styl klasyczny - waga 90 kg)<br>br\u0105zowy - Rafa\u0142 Piszcz i W\u0142adys\u0142aw Szuszkiewicz (kajakarstwo - wy\u015bcig K2 na 1000 m)<br>br\u0105zowy - Andrzej Bek i Benedykt Kocot (kolarstwo- torowy wy\u015bcig tandem\u00f3w)<br>br\u0105zowy - Zbigniew Kaczmarek (podnoszenie ci\u0119\u017car\u00f3w - waga 67,5 kg)<\/p>\n<!-- \/wp:paragraph -->\n\n<!-- wp:quote {\"className\":\"is-style-default\"} -->\n<blockquote class=\"wp-block-quote is-style-default\"><p>Bohaterem reprezentacji Polski by\u0142 szermierz Witold Woyda, zdobywca 2 z\u0142otych medali. Kolejny medal do swojej olimpijskiej kolekcji do\u0142o\u017cy\u0142a Irena Szewi\u0144ska. Wielkim sukcesem by\u0142o tak\u017ce z\u0142oto pi\u0142karskie podopiecznych legendarnego trenera Kazimierza G\u00f3rskiego.<br><br>W czasie igrzysk cz\u0142onkowie palesty\u0144skiej organizacji terrorystycznej Czarny Wrzesie\u0144 wzi\u0119li za zak\u0142adnik\u00f3w 11 cz\u0142onk\u00f3w ekipy izraelskiej. Zabili sportowc\u00f3w i trener\u00f3w oraz jednego policjanta. Pi\u0119ciu z o\u015bmiu terroryst\u00f3w zosta\u0142o zabitych podczas pr\u00f3by odbicia zak\u0142adnik\u00f3w, trzech pozosta\u0142ych schwytano.<\/p><\/blockquote>\n<!-- \/wp:quote -->","post_title":"Monachium 1972","post_excerpt":"","post_status":"publish","comment_status":"closed","ping_status":"closed","post_password":"","post_name":"monachium-1972","to_ping":"","pinged":"","post_modified":"2020-09-28 15:54:00","post_modified_gmt":"2020-09-28 13:54:00","post_content_filtered":"","post_parent":0,"guid":"https:\/\/wai-q98d7hpf9hy9k.wpallimport-demo.qsandbox.me\/olympics_summer\/monachium-1972\/","menu_order":0,"post_type":"olympics_summer","post_mime_type":"","comment_count":"0","filter":"raw"}],"competitions_rewards":[{"competition":[{"ID":5868,"post_author":"1","post_date":"2020-06-19 11:32:30","post_date_gmt":"2020-06-19 11:32:30","post_content":"","post_title":"Szermierka","post_excerpt":"","post_status":"publish","comment_status":"open","ping_status":"open","post_password":"","post_name":"szermierka","to_ping":"","pinged":"","post_modified":"2020-06-29 13:17:09","post_modified_gmt":"2020-06-29 11:17:09","post_content_filtered":"","post_parent":0,"guid":"https:\/\/wai-q7byvryhhcz9k.wpallimport-demo.qsandbox.me\/competition\/szermierka\/","menu_order":0,"post_type":"competition","post_mime_type":"","comment_count":"0","filter":"raw"}],"reward":""},{"competition":null,"reward":""}]},{"olimpic":[{"ID":300,"post_author":"1","post_date":"1976-06-17 13:34:45","post_date_gmt":"1976-06-17 12:34:45","post_content":"<!-- wp:heading {\"level\":1,\"className\":\"main-title\"} -->\n<h1 class=\"main-title\"><strong>Igrzyska XXI Olimpiady<\/strong><br>Montreal 1976<\/h1>\n<!-- \/wp:heading -->\n\n<!-- wp:paragraph -->\n<p><br><\/p>\n<!-- \/wp:paragraph -->\n\n<!-- wp:image {\"align\":\"left\",\"id\":19336,\"sizeSlug\":\"large\",\"className\":\"is-style-default\"} -->\n<div class=\"wp-block-image is-style-default\"><figure class=\"alignleft size-large\"><img src=\"https:\/\/olimpijski.pl\/wp-content\/uploads\/1976\/06\/montreal1976.png\" alt=\"\" class=\"wp-image-19336\"\/><\/figure><\/div>\n<!-- \/wp:image -->\n\n<!-- wp:list -->\n<ul><li>Igrzyska rozegrano w dniach <strong>17 lipca \u2013 1 sierpnia<\/strong>.<\/li><li>Wystartowa\u0142o <strong>6084<\/strong> zawodnik\u00f3w (w tym <strong>1260<\/strong> kobiet) z <strong>92<\/strong> kraj\u00f3w.<\/li><li>Rozdano <strong>198<\/strong> komplet\u00f3w medali.<\/li><li>Przysi\u0119g\u0119 olimpijsk\u0105 w imieniu sportowc\u00f3w z\u0142o\u017cy\u0142 ci\u0119\u017carowiec <strong>Pierre Saint-Jean<\/strong>, natomiast w imieniu s\u0119dzi\u00f3w i trener\u00f3w \u2013 <strong>Maurice Fauget<\/strong>.<\/li><li>Znicz olimpijski zapalili nastolatkowie reprezentuj\u0105cy angielsk\u0105 i francusk\u0105 spo\u0142eczno\u015b\u0107 Kanady \u2013 <strong>Sandra Henderson<\/strong> i <strong>Stephane Prefontaine<\/strong>.<\/li><li>Igrzyska otworzy\u0142a <strong>kr\u00f3lowa Anglii El\u017cbieta II<\/strong>.<\/li><\/ul>\n<!-- \/wp:list -->\n\n<!-- wp:heading -->\n<h2><strong>Program Igrzysk \u2013 23 dyscypliny, 198 konkurencji<\/strong><\/h2>\n<!-- \/wp:heading -->\n\n<!-- wp:paragraph -->\n<p>boks (11 konkurencji), gimnastyka (14), hokej na trawie (1), je\u017adziectwo (6), judo (6), kajakarstwo (11), kolarstwo (6), koszyk\u00f3wka (2), lekkoatletyka (37), \u0142ucznictwo (2), pi\u0119ciob\u00f3j nowoczesny (2), pi\u0142ka no\u017cna (1), pi\u0142ka r\u0119czna (2), pi\u0142ka siatkowa (2), pi\u0142ka wodna (1), p\u0142ywanie (26), podnoszenie ci\u0119\u017car\u00f3w (9), skoki do wody (4), strzelectwo (7), szermierka (8), wio\u015blarstwo (14), zapasy (20), \u017ceglarstwo (6).<\/p>\n<!-- \/wp:paragraph -->\n\n<!-- wp:heading -->\n<h2><strong>Gwiazda Igrzysk<\/strong><\/h2>\n<!-- \/wp:heading -->\n\n<!-- wp:paragraph -->\n<p><strong>Nadia Comaneci<\/strong> (Rumunia, gimnastyka) \u2013 3 z\u0142ote medale, 1 srebrny, 1 br\u0105zowy<\/p>\n<!-- \/wp:paragraph -->\n\n<!-- wp:heading -->\n<h2><strong>Polska Reprezentacja Olimpijska<\/strong><\/h2>\n<!-- \/wp:heading -->\n\n<!-- wp:paragraph -->\n<p>223 osoby (startowa\u0142o 207 \u2013 27 kobiet i 180 m\u0119\u017cczyzn) w 18 sportach: 11 bokser\u00f3w, 7 gimnastyk\u00f3w (6 startowa\u0142o, 1 nie), 5 judok\u00f3w, 16 kajakarzy (w tym 4 kobiety; 13 startowa\u0142o + 3 rez.), 14 kolarzy (11 startowa\u0142o + 3 rez.), 33 lekkoatlet\u00f3w (w tym 4 kobiety; 32 startowa\u0142o, 1 nie), 4 \u0142ucznik\u00f3w (w tym 2 kobiety), 4 pi\u0119cioboist\u00f3w (3 startowa\u0142o + 1 rez.), 17 pi\u0142karzy, 14 pi\u0142karzy r\u0119cznych, 12 siatkarzy, 3 p\u0142ywak\u00f3w (w tym 1 kobieta), 11 ci\u0119\u017carowc\u00f3w (9 startowa\u0142o + 2 rez.), 12 strzelc\u00f3w, 18 szermierzy (w tym 5 kobiet), 26 wio\u015blarzy (w tym 14 kobiet; 22 startowa\u0142o + 4 rez.), 14 zapa\u015bnik\u00f3w, 2 \u017ceglarzy (1 startowa\u0142o + 1 rez.).<\/p>\n<!-- \/wp:paragraph -->\n\n<!-- wp:paragraph -->\n<p>Chor\u0105\u017cym reprezentacji Polski by\u0142 kajakarz <strong>Grzegorz \u015aledziewski<\/strong>.<\/p>\n<!-- \/wp:paragraph -->\n\n<!-- wp:heading -->\n<h2><strong>Klasyfikacja medalowa<\/strong><\/h2>\n<!-- \/wp:heading -->\n\n<!-- wp:table {\"hasFixedLayout\":true,\"className\":\"is-style-stripes\"} -->\n<figure class=\"wp-block-table is-style-stripes\"><table class=\"has-fixed-layout\"><tbody><tr><td><\/td><td><\/td><td class=\"has-text-align-center\" data-align=\"center\">&nbsp;<\/td><td class=\"has-text-align-center\" data-align=\"center\">&nbsp;<\/td><td class=\"has-text-align-center\" data-align=\"center\">&nbsp;<\/td><td class=\"has-text-align-center\" data-align=\"center\">&nbsp;<\/td><\/tr><tr><td>&nbsp;<\/td><td>&nbsp;<\/td><td class=\"has-text-align-center\" data-align=\"center\">&nbsp;<\/td><td class=\"has-text-align-center\" data-align=\"center\"><img class=\"wp-image-27817\" style=\"width: 50px;\" src=\"https:\/\/olimpijski.pl\/wp-content\/uploads\/2016\/06\/2016_Rio_zloty_50x50.jpg\" alt=\"\"><\/td><td class=\"has-text-align-center\" data-align=\"center\"><img class=\"wp-image-27819\" style=\"width: 50px;\" src=\"https:\/\/olimpijski.pl\/wp-content\/uploads\/2016\/06\/2016_Rio_sreb_50x50.jpg\" alt=\"\"><\/td><td class=\"has-text-align-center\" data-align=\"center\"><img class=\"wp-image-27821\" style=\"width: 50px;\" src=\"https:\/\/olimpijski.pl\/wp-content\/uploads\/2016\/06\/2016_Rio_braz_50x50.jpg\" alt=\"\"><\/td><\/tr><tr><td>1.<\/td><td>ZSRR<\/td><td class=\"has-text-align-center\" data-align=\"center\">125<\/td><td class=\"has-text-align-center\" data-align=\"center\">49<\/td><td class=\"has-text-align-center\" data-align=\"center\">41<\/td><td class=\"has-text-align-center\" data-align=\"center\">35<\/td><\/tr><tr><td>2.<\/td><td>NRD<\/td><td class=\"has-text-align-center\" data-align=\"center\">90<\/td><td class=\"has-text-align-center\" data-align=\"center\">40<\/td><td class=\"has-text-align-center\" data-align=\"center\">25<\/td><td class=\"has-text-align-center\" data-align=\"center\">25<\/td><\/tr><tr><td>3.<\/td><td>USA<\/td><td class=\"has-text-align-center\" data-align=\"center\">94<\/td><td class=\"has-text-align-center\" data-align=\"center\">34<\/td><td class=\"has-text-align-center\" data-align=\"center\">35<\/td><td class=\"has-text-align-center\" data-align=\"center\">25<\/td><\/tr><tr><td>...<\/td><td>&nbsp;<\/td><td class=\"has-text-align-center\" data-align=\"center\">&nbsp;<\/td><td class=\"has-text-align-center\" data-align=\"center\">&nbsp;<\/td><td class=\"has-text-align-center\" data-align=\"center\">&nbsp;<\/td><td class=\"has-text-align-center\" data-align=\"center\">&nbsp;<\/td><\/tr><tr><td><strong>6.<\/strong><\/td><td><strong>Polska<\/strong><\/td><td class=\"has-text-align-center\" data-align=\"center\"><strong>26<\/strong><\/td><td class=\"has-text-align-center\" data-align=\"center\"><strong>7<\/strong><\/td><td class=\"has-text-align-center\" data-align=\"center\"><strong>6<\/strong><\/td><td class=\"has-text-align-center\" data-align=\"center\"><strong>13<\/strong><\/td><\/tr><\/tbody><\/table><\/figure>\n<!-- \/wp:table -->\n\n<!-- wp:heading -->\n<h2><strong>Medale dla Polski (26)<\/strong><\/h2>\n<!-- \/wp:heading -->\n\n<!-- wp:paragraph -->\n<p>z\u0142oty - Irena Szewi\u0144ska (lekkoatletyka - bieg na 400 m)<br>z\u0142oty - Janusz Pyciak-Peciak (pi\u0119ciob\u00f3j nowoczesny)<br>z\u0142oty - Jerzy Rybicki (boks - waga lekko\u015brednia)<br>z\u0142oty - Tadeusz \u015alusarski (lekkoatletyka - skok o tyczce)<br>z\u0142oty - Jacek Wszo\u0142a (lekkoatletyka - skok wzwy\u017c)<br>z\u0142oty Kazimierz Lipie\u0144 (zapasy - styl klasyczny - waga 62 kg)<br>z\u0142oty - Bronis\u0142aw Bebel, Ryszard Bosek, Wies\u0142aw Gaw\u0142owski, Marek Karbarz, Zbigniew Lubiejewski, Lech Lasko, Miros\u0142aw Rybaczewski, W\u0142odzimierz Sadalski, Edward Skorek, W\u0142odzimierz Stefa\u0144ski, Tomasz Wojtowicz i Zbigniew Zarzycki (siatk\u00f3wka)<\/p>\n<!-- \/wp:paragraph -->\n\n<!-- wp:paragraph -->\n<p>srebrny - Andrzej Gronowicz i Jerzy Opara (kajakarstwo - C2&nbsp; 500 m)<br>srebrny - Bronis\u0142aw Malinowski (lekkoatletyka- bieg na 3000 m z przeszkodami)<br>srebrny - Grzegorz Cziura (podnoszenie ci\u0119\u017car\u00f3w - waga 56 kg)<br>srebrny - Grzegorz Jaremski, Jerzy Pietrzyk, Ryszard Podlas i Jan Werner (lekkoatletyka - sztafeta 4x400 m)<br>srebrny - Tadeusz Mytnik, Mieczys\u0142aw Nowicki, Stanis\u0142aw Szozda, Ryszard Szurkowski (kolarstwo - szosowy wy\u015bcig dru\u017c. na 100 km)<br>srebrny - (Jan Beniger, Les\u0142aw \u0106mikiewicz, Kazimierz Deyna, Jerzy Gorgo\u0144, Henryk Kasperczak, Kazimierz Kmiecik, Grzegorz Lato, Zygmunt Maszczyk, Piotr Mowlik, Roman Ogaza, Wojciech Rudy, Andrzej Szarmach, Antoni Szymanowski, Jan Tomaszewski, Henryk Wawrowski, Henryk Wieczorek, W\u0142adys\u0142aw \u017bmuda (pi\u0142ka no\u017cna)<\/p>\n<!-- \/wp:paragraph -->\n\n<!-- wp:paragraph -->\n<p>br\u0105zowy - Leszek B\u0142a\u017cy\u0144ski (boks - waga musza)<br>br\u0105zowy - Leszek Kosedowski (boks - waga pi\u00f3rkowa)<br>br\u0105zowy - Kazimierz Szczerba (boks - waga lekkop\u00f3\u0142\u015brednia)<br>br\u0105zowy - Janusz Gortat (boks -waga p\u00f3\u0142ci\u0119\u017cka)<br>br\u0105zowy - Marian Ta\u0142aj (judo - waga 71 kg)<br>br\u0105zowy - Mieczys\u0142aw Nowicki (kolarstwo - wy\u015bcig indywidualny)<br>br\u0105zowy - Wies\u0142aw Gawlikowski (strzelectwo - skeet)<br>br\u0105zowy - Jerzy Greszkiewicz (strzelectwo - strzelanie do sylwetki biegn\u0105cego dzika)<br>br\u0105zowy - Czes\u0142aw Kwieci\u0144ski (zapasy - styl klasyczny - waga 90 kg)<br>br\u0105zowy - Andrzej Skrzydlewski (zapasy - styl klasyczny - waga 100 kg)<br>br\u0105zowy - Kazimierz Czarnecki (podnoszenie ci\u0119\u017car\u00f3w - waga 67,5 kg)<br>br\u0105zowy - Tadeusz Rutkowski (podnoszenie ci\u0119\u017car\u00f3w - waga ponad 110 kg)<br>br\u0105zowy - Zdzis\u0142aw Antczak, Janusz Brzozowski, Piotr Cie\u015bla, Jan Gmyrek, Alfred Ka\u0142uzi\u0144ski, Jerzy Klempel, Zygfryd Kuchta, Jerzy Melcer, Ryszard Przybysz, Henryk Rozmiarek, Andrzej Soko\u0142owski, Andrzej Szymczak, Mieczys\u0142aw Wojczak i W\u0142odzimierz Zieli\u0144ski (pi\u0142ka r\u0119czna)<\/p>\n<!-- \/wp:paragraph -->\n\n<!-- wp:quote {\"className\":\"is-style-default\"} -->\n<blockquote class=\"wp-block-quote is-style-default\"><p>A\u017c siedem razy zagrano bia\u0142o-czerwonym Mazurek D\u0105browskiego: Irenie Szewi\u0144skiej triumfatorce biegu na 400 m, bokserowi Jerzemu Rybickiemu, Jackowi Wszole najlepszemu w skoku wzwy\u017c i Tadeuszowi \u015alusarskiemu, kt\u00f3ry wygra\u0142 konkurs skoku o tyczce, najlepszemu pi\u0119cioboi\u015bcie nowoczesnemu igrzysk Januszowi Pyciakowi-Peciakowi, zapa\u015bnikowi klasykowi Kazimierzowi Lipieniowi oraz siatkarzom, podopiecznym trenera Huberta Wagnera.<\/p><p>Drugi olimpijski kr\u0105\u017cek wywalczyli pi\u0142karze no\u017cni \u2013 tym razem srebro, z kolei zdobyli br\u0105z pi\u0142karze r\u0119czni.<\/p><\/blockquote>\n<!-- \/wp:quote -->","post_title":"Montreal 1976","post_excerpt":"","post_status":"publish","comment_status":"closed","ping_status":"closed","post_password":"","post_name":"montreal-1976","to_ping":"","pinged":"","post_modified":"2020-09-28 15:51:36","post_modified_gmt":"2020-09-28 13:51:36","post_content_filtered":"","post_parent":0,"guid":"https:\/\/wai-q98d7hpf9hy9k.wpallimport-demo.qsandbox.me\/olympics_summer\/montreal-1976\/","menu_order":0,"post_type":"olympics_summer","post_mime_type":"","comment_count":"0","filter":"raw"}],"competitions_rewards":[{"competition":[{"ID":5868,"post_author":"1","post_date":"2020-06-19 11:32:30","post_date_gmt":"2020-06-19 11:32:30","post_content":"","post_title":"Szermierka","post_excerpt":"","post_status":"publish","comment_status":"open","ping_status":"open","post_password":"","post_name":"szermierka","to_ping":"","pinged":"","post_modified":"2020-06-29 13:17:09","post_modified_gmt":"2020-06-29 11:17:09","post_content_filtered":"","post_parent":0,"guid":"https:\/\/wai-q7byvryhhcz9k.wpallimport-demo.qsandbox.me\/competition\/szermierka\/","menu_order":0,"post_type":"competition","post_mime_type":"","comment_count":"0","filter":"raw"}],"reward":""},{"competition":null,"reward":""}]}],"picture":{"ID":21240,"id":21240,"title":"Nowara_Jozef_m","filename":"Nowara_Jozef_m.jpg","filesize":1996,"url":"https:\/\/olimpijski.pl\/wp-content\/uploads\/2020\/06\/Nowara_Jozef_m.jpg","link":"https:\/\/olimpijski.pl\/en\/olimpijczycy\/nowara-jozef-jan\/nowara_jozef_m\/#main","alt":"","author":"1","description":"","caption":"","name":"nowara_jozef_m","status":"inherit","uploaded_to":14637,"date":"2020-08-07 07:22:37","modified":"2020-08-07 07:22:37","menu_order":0,"mime_type":"image\/jpeg","type":"image","subtype":"jpeg","icon":"https:\/\/olimpijski.pl\/wp-includes\/images\/media\/default.png","width":50,"height":50,"sizes":{"thumbnail":"https:\/\/olimpijski.pl\/wp-content\/uploads\/2020\/06\/Nowara_Jozef_m.jpg","thumbnail-width":50,"thumbnail-height":50,"medium":"https:\/\/olimpijski.pl\/wp-content\/uploads\/2020\/06\/Nowara_Jozef_m.jpg","medium-width":50,"medium-height":50,"medium_large":"https:\/\/olimpijski.pl\/wp-content\/uploads\/2020\/06\/Nowara_Jozef_m.jpg","medium_large-width":50,"medium_large-height":50,"large":"https:\/\/olimpijski.pl\/wp-content\/uploads\/2020\/06\/Nowara_Jozef_m.jpg","large-width":50,"large-height":50,"1536x1536":"https:\/\/olimpijski.pl\/wp-content\/uploads\/2020\/06\/Nowara_Jozef_m.jpg","1536x1536-width":50,"1536x1536-height":50,"2048x2048":"https:\/\/olimpijski.pl\/wp-content\/uploads\/2020\/06\/Nowara_Jozef_m.jpg","2048x2048-width":50,"2048x2048-height":50,"ultp_layout_landscape_large":"https:\/\/olimpijski.pl\/wp-content\/uploads\/2020\/06\/Nowara_Jozef_m.jpg","ultp_layout_landscape_large-width":50,"ultp_layout_landscape_large-height":50,"ultp_layout_landscape":"https:\/\/olimpijski.pl\/wp-content\/uploads\/2020\/06\/Nowara_Jozef_m.jpg","ultp_layout_landscape-width":50,"ultp_layout_landscape-height":50,"ultp_layout_portrait":"https:\/\/olimpijski.pl\/wp-content\/uploads\/2020\/06\/Nowara_Jozef_m.jpg","ultp_layout_portrait-width":50,"ultp_layout_portrait-height":50,"ultp_layout_square":"https:\/\/olimpijski.pl\/wp-content\/uploads\/2020\/06\/Nowara_Jozef_m.jpg","ultp_layout_square-width":50,"ultp_layout_square-height":50}},"firstname":"","lastname":"Nowara J\u00f3zef Jan","birthdate_date":"25\/02\/1945","birthdate":"25 lutego 1945","deathdate_date":"","deathdate":"1984","placeofbirth":"","club":"","coach":"","metrics":"","seolink":"nowara-jozef-jan","tmp_old_id":"12988","tmp_old_fid":"294","tmp_old_parent_id":"15544","createdate":"06\/11\/2013","tmp_old_title":"Nowara J\u00f3zef Jan (1945-1984)","tmp_old_lead":"","tmp_old_body":"<p class=\"title-m-02\">NOWARA J\u00d3ZEF JAN (1945-1984)<\/p><table  border=\"0\" align=\"LEFT\" cellpadding=\"0\" cellspacing=\"0\"> <tr> <td class=\"photo-td-01\"><table  border=\"0\" cellspacing=\"0\" cellpadding=\"0\"> <tr>  <td><img src=\"files\/old\/i\/olimpijczycy\/Nowara_Jozef_m.jpg\" alt=\"NOWARA J\u00d3ZEF JAN \" border=\"0\" width=\"50\" height=\"50\"><\/td> <\/tr> <\/table><\/td><\/tr><\/table><p><strong>trener, szablista o d\u0142ugim sta\u017cu zawodniczym i reprezentacyjnym, trzykrotny olimpijczyk z Meksyku (1968), Monachium (1972) i Montrealu (1976).<br\/><\/strong><br\/>Urodzony 25 lutego 1945 w Kostuchnie, pow. Tychy, syn Jerzego i Rozalii Paj\u0105k, absolwent Technikum Mechanicznego im. S. Starzy\u0144skiego w Warszawie (1970) i biela\u0144skiej AWF (1977), gdzie otrzyma\u0142 tytu\u0142 magistra wf (specjalizacja sport), szablista (180 cm, 70 kg) Baildonu Katowice (od 1961, wychowanek trener\u00f3w Antoniego Sobika i Teodora Zaczyka) i Legii Warszawa (1965-1977), trener Ryszard Zub). Mistrz (1975) i 4-krotny wicemistrz kraju w szabli (1969-1971, 1974) i 7-krotny mistrz Polski w dru\u017cynie (1965, 1966, 1968-1970, 1972, 1974). Bardzo ceniony i przydatny w dru\u017cynie narodowej: srebrny (1969, Hawana) i br\u0105zowy (1970, Ankara) medalista mistrzostw \u015bwiata. Po zako\u0144czeniu kariery zawodniczej wyjecha\u0142 do Luksemburga, gdzie szkoli\u0142 kadr\u0119 szermiercz\u0105 tego kraju. Zgin\u0105\u0142 tragicznie w wypadku samochodowym 10 kistopada 1984. W Luksemburgu organizowany jest turniej szpadzistek z cyklu Pucharu \u015awiata nazwany jego imieniem.<br\/><br\/>Bibl.: G\u0142uszek, Leksykon 1999, s. 284 (uwaga, pomy\u0142ki w wynikach dru\u017c. igrzysk w Meksyku); Pawlak, Olimpijczycy, s. 184; MES, t. 2., s. 206; Borz\u0119cki, Bia\u0142\u0105 broni\u0105, s. 7, 12 i dalsze; \u0141uczak, Szermierka w Polsce, s. 89 i dalsze; Marzec, Historia medalami pisana, s. 76-77, 85; AAWF\u00a0 Warszawa, sygn. D\u00a0- 2612\/Z.<br\/><strong>*1968 Meksyk: szabla ind.<\/strong>\u00a0- w pierwszej grupie elim. (7 zaw.) zaj\u0105\u0142 4 m. z 3 zw., w drugiej grupie elim. (6 zaw.) uplasowa\u0142 si\u0119 na 4 m. z 2 zw., w pierwszej walce pucharowej pokona\u0142 Francuza C. Arabo 5:0, w walce \u0107wier\u0107fin. przegra\u0142 z W\u0142ochem R. Rigoli 4:5, w p\u00f3\u0142fin. bara\u017cowym wygra\u0142 z Francuzem C. Arabo 5:2, a w finale zwyci\u0119\u017cy\u0142 W. Mawlichanowa (ZSRR) 5:3. W fina\u0142owej sz\u00f3stce przegra\u0142 wszystkie pojedynki zajmuj\u0105c 6 m. w turnieju (zw. Polak J. Paw\u0142owski); <strong>szabla dru\u017c.<\/strong>\u00a0- w grupie elim. (3 dru\u017c.) Polacy pokonali Kub\u0119 13:3 (3 zw. Nowary), w \u0107wier\u0107fin. przegrali z Francj\u0105 7:9 (1 zw.); w meczu dodatkowym wygrali z W. Brytani\u0105 9:2 (3 zw.), a w meczu o m. 5-6 pokonali USA 9:5 (3 zw.) zajmuj\u0105c ostatecznie w turnieju 5 m. (zw. ZSRR). Partnerami w dru\u017cynie byli: Z. Kawecki, E. Ochyra, J. Paw\u0142owski i F. Sobczak.<br\/><strong>*1972 Monachium: szabla ind.<\/strong>\u00a0- 3 m. w grupie elim. (6 zaw.) z 2 zw., 4 m. w drugiej elim. grupowej (6 zaw.) z 2 zw., 5 m. w grupie \u0107wier\u0107fin. (6 zaw.) z 2 zw., odp. z turnieju; <strong>szabla dru\u017c.<\/strong>\u00a0- w grupie elim. (4 dru\u017c.) po zwyci\u0119stwach nad Austri\u0105 12:4 (2 zw.), Szwajcari\u0105 12:4 (3 zw.) i RFN 11:5 (3 zw.) Polacy zaj\u0119li 1 m.; w \u0107wier\u0107fin. przegrali z W\u0142ochami 2:9 (0 zw.); w meczu o m. 5-8 pokonali Francj\u0119 9:6 (nie walczy\u0142); w meczu o m. 5-6 zwyci\u0119\u017cyli Kub\u0119 9:5 (nie walczy\u0142), zajmuj\u0105c 5 m. (zw. W\u0142ochy). Partnerami w dru\u017cynie byli: K. Grzegorek, Z. Kawecki, J. Majewski i J. Paw\u0142owski.<br\/><strong>*1976 Montreal: szabla ind.<\/strong>\u00a0- 2 m. w grupie elim. (5 zaw.) z 2 zw., 3 m. w drugiej elim. grupowej (6 zaw.) z 3 zw., 3 m. w trzeciej elim. grupowej (6 zaw.) z 2 zw.; w walkach pucharowych przegra\u0142 z W. Sidiakiem (ZSRR) 7:10 i z W\u0142ochem A. Arcidiacomo 6:10, odp. z konk. zajmuj\u0105c 13-16 m. (zw. W. Krowopuskow ZSRR); <strong>szabla dru\u017c.<\/strong>\u00a0- w grupie elim. (4 dru\u017c.) po zwyci\u0119stwach nad Argentyn\u0105 10:6 (4 zw.) i Iranem 9:7 (1 zw.) oraz pora\u017cce z W\u0119grami 6:8 (0 zw.) Polacy zaj\u0119li 2 m.; w grupie \u0107wier\u0107fin. przegrali z Rumuni\u0105 4:9 (1 zw.); w meczu o m. 5-8 pokonali\u00a0USA 9:3 (3 zw.); w meczu o m. 5-6 ulegli Kubie 6:9 (2 zw.), zajmuj\u0105c 6 m. w turnieju (zw. ZSRR). Partnerami w dru\u017cynie byli: J. Bierkowski, J. Jab\u0142onowski i S. Kr\u00f3likowski.<\/p><!-- history --><table width=\"85%\" style=\"text-align:right\" border=\"0\" cellspacing=\"0\" cellpadding=\"0\">  <tr>    <td align=\"right\" class=\"box3-title\"><a href=\"javascript:history.back()\">\u00ab powr\u00f3t do listy<\/a><\/td>  <\/tr><\/table>","tmp_old_body_img":false,"tmp_old_lead_img":false,"picture_medalists":false,"important":""},"_links":{"self":[{"href":"https:\/\/olimpijski.pl\/en\/wp-json\/wp\/v2\/person\/14637"}],"collection":[{"href":"https:\/\/olimpijski.pl\/en\/wp-json\/wp\/v2\/person"}],"about":[{"href":"https:\/\/olimpijski.pl\/en\/wp-json\/wp\/v2\/types\/person"}],"version-history":[{"count":0,"href":"https:\/\/olimpijski.pl\/en\/wp-json\/wp\/v2\/person\/14637\/revisions"}],"wp:featuredmedia":[{"embeddable":true,"href":"https:\/\/olimpijski.pl\/en\/wp-json\/wp\/v2\/media\/21240"}],"wp:attachment":[{"href":"https:\/\/olimpijski.pl\/en\/wp-json\/wp\/v2\/media?parent=14637"}],"curies":[{"name":"wp","href":"https:\/\/api.w.org\/{rel}","templated":true}]}}