{"id":14685,"date":"2020-06-24T16:49:55","date_gmt":"2020-06-24T14:49:55","guid":{"rendered":"http:\/\/pkol.local\/person\/grazyna-maria-osmanska-kostrzewinska\/"},"modified":"2020-11-26T14:28:12","modified_gmt":"2020-11-26T13:28:12","slug":"grazyna-maria-osmanska-kostrzewinska","status":"publish","type":"person","link":"https:\/\/olimpijski.pl\/en\/olimpijczycy\/grazyna-maria-osmanska-kostrzewinska\/","title":{"rendered":"Gra\u017cyna Osma\u0144ska-Kostrzewi\u0144ska"},"content":{"rendered":"\n<p><br><br><strong>trener, przedsi\u0119biorca, \u0142y\u017cwiarka figurowa w\u00a0parach sportowych (partnerka Adama Brodeckiego), mistrzyni Polski, uczestniczka ME i\u00a0M\u015a, olimpijka z\u00a0Sapporo (1972).<br><\/strong><br>Urodzona 26 listopada 1950 w\u00a0Toruniu, c\u00f3rka Kazimierza i\u00a0Leokadii Milczy\u0144skiej, absolwentka Technikum Ekonomicznego w\u00a0\u0141odzi przy ul. Drewnowskiej (1970) i\u00a0kursu instruktorskiego (kl. I) w\u00a0WSWF w\u00a0Katowicach (1976).<\/p>\n\n\n\n<p>\u0141y\u017cwiarka figurowa (163 cm \/ 56 kg) klub\u00f3w toru\u0144skich: Pomorzanina (1960), wychowanka trenera Jana Boja\u0144czyka i&nbsp;Wis\u0142y (w jej barwach w&nbsp;1965 i&nbsp;1967 zdoby\u0142a po raz pierwszy tytu\u0142y wicemistrzyni kraju w&nbsp;parach sportowych z&nbsp;Ryszardem G\u00f3reckim). Od 1967 zawodniczka \u0142\u00f3dzkiego Spo\u0142em, gdzie w&nbsp;parze z&nbsp;Adamem Brodeckim osi\u0105gn\u0119\u0142a wszystkie swoje najlepsze wyniki sportowe.<\/p>\n\n\n\n<p>2-krotna mistrzyni Polski (1971, 1972) i&nbsp;7-krotna wicemistrzyni (poza 1965, 1967 z&nbsp;R. G\u00f3reckim)&nbsp;&#8211; 1968-1970, 1974, 1975 z&nbsp;A. Brodeckim. Uczestniczka M\u015a: 1971 Lyon&nbsp;&#8211; 10., 1972 Calgary&nbsp;&#8211; 12., 1974 Monachium&nbsp;&#8211; 12., 1975 Colorado Springs&nbsp;&#8211; 13. i&nbsp;ME \/6.\/: 1968 Vaeesteras &#8211; 19., 1970 Leningrad &#8211; 12., 1971 Zurich&nbsp;&#8211; 8., 1972 Goeteborg&nbsp;&#8211; 7., 1974 Zagrzeb&nbsp;&#8211; 10., 1975 Kopenhaga&nbsp;&#8211; 9.<\/p>\n\n\n\n<p>Olimpijka (1972). Po zako\u0144czeniu kariery sportowej wyst\u0119powa\u0142a kr\u00f3tko w polskiej rewii na lodzie (1976). Od 1977 instruktorka \u0142y\u017cwiarstwa figurowego w \u0142\u00f3dzkim Spo\u0142em (1977-1990), w Rauma w Finlandii (1990-1993) i Miejskim Klubie \u0141y\u017cwiarskim w \u0141odzi (1993-1996). Mistrzyni Sportu (1972).<\/p>\n\n\n\n<p><strong>*1972 Sapporo: \u0142y\u017cwiarstwo figurowe, pary sportowe<\/strong>\u00a0&#8211; 11 m. na\u00a016 start. z\u00a0not\u0105 377.8 (suma miejsc 95,5), zw. I. Rodnina\u00a0&#8211; A. U\u0142anow ZSRR z\u00a0not\u0105 420.4. Partnerem by\u0142 A. Brodecki.<\/p>\n\n\n\n<p><em>Bibl.: G\u0142uszek, Leksykon 1999, s. 290; Pawlak, Olimpijczycy, s. 191 (tu b\u0142\u0119dnie imi\u0119 Urszula); Bogusz, \u0141\u00f3dzcy olimpijczycy, s. 80-81; Porada, Igrzyska, s. 879; Ziele\u015bkiewicz, Encyklopedia, s. 159, 313; Piruetem&nbsp;przez histori\u0119, s. 23; USC Toru\u0144, AU 2486\/1950.<\/em><\/p>\n","protected":false},"excerpt":{"rendered":"<p>trener, przedsi\u0119biorca, \u0142y\u017cwiarka figurowa w\u00a0parach sportowych (partnerka Adama Brodeckiego), mistrzyni Polski, uczestniczka ME i\u00a0M\u015a, olimpijka z\u00a0Sapporo (1972). &#8230; <a class=\"read-more\" href=\"https:\/\/olimpijski.pl\/en\/olimpijczycy\/grazyna-maria-osmanska-kostrzewinska\/\">Czytaj dalej<\/a><\/p>\n","protected":false},"featured_media":36351,"menu_order":60,"template":"","meta":{"_acf_changed":false,"ub_ctt_via":"","footnotes":""},"class_list":["post-14685","person","type-person","status-publish","has-post-thumbnail","hentry","infinite-scroll-item","no-featured-image-padding","resize-featured-image"],"acf":{"olimpic_information":[{"olimpic":[{"ID":5901,"post_author":"15","post_date":"1972-06-17 13:54:39","post_date_gmt":"1972-06-17 12:54:39","post_content":"<!-- wp:heading {\"level\":1,\"className\":\"main-title\"} -->\n<h1 class=\"main-title\"><strong>XI ZIO<\/strong><br>Sapporo 1972<\/h1>\n<!-- \/wp:heading -->\n\n<!-- wp:paragraph -->\n<p><br><\/p>\n<!-- \/wp:paragraph -->\n\n<!-- wp:image {\"align\":\"left\",\"id\":19392,\"sizeSlug\":\"large\",\"className\":\"is-style-default\"} -->\n<div class=\"wp-block-image is-style-default\"><figure class=\"alignleft size-large\"><img src=\"https:\/\/olimpijski.pl\/wp-content\/uploads\/1972\/06\/sapporo1972.png\" alt=\"\" class=\"wp-image-19392\"\/><\/figure><\/div>\n<!-- \/wp:image -->\n\n<!-- wp:list -->\n<ul><li>Igrzyska rozegrano w dniach <strong>3-13 lutego<\/strong>.<\/li><li>Wystartowa\u0142o <strong>1006<\/strong> zawodnik\u00f3w (w tym <strong>206<\/strong> kobiet) z <strong>35<\/strong> kraj\u00f3w.<\/li><li>Rozdano <strong>35<\/strong> komplet\u00f3w medali.<\/li><li>Znicz olimpijski zapali\u0142a uczennica <strong>Hideki Takada<\/strong>.<\/li><li>Igrzyska otworzy\u0142 <strong>cesarz Japonii Hirohito<\/strong>.<\/li><li>Po raz pierwszy w historii zimowe igrzyska olimpijskie odby\u0142y si\u0119 w Azji.<\/li><\/ul>\n<!-- \/wp:list -->\n\n<!-- wp:heading -->\n<h2><strong>Program Igrzysk \u2013 8 dyscyplin i 35 konkurencji<\/strong><\/h2>\n<!-- \/wp:heading -->\n\n<!-- wp:paragraph -->\n<p>biathlon (2 konkurencje), bobsleje (2), hokej na lodzie (1), \u0142y\u017cwiarstwo figurowe (3), \u0142y\u017cwiarstwo szybkie (8), narciarstwo alpejskie (6), narciarstwo klasyczne (10), saneczkarstwo (3).<\/p>\n<!-- \/wp:paragraph -->\n\n<!-- wp:heading -->\n<h2><strong>Gwiazdy Igrzysk<\/strong><\/h2>\n<!-- \/wp:heading -->\n\n<!-- wp:paragraph -->\n<p><strong>Galina Ku\u0142akowa<\/strong> (ZSRR, biegi narciarskie) \u2013 3 z\u0142ote medale<br><strong>Ard Schenk<\/strong> (Holandia, biegi narciarskie) \u2013 3 z\u0142ote medale<\/p>\n<!-- \/wp:paragraph -->\n\n<!-- wp:heading -->\n<h2><strong>Polska Reprezentacja Olimpijska<\/strong><\/h2>\n<!-- \/wp:heading -->\n\n<!-- wp:paragraph -->\n<p><strong>50 os\u00f3b<\/strong> (startowa\u0142o 47 \u2013 8 kobiet i 39 m\u0119\u017cczyzn) w 5 sportach: 5 biathlonist\u00f3w, 19 hokeist\u00f3w, 2 \u0142y\u017cwiarzy figurowych (w tym 1 kobieta), 13 narciarzy (w tym 4 kobiety), 11 saneczkarzy (w tym 3 kobiety; 8 startowa\u0142o + 2 rez., 1 nie).<\/p>\n<!-- \/wp:paragraph -->\n\n<!-- wp:paragraph -->\n<p>Chor\u0105\u017cym reprezentacji Polski by\u0142 nasz pierwszy medalista mistrzostw \u015bwiata w narciarstwie alpejskim <strong>Andrzej Bachleda-Curu\u015b II<\/strong>.<\/p>\n<!-- \/wp:paragraph -->\n\n<!-- wp:heading -->\n<h2><strong>Klasyfikacja medalowa<\/strong><\/h2>\n<!-- \/wp:heading -->\n\n<!-- wp:table {\"hasFixedLayout\":true,\"className\":\"is-style-stripes\"} -->\n<figure class=\"wp-block-table is-style-stripes\"><table class=\"has-fixed-layout\"><tbody><tr><td><\/td><td><\/td><td class=\"has-text-align-center\" data-align=\"center\">&nbsp;<\/td><td class=\"has-text-align-center\" data-align=\"center\">&nbsp;<\/td><td class=\"has-text-align-center\" data-align=\"center\">&nbsp;<\/td><td class=\"has-text-align-center\" data-align=\"center\">&nbsp;<\/td><\/tr><tr><td>&nbsp;<\/td><td>&nbsp;<\/td><td class=\"has-text-align-center\" data-align=\"center\">&nbsp;<\/td><td class=\"has-text-align-center\" data-align=\"center\"><img class=\"wp-image-26068\" style=\"width: 50px;\" src=\"https:\/\/olimpijski.pl\/wp-content\/uploads\/1948\/06\/2008_Pekin_zloty_50x50.jpg\" alt=\"\"><\/td><td class=\"has-text-align-center\" data-align=\"center\"><img class=\"wp-image-26071\" style=\"width: 50px;\" src=\"https:\/\/olimpijski.pl\/wp-content\/uploads\/1948\/06\/2008_Pekin_sreb_50x50.jpg\" alt=\"\"><\/td><td class=\"has-text-align-center\" data-align=\"center\"><img class=\"wp-image-26073\" style=\"width: 50px;\" src=\"https:\/\/olimpijski.pl\/wp-content\/uploads\/1948\/06\/2008_Pekin_braz_50x50.jpg\" alt=\"\"><\/td><\/tr><tr><td>1.<\/td><td>ZSRR<\/td><td class=\"has-text-align-center\" data-align=\"center\">16<\/td><td class=\"has-text-align-center\" data-align=\"center\">8<\/td><td class=\"has-text-align-center\" data-align=\"center\">5<\/td><td class=\"has-text-align-center\" data-align=\"center\">3<\/td><\/tr><tr><td>2.<\/td><td>NRD<\/td><td class=\"has-text-align-center\" data-align=\"center\">14<\/td><td class=\"has-text-align-center\" data-align=\"center\">4<\/td><td class=\"has-text-align-center\" data-align=\"center\">3<\/td><td class=\"has-text-align-center\" data-align=\"center\">7<\/td><\/tr><tr><td>3.<\/td><td>Szwajcaria<\/td><td class=\"has-text-align-center\" data-align=\"center\">10<\/td><td class=\"has-text-align-center\" data-align=\"center\">4<\/td><td class=\"has-text-align-center\" data-align=\"center\">3<\/td><td class=\"has-text-align-center\" data-align=\"center\">3<\/td><\/tr><tr><td>...<\/td><td>&nbsp;<\/td><td class=\"has-text-align-center\" data-align=\"center\">&nbsp;<\/td><td class=\"has-text-align-center\" data-align=\"center\">&nbsp;<\/td><td class=\"has-text-align-center\" data-align=\"center\">&nbsp;<\/td><td class=\"has-text-align-center\" data-align=\"center\">&nbsp;<\/td><\/tr><tr><td><strong>13-14.<\/strong><\/td><td><strong>Polska<\/strong><\/td><td class=\"has-text-align-center\" data-align=\"center\"><strong>1<\/strong><\/td><td class=\"has-text-align-center\" data-align=\"center\"><strong>1<\/strong><\/td><td class=\"has-text-align-center\" data-align=\"center\"><strong>0<\/strong><\/td><td class=\"has-text-align-center\" data-align=\"center\"><strong>0<\/strong><\/td><\/tr><\/tbody><\/table><\/figure>\n<!-- \/wp:table -->\n\n<!-- wp:heading -->\n<h2><strong>Medale dla Polski (1)<\/strong><\/h2>\n<!-- \/wp:heading -->\n\n<!-- wp:paragraph -->\n<p>Z\u0142oty \u2013 Wojciech Fortuna (skoki narciarskie, K-90 \u2013 w\u00f3wczas skocznia du\u017ca)<\/p>\n<!-- \/wp:paragraph -->\n\n<!-- wp:quote {\"className\":\"is-style-default\"} -->\n<blockquote class=\"wp-block-quote is-style-default\"><p>O jedn\u0105 z najwi\u0119kszych niespodzianek postara\u0142 si\u0119 Wojciech Fortuna. Zdoby\u0142 pierwszy dla Polski medal w skokach narciarskich, na 90 metrowym obiekcie wyprzedzi\u0142 Szwajcara Waltera Steinera o zaledwie 0,1 pkt.<\/p><p>Narciarze po raz ostatni u\u017cywali drewnianego sprz\u0119tu, wypieranego przez syntetyczne w\u0142\u00f3kna szklane. Przed igrzyskami MKOl wykluczy\u0142 z imprezy jednego z faworyt\u00f3w, austriackiego alpejczyka Karla Schranza, za naruszenie Karty Olimpijskiej (niedozwolony udzia\u0142 w reklamie).<\/p><\/blockquote>\n<!-- \/wp:quote -->","post_title":"Sapporo 1972","post_excerpt":"","post_status":"publish","comment_status":"closed","ping_status":"closed","post_password":"","post_name":"sapporo-1972","to_ping":"","pinged":"","post_modified":"2020-09-30 12:12:02","post_modified_gmt":"2020-09-30 10:12:02","post_content_filtered":"","post_parent":0,"guid":"https:\/\/wai-q98d7hpf9hy9k.wpallimport-demo.qsandbox.me\/olympics_winter\/sapporo-1972\/","menu_order":0,"post_type":"olympics_winter","post_mime_type":"","comment_count":"0","filter":"raw"}],"competitions_rewards":[{"competition":[{"ID":5837,"post_author":"1","post_date":"2020-06-19 11:32:23","post_date_gmt":"2020-06-19 11:32:23","post_content":"","post_title":"\u0141y\u017cwiarstwo figurowe","post_excerpt":"","post_status":"publish","comment_status":"open","ping_status":"open","post_password":"","post_name":"lyzwiarstwo-figurowe","to_ping":"","pinged":"","post_modified":"2020-06-29 13:13:11","post_modified_gmt":"2020-06-29 11:13:11","post_content_filtered":"","post_parent":0,"guid":"https:\/\/wai-q7byvryhhcz9k.wpallimport-demo.qsandbox.me\/competition\/lyzwiarstwo-figurowe\/","menu_order":0,"post_type":"competition","post_mime_type":"","comment_count":"0","filter":"raw"}],"reward":""}]}],"picture":{"ID":36351,"id":36351,"title":"Grazyna_Kostrzewinska-Osmanska","filename":"Grazyna_Kostrzewinska-Osmanska.jpg","filesize":43867,"url":"https:\/\/olimpijski.pl\/wp-content\/uploads\/2020\/06\/Grazyna_Kostrzewinska-Osmanska.jpg","link":"https:\/\/olimpijski.pl\/en\/olimpijczycy\/grazyna-maria-osmanska-kostrzewinska\/grazyna_kostrzewinska-osmanska\/#main","alt":"","author":"15","description":"","caption":"","name":"grazyna_kostrzewinska-osmanska","status":"inherit","uploaded_to":14685,"date":"2020-11-26 13:27:17","modified":"2020-11-26 13:27:17","menu_order":0,"mime_type":"image\/jpeg","type":"image","subtype":"jpeg","icon":"https:\/\/olimpijski.pl\/wp-includes\/images\/media\/default.png","width":430,"height":538,"sizes":{"thumbnail":"https:\/\/olimpijski.pl\/wp-content\/uploads\/2020\/06\/Grazyna_Kostrzewinska-Osmanska-150x150.jpg","thumbnail-width":150,"thumbnail-height":150,"medium":"https:\/\/olimpijski.pl\/wp-content\/uploads\/2020\/06\/Grazyna_Kostrzewinska-Osmanska-240x300.jpg","medium-width":240,"medium-height":300,"medium_large":"https:\/\/olimpijski.pl\/wp-content\/uploads\/2020\/06\/Grazyna_Kostrzewinska-Osmanska.jpg","medium_large-width":430,"medium_large-height":538,"large":"https:\/\/olimpijski.pl\/wp-content\/uploads\/2020\/06\/Grazyna_Kostrzewinska-Osmanska.jpg","large-width":430,"large-height":538,"1536x1536":"https:\/\/olimpijski.pl\/wp-content\/uploads\/2020\/06\/Grazyna_Kostrzewinska-Osmanska.jpg","1536x1536-width":430,"1536x1536-height":538,"2048x2048":"https:\/\/olimpijski.pl\/wp-content\/uploads\/2020\/06\/Grazyna_Kostrzewinska-Osmanska.jpg","2048x2048-width":430,"2048x2048-height":538,"ultp_layout_landscape_large":"https:\/\/olimpijski.pl\/wp-content\/uploads\/2020\/06\/Grazyna_Kostrzewinska-Osmanska.jpg","ultp_layout_landscape_large-width":430,"ultp_layout_landscape_large-height":538,"ultp_layout_landscape":"https:\/\/olimpijski.pl\/wp-content\/uploads\/2020\/06\/Grazyna_Kostrzewinska-Osmanska.jpg","ultp_layout_landscape-width":430,"ultp_layout_landscape-height":538,"ultp_layout_portrait":"https:\/\/olimpijski.pl\/wp-content\/uploads\/2020\/06\/Grazyna_Kostrzewinska-Osmanska.jpg","ultp_layout_portrait-width":430,"ultp_layout_portrait-height":538,"ultp_layout_square":"https:\/\/olimpijski.pl\/wp-content\/uploads\/2020\/06\/Grazyna_Kostrzewinska-Osmanska.jpg","ultp_layout_square-width":430,"ultp_layout_square-height":538}},"firstname":"Gra\u017cyna","lastname":"Osma\u0144ska-Kostrzewi\u0144ska","birthdate_date":"26\/11\/1950","birthdate":"26 listopada 1950","deathdate_date":"","deathdate":"","placeofbirth":"Toru\u0144","club":"Pomorzanin Toru\u0144, Wis\u0142a Toru\u0144, Spo\u0142em \u0141\u00f3d\u017a","coach":"Jan Boja\u0144czyk, Ryszard G\u00f3recki, Adam Brodecki","metrics":"163 cm \/ 56 kg","seolink":"osmanska-kostrzewinska-grazyna-maria","tmp_old_id":"14268","tmp_old_fid":"294","tmp_old_parent_id":"15544","createdate":"26\/11\/2014","tmp_old_title":"Osma\u0144ska - Kostrzewi\u0144ska Gra\u017cyna Maria","tmp_old_lead":"","tmp_old_body":"<p class=\"title-m-02\">OSMA\u0143SKA - KOSTRZEWI\u0143SKA GRA\u017bYNA MARIA<\/p><table  border=\"0\" align=\"LEFT\" cellpadding=\"0\" cellspacing=\"0\"> <tr> <td class=\"photo-td-01\"><table  border=\"0\" cellspacing=\"0\" cellpadding=\"0\"> <tr>  <td><img src=\"files\/old\/i\/olimpijczycy\/Osmanska-Kostrzewinska_Grazyna_m.jpg\" alt=\"OSMA\u0143SKA-KOSTRZEWI\u0143SKA GRA\u017bYNA MARIA \" border=\"0\" width=\"50\" height=\"50\"><\/td> <\/tr> <\/table><\/td><\/tr><\/table><p><strong>trener, przedsi\u0119biorca, \u0142y\u017cwiarka figurowa w parach sportowych (partnerka Adama Brodeckiego), mistrzyni Polski, uczestniczka ME i M\u015a, olimpijka z Sapporo (1972).<br\/><\/strong><br\/>Urodzona 26 listopada 1950 w Toruniu, c\u00f3rka Kazimierza i Leokadii Milczy\u0144skiej, absolwentka Technikum Ekonomicznego w \u0141odzi przy ul. Drewnowskiej (1970) i kursu instruktorskiego (kl. I) w WSWF w Katowicach (1976), \u0142y\u017cwiarka figurowa (163 cm, 56 kg) klub\u00f3w toru\u0144skich: Pomorzanina (1960), wychowanka trenera Jana Boja\u0144czyka i Wis\u0142y (w jej barwach w 1965 i 1967 zdoby\u0142a po raz pierwszy tytu\u0142y wicemistrzyni kraju w parach sportowych z Ryszardem G\u00f3reckim). Od 1967 zawodniczka \u0142\u00f3dzkiego Spo\u0142em, gdzie w parze z Adamem Brodeckim osi\u0105gn\u0119\u0142a wszystkie swoje najlepsze wyniki sportowe. 2-krotna mistrzyni Polski (1971, 1972) i 7-krotna wicemistrzyni (poza 1965, 1967 z R. G\u00f3reckim)\u00a0- 1968-1970, 1974, 1975 z A. Brodeckim. Uczestniczka M\u015a: 1971 Lyon\u00a0- 10, 1972 Calgary\u00a0- 12, 1974 Monachium\u00a0- 12, 1975 Colorado Springs\u00a0- 13 i ME \/6\/: 1968 V\u00e4esteras-19, 1970 Leningrad -12, 1971 Zurich\u00a0- 8, 1972 G\u00f6teborg\u00a0- 7, 1974 Zagrzeb\u00a0- 10, 1975 Kopenhaga\u00a0- 9. Olimpijka (1972). Po zako\u0144czeniu kariery sportowej wyst\u0119powa\u0142a kr\u00f3tko w polskiej rewii na lodzie (1976). Od 1977 instruktorka \u0142y\u017cwiarstwa figurowego w \u0142\u00f3dzkim Spo\u0142em (1977-1990), w Rauma w Finlandii (1990-1993) i Miejskim Klubie \u0141y\u017cwiarskim w \u0141odzi (1993-1996). Mistrzyni Sportu (1972). \u017bona (1971) Zdzis\u0142awa Kostrzewi\u0144skiego (pi\u0142karza I ligowego \u0141KS i Widzewa), ma dwie c\u00f3rki: Agnieszk\u0119, ur. 1972, obecnie \u017cona olimpijczyka Artura Partyki) i Magdalen\u0119 (1976). Mieszka w \u0141odzi.<br\/><br\/>Bibl.: G\u0142uszek, Leksykon 1999, s. 290; Pawlak, Olimpijczycy, s. 191 (tu b\u0142\u0119dnie imi\u0119 Urszula); Bogusz, \u0141\u00f3dzcy olimpijczycy, s. 80-81; Porada, Igrzyska, s. 879; Ziele\u015bkiewicz, Encyklopedia, s. 159, 313; Piruetem\u00a0przez histori\u0119, s. 23; USC Toru\u0144, AU 2486\/1950.<br\/><strong>*1972 Sapporo: pary sportowe<\/strong>\u00a0- 11 m. na 16 start. z not\u0105 377.8 (suma miejsc 95,5), zw. I. Rodnina\u00a0- A. U\u0142anow ZSRR z not\u0105 420.4. Partnerem by\u0142 A. Brodecki.<\/p><!-- history --><table width=\"85%\" style=\"text-align:right\" border=\"0\" cellspacing=\"0\" cellpadding=\"0\">  <tr>    <td align=\"right\" class=\"box3-title\"><a href=\"javascript:history.back()\">\u00ab powr\u00f3t do listy<\/a><\/td>  <\/tr><\/table>","tmp_old_body_img":false,"tmp_old_lead_img":false,"picture_medalists":false,"important":"","person_achivments":""},"_links":{"self":[{"href":"https:\/\/olimpijski.pl\/en\/wp-json\/wp\/v2\/person\/14685"}],"collection":[{"href":"https:\/\/olimpijski.pl\/en\/wp-json\/wp\/v2\/person"}],"about":[{"href":"https:\/\/olimpijski.pl\/en\/wp-json\/wp\/v2\/types\/person"}],"version-history":[{"count":4,"href":"https:\/\/olimpijski.pl\/en\/wp-json\/wp\/v2\/person\/14685\/revisions"}],"predecessor-version":[{"id":36356,"href":"https:\/\/olimpijski.pl\/en\/wp-json\/wp\/v2\/person\/14685\/revisions\/36356"}],"wp:featuredmedia":[{"embeddable":true,"href":"https:\/\/olimpijski.pl\/en\/wp-json\/wp\/v2\/media\/36351"}],"wp:attachment":[{"href":"https:\/\/olimpijski.pl\/en\/wp-json\/wp\/v2\/media?parent=14685"}],"curies":[{"name":"wp","href":"https:\/\/api.w.org\/{rel}","templated":true}]}}