{"id":14765,"date":"2020-06-24T16:50:12","date_gmt":"2020-06-24T14:50:12","guid":{"rendered":"http:\/\/pkol.local\/person\/zenon-piatkowski\/"},"modified":"2021-02-17T12:46:55","modified_gmt":"2021-02-17T11:46:55","slug":"zenon-piatkowski","status":"publish","type":"person","link":"https:\/\/olimpijski.pl\/en\/olimpijczycy\/zenon-piatkowski\/","title":{"rendered":"Zenon Pi\u0105tkowski (1902-1967)"},"content":{"rendered":"\n<p><br><br><br><strong>rusznikarz z Rembertowa, jeden z najlepszych &#8220;pistoleciarzy&#8221; mi\u0119dzywojnia, olimpijczyk z Berlina (1936).<\/strong><\/p>\n\n\n\n<p>Urodzony 17 lutego 1902 w Nasielsku, absolwent gimnazjum mechanicznego, mistrz \u015blusarski i rusznikarz odni\u00f3s\u0142 swoje najwi\u0119ksze sukcesy sportowe reprezentuj\u0105c barwy Kadry Rembert\u00f3w. Sekcja strzelecka tego klubu powsta\u0142a w 1932 i ju\u017c kilka lat p\u00f3\u017aniej nale\u017ca\u0142a do czo\u0142owych w kraju zdobywaj\u0105c (1936) podczas XII mistrzostw Polski 5 z\u0142otych i 3 srebrne medale. Obok Piotra Dudy (mistrz w strzelaniu z karabinka sportowego) wyr\u00f3\u017cniaj\u0105cym si\u0119 zawodnikiem by\u0142 Pi\u0105tkowski &#8211; specjalista w strzelaniu z pistoletu (przysz\u0142y olimpijczyk).<\/p>\n\n\n\n<p>Spektakularnym sukcesem dru\u017cyny strzeleckiej Kadry Rembert\u00f3w (P. Duda, K. Paprocki, B. Wachowicz, M. Jurek, mjr Stawarz, E. Ko\u0142odziejski i Z. Pi\u0105tkowski) by\u0142o zwyci\u0119stwo (pa\u017adziernik 1938) w mi\u0119dzynarodowych korespondencyjnych zawodach z udzia\u0142em Pa\u0144stw Ba\u0142tyckich, Polski, Niemiec, Danii, Holandii, Jugos\u0142awii i Grecji w strzelaniu z dowolnego karabinka sportowego. Zawodnicy &#8220;Kadry&#8221; uzyskali 1964\/2000 pkt. bij\u0105c tym samym o 7 pkt. rekord \u015bwiata ustanowiony w tym samym roku przez zesp\u00f3\u0142 ameryka\u0144ski na mistrzostwach \u015bwiata w Helsinkach. Polacy wyprzedzili Niemc\u00f3w o&#8230; 1 punkt!<\/p>\n\n\n\n<p>Zenon Pi\u0105tkowski zmar\u0142 w Warszawie 12 kwietnia 1967.<\/p>\n\n\n\n<p><strong>*1936 Berlin: strzelectwo, pistolet szybkostrzelny 36 strza\u0142\u00f3w do 6 sylwetek (6 serii po 6 strza\u0142\u00f3w), 25 m<\/strong> &#8211; 27 m. na 53 start. z wynikiem 21 pkt. (zw. C. van Oyen, Niemcy &#8211; 36 pkt. ).<\/p>\n\n\n\n<p><em>Bibl.: WKS Kadra Rembert\u00f3w, s. 16-19; G\u0142uszek, Leksykon 1999, s. 298; Pawlak, Olimpijczycy, s. 202.<\/em><\/p>\n","protected":false},"excerpt":{"rendered":"<p>rusznikarz z Rembertowa, jeden z najlepszych &#8220;pistoleciarzy&#8221; mi\u0119dzywojnia, olimpijczyk z Berlina (1936). &#8230; <a class=\"read-more\" href=\"https:\/\/olimpijski.pl\/en\/olimpijczycy\/zenon-piatkowski\/\">Czytaj dalej<\/a><\/p>\n","protected":false},"featured_media":39206,"menu_order":60,"template":"","meta":{"_acf_changed":false,"ub_ctt_via":"","footnotes":""},"class_list":["post-14765","person","type-person","status-publish","has-post-thumbnail","hentry","infinite-scroll-item","no-featured-image-padding","resize-featured-image"],"acf":{"olimpic_information":[{"olimpic":[{"ID":308,"post_author":"1","post_date":"1936-06-17 13:34:45","post_date_gmt":"1936-06-17 12:34:45","post_content":"<!-- wp:heading {\"level\":1,\"className\":\"main-title\"} -->\n<h1 class=\"main-title\"><strong>Igrzyska XI Olimpiady<\/strong><br>Berlin 1936<\/h1>\n<!-- \/wp:heading -->\n\n<!-- wp:paragraph -->\n<p><br><\/p>\n<!-- \/wp:paragraph -->\n\n<!-- wp:image {\"align\":\"left\",\"id\":19316,\"width\":137,\"height\":137,\"sizeSlug\":\"large\"} -->\n<div class=\"wp-block-image\"><figure class=\"alignleft size-large is-resized\"><img src=\"https:\/\/olimpijski.pl\/wp-content\/uploads\/1936\/06\/berlin1936.png\" alt=\"\" class=\"wp-image-19316\" width=\"137\" height=\"137\"\/><\/figure><\/div>\n<!-- \/wp:image -->\n\n<!-- wp:list -->\n<ul><li>Igrzyska zosta\u0142y rozegrane w dniach <strong>1-16 sierpnia<\/strong>.<\/li><li>Wystartowa\u0142o <strong>4066<\/strong> zawodnik\u00f3w z <strong>49<\/strong> kraj\u00f3w (w tym <strong>328<\/strong> kobiet).<\/li><li>Rozdano <strong>129<\/strong> komplet\u00f3w medali.<\/li><li>Przysi\u0119g\u0119 w imieniu olimpijczyk\u00f3w z\u0142o\u017cy\u0142 ci\u0119\u017carowiec <strong>Rudolf Ismayr<\/strong>.<\/li><li>Po raz pierwszy w historii, na arenie igrzysk zapalony zosta\u0142 znicz olimpijski, a zaszczyt ten przypad\u0142 lekkoatlecie <strong>Fritzowi Schilgenowi<\/strong>, wybranemu ze wzgl\u0119du na \u0142adny styl biegania.<\/li><li>Igrzyska otworzy\u0142 kanclerz Niemiec <strong>Adolf Hitler<\/strong>.<\/li><\/ul>\n<!-- \/wp:list -->\n\n<!-- wp:heading -->\n<h2><strong>Program Igrzysk <strong>\u2013<\/strong> 21 dyscyplin, 129 konkurencji<\/strong><\/h2>\n<!-- \/wp:heading -->\n\n<!-- wp:paragraph -->\n<p>boks (8 konkurencji), gimnastyka (9), hokej na trawie (1), je\u017adziectwo (6), kajakarstwo (9), kolarstwo (6), koszyk\u00f3wka (1), lekkoatletyka (29), pi\u0119ciob\u00f3j nowoczesny (1), pi\u0142ka no\u017cna (1), pi\u0142ka r\u0119czna (1), pi\u0142ka wodna (1), p\u0142ywanie (11), podnoszenie ci\u0119\u017car\u00f3w (5), polo (1), skoki do wody (4), strzelectwo (3), szermierka (7), wio\u015blarstwo (7), zapasy (14), \u017ceglarstwo (4).<\/p>\n<!-- \/wp:paragraph -->\n\n<!-- wp:heading -->\n<h2><strong>Gwiazda Igrzysk<\/strong><\/h2>\n<!-- \/wp:heading -->\n\n<!-- wp:paragraph -->\n<p><strong>James Cleveland \u201eJesse\u201d Owens<\/strong> (USA, lekkoatletyka) \u2013 4 z\u0142ote medale<\/p>\n<!-- \/wp:paragraph -->\n\n<!-- wp:heading -->\n<h2><strong>Polska Reprezentacja Olimpijska<\/strong><\/h2>\n<!-- \/wp:heading -->\n\n<!-- wp:paragraph -->\n<p><strong>125 os\u00f3b<\/strong> (startowa\u0142o 113 \u2013 11 kobiet i 102 m\u0119\u017cczyzn) w 14 sportach: 8 bokser\u00f3w (7 startowa\u0142o, 1 nie), 9 gimnastyczek (8 startowa\u0142o, 1 nie),8 je\u017ad\u017ac\u00f3w (6 startowa\u0142o + 2 rez.), 5 kolarzy (4 startowa\u0142o + 1 rez.), 18 lekkoatlet\u00f3w (w tym 3 zawodniczki; 17 startowa\u0142o, 1 nie), 12 koszykarzy (10 startowa\u0142o + 2 rez.), 2 kajakarzy, 5 p\u0142ywak\u00f3w (4 startowa\u0142o + 1 rez.), 18 pi\u0142karzy (17 startowa\u0142o + 1 rez.), 11 szermierzy, 6 strzelc\u00f3w, 11 wio\u015blarzy, 4 zapa\u015bnik\u00f3w (3 startowa\u0142o, 1 nie), 8 \u017ceglarzy (7 startowa\u0142o + 1 rez.).<\/p>\n<!-- \/wp:paragraph -->\n\n<!-- wp:paragraph -->\n<p>Chor\u0105\u017cym reprezentacji Polski by\u0142 lekkoatleta <strong>Klemens Biniakowski<\/strong>.<\/p>\n<!-- \/wp:paragraph -->\n\n<!-- wp:heading -->\n<h2><strong>Klasyfikacja medalowa<\/strong><\/h2>\n<!-- \/wp:heading -->\n\n<!-- wp:table {\"hasFixedLayout\":true,\"className\":\"is-style-stripes\"} -->\n<figure class=\"wp-block-table is-style-stripes\"><table class=\"has-fixed-layout\"><tbody><tr><td><\/td><td><\/td><td class=\"has-text-align-center\" data-align=\"center\">&nbsp;<\/td><td class=\"has-text-align-center\" data-align=\"center\">&nbsp;<\/td><td class=\"has-text-align-center\" data-align=\"center\">&nbsp;<\/td><td class=\"has-text-align-center\" data-align=\"center\">&nbsp;<\/td><\/tr><tr><td>&nbsp;<\/td><td>&nbsp;<\/td><td class=\"has-text-align-center\" data-align=\"center\">&nbsp;<\/td><td class=\"has-text-align-center\" data-align=\"center\"><img class=\"wp-image-27817\" style=\"width: 50px;\" src=\"https:\/\/olimpijski.pl\/wp-content\/uploads\/2016\/06\/2016_Rio_zloty_50x50.jpg\" alt=\"\"><\/td><td class=\"has-text-align-center\" data-align=\"center\"><img class=\"wp-image-27819\" style=\"width: 50px;\" src=\"https:\/\/olimpijski.pl\/wp-content\/uploads\/2016\/06\/2016_Rio_sreb_50x50.jpg\" alt=\"\"><\/td><td class=\"has-text-align-center\" data-align=\"center\"><img class=\"wp-image-27821\" style=\"width: 50px;\" src=\"https:\/\/olimpijski.pl\/wp-content\/uploads\/2016\/06\/2016_Rio_braz_50x50.jpg\" alt=\"\"><\/td><\/tr><tr><td>1.<\/td><td>Niemcy<\/td><td class=\"has-text-align-center\" data-align=\"center\">89<\/td><td class=\"has-text-align-center\" data-align=\"center\">33<\/td><td class=\"has-text-align-center\" data-align=\"center\">26<\/td><td class=\"has-text-align-center\" data-align=\"center\">30<\/td><\/tr><tr><td>2.<\/td><td>USA<\/td><td class=\"has-text-align-center\" data-align=\"center\">56<\/td><td class=\"has-text-align-center\" data-align=\"center\">24<\/td><td class=\"has-text-align-center\" data-align=\"center\">20<\/td><td class=\"has-text-align-center\" data-align=\"center\">12<\/td><\/tr><tr><td>3.<\/td><td>W\u0119gry<\/td><td class=\"has-text-align-center\" data-align=\"center\">16<\/td><td class=\"has-text-align-center\" data-align=\"center\">10<\/td><td class=\"has-text-align-center\" data-align=\"center\">1<\/td><td class=\"has-text-align-center\" data-align=\"center\">5<\/td><\/tr><tr><td>...<\/td><td>&nbsp;<\/td><td class=\"has-text-align-center\" data-align=\"center\">&nbsp;<\/td><td class=\"has-text-align-center\" data-align=\"center\">&nbsp;<\/td><td class=\"has-text-align-center\" data-align=\"center\">&nbsp;<\/td><td class=\"has-text-align-center\" data-align=\"center\">&nbsp;<\/td><\/tr><tr><td><strong>22.<\/strong><\/td><td><strong>Polska<\/strong><\/td><td class=\"has-text-align-center\" data-align=\"center\"><strong>6<\/strong><\/td><td class=\"has-text-align-center\" data-align=\"center\"><strong>0<\/strong><\/td><td class=\"has-text-align-center\" data-align=\"center\"><strong>3<\/strong><\/td><td class=\"has-text-align-center\" data-align=\"center\"><strong>3<\/strong><\/td><\/tr><\/tbody><\/table><\/figure>\n<!-- \/wp:table -->\n\n<!-- wp:heading -->\n<h2><strong>Medale dla Polski (6)<\/strong><\/h2>\n<!-- \/wp:heading -->\n\n<!-- wp:ub\/content-toggle-block {\"blockID\":\"61bbb204-487c-421f-8244-fb42e8f2da7e\",\"theme\":\"#f1f1f1\",\"collapsed\":true,\"titleColor\":\"#000000\"} -->\n<!-- wp:ub\/content-toggle-panel-block {\"parentID\":\"61bbb204-487c-421f-8244-fb42e8f2da7e\",\"theme\":\"#f1f1f1\",\"collapsed\":true,\"titleColor\":\"#000000\",\"panelTitle\":\"Srebrne\"} -->\n<!-- wp:paragraph -->\n<p><\/p>\n<!-- \/wp:paragraph -->\n\n<!-- wp:media-text {\"align\":\"\",\"mediaId\":30221,\"mediaLink\":\"https:\/\/olimpijski.pl\/igrzyska_letnie\/berlin-1936\/1936_berlin_sreb_200\/#main\",\"mediaType\":\"image\",\"mediaWidth\":20} -->\n<div class=\"wp-block-media-text is-stacked-on-mobile\" style=\"grid-template-columns:20% auto\"><figure class=\"wp-block-media-text__media\"><img src=\"https:\/\/olimpijski.pl\/wp-content\/uploads\/1936\/06\/1936_Berlin_sreb_200.jpg\" alt=\"\" class=\"wp-image-30221\"\/><\/figure><div class=\"wp-block-media-text__content\"><!-- wp:paragraph -->\n<p><strong>Stanis\u0142awa Walasiewicz<\/strong><br>(lekkoatletyka, bieg na 100 m)<br><br><strong>Jadwiga Wajs<\/strong><br>(lekkoatletyka, rzut dyskiem)<\/p>\n<!-- \/wp:paragraph -->\n\n<!-- wp:paragraph -->\n<p><strong>Zdzis\u0142aw Kawecki, Henryk Leliwa-Roycewicz, Seweryn Kulesza<\/strong><br>(je\u017adziectwo, WKKW)<\/p>\n<!-- \/wp:paragraph --><\/div><\/div>\n<!-- \/wp:media-text -->\n<!-- \/wp:ub\/content-toggle-panel-block -->\n<!-- \/wp:ub\/content-toggle-block -->\n\n<!-- wp:ub\/content-toggle-block {\"blockID\":\"4c66526b-45eb-4431-93e8-e6d76c006dc6\",\"theme\":\"#f1f1f1\",\"collapsed\":true,\"titleColor\":\"#000000\"} -->\n<!-- wp:ub\/content-toggle-panel-block {\"parentID\":\"4c66526b-45eb-4431-93e8-e6d76c006dc6\",\"theme\":\"#f1f1f1\",\"collapsed\":true,\"titleColor\":\"#000000\",\"panelTitle\":\"Br\u0105zowe\"} -->\n<!-- wp:paragraph -->\n<p><\/p>\n<!-- \/wp:paragraph -->\n\n<!-- wp:media-text {\"align\":\"\",\"mediaId\":30223,\"mediaLink\":\"https:\/\/olimpijski.pl\/igrzyska_letnie\/berlin-1936\/1936_berlin_braz_200\/#main\",\"mediaType\":\"image\",\"mediaWidth\":20} -->\n<div class=\"wp-block-media-text is-stacked-on-mobile\" style=\"grid-template-columns:20% auto\"><figure class=\"wp-block-media-text__media\"><img src=\"https:\/\/olimpijski.pl\/wp-content\/uploads\/1936\/06\/1936_Berlin_braz_200.jpg\" alt=\"\" class=\"wp-image-30223\"\/><\/figure><div class=\"wp-block-media-text__content\"><!-- wp:paragraph -->\n<p><strong>Maria Kwa\u015bniewska<\/strong><br>(lekkoatletyka, rzut oszczepem)<\/p>\n<!-- \/wp:paragraph -->\n\n<!-- wp:paragraph -->\n<p><strong>W\u0142adys\u0142aw Kara\u015b<\/strong><br>(strzelectwo, karabin ma\u0142okalibrowy le\u017c\u0105c 50 m)<\/p>\n<!-- \/wp:paragraph -->\n\n<!-- wp:paragraph -->\n<p><strong>Jerzy Ustupski, Roger Verey<\/strong><br>(wio\u015blarstwo, dw\u00f3jka podw\u00f3jna)<\/p>\n<!-- \/wp:paragraph --><\/div><\/div>\n<!-- \/wp:media-text -->\n<!-- \/wp:ub\/content-toggle-panel-block -->\n<!-- \/wp:ub\/content-toggle-block -->\n\n<!-- wp:quote {\"className\":\"is-style-default\"} -->\n<blockquote class=\"wp-block-quote is-style-default\"><p>Trzy medale wywalczy\u0142y lekkoatletki, po jednym je\u017ad\u017acy, strzelec i wio\u015blarze. Ponownie w gronie najlepszych znalaz\u0142y si\u0119 Stanis\u0142awa Walasiewicz zajmuj\u0105c drugie miejsce w biegu na 100 m oraz Jadwiga Wajs w rzucie dyskiem. Trzecia, w rzucie oszczepem, by\u0142a Maria Kwa\u015bniewska.<\/p><\/blockquote>\n<!-- \/wp:quote -->","post_title":"Berlin 1936","post_excerpt":"","post_status":"publish","comment_status":"closed","ping_status":"closed","post_password":"","post_name":"berlin-1936","to_ping":"","pinged":"","post_modified":"2020-10-02 15:33:24","post_modified_gmt":"2020-10-02 13:33:24","post_content_filtered":"","post_parent":0,"guid":"https:\/\/wai-q98d7hpf9hy9k.wpallimport-demo.qsandbox.me\/olympics_summer\/berlin-1936\/","menu_order":0,"post_type":"olympics_summer","post_mime_type":"","comment_count":"0","filter":"raw"}],"competitions_rewards":[{"competition":[{"ID":5867,"post_author":"1","post_date":"2020-06-19 11:32:30","post_date_gmt":"2020-06-19 11:32:30","post_content":"","post_title":"Strzelectwo","post_excerpt":"","post_status":"publish","comment_status":"open","ping_status":"open","post_password":"","post_name":"strzelectwo","to_ping":"","pinged":"","post_modified":"2020-06-29 13:17:09","post_modified_gmt":"2020-06-29 11:17:09","post_content_filtered":"","post_parent":0,"guid":"https:\/\/wai-q7byvryhhcz9k.wpallimport-demo.qsandbox.me\/competition\/strzelectwo\/","menu_order":0,"post_type":"competition","post_mime_type":"","comment_count":"0","filter":"raw"}],"reward":""}]}],"picture":{"ID":39206,"id":39206,"title":"Zenon_Piatkowski","filename":"Zenon_Piatkowski.jpg","filesize":34608,"url":"https:\/\/olimpijski.pl\/wp-content\/uploads\/2020\/06\/Zenon_Piatkowski.jpg","link":"https:\/\/olimpijski.pl\/en\/olimpijczycy\/zenon-piatkowski\/zenon_piatkowski\/#main","alt":"","author":"15","description":"","caption":"","name":"zenon_piatkowski","status":"inherit","uploaded_to":14765,"date":"2021-02-17 10:48:49","modified":"2021-02-17 10:48:49","menu_order":0,"mime_type":"image\/jpeg","type":"image","subtype":"jpeg","icon":"https:\/\/olimpijski.pl\/wp-includes\/images\/media\/default.png","width":355,"height":399,"sizes":{"thumbnail":"https:\/\/olimpijski.pl\/wp-content\/uploads\/2020\/06\/Zenon_Piatkowski-150x150.jpg","thumbnail-width":150,"thumbnail-height":150,"medium":"https:\/\/olimpijski.pl\/wp-content\/uploads\/2020\/06\/Zenon_Piatkowski-267x300.jpg","medium-width":267,"medium-height":300,"medium_large":"https:\/\/olimpijski.pl\/wp-content\/uploads\/2020\/06\/Zenon_Piatkowski.jpg","medium_large-width":355,"medium_large-height":399,"large":"https:\/\/olimpijski.pl\/wp-content\/uploads\/2020\/06\/Zenon_Piatkowski.jpg","large-width":355,"large-height":399,"1536x1536":"https:\/\/olimpijski.pl\/wp-content\/uploads\/2020\/06\/Zenon_Piatkowski.jpg","1536x1536-width":355,"1536x1536-height":399,"2048x2048":"https:\/\/olimpijski.pl\/wp-content\/uploads\/2020\/06\/Zenon_Piatkowski.jpg","2048x2048-width":355,"2048x2048-height":399,"ultp_layout_landscape_large":"https:\/\/olimpijski.pl\/wp-content\/uploads\/2020\/06\/Zenon_Piatkowski.jpg","ultp_layout_landscape_large-width":355,"ultp_layout_landscape_large-height":399,"ultp_layout_landscape":"https:\/\/olimpijski.pl\/wp-content\/uploads\/2020\/06\/Zenon_Piatkowski.jpg","ultp_layout_landscape-width":355,"ultp_layout_landscape-height":399,"ultp_layout_portrait":"https:\/\/olimpijski.pl\/wp-content\/uploads\/2020\/06\/Zenon_Piatkowski.jpg","ultp_layout_portrait-width":355,"ultp_layout_portrait-height":399,"ultp_layout_square":"https:\/\/olimpijski.pl\/wp-content\/uploads\/2020\/06\/Zenon_Piatkowski.jpg","ultp_layout_square-width":355,"ultp_layout_square-height":399}},"firstname":"Zenon","lastname":"Pi\u0105tkowski (1902-1967)","birthdate_date":"17\/02\/1902","birthdate":"17 lutego 1902","deathdate_date":"12\/04\/1967","deathdate":"12 kwietnia 1967","placeofbirth":"","club":"","coach":"","metrics":"","seolink":"piatkowski-zenon","tmp_old_id":"13408","tmp_old_fid":"294","tmp_old_parent_id":"15544","createdate":"06\/11\/2013","tmp_old_title":"Pi\u0105tkowski Zenon (1902-1967)","tmp_old_lead":"","tmp_old_body":"<p class=\"title-m-02\">PI\u0104TKOWSKI ZENON (1902-1967)<\/p><p><strong>rusznikarz z Rembertowa, jeden z najlepszych \"pistoleciarzy\" mi\u0119dzywojnia, olimpijczyk z Berlina (1936).<br\/><br\/><\/strong>Urodzony 17 lutego 1902 w Nasielsku, absolwent gimnazjum mechanicznego, mistrz \u015blusarski i rusznikarz odni\u00f3s\u0142\u00a0swoje najwi\u0119ksze sukcesy sportowe reprezentuj\u0105c barwy Kadry Rembert\u00f3w. Sekcja strzelecka tego klubu powsta\u0142a w 1932 i ju\u017c kilka lat p\u00f3\u017aniej nale\u017ca\u0142a do czo\u0142owych w kraju zdobywaj\u0105c (1936) podczas XII mistrzostw Polski 5 z\u0142otych i 3 srebrne medale. Obok Piotra Dudy (mistrz w strzelaniu z karabinka sportowego) wyr\u00f3\u017cniaj\u0105cym si\u0119 zawodnikiem by\u0142 Pi\u0105tkowski - specjalista w strzelaniu z pistoletu (przysz\u0142y olimpijczyk). Spektakularnym sukcesem dru\u017cyny strzeleckiej Kadry Rembert\u00f3w\u00a0(P. Duda, K. Paprocki, B. Wachowicz, M. Jurek, mjr Stawarz, E. Ko\u0142odziejski i Z. Pi\u0105tkowski) by\u0142o zwyci\u0119stwo (pa\u017adziernik 1938) w mi\u0119dzynarodowych korespondencyjnych zawodach z udzia\u0142em Pa\u0144stw Ba\u0142tyckich, Polski, Niemiec, Danii, Holandii, Jugos\u0142awii i Grecji w strzelaniu z dowolnego karabinka sportowego. Zawodnicy \"Kadry\" uzyskali 1964\/2000 pkt. bij\u0105c tym samym o 7 pkt. rekord \u015bwiata ustanowiony w tym samym roku przez zesp\u00f3\u0142 ameryka\u0144ski na mistrzostwach \u015bwiata w Helsinkach. Polacy wyprzedzili Niemc\u00f3w o... 1 punkt! Zenon Pi\u0105tkowski zmar\u0142 w Warszawie 12 kwietnia 1967.<br\/><br\/>Bibl.: WKS Kadra Rembert\u00f3w, s. 16-19; G\u0142uszek, Leksykon 1999, s. 298; Pawlak, Olimpijczycy, s. 202<br\/><strong>*1936 Berlin: pistolet szybkostrzelny 36 strza\u0142\u00f3w do 6 sylwetek (6 serii po 6 strza\u0142\u00f3w), 25 m<\/strong> - 27 m. na 53 start. z wynikiem 21 pkt. (zw. C. van Oyen, Niemcy - 36 pkt. ).<br\/><\/p><!-- history --><table width=\"85%\" style=\"text-align:right\" border=\"0\" cellspacing=\"0\" cellpadding=\"0\">  <tr>    <td align=\"right\" class=\"box3-title\"><a href=\"javascript:history.back()\">\u00ab powr\u00f3t do listy<\/a><\/td>  <\/tr><\/table>","tmp_old_body_img":false,"tmp_old_lead_img":false,"picture_medalists":false,"important":"","person_achivments":""},"_links":{"self":[{"href":"https:\/\/olimpijski.pl\/en\/wp-json\/wp\/v2\/person\/14765"}],"collection":[{"href":"https:\/\/olimpijski.pl\/en\/wp-json\/wp\/v2\/person"}],"about":[{"href":"https:\/\/olimpijski.pl\/en\/wp-json\/wp\/v2\/types\/person"}],"version-history":[{"count":3,"href":"https:\/\/olimpijski.pl\/en\/wp-json\/wp\/v2\/person\/14765\/revisions"}],"predecessor-version":[{"id":39211,"href":"https:\/\/olimpijski.pl\/en\/wp-json\/wp\/v2\/person\/14765\/revisions\/39211"}],"wp:featuredmedia":[{"embeddable":true,"href":"https:\/\/olimpijski.pl\/en\/wp-json\/wp\/v2\/media\/39206"}],"wp:attachment":[{"href":"https:\/\/olimpijski.pl\/en\/wp-json\/wp\/v2\/media?parent=14765"}],"curies":[{"name":"wp","href":"https:\/\/api.w.org\/{rel}","templated":true}]}}