{"id":14781,"date":"2020-06-24T16:50:12","date_gmt":"2020-06-24T14:50:12","guid":{"rendered":"http:\/\/pkol.local\/person\/marta-pihan-kulesza\/"},"modified":"2021-10-06T13:13:46","modified_gmt":"2021-10-06T11:13:46","slug":"marta-pihan-kulesza","status":"publish","type":"person","link":"https:\/\/olimpijski.pl\/en\/olimpijczycy\/marta-pihan-kulesza\/","title":{"rendered":"Marta Pihan-Kulesza"},"content":{"rendered":"\n<p><strong><br><br><br>polska gimnastyczka, olimpijka z Pekinu (2008)<\/strong><strong> i Londynu (2012).<\/strong><\/p>\n\n\n\n<p>Urodzi\u0142a si\u0119 23 lipca 1987 roku w Szczecinie. Reprezentantka klubu MKS Kusy Szczecin (trener Jaros\u0142aw Duda).<\/p>\n\n\n\n<p>Na mistrzostwach \u015bwiata w 2005 zaj\u0119\u0142a 18. miejsce w wieloboju, w 2006 by\u0142a 47., w 2007 &#8211; 63. W 2009 odpad\u0142a w kwalifikacjach, a w 2010 zaj\u0119\u0142a 20. miejsce. W 2011 roku uplasowa\u0142a si\u0119 na 65. miejscu. W styczniu 2012 wraz z m\u0119\u017cem Romanem Kulesz\u0105 zakwalifikowali si\u0119 na igrzyska olimpijskie w Londynie.<\/p>\n\n\n\n<p>Zaj\u0119\u0142a 3. miejsce w Pucharze \u015awiata w 2008 w \u0107wiczeniach na por\u0119czach. By\u0142a \u00f3sma na mistrzostwach Europy w wieloboju w 2008, 10. w 2009 i 11. w 2010. W 2011 roku na mistrzostwach Europy w Berlinie Marta Pihan-Kulesza zaj\u0119\u0142a 11. miejsce w wieloboju oraz przesz\u0142a do fina\u0142\u00f3w na r\u00f3wnowa\u017cni, gdzie upad\u0142a i ostatecznie zaj\u0119\u0142a si\u00f3dm\u0105 lokat\u0119.<\/p>\n\n\n\n<p>Jest mistrzyni\u0105 Polski w wieloboju gimnastycznym z 2005, 2007, 2008, 2009, 2010 i 2012 oraz wicemistrzyni\u0105 z 2006 i 2011.<\/p>\n\n\n\n<p><strong>*2012 Londyn &#8211; wielob\u00f3j gimnastyczny<\/strong> &#8211; 9. miejsce w wieloboju z wynikiem 55,465 pkt. Wygra\u0142a Amerykanka Gabrielle Douglas (62,232).<\/p>\n\n\n\n<p><strong>*2008 Pekin &#8211; wielob\u00f3j gimnastyczny<\/strong> &#8211; 46. miejsce.<\/p>\n","protected":false},"excerpt":{"rendered":"<p>polska gimnastyczka, olimpijka z Pekinu (2008) i Londynu (2012). &#8230; <a class=\"read-more\" href=\"https:\/\/olimpijski.pl\/en\/olimpijczycy\/marta-pihan-kulesza\/\">Czytaj dalej<\/a><\/p>\n","protected":false},"featured_media":20256,"menu_order":60,"template":"","meta":{"_acf_changed":false,"ub_ctt_via":"","footnotes":""},"class_list":["post-14781","person","type-person","status-publish","has-post-thumbnail","hentry","infinite-scroll-item","no-featured-image-padding","resize-featured-image"],"acf":{"olimpic_information":[{"olimpic":[{"ID":292,"post_author":"1","post_date":"2008-06-17 13:34:45","post_date_gmt":"2008-06-17 11:34:45","post_content":"<!-- wp:heading {\"level\":1,\"className\":\"main-title\"} -->\n<h1 class=\"main-title\"><strong>Igrzyska XXIX Olimpiady<\/strong><br>Pekin 2008<\/h1>\n<!-- \/wp:heading -->\n\n<!-- wp:paragraph -->\n<p><br><\/p>\n<!-- \/wp:paragraph -->\n\n<!-- wp:image {\"align\":\"left\",\"id\":19344,\"sizeSlug\":\"large\",\"className\":\"is-style-default\"} -->\n<div class=\"wp-block-image is-style-default\"><figure class=\"alignleft size-large\"><img src=\"https:\/\/olimpijski.pl\/wp-content\/uploads\/2008\/06\/pekin2008.png\" alt=\"\" class=\"wp-image-19344\"\/><\/figure><\/div>\n<!-- \/wp:image -->\n\n<!-- wp:list -->\n<ul><li>Igrzyska rozegrano w dniach <strong>8-24 sierpnia<\/strong>.<\/li><li>Wystartowa\u0142o <strong>11 128<\/strong> zawodnik\u00f3w (w tym <strong>4746<\/strong> kobiet) z <strong>204<\/strong> kraj\u00f3w.<\/li><li>Rozdano <strong>302<\/strong> komplety medali.<\/li><li>Przysi\u0119g\u0119 olimpijsk\u0105 w imieniu sportowc\u00f3w z\u0142o\u017cy\u0142a tenisistka sto\u0142owa <strong>Yining Zhang<\/strong>, natomiast w imieniu s\u0119dzi\u00f3w i trener\u00f3w \u2013 <strong>Lipeng Huang<\/strong>.<\/li><li>Znicz zapali\u0142 gimnastyk <strong>Ning Li<\/strong> zdobywca 3 z\u0142otych, dw\u00f3ch srebrnych i jednego br\u0105zowego w igrzyskach olimpijskich w Los Angeles w 1984 roku.<\/li><li>Otwarcia dokona\u0142 prezydent Chin <strong>Jintao Hu<\/strong>.<\/li><\/ul>\n<!-- \/wp:list -->\n\n<!-- wp:heading -->\n<h2><strong>Program Igrzysk \u2013 31 dyscyplin, 302 konkurencje<\/strong><\/h2>\n<!-- \/wp:heading -->\n\n<!-- wp:paragraph -->\n<p>badminton (5 konkurencji), baseball (1), boks (11), gimnastyka (18), hokej na trawie (2), je\u017adziectwo (6), judo (14), kajakarstwo (16), kolarstwo (18), koszyk\u00f3wka (2), lekkoatletyka (47), \u0142ucznictwo (4), pi\u0119ciob\u00f3j nowoczesny (2), pi\u0142ka no\u017cna (2), pi\u0142ka r\u0119czna (2), pi\u0142ka siatkowa (4), pi\u0142ka wodna (2), p\u0142ywanie (34), p\u0142ywanie synchroniczne (2), podnoszenie ci\u0119\u017car\u00f3w (15), skoki do wody (8), softball (1), strzelectwo (15), szermierka (10), taekwondo (8), tenis (4), tenis sto\u0142owy (4), triathlon (2), wio\u015blarstwo (14), zapasy (18), \u017ceglarstwo (11).<\/p>\n<!-- \/wp:paragraph -->\n\n<!-- wp:heading -->\n<h2><strong>Gwiazda Igrzysk<\/strong><\/h2>\n<!-- \/wp:heading -->\n\n<!-- wp:paragraph -->\n<p><strong>Michael Phelps<\/strong> (USA, p\u0142ywanie) \u2013 8 z\u0142otych medali<\/p>\n<!-- \/wp:paragraph -->\n\n<!-- wp:heading -->\n<h2><strong>Polska Reprezentacja Olimpijska<\/strong><\/h2>\n<!-- \/wp:heading -->\n\n<!-- wp:paragraph -->\n<p><strong>269 os\u00f3b<\/strong> (startowa\u0142o 257 \u2013 101 kobiet i 156 m\u0119\u017cczyzn) w 22 sportach: 5 badmintonist\u00f3w (w tym 2 kobiety), 2 bokser\u00f3w, 1 gimnastyczka artystyczna, 2 gimnastyk\u00f3w sportowych (w tym 1 kobieta), 3 je\u017ad\u017ac\u00f3w, 7 judok\u00f3w (w tym 2 kobiety), 21 kajakarzy (w tym 6 kobiet), 11 kolarzy (w tym 3 kobiety), 66 lekkoatlet\u00f3w (w tym 35 kobiet; 60 startowa\u0142o + 6 rez.), 6 \u0142ucznik\u00f3w (w tym 3 kobiety), 4 pi\u0119cioboist\u00f3w (w tym 2 kobiety), 15 pi\u0142karzy r\u0119cznych (14 startowa\u0142o + 1 rez.), 24 siatkarzy (w tym 12 kobiet), 17 p\u0142ywak\u00f3w (w tym 8 kobiet; 15 startowa\u0142o + 2 rez.), 10 ci\u0119\u017carowc\u00f3w (w tym 4 kobiety), 6 strzelc\u00f3w (w tym 4 kobiety), 14 szermierzy (w tym 8 kobiet; 13 startowa\u0142o + 1 rez.), 6 tenisist\u00f3w (w tym 4 kobiety), 4 tenisist\u00f3w sto\u0142owych (w tym 3 kobiet), 3 triathlonist\u00f3w (w tym 2 kobiety), 22 wio\u015blarzy (w tym 1 kobieta; 20 startowa\u0142o + 2 rez.), 9 zapa\u015bnik\u00f3w (w tym 2 kobiety), 11 \u017ceglarzy (w tym 2 kobiety).<\/p>\n<!-- \/wp:paragraph -->\n\n<!-- wp:paragraph -->\n<p>Chor\u0105\u017cym reprezentacji Polski by\u0142 kajakarz <strong>Marek Twardowski<\/strong>.<\/p>\n<!-- \/wp:paragraph -->\n\n<!-- wp:heading -->\n<h2><strong>Klasyfikacja medalowa<\/strong><\/h2>\n<!-- \/wp:heading -->\n\n<!-- wp:table {\"hasFixedLayout\":true,\"className\":\"is-style-stripes\"} -->\n<figure class=\"wp-block-table is-style-stripes\"><table class=\"has-fixed-layout\"><tbody><tr><td><\/td><td><\/td><td class=\"has-text-align-center\" data-align=\"center\">&nbsp;<\/td><td class=\"has-text-align-center\" data-align=\"center\">&nbsp;<\/td><td class=\"has-text-align-center\" data-align=\"center\">&nbsp;<\/td><td class=\"has-text-align-center\" data-align=\"center\">&nbsp;<\/td><\/tr><tr><td>&nbsp;<\/td><td>&nbsp;<\/td><td class=\"has-text-align-center\" data-align=\"center\">&nbsp;<\/td><td class=\"has-text-align-center\" data-align=\"center\"><img class=\"wp-image-27817\" style=\"width: 50px;\" src=\"https:\/\/olimpijski.pl\/wp-content\/uploads\/2016\/06\/2016_Rio_zloty_50x50.jpg\" alt=\"\"><\/td><td class=\"has-text-align-center\" data-align=\"center\"><img class=\"wp-image-27819\" style=\"width: 50px;\" src=\"https:\/\/olimpijski.pl\/wp-content\/uploads\/2016\/06\/2016_Rio_sreb_50x50.jpg\" alt=\"\"><\/td><td class=\"has-text-align-center\" data-align=\"center\"><img class=\"wp-image-27821\" style=\"width: 50px;\" src=\"https:\/\/olimpijski.pl\/wp-content\/uploads\/2016\/06\/2016_Rio_braz_50x50.jpg\" alt=\"\"><\/td><\/tr><tr><td>1.<\/td><td>Chiny<\/td><td class=\"has-text-align-center\" data-align=\"center\">100<\/td><td class=\"has-text-align-center\" data-align=\"center\">51<\/td><td class=\"has-text-align-center\" data-align=\"center\">21<\/td><td class=\"has-text-align-center\" data-align=\"center\">28<\/td><\/tr><tr><td>2.<\/td><td>USA<\/td><td class=\"has-text-align-center\" data-align=\"center\">110<\/td><td class=\"has-text-align-center\" data-align=\"center\">36<\/td><td class=\"has-text-align-center\" data-align=\"center\">38<\/td><td class=\"has-text-align-center\" data-align=\"center\">36<\/td><\/tr><tr><td>3.<\/td><td>Rosja<\/td><td class=\"has-text-align-center\" data-align=\"center\">71<\/td><td class=\"has-text-align-center\" data-align=\"center\">22<\/td><td class=\"has-text-align-center\" data-align=\"center\">21<\/td><td class=\"has-text-align-center\" data-align=\"center\">28<\/td><\/tr><tr><td>...<\/td><td>&nbsp;<\/td><td class=\"has-text-align-center\" data-align=\"center\">&nbsp;<\/td><td class=\"has-text-align-center\" data-align=\"center\">&nbsp;<\/td><td class=\"has-text-align-center\" data-align=\"center\">&nbsp;<\/td><td class=\"has-text-align-center\" data-align=\"center\">&nbsp;<\/td><\/tr><tr><td><strong>16.<\/strong><\/td><td><strong>Polska<\/strong><\/td><td class=\"has-text-align-center\" data-align=\"center\"><strong>11<\/strong><\/td><td class=\"has-text-align-center\" data-align=\"center\"><strong>4<\/strong><\/td><td class=\"has-text-align-center\" data-align=\"center\"><strong>5<\/strong><\/td><td class=\"has-text-align-center\" data-align=\"center\"><strong>2<\/strong><\/td><\/tr><\/tbody><\/table><\/figure>\n<!-- \/wp:table -->\n\n<!-- wp:heading -->\n<h2><strong>Medale dla Polski (11)<\/strong><\/h2>\n<!-- \/wp:heading -->\n\n<!-- wp:ub\/content-toggle-block {\"blockID\":\"8844a311-441c-4185-a50e-fa41562c5ef5\",\"theme\":\"#f1f1f1\",\"collapsed\":true,\"titleColor\":\"#000000\"} -->\n<!-- wp:ub\/content-toggle-panel-block {\"parentID\":\"8844a311-441c-4185-a50e-fa41562c5ef5\",\"theme\":\"#f1f1f1\",\"collapsed\":true,\"titleColor\":\"#000000\",\"panelTitle\":\"Z\u0142ote\"} -->\n<!-- wp:paragraph -->\n<p><\/p>\n<!-- \/wp:paragraph -->\n\n<!-- wp:media-text {\"align\":\"\",\"mediaId\":30150,\"mediaLink\":\"https:\/\/olimpijski.pl\/igrzyska_letnie\/pekin-2008\/2008_pekin_zloty_200\/#main\",\"mediaType\":\"image\",\"mediaWidth\":20} -->\n<div class=\"wp-block-media-text is-stacked-on-mobile\" style=\"grid-template-columns:20% auto\"><figure class=\"wp-block-media-text__media\"><img src=\"https:\/\/olimpijski.pl\/wp-content\/uploads\/2008\/06\/2008_Pekin_zloty_200.jpg\" alt=\"\" class=\"wp-image-30150\"\/><\/figure><div class=\"wp-block-media-text__content\"><!-- wp:paragraph -->\n<p><strong>Leszek Blanik<\/strong><br>(gimnastyka, skok)<\/p>\n<!-- \/wp:paragraph -->\n\n<!-- wp:paragraph -->\n<p><strong>Tomasz Majewski<\/strong><br>(lekkoatletyka, pchni\u0119cie kul\u0105)<\/p>\n<!-- \/wp:paragraph -->\n\n<!-- wp:paragraph -->\n<p><strong>Adam Korol, Marek Kolbowicz, Micha\u0142 Jeli\u0144ski i Konrad Wasielewski<\/strong><br>(wio\u015blarstwo, czw\u00f3rka podw\u00f3jna)<\/p>\n<!-- \/wp:paragraph -->\n\n<!-- wp:paragraph -->\n<p><strong>Szymon Ko\u0142ecki<\/strong><br>(podnoszenie ci\u0119\u017car\u00f3w, waga 94 kg)<\/p>\n<!-- \/wp:paragraph --><\/div><\/div>\n<!-- \/wp:media-text -->\n\n<!-- wp:paragraph -->\n<p><\/p>\n<!-- \/wp:paragraph -->\n<!-- \/wp:ub\/content-toggle-panel-block -->\n<!-- \/wp:ub\/content-toggle-block -->\n\n<!-- wp:ub\/content-toggle-block {\"blockID\":\"66384a72-41bb-458a-89e0-c071da3f2511\",\"theme\":\"#f1f1f1\",\"collapsed\":true,\"titleColor\":\"#000000\"} -->\n<!-- wp:ub\/content-toggle-panel-block {\"parentID\":\"66384a72-41bb-458a-89e0-c071da3f2511\",\"theme\":\"#f1f1f1\",\"collapsed\":true,\"titleColor\":\"#000000\",\"panelTitle\":\"Srebrne\"} -->\n<!-- wp:paragraph -->\n<p><\/p>\n<!-- \/wp:paragraph -->\n\n<!-- wp:media-text {\"align\":\"\",\"mediaId\":30152,\"mediaLink\":\"https:\/\/olimpijski.pl\/igrzyska_letnie\/pekin-2008\/2008_pekin_sreb_200\/#main\",\"mediaType\":\"image\",\"mediaWidth\":20} -->\n<div class=\"wp-block-media-text is-stacked-on-mobile\" style=\"grid-template-columns:20% auto\"><figure class=\"wp-block-media-text__media\"><img src=\"https:\/\/olimpijski.pl\/wp-content\/uploads\/2008\/06\/2008_Pekin_sreb_200.jpg\" alt=\"\" class=\"wp-image-30152\"\/><\/figure><div class=\"wp-block-media-text__content\"><!-- wp:paragraph -->\n<p><br><br><br><strong>Piotr Ma\u0142achowski<\/strong><br>(lekkoatletyka, rzut dyskiem)<br><br><strong>Aneta Konieczna, Beata Miko\u0142ajczyk<\/strong><br>(kajakarstwo, K2 500)<br><br><strong>Maja W\u0142oszczowska<\/strong><br>(kolarstwo g\u00f3rskie)<\/p>\n<!-- \/wp:paragraph -->\n\n<!-- wp:paragraph -->\n<p><strong>Robert Andrzejuk, Tomasz Motyka, Adam Wiercioch, Rados\u0142aw Zawrotniak<\/strong><br>(szermierka, szpada dru\u017cynowo)<br><br><strong>Mi\u0142osz Bernatajtys, \u0141ukasz Paw\u0142owski, Bart\u0142omiej Pawe\u0142czak, Pawe\u0142 Ra\u0144da<\/strong><br>(wio\u015blarstwo, czw\u00f3rka wagi lekkiej)<\/p>\n<!-- \/wp:paragraph --><\/div><\/div>\n<!-- \/wp:media-text -->\n<!-- \/wp:ub\/content-toggle-panel-block -->\n<!-- \/wp:ub\/content-toggle-block -->\n\n<!-- wp:ub\/content-toggle-block {\"blockID\":\"b6619c81-d659-42e3-869c-35457a540cfa\",\"theme\":\"#f1f1f1\",\"collapsed\":true,\"titleColor\":\"#000000\"} -->\n<!-- wp:ub\/content-toggle-panel-block {\"parentID\":\"b6619c81-d659-42e3-869c-35457a540cfa\",\"theme\":\"#f1f1f1\",\"collapsed\":true,\"titleColor\":\"#000000\",\"panelTitle\":\"Br\u0105zowy\"} -->\n<!-- wp:paragraph -->\n<p><\/p>\n<!-- \/wp:paragraph -->\n\n<!-- wp:media-text {\"align\":\"\",\"mediaId\":30154,\"mediaLink\":\"https:\/\/olimpijski.pl\/igrzyska_letnie\/pekin-2008\/2008_pekin_braz_200\/#main\",\"mediaType\":\"image\",\"mediaWidth\":20} -->\n<div class=\"wp-block-media-text is-stacked-on-mobile\" style=\"grid-template-columns:20% auto\"><figure class=\"wp-block-media-text__media\"><img src=\"https:\/\/olimpijski.pl\/wp-content\/uploads\/2008\/06\/2008_Pekin_braz_200.jpg\" alt=\"\" class=\"wp-image-30154\"\/><\/figure><div class=\"wp-block-media-text__content\"><!-- wp:paragraph -->\n<p><strong>Agnieszka Wieszczek<\/strong><br>(zapasy, waga 72 kg)<\/p>\n<!-- \/wp:paragraph -->\n\n<!-- wp:paragraph -->\n<p><strong>Marcin Do\u0142\u0119ga<br><\/strong>(podnoszenie ci\u0119\u017car\u00f3w, waga 105 kg)<\/p>\n<!-- \/wp:paragraph --><\/div><\/div>\n<!-- \/wp:media-text -->\n\n<!-- wp:paragraph -->\n<p><\/p>\n<!-- \/wp:paragraph -->\n<!-- \/wp:ub\/content-toggle-panel-block -->\n<!-- \/wp:ub\/content-toggle-block -->\n\n<!-- wp:paragraph -->\n<p><\/p>\n<!-- \/wp:paragraph -->\n\n<!-- wp:quote {\"className\":\"is-style-default\"} -->\n<blockquote class=\"wp-block-quote is-style-default\"><p>Po raz pierwszy na igrzyska przyjechali sportowcy z Tuvalu i Wysp Marshalla. Tak\u017ce po raz pierwszy oddzielnie wyst\u0105pili olimpijczycy z Czarnog\u00f3ry i Serbii. Ciekawostk\u0105 jest to, \u017ce podczas ceremonii otwarcia zaprezentowano oratorium Krzysztofa Pendereckiego.<\/p><\/blockquote>\n<!-- \/wp:quote -->","post_title":"Pekin 2008","post_excerpt":"","post_status":"publish","comment_status":"closed","ping_status":"closed","post_password":"","post_name":"pekin-2008","to_ping":"","pinged":"","post_modified":"2020-12-03 13:11:40","post_modified_gmt":"2020-12-03 12:11:40","post_content_filtered":"","post_parent":0,"guid":"https:\/\/wai-q98d7hpf9hy9k.wpallimport-demo.qsandbox.me\/olympics_summer\/pekin-2008\/","menu_order":0,"post_type":"olympics_summer","post_mime_type":"","comment_count":"0","filter":"raw"}],"competitions_rewards":[{"competition":[{"ID":5860,"post_author":"1","post_date":"2020-06-19 11:32:30","post_date_gmt":"2020-06-19 11:32:30","post_content":"","post_title":"Gimnastyka sportowa","post_excerpt":"","post_status":"publish","comment_status":"open","ping_status":"open","post_password":"","post_name":"gimnastyka-sportowa","to_ping":"","pinged":"","post_modified":"2020-06-29 13:17:07","post_modified_gmt":"2020-06-29 11:17:07","post_content_filtered":"","post_parent":0,"guid":"https:\/\/wai-q7byvryhhcz9k.wpallimport-demo.qsandbox.me\/competition\/gimnastyka-sportowa\/","menu_order":0,"post_type":"competition","post_mime_type":"","comment_count":"0","filter":"raw"}],"reward":""}]},{"olimpic":[{"ID":291,"post_author":"1","post_date":"2012-06-17 13:34:45","post_date_gmt":"2012-06-17 11:34:45","post_content":"<!-- wp:heading {\"level\":1,\"className\":\"main-title\"} -->\n<h1 class=\"main-title\"><strong>Igrzyska XXX Olimpiady<\/strong><br>Londyn 2012<\/h1>\n<!-- \/wp:heading -->\n\n<!-- wp:paragraph -->\n<p><br><\/p>\n<!-- \/wp:paragraph -->\n\n<!-- wp:image {\"align\":\"left\",\"id\":19324,\"sizeSlug\":\"large\",\"className\":\"is-style-default\"} -->\n<div class=\"wp-block-image is-style-default\"><figure class=\"alignleft size-large\"><img src=\"https:\/\/olimpijski.pl\/wp-content\/uploads\/2012\/06\/londyn2012.png\" alt=\"\" class=\"wp-image-19324\"\/><\/figure><\/div>\n<!-- \/wp:image -->\n\n<!-- wp:list -->\n<ul><li>Igrzyska rozegrano w dniach <strong>27 lipca \u2013 12 sierpnia<\/strong>.<\/li><li>Wystartowa\u0142o <strong>10 768<\/strong> zawodnik\u00f3w (w tym <strong>4776<\/strong> kobiet) z <strong>204<\/strong> kraj\u00f3w.<\/li><li>Rozdano <strong>302<\/strong> komplety medali.<\/li><li>Przysi\u0119g\u0119 olimpijsk\u0105 w imieniu sportowc\u00f3w z\u0142o\u017cy\u0142a taekwondzistka <strong>Sarah Stevenson<\/strong>, natomiast w imieniu s\u0119dzi\u00f3w <strong>Mik Basi<\/strong> i trener\u00f3w \u2013 <strong>Eric Farrell<\/strong>.<\/li><li>Znicz olimpijski zapalili: <strong>Callun Airlie<\/strong>, <strong>Jordan Duckitt<\/strong>, <strong>Desiree Henry<\/strong>, <strong>Katie Kirk<\/strong>, <strong>Cameron MacRitchie<\/strong>, <strong>Aidan Reynolds<\/strong> i <strong>Adelle Trecey<\/strong>, nominowani przez brytyjskich weteran\u00f3w sportowych. Jedynym nie sportowcem w tym gronie by\u0142 Duckitt.<\/li><li>Igrzyska otworzy\u0142a <strong>kr\u00f3lowa Anglii El\u017cbieta II<\/strong>.<\/li><\/ul>\n<!-- \/wp:list -->\n\n<!-- wp:heading -->\n<h2><strong>Program Igrzysk \u2013 29 dyscyplin, 302 konkurencje<\/strong><\/h2>\n<!-- \/wp:heading -->\n\n<!-- wp:paragraph -->\n<p>badminton (5 konkurencji), boks (13), gimnastyka (18), hokej na trawie (2), je\u017adziectwo (6), judo (14), kajakarstwo (16), kolarstwo (18), koszyk\u00f3wka (2), lekkoatletyka (47), \u0142ucznictwo (4), pi\u0119ciob\u00f3j nowoczesny (2), pi\u0142ka no\u017cna (2), pi\u0142ka r\u0119czna (2), pi\u0142ka siatkowa (4), pi\u0142ka wodna (2), p\u0142ywanie (34), p\u0142ywanie synchroniczne (2), podnoszenie ci\u0119\u017car\u00f3w (15), skoki do wody (8), strzelectwo (15), szermierka (10), taekwondo (8), tenis (5), tenis sto\u0142owy (4), triathlon (2), wio\u015blarstwo (14), zapasy (18), \u017ceglarstwo (10).<\/p>\n<!-- \/wp:paragraph -->\n\n<!-- wp:heading -->\n<h2><strong>Gwiazda Igrzysk<\/strong><\/h2>\n<!-- \/wp:heading -->\n\n<!-- wp:paragraph -->\n<p><strong>Michael Phelps<\/strong> (USA, p\u0142ywanie) \u2013 4 z\u0142ote medale, 2 srebrne<\/p>\n<!-- \/wp:paragraph -->\n\n<!-- wp:heading -->\n<h2><strong>Polska Reprezentacja Olimpijska<\/strong><\/h2>\n<!-- \/wp:heading -->\n\n<!-- wp:paragraph -->\n<p><strong>221 os\u00f3b<\/strong> (startowa\u0142o 210 \u2013 82 kobiety i 128 m\u0119\u017cczyzn) w 22 sportach: 6 badmintonist\u00f3w (w tym 2 kobiety), 1 pi\u0119\u015bciarka, 1 gimnastyczka artystyczna, 2 gimnastyk\u00f3w sportowych (w tym 1 kobieta), 4 je\u017ad\u017ac\u00f3w (w tym 2 kobiety), 6 judok\u00f3w (w tym 3 kobiety), 13 kajakarzy (w tym 5 kobiety), 13 kolarzy (w tym 4 kobiety; 12 startowa\u0142o + 1 rez.), 60 lekkoatlet\u00f3w (w tym 22 kobiety; 52 startowa\u0142o + 7 rez., 1 nie), 2 \u0142ucznik\u00f3w (w tym 1 kobieta), 3 pi\u0119cioboist\u00f3w (w tym 2 kobiety), 14 siatkarzy, 18 p\u0142ywak\u00f3w (w tym 8 kobiet; 17 startowa\u0142o + 1 rez.), 9 ci\u0119\u017carowc\u00f3w (w tym 3 kobiety), 4 strzelczynie, 8 szermierzy (w tym 6 kobiet), 1 taekwondo, 7 tenisist\u00f3w (w tym 4 kobiety), 5 tenisist\u00f3w sto\u0142owych (w tym 4 kobiety; 4 start + 1 rez.), 3 triathlonist\u00f3w (w tym 2 kobiety), 26 wio\u015blarzy (w tym 6 kobiet), 4 zapa\u015bnik\u00f3w (w tym 2 kobiety), 11 \u017ceglarzy (w tym 4 kobiety).<\/p>\n<!-- \/wp:paragraph -->\n\n<!-- wp:paragraph -->\n<p>Chor\u0105\u017cym reprezentacji Polski by\u0142a tenisistka <strong>Agnieszka Radwa\u0144ska<\/strong>.<\/p>\n<!-- \/wp:paragraph -->\n\n<!-- wp:heading -->\n<h2><strong>Klasyfikacja medalowa<\/strong><\/h2>\n<!-- \/wp:heading -->\n\n<!-- wp:table {\"hasFixedLayout\":true,\"className\":\"is-style-stripes\"} -->\n<figure class=\"wp-block-table is-style-stripes\"><table class=\"has-fixed-layout\"><tbody><tr><td><\/td><td><\/td><td class=\"has-text-align-center\" data-align=\"center\">&nbsp;<\/td><td class=\"has-text-align-center\" data-align=\"center\">&nbsp;<\/td><td class=\"has-text-align-center\" data-align=\"center\">&nbsp;<\/td><td class=\"has-text-align-center\" data-align=\"center\">&nbsp;<\/td><\/tr><tr><td>&nbsp;<\/td><td>&nbsp;<\/td><td class=\"has-text-align-center\" data-align=\"center\">&nbsp;<\/td><td class=\"has-text-align-center\" data-align=\"center\"><img class=\"wp-image-27817\" style=\"width: 50px;\" src=\"https:\/\/olimpijski.pl\/wp-content\/uploads\/2016\/06\/2016_Rio_zloty_50x50.jpg\" alt=\"\"><\/td><td class=\"has-text-align-center\" data-align=\"center\"><img class=\"wp-image-27819\" style=\"width: 50px;\" src=\"https:\/\/olimpijski.pl\/wp-content\/uploads\/2016\/06\/2016_Rio_sreb_50x50.jpg\" alt=\"\"><\/td><td class=\"has-text-align-center\" data-align=\"center\"><img class=\"wp-image-27821\" style=\"width: 50px;\" src=\"https:\/\/olimpijski.pl\/wp-content\/uploads\/2016\/06\/2016_Rio_braz_50x50.jpg\" alt=\"\"><\/td><\/tr><tr><td>1.<\/td><td>USA<\/td><td class=\"has-text-align-center\" data-align=\"center\">104<\/td><td class=\"has-text-align-center\" data-align=\"center\">46<\/td><td class=\"has-text-align-center\" data-align=\"center\">29<\/td><td class=\"has-text-align-center\" data-align=\"center\">29<\/td><\/tr><tr><td>2.<\/td><td>Chiny<\/td><td class=\"has-text-align-center\" data-align=\"center\">88<\/td><td class=\"has-text-align-center\" data-align=\"center\">38<\/td><td class=\"has-text-align-center\" data-align=\"center\">27<\/td><td class=\"has-text-align-center\" data-align=\"center\">23<\/td><\/tr><tr><td>3.<\/td><td>Wlk. Brytania<\/td><td class=\"has-text-align-center\" data-align=\"center\">65<\/td><td class=\"has-text-align-center\" data-align=\"center\">29<\/td><td class=\"has-text-align-center\" data-align=\"center\">17<\/td><td class=\"has-text-align-center\" data-align=\"center\">19<\/td><\/tr><tr><td>...<\/td><td>&nbsp;<\/td><td class=\"has-text-align-center\" data-align=\"center\">&nbsp;<\/td><td class=\"has-text-align-center\" data-align=\"center\">&nbsp;<\/td><td class=\"has-text-align-center\" data-align=\"center\">&nbsp;<\/td><td class=\"has-text-align-center\" data-align=\"center\">&nbsp;<\/td><\/tr><tr><td><strong>24.<\/strong><\/td><td><strong>Polska<\/strong><\/td><td class=\"has-text-align-center\" data-align=\"center\"><strong>11<\/strong><\/td><td class=\"has-text-align-center\" data-align=\"center\"><strong>3<\/strong><\/td><td class=\"has-text-align-center\" data-align=\"center\"><strong>2<\/strong><\/td><td class=\"has-text-align-center\" data-align=\"center\"><strong>5<\/strong><\/td><\/tr><\/tbody><\/table><\/figure>\n<!-- \/wp:table -->\n\n<!-- wp:paragraph -->\n<p><\/p>\n<!-- \/wp:paragraph -->\n\n<!-- wp:heading -->\n<h2><strong>Medale dla Polski (10)<\/strong><\/h2>\n<!-- \/wp:heading -->\n\n<!-- wp:ub\/content-toggle-block {\"blockID\":\"c812404c-9f07-446b-95cb-b97463261b61\",\"theme\":\"#f1f1f1\",\"collapsed\":true,\"titleColor\":\"#000000\"} -->\n<!-- wp:ub\/content-toggle-panel-block {\"parentID\":\"c812404c-9f07-446b-95cb-b97463261b61\",\"theme\":\"#f1f1f1\",\"collapsed\":true,\"titleColor\":\"#000000\",\"panelTitle\":\"\\u003cstrong\\u003eZ\u0142ote\\u003c\/strong\\u003e\"} -->\n<!-- wp:media-text {\"align\":\"\",\"mediaId\":27873,\"mediaLink\":\"https:\/\/olimpijski.pl\/igrzyska_letnie\/londyn-2012\/2012_londyn_zloty_200\/#main\",\"mediaType\":\"image\",\"mediaWidth\":19} -->\n<div class=\"wp-block-media-text is-stacked-on-mobile\" style=\"grid-template-columns:19% auto\"><figure class=\"wp-block-media-text__media\"><img src=\"https:\/\/olimpijski.pl\/wp-content\/uploads\/2020\/09\/2012_Londyn_zloty_200.jpg\" alt=\"\" class=\"wp-image-27873\"\/><\/figure><div class=\"wp-block-media-text__content\"><!-- wp:paragraph -->\n<p><strong>Tomasz Majewski<\/strong><br>(lekkoatletyka, pchni\u0119cie kul\u0105)<\/p>\n<!-- \/wp:paragraph -->\n\n<!-- wp:paragraph -->\n<p><strong>Adrian Zieli\u0144ski<\/strong><br>(podnoszenie ci\u0119\u017car\u00f3w, waga 85 kg)<\/p>\n<!-- \/wp:paragraph -->\n\n<!-- wp:paragraph -->\n<p><strong>Anita W\u0142odarczyk<\/strong><br>(lekkoatletyka, rzut m\u0142otem)<\/p>\n<!-- \/wp:paragraph --><\/div><\/div>\n<!-- \/wp:media-text -->\n<!-- \/wp:ub\/content-toggle-panel-block -->\n<!-- \/wp:ub\/content-toggle-block -->\n\n<!-- wp:ub\/content-toggle-block {\"blockID\":\"47107a7a-753c-4f8d-b9c0-f4f7e996a1e3\",\"theme\":\"#f1f1f1\",\"collapsed\":true,\"titleColor\":\"#000000\"} -->\n<!-- wp:ub\/content-toggle-panel-block {\"parentID\":\"47107a7a-753c-4f8d-b9c0-f4f7e996a1e3\",\"theme\":\"#f1f1f1\",\"collapsed\":true,\"titleColor\":\"#000000\",\"panelTitle\":\"\\u003cstrong\\u003eSrebrne\\u003c\/strong\\u003e\"} -->\n<!-- wp:media-text {\"align\":\"\",\"mediaId\":27877,\"mediaLink\":\"https:\/\/olimpijski.pl\/igrzyska_letnie\/londyn-2012\/2012_londyn_sreb_200-2\/#main\",\"mediaType\":\"image\",\"mediaWidth\":19} -->\n<div class=\"wp-block-media-text is-stacked-on-mobile\" style=\"grid-template-columns:19% auto\"><figure class=\"wp-block-media-text__media\"><img src=\"https:\/\/olimpijski.pl\/wp-content\/uploads\/2012\/06\/2012_Londyn_sreb_200.jpg\" alt=\"\" class=\"wp-image-27877\"\/><\/figure><div class=\"wp-block-media-text__content\"><!-- wp:paragraph -->\n<p><strong>Sylwia Bogacka<\/strong><br>(strzelectwo, karabin pneumatyczny - 10 m)<\/p>\n<!-- \/wp:paragraph -->\n\n<!-- wp:paragraph -->\n<p><strong>Bart\u0142omiej Bonk<\/strong><br>(podnoszenie ci\u0119\u017car\u00f3w, waga105 kg)<\/p>\n<!-- \/wp:paragraph --><\/div><\/div>\n<!-- \/wp:media-text -->\n<!-- \/wp:ub\/content-toggle-panel-block -->\n<!-- \/wp:ub\/content-toggle-block -->\n\n<!-- wp:ub\/content-toggle-block {\"blockID\":\"4de79776-016e-4270-bcbe-b2d29250dc9c\",\"theme\":\"#f1f1f1\",\"collapsed\":true,\"titleColor\":\"#000000\"} -->\n<!-- wp:ub\/content-toggle-panel-block {\"parentID\":\"4de79776-016e-4270-bcbe-b2d29250dc9c\",\"theme\":\"#f1f1f1\",\"collapsed\":true,\"titleColor\":\"#000000\",\"panelTitle\":\"\\u003cstrong\\u003eBr\u0105zowe\\u003c\/strong\\u003e\"} -->\n<!-- wp:media-text {\"align\":\"\",\"mediaId\":27879,\"mediaLink\":\"https:\/\/olimpijski.pl\/igrzyska_letnie\/londyn-2012\/2012_londyn_braz_200\/#main\",\"mediaType\":\"image\",\"mediaWidth\":19} -->\n<div class=\"wp-block-media-text is-stacked-on-mobile\" style=\"grid-template-columns:19% auto\"><figure class=\"wp-block-media-text__media\"><img src=\"https:\/\/olimpijski.pl\/wp-content\/uploads\/2012\/06\/2012_Londyn_braz_200.jpg\" alt=\"\" class=\"wp-image-27879\"\/><\/figure><div class=\"wp-block-media-text__content\"><!-- wp:paragraph -->\n<p><strong>Karolina Naja, Beata Miko\u0142ajczyk<\/strong><br>(kajakarstwo, K2 500 m)<\/p>\n<!-- \/wp:paragraph -->\n\n<!-- wp:paragraph -->\n<p><strong>Damian Janikowski<\/strong><br>(zapasy - styl klasyczny, waga 84 kg)<\/p>\n<!-- \/wp:paragraph -->\n\n<!-- wp:paragraph -->\n<p><strong>Magdalena Fularczyk, Julia Michalska<\/strong><br>(wio\u015blarstwo, dw\u00f3jka podw\u00f3jna wagi lekkiej)<\/p>\n<!-- \/wp:paragraph -->\n\n<!-- wp:paragraph -->\n<p><strong>Zofia Klepacka-Noceti<\/strong><br>(\u017ceglarstwo, klasa RSX)<\/p>\n<!-- \/wp:paragraph -->\n\n<!-- wp:paragraph -->\n<p><strong>Przemys\u0142aw Miarczy\u0144ski<\/strong><br>(\u017ceglarstwo, klasa RSX)<\/p>\n<!-- \/wp:paragraph --><\/div><\/div>\n<!-- \/wp:media-text -->\n<!-- \/wp:ub\/content-toggle-panel-block -->\n<!-- \/wp:ub\/content-toggle-block -->","post_title":"Londyn 2012","post_excerpt":"","post_status":"publish","comment_status":"closed","ping_status":"closed","post_password":"","post_name":"londyn-2012","to_ping":"","pinged":"","post_modified":"2020-12-01 12:53:44","post_modified_gmt":"2020-12-01 11:53:44","post_content_filtered":"","post_parent":0,"guid":"https:\/\/wai-q98d7hpf9hy9k.wpallimport-demo.qsandbox.me\/olympics_summer\/londyn-2012\/","menu_order":0,"post_type":"olympics_summer","post_mime_type":"","comment_count":"0","filter":"raw"}],"competitions_rewards":[{"competition":[{"ID":5860,"post_author":"1","post_date":"2020-06-19 11:32:30","post_date_gmt":"2020-06-19 11:32:30","post_content":"","post_title":"Gimnastyka sportowa","post_excerpt":"","post_status":"publish","comment_status":"open","ping_status":"open","post_password":"","post_name":"gimnastyka-sportowa","to_ping":"","pinged":"","post_modified":"2020-06-29 13:17:07","post_modified_gmt":"2020-06-29 11:17:07","post_content_filtered":"","post_parent":0,"guid":"https:\/\/wai-q7byvryhhcz9k.wpallimport-demo.qsandbox.me\/competition\/gimnastyka-sportowa\/","menu_order":0,"post_type":"competition","post_mime_type":"","comment_count":"0","filter":"raw"}],"reward":""}]}],"picture":false,"firstname":"Marta","lastname":"Pihan-Kulesza","birthdate_date":"23\/07\/1987","birthdate":"23 lipca 1987","deathdate_date":"","deathdate":"","placeofbirth":"","club":"","coach":"","metrics":"","seolink":"pihan-kulesza-marta","tmp_old_id":"16001","tmp_old_fid":"0","tmp_old_parent_id":"15544","createdate":"06\/11\/2013","tmp_old_title":"PIHAN-KULESZA MARTA","tmp_old_lead":"","tmp_old_body":"<p class=\"title-m-02\">PIHAN-KULESZA MARTA<\/p><p><strong>polska gimnastyczka, olimpijka z Pekinu (2008)<\/strong><strong> i Londynu (2012).<\/strong><br \/><br \/>Urodzi\u0142a sie 23 lipca 1987 roku w Szczecinie. Reprezentantka klubu MKS Kusy Szczecin (trener Jaros\u0142aw Duda).<\/p><p>Na mistrzostwach \u015bwiata w 2005 zaj\u0119\u0142a 18. miejsce w wieloboju, w 2006 by\u0142a 47., w 2007 - 63. W 2009 odpad\u0142a w kwalifikacjach, a w 2010 zaj\u0119\u0142a 20. miejsce. W 2011 roku uplasowa\u0142a si\u0119 na 65. miejscu. W styczniu 2012 wraz z m\u0119\u017cem Romanem Kulesz\u0105 zakwalifikowali si\u0119 na igrzyska olimpijskie w Londynie.<br \/><br \/>Zaj\u0119\u0142a 3. miejsce w Pucharze \u015awiata w 2008 w \u0107wiczeniach na por\u0119czach. By\u0142a \u00f3sma na mistrzostwach Europy w wieloboju w 2008, 10. w 2009 i 11. w 2010. W 2011 roku na mistrzostwach Europy w Berlinie Marta Pihan-Kulesza zaj\u0119\u0142a 11. miejsce w wieloboju oraz przesz\u0142a do fina\u0142\u00f3w na r\u00f3wnowa\u017cni, gdzie upad\u0142a i ostatecznie zaj\u0119\u0142a si\u00f3dm\u0105 lokat\u0119.<br \/><br \/>Jest mistrzyni\u0105 Polski w wieloboju gimnastycznym z 2005, 2007, 2008, 2009, 2010 i 2012 oraz wicemistrzyni\u0105 z 2006 i 2011.<\/p><p><strong>*2012 Londyn - wielob\u00f3j gimnastyczny<\/strong> - 9. miejsce w wieloboju z wynikiem 55,465 \t\t\t\t\t\t\t\t\t pkt. Wygra\u0142a Amerykanka Gabrielle Douglas (62,232).<\/p><p><strong>*2008 Pekin - wielob\u00f3j gimnastyczny<\/strong> - 46. miejsce.<\/p><!-- history --><table width=\"85%\" cellspacing=\"0\" cellpadding=\"0\" border=\"0\" style=\"text-align: right;\">    <tbody>        <tr>            <td align=\"right\" class=\"box3-title\"><a href=\"javascript:history.back()\">\u00ab powr\u00f3t do listy<\/a><\/td>        <\/tr>    <\/tbody><\/table>","tmp_old_body_img":false,"tmp_old_lead_img":false,"picture_medalists":false,"important":"","group_knuie68fa087fd5h76":false,"person_achivments":""},"_links":{"self":[{"href":"https:\/\/olimpijski.pl\/en\/wp-json\/wp\/v2\/person\/14781"}],"collection":[{"href":"https:\/\/olimpijski.pl\/en\/wp-json\/wp\/v2\/person"}],"about":[{"href":"https:\/\/olimpijski.pl\/en\/wp-json\/wp\/v2\/types\/person"}],"version-history":[{"count":2,"href":"https:\/\/olimpijski.pl\/en\/wp-json\/wp\/v2\/person\/14781\/revisions"}],"predecessor-version":[{"id":48086,"href":"https:\/\/olimpijski.pl\/en\/wp-json\/wp\/v2\/person\/14781\/revisions\/48086"}],"wp:featuredmedia":[{"embeddable":true,"href":"https:\/\/olimpijski.pl\/en\/wp-json\/wp\/v2\/media\/20256"}],"wp:attachment":[{"href":"https:\/\/olimpijski.pl\/en\/wp-json\/wp\/v2\/media?parent=14781"}],"curies":[{"name":"wp","href":"https:\/\/api.w.org\/{rel}","templated":true}]}}