{"id":14784,"date":"2020-06-24T16:50:17","date_gmt":"2020-06-24T14:50:17","guid":{"rendered":"http:\/\/pkol.local\/person\/stanislaw-pilat\/"},"modified":"2021-04-13T15:00:24","modified_gmt":"2021-04-13T13:00:24","slug":"stanislaw-pilat","status":"publish","type":"person","link":"https:\/\/olimpijski.pl\/en\/olimpijczycy\/stanislaw-pilat\/","title":{"rendered":"Stanis\u0142aw Pi\u0142at (1909-1993)"},"content":{"rendered":"\n<p><br><br><br><strong>nauczyciel wf, &#8220;olbrzym&#8221; z Nowego Targu, wielokrotny mistrz Polski w boksie, olimpijczyk z Berlina (1936).<\/strong><\/p>\n\n\n\n<p>Urodzony 13 kwietnia 1909 w Nowym Targu, syn Stefana i Marii z G\u0142\u0105bi\u0144skich (wykszta\u0142cenie \u015brednie) mia\u0142 znakomite warunki fizyczne (189 cm wzrostu i 96 kg wagi) i szybko zwr\u00f3ci\u0142 na siebie uwag\u0119 trener\u00f3w boksu. Okaza\u0142o si\u0119 niebawem, \u017ce ma te\u017c silny cios i tak w pozna\u0144skiej Warcie (1931-1936) dojrzewa\u0142 wielki talent, jednego z najwybitniejszych bokser\u00f3w okresu mi\u0119dzywojennego (w latach 1936-1939 walczy\u0142 w barwach Policyjnego KS Katowice).<\/p>\n\n\n\n<p>By\u0142 20-krotnym reprezentantem Polski w meczach mi\u0119dzypa\u0144stwowych (1933-1939) odnosz\u0105c 9 zwyci\u0119stw: 6-krotnie zdobywa\u0142 tytu\u0142 mistrza kraju w wadze ci\u0119\u017ckiej (1934-1939), 5-krotnie (1932-1936) walczy\u0142 w dru\u017cynie mistrza Polski (pozna\u0144ska Warta), 3-krotnie wyst\u0105pi\u0142 na mistrzostwach Europy (1934, 1937, 1939). By\u0142 tak\u017ce olimpijczykiem. W sumie stoczy\u0142 170 walk (143-3-24). Po zako\u0144czeniu kariery zawodniczej (po wojnie) by\u0142 nauczycielem wf w Technikum Sk\u00f3rzanym w Nowym Targu, prowadz\u0105c z m\u0142odzie\u017c\u0105 m.in. treningi bokserskie i lekkoatletyczne. Zajmowa\u0142 si\u0119 tak\u017ce szkoleniem bokser\u00f3w Rzemie\u015blniczego Klubu Sportowego Gorce.<\/p>\n\n\n\n<p>Zmar\u0142 w Nowym Targu 10 maja 1993 roku i tam te\u017c jest pochowany.<\/p>\n\n\n\n<p><strong>*1936 Berlin: boks, waga ci\u0119\u017cka<\/strong> &#8211; pierwsz\u0105 kolejk\u0119 przeszed\u0142 bez walki, w drugiej przegra\u0142 z J. Feansem (Urugwaj) i odpad\u0142&nbsp;z turnieju (zw. H. Runge, Niemcy).<\/p>\n\n\n\n<p><em>Bibl.: Kurzy\u0144ski, Tysi\u0105c wspania\u0142ych (1), s. 122-124; G\u0142uszek, Leksykon 1999, s. 300 (tu b\u0142\u0119dna data urodzenia&nbsp;i&nbsp;brak daty \u015bmierci); Pawlak, Olimpijczycy, s. 204 (tu b\u0142\u0119dna data urodzenia i b\u0142\u0119dny bilans stoczonych walk); USC Nowy Targ, pismo z 12.10.2001.<\/em><\/p>\n","protected":false},"excerpt":{"rendered":"<p>nauczyciel wf, &#8220;olbrzym&#8221; z Nowego Targu, wielokrotny mistrz Polski w boksie, olimpijczyk z Berlina (1936). &#8230; <a class=\"read-more\" href=\"https:\/\/olimpijski.pl\/en\/olimpijczycy\/stanislaw-pilat\/\">Czytaj dalej<\/a><\/p>\n","protected":false},"featured_media":0,"menu_order":60,"template":"","meta":{"_acf_changed":false,"ub_ctt_via":"","footnotes":""},"class_list":["post-14784","person","type-person","status-publish","hentry","infinite-scroll-item","no-featured-image-padding"],"acf":{"olimpic_information":[{"olimpic":[{"ID":308,"post_author":"1","post_date":"1936-06-17 13:34:45","post_date_gmt":"1936-06-17 12:34:45","post_content":"<!-- wp:heading {\"level\":1,\"className\":\"main-title\"} -->\n<h1 class=\"main-title\"><strong>Igrzyska XI Olimpiady<\/strong><br>Berlin 1936<\/h1>\n<!-- \/wp:heading -->\n\n<!-- wp:paragraph -->\n<p><br><\/p>\n<!-- \/wp:paragraph -->\n\n<!-- wp:image {\"align\":\"left\",\"id\":19316,\"width\":137,\"height\":137,\"sizeSlug\":\"large\"} -->\n<div class=\"wp-block-image\"><figure class=\"alignleft size-large is-resized\"><img src=\"https:\/\/olimpijski.pl\/wp-content\/uploads\/1936\/06\/berlin1936.png\" alt=\"\" class=\"wp-image-19316\" width=\"137\" height=\"137\"\/><\/figure><\/div>\n<!-- \/wp:image -->\n\n<!-- wp:list -->\n<ul><li>Igrzyska zosta\u0142y rozegrane w dniach <strong>1-16 sierpnia<\/strong>.<\/li><li>Wystartowa\u0142o <strong>4066<\/strong> zawodnik\u00f3w z <strong>49<\/strong> kraj\u00f3w (w tym <strong>328<\/strong> kobiet).<\/li><li>Rozdano <strong>129<\/strong> komplet\u00f3w medali.<\/li><li>Przysi\u0119g\u0119 w imieniu olimpijczyk\u00f3w z\u0142o\u017cy\u0142 ci\u0119\u017carowiec <strong>Rudolf Ismayr<\/strong>.<\/li><li>Po raz pierwszy w historii, na arenie igrzysk zapalony zosta\u0142 znicz olimpijski, a zaszczyt ten przypad\u0142 lekkoatlecie <strong>Fritzowi Schilgenowi<\/strong>, wybranemu ze wzgl\u0119du na \u0142adny styl biegania.<\/li><li>Igrzyska otworzy\u0142 kanclerz Niemiec <strong>Adolf Hitler<\/strong>.<\/li><\/ul>\n<!-- \/wp:list -->\n\n<!-- wp:heading -->\n<h2><strong>Program Igrzysk <strong>\u2013<\/strong> 21 dyscyplin, 129 konkurencji<\/strong><\/h2>\n<!-- \/wp:heading -->\n\n<!-- wp:paragraph -->\n<p>boks (8 konkurencji), gimnastyka (9), hokej na trawie (1), je\u017adziectwo (6), kajakarstwo (9), kolarstwo (6), koszyk\u00f3wka (1), lekkoatletyka (29), pi\u0119ciob\u00f3j nowoczesny (1), pi\u0142ka no\u017cna (1), pi\u0142ka r\u0119czna (1), pi\u0142ka wodna (1), p\u0142ywanie (11), podnoszenie ci\u0119\u017car\u00f3w (5), polo (1), skoki do wody (4), strzelectwo (3), szermierka (7), wio\u015blarstwo (7), zapasy (14), \u017ceglarstwo (4).<\/p>\n<!-- \/wp:paragraph -->\n\n<!-- wp:heading -->\n<h2><strong>Gwiazda Igrzysk<\/strong><\/h2>\n<!-- \/wp:heading -->\n\n<!-- wp:paragraph -->\n<p><strong>James Cleveland \u201eJesse\u201d Owens<\/strong> (USA, lekkoatletyka) \u2013 4 z\u0142ote medale<\/p>\n<!-- \/wp:paragraph -->\n\n<!-- wp:heading -->\n<h2><strong>Polska Reprezentacja Olimpijska<\/strong><\/h2>\n<!-- \/wp:heading -->\n\n<!-- wp:paragraph -->\n<p><strong>125 os\u00f3b<\/strong> (startowa\u0142o 113 \u2013 11 kobiet i 102 m\u0119\u017cczyzn) w 14 sportach: 8 bokser\u00f3w (7 startowa\u0142o, 1 nie), 9 gimnastyczek (8 startowa\u0142o, 1 nie),8 je\u017ad\u017ac\u00f3w (6 startowa\u0142o + 2 rez.), 5 kolarzy (4 startowa\u0142o + 1 rez.), 18 lekkoatlet\u00f3w (w tym 3 zawodniczki; 17 startowa\u0142o, 1 nie), 12 koszykarzy (10 startowa\u0142o + 2 rez.), 2 kajakarzy, 5 p\u0142ywak\u00f3w (4 startowa\u0142o + 1 rez.), 18 pi\u0142karzy (17 startowa\u0142o + 1 rez.), 11 szermierzy, 6 strzelc\u00f3w, 11 wio\u015blarzy, 4 zapa\u015bnik\u00f3w (3 startowa\u0142o, 1 nie), 8 \u017ceglarzy (7 startowa\u0142o + 1 rez.).<\/p>\n<!-- \/wp:paragraph -->\n\n<!-- wp:paragraph -->\n<p>Chor\u0105\u017cym reprezentacji Polski by\u0142 lekkoatleta <strong>Klemens Biniakowski<\/strong>.<\/p>\n<!-- \/wp:paragraph -->\n\n<!-- wp:heading -->\n<h2><strong>Klasyfikacja medalowa<\/strong><\/h2>\n<!-- \/wp:heading -->\n\n<!-- wp:table {\"hasFixedLayout\":true,\"className\":\"is-style-stripes\"} -->\n<figure class=\"wp-block-table is-style-stripes\"><table class=\"has-fixed-layout\"><tbody><tr><td><\/td><td><\/td><td class=\"has-text-align-center\" data-align=\"center\">&nbsp;<\/td><td class=\"has-text-align-center\" data-align=\"center\">&nbsp;<\/td><td class=\"has-text-align-center\" data-align=\"center\">&nbsp;<\/td><td class=\"has-text-align-center\" data-align=\"center\">&nbsp;<\/td><\/tr><tr><td>&nbsp;<\/td><td>&nbsp;<\/td><td class=\"has-text-align-center\" data-align=\"center\">&nbsp;<\/td><td class=\"has-text-align-center\" data-align=\"center\"><img class=\"wp-image-27817\" style=\"width: 50px;\" src=\"https:\/\/olimpijski.pl\/wp-content\/uploads\/2016\/06\/2016_Rio_zloty_50x50.jpg\" alt=\"\"><\/td><td class=\"has-text-align-center\" data-align=\"center\"><img class=\"wp-image-27819\" style=\"width: 50px;\" src=\"https:\/\/olimpijski.pl\/wp-content\/uploads\/2016\/06\/2016_Rio_sreb_50x50.jpg\" alt=\"\"><\/td><td class=\"has-text-align-center\" data-align=\"center\"><img class=\"wp-image-27821\" style=\"width: 50px;\" src=\"https:\/\/olimpijski.pl\/wp-content\/uploads\/2016\/06\/2016_Rio_braz_50x50.jpg\" alt=\"\"><\/td><\/tr><tr><td>1.<\/td><td>Niemcy<\/td><td class=\"has-text-align-center\" data-align=\"center\">89<\/td><td class=\"has-text-align-center\" data-align=\"center\">33<\/td><td class=\"has-text-align-center\" data-align=\"center\">26<\/td><td class=\"has-text-align-center\" data-align=\"center\">30<\/td><\/tr><tr><td>2.<\/td><td>USA<\/td><td class=\"has-text-align-center\" data-align=\"center\">56<\/td><td class=\"has-text-align-center\" data-align=\"center\">24<\/td><td class=\"has-text-align-center\" data-align=\"center\">20<\/td><td class=\"has-text-align-center\" data-align=\"center\">12<\/td><\/tr><tr><td>3.<\/td><td>W\u0119gry<\/td><td class=\"has-text-align-center\" data-align=\"center\">16<\/td><td class=\"has-text-align-center\" data-align=\"center\">10<\/td><td class=\"has-text-align-center\" data-align=\"center\">1<\/td><td class=\"has-text-align-center\" data-align=\"center\">5<\/td><\/tr><tr><td>...<\/td><td>&nbsp;<\/td><td class=\"has-text-align-center\" data-align=\"center\">&nbsp;<\/td><td class=\"has-text-align-center\" data-align=\"center\">&nbsp;<\/td><td class=\"has-text-align-center\" data-align=\"center\">&nbsp;<\/td><td class=\"has-text-align-center\" data-align=\"center\">&nbsp;<\/td><\/tr><tr><td><strong>22.<\/strong><\/td><td><strong>Polska<\/strong><\/td><td class=\"has-text-align-center\" data-align=\"center\"><strong>6<\/strong><\/td><td class=\"has-text-align-center\" data-align=\"center\"><strong>0<\/strong><\/td><td class=\"has-text-align-center\" data-align=\"center\"><strong>3<\/strong><\/td><td class=\"has-text-align-center\" data-align=\"center\"><strong>3<\/strong><\/td><\/tr><\/tbody><\/table><\/figure>\n<!-- \/wp:table -->\n\n<!-- wp:heading -->\n<h2><strong>Medale dla Polski (6)<\/strong><\/h2>\n<!-- \/wp:heading -->\n\n<!-- wp:ub\/content-toggle-block {\"blockID\":\"61bbb204-487c-421f-8244-fb42e8f2da7e\",\"theme\":\"#f1f1f1\",\"collapsed\":true,\"titleColor\":\"#000000\"} -->\n<!-- wp:ub\/content-toggle-panel-block {\"parentID\":\"61bbb204-487c-421f-8244-fb42e8f2da7e\",\"theme\":\"#f1f1f1\",\"collapsed\":true,\"titleColor\":\"#000000\",\"panelTitle\":\"Srebrne\"} -->\n<!-- wp:paragraph -->\n<p><\/p>\n<!-- \/wp:paragraph -->\n\n<!-- wp:media-text {\"align\":\"\",\"mediaId\":30221,\"mediaLink\":\"https:\/\/olimpijski.pl\/igrzyska_letnie\/berlin-1936\/1936_berlin_sreb_200\/#main\",\"mediaType\":\"image\",\"mediaWidth\":20} -->\n<div class=\"wp-block-media-text is-stacked-on-mobile\" style=\"grid-template-columns:20% auto\"><figure class=\"wp-block-media-text__media\"><img src=\"https:\/\/olimpijski.pl\/wp-content\/uploads\/1936\/06\/1936_Berlin_sreb_200.jpg\" alt=\"\" class=\"wp-image-30221\"\/><\/figure><div class=\"wp-block-media-text__content\"><!-- wp:paragraph -->\n<p><strong>Stanis\u0142awa Walasiewicz<\/strong><br>(lekkoatletyka, bieg na 100 m)<br><br><strong>Jadwiga Wajs<\/strong><br>(lekkoatletyka, rzut dyskiem)<\/p>\n<!-- \/wp:paragraph -->\n\n<!-- wp:paragraph -->\n<p><strong>Zdzis\u0142aw Kawecki, Henryk Leliwa-Roycewicz, Seweryn Kulesza<\/strong><br>(je\u017adziectwo, WKKW)<\/p>\n<!-- \/wp:paragraph --><\/div><\/div>\n<!-- \/wp:media-text -->\n<!-- \/wp:ub\/content-toggle-panel-block -->\n<!-- \/wp:ub\/content-toggle-block -->\n\n<!-- wp:ub\/content-toggle-block {\"blockID\":\"4c66526b-45eb-4431-93e8-e6d76c006dc6\",\"theme\":\"#f1f1f1\",\"collapsed\":true,\"titleColor\":\"#000000\"} -->\n<!-- wp:ub\/content-toggle-panel-block {\"parentID\":\"4c66526b-45eb-4431-93e8-e6d76c006dc6\",\"theme\":\"#f1f1f1\",\"collapsed\":true,\"titleColor\":\"#000000\",\"panelTitle\":\"Br\u0105zowe\"} -->\n<!-- wp:paragraph -->\n<p><\/p>\n<!-- \/wp:paragraph -->\n\n<!-- wp:media-text {\"align\":\"\",\"mediaId\":30223,\"mediaLink\":\"https:\/\/olimpijski.pl\/igrzyska_letnie\/berlin-1936\/1936_berlin_braz_200\/#main\",\"mediaType\":\"image\",\"mediaWidth\":20} -->\n<div class=\"wp-block-media-text is-stacked-on-mobile\" style=\"grid-template-columns:20% auto\"><figure class=\"wp-block-media-text__media\"><img src=\"https:\/\/olimpijski.pl\/wp-content\/uploads\/1936\/06\/1936_Berlin_braz_200.jpg\" alt=\"\" class=\"wp-image-30223\"\/><\/figure><div class=\"wp-block-media-text__content\"><!-- wp:paragraph -->\n<p><strong>Maria Kwa\u015bniewska<\/strong><br>(lekkoatletyka, rzut oszczepem)<\/p>\n<!-- \/wp:paragraph -->\n\n<!-- wp:paragraph -->\n<p><strong>W\u0142adys\u0142aw Kara\u015b<\/strong><br>(strzelectwo, karabin ma\u0142okalibrowy le\u017c\u0105c 50 m)<\/p>\n<!-- \/wp:paragraph -->\n\n<!-- wp:paragraph -->\n<p><strong>Jerzy Ustupski, Roger Verey<\/strong><br>(wio\u015blarstwo, dw\u00f3jka podw\u00f3jna)<\/p>\n<!-- \/wp:paragraph --><\/div><\/div>\n<!-- \/wp:media-text -->\n<!-- \/wp:ub\/content-toggle-panel-block -->\n<!-- \/wp:ub\/content-toggle-block -->\n\n<!-- wp:quote {\"className\":\"is-style-default\"} -->\n<blockquote class=\"wp-block-quote is-style-default\"><p>Trzy medale wywalczy\u0142y lekkoatletki, po jednym je\u017ad\u017acy, strzelec i wio\u015blarze. Ponownie w gronie najlepszych znalaz\u0142y si\u0119 Stanis\u0142awa Walasiewicz zajmuj\u0105c drugie miejsce w biegu na 100 m oraz Jadwiga Wajs w rzucie dyskiem. Trzecia, w rzucie oszczepem, by\u0142a Maria Kwa\u015bniewska.<\/p><\/blockquote>\n<!-- \/wp:quote -->","post_title":"Berlin 1936","post_excerpt":"","post_status":"publish","comment_status":"closed","ping_status":"closed","post_password":"","post_name":"berlin-1936","to_ping":"","pinged":"","post_modified":"2020-10-02 15:33:24","post_modified_gmt":"2020-10-02 13:33:24","post_content_filtered":"","post_parent":0,"guid":"https:\/\/wai-q98d7hpf9hy9k.wpallimport-demo.qsandbox.me\/olympics_summer\/berlin-1936\/","menu_order":0,"post_type":"olympics_summer","post_mime_type":"","comment_count":"0","filter":"raw"}],"competitions_rewards":[{"competition":[{"ID":5852,"post_author":"1","post_date":"2020-06-19 11:32:26","post_date_gmt":"2020-06-19 11:32:26","post_content":"","post_title":"Boks","post_excerpt":"","post_status":"publish","comment_status":"open","ping_status":"open","post_password":"","post_name":"boks","to_ping":"","pinged":"","post_modified":"2020-06-29 13:17:07","post_modified_gmt":"2020-06-29 11:17:07","post_content_filtered":"","post_parent":0,"guid":"https:\/\/wai-q7byvryhhcz9k.wpallimport-demo.qsandbox.me\/competition\/boks\/","menu_order":0,"post_type":"competition","post_mime_type":"","comment_count":"0","filter":"raw"}],"reward":""}]}],"picture":false,"firstname":"Stanis\u0142aw","lastname":"Pi\u0142at (1909-1993)","birthdate_date":"13\/04\/1909","birthdate":"13 kwietnia 1909","deathdate_date":"10\/05\/1993","deathdate":"10 maja 1993","placeofbirth":"","club":"","coach":"","metrics":"","seolink":"pilat-stanislaw","tmp_old_id":"14760","tmp_old_fid":"294","tmp_old_parent_id":"15544","createdate":"06\/11\/2013","tmp_old_title":"Pi\u0142at Stanis\u0142aw (1909-1993)","tmp_old_lead":"","tmp_old_body":"<p class=\"title-m-02\">PI\u0141AT STANIS\u0141AW (1909-1993)<\/p><table  border=\"0\" align=\"LEFT\" cellpadding=\"0\" cellspacing=\"0\"> <tr> <td class=\"photo-td-01\"><table  border=\"0\" cellspacing=\"0\" cellpadding=\"0\"> <tr>  <td><img src=\"files\/old\/i\/olimpijczycy\/Pilat_Stanislaw_m.jpg\" alt=\"PI\u0141AT STANIS\u0141AW\" border=\"0\" width=\"50\" height=\"50\"><\/td> <\/tr> <\/table><\/td><\/tr><\/table><p><strong>nauczyciel wf, \"olbrzym\" z Nowego Targu, wielokrotny mistrz Polski w boksie, olimpijczyk z Berlina (1936).<br\/><br\/><\/strong>Urodzony 13 kwietnia 1909 w Nowym Targu, syn Stefana i Marii\u00a0z G\u0142\u0105bi\u0144skich (wykszta\u0142cenie \u015brednie) mia\u0142 znakomite warunki fizyczne (189 cm wzrostu i 96 kg wagi) i szybko zwr\u00f3ci\u0142 na siebie uwag\u0119 trener\u00f3w boksu. Okaza\u0142o si\u0119 niebawem, \u017ce ma te\u017c silny cios i tak w pozna\u0144skiej Warcie (1931-1936) dojrzewa\u0142 wielki talent, jednego z najwybitniejszych bokser\u00f3w okresu mi\u0119dzywojennego (w latach 1936-1939 walczy\u0142 w barwach Policyjnego KS Katowice). By\u0142 20-krotnym reprezentantem Polski w meczach mi\u0119dzypa\u0144stwowych (1933-1939) odnosz\u0105c 9 zwyci\u0119stw: 6-krotnie zdobywa\u0142 tytu\u0142 mistrza kraju w wadze ci\u0119\u017ckiej (1934-1939), 5-krotnie (1932-1936) walczy\u0142\u00a0w dru\u017cynie mistrza Polski (pozna\u0144ska Warta), 3-krotnie wyst\u0105pi\u0142 na mistrzostwach Europy (1934, 1937, 1939). By\u0142 tak\u017ce olimpijczykiem. W sumie stoczy\u0142 170 walk (143-3-24). Po zako\u0144czeniu kariery zawodniczej (po wojnie) by\u0142 nauczycielem wf w Technikum Sk\u00f3rzanym w Nowym Targu, prowadz\u0105c z m\u0142odzie\u017c\u0105 m.in. treningi bokserskie i\u00a0lekkoatletyczne. Zajmowa\u0142 si\u0119 tak\u017ce szkoleniem bokser\u00f3w Rzemie\u015blniczego Klubu Sportowego Gorce. Zmar\u0142 w Nowym Targu 10 maja 1993 i tam te\u017c jest pochowany.<br\/><br\/>Bibl.: Kurzy\u0144ski, Tysi\u0105c wspania\u0142ych (1), s. 122-124; G\u0142uszek, Leksykon 1999, s. 300 (tu b\u0142\u0119dna data urodzenia\u00a0i\u00a0brak daty \u015bmierci); Pawlak, Olimpijczycy, s. 204 (tu b\u0142\u0119dna data urodzenia i b\u0142\u0119dny bilans stoczonych walk); USC Nowy Targ, pismo z 12.10.2001.<br\/><strong>*1936 Berlin: waga ci\u0119\u017cka<\/strong> - pierwsz\u0105 kolejk\u0119 przeszed\u0142 bez walki, w drugiej przegra\u0142 z J. Feansem (Urugwaj) i odpad\u0142\u00a0z turnieju (zw. H. Runge, Niemcy).<br\/><\/p><!-- history --><table width=\"85%\" style=\"text-align:right\" border=\"0\" cellspacing=\"0\" cellpadding=\"0\">  <tr>    <td align=\"right\" class=\"box3-title\"><a href=\"javascript:history.back()\">\u00ab powr\u00f3t do listy<\/a><\/td>  <\/tr><\/table>","tmp_old_body_img":false,"tmp_old_lead_img":false,"picture_medalists":false,"important":"","group_knuie68fa087fd5h76":false,"person_achivments":""},"_links":{"self":[{"href":"https:\/\/olimpijski.pl\/en\/wp-json\/wp\/v2\/person\/14784"}],"collection":[{"href":"https:\/\/olimpijski.pl\/en\/wp-json\/wp\/v2\/person"}],"about":[{"href":"https:\/\/olimpijski.pl\/en\/wp-json\/wp\/v2\/types\/person"}],"version-history":[{"count":2,"href":"https:\/\/olimpijski.pl\/en\/wp-json\/wp\/v2\/person\/14784\/revisions"}],"predecessor-version":[{"id":41401,"href":"https:\/\/olimpijski.pl\/en\/wp-json\/wp\/v2\/person\/14784\/revisions\/41401"}],"wp:attachment":[{"href":"https:\/\/olimpijski.pl\/en\/wp-json\/wp\/v2\/media?parent=14784"}],"curies":[{"name":"wp","href":"https:\/\/api.w.org\/{rel}","templated":true}]}}