{"id":14799,"date":"2020-06-24T16:50:17","date_gmt":"2020-06-24T14:50:17","guid":{"rendered":"http:\/\/pkol.local\/person\/witold-antoni-plutecki\/"},"modified":"2021-10-08T11:03:15","modified_gmt":"2021-10-08T09:03:15","slug":"witold-antoni-plutecki","status":"publish","type":"person","link":"https:\/\/olimpijski.pl\/en\/olimpijczycy\/witold-antoni-plutecki\/","title":{"rendered":"Witold Plutecki"},"content":{"rendered":"\n<p><br><br><br><strong>Polski kolarz, olimpijczyk. Startowa\u0142 na\u00a0Igrzyskach Olimpijskich w\u00a01980 w\u00a0Moskwie, gdzie w\u00a0wy\u015bcigu dru\u017cynowym na\u00a0szosie zaj\u0105\u0142 wraz z\u00a0kolegami (Stefan Cieka\u0144ski, Jan Jankiewicz, Czes\u0142aw Lang) czwarte miejsce.<\/strong><\/p>\n\n\n\n<p>Urodzony 8 pa\u017adziernika 1956 w Gliwicach. By\u0142 wicemistrzem \u015bwiata amator\u00f3w w\u00a0wy\u015bcigu dru\u017cynowym w\u00a0Valkenburgu w\u00a01979 (ten sam sk\u0142ad dru\u017cyny). Jako junior zdoby\u0142 dwa srebrne medale na\u00a0mistrzostwach Polski (w g\u00f3rach i\u00a0na szosie) oraz\u00a0srebrny medal na\u00a0III Og\u00f3lnopolskiej Spartakiadzie M\u0142odzie\u017cy (wy\u015bcig dru\u017cynowy).<\/p>\n\n\n\n<p>Zdoby\u0142 mistrzostwo Polski w\u00a0wy\u015bcigu dru\u017cynowym na\u00a0szosie (w 1978) oraz\u00a0wicemistrzostwo w\u00a0tej konkurencji w\u00a01979, 1983 i\u00a01984 i\u00a0w indywidualnej je\u017adzie na\u00a0czas w\u00a01978. By\u0142 br\u0105zowym medalist\u0105 mistrzostw Polski w\u00a0je\u017adzie parami w\u00a01982 i\u00a01983. W\u00a0wy\u015bcigu Doko\u0142a Bu\u0142garii w\u00a01979 zaj\u0105\u0142 czwarte miejsce.Startowa\u0142 w\u00a0klubach Kolejarz Gliwice (1977), Legia Warszawa (1976-1979) i\u00a0Gwardia Katowice (1979-1984).<\/p>\n\n\n\n<p><strong>*1980 Moskwa &#8211; kolarstwo, 4. miejsce w\u00a0wy\u015bcigu dru\u017cynowym na\u00a0szosie<\/strong> wraz z\u00a0kolegami (Stefan Cieka\u0144ski, Jan Jankiewicz, Czes\u0142aw Lang).\u00a0<\/p>\n","protected":false},"excerpt":{"rendered":"<p>Polski kolarz, olimpijczyk. Startowa\u0142 na Igrzyskach Olimpijskich w 1980 w Moskwie, gdzie w wy\u015bcigu dru\u017cynowym na szosie zaj\u0105\u0142 wraz z kolegami (Stefan Cieka\u0144ski, Jan Jankiewicz, Czes\u0142aw Lang) czwarte miejsce. &#8230; <a class=\"read-more\" href=\"https:\/\/olimpijski.pl\/en\/olimpijczycy\/witold-antoni-plutecki\/\">Czytaj dalej<\/a><\/p>\n","protected":false},"featured_media":0,"menu_order":60,"template":"","meta":{"_acf_changed":false,"ub_ctt_via":"","footnotes":""},"class_list":["post-14799","person","type-person","status-publish","hentry","infinite-scroll-item","no-featured-image-padding"],"acf":{"olimpic_information":[{"olimpic":[{"ID":299,"post_author":"1","post_date":"1980-06-17 13:34:45","post_date_gmt":"1980-06-17 11:34:45","post_content":"<!-- wp:heading {\"level\":1,\"className\":\"main-title\"} -->\n<h1 class=\"main-title\"><strong>Igrzyska XXII Olimpiady<\/strong><br>Moskwa 1980<\/h1>\n<!-- \/wp:heading -->\n\n<!-- wp:paragraph -->\n<p><br><\/p>\n<!-- \/wp:paragraph -->\n\n<!-- wp:image {\"align\":\"left\",\"id\":19338,\"sizeSlug\":\"large\",\"className\":\"is-style-default\"} -->\n<div class=\"wp-block-image is-style-default\"><figure class=\"alignleft size-large\"><img src=\"https:\/\/olimpijski.pl\/wp-content\/uploads\/1980\/06\/moskwa1980.png\" alt=\"\" class=\"wp-image-19338\"\/><\/figure><\/div>\n<!-- \/wp:image -->\n\n<!-- wp:list -->\n<ul><li>Igrzyska rozegrano w dniach <strong>19 lipca \u2013 3 sierpnia<\/strong>.<\/li><li>Wystartowa\u0142o <strong>5217<\/strong> zawodnik\u00f3w (w tym <strong>1124<\/strong> kobiet) z <strong>81<\/strong> kraj\u00f3w.<\/li><li>Rozdano <strong>203<\/strong> komplety medali.<\/li><li>Przysi\u0119g\u0119 olimpijsk\u0105 w imieniu sportowc\u00f3w z\u0142o\u017cy\u0142 gimnastyk <strong>Niko\u0142aj Andrianow<\/strong>, natomiast w imieniu s\u0119dzi\u00f3w i trener\u00f3w \u2013 <strong>Aleksander Miedwied<\/strong>.<\/li><li>Znicz olimpijski zapali\u0142 koszykarz <strong>Siergiej Bie\u0142ow<\/strong>, z\u0142oty medalista olimpijski z Monachium.<\/li><li>Igrzyska otworzy\u0142 <strong>I sekretarz Komunistycznej Partii Zwi\u0105zku Radzieckiego Leonid Bre\u017cniew<\/strong>.<\/li><\/ul>\n<!-- \/wp:list -->\n\n<!-- wp:heading -->\n<h2><strong>Program Igrzysk \u2013 23 dyscypliny, 203 konkurencje<\/strong><\/h2>\n<!-- \/wp:heading -->\n\n<!-- wp:paragraph -->\n<p>boks (11 konkurencji), gimnastyka (14), hokej na trawie (2), je\u017adziectwo (6), judo (8), kajakarstwo (11), kolarstwo (6), koszyk\u00f3wka (2), lekkoatletyka (38), \u0142ucznictwo (2), pi\u0119ciob\u00f3j nowoczesny (2), pi\u0142ka no\u017cna (1), pi\u0142ka r\u0119czna (2), pi\u0142ka siatkowa (2), pi\u0142ka wodna (1), p\u0142ywanie (26), podnoszenie ci\u0119\u017car\u00f3w (10), skoki do wody (4), strzelectwo (7), szermierka (8), wio\u015blarstwo (14), zapasy (20), \u017ceglarstwo (6).<\/p>\n<!-- \/wp:paragraph -->\n\n<!-- wp:heading -->\n<h2><strong>Gwiazda Igrzysk<\/strong><\/h2>\n<!-- \/wp:heading -->\n\n<!-- wp:paragraph -->\n<p><strong>Aleksander Ditiatin<\/strong> (ZSRR, gimnastyka) \u2013 3 z\u0142ote medale, 4 srebrne, 1 br\u0105zowy<\/p>\n<!-- \/wp:paragraph -->\n\n<!-- wp:heading -->\n<h2><strong>Polska Reprezentacja Olimpijska<\/strong><\/h2>\n<!-- \/wp:heading -->\n\n<!-- wp:paragraph -->\n<p><strong>325 os\u00f3b<\/strong> (startowa\u0142o 306 \u2013 74 kobiety i 232 m\u0119\u017cczyzn) w 21 sportach: 11 bokser\u00f3w, 10 gimnastyk\u00f3w (w tym 7 kobiet; 9 startowa\u0142o + 1 rez.), 32 hokeist\u00f3w na trawie (w tym 16 kobiet), 14 je\u017ad\u017ac\u00f3w (w tym 3 kobiety; 11 startowa\u0142o + 3 rez.), 7 judok\u00f3w, 16 kajakarzy (w tym 3 kobiety; 15 startowa\u0142o + 1 rez.), 15 kolarzy (11 startowa\u0142o + 4 rez.), 12 koszykarzy, 50 lekkoatlet\u00f3w (w tym 17 kobiet; 48 startowa\u0142o + 2 rez.), 3 \u0142ucznik\u00f3w (w tym 2 kobiety), 4 pi\u0119cioboist\u00f3w (3 startowa\u0142o + 1 rez.), 8 p\u0142ywak\u00f3w (w tym 4 kobiety), 2 skoczk\u00f3w do wody (w tym 1 kobieta), 12 ci\u0119\u017carowc\u00f3w (10 startowa\u0142o + 2 rez.), 14 pi\u0142karzy r\u0119cznych, 12 siatkarzy (11 startowa\u0142o + 1 rez.), 18 szermierzy (w tym 5 kobiet), 12 strzelc\u00f3w, 38 wio\u015blarzy (w tym 20 kobiet; 37 startowa\u0142o, + 1 rez.), 20 zapa\u015bnik\u00f3w, 15 \u017ceglarzy (12 startowa\u0142o + 3 rez.).<\/p>\n<!-- \/wp:paragraph -->\n\n<!-- wp:paragraph -->\n<p>Chor\u0105\u017cym reprezentacji Polski by\u0142 zapa\u015bnik stylu klasycznego <strong>Czes\u0142aw Kwieci\u0144ski<\/strong>.<\/p>\n<!-- \/wp:paragraph -->\n\n<!-- wp:heading -->\n<h2><strong>Klasyfikacja medalowa<\/strong><\/h2>\n<!-- \/wp:heading -->\n\n<!-- wp:table {\"hasFixedLayout\":true,\"className\":\"is-style-stripes\"} -->\n<figure class=\"wp-block-table is-style-stripes\"><table class=\"has-fixed-layout\"><tbody><tr><td><\/td><td><\/td><td class=\"has-text-align-center\" data-align=\"center\">&nbsp;<\/td><td class=\"has-text-align-center\" data-align=\"center\">&nbsp;<\/td><td class=\"has-text-align-center\" data-align=\"center\">&nbsp;<\/td><td class=\"has-text-align-center\" data-align=\"center\">&nbsp;<\/td><\/tr><tr><td>&nbsp;<\/td><td>&nbsp;<\/td><td class=\"has-text-align-center\" data-align=\"center\">&nbsp;<\/td><td class=\"has-text-align-center\" data-align=\"center\"><img class=\"wp-image-27817\" style=\"width: 50px;\" src=\"https:\/\/olimpijski.pl\/wp-content\/uploads\/2016\/06\/2016_Rio_zloty_50x50.jpg\" alt=\"\"><\/td><td class=\"has-text-align-center\" data-align=\"center\"><img class=\"wp-image-27819\" style=\"width: 50px;\" src=\"https:\/\/olimpijski.pl\/wp-content\/uploads\/2016\/06\/2016_Rio_sreb_50x50.jpg\" alt=\"\"><\/td><td class=\"has-text-align-center\" data-align=\"center\"><img class=\"wp-image-27821\" style=\"width: 50px;\" src=\"https:\/\/olimpijski.pl\/wp-content\/uploads\/2016\/06\/2016_Rio_braz_50x50.jpg\" alt=\"\"><\/td><\/tr><tr><td>1.<\/td><td>ZSRR<\/td><td class=\"has-text-align-center\" data-align=\"center\">195<\/td><td class=\"has-text-align-center\" data-align=\"center\">80<\/td><td class=\"has-text-align-center\" data-align=\"center\">69<\/td><td class=\"has-text-align-center\" data-align=\"center\">46<\/td><\/tr><tr><td>2.<\/td><td>NRD<\/td><td class=\"has-text-align-center\" data-align=\"center\">126<\/td><td class=\"has-text-align-center\" data-align=\"center\">47<\/td><td class=\"has-text-align-center\" data-align=\"center\">37<\/td><td class=\"has-text-align-center\" data-align=\"center\">40<\/td><\/tr><tr><td>3.<\/td><td>Bu\u0142garia<\/td><td class=\"has-text-align-center\" data-align=\"center\">41<\/td><td class=\"has-text-align-center\" data-align=\"center\">8<\/td><td class=\"has-text-align-center\" data-align=\"center\">16<\/td><td class=\"has-text-align-center\" data-align=\"center\">17<\/td><\/tr><tr><td>...<\/td><td>&nbsp;<\/td><td class=\"has-text-align-center\" data-align=\"center\">&nbsp;<\/td><td class=\"has-text-align-center\" data-align=\"center\">&nbsp;<\/td><td class=\"has-text-align-center\" data-align=\"center\">&nbsp;<\/td><td class=\"has-text-align-center\" data-align=\"center\">&nbsp;<\/td><\/tr><tr><td><strong>10.<\/strong><\/td><td><strong>Polska<\/strong><\/td><td class=\"has-text-align-center\" data-align=\"center\"><strong>32<\/strong><\/td><td class=\"has-text-align-center\" data-align=\"center\"><strong>3<\/strong><\/td><td class=\"has-text-align-center\" data-align=\"center\"><strong>14<\/strong><\/td><td class=\"has-text-align-center\" data-align=\"center\"><strong>15<\/strong><\/td><\/tr><\/tbody><\/table><\/figure>\n<!-- \/wp:table -->\n\n<!-- wp:heading -->\n<h2><strong>Medale dla Polski (32)<\/strong><\/h2>\n<!-- \/wp:heading -->\n\n<!-- wp:paragraph -->\n<p>z\u0142oty - W\u0142adys\u0142aw Kozakiewicz (lekkoatletyka - skok o tyczce)<br>z\u0142oty - Jan Kowalczyk (je\u017adziectwo - indywidualny konkurs skok\u00f3w przez przeszkody)<br>z\u0142oty - Bronis\u0142aw Malinowski (lekkoatletyka - bieg na 3000 m z przeszkodami)<\/p>\n<!-- \/wp:paragraph -->\n\n<!-- wp:paragraph -->\n<p>srebrny - Pawe\u0142 Skrzecz (boks - waga p\u00f3\u0142ci\u0119\u017cka)<br>srebrny - Czes\u0142aw Lang (kolarstwo - wy\u015bcig indywidualny ze startu wsp\u00f3lnego)<br>srebrny - Janusz Bobik, Wies\u0142aw Hartman, Jan Kowalczyk, Marian Kozicki (je\u017adziectwo - dru\u017cynowy konkurs skok\u00f3w przez przeszkody)<br>srebrny - Urszula Kielan (lekkoatletyka - skok wzwy\u017c)<br>srebrny - Jacek Wszo\u0142a (lekkoatletyka - skok wzwy\u017c)<br>srebrny - Tadeusz \u015alusarski (lekkoatletyka - skok o tyczce)<br>srebrny - Leszek Dunecki, Zenon Licznerski, Marian Woronin, Krzysztof Zwoli\u0144ski (lekkoatletyka - sztafeta 4x100 m)<br>srebrny - Ludomir Chronowski, Piotr Jab\u0142kowski, Andrzej Lis, Mariusz Strza\u0142ka, Leszek Swornowski (szermierka - turniej dru\u017cynowy szpadzist\u00f3w)<br>srebrny - Ma\u0142gorzata D\u0142u\u017cewska, Czes\u0142awa Ko\u015bcia\u0144ska (wio\u015blarstwo - dw\u00f3jka bez sterniczki)<br>srebrny - W\u0142adys\u0142aw Stecyk (zapasy - styl wolny - waga 52 kg)<br>srebrny - J\u00f3zef Lipie\u0144 (zapasy - styl klasyczny - waga 57 kg)<br>srebrny - Andrzej Supron (zapasy - styl klasyczny - waga 68 kg)<br>srebrny - Jan Do\u0142gowicz (zapasy - styl klasyczny - waga 82 kg)<br>srebrny - Roman Bier\u0142a (zapasy - styl klasyczny - waga 100&nbsp; kg)<\/p>\n<!-- \/wp:paragraph -->\n\n<!-- wp:paragraph -->\n<p>br\u0105zowy - Krzysztof Kosedowski (boks - waga pi\u00f3rkowa)<br>br\u0105zowy - Kazimierz Adach (boks - waga lekka)<br>br\u0105zowy - Kazimierz Szczerba (boks - waga p\u00f3\u0142\u015brednia)<br>br\u0105zowy - Jerzy Rybicki (boks -waga \u015brednia)<br>br\u0105zowy - Janusz Paw\u0142owski (judo - waga 65 kg)<br>br\u0105zowy - Lucyna Langer (lekkoatletyka - bieg na 100 m pp\u0142)<br>br\u0105zowy - Agnieszka Czopek (p\u0142ywanie - wy\u015bcig na 400 m stylem zmiennym)<br>br\u0105zowy - Tadeusz Dembo\u0144czyk (podnoszenie ci\u0119\u017car\u00f3w - waga 56 kg)<br>br\u0105zowy - Marek Seweryn (podnoszenie ci\u0119\u017car\u00f3w - waga 60 kg)<br>br\u0105zowy - Tadeusz Rutkowski (podnoszenie ci\u0119\u017car\u00f3w - waga ponad 110 kg)<br>br\u0105zowy - Barbara Wysocza\u0144ska (szermierka - turniej indywidualny florecistek)<br>br\u0105zowy - Lech Koziejowski, Adam Robak, Bogus\u0142aw Zych, Marian Sypniewski (szermierka turniej dru\u017cynowy florecist\u00f3w)<br>br\u0105zowy - Grzegorz Nowak, Grzegorz Stellak, Ryszard Stadniuk, Adam Tomasiak, sternik Ryszard Kubiak (wio\u015blarstwo - czw\u00f3rka ze sternikiem)<br>br\u0105zowy - Aleksander Cicho\u0144 (zapasy - styl wolny - waga 90 kg)<br>br\u0105zowy - Adam Sandurski (zapasy - styl wolny - waga ponad 100 kg)<\/p>\n<!-- \/wp:paragraph -->\n\n<!-- wp:quote {\"className\":\"is-style-default\"} -->\n<blockquote class=\"wp-block-quote is-style-default\"><p>Nasi reprezentanci zdobyli na tych igrzyskach 32 medale najwi\u0119cej w ca\u0142ej historii start\u00f3w olimpijskich.<\/p><p>Konkurencje \u017ceglarskie igrzysk przeprowadzono w Tallinnie.&nbsp; Do Moskwy nie przyjechali sportowcy USA. Polityka wymusi\u0142a na dzia\u0142aczach sportowych bojkot igrzysk w Moskwie z powodu interwencji ZSRR w Afganistanie. Z bojkotu wy\u0142ama\u0142o si\u0119 wielu sportowc\u00f3w m.in. z Australii, Brazylii, Danii, Grecji, Hiszpanii, Meksyku RFN, Szwajcarii, Szwecji, W\u0142och, Wielkiej Brytanii i Wenezueli.<\/p><\/blockquote>\n<!-- \/wp:quote -->","post_title":"Moskwa 1980","post_excerpt":"","post_status":"publish","comment_status":"closed","ping_status":"closed","post_password":"","post_name":"moskwa-1980","to_ping":"","pinged":"","post_modified":"2020-09-28 15:49:10","post_modified_gmt":"2020-09-28 13:49:10","post_content_filtered":"","post_parent":0,"guid":"https:\/\/wai-q98d7hpf9hy9k.wpallimport-demo.qsandbox.me\/olympics_summer\/moskwa-1980\/","menu_order":0,"post_type":"olympics_summer","post_mime_type":"","comment_count":"0","filter":"raw"}],"competitions_rewards":[{"competition":[{"ID":5853,"post_author":"1","post_date":"2020-06-19 11:32:26","post_date_gmt":"2020-06-19 11:32:26","post_content":"","post_title":"Kolarstwo","post_excerpt":"","post_status":"publish","comment_status":"open","ping_status":"open","post_password":"","post_name":"kolarstwo","to_ping":"","pinged":"","post_modified":"2020-06-29 13:17:08","post_modified_gmt":"2020-06-29 11:17:08","post_content_filtered":"","post_parent":0,"guid":"https:\/\/wai-q7byvryhhcz9k.wpallimport-demo.qsandbox.me\/competition\/kolarstwo\/","menu_order":0,"post_type":"competition","post_mime_type":"","comment_count":"0","filter":"raw"}],"reward":""}]}],"picture":false,"firstname":"Witold","lastname":"Plutecki","birthdate_date":"08\/10\/1956","birthdate":"8 pa\u017adziernika 1956","deathdate_date":"","deathdate":"","placeofbirth":"Gliwice","club":"Kolejarz Gliwice, Legia Warszawa, Gwardia Katowice","coach":"","metrics":"182 cm \/ 72 kg","seolink":"plutecki-witold-antoni","tmp_old_id":"15982","tmp_old_fid":"0","tmp_old_parent_id":"15544","createdate":"08\/10\/2014","tmp_old_title":"Plutecki Witold Antoni","tmp_old_lead":"","tmp_old_body":"<p class=\"title-m-02\">PLUTECKI WITOLD ANTONI<\/p><p><strong>Polski kolarz, olimpijczyk. Startowa\u0142 na Igrzyskach Olimpijskich w 1980 w Moskwie, gdzie w wy\u015bcigu dru\u017cynowym na szosie zaj\u0105\u0142 wraz z kolegami (Stefan Cieka\u0144ski, Jan Jankiewicz, Czes\u0142aw Lang) czwarte miejsce.<\/strong><\/p><p>Urodzony 8 pa\u017adziernika 1956 w Gliwicach.<br \/><br \/>By\u0142 wicemistrzem \u015bwiata amator\u00f3w w wy\u015bcigu dru\u017cynowym w Valkenburgu w 1979 (ten sam sk\u0142ad dru\u017cyny). Jako junior zdoby\u0142 dwa srebrne medale na mistrzostwach Polski (w g\u00f3rach i na szosie) oraz srebrny medal na III Og\u00f3lnopolskiej Spartakiadzie M\u0142odzie\u017cy (wy\u015bcig dru\u017cynowy). Zdoby\u0142 mistrzostwo Polski w wy\u015bcigu dru\u017cynowym na szosie (w 1978) oraz wicemistrzostwo w tej konkurencji w 1979, 1983 i 1984 i w indywidualnej je\u017adzie na czas w 1978. By\u0142 br\u0105zowym medalist\u0105 mistrzostw Polski w je\u017adzie parami w 1982 i 1983. W wy\u015bcigu Doko\u0142a Bu\u0142garii w 1979 zaj\u0105\u0142 czwarte miejsce.Startowa\u0142 w klubach Kolejarz Gliwice (1977), Legia Warszawa (1976-1979) i Gwardia Katowice (1979-1984).<br \/><br \/>*1980 Moskwa - 4. miejsce w wy\u015bcigu dru\u017cynowym na szosie wraz z kolegami (Stefan Cieka\u0144ski, Jan Jankiewicz, Czes\u0142aw Lang).\u00a0<\/p><!-- history --><table cellspacing=\"0\" cellpadding=\"0\" border=\"0\" width=\"85%\" style=\"text-align: right;\">    <tbody>        <tr>            <td align=\"right\" class=\"box3-title\"><a href=\"javascript:history.back()\">\u00ab powr\u00f3t do listy<\/a><\/td>        <\/tr>    <\/tbody><\/table><p>\u00a0<\/p>","tmp_old_body_img":false,"tmp_old_lead_img":false,"picture_medalists":false,"important":"","group_knuie68fa087fd5h76":false,"person_achivments":""},"_links":{"self":[{"href":"https:\/\/olimpijski.pl\/en\/wp-json\/wp\/v2\/person\/14799"}],"collection":[{"href":"https:\/\/olimpijski.pl\/en\/wp-json\/wp\/v2\/person"}],"about":[{"href":"https:\/\/olimpijski.pl\/en\/wp-json\/wp\/v2\/types\/person"}],"version-history":[{"count":2,"href":"https:\/\/olimpijski.pl\/en\/wp-json\/wp\/v2\/person\/14799\/revisions"}],"predecessor-version":[{"id":48135,"href":"https:\/\/olimpijski.pl\/en\/wp-json\/wp\/v2\/person\/14799\/revisions\/48135"}],"wp:attachment":[{"href":"https:\/\/olimpijski.pl\/en\/wp-json\/wp\/v2\/media?parent=14799"}],"curies":[{"name":"wp","href":"https:\/\/api.w.org\/{rel}","templated":true}]}}