{"id":14818,"date":"2020-06-24T16:50:21","date_gmt":"2020-06-24T14:50:21","guid":{"rendered":"http:\/\/pkol.local\/person\/radoslaw-poplawski\/"},"modified":"2020-09-21T01:40:35","modified_gmt":"2020-09-20T23:40:35","slug":"radoslaw-poplawski","status":"publish","type":"person","link":"https:\/\/olimpijski.pl\/en\/olimpijczycy\/radoslaw-poplawski\/","title":{"rendered":"Rados\u0142aw Pop\u0142awski"},"content":{"rendered":"<p class=\"title-m-02\">POP\u0141AWSKI RADOS\u0141AW<\/p>\n<p><strong>&#8211; wpadn\u0119 po uszy do wody na tych p\u0142otkach &#8211; my\u015bla\u0142 przed pierwszym w \u017cyciu startem na dystansie 3000 m z przeszkodami Rados\u0142aw Pop\u0142awski. Kilka lat p\u00f3\u017aniej pobieg\u0142 w olimpijskim finale jako jedyny z Polak\u00f3w. Olimpijczyk z Aten (2004).<\/strong><\/p>\n<p>Urodzony 16 stycznia 1983 roku w Nowej Soli (177 cm\/65 kg). Jest zawodnikiem MKSiT Astra Nowa S\u00f3l. Jego trenerem jest Ryszard Biesiada. Jest Mistrzem Polski na 5000 m z roku 2003. Rekordzista Polski junior\u00f3w z roku 2002 na dystansie 3000m z przeszkodami &#8211; 8.33.46 oraz na 2000 m z przeszkodami w czasie 5.30.73. W 2001 wywalczy\u0142 Mistrzostwo Europy junior\u00f3w w Grosseto. W 2002 roku zaj\u0105\u0142 czwarte miejsce na Mistrzostwach \u015awiata Junior\u00f3w w Kingston. W 2003 roku by\u0142 srebrnym medalist\u0105 na M\u0142odzie\u017cowych Mistrzostwach Europy w Bydgoszczy. W tym samym roku zaj\u0105\u0142 drugie miejsce podczas Pucharu Europy we Florencji. W 2004 by\u0142 pi\u0105ty na 3000 m w&nbsp; Pucharze Europy w Bydgoszcz. Jego rekord \u017cyciowy na dystansie 3000 m z przeszkodami wynosi &#8211; 8:21.92, Pop\u0142awski ustanowi\u0142 go na zawodach w Grudzi\u0105dzu 9 czerwca 2003 roku. <\/p>\n<p>Kwalifikacj\u0119 olimpijsk\u0105 wywalczy\u0142 podczas mitingu w niemieckim Kassel. Uzyska\u0142 tam czas 8:24,69. Minimum wynosi\u0142o 8:32,00. Jako jedyny z Polak\u00f3w pobieg\u0142 w olimpijskim finale. &#8211; Przede mn\u0105 jeszcze wiele lat pracy, ale po igrzyskach mam w sobie olbrzymi\u0105 motywacj\u0119 &#8211; opowiada\u0142 Rados\u0142aw Pop\u0142awski. &#8211; Ruszam w po\u015bcig za \u015bwiatow\u0105 czo\u0142\u00f3wk\u0105. <\/p>\n<p><strong>*Ateny 2004: lekkoatletyka<\/strong> &#8211; dwunaste miejsce w finale biegu na 3000 m prz. w czasie 8.17,32 min.<\/p>\n<\/p>\n<p><!-- history --><\/p>\n<table width=\"85%\" style=\"text-align:right\" border=\"0\" cellspacing=\"0\" cellpadding=\"0\">\n<tr>\n<td align=\"right\" class=\"box3-title\"><a href=\"javascript:history.back()\">&laquo; powr\u00f3t do listy<\/a><\/td>\n<\/tr>\n<\/table>\n","protected":false},"excerpt":{"rendered":"<p>POP\u0141AWSKI RADOS\u0141AW &#8211; wpadn\u0119 po uszy do wody na tych p\u0142otkach &#8211; my\u015bla\u0142 przed pierwszym w \u017cyciu startem na dystansie 3000 m<\/p>\n","protected":false},"featured_media":0,"menu_order":60,"template":"","meta":{"_acf_changed":false,"ub_ctt_via":"","footnotes":""},"class_list":["post-14818","person","type-person","status-publish","hentry","infinite-scroll-item","no-featured-image-padding"],"acf":{"olimpic_information":[{"olimpic":[{"ID":293,"post_author":"1","post_date":"2004-06-17 13:34:45","post_date_gmt":"2004-06-17 11:34:45","post_content":"<!-- wp:heading {\"level\":1,\"className\":\"main-title\"} -->\n<h1 class=\"main-title\"><strong>Igrzyska XXVIII Olimpiady<\/strong><br>Ateny 2004<\/h1>\n<!-- \/wp:heading -->\n\n<!-- wp:paragraph -->\n<p><br><\/p>\n<!-- \/wp:paragraph -->\n\n<!-- wp:image {\"align\":\"left\",\"id\":19310,\"sizeSlug\":\"large\",\"className\":\"is-style-default\"} -->\n<div class=\"wp-block-image is-style-default\"><figure class=\"alignleft size-large\"><img src=\"https:\/\/olimpijski.pl\/wp-content\/uploads\/2004\/06\/ateny2004.png\" alt=\"\" class=\"wp-image-19310\"\/><\/figure><\/div>\n<!-- \/wp:image -->\n\n<!-- wp:list -->\n<ul><li>Igrzyska rozegrano w dniach <strong>13-29 sierpnia<\/strong>.<\/li><li>Wystartowa\u0142o <strong>10 625<\/strong> zawodnik\u00f3w (w tym <strong>4329<\/strong> kobiet) z <strong>201<\/strong> kraj\u00f3w.<\/li><li>Rozdano <strong>301<\/strong> komplet\u00f3w medali.<\/li><li>Przysi\u0119g\u0119 olimpijsk\u0105 w imieniu sportowc\u00f3w z\u0142o\u017cy\u0142a p\u0142ywaczka <strong>Zoe Dimoschaki<\/strong>, natomiast w imieniu s\u0119dzi\u00f3w i trener\u00f3w \u2013 <strong>Lazaros Voreadis<\/strong>.<\/li><li>Znicz zapali\u0142 \u017ceglarz, mistrz olimpijski z Atlanty 1996 w klasie Mistral <strong>Nikolaos Kaklamanakis<\/strong>.<\/li><li>Igrzyska otworzy\u0142 prezydent Grecji <strong>Kostis Stephanopoulos<\/strong>.<\/li><\/ul>\n<!-- \/wp:list -->\n\n<!-- wp:heading -->\n<h2><strong>Program Igrzysk \u2013 31 dyscyplin, 301 konkurencji<\/strong><\/h2>\n<!-- \/wp:heading -->\n\n<!-- wp:paragraph -->\n<p>badminton (5 konkurencji), baseball (1), boks (11), gimnastyka (18), hokej na trawie (2), je\u017adziectwo (6), judo (14), kajakarstwo (16), kolarstwo (18), koszyk\u00f3wka (2), lekkoatletyka (46), \u0142ucznictwo (4), pi\u0119ciob\u00f3j nowoczesny (2), pi\u0142ka no\u017cna (2), pi\u0142ka r\u0119czna (2), pi\u0142ka siatkowa (4), pi\u0142ka wodna (2), p\u0142ywanie (32), p\u0142ywanie synchroniczne (2), podnoszenie ci\u0119\u017car\u00f3w (15), skoki do wody (8), softball (1), strzelectwo (17), szermierka (10), taekwondo (8), tenis (4), tenis sto\u0142owy (4), triathlon (2), wio\u015blarstwo (14), zapasy (18), \u017ceglarstwo (11).<\/p>\n<!-- \/wp:paragraph -->\n\n<!-- wp:heading -->\n<h2><strong>Gwiazda Igrzysk<\/strong><\/h2>\n<!-- \/wp:heading -->\n\n<!-- wp:paragraph -->\n<p><strong>Michael Phelps<\/strong> (USA, p\u0142ywanie) \u2013 6 z\u0142otych medali, 2 br\u0105zowe<br><strong>Otylia J\u0119drzejczak<\/strong> (Polska, p\u0142ywanie) \u2013 1 z\u0142oty medal, 2 srebrne<\/p>\n<!-- \/wp:paragraph -->\n\n<!-- wp:heading -->\n<h2><strong>Polska Reprezentacja Olimpijska<\/strong><\/h2>\n<!-- \/wp:heading -->\n\n<!-- wp:paragraph -->\n<p><strong>202 osoby<\/strong> (startowa\u0142o 194 \u2013 62 kobiety i 132 m\u0119\u017cczyzn) w 21 sportach: 3 badmintonist\u00f3w, 3 bokser\u00f3w, 6 gimnastyczek artystycznych, 1 gimnastyczka sportowa (nie startowa\u0142a), 4 je\u017ad\u017ac\u00f3w, 6 judok\u00f3w (w tym 2 kobiety), 23 kajakarzy (w tym 7 kobiet), 16 kolarzy (w tym 5 kobiet), 52 lekkoatlet\u00f3w (w tym 23 kobiety; 45 startowa\u0142o + 5 rez., 2 nie), 4 \u0142ucznik\u00f3w (w tym 3 kobiety), 4 pi\u0119cioboist\u00f3w (w tym 2 kobiety), 7 p\u0142ywak\u00f3w (w tym 2 kobiet), 7 ci\u0119\u017carowc\u00f3w (w tym 2 kobiety), 12 siatkarzy, 5 strzelc\u00f3w (w tym 3 kobiety), 3 szermierzy (w tym 2 kobiety), 1 taekwondo (kobieta), 2 tenisist\u00f3w, 2 tenisist\u00f3w sto\u0142owych, 23 wio\u015blarzy (w tym 2 kobiety), 9 zapa\u015bnik\u00f3w, 9 \u017ceglarzy (w tym 2 kobiety).<\/p>\n<!-- \/wp:paragraph -->\n\n<!-- wp:paragraph -->\n<p>Chor\u0105\u017cym reprezentacji Polski by\u0142 p\u0142ywak <strong>Bartosz Kizierowski<\/strong>.<\/p>\n<!-- \/wp:paragraph -->\n\n<!-- wp:heading -->\n<h2><strong>Klasyfikacja medalowa<\/strong><\/h2>\n<!-- \/wp:heading -->\n\n<!-- wp:table {\"hasFixedLayout\":true,\"className\":\"is-style-stripes\"} -->\n<figure class=\"wp-block-table is-style-stripes\"><table class=\"has-fixed-layout\"><tbody><tr><td><\/td><td><\/td><td class=\"has-text-align-center\" data-align=\"center\">&nbsp;<\/td><td class=\"has-text-align-center\" data-align=\"center\">&nbsp;<\/td><td class=\"has-text-align-center\" data-align=\"center\">&nbsp;<\/td><td class=\"has-text-align-center\" data-align=\"center\">&nbsp;<\/td><\/tr><tr><td>&nbsp;<\/td><td>&nbsp;<\/td><td class=\"has-text-align-center\" data-align=\"center\">&nbsp;<\/td><td class=\"has-text-align-center\" data-align=\"center\"><img class=\"wp-image-27817\" style=\"width: 50px;\" src=\"https:\/\/olimpijski.pl\/wp-content\/uploads\/2016\/06\/2016_Rio_zloty_50x50.jpg\" alt=\"\"><\/td><td class=\"has-text-align-center\" data-align=\"center\"><img class=\"wp-image-27819\" style=\"width: 50px;\" src=\"https:\/\/olimpijski.pl\/wp-content\/uploads\/2016\/06\/2016_Rio_sreb_50x50.jpg\" alt=\"\"><\/td><td class=\"has-text-align-center\" data-align=\"center\"><img class=\"wp-image-27821\" style=\"width: 50px;\" src=\"https:\/\/olimpijski.pl\/wp-content\/uploads\/2016\/06\/2016_Rio_braz_50x50.jpg\" alt=\"\"><\/td><\/tr><tr><td>1.<\/td><td>USA<\/td><td class=\"has-text-align-center\" data-align=\"center\">102<\/td><td class=\"has-text-align-center\" data-align=\"center\">37<\/td><td class=\"has-text-align-center\" data-align=\"center\">38<\/td><td class=\"has-text-align-center\" data-align=\"center\">27<\/td><\/tr><tr><td>2.<\/td><td>Chiny<\/td><td class=\"has-text-align-center\" data-align=\"center\">63<\/td><td class=\"has-text-align-center\" data-align=\"center\">32<\/td><td class=\"has-text-align-center\" data-align=\"center\">17<\/td><td class=\"has-text-align-center\" data-align=\"center\">14<\/td><\/tr><tr><td>3.<\/td><td>Rosja<\/td><td class=\"has-text-align-center\" data-align=\"center\">92<\/td><td class=\"has-text-align-center\" data-align=\"center\">27<\/td><td class=\"has-text-align-center\" data-align=\"center\">27<\/td><td class=\"has-text-align-center\" data-align=\"center\">38<\/td><\/tr><tr><td>...<\/td><td>&nbsp;<\/td><td class=\"has-text-align-center\" data-align=\"center\">&nbsp;<\/td><td class=\"has-text-align-center\" data-align=\"center\">&nbsp;<\/td><td class=\"has-text-align-center\" data-align=\"center\">&nbsp;<\/td><td class=\"has-text-align-center\" data-align=\"center\">&nbsp;<\/td><\/tr><tr><td><strong>23.<\/strong><\/td><td><strong>Polska<\/strong><\/td><td class=\"has-text-align-center\" data-align=\"center\"><strong>10<\/strong><\/td><td class=\"has-text-align-center\" data-align=\"center\"><strong>3<\/strong><\/td><td class=\"has-text-align-center\" data-align=\"center\"><strong>2<\/strong><\/td><td class=\"has-text-align-center\" data-align=\"center\"><strong>5<\/strong><\/td><\/tr><\/tbody><\/table><\/figure>\n<!-- \/wp:table -->\n\n<!-- wp:heading -->\n<h2><strong>Medale dla Polski (10)<\/strong><\/h2>\n<!-- \/wp:heading -->\n\n<!-- wp:ub\/content-toggle-block {\"blockID\":\"120ac614-72ab-4f12-9dc0-2ec9c4c90969\",\"theme\":\"#f1f1f1\",\"collapsed\":true,\"titleColor\":\"#000000\"} -->\n<!-- wp:ub\/content-toggle-panel-block {\"parentID\":\"120ac614-72ab-4f12-9dc0-2ec9c4c90969\",\"theme\":\"#f1f1f1\",\"collapsed\":true,\"titleColor\":\"#000000\",\"panelTitle\":\"Z\u0142ote\"} -->\n<!-- wp:paragraph -->\n<p><\/p>\n<!-- \/wp:paragraph -->\n\n<!-- wp:media-text {\"align\":\"\",\"mediaId\":30158,\"mediaLink\":\"https:\/\/olimpijski.pl\/igrzyska_letnie\/ateny-2004\/2004_ateny_zloty_200\/#main\",\"mediaType\":\"image\",\"mediaWidth\":20} -->\n<div class=\"wp-block-media-text is-stacked-on-mobile\" style=\"grid-template-columns:20% auto\"><figure class=\"wp-block-media-text__media\"><img src=\"https:\/\/olimpijski.pl\/wp-content\/uploads\/2004\/06\/2004_Ateny_zloty_200.jpg\" alt=\"\" class=\"wp-image-30158\"\/><\/figure><div class=\"wp-block-media-text__content\"><!-- wp:paragraph -->\n<p><strong>Otylia J\u0119drzejczak<\/strong><br>(p\u0142ywanie, 200 m stylem motylkowym)<\/p>\n<!-- \/wp:paragraph -->\n\n<!-- wp:paragraph -->\n<p><strong>Robert Korzeniowski<\/strong><br>(lekkoatletyka, ch\u00f3d na 50 km)<\/p>\n<!-- \/wp:paragraph -->\n\n<!-- wp:paragraph -->\n<p><strong>Tomasz Kucharski, Robert Sycz<\/strong><br>(wio\u015blarstwo, dw\u00f3jka podw\u00f3jna wagi lekkiej)<\/p>\n<!-- \/wp:paragraph --><\/div><\/div>\n<!-- \/wp:media-text -->\n<!-- \/wp:ub\/content-toggle-panel-block -->\n<!-- \/wp:ub\/content-toggle-block -->\n\n<!-- wp:ub\/content-toggle-block {\"blockID\":\"55a13279-a60a-41b7-80e6-8fbd16225fbc\",\"theme\":\"#f1f1f1\",\"collapsed\":true,\"titleColor\":\"#000000\"} -->\n<!-- wp:ub\/content-toggle-panel-block {\"parentID\":\"55a13279-a60a-41b7-80e6-8fbd16225fbc\",\"theme\":\"#f1f1f1\",\"collapsed\":true,\"titleColor\":\"#000000\",\"panelTitle\":\"Srebrne\"} -->\n<!-- wp:paragraph -->\n<p><\/p>\n<!-- \/wp:paragraph -->\n\n<!-- wp:media-text {\"align\":\"\",\"mediaId\":30160,\"mediaLink\":\"https:\/\/olimpijski.pl\/igrzyska_letnie\/ateny-2004\/2004_ateny_sreb_200\/#main\",\"mediaType\":\"image\",\"mediaWidth\":20} -->\n<div class=\"wp-block-media-text is-stacked-on-mobile\" style=\"grid-template-columns:20% auto\"><figure class=\"wp-block-media-text__media\"><img src=\"https:\/\/olimpijski.pl\/wp-content\/uploads\/2004\/06\/2004_Ateny_sreb_200.jpg\" alt=\"\" class=\"wp-image-30160\"\/><\/figure><div class=\"wp-block-media-text__content\"><!-- wp:paragraph -->\n<p><strong>Otylia J\u0119drzejczak<\/strong><br>(p\u0142ywanie, 100 m stylem motylkowym)<\/p>\n<!-- \/wp:paragraph -->\n\n<!-- wp:paragraph -->\n<p><strong>Otylia J\u0119drzejczak<\/strong><br>(p\u0142ywanie, 400 m stylem dowolnym)<br><\/p>\n<!-- \/wp:paragraph --><\/div><\/div>\n<!-- \/wp:media-text -->\n<!-- \/wp:ub\/content-toggle-panel-block -->\n<!-- \/wp:ub\/content-toggle-block -->\n\n<!-- wp:ub\/content-toggle-block {\"blockID\":\"2797118c-7890-4757-a47f-6bd9d2c91ce3\",\"theme\":\"#f1f1f1\",\"collapsed\":true,\"titleColor\":\"#000000\"} -->\n<!-- wp:ub\/content-toggle-panel-block {\"parentID\":\"2797118c-7890-4757-a47f-6bd9d2c91ce3\",\"theme\":\"#f1f1f1\",\"collapsed\":true,\"titleColor\":\"#000000\",\"panelTitle\":\"Br\u0105zowe\"} -->\n<!-- wp:paragraph -->\n<p><\/p>\n<!-- \/wp:paragraph -->\n\n<!-- wp:media-text {\"align\":\"\",\"mediaId\":30162,\"mediaLink\":\"https:\/\/olimpijski.pl\/igrzyska_letnie\/ateny-2004\/2004_ateny_braz_200\/#main\",\"mediaType\":\"image\",\"mediaWidth\":20} -->\n<div class=\"wp-block-media-text is-stacked-on-mobile\" style=\"grid-template-columns:20% auto\"><figure class=\"wp-block-media-text__media\"><img src=\"https:\/\/olimpijski.pl\/wp-content\/uploads\/2004\/06\/2004_Ateny_braz_200.jpg\" alt=\"\" class=\"wp-image-30162\"\/><\/figure><div class=\"wp-block-media-text__content\"><!-- wp:paragraph -->\n<p><strong>Beata Soko\u0142owska-Kulesza, Aneta Pastuszka<\/strong><br>(kajakarstwo, K2 na 500 m)<\/p>\n<!-- \/wp:paragraph -->\n\n<!-- wp:paragraph -->\n<p><strong>Sylwia Grucha\u0142a<\/strong><br>(szermierka, floret)<\/p>\n<!-- \/wp:paragraph -->\n\n<!-- wp:paragraph -->\n<p><strong>Agata Wr\u00f3bel<\/strong><br>(podnoszenie ci\u0119\u017car\u00f3w, waga powy\u017cej 75 kg)<\/p>\n<!-- \/wp:paragraph -->\n\n<!-- wp:paragraph -->\n<p><strong>Anna Rogowska<\/strong><br>(lekkoatletyka, skok o tyczce)<\/p>\n<!-- \/wp:paragraph -->\n\n<!-- wp:paragraph -->\n<p><strong>Mateusz Kusznierewicz<\/strong><br>(\u017ceglarstwo, klasa Finn)<\/p>\n<!-- \/wp:paragraph --><\/div><\/div>\n<!-- \/wp:media-text -->\n\n<!-- wp:paragraph -->\n<p><\/p>\n<!-- \/wp:paragraph -->\n<!-- \/wp:ub\/content-toggle-panel-block -->\n<!-- \/wp:ub\/content-toggle-block -->\n\n<!-- wp:quote {\"className\":\"is-style-default\"} -->\n<blockquote class=\"wp-block-quote is-style-default\"><p>Bohaterk\u0105 naszej reprezentacji by\u0142a Otylia J\u0119drzejczak, kt\u00f3ra zdoby\u0142a jeden z\u0142oty i dwa srebrne medale. Sw\u00f3j czwarty z\u0142oty medal zdoby\u0142 Robert Korzeniowski i sta\u0142 si\u0119 najbardziej utytu\u0142owanym polskim olimpijczykiem \u2013 4 z\u0142ote medale.<br><br>W rywalizacji po raz pierwszy wyst\u0105pili sportowcy z Kiribati i Timoru Wschodniego.<\/p><\/blockquote>\n<!-- \/wp:quote -->","post_title":"Ateny 2004","post_excerpt":"","post_status":"publish","comment_status":"closed","ping_status":"closed","post_password":"","post_name":"ateny-2004","to_ping":"","pinged":"","post_modified":"2020-10-06 15:08:00","post_modified_gmt":"2020-10-06 13:08:00","post_content_filtered":"","post_parent":0,"guid":"https:\/\/wai-q98d7hpf9hy9k.wpallimport-demo.qsandbox.me\/olympics_summer\/ateny-2004\/","menu_order":0,"post_type":"olympics_summer","post_mime_type":"","comment_count":"0","filter":"raw"}],"competitions_rewards":[{"competition":[{"ID":5819,"post_author":"1","post_date":"2020-06-19 11:32:23","post_date_gmt":"2020-06-19 11:32:23","post_content":"","post_title":"Lekkoatletyka","post_excerpt":"","post_status":"publish","comment_status":"open","ping_status":"open","post_password":"","post_name":"lekkoatletyka","to_ping":"","pinged":"","post_modified":"2020-06-29 13:17:08","post_modified_gmt":"2020-06-29 11:17:08","post_content_filtered":"","post_parent":0,"guid":"https:\/\/wai-q7byvryhhcz9k.wpallimport-demo.qsandbox.me\/competition\/lekkoatletyka\/","menu_order":0,"post_type":"competition","post_mime_type":"","comment_count":"0","filter":"raw"}],"reward":""},{"competition":null,"reward":""}]}],"picture":false,"firstname":"Rados\u0142aw","lastname":"Pop\u0142awski","birthdate_date":"16\/01\/1983","birthdate":"16 stycznia 1983","deathdate_date":"","deathdate":"","placeofbirth":"","club":"","coach":"","metrics":"","seolink":"poplawski-radoslaw","tmp_old_id":"14060","tmp_old_fid":"294","tmp_old_parent_id":"15544","createdate":"06\/11\/2013","tmp_old_title":"Pop\u0142awski Rados\u0142aw","tmp_old_lead":"","tmp_old_body":"<p class=\"title-m-02\">POP\u0141AWSKI RADOS\u0141AW<\/p>\n\n<p><strong>- wpadn\u0119 po uszy do wody na tych p\u0142otkach - my\u015bla\u0142 przed pierwszym w \u017cyciu startem na dystansie 3000 m z przeszkodami Rados\u0142aw Pop\u0142awski. Kilka lat p\u00f3\u017aniej pobieg\u0142 w olimpijskim finale jako jedyny z Polak\u00f3w. Olimpijczyk z Aten (2004).<\/strong>\n<p>Urodzony 16 stycznia 1983 roku w Nowej Soli (177 cm\/65 kg). Jest zawodnikiem MKSiT Astra Nowa S\u00f3l. Jego trenerem jest Ryszard Biesiada. Jest Mistrzem Polski na 5000 m z roku 2003. Rekordzista Polski junior\u00f3w z roku 2002 na dystansie 3000m z przeszkodami - 8.33.46 oraz na 2000 m z przeszkodami w czasie 5.30.73. W 2001 wywalczy\u0142 Mistrzostwo Europy junior\u00f3w w Grosseto. W 2002 roku zaj\u0105\u0142 czwarte miejsce na Mistrzostwach \u015awiata Junior\u00f3w w Kingston. W 2003 roku by\u0142 srebrnym medalist\u0105 na M\u0142odzie\u017cowych Mistrzostwach Europy w Bydgoszczy. W tym samym roku zaj\u0105\u0142 drugie miejsce podczas Pucharu Europy we Florencji. W 2004 by\u0142 pi\u0105ty na 3000 m w&nbsp; Pucharze Europy w Bydgoszcz. Jego rekord \u017cyciowy na dystansie 3000 m z przeszkodami wynosi - 8:21.92, Pop\u0142awski ustanowi\u0142 go na zawodach w Grudzi\u0105dzu 9 czerwca 2003 roku. <\/p>\n<p>Kwalifikacj\u0119 olimpijsk\u0105 wywalczy\u0142 podczas mitingu w niemieckim Kassel. Uzyska\u0142 tam czas 8:24,69. Minimum wynosi\u0142o 8:32,00. Jako jedyny z Polak\u00f3w pobieg\u0142 w olimpijskim finale. - Przede mn\u0105 jeszcze wiele lat pracy, ale po igrzyskach mam w sobie olbrzymi\u0105 motywacj\u0119 - opowiada\u0142 Rados\u0142aw Pop\u0142awski. - Ruszam w po\u015bcig za \u015bwiatow\u0105 czo\u0142\u00f3wk\u0105. <\/p>\n<p><strong>*Ateny 2004: lekkoatletyka<\/strong> - dwunaste miejsce w finale biegu na 3000 m prz. w czasie 8.17,32 min.<\/p><\/p>\n\n<!-- history -->\n<table width=\"85%\" style=\"text-align:right\" border=\"0\" cellspacing=\"0\" cellpadding=\"0\">\n  <tr>\n    <td align=\"right\" class=\"box3-title\"><a href=\"javascript:history.back()\">&laquo; powr\u00f3t do listy<\/a><\/td>\n  <\/tr>\n<\/table>","tmp_old_body_img":false,"tmp_old_lead_img":false,"picture_medalists":false,"important":""},"_links":{"self":[{"href":"https:\/\/olimpijski.pl\/en\/wp-json\/wp\/v2\/person\/14818"}],"collection":[{"href":"https:\/\/olimpijski.pl\/en\/wp-json\/wp\/v2\/person"}],"about":[{"href":"https:\/\/olimpijski.pl\/en\/wp-json\/wp\/v2\/types\/person"}],"version-history":[{"count":0,"href":"https:\/\/olimpijski.pl\/en\/wp-json\/wp\/v2\/person\/14818\/revisions"}],"wp:attachment":[{"href":"https:\/\/olimpijski.pl\/en\/wp-json\/wp\/v2\/media?parent=14818"}],"curies":[{"name":"wp","href":"https:\/\/api.w.org\/{rel}","templated":true}]}}