{"id":14842,"date":"2020-06-24T16:50:26","date_gmt":"2020-06-24T14:50:26","guid":{"rendered":"http:\/\/pkol.local\/person\/przywarski-bohdan-wladyslaw\/"},"modified":"2021-04-12T12:43:18","modified_gmt":"2021-04-12T10:43:18","slug":"przywarski-bohdan-wladyslaw","status":"publish","type":"person","link":"https:\/\/olimpijski.pl\/en\/olimpijczycy\/przywarski-bohdan-wladyslaw\/","title":{"rendered":"Bohdan Przywarski (1932-2013)"},"content":{"rendered":"\n<p><strong><br><br><br>nauczyciel wf, trener, koszykarz \u0142\u00f3dzkiej Sp\u00f3jni i warszawskiego AZS, dwukrotny mistrz Polski, olimpijczyk z Rzymu (1960).<\/strong><\/p>\n\n\n\n<p>Urodzony 12 kwietnia 1932 w Masiulowszczy\u017anie, pow. Bras\u0142aw, woj. wile\u0144skie, syn Mariana Boles\u0142awa i Apolonii Janczewskiej, absolwent Pa\u0144stwowej Szko\u0142y Techniczno Przemys\u0142owej w \u0141odzi (1953) i warszawskiej AWF (1959), gdzie otrzyma\u0142 tytu\u0142 magistra wf i uprawnienia trenera II kl., koszykarz (183 cm, 82 kg) \u0142\u00f3dzkiej Sp\u00f3jni (1950-1953) i AZS Warszawa (1953-1962), wychowanek trener\u00f3w: Jerzego Dowgirda i Zygmunta Olesiewicza. Rozgrywaj\u0105cy, dobry w obronie, posiada\u0142 skuteczny rzut z r\u00f3\u017cnych pozycji. Dwukrotny mistrz Polski w sk\u0142adzie \u0142\u00f3dzkiej Sp\u00f3jni (1950, 1952), wieloletnia &#8220;podpora&#8221; warszawskich akademik\u00f3w, reprezentant Polski (1953-1961, 52 mecze, 150 pkt.), olimpijczyk (1960). Po zako\u0144czeniu kariery sportowiec &#8211; wybitny szkoleniowiec (trener klasy mistrzowskiej), m.in. trener kadry narodowej Maroka (1974-1978) i wyk\u0142adowca koszyk\u00f3wki w Wy\u017cszej Szkole Wychowania Fizycznego w Casablance (1980-1988). Zas\u0142u\u017cony Mistrz Sportu i Zas\u0142u\u017cony Dzia\u0142acz Kultury Fizycznej odznaczony m.in. Krzy\u017cem Kawalerskim OOP.<\/p>\n\n\n\n<p>Zmar\u0142 21 pa\u017adziernika 2013 roku.<\/p>\n\n\n\n<p><strong>*1960 Rzym: cz\u0142onek dru\u017cyny&nbsp;koszyk\u00f3wki,<\/strong> kt\u00f3ra w grupie&nbsp;elim.&nbsp;pokona\u0142a&nbsp;Hiszpani\u0119 75:63 i Filipiny&nbsp; 86:68 oraz&nbsp;przegra\u0142a z&nbsp;Urugwajem 72:76,&nbsp;zajmuj\u0105c&nbsp;2 m.; w grupie p\u00f3\u0142fin. przegra\u0142a&nbsp;z CSRS&nbsp;75:88, Brazyli\u0105 68:77 i W\u0142ochami 68:74,&nbsp;zajmuj\u0105c&nbsp;4 m.; w pojedynku&nbsp;o m. 5-8&nbsp;Polacy&nbsp;pokonali&nbsp;Urugwaj 64:62&nbsp;i&nbsp;przegrali&nbsp;z Jugos\u0142awi\u0105&nbsp;87:95, zajmuj\u0105c 7 m. w&nbsp;turnieju. Sk\u0142ad dru\u017cyny zob. &#8211; Dregier&nbsp;Zbigniew.<\/p>\n\n\n\n<p><em>Bibl.: G\u0142uszek, Leksykon 1999, s. 305; Pawlak, Olimpijczycy, s. 210; Bogusz, \u0141\u00f3dzcy olimpijczycy, s. 184; Porada, Igrzyska, s.&nbsp;851; AAWF Warszawa, sygn. D-549\/Z;&nbsp;Wywiad \u015brodowiskowy.<\/em><\/p>\n","protected":false},"excerpt":{"rendered":"<p>nauczyciel wf, trener, koszykarz \u0142\u00f3dzkiej Sp\u00f3jni i warszawskiego AZS, dwukrotny mistrz Polski, olimpijczyk z Rzymu (1960). &#8230; <a class=\"read-more\" href=\"https:\/\/olimpijski.pl\/en\/olimpijczycy\/przywarski-bohdan-wladyslaw\/\">Czytaj dalej<\/a><\/p>\n","protected":false},"featured_media":41360,"menu_order":60,"template":"","meta":{"_acf_changed":false,"ub_ctt_via":"","footnotes":""},"class_list":["post-14842","person","type-person","status-publish","has-post-thumbnail","hentry","infinite-scroll-item","no-featured-image-padding","resize-featured-image"],"acf":{"olimpic_information":[{"olimpic":[{"ID":304,"post_author":"1","post_date":"1960-06-17 13:34:45","post_date_gmt":"1960-06-17 11:34:45","post_content":"<!-- wp:heading {\"level\":1,\"className\":\"main-title\"} -->\n<h1 class=\"wp-block-heading main-title\"><strong>Igrzyska XVII Olimpiady<\/strong><br>Rzym 1960<\/h1>\n<!-- \/wp:heading -->\n\n<!-- wp:paragraph -->\n<p><br><\/p>\n<!-- \/wp:paragraph -->\n\n<!-- wp:image {\"id\":19348,\"sizeSlug\":\"large\",\"align\":\"left\",\"className\":\"is-style-default\"} -->\n<figure class=\"wp-block-image alignleft size-large is-style-default\"><img src=\"https:\/\/olimpijski.pl\/wp-content\/uploads\/1960\/06\/rzym1960.png\" alt=\"\" class=\"wp-image-19348\"\/><\/figure>\n<!-- \/wp:image -->\n\n<!-- wp:list -->\n<ul><!-- wp:list-item -->\n<li>Igrzyska rozegrano w dniach <strong>25 sierpnia \u2013 11 wrze\u015bnia<\/strong>.<\/li>\n<!-- \/wp:list-item -->\n\n<!-- wp:list-item -->\n<li>Wystartowa\u0142o <strong>5338<\/strong> zawodnik\u00f3w (w tym <strong>611<\/strong> kobiet) z <strong>83<\/strong> kraj\u00f3w.<\/li>\n<!-- \/wp:list-item -->\n\n<!-- wp:list-item -->\n<li>Rozdano <strong>150<\/strong> komplet\u00f3w medali.<\/li>\n<!-- \/wp:list-item -->\n\n<!-- wp:list-item -->\n<li>Przysi\u0119g\u0119 w imieniu sportowc\u00f3w z\u0142o\u017cy\u0142 lekkoatleta <strong>Adolfo Consolini<\/strong>.<\/li>\n<!-- \/wp:list-item -->\n\n<!-- wp:list-item -->\n<li>Znicz zapali\u0142 posiadaj\u0105cy greckie korzenie <strong>Giancarlo Peris<\/strong> \u2013 W\u0142oski Komitet Olimpijski zdecydowa\u0142, \u017ce powinien go zapali\u0107 junior, zwyci\u0119zca biegu prze\u0142ajowego w tej kategorii wiekowej.<\/li>\n<!-- \/wp:list-item -->\n\n<!-- wp:list-item -->\n<li>Igrzyska otworzy\u0142 <strong>prezydent W\u0142och Giovanni Gronchi<\/strong>.<\/li>\n<!-- \/wp:list-item --><\/ul>\n<!-- \/wp:list -->\n\n<!-- wp:heading -->\n<h2 class=\"wp-block-heading\"><strong>Program Igrzysk \u2013 19 dyscyplin, 150 konkurencji<\/strong><\/h2>\n<!-- \/wp:heading -->\n\n<!-- wp:paragraph -->\n<p>boks (10 konkurencji), gimnastyka (14), hokej na trawie (1), je\u017adziectwo (5), kajakarstwo (7), kolarstwo (6), koszyk\u00f3wka (1), lekkoatletyka (34), pi\u0119ciob\u00f3j nowoczesny (2), pi\u0142ka no\u017cna (1), pi\u0142ka wodna (1), p\u0142ywanie (15), podnoszenie ci\u0119\u017car\u00f3w (7), skoki do wody (4), strzelectwo (6), szermierka (8), wio\u015blarstwo (7), zapasy (16), \u017ceglarstwo (5).<\/p>\n<!-- \/wp:paragraph -->\n\n<!-- wp:heading -->\n<h2 class=\"wp-block-heading\"><strong>Gwiazdy Igrzysk<\/strong><\/h2>\n<!-- \/wp:heading -->\n\n<!-- wp:paragraph -->\n<p><strong>Borys Szachlin<\/strong> (ZSRR, gimnastyka) \u2013 4 z\u0142ote medale, 2 srebrne i 1 br\u0105zowy<br><strong>Larysa \u0141atynina<\/strong>&nbsp;(ZSRR, gimnastyka) \u2013&nbsp;3 z\u0142ote, 2 srebrne, 1 br\u0105zowy<\/p>\n<!-- \/wp:paragraph -->\n\n<!-- wp:heading -->\n<h2 class=\"wp-block-heading\"><strong>Polska Reprezentacja Olimpijska<\/strong><\/h2>\n<!-- \/wp:heading -->\n\n<!-- wp:paragraph -->\n<p><strong>202 osoby<\/strong> (startowa\u0142o 185 \u2013 29 kobiet i 156 m\u0119\u017cczyzn) w 16 sportach: 10 bokser\u00f3w, 14 gimnastyk\u00f3w (w tym 7 kobiet; 12 startowa\u0142o + 2 rez.), 16 hokeist\u00f3w na trawie (13 startowa\u0142o + 3 rez.), 6 je\u017ad\u017ac\u00f3w (4 startowa\u0142o + 2 rez.), 8 kajakarzy (w tym 2 kobiety; 6 startowa\u0142o + 1 rez., 1 nie), 5 kolarzy, 12 koszykarzy, 51 lekkoatlet\u00f3w (w tym 16 kobiet; 49 startowa\u0142o + 2 rez.), 18 pi\u0142karzy (13 startowa\u0142o + 5 rez.), 3 pi\u0119cioboist\u00f3w, 7 p\u0142ywak\u00f3w (6 startowa\u0142o + 1 rez.), 7 ci\u0119\u017carowc\u00f3w, 7 strzelc\u00f3w, 21 szermierzy (w tym 5 kobiet), 5 wio\u015blarzy, 12 zapa\u015bnik\u00f3w.<\/p>\n<!-- \/wp:paragraph -->\n\n<!-- wp:paragraph -->\n<p>Chor\u0105\u017cym by\u0142 wio\u015blarz <strong>Teodor Kocerka<\/strong>.<\/p>\n<!-- \/wp:paragraph -->\n\n<!-- wp:heading -->\n<h2 class=\"wp-block-heading\"><strong>Klasyfikacja medalowa<\/strong><\/h2>\n<!-- \/wp:heading -->\n\n<!-- wp:table {\"hasFixedLayout\":true,\"className\":\"is-style-stripes\"} -->\n<figure class=\"wp-block-table is-style-stripes\"><table class=\"has-fixed-layout\"><tbody><tr><td><\/td><td><\/td><td class=\"has-text-align-center\" data-align=\"center\">&nbsp;<\/td><td class=\"has-text-align-center\" data-align=\"center\">&nbsp;<\/td><td class=\"has-text-align-center\" data-align=\"center\">&nbsp;<\/td><td class=\"has-text-align-center\" data-align=\"center\">&nbsp;<\/td><\/tr><tr><td>&nbsp;<\/td><td>&nbsp;<\/td><td class=\"has-text-align-center\" data-align=\"center\">&nbsp;<\/td><td class=\"has-text-align-center\" data-align=\"center\"><img class=\"wp-image-27817\" style=\"width: 50px;\" src=\"https:\/\/olimpijski.pl\/wp-content\/uploads\/2016\/06\/2016_Rio_zloty_50x50.jpg\" alt=\"\"><\/td><td class=\"has-text-align-center\" data-align=\"center\"><img class=\"wp-image-27819\" style=\"width: 50px;\" src=\"https:\/\/olimpijski.pl\/wp-content\/uploads\/2016\/06\/2016_Rio_sreb_50x50.jpg\" alt=\"\"><\/td><td class=\"has-text-align-center\" data-align=\"center\"><img class=\"wp-image-27821\" style=\"width: 50px;\" src=\"https:\/\/olimpijski.pl\/wp-content\/uploads\/2016\/06\/2016_Rio_braz_50x50.jpg\" alt=\"\"><\/td><\/tr><tr><td>1.<\/td><td>ZSRR<\/td><td class=\"has-text-align-center\" data-align=\"center\">103<\/td><td class=\"has-text-align-center\" data-align=\"center\">43<\/td><td class=\"has-text-align-center\" data-align=\"center\">29<\/td><td class=\"has-text-align-center\" data-align=\"center\">31<\/td><\/tr><tr><td>2.<\/td><td>USA<\/td><td class=\"has-text-align-center\" data-align=\"center\">71<\/td><td class=\"has-text-align-center\" data-align=\"center\">34<\/td><td class=\"has-text-align-center\" data-align=\"center\">21<\/td><td class=\"has-text-align-center\" data-align=\"center\">16<\/td><\/tr><tr><td>3.<\/td><td>W\u0142ochy<\/td><td class=\"has-text-align-center\" data-align=\"center\">36<\/td><td class=\"has-text-align-center\" data-align=\"center\">13<\/td><td class=\"has-text-align-center\" data-align=\"center\">10<\/td><td class=\"has-text-align-center\" data-align=\"center\">13<\/td><\/tr><tr><td>...<\/td><td>&nbsp;<\/td><td class=\"has-text-align-center\" data-align=\"center\">&nbsp;<\/td><td class=\"has-text-align-center\" data-align=\"center\">&nbsp;<\/td><td class=\"has-text-align-center\" data-align=\"center\">&nbsp;<\/td><td class=\"has-text-align-center\" data-align=\"center\">&nbsp;<\/td><\/tr><tr><td><strong>9.<\/strong><\/td><td><strong>Polska<\/strong><\/td><td class=\"has-text-align-center\" data-align=\"center\"><strong>21<\/strong><\/td><td class=\"has-text-align-center\" data-align=\"center\"><strong>4<\/strong><\/td><td class=\"has-text-align-center\" data-align=\"center\"><strong>6<\/strong><\/td><td class=\"has-text-align-center\" data-align=\"center\"><strong>11<\/strong><\/td><\/tr><\/tbody><\/table><\/figure>\n<!-- \/wp:table -->\n\n<!-- wp:heading -->\n<h2 class=\"wp-block-heading\"><strong>Medale dla Polski (21)<\/strong><\/h2>\n<!-- \/wp:heading -->\n\n<!-- wp:ub\/content-toggle-block {\"blockID\":\"d703506d-3cab-4ae7-bba6-c1f63e5faef8\",\"theme\":\"#f1f1f1\",\"collapsed\":true,\"titleColor\":\"#000000\"} -->\n<!-- wp:ub\/content-toggle-panel-block {\"parentID\":\"6d2bdf16-bc4c-43c4-a83f-43ee612c986d\",\"theme\":\"#f1f1f1\",\"collapsed\":true,\"titleColor\":\"#000000\",\"panelTitle\":\"Z\u0142ote\",\"blockID\":\"6f75d013-b6c3-4bb5-a060-deb5e307cb50\"} -->\n<!-- wp:paragraph -->\n<p><\/p>\n<!-- \/wp:paragraph -->\n\n<!-- wp:media-text {\"align\":\"wide\",\"mediaId\":30248,\"mediaType\":\"image\",\"mediaWidth\":20,\"isStackedOnMobile\":false,\"className\":\"is-stacked-on-mobile\"} -->\n<div class=\"wp-block-media-text alignwide is-stacked-on-mobile\" style=\"grid-template-columns:20% auto\"><figure class=\"wp-block-media-text__media\"><img src=\"https:\/\/olimpijski.pl\/wp-content\/uploads\/1960\/06\/1960_Rzym_zloty_200.jpg\" alt=\"\" class=\"wp-image-30248 size-full\"\/><\/figure><div class=\"wp-block-media-text__content\"><!-- wp:paragraph -->\n<p><strong>Zdzis\u0142aw Krzyszkowiak<\/strong><br>(lekkoatletyka, 3000m z przeszkodami)<\/p>\n<!-- \/wp:paragraph -->\n\n<!-- wp:paragraph -->\n<p><strong>J\u00f3zef Schmidt<\/strong><br>(lekkoatletyka, tr\u00f3jskok)<\/p>\n<!-- \/wp:paragraph -->\n\n<!-- wp:paragraph -->\n<p><strong>Ireneusz Pali\u0144ski<\/strong><br>(podnoszenie ci\u0119\u017car\u00f3w, 82,5 kg)<\/p>\n<!-- \/wp:paragraph -->\n\n<!-- wp:paragraph -->\n<p><strong>Kazimierz Pa\u017adzior<\/strong><br>(boks, waga lekka)<\/p>\n<!-- \/wp:paragraph --><\/div><\/div>\n<!-- \/wp:media-text -->\n<!-- \/wp:ub\/content-toggle-panel-block -->\n<!-- \/wp:ub\/content-toggle-block -->\n\n<!-- wp:ub\/content-toggle-block {\"blockID\":\"347fabe1-7fc8-4573-b872-e1e306314837\",\"theme\":\"#f1f1f1\",\"collapsed\":true,\"titleColor\":\"#000000\"} -->\n<!-- wp:ub\/content-toggle-panel-block {\"parentID\":\"b662193c-5a84-47eb-a9a5-76f446d5e30c\",\"theme\":\"#f1f1f1\",\"collapsed\":true,\"titleColor\":\"#000000\",\"panelTitle\":\"Srebrne\",\"blockID\":\"ed747d28-9a08-410b-b694-c97c0e315451\"} -->\n<!-- wp:paragraph -->\n<p><\/p>\n<!-- \/wp:paragraph -->\n\n<!-- wp:media-text {\"align\":\"wide\",\"mediaId\":30250,\"mediaType\":\"image\",\"mediaWidth\":20,\"isStackedOnMobile\":false,\"className\":\"is-stacked-on-mobile\"} -->\n<div class=\"wp-block-media-text alignwide is-stacked-on-mobile\" style=\"grid-template-columns:20% auto\"><figure class=\"wp-block-media-text__media\"><img src=\"https:\/\/olimpijski.pl\/wp-content\/uploads\/1960\/06\/1960_Rzym_sreb_200.jpg\" alt=\"\" class=\"wp-image-30250 size-full\"\/><\/figure><div class=\"wp-block-media-text__content\"><!-- wp:paragraph -->\n<p><strong>El\u017cbieta Krzesi\u0144ska<\/strong><br>(lekkoatletyka, skok w dal)<\/p>\n<!-- \/wp:paragraph -->\n\n<!-- wp:paragraph -->\n<p><strong>Jaros\u0142awa J\u00f3\u017awiakowska<\/strong><br>(lekkoatletyka, skok wzwy\u017c)<\/p>\n<!-- \/wp:paragraph -->\n\n<!-- wp:paragraph -->\n<p><strong>Jerzy Adamski<\/strong><br>(boks, waga pi\u00f3rkowa)<\/p>\n<!-- \/wp:paragraph -->\n\n<!-- wp:paragraph -->\n<p><strong>Tadeusz Walasek<\/strong><br>(boks, waga \u015brednia)<\/p>\n<!-- \/wp:paragraph -->\n\n<!-- wp:paragraph -->\n<p><strong>Zbigniew Pietrzykowski<\/strong><br>(boks, waga p\u00f3\u0142ci\u0119\u017cka)<\/p>\n<!-- \/wp:paragraph -->\n\n<!-- wp:paragraph -->\n<p><strong>Marian Kuszewski, Emil Ochyra, Jerzy Paw\u0142owski, Andrzej Pi\u0105tkowski, Wojciech Zab\u0142ocki, Ryszard Zub<\/strong><br>(szermierka, szabla dru\u017cynowo)<\/p>\n<!-- \/wp:paragraph --><\/div><\/div>\n<!-- \/wp:media-text -->\n<!-- \/wp:ub\/content-toggle-panel-block -->\n<!-- \/wp:ub\/content-toggle-block -->\n\n<!-- wp:ub\/content-toggle-block {\"blockID\":\"6c7378ab-a429-4ed7-a173-fb3e3494a047\",\"theme\":\"#f1f1f1\",\"collapsed\":true,\"titleColor\":\"#000000\"} -->\n<!-- wp:ub\/content-toggle-panel-block {\"parentID\":\"40cc4003-9e39-4c8d-965f-0ad01819e5ca\",\"theme\":\"#f1f1f1\",\"collapsed\":true,\"titleColor\":\"#000000\",\"panelTitle\":\"Br\u0105zowe\",\"blockID\":\"71fa9c40-d1a4-4c62-babe-89db9bcfdc96\"} -->\n<!-- wp:paragraph -->\n<p><\/p>\n<!-- \/wp:paragraph -->\n\n<!-- wp:media-text {\"align\":\"wide\",\"mediaId\":30252,\"mediaType\":\"image\",\"mediaWidth\":20,\"isStackedOnMobile\":false,\"className\":\"is-stacked-on-mobile\"} -->\n<div class=\"wp-block-media-text alignwide is-stacked-on-mobile\" style=\"grid-template-columns:20% auto\"><figure class=\"wp-block-media-text__media\"><img src=\"https:\/\/olimpijski.pl\/wp-content\/uploads\/1960\/06\/1960_Rzym_braz_200.jpg\" alt=\"\" class=\"wp-image-30252 size-full\"\/><\/figure><div class=\"wp-block-media-text__content\"><!-- wp:paragraph -->\n<p><strong>Brunon Bendig<\/strong><br>(boks - waga kogucia)<\/p>\n<!-- \/wp:paragraph -->\n\n<!-- wp:paragraph -->\n<p><strong>Leszek Drogosz<\/strong><br>(boks, waga lekkop\u00f3\u0142\u015brednia)<\/p>\n<!-- \/wp:paragraph -->\n\n<!-- wp:paragraph -->\n<p><strong>Marian Kasprzyk<\/strong><br>(boks, waga p\u00f3\u0142\u015brednia)<\/p>\n<!-- \/wp:paragraph -->\n\n<!-- wp:paragraph -->\n<p><strong>Danuta Walkowiak<\/strong><br>(kajakarstwo, K1 na 500 m)<\/p>\n<!-- \/wp:paragraph -->\n\n<!-- wp:paragraph -->\n<p><strong>Stefan Kap\u0142aniak, W\u0142adys\u0142aw Zieli\u0144ski<\/strong><br>(kajakarstwo, K2 na 1000 m)<\/p>\n<!-- \/wp:paragraph -->\n\n<!-- wp:paragraph -->\n<p><strong>Tadeusz Rut<\/strong><br>(lekkoatletyka, rzut m\u0142otem)<\/p>\n<!-- \/wp:paragraph -->\n\n<!-- wp:paragraph -->\n<p><strong>Kazimierz Zimny<\/strong><br>(lekkoatletyka, bieg na 5000 m)<\/p>\n<!-- \/wp:paragraph -->\n\n<!-- wp:paragraph -->\n<p><strong>Teresa Ciep\u0142y, Halina G\u00f3recka, Barbara Janiszewska, Celina Jesionowska<\/strong><br>(lekkoatletyka, sztafeta 4x100 m)<\/p>\n<!-- \/wp:paragraph -->\n\n<!-- wp:paragraph -->\n<p><strong>Teodor Kocerka<\/strong><br>(wio\u015blarstwo, jedynki)<\/p>\n<!-- \/wp:paragraph -->\n\n<!-- wp:paragraph -->\n<p><strong>Jan Bochenek<\/strong><br>(podnoszenie ci\u0119\u017car\u00f3w, waga 82,5 kg)<\/p>\n<!-- \/wp:paragraph -->\n\n<!-- wp:paragraph -->\n<p><strong>Tadeusz Trojanowski<\/strong><br>(zapasy, styl wolny - 60 kg)<\/p>\n<!-- \/wp:paragraph --><\/div><\/div>\n<!-- \/wp:media-text -->\n<!-- \/wp:ub\/content-toggle-panel-block -->\n<!-- \/wp:ub\/content-toggle-block -->\n\n<!-- wp:quote {\"className\":\"is-style-default\"} -->\n<blockquote class=\"wp-block-quote is-style-default\"><!-- wp:paragraph -->\n<p>Na starcie po raz pierwszy stan\u0119li sportowcy z Maroka, San Marino, Sudanu i Tunezji.<\/p>\n<!-- \/wp:paragraph --><\/blockquote>\n<!-- \/wp:quote -->","post_title":"Rzym 1960","post_excerpt":"","post_status":"publish","comment_status":"closed","ping_status":"closed","post_password":"","post_name":"rzym-1960","to_ping":"","pinged":"","post_modified":"2024-06-27 13:05:26","post_modified_gmt":"2024-06-27 11:05:26","post_content_filtered":"","post_parent":0,"guid":"https:\/\/wai-q98d7hpf9hy9k.wpallimport-demo.qsandbox.me\/olympics_summer\/rzym-1960\/","menu_order":0,"post_type":"olympics_summer","post_mime_type":"","comment_count":"0","filter":"raw"}],"competitions_rewards":[{"competition":[{"ID":5883,"post_author":"1","post_date":"2020-06-19 11:32:33","post_date_gmt":"2020-06-19 11:32:33","post_content":"","post_title":"Koszyk\u00f3wka","post_excerpt":"","post_status":"publish","comment_status":"open","ping_status":"open","post_password":"","post_name":"koszykowka","to_ping":"","pinged":"","post_modified":"2020-06-29 13:17:08","post_modified_gmt":"2020-06-29 11:17:08","post_content_filtered":"","post_parent":0,"guid":"https:\/\/wai-q7byvryhhcz9k.wpallimport-demo.qsandbox.me\/competition\/koszykowka\/","menu_order":0,"post_type":"competition","post_mime_type":"","comment_count":"0","filter":"raw"}],"reward":""}]}],"picture":{"ID":41360,"id":41360,"title":"Bohdan_Przywarski","filename":"Bohdan_Przywarski.jpg","filesize":41259,"url":"https:\/\/olimpijski.pl\/wp-content\/uploads\/2020\/06\/Bohdan_Przywarski.jpg","link":"https:\/\/olimpijski.pl\/en\/olimpijczycy\/przywarski-bohdan-wladyslaw\/bohdan_przywarski\/#main","alt":"","author":"15","description":"","caption":"","name":"bohdan_przywarski","status":"inherit","uploaded_to":14842,"date":"2021-04-12 10:43:02","modified":"2021-04-12 10:43:02","menu_order":0,"mime_type":"image\/jpeg","type":"image","subtype":"jpeg","icon":"https:\/\/olimpijski.pl\/wp-includes\/images\/media\/default.png","width":400,"height":478,"sizes":{"thumbnail":"https:\/\/olimpijski.pl\/wp-content\/uploads\/2020\/06\/Bohdan_Przywarski-150x150.jpg","thumbnail-width":150,"thumbnail-height":150,"medium":"https:\/\/olimpijski.pl\/wp-content\/uploads\/2020\/06\/Bohdan_Przywarski-251x300.jpg","medium-width":251,"medium-height":300,"medium_large":"https:\/\/olimpijski.pl\/wp-content\/uploads\/2020\/06\/Bohdan_Przywarski.jpg","medium_large-width":400,"medium_large-height":478,"large":"https:\/\/olimpijski.pl\/wp-content\/uploads\/2020\/06\/Bohdan_Przywarski.jpg","large-width":400,"large-height":478,"1536x1536":"https:\/\/olimpijski.pl\/wp-content\/uploads\/2020\/06\/Bohdan_Przywarski.jpg","1536x1536-width":400,"1536x1536-height":478,"2048x2048":"https:\/\/olimpijski.pl\/wp-content\/uploads\/2020\/06\/Bohdan_Przywarski.jpg","2048x2048-width":400,"2048x2048-height":478,"ultp_layout_landscape_large":"https:\/\/olimpijski.pl\/wp-content\/uploads\/2020\/06\/Bohdan_Przywarski.jpg","ultp_layout_landscape_large-width":400,"ultp_layout_landscape_large-height":478,"ultp_layout_landscape":"https:\/\/olimpijski.pl\/wp-content\/uploads\/2020\/06\/Bohdan_Przywarski.jpg","ultp_layout_landscape-width":400,"ultp_layout_landscape-height":478,"ultp_layout_portrait":"https:\/\/olimpijski.pl\/wp-content\/uploads\/2020\/06\/Bohdan_Przywarski.jpg","ultp_layout_portrait-width":400,"ultp_layout_portrait-height":478,"ultp_layout_square":"https:\/\/olimpijski.pl\/wp-content\/uploads\/2020\/06\/Bohdan_Przywarski.jpg","ultp_layout_square-width":400,"ultp_layout_square-height":478}},"firstname":"Bohdan","lastname":"Przywarski (1932-2013)","birthdate_date":"12\/04\/1932","birthdate":"12 kwietnia 1932","deathdate_date":"21\/10\/2013","deathdate":"21 pa\u017adziernika 2013","placeofbirth":"","club":"","coach":"","metrics":"","seolink":"przywarski-bohdan-wladyslaw","tmp_old_id":"13255","tmp_old_fid":"294","tmp_old_parent_id":"15544","createdate":"06\/11\/2013","tmp_old_title":"Przywarski Bohdan W\u0142adys\u0142aw (1932-2013)","tmp_old_lead":"","tmp_old_body":"<p class=\"title-m-02\">PRZYWARSKI  BOHDAN W\u0141ADYS\u0141AW (1932-2013)<\/p><p><strong>nauczyciel wf, trener, koszykarz \u0142\u00f3dzkiej Sp\u00f3jni i warszawskiego AZS, dwukrotny mistrz Polski, olimpijczyk z Rzymu (1960).<br \/><br \/><\/strong>Urodzony 12 kwietnia 1932 w Masiulowszczy\u017anie, pow. Bras\u0142aw, woj. wile\u0144skie, syn Mariana Boles\u0142awa i Apolonii Janczewskiej, absolwent Pa\u0144stwowej Szko\u0142y Techniczno Przemys\u0142owej w \u0141odzi (1953) i warszawskiej AWF (1959), gdzie otrzyma\u0142 tytu\u0142 magistra wf i uprawnienia trenera II kl., koszykarz (183 cm, 82 kg) \u0142\u00f3dzkiej Sp\u00f3jni (1950-1953) i AZS Warszawa (1953-1962), wychowanek trener\u00f3w: Jerzego Dowgirda i Zygmunta Olesiewicza. Rozgrywaj\u0105cy, dobry w obronie, posiada\u0142 skuteczny rzut z r\u00f3\u017cnych pozycji. Dwukrotny mistrz Polski w sk\u0142adzie \u0142\u00f3dzkiej Sp\u00f3jni (1950, 1952), wieloletnia \"podpora\" warszawskich akademik\u00f3w, reprezentant Polski (1953-1961, 52 mecze, 150 pkt.), olimpijczyk (1960). Po zako\u0144czeniu kariery sportowiec - wybitny szkoleniowiec (trener klasy mistrzowskiej), m.in. trener kadry narodowej Maroka (1974-1978) i wyk\u0142adowca koszyk\u00f3wki w Wy\u017cszej Szkole Wychowania Fizycznego w Casablance (1980-1988). Zas\u0142u\u017cony Mistrz Sportu i Zas\u0142u\u017cony Dzia\u0142acz Kultury Fizycznej odznaczony m.in. Krzy\u017cem Kawalerskim OOP. Zmar\u0142 w pa\u017adzirniku 2013 roku.<br \/><br \/><strong>*1960 Rzym: cz\u0142onek dru\u017cyny\u00a0koszyk\u00f3wki,<\/strong> kt\u00f3ra w grupie\u00a0elim.\u00a0pokona\u0142a\u00a0Hiszpani\u0119 75:63 i Filipiny\u00a0 86:68 oraz\u00a0przegra\u0142a z\u00a0Urugwajem 72:76,\u00a0zajmuj\u0105c\u00a02 m.; w grupie p\u00f3\u0142fin. przegra\u0142a\u00a0z CSRS\u00a075:88, Brazyli\u0105 68:77 i W\u0142ochami 68:74,\u00a0zajmuj\u0105c\u00a04 m.; w pojedynku\u00a0o m. 5-8\u00a0Polacy\u00a0pokonali\u00a0Urugwaj 64:62\u00a0i\u00a0przegrali\u00a0z Jugos\u0142awi\u0105\u00a087:95, zajmuj\u0105c 7 m. w\u00a0turnieju. Sk\u0142ad dru\u017cyny zob. - Dregier\u00a0Zbigniew.<\/p><p><em>Bibl.: G\u0142uszek, Leksykon 1999, s. 305; Pawlak, Olimpijczycy, s. 210;  Bogusz, \u0141\u00f3dzcy olimpijczycy, s. 184; Porada, Igrzyska, s.\u00a0851; AAWF  Warszawa, sygn. D-549\/Z;\u00a0Wywiad \u015brodowiskowy.<\/em><\/p><!-- history --><table width=\"85%\" cellspacing=\"0\" cellpadding=\"0\" border=\"0\" style=\"text-align:right\">    <tbody>        <tr>            <td align=\"right\" class=\"box3-title\"><a href=\"javascript:history.back()\">\u00ab powr\u00f3t do listy<\/a><\/td>        <\/tr>    <\/tbody><\/table>","tmp_old_body_img":false,"tmp_old_lead_img":false,"picture_medalists":false,"important":"","group_knuie68fa087fd5h76":false,"person_achivments":""},"_links":{"self":[{"href":"https:\/\/olimpijski.pl\/en\/wp-json\/wp\/v2\/person\/14842"}],"collection":[{"href":"https:\/\/olimpijski.pl\/en\/wp-json\/wp\/v2\/person"}],"about":[{"href":"https:\/\/olimpijski.pl\/en\/wp-json\/wp\/v2\/types\/person"}],"version-history":[{"count":3,"href":"https:\/\/olimpijski.pl\/en\/wp-json\/wp\/v2\/person\/14842\/revisions"}],"predecessor-version":[{"id":41362,"href":"https:\/\/olimpijski.pl\/en\/wp-json\/wp\/v2\/person\/14842\/revisions\/41362"}],"wp:featuredmedia":[{"embeddable":true,"href":"https:\/\/olimpijski.pl\/en\/wp-json\/wp\/v2\/media\/41360"}],"wp:attachment":[{"href":"https:\/\/olimpijski.pl\/en\/wp-json\/wp\/v2\/media?parent=14842"}],"curies":[{"name":"wp","href":"https:\/\/api.w.org\/{rel}","templated":true}]}}