{"id":14843,"date":"2020-06-24T16:50:30","date_gmt":"2020-06-24T14:50:30","guid":{"rendered":"http:\/\/pkol.local\/person\/malgorzata-pskit\/"},"modified":"2021-05-25T11:38:07","modified_gmt":"2021-05-25T09:38:07","slug":"malgorzata-pskit","status":"publish","type":"person","link":"https:\/\/olimpijski.pl\/en\/olimpijczycy\/malgorzata-pskit\/","title":{"rendered":"Ma\u0142gorzata Pskit"},"content":{"rendered":"\n<p><br><br><br><\/p>\n\n\n\n<p><strong>Absolwentka Uniwersytetu \u0141\u00f3dzkiego, wydzia\u0142u wychowania fizycznego i zdrowotnego. Przygod\u0119 ze sportem rozpocz\u0119\u0142a w Sportowej Szkole Podstawowej nr 55 w \u0141odzi. Olimpijka z Aten (2004).<\/strong><\/p>\n\n\n\n<p>Urodzona 25 maja 1976 w \u0141odzi (175 cm\/54 kg). Obecnie wyst\u0119puje w Warszawiance Warszawa. Jej trenerami s\u0105 Maciej Paliszewski i Edward Buga\u0142a.<\/p>\n\n\n\n<p>Mistrzyni Polski w latach 1998, 2001, 2004. W 1997 zaj\u0119\u0142a trzecie miejsce na dystansie 400 m pp\u0142. na M\u0142odzie\u017cowych Mistrzostwach Europy w Goteborgu. W 2001 by\u0142a druga na Uniwersjadzie w Pekinie 400m pp\u0142. Si\u00f3dma w sztafecie 4x400m na Mistrzostwach \u015awiata w Edmonton. W 2002 zaj\u0119\u0142a trzecie miejsce w sztafecie 4x400m na Mistrzostwach Europy w Monachium oraz sz\u00f3sta na 400m pp\u0142. By\u0142a czwarta w sztafecie podczas Halowego Pucharu Europy w Lipsku. Na Mistrzostwach \u015awiata w Saint-Denis w sztafecie 4x400m zaj\u0119\u0142a pi\u0105te miejsce. W 2004 roku na Halowych Mistrzostwach \u015awiata w Budapeszcie w sztafecie 4x400m by\u0142a czwarta. Indywidualnie podczas Pucharu Europy w Bydgoszczy trzecia na 400m pp\u0142. Sz\u00f3sta w sztafecie 4&#215;400 m na Halowym Pucharze Europy w Lipsku. Jej rekordy \u017cyciowe &#8211; 400m pp\u0142. &#8211; 55.04 s 2001 rok. 200m &#8211; 24.86 s w 2001 roku; 800m &#8211; 2:04.88 s w 2001 roku; tr\u00f3jskok &#8211; 12.80 m w 1995 roku.<\/p>\n\n\n\n<p>Polki w fina\u0142owym biegu w Atenach, sztafety 4&#215;400 do ko\u0144ca walczy\u0142y o czwart\u0105 lokat\u0119 z zawodniczkami Wielkiej Brytanii, ulegaj\u0105c ostatecznie o 0,1s. &#8211; Gdyby nie to, \u017ce przegra\u0142y\u015bmy z Brytyjkami, od kt\u00f3rych zazwyczaj by\u0142y\u015bmy szybsze, to mo\u017cna by by\u0107 zadowolonym &#8211; przyzna\u0142a Ma\u0142gorzata Pskit. &#8211; Chyba jednak taki by\u0142 nasz pu\u0142ap mo\u017cliwo\u015bci.<\/p>\n\n\n\n<p><strong>*Ateny 2004: lekkoatletyka, 400 m pp\u0142. <\/strong>\u2013 1 m. w V biegu elim. (7 zaw.) z czasem 54.75, 6 m. w I p\u00f3\u0142fin. (8 zaw.) z czasem 55.24, odp. z konk. (10. miejsce). Zwyci\u0119\u017cy\u0142a w finale F. Halki\u00e1, GRE \u2013 52.82; <strong>4&#215;400 m<\/strong> \u2013 3 m. w I biegu elim. (8 zesp.) z czasem 3:25.05, 5 m. w finale (8 zesp.) z czasem 3:25.22 (zw. USA \u2013 3:19.01). Partnerkami by\u0142y: Z. Radecka, M. Bednar, G. Prokopek.<\/p>\n","protected":false},"excerpt":{"rendered":"<p>Absolwentka Uniwersytetu \u0141\u00f3dzkiego, wydzia\u0142u wychowania fizycznego i zdrowotnego. Przygod\u0119 ze sportem rozpocz\u0119\u0142a w Sportowej Szkole Podstawowej nr 55 w \u0141odzi. Olimpijka z Aten (2004). &#8230; <a class=\"read-more\" href=\"https:\/\/olimpijski.pl\/en\/olimpijczycy\/malgorzata-pskit\/\">Czytaj dalej<\/a><\/p>\n","protected":false},"featured_media":42266,"menu_order":60,"template":"","meta":{"_acf_changed":false,"ub_ctt_via":"","footnotes":""},"class_list":["post-14843","person","type-person","status-publish","has-post-thumbnail","hentry","infinite-scroll-item","no-featured-image-padding","resize-featured-image"],"acf":{"olimpic_information":[{"olimpic":[{"ID":293,"post_author":"1","post_date":"2004-06-17 13:34:45","post_date_gmt":"2004-06-17 11:34:45","post_content":"<!-- wp:heading {\"level\":1,\"className\":\"main-title\"} -->\n<h1 class=\"main-title\"><strong>Igrzyska XXVIII Olimpiady<\/strong><br>Ateny 2004<\/h1>\n<!-- \/wp:heading -->\n\n<!-- wp:paragraph -->\n<p><br><\/p>\n<!-- \/wp:paragraph -->\n\n<!-- wp:image {\"align\":\"left\",\"id\":19310,\"sizeSlug\":\"large\",\"className\":\"is-style-default\"} -->\n<div class=\"wp-block-image is-style-default\"><figure class=\"alignleft size-large\"><img src=\"https:\/\/olimpijski.pl\/wp-content\/uploads\/2004\/06\/ateny2004.png\" alt=\"\" class=\"wp-image-19310\"\/><\/figure><\/div>\n<!-- \/wp:image -->\n\n<!-- wp:list -->\n<ul><li>Igrzyska rozegrano w dniach <strong>13-29 sierpnia<\/strong>.<\/li><li>Wystartowa\u0142o <strong>10 625<\/strong> zawodnik\u00f3w (w tym <strong>4329<\/strong> kobiet) z <strong>201<\/strong> kraj\u00f3w.<\/li><li>Rozdano <strong>301<\/strong> komplet\u00f3w medali.<\/li><li>Przysi\u0119g\u0119 olimpijsk\u0105 w imieniu sportowc\u00f3w z\u0142o\u017cy\u0142a p\u0142ywaczka <strong>Zoe Dimoschaki<\/strong>, natomiast w imieniu s\u0119dzi\u00f3w i trener\u00f3w \u2013 <strong>Lazaros Voreadis<\/strong>.<\/li><li>Znicz zapali\u0142 \u017ceglarz, mistrz olimpijski z Atlanty 1996 w klasie Mistral <strong>Nikolaos Kaklamanakis<\/strong>.<\/li><li>Igrzyska otworzy\u0142 prezydent Grecji <strong>Kostis Stephanopoulos<\/strong>.<\/li><\/ul>\n<!-- \/wp:list -->\n\n<!-- wp:heading -->\n<h2><strong>Program Igrzysk \u2013 31 dyscyplin, 301 konkurencji<\/strong><\/h2>\n<!-- \/wp:heading -->\n\n<!-- wp:paragraph -->\n<p>badminton (5 konkurencji), baseball (1), boks (11), gimnastyka (18), hokej na trawie (2), je\u017adziectwo (6), judo (14), kajakarstwo (16), kolarstwo (18), koszyk\u00f3wka (2), lekkoatletyka (46), \u0142ucznictwo (4), pi\u0119ciob\u00f3j nowoczesny (2), pi\u0142ka no\u017cna (2), pi\u0142ka r\u0119czna (2), pi\u0142ka siatkowa (4), pi\u0142ka wodna (2), p\u0142ywanie (32), p\u0142ywanie synchroniczne (2), podnoszenie ci\u0119\u017car\u00f3w (15), skoki do wody (8), softball (1), strzelectwo (17), szermierka (10), taekwondo (8), tenis (4), tenis sto\u0142owy (4), triathlon (2), wio\u015blarstwo (14), zapasy (18), \u017ceglarstwo (11).<\/p>\n<!-- \/wp:paragraph -->\n\n<!-- wp:heading -->\n<h2><strong>Gwiazda Igrzysk<\/strong><\/h2>\n<!-- \/wp:heading -->\n\n<!-- wp:paragraph -->\n<p><strong>Michael Phelps<\/strong> (USA, p\u0142ywanie) \u2013 6 z\u0142otych medali, 2 br\u0105zowe<br><strong>Otylia J\u0119drzejczak<\/strong> (Polska, p\u0142ywanie) \u2013 1 z\u0142oty medal, 2 srebrne<\/p>\n<!-- \/wp:paragraph -->\n\n<!-- wp:heading -->\n<h2><strong>Polska Reprezentacja Olimpijska<\/strong><\/h2>\n<!-- \/wp:heading -->\n\n<!-- wp:paragraph -->\n<p><strong>202 osoby<\/strong> (startowa\u0142o 194 \u2013 62 kobiety i 132 m\u0119\u017cczyzn) w 21 sportach: 3 badmintonist\u00f3w, 3 bokser\u00f3w, 6 gimnastyczek artystycznych, 1 gimnastyczka sportowa (nie startowa\u0142a), 4 je\u017ad\u017ac\u00f3w, 6 judok\u00f3w (w tym 2 kobiety), 23 kajakarzy (w tym 7 kobiet), 16 kolarzy (w tym 5 kobiet), 52 lekkoatlet\u00f3w (w tym 23 kobiety; 45 startowa\u0142o + 5 rez., 2 nie), 4 \u0142ucznik\u00f3w (w tym 3 kobiety), 4 pi\u0119cioboist\u00f3w (w tym 2 kobiety), 7 p\u0142ywak\u00f3w (w tym 2 kobiet), 7 ci\u0119\u017carowc\u00f3w (w tym 2 kobiety), 12 siatkarzy, 5 strzelc\u00f3w (w tym 3 kobiety), 3 szermierzy (w tym 2 kobiety), 1 taekwondo (kobieta), 2 tenisist\u00f3w, 2 tenisist\u00f3w sto\u0142owych, 23 wio\u015blarzy (w tym 2 kobiety), 9 zapa\u015bnik\u00f3w, 9 \u017ceglarzy (w tym 2 kobiety).<\/p>\n<!-- \/wp:paragraph -->\n\n<!-- wp:paragraph -->\n<p>Chor\u0105\u017cym reprezentacji Polski by\u0142 p\u0142ywak <strong>Bartosz Kizierowski<\/strong>.<\/p>\n<!-- \/wp:paragraph -->\n\n<!-- wp:heading -->\n<h2><strong>Klasyfikacja medalowa<\/strong><\/h2>\n<!-- \/wp:heading -->\n\n<!-- wp:table {\"hasFixedLayout\":true,\"className\":\"is-style-stripes\"} -->\n<figure class=\"wp-block-table is-style-stripes\"><table class=\"has-fixed-layout\"><tbody><tr><td><\/td><td><\/td><td class=\"has-text-align-center\" data-align=\"center\">&nbsp;<\/td><td class=\"has-text-align-center\" data-align=\"center\">&nbsp;<\/td><td class=\"has-text-align-center\" data-align=\"center\">&nbsp;<\/td><td class=\"has-text-align-center\" data-align=\"center\">&nbsp;<\/td><\/tr><tr><td>&nbsp;<\/td><td>&nbsp;<\/td><td class=\"has-text-align-center\" data-align=\"center\">&nbsp;<\/td><td class=\"has-text-align-center\" data-align=\"center\"><img class=\"wp-image-27817\" style=\"width: 50px;\" src=\"https:\/\/olimpijski.pl\/wp-content\/uploads\/2016\/06\/2016_Rio_zloty_50x50.jpg\" alt=\"\"><\/td><td class=\"has-text-align-center\" data-align=\"center\"><img class=\"wp-image-27819\" style=\"width: 50px;\" src=\"https:\/\/olimpijski.pl\/wp-content\/uploads\/2016\/06\/2016_Rio_sreb_50x50.jpg\" alt=\"\"><\/td><td class=\"has-text-align-center\" data-align=\"center\"><img class=\"wp-image-27821\" style=\"width: 50px;\" src=\"https:\/\/olimpijski.pl\/wp-content\/uploads\/2016\/06\/2016_Rio_braz_50x50.jpg\" alt=\"\"><\/td><\/tr><tr><td>1.<\/td><td>USA<\/td><td class=\"has-text-align-center\" data-align=\"center\">102<\/td><td class=\"has-text-align-center\" data-align=\"center\">37<\/td><td class=\"has-text-align-center\" data-align=\"center\">38<\/td><td class=\"has-text-align-center\" data-align=\"center\">27<\/td><\/tr><tr><td>2.<\/td><td>Chiny<\/td><td class=\"has-text-align-center\" data-align=\"center\">63<\/td><td class=\"has-text-align-center\" data-align=\"center\">32<\/td><td class=\"has-text-align-center\" data-align=\"center\">17<\/td><td class=\"has-text-align-center\" data-align=\"center\">14<\/td><\/tr><tr><td>3.<\/td><td>Rosja<\/td><td class=\"has-text-align-center\" data-align=\"center\">92<\/td><td class=\"has-text-align-center\" data-align=\"center\">27<\/td><td class=\"has-text-align-center\" data-align=\"center\">27<\/td><td class=\"has-text-align-center\" data-align=\"center\">38<\/td><\/tr><tr><td>...<\/td><td>&nbsp;<\/td><td class=\"has-text-align-center\" data-align=\"center\">&nbsp;<\/td><td class=\"has-text-align-center\" data-align=\"center\">&nbsp;<\/td><td class=\"has-text-align-center\" data-align=\"center\">&nbsp;<\/td><td class=\"has-text-align-center\" data-align=\"center\">&nbsp;<\/td><\/tr><tr><td><strong>23.<\/strong><\/td><td><strong>Polska<\/strong><\/td><td class=\"has-text-align-center\" data-align=\"center\"><strong>10<\/strong><\/td><td class=\"has-text-align-center\" data-align=\"center\"><strong>3<\/strong><\/td><td class=\"has-text-align-center\" data-align=\"center\"><strong>2<\/strong><\/td><td class=\"has-text-align-center\" data-align=\"center\"><strong>5<\/strong><\/td><\/tr><\/tbody><\/table><\/figure>\n<!-- \/wp:table -->\n\n<!-- wp:heading -->\n<h2><strong>Medale dla Polski (10)<\/strong><\/h2>\n<!-- \/wp:heading -->\n\n<!-- wp:ub\/content-toggle-block {\"blockID\":\"120ac614-72ab-4f12-9dc0-2ec9c4c90969\",\"theme\":\"#f1f1f1\",\"collapsed\":true,\"titleColor\":\"#000000\"} -->\n<!-- wp:ub\/content-toggle-panel-block {\"parentID\":\"120ac614-72ab-4f12-9dc0-2ec9c4c90969\",\"theme\":\"#f1f1f1\",\"collapsed\":true,\"titleColor\":\"#000000\",\"panelTitle\":\"Z\u0142ote\"} -->\n<!-- wp:paragraph -->\n<p><\/p>\n<!-- \/wp:paragraph -->\n\n<!-- wp:media-text {\"align\":\"\",\"mediaId\":30158,\"mediaLink\":\"https:\/\/olimpijski.pl\/igrzyska_letnie\/ateny-2004\/2004_ateny_zloty_200\/#main\",\"mediaType\":\"image\",\"mediaWidth\":20} -->\n<div class=\"wp-block-media-text is-stacked-on-mobile\" style=\"grid-template-columns:20% auto\"><figure class=\"wp-block-media-text__media\"><img src=\"https:\/\/olimpijski.pl\/wp-content\/uploads\/2004\/06\/2004_Ateny_zloty_200.jpg\" alt=\"\" class=\"wp-image-30158\"\/><\/figure><div class=\"wp-block-media-text__content\"><!-- wp:paragraph -->\n<p><strong>Otylia J\u0119drzejczak<\/strong><br>(p\u0142ywanie, 200 m stylem motylkowym)<\/p>\n<!-- \/wp:paragraph -->\n\n<!-- wp:paragraph -->\n<p><strong>Robert Korzeniowski<\/strong><br>(lekkoatletyka, ch\u00f3d na 50 km)<\/p>\n<!-- \/wp:paragraph -->\n\n<!-- wp:paragraph -->\n<p><strong>Tomasz Kucharski, Robert Sycz<\/strong><br>(wio\u015blarstwo, dw\u00f3jka podw\u00f3jna wagi lekkiej)<\/p>\n<!-- \/wp:paragraph --><\/div><\/div>\n<!-- \/wp:media-text -->\n<!-- \/wp:ub\/content-toggle-panel-block -->\n<!-- \/wp:ub\/content-toggle-block -->\n\n<!-- wp:ub\/content-toggle-block {\"blockID\":\"55a13279-a60a-41b7-80e6-8fbd16225fbc\",\"theme\":\"#f1f1f1\",\"collapsed\":true,\"titleColor\":\"#000000\"} -->\n<!-- wp:ub\/content-toggle-panel-block {\"parentID\":\"55a13279-a60a-41b7-80e6-8fbd16225fbc\",\"theme\":\"#f1f1f1\",\"collapsed\":true,\"titleColor\":\"#000000\",\"panelTitle\":\"Srebrne\"} -->\n<!-- wp:paragraph -->\n<p><\/p>\n<!-- \/wp:paragraph -->\n\n<!-- wp:media-text {\"align\":\"\",\"mediaId\":30160,\"mediaLink\":\"https:\/\/olimpijski.pl\/igrzyska_letnie\/ateny-2004\/2004_ateny_sreb_200\/#main\",\"mediaType\":\"image\",\"mediaWidth\":20} -->\n<div class=\"wp-block-media-text is-stacked-on-mobile\" style=\"grid-template-columns:20% auto\"><figure class=\"wp-block-media-text__media\"><img src=\"https:\/\/olimpijski.pl\/wp-content\/uploads\/2004\/06\/2004_Ateny_sreb_200.jpg\" alt=\"\" class=\"wp-image-30160\"\/><\/figure><div class=\"wp-block-media-text__content\"><!-- wp:paragraph -->\n<p><strong>Otylia J\u0119drzejczak<\/strong><br>(p\u0142ywanie, 100 m stylem motylkowym)<\/p>\n<!-- \/wp:paragraph -->\n\n<!-- wp:paragraph -->\n<p><strong>Otylia J\u0119drzejczak<\/strong><br>(p\u0142ywanie, 400 m stylem dowolnym)<br><\/p>\n<!-- \/wp:paragraph --><\/div><\/div>\n<!-- \/wp:media-text -->\n<!-- \/wp:ub\/content-toggle-panel-block -->\n<!-- \/wp:ub\/content-toggle-block -->\n\n<!-- wp:ub\/content-toggle-block {\"blockID\":\"2797118c-7890-4757-a47f-6bd9d2c91ce3\",\"theme\":\"#f1f1f1\",\"collapsed\":true,\"titleColor\":\"#000000\"} -->\n<!-- wp:ub\/content-toggle-panel-block {\"parentID\":\"2797118c-7890-4757-a47f-6bd9d2c91ce3\",\"theme\":\"#f1f1f1\",\"collapsed\":true,\"titleColor\":\"#000000\",\"panelTitle\":\"Br\u0105zowe\"} -->\n<!-- wp:paragraph -->\n<p><\/p>\n<!-- \/wp:paragraph -->\n\n<!-- wp:media-text {\"align\":\"\",\"mediaId\":30162,\"mediaLink\":\"https:\/\/olimpijski.pl\/igrzyska_letnie\/ateny-2004\/2004_ateny_braz_200\/#main\",\"mediaType\":\"image\",\"mediaWidth\":20} -->\n<div class=\"wp-block-media-text is-stacked-on-mobile\" style=\"grid-template-columns:20% auto\"><figure class=\"wp-block-media-text__media\"><img src=\"https:\/\/olimpijski.pl\/wp-content\/uploads\/2004\/06\/2004_Ateny_braz_200.jpg\" alt=\"\" class=\"wp-image-30162\"\/><\/figure><div class=\"wp-block-media-text__content\"><!-- wp:paragraph -->\n<p><strong>Beata Soko\u0142owska-Kulesza, Aneta Pastuszka<\/strong><br>(kajakarstwo, K2 na 500 m)<\/p>\n<!-- \/wp:paragraph -->\n\n<!-- wp:paragraph -->\n<p><strong>Sylwia Grucha\u0142a<\/strong><br>(szermierka, floret)<\/p>\n<!-- \/wp:paragraph -->\n\n<!-- wp:paragraph -->\n<p><strong>Agata Wr\u00f3bel<\/strong><br>(podnoszenie ci\u0119\u017car\u00f3w, waga powy\u017cej 75 kg)<\/p>\n<!-- \/wp:paragraph -->\n\n<!-- wp:paragraph -->\n<p><strong>Anna Rogowska<\/strong><br>(lekkoatletyka, skok o tyczce)<\/p>\n<!-- \/wp:paragraph -->\n\n<!-- wp:paragraph -->\n<p><strong>Mateusz Kusznierewicz<\/strong><br>(\u017ceglarstwo, klasa Finn)<\/p>\n<!-- \/wp:paragraph --><\/div><\/div>\n<!-- \/wp:media-text -->\n\n<!-- wp:paragraph -->\n<p><\/p>\n<!-- \/wp:paragraph -->\n<!-- \/wp:ub\/content-toggle-panel-block -->\n<!-- \/wp:ub\/content-toggle-block -->\n\n<!-- wp:quote {\"className\":\"is-style-default\"} -->\n<blockquote class=\"wp-block-quote is-style-default\"><p>Bohaterk\u0105 naszej reprezentacji by\u0142a Otylia J\u0119drzejczak, kt\u00f3ra zdoby\u0142a jeden z\u0142oty i dwa srebrne medale. Sw\u00f3j czwarty z\u0142oty medal zdoby\u0142 Robert Korzeniowski i sta\u0142 si\u0119 najbardziej utytu\u0142owanym polskim olimpijczykiem \u2013 4 z\u0142ote medale.<br><br>W rywalizacji po raz pierwszy wyst\u0105pili sportowcy z Kiribati i Timoru Wschodniego.<\/p><\/blockquote>\n<!-- \/wp:quote -->","post_title":"Ateny 2004","post_excerpt":"","post_status":"publish","comment_status":"closed","ping_status":"closed","post_password":"","post_name":"ateny-2004","to_ping":"","pinged":"","post_modified":"2020-10-06 15:08:00","post_modified_gmt":"2020-10-06 13:08:00","post_content_filtered":"","post_parent":0,"guid":"https:\/\/wai-q98d7hpf9hy9k.wpallimport-demo.qsandbox.me\/olympics_summer\/ateny-2004\/","menu_order":0,"post_type":"olympics_summer","post_mime_type":"","comment_count":"0","filter":"raw"}],"competitions_rewards":[{"competition":[{"ID":5819,"post_author":"1","post_date":"2020-06-19 11:32:23","post_date_gmt":"2020-06-19 11:32:23","post_content":"","post_title":"Lekkoatletyka","post_excerpt":"","post_status":"publish","comment_status":"open","ping_status":"open","post_password":"","post_name":"lekkoatletyka","to_ping":"","pinged":"","post_modified":"2020-06-29 13:17:08","post_modified_gmt":"2020-06-29 11:17:08","post_content_filtered":"","post_parent":0,"guid":"https:\/\/wai-q7byvryhhcz9k.wpallimport-demo.qsandbox.me\/competition\/lekkoatletyka\/","menu_order":0,"post_type":"competition","post_mime_type":"","comment_count":"0","filter":"raw"}],"reward":""}]}],"picture":{"ID":42266,"id":42266,"title":"Malgorzata_Pskit","filename":"Malgorzata_Pskit.jpg","filesize":51045,"url":"https:\/\/olimpijski.pl\/wp-content\/uploads\/2020\/06\/Malgorzata_Pskit.jpg","link":"https:\/\/olimpijski.pl\/en\/olimpijczycy\/malgorzata-pskit\/malgorzata_pskit\/#main","alt":"","author":"15","description":"","caption":"","name":"malgorzata_pskit","status":"inherit","uploaded_to":14843,"date":"2021-05-25 09:37:33","modified":"2021-05-25 09:37:33","menu_order":0,"mime_type":"image\/jpeg","type":"image","subtype":"jpeg","icon":"https:\/\/olimpijski.pl\/wp-includes\/images\/media\/default.png","width":400,"height":483,"sizes":{"thumbnail":"https:\/\/olimpijski.pl\/wp-content\/uploads\/2020\/06\/Malgorzata_Pskit-150x150.jpg","thumbnail-width":150,"thumbnail-height":150,"medium":"https:\/\/olimpijski.pl\/wp-content\/uploads\/2020\/06\/Malgorzata_Pskit-248x300.jpg","medium-width":248,"medium-height":300,"medium_large":"https:\/\/olimpijski.pl\/wp-content\/uploads\/2020\/06\/Malgorzata_Pskit.jpg","medium_large-width":400,"medium_large-height":483,"large":"https:\/\/olimpijski.pl\/wp-content\/uploads\/2020\/06\/Malgorzata_Pskit.jpg","large-width":400,"large-height":483,"1536x1536":"https:\/\/olimpijski.pl\/wp-content\/uploads\/2020\/06\/Malgorzata_Pskit.jpg","1536x1536-width":400,"1536x1536-height":483,"2048x2048":"https:\/\/olimpijski.pl\/wp-content\/uploads\/2020\/06\/Malgorzata_Pskit.jpg","2048x2048-width":400,"2048x2048-height":483,"ultp_layout_landscape_large":"https:\/\/olimpijski.pl\/wp-content\/uploads\/2020\/06\/Malgorzata_Pskit.jpg","ultp_layout_landscape_large-width":400,"ultp_layout_landscape_large-height":483,"ultp_layout_landscape":"https:\/\/olimpijski.pl\/wp-content\/uploads\/2020\/06\/Malgorzata_Pskit.jpg","ultp_layout_landscape-width":400,"ultp_layout_landscape-height":483,"ultp_layout_portrait":"https:\/\/olimpijski.pl\/wp-content\/uploads\/2020\/06\/Malgorzata_Pskit.jpg","ultp_layout_portrait-width":400,"ultp_layout_portrait-height":483,"ultp_layout_square":"https:\/\/olimpijski.pl\/wp-content\/uploads\/2020\/06\/Malgorzata_Pskit.jpg","ultp_layout_square-width":400,"ultp_layout_square-height":483}},"firstname":"Ma\u0142gorzata","lastname":"Pskit","birthdate_date":"25\/05\/1976","birthdate":"25 maja 1976","deathdate_date":"","deathdate":"","placeofbirth":"","club":"","coach":"","metrics":"","seolink":"pskit-malgorzata","tmp_old_id":"14063","tmp_old_fid":"294","tmp_old_parent_id":"15544","createdate":"06\/11\/2013","tmp_old_title":"Pskit Ma\u0142gorzata","tmp_old_lead":"","tmp_old_body":"<p class=\"title-m-02\">PSKIT MA\u0141GORZATA<\/p><p><strong>Absolwentka Uniwersytetu \u0141\u00f3dzkiego, wydzia\u0142u wychowania fizycznego i zdrowotnego. Przygod\u0119 ze sportem rozpocz\u0119\u0142a w Sportowej Szkole Podstawowej nr 55 w \u0141odzi. Olimpijka z Aten (2004).<\/strong><p>Urodzona 25 maja 1976 w \u0141odzi (175 cm\/54 kg). Obecnie wyst\u0119puje w Warszawiance Warszawa. Jej trenerami s\u0105 Maciej Paliszewski i Edward Buga\u0142a. <\/p><p>Mistrzyni Polski w latach 1998, 2001, 2004. W 1997 zaj\u0119\u0142a trzecie miejsce na dystansie 400 m pp\u0142. na M\u0142odzie\u017cowych Mistrzostwach Europy w Goteborgu. W 2001 by\u0142a druga na Uniwersjadzie w Pekinie 400m pp\u0142. Si\u00f3dma w sztafecie 4x400m na Mistrzostwach \u015awiata w Edmonton. W 2002 zaj\u0119\u0142a trzecie miejsce w sztafecie 4x400m na Mistrzostwach Europy w Monachium oraz sz\u00f3sta na 400m pp\u0142. By\u0142a czwarta w sztafecie podczas Halowego Pucharu Europy w Lipsku. Na Mistrzostwach \u015awiata w Saint-Denis w sztafecie 4x400m zaj\u0119\u0142a pi\u0105te miejsce. W 2004 roku na Halowych Mistrzostwach \u015awiata w Budapeszcie w sztafecie 4x400m by\u0142a czwarta. Indywidualnie podczas Pucharu Europy w Bydgoszczy trzecia na 400m pp\u0142. Sz\u00f3sta w sztafecie 4x400 m na Halowym Pucharze Europy w Lipsku. Jej rekordy \u017cyciowe - 400m pp\u0142. - 55.04 s 2001 rok. 200m - 24.86 s w 2001 roku; 800m - 2:04.88 s w 2001 roku; tr\u00f3jskok - 12.80 m w 1995 roku. <\/p><p>Polki w fina\u0142owym biegu w Atenach, sztafety 4x400 do ko\u0144ca walczy\u0142y o czwart\u0105 lokat\u0119 z zawodniczkami Wielkiej Brytanii, ulegaj\u0105c ostatecznie o 0,1s. - Gdyby nie to, \u017ce przegra\u0142y\u015bmy z Brytyjkami, od kt\u00f3rych zazwyczaj by\u0142y\u015bmy szybsze, to mo\u017cna by by\u0107 zadowolonym - przyzna\u0142a Ma\u0142gorzata Pskit. - Chyba jednak taki by\u0142 nasz pu\u0142ap mo\u017cliwo\u015bci.<\/p><p><strong>*Ateny 2004: lekkoatletyka<\/strong> - finalistka sztafety 4x400m kobiet - 5. miejsce z czasem: 3:25.22; P\u00f3\u0142finalistka na 400 m pp\u0142. sz\u00f3ste miejsce w serii z wynikiem 55,24.<\/p><\/p><!-- history --><table width=\"85%\" style=\"text-align:right\" border=\"0\" cellspacing=\"0\" cellpadding=\"0\">  <tr>    <td align=\"right\" class=\"box3-title\"><a href=\"javascript:history.back()\">\u00ab powr\u00f3t do listy<\/a><\/td>  <\/tr><\/table>","tmp_old_body_img":false,"tmp_old_lead_img":false,"picture_medalists":false,"important":"","group_knuie68fa087fd5h76":false,"person_achivments":""},"_links":{"self":[{"href":"https:\/\/olimpijski.pl\/en\/wp-json\/wp\/v2\/person\/14843"}],"collection":[{"href":"https:\/\/olimpijski.pl\/en\/wp-json\/wp\/v2\/person"}],"about":[{"href":"https:\/\/olimpijski.pl\/en\/wp-json\/wp\/v2\/types\/person"}],"version-history":[{"count":2,"href":"https:\/\/olimpijski.pl\/en\/wp-json\/wp\/v2\/person\/14843\/revisions"}],"predecessor-version":[{"id":42269,"href":"https:\/\/olimpijski.pl\/en\/wp-json\/wp\/v2\/person\/14843\/revisions\/42269"}],"wp:featuredmedia":[{"embeddable":true,"href":"https:\/\/olimpijski.pl\/en\/wp-json\/wp\/v2\/media\/42266"}],"wp:attachment":[{"href":"https:\/\/olimpijski.pl\/en\/wp-json\/wp\/v2\/media?parent=14843"}],"curies":[{"name":"wp","href":"https:\/\/api.w.org\/{rel}","templated":true}]}}