{"id":14857,"date":"2020-06-24T16:50:30","date_gmt":"2020-06-24T14:50:30","guid":{"rendered":"http:\/\/pkol.local\/person\/jaromir-radke\/"},"modified":"2020-09-24T12:18:22","modified_gmt":"2020-09-24T10:18:22","slug":"jaromir-radke","status":"publish","type":"person","link":"https:\/\/olimpijski.pl\/en\/olimpijczycy\/jaromir-radke\/","title":{"rendered":"Jaromir Radke"},"content":{"rendered":"<p class=\"title-m-02\">RADKE JAROMIR<\/p>\n<table cellspacing=\"0\" cellpadding=\"0\" border=\"0\" align=\"LEFT\">\n<tbody>\n<tr>\n<td class=\"photo-td-01\">\n<table cellspacing=\"0\" cellpadding=\"0\" border=\"0\">\n<tbody>\n<tr>\n<td><img loading=\"lazy\" decoding=\"async\" src=\"\/files\/old\/i\/olimpijczycy\/Radke_Jaromir_m.jpg\" alt=\"RADKE JAROMIR\" width=\"50\" height=\"50\" border=\"0\"><\/td>\n<\/tr>\n<\/tbody>\n<\/table>\n<\/td>\n<\/tr>\n<\/tbody>\n<\/table>\n<p><strong>konserwator obiekt\u00f3w sportowych, \u0142y\u017cwiarz z Tomaszowa Mazowieckiego, jeden z najlepszych d\u0142ugodystansowc\u00f3w w historii tego sportu w Polsce, wielokrotny mistrz i rekordzista kraju, olimpijczyk z Albertville (1992) i Lillehammer (1994).<br \/>\n<\/strong><br \/>\nUrodzony 28 maja 1969 w Tomaszowie Mazowieckim, syn S\u0142awomira i Anny Janowskiej, absolwent miejscowej Zasadniczej Szko\u0142y Zawodowej (elektryk). \u0141y\u017cwiarz szybki (183 cm, 85 kg), reprezentant miejscowej Pilicy (od 1984), wychowanek Bogdana Drozdowskiego, podopieczny trenera Wies\u0142awa Kmiecika. Kontynuator pi\u0119knych sportowych tradycji Tomaszowa Mazowieckiego (Jan Szczepa\u0144ski, Edward Skorek, Stanis\u0142awa Pietruszczak), jako 15-latek po\u0142kn\u0105\u0142 \u0142y\u017cwiarskiego bakcyla i czyni\u0105c szybkie post\u0119py awansowa\u0142 wraz z kolegami do kadry narodowej junior\u00f3w. &#8220;Ch\u0142opc\u00f3w Drozdowskiego&#8221; z Tomaszowa ceniono tam nie tylko za pracowito\u015b\u0107, \u0142adny styl jazdy, ale tak\u017ce za mi\u0142y i kulturalny spos\u00f3b bycia. Na &#8220;dzie\u0144 dobry&#8221; sportowej kariery zdoby\u0142 <strong>dwa tytu\u0142y mistrza Polski junior\u00f3w<\/strong> (1987, 1988) i&nbsp;br\u0105zowy medal M\u015a (1987) w Stromsund na 5000 m.&nbsp;Potem, w doros\u0142ym ju\u017c \u017cyciu \u0142y\u017cwiarza, by\u0142 jeszcze rok start\u00f3w (1994), kt\u00f3ry bardzo si\u0119 liczy\u0142 w tak obiecuj\u0105co zacz\u0119tej karierze. Wicemistrzostwo Europy na 5 km, br\u0105zowy medal na mistrzostwach \u015bwiata na tym samym dystansie, oraz dwukrotnie punktowane miejsca w wy\u015bcigach na 5 i 10 km podczas IO w Lillehammer. Takich wynik\u00f3w przed nim nie mia\u0142 \u017caden Polak. Nawet Janusz Kalbarczyk.&nbsp;Tomaszowianin uzyska\u0142 w\u00f3wczas sta\u0142\u0105 przepustk\u0119 do \u015bwiatowej elity.<br \/>\nAle dalszego kroku ku niej ju\u017c nie zrobi\u0142, cho\u0107 wydawa\u0107 si\u0119 mog\u0142o, \u017ce ma ku temu pe\u0142ne podstawy (chyba jednak nie warunki). Iskierk\u0105 nadziei by\u0142 jeszcze w roku 2000 rekord Polski na 5 km z doskona\u0142ym czasem 6.35,22 i rekordy \u017cyciowe na innych dystansach (2001), ale by\u0142 to niestety \u0142ab\u0119dzi \u015bpiew ponad trzydziestoletniego mistrza, kt\u00f3ry mia\u0142 ju\u017c swojego nast\u0119pc\u0119 (Pawe\u0142 Zygmunt). Ale dla \u0142y\u017cwiarstwa zrobi\u0142 bardzo wiele. <strong>26-krotny mistrz Polski:<\/strong> na 1000 m (1995), 1500 m (1991), 5000 m (1989-1991, 1993-1997, 1999), 10000 m (1991-1997, 1999, 2000) i w wieloboju (1989-1991, 1993, 1995, 1997) i <strong>2-krotny wicemistrz kraju<\/strong> w wieloboju (1994, 1996). <strong>Zdobywca 3 tzw. ma\u0142ych medali M\u015a i ME<\/strong> w biegach do wieloboju: M\u015a 1994 G\u00f6teborg (3-5000 m), ME 1994 Hamar (2-5000 m, 3 &#8211; 10000 m). <strong>Uczestnik M\u015a:<\/strong> wielob\u00f3j, 1989 Oslo: 16 m., 1991 Heerenveen: 13 m., 1992 Calgary, 1994 G\u00f6teborg: 12 m., 1995 Baselga di Pine, 1997 Nagano &#8211; poza &#8220;16&#8221;; dystanse, 1996 Inzell: 11 m. (5000 m), 12 m. (10000 m), 1999 Hamar: 14 m. (10000 m), 2000 Milwaukee: 14 m. (10000 m), 2001 Budapeszt: 14 m. (10000 m). <strong>Uczestnik ME:<\/strong> wielob\u00f3j, 1989 G\u00f6teborg: 16 m., 1990 Heerenveen: 14 m., 1991 Sarajewo: 11 m., 1992 Heerenveen: 15 m., 1993 Heerenveen: 11 m., 1994 Hamar: 8 m., 1995 Heerenveen: 11 m.; 1996-2000&nbsp; &#8211; poza &#8220;16&#8221;. <strong>Uczestnik P\u015a:<\/strong> 5000 i 10000 m, 1994: 5 m., 2001: 15 m. <strong>15-krotny rekordzista Polski:<\/strong> 3000 m &#8211; 2 x (od 4.03,61 w 1989 do 4.02,87 w 1997); 5000 m &#8211; 8 x (od 7.04.15 w 1989 do 6.35,22 w 2000), 10000 m &#8211; 2 x (od 14.16,73 w 1990 do 13.54,32 w 1994), wielob\u00f3j du\u017cy &#8211; 3 x (od 165,409 w 1990 do 161,221 w 1994). <strong>Rekordy \u017cyciowe:<\/strong> 1000 m &#8211; 1.16,23 (23 stycznia 2000 Calgary), 1500 m &#8211; 1.55,40 (4 marca 2001 Calgary), 3000 m &#8211; 4.02,87 (9 stycznia 1997 Calgary), 5000 m &#8211; 6.34,52 (2 marca 2001 Calgary), 10000 m &#8211; 13.38,43 (26 listopada 2000 Heerenveen), wielob\u00f3j du\u017cy &#8211; 161,221(9 stycznia 1994 Hamar), wielob\u00f3j ma\u0142y &#8211; 165,149 (31 marca 1990 Medeo). Odznaczony m. in. srebrnym Medalem za Wybitne Osi\u0105gni\u0119cia Sportowe. \u017bonaty (Renata), ma syna Bartka (1996) i c\u00f3rk\u0119 Zuzann\u0119 (2002). Mieszka w Tomaszowie Mazowieckim.<\/p>\n<p>Bibl.: G\u0142uszek, Leksykon 1999, s. 307; Pawlak, Olimpijczycy, s. 212; Ziele\u015bkiewicz, Encyklopedia, s. 175, 332, 333, 335; \u0141y\u017cwiarski jubileusz, s. 229-231, 274, 276.<br \/>\n<strong>*1992 Albertville: 5000 m<\/strong> &#8211; 16 m. na 36 zaw. z czasem 7.18,40 (zw. G. Karlstad, Norwegia &#8211; 6.59,97); <strong>10000 m.<\/strong> &#8211; 14 m. na 30 start. z czasem 14.42,60 (zw. B. Veldkamp, Holandia &#8211; 14.12,12).<br \/>\n<strong>*1994 Lillehammer: 5000 m<\/strong> &#8211; 7 m. na 32 start. z czasem 6.50,40 (zw. J. O. Koss, Norwegia &#8211; 6.34,96); <strong>10000 m.<\/strong> &#8211; 5 m. na 16 start. z wynikiem 14.03,84 (zw. J. O. Koss, Norwegia &#8211; 13.30,56).<\/p>\n<p><!-- history --><\/p>\n<table style=\"text-align: right;\" width=\"85%\" cellspacing=\"0\" cellpadding=\"0\" border=\"0\">\n<tbody>\n<tr>\n<td class=\"box3-title\" align=\"right\"><a>\u00ab powr\u00f3t do listy<\/a><\/td>\n<\/tr>\n<\/tbody>\n<\/table>\n","protected":false},"excerpt":{"rendered":"<p>RADKE JAROMIR konserwator obiekt\u00f3w sportowych, \u0142y\u017cwiarz z Tomaszowa Mazowieckiego, jeden z najlepszych d\u0142ugodystansowc\u00f3w w historii tego sportu w Polsce, wielokrotny mistrz i<\/p>\n","protected":false},"featured_media":21386,"menu_order":60,"template":"","meta":{"_acf_changed":false,"ub_ctt_via":"","footnotes":""},"class_list":["post-14857","person","type-person","status-publish","has-post-thumbnail","hentry","infinite-scroll-item","no-featured-image-padding","resize-featured-image"],"acf":{"olimpic_information":[{"olimpic":[{"ID":5897,"post_author":"1","post_date":"1992-06-17 13:54:39","post_date_gmt":"1992-06-17 11:54:39","post_content":"<!-- wp:heading {\"level\":1,\"className\":\"main-title\"} -->\n<h1 class=\"main-title\"><strong>XVI ZIO<\/strong><br>Albertville 1992<\/h1>\n<!-- \/wp:heading -->\n\n<!-- wp:paragraph -->\n<p><br><\/p>\n<!-- \/wp:paragraph -->\n\n<!-- wp:image {\"align\":\"left\",\"id\":19360,\"sizeSlug\":\"large\",\"className\":\"is-style-default\"} -->\n<div class=\"wp-block-image is-style-default\"><figure class=\"alignleft size-large\"><img src=\"https:\/\/olimpijski.pl\/wp-content\/uploads\/1992\/06\/albertville1992.png\" alt=\"\" class=\"wp-image-19360\"\/><\/figure><\/div>\n<!-- \/wp:image -->\n\n<!-- wp:list -->\n<ul><li>Igrzyska rozegrano w dniach <strong>8-23 lutego<\/strong>.<\/li><li>Wystartowa\u0142o <strong>1801<\/strong> zawodnik\u00f3w (w tym <strong>488<\/strong> kobiet) z <strong>64<\/strong> kraj\u00f3w.<\/li><li>Rozdano <strong>57<\/strong> komplet\u00f3w medali.<\/li><li>Znicz zapali\u0142 ucze\u0144 <strong>Francois Cyril Grange<\/strong>.<\/li><li>Igrzyska otworzy\u0142 <strong>prezydent Francji Francois Mitterand<\/strong>.<\/li><\/ul>\n<!-- \/wp:list -->\n\n<!-- wp:heading -->\n<h2><strong>Program Igrzysk \u2013 10 dyscyplin i 57 konkurencji<\/strong><\/h2>\n<!-- \/wp:heading -->\n\n<!-- wp:paragraph -->\n<p>biathlon (6 konkurencji), bobsleje (2), hokej na lodzie (1), \u0142y\u017cwiarstwo figurowe (4), \u0142y\u017cwiarstwo szybkie (10), \u0142y\u017cwiarstwo szybkie \u2013 short-track (4), narciarstwo alpejskie (10), narciarstwo klasyczne (15), narciarstwo dowolne (2), saneczkarstwo (3).<\/p>\n<!-- \/wp:paragraph -->\n\n<!-- wp:heading -->\n<h2><strong>Gwiazdy Igrzysk<\/strong><\/h2>\n<!-- \/wp:heading -->\n\n<!-- wp:paragraph -->\n<p><strong>Lubow Jegorowa <\/strong>(Wsp\u00f3lnota Niepodleg\u0142ych Pa\u0144stw, biegi narciarskie) \u2013 3 z\u0142ote medale, 2 srebrne<br><strong>Vegard Ulvang<\/strong> (Norwegia, biegi narciarskie) \u2013 3 z\u0142ote medale, 1 srebrny<br><strong>Bjoern Daehlie<\/strong> (Norwegia, biegi narciarskie) \u2013 3 z\u0142ote medale, 1 srebrny<\/p>\n<!-- \/wp:paragraph -->\n\n<!-- wp:heading -->\n<h2><strong>Polska Reprezentacja Olimpijska<\/strong><\/h2>\n<!-- \/wp:heading -->\n\n<!-- wp:paragraph -->\n<p><strong>53 osoby<\/strong> (12 kobiet i 41 m\u0119\u017cczyzn) w 6 sportach: 9 biathlonist\u00f3w (w tym 4 kobiety), 23 hokeist\u00f3w, 2 \u0142y\u017cwiarzy figurowych (w tym 1 kobieta), 4 \u0142y\u017cwiarzy szybkich (w tym 1 kobieta), 13 narciarzy (w tym 6 kobiet), 2 saneczkarzy.<\/p>\n<!-- \/wp:paragraph -->\n\n<!-- wp:paragraph -->\n<p>Chor\u0105\u017cym reprezentacji Polski by\u0142 hokeista <strong>Henryk Gruth<\/strong>.<\/p>\n<!-- \/wp:paragraph -->\n\n<!-- wp:heading -->\n<h2><strong>Klasyfikacja medalowa<\/strong><\/h2>\n<!-- \/wp:heading -->\n\n<!-- wp:table {\"hasFixedLayout\":true,\"className\":\"is-style-stripes\"} -->\n<figure class=\"wp-block-table is-style-stripes\"><table class=\"has-fixed-layout\"><tbody><tr><td><\/td><td><\/td><td class=\"has-text-align-center\" data-align=\"center\">&nbsp;<\/td><td class=\"has-text-align-center\" data-align=\"center\">&nbsp;<\/td><td class=\"has-text-align-center\" data-align=\"center\">&nbsp;<\/td><td class=\"has-text-align-center\" data-align=\"center\">&nbsp;<\/td><\/tr><tr><td>&nbsp;<\/td><td>&nbsp;<\/td><td class=\"has-text-align-center\" data-align=\"center\">&nbsp;<\/td><td class=\"has-text-align-center\" data-align=\"center\"><img class=\"wp-image-26068\" style=\"width: 50px;\" src=\"https:\/\/olimpijski.pl\/wp-content\/uploads\/1948\/06\/2008_Pekin_zloty_50x50.jpg\" alt=\"\"><\/td><td class=\"has-text-align-center\" data-align=\"center\"><img class=\"wp-image-26071\" style=\"width: 50px;\" src=\"https:\/\/olimpijski.pl\/wp-content\/uploads\/1948\/06\/2008_Pekin_sreb_50x50.jpg\" alt=\"\"><\/td><td class=\"has-text-align-center\" data-align=\"center\"><img class=\"wp-image-26073\" style=\"width: 50px;\" src=\"https:\/\/olimpijski.pl\/wp-content\/uploads\/1948\/06\/2008_Pekin_braz_50x50.jpg\" alt=\"\"><\/td><\/tr><tr><td>1.<\/td><td>Niemcy<\/td><td class=\"has-text-align-center\" data-align=\"center\">26<\/td><td class=\"has-text-align-center\" data-align=\"center\">10<\/td><td class=\"has-text-align-center\" data-align=\"center\">10<\/td><td class=\"has-text-align-center\" data-align=\"center\">6<\/td><\/tr><tr><td>2.<\/td><td>WNP*<\/td><td class=\"has-text-align-center\" data-align=\"center\">23<\/td><td class=\"has-text-align-center\" data-align=\"center\">9<\/td><td class=\"has-text-align-center\" data-align=\"center\">6<\/td><td class=\"has-text-align-center\" data-align=\"center\">8<\/td><\/tr><tr><td>3.<\/td><td>Norwegia<\/td><td class=\"has-text-align-center\" data-align=\"center\">20<\/td><td class=\"has-text-align-center\" data-align=\"center\">9<\/td><td class=\"has-text-align-center\" data-align=\"center\">6<\/td><td class=\"has-text-align-center\" data-align=\"center\">5<\/td><\/tr><tr><td>...<\/td><td>&nbsp;<\/td><td class=\"has-text-align-center\" data-align=\"center\">&nbsp;<\/td><td class=\"has-text-align-center\" data-align=\"center\">&nbsp;<\/td><td class=\"has-text-align-center\" data-align=\"center\">&nbsp;<\/td><td class=\"has-text-align-center\" data-align=\"center\">&nbsp;<\/td><\/tr><tr><td>&nbsp;<\/td><td><strong>Polska<\/strong><\/td><td class=\"has-text-align-center\" data-align=\"center\"><strong>0<\/strong><\/td><td class=\"has-text-align-center\" data-align=\"center\"><strong>0<\/strong><\/td><td class=\"has-text-align-center\" data-align=\"center\"><strong>0<\/strong><\/td><td class=\"has-text-align-center\" data-align=\"center\"><strong>0<\/strong><\/td><\/tr><\/tbody><\/table><\/figure>\n<!-- \/wp:table -->\n\n<!-- wp:quote {\"className\":\"is-style-default\"} -->\n<blockquote class=\"wp-block-quote is-style-default\"><p>Najlepiej z Polak\u00f3w spisa\u0142 si\u0119 Stanis\u0142aw Ustupski plasuj\u0105c si\u0119 w kombinacji norweskiej na \u00f3smym miejscu. Dziewi\u0105ta by\u0142a sztafeta biathlonowa 4x7,5 km, kt\u00f3ra wyst\u0105pi\u0142a w sk\u0142adzie: Dariusz Koz\u0142owski, Jan Ziemianin, Jan Wojtas i Krzysztof Sosna), a dziesi\u0105ta sztafeta biegowa 4x5 km (Ma\u0142gorzata Rucha\u0142a, Dorota Kwa\u015bny, Bernardetta Bocek i Halina Nowak.<\/p><p><\/p><\/blockquote>\n<!-- \/wp:quote -->\n\n<!-- wp:paragraph -->\n<p><em>* Wsp\u00f3lnota Niepodleg\u0142ych Pa\u0144stw<\/em><\/p>\n<!-- \/wp:paragraph -->","post_title":"Albertville 1992","post_excerpt":"","post_status":"publish","comment_status":"closed","ping_status":"closed","post_password":"","post_name":"albertville-1992","to_ping":"","pinged":"","post_modified":"2020-10-06 15:12:54","post_modified_gmt":"2020-10-06 13:12:54","post_content_filtered":"","post_parent":0,"guid":"https:\/\/wai-q98d7hpf9hy9k.wpallimport-demo.qsandbox.me\/olympics_winter\/albertville-1992\/","menu_order":0,"post_type":"olympics_winter","post_mime_type":"","comment_count":"0","filter":"raw"}],"competitions_rewards":[{"competition":[{"ID":5838,"post_author":"1","post_date":"2020-06-19 11:32:23","post_date_gmt":"2020-06-19 11:32:23","post_content":"","post_title":"\u0141y\u017cwiarstwo szybkie","post_excerpt":"","post_status":"publish","comment_status":"open","ping_status":"open","post_password":"","post_name":"lyzwiarstwo-szybkie","to_ping":"","pinged":"","post_modified":"2020-06-29 13:13:11","post_modified_gmt":"2020-06-29 11:13:11","post_content_filtered":"","post_parent":0,"guid":"https:\/\/wai-q7byvryhhcz9k.wpallimport-demo.qsandbox.me\/competition\/lyzwiarstwo-szybkie\/","menu_order":0,"post_type":"competition","post_mime_type":"","comment_count":"0","filter":"raw"}],"reward":""}]},{"olimpic":[{"ID":3022,"post_author":"15","post_date":"1994-06-17 13:54:39","post_date_gmt":"1994-06-17 11:54:39","post_content":"<!-- wp:heading {\"level\":1} -->\n<h1><strong>XVII ZIO<\/strong><br>Lillehammer 1994<\/h1>\n<!-- \/wp:heading -->\n\n<!-- wp:paragraph -->\n<p><br><\/p>\n<!-- \/wp:paragraph -->\n\n<!-- wp:image {\"align\":\"left\",\"id\":19382,\"sizeSlug\":\"large\",\"className\":\"is-style-default\"} -->\n<div class=\"wp-block-image is-style-default\"><figure class=\"alignleft size-large\"><img src=\"https:\/\/olimpijski.pl\/wp-content\/uploads\/1994\/06\/lillehammer1994.png\" alt=\"\" class=\"wp-image-19382\"\/><\/figure><\/div>\n<!-- \/wp:image -->\n\n<!-- wp:list -->\n<ul><li>Igrzyska rozegrano w dniach <strong>12-27 lutego<\/strong>.<\/li><li>Wystartowa\u0142o <strong>1737<\/strong> zawodnik\u00f3w (w tym <strong>522<\/strong> kobiety) z <strong>67<\/strong> kraj\u00f3w.<\/li><li>Rozdano <strong>61<\/strong> komplet\u00f3w medali.<\/li><li>Znicz zapali\u0142 <strong>ksi\u0105\u017c\u0119 Norwegii Haakon Magnus<\/strong>.<\/li><li>Igrzyska otworzy\u0142 <strong>kr\u00f3l Norwegii Harald V<\/strong>.<\/li><\/ul>\n<!-- \/wp:list -->\n\n<!-- wp:heading -->\n<h2><strong>Program Igrzysk \u2013 10 dyscyplin i 61 konkurencji<\/strong><\/h2>\n<!-- \/wp:heading -->\n\n<!-- wp:paragraph -->\n<p>biathlon (6 konkurencji), bobsleje (2), hokej na lodzie (1), \u0142y\u017cwiarstwo figurowe (4), \u0142y\u017cwiarstwo szybkie (10), \u0142y\u017cwiarstwo szybkie \u2013 short-track (6), narciarstwo alpejskie (10), narciarstwo klasyczne (15), saneczkarstwo (3), narciarstwo artystyczne (4).<\/p>\n<!-- \/wp:paragraph -->\n\n<!-- wp:heading -->\n<h2><strong>Gwiazdy Igrzysk<\/strong><\/h2>\n<!-- \/wp:heading -->\n\n<!-- wp:paragraph -->\n<p><strong>Lubow Jegorowa<\/strong> (Rosja, biegi narciarskie) \u2013 3 z\u0142ote medale, 1 srebrny<br><strong>Johann Olav Koss<\/strong> (Norwegia, \u0142y\u017cwiarstwo szybkie) \u2013 3 z\u0142ote medale<br><strong>Manuela Di Centa<\/strong> (W\u0142ochy, bieg narciarskie) \u2013 2 z\u0142ote medale, 2 srebrne, 1 br\u0105zowy<br><strong>Bjoern Daehlie<\/strong> (Norwegia, biegi narciarskie) \u2013 2 z\u0142ote medale, 2 srebrne<\/p>\n<!-- \/wp:paragraph -->\n\n<!-- wp:heading -->\n<h2><strong>Polska Reprezentacja Olimpijska<\/strong><\/h2>\n<!-- \/wp:heading -->\n\n<!-- wp:paragraph -->\n<p>28 os\u00f3b (13 kobiet i 15 m\u0119\u017cczyzn) w 5 sportach: 10 biathlonist\u00f3w (w tym 5 kobiet), 3 \u0142y\u017cwiarzy figurowych (w tym 2 kobiety), 5 \u0142y\u017cwiarzy szybkich (w tym 1 kobieta), 8 narciarzy (w tym 5 kobiet), 2 saneczkarzy.<\/p>\n<!-- \/wp:paragraph -->\n\n<!-- wp:paragraph -->\n<p>Chor\u0105\u017cym reprezentacji Polski by\u0142 biathlonista <strong>Tomasz Sikora<\/strong>.<\/p>\n<!-- \/wp:paragraph -->\n\n<!-- wp:heading -->\n<h2><strong>Klasyfikacja medalowa<\/strong><\/h2>\n<!-- \/wp:heading -->\n\n<!-- wp:table {\"hasFixedLayout\":true,\"className\":\"is-style-stripes\"} -->\n<figure class=\"wp-block-table is-style-stripes\"><table class=\"has-fixed-layout\"><tbody><tr><td><\/td><td><\/td><td class=\"has-text-align-center\" data-align=\"center\">&nbsp;<\/td><td class=\"has-text-align-center\" data-align=\"center\">&nbsp;<\/td><td class=\"has-text-align-center\" data-align=\"center\">&nbsp;<\/td><td class=\"has-text-align-center\" data-align=\"center\">&nbsp;<\/td><\/tr><tr><td>&nbsp;<\/td><td>&nbsp;<\/td><td class=\"has-text-align-center\" data-align=\"center\">&nbsp;<\/td><td class=\"has-text-align-center\" data-align=\"center\"><img class=\"wp-image-26068\" style=\"width: 50px;\" src=\"https:\/\/olimpijski.pl\/wp-content\/uploads\/1948\/06\/2008_Pekin_zloty_50x50.jpg\" alt=\"\"><\/td><td class=\"has-text-align-center\" data-align=\"center\"><img class=\"wp-image-26071\" style=\"width: 50px;\" src=\"https:\/\/olimpijski.pl\/wp-content\/uploads\/1948\/06\/2008_Pekin_sreb_50x50.jpg\" alt=\"\"><\/td><td class=\"has-text-align-center\" data-align=\"center\"><img class=\"wp-image-26073\" style=\"width: 50px;\" src=\"https:\/\/olimpijski.pl\/wp-content\/uploads\/1948\/06\/2008_Pekin_braz_50x50.jpg\" alt=\"\"><\/td><\/tr><tr><td>1.<\/td><td>Rosja<\/td><td class=\"has-text-align-center\" data-align=\"center\">23<\/td><td class=\"has-text-align-center\" data-align=\"center\">11<\/td><td class=\"has-text-align-center\" data-align=\"center\">8<\/td><td class=\"has-text-align-center\" data-align=\"center\">4<\/td><\/tr><tr><td>2.<\/td><td>Norwegia<\/td><td class=\"has-text-align-center\" data-align=\"center\">26<\/td><td class=\"has-text-align-center\" data-align=\"center\">10<\/td><td class=\"has-text-align-center\" data-align=\"center\">11<\/td><td class=\"has-text-align-center\" data-align=\"center\">5<\/td><\/tr><tr><td>3.<\/td><td>Niemcy<\/td><td class=\"has-text-align-center\" data-align=\"center\">24<\/td><td class=\"has-text-align-center\" data-align=\"center\">9<\/td><td class=\"has-text-align-center\" data-align=\"center\">7<\/td><td class=\"has-text-align-center\" data-align=\"center\">8<\/td><\/tr><tr><td>...<\/td><td>&nbsp;<\/td><td class=\"has-text-align-center\" data-align=\"center\">&nbsp;<\/td><td class=\"has-text-align-center\" data-align=\"center\">&nbsp;<\/td><td class=\"has-text-align-center\" data-align=\"center\">&nbsp;<\/td><td class=\"has-text-align-center\" data-align=\"center\">&nbsp;<\/td><\/tr><tr><td>&nbsp;<\/td><td><strong>Polska<\/strong><\/td><td class=\"has-text-align-center\" data-align=\"center\"><strong>0<\/strong><\/td><td class=\"has-text-align-center\" data-align=\"center\"><strong>0<\/strong><\/td><td class=\"has-text-align-center\" data-align=\"center\"><strong>0<\/strong><\/td><td class=\"has-text-align-center\" data-align=\"center\"><strong>0<\/strong><\/td><\/tr><\/tbody><\/table><\/figure>\n<!-- \/wp:table -->\n\n<!-- wp:quote {\"className\":\"is-style-default\"} -->\n<blockquote class=\"wp-block-quote is-style-default\"><p>Najlepiej z bia\u0142o-czerwonych spisa\u0142 si\u0119 Jaromir Radke zajmuj\u0105c pi\u0105te miejsce na 10 000 m oraz si\u00f3dme na 5 000 m. Tylko w tych czterech konkurencjach Polacy zdo\u0142ali zmie\u015bci\u0107 si\u0119 w czo\u0142owej dziesi\u0105tce.<\/p><p>W finale turnieju hokeja Szwecja pokona\u0142a po karnych 3:2 Kanad\u0119 zdobywaj\u0105c po raz pierwszy w historii z\u0142oty medal.<\/p><p>Podczas igrzysk zarejestrowano 12 mln po\u0142\u0105cze\u0144 telefonicznych, w tym 2 mln z telefon\u00f3w kom\u00f3rkowych. Zainteresowanie igrzyskami by\u0142o ogromne Na obiektach w Gjoevik, Hafjell, Hamar, Hundertfossen, Kvitfjell i Lillehammer zmagania obserwowa\u0142o ponad 1 750 mln widz\u00f3w.<\/p><\/blockquote>\n<!-- \/wp:quote -->","post_title":"Lillehammer 1994","post_excerpt":"","post_status":"publish","comment_status":"closed","ping_status":"closed","post_password":"","post_name":"lillehammer-1994","to_ping":"","pinged":"","post_modified":"2020-09-30 12:31:51","post_modified_gmt":"2020-09-30 10:31:51","post_content_filtered":"","post_parent":0,"guid":"https:\/\/wai-q98d7hpf9hy9k.wpallimport-demo.qsandbox.me\/olympics_winter\/lillehammer-1994\/","menu_order":0,"post_type":"olympics_winter","post_mime_type":"","comment_count":"0","filter":"raw"}],"competitions_rewards":[{"competition":[{"ID":5838,"post_author":"1","post_date":"2020-06-19 11:32:23","post_date_gmt":"2020-06-19 11:32:23","post_content":"","post_title":"\u0141y\u017cwiarstwo szybkie","post_excerpt":"","post_status":"publish","comment_status":"open","ping_status":"open","post_password":"","post_name":"lyzwiarstwo-szybkie","to_ping":"","pinged":"","post_modified":"2020-06-29 13:13:11","post_modified_gmt":"2020-06-29 11:13:11","post_content_filtered":"","post_parent":0,"guid":"https:\/\/wai-q7byvryhhcz9k.wpallimport-demo.qsandbox.me\/competition\/lyzwiarstwo-szybkie\/","menu_order":0,"post_type":"competition","post_mime_type":"","comment_count":"0","filter":"raw"}],"reward":""},{"competition":null,"reward":""}]}],"picture":{"ID":21386,"id":21386,"title":"Radke_Jaromir_m","filename":"Radke_Jaromir_m.jpg","filesize":1826,"url":"https:\/\/olimpijski.pl\/wp-content\/uploads\/2020\/06\/Radke_Jaromir_m.jpg","link":"https:\/\/olimpijski.pl\/en\/olimpijczycy\/jaromir-radke\/radke_jaromir_m\/#main","alt":"","author":"1","description":"","caption":"","name":"radke_jaromir_m","status":"inherit","uploaded_to":14857,"date":"2020-08-07 08:23:49","modified":"2020-08-07 08:23:49","menu_order":0,"mime_type":"image\/jpeg","type":"image","subtype":"jpeg","icon":"https:\/\/olimpijski.pl\/wp-includes\/images\/media\/default.png","width":50,"height":50,"sizes":{"thumbnail":"https:\/\/olimpijski.pl\/wp-content\/uploads\/2020\/06\/Radke_Jaromir_m.jpg","thumbnail-width":50,"thumbnail-height":50,"medium":"https:\/\/olimpijski.pl\/wp-content\/uploads\/2020\/06\/Radke_Jaromir_m.jpg","medium-width":50,"medium-height":50,"medium_large":"https:\/\/olimpijski.pl\/wp-content\/uploads\/2020\/06\/Radke_Jaromir_m.jpg","medium_large-width":50,"medium_large-height":50,"large":"https:\/\/olimpijski.pl\/wp-content\/uploads\/2020\/06\/Radke_Jaromir_m.jpg","large-width":50,"large-height":50,"1536x1536":"https:\/\/olimpijski.pl\/wp-content\/uploads\/2020\/06\/Radke_Jaromir_m.jpg","1536x1536-width":50,"1536x1536-height":50,"2048x2048":"https:\/\/olimpijski.pl\/wp-content\/uploads\/2020\/06\/Radke_Jaromir_m.jpg","2048x2048-width":50,"2048x2048-height":50,"ultp_layout_landscape_large":"https:\/\/olimpijski.pl\/wp-content\/uploads\/2020\/06\/Radke_Jaromir_m.jpg","ultp_layout_landscape_large-width":50,"ultp_layout_landscape_large-height":50,"ultp_layout_landscape":"https:\/\/olimpijski.pl\/wp-content\/uploads\/2020\/06\/Radke_Jaromir_m.jpg","ultp_layout_landscape-width":50,"ultp_layout_landscape-height":50,"ultp_layout_portrait":"https:\/\/olimpijski.pl\/wp-content\/uploads\/2020\/06\/Radke_Jaromir_m.jpg","ultp_layout_portrait-width":50,"ultp_layout_portrait-height":50,"ultp_layout_square":"https:\/\/olimpijski.pl\/wp-content\/uploads\/2020\/06\/Radke_Jaromir_m.jpg","ultp_layout_square-width":50,"ultp_layout_square-height":50}},"firstname":"Jaromir","lastname":"Radke","birthdate_date":"28\/05\/1969","birthdate":"28 maja 1969","deathdate_date":"","deathdate":"","placeofbirth":"","club":"","coach":"","metrics":"","seolink":"radke-jaromir","tmp_old_id":"14334","tmp_old_fid":"294","tmp_old_parent_id":"15544","createdate":"06\/11\/2013","tmp_old_title":"Radke Jaromir","tmp_old_lead":"","tmp_old_body":"<p class=\"title-m-02\">RADKE JAROMIR<\/p><table  border=\"0\" align=\"LEFT\" cellpadding=\"0\" cellspacing=\"0\"> <tr> <td class=\"photo-td-01\"><table  border=\"0\" cellspacing=\"0\" cellpadding=\"0\"> <tr>  <td><img src=\"files\/old\/i\/olimpijczycy\/Radke_Jaromir_m.jpg\" alt=\"RADKE JAROMIR\" border=\"0\" width=\"50\" height=\"50\"><\/td> <\/tr> <\/table><\/td><\/tr><\/table><p><strong>konserwator obiekt\u00f3w sportowych, \u0142y\u017cwiarz z Tomaszowa Mazowieckiego, jeden z najlepszych d\u0142ugodystansowc\u00f3w w historii tego sportu w Polsce, wielokrotny mistrz i rekordzista kraju, olimpijczyk z Albertville (1992) i Lillehammer (1994).<br\/><\/strong><br\/>Urodzony 28 maja 1969 w Tomaszowie Mazowieckim, syn S\u0142awomira i Anny Janowskiej, absolwent miejscowej Zasadniczej Szko\u0142y Zawodowej (elektryk). \u0141y\u017cwiarz szybki (183 cm, 85 kg), reprezentant miejscowej Pilicy (od 1984), wychowanek Bogdana Drozdowskiego, podopieczny trenera Wies\u0142awa Kmiecika. Kontynuator pi\u0119knych sportowych tradycji Tomaszowa Mazowieckiego (Jan Szczepa\u0144ski, Edward Skorek, Stanis\u0142awa Pietruszczak), jako 15-latek po\u0142kn\u0105\u0142 \u0142y\u017cwiarskiego bakcyla i czyni\u0105c szybkie post\u0119py awansowa\u0142 wraz z kolegami do kadry narodowej junior\u00f3w. \"Ch\u0142opc\u00f3w Drozdowskiego\" z Tomaszowa ceniono tam nie tylko za pracowito\u015b\u0107, \u0142adny styl jazdy, ale tak\u017ce za mi\u0142y i kulturalny spos\u00f3b bycia. Na \"dzie\u0144 dobry\" sportowej kariery zdoby\u0142 <strong>dwa tytu\u0142y mistrza Polski junior\u00f3w<\/strong> (1987, 1988) i\u00a0br\u0105zowy medal M\u015a (1987) w Stromsund na 5000 m.\u00a0Potem, w doros\u0142ym ju\u017c \u017cyciu \u0142y\u017cwiarza, by\u0142 jeszcze rok start\u00f3w (1994), kt\u00f3ry bardzo si\u0119 liczy\u0142 w tak obiecuj\u0105co zacz\u0119tej karierze. Wicemistrzostwo Europy na 5 km, br\u0105zowy medal na mistrzostwach \u015bwiata na tym samym dystansie, oraz dwukrotnie punktowane miejsca w wy\u015bcigach na 5 i 10 km podczas IO w Lillehammer. Takich wynik\u00f3w przed nim nie mia\u0142 \u017caden Polak. Nawet Janusz Kalbarczyk.\u00a0Tomaszowianin uzyska\u0142 w\u00f3wczas sta\u0142\u0105 przepustk\u0119 do \u015bwiatowej elity. Ale dalszego kroku ku niej ju\u017c nie zrobi\u0142, cho\u0107 wydawa\u0107 si\u0119 mog\u0142o, \u017ce ma ku temu pe\u0142ne podstawy (chyba jednak nie warunki). Iskierk\u0105 nadziei by\u0142 jeszcze w roku 2000 rekord Polski na 5 km z doskona\u0142ym czasem 6.35,22 i rekordy \u017cyciowe na innych dystansach (2001), ale by\u0142 to niestety \u0142ab\u0119dzi \u015bpiew ponad trzydziestoletniego mistrza, kt\u00f3ry mia\u0142 ju\u017c swojego nast\u0119pc\u0119 (Pawe\u0142 Zygmunt). Ale dla \u0142y\u017cwiarstwa zrobi\u0142 bardzo wiele. <strong>26-krotny mistrz Polski:<\/strong> na 1000 m (1995), 1500 m (1991), 5000 m (1989-1991, 1993-1997, 1999), 10000 m (1991-1997, 1999, 2000) i w wieloboju (1989-1991, 1993, 1995, 1997) i <strong>2-krotny wicemistrz kraju<\/strong> w wieloboju (1994, 1996). <strong>Zdobywca 3 tzw. ma\u0142ych medali M\u015a i ME<\/strong> w biegach do wieloboju: M\u015a 1994 G\u00f6teborg (3-5000 m), ME 1994 Hamar (2-5000 m, 3 - 10000 m). <strong>Uczestnik M\u015a:<\/strong> wielob\u00f3j, 1989 Oslo: 16 m., 1991 Heerenveen: 13 m., 1992 Calgary, 1994 G\u00f6teborg: 12 m., 1995 Baselga di Pine, 1997 Nagano - poza \"16\"; dystanse, 1996 Inzell: 11 m. (5000 m), 12 m. (10000 m), 1999 Hamar: 14 m. (10000 m), 2000 Milwaukee: 14 m. (10000 m), 2001 Budapeszt: 14 m. (10000 m). <strong>Uczestnik ME:<\/strong> wielob\u00f3j, 1989 G\u00f6teborg: 16 m., 1990 Heerenveen: 14 m., 1991 Sarajewo: 11 m., 1992 Heerenveen: 15 m., 1993 Heerenveen: 11 m., 1994 Hamar: 8 m., 1995 Heerenveen: 11 m.; 1996-2000\u00a0 - poza \"16\". <strong>Uczestnik P\u015a:<\/strong> 5000 i 10000 m, 1994: 5 m., 2001: 15 m. <strong>15-krotny rekordzista Polski:<\/strong> 3000 m - 2 x (od 4.03,61 w 1989 do 4.02,87 w 1997); 5000 m - 8 x (od 7.04.15 w 1989 do 6.35,22 w 2000), 10000 m - 2 x (od 14.16,73 w 1990 do 13.54,32 w 1994), wielob\u00f3j du\u017cy - 3 x (od 165,409 w 1990 do 161,221 w 1994). <strong>Rekordy \u017cyciowe:<\/strong> 1000 m - 1.16,23 (23 stycznia 2000 Calgary), 1500 m - 1.55,40 (4 marca 2001 Calgary), 3000 m - 4.02,87 (9 stycznia 1997 Calgary), 5000 m - 6.34,52 (2 marca 2001 Calgary), 10000 m - 13.38,43 (26 listopada 2000 Heerenveen), wielob\u00f3j du\u017cy - 161,221(9 stycznia 1994 Hamar), wielob\u00f3j ma\u0142y - 165,149 (31 marca 1990 Medeo). Odznaczony m. in. srebrnym Medalem za Wybitne Osi\u0105gni\u0119cia Sportowe. \u017bonaty (Renata), ma syna Bartka (1996) i c\u00f3rk\u0119 Zuzann\u0119 (2002). Mieszka w Tomaszowie Mazowieckim.<br\/><br\/>Bibl.: G\u0142uszek, Leksykon 1999, s. 307; Pawlak, Olimpijczycy, s. 212; Ziele\u015bkiewicz, Encyklopedia, s. 175, 332, 333, 335; \u0141y\u017cwiarski jubileusz, s. 229-231, 274, 276.<br\/><strong>*1992 Albertville: 5000 m<\/strong> - 16 m. na 36 zaw. z czasem 7.18,40 (zw. G. Karlstad, Norwegia - 6.59,97); <strong>10000 m.<\/strong> - 14 m. na 30 start. z czasem 14.42,60 (zw. B. Veldkamp, Holandia - 14.12,12).<br\/><strong>*1994 Lillehammer: 5000 m<\/strong> - 7 m. na 32 start. z czasem 6.50,40 (zw. J. O. Koss, Norwegia - 6.34,96); <strong>10000 m.<\/strong> - 5 m. na 16 start. z wynikiem 14.03,84 (zw. J. O. Koss, Norwegia - 13.30,56).<br\/><\/p><!-- history --><table width=\"85%\" style=\"text-align:right\" border=\"0\" cellspacing=\"0\" cellpadding=\"0\">  <tr>    <td align=\"right\" class=\"box3-title\"><a href=\"javascript:history.back()\">\u00ab powr\u00f3t do listy<\/a><\/td>  <\/tr><\/table>","tmp_old_body_img":false,"tmp_old_lead_img":false,"picture_medalists":false,"important":"","person_achivments":""},"_links":{"self":[{"href":"https:\/\/olimpijski.pl\/en\/wp-json\/wp\/v2\/person\/14857"}],"collection":[{"href":"https:\/\/olimpijski.pl\/en\/wp-json\/wp\/v2\/person"}],"about":[{"href":"https:\/\/olimpijski.pl\/en\/wp-json\/wp\/v2\/types\/person"}],"version-history":[{"count":0,"href":"https:\/\/olimpijski.pl\/en\/wp-json\/wp\/v2\/person\/14857\/revisions"}],"wp:featuredmedia":[{"embeddable":true,"href":"https:\/\/olimpijski.pl\/en\/wp-json\/wp\/v2\/media\/21386"}],"wp:attachment":[{"href":"https:\/\/olimpijski.pl\/en\/wp-json\/wp\/v2\/media?parent=14857"}],"curies":[{"name":"wp","href":"https:\/\/api.w.org\/{rel}","templated":true}]}}