{"id":14859,"date":"2020-06-24T16:50:30","date_gmt":"2020-06-24T14:50:30","guid":{"rendered":"http:\/\/pkol.local\/person\/andrzej-radomski\/"},"modified":"2022-08-24T19:10:06","modified_gmt":"2022-08-24T17:10:06","slug":"andrzej-radomski","status":"publish","type":"person","link":"https:\/\/olimpijski.pl\/en\/olimpijczycy\/andrzej-radomski\/","title":{"rendered":"Andrzej Radomski"},"content":{"rendered":"\n<p><br><br><br><strong>Mistrz Polski, srebrny medalista mistrzostw Europy, olimpijczyk z Seulu (1988) i Barcelony (1992).<\/strong><\/p>\n\n\n\n<p>Urodzi\u0142 si\u0119 w Koszalinie w 1961 roku. Zapa\u015bnik (186 cm\/100 kg) stylu wolnego (wagi \u015bredniej 82 kg i ci\u0119\u017ckiej 100 kg). Zawodnik: KS Budowlani Koszalin, WKS Grunwald Pozna\u0144. Trenerzy: Marian Kobierski (pierwszy trener), Lech Sobieraj, Zygmunt Kret, Eugeniusz Najmark, Leszek Ciota.<\/p>\n\n\n\n<p>5-krotny mistrz Polski: (1986, 1987, 1988, 1990, 1992), 4-krotny br\u0105zowy medalista MP (1983, 1984, 1985, 1991).<\/p>\n\n\n\n<p>Wicemistrz Europy 1991 (100 kg), finalista mistrzostw \u015bwiata 1987 (4.), 1989 (5.), 1990 (4.), 1991 (6.) i mistrzostw Europy 1988 (4.), 1991 (4.).<\/p>\n\n\n\n<p>2-krotny olimpijczyk: Seul (1988) \u2013 styl wolny, waga \u015brednia, 82 kg \u2013 5. miejsce, Barcelona (1992) \u2013 styl wolny, waga ci\u0119\u017cka 100 kg \u2013 5. miejsce.<\/p>\n\n\n\n<p>W 2011 roku (w wieku 50 lat), zadebiutowa\u0142 w zawodowych mieszanych sztukach walki (MMA). Podczas gali w Koszalinie pokona\u0142 przez poddanie w 1. rundzie ponad 20 lat m\u0142odszego rywala. Trzy lata p\u00f3\u017aniej podczas mistrzostw Europy 2014 zdoby\u0142 z\u0142oty medal w brazylijskim jiu-jutsu w kategorii open.<\/p>\n\n\n\n<p><strong>*1988 Seul: zapasy, styl wolny, w. \u015brednia 82 kg<\/strong> &#8211; w pierwszej kolejce przegra\u0142 na punkty z A. Trikiem (RFN), w drugiej pokona\u0142 na pkt. A. Nanewa (Bu\u0142garia), w trzeciej uleg\u0142 na pkt. M. Shultzowi (USA) i odp. z turnieju (zw. Myung-Woo Han, Korea).<\/p>\n\n\n\n<p><strong>*1992 Barcelona: zapasy, styl wolny, w. ci\u0119\u017cka 100 kg<\/strong> &#8211; w pierwszej kolejce zwyci\u0119\u017cy\u0142 w 4.56 min. A. \u017bawk\u0142antugsa (Mongolia), w drugiej wygra\u0142 w 2.05 min. z A. Dioufem (Senegal), w trzeciej pokona\u0142 w 2.07 min. M. Gutierreza (EUN), w czwartej przegra\u0142 na pkt. z A. Kayalim (Turcja), w pi\u0105tej uleg\u0142 na pkt. L. Chabie\u0142owowi (WNP); w walce o m. 5-6 zwyci\u0119\u017cy\u0142 na pkt. S. Verma (Indie) zajmuj\u0105c ostatecznie w turnieju 5 m. (zw. Chabie\u0142ow).<\/p>\n","protected":false},"excerpt":{"rendered":"<p>Mistrz Polski, srebrny medalista mistrzostw Europy, olimpijczyk z Seulu (1988) i Barcelony (1992). &#8230; <a class=\"read-more\" href=\"https:\/\/olimpijski.pl\/en\/olimpijczycy\/andrzej-radomski\/\">Czytaj dalej<\/a><\/p>\n","protected":false},"featured_media":36461,"menu_order":60,"template":"","meta":{"_acf_changed":false,"ub_ctt_via":"","footnotes":""},"class_list":["post-14859","person","type-person","status-publish","has-post-thumbnail","hentry","infinite-scroll-item","no-featured-image-padding","resize-featured-image"],"acf":{"olimpic_information":[{"olimpic":[{"ID":297,"post_author":"1","post_date":"1988-06-17 13:34:45","post_date_gmt":"1988-06-17 11:34:45","post_content":"<!-- wp:heading {\"level\":1,\"className\":\"main-title\"} -->\n<h1 class=\"main-title\"><strong>Igrzyska XXIV Olimpiady<\/strong><br>Seul 1988<\/h1>\n<!-- \/wp:heading -->\n\n<!-- wp:paragraph -->\n<p><br><\/p>\n<!-- \/wp:paragraph -->\n\n<!-- wp:image {\"align\":\"left\",\"id\":19352,\"sizeSlug\":\"large\",\"className\":\"is-style-default\"} -->\n<div class=\"wp-block-image is-style-default\"><figure class=\"alignleft size-large\"><img src=\"https:\/\/olimpijski.pl\/wp-content\/uploads\/1988\/06\/seul1988.png\" alt=\"\" class=\"wp-image-19352\"\/><\/figure><\/div>\n<!-- \/wp:image -->\n\n<!-- wp:list -->\n<ul><li>Igrzyska rozegrano w dniach <strong>17 wrze\u015bnia \u2013 2 pa\u017adziernika<\/strong>.<\/li><li>Wystartowa\u0142o <strong>8391<\/strong> zawodnik\u00f3w (w tym <strong>2194<\/strong> kobiety) ze <strong>153<\/strong> kraj\u00f3w.<\/li><li>Rozdano <strong>237<\/strong> komplet\u00f3w medali.<\/li><li>Przysi\u0119g\u0119 olimpijsk\u0105 w imieniu sportowc\u00f3w z\u0142o\u017cy\u0142 koszykarz <strong>Jae Hur<\/strong>, natomiast w imieniu s\u0119dzi\u00f3w i trener\u00f3w \u2013 <strong>Hak-rae Lee<\/strong>.<\/li><li>Znicz zapalili: nauczyciel <strong>Sun-man Chung<\/strong>, tancerz <strong>Mi-chung Sohn<\/strong> i marato\u0144czyk <strong>Won-Tak Kim<\/strong>.<\/li><li>Igrzyska otworzy\u0142 <strong>prezydent Korei Po\u0142udniowej Tae Woo Roh<\/strong>.<\/li><\/ul>\n<!-- \/wp:list -->\n\n<!-- wp:heading -->\n<h2><strong>Program Igrzysk \u2013 26 dyscyplin, 237 konkurencji<\/strong><\/h2>\n<!-- \/wp:heading -->\n\n<!-- wp:paragraph -->\n<p>boks (12 konkurencji), gimnastyka (15), hokej na trawie (2), je\u017adziectwo (6), judo (7), kajakarstwo (12), kolarstwo (9), koszyk\u00f3wka (2), lekkoatletyka (42), \u0142ucznictwo (4), pi\u0119ciob\u00f3j nowoczesny (2), pi\u0142ka no\u017cna (1), pi\u0142ka r\u0119czna (2), pi\u0142ka siatkowa (2), pi\u0142ka wodna (1), p\u0142ywanie (31), p\u0142ywanie synchroniczne (2), podnoszenie ci\u0119\u017car\u00f3w (10), skoki do wody (4), strzelectwo (13), szermierka (8), tenis (4), tenis sto\u0142owy (4), wio\u015blarstwo (14), zapasy (20), \u017ceglarstwo (8).<\/p>\n<!-- \/wp:paragraph -->\n\n<!-- wp:heading -->\n<h2><strong>Gwiazdy Igrzysk<\/strong><\/h2>\n<!-- \/wp:heading -->\n\n<!-- wp:paragraph -->\n<p><strong>Matthew Nicholas Biondi<\/strong> (USA, p\u0142ywanie) \u2013 5 z\u0142otych medali, 1 srebrny, 1 br\u0105zowy<br><strong>Kristin Otto<\/strong> (NRD, p\u0142ywanie) \u2013 6 z\u0142otych medali<\/p>\n<!-- \/wp:paragraph -->\n\n<!-- wp:heading -->\n<h2><strong>Polska Reprezentacja Olimpijska<\/strong><\/h2>\n<!-- \/wp:heading -->\n\n<!-- wp:paragraph -->\n<p>147 os\u00f3b (startowa\u0142y 143 \u2013 32 kobiety i 111 m\u0119\u017cczyzn) w 19 sportach: 7 bokser\u00f3w, 2 gimnastyczki artystyczne, 5 je\u017ad\u017ac\u00f3w (4 startowa\u0142o, 1 nie), 6 judok\u00f3w, 13 kajakarzy (w tym 5 kobiet; 12 startowa\u0142o, 1 nie), 12 kolarzy (11 startowa\u0142o + 1 rez.), 21 lekkoatlet\u00f3w (w tym 9 kobiet), 3 \u0142uczniczki, 4 pi\u0119cioboist\u00f3w (3 startowa\u0142o + 1 rez.), 5 p\u0142ywak\u00f3w (w tym 2 kobiety), 1 skoczek do wody, 7 ci\u0119\u017carowc\u00f3w, 6 strzelc\u00f3w (w tym 1 kobieta), 18 szermierzy (w tym 5 kobiet), 1 tenisista, 3 tenisist\u00f3w sto\u0142owych, 13 wio\u015blarzy (w tym 5 kobiet), 18 zapa\u015bnik\u00f3w, 2 \u017ceglarzy.<\/p>\n<!-- \/wp:paragraph -->\n\n<!-- wp:paragraph -->\n<p>Chor\u0105\u017cym reprezentacji Polski by\u0142 zapa\u015bnik w stylu klasycznym <strong>Bogdan Daras<\/strong>.<\/p>\n<!-- \/wp:paragraph -->\n\n<!-- wp:heading -->\n<h2><strong>Klasyfikacja medalowa<\/strong><\/h2>\n<!-- \/wp:heading -->\n\n<!-- wp:table {\"hasFixedLayout\":true,\"className\":\"is-style-stripes\"} -->\n<figure class=\"wp-block-table is-style-stripes\"><table class=\"has-fixed-layout\"><tbody><tr><td><\/td><td><\/td><td class=\"has-text-align-center\" data-align=\"center\">&nbsp;<\/td><td class=\"has-text-align-center\" data-align=\"center\">&nbsp;<\/td><td class=\"has-text-align-center\" data-align=\"center\">&nbsp;<\/td><td class=\"has-text-align-center\" data-align=\"center\">&nbsp;<\/td><\/tr><tr><td>&nbsp;<\/td><td>&nbsp;<\/td><td class=\"has-text-align-center\" data-align=\"center\">&nbsp;<\/td><td class=\"has-text-align-center\" data-align=\"center\"><img class=\"wp-image-27817\" style=\"width: 50px;\" src=\"https:\/\/olimpijski.pl\/wp-content\/uploads\/2016\/06\/2016_Rio_zloty_50x50.jpg\" alt=\"\"><\/td><td class=\"has-text-align-center\" data-align=\"center\"><img class=\"wp-image-27819\" style=\"width: 50px;\" src=\"https:\/\/olimpijski.pl\/wp-content\/uploads\/2016\/06\/2016_Rio_sreb_50x50.jpg\" alt=\"\"><\/td><td class=\"has-text-align-center\" data-align=\"center\"><img class=\"wp-image-27821\" style=\"width: 50px;\" src=\"https:\/\/olimpijski.pl\/wp-content\/uploads\/2016\/06\/2016_Rio_braz_50x50.jpg\" alt=\"\"><\/td><\/tr><tr><td>1.<\/td><td>ZSRR<\/td><td class=\"has-text-align-center\" data-align=\"center\">132<\/td><td class=\"has-text-align-center\" data-align=\"center\">55<\/td><td class=\"has-text-align-center\" data-align=\"center\">31<\/td><td class=\"has-text-align-center\" data-align=\"center\">46<\/td><\/tr><tr><td>2.<\/td><td>NRD<\/td><td class=\"has-text-align-center\" data-align=\"center\">102<\/td><td class=\"has-text-align-center\" data-align=\"center\">37<\/td><td class=\"has-text-align-center\" data-align=\"center\">35<\/td><td class=\"has-text-align-center\" data-align=\"center\">30<\/td><\/tr><tr><td>3.<\/td><td>USA<\/td><td class=\"has-text-align-center\" data-align=\"center\">94<\/td><td class=\"has-text-align-center\" data-align=\"center\">36<\/td><td class=\"has-text-align-center\" data-align=\"center\">31<\/td><td class=\"has-text-align-center\" data-align=\"center\">27<\/td><\/tr><tr><td>...<\/td><td>&nbsp;<\/td><td class=\"has-text-align-center\" data-align=\"center\">&nbsp;<\/td><td class=\"has-text-align-center\" data-align=\"center\">&nbsp;<\/td><td class=\"has-text-align-center\" data-align=\"center\">&nbsp;<\/td><td class=\"has-text-align-center\" data-align=\"center\">&nbsp;<\/td><\/tr><tr><td><strong>20.<\/strong><\/td><td><strong>Polska<\/strong><\/td><td class=\"has-text-align-center\" data-align=\"center\"><strong>16<\/strong><\/td><td class=\"has-text-align-center\" data-align=\"center\"><strong>2<\/strong><\/td><td class=\"has-text-align-center\" data-align=\"center\"><strong>5<\/strong><\/td><td class=\"has-text-align-center\" data-align=\"center\"><strong>9<\/strong><\/td><\/tr><\/tbody><\/table><\/figure>\n<!-- \/wp:table -->\n\n<!-- wp:heading -->\n<h2><strong>Medale dla Polski (16)<\/strong><\/h2>\n<!-- \/wp:heading -->\n\n<!-- wp:paragraph -->\n<p>z\u0142oty - Waldemar Legie\u0144 (judo - waga lekko\u015brednia - 78 kg)<br>z\u0142oty - Andrzej Wro\u0144ski (zapasy - styl klasyczny - waga 100 kg)<\/p>\n<!-- \/wp:paragraph -->\n\n<!-- wp:paragraph -->\n<p>srebrny - Janusz Paw\u0142owski (judo - waga 65 kg)<br>srebrny - Janusz Olech (szermierka - turniej indywidualny szablist\u00f3w)<br>srebrny - Andrzej G\u0142\u0105b (zapasy - styl klasyczny - waga 48 kg)<br>srebrny - Marek Dopiera\u0142a i Marek \u0141bik (kajakarstwo - C2 na 500 m)<br>srebrny - Joachim Halupczok, Zenon Jasku\u0142a, Marek Le\u015bniewski, Andrzej Sypytkowski - wy\u015bcig (kolarstwo - dru\u017cynowy wy\u015bcig szosowy na 100 km)<br><br>br\u0105zowy - Jan Dydak (boks - waga p\u00f3\u0142\u015brednia)<br>br\u0105zowy - Henryk Petrich (boks - waga p\u00f3\u0142ci\u0119\u017cka)<br>br\u0105zowy - Andrzej Go\u0142ota (boks - waga ci\u0119\u017cka)<br>br\u0105zowy - Janusz Zarenkiewicz (boks - waga superci\u0119\u017cka)<br>br\u0105zowy - Marek \u0141bik, Marek Dopiera\u0142a (kajakarstwo - C2 na 1000 m)<br>br\u0105zowy - Izabela Dylewska (kajakarstwo K1 na 500 m)<br>br\u0105zowy - Artur Wojdat (p\u0142ywanie - wy\u015bcig na 400 m stylem dowolnym)<br>br\u0105zowy - S\u0142awomir Zawada (podnoszenie ci\u0119\u017car\u00f3w - waga 90 kg)<br>br\u0105zowy - J\u00f3zef Tracz (zapasy - styl klasyczny - waga 74 kg)<\/p>\n<!-- \/wp:paragraph -->\n\n<!-- wp:quote {\"className\":\"is-style-default\"} -->\n<blockquote class=\"wp-block-quote is-style-default\"><p>W imprezie zadebiutowa\u0142y: Aruba, Samoa Ameryka\u0144skie, Wyspy Cooka, Malediwy, Vanuatu, Saint Vincent i Grenadyny, Jemen Po\u0142udniowy i Guam. Do programu powr\u00f3ci\u0142 tenis, a now\u0105 dyscyplin\u0105 zosta\u0142 tenis sto\u0142owy. Dyscyplinami pokazowymi by\u0142y: badminton, baseball, judo kobiet, kr\u0119gle, taekwondo i wy\u015bcig na w\u00f3zkach inwalidzkich.<\/p><p>Przed igrzyskami w\u0142adze KRL-D wysuwa\u0142y \u017c\u0105dania pod adresem MKOl, dotycz\u0105ce przyznania imprezy obu Koreom. Propozycje olimpijskiej centrali w\u0142adze Korei P\u00f3\u0142nocnej uzna\u0142y za niewystarczaj\u0105ce i postanowi\u0142y nie wysy\u0142a\u0107 do Seulu swojej reprezentacji. Na znak solidarno\u015bci do bojkotu przy\u0142\u0105czy\u0142y si\u0119 Kuba i Etiopia.<\/p><\/blockquote>\n<!-- \/wp:quote -->","post_title":"Seul 1988","post_excerpt":"","post_status":"publish","comment_status":"closed","ping_status":"closed","post_password":"","post_name":"seul-1988","to_ping":"","pinged":"","post_modified":"2020-09-28 15:20:40","post_modified_gmt":"2020-09-28 13:20:40","post_content_filtered":"","post_parent":0,"guid":"https:\/\/wai-q98d7hpf9hy9k.wpallimport-demo.qsandbox.me\/olympics_summer\/seul-1988\/","menu_order":0,"post_type":"olympics_summer","post_mime_type":"","comment_count":"0","filter":"raw"}],"competitions_rewards":[{"competition":[{"ID":5854,"post_author":"1","post_date":"2020-06-19 11:32:26","post_date_gmt":"2020-06-19 11:32:26","post_content":"","post_title":"Zapasy","post_excerpt":"","post_status":"publish","comment_status":"open","ping_status":"open","post_password":"","post_name":"zapasy","to_ping":"","pinged":"","post_modified":"2020-06-29 13:17:09","post_modified_gmt":"2020-06-29 11:17:09","post_content_filtered":"","post_parent":0,"guid":"https:\/\/wai-q7byvryhhcz9k.wpallimport-demo.qsandbox.me\/competition\/zapasy\/","menu_order":0,"post_type":"competition","post_mime_type":"","comment_count":"0","filter":"raw"}],"reward":""}]},{"olimpic":[{"ID":296,"post_author":"1","post_date":"1992-06-17 13:34:45","post_date_gmt":"1992-06-17 11:34:45","post_content":"<!-- wp:heading {\"level\":1,\"className\":\"main-title\"} -->\n<h1 class=\"main-title\"><strong>Igrzyska XXV Olimpiady<\/strong><br>Barcelona 1992<\/h1>\n<!-- \/wp:heading -->\n\n<!-- wp:paragraph -->\n<p><br><\/p>\n<!-- \/wp:paragraph -->\n\n<!-- wp:image {\"align\":\"left\",\"id\":19314,\"sizeSlug\":\"large\",\"className\":\"is-style-default\"} -->\n<div class=\"wp-block-image is-style-default\"><figure class=\"alignleft size-large\"><img src=\"https:\/\/olimpijski.pl\/wp-content\/uploads\/1992\/06\/barcelona1992.png\" alt=\"\" class=\"wp-image-19314\"\/><\/figure><\/div>\n<!-- \/wp:image -->\n\n<!-- wp:list -->\n<ul><li>Igrzyska rozegrano w dniach <strong>25 lipca \u2013 9 sierpnia<\/strong>.<\/li><li>Wystartowa\u0142o <strong>9956<\/strong> zawodnik\u00f3w (w tym <strong>2851<\/strong> kobiet) ze <strong>173<\/strong> kraj\u00f3w.<\/li><li>Rozdano <strong>257<\/strong> komplet\u00f3w medali.<\/li><li>Przysi\u0119g\u0119 olimpijsk\u0105 w imieniu sportowc\u00f3w z\u0142o\u017cy\u0142 \u017ceglarz <strong>Luis Doreste Blanco<\/strong>, natomiast w imieniu s\u0119dzi\u00f3w i trener\u00f3w \u2013 <strong>Eugeni Asensio<\/strong>.<\/li><li>Znicz olimpijski zapali\u0142 \u0142ucznik <strong>Antonio Rebollo<\/strong>, uczestnik trzech igrzysk paraolimpijskich i ich srebrny i br\u0105zowy medalista.<\/li><li>Igrzyska otworzy\u0142 <strong>kr\u00f3l Hiszpanii Juan Carlos<\/strong>.<\/li><\/ul>\n<!-- \/wp:list -->\n\n<!-- wp:heading -->\n<h2><strong>Program Igrzysk \u2013 28 dyscyplin, 257 konkurencji<\/strong><\/h2>\n<!-- \/wp:heading -->\n\n<!-- wp:paragraph -->\n<p>badminton (4 konkurencje), baseball (1), boks (12), gimnastyka (15), hokej na trawie (2), je\u017adziectwo (6), judo (14), kajakarstwo (16), kolarstwo (10), koszyk\u00f3wka (2), lekkoatletyka (43), \u0142ucznictwo (4), pi\u0119ciob\u00f3j nowoczesny (2), pi\u0142ka no\u017cna (1), pi\u0142ka r\u0119czna (2), pi\u0142ka siatkowa (2), pi\u0142ka wodna (1), p\u0142ywanie (31), p\u0142ywanie synchroniczne (2), podnoszenie ci\u0119\u017car\u00f3w (10), skoki do wody (4), strzelectwo (13), szermierka (8), tenis (4), tenis sto\u0142owy (4), wio\u015blarstwo (14), zapasy (20), \u017ceglarstwo (10).<\/p>\n<!-- \/wp:paragraph -->\n\n<!-- wp:heading -->\n<h2><strong>Gwiazda Igrzysk<\/strong><\/h2>\n<!-- \/wp:heading -->\n\n<!-- wp:paragraph -->\n<p><strong>Witalij Szczerbo <\/strong>(Wsp\u00f3lnota Niepodleg\u0142ych Pa\u0144stw, gimnastyka) \u2013 6 z\u0142otych medali<\/p>\n<!-- \/wp:paragraph -->\n\n<!-- wp:heading -->\n<h2><strong>Polska Reprezentacja Olimpijska<\/strong><\/h2>\n<!-- \/wp:heading -->\n\n<!-- wp:paragraph -->\n<p><strong>207 os\u00f3b<\/strong> (startowa\u0142o 201 \u2013 52 kobiety i 149 m\u0119\u017cczyzn) w 21 sportach: 8 bokser\u00f3w, 6 badmintonist\u00f3w (w tym 5 kobiet), 2 gimnastyczki artystyczne, 5 je\u017ad\u017ac\u00f3w (4 startowa\u0142o, 1 nie), 11 judok\u00f3w (w tym 5 kobiet), 18 kajakarzy (w tym 3 kobiety), 9 kolarzy, 24 lekkoatlet\u00f3w (w tym 14 kobiet), 6 \u0142ucznik\u00f3w (w tym 3 kobiety), 4 pi\u0119cioboist\u00f3w (3 startowa\u0142o, + 1 rez.), 20 pi\u0142karzy (16 startowa\u0142o + 4 rez.), 14 p\u0142ywak\u00f3w (w tym 6 kobiet), 1 skoczek do wody, 9 ci\u0119\u017carowc\u00f3w, 12 strzelc\u00f3w (w tym 5 kobiet), 3 tenisistki, 3 tenisist\u00f3w sto\u0142owych, 20 szermierzy (w tym 5 kobiet), 15 wio\u015blarzy, 13 zapa\u015bnik\u00f3w, 4 \u017ceglarzy (w tym 1 kobieta).<\/p>\n<!-- \/wp:paragraph -->\n\n<!-- wp:paragraph -->\n<p>Chor\u0105\u017cym reprezentacji Polski by\u0142 judoka <strong>Waldemar Legie\u0144<\/strong>.<\/p>\n<!-- \/wp:paragraph -->\n\n<!-- wp:heading -->\n<h2><strong>Klasyfikacja medalowa<\/strong><\/h2>\n<!-- \/wp:heading -->\n\n<!-- wp:table {\"hasFixedLayout\":true,\"className\":\"is-style-stripes\"} -->\n<figure class=\"wp-block-table is-style-stripes\"><table class=\"has-fixed-layout\"><tbody><tr><td><\/td><td><\/td><td class=\"has-text-align-center\" data-align=\"center\">&nbsp;<\/td><td class=\"has-text-align-center\" data-align=\"center\">&nbsp;<\/td><td class=\"has-text-align-center\" data-align=\"center\">&nbsp;<\/td><td class=\"has-text-align-center\" data-align=\"center\">&nbsp;<\/td><\/tr><tr><td>&nbsp;<\/td><td>&nbsp;<\/td><td class=\"has-text-align-center\" data-align=\"center\">&nbsp;<\/td><td class=\"has-text-align-center\" data-align=\"center\"><img class=\"wp-image-27817\" style=\"width: 50px;\" src=\"https:\/\/olimpijski.pl\/wp-content\/uploads\/2016\/06\/2016_Rio_zloty_50x50.jpg\" alt=\"\"><\/td><td class=\"has-text-align-center\" data-align=\"center\"><img class=\"wp-image-27819\" style=\"width: 50px;\" src=\"https:\/\/olimpijski.pl\/wp-content\/uploads\/2016\/06\/2016_Rio_sreb_50x50.jpg\" alt=\"\"><\/td><td class=\"has-text-align-center\" data-align=\"center\"><img class=\"wp-image-27821\" style=\"width: 50px;\" src=\"https:\/\/olimpijski.pl\/wp-content\/uploads\/2016\/06\/2016_Rio_braz_50x50.jpg\" alt=\"\"><\/td><\/tr><tr><td>1.<\/td><td>WNP*<\/td><td class=\"has-text-align-center\" data-align=\"center\">112<\/td><td class=\"has-text-align-center\" data-align=\"center\">45<\/td><td class=\"has-text-align-center\" data-align=\"center\">38<\/td><td class=\"has-text-align-center\" data-align=\"center\">29<\/td><\/tr><tr><td>2.<\/td><td>USA<\/td><td class=\"has-text-align-center\" data-align=\"center\">108<\/td><td class=\"has-text-align-center\" data-align=\"center\">37<\/td><td class=\"has-text-align-center\" data-align=\"center\">34<\/td><td class=\"has-text-align-center\" data-align=\"center\">37<\/td><\/tr><tr><td>3.<\/td><td>Niemcy<\/td><td class=\"has-text-align-center\" data-align=\"center\">92<\/td><td class=\"has-text-align-center\" data-align=\"center\">33<\/td><td class=\"has-text-align-center\" data-align=\"center\">21<\/td><td class=\"has-text-align-center\" data-align=\"center\">38<\/td><\/tr><tr><td>...<\/td><td>&nbsp;<\/td><td class=\"has-text-align-center\" data-align=\"center\">&nbsp;<\/td><td class=\"has-text-align-center\" data-align=\"center\">&nbsp;<\/td><td class=\"has-text-align-center\" data-align=\"center\">&nbsp;<\/td><td class=\"has-text-align-center\" data-align=\"center\">&nbsp;<\/td><\/tr><tr><td><strong>19.<\/strong><\/td><td><strong>Polska<\/strong><\/td><td class=\"has-text-align-center\" data-align=\"center\"><strong>19<\/strong><\/td><td class=\"has-text-align-center\" data-align=\"center\"><strong>3<\/strong><\/td><td class=\"has-text-align-center\" data-align=\"center\"><strong>6<\/strong><\/td><td class=\"has-text-align-center\" data-align=\"center\"><strong>10<\/strong><\/td><\/tr><\/tbody><\/table><\/figure>\n<!-- \/wp:table -->\n\n<!-- wp:heading -->\n<h2><strong>Medale dla Polski (19)<\/strong><\/h2>\n<!-- \/wp:heading -->\n\n<!-- wp:paragraph -->\n<p>z\u0142oty - Waldemar Legie\u0144 (judo - waga 86 kg)<br>z\u0142oty - Arkadiusz Skrzypaszek (pi\u0119ciob\u00f3j nowoczesny - rywalizacja indywidualna)<br>z\u0142oty - Maciej Czy\u017cowicz, Dariusz Go\u017adziak i Arkadiusz Skrzypaszek (pi\u0119ciob\u00f3j nowoczesny - rywalizacja dru\u017cynowa)<br><br>srebrny - Maciej Freimut i Wojciech Kurpiewski (kajakarstwo - KS na 500 m)<br>srebrny - Rafa\u0142 Szuka\u0142a (p\u0142ywanie - wy\u015bcig na 100 m stylem motylkowym)<br>srebrny - Krzysztof Siemion (podnoszenie ci\u0119\u017car\u00f3w - waga 82,5 kg)<br>srebrny - J\u00f3zef Tracz (zapasy - styl klasyczny - waga 74 kg)<br>srebrny - Piotr St\u0119pie\u0144 (zapasy - styl klasyczny - waga 82 kg)<br>srebrny - Dariusz Adamczuk, Marek Bajor, Jerzy Brz\u0119czek, Dariusz G\u0119sior, Marcin Ja\u0142ocha, Andrzej Juskowiak, Aleksander K\u0142ak, Andrzej Kobyla\u0144ski, Dariusz Kose\u0142a, Wojciech Kowalczyk, Marek Ko\u017ami\u0144ski, Tomasz \u0141api\u0144ski, Grzegorz Mielcarski, Arkadiusz Onyszko, Ryszard Staniek, Dariusz Szubert, Piotr \u015awierczewski, Miros\u0142aw Walig\u00f3ra, Tomasz Wa\u0142doch i Tomasz Wieszczycki (pi\u0142ka no\u017cna)<br><br>br\u0105zowy - Wojciech Bartnik (boks - waga p\u00f3\u0142ci\u0119\u017cka)<br>br\u0105zowy - Grzegorz Kotowicz, Dariusz Bia\u0142kowski (kajakarstwo - K2 na 1000 m)<br>br\u0105zowy - Izabela Dylewska (kajakarstwo - K1 na 500 m)<br>br\u0105zowy - Artur Partyka (lekkoatletyka- skok wzwy\u017c)<br>br\u0105zowy - Sergiusz Wo\u0142czaniecki (podnoszenie ci\u0119\u017car\u00f3w - waga 90 kg)<br>br\u0105zowy - Waldemar Malak (podnoszenie ci\u0119\u017car\u00f3w - waga 90 kg)<br>br\u0105zowy - Ma\u0142gorzata Ksi\u0105\u017ckiewicz (strzelectwo - karabin ma\u0142okalibrowy)<br>br\u0105zowy - Piotr Kie\u0142pikowski, Adam Krzesi\u0144ski, Cezary Siess, Ryszard Sobczak i Marian Sypniewski (szermierka - turniej dru\u017cynowy florecist\u00f3w)<br>br\u0105zowy - Kajetan Broniewski (wio\u015blarstwo - jedynki)<br>br\u0105zowy - Wojciech Jankowski, Maciej \u0141asicki, Jacek Streich, Tomasz Tomiak i sternik Micha\u0142 Cie\u015blak (wio\u015blarstwo - czw\u00f3rka ze sternikiem)<\/p>\n<!-- \/wp:paragraph -->\n\n<!-- wp:quote {\"className\":\"is-style-default\"} -->\n<blockquote class=\"wp-block-quote is-style-default\"><p>Ceremoni\u0119 otwarcia ogl\u0105da\u0142o ponad 3 mld telewidz\u00f3w. W programie igrzysk znalaz\u0142y si\u0119 badminton, baseball i judo kobiet. RPA, kt\u00f3ra zerwa\u0142a z polityk\u0105 apartheidu mia\u0142a reprezentacj\u0119 mieszan\u0105 rasowo. Zadebiutowa\u0142y: Chorwacja, S\u0142owenia, Bo\u015bnia i Hercegowina, Jemen i Namibia. Sportowcy Jugos\u0142awii, na kt\u00f3r\u0105 na\u0142o\u017cone sankcje mi\u0119dzynarodowe wyst\u0105pili w dru\u017cynie niezale\u017cnej (Independent Olympic Participants).<\/p><\/blockquote>\n<!-- \/wp:quote -->\n\n<!-- wp:paragraph -->\n<p><em>* WNP \u2013 Wsp\u00f3lnota Niepodleg\u0142ych Pa\u0144stw, czyli forma przej\u015bciowa mi\u0119dzy ZSRR, a Rosj\u0105.<\/em><\/p>\n<!-- \/wp:paragraph -->","post_title":"Barcelona 1992","post_excerpt":"","post_status":"publish","comment_status":"closed","ping_status":"closed","post_password":"","post_name":"barcelona-1992","to_ping":"","pinged":"","post_modified":"2020-09-28 15:16:33","post_modified_gmt":"2020-09-28 13:16:33","post_content_filtered":"","post_parent":0,"guid":"https:\/\/wai-q98d7hpf9hy9k.wpallimport-demo.qsandbox.me\/olympics_summer\/barcelona-1992\/","menu_order":0,"post_type":"olympics_summer","post_mime_type":"","comment_count":"0","filter":"raw"}],"competitions_rewards":[{"competition":[{"ID":5854,"post_author":"1","post_date":"2020-06-19 11:32:26","post_date_gmt":"2020-06-19 11:32:26","post_content":"","post_title":"Zapasy","post_excerpt":"","post_status":"publish","comment_status":"open","ping_status":"open","post_password":"","post_name":"zapasy","to_ping":"","pinged":"","post_modified":"2020-06-29 13:17:09","post_modified_gmt":"2020-06-29 11:17:09","post_content_filtered":"","post_parent":0,"guid":"https:\/\/wai-q7byvryhhcz9k.wpallimport-demo.qsandbox.me\/competition\/zapasy\/","menu_order":0,"post_type":"competition","post_mime_type":"","comment_count":"0","filter":"raw"}],"reward":""}]}],"picture":{"ID":36461,"id":36461,"title":"Andrzej_Radomski","filename":"Andrzej_Radomski.jpg","filesize":58658,"url":"https:\/\/olimpijski.pl\/wp-content\/uploads\/2020\/06\/Andrzej_Radomski.jpg","link":"https:\/\/olimpijski.pl\/en\/olimpijczycy\/andrzej-radomski\/andrzej_radomski\/#main","alt":"","author":"15","description":"","caption":"","name":"andrzej_radomski","status":"inherit","uploaded_to":14859,"date":"2020-11-30 08:54:46","modified":"2020-11-30 08:54:46","menu_order":0,"mime_type":"image\/jpeg","type":"image","subtype":"jpeg","icon":"https:\/\/olimpijski.pl\/wp-includes\/images\/media\/default.png","width":378,"height":484,"sizes":{"thumbnail":"https:\/\/olimpijski.pl\/wp-content\/uploads\/2020\/06\/Andrzej_Radomski-150x150.jpg","thumbnail-width":150,"thumbnail-height":150,"medium":"https:\/\/olimpijski.pl\/wp-content\/uploads\/2020\/06\/Andrzej_Radomski-234x300.jpg","medium-width":234,"medium-height":300,"medium_large":"https:\/\/olimpijski.pl\/wp-content\/uploads\/2020\/06\/Andrzej_Radomski.jpg","medium_large-width":378,"medium_large-height":484,"large":"https:\/\/olimpijski.pl\/wp-content\/uploads\/2020\/06\/Andrzej_Radomski.jpg","large-width":378,"large-height":484,"1536x1536":"https:\/\/olimpijski.pl\/wp-content\/uploads\/2020\/06\/Andrzej_Radomski.jpg","1536x1536-width":378,"1536x1536-height":484,"2048x2048":"https:\/\/olimpijski.pl\/wp-content\/uploads\/2020\/06\/Andrzej_Radomski.jpg","2048x2048-width":378,"2048x2048-height":484,"ultp_layout_landscape_large":"https:\/\/olimpijski.pl\/wp-content\/uploads\/2020\/06\/Andrzej_Radomski.jpg","ultp_layout_landscape_large-width":378,"ultp_layout_landscape_large-height":484,"ultp_layout_landscape":"https:\/\/olimpijski.pl\/wp-content\/uploads\/2020\/06\/Andrzej_Radomski.jpg","ultp_layout_landscape-width":378,"ultp_layout_landscape-height":484,"ultp_layout_portrait":"https:\/\/olimpijski.pl\/wp-content\/uploads\/2020\/06\/Andrzej_Radomski.jpg","ultp_layout_portrait-width":378,"ultp_layout_portrait-height":484,"ultp_layout_square":"https:\/\/olimpijski.pl\/wp-content\/uploads\/2020\/06\/Andrzej_Radomski.jpg","ultp_layout_square-width":378,"ultp_layout_square-height":484}},"firstname":"Andrzej","lastname":"Radomski","birthdate_date":"30\/11\/1961","birthdate":"30 listopada 1961","deathdate_date":"","deathdate":"","placeofbirth":"","club":"","coach":"","metrics":"","seolink":"radomski-andrzej","tmp_old_id":"13803","tmp_old_fid":"294","tmp_old_parent_id":"15544","createdate":"06\/11\/2013","tmp_old_title":"Radomski  Andrzej","tmp_old_lead":"","tmp_old_body":"<p class=\"title-m-02\">RADOMSKI  ANDRZEJ<\/p><table  border=\"0\" align=\"LEFT\" cellpadding=\"0\" cellspacing=\"0\"> <tr> <td class=\"photo-td-01\"><table  border=\"0\" cellspacing=\"0\" cellpadding=\"0\"> <tr>  <td><img src=\"files\/old\/i\/olimpijczycy\/Radomski_Andrzej_m.jpg\" alt=\"RADOMSKI ANDRZEJ\" border=\"0\" width=\"50\" height=\"50\"><\/td> <\/tr> <\/table><\/td><\/tr><\/table><p><strong>ku\u015bnierz, w\u0142a\u015bciciel agencji ochrony, zapa\u015bnik stylu wolnego z Koszalina, mistrz Polski i srebrny medalista ME, olimpijczyk z Seulu (1988) i Barcelony (1992).<br\/><\/strong><br\/>Urodzony 30 listopada 1961 w Koszalinie, syn Antoniego i Urszuli Murawskiej, absolwent miejscowej szko\u0142y zawodowej (spawacz). Zapa\u015bnik (186 cm, 100 kg) stylu wolnego (wagi \u015bredniej 82 kg i ci\u0119\u017ckiej 100 kg) Budowlanych Koszalin (od 1972) i WKS Grunwald Pozna\u0144 (podczas s\u0142u\u017cby wojskowej), wychowanek Lecha Sobieraja (kolejnymi trenerami klubowymi byli Marian Kobierski i Zygmunt Kret, a w kadrze narodowej Eugeniusz Najmark i Leszek Ciota). 5-krotny mistrz Polski, w. \u015bredniej - 1986-1988 i ci\u0119\u017ckiej - 1990, 1992, srebrny medalista ME 1991 w Poznaniu (w. 100 kg), finalista M\u015a 1987 (4 m.), 1989 (5 m.), 1990 (4 m.), 1991 (6 m.) i ME 1988 (4 m.), 1991 (4 m.), 2-krotny olimpijczyk (1988, 1992). \u017bonaty (Ma\u0142gorzata), ma trzy c\u00f3rki (Maria, Lidia, Sylwia). Jest w\u0142a\u015bcicielem agencji ochrony w Koszalinie i zapalonym my\u015bliwym.<br\/><br\/>Bibl.: G\u0142uszek, Leksykon 1999, s. 307; Pawlak, Olimpijczycy, s. 212; Staniszewski, Dzieje, s. 158; Kronika sportu, s. 1019, 1020; Godlewski, Olimpijskie turnieje, s. 106, 109, 152, 224, 237;\u00a0 Lipski, MEZ (w przygotowaniu do druku); USC Koszalin, pismo z 12.06.2003;\u00a0Wywiad \u015brodowiskowy.<br\/><strong>*1988 Seul: styl wolny, w. \u015brednia 82 kg<\/strong> - w pierwszej kolejce przegra\u0142 na punkty z A. Trikiem (RFN), w drugiej pokona\u0142 na pkt. A. Nanewa (Bu\u0142garia), w trzeciej uleg\u0142 na pkt. M. Shultzowi (USA) i odp. z turnieju (zw. Myung-Woo Han, Korea).<br\/><strong>*1992 Barcelona: styl wolny, w. ci\u0119\u017cka 100 kg<\/strong> - w pierwszej kolejce zwyci\u0119\u017cy\u0142 w 4.56 min. A. \u017bawk\u0142antugsa (Mongolia), w drugiej wygra\u0142 w 2.05 min. z A. Dioufem (Senegal), w trzeciej pokona\u0142 w 2.07 min. M. Gutierreza (EUN), w czwartej przegra\u0142 na pkt. z A. Kayalim (Turcja), w pi\u0105tej uleg\u0142 na pkt. L. Chabie\u0142owowi (WNP); w walce o m. 5-6 zwyci\u0119\u017cy\u0142 na pkt. S. Verma (Indie) zajmuj\u0105c ostatecznie w turnieju 5 m. (zw. Chabie\u0142ow).<br\/><\/p><!-- history --><table width=\"85%\" style=\"text-align:right\" border=\"0\" cellspacing=\"0\" cellpadding=\"0\">  <tr>    <td align=\"right\" class=\"box3-title\"><a href=\"javascript:history.back()\">\u00ab powr\u00f3t do listy<\/a><\/td>  <\/tr><\/table>","tmp_old_body_img":false,"tmp_old_lead_img":false,"picture_medalists":false,"important":"","person_achivments":"","group_knuie68fa087fd5h76":false},"_links":{"self":[{"href":"https:\/\/olimpijski.pl\/en\/wp-json\/wp\/v2\/person\/14859"}],"collection":[{"href":"https:\/\/olimpijski.pl\/en\/wp-json\/wp\/v2\/person"}],"about":[{"href":"https:\/\/olimpijski.pl\/en\/wp-json\/wp\/v2\/types\/person"}],"version-history":[{"count":3,"href":"https:\/\/olimpijski.pl\/en\/wp-json\/wp\/v2\/person\/14859\/revisions"}],"predecessor-version":[{"id":61051,"href":"https:\/\/olimpijski.pl\/en\/wp-json\/wp\/v2\/person\/14859\/revisions\/61051"}],"wp:featuredmedia":[{"embeddable":true,"href":"https:\/\/olimpijski.pl\/en\/wp-json\/wp\/v2\/media\/36461"}],"wp:attachment":[{"href":"https:\/\/olimpijski.pl\/en\/wp-json\/wp\/v2\/media?parent=14859"}],"curies":[{"name":"wp","href":"https:\/\/api.w.org\/{rel}","templated":true}]}}