{"id":14871,"date":"2020-06-24T16:50:40","date_gmt":"2020-06-24T14:50:40","guid":{"rendered":"http:\/\/pkol.local\/person\/anna-elzbieta-rechnio\/"},"modified":"2020-12-11T09:46:37","modified_gmt":"2020-12-11T08:46:37","slug":"anna-elzbieta-rechnio","status":"publish","type":"person","link":"https:\/\/olimpijski.pl\/en\/olimpijczycy\/anna-elzbieta-rechnio\/","title":{"rendered":"Anna Rechnio"},"content":{"rendered":"\n<p><br><br><strong>\u0142y\u017cwiarka figurowa (solistka), uczestniczka M\u015a, olimpijka z\u00a0Lillehammer (1994) i\u00a0Nagano (1998), trenerka<\/strong>.<\/p>\n\n\n\n<p>Urodzona 11 grudnia 1977 r. w&nbsp;Warszawie, c\u00f3rka Grzegorza i&nbsp;El\u017cbiety; absolwentka Hudson High School w&nbsp;USA (1996); zawodniczka (165 cm \/ 54 kg), sto\u0142ecznego Marymontu (1984-2000), podopieczna Anny Hunkiewicz (do 1995), Barbary Kossowskiej \u2013 w&nbsp;USA (1995-97) i&nbsp;Miros\u0142awy Brajczewskiej (1998-2000).<\/p>\n\n\n\n<p>W\u015br\u00f3d juniorek, wicemistrzyni (1990) i&nbsp;mistrzyni Polski (1989, 1991) oraz&nbsp;na M\u015a: 1992 &#8211; 17. miejsce, 1993 &#8211; 6., 1994 &#8211; 7., a&nbsp;w&nbsp;wieku 16 lat na igrzyskach (1994) ju\u017c 10. W&nbsp;nast\u0119pnym roku (1995), mia\u0142a w&nbsp;repertuarze wszystkie skoki potr\u00f3jne, kt\u00f3re demonstrowa\u0142a podczas trening\u00f3w przed mistrzostwami \u015bwiata w&nbsp;Birmingham, a&nbsp;jednak w skali mi\u0119dzynarodowej nie osi\u0105gn\u0119\u0142a spodziewanej pozycji do&nbsp;jakiej predestynowa\u0142y j\u0105 pi\u0119kna sylwetka, podobaj\u0105cy si\u0119 wszystkim styl jazdy i&nbsp;wysokie umiej\u0119tno\u015bci techniczne.<\/p>\n\n\n\n<p>3-krotna mistrzyni Polski (1994, 1997, 1998) i&nbsp;6-krotna wicemistrzyni (1992, 1993, 1995, 1996, 1999, 2000) po nieudanym wyst\u0119pie na&nbsp;mistrzostwach \u015bwiata w&nbsp;Anglii (1995, angina) i&nbsp;rozstaniu si\u0119 z&nbsp;trenerk\u0105 (Hunkiewicz) przez&nbsp;prawie 2 lata przebywa\u0142a w&nbsp;USA, ale&nbsp;i&nbsp;tam zorganizowane szkolenie nie wp\u0142yn\u0119\u0142o zasadniczo na&nbsp;popraw\u0119 jej wynik\u00f3w sportowych. Po powrocie do&nbsp;kraju i&nbsp;drugim starcie olimpijskim (trener Miros\u0142awa Bajczewska) nast\u0105pi\u0142o kr\u00f3tkotrwa\u0142e polepszenie formy naszej mistrzyni, kt\u00f3rej kariera przebiega\u0142a w&nbsp;ostrej rywalizacji z&nbsp;drug\u0105 nasz\u0105 solistk\u0105 Ann\u0105 Szwed.<\/p>\n\n\n\n<p>Na mistrzostwach \u015bwiata w&nbsp;Minneapolis (1998) i&nbsp;Helsinkach (1999) jej najwy\u017csze lokaty to&nbsp;5. i&nbsp;6. miejsce. Wydawa\u0142o si\u0119, \u017ce&nbsp;medale s\u0105 wreszcie w&nbsp;jej zasi\u0119gu. Ale chyba ta \u015bwiadomo\u015b\u0107 parali\u017cowa\u0142a kolejne starty Polki, kt\u00f3ra nie mog\u0105c sobie poradzi\u0107 z&nbsp;psychik\u0105 (na treningach prezentowa\u0142a si\u0119 \u015bwietnie, wielu fachowc\u00f3w wymienia\u0142o j\u0105 w&nbsp;gronie faworytek wielkich imprez), zdecydowa\u0142a si\u0119 zako\u0144czy\u0107 karier\u0119 sportow\u0105 (2000) i&nbsp;zmieni\u0107 \u015brodowisko.<\/p>\n\n\n\n<p>Miejsca naszej solistki na&nbsp;M\u015a: (1994) Chiba &#8211; 15., (1995) Birmingham &#8211; 14., (1998) Minneapolis &#8211; 5., (1999) Helsinki &#8211; 6., (2000) Nicea &#8211; 16., ME: (1993) Helsinki &#8211; 15., (1994) Kopenhaga &#8211; 7., (1995) Dortmund &#8211; 9., (1996) Sofia &#8211; 12., (2000) Wiede\u0144 &#8211; 13.<\/p>\n\n\n\n<p><strong>*1994 Lillehammer: \u0142y\u017cwiarstwo figurowe, jazda ind.<\/strong> &#8211; 10. (na 27 zaw.) z&nbsp;not\u0105 16,5 (zw. O.Bajul, Ukraina,2,0).<\/p>\n\n\n\n<p><strong>*1998 Nagano:<\/strong> <strong>\u0142y\u017cwiarstwo figurowe, jazda ind. <\/strong>&#8211; 19. (na 28 zaw.) z&nbsp;not\u0105 26,5 (zw. T.Lipi\u0144ski, USA,2,0).<\/p>\n","protected":false},"excerpt":{"rendered":"<p>\u0142y\u017cwiarka figurowa (solistka), uczestniczka M\u015a, olimpijka z\u00a0Lillehammer (1994) i\u00a0Nagano (1998), trenerka. &#8230; <a class=\"read-more\" href=\"https:\/\/olimpijski.pl\/en\/olimpijczycy\/anna-elzbieta-rechnio\/\">Czytaj dalej<\/a><\/p>\n","protected":false},"featured_media":37038,"menu_order":60,"template":"","meta":{"_acf_changed":false,"ub_ctt_via":"","footnotes":""},"class_list":["post-14871","person","type-person","status-publish","has-post-thumbnail","hentry","infinite-scroll-item","no-featured-image-padding","resize-featured-image"],"acf":{"olimpic_information":[{"olimpic":[{"ID":3022,"post_author":"15","post_date":"1994-06-17 13:54:39","post_date_gmt":"1994-06-17 11:54:39","post_content":"<!-- wp:heading {\"level\":1} -->\n<h1><strong>XVII ZIO<\/strong><br>Lillehammer 1994<\/h1>\n<!-- \/wp:heading -->\n\n<!-- wp:paragraph -->\n<p><br><\/p>\n<!-- \/wp:paragraph -->\n\n<!-- wp:image {\"align\":\"left\",\"id\":19382,\"sizeSlug\":\"large\",\"className\":\"is-style-default\"} -->\n<div class=\"wp-block-image is-style-default\"><figure class=\"alignleft size-large\"><img src=\"https:\/\/olimpijski.pl\/wp-content\/uploads\/1994\/06\/lillehammer1994.png\" alt=\"\" class=\"wp-image-19382\"\/><\/figure><\/div>\n<!-- \/wp:image -->\n\n<!-- wp:list -->\n<ul><li>Igrzyska rozegrano w dniach <strong>12-27 lutego<\/strong>.<\/li><li>Wystartowa\u0142o <strong>1737<\/strong> zawodnik\u00f3w (w tym <strong>522<\/strong> kobiety) z <strong>67<\/strong> kraj\u00f3w.<\/li><li>Rozdano <strong>61<\/strong> komplet\u00f3w medali.<\/li><li>Znicz zapali\u0142 <strong>ksi\u0105\u017c\u0119 Norwegii Haakon Magnus<\/strong>.<\/li><li>Igrzyska otworzy\u0142 <strong>kr\u00f3l Norwegii Harald V<\/strong>.<\/li><\/ul>\n<!-- \/wp:list -->\n\n<!-- wp:heading -->\n<h2><strong>Program Igrzysk \u2013 10 dyscyplin i 61 konkurencji<\/strong><\/h2>\n<!-- \/wp:heading -->\n\n<!-- wp:paragraph -->\n<p>biathlon (6 konkurencji), bobsleje (2), hokej na lodzie (1), \u0142y\u017cwiarstwo figurowe (4), \u0142y\u017cwiarstwo szybkie (10), \u0142y\u017cwiarstwo szybkie \u2013 short-track (6), narciarstwo alpejskie (10), narciarstwo klasyczne (15), saneczkarstwo (3), narciarstwo artystyczne (4).<\/p>\n<!-- \/wp:paragraph -->\n\n<!-- wp:heading -->\n<h2><strong>Gwiazdy Igrzysk<\/strong><\/h2>\n<!-- \/wp:heading -->\n\n<!-- wp:paragraph -->\n<p><strong>Lubow Jegorowa<\/strong> (Rosja, biegi narciarskie) \u2013 3 z\u0142ote medale, 1 srebrny<br><strong>Johann Olav Koss<\/strong> (Norwegia, \u0142y\u017cwiarstwo szybkie) \u2013 3 z\u0142ote medale<br><strong>Manuela Di Centa<\/strong> (W\u0142ochy, bieg narciarskie) \u2013 2 z\u0142ote medale, 2 srebrne, 1 br\u0105zowy<br><strong>Bjoern Daehlie<\/strong> (Norwegia, biegi narciarskie) \u2013 2 z\u0142ote medale, 2 srebrne<\/p>\n<!-- \/wp:paragraph -->\n\n<!-- wp:heading -->\n<h2><strong>Polska Reprezentacja Olimpijska<\/strong><\/h2>\n<!-- \/wp:heading -->\n\n<!-- wp:paragraph -->\n<p>28 os\u00f3b (13 kobiet i 15 m\u0119\u017cczyzn) w 5 sportach: 10 biathlonist\u00f3w (w tym 5 kobiet), 3 \u0142y\u017cwiarzy figurowych (w tym 2 kobiety), 5 \u0142y\u017cwiarzy szybkich (w tym 1 kobieta), 8 narciarzy (w tym 5 kobiet), 2 saneczkarzy.<\/p>\n<!-- \/wp:paragraph -->\n\n<!-- wp:paragraph -->\n<p>Chor\u0105\u017cym reprezentacji Polski by\u0142 biathlonista <strong>Tomasz Sikora<\/strong>.<\/p>\n<!-- \/wp:paragraph -->\n\n<!-- wp:heading -->\n<h2><strong>Klasyfikacja medalowa<\/strong><\/h2>\n<!-- \/wp:heading -->\n\n<!-- wp:table {\"hasFixedLayout\":true,\"className\":\"is-style-stripes\"} -->\n<figure class=\"wp-block-table is-style-stripes\"><table class=\"has-fixed-layout\"><tbody><tr><td><\/td><td><\/td><td class=\"has-text-align-center\" data-align=\"center\">&nbsp;<\/td><td class=\"has-text-align-center\" data-align=\"center\">&nbsp;<\/td><td class=\"has-text-align-center\" data-align=\"center\">&nbsp;<\/td><td class=\"has-text-align-center\" data-align=\"center\">&nbsp;<\/td><\/tr><tr><td>&nbsp;<\/td><td>&nbsp;<\/td><td class=\"has-text-align-center\" data-align=\"center\">&nbsp;<\/td><td class=\"has-text-align-center\" data-align=\"center\"><img class=\"wp-image-26068\" style=\"width: 50px;\" src=\"https:\/\/olimpijski.pl\/wp-content\/uploads\/1948\/06\/2008_Pekin_zloty_50x50.jpg\" alt=\"\"><\/td><td class=\"has-text-align-center\" data-align=\"center\"><img class=\"wp-image-26071\" style=\"width: 50px;\" src=\"https:\/\/olimpijski.pl\/wp-content\/uploads\/1948\/06\/2008_Pekin_sreb_50x50.jpg\" alt=\"\"><\/td><td class=\"has-text-align-center\" data-align=\"center\"><img class=\"wp-image-26073\" style=\"width: 50px;\" src=\"https:\/\/olimpijski.pl\/wp-content\/uploads\/1948\/06\/2008_Pekin_braz_50x50.jpg\" alt=\"\"><\/td><\/tr><tr><td>1.<\/td><td>Rosja<\/td><td class=\"has-text-align-center\" data-align=\"center\">23<\/td><td class=\"has-text-align-center\" data-align=\"center\">11<\/td><td class=\"has-text-align-center\" data-align=\"center\">8<\/td><td class=\"has-text-align-center\" data-align=\"center\">4<\/td><\/tr><tr><td>2.<\/td><td>Norwegia<\/td><td class=\"has-text-align-center\" data-align=\"center\">26<\/td><td class=\"has-text-align-center\" data-align=\"center\">10<\/td><td class=\"has-text-align-center\" data-align=\"center\">11<\/td><td class=\"has-text-align-center\" data-align=\"center\">5<\/td><\/tr><tr><td>3.<\/td><td>Niemcy<\/td><td class=\"has-text-align-center\" data-align=\"center\">24<\/td><td class=\"has-text-align-center\" data-align=\"center\">9<\/td><td class=\"has-text-align-center\" data-align=\"center\">7<\/td><td class=\"has-text-align-center\" data-align=\"center\">8<\/td><\/tr><tr><td>...<\/td><td>&nbsp;<\/td><td class=\"has-text-align-center\" data-align=\"center\">&nbsp;<\/td><td class=\"has-text-align-center\" data-align=\"center\">&nbsp;<\/td><td class=\"has-text-align-center\" data-align=\"center\">&nbsp;<\/td><td class=\"has-text-align-center\" data-align=\"center\">&nbsp;<\/td><\/tr><tr><td>&nbsp;<\/td><td><strong>Polska<\/strong><\/td><td class=\"has-text-align-center\" data-align=\"center\"><strong>0<\/strong><\/td><td class=\"has-text-align-center\" data-align=\"center\"><strong>0<\/strong><\/td><td class=\"has-text-align-center\" data-align=\"center\"><strong>0<\/strong><\/td><td class=\"has-text-align-center\" data-align=\"center\"><strong>0<\/strong><\/td><\/tr><\/tbody><\/table><\/figure>\n<!-- \/wp:table -->\n\n<!-- wp:quote {\"className\":\"is-style-default\"} -->\n<blockquote class=\"wp-block-quote is-style-default\"><p>Najlepiej z bia\u0142o-czerwonych spisa\u0142 si\u0119 Jaromir Radke zajmuj\u0105c pi\u0105te miejsce na 10 000 m oraz si\u00f3dme na 5 000 m. Tylko w tych czterech konkurencjach Polacy zdo\u0142ali zmie\u015bci\u0107 si\u0119 w czo\u0142owej dziesi\u0105tce.<\/p><p>W finale turnieju hokeja Szwecja pokona\u0142a po karnych 3:2 Kanad\u0119 zdobywaj\u0105c po raz pierwszy w historii z\u0142oty medal.<\/p><p>Podczas igrzysk zarejestrowano 12 mln po\u0142\u0105cze\u0144 telefonicznych, w tym 2 mln z telefon\u00f3w kom\u00f3rkowych. Zainteresowanie igrzyskami by\u0142o ogromne Na obiektach w Gjoevik, Hafjell, Hamar, Hundertfossen, Kvitfjell i Lillehammer zmagania obserwowa\u0142o ponad 1 750 mln widz\u00f3w.<\/p><\/blockquote>\n<!-- \/wp:quote -->","post_title":"Lillehammer 1994","post_excerpt":"","post_status":"publish","comment_status":"closed","ping_status":"closed","post_password":"","post_name":"lillehammer-1994","to_ping":"","pinged":"","post_modified":"2020-09-30 12:31:51","post_modified_gmt":"2020-09-30 10:31:51","post_content_filtered":"","post_parent":0,"guid":"https:\/\/wai-q98d7hpf9hy9k.wpallimport-demo.qsandbox.me\/olympics_winter\/lillehammer-1994\/","menu_order":0,"post_type":"olympics_winter","post_mime_type":"","comment_count":"0","filter":"raw"}],"competitions_rewards":[{"competition":[{"ID":5837,"post_author":"1","post_date":"2020-06-19 11:32:23","post_date_gmt":"2020-06-19 11:32:23","post_content":"","post_title":"\u0141y\u017cwiarstwo figurowe","post_excerpt":"","post_status":"publish","comment_status":"open","ping_status":"open","post_password":"","post_name":"lyzwiarstwo-figurowe","to_ping":"","pinged":"","post_modified":"2020-06-29 13:13:11","post_modified_gmt":"2020-06-29 11:13:11","post_content_filtered":"","post_parent":0,"guid":"https:\/\/wai-q7byvryhhcz9k.wpallimport-demo.qsandbox.me\/competition\/lyzwiarstwo-figurowe\/","menu_order":0,"post_type":"competition","post_mime_type":"","comment_count":"0","filter":"raw"}],"reward":""}]},{"olimpic":[{"ID":5896,"post_author":"15","post_date":"1998-06-17 13:54:39","post_date_gmt":"1998-06-17 11:54:39","post_content":"<!-- wp:heading {\"level\":1,\"className\":\"main-title\"} -->\n<h1 class=\"main-title\"><strong>XVIII ZIO<\/strong><br>Nagano 1998<\/h1>\n<!-- \/wp:heading -->\n\n<!-- wp:paragraph -->\n<p><br><\/p>\n<!-- \/wp:paragraph -->\n\n<!-- wp:image {\"align\":\"left\",\"id\":19384,\"sizeSlug\":\"large\",\"className\":\"is-style-default\"} -->\n<div class=\"wp-block-image is-style-default\"><figure class=\"alignleft size-large\"><img src=\"https:\/\/olimpijski.pl\/wp-content\/uploads\/1998\/06\/nagano1998.png\" alt=\"\" class=\"wp-image-19384\"\/><\/figure><\/div>\n<!-- \/wp:image -->\n\n<!-- wp:list -->\n<ul><li>Igrzyska rozegrano w dniach <strong>7-22 lutego<\/strong>.<\/li><li>Wystartowa\u0142o <strong>2176<\/strong> zawodnik\u00f3w (w tym <strong>787<\/strong> kobiet) z <strong>72<\/strong> kraj\u00f3w.<\/li><li>Rozdano <strong>68<\/strong> komplet\u00f3w medali.<\/li><li>Znicz zapali\u0142a \u0142y\u017cwiarka figurowa <strong>Midori Ito<\/strong>.<\/li><li>Igrzyska otworzy\u0142 <strong>cesarz Japonii Akihito<\/strong>.<\/li><\/ul>\n<!-- \/wp:list -->\n\n<!-- wp:heading -->\n<h2><strong>Program Igrzysk \u2013 12 dyscyplin, 68 konkurencji<\/strong><\/h2>\n<!-- \/wp:heading -->\n\n<!-- wp:paragraph -->\n<p>biathlon (6 konkurencji), bobsleje (2), curling (2), hokej na lodzie (2), \u0142y\u017cwiarstwo figurowe (4), \u0142y\u017cwiarstwo szybkie (10), \u0142y\u017cwiarstwo szybkie \u2013 short-track (6), narciarstwo alpejskie (10), narciarstwo klasyczne (15), narciarstwo dowolne (4), saneczkarstwo (3), snowboard (4).<\/p>\n<!-- \/wp:paragraph -->\n\n<!-- wp:heading -->\n<h2><strong>Gwiazdy Igrzysk<\/strong><\/h2>\n<!-- \/wp:heading -->\n\n<!-- wp:paragraph -->\n<p><strong>Larysa \u0141azutina<\/strong> (Rosja, biegi narciarskie) \u2013 3 z\u0142ote medale, 1 srebrny,&nbsp; br\u0105zowy<br><strong>Bjoern Daehlie<\/strong> (Norwegia, biegi narciarskie) \u2013 3 z\u0142ote medale, 1 srebrny<br><strong>Olga Dani\u0142owa<\/strong> (Rosja, biegi narciarskie) \u2013 2 z\u0142ote medale, 1 srebrny<br><strong>Hermann Maier<\/strong> (Austria, narciarstwo alpejskie) \u2013 2 z\u0142ote medale<\/p>\n<!-- \/wp:paragraph -->\n\n<!-- wp:heading -->\n<h2><strong>Polska Reprezentacja Olimpijska<\/strong><\/h2>\n<!-- \/wp:heading -->\n\n<!-- wp:paragraph -->\n<p><strong>41 os\u00f3b<\/strong> (startowa\u0142o 39 \u2013 15 kobiet i 24 m\u0119\u017cczyzn) w 8 sportach: 10 biathlonist\u00f3w (w tym 5 kobiet; 9 startowa\u0142o + 1 rez.), 5 bobsleist\u00f3w (4 startowa\u0142o, 1 nie), 5 \u0142y\u017cwiarzy figurowych (w tym 3 kobiety), 3 \u0142y\u017cwiarzy szybkich, 1 \u0142y\u017cwiarz szybki \u2013 short-track, 12 narciarzy (w tym 5 kobiet), 2 saneczkarzy, 3 snowboardzist\u00f3w (w tym 2 kobiety).<\/p>\n<!-- \/wp:paragraph -->\n\n<!-- wp:paragraph -->\n<p>Chor\u0105\u017cym reprezentacji Polski by\u0142 biathlonista <strong>Jan Ziemianin<\/strong>.<\/p>\n<!-- \/wp:paragraph -->\n\n<!-- wp:heading -->\n<h2><strong>Klasyfikacja medalowa<\/strong><\/h2>\n<!-- \/wp:heading -->\n\n<!-- wp:table {\"hasFixedLayout\":true,\"className\":\"is-style-stripes\"} -->\n<figure class=\"wp-block-table is-style-stripes\"><table class=\"has-fixed-layout\"><tbody><tr><td><\/td><td><\/td><td class=\"has-text-align-center\" data-align=\"center\">&nbsp;<\/td><td class=\"has-text-align-center\" data-align=\"center\">&nbsp;<\/td><td class=\"has-text-align-center\" data-align=\"center\">&nbsp;<\/td><td class=\"has-text-align-center\" data-align=\"center\">&nbsp;<\/td><\/tr><tr><td>&nbsp;<\/td><td>&nbsp;<\/td><td class=\"has-text-align-center\" data-align=\"center\">&nbsp;<\/td><td class=\"has-text-align-center\" data-align=\"center\"><img class=\"wp-image-26068\" style=\"width: 50px;\" src=\"https:\/\/olimpijski.pl\/wp-content\/uploads\/1948\/06\/2008_Pekin_zloty_50x50.jpg\" alt=\"\"><\/td><td class=\"has-text-align-center\" data-align=\"center\"><img class=\"wp-image-26071\" style=\"width: 50px;\" src=\"https:\/\/olimpijski.pl\/wp-content\/uploads\/1948\/06\/2008_Pekin_sreb_50x50.jpg\" alt=\"\"><\/td><td class=\"has-text-align-center\" data-align=\"center\"><img class=\"wp-image-26073\" style=\"width: 50px;\" src=\"https:\/\/olimpijski.pl\/wp-content\/uploads\/1948\/06\/2008_Pekin_braz_50x50.jpg\" alt=\"\"><\/td><\/tr><tr><td>1.<\/td><td>Niemcy<\/td><td class=\"has-text-align-center\" data-align=\"center\">29<\/td><td class=\"has-text-align-center\" data-align=\"center\">12<\/td><td class=\"has-text-align-center\" data-align=\"center\">9<\/td><td class=\"has-text-align-center\" data-align=\"center\">8<\/td><\/tr><tr><td>2.<\/td><td>Norwegia<\/td><td class=\"has-text-align-center\" data-align=\"center\">25<\/td><td class=\"has-text-align-center\" data-align=\"center\">10<\/td><td class=\"has-text-align-center\" data-align=\"center\">10<\/td><td class=\"has-text-align-center\" data-align=\"center\">5<\/td><\/tr><tr><td>3.<\/td><td>Rosja<\/td><td class=\"has-text-align-center\" data-align=\"center\">18<\/td><td class=\"has-text-align-center\" data-align=\"center\">9<\/td><td class=\"has-text-align-center\" data-align=\"center\">6<\/td><td class=\"has-text-align-center\" data-align=\"center\">3<\/td><\/tr><tr><td>...<\/td><td>&nbsp;<\/td><td class=\"has-text-align-center\" data-align=\"center\">&nbsp;<\/td><td class=\"has-text-align-center\" data-align=\"center\">&nbsp;<\/td><td class=\"has-text-align-center\" data-align=\"center\">&nbsp;<\/td><td class=\"has-text-align-center\" data-align=\"center\">&nbsp;<\/td><\/tr><tr><td>&nbsp;<\/td><td><strong>Polska<\/strong><\/td><td class=\"has-text-align-center\" data-align=\"center\"><strong>0<\/strong><\/td><td class=\"has-text-align-center\" data-align=\"center\"><strong>0<\/strong><\/td><td class=\"has-text-align-center\" data-align=\"center\"><strong>0<\/strong><\/td><td class=\"has-text-align-center\" data-align=\"center\"><strong>0<\/strong><\/td><\/tr><\/tbody><\/table><\/figure>\n<!-- \/wp:table -->\n\n<!-- wp:quote {\"className\":\"is-style-default\"} -->\n<blockquote class=\"wp-block-quote is-style-default\"><p>Najlepiej z polskiej ekipy spisali si\u0119 zajmuj\u0105c pi\u0105te lokaty: Andrzej Bachleda-Curu\u015b III junior w kombinacji alpejskiej i biathloni\u015bci: Wies\u0142aw Ziemianin, Tomasz Sikora, Jan Ziemianin i Wojciech Kozub w sztafecie 4x7,5 km.<\/p><p>W Nagano zadebiutowa\u0142 snowboard. Pojawi\u0142 si\u0119 ponownie curling w kt\u00f3rym rywalizowa\u0142y kobiety i m\u0119\u017cczy\u017ani. Do turnieju hokeja na lodzie po raz pierwszy w historii igrzysk zaproszono zawodowc\u00f3w oraz kobiety. Z\u0142oty medal zdobyli reprezentanci Czech. Naszpikowany gwiazdami NHL zesp\u00f3\u0142 Kanady z Wayne Gretzky'm na czele zaj\u0105\u0142 dopiero czwarte miejsce.<\/p><p>Podczas sesji Mi\u0119dzynarodowego Komitetu Olimpijskiego w Nagano, w jego sk\u0142ad wybrana zosta\u0142a siedmiokrotna medalistka olimpijska lekkoatletka Irena Szewi\u0144ska.<\/p><\/blockquote>\n<!-- \/wp:quote -->","post_title":"Nagano 1998","post_excerpt":"","post_status":"publish","comment_status":"closed","ping_status":"closed","post_password":"","post_name":"nagano-1998","to_ping":"","pinged":"","post_modified":"2020-09-30 12:33:26","post_modified_gmt":"2020-09-30 10:33:26","post_content_filtered":"","post_parent":0,"guid":"https:\/\/wai-q98d7hpf9hy9k.wpallimport-demo.qsandbox.me\/olympics_winter\/nagano-1998\/","menu_order":0,"post_type":"olympics_winter","post_mime_type":"","comment_count":"0","filter":"raw"}],"competitions_rewards":[{"competition":[{"ID":5837,"post_author":"1","post_date":"2020-06-19 11:32:23","post_date_gmt":"2020-06-19 11:32:23","post_content":"","post_title":"\u0141y\u017cwiarstwo figurowe","post_excerpt":"","post_status":"publish","comment_status":"open","ping_status":"open","post_password":"","post_name":"lyzwiarstwo-figurowe","to_ping":"","pinged":"","post_modified":"2020-06-29 13:13:11","post_modified_gmt":"2020-06-29 11:13:11","post_content_filtered":"","post_parent":0,"guid":"https:\/\/wai-q7byvryhhcz9k.wpallimport-demo.qsandbox.me\/competition\/lyzwiarstwo-figurowe\/","menu_order":0,"post_type":"competition","post_mime_type":"","comment_count":"0","filter":"raw"}],"reward":""}]}],"picture":{"ID":37038,"id":37038,"title":"Anna_Rechnio","filename":"Anna_Rechnio.jpg","filesize":49919,"url":"https:\/\/olimpijski.pl\/wp-content\/uploads\/2020\/06\/Anna_Rechnio.jpg","link":"https:\/\/olimpijski.pl\/en\/olimpijczycy\/anna-elzbieta-rechnio\/anna_rechnio\/#main","alt":"","author":"15","description":"","caption":"","name":"anna_rechnio","status":"inherit","uploaded_to":14871,"date":"2020-12-11 08:45:50","modified":"2020-12-11 08:45:50","menu_order":0,"mime_type":"image\/jpeg","type":"image","subtype":"jpeg","icon":"https:\/\/olimpijski.pl\/wp-includes\/images\/media\/default.png","width":430,"height":514,"sizes":{"thumbnail":"https:\/\/olimpijski.pl\/wp-content\/uploads\/2020\/06\/Anna_Rechnio-150x150.jpg","thumbnail-width":150,"thumbnail-height":150,"medium":"https:\/\/olimpijski.pl\/wp-content\/uploads\/2020\/06\/Anna_Rechnio-251x300.jpg","medium-width":251,"medium-height":300,"medium_large":"https:\/\/olimpijski.pl\/wp-content\/uploads\/2020\/06\/Anna_Rechnio.jpg","medium_large-width":430,"medium_large-height":514,"large":"https:\/\/olimpijski.pl\/wp-content\/uploads\/2020\/06\/Anna_Rechnio.jpg","large-width":430,"large-height":514,"1536x1536":"https:\/\/olimpijski.pl\/wp-content\/uploads\/2020\/06\/Anna_Rechnio.jpg","1536x1536-width":430,"1536x1536-height":514,"2048x2048":"https:\/\/olimpijski.pl\/wp-content\/uploads\/2020\/06\/Anna_Rechnio.jpg","2048x2048-width":430,"2048x2048-height":514,"ultp_layout_landscape_large":"https:\/\/olimpijski.pl\/wp-content\/uploads\/2020\/06\/Anna_Rechnio.jpg","ultp_layout_landscape_large-width":430,"ultp_layout_landscape_large-height":514,"ultp_layout_landscape":"https:\/\/olimpijski.pl\/wp-content\/uploads\/2020\/06\/Anna_Rechnio.jpg","ultp_layout_landscape-width":430,"ultp_layout_landscape-height":514,"ultp_layout_portrait":"https:\/\/olimpijski.pl\/wp-content\/uploads\/2020\/06\/Anna_Rechnio.jpg","ultp_layout_portrait-width":430,"ultp_layout_portrait-height":514,"ultp_layout_square":"https:\/\/olimpijski.pl\/wp-content\/uploads\/2020\/06\/Anna_Rechnio.jpg","ultp_layout_square-width":430,"ultp_layout_square-height":514}},"firstname":"Anna","lastname":"Rechnio","birthdate_date":"11\/12\/1977","birthdate":"11 grudnia 1977","deathdate_date":"","deathdate":"","placeofbirth":"Warszawa","club":"Marymont Warszawa","coach":"Anna Hunkiewicz, Barbara Kossowska, Miros\u0142awa Brajczewska","metrics":"165 cm \/ 54 kg","seolink":"rechnio-anna-elzbieta","tmp_old_id":"15997","tmp_old_fid":"0","tmp_old_parent_id":"15544","createdate":"11\/12\/2014","tmp_old_title":"Rechnio Anna El\u017cbieta","tmp_old_lead":"","tmp_old_body":"<p>RECHNIO ANNA EL\u017bBIETA<\/p><p><strong>\u0142y\u017cwiarka figurowa (solistka), uczestniczka M\u015a, olimpijka z Lillehammer (1994) i Nagano (1998), trenerka<\/strong><br \/><br \/>Urodzona 11 grudnia 1977r. w Warszawie, c\u00f3rka Grzegorza Artura i El\u017cbiety Romany Kleszcz; absolwentka Hudson High School w USA (1996); zawodniczka (165 cm, 54kg), sto\u0142ecznego Marymontu (1984-2000), podopieczna Anny Hunkiewicz (do 1995), Barbary Kossowskiej \u2013 w USA (1995-97) i Miros\u0142awy Brajczewskiej (1998-2000). Wielki, obiecuj\u0105cy talent.<br \/><br \/>W\u015br\u00f3d juniorek, wicemistrzyni (1990) i mistrzyni Polski (1989, 1991) oraz na M\u015a: 1992 -17 miejsce, 1993 -6., 1994-7., a w wieku 16 lat na olimpiadzie (1994) ju\u017c 10. W nast\u0119pnym roku (1995), mia\u0142a w repertuarze wszystkie skoki potr\u00f3jne, kt\u00f3re demonstrowa\u0142a podczas trening\u00f3w przed mistrzostwami \u015bwiata w Birmingham, a jednak s skali mi\u0119dzynarodowej nie osi\u0105gn\u0119\u0142a spodziewanej pozycji do jakiej predestynowa\u0142y j\u0105 pi\u0119kna sylwetka, podobaj\u0105cy si\u0119 wszystkim styl jazdy i wysokie umiej\u0119tno\u015bci techniczne. 3-krotna mistrzyni Polski (1994,1997,1998) i 6-krotna wicemistrzyni (1992,1993,1995,1996,1999,2000) po nieudanym wyst\u0119pie na mistrzostwach \u015bwiata w Anglii (1995,angina) i rozstaniu si\u0119 z trenerk\u0105 (Hunkiewicz) przez prawie 2 lata przebywa\u0142a w USA, ale i tam zorganizowane szkolenie nie wp\u0142yn\u0119\u0142o zasadniczo na popraw\u0119 jej wynik\u00f3w sportowych. Po powrocie do kraju i drugim starcie olimpijskim (trener Miros\u0142awa Bajczewska) nast\u0105pi\u0142o kr\u00f3tkotrwa\u0142e polepszenie formy naszej mistrzyni, kt\u00f3rej kariera przebiega\u0142a w ostrej rywalizacji z drug\u0105 nasz\u0105 solistk\u0105 Ann\u0105 Szwed.<br \/><br \/>Na mistrzostwach \u015bwiata w Minneapolis (1998) i Helsinkach (1999) jej najwy\u017csze lokaty to 5 i 6. miejsce. Wydawa\u0142o si\u0119, \u017ce medale s\u0105 wreszcie w jej zasi\u0119gu. Ale chyba ta \u015bwiadomo\u015b\u0107 parali\u017cowa\u0142a kolejne starty Polki, kt\u00f3ra nie mog\u0105c sobie poradzi\u0107 z psychik\u0105 (na treningach prezentowa\u0142a si\u0119 \u015bwietnie, wielu fachowc\u00f3w wymienia\u0142o j\u0105 w gronie faworytek wielkich imprez), zdecydowa\u0142a si\u0119 zako\u0144czy\u0107 karier\u0119 sportow\u0105 (2000) i zmieni\u0107 \u015brodowisko. W Krakowie podj\u0119\u0142a studia (AWF), w wolnych chwilach pomaga w szkoleniu zawodniczek w KK\u0141 Krakowianka, pr\u00f3buje si\u0142 w aerobiku sportowym (z koleg\u0105 zdoby\u0142a mistrzostwo AZS 2003) i zapowiada \u017ce wr\u00f3ci na l\u00f3d, ale tylko na pokazy, w Polsce i za granic\u0105. Miejsca naszej solistki na M\u015a: (1994) Chiba -15., (1995) Birmingham -14., (1998) Minneapolis -5., (1999) Helsinki -6., (2000) Nicea -16., ME: (1993) Helsinki -15., (1994) Kopenhaga -7., (1995) Dortmund-9., (1996) Sofia -12., (2000) Wiede\u0144 -13.<br \/><br \/><strong>*1994 Lillehammer: <\/strong>jazda ind. - 10m. (27 zaw.) z not\u0105 16,5 (zw. O.Bajul, Ukraina,2,0).<br \/><br \/><strong>*1998 Nagano:<\/strong> jazda ind. - 19m. (28 zaw.) z not\u0105 26,5 (zw. T.Lipi\u0144ski, USA,2,0).<\/p><p>\u00a0<\/p>","tmp_old_body_img":false,"tmp_old_lead_img":false,"picture_medalists":false,"important":"","person_achivments":""},"_links":{"self":[{"href":"https:\/\/olimpijski.pl\/en\/wp-json\/wp\/v2\/person\/14871"}],"collection":[{"href":"https:\/\/olimpijski.pl\/en\/wp-json\/wp\/v2\/person"}],"about":[{"href":"https:\/\/olimpijski.pl\/en\/wp-json\/wp\/v2\/types\/person"}],"version-history":[{"count":2,"href":"https:\/\/olimpijski.pl\/en\/wp-json\/wp\/v2\/person\/14871\/revisions"}],"predecessor-version":[{"id":37041,"href":"https:\/\/olimpijski.pl\/en\/wp-json\/wp\/v2\/person\/14871\/revisions\/37041"}],"wp:featuredmedia":[{"embeddable":true,"href":"https:\/\/olimpijski.pl\/en\/wp-json\/wp\/v2\/media\/37038"}],"wp:attachment":[{"href":"https:\/\/olimpijski.pl\/en\/wp-json\/wp\/v2\/media?parent=14871"}],"curies":[{"name":"wp","href":"https:\/\/api.w.org\/{rel}","templated":true}]}}