{"id":14873,"date":"2020-06-24T16:50:40","date_gmt":"2020-06-24T14:50:40","guid":{"rendered":"http:\/\/pkol.local\/person\/reiter-antoni-franciszek\/"},"modified":"2021-03-16T11:04:08","modified_gmt":"2021-03-16T10:04:08","slug":"reiter-antoni-franciszek","status":"publish","type":"person","link":"https:\/\/olimpijski.pl\/en\/olimpijczycy\/reiter-antoni-franciszek\/","title":{"rendered":"Antoni Reiter (1950-1986)"},"content":{"rendered":"\n<p><br><br><br><strong>ps. &#8220;Kobra&#8221;, in\u017cynier elektronik, judoka z Wybrze\u017ca Gda\u0144sk, pierwszy mistrz Europy w historii polskiego judo, olimpijczyk z Montrealu (1976).<\/strong><\/p>\n\n\n\n<p>Urodzony 16 marca 1950 w Gda\u0144sku, syn Jana&nbsp; i Haliny Marii Magowskiej, absolwent Politechniki Gda\u0144skiej (magister in\u017c. elektronik), judoka (181 cm, 92 kg) miejscowego Wybrze\u017ca, gdzie nad jego wszechstronnym wyszkoleniem czuwali trenerzy: Ryszard Zieniawa (klub), Waldemar Sikorski i Hiromi Tomita (kadra). Uchodzi za drugiego (po Januszu Paw\u0142owskim) najwybitniejszego zawodnika w historii gda\u0144skiego judo. 3-krotny mistrz Polski, zawsze w tej samej kat. do 78 kg (1971, 1973, 1975) osi\u0105gn\u0105\u0142 sw\u00f3j \u017cyciowy sukces na ME w Lyonie (1975), gdzie jako pierwszy z Polak\u00f3w zdoby\u0142 z\u0142oty medal i tytu\u0142 mistrzowski (w finale wygra\u0142 z Barka\u0142ajewem ZSRR). Zdoby\u0142 tak\u017ce na ME: medal srebrny (1974) i br\u0105zowy (1976). Sukcesy mi\u0119dzynarodowe rozpocz\u0105\u0142 jednak wcze\u015bniej na mistrzostwach \u015bwiata, gdzie wywalczy\u0142 medal br\u0105zowy indywidualnie (1973). By\u0142 tak\u017ce akademickim wicemistrzem \u015bwiata (1974).<\/p>\n\n\n\n<p>Otrzymywa\u0142 za \u017cycia znakomite recenzje i opinie gdy\u017c by\u0142 wspania\u0142ym zawodnikiem i cz\u0142owiekiem. Kole\u017ce\u0144ski, uczynny, zawsze pogodny i u\u015bmiechni\u0119ty. Szkoleniowcy dodawali: niezwykle pracowity, \u0142atwy w prowadzeniu, silna psychika. Niestety , jego kariera sportowa zosta\u0142a nagle przerwana (1976) ci\u0119\u017ck\u0105 kontuzj\u0105 (kr\u0119gozmyk) podczas krajowych zawod\u00f3w w walce z Waldemarem Zauszem. Mimo operacji pozosta\u0142 przykuty do szpitalnego \u0142\u00f3\u017cka przez kilka miesi\u0119cy. Pr\u00f3by powrotu do judo zako\u0144czy\u0142y si\u0119 niepowodzeniem. By\u0142 Zas\u0142u\u017conym Mistrzem Sportu.<\/p>\n\n\n\n<p>Wiadomo\u015b\u0107 o jego samob\u00f3jczej \u015bmierci w Gda\u0144sku 9 lutego 1986 r. zaskoczy\u0142a wszystkich.<\/p>\n\n\n\n<p><strong>*1976 Montreal: judo, w. p\u00f3\u0142ci\u0119\u017cka<\/strong> &#8211; w pierwszej rundzie wyci\u0105gn\u0105\u0142 wolny los, w drugiej wygra\u0142 w 4.44 min. z P. Buechelem (Lichtenstein), w trzeciej przegra\u0142 z D. Lorenzem (NRD) i odp. z konk.<\/p>\n\n\n\n<p><em>Bibl.: G\u0142uszek, Leksykon 1999, s. 308-309; Pawlak, Olimpijczycy, s. 214 (tu adnotacja: mieszka w Gda\u0144sku); MES, t. 2, s. 341; Gebert, Poczet olimpijczyk\u00f3w, s. 131; Gebert, Bombardierzy, s. 122-123 (tu b\u0142\u0119dny rok \u015bmierci 1985); Kronika Sportu, s. 903; Ksi\u0119ga sportu, s. 175, 480; Porada, Igrzyska, s. 898; USC Gda\u0144sk, AZ 587\/1986 (pismo z 20.03.2003).<\/em><\/p>\n","protected":false},"excerpt":{"rendered":"<p>ps. &#8220;Kobra&#8221;, in\u017cynier elektronik, judoka z Wybrze\u017ca Gda\u0144sk, pierwszy mistrz Europy w historii polskiego judo, olimpijczyk z Montrealu (1976). &#8230; <a class=\"read-more\" href=\"https:\/\/olimpijski.pl\/en\/olimpijczycy\/reiter-antoni-franciszek\/\">Czytaj dalej<\/a><\/p>\n","protected":false},"featured_media":40327,"menu_order":60,"template":"","meta":{"_acf_changed":false,"ub_ctt_via":"","footnotes":""},"class_list":["post-14873","person","type-person","status-publish","has-post-thumbnail","hentry","infinite-scroll-item","no-featured-image-padding","resize-featured-image"],"acf":{"olimpic_information":[{"olimpic":[{"ID":300,"post_author":"1","post_date":"1976-06-17 13:34:45","post_date_gmt":"1976-06-17 12:34:45","post_content":"<!-- wp:heading {\"level\":1,\"className\":\"main-title\"} -->\n<h1 class=\"main-title\"><strong>Igrzyska XXI Olimpiady<\/strong><br>Montreal 1976<\/h1>\n<!-- \/wp:heading -->\n\n<!-- wp:paragraph -->\n<p><br><\/p>\n<!-- \/wp:paragraph -->\n\n<!-- wp:image {\"align\":\"left\",\"id\":19336,\"sizeSlug\":\"large\",\"className\":\"is-style-default\"} -->\n<div class=\"wp-block-image is-style-default\"><figure class=\"alignleft size-large\"><img src=\"https:\/\/olimpijski.pl\/wp-content\/uploads\/1976\/06\/montreal1976.png\" alt=\"\" class=\"wp-image-19336\"\/><\/figure><\/div>\n<!-- \/wp:image -->\n\n<!-- wp:list -->\n<ul><li>Igrzyska rozegrano w dniach <strong>17 lipca \u2013 1 sierpnia<\/strong>.<\/li><li>Wystartowa\u0142o <strong>6084<\/strong> zawodnik\u00f3w (w tym <strong>1260<\/strong> kobiet) z <strong>92<\/strong> kraj\u00f3w.<\/li><li>Rozdano <strong>198<\/strong> komplet\u00f3w medali.<\/li><li>Przysi\u0119g\u0119 olimpijsk\u0105 w imieniu sportowc\u00f3w z\u0142o\u017cy\u0142 ci\u0119\u017carowiec <strong>Pierre Saint-Jean<\/strong>, natomiast w imieniu s\u0119dzi\u00f3w i trener\u00f3w \u2013 <strong>Maurice Fauget<\/strong>.<\/li><li>Znicz olimpijski zapalili nastolatkowie reprezentuj\u0105cy angielsk\u0105 i francusk\u0105 spo\u0142eczno\u015b\u0107 Kanady \u2013 <strong>Sandra Henderson<\/strong> i <strong>Stephane Prefontaine<\/strong>.<\/li><li>Igrzyska otworzy\u0142a <strong>kr\u00f3lowa Anglii El\u017cbieta II<\/strong>.<\/li><\/ul>\n<!-- \/wp:list -->\n\n<!-- wp:heading -->\n<h2><strong>Program Igrzysk \u2013 23 dyscypliny, 198 konkurencji<\/strong><\/h2>\n<!-- \/wp:heading -->\n\n<!-- wp:paragraph -->\n<p>boks (11 konkurencji), gimnastyka (14), hokej na trawie (1), je\u017adziectwo (6), judo (6), kajakarstwo (11), kolarstwo (6), koszyk\u00f3wka (2), lekkoatletyka (37), \u0142ucznictwo (2), pi\u0119ciob\u00f3j nowoczesny (2), pi\u0142ka no\u017cna (1), pi\u0142ka r\u0119czna (2), pi\u0142ka siatkowa (2), pi\u0142ka wodna (1), p\u0142ywanie (26), podnoszenie ci\u0119\u017car\u00f3w (9), skoki do wody (4), strzelectwo (7), szermierka (8), wio\u015blarstwo (14), zapasy (20), \u017ceglarstwo (6).<\/p>\n<!-- \/wp:paragraph -->\n\n<!-- wp:heading -->\n<h2><strong>Gwiazda Igrzysk<\/strong><\/h2>\n<!-- \/wp:heading -->\n\n<!-- wp:paragraph -->\n<p><strong>Nadia Comaneci<\/strong> (Rumunia, gimnastyka) \u2013 3 z\u0142ote medale, 1 srebrny, 1 br\u0105zowy<\/p>\n<!-- \/wp:paragraph -->\n\n<!-- wp:heading -->\n<h2><strong>Polska Reprezentacja Olimpijska<\/strong><\/h2>\n<!-- \/wp:heading -->\n\n<!-- wp:paragraph -->\n<p>223 osoby (startowa\u0142o 207 \u2013 27 kobiet i 180 m\u0119\u017cczyzn) w 18 sportach: 11 bokser\u00f3w, 7 gimnastyk\u00f3w (6 startowa\u0142o, 1 nie), 5 judok\u00f3w, 16 kajakarzy (w tym 4 kobiety; 13 startowa\u0142o + 3 rez.), 14 kolarzy (11 startowa\u0142o + 3 rez.), 33 lekkoatlet\u00f3w (w tym 4 kobiety; 32 startowa\u0142o, 1 nie), 4 \u0142ucznik\u00f3w (w tym 2 kobiety), 4 pi\u0119cioboist\u00f3w (3 startowa\u0142o + 1 rez.), 17 pi\u0142karzy, 14 pi\u0142karzy r\u0119cznych, 12 siatkarzy, 3 p\u0142ywak\u00f3w (w tym 1 kobieta), 11 ci\u0119\u017carowc\u00f3w (9 startowa\u0142o + 2 rez.), 12 strzelc\u00f3w, 18 szermierzy (w tym 5 kobiet), 26 wio\u015blarzy (w tym 14 kobiet; 22 startowa\u0142o + 4 rez.), 14 zapa\u015bnik\u00f3w, 2 \u017ceglarzy (1 startowa\u0142o + 1 rez.).<\/p>\n<!-- \/wp:paragraph -->\n\n<!-- wp:paragraph -->\n<p>Chor\u0105\u017cym reprezentacji Polski by\u0142 kajakarz <strong>Grzegorz \u015aledziewski<\/strong>.<\/p>\n<!-- \/wp:paragraph -->\n\n<!-- wp:heading -->\n<h2><strong>Klasyfikacja medalowa<\/strong><\/h2>\n<!-- \/wp:heading -->\n\n<!-- wp:table {\"hasFixedLayout\":true,\"className\":\"is-style-stripes\"} -->\n<figure class=\"wp-block-table is-style-stripes\"><table class=\"has-fixed-layout\"><tbody><tr><td><\/td><td><\/td><td class=\"has-text-align-center\" data-align=\"center\">&nbsp;<\/td><td class=\"has-text-align-center\" data-align=\"center\">&nbsp;<\/td><td class=\"has-text-align-center\" data-align=\"center\">&nbsp;<\/td><td class=\"has-text-align-center\" data-align=\"center\">&nbsp;<\/td><\/tr><tr><td>&nbsp;<\/td><td>&nbsp;<\/td><td class=\"has-text-align-center\" data-align=\"center\">&nbsp;<\/td><td class=\"has-text-align-center\" data-align=\"center\"><img class=\"wp-image-27817\" style=\"width: 50px;\" src=\"https:\/\/olimpijski.pl\/wp-content\/uploads\/2016\/06\/2016_Rio_zloty_50x50.jpg\" alt=\"\"><\/td><td class=\"has-text-align-center\" data-align=\"center\"><img class=\"wp-image-27819\" style=\"width: 50px;\" src=\"https:\/\/olimpijski.pl\/wp-content\/uploads\/2016\/06\/2016_Rio_sreb_50x50.jpg\" alt=\"\"><\/td><td class=\"has-text-align-center\" data-align=\"center\"><img class=\"wp-image-27821\" style=\"width: 50px;\" src=\"https:\/\/olimpijski.pl\/wp-content\/uploads\/2016\/06\/2016_Rio_braz_50x50.jpg\" alt=\"\"><\/td><\/tr><tr><td>1.<\/td><td>ZSRR<\/td><td class=\"has-text-align-center\" data-align=\"center\">125<\/td><td class=\"has-text-align-center\" data-align=\"center\">49<\/td><td class=\"has-text-align-center\" data-align=\"center\">41<\/td><td class=\"has-text-align-center\" data-align=\"center\">35<\/td><\/tr><tr><td>2.<\/td><td>NRD<\/td><td class=\"has-text-align-center\" data-align=\"center\">90<\/td><td class=\"has-text-align-center\" data-align=\"center\">40<\/td><td class=\"has-text-align-center\" data-align=\"center\">25<\/td><td class=\"has-text-align-center\" data-align=\"center\">25<\/td><\/tr><tr><td>3.<\/td><td>USA<\/td><td class=\"has-text-align-center\" data-align=\"center\">94<\/td><td class=\"has-text-align-center\" data-align=\"center\">34<\/td><td class=\"has-text-align-center\" data-align=\"center\">35<\/td><td class=\"has-text-align-center\" data-align=\"center\">25<\/td><\/tr><tr><td>...<\/td><td>&nbsp;<\/td><td class=\"has-text-align-center\" data-align=\"center\">&nbsp;<\/td><td class=\"has-text-align-center\" data-align=\"center\">&nbsp;<\/td><td class=\"has-text-align-center\" data-align=\"center\">&nbsp;<\/td><td class=\"has-text-align-center\" data-align=\"center\">&nbsp;<\/td><\/tr><tr><td><strong>6.<\/strong><\/td><td><strong>Polska<\/strong><\/td><td class=\"has-text-align-center\" data-align=\"center\"><strong>26<\/strong><\/td><td class=\"has-text-align-center\" data-align=\"center\"><strong>7<\/strong><\/td><td class=\"has-text-align-center\" data-align=\"center\"><strong>6<\/strong><\/td><td class=\"has-text-align-center\" data-align=\"center\"><strong>13<\/strong><\/td><\/tr><\/tbody><\/table><\/figure>\n<!-- \/wp:table -->\n\n<!-- wp:heading -->\n<h2><strong>Medale dla Polski (26)<\/strong><\/h2>\n<!-- \/wp:heading -->\n\n<!-- wp:paragraph -->\n<p>z\u0142oty - Irena Szewi\u0144ska (lekkoatletyka - bieg na 400 m)<br>z\u0142oty - Janusz Pyciak-Peciak (pi\u0119ciob\u00f3j nowoczesny)<br>z\u0142oty - Jerzy Rybicki (boks - waga lekko\u015brednia)<br>z\u0142oty - Tadeusz \u015alusarski (lekkoatletyka - skok o tyczce)<br>z\u0142oty - Jacek Wszo\u0142a (lekkoatletyka - skok wzwy\u017c)<br>z\u0142oty Kazimierz Lipie\u0144 (zapasy - styl klasyczny - waga 62 kg)<br>z\u0142oty - Bronis\u0142aw Bebel, Ryszard Bosek, Wies\u0142aw Gaw\u0142owski, Marek Karbarz, Zbigniew Lubiejewski, Lech Lasko, Miros\u0142aw Rybaczewski, W\u0142odzimierz Sadalski, Edward Skorek, W\u0142odzimierz Stefa\u0144ski, Tomasz Wojtowicz i Zbigniew Zarzycki (siatk\u00f3wka)<\/p>\n<!-- \/wp:paragraph -->\n\n<!-- wp:paragraph -->\n<p>srebrny - Andrzej Gronowicz i Jerzy Opara (kajakarstwo - C2&nbsp; 500 m)<br>srebrny - Bronis\u0142aw Malinowski (lekkoatletyka- bieg na 3000 m z przeszkodami)<br>srebrny - Grzegorz Cziura (podnoszenie ci\u0119\u017car\u00f3w - waga 56 kg)<br>srebrny - Grzegorz Jaremski, Jerzy Pietrzyk, Ryszard Podlas i Jan Werner (lekkoatletyka - sztafeta 4x400 m)<br>srebrny - Tadeusz Mytnik, Mieczys\u0142aw Nowicki, Stanis\u0142aw Szozda, Ryszard Szurkowski (kolarstwo - szosowy wy\u015bcig dru\u017c. na 100 km)<br>srebrny - (Jan Beniger, Les\u0142aw \u0106mikiewicz, Kazimierz Deyna, Jerzy Gorgo\u0144, Henryk Kasperczak, Kazimierz Kmiecik, Grzegorz Lato, Zygmunt Maszczyk, Piotr Mowlik, Roman Ogaza, Wojciech Rudy, Andrzej Szarmach, Antoni Szymanowski, Jan Tomaszewski, Henryk Wawrowski, Henryk Wieczorek, W\u0142adys\u0142aw \u017bmuda (pi\u0142ka no\u017cna)<\/p>\n<!-- \/wp:paragraph -->\n\n<!-- wp:paragraph -->\n<p>br\u0105zowy - Leszek B\u0142a\u017cy\u0144ski (boks - waga musza)<br>br\u0105zowy - Leszek Kosedowski (boks - waga pi\u00f3rkowa)<br>br\u0105zowy - Kazimierz Szczerba (boks - waga lekkop\u00f3\u0142\u015brednia)<br>br\u0105zowy - Janusz Gortat (boks -waga p\u00f3\u0142ci\u0119\u017cka)<br>br\u0105zowy - Marian Ta\u0142aj (judo - waga 71 kg)<br>br\u0105zowy - Mieczys\u0142aw Nowicki (kolarstwo - wy\u015bcig indywidualny)<br>br\u0105zowy - Wies\u0142aw Gawlikowski (strzelectwo - skeet)<br>br\u0105zowy - Jerzy Greszkiewicz (strzelectwo - strzelanie do sylwetki biegn\u0105cego dzika)<br>br\u0105zowy - Czes\u0142aw Kwieci\u0144ski (zapasy - styl klasyczny - waga 90 kg)<br>br\u0105zowy - Andrzej Skrzydlewski (zapasy - styl klasyczny - waga 100 kg)<br>br\u0105zowy - Kazimierz Czarnecki (podnoszenie ci\u0119\u017car\u00f3w - waga 67,5 kg)<br>br\u0105zowy - Tadeusz Rutkowski (podnoszenie ci\u0119\u017car\u00f3w - waga ponad 110 kg)<br>br\u0105zowy - Zdzis\u0142aw Antczak, Janusz Brzozowski, Piotr Cie\u015bla, Jan Gmyrek, Alfred Ka\u0142uzi\u0144ski, Jerzy Klempel, Zygfryd Kuchta, Jerzy Melcer, Ryszard Przybysz, Henryk Rozmiarek, Andrzej Soko\u0142owski, Andrzej Szymczak, Mieczys\u0142aw Wojczak i W\u0142odzimierz Zieli\u0144ski (pi\u0142ka r\u0119czna)<\/p>\n<!-- \/wp:paragraph -->\n\n<!-- wp:quote {\"className\":\"is-style-default\"} -->\n<blockquote class=\"wp-block-quote is-style-default\"><p>A\u017c siedem razy zagrano bia\u0142o-czerwonym Mazurek D\u0105browskiego: Irenie Szewi\u0144skiej triumfatorce biegu na 400 m, bokserowi Jerzemu Rybickiemu, Jackowi Wszole najlepszemu w skoku wzwy\u017c i Tadeuszowi \u015alusarskiemu, kt\u00f3ry wygra\u0142 konkurs skoku o tyczce, najlepszemu pi\u0119cioboi\u015bcie nowoczesnemu igrzysk Januszowi Pyciakowi-Peciakowi, zapa\u015bnikowi klasykowi Kazimierzowi Lipieniowi oraz siatkarzom, podopiecznym trenera Huberta Wagnera.<\/p><p>Drugi olimpijski kr\u0105\u017cek wywalczyli pi\u0142karze no\u017cni \u2013 tym razem srebro, z kolei zdobyli br\u0105z pi\u0142karze r\u0119czni.<\/p><\/blockquote>\n<!-- \/wp:quote -->","post_title":"Montreal 1976","post_excerpt":"","post_status":"publish","comment_status":"closed","ping_status":"closed","post_password":"","post_name":"montreal-1976","to_ping":"","pinged":"","post_modified":"2020-09-28 15:51:36","post_modified_gmt":"2020-09-28 13:51:36","post_content_filtered":"","post_parent":0,"guid":"https:\/\/wai-q98d7hpf9hy9k.wpallimport-demo.qsandbox.me\/olympics_summer\/montreal-1976\/","menu_order":0,"post_type":"olympics_summer","post_mime_type":"","comment_count":"0","filter":"raw"}],"competitions_rewards":[{"competition":[{"ID":5857,"post_author":"1","post_date":"2020-06-19 11:32:26","post_date_gmt":"2020-06-19 11:32:26","post_content":"","post_title":"Judo","post_excerpt":"","post_status":"publish","comment_status":"open","ping_status":"open","post_password":"","post_name":"judo","to_ping":"","pinged":"","post_modified":"2020-07-19 22:34:47","post_modified_gmt":"2020-07-19 20:34:47","post_content_filtered":"","post_parent":0,"guid":"https:\/\/wai-q7byvryhhcz9k.wpallimport-demo.qsandbox.me\/competition\/judo\/","menu_order":0,"post_type":"competition","post_mime_type":"","comment_count":"0","filter":"raw"}],"reward":""}]}],"picture":{"ID":40327,"id":40327,"title":"Antoni_Reiter","filename":"Antoni_Reiter.jpg","filesize":49241,"url":"https:\/\/olimpijski.pl\/wp-content\/uploads\/2020\/06\/Antoni_Reiter.jpg","link":"https:\/\/olimpijski.pl\/en\/olimpijczycy\/reiter-antoni-franciszek\/antoni_reiter\/#main","alt":"","author":"15","description":"","caption":"","name":"antoni_reiter","status":"inherit","uploaded_to":14873,"date":"2021-03-16 10:02:08","modified":"2021-03-16 10:02:08","menu_order":0,"mime_type":"image\/jpeg","type":"image","subtype":"jpeg","icon":"https:\/\/olimpijski.pl\/wp-includes\/images\/media\/default.png","width":400,"height":477,"sizes":{"thumbnail":"https:\/\/olimpijski.pl\/wp-content\/uploads\/2020\/06\/Antoni_Reiter-150x150.jpg","thumbnail-width":150,"thumbnail-height":150,"medium":"https:\/\/olimpijski.pl\/wp-content\/uploads\/2020\/06\/Antoni_Reiter-252x300.jpg","medium-width":252,"medium-height":300,"medium_large":"https:\/\/olimpijski.pl\/wp-content\/uploads\/2020\/06\/Antoni_Reiter.jpg","medium_large-width":400,"medium_large-height":477,"large":"https:\/\/olimpijski.pl\/wp-content\/uploads\/2020\/06\/Antoni_Reiter.jpg","large-width":400,"large-height":477,"1536x1536":"https:\/\/olimpijski.pl\/wp-content\/uploads\/2020\/06\/Antoni_Reiter.jpg","1536x1536-width":400,"1536x1536-height":477,"2048x2048":"https:\/\/olimpijski.pl\/wp-content\/uploads\/2020\/06\/Antoni_Reiter.jpg","2048x2048-width":400,"2048x2048-height":477,"ultp_layout_landscape_large":"https:\/\/olimpijski.pl\/wp-content\/uploads\/2020\/06\/Antoni_Reiter.jpg","ultp_layout_landscape_large-width":400,"ultp_layout_landscape_large-height":477,"ultp_layout_landscape":"https:\/\/olimpijski.pl\/wp-content\/uploads\/2020\/06\/Antoni_Reiter.jpg","ultp_layout_landscape-width":400,"ultp_layout_landscape-height":477,"ultp_layout_portrait":"https:\/\/olimpijski.pl\/wp-content\/uploads\/2020\/06\/Antoni_Reiter.jpg","ultp_layout_portrait-width":400,"ultp_layout_portrait-height":477,"ultp_layout_square":"https:\/\/olimpijski.pl\/wp-content\/uploads\/2020\/06\/Antoni_Reiter.jpg","ultp_layout_square-width":400,"ultp_layout_square-height":477}},"firstname":"Antoni","lastname":"Reiter (1950-1986)","birthdate_date":"16\/03\/1950","birthdate":"16 marca 1950","deathdate_date":"09\/02\/1986","deathdate":"9 lutego 1986","placeofbirth":"","club":"","coach":"","metrics":"","seolink":"reiter-antoni-franciszek","tmp_old_id":"14807","tmp_old_fid":"294","tmp_old_parent_id":"15544","createdate":"06\/11\/2013","tmp_old_title":"Reiter  Antoni Franciszek (1950-1986)","tmp_old_lead":"","tmp_old_body":"<p class=\"title-m-02\">REITER  ANTONI FRANCISZEK (1950-1986)<\/p><p><strong>ps.\u00a0 \"Kobra\", in\u017cynier elektronik, judoka z Wybrze\u017ca Gda\u0144sk, pierwszy mistrz Europy w historii polskiego judo, olimpijczyk z Montrealu (1976).<br\/><br\/><\/strong>Urodzony 16 marca 1950 w Gda\u0144sku, syn Jana\u00a0 i Haliny Marii Magowskiej, absolwent Politechniki Gda\u0144skiej (magister in\u017c. elektronik), judoka (181 cm, 92 kg) miejscowego Wybrze\u017ca, gdzie nad jego wszechstronnym wyszkoleniem czuwali trenerzy: Ryszard Zieniawa (klub), Waldemar Sikorski i Hiromi Tomita (kadra). Uchodzi za drugiego (po Januszu Paw\u0142owskim) najwybitniejszego zawodnika w historii gda\u0144skiego judo. 3-krotny mistrz Polski, zawsze w tej samej kat. do 78 kg (1971, 1973, 1975) osi\u0105gn\u0105\u0142 sw\u00f3j \u017cyciowy sukces na ME w Lyonie (1975), gdzie jako pierwszy z Polak\u00f3w zdoby\u0142 z\u0142oty medal i tytu\u0142 mistrzowski (w finale wygra\u0142 z Barka\u0142ajewem ZSRR). Zdoby\u0142 tak\u017ce na ME: medal srebrny (1974) i br\u0105zowy (1976). Sukcesy mi\u0119dzynarodowe rozpocz\u0105\u0142 jednak wcze\u015bniej na mistrzostwach \u015bwiata, gdzie wywalczy\u0142 medal br\u0105zowy indywidualnie (1973). By\u0142 tak\u017ce akademickim wicemistrzem \u015bwiata (1974). Otrzymywa\u0142 za \u017cycia znakomite recenzje i opinie gdy\u017c by\u0142 wspania\u0142ym zawodnikiem i cz\u0142owiekiem. Kole\u017ce\u0144ski, uczynny, zawsze pogodny i u\u015bmiechni\u0119ty. Szkoleniowcy dodawali: niezwykle pracowity, \u0142atwy w prowadzeniu, silna psychika. Niestety , jego kariera sportowa zosta\u0142a nagle przerwana (1976) ci\u0119\u017ck\u0105 kontuzj\u0105 (kr\u0119gozmyk) podczas krajowych zawod\u00f3w w walce z Waldemarem Zauszem. Mimo operacji pozosta\u0142 przykuty do szpitalnego \u0142\u00f3\u017cka przez kilka miesi\u0119cy. Pr\u00f3by powrotu do judo zako\u0144czy\u0142y si\u0119 niepowodzeniem. Wiadomo\u015b\u0107 o jego samob\u00f3jczej \u015bmierci w Gda\u0144sku 9 lutego 1986 zaskoczy\u0142a wszystkich. By\u0142 \u017conaty z Miros\u0142aw\u0105 Gra\u017cyn\u0105 z domu Zajdzi\u0144sk\u0105. By\u0142 Zas\u0142u\u017conym Mistrzem Sportu.<br\/><br\/>Bibl.: G\u0142uszek, Leksykon 1999, s. 308-309; Pawlak, Olimpijczycy, s. 214 (tu adnotacja: mieszka w Gda\u0144sku); MES, t. 2, s. 341; Gebert, Poczet olimpijczyk\u00f3w, s. 131; Gebert, Bombardierzy, s. 122-123 (tu b\u0142\u0119dny rok \u015bmierci 1985); Kronika Sportu, s. 903; Ksi\u0119ga sportu, s. 175, 480; Porada, Igrzyska, s. 898; USC Gda\u0144sk, AZ 587\/1986 (pismo z 20.03.2003).<br\/><br\/><strong>*1976 Montreal: w. p\u00f3\u0142ci\u0119\u017cka<\/strong> - w pierwszej rundzie wyci\u0105gn\u0105\u0142 wolny los, w drugiej wygra\u0142 w 4.44 min. z P. Buechelem (Lichtenstein), w trzeciej przegra\u0142 z D. Lorenzem (NRD) i odp. z konk.<br\/><\/p><!-- history --><table width=\"85%\" style=\"text-align:right\" border=\"0\" cellspacing=\"0\" cellpadding=\"0\">  <tr>    <td align=\"right\" class=\"box3-title\"><a href=\"javascript:history.back()\">\u00ab powr\u00f3t do listy<\/a><\/td>  <\/tr><\/table>","tmp_old_body_img":false,"tmp_old_lead_img":false,"picture_medalists":false,"important":"","person_achivments":""},"_links":{"self":[{"href":"https:\/\/olimpijski.pl\/en\/wp-json\/wp\/v2\/person\/14873"}],"collection":[{"href":"https:\/\/olimpijski.pl\/en\/wp-json\/wp\/v2\/person"}],"about":[{"href":"https:\/\/olimpijski.pl\/en\/wp-json\/wp\/v2\/types\/person"}],"version-history":[{"count":2,"href":"https:\/\/olimpijski.pl\/en\/wp-json\/wp\/v2\/person\/14873\/revisions"}],"predecessor-version":[{"id":40331,"href":"https:\/\/olimpijski.pl\/en\/wp-json\/wp\/v2\/person\/14873\/revisions\/40331"}],"wp:featuredmedia":[{"embeddable":true,"href":"https:\/\/olimpijski.pl\/en\/wp-json\/wp\/v2\/media\/40327"}],"wp:attachment":[{"href":"https:\/\/olimpijski.pl\/en\/wp-json\/wp\/v2\/media?parent=14873"}],"curies":[{"name":"wp","href":"https:\/\/api.w.org\/{rel}","templated":true}]}}