{"id":14877,"date":"2020-06-24T16:50:40","date_gmt":"2020-06-24T14:50:40","guid":{"rendered":"http:\/\/pkol.local\/person\/reszpondek-jozef-marek\/"},"modified":"2021-03-17T12:50:41","modified_gmt":"2021-03-17T11:50:41","slug":"reszpondek-jozef-marek","status":"publish","type":"person","link":"https:\/\/olimpijski.pl\/en\/olimpijczycy\/reszpondek-jozef-marek\/","title":{"rendered":"J\u00f3zef Reszpondek (1951-2002)"},"content":{"rendered":"\n<p><br><br><br><strong>\u015blusarz mechanik, pi\u0119\u015bciarz z \u0141odzi, olimpijczyk z Monachium (1972).<\/strong><\/p>\n\n\n\n<p>Urodzony 17 marca 1951 w \u0141odzi, syn J\u00f3zefa i W\u0142adys\u0142awy Strzelczyk, absolwent miejscowej&nbsp; Zasadniczej Szko\u0142y Zawodowej &#8211; Metalowej nr 4 (1970, \u015blusarz mechanik), pi\u0119\u015bciarz (168 cm, 53 kg) wagi koguciej Rudzkiego Klubu Sportowego \u0141\u00f3d\u017a, gdzie pierwszym jego nauczycielem by\u0142 Stanis\u0142aw Jasku\u0142a (1966-1969). Po trzech sezonach przeni\u00f3s\u0142 si\u0119 do \u0142\u00f3dzkiego Widzewa, kt\u00f3rego barwy reprezentowa\u0142 a\u017c do zako\u0144czenia kariery sportowej (1981). By\u0142 typowym fighterem o szczelnej gardzie, dobrym balansie tu\u0142owia i przede wszystkim bardzo silnym lewym sierpowym. Szczyt jego formy przypad\u0142 na pocz\u0105tek lat siedemdziesi\u0105tych.<\/p>\n\n\n\n<p>Zwyci\u0119zca turnieju &#8220;Gryfa Szczeci\u0144skiego&#8221; (1972), raz broni\u0142 barw narodowych (1973) w meczu z Jugos\u0142awi\u0105 (pora\u017cka przez nokaut w 3 r. z&nbsp; J. Bahtijarevicem). Stoczy\u0142 w sumie ponad 100 walk. Wiele m\u00f3wiono i pisano o jego poza ringowych, \u017cyciowych s\u0142abo\u015bciach.<\/p>\n\n\n\n<p>Zmar\u0142 w \u0141odzi 21 kwietnia 2002 r. pochowany na miejscowym cmentarzu Kurczaki. Pozostawi\u0142 \u017con\u0119 i dwoje dzieci.<\/p>\n\n\n\n<p><strong>*1972 Monachium: boks, w. kogucia<\/strong> &#8211; w pierwszej kolejce przegra\u0142 0:5 z Aldo Cosentino (Francja) i odp. z konk. (zw. O. Martinez, Kuba).<\/p>\n\n\n\n<p><em>Bibl.: G\u0142uszek, Leksykon 1999, s. 309; Kurzy\u0144ski, Tysi\u0105c wspania\u0142ych (2), s. 202-203; Osm\u00f3lski, Leksykon boksu, s. 215; Bogusz, \u0141\u00f3dzcy olimpijczycy, s. 136; Pawlak, Olimpijczycy, s. 214; Stabno J., Po\u017cegnanie olimpijczyka J\u00f3zefa Reszpondka, &#8220;Bokser&#8221;, 2002, nr 6 (tu b\u0142\u0119dna data \u015bmierci: 29 kwietnia 2002); Skotnicki, Od Olimpii do Atlanty, s. 196; USC \u0141\u00f3d\u017a &#8211; Centrum, AU II &#8211; 359\/51, AZ II &#8211; 893\/2002; Wywiad \u015brodowiskowy.<\/em><\/p>\n","protected":false},"excerpt":{"rendered":"<p>\u015blusarz mechanik, pi\u0119\u015bciarz z \u0141odzi, olimpijczyk z Monachium (1972). &#8230; <a class=\"read-more\" href=\"https:\/\/olimpijski.pl\/en\/olimpijczycy\/reszpondek-jozef-marek\/\">Czytaj dalej<\/a><\/p>\n","protected":false},"featured_media":40373,"menu_order":60,"template":"","meta":{"_acf_changed":false,"ub_ctt_via":"","footnotes":""},"class_list":["post-14877","person","type-person","status-publish","has-post-thumbnail","hentry","infinite-scroll-item","no-featured-image-padding","resize-featured-image"],"acf":{"olimpic_information":[{"olimpic":[{"ID":301,"post_author":"1","post_date":"1972-06-17 13:34:45","post_date_gmt":"1972-06-17 12:34:45","post_content":"<!-- wp:heading {\"level\":1,\"className\":\"main-title\"} -->\n<h1 class=\"main-title\"><strong>Igrzyska XX Olimpiady<\/strong><br>Monachium 1972<\/h1>\n<!-- \/wp:heading -->\n\n<!-- wp:paragraph -->\n<p><br><\/p>\n<!-- \/wp:paragraph -->\n\n<!-- wp:image {\"align\":\"left\",\"id\":19334,\"sizeSlug\":\"large\",\"className\":\"is-style-default\"} -->\n<div class=\"wp-block-image is-style-default\"><figure class=\"alignleft size-large\"><img src=\"https:\/\/olimpijski.pl\/wp-content\/uploads\/1972\/06\/monachium1972.png\" alt=\"\" class=\"wp-image-19334\"\/><\/figure><\/div>\n<!-- \/wp:image -->\n\n<!-- wp:list -->\n<ul><li>Igrzyska rozegrano w dniach <strong>26 sierpnia \u2013 11 wrze\u015bnia<\/strong>.<\/li><li>Wystartowa\u0142o <strong>7132<\/strong> zawodnik\u00f3w (w tym <strong>1058<\/strong> kobiet) ze <strong>121<\/strong> kraj\u00f3w.<\/li><li>Rozdano <strong>195<\/strong> komplet\u00f3w medali.<\/li><li>Przysi\u0119g\u0119 olimpijsk\u0105 w imieniu sportowc\u00f3w z\u0142o\u017cy\u0142a lekkoatletka <strong>Heidi Schueller<\/strong>, natomiast w imieniu s\u0119dzi\u00f3w i trener\u00f3w \u2013 po raz pierwszy w historii igrzysk \u2013 <strong>Heinz Pollay<\/strong>.<\/li><li>Znicz olimpijski zapali\u0142 lekkoatleta specjalizuj\u0105cy si\u0119 w biegach na \u015brednich dystansach <strong>Guenther Zahn<\/strong>.<\/li><li>Igrzyska otworzy\u0142 <strong>prezydent RFN Gustav Heinemann<\/strong>.<\/li><\/ul>\n<!-- \/wp:list -->\n\n<!-- wp:heading -->\n<h2><strong>Program Igrzysk \u2013 23 dyscypliny, 195 konkurencji<\/strong><\/h2>\n<!-- \/wp:heading -->\n\n<!-- wp:paragraph -->\n<p>boks (11 konkurencji), gimnastyka (14), hokej na trawie (1), je\u017adziectwo (6), judo (6), kajakarstwo (11), kolarstwo (7), koszyk\u00f3wka (1), lekkoatletyka (38), \u0142ucznictwo (2), pi\u0119ciob\u00f3j nowoczesny (2), pi\u0142ka no\u017cna (1), pi\u0142ka r\u0119czna (1), pi\u0142ka siatkowa (2), pi\u0142ka wodna (1), p\u0142ywanie (29), podnoszenie ci\u0119\u017car\u00f3w (9), skoki do wody (4), strzelectwo (8), szermierka (8), wio\u015blarstwo (7), zapasy (20), \u017ceglarstwo (6).<\/p>\n<!-- \/wp:paragraph -->\n\n<!-- wp:heading -->\n<h2><strong>Gwiazda Igrzysk<\/strong><\/h2>\n<!-- \/wp:heading -->\n\n<!-- wp:paragraph -->\n<p><strong>Mark Spitz<\/strong> (USA, p\u0142ywanie) \u2013 7 z\u0142otych medali<\/p>\n<!-- \/wp:paragraph -->\n\n<!-- wp:heading -->\n<h2><strong>Polska Reprezentacja Olimpijska<\/strong><\/h2>\n<!-- \/wp:heading -->\n\n<!-- wp:paragraph -->\n<p><strong>309 os\u00f3b<\/strong> (startowa\u0142o 290 \u2013 37 kobiet i 253 m\u0119\u017cczyzn) w 22 sportach: 11 bokser\u00f3w, 14 gimnastyk\u00f3w (w tym 7 kobiet; 12 startowa\u0142o + 1 rez., 1 nie), 18 hokeist\u00f3w na trawie (17 startowa\u0142o + 1 rez.), 9 je\u017ad\u017ac\u00f3w (8 startowa\u0142o + 1 rez.), 4 judok\u00f3w, 25 kajakarzy (w tym 4 kobiety; 23 startowa\u0142o + 1 rez.), 14 kolarzy (12 startowa\u0142o + 2 rez.), 12 koszykarzy, 49 lekkoatlet\u00f3w (w tym 18 kobiet; 45 startowa\u0142o, 4 rez.), 4 \u0142ucznik\u00f3w (w tym 3 kobiety), 4 pi\u0119cioboist\u00f3w (3 start + 1 rez.), 19 pi\u0142karzy (17 startowa\u0142o + 2 rez.), 16 pi\u0142karzy r\u0119cznych (15 startowa\u0142o + 1 rez.), 12 siatkarzy, 5 p\u0142ywak\u00f3w, 3 skoczk\u00f3w do wody (w tym 2 kobiety), 9 ci\u0119\u017carowc\u00f3w, 13 strzelc\u00f3w (w tym 1 kobieta), 20 szermierzy (w tym 5 kobiet), 18 wio\u015blarzy (16 startowa\u0142o + 2 rez.), 18 zapa\u015bnik\u00f3w, 13 \u017ceglarzy (11 startowa\u0142o + 2 rez.).<\/p>\n<!-- \/wp:paragraph -->\n\n<!-- wp:paragraph -->\n<p>Chor\u0105\u017cym reprezentacji Polski by\u0142 po raz trzeci ci\u0119\u017carowiec <strong>Waldemar Baszanowski<\/strong>.<\/p>\n<!-- \/wp:paragraph -->\n\n<!-- wp:heading -->\n<h2><strong>Klasyfikacja medalowa<\/strong><\/h2>\n<!-- \/wp:heading -->\n\n<!-- wp:table {\"hasFixedLayout\":true,\"className\":\"is-style-stripes\"} -->\n<figure class=\"wp-block-table is-style-stripes\"><table class=\"has-fixed-layout\"><tbody><tr><td><\/td><td><\/td><td class=\"has-text-align-center\" data-align=\"center\">&nbsp;<\/td><td class=\"has-text-align-center\" data-align=\"center\">&nbsp;<\/td><td class=\"has-text-align-center\" data-align=\"center\">&nbsp;<\/td><td class=\"has-text-align-center\" data-align=\"center\">&nbsp;<\/td><\/tr><tr><td>&nbsp;<\/td><td>&nbsp;<\/td><td class=\"has-text-align-center\" data-align=\"center\">&nbsp;<\/td><td class=\"has-text-align-center\" data-align=\"center\"><img class=\"wp-image-27817\" style=\"width: 50px;\" src=\"https:\/\/olimpijski.pl\/wp-content\/uploads\/2016\/06\/2016_Rio_zloty_50x50.jpg\" alt=\"\"><\/td><td class=\"has-text-align-center\" data-align=\"center\"><img class=\"wp-image-27819\" style=\"width: 50px;\" src=\"https:\/\/olimpijski.pl\/wp-content\/uploads\/2016\/06\/2016_Rio_sreb_50x50.jpg\" alt=\"\"><\/td><td class=\"has-text-align-center\" data-align=\"center\"><img class=\"wp-image-27821\" style=\"width: 50px;\" src=\"https:\/\/olimpijski.pl\/wp-content\/uploads\/2016\/06\/2016_Rio_braz_50x50.jpg\" alt=\"\"><\/td><\/tr><tr><td>1.<\/td><td>ZSRR<\/td><td class=\"has-text-align-center\" data-align=\"center\">99<\/td><td class=\"has-text-align-center\" data-align=\"center\">50<\/td><td class=\"has-text-align-center\" data-align=\"center\">27<\/td><td class=\"has-text-align-center\" data-align=\"center\">22<\/td><\/tr><tr><td>2.<\/td><td>USA<\/td><td class=\"has-text-align-center\" data-align=\"center\">94<\/td><td class=\"has-text-align-center\" data-align=\"center\">33<\/td><td class=\"has-text-align-center\" data-align=\"center\">31<\/td><td class=\"has-text-align-center\" data-align=\"center\">30<\/td><\/tr><tr><td>3.<\/td><td>NRD<\/td><td class=\"has-text-align-center\" data-align=\"center\">66<\/td><td class=\"has-text-align-center\" data-align=\"center\">20<\/td><td class=\"has-text-align-center\" data-align=\"center\">23<\/td><td class=\"has-text-align-center\" data-align=\"center\">23<\/td><\/tr><tr><td>...<\/td><td>&nbsp;<\/td><td class=\"has-text-align-center\" data-align=\"center\">&nbsp;<\/td><td class=\"has-text-align-center\" data-align=\"center\">&nbsp;<\/td><td class=\"has-text-align-center\" data-align=\"center\">&nbsp;<\/td><td class=\"has-text-align-center\" data-align=\"center\">&nbsp;<\/td><\/tr><tr><td><strong>7.<\/strong><\/td><td><strong>Polska<\/strong><\/td><td class=\"has-text-align-center\" data-align=\"center\"><strong>21<\/strong><\/td><td class=\"has-text-align-center\" data-align=\"center\"><strong>7<\/strong><\/td><td class=\"has-text-align-center\" data-align=\"center\"><strong>5<\/strong><\/td><td class=\"has-text-align-center\" data-align=\"center\"><strong>9<\/strong><\/td><\/tr><\/tbody><\/table><\/figure>\n<!-- \/wp:table -->\n\n<!-- wp:heading -->\n<h2><strong>Medale dla Polski (21)<\/strong><\/h2>\n<!-- \/wp:heading -->\n\n<!-- wp:paragraph -->\n<p>z\u0142oty - W\u0142adys\u0142aw Komar (lekkoatletyka - pchni\u0119cie kul\u0105)<br>z\u0142oty - Witold Woyda (szermierka - turniej indywidualny florecist\u00f3w)<br>z\u0142oty - Jan Szczepa\u0144ski (boks - waga lekka)<br>z\u0142oty - Zygmunt Smalcerz (podnoszenie ci\u0119\u017car\u00f3w - waga 52 kg)<br>z\u0142oty - J\u00f3zef Zap\u0119dzki (strzelectwo - pistolet sylwetkowy)<br>z\u0142oty - Marek D\u0105browski, Arkadiusz Godel, Jerzy Kaczmarek, Lech Koziejowski i Witold Woyda (szermierka - turniej dru\u017cynowy florecist\u00f3w)<br>z\u0142oty - Zygmunt Anczok, Les\u0142aw \u0106mikiewicz, Kazimierz Deyna, Robert Gadocha, Zbigniew Gut, Jerzy Gorgo\u0144, Andrzej Jarosik, Kazimierz Kmiecik, Hubert Kostka, Jerzy Kraska, Grzegorz Lato, W\u0142odzimierz Luba\u0144ski, Joachim Marx, Zygmunt Maszczyk, Marian Ostafi\u0144ski, Marian Szeja, Zygfryd Szo\u0142tysik, Antoni Szymanowski i Ryszard Szymczak (pi\u0142ka no\u017cna)<\/p>\n<!-- \/wp:paragraph -->\n\n<!-- wp:paragraph -->\n<p>srebrny - Wies\u0142aw Rudkowski (boks - waga lekko\u015brednia)<br>srebrny - Antoni Zajkowski (judo - waga 71 kg)<br>srebrny - Norbert Ozimek (podnoszenie ci\u0119\u017car\u00f3w - waga 82,5 kg)<br>srebrny - Irena Szyd\u0142owska (\u0142ucznictwo - turniej indywidualny)<br>srebrny - Edward Barcik, Lucjan Lis, Stanis\u0142aw Szozda i Ryszard Szurkowski (kolarstwo - wy\u015bcig dru\u017cynowy na 100 km)<\/p>\n<!-- \/wp:paragraph -->\n\n<!-- wp:paragraph -->\n<p>br\u0105zowy - Leszek B\u0142a\u017cy\u0144ski (boks - waga musza)<br>br\u0105zowy - Janusz Gortat (boks - waga p\u00f3\u0142ci\u0119\u017cka)<br>br\u0105zowy - Irena Szewi\u0144ska (lekkoatletyka - bieg na 200 m)<br>br\u0105zowy - Ryszard Katus (lekkoatletyka - dziesi\u0119ciob\u00f3j)<br>br\u0105zowy - Kazimierz Lipie\u0144 (zapasy - styl klasyczny - waga 62 kg)<br>br\u0105zowy - Czes\u0142aw Kwieci\u0144ski (zapasy - styl klasyczny - waga 90 kg)<br>br\u0105zowy - Rafa\u0142 Piszcz i W\u0142adys\u0142aw Szuszkiewicz (kajakarstwo - wy\u015bcig K2 na 1000 m)<br>br\u0105zowy - Andrzej Bek i Benedykt Kocot (kolarstwo- torowy wy\u015bcig tandem\u00f3w)<br>br\u0105zowy - Zbigniew Kaczmarek (podnoszenie ci\u0119\u017car\u00f3w - waga 67,5 kg)<\/p>\n<!-- \/wp:paragraph -->\n\n<!-- wp:quote {\"className\":\"is-style-default\"} -->\n<blockquote class=\"wp-block-quote is-style-default\"><p>Bohaterem reprezentacji Polski by\u0142 szermierz Witold Woyda, zdobywca 2 z\u0142otych medali. Kolejny medal do swojej olimpijskiej kolekcji do\u0142o\u017cy\u0142a Irena Szewi\u0144ska. Wielkim sukcesem by\u0142o tak\u017ce z\u0142oto pi\u0142karskie podopiecznych legendarnego trenera Kazimierza G\u00f3rskiego.<br><br>W czasie igrzysk cz\u0142onkowie palesty\u0144skiej organizacji terrorystycznej Czarny Wrzesie\u0144 wzi\u0119li za zak\u0142adnik\u00f3w 11 cz\u0142onk\u00f3w ekipy izraelskiej. Zabili sportowc\u00f3w i trener\u00f3w oraz jednego policjanta. Pi\u0119ciu z o\u015bmiu terroryst\u00f3w zosta\u0142o zabitych podczas pr\u00f3by odbicia zak\u0142adnik\u00f3w, trzech pozosta\u0142ych schwytano.<\/p><\/blockquote>\n<!-- \/wp:quote -->","post_title":"Monachium 1972","post_excerpt":"","post_status":"publish","comment_status":"closed","ping_status":"closed","post_password":"","post_name":"monachium-1972","to_ping":"","pinged":"","post_modified":"2020-09-28 15:54:00","post_modified_gmt":"2020-09-28 13:54:00","post_content_filtered":"","post_parent":0,"guid":"https:\/\/wai-q98d7hpf9hy9k.wpallimport-demo.qsandbox.me\/olympics_summer\/monachium-1972\/","menu_order":0,"post_type":"olympics_summer","post_mime_type":"","comment_count":"0","filter":"raw"}],"competitions_rewards":[{"competition":[{"ID":5852,"post_author":"1","post_date":"2020-06-19 11:32:26","post_date_gmt":"2020-06-19 11:32:26","post_content":"","post_title":"Boks","post_excerpt":"","post_status":"publish","comment_status":"open","ping_status":"open","post_password":"","post_name":"boks","to_ping":"","pinged":"","post_modified":"2020-06-29 13:17:07","post_modified_gmt":"2020-06-29 11:17:07","post_content_filtered":"","post_parent":0,"guid":"https:\/\/wai-q7byvryhhcz9k.wpallimport-demo.qsandbox.me\/competition\/boks\/","menu_order":0,"post_type":"competition","post_mime_type":"","comment_count":"0","filter":"raw"}],"reward":""}]}],"picture":{"ID":40373,"id":40373,"title":"Jozef_Reszpondek","filename":"Jozef_Reszpondek.jpg","filesize":46951,"url":"https:\/\/olimpijski.pl\/wp-content\/uploads\/2020\/06\/Jozef_Reszpondek.jpg","link":"https:\/\/olimpijski.pl\/en\/olimpijczycy\/reszpondek-jozef-marek\/jozef_reszpondek\/#main","alt":"","author":"15","description":"","caption":"","name":"jozef_reszpondek","status":"inherit","uploaded_to":14877,"date":"2021-03-17 10:59:44","modified":"2021-03-17 10:59:44","menu_order":0,"mime_type":"image\/jpeg","type":"image","subtype":"jpeg","icon":"https:\/\/olimpijski.pl\/wp-includes\/images\/media\/default.png","width":400,"height":519,"sizes":{"thumbnail":"https:\/\/olimpijski.pl\/wp-content\/uploads\/2020\/06\/Jozef_Reszpondek-150x150.jpg","thumbnail-width":150,"thumbnail-height":150,"medium":"https:\/\/olimpijski.pl\/wp-content\/uploads\/2020\/06\/Jozef_Reszpondek-231x300.jpg","medium-width":231,"medium-height":300,"medium_large":"https:\/\/olimpijski.pl\/wp-content\/uploads\/2020\/06\/Jozef_Reszpondek.jpg","medium_large-width":400,"medium_large-height":519,"large":"https:\/\/olimpijski.pl\/wp-content\/uploads\/2020\/06\/Jozef_Reszpondek.jpg","large-width":400,"large-height":519,"1536x1536":"https:\/\/olimpijski.pl\/wp-content\/uploads\/2020\/06\/Jozef_Reszpondek.jpg","1536x1536-width":400,"1536x1536-height":519,"2048x2048":"https:\/\/olimpijski.pl\/wp-content\/uploads\/2020\/06\/Jozef_Reszpondek.jpg","2048x2048-width":400,"2048x2048-height":519,"ultp_layout_landscape_large":"https:\/\/olimpijski.pl\/wp-content\/uploads\/2020\/06\/Jozef_Reszpondek.jpg","ultp_layout_landscape_large-width":400,"ultp_layout_landscape_large-height":519,"ultp_layout_landscape":"https:\/\/olimpijski.pl\/wp-content\/uploads\/2020\/06\/Jozef_Reszpondek.jpg","ultp_layout_landscape-width":400,"ultp_layout_landscape-height":519,"ultp_layout_portrait":"https:\/\/olimpijski.pl\/wp-content\/uploads\/2020\/06\/Jozef_Reszpondek.jpg","ultp_layout_portrait-width":400,"ultp_layout_portrait-height":519,"ultp_layout_square":"https:\/\/olimpijski.pl\/wp-content\/uploads\/2020\/06\/Jozef_Reszpondek.jpg","ultp_layout_square-width":400,"ultp_layout_square-height":519}},"firstname":"J\u00f3zef","lastname":"Reszpondek (1951-2002)","birthdate_date":"17\/03\/1951","birthdate":"17 marca 1951","deathdate_date":"21\/04\/2002","deathdate":"21 kwietnia 2002","placeofbirth":"","club":"","coach":"","metrics":"","seolink":"reszpondek-jozef-marek","tmp_old_id":"14764","tmp_old_fid":"294","tmp_old_parent_id":"15544","createdate":"06\/11\/2013","tmp_old_title":"Reszpondek J\u00f3zef Marek (1951-2002)","tmp_old_lead":"","tmp_old_body":"<p class=\"title-m-02\">RESZPONDEK J\u00d3ZEF MAREK (1951-2002)<\/p><table  border=\"0\" align=\"LEFT\" cellpadding=\"0\" cellspacing=\"0\"> <tr> <td class=\"photo-td-01\"><table  border=\"0\" cellspacing=\"0\" cellpadding=\"0\"> <tr>  <td><img src=\"files\/old\/i\/olimpijczycy\/Reszpondek_Jozef_m.jpg\" alt=\"RESZPONDEK J\u00d3ZEF MAREK \" border=\"0\" width=\"50\" height=\"50\"><\/td> <\/tr> <\/table><\/td><\/tr><\/table><p><strong>\u015blusarz mechanik, pi\u0119\u015bciarz z \u0141odzi, olimpijczyk z Monachium (1972).<br\/><br\/><\/strong>Urodzony 17 marca 1951 w \u0141odzi, syn J\u00f3zefa i W\u0142adys\u0142awy Strzelczyk, absolwent miejscowej\u00a0 Zasadniczej Szko\u0142y Zawodowej - Metalowej nr 4 (1970, \u015blusarz mechanik), pi\u0119\u015bciarz (168 cm, 53 kg) wagi koguciej Rudzkiego Klubu Sportowego \u0141\u00f3d\u017a, gdzie pierwszym jego nauczycielem by\u0142 Stanis\u0142aw Jasku\u0142a (1966-1969). Po trzech sezonach przeni\u00f3s\u0142 si\u0119 do \u0142\u00f3dzkiego Widzewa, kt\u00f3rego barwy reprezentowa\u0142 a\u017c do zako\u0144czenia kariery sportowej (1981). By\u0142 typowym fighterem o szczelnej gardzie, dobrym balansie tu\u0142owia i przede wszystkim bardzo silnym lewym sierpowym. Szczyt jego formy przypad\u0142 na pocz\u0105tek lat siedemdziesi\u0105tych. Zwyci\u0119zca turnieju \"Gryfa Szczeci\u0144skiego\" (1972), raz broni\u0142 barw narodowych (1973) w meczu z Jugos\u0142awi\u0105 (pora\u017cka przez nokaut w 3 r. z\u00a0 J. Bahtijarevicem). Stoczy\u0142 w sumie ponad 100 walk. Wiele m\u00f3wiono i pisano o jego poza ringowych, \u017cyciowych s\u0142abo\u015bciach. Zmar\u0142 w \u0141odzi 21 kwietnia 2002 pochowany na miejscowym cmentarzu Kurczaki. Pozostawi\u0142 \u017con\u0119 i dwoje dzieci.<br\/><br\/>Bibl.: G\u0142uszek, Leksykon 1999, s. 309; Kurzy\u0144ski, Tysi\u0105c wspania\u0142ych (2), s. 202-203; Osm\u00f3lski, Leksykon boksu, s. 215; Bogusz, \u0141\u00f3dzcy olimpijczycy, s. 136; Pawlak, Olimpijczycy, s. 214; Stabno J. , Po\u017cegnanie olimpijczyka J\u00f3zefa Reszpondka, \"Bokser\", 2002, nr 6 (tu b\u0142\u0119dna data \u015bmierci: 29 kwietnia 2002);\u00a0 Skotnicki, Od Olimpii do Atlanty, s. 196; USC \u0141\u00f3d\u017a - Centrum, AU II - 359\/51, AZ II - 893\/2002;\u00a0 Wywiad \u015brodowiskowy.<br\/><br\/><strong>*1972 Monachium: w. kogucia<\/strong> - w pierwszej kolejce przegra\u0142 0:5 z Aldo Cosentino (Francja) i odp. z konk. (zw. O. Martinez, Kuba).<br\/><\/p><!-- history --><table width=\"85%\" style=\"text-align:right\" border=\"0\" cellspacing=\"0\" cellpadding=\"0\">  <tr>    <td align=\"right\" class=\"box3-title\"><a href=\"javascript:history.back()\">\u00ab powr\u00f3t do listy<\/a><\/td>  <\/tr><\/table>","tmp_old_body_img":false,"tmp_old_lead_img":false,"picture_medalists":false,"important":"","person_achivments":""},"_links":{"self":[{"href":"https:\/\/olimpijski.pl\/en\/wp-json\/wp\/v2\/person\/14877"}],"collection":[{"href":"https:\/\/olimpijski.pl\/en\/wp-json\/wp\/v2\/person"}],"about":[{"href":"https:\/\/olimpijski.pl\/en\/wp-json\/wp\/v2\/types\/person"}],"version-history":[{"count":3,"href":"https:\/\/olimpijski.pl\/en\/wp-json\/wp\/v2\/person\/14877\/revisions"}],"predecessor-version":[{"id":40381,"href":"https:\/\/olimpijski.pl\/en\/wp-json\/wp\/v2\/person\/14877\/revisions\/40381"}],"wp:featuredmedia":[{"embeddable":true,"href":"https:\/\/olimpijski.pl\/en\/wp-json\/wp\/v2\/media\/40373"}],"wp:attachment":[{"href":"https:\/\/olimpijski.pl\/en\/wp-json\/wp\/v2\/media?parent=14877"}],"curies":[{"name":"wp","href":"https:\/\/api.w.org\/{rel}","templated":true}]}}