{"id":14878,"date":"2020-06-24T16:50:40","date_gmt":"2020-06-24T14:50:40","guid":{"rendered":"http:\/\/pkol.local\/person\/reul-alfred-johannes-jan\/"},"modified":"2020-10-21T10:39:44","modified_gmt":"2020-10-21T08:39:44","slug":"reul-alfred-johannes-jan","status":"publish","type":"person","link":"https:\/\/olimpijski.pl\/en\/olimpijczycy\/reul-alfred-johannes-jan\/","title":{"rendered":"Alfred Reul"},"content":{"rendered":"<p class=\"title-m-02\">REUL ALFRED JOHANNES JAN (1909-1980)<\/p>\n<p><strong>fabrykant, kolarz SS Union i \u0141KS, olimpijczyk z Amsterdamu (1928).<br \/>\n<\/strong><br \/>\nUrodzony 1 sierpnia 1909 w \u0141odzi , syn Alfreda i Olgi z d. Ende uko\u0144czy\u0142 miejscow\u0105 (w Al. Ko\u015bciuszki) niemieck\u0105 szko\u0142\u0119 powszechn\u0105 i Niemieckie Gimnazjum (1915-1929). Kolarstwo zacz\u0105\u0142\u00a0 uprawia\u0107 wprawdzie w SS Union (1923) , ale wszystkie sukcesy sportowe odni\u00f3s\u0142\u00a0 reprezentuj\u0105c barwy \u0141KS (1925-1929). By\u0142 m. in. klubowym mistrzem w sprincie , zajmowa\u0142 czo\u0142owe lokaty w mistrzostwach okr\u0119gu , wywalczy\u0142 tytu\u0142 wicemistrza \u0141odzi na 4000 m (1926) i wygra\u0142 silnie obsadzony wy\u015bcig zorganizowany z okazji obchod\u00f3w 150-lecia Stan\u00f3w Zjednoczonych AP. W roku olimpijskim (1928) startuj\u0105c na szosie i torze osi\u0105gn\u0105\u0142 wysok\u0105 form\u0119 i zosta\u0142\u00a0 obj\u0119ty przygotowaniami do wyst\u0119pu w Amsterdamie. Podczas tych przygotowa\u0144 (16 lipca) polska dru\u017cyna torowa na 4000 m (dochodzenie) w sk\u0142adzie: J. Oksiutycz , J. Lange , F. Szymczyk i Reul , uzyska\u0142a na Dynasach najlepszy wynik na \u015bwiecie (5.04.0). Niestety na igrzyskach posz\u0142o Polakom gorzej (nie wystartowa\u0142 w zwi\u0105zku ze \u015bmierci\u0105 ojca Szymczyk , kt\u00f3rego zast\u0105pi\u0142 J. Zybert. Po igrzyskach zdoby\u0142 jeszcze wewn\u0105trz klubowe mistrzostwo \u0141KS , a w 1929 wyjecha\u0142 na studia do Aachen i definitywnie zako\u0144czy\u0142 karier\u0119 sportow\u0105. Po powrocie do \u0141odzi by\u0142\u00a0 wsp\u00f3\u0142w\u0142a\u015bcicielem fabryki a\u017c do wrze\u015bnia 1939. Reul (obywatel III Rzeszy) prze\u017cy\u0142 wojn\u0119 i zamieszka\u0142 na terenie Niemiec. Zmar\u0142 w Fuldzie 16 marca 1980 i tam jest pochowany.<\/p>\n<p>Bibl.: Bogusz , \u0141\u00f3dzcy olimpijczycy , s. 138; G\u0142uszek , Leksykon 1999 , s. 309 (tu b\u0142\u0119dny rok urodzenia 1904 i brak te\u017c daty \u015bmierci ); Pawlak , Olimpijczycy , s. 214 (jak wy\u017cej); Tuszy\u0144ski , Z\u0142ota ksi\u0119ga , s. 71, 74, 359; Tuszy\u0144ski , Ksi\u0119ga , s. 236 (tu b\u0142\u0119dnie uznano za zaginionego w czasie wojny w 1943); Jurek, Kultura fizyczna, s. 232; Archiwum Deutsche Dienststelle (Berlin) , 22.08.2001<\/p>\n<p><strong>* 1928 Amsterdam: 4000 m dru\u017c. na dochodzenie<\/strong> &#8211; w przedb. Polacy przegrali z Belgi\u0105, ale awansowali do \u0107wier\u0107fina\u0142u z najlepszym czasem; tam jednak ulegli Holandii (nie zbli\u017caj\u0105c si\u0119 nawet do wyniku z Dynas\u00f3w!) i odpadli z konk. Zw. W\u0142ochy &#8211; 5.01,8. Partnerami R. w dru\u017cynie byli: J. Lange , J. Oksiutycz i J. Zybert (Siebert).<\/p>\n<p><!-- history --><\/p>\n<table style=\"text-align: right;\" border=\"0\" width=\"85%\" cellspacing=\"0\" cellpadding=\"0\">\n<tbody>\n<tr>\n<td class=\"box3-title\" align=\"right\"><a>\u00ab powr\u00f3t do listy<\/a><\/td>\n<\/tr>\n<\/tbody>\n<\/table>\n","protected":false},"excerpt":{"rendered":"<p>REUL ALFRED JOHANNES JAN (1909-1980) fabrykant, kolarz SS Union i \u0141KS, olimpijczyk z Amsterdamu (1928). Urodzony 1 sierpnia 1909 w \u0141odzi ,<\/p>\n","protected":false},"featured_media":0,"menu_order":60,"template":"","meta":{"_acf_changed":false,"ub_ctt_via":"","footnotes":""},"class_list":["post-14878","person","type-person","status-publish","hentry","infinite-scroll-item","no-featured-image-padding"],"acf":{"olimpic_information":[{"olimpic":[{"ID":310,"post_author":"1","post_date":"1928-06-17 13:34:47","post_date_gmt":"1928-06-17 12:34:47","post_content":"<!-- wp:heading {\"level\":1,\"className\":\"main-title\"} -->\n<h1 class=\"main-title\">Igrzyska IX Olimpiady<br><strong>Amsterdam 1928<\/strong><\/h1>\n<!-- \/wp:heading -->\n\n<!-- wp:paragraph -->\n<p><br><\/p>\n<!-- \/wp:paragraph -->\n\n<!-- wp:image {\"align\":\"left\",\"id\":19258,\"sizeSlug\":\"large\"} -->\n<div class=\"wp-block-image\"><figure class=\"alignleft size-large\"><img src=\"https:\/\/olimpijski.pl\/wp-content\/uploads\/1928\/06\/amsterdam1928.png\" alt=\"\" class=\"wp-image-19258\"\/><\/figure><\/div>\n<!-- \/wp:image -->\n\n<!-- wp:list -->\n<ul><li>Igrzyska rozegrano w dniach <strong>17 maja \u2013 12 sierpnia<\/strong> [17\u201326 maja 1928 (hokej na trawie), 27 maja \u2013 3 czerwca 1928 (pi\u0142ka no\u017cna)].<\/li><li>Wystartowa\u0142o <strong>2883<\/strong> uczestnik\u00f3w (w tym <strong>277<\/strong> kobiet) z <strong>46<\/strong> kraj\u00f3w.<\/li><li>Rozdano <strong>109<\/strong> komplet\u00f3w medali.<\/li><li>Przysi\u0119g\u0119 w imieniu sportowc\u00f3w z\u0142o\u017cy\u0142 pi\u0142karz <strong>Leonard Barthlemie Denis<\/strong>.<\/li><li>Igrzyska otworzy\u0142 ksi\u0105\u017c\u0119 <strong>Hendrick Mecklenburg-Schwerin<\/strong>.<\/li><\/ul>\n<!-- \/wp:list -->\n\n<!-- wp:heading -->\n<h2><strong>Program Igrzysk \u2013 16 dyscyplin, 109 konkurencji<\/strong><\/h2>\n<!-- \/wp:heading -->\n\n<!-- wp:paragraph -->\n<p>boks (8 konkurencji), gimnastyka (8), hokej na trawie (1), je\u017adziectwo (6), kolarstwo (6), lekkoatletyka (27), pi\u0119ciob\u00f3j nowoczesny (1), pi\u0142ka no\u017cna (1), pi\u0142ka wodna (1), p\u0142ywanie (11), podnoszenie ci\u0119\u017car\u00f3w (5), skoki do wody (4), szermierka (7), wio\u015blarstwo (7), zapasy (13), \u017ceglarstwo (3).<\/p>\n<!-- \/wp:paragraph -->\n\n<!-- wp:heading -->\n<h2><strong>Gwiazdy Igrzysk<\/strong><\/h2>\n<!-- \/wp:heading -->\n\n<!-- wp:paragraph -->\n<p><strong>Herman Haenggi<\/strong> (Szwajcaria, gimnastyka) \u2013 2 z\u0142ote, 1 srebrny, 1 br\u0105z<br><strong>Georges Miez<\/strong> (Szwajcaria, gimnastyka) \u2013 3 z\u0142ote<br><strong>Paavo Nurmi<\/strong> (Finlandia, lekkoatletyka) \u2013 1 z\u0142oty, 2 srebrne<br><strong>Johnny Weismueller<\/strong> (USA, p\u0142ywanie) \u2013 2 z\u0142ote<br><strong>Albina Osipowichowa<\/strong> (USA, p\u0142ywanie) \u2013 2 z\u0142ote<\/p>\n<!-- \/wp:paragraph -->\n\n<!-- wp:heading -->\n<h2><strong>Polska Reprezentacja Olimpijska<\/strong><\/h2>\n<!-- \/wp:heading -->\n\n<!-- wp:paragraph -->\n<p>75 os\u00f3b (startowa\u0142o 66 \u2013 5 kobiet i 61 m\u0119\u017cczyzn) w 10 sportach: 4 bokser\u00f3w, 7 je\u017ad\u017ac\u00f3w (5 start + 2 rez.), 12 kolarzy (11 startowa\u0142o, 1 nie), 16 lekkoatlet\u00f3w (w tym 5 kobiet; 15 startowa\u0142o, 1 nie), 4 pi\u0119cioboist\u00f3w (3 startowa\u0142o, 1 nie), 2 p\u0142ywak\u00f3w (w tym 1 kobieta), 6 szermierzy, 17 wio\u015blarzy (14 startowa\u0142o + 3 rez.), 5 zapa\u015bnik\u00f3w (4 startowa\u0142o, 1 nie), 2 \u017ceglarzy.<\/p>\n<!-- \/wp:paragraph -->\n\n<!-- wp:paragraph -->\n<p>Chor\u0105\u017cym reprezentacji Polski by\u0142 zapa\u015bnik <strong>Marian Cieniewski<\/strong>.<\/p>\n<!-- \/wp:paragraph -->\n\n<!-- wp:heading -->\n<h2><strong>Klasyfikacja medalowa<\/strong><\/h2>\n<!-- \/wp:heading -->\n\n<!-- wp:table {\"hasFixedLayout\":true,\"className\":\"is-style-stripes\"} -->\n<figure class=\"wp-block-table is-style-stripes\"><table class=\"has-fixed-layout\"><tbody><tr><td><\/td><td><\/td><td class=\"has-text-align-center\" data-align=\"center\">&nbsp;<\/td><td class=\"has-text-align-center\" data-align=\"center\">&nbsp;<\/td><td class=\"has-text-align-center\" data-align=\"center\">&nbsp;<\/td><td class=\"has-text-align-center\" data-align=\"center\">&nbsp;<\/td><\/tr><tr><td>&nbsp;<\/td><td>&nbsp;<\/td><td class=\"has-text-align-center\" data-align=\"center\">&nbsp;<\/td><td class=\"has-text-align-center\" data-align=\"center\"><img class=\"wp-image-27817\" style=\"width: 50px;\" src=\"https:\/\/olimpijski.pl\/wp-content\/uploads\/2016\/06\/2016_Rio_zloty_50x50.jpg\" alt=\"\"><\/td><td class=\"has-text-align-center\" data-align=\"center\"><img class=\"wp-image-27819\" style=\"width: 50px;\" src=\"https:\/\/olimpijski.pl\/wp-content\/uploads\/2016\/06\/2016_Rio_sreb_50x50.jpg\" alt=\"\"><\/td><td class=\"has-text-align-center\" data-align=\"center\"><img class=\"wp-image-27821\" style=\"width: 50px;\" src=\"https:\/\/olimpijski.pl\/wp-content\/uploads\/2016\/06\/2016_Rio_braz_50x50.jpg\" alt=\"\"><\/td><\/tr><tr><td>1.<\/td><td>USA<\/td><td class=\"has-text-align-center\" data-align=\"center\">56<\/td><td class=\"has-text-align-center\" data-align=\"center\">22<\/td><td class=\"has-text-align-center\" data-align=\"center\">18<\/td><td class=\"has-text-align-center\" data-align=\"center\">16<\/td><\/tr><tr><td>2.<\/td><td>Niemcy<\/td><td class=\"has-text-align-center\" data-align=\"center\">31<\/td><td class=\"has-text-align-center\" data-align=\"center\">10<\/td><td class=\"has-text-align-center\" data-align=\"center\">7<\/td><td class=\"has-text-align-center\" data-align=\"center\">14<\/td><\/tr><tr><td>3.<\/td><td>Finlandia<\/td><td class=\"has-text-align-center\" data-align=\"center\">25<\/td><td class=\"has-text-align-center\" data-align=\"center\">8<\/td><td class=\"has-text-align-center\" data-align=\"center\">8<\/td><td class=\"has-text-align-center\" data-align=\"center\">9<\/td><\/tr><tr><td>...<\/td><td>&nbsp;<\/td><td class=\"has-text-align-center\" data-align=\"center\">&nbsp;<\/td><td class=\"has-text-align-center\" data-align=\"center\">&nbsp;<\/td><td class=\"has-text-align-center\" data-align=\"center\">&nbsp;<\/td><td class=\"has-text-align-center\" data-align=\"center\">&nbsp;<\/td><\/tr><tr><td><strong>21-22.<\/strong><\/td><td><strong>Polska<\/strong><\/td><td class=\"has-text-align-center\" data-align=\"center\"><strong>5<\/strong><\/td><td class=\"has-text-align-center\" data-align=\"center\"><strong>1<\/strong><\/td><td class=\"has-text-align-center\" data-align=\"center\"><strong>1<\/strong><\/td><td class=\"has-text-align-center\" data-align=\"center\"><strong>3<\/strong><\/td><\/tr><\/tbody><\/table><\/figure>\n<!-- \/wp:table -->\n\n<!-- wp:heading -->\n<h2><strong>Medale dla Polski (5)<\/strong><\/h2>\n<!-- \/wp:heading -->\n\n<!-- wp:ub\/content-toggle-block {\"blockID\":\"df8e2a5a-82a8-4f24-87e2-30492831c6fc\",\"theme\":\"#f1f1f1\",\"collapsed\":true,\"titleColor\":\"#000000\"} -->\n<!-- wp:ub\/content-toggle-panel-block {\"parentID\":\"df8e2a5a-82a8-4f24-87e2-30492831c6fc\",\"theme\":\"#f1f1f1\",\"collapsed\":true,\"titleColor\":\"#000000\",\"panelTitle\":\"Z\u0142oty\"} -->\n<!-- wp:paragraph -->\n<p><\/p>\n<!-- \/wp:paragraph -->\n\n<!-- wp:media-text {\"align\":\"\",\"mediaId\":30202,\"mediaLink\":\"https:\/\/olimpijski.pl\/igrzyska_letnie\/amsterdam-1928\/1928_amsterdam_zloty_200\/#main\",\"mediaType\":\"image\",\"mediaWidth\":20} -->\n<div class=\"wp-block-media-text is-stacked-on-mobile\" style=\"grid-template-columns:20% auto\"><figure class=\"wp-block-media-text__media\"><img src=\"https:\/\/olimpijski.pl\/wp-content\/uploads\/1928\/06\/1928_Amsterdam_zloty_200.jpg\" alt=\"\" class=\"wp-image-30202\"\/><\/figure><div class=\"wp-block-media-text__content\"><!-- wp:paragraph -->\n<p><strong>Halina Konopacka<\/strong><br>(lekkoatletyka, rzut dyskiem)<\/p>\n<!-- \/wp:paragraph --><\/div><\/div>\n<!-- \/wp:media-text -->\n<!-- \/wp:ub\/content-toggle-panel-block -->\n<!-- \/wp:ub\/content-toggle-block -->\n\n<!-- wp:ub\/content-toggle-block {\"blockID\":\"7bb790d6-4119-4c10-8275-0050b117058b\",\"theme\":\"#f1f1f1\",\"collapsed\":true,\"titleColor\":\"#000000\"} -->\n<!-- wp:ub\/content-toggle-panel-block {\"parentID\":\"7bb790d6-4119-4c10-8275-0050b117058b\",\"theme\":\"#f1f1f1\",\"collapsed\":true,\"titleColor\":\"#000000\",\"panelTitle\":\"Srebrny\"} -->\n<!-- wp:paragraph -->\n<p><\/p>\n<!-- \/wp:paragraph -->\n\n<!-- wp:media-text {\"align\":\"\",\"mediaId\":30204,\"mediaLink\":\"https:\/\/olimpijski.pl\/igrzyska_letnie\/amsterdam-1928\/1928_amsterdam_sreb_aw\/#main\",\"mediaType\":\"image\",\"mediaWidth\":20} -->\n<div class=\"wp-block-media-text is-stacked-on-mobile\" style=\"grid-template-columns:20% auto\"><figure class=\"wp-block-media-text__media\"><img src=\"https:\/\/olimpijski.pl\/wp-content\/uploads\/1928\/06\/1928_Amsterdam_sreb_aw.jpg\" alt=\"\" class=\"wp-image-30204\"\/><\/figure><div class=\"wp-block-media-text__content\"><!-- wp:paragraph -->\n<p><strong>Micha\u0142 Woysym-Antoniewicz, Kazimierz Gzowski, Kazimierz Szosland<\/strong><br>(je\u017adziectwo, skoki przez przeszkody)<\/p>\n<!-- \/wp:paragraph --><\/div><\/div>\n<!-- \/wp:media-text -->\n<!-- \/wp:ub\/content-toggle-panel-block -->\n<!-- \/wp:ub\/content-toggle-block -->\n\n<!-- wp:ub\/content-toggle-block {\"blockID\":\"c93581ba-53bc-42f5-aa8a-a0434da9f859\",\"theme\":\"#f1f1f1\",\"collapsed\":true,\"titleColor\":\"#000000\"} -->\n<!-- wp:ub\/content-toggle-panel-block {\"parentID\":\"c93581ba-53bc-42f5-aa8a-a0434da9f859\",\"theme\":\"#f1f1f1\",\"collapsed\":true,\"titleColor\":\"#000000\",\"panelTitle\":\"Br\u0105zowe\"} -->\n<!-- wp:paragraph -->\n<p><\/p>\n<!-- \/wp:paragraph -->\n\n<!-- wp:media-text {\"align\":\"\",\"mediaId\":30206,\"mediaLink\":\"https:\/\/olimpijski.pl\/igrzyska_letnie\/amsterdam-1928\/1928_amsterdam_braz_200\/#main\",\"mediaType\":\"image\",\"mediaWidth\":20} -->\n<div class=\"wp-block-media-text is-stacked-on-mobile\" style=\"grid-template-columns:20% auto\"><figure class=\"wp-block-media-text__media\"><img src=\"https:\/\/olimpijski.pl\/wp-content\/uploads\/1928\/06\/1928_Amsterdam_braz_200.jpg\" alt=\"\" class=\"wp-image-30206\"\/><\/figure><div class=\"wp-block-media-text__content\"><!-- wp:paragraph -->\n<p><strong>Micha\u0142 Woysym-Antoniewicz, Karol R\u00f3mmel, J\u00f3zef Trenkwald<\/strong><br>(je\u017adziectwo, WKKW)<\/p>\n<!-- \/wp:paragraph -->\n\n<!-- wp:paragraph -->\n<p><strong>Tadeusz Friedrich, Kazimierz Laskowski, Aleksander Ma\u0142ecki, Adam Papee,\u00a0W\u0142adys\u0142aw Segda, Jerzy Zabielski<\/strong><br>(szermierka, szabla dru\u017cynowo)<\/p>\n<!-- \/wp:paragraph -->\n\n<!-- wp:paragraph -->\n<p><strong>Leon Birkholc, Franciszek Bronikowski, Edmund Jankowski, Bernard Ormanowski i\u00a0sternik Boles\u0142aw Drewek<\/strong><br>(wio\u015blarstwo, czw\u00f3rka ze sternikiem)<\/p>\n<!-- \/wp:paragraph --><\/div><\/div>\n<!-- \/wp:media-text -->\n<!-- \/wp:ub\/content-toggle-panel-block -->\n<!-- \/wp:ub\/content-toggle-block -->\n\n<!-- wp:quote {\"className\":\"is-style-default\"} -->\n<blockquote class=\"wp-block-quote is-style-default\"><p>Igrzyska w Amsterdamie przynios\u0142y Polsce pierwszy z\u0142oty medal olimpijski. Konkurs rzutu dyskiem wygra\u0142a uznana potem za miss imprezy Halina Konopacka. Je\u017adziectwo zanotowa\u0142o kolejne dwa medale: srebrny i br\u0105zowy. Po raz pierwszy na podium pojawili si\u0119 polscy wio\u015blarze.<\/p><\/blockquote>\n<!-- \/wp:quote -->","post_title":"Amsterdam 1928","post_excerpt":"","post_status":"publish","comment_status":"closed","ping_status":"closed","post_password":"","post_name":"amsterdam-1928","to_ping":"","pinged":"","post_modified":"2020-10-02 15:14:59","post_modified_gmt":"2020-10-02 13:14:59","post_content_filtered":"","post_parent":0,"guid":"https:\/\/wai-q98d7hpf9hy9k.wpallimport-demo.qsandbox.me\/olympics_summer\/amsterdam-1928\/","menu_order":0,"post_type":"olympics_summer","post_mime_type":"","comment_count":"0","filter":"raw"}],"competitions_rewards":[{"competition":[{"ID":5853,"post_author":"1","post_date":"2020-06-19 11:32:26","post_date_gmt":"2020-06-19 11:32:26","post_content":"","post_title":"Kolarstwo","post_excerpt":"","post_status":"publish","comment_status":"open","ping_status":"open","post_password":"","post_name":"kolarstwo","to_ping":"","pinged":"","post_modified":"2020-06-29 13:17:08","post_modified_gmt":"2020-06-29 11:17:08","post_content_filtered":"","post_parent":0,"guid":"https:\/\/wai-q7byvryhhcz9k.wpallimport-demo.qsandbox.me\/competition\/kolarstwo\/","menu_order":0,"post_type":"competition","post_mime_type":"","comment_count":"0","filter":"raw"}],"reward":""}]}],"picture":false,"firstname":"","lastname":"Reul Alfred Johannes Jan","birthdate_date":"01\/08\/1909","birthdate":"1 sierpnia 1909","deathdate_date":"","deathdate":"1980","placeofbirth":"","club":"","coach":"","metrics":"","seolink":"reul-alfred-johannes-jan","tmp_old_id":"15160","tmp_old_fid":"294","tmp_old_parent_id":"15544","createdate":"06\/11\/2013","tmp_old_title":"Reul Alfred Johannes Jan (1909-1980)","tmp_old_lead":"","tmp_old_body":"<p class=\"title-m-02\">REUL ALFRED JOHANNES JAN (1909-1980)<\/p><p><strong>fabrykant , kolarz\u00a0 SS Union i \u0141KS , olimpijczyk z Amsterdamu (1928).<br\/><\/strong><br\/>Urodzony 1 sierpnia 1909 w \u0141odzi , syn Alfreda i Olgi z d. Ende uko\u0144czy\u0142 miejscow\u0105 (w Al. Ko\u015bciuszki) niemieck\u0105 szko\u0142\u0119 powszechn\u0105 i Niemieckie Gimnazjum (1915-1929). Kolarstwo zacz\u0105\u0142\u00a0 uprawia\u0107 wprawdzie w SS Union (1923) , ale wszystkie sukcesy sportowe odni\u00f3s\u0142\u00a0 reprezentuj\u0105c barwy \u0141KS (1925-1929). By\u0142 m. in. klubowym mistrzem w sprincie , zajmowa\u0142 czo\u0142owe lokaty w mistrzostwach okr\u0119gu , wywalczy\u0142 tytu\u0142 wicemistrza \u0141odzi na 4000 m (1926) i wygra\u0142 silnie obsadzony wy\u015bcig zorganizowany z okazji obchod\u00f3w 150-lecia Stan\u00f3w Zjednoczonych AP. W roku olimpijskim (1928) startuj\u0105c na szosie i torze osi\u0105gn\u0105\u0142 wysok\u0105 form\u0119 i zosta\u0142\u00a0 obj\u0119ty przygotowaniami do wyst\u0119pu w Amsterdamie. Podczas tych przygotowa\u0144 (16 lipca) polska dru\u017cyna torowa na 4000 m (dochodzenie) w sk\u0142adzie: J. Oksiutycz , J. Lange , F. Szymczyk i Reul , uzyska\u0142a na Dynasach najlepszy wynik na \u015bwiecie (5.04.0). Niestety na igrzyskach posz\u0142o Polakom gorzej (nie wystartowa\u0142 w zwi\u0105zku ze \u015bmierci\u0105 ojca Szymczyk , kt\u00f3rego zast\u0105pi\u0142 J. Zybert. Po igrzyskach zdoby\u0142 jeszcze wewn\u0105trz klubowe mistrzostwo \u0141KS , a w 1929 wyjecha\u0142 na studia do Aachen i definitywnie zako\u0144czy\u0142 karier\u0119 sportow\u0105. Po powrocie do \u0141odzi by\u0142\u00a0 wsp\u00f3\u0142w\u0142a\u015bcicielem fabryki a\u017c do wrze\u015bnia 1939. Reul (obywatel III Rzeszy) prze\u017cy\u0142 wojn\u0119 i zamieszka\u0142 na terenie Niemiec. Zmar\u0142 w Fuldzie 16 marca 1980 i tam jest pochowany.<br\/><br\/>Bibl.: Bogusz , \u0141\u00f3dzcy olimpijczycy , s. 138; G\u0142uszek , Leksykon 1999 , s. 309 (tu b\u0142\u0119dny rok urodzenia 1904 i brak te\u017c daty \u015bmierci ); Pawlak , Olimpijczycy , s. 214 (jak wy\u017cej); Tuszy\u0144ski , Z\u0142ota ksi\u0119ga , s. 71, 74, 359; Tuszy\u0144ski , Ksi\u0119ga , s. 236 (tu b\u0142\u0119dnie uznano za zaginionego w czasie wojny w 1943); Jurek, Kultura fizyczna, s. 232; Archiwum Deutsche Dienststelle (Berlin) , 22.08.2001<br\/><br\/><strong>* 1928 Amsterdam: 4000 m dru\u017c. na dochodzenie<\/strong> - w przedb. Polacy przegrali z Belgi\u0105, ale awansowali do \u0107wier\u0107fina\u0142u z najlepszym czasem; tam jednak ulegli Holandii (nie zbli\u017caj\u0105c si\u0119 nawet do wyniku z Dynas\u00f3w!) i odpadli z konk. Zw. W\u0142ochy - 5.01,8. Partnerami R. w dru\u017cynie byli: J. Lange , J. Oksiutycz i J. Zybert (Siebert).<\/p><!-- history --><table width=\"85%\" style=\"text-align:right\" border=\"0\" cellspacing=\"0\" cellpadding=\"0\">  <tr>    <td align=\"right\" class=\"box3-title\"><a href=\"javascript:history.back()\">\u00ab powr\u00f3t do listy<\/a><\/td>  <\/tr><\/table>","tmp_old_body_img":false,"tmp_old_lead_img":false,"picture_medalists":false,"important":"","person_achivments":""},"_links":{"self":[{"href":"https:\/\/olimpijski.pl\/en\/wp-json\/wp\/v2\/person\/14878"}],"collection":[{"href":"https:\/\/olimpijski.pl\/en\/wp-json\/wp\/v2\/person"}],"about":[{"href":"https:\/\/olimpijski.pl\/en\/wp-json\/wp\/v2\/types\/person"}],"version-history":[{"count":2,"href":"https:\/\/olimpijski.pl\/en\/wp-json\/wp\/v2\/person\/14878\/revisions"}],"predecessor-version":[{"id":35035,"href":"https:\/\/olimpijski.pl\/en\/wp-json\/wp\/v2\/person\/14878\/revisions\/35035"}],"wp:attachment":[{"href":"https:\/\/olimpijski.pl\/en\/wp-json\/wp\/v2\/media?parent=14878"}],"curies":[{"name":"wp","href":"https:\/\/api.w.org\/{rel}","templated":true}]}}