{"id":14891,"date":"2020-06-24T16:50:44","date_gmt":"2020-06-24T14:50:44","guid":{"rendered":"http:\/\/pkol.local\/person\/witold-roman\/"},"modified":"2023-03-06T10:22:11","modified_gmt":"2023-03-06T09:22:11","slug":"witold-roman","status":"publish","type":"person","link":"https:\/\/olimpijski.pl\/en\/olimpijczycy\/witold-roman\/","title":{"rendered":"Witold Roman"},"content":{"rendered":"\n<p><br><br><br><strong>siatkarz, 259-krotny reprezentant Polski, olimpijczyk z\u00a0Atlanty (1996).<br><\/strong><br>Urodzony 6 marca 1967 w\u00a0Warszawie, syn Jerzego i\u00a0Stanis\u0142awy, absolwent Technikum Mechanicznego w\u00a0Gorzowie Wlkp. (1987) i\u00a0Instytutu Kultury Fizycznej Uniwersytetu Szczeci\u0144skiego (2001), Organizacji i\u00a0Zarz\u0105dzania w\u00a0Zachodniopomorskiej Szkole Biznesu.<\/p>\n\n\n\n<p>Siatkarz (203 cm \/ 85 kg) MDK Warszawa, Stilonu Gorz\u00f3w, AZS Olsztyn, belgijskiego Knack Roeselare, Legii Warszawa, szczeci\u0144skich dru\u017cyn Solo Morze i&nbsp;Bosmana Morze oraz&nbsp;Stolarki Wo\u0142omin, z&nbsp;kt\u00f3rymi zdoby\u0142: 2-krotnie mistrzostwo Polski 1991, 1992 (AZS Olsztyn), 2-krotnie wicemistrzostwo kraju 1996 (Legia), 1998 (Bosman Morze), 2-krotnie br\u0105zowy medal MP 1990 (AZS Olsztyn), 1997 (Solo Morze) i&nbsp;2-krotnie Puchar PZPS 1991, 1992 (AZS Olsztyn).<\/p>\n\n\n\n<p>Wieloletni reprezentant Polski (niezwykle inteligentny, wspania\u0142y atak ze \u015brodka siatki), rozegra\u0142 w&nbsp;barwach narodowych 259 spotka\u0144 (1987-1997), uczestnicz\u0105c m.in. czterokrotnie w&nbsp;mistrzostwach Europy: 1989 (Sztokholm) &#8211; 7., 1991 (Berlin) &#8211; 7., 1993 (Turku) &#8211; 7. i&nbsp;1995 (Ateny) &#8211; 6.<\/p>\n\n\n\n<p><strong>*1996 Atlanta: cz\u0142onek dru\u017cyny siatk\u00f3wki<\/strong>, kt\u00f3ra w&nbsp;grupie elim. przegra\u0142a z&nbsp;USA 0:3, Kub\u0105 0:3, Brazyli\u0105 0:3, Bu\u0142gari\u0105 0:3 i&nbsp;Argentyn\u0105 1:3, zajmuj\u0105c 6. miejsce w&nbsp;grupie, odp. z&nbsp;turnieju zajmuj\u0105c miejsca 9-12. Sk\u0142ad dru\u017cyny zob. &#8211; Dacewicz Damian.<\/p>\n\n\n\n<p><em>Bibl.: G\u0142uszek, Leksykon 1999, s.310; Pawlak, Olimpijczycy, s. 216; Mecner, 80 lat siatk\u00f3wki, s. 109 i&nbsp;dalsze;&nbsp; Archiwm IKF Gorz\u00f3w Wlkp.<\/em><\/p>\n","protected":false},"excerpt":{"rendered":"<p>siatkarz, 259-krotny reprezentant Polski, olimpijczyk z\u00a0Atlanty (1996). &#8230; <a class=\"read-more\" href=\"https:\/\/olimpijski.pl\/en\/olimpijczycy\/witold-roman\/\">Czytaj dalej<\/a><\/p>\n","protected":false},"featured_media":0,"menu_order":60,"template":"","meta":{"_acf_changed":false,"ub_ctt_via":"","footnotes":""},"class_list":["post-14891","person","type-person","status-publish","hentry","infinite-scroll-item","no-featured-image-padding"],"acf":{"olimpic_information":[{"olimpic":[{"ID":295,"post_author":"1","post_date":"1996-06-17 13:34:45","post_date_gmt":"1996-06-17 11:34:45","post_content":"<!-- wp:heading {\"level\":1,\"className\":\"main-title\"} -->\n<h1 class=\"main-title\"><strong>Igrzyska XXVI Olimpiady<\/strong><br>Atlanta 1996<\/h1>\n<!-- \/wp:heading -->\n\n<!-- wp:paragraph -->\n<p><br><\/p>\n<!-- \/wp:paragraph -->\n\n<!-- wp:image {\"align\":\"left\",\"id\":19312,\"sizeSlug\":\"large\",\"className\":\"is-style-default\"} -->\n<div class=\"wp-block-image is-style-default\"><figure class=\"alignleft size-large\"><img src=\"https:\/\/olimpijski.pl\/wp-content\/uploads\/1996\/06\/atlanta1996.png\" alt=\"\" class=\"wp-image-19312\"\/><\/figure><\/div>\n<!-- \/wp:image -->\n\n<!-- wp:list -->\n<ul><li>Igrzyska rozegrano w dniach <strong>19 lipca \u2013 4 sierpnia<\/strong>.<\/li><li>Wystartowa\u0142o <strong>10 318 <\/strong>zawodnik\u00f3w (w tym <strong>3512<\/strong> kobiet) ze <strong>197<\/strong> kraj\u00f3w.<\/li><li>Rozdano <strong>271<\/strong> komplet\u00f3w medali.<\/li><li>Przysi\u0119g\u0119 olimpijsk\u0105 z\u0142o\u017cy\u0142a koszykarka <strong>Teresa Edwards<\/strong>, natomiast w imieniu s\u0119dzi\u00f3w i trener\u00f3w \u2013 <strong>Hoby Billingsley<\/strong>.<\/li><li>Znicz zapali\u0142 z\u0142oty medalista olimpijski w boksie z Rzymu w 1960 roku <strong>Muhammad Ali<\/strong>.<\/li><li>Igrzyska otworzy\u0142 prezydent USA <strong>Bill Clinton<\/strong>.<\/li><\/ul>\n<!-- \/wp:list -->\n\n<!-- wp:heading -->\n<h2><strong>Program Igrzysk \u2013 29 dyscyplin, 271 konkurencji<\/strong><\/h2>\n<!-- \/wp:heading -->\n\n<!-- wp:paragraph -->\n<p>badminton (5 konkurencji), baseball (1), boks (12), gimnastyka (16), hokej na trawie (2), je\u017adziectwo (6), judo (14), kajakarstwo (16), kolarstwo (14), koszyk\u00f3wka (2), lekkoatletyka (44), \u0142ucznictwo (4), pi\u0119ciob\u00f3j nowoczesny (1), pi\u0142ka no\u017cna (2), pi\u0142ka r\u0119czna (2), pi\u0142ka siatkowa (4), pi\u0142ka wodna (1), p\u0142ywanie (32), p\u0142ywanie synchroniczne (1), podnoszenie ci\u0119\u017car\u00f3w (10), skoki do wody (4), softball (1), strzelectwo (15), szermierka (10), tenis (4), tenis sto\u0142owy (4), wio\u015blarstwo (14), zapasy (20), \u017ceglarstwo (10).<\/p>\n<!-- \/wp:paragraph -->\n\n<!-- wp:heading -->\n<h2><strong>Gwiazda Igrzysk<\/strong><\/h2>\n<!-- \/wp:heading -->\n\n<!-- wp:paragraph -->\n<p><strong>Aleksiej Nemow <\/strong>(Rosja, gimnastyka) \u2013 2 z\u0142ote medale, 1 srebrny, 3 br\u0105zowe<\/p>\n<!-- \/wp:paragraph -->\n\n<!-- wp:heading -->\n<h2><strong>Polska Reprezentacja Olimpijska<\/strong><\/h2>\n<!-- \/wp:heading -->\n\n<!-- wp:paragraph -->\n<p>168 os\u00f3b (startowa\u0142o 165 \u2013 39 kobiet i 126 m\u0119\u017cczyzn) w 20 sportach: 1 badmintonistka, 4 bokser\u00f3w, 2 gimnastyczki artystyczne, 5 je\u017ad\u017ac\u00f3w, 12 judok\u00f3w (w tym 5 kobiet), 24 kajakarzy (w tym 4 kobiety; 23 startowa\u0142o + 1 rez.), 9 kolarzy (8 startowa\u0142o, 1 nie), 23 lekkoatlet\u00f3w (w tym 9 kobiet), 4 \u0142ucznik\u00f3w (w tym 3 kobiety), 2 pi\u0119cioboist\u00f3w, 11 p\u0142ywak\u00f3w (w tym 4 kobiety), 5 ci\u0119\u017carowc\u00f3w, 12 siatkarzy (11 startowa\u0142o + 1 rez.), 10 strzelc\u00f3w (w tym 3 kobiety), 11 szermierzy (w tym 4 kobiety), 2 tenisistki, 2 tenisist\u00f3w sto\u0142owych, 12 wio\u015blarzy, 11 zapa\u015bnik\u00f3w, 6 \u017ceglarzy (w tym 2 kobiety).<\/p>\n<!-- \/wp:paragraph -->\n\n<!-- wp:paragraph -->\n<p>Chor\u0105\u017cym reprezentacji Polski by\u0142 p\u0142ywak <strong>Rafa\u0142 Szuka\u0142a<\/strong>.<\/p>\n<!-- \/wp:paragraph -->\n\n<!-- wp:heading -->\n<h2><strong>Klasyfikacja medalowa<\/strong><\/h2>\n<!-- \/wp:heading -->\n\n<!-- wp:table {\"hasFixedLayout\":true,\"className\":\"is-style-stripes\"} -->\n<figure class=\"wp-block-table is-style-stripes\"><table class=\"has-fixed-layout\"><tbody><tr><td><\/td><td><\/td><td class=\"has-text-align-center\" data-align=\"center\">&nbsp;<\/td><td class=\"has-text-align-center\" data-align=\"center\">&nbsp;<\/td><td class=\"has-text-align-center\" data-align=\"center\">&nbsp;<\/td><td class=\"has-text-align-center\" data-align=\"center\">&nbsp;<\/td><\/tr><tr><td>&nbsp;<\/td><td>&nbsp;<\/td><td class=\"has-text-align-center\" data-align=\"center\">&nbsp;<\/td><td class=\"has-text-align-center\" data-align=\"center\"><img class=\"wp-image-27817\" style=\"width: 50px;\" src=\"https:\/\/olimpijski.pl\/wp-content\/uploads\/2016\/06\/2016_Rio_zloty_50x50.jpg\" alt=\"\"><\/td><td class=\"has-text-align-center\" data-align=\"center\"><img class=\"wp-image-27819\" style=\"width: 50px;\" src=\"https:\/\/olimpijski.pl\/wp-content\/uploads\/2016\/06\/2016_Rio_sreb_50x50.jpg\" alt=\"\"><\/td><td class=\"has-text-align-center\" data-align=\"center\"><img class=\"wp-image-27821\" style=\"width: 50px;\" src=\"https:\/\/olimpijski.pl\/wp-content\/uploads\/2016\/06\/2016_Rio_braz_50x50.jpg\" alt=\"\"><\/td><\/tr><tr><td>1.<\/td><td>USA<\/td><td class=\"has-text-align-center\" data-align=\"center\">101<\/td><td class=\"has-text-align-center\" data-align=\"center\">44<\/td><td class=\"has-text-align-center\" data-align=\"center\">32<\/td><td class=\"has-text-align-center\" data-align=\"center\">25<\/td><\/tr><tr><td>2.<\/td><td>Rosja<\/td><td class=\"has-text-align-center\" data-align=\"center\">63<\/td><td class=\"has-text-align-center\" data-align=\"center\">26<\/td><td class=\"has-text-align-center\" data-align=\"center\">21<\/td><td class=\"has-text-align-center\" data-align=\"center\">16<\/td><\/tr><tr><td>3.<\/td><td>Niemcy<\/td><td class=\"has-text-align-center\" data-align=\"center\">65<\/td><td class=\"has-text-align-center\" data-align=\"center\">20<\/td><td class=\"has-text-align-center\" data-align=\"center\">18<\/td><td class=\"has-text-align-center\" data-align=\"center\">27<\/td><\/tr><tr><td>...<\/td><td>&nbsp;<\/td><td class=\"has-text-align-center\" data-align=\"center\">&nbsp;<\/td><td class=\"has-text-align-center\" data-align=\"center\">&nbsp;<\/td><td class=\"has-text-align-center\" data-align=\"center\">&nbsp;<\/td><td class=\"has-text-align-center\" data-align=\"center\">&nbsp;<\/td><\/tr><tr><td><strong>11.<\/strong><\/td><td><strong>Polska<\/strong><\/td><td class=\"has-text-align-center\" data-align=\"center\"><strong>17<\/strong><\/td><td class=\"has-text-align-center\" data-align=\"center\"><strong>7<\/strong><\/td><td class=\"has-text-align-center\" data-align=\"center\"><strong>5<\/strong><\/td><td class=\"has-text-align-center\" data-align=\"center\"><strong>5<\/strong><\/td><\/tr><\/tbody><\/table><\/figure>\n<!-- \/wp:table -->\n\n<!-- wp:heading -->\n<h2><strong>Medale dla Polski (17)<\/strong><\/h2>\n<!-- \/wp:heading -->\n\n<!-- wp:ub\/content-toggle-block {\"blockID\":\"8ed634eb-cee6-4def-8c79-4b5504ccc508\",\"theme\":\"#f1f1f1\",\"collapsed\":true,\"titleColor\":\"#000000\"} -->\n<!-- wp:ub\/content-toggle-panel-block {\"parentID\":\"8ed634eb-cee6-4def-8c79-4b5504ccc508\",\"theme\":\"#f1f1f1\",\"collapsed\":true,\"titleColor\":\"#000000\",\"panelTitle\":\"Z\u0142ote\"} -->\n<!-- wp:paragraph -->\n<p><\/p>\n<!-- \/wp:paragraph -->\n\n<!-- wp:media-text {\"align\":\"\",\"mediaId\":30175,\"mediaLink\":\"https:\/\/olimpijski.pl\/igrzyska_letnie\/atlanta-1996\/1996_atlanta_zloto_200\/#main\",\"mediaType\":\"image\",\"mediaWidth\":21} -->\n<div class=\"wp-block-media-text is-stacked-on-mobile\" style=\"grid-template-columns:21% auto\"><figure class=\"wp-block-media-text__media\"><img src=\"https:\/\/olimpijski.pl\/wp-content\/uploads\/1996\/06\/1996_Atlanta_zloto_200.jpg\" alt=\"\" class=\"wp-image-30175\"\/><\/figure><div class=\"wp-block-media-text__content\"><!-- wp:paragraph -->\n<p><strong>Renata Mauer<\/strong><br>(strzelectwo, karabin pneumatyczny - 10 m)<\/p>\n<!-- \/wp:paragraph -->\n\n<!-- wp:paragraph -->\n<p><strong>Pawe\u0142 Nastula<\/strong><br>(judo, 95 kg)<\/p>\n<!-- \/wp:paragraph -->\n\n<!-- wp:paragraph -->\n<p><strong>W\u0142odzimierz Zawadzki<\/strong><br>(zapasy, styl klasyczny - 62 kg)<\/p>\n<!-- \/wp:paragraph -->\n\n<!-- wp:paragraph -->\n<p><strong>Ryszard Wolny<\/strong><br>(zapasy, styl klasyczny - 68 kg)<\/p>\n<!-- \/wp:paragraph -->\n\n<!-- wp:paragraph -->\n<p><strong>Andrzej Wro\u0144ski<\/strong><br>(zapasy, styl klasyczny - 100 kg)<\/p>\n<!-- \/wp:paragraph -->\n\n<!-- wp:paragraph -->\n<p><strong>Robert Korzeniowski<\/strong><br>(lekkoatletyka, ch\u00f3d sportowy - 50 km)<\/p>\n<!-- \/wp:paragraph -->\n\n<!-- wp:paragraph -->\n<p><strong>Mateusz Kusznierewicz<\/strong><br>(\u017ceglarstwo, klasa Finn)<\/p>\n<!-- \/wp:paragraph --><\/div><\/div>\n<!-- \/wp:media-text -->\n<!-- \/wp:ub\/content-toggle-panel-block -->\n<!-- \/wp:ub\/content-toggle-block -->\n\n<!-- wp:ub\/content-toggle-block {\"blockID\":\"42f38dc0-cfb2-4dca-886f-7633fe3250fc\",\"theme\":\"#f1f1f1\",\"collapsed\":true,\"titleColor\":\"#000000\"} -->\n<!-- wp:ub\/content-toggle-panel-block {\"parentID\":\"42f38dc0-cfb2-4dca-886f-7633fe3250fc\",\"theme\":\"#f1f1f1\",\"collapsed\":true,\"titleColor\":\"#000000\",\"panelTitle\":\"Srebrne\"} -->\n<!-- wp:paragraph -->\n<p><\/p>\n<!-- \/wp:paragraph -->\n\n<!-- wp:media-text {\"align\":\"\",\"mediaId\":30177,\"mediaLink\":\"https:\/\/olimpijski.pl\/igrzyska_letnie\/atlanta-1996\/1996_atlanta_srebro_200\/#main\",\"mediaType\":\"image\",\"mediaWidth\":20} -->\n<div class=\"wp-block-media-text is-stacked-on-mobile\" style=\"grid-template-columns:20% auto\"><figure class=\"wp-block-media-text__media\"><img src=\"https:\/\/olimpijski.pl\/wp-content\/uploads\/1996\/06\/1996_Atlanta_srebro_200.jpg\" alt=\"\" class=\"wp-image-30177\"\/><\/figure><div class=\"wp-block-media-text__content\"><!-- wp:paragraph -->\n<p><strong>Aneta Szczepa\u0144ska<\/strong><br>(judo, 66 kg)<\/p>\n<!-- \/wp:paragraph -->\n\n<!-- wp:paragraph -->\n<p><strong>Artur Partyka<\/strong><br>(lekkoatletyka, skok wzwy\u017c)<\/p>\n<!-- \/wp:paragraph -->\n\n<!-- wp:paragraph -->\n<p><strong>Miros\u0142aw Rzepkowski<\/strong><br>(strzelectwo, skeet)<\/p>\n<!-- \/wp:paragraph -->\n\n<!-- wp:paragraph -->\n<p><strong>Jacek Fafi\u0144ski<\/strong><br>(zapasy, styl klasyczny - 90 kg)<\/p>\n<!-- \/wp:paragraph -->\n\n<!-- wp:paragraph -->\n<p><strong>Piotr Kie\u0142pikowski, Adam Krzesi\u0144ski, Jaros\u0142aw Rodzewicz, Ryszard Sobczak<\/strong><br>(szermierka, floret dru\u017cynowo)<\/p>\n<!-- \/wp:paragraph --><\/div><\/div>\n<!-- \/wp:media-text -->\n<!-- \/wp:ub\/content-toggle-panel-block -->\n<!-- \/wp:ub\/content-toggle-block -->\n\n<!-- wp:ub\/content-toggle-block {\"blockID\":\"7ba58206-48fb-4576-b72e-3ec4aee6e70e\",\"theme\":\"#f1f1f1\",\"collapsed\":true,\"titleColor\":\"#000000\"} -->\n<!-- wp:ub\/content-toggle-panel-block {\"parentID\":\"7ba58206-48fb-4576-b72e-3ec4aee6e70e\",\"theme\":\"#f1f1f1\",\"collapsed\":true,\"titleColor\":\"#000000\",\"panelTitle\":\"Br\u0105zowe\"} -->\n<!-- wp:paragraph -->\n<p><\/p>\n<!-- \/wp:paragraph -->\n\n<!-- wp:media-text {\"align\":\"\",\"mediaId\":30179,\"mediaLink\":\"https:\/\/olimpijski.pl\/igrzyska_letnie\/atlanta-1996\/1996_atlanta_braz_200\/#main\",\"mediaType\":\"image\",\"mediaWidth\":20} -->\n<div class=\"wp-block-media-text is-stacked-on-mobile\" style=\"grid-template-columns:20% auto\"><figure class=\"wp-block-media-text__media\"><img src=\"https:\/\/olimpijski.pl\/wp-content\/uploads\/1996\/06\/1996_Atlanta_braz_200.jpg\" alt=\"\" class=\"wp-image-30179\"\/><\/figure><div class=\"wp-block-media-text__content\"><!-- wp:paragraph -->\n<p><strong>Marek Markiewicz<\/strong><br>(kajakarstwo, K1 na 500 m)<\/p>\n<!-- \/wp:paragraph -->\n\n<!-- wp:paragraph -->\n<p><strong>Iwona Dzi\u0119cio\u0142, Katarzyna Klata, Joanna Nowicka<\/strong><br>(\u0142ucznictwo, turniej dru\u017cynowy)<\/p>\n<!-- \/wp:paragraph -->\n\n<!-- wp:paragraph -->\n<p><strong>Andrzej Cofalik<\/strong><br>(podnoszenie ci\u0119\u017car\u00f3w - 83 kg)<\/p>\n<!-- \/wp:paragraph -->\n\n<!-- wp:paragraph -->\n<p><strong>Renata Mauer<\/strong><br>(strzelectwo, karabin standard)<\/p>\n<!-- \/wp:paragraph -->\n\n<!-- wp:paragraph -->\n<p><strong>J\u00f3zef Tracz<\/strong><br>(zapasy, styl klasyczny - 74 kg)<\/p>\n<!-- \/wp:paragraph --><\/div><\/div>\n<!-- \/wp:media-text -->\n<!-- \/wp:ub\/content-toggle-panel-block -->\n<!-- \/wp:ub\/content-toggle-block -->\n\n<!-- wp:paragraph -->\n<p><\/p>\n<!-- \/wp:paragraph -->\n\n<!-- wp:quote {\"className\":\"is-style-default\"} -->\n<blockquote class=\"wp-block-quote is-style-default\"><p>Bohaterami reprezentacji byli polscy zapa\u015bnicy, kt\u00f3rzy odnie\u015bli najwi\u0119kszy sukces w historii start\u00f3w olimpijskich, zdobywaj\u0105c 3 z\u0142ote medale.<\/p><p>W programie rywalizacji znalaz\u0142y si\u0119 po raz pierwszy: siatk\u00f3wka pla\u017cowa, kolarstwo g\u00f3rskie, pi\u0142ka no\u017cna kobiet oraz softball&nbsp; kobiet. Po raz pierwszy na igrzyskach pojawi\u0142y si\u0119 reprezentacje: Azerbejd\u017canu, Burundi, Dominikany, Gwinei Bissau, Komor\u00f3w, Macedonii, Nauru, Palestyny, Republiki Zielonego Przyl\u0105dka, Saint Kitts i Nevis, Saint Lucia, Wyspy \u015bw. Tomasza i ksi\u0105\u017c\u0119cej, Tad\u017cykistanu i Turkmenistanu.<\/p><\/blockquote>\n<!-- \/wp:quote -->","post_title":"Atlanta 1996","post_excerpt":"","post_status":"publish","comment_status":"closed","ping_status":"closed","post_password":"","post_name":"atlanta-1996","to_ping":"","pinged":"","post_modified":"2020-10-02 12:55:26","post_modified_gmt":"2020-10-02 10:55:26","post_content_filtered":"","post_parent":0,"guid":"https:\/\/wai-q98d7hpf9hy9k.wpallimport-demo.qsandbox.me\/olympics_summer\/atlanta-1996\/","menu_order":0,"post_type":"olympics_summer","post_mime_type":"","comment_count":"0","filter":"raw"}],"competitions_rewards":[{"competition":[{"ID":5876,"post_author":"1","post_date":"2020-06-19 11:32:30","post_date_gmt":"2020-06-19 11:32:30","post_content":"","post_title":"Siatk\u00f3wka","post_excerpt":"","post_status":"publish","comment_status":"open","ping_status":"open","post_password":"","post_name":"siatkowka","to_ping":"","pinged":"","post_modified":"2020-06-29 13:17:09","post_modified_gmt":"2020-06-29 11:17:09","post_content_filtered":"","post_parent":0,"guid":"https:\/\/wai-q7byvryhhcz9k.wpallimport-demo.qsandbox.me\/competition\/siatkowka\/","menu_order":0,"post_type":"competition","post_mime_type":"","comment_count":"0","filter":"raw"}],"reward":""}]}],"picture":false,"firstname":"Witold","lastname":"Roman","birthdate_date":"06\/03\/1967","birthdate":"6 marca 1967","deathdate_date":"","deathdate":"","placeofbirth":"Warszawa","club":"MDK Warszawa, Stilon Gorz\u00f3w, AZS Olsztyn, Knack Roeselare, Legia Warszawa,  Solo Morze Szczecin, Bosman Morze Szczecin, Stolarka Wo\u0142omin","coach":"","metrics":"203 cm \/ 85 kg","seolink":"roman-witold","tmp_old_id":"15027","tmp_old_fid":"294","tmp_old_parent_id":"15544","createdate":"10\/12\/2014","tmp_old_title":"Roman  Witold","tmp_old_lead":"","tmp_old_body":"<p class=\"title-m-02\">ROMAN  WITOLD<\/p><p><strong>siatkarz, 259-krotny reprezentant Polski, olimpijczyk z Atlanty (1996).<br\/><\/strong><br\/>Urodzony 6 marca 1967 w Warszawie, syn Jerzego i Stanis\u0142awy Potyra, absolwent Technikum Mechanicznego w Gorzowie Wlkp. (1987) i Instytutu Kultury Fizycznej Uniwersytetu Szczeci\u0144skiego (2001), student Organizacji i Zarz\u0105dzania w Zachodniopomorskiej Szkole Biznesu, nauczyciel wf, siatkarz (203 cm, 85 kg) MDK Warszawa, Stilonu Gorz\u00f3w, AZS Olsztyn, belgijskiego Knack Roeselare, Legii Warszawa,&nbsp; szczeci\u0144skich dru\u017cyn Solo Morze i Bosmana Morze oraz Stolarki Wo\u0142omin, z kt\u00f3rymi zdoby\u0142: 2-krotnie mistrzostwo Polski 1991, 1992 (AZS Olsztyn), 2-krotnie wicemistrzostwo kraju 1996 (Legia), 1998 (Bosman Morze), 2-krotnie br\u0105zowy medal MP 1990 (AZS Olsztyn), 1997 (Solo Morze) i 2-krotnie Puchar PZPS 1991, 1992 (AZS Olsztyn). Wieloletni reprezentant Polski (niezwykle inteligentny, wspania\u0142y atak ze \u015brodka siatki), rozegra\u0142 w barwach narodowych 259 spotka\u0144 (1987-1997), uczestnicz\u0105c m.in. czterokrotnie w mistrzostwach Europy: 1989 (Sztokholm) - 7 m. , 1991 (Berlin) - 7 m. , 1993 (Turku) - 7 m. i 1995 (Ateny) - 6 m. \u017bonaty (Magdalena), ma dwoje dzieci: Adriana i Ameli\u0119. Mieszka w Warszawie i pracuje w Zespole Kontroli i Nadzoru PP Porty Lotnicze na Ok\u0119ciu.<br\/><br\/>Bibl.: G\u0142uszek, Leksykon 1999, s.310; Pawlak, Olimpijczycy, s. 216; Mecner, 80 lat siatk\u00f3wki, s. 109 i dalsze;&nbsp; Archiwm IKF Gorz\u00f3w Wlkp.<br\/><br\/><strong>*1996 Atlanta: cz\u0142onek dru\u017cyny siatk\u00f3wki<\/strong>, kt\u00f3ra w grupie elim. przegra\u0142a z USA 0:3, Kub\u0105 0:3, Brazyli\u0105 0:3, Bu\u0142gari\u0105 0:3 i Argentyn\u0105 1:3, zajmuj\u0105c 6 m. w grupie, odp. z turnieju plasuj\u0105c si\u0119 na m. 9-12. Sk\u0142ad dru\u017cyny zob. - Dacewicz Damian.<br\/><\/p><!-- history --><table width=\"85%\" style=\"text-align:right\" border=\"0\" cellspacing=\"0\" cellpadding=\"0\">  <tr>    <td align=\"right\" class=\"box3-title\"><a href=\"javascript:history.back()\">&laquo; powr\u00f3t do listy<\/a><\/td>  <\/tr><\/table>","tmp_old_body_img":false,"tmp_old_lead_img":false,"picture_medalists":false,"important":"","group_knuie68fa087fd5h76":false,"person_achivments":""},"_links":{"self":[{"href":"https:\/\/olimpijski.pl\/en\/wp-json\/wp\/v2\/person\/14891"}],"collection":[{"href":"https:\/\/olimpijski.pl\/en\/wp-json\/wp\/v2\/person"}],"about":[{"href":"https:\/\/olimpijski.pl\/en\/wp-json\/wp\/v2\/types\/person"}],"version-history":[{"count":2,"href":"https:\/\/olimpijski.pl\/en\/wp-json\/wp\/v2\/person\/14891\/revisions"}],"predecessor-version":[{"id":66715,"href":"https:\/\/olimpijski.pl\/en\/wp-json\/wp\/v2\/person\/14891\/revisions\/66715"}],"wp:attachment":[{"href":"https:\/\/olimpijski.pl\/en\/wp-json\/wp\/v2\/media?parent=14891"}],"curies":[{"name":"wp","href":"https:\/\/api.w.org\/{rel}","templated":true}]}}