{"id":14902,"date":"2020-06-24T16:50:44","date_gmt":"2020-06-24T14:50:44","guid":{"rendered":"http:\/\/pkol.local\/person\/marek-roszczynialski\/"},"modified":"2020-12-05T09:40:50","modified_gmt":"2020-12-05T08:40:50","slug":"marek-roszczynialski","status":"publish","type":"person","link":"https:\/\/olimpijski.pl\/en\/olimpijczycy\/marek-roszczynialski\/","title":{"rendered":"Marek Roszczynialski (1917-1993)"},"content":{"rendered":"\n<p><br><br><strong>trener\u00a0 je\u017adziectwa, mistrz i wieloletni reprezentant Polski, olimpijczyk (WKKW) z Rzymu (1960), t\u0142umacz literatury hipologicznej.<\/strong><\/p>\n\n\n\n<p>Urodzony 5 grudnia 1917 w Jab\u0142onowie, absolwent Korpusu Kadet\u00f3w w Rawiczu (matura 1937) i Szko\u0142y Podchor\u0105\u017cych Kawalerii w Grudzi\u0105dzu, uczestnik kampanii wrze\u015bniowej 1939 (ppor.), po wojnie rolnik hodowca, trener i zawodnik (171 cm, 67 kg) LZS \u0141obez (od 1946). 2-krotny mistrz Polski: w uje\u017cd\u017ceniu (1955) i WKKW (1957), I wicemistrz Polski w uje\u017cd\u017ceniu (1958) i II wicemistrz kraju w tej konkurencji (1956) na koniu Ariol (WKKW) i Duplikat (uje\u017cd\u017cenie). Wieloletni reprezentant Polski. M. in. podczas ME w WKKW (Harewood, 1959), gdzie dru\u017cyna polska zaj\u0119\u0142a 4 m. , startuj\u0105c na Ariolu (mimo kontuzji odniesionej na trasie crossu), jako jedyny z 70 zawodnik\u00f3w pokona\u0142 bezb\u0142\u0119dnie parkur (ind. by\u0142 20).<\/p>\n\n\n\n<p>Olimpijczyk (jego Gafme zakula\u0142a tu\u017c po przyje\u017adzie do Rzymu i startowa\u0142 na najs\u0142abszej w ekipie klaczy Wizma). Je\u017adziec, hodowca, trener i niebywa\u0142ej inicjatywie. By\u0142 wsp\u00f3\u0142projektantem, budowniczym, za\u0142o\u017cycielem i dyrektorem stadniny w Stubnie (1950-1953), dyrektorem Stadniny Ogier\u00f3w w \u0141obezie (1954-1966) i w Ko\u017alu (1967-1972). Dzia\u0142acz (najbardziej zas\u0142u\u017cony dla LZS), trener I kl., s\u0119dzia klasy pa\u0144stwowej, t\u0142umacz literatury hipologicznej (ponad 20 pozycji). Organizator pierwszych studenckich wczas\u00f3w w siodle, konsultant filmowy (Pan Wo\u0142odyjowski). Pracowa\u0142 w o\u015brodkach je\u017adzieckich w Lubniewicach, Szczecinie i Zbros\u0142awicach. Przygotowywa\u0142 konie i ludzie do Defilady 1000-lecia (1966). Pe\u0142en fantazji i energii, zawsze w doskona\u0142ej kondycji fizycznej. Treningi traktowa\u0142 powa\u017cnie, je\u017adzi\u0142 do ostatnich chwil \u017cycia (tacy byli kawalerzy\u015bci 4. Pu\u0142ku U\u0142an\u00f3w Zanieme\u0144skich w kt\u00f3rym s\u0142u\u017cy\u0142). By\u0142 zasadniczy i wymagaj\u0105cy, przestrzega\u0142 dyscypliny i punktualno\u015bci. Konia traktowa\u0142 jako partnera, stosowa\u0142 zasad\u0119 wzajemnego zaufania, nie uznawa\u0142 brutalnych metod. Wszystkich wychowank\u00f3w (a by\u0142o ich wielu) &#8220;zarazi\u0142 ko\u0144mi&#8221; na zawsze. Mistrz Sportu.<\/p>\n\n\n\n<p>Zmar\u0142 w Starogardzie Gda\u0144skim 12 maja 1993 r.<\/p>\n\n\n\n<p><strong>*1960 Rzym: je\u017adziectwo, WKKW ind<\/strong>. -odpada w drugiej pr\u00f3bie (cross); komentarz naocznych \u015bwiadk\u00f3w: &#8220;Roszczynialski na Wi\u017amie ma jecha\u0107 wolno, oszcz\u0119dzaj\u0105c si\u0142y klaczy. Do 27 przeszkody jad\u0105 bez b\u0142\u0119d\u00f3w, tu jednak Wizma si\u0119 przewraca, l\u0105duje w wodzie, a odprysk betonu kaleczy jej napi\u0119stek i \u0142okie\u0107. Dosz\u0142a jednak do 32 przeszkody, kt\u00f3rej ze wzgl\u0119du na rany i powag\u0119 skoku pokona\u0107 nie mog\u0142a&#8221;; <strong>WKKW dru\u017c.<\/strong> &#8211; na skutek&nbsp; zdekompletowania zesp\u00f3\u0142 polski nie zosta\u0142 sklasyfikowany (start. 18 ekip, zw. Australia). Partnerami Roszczynialskiego w dru\u017cynie byli: M. Babirecki, A. Or\u0142o\u015b i A. Kobyli\u0144ski (tak\u017ce nie uko\u0144czy\u0142 konkurencji).<\/p>\n\n\n\n<p><em>Bibl.: G\u0142uszek, Leksykon 1999, s. 311 (tu brak w dru\u017cynie A. Kobyli\u0144skiego); Pawlak, Olimpijczycy, s. 217; Habinowska, Ludzie i konie, s. 149, 150, 152, 249, 324, 398, 399; Je\u017ad\u017acy olimpijscy, s. 51-53; Kronika Sportu, s. 900; Ksi\u0119ga sportu, s. 479; Porada, Igrzyska, s. 850; Ksi\u0119ga Kadet\u00f3w II RP, s. 318; Baza danych Muzeum \u0141owiectwa i Je\u017adziectwa w Warszawie; USC Starogard Gda\u0144ski, pismo z 10.03.2003 i informacja, \u017ce w ksi\u0119gach zgonu za rok 1993 nie figuruje akt zgonu na nazwisko Roszczynialski Marek.<\/em><\/p>\n","protected":false},"excerpt":{"rendered":"<p>trener  je\u017adziectwa, mistrz i wieloletni reprezentant Polski, olimpijczyk (WKKW) z Rzymu (1960), t\u0142umacz literatury hipologicznej. &#8230; <a class=\"read-more\" href=\"https:\/\/olimpijski.pl\/en\/olimpijczycy\/marek-roszczynialski\/\">Czytaj dalej<\/a><\/p>\n","protected":false},"featured_media":0,"menu_order":60,"template":"","meta":{"_acf_changed":false,"ub_ctt_via":"","footnotes":""},"class_list":["post-14902","person","type-person","status-publish","hentry","infinite-scroll-item","no-featured-image-padding"],"acf":{"olimpic_information":[{"olimpic":[{"ID":304,"post_author":"1","post_date":"1960-06-17 13:34:45","post_date_gmt":"1960-06-17 11:34:45","post_content":"<!-- wp:heading {\"level\":1,\"className\":\"main-title\"} -->\n<h1 class=\"wp-block-heading main-title\"><strong>Igrzyska XVII Olimpiady<\/strong><br>Rzym 1960<\/h1>\n<!-- \/wp:heading -->\n\n<!-- wp:paragraph -->\n<p><br><\/p>\n<!-- \/wp:paragraph -->\n\n<!-- wp:image {\"id\":19348,\"sizeSlug\":\"large\",\"align\":\"left\",\"className\":\"is-style-default\"} -->\n<figure class=\"wp-block-image alignleft size-large is-style-default\"><img src=\"https:\/\/olimpijski.pl\/wp-content\/uploads\/1960\/06\/rzym1960.png\" alt=\"\" class=\"wp-image-19348\"\/><\/figure>\n<!-- \/wp:image -->\n\n<!-- wp:list -->\n<ul><!-- wp:list-item -->\n<li>Igrzyska rozegrano w dniach <strong>25 sierpnia \u2013 11 wrze\u015bnia<\/strong>.<\/li>\n<!-- \/wp:list-item -->\n\n<!-- wp:list-item -->\n<li>Wystartowa\u0142o <strong>5338<\/strong> zawodnik\u00f3w (w tym <strong>611<\/strong> kobiet) z <strong>83<\/strong> kraj\u00f3w.<\/li>\n<!-- \/wp:list-item -->\n\n<!-- wp:list-item -->\n<li>Rozdano <strong>150<\/strong> komplet\u00f3w medali.<\/li>\n<!-- \/wp:list-item -->\n\n<!-- wp:list-item -->\n<li>Przysi\u0119g\u0119 w imieniu sportowc\u00f3w z\u0142o\u017cy\u0142 lekkoatleta <strong>Adolfo Consolini<\/strong>.<\/li>\n<!-- \/wp:list-item -->\n\n<!-- wp:list-item -->\n<li>Znicz zapali\u0142 posiadaj\u0105cy greckie korzenie <strong>Giancarlo Peris<\/strong> \u2013 W\u0142oski Komitet Olimpijski zdecydowa\u0142, \u017ce powinien go zapali\u0107 junior, zwyci\u0119zca biegu prze\u0142ajowego w tej kategorii wiekowej.<\/li>\n<!-- \/wp:list-item -->\n\n<!-- wp:list-item -->\n<li>Igrzyska otworzy\u0142 <strong>prezydent W\u0142och Giovanni Gronchi<\/strong>.<\/li>\n<!-- \/wp:list-item --><\/ul>\n<!-- \/wp:list -->\n\n<!-- wp:heading -->\n<h2 class=\"wp-block-heading\"><strong>Program Igrzysk \u2013 19 dyscyplin, 150 konkurencji<\/strong><\/h2>\n<!-- \/wp:heading -->\n\n<!-- wp:paragraph -->\n<p>boks (10 konkurencji), gimnastyka (14), hokej na trawie (1), je\u017adziectwo (5), kajakarstwo (7), kolarstwo (6), koszyk\u00f3wka (1), lekkoatletyka (34), pi\u0119ciob\u00f3j nowoczesny (2), pi\u0142ka no\u017cna (1), pi\u0142ka wodna (1), p\u0142ywanie (15), podnoszenie ci\u0119\u017car\u00f3w (7), skoki do wody (4), strzelectwo (6), szermierka (8), wio\u015blarstwo (7), zapasy (16), \u017ceglarstwo (5).<\/p>\n<!-- \/wp:paragraph -->\n\n<!-- wp:heading -->\n<h2 class=\"wp-block-heading\"><strong>Gwiazdy Igrzysk<\/strong><\/h2>\n<!-- \/wp:heading -->\n\n<!-- wp:paragraph -->\n<p><strong>Borys Szachlin<\/strong> (ZSRR, gimnastyka) \u2013 4 z\u0142ote medale, 2 srebrne i 1 br\u0105zowy<br><strong>Larysa \u0141atynina<\/strong>&nbsp;(ZSRR, gimnastyka) \u2013&nbsp;3 z\u0142ote, 2 srebrne, 1 br\u0105zowy<\/p>\n<!-- \/wp:paragraph -->\n\n<!-- wp:heading -->\n<h2 class=\"wp-block-heading\"><strong>Polska Reprezentacja Olimpijska<\/strong><\/h2>\n<!-- \/wp:heading -->\n\n<!-- wp:paragraph -->\n<p><strong>202 osoby<\/strong> (startowa\u0142o 185 \u2013 29 kobiet i 156 m\u0119\u017cczyzn) w 16 sportach: 10 bokser\u00f3w, 14 gimnastyk\u00f3w (w tym 7 kobiet; 12 startowa\u0142o + 2 rez.), 16 hokeist\u00f3w na trawie (13 startowa\u0142o + 3 rez.), 6 je\u017ad\u017ac\u00f3w (4 startowa\u0142o + 2 rez.), 8 kajakarzy (w tym 2 kobiety; 6 startowa\u0142o + 1 rez., 1 nie), 5 kolarzy, 12 koszykarzy, 51 lekkoatlet\u00f3w (w tym 16 kobiet; 49 startowa\u0142o + 2 rez.), 18 pi\u0142karzy (13 startowa\u0142o + 5 rez.), 3 pi\u0119cioboist\u00f3w, 7 p\u0142ywak\u00f3w (6 startowa\u0142o + 1 rez.), 7 ci\u0119\u017carowc\u00f3w, 7 strzelc\u00f3w, 21 szermierzy (w tym 5 kobiet), 5 wio\u015blarzy, 12 zapa\u015bnik\u00f3w.<\/p>\n<!-- \/wp:paragraph -->\n\n<!-- wp:paragraph -->\n<p>Chor\u0105\u017cym by\u0142 wio\u015blarz <strong>Teodor Kocerka<\/strong>.<\/p>\n<!-- \/wp:paragraph -->\n\n<!-- wp:heading -->\n<h2 class=\"wp-block-heading\"><strong>Klasyfikacja medalowa<\/strong><\/h2>\n<!-- \/wp:heading -->\n\n<!-- wp:table {\"hasFixedLayout\":true,\"className\":\"is-style-stripes\"} -->\n<figure class=\"wp-block-table is-style-stripes\"><table class=\"has-fixed-layout\"><tbody><tr><td><\/td><td><\/td><td class=\"has-text-align-center\" data-align=\"center\">&nbsp;<\/td><td class=\"has-text-align-center\" data-align=\"center\">&nbsp;<\/td><td class=\"has-text-align-center\" data-align=\"center\">&nbsp;<\/td><td class=\"has-text-align-center\" data-align=\"center\">&nbsp;<\/td><\/tr><tr><td>&nbsp;<\/td><td>&nbsp;<\/td><td class=\"has-text-align-center\" data-align=\"center\">&nbsp;<\/td><td class=\"has-text-align-center\" data-align=\"center\"><img class=\"wp-image-27817\" style=\"width: 50px;\" src=\"https:\/\/olimpijski.pl\/wp-content\/uploads\/2016\/06\/2016_Rio_zloty_50x50.jpg\" alt=\"\"><\/td><td class=\"has-text-align-center\" data-align=\"center\"><img class=\"wp-image-27819\" style=\"width: 50px;\" src=\"https:\/\/olimpijski.pl\/wp-content\/uploads\/2016\/06\/2016_Rio_sreb_50x50.jpg\" alt=\"\"><\/td><td class=\"has-text-align-center\" data-align=\"center\"><img class=\"wp-image-27821\" style=\"width: 50px;\" src=\"https:\/\/olimpijski.pl\/wp-content\/uploads\/2016\/06\/2016_Rio_braz_50x50.jpg\" alt=\"\"><\/td><\/tr><tr><td>1.<\/td><td>ZSRR<\/td><td class=\"has-text-align-center\" data-align=\"center\">103<\/td><td class=\"has-text-align-center\" data-align=\"center\">43<\/td><td class=\"has-text-align-center\" data-align=\"center\">29<\/td><td class=\"has-text-align-center\" data-align=\"center\">31<\/td><\/tr><tr><td>2.<\/td><td>USA<\/td><td class=\"has-text-align-center\" data-align=\"center\">71<\/td><td class=\"has-text-align-center\" data-align=\"center\">34<\/td><td class=\"has-text-align-center\" data-align=\"center\">21<\/td><td class=\"has-text-align-center\" data-align=\"center\">16<\/td><\/tr><tr><td>3.<\/td><td>W\u0142ochy<\/td><td class=\"has-text-align-center\" data-align=\"center\">36<\/td><td class=\"has-text-align-center\" data-align=\"center\">13<\/td><td class=\"has-text-align-center\" data-align=\"center\">10<\/td><td class=\"has-text-align-center\" data-align=\"center\">13<\/td><\/tr><tr><td>...<\/td><td>&nbsp;<\/td><td class=\"has-text-align-center\" data-align=\"center\">&nbsp;<\/td><td class=\"has-text-align-center\" data-align=\"center\">&nbsp;<\/td><td class=\"has-text-align-center\" data-align=\"center\">&nbsp;<\/td><td class=\"has-text-align-center\" data-align=\"center\">&nbsp;<\/td><\/tr><tr><td><strong>9.<\/strong><\/td><td><strong>Polska<\/strong><\/td><td class=\"has-text-align-center\" data-align=\"center\"><strong>21<\/strong><\/td><td class=\"has-text-align-center\" data-align=\"center\"><strong>4<\/strong><\/td><td class=\"has-text-align-center\" data-align=\"center\"><strong>6<\/strong><\/td><td class=\"has-text-align-center\" data-align=\"center\"><strong>11<\/strong><\/td><\/tr><\/tbody><\/table><\/figure>\n<!-- \/wp:table -->\n\n<!-- wp:heading -->\n<h2 class=\"wp-block-heading\"><strong>Medale dla Polski (21)<\/strong><\/h2>\n<!-- \/wp:heading -->\n\n<!-- wp:ub\/content-toggle-block {\"blockID\":\"d703506d-3cab-4ae7-bba6-c1f63e5faef8\",\"theme\":\"#f1f1f1\",\"collapsed\":true,\"titleColor\":\"#000000\"} -->\n<!-- wp:ub\/content-toggle-panel-block {\"parentID\":\"6d2bdf16-bc4c-43c4-a83f-43ee612c986d\",\"theme\":\"#f1f1f1\",\"collapsed\":true,\"titleColor\":\"#000000\",\"panelTitle\":\"Z\u0142ote\",\"blockID\":\"6f75d013-b6c3-4bb5-a060-deb5e307cb50\"} -->\n<!-- wp:paragraph -->\n<p><\/p>\n<!-- \/wp:paragraph -->\n\n<!-- wp:media-text {\"align\":\"wide\",\"mediaId\":30248,\"mediaType\":\"image\",\"mediaWidth\":20,\"isStackedOnMobile\":false,\"className\":\"is-stacked-on-mobile\"} -->\n<div class=\"wp-block-media-text alignwide is-stacked-on-mobile\" style=\"grid-template-columns:20% auto\"><figure class=\"wp-block-media-text__media\"><img src=\"https:\/\/olimpijski.pl\/wp-content\/uploads\/1960\/06\/1960_Rzym_zloty_200.jpg\" alt=\"\" class=\"wp-image-30248 size-full\"\/><\/figure><div class=\"wp-block-media-text__content\"><!-- wp:paragraph -->\n<p><strong>Zdzis\u0142aw Krzyszkowiak<\/strong><br>(lekkoatletyka, 3000m z przeszkodami)<\/p>\n<!-- \/wp:paragraph -->\n\n<!-- wp:paragraph -->\n<p><strong>J\u00f3zef Schmidt<\/strong><br>(lekkoatletyka, tr\u00f3jskok)<\/p>\n<!-- \/wp:paragraph -->\n\n<!-- wp:paragraph -->\n<p><strong>Ireneusz Pali\u0144ski<\/strong><br>(podnoszenie ci\u0119\u017car\u00f3w, 82,5 kg)<\/p>\n<!-- \/wp:paragraph -->\n\n<!-- wp:paragraph -->\n<p><strong>Kazimierz Pa\u017adzior<\/strong><br>(boks, waga lekka)<\/p>\n<!-- \/wp:paragraph --><\/div><\/div>\n<!-- \/wp:media-text -->\n<!-- \/wp:ub\/content-toggle-panel-block -->\n<!-- \/wp:ub\/content-toggle-block -->\n\n<!-- wp:ub\/content-toggle-block {\"blockID\":\"347fabe1-7fc8-4573-b872-e1e306314837\",\"theme\":\"#f1f1f1\",\"collapsed\":true,\"titleColor\":\"#000000\"} -->\n<!-- wp:ub\/content-toggle-panel-block {\"parentID\":\"b662193c-5a84-47eb-a9a5-76f446d5e30c\",\"theme\":\"#f1f1f1\",\"collapsed\":true,\"titleColor\":\"#000000\",\"panelTitle\":\"Srebrne\",\"blockID\":\"ed747d28-9a08-410b-b694-c97c0e315451\"} -->\n<!-- wp:paragraph -->\n<p><\/p>\n<!-- \/wp:paragraph -->\n\n<!-- wp:media-text {\"align\":\"wide\",\"mediaId\":30250,\"mediaType\":\"image\",\"mediaWidth\":20,\"isStackedOnMobile\":false,\"className\":\"is-stacked-on-mobile\"} -->\n<div class=\"wp-block-media-text alignwide is-stacked-on-mobile\" style=\"grid-template-columns:20% auto\"><figure class=\"wp-block-media-text__media\"><img src=\"https:\/\/olimpijski.pl\/wp-content\/uploads\/1960\/06\/1960_Rzym_sreb_200.jpg\" alt=\"\" class=\"wp-image-30250 size-full\"\/><\/figure><div class=\"wp-block-media-text__content\"><!-- wp:paragraph -->\n<p><strong>El\u017cbieta Krzesi\u0144ska<\/strong><br>(lekkoatletyka, skok w dal)<\/p>\n<!-- \/wp:paragraph -->\n\n<!-- wp:paragraph -->\n<p><strong>Jaros\u0142awa J\u00f3\u017awiakowska<\/strong><br>(lekkoatletyka, skok wzwy\u017c)<\/p>\n<!-- \/wp:paragraph -->\n\n<!-- wp:paragraph -->\n<p><strong>Jerzy Adamski<\/strong><br>(boks, waga pi\u00f3rkowa)<\/p>\n<!-- \/wp:paragraph -->\n\n<!-- wp:paragraph -->\n<p><strong>Tadeusz Walasek<\/strong><br>(boks, waga \u015brednia)<\/p>\n<!-- \/wp:paragraph -->\n\n<!-- wp:paragraph -->\n<p><strong>Zbigniew Pietrzykowski<\/strong><br>(boks, waga p\u00f3\u0142ci\u0119\u017cka)<\/p>\n<!-- \/wp:paragraph -->\n\n<!-- wp:paragraph -->\n<p><strong>Marian Kuszewski, Emil Ochyra, Jerzy Paw\u0142owski, Andrzej Pi\u0105tkowski, Wojciech Zab\u0142ocki, Ryszard Zub<\/strong><br>(szermierka, szabla dru\u017cynowo)<\/p>\n<!-- \/wp:paragraph --><\/div><\/div>\n<!-- \/wp:media-text -->\n<!-- \/wp:ub\/content-toggle-panel-block -->\n<!-- \/wp:ub\/content-toggle-block -->\n\n<!-- wp:ub\/content-toggle-block {\"blockID\":\"6c7378ab-a429-4ed7-a173-fb3e3494a047\",\"theme\":\"#f1f1f1\",\"collapsed\":true,\"titleColor\":\"#000000\"} -->\n<!-- wp:ub\/content-toggle-panel-block {\"parentID\":\"40cc4003-9e39-4c8d-965f-0ad01819e5ca\",\"theme\":\"#f1f1f1\",\"collapsed\":true,\"titleColor\":\"#000000\",\"panelTitle\":\"Br\u0105zowe\",\"blockID\":\"71fa9c40-d1a4-4c62-babe-89db9bcfdc96\"} -->\n<!-- wp:paragraph -->\n<p><\/p>\n<!-- \/wp:paragraph -->\n\n<!-- wp:media-text {\"align\":\"wide\",\"mediaId\":30252,\"mediaType\":\"image\",\"mediaWidth\":20,\"isStackedOnMobile\":false,\"className\":\"is-stacked-on-mobile\"} -->\n<div class=\"wp-block-media-text alignwide is-stacked-on-mobile\" style=\"grid-template-columns:20% auto\"><figure class=\"wp-block-media-text__media\"><img src=\"https:\/\/olimpijski.pl\/wp-content\/uploads\/1960\/06\/1960_Rzym_braz_200.jpg\" alt=\"\" class=\"wp-image-30252 size-full\"\/><\/figure><div class=\"wp-block-media-text__content\"><!-- wp:paragraph -->\n<p><strong>Brunon Bendig<\/strong><br>(boks - waga kogucia)<\/p>\n<!-- \/wp:paragraph -->\n\n<!-- wp:paragraph -->\n<p><strong>Leszek Drogosz<\/strong><br>(boks, waga lekkop\u00f3\u0142\u015brednia)<\/p>\n<!-- \/wp:paragraph -->\n\n<!-- wp:paragraph -->\n<p><strong>Marian Kasprzyk<\/strong><br>(boks, waga p\u00f3\u0142\u015brednia)<\/p>\n<!-- \/wp:paragraph -->\n\n<!-- wp:paragraph -->\n<p><strong>Danuta Walkowiak<\/strong><br>(kajakarstwo, K1 na 500 m)<\/p>\n<!-- \/wp:paragraph -->\n\n<!-- wp:paragraph -->\n<p><strong>Stefan Kap\u0142aniak, W\u0142adys\u0142aw Zieli\u0144ski<\/strong><br>(kajakarstwo, K2 na 1000 m)<\/p>\n<!-- \/wp:paragraph -->\n\n<!-- wp:paragraph -->\n<p><strong>Tadeusz Rut<\/strong><br>(lekkoatletyka, rzut m\u0142otem)<\/p>\n<!-- \/wp:paragraph -->\n\n<!-- wp:paragraph -->\n<p><strong>Kazimierz Zimny<\/strong><br>(lekkoatletyka, bieg na 5000 m)<\/p>\n<!-- \/wp:paragraph -->\n\n<!-- wp:paragraph -->\n<p><strong>Teresa Ciep\u0142y, Halina G\u00f3recka, Barbara Janiszewska, Celina Jesionowska<\/strong><br>(lekkoatletyka, sztafeta 4x100 m)<\/p>\n<!-- \/wp:paragraph -->\n\n<!-- wp:paragraph -->\n<p><strong>Teodor Kocerka<\/strong><br>(wio\u015blarstwo, jedynki)<\/p>\n<!-- \/wp:paragraph -->\n\n<!-- wp:paragraph -->\n<p><strong>Jan Bochenek<\/strong><br>(podnoszenie ci\u0119\u017car\u00f3w, waga 82,5 kg)<\/p>\n<!-- \/wp:paragraph -->\n\n<!-- wp:paragraph -->\n<p><strong>Tadeusz Trojanowski<\/strong><br>(zapasy, styl wolny - 60 kg)<\/p>\n<!-- \/wp:paragraph --><\/div><\/div>\n<!-- \/wp:media-text -->\n<!-- \/wp:ub\/content-toggle-panel-block -->\n<!-- \/wp:ub\/content-toggle-block -->\n\n<!-- wp:quote {\"className\":\"is-style-default\"} -->\n<blockquote class=\"wp-block-quote is-style-default\"><!-- wp:paragraph -->\n<p>Na starcie po raz pierwszy stan\u0119li sportowcy z Maroka, San Marino, Sudanu i Tunezji.<\/p>\n<!-- \/wp:paragraph --><\/blockquote>\n<!-- \/wp:quote -->","post_title":"Rzym 1960","post_excerpt":"","post_status":"publish","comment_status":"closed","ping_status":"closed","post_password":"","post_name":"rzym-1960","to_ping":"","pinged":"","post_modified":"2024-06-27 13:05:26","post_modified_gmt":"2024-06-27 11:05:26","post_content_filtered":"","post_parent":0,"guid":"https:\/\/wai-q98d7hpf9hy9k.wpallimport-demo.qsandbox.me\/olympics_summer\/rzym-1960\/","menu_order":0,"post_type":"olympics_summer","post_mime_type":"","comment_count":"0","filter":"raw"}],"competitions_rewards":[{"competition":[{"ID":5877,"post_author":"1","post_date":"2020-06-19 11:32:33","post_date_gmt":"2020-06-19 11:32:33","post_content":"","post_title":"Je\u017adziectwo","post_excerpt":"","post_status":"publish","comment_status":"open","ping_status":"open","post_password":"","post_name":"jezdziectwo","to_ping":"","pinged":"","post_modified":"2020-06-29 13:17:07","post_modified_gmt":"2020-06-29 11:17:07","post_content_filtered":"","post_parent":0,"guid":"https:\/\/wai-q7byvryhhcz9k.wpallimport-demo.qsandbox.me\/competition\/jezdziectwo\/","menu_order":0,"post_type":"competition","post_mime_type":"","comment_count":"0","filter":"raw"}],"reward":""}]}],"picture":false,"firstname":"Marek","lastname":"Roszczynialski","birthdate_date":"05\/12\/1917","birthdate":"5 grudnia 1917","deathdate_date":"12\/05\/1993","deathdate":"12 maja 1993","placeofbirth":"","club":"","coach":"","metrics":"","seolink":"roszczynialski-marek","tmp_old_id":"13936","tmp_old_fid":"294","tmp_old_parent_id":"15544","createdate":"06\/11\/2013","tmp_old_title":"Roszczynialski  Marek (1917-1993)","tmp_old_lead":"","tmp_old_body":"<p class=\"title-m-02\">ROSZCZYNIALSKI  MAREK (1917-1993)<\/p><p><strong>trener\u00a0 je\u017adziectwa, mistrz i wieloletni reprezentant Polski, olimpijczyk (WKKW) z Rzymu (1960), t\u0142umacz literatury hipologicznej.<\/strong><br\/>Urodzony 5 grudnia 1917 w Jab\u0142onowie, absolwent Korpusu Kadet\u00f3w w Rawiczu (matura 1937) i Szko\u0142y Podchor\u0105\u017cych Kawalerii w Grudzi\u0105dzu, uczestnik kampanii wrze\u015bniowej 1939 (ppor.), po wojnie rolnik hodowca, trener i zawodnik (171 cm, 67 kg) LZS \u0141obez (od 1946). 2-krotny mistrz Polski: w uje\u017cd\u017ceniu (1955) i WKKW (1957), I wicemistrz Polski w uje\u017cd\u017ceniu (1958) i II wicemistrz kraju w tej konkurencji (1956) na koniu Ariol (WKKW) i Duplikat (uje\u017cd\u017cenie). Wieloletni reprezentant Polski. M. in. podczas ME w WKKW (Harewood, 1959), gdzie dru\u017cyna polska zaj\u0119\u0142a 4 m. , startuj\u0105c na Ariolu (mimo kontuzji odniesionej na trasie crossu), jako jedyny z 70 zawodnik\u00f3w pokona\u0142 bezb\u0142\u0119dnie parkur (ind. by\u0142 20). Olimpijczyk (jego Gafme zakula\u0142a tu\u017c po przyje\u017adzie do Rzymu i startowa\u0142 na najs\u0142abszej w ekipie klaczy Wizma). Je\u017adziec, hodowca, trener i niebywa\u0142ej inicjatywie. By\u0142 wsp\u00f3\u0142projektantem, budowniczym, za\u0142o\u017cycielem i dyrektorem stadniny w Stubnie (1950-1953), dyrektorem Stadniny Ogier\u00f3w w \u0141obezie (1954-1966) i w Ko\u017alu (1967-1972). Dzia\u0142acz (najbardziej zas\u0142u\u017cony dla LZS), trener I kl., s\u0119dzia klasy pa\u0144stwowej, t\u0142umacz literatury hipologicznej (ponad 20 pozycji). Organizator pierwszych studenckich wczas\u00f3w w siodle, konsultant filmowy (Pan Wo\u0142odyjowski). Pracowa\u0142 w o\u015brodkach je\u017adzieckich w Lubniewicach, Szczecinie i Zbros\u0142awicach. Przygotowywa\u0142 konie i ludzie do Defilady 1000-lecia (1966). Pe\u0142en fantazji i energii, zawsze w doskona\u0142ej kondycji fizycznej. Treningi traktowa\u0142 powa\u017cnie, je\u017adzi\u0142 do ostatnich chwil \u017cycia (tacy byli kawalerzy\u015bci 4. Pu\u0142ku U\u0142an\u00f3w Zanieme\u0144skich w kt\u00f3rym s\u0142u\u017cy\u0142). By\u0142 zasadniczy i wymagaj\u0105cy, przestrzega\u0142 dyscypliny i punktualno\u015bci. Konia traktowa\u0142 jako partnera, stosowa\u0142 zasad\u0119 wzajemnego zaufania, nie uznawa\u0142 brutalnych metod. Wszystkich wychowank\u00f3w (a by\u0142o ich wielu) \"zarazi\u0142 ko\u0144mi\" na zawsze. Mistrz Sportu. \u017bonaty (mia\u0142 dwoje dzieci). Zmar\u0142 w Starogardzie Gda\u0144skim 12 maja 1993.<br\/>\u00a0\u00a0 Bibl.: G\u0142uszek, Leksykon 1999, s. 311 (tu brak w dru\u017cynie A. Kobyli\u0144skiego); Pawlak, Olimpijczycy, s. 217; Habinowska, Ludzie i konie, s. 149, 150, 152, 249, 324, 398, 399; Je\u017ad\u017acy olimpijscy, s. 51-53; Kronika Sportu, s. 900; Ksi\u0119ga sportu, s. 479; Porada, Igrzyska, s. 850; Ksi\u0119ga Kadet\u00f3w II RP, s. 318; Baza danych Muzeum \u0141owiectwa i Je\u017adziectwa w Warszawie; USC Starogard Gda\u0144ski, pismo z 10.03.2003 i informacja, \u017ce w ksi\u0119gach zgonu za rok 1993 nie figuruje akt zgonu na nazwisko Roszczynialski Marek. <br\/><strong>*1960 Rzym: WKKW ind<\/strong>. -odpada w drugiej pr\u00f3bie (cross); komentarz naocznych \u015bwiadk\u00f3w: \"Roszczynialski na Wi\u017amie ma jecha\u0107 wolno, oszcz\u0119dzaj\u0105c si\u0142y klaczy. Do 27 przeszkody jad\u0105 bez b\u0142\u0119d\u00f3w, tu jednak Wizma si\u0119 przewraca, l\u0105duje w wodzie, a odprysk betonu kaleczy jej napi\u0119stek i \u0142okie\u0107. Dosz\u0142a jednak do 32 przeszkody, kt\u00f3rej ze wzgl\u0119du na rany i powag\u0119 skoku pokona\u0107 nie mog\u0142a\"; <strong>WKKW dru\u017c.<\/strong> - na skutek\u00a0 zdekompletowania zesp\u00f3\u0142 polski nie zosta\u0142 sklasyfikowany (start. 18 ekip, zw. Australia). Partnerami Roszczynialskiego w dru\u017cynie byli: M. Babirecki, A. Or\u0142o\u015b i A. Kobyli\u0144ski (tak\u017ce nie uko\u0144czy\u0142 konkurencji).<br\/><\/p><!-- history --><table width=\"85%\" style=\"text-align:right\" border=\"0\" cellspacing=\"0\" cellpadding=\"0\">  <tr>    <td align=\"right\" class=\"box3-title\"><a href=\"javascript:history.back()\">\u00ab powr\u00f3t do listy<\/a><\/td>  <\/tr><\/table>","tmp_old_body_img":false,"tmp_old_lead_img":false,"picture_medalists":false,"important":"","person_achivments":""},"_links":{"self":[{"href":"https:\/\/olimpijski.pl\/en\/wp-json\/wp\/v2\/person\/14902"}],"collection":[{"href":"https:\/\/olimpijski.pl\/en\/wp-json\/wp\/v2\/person"}],"about":[{"href":"https:\/\/olimpijski.pl\/en\/wp-json\/wp\/v2\/types\/person"}],"version-history":[{"count":5,"href":"https:\/\/olimpijski.pl\/en\/wp-json\/wp\/v2\/person\/14902\/revisions"}],"predecessor-version":[{"id":36754,"href":"https:\/\/olimpijski.pl\/en\/wp-json\/wp\/v2\/person\/14902\/revisions\/36754"}],"wp:attachment":[{"href":"https:\/\/olimpijski.pl\/en\/wp-json\/wp\/v2\/media?parent=14902"}],"curies":[{"name":"wp","href":"https:\/\/api.w.org\/{rel}","templated":true}]}}