{"id":14912,"date":"2020-06-24T16:50:48","date_gmt":"2020-06-24T14:50:48","guid":{"rendered":"http:\/\/pkol.local\/person\/janusz-rozycki\/"},"modified":"2023-05-10T13:14:04","modified_gmt":"2023-05-10T11:14:04","slug":"janusz-rozycki","status":"publish","type":"person","link":"https:\/\/olimpijski.pl\/en\/olimpijczycy\/janusz-rozycki\/","title":{"rendered":"Janusz R\u00f3\u017cycki"},"content":{"rendered":"\n<p><strong>ps. &#8220;Jancyk&#8221;, artysta plastyk, warszawski florecista-wychowanek Zygmunta Fokta, olimpijczyk z&nbsp;Rzymu (1960) i&nbsp;srebrny medalista z&nbsp;Tokio (1964).<br><\/strong><br>Urodzony 10 maja 1939 w&nbsp;Warszawie, syn Jerzego (znany matematyk, jeden z&nbsp;tw\u00f3rc\u00f3w Enigmy &#8211; maszyny szyfruj\u0105cej, zgin\u0105\u0142 na&nbsp;Morzu Czerwonym w&nbsp;1942) i&nbsp;Marii (projektantka mody w&nbsp;Instytucie Wzornictwa Przemys\u0142owego), absolwent miejscowego Liceum Sztuk Plastycznych przy ul. My\u015bliwieckiej i&nbsp;warszawskiej Akademii Sztuk Pi\u0119knych, florecista (175 cm, 74 kg) sto\u0142ecznej Legii &#8211; wychowanek Zygmunta Fokta. Szermierka mia\u0142a by\u0107 dla&nbsp;&#8220;Jancyka&#8221; (tak go wtedy do\u015b\u0107 powszechnie nazywano) pr\u00f3b\u0105 na&nbsp;utemperowanie &#8220;trudnego charakteru&#8221; i&nbsp;&#8220;artystycznej duszy&#8221;, sta\u0142a si\u0119 tymczasem wielk\u0105 pasj\u0105, a&nbsp;sala treningowa na&nbsp;\u0141azienkowskiej &#8211; drugim domem. Lewor\u0119ki florecista sto\u0142ecznej Legii sta\u0142 si\u0119 w&nbsp;stosunkowo kr\u00f3tkim czasie nie tylko podpor\u0105 wojskowej dru\u017cyny, ale&nbsp;tak\u017ce, w&nbsp;dru\u017cynie narodowej &#8220;bezpo\u015brednim zapleczem&#8221; najznakomitszych florecist\u00f3w \u015bwiata, kt\u00f3rzy si\u0119 w&nbsp;niej znajdowali (Franke, Parulski, Woyda, Skrudlik).<\/p>\n\n\n\n<p>Dobry technik niekonwencjonalnie rozwi\u0105zywa\u0142 walki pod wzgl\u0119dem taktycznym z du\u017c\u0105 doz\u0105 sprytu i chytro\u015bci. Podczas mistrzostw Polski zdoby\u0142 medale wszystkich kolor\u00f3w: z\u0142oty (1960), srebrny (1959) i br\u0105zowy (1967) w konkurencji indywidualnej floretu. Du\u017co wi\u0119cej medali zdoby\u0142 z dru\u017cyn\u0105 Legii b\u0119d\u0105c 7-krotnym z\u0142otym medalist\u0105: we florecie (1957, 1959, 1965, 1969) i szabli (1957, 1958, 1961), 4-krotnym wicemistrzem Polski we florecie (1958, 1961, 1962, 1966) i 4-krotnym br\u0105zowym medalist\u0105 MP, tak\u017ce we florecie (1960, 1963, 1964, 1967). Na arenie mi\u0119dzynarodowej by\u0142 w dru\u017cynie floretowej: wicemistrz \u015bwiata w Gda\u0144sku (1963) i br\u0105zowym medalist\u0105 M\u015a w Turynie (1961) i Buenos Aires (1962). Dwukrotny mistrz Uniwersiady w Porto Alegre (1963) w dru\u017cynowym turnieju floretu i szpady. Zas\u0142u\u017cony Mistrz Sportu, odznaczony m. in. Z\u0142otym Krzy\u017cem Zas\u0142ugi. Artysta plastyk. Malarz. Na Festiwalu Sztuki organizowanym przez MKOl otrzyma\u0142 w Barcelonie (1995) nagrod\u0119 za Pejza\u017c, a w 1996 &#8211; pierwsz\u0105 nagrod\u0119 za obraz kubistyczny Sze\u015bcian.<\/p>\n\n\n\n<p><strong>*1960 Rzym: szermierka, floret ind.<\/strong> &#8211; 1. msc w&nbsp;pierwszej grupie elim. (6 zaw.) z&nbsp;4 zw., 4. msc w&nbsp;drugiej grupie elim. (6 zaw.) z&nbsp;2 zw., 2. msc w&nbsp;grupie \u0107wier\u0107fin. (6 zaw.) z&nbsp;3 zw., 5. msc w&nbsp;grupie p\u00f3\u0142fin. (6 zaw.) z&nbsp;2 zw. oraz&nbsp;po przegranej walce bara\u017cowej z&nbsp;Brytyjczykiem B. Hoskynsem 1:5, odp. z&nbsp;konk.; <strong>floret dru\u017c.<\/strong> &#8211; w&nbsp;grupie elim. (3 dru\u017c.) po zwyci\u0119stwie nad Marokiem 16:0 (R\u00f3\u017cycki &#8211; 4 zw.) i&nbsp;pora\u017cce z&nbsp;USA 4:9 (1 zw.) Polacy zaj\u0119li 2. msc. W&nbsp;pojedynku o&nbsp;wej\u015bcie do&nbsp;\u0107wier\u0107fin. zwyci\u0119\u017cyli ZRA 9:3 (3 zw.), a&nbsp;w&nbsp;\u0107wier\u0107fin. przegrali z&nbsp;ZSRR 6:9 (1 zw.), zajmuj\u0105c 5-8. msc w&nbsp;turnieju (zw. ZSRR). Partnerami w&nbsp;dru\u017cynie byli: E. Franke, R. Parulski i&nbsp;W. Woyda.<\/p>\n\n\n\n<p><strong>*1964 Tokio: szermierka, floret dru\u017c.<\/strong> &#8211; w&nbsp;grupie elim. (4 dru\u017c.) Polacy pokonali W. Brytani\u0119 9:5 (3 zw.) i&nbsp;Australi\u0119 13:3 (3 zw.), w&nbsp;\u0107wier\u0107fin. zwyci\u0119\u017cyli Rumuni\u0119 9:2 (nie walczy\u0142), w&nbsp;p\u00f3\u0142fin. wygrali z&nbsp;Japoni\u0105 9:4 (2 zw.), a&nbsp;w&nbsp;finale przegrali z&nbsp;ZSRR 7:9 (nie walczy\u0142), <strong>zdobywaj\u0105c srebrny medal<\/strong>. Partnerami w&nbsp;dru\u017cynie byli: E. Franke, R. Parulski, Z. Skrudlik i&nbsp;W. Woyda.<\/p>\n\n\n\n<p><em>Bibl.: G\u0142uszek, Leksykon 1999, s. 312; Pawlak, Olimpijczycy, s. 218; Kronika sportu, s. 1001; Du\u0144ski, Od Pary\u017ca, s. 743-744; Lis, Rekordy w&nbsp;plecaku, s. 20-29; Borz\u0119cki, Bia\u0142\u0105 broni\u0105, s. 7, 12, 114 i&nbsp;dalsze; \u0141uczak, Szermierka w&nbsp;Polsce, s. 88, 192, 225 i&nbsp;dalsze.<\/em><\/p>\n","protected":false},"excerpt":{"rendered":"<p>ps. &#8220;Jancyk&#8221;, artysta plastyk, warszawski florecista-wychowanek Zygmunta Fokta, olimpijczyk z\u00a0Rzymu (1960) i\u00a0srebrny medalista z\u00a0Tokio (1964). &#8230; <a class=\"read-more\" href=\"https:\/\/olimpijski.pl\/en\/olimpijczycy\/janusz-rozycki\/\">Czytaj dalej<\/a><\/p>\n","protected":false},"featured_media":0,"menu_order":78,"template":"","meta":{"_acf_changed":false,"ub_ctt_via":"","footnotes":""},"class_list":["post-14912","person","type-person","status-publish","hentry","infinite-scroll-item","no-featured-image-padding"],"acf":{"olimpic_information":[{"olimpic":[{"ID":303,"post_author":"1","post_date":"1964-06-17 13:34:45","post_date_gmt":"1964-06-17 11:34:45","post_content":"<!-- wp:heading {\"level\":1,\"className\":\"main-title\"} -->\n<h1 class=\"main-title\"><strong>Igrzyska XVIII Olimpiady<\/strong><br>Tokio 1964<\/h1>\n<!-- \/wp:heading -->\n\n<!-- wp:paragraph -->\n<p><br><\/p>\n<!-- \/wp:paragraph -->\n\n<!-- wp:image {\"align\":\"left\",\"id\":19358,\"sizeSlug\":\"large\",\"className\":\"is-style-default\"} -->\n<div class=\"wp-block-image is-style-default\"><figure class=\"alignleft size-large\"><img src=\"https:\/\/olimpijski.pl\/wp-content\/uploads\/1964\/06\/tokio1964.png\" alt=\"\" class=\"wp-image-19358\"\/><\/figure><\/div>\n<!-- \/wp:image -->\n\n<!-- wp:list -->\n<ul><li>Igrzyska rozegrano w dniach <strong>10-24 pa\u017adziernika<\/strong>.<\/li><li>Wystartowa\u0142o <strong>5151<\/strong> zawodnik\u00f3w (w tym <strong>678<\/strong> kobiet) z <strong>93<\/strong> kraj\u00f3w.<\/li><li>Rozdano <strong>163<\/strong> komplety medali.<\/li><li>Przysi\u0119g\u0119 olimpijsk\u0105 w imieniu sportowc\u00f3w z\u0142o\u017cy\u0142 gimnastyk <strong>Yoshimori Ono<\/strong>.<\/li><li>Znicz zapali\u0142 <strong>Yoshinori Sakai<\/strong> (urodzi\u0142 si\u0119 6 sierpnia 1945 roku, w dniu zrzucenia przez Amerykan\u00f3w bomby atomowej na Hiroszim\u0119).<\/li><li>Igrzyska otworzy\u0142 <strong>cesarz Japonii Hirohito<\/strong>.<\/li><\/ul>\n<!-- \/wp:list -->\n\n<!-- wp:heading -->\n<h2><strong>Program Igrzysk \u2013 21 dyscyplin, 163 konkurencje<\/strong><\/h2>\n<!-- \/wp:heading -->\n\n<!-- wp:paragraph -->\n<p>boks (10 konkurencji), gimnastyka (14), hokej na trawie (1), je\u017adziectwo (6), judo (4), kajakarstwo (7), kolarstwo (7), koszyk\u00f3wka (1), lekkoatletyka (36), pi\u0119ciob\u00f3j nowoczesny (2), pi\u0142ka no\u017cna (1), pi\u0142ka siatkowa (2), pi\u0142ka wodna (1), p\u0142ywanie (18), podnoszenie ci\u0119\u017car\u00f3w (7), skoki do wody (4), strzelectwo (6), szermierka (8), wio\u015blarstwo (7), zapasy (16), \u017ceglarstwo (5).<\/p>\n<!-- \/wp:paragraph -->\n\n<!-- wp:heading -->\n<h2><strong>Gwiazda Igrzysk<\/strong><\/h2>\n<!-- \/wp:heading -->\n\n<!-- wp:paragraph -->\n<p><strong>\u0141arysa \u0141atynina<\/strong> (ZSRR, gimnastyka) \u2013 3 z\u0142ote medale, 2 srebrne, 1 br\u0105zowy<\/p>\n<!-- \/wp:paragraph -->\n\n<!-- wp:heading -->\n<h2><strong>Polska Reprezentacja Olimpijska<\/strong><\/h2>\n<!-- \/wp:heading -->\n\n<!-- wp:paragraph -->\n<p><strong>145 os\u00f3b <\/strong>(startowa\u0142o 140 \u2013 25 kobiet i 115 m\u0119\u017cczyzn) w 12 sportach: 10 bokser\u00f3w, 14 gimnastyk\u00f3w (w tym 7 kobiet; 12 startowa\u0142o + 2 rez.), 10 kajakarzy (w tym 3 kobiety; 9 startowa\u0142o + 1 rez.), 8 kolarzy, 12 koszykarzy, 36 lekkoatlet\u00f3w (w tym 7 kobiet; 35 startowa\u0142o + 1 rez.), 7 ci\u0119\u017carowc\u00f3w, 10 siatkarek, 6 strzelc\u00f3w, 15 szermierzy, 12 wio\u015blarzy (11 startowa\u0142o + 1 rez.), 5 zapa\u015bnik\u00f3w.<\/p>\n<!-- \/wp:paragraph -->\n\n<!-- wp:paragraph -->\n<p>Chor\u0105\u017cym reprezentacji Polski by\u0142 ci\u0119\u017carowiec <strong>Waldemar Baszanowski<\/strong>.<\/p>\n<!-- \/wp:paragraph -->\n\n<!-- wp:heading -->\n<h2><strong>Klasyfikacja medalowa<\/strong><\/h2>\n<!-- \/wp:heading -->\n\n<!-- wp:table {\"hasFixedLayout\":true,\"className\":\"is-style-stripes\"} -->\n<figure class=\"wp-block-table is-style-stripes\"><table class=\"has-fixed-layout\"><tbody><tr><td><\/td><td><\/td><td class=\"has-text-align-center\" data-align=\"center\">&nbsp;<\/td><td class=\"has-text-align-center\" data-align=\"center\">&nbsp;<\/td><td class=\"has-text-align-center\" data-align=\"center\">&nbsp;<\/td><td class=\"has-text-align-center\" data-align=\"center\">&nbsp;<\/td><\/tr><tr><td>&nbsp;<\/td><td>&nbsp;<\/td><td class=\"has-text-align-center\" data-align=\"center\">&nbsp;<\/td><td class=\"has-text-align-center\" data-align=\"center\"><img class=\"wp-image-27817\" style=\"width: 50px;\" src=\"https:\/\/olimpijski.pl\/wp-content\/uploads\/2016\/06\/2016_Rio_zloty_50x50.jpg\" alt=\"\"><\/td><td class=\"has-text-align-center\" data-align=\"center\"><img class=\"wp-image-27819\" style=\"width: 50px;\" src=\"https:\/\/olimpijski.pl\/wp-content\/uploads\/2016\/06\/2016_Rio_sreb_50x50.jpg\" alt=\"\"><\/td><td class=\"has-text-align-center\" data-align=\"center\"><img class=\"wp-image-27821\" style=\"width: 50px;\" src=\"https:\/\/olimpijski.pl\/wp-content\/uploads\/2016\/06\/2016_Rio_braz_50x50.jpg\" alt=\"\"><\/td><\/tr><tr><td>1.<\/td><td>USA<\/td><td class=\"has-text-align-center\" data-align=\"center\">90<\/td><td class=\"has-text-align-center\" data-align=\"center\">36<\/td><td class=\"has-text-align-center\" data-align=\"center\">26<\/td><td class=\"has-text-align-center\" data-align=\"center\">28<\/td><\/tr><tr><td>2.<\/td><td>ZSRR<\/td><td class=\"has-text-align-center\" data-align=\"center\">96<\/td><td class=\"has-text-align-center\" data-align=\"center\">30<\/td><td class=\"has-text-align-center\" data-align=\"center\">31<\/td><td class=\"has-text-align-center\" data-align=\"center\">35<\/td><\/tr><tr><td>3.<\/td><td>Japonia<\/td><td class=\"has-text-align-center\" data-align=\"center\">29<\/td><td class=\"has-text-align-center\" data-align=\"center\">16<\/td><td class=\"has-text-align-center\" data-align=\"center\">5<\/td><td class=\"has-text-align-center\" data-align=\"center\">8<\/td><\/tr><tr><td>...<\/td><td>&nbsp;<\/td><td class=\"has-text-align-center\" data-align=\"center\">&nbsp;<\/td><td class=\"has-text-align-center\" data-align=\"center\">&nbsp;<\/td><td class=\"has-text-align-center\" data-align=\"center\">&nbsp;<\/td><td class=\"has-text-align-center\" data-align=\"center\">&nbsp;<\/td><\/tr><tr><td><strong>7.<\/strong><\/td><td><strong>Polska<\/strong><\/td><td class=\"has-text-align-center\" data-align=\"center\"><strong>23<\/strong><\/td><td class=\"has-text-align-center\" data-align=\"center\"><strong>7<\/strong><\/td><td class=\"has-text-align-center\" data-align=\"center\"><strong>6<\/strong><\/td><td class=\"has-text-align-center\" data-align=\"center\"><strong>19<\/strong><\/td><\/tr><\/tbody><\/table><\/figure>\n<!-- \/wp:table -->\n\n<!-- wp:heading -->\n<h2><strong>Medale dla Polski (23)<\/strong><\/h2>\n<!-- \/wp:heading -->\n\n<!-- wp:ub\/content-toggle-block {\"blockID\":\"0f622570-af06-4c2c-83e5-ee668270480d\",\"theme\":\"#f1f1f1\",\"collapsed\":true,\"titleColor\":\"#000000\"} -->\n<!-- wp:ub\/content-toggle-panel-block {\"parentID\":\"0f622570-af06-4c2c-83e5-ee668270480d\",\"theme\":\"#f1f1f1\",\"collapsed\":true,\"titleColor\":\"#000000\",\"panelTitle\":\"Z\u0142ote\"} -->\n<!-- wp:paragraph -->\n<p><\/p>\n<!-- \/wp:paragraph -->\n\n<!-- wp:media-text {\"align\":\"\",\"mediaId\":30255,\"mediaLink\":\"https:\/\/olimpijski.pl\/igrzyska_letnie\/tokio-1964\/1964_tokio_zloty_200\/#main\",\"mediaType\":\"image\",\"mediaWidth\":20} -->\n<div class=\"wp-block-media-text is-stacked-on-mobile\" style=\"grid-template-columns:20% auto\"><figure class=\"wp-block-media-text__media\"><img src=\"https:\/\/olimpijski.pl\/wp-content\/uploads\/1964\/06\/1964_Tokio_zloty_200.jpg\" alt=\"\" class=\"wp-image-30255\"\/><\/figure><div class=\"wp-block-media-text__content\"><!-- wp:paragraph -->\n<p><strong>J\u00f3zef Schmidt<\/strong><br>(lekkoatletyka, tr\u00f3jskok)<\/p>\n<!-- \/wp:paragraph -->\n\n<!-- wp:paragraph -->\n<p><strong>J\u00f3zef Grudzie\u0144<\/strong><br>(boks, waga lekka)<\/p>\n<!-- \/wp:paragraph -->\n\n<!-- wp:paragraph -->\n<p><strong>Jerzy Kulej<\/strong><br>(boks, waga lekkop\u00f3\u0142\u015brednia)<\/p>\n<!-- \/wp:paragraph -->\n\n<!-- wp:paragraph -->\n<p><strong>Marian Kasprzyk<\/strong><br>(boks, waga p\u00f3\u0142\u015brednia)<\/p>\n<!-- \/wp:paragraph -->\n\n<!-- wp:paragraph -->\n<p><strong>Teresa Ciep\u0142y, Halina G\u00f3recka, Irena Kirszenstein, Ewa K\u0142obukowska<\/strong><br>(lekkoatletyka, sztafeta 4x100 m)<br><br><strong>Waldemar Baszanowski<\/strong><br>(podnoszenie ci\u0119\u017car\u00f3w, 67,5 kg)<\/p>\n<!-- \/wp:paragraph -->\n\n<!-- wp:paragraph -->\n<p><strong>Egon Franke<\/strong><br>(szermierka, floret)<\/p>\n<!-- \/wp:paragraph --><\/div><\/div>\n<!-- \/wp:media-text -->\n<!-- \/wp:ub\/content-toggle-panel-block -->\n<!-- \/wp:ub\/content-toggle-block -->\n\n<!-- wp:ub\/content-toggle-block {\"blockID\":\"0e892858-9992-41aa-b7a4-ae2ab8516756\",\"theme\":\"#f1f1f1\",\"collapsed\":true,\"titleColor\":\"#000000\"} -->\n<!-- wp:ub\/content-toggle-panel-block {\"parentID\":\"0e892858-9992-41aa-b7a4-ae2ab8516756\",\"theme\":\"#f1f1f1\",\"collapsed\":true,\"titleColor\":\"#000000\",\"panelTitle\":\"Srebrne\"} -->\n<!-- wp:paragraph -->\n<p><\/p>\n<!-- \/wp:paragraph -->\n\n<!-- wp:media-text {\"align\":\"\",\"mediaId\":30257,\"mediaLink\":\"https:\/\/olimpijski.pl\/igrzyska_letnie\/tokio-1964\/1964_tokio_sreb_200\/#main\",\"mediaType\":\"image\",\"mediaWidth\":20} -->\n<div class=\"wp-block-media-text is-stacked-on-mobile\" style=\"grid-template-columns:20% auto\"><figure class=\"wp-block-media-text__media\"><img src=\"https:\/\/olimpijski.pl\/wp-content\/uploads\/1964\/06\/1964_Tokio_sreb_200.jpg\" alt=\"\" class=\"wp-image-30257\"\/><\/figure><div class=\"wp-block-media-text__content\"><!-- wp:paragraph -->\n<p><strong>Irena Kirszenstein<\/strong><br>(lekkoatletyka, 200 m)<br><br><strong>Irena Kirszenstein<\/strong><br>(lekkoatletyka, skok w dal)<\/p>\n<!-- \/wp:paragraph -->\n\n<!-- wp:paragraph -->\n<p><strong>Teresa Ciep\u0142y<\/strong><br>(lekkoatletyka, 80 m pp\u0142)<br><br><strong>Marian Dudziak, Marian Foik, Wies\u0142aw Maniak, Andrzej Zieli\u0144ski<\/strong><br>(lekkoatletyka, sztafeta 4x100 m)<br><br><strong>Egon Franke, Ryszard Parulski, Janusz R\u00f3\u017cycki, Zbigniew Skrudlik, Witold Woyda<\/strong><br>(szermierka, floret dru\u017cynowo)<br><br><strong>Artur Olech<\/strong><br>(boks, waga musza)<\/p>\n<!-- \/wp:paragraph --><\/div><\/div>\n<!-- \/wp:media-text -->\n<!-- \/wp:ub\/content-toggle-panel-block -->\n<!-- \/wp:ub\/content-toggle-block -->\n\n<!-- wp:ub\/content-toggle-block {\"blockID\":\"a9884ed7-1db5-4041-92aa-f9a969627ca2\",\"theme\":\"#f1f1f1\",\"collapsed\":true,\"titleColor\":\"#000000\"} -->\n<!-- wp:ub\/content-toggle-panel-block {\"parentID\":\"a9884ed7-1db5-4041-92aa-f9a969627ca2\",\"theme\":\"#f1f1f1\",\"collapsed\":true,\"titleColor\":\"#000000\",\"panelTitle\":\"Br\u0105zowe\"} -->\n<!-- wp:paragraph -->\n<p><\/p>\n<!-- \/wp:paragraph -->\n\n<!-- wp:media-text {\"align\":\"\",\"mediaId\":30259,\"mediaLink\":\"https:\/\/olimpijski.pl\/igrzyska_letnie\/tokio-1964\/1964_tokio_braz_200\/#main\",\"mediaType\":\"image\",\"mediaWidth\":20} -->\n<div class=\"wp-block-media-text is-stacked-on-mobile\" style=\"grid-template-columns:20% auto\"><figure class=\"wp-block-media-text__media\"><img src=\"https:\/\/olimpijski.pl\/wp-content\/uploads\/1964\/06\/1964_Tokio_braz_200.jpg\" alt=\"\" class=\"wp-image-30259\"\/><\/figure><div class=\"wp-block-media-text__content\"><!-- wp:paragraph -->\n<p><strong>Krystyna Czajkowska, Maria Golimowska, Krystyna Jakubowska, Danuta Kordaczuk, Krystyna Krupa, J\u00f3zefa Ledwig, Jadwiga Marko, Jadwiga Rutkowska, Zofia Szcz\u0119\u015bniewska, Maria \u015aliwka<\/strong><br>(siatk\u00f3wka)<br><br><strong>Emil Ochyra, Jerzy Paw\u0142owski, Andrzej Pi\u0105tkowski, Wojciech Zab\u0142ocki, Ryszard Zub<\/strong><br>(szermierka, szabla dru\u017cynowo)<br><br><strong>Andrzej Bade\u0144ski<\/strong><br>(lekkoatletyka, 400 m)<br><br><strong>Ewa K\u0142obukowska<\/strong><br>(lekkoatletyka, 100 m)<br><br><strong>Mieczys\u0142aw Nowak<\/strong><br>(podnoszenie ci\u0119\u017car\u00f3w, 60 kg)<\/p>\n<!-- \/wp:paragraph -->\n\n<!-- wp:paragraph -->\n<p><strong>Marian Zieli\u0144ski<\/strong><br>(podnoszenie ci\u0119\u017car\u00f3w, 67,5 kg)<\/p>\n<!-- \/wp:paragraph -->\n\n<!-- wp:paragraph -->\n<p><strong>Ireneusz Pali\u0144ski<\/strong><br>(podnoszenie ci\u0119\u017car\u00f3w, 90 kg)<\/p>\n<!-- \/wp:paragraph -->\n\n<!-- wp:paragraph -->\n<p><strong>J\u00f3zef Grzesiak<\/strong><br>(boks, waga lekkop\u00f3\u0142\u015brednia)<br><br><strong>Tadeusz Walasek<\/strong><br>(boks, waga \u015brednia)<br><br><strong>Zbigniew Pietrzykowski<\/strong><br>(boks, waga p\u00f3\u0142ci\u0119\u017cka)<\/p>\n<!-- \/wp:paragraph --><\/div><\/div>\n<!-- \/wp:media-text -->\n<!-- \/wp:ub\/content-toggle-panel-block -->\n<!-- \/wp:ub\/content-toggle-block -->\n\n<!-- wp:quote {\"className\":\"is-style-default\"} -->\n<blockquote class=\"wp-block-quote is-style-default\"><p>Dla Polski by\u0142y to niezwykle udane igrzyska. Z 23 medalami zaj\u0119li\u015bmy najwy\u017csz\u0105 lokat\u0119&nbsp; w dotychczasowych startach. Autork\u0105 najwi\u0119kszej niespodzianki w polskiej ekipie by\u0142a 18-letnia Irena Kirszenstein, kt\u00f3ra zdoby\u0142a dwa srebrne medale (w skoku w dal oraz w biegu na 200 m). Po raz drugi na najwy\u017cszym stopniu podium stan\u0105\u0142 tr\u00f3jskoczek J\u00f3zef Schmidt.<\/p><p>Do programu igrzysk wprowadzono: siatk\u00f3wk\u0119 kobiet i m\u0119\u017cczyzn oraz narodowy sport gospodarzy - judo. W igrzyskach zadebiutowali reprezentanci, Algierii, Czadu, Dominikany, Kamerunu, Konga, Libii, Madagaskaru, Malezji, Mali, Monako, Nepalu, Nigru, Senegalu, Tanzanii (jako Tanganika) i Zambii (jako Rodezja P\u00f3\u0142nocna).<\/p><\/blockquote>\n<!-- \/wp:quote -->","post_title":"Tokio 1964","post_excerpt":"","post_status":"publish","comment_status":"closed","ping_status":"closed","post_password":"","post_name":"tokio-1964","to_ping":"","pinged":"","post_modified":"2020-10-05 16:22:25","post_modified_gmt":"2020-10-05 14:22:25","post_content_filtered":"","post_parent":0,"guid":"https:\/\/wai-q98d7hpf9hy9k.wpallimport-demo.qsandbox.me\/olympics_summer\/tokio-1964\/","menu_order":0,"post_type":"olympics_summer","post_mime_type":"","comment_count":"0","filter":"raw"}],"competitions_rewards":[{"competition":[{"ID":5785,"post_author":"1","post_date":"2020-06-19 11:32:17","post_date_gmt":"2020-06-19 09:32:17","post_content":"","post_title":"Szermierka - floret dru\u017c.","post_excerpt":"","post_status":"publish","comment_status":"closed","ping_status":"closed","post_password":"","post_name":"floret-druz","to_ping":"","pinged":"","post_modified":"2020-07-22 12:06:54","post_modified_gmt":"2020-07-22 10:06:54","post_content_filtered":"","post_parent":5868,"guid":"https:\/\/wai-q7byvryhhcz9k.wpallimport-demo.qsandbox.me\/competition\/floret-druz\/","menu_order":0,"post_type":"competition","post_mime_type":"","comment_count":"0","filter":"raw"}],"reward":{"value":"2","label":"Srebrny"}}]}],"picture":{"ID":32526,"id":32526,"title":"Andrzej-Zielin\u2560\u00fcski_Tokio'64","filename":"Andrzej-Zielin\u2560uski_Tokio64.jpg","filesize":48294,"url":"https:\/\/olimpijski.pl\/wp-content\/uploads\/2020\/06\/Andrzej-Zielin\u2560uski_Tokio64.jpg","link":"https:\/\/olimpijski.pl\/en\/olimpijczycy\/andrzej-zielinski\/andrzej-zielin%e2%95%a0uski_tokio64\/#main","alt":"","author":"15","description":"","caption":"","name":"andrzej-zielin%e2%95%a0uski_tokio64","status":"inherit","uploaded_to":15304,"date":"2020-10-09 07:44:13","modified":"2020-10-09 07:44:13","menu_order":0,"mime_type":"image\/jpeg","type":"image","subtype":"jpeg","icon":"https:\/\/olimpijski.pl\/wp-includes\/images\/media\/default.png","width":503,"height":630,"sizes":{"thumbnail":"https:\/\/olimpijski.pl\/wp-content\/uploads\/2020\/06\/Andrzej-Zielin\u2560uski_Tokio64-150x150.jpg","thumbnail-width":150,"thumbnail-height":150,"medium":"https:\/\/olimpijski.pl\/wp-content\/uploads\/2020\/06\/Andrzej-Zielin\u2560uski_Tokio64-240x300.jpg","medium-width":240,"medium-height":300,"medium_large":"https:\/\/olimpijski.pl\/wp-content\/uploads\/2020\/06\/Andrzej-Zielin\u2560uski_Tokio64.jpg","medium_large-width":503,"medium_large-height":630,"large":"https:\/\/olimpijski.pl\/wp-content\/uploads\/2020\/06\/Andrzej-Zielin\u2560uski_Tokio64.jpg","large-width":503,"large-height":630,"1536x1536":"https:\/\/olimpijski.pl\/wp-content\/uploads\/2020\/06\/Andrzej-Zielin\u2560uski_Tokio64.jpg","1536x1536-width":503,"1536x1536-height":630,"2048x2048":"https:\/\/olimpijski.pl\/wp-content\/uploads\/2020\/06\/Andrzej-Zielin\u2560uski_Tokio64.jpg","2048x2048-width":503,"2048x2048-height":630,"ultp_layout_landscape_large":"https:\/\/olimpijski.pl\/wp-content\/uploads\/2020\/06\/Andrzej-Zielin\u2560uski_Tokio64.jpg","ultp_layout_landscape_large-width":503,"ultp_layout_landscape_large-height":630,"ultp_layout_landscape":"https:\/\/olimpijski.pl\/wp-content\/uploads\/2020\/06\/Andrzej-Zielin\u2560uski_Tokio64-503x570.jpg","ultp_layout_landscape-width":503,"ultp_layout_landscape-height":570,"ultp_layout_portrait":"https:\/\/olimpijski.pl\/wp-content\/uploads\/2020\/06\/Andrzej-Zielin\u2560uski_Tokio64.jpg","ultp_layout_portrait-width":503,"ultp_layout_portrait-height":630,"ultp_layout_square":"https:\/\/olimpijski.pl\/wp-content\/uploads\/2020\/06\/Andrzej-Zielin\u2560uski_Tokio64-503x600.jpg","ultp_layout_square-width":503,"ultp_layout_square-height":600}},"firstname":"Janusz","lastname":"R\u00f3\u017cycki","birthdate_date":"10\/05\/1939","birthdate":"10 maja 1939","deathdate_date":"","deathdate":"","placeofbirth":"Warszawa","club":"Legia Warszawa","coach":"Zygmunt Fokt","metrics":"175 cm \/ 74 kg","seolink":"rozycki-janusz","tmp_old_id":"12969","tmp_old_fid":"294","tmp_old_parent_id":"15544","createdate":"24\/01\/2014","tmp_old_title":"R\u00f3\u017cycki  Janusz","tmp_old_lead":"","tmp_old_body":"<p class=\"title-m-02\">R\u00d3\u017bYCKI  JANUSZ<\/p><table  border=\"0\" align=\"LEFT\" cellpadding=\"0\" cellspacing=\"0\"> <tr> <td class=\"photo-td-01\"><table  border=\"0\" cellspacing=\"0\" cellpadding=\"0\"> <tr>  <td><img src=\"files\/old\/i\/olimpijczycy\/Rozycki_Janusz_m.jpg\" alt=\"R\u00d3\u017bYCKI JANUSZ\" border=\"0\" width=\"50\" height=\"50\"><\/td> <\/tr> <\/table><\/td><\/tr><\/table><p><strong>ps. \"Jancyk\", artysta plastyk, warszawski florecista-wychowanek Zygmunta Fokta, olimpijczyk z Rzymu (1960) i srebrny medalista z Tokio (1964).<br\/><\/strong><br\/>Urodzony 10 maja 1939 w Warszawie, syn Jerzego (znany matematyk, jeden z tw\u00f3rc\u00f3w Enigmy - maszyny szyfruj\u0105cej, zgin\u0105\u0142 na Morzu Czerwonym w 1942) i Marii (projektantka mody w Instytucie Wzornictwa Przemys\u0142owego), absolwent miejscowego Liceum Sztuk Plastycznych przy ul. My\u015bliwieckiej i warszawskiej Akademii Sztuk Pi\u0119knych, florecista (175 cm, 74 kg) sto\u0142ecznej Legii - wychowanek Zygmunta Fokta. Szermierka mia\u0142a by\u0107 dla \"Jancyka\" (tak go wtedy do\u015b\u0107 powszechnie nazywano) pr\u00f3b\u0105 na utemperowanie \"trudnego charakteru\" i \"artystycznej duszy\", sta\u0142a si\u0119 tymczasem wielk\u0105 pasj\u0105, a sala treningowa na \u0141azienkowskiej - drugim domem. Lewor\u0119ki florecista sto\u0142ecznej Legii sta\u0142 si\u0119 w stosunkowo kr\u00f3tkim czasie nie tylko podpor\u0105 wojskowej dru\u017cyny, ale tak\u017ce, w dru\u017cynie narodowej \"bezpo\u015brednim zapleczem\" najznakomitszych florecist\u00f3w \u015bwiata, kt\u00f3rzy si\u0119 w niej znajdowali (Franke, Parulski, Woyda, Skrudlik). Dobry technik niekonwencjonalnie rozwi\u0105zywa\u0142 walki pod wzgl\u0119dem taktycznym z du\u017c\u0105 doz\u0105 sprytu i chytro\u015bci. Podczas mistrzostw Polski zdoby\u0142 medale wszystkich kolor\u00f3w: z\u0142oty (1960), srebrny (1959) i br\u0105zowy (1967) w konkurencji indywidualnej floretu. Du\u017co wi\u0119cej medali zdoby\u0142 z dru\u017cyn\u0105 Legii b\u0119d\u0105c 7-krotnym z\u0142otym medalist\u0105: we florecie (1957, 1959, 1965, 1969) i szabli (1957, 1958, 1961), 4-krotnym wicemistrzem Polski we florecie (1958, 1961, 1962, 1966) i 4-krotnym br\u0105zowym medalist\u0105 MP, tak\u017ce we florecie (1960, 1963, 1964, 1967). Na arenie mi\u0119dzynarodowej by\u0142 w dru\u017cynie floretowej: wicemistrz \u015bwiata w Gda\u0144sku (1963) i br\u0105zowym medalist\u0105 M\u015a w Turynie (1961) i Buenos Aires (1962). Dwukrotny mistrz Uniwersiady w Porto Alegre (1963) w dru\u017cynowym turnieju floretu i szpady. Zas\u0142u\u017cony Mistrz Sportu, odznaczony m. in. Z\u0142otym Krzy\u017cem Zas\u0142ugi. Artysta plastyk. Malarz. Na Festiwalu Sztuki organizowanym przez MKOl otrzyma\u0142 w\u00a0 Barcelonie (1995) nagrod\u0119 za Pejza\u017c, a w 1996 - pierwsz\u0105 nagrod\u0119 za obraz kubistyczny Sze\u015bcian. Wraz z \u017con\u0105 (Ma\u0142gorzata) i synem (Jan) mieszka w Londynie.<br\/><br\/>Bibl.: G\u0142uszek, Leksykon 1999, s. 312; Pawlak, Olimpijczycy, s. 218; Kronika sportu, s. 1001; Du\u0144ski, Od Pary\u017ca, s. 743-744; Lis, Rekordy w plecaku, s. 20-29; Borz\u0119cki, Bia\u0142\u0105 broni\u0105, s. 7, 12, 114 i dalsze; \u0141uczak, Szermierka w Polsce, s. 88, 192, 225 i dalsze.<br\/><br\/><strong>*1960 Rzym: floret ind.<\/strong> - 1 m. w pierwszej grupie elim. (6 zaw.) z 4 zw., 4 m. w drugiej grupie elim. (6 zaw.) z 2 zw., 2 m. w grupie \u0107wier\u0107fin. (6 zaw.) z 3 zw., 5 m. w grupie p\u00f3\u0142fin. (6 zaw.) z 2 zw. oraz po przegranej walce bara\u017cowej z Brytyjczykiem B. Hoskynsem 1:5, odp. z konk.; <strong>floret dru\u017c.<\/strong> - w grupie elim. (3 dru\u017c.) po zwyci\u0119stwie nad Marokiem 16:0 (R\u00f3\u017cycki - 4 zw.) i pora\u017cce z USA 4:9 (1 zw.) Polacy zaj\u0119li 2 m. W pojedynku o wej\u015bcie do \u0107wier\u0107fin. zwyci\u0119\u017cyli ZRA 9:3 (3 zw.), a w \u0107wier\u0107fin. przegrali z ZSRR 6:9 (1 zw.), zajmuj\u0105c 5-8 m. w turnieju (zw. ZSRR). Partnerami w dru\u017cynie byli: E. Franke, R. Parulski i W. Woyda.<br\/><strong>*1964 Tokio: floret dru\u017c.<\/strong> - w grupie elim. (4 dru\u017c.) Polacy pokonali W. Brytani\u0119 9:5 (3 zw.) i Australi\u0119 13:3 (3 zw.), w \u0107wier\u0107fin. zwyci\u0119\u017cyli Rumuni\u0119 9:2 (nie walczy\u0142), w p\u00f3\u0142fin. wygrali z Japoni\u0105 9:4 (2 zw.), a w finale przegrali z ZSRR 7:9 (nie walczy\u0142), <strong>zdobywaj\u0105c srebrny medal<\/strong>. Partnerami w dru\u017cynie byli: E. Franke, R. Parulski, Z. Skrudlik i W. Woyda.<br\/><\/p><!-- history --><table width=\"85%\" style=\"text-align:right\" border=\"0\" cellspacing=\"0\" cellpadding=\"0\">  <tr>    <td align=\"right\" class=\"box3-title\"><a href=\"javascript:history.back()\">\u00ab powr\u00f3t do listy<\/a><\/td>  <\/tr><\/table>","tmp_old_body_img":false,"tmp_old_lead_img":false,"picture_medalists":false,"important":"","person_achivments":"","group_knuie68fa087fd5h76":false},"_links":{"self":[{"href":"https:\/\/olimpijski.pl\/en\/wp-json\/wp\/v2\/person\/14912"}],"collection":[{"href":"https:\/\/olimpijski.pl\/en\/wp-json\/wp\/v2\/person"}],"about":[{"href":"https:\/\/olimpijski.pl\/en\/wp-json\/wp\/v2\/types\/person"}],"version-history":[{"count":2,"href":"https:\/\/olimpijski.pl\/en\/wp-json\/wp\/v2\/person\/14912\/revisions"}],"predecessor-version":[{"id":68095,"href":"https:\/\/olimpijski.pl\/en\/wp-json\/wp\/v2\/person\/14912\/revisions\/68095"}],"wp:attachment":[{"href":"https:\/\/olimpijski.pl\/en\/wp-json\/wp\/v2\/media?parent=14912"}],"curies":[{"name":"wp","href":"https:\/\/api.w.org\/{rel}","templated":true}]}}