{"id":14920,"date":"2020-06-24T16:50:48","date_gmt":"2020-06-24T14:50:48","guid":{"rendered":"http:\/\/pkol.local\/person\/wojciech-rutkowski\/"},"modified":"2020-09-21T01:44:41","modified_gmt":"2020-09-20T23:44:41","slug":"wojciech-rutkowski","status":"publish","type":"person","link":"https:\/\/olimpijski.pl\/en\/olimpijczycy\/wojciech-rutkowski\/","title":{"rendered":"Wojciech Rutkowski"},"content":{"rendered":"<p class=\"title-m-02\">RUTKOWSKI WOJCIECH (1935-1994)<\/p>\n<table border=\"0\" cellspacing=\"0\" cellpadding=\"0\" align=\"LEFT\">\n<tbody>\n<tr>\n<td class=\"photo-td-01\">\n<table border=\"0\" cellspacing=\"0\" cellpadding=\"0\">\n<tbody>\n<tr>\n<td><img loading=\"lazy\" decoding=\"async\" src=\"\/files\/old\/i\/olimpijczycy\/Rutkowski_Wojciech_m.jpg\" alt=\"RUTKOWSKI WOJCIECH \" width=\"50\" height=\"50\" border=\"0\" \/><\/td>\n<\/tr>\n<\/tbody>\n<\/table>\n<\/td>\n<\/tr>\n<\/tbody>\n<\/table>\n<p><strong>ps. &#8220;D\u0142ugi&#8221;, kre\u015blarz, trener, siatkarz &#8211; jeden z najlepszych na \u015bwiecie w drugiej po\u0142owie lat pi\u0119\u0107dziesi\u0105tych, wieloletni kapitan reprezentacji Polski, olimpijczyk z Meksyku (1968).<\/p>\n<p><\/strong>Urodzony 19 listopada 1935 w Warszawie, absolwent technikum (kre\u015blarz), siatkarz (190 cm, 83 kg) sto\u0142ecznej Legii podczas ca\u0142ej kariery sportowej (1951-1972). Zaczyna\u0142\u00a0 jako 16-latek w dru\u017cynie junior\u00f3w (trener Marek Skierzy\u0144ski). Atakowa\u0142, przyjmowa\u0142 zagrywk\u0119 i by\u0142 tzw. &#8220;szeryfem&#8221;, zawodnikiem prowadz\u0105cym gr\u0119. Maciej \u0141uczak (p\u00f3\u017aniejszy szkoleniowiec, kt\u00f3ry doprowadzi\u0142 Legi\u0119 do tytu\u0142u mistrza Polski) wspomina, \u017ce imponowa\u0142a mu wszechstronno\u015b\u0107 m\u0142odego Rutkowskiego, \u0142atwo\u015b\u0107 z jak\u0105 wykonywa\u0142 wszystkie elementy gry, tak w obronie, ataku jak i organizowaniu gry. Szybko trafi\u0142 do reprezentacji (1955) i ci\u0105gle doskonal\u0105c swoje umiej\u0119tno\u015bci zosta\u0142 jej wieloletnim kapitanem i &#8230; podpor\u0105, a na prze\u0142omie lat pi\u0119\u0107dziesi\u0105tych i sze\u015b\u0107dziesi\u0105tych uznano go za jednego z najlepszych siatkarzy Europy (nikt poza Europ\u0105 nie liczy\u0142 si\u0119 w\u00f3wczas na \u015bwiecie). Gdyby urodzi\u0142 si\u0119 nieco p\u00f3\u017aniej, na pewno poszed\u0142by w \u015blady Skorka (du\u017ce podobie\u0144stwo stylu gry) i zdoby\u0142 najwy\u017csze \u015bwiatowe zaszczyty. I tak osi\u0105gn\u0105\u0142 wiele. 5-krotny mistrz (1962, 1964, 1967, 1969, 1970) i 8-krotny wicemistrz Polski (1956-1959, 1963, 1965, 1966, 1971) oraz 5-krotny br\u0105zowy medalista MP (1955, 1960, 1961, 1968, 1973), a tak\u017ce zdobywca Pucharu Polski (1961). 290-krotny reprezentant Polski 1955-1968 (sz\u00f3ste miejsce w\u015br\u00f3d najlepszych za Gaw\u0142owskim, Boskiem, K\u0142osem, W\u00f3jtowiczem i Drzyzg\u0105) by\u0142 m. in. br\u0105zowym medalist\u0105 ME w Stambule (1967), finalist\u0105 ME z\u00a0 Bukaresztu 1955 (6 m.), Pragi 1958 (6 m.), Bukaresztu 1963 (6 m.). A tak\u017ce: 4-krotnym uczestnikiem M\u015a 1956 Pary\u017c (4 m.), 1960 Rio de Janeiro (4 m.), 1962 Moskwa (6 m.), 1966 Praga (6 m.) i 2-krotnym Pucharu \u015awiata &#8211; 1959 Pary\u017c (5 m.) i 1965 \u0141\u00f3d\u017a (2 m.). Po zako\u0144czeniu kariery sportowej przez wiele lat by\u0142 trenerem m\u0142odych siatkarzy Legii (praca szkoleniowa z zespo\u0142em ligowym nie przynios\u0142a spodziewanych wynik\u00f3w). Pod koniec \u017cycia straci\u0142 zaufanie do dawnych nami\u0119tno\u015bci. M\u00f3wi\u0142, \u017ce &#8220;to ju\u017c nie jest JEGO sport. Spontaniczny, uczciwy, bezinteresowny&#8221; (by\u0142a to refleksja po rozmowach z juniorami, kt\u00f3re zaczyna\u0142y si\u0119 od pytania: a co ja za to dostan\u0119?). Zas\u0142u\u017cony Mistrz Sportu. \u017bonaty. Zmar\u0142 w Warszawie 29 maja 1994.<\/p>\n<p>Bibl.: G\u0142uszek, Leksykon 1999, s. 313; Pawlak, Olimpijczycy, s. 220; MES, t. 2, s. 362; Mecner, 80 lat siatk\u00f3wki, s. 109 i dalsze; Iskier przewodnik, s. 609-610; O\u0142dakowski M. , Gdybym by\u0142 m\u0142odszy, &#8220;PS&#8221; 1991, nr 23, s. 3.<\/p>\n<p><strong>*1968 Meksyk: cz\u0142onek dru\u017cyny siatk\u00f3wki<\/strong>, kt\u00f3ra po zwyci\u0119stwach nad Meksykiem 3:1, Belgi\u0105 3:0, USA 3:0, Brazyli\u0105 3:0, Bu\u0142gari\u0105 3:0 i CSRS 3:1 oraz pora\u017ckami z Japoni\u0105 0:3, ZSRR 0:3 i NRD 0:3 zaj\u0119\u0142a w turnieju 5 m. (zw. ZSRR). Sk\u0142ad dru\u017cyny zob. &#8211; Ambroziak Zdzis\u0142aw.<\/p>\n<p><!-- history --><\/p>\n<table style=\"text-align: right;\" border=\"0\" width=\"85%\" cellspacing=\"0\" cellpadding=\"0\">\n<tbody>\n<tr>\n<td class=\"box3-title\" align=\"right\"><a>\u00ab powr\u00f3t do listy<\/a><\/td>\n<\/tr>\n<\/tbody>\n<\/table>\n","protected":false},"excerpt":{"rendered":"<p>RUTKOWSKI WOJCIECH (1935-1994) ps. &#8220;D\u0142ugi&#8221;, kre\u015blarz, trener, siatkarz &#8211; jeden z najlepszych na \u015bwiecie w drugiej po\u0142owie lat pi\u0119\u0107dziesi\u0105tych, wieloletni kapitan reprezentacji<\/p>\n","protected":false},"featured_media":21423,"menu_order":60,"template":"","meta":{"_acf_changed":false,"ub_ctt_via":"","footnotes":""},"class_list":["post-14920","person","type-person","status-publish","has-post-thumbnail","hentry","infinite-scroll-item","no-featured-image-padding","resize-featured-image"],"acf":{"olimpic_information":[{"olimpic":[{"ID":302,"post_author":"1","post_date":"1968-06-17 13:34:45","post_date_gmt":"1968-06-17 12:34:45","post_content":"<!-- wp:heading {\"level\":1,\"className\":\"main-title\"} -->\n<h1 class=\"main-title\"><strong>Igrzyska XIX Olimpiady<\/strong><br>Meksyk 1968<\/h1>\n<!-- \/wp:heading -->\n\n<!-- wp:paragraph -->\n<p><br><\/p>\n<!-- \/wp:paragraph -->\n\n<!-- wp:image {\"align\":\"left\",\"id\":19330,\"sizeSlug\":\"large\",\"className\":\"is-style-default\"} -->\n<div class=\"wp-block-image is-style-default\"><figure class=\"alignleft size-large\"><img src=\"https:\/\/olimpijski.pl\/wp-content\/uploads\/1968\/06\/meksyk1968.png\" alt=\"\" class=\"wp-image-19330\"\/><\/figure><\/div>\n<!-- \/wp:image -->\n\n<!-- wp:list -->\n<ul><li>Igrzyska rozegrano w dniach <strong>12-27 pa\u017adziernika<\/strong>.<\/li><li>Wystartowa\u0142o <strong>5516<\/strong> zawodnik\u00f3w (w tym <strong>781<\/strong> kobiet) ze <strong>112<\/strong>.<\/li><li>Rozdano <strong>172<\/strong> komplety medali.<\/li><li>Przysi\u0119g\u0119 olimpijsk\u0105 w imieniu sportowc\u00f3w z\u0142o\u017cy\u0142 lekkoatleta <strong>Pablo Garrido<\/strong>.<\/li><li>Znicz zapali\u0142a sprinterka i uczestniczka igrzysk <strong>Norma Enriqueta Basilio de Sotelo<\/strong> staj\u0105c si\u0119 pierwsz\u0105 w historii igrzysk kobiet\u0105, kt\u00f3ra zapali\u0142a znicz olimpijski.<\/li><li>Igrzyska otworzy\u0142 <strong>prezydent Meksyku Gustavo Diaz Ordaz<\/strong>.<\/li><\/ul>\n<!-- \/wp:list -->\n\n<!-- wp:heading -->\n<h2><strong>Program Igrzysk \u2013 20 dyscyplin, 172 konkurencje<\/strong><\/h2>\n<!-- \/wp:heading -->\n\n<!-- wp:paragraph -->\n<p>boks (11 konkurencji), gimnastyka (14), hokej na trawie (1), je\u017adziectwo (6), kajakarstwo (7), kolarstwo (7), koszyk\u00f3wka (1), lekkoatletyka (36), pi\u0119ciob\u00f3j nowoczesny (2), pi\u0142ka no\u017cna (1), pi\u0142ka siatkowa (2), pi\u0142ka wodna (1), p\u0142ywanie (29), podnoszenie ci\u0119\u017car\u00f3w (7), skoki do wody (4), strzelectwo (7), szermierka (8), wio\u015blarstwo (7), zapasy (16), \u017ceglarstwo (5).<\/p>\n<!-- \/wp:paragraph -->\n\n<!-- wp:heading -->\n<h2><strong>Gwiazdy Igrzysk<\/strong><\/h2>\n<!-- \/wp:heading -->\n\n<!-- wp:paragraph -->\n<p><strong>Vera Caslavska<\/strong> (Czechos\u0142owacja, gimnastyka) \u2013 4 z\u0142ote medale, 2 srebrne<br><strong>Al Oerter <\/strong>(USA, lekkoatletyka) \u2013 czwarty z rz\u0119du z\u0142oty medal w rzucie dyskiem.<\/p>\n<!-- \/wp:paragraph -->\n\n<!-- wp:heading -->\n<h2><strong>Polska Reprezentacja Olimpijska<\/strong><\/h2>\n<!-- \/wp:heading -->\n\n<!-- wp:paragraph -->\n<p><strong>186 os\u00f3b <\/strong>(startowa\u0142o 177 \u2013 37 kobiet i 140 m\u0119\u017cczyzn) w 15 sportach: 11 bokser\u00f3w, 14 gimnastyk\u00f3w (w tym 7 kobiet; 12 startowa\u0142o + 2 rez.), 4 je\u017ad\u017ac\u00f3w, 8 kajakarzy (w tym 3 kobiety), 12 kolarzy (10 startowa\u0142o + 2 rez.), 33 lekkoatlet\u00f3w (w tym 8 kobiet; 31 startowa\u0142o + 2 rez.), 12 koszykarzy, 24 siatkarzy (w tym 12 kobiet), 9 p\u0142ywak\u00f3w (w tym 2 kobiety), 8 ci\u0119\u017carowc\u00f3w (7 startowa\u0142o + 1 rez.), 12 strzelc\u00f3w (w tym 1 kobieta; 11 startowa\u0142o +1 rez.), 20 szermierzy (w tym 5 kobiet), 3 wio\u015blarzy, 12 zapa\u015bnik\u00f3w, 4 \u017ceglarzy (3 startowa\u0142o + 1 rez.).<\/p>\n<!-- \/wp:paragraph -->\n\n<!-- wp:paragraph -->\n<p>Chor\u0105\u017cym reprezentacji Polski by\u0142 ci\u0119\u017carowiec <strong>Waldemar Baszanowski<\/strong>.<\/p>\n<!-- \/wp:paragraph -->\n\n<!-- wp:heading -->\n<h2><strong>Klasyfikacja medalowa<\/strong><\/h2>\n<!-- \/wp:heading -->\n\n<!-- wp:table {\"hasFixedLayout\":true,\"className\":\"is-style-stripes\"} -->\n<figure class=\"wp-block-table is-style-stripes\"><table class=\"has-fixed-layout\"><tbody><tr><td><\/td><td><\/td><td class=\"has-text-align-center\" data-align=\"center\">&nbsp;<\/td><td class=\"has-text-align-center\" data-align=\"center\">&nbsp;<\/td><td class=\"has-text-align-center\" data-align=\"center\">&nbsp;<\/td><td class=\"has-text-align-center\" data-align=\"center\">&nbsp;<\/td><\/tr><tr><td>&nbsp;<\/td><td>&nbsp;<\/td><td class=\"has-text-align-center\" data-align=\"center\">&nbsp;<\/td><td class=\"has-text-align-center\" data-align=\"center\"><img class=\"wp-image-27817\" style=\"width: 50px;\" src=\"https:\/\/olimpijski.pl\/wp-content\/uploads\/2016\/06\/2016_Rio_zloty_50x50.jpg\" alt=\"\"><\/td><td class=\"has-text-align-center\" data-align=\"center\"><img class=\"wp-image-27819\" style=\"width: 50px;\" src=\"https:\/\/olimpijski.pl\/wp-content\/uploads\/2016\/06\/2016_Rio_sreb_50x50.jpg\" alt=\"\"><\/td><td class=\"has-text-align-center\" data-align=\"center\"><img class=\"wp-image-27821\" style=\"width: 50px;\" src=\"https:\/\/olimpijski.pl\/wp-content\/uploads\/2016\/06\/2016_Rio_braz_50x50.jpg\" alt=\"\"><\/td><\/tr><tr><td>1.<\/td><td>USA<\/td><td class=\"has-text-align-center\" data-align=\"center\">107<\/td><td class=\"has-text-align-center\" data-align=\"center\">45<\/td><td class=\"has-text-align-center\" data-align=\"center\">28<\/td><td class=\"has-text-align-center\" data-align=\"center\">34<\/td><\/tr><tr><td>2.<\/td><td>ZSRR<\/td><td class=\"has-text-align-center\" data-align=\"center\">91<\/td><td class=\"has-text-align-center\" data-align=\"center\">29<\/td><td class=\"has-text-align-center\" data-align=\"center\">32<\/td><td class=\"has-text-align-center\" data-align=\"center\">30<\/td><\/tr><tr><td>3.<\/td><td>Japonia<\/td><td class=\"has-text-align-center\" data-align=\"center\">25<\/td><td class=\"has-text-align-center\" data-align=\"center\">11<\/td><td class=\"has-text-align-center\" data-align=\"center\">7<\/td><td class=\"has-text-align-center\" data-align=\"center\">7<\/td><\/tr><tr><td>...<\/td><td>&nbsp;<\/td><td class=\"has-text-align-center\" data-align=\"center\">&nbsp;<\/td><td class=\"has-text-align-center\" data-align=\"center\">&nbsp;<\/td><td class=\"has-text-align-center\" data-align=\"center\">&nbsp;<\/td><td class=\"has-text-align-center\" data-align=\"center\">&nbsp;<\/td><\/tr><tr><td><strong>11.<\/strong><\/td><td><strong>Polska<\/strong><\/td><td class=\"has-text-align-center\" data-align=\"center\"><strong>18<\/strong><\/td><td class=\"has-text-align-center\" data-align=\"center\"><strong>5<\/strong><\/td><td class=\"has-text-align-center\" data-align=\"center\"><strong>2<\/strong><\/td><td class=\"has-text-align-center\" data-align=\"center\"><strong>11<\/strong><\/td><\/tr><\/tbody><\/table><\/figure>\n<!-- \/wp:table -->\n\n<!-- wp:heading -->\n<h2><strong>Medale dla Polski (18)<\/strong><\/h2>\n<!-- \/wp:heading -->\n\n<!-- wp:ub\/content-toggle-block {\"blockID\":\"1a05adaf-4f93-4171-a580-1c718ee6b70e\",\"theme\":\"#f1f1f1\",\"collapsed\":true,\"titleColor\":\"#000000\"} -->\n<!-- wp:ub\/content-toggle-panel-block {\"parentID\":\"1a05adaf-4f93-4171-a580-1c718ee6b70e\",\"theme\":\"#f1f1f1\",\"collapsed\":true,\"titleColor\":\"#000000\",\"panelTitle\":\"Z\u0142ote\"} -->\n<!-- wp:paragraph -->\n<p><\/p>\n<!-- \/wp:paragraph -->\n\n<!-- wp:media-text {\"align\":\"\",\"mediaId\":30262,\"mediaLink\":\"https:\/\/olimpijski.pl\/igrzyska_letnie\/meksyk-1968\/1968_meksyk_zloty_200\/#main\",\"mediaType\":\"image\",\"mediaWidth\":20} -->\n<div class=\"wp-block-media-text is-stacked-on-mobile\" style=\"grid-template-columns:20% auto\"><figure class=\"wp-block-media-text__media\"><img src=\"https:\/\/olimpijski.pl\/wp-content\/uploads\/1968\/06\/1968_Meksyk_zloty_200.jpg\" alt=\"\" class=\"wp-image-30262\"\/><\/figure><div class=\"wp-block-media-text__content\"><!-- wp:paragraph -->\n<p><strong>Jerzy Kulej<\/strong><br>(boks, waga lekko\u015brednia)<\/p>\n<!-- \/wp:paragraph -->\n\n<!-- wp:paragraph -->\n<p><strong>Irena Szewi\u0144ska<\/strong><br>(lekkoatletyka, 200 m)<\/p>\n<!-- \/wp:paragraph -->\n\n<!-- wp:paragraph -->\n<p><strong>Waldemar Baszanowski<\/strong><br>(podnoszenie ci\u0119\u017car\u00f3w, 87,5 kg)<\/p>\n<!-- \/wp:paragraph -->\n\n<!-- wp:paragraph -->\n<p><strong>J\u00f3zef Zap\u0119dzki<\/strong><br>(strzelectwo, pistolet sylwetkowy)<\/p>\n<!-- \/wp:paragraph -->\n\n<!-- wp:paragraph -->\n<p><strong>Jerzy Paw\u0142owski<\/strong><br>(szermierka, szabla)<\/p>\n<!-- \/wp:paragraph --><\/div><\/div>\n<!-- \/wp:media-text -->\n<!-- \/wp:ub\/content-toggle-panel-block -->\n<!-- \/wp:ub\/content-toggle-block -->\n\n<!-- wp:ub\/content-toggle-block {\"blockID\":\"56a99d1e-5d16-4b96-9117-2cd71c78df48\",\"theme\":\"#f1f1f1\",\"collapsed\":true,\"titleColor\":\"#000000\"} -->\n<!-- wp:ub\/content-toggle-panel-block {\"parentID\":\"56a99d1e-5d16-4b96-9117-2cd71c78df48\",\"theme\":\"#f1f1f1\",\"collapsed\":true,\"titleColor\":\"#000000\",\"panelTitle\":\"Srebrne\"} -->\n<!-- wp:paragraph -->\n<p><\/p>\n<!-- \/wp:paragraph -->\n\n<!-- wp:media-text {\"align\":\"\",\"mediaId\":30264,\"mediaLink\":\"https:\/\/olimpijski.pl\/igrzyska_letnie\/meksyk-1968\/1968_meksyk_sreb_200\/#main\",\"mediaType\":\"image\",\"mediaWidth\":20} -->\n<div class=\"wp-block-media-text is-stacked-on-mobile\" style=\"grid-template-columns:20% auto\"><figure class=\"wp-block-media-text__media\"><img src=\"https:\/\/olimpijski.pl\/wp-content\/uploads\/1968\/06\/1968_Meksyk_sreb_200.jpg\" alt=\"\" class=\"wp-image-30264\"\/><\/figure><div class=\"wp-block-media-text__content\"><!-- wp:paragraph -->\n<p><strong>Artur Olech<\/strong><br>(boks, waga musza)<\/p>\n<!-- \/wp:paragraph -->\n\n<!-- wp:paragraph -->\n<p><strong>J\u00f3zef Grudzie\u0144<\/strong><br>(boks, waga lekka)<\/p>\n<!-- \/wp:paragraph --><\/div><\/div>\n<!-- \/wp:media-text -->\n<!-- \/wp:ub\/content-toggle-panel-block -->\n<!-- \/wp:ub\/content-toggle-block -->\n\n<!-- wp:ub\/content-toggle-block {\"blockID\":\"1f2d265b-a948-4d4c-88f0-7a2510db5f48\",\"theme\":\"#f1f1f1\",\"collapsed\":true,\"titleColor\":\"#000000\"} -->\n<!-- wp:ub\/content-toggle-panel-block {\"parentID\":\"1f2d265b-a948-4d4c-88f0-7a2510db5f48\",\"theme\":\"#f1f1f1\",\"collapsed\":true,\"titleColor\":\"#000000\",\"panelTitle\":\"Br\u0105zowe\"} -->\n<!-- wp:paragraph -->\n<p><\/p>\n<!-- \/wp:paragraph -->\n\n<!-- wp:media-text {\"align\":\"\",\"mediaId\":30266,\"mediaLink\":\"https:\/\/olimpijski.pl\/igrzyska_letnie\/meksyk-1968\/1968_meksyk_braz_200\/#main\",\"mediaType\":\"image\",\"mediaWidth\":21} -->\n<div class=\"wp-block-media-text is-stacked-on-mobile\" style=\"grid-template-columns:21% auto\"><figure class=\"wp-block-media-text__media\"><img src=\"https:\/\/olimpijski.pl\/wp-content\/uploads\/1968\/06\/1968_Meksyk_braz_200.jpg\" alt=\"\" class=\"wp-image-30266\"\/><\/figure><div class=\"wp-block-media-text__content\"><!-- wp:paragraph -->\n<p><strong>Irena Kirszenstein<\/strong><br>(lekkoatletyka, 100 m)<\/p>\n<!-- \/wp:paragraph -->\n\n<!-- wp:paragraph -->\n<p><strong>Egon Franke, Adam Lisewski, Ryszard Parulski, Zbigniew Skrudlik, Witold Wojda<\/strong><br>(szermierka, floret dru\u017cynowo)<\/p>\n<!-- \/wp:paragraph -->\n\n<!-- wp:paragraph -->\n<p><strong>Bohdan Andrzejewski, Kazimierz Barburski, Micha\u0142 Butkiewicz, Bohdan Gonsior, Henryk Nielaba<\/strong><br>(szermierka, szpada dru\u017cynowo)<\/p>\n<!-- \/wp:paragraph -->\n\n<!-- wp:paragraph -->\n<p><strong>Halina Aszkie\u0142owicz, Krystyna Czajkowska, Krystyna Jakubowska, Krystyna Krupa, J\u00f3zefa Ledwig, Jadwiga Marko-Ksi\u0105\u017cek, Barbara Niemczyk, Krystyna Ostrom\u0119cka, El\u017cbieta Porzec, Zofia Szcz\u0119\u015bniewska, Wanda Wiecha, Lidia \u017bmuda<\/strong><br>(siatk\u00f3wka)<\/p>\n<!-- \/wp:paragraph -->\n\n<!-- wp:paragraph -->\n<p><strong>Hubert Skrzypczak<\/strong><br>(boks, waga papierowa)<\/p>\n<!-- \/wp:paragraph -->\n\n<!-- wp:paragraph -->\n<p><strong>Stanis\u0142aw Dragan<\/strong><br>(boks, waga p\u00f3\u0142ci\u0119\u017cka)<\/p>\n<!-- \/wp:paragraph -->\n\n<!-- wp:paragraph -->\n<p><strong>Janusz Kierzkowski<\/strong><br>(kolarstwo torowe, 1000 m)<\/p>\n<!-- \/wp:paragraph -->\n\n<!-- wp:paragraph -->\n<p><strong>Henryk Tr\u0119bicki<\/strong><br>(podnoszenie ci\u0119\u017car\u00f3w, 56 kg)<\/p>\n<!-- \/wp:paragraph -->\n\n<!-- wp:paragraph -->\n<p><strong>Marian Zieli\u0144ski<\/strong><br>(podnoszenie ci\u0119\u017car\u00f3w, 67,5 kg)<\/p>\n<!-- \/wp:paragraph -->\n\n<!-- wp:paragraph -->\n<p><strong>Marek Go\u0142\u0105b<\/strong><br>(podnoszenie ci\u0119\u017car\u00f3w, 90 kg)<\/p>\n<!-- \/wp:paragraph -->\n\n<!-- wp:paragraph -->\n<p><strong>Norbert Ozimek<\/strong><br>(podnoszenie ci\u0119\u017car\u00f3w, 82,5 kg)<\/p>\n<!-- \/wp:paragraph --><\/div><\/div>\n<!-- \/wp:media-text -->\n<!-- \/wp:ub\/content-toggle-panel-block -->\n<!-- \/wp:ub\/content-toggle-block -->\n\n<!-- wp:quote -->\n<blockquote class=\"wp-block-quote\"><p>Kolejne \u015bwietne igrzyska Polak\u00f3w. Sukces z Tokio powt\u00f3rzy\u0142 bokser Jerzy Kulej, tym razem triumfuj\u0105c w wadze lekko\u015bredniej oraz Waldemar Baszanowski, najlepszy w wadze 87,5 kg. Dwa medale (z\u0142oty i br\u0105zowy)\u00a0do kolekcji dorzuci\u0142a Irena Szewi\u0144ska. Pozosta\u0142e tytu\u0142y mistrz\u00f3w przypad\u0142y: strzelcowi J\u00f3zefowi Zap\u0119dzkiemu w pistolecie sylwetkowym i szabli\u015bcie Jerzemu Paw\u0142owskiemu.<\/p><\/blockquote>\n<!-- \/wp:quote -->\n\n<!-- wp:quote -->\n<blockquote class=\"wp-block-quote\"><p>W meksyka\u0144skich igrzyskach zadebiutowa\u0142y: Barbados, Belize (jako Honduras Brytyjski), Demokratyczna Republika Kongo (jako Kongo Kinszasa, Gwinea, Honduras, Kuwejt, Nikaragua, Paragwaj, Republika\u00a0 \u015arodkowo-Afryka\u0144ska, Salwador, Sierra Leone oraz Wyspy Dziewicze Stan\u00f3w Zjednoczonych. Stwierdzono jeden przypadek dopingu.<\/p><\/blockquote>\n<!-- \/wp:quote -->","post_title":"Meksyk 1968","post_excerpt":"","post_status":"publish","comment_status":"closed","ping_status":"closed","post_password":"","post_name":"meksyk-1968","to_ping":"","pinged":"","post_modified":"2020-10-02 16:32:52","post_modified_gmt":"2020-10-02 14:32:52","post_content_filtered":"","post_parent":0,"guid":"https:\/\/wai-q98d7hpf9hy9k.wpallimport-demo.qsandbox.me\/olympics_summer\/meksyk-1968\/","menu_order":0,"post_type":"olympics_summer","post_mime_type":"","comment_count":"0","filter":"raw"}],"competitions_rewards":[{"competition":[{"ID":5876,"post_author":"1","post_date":"2020-06-19 11:32:30","post_date_gmt":"2020-06-19 11:32:30","post_content":"","post_title":"Siatk\u00f3wka","post_excerpt":"","post_status":"publish","comment_status":"open","ping_status":"open","post_password":"","post_name":"siatkowka","to_ping":"","pinged":"","post_modified":"2020-06-29 13:17:09","post_modified_gmt":"2020-06-29 11:17:09","post_content_filtered":"","post_parent":0,"guid":"https:\/\/wai-q7byvryhhcz9k.wpallimport-demo.qsandbox.me\/competition\/siatkowka\/","menu_order":0,"post_type":"competition","post_mime_type":"","comment_count":"0","filter":"raw"}],"reward":""},{"competition":null,"reward":""}]}],"picture":{"ID":21423,"id":21423,"title":"bio_large_rutkowski-wojciech-m","filename":"bio_large_rutkowski-wojciech-m.jpg","filesize":1626,"url":"https:\/\/olimpijski.pl\/wp-content\/uploads\/2020\/06\/bio_large_rutkowski-wojciech-m.jpg","link":"https:\/\/olimpijski.pl\/en\/olimpijczycy\/wojciech-rutkowski\/bio_large_rutkowski-wojciech-m\/#main","alt":"","author":"1","description":"","caption":"","name":"bio_large_rutkowski-wojciech-m","status":"inherit","uploaded_to":14920,"date":"2020-08-07 08:35:23","modified":"2020-08-07 08:35:23","menu_order":0,"mime_type":"image\/jpeg","type":"image","subtype":"jpeg","icon":"https:\/\/olimpijski.pl\/wp-includes\/images\/media\/default.png","width":50,"height":50,"sizes":{"thumbnail":"https:\/\/olimpijski.pl\/wp-content\/uploads\/2020\/06\/bio_large_rutkowski-wojciech-m.jpg","thumbnail-width":50,"thumbnail-height":50,"medium":"https:\/\/olimpijski.pl\/wp-content\/uploads\/2020\/06\/bio_large_rutkowski-wojciech-m.jpg","medium-width":50,"medium-height":50,"medium_large":"https:\/\/olimpijski.pl\/wp-content\/uploads\/2020\/06\/bio_large_rutkowski-wojciech-m.jpg","medium_large-width":50,"medium_large-height":50,"large":"https:\/\/olimpijski.pl\/wp-content\/uploads\/2020\/06\/bio_large_rutkowski-wojciech-m.jpg","large-width":50,"large-height":50,"1536x1536":"https:\/\/olimpijski.pl\/wp-content\/uploads\/2020\/06\/bio_large_rutkowski-wojciech-m.jpg","1536x1536-width":50,"1536x1536-height":50,"2048x2048":"https:\/\/olimpijski.pl\/wp-content\/uploads\/2020\/06\/bio_large_rutkowski-wojciech-m.jpg","2048x2048-width":50,"2048x2048-height":50,"ultp_layout_landscape_large":"https:\/\/olimpijski.pl\/wp-content\/uploads\/2020\/06\/bio_large_rutkowski-wojciech-m.jpg","ultp_layout_landscape_large-width":50,"ultp_layout_landscape_large-height":50,"ultp_layout_landscape":"https:\/\/olimpijski.pl\/wp-content\/uploads\/2020\/06\/bio_large_rutkowski-wojciech-m.jpg","ultp_layout_landscape-width":50,"ultp_layout_landscape-height":50,"ultp_layout_portrait":"https:\/\/olimpijski.pl\/wp-content\/uploads\/2020\/06\/bio_large_rutkowski-wojciech-m.jpg","ultp_layout_portrait-width":50,"ultp_layout_portrait-height":50,"ultp_layout_square":"https:\/\/olimpijski.pl\/wp-content\/uploads\/2020\/06\/bio_large_rutkowski-wojciech-m.jpg","ultp_layout_square-width":50,"ultp_layout_square-height":50}},"firstname":"Wojciech","lastname":"Rutkowski","birthdate_date":"19\/11\/1935","birthdate":"19 listopada 1935","deathdate_date":"","deathdate":"1994","placeofbirth":"","club":"","coach":"","metrics":"","seolink":"rutkowski-wojciech","tmp_old_id":"15032","tmp_old_fid":"294","tmp_old_parent_id":"15544","createdate":"06\/11\/2013","tmp_old_title":"Rutkowski  Wojciech (1935-1994)","tmp_old_lead":"","tmp_old_body":"<p class=\"title-m-02\">RUTKOWSKI  WOJCIECH (1935-1994)<\/p><table  border=\"0\" align=\"LEFT\" cellpadding=\"0\" cellspacing=\"0\"> <tr> <td class=\"photo-td-01\"><table  border=\"0\" cellspacing=\"0\" cellpadding=\"0\"> <tr>  <td><img src=\"files\/old\/i\/olimpijczycy\/Rutkowski_Wojciech_m.jpg\" alt=\"RUTKOWSKI WOJCIECH \" border=\"0\" width=\"50\" height=\"50\"><\/td> <\/tr> <\/table><\/td><\/tr><\/table><p><strong>ps. \"D\u0142ugi\", kre\u015blarz, trener, siatkarz - jeden z najlepszych na \u015bwiecie w drugiej po\u0142owie lat pi\u0119\u0107dziesi\u0105tych, wieloletni kapitan reprezentacji Polski, olimpijczyk z Meksyku (1968).<br\/><br\/><\/strong>Urodzony 19 listopada 1935 w Warszawie, absolwent technikum (kre\u015blarz), siatkarz (190 cm, 83 kg) sto\u0142ecznej Legii podczas ca\u0142ej kariery sportowej (1951-1972). Zaczyna\u0142\u00a0 jako 16-latek w dru\u017cynie junior\u00f3w (trener Marek Skierzy\u0144ski). Atakowa\u0142, przyjmowa\u0142 zagrywk\u0119 i by\u0142 tzw. \"szeryfem\", zawodnikiem prowadz\u0105cym gr\u0119. Maciej \u0141uczak (p\u00f3\u017aniejszy szkoleniowiec, kt\u00f3ry doprowadzi\u0142 Legi\u0119 do tytu\u0142u mistrza Polski) wspomina, \u017ce imponowa\u0142a mu wszechstronno\u015b\u0107 m\u0142odego Rutkowskiego, \u0142atwo\u015b\u0107 z jak\u0105 wykonywa\u0142 wszystkie elementy gry, tak w obronie, ataku jak i organizowaniu gry. Szybko trafi\u0142 do reprezentacji (1955) i ci\u0105gle doskonal\u0105c swoje umiej\u0119tno\u015bci zosta\u0142 jej wieloletnim kapitanem i ... podpor\u0105, a na prze\u0142omie lat pi\u0119\u0107dziesi\u0105tych i sze\u015b\u0107dziesi\u0105tych uznano go za jednego z najlepszych siatkarzy Europy (nikt poza Europ\u0105 nie liczy\u0142 si\u0119 w\u00f3wczas na \u015bwiecie). Gdyby urodzi\u0142 si\u0119 nieco p\u00f3\u017aniej, na pewno poszed\u0142by w \u015blady Skorka (du\u017ce podobie\u0144stwo stylu gry) i zdoby\u0142 najwy\u017csze \u015bwiatowe zaszczyty. I tak osi\u0105gn\u0105\u0142 wiele. 5-krotny mistrz (1962, 1964, 1967, 1969, 1970) i 8-krotny wicemistrz Polski (1956-1959, 1963, 1965, 1966, 1971) oraz 5-krotny br\u0105zowy medalista MP (1955, 1960, 1961, 1968, 1973), a tak\u017ce zdobywca Pucharu Polski (1961). 290-krotny reprezentant Polski 1955-1968 (sz\u00f3ste miejsce w\u015br\u00f3d najlepszych za Gaw\u0142owskim, Boskiem, K\u0142osem, W\u00f3jtowiczem i Drzyzg\u0105) by\u0142 m. in. br\u0105zowym medalist\u0105 ME w Stambule (1967), finalist\u0105 ME z\u00a0 Bukaresztu 1955 (6 m.), Pragi 1958 (6 m.), Bukaresztu 1963 (6 m.). A tak\u017ce: 4-krotnym uczestnikiem M\u015a 1956 Pary\u017c (4 m.), 1960 Rio de Janeiro (4 m.), 1962 Moskwa (6 m.), 1966 Praga (6 m.) i 2-krotnym Pucharu \u015awiata - 1959 Pary\u017c (5 m.) i 1965 \u0141\u00f3d\u017a (2 m.). Po zako\u0144czeniu kariery sportowej przez wiele lat by\u0142 trenerem m\u0142odych siatkarzy Legii (praca szkoleniowa z zespo\u0142em ligowym nie przynios\u0142a spodziewanych wynik\u00f3w). Pod koniec \u017cycia straci\u0142 zaufanie do dawnych nami\u0119tno\u015bci. M\u00f3wi\u0142, \u017ce \"to ju\u017c nie jest JEGO sport. Spontaniczny, uczciwy, bezinteresowny\" (by\u0142a to refleksja po rozmowach z juniorami, kt\u00f3re zaczyna\u0142y si\u0119 od pytania: a co ja za to dostan\u0119?). Zas\u0142u\u017cony Mistrz Sportu. \u017bonaty. Zmar\u0142 w Warszawie 29 maja 1994.<br\/><br\/>Bibl.: G\u0142uszek, Leksykon 1999, s. 313; Pawlak, Olimpijczycy, s. 220; MES, t. 2, s. 362; Mecner, 80 lat siatk\u00f3wki, s. 109 i dalsze; Iskier przewodnik, s. 609-610; O\u0142dakowski M. , Gdybym by\u0142 m\u0142odszy, \"PS\" 1991, nr 23, s. 3.<br\/><br\/><strong>*1968 Meksyk: cz\u0142onek dru\u017cyny siatk\u00f3wki<\/strong>, kt\u00f3ra po zwyci\u0119stwach nad Meksykiem 3:1, Belgi\u0105 3:0, USA 3:0, Brazyli\u0105 3:0, Bu\u0142gari\u0105 3:0 i CSRS 3:1 oraz pora\u017ckami z Japoni\u0105 0:3, ZSRR 0:3 i NRD 0:3 zaj\u0119\u0142a w turnieju 5 m. (zw. ZSRR). Sk\u0142ad dru\u017cyny zob. - Ambroziak Zdzis\u0142aw.<br\/><\/p><!-- history --><table width=\"85%\" style=\"text-align:right\" border=\"0\" cellspacing=\"0\" cellpadding=\"0\">  <tr>    <td align=\"right\" class=\"box3-title\"><a href=\"javascript:history.back()\">\u00ab powr\u00f3t do listy<\/a><\/td>  <\/tr><\/table>","tmp_old_body_img":false,"tmp_old_lead_img":false,"picture_medalists":false,"important":""},"_links":{"self":[{"href":"https:\/\/olimpijski.pl\/en\/wp-json\/wp\/v2\/person\/14920"}],"collection":[{"href":"https:\/\/olimpijski.pl\/en\/wp-json\/wp\/v2\/person"}],"about":[{"href":"https:\/\/olimpijski.pl\/en\/wp-json\/wp\/v2\/types\/person"}],"version-history":[{"count":0,"href":"https:\/\/olimpijski.pl\/en\/wp-json\/wp\/v2\/person\/14920\/revisions"}],"wp:featuredmedia":[{"embeddable":true,"href":"https:\/\/olimpijski.pl\/en\/wp-json\/wp\/v2\/media\/21423"}],"wp:attachment":[{"href":"https:\/\/olimpijski.pl\/en\/wp-json\/wp\/v2\/media?parent=14920"}],"curies":[{"name":"wp","href":"https:\/\/api.w.org\/{rel}","templated":true}]}}