{"id":14937,"date":"2020-06-24T16:50:58","date_gmt":"2020-06-24T14:50:58","guid":{"rendered":"http:\/\/pkol.local\/person\/jozef-rysula\/"},"modified":"2020-11-24T08:53:16","modified_gmt":"2020-11-24T07:53:16","slug":"jozef-rysula","status":"publish","type":"person","link":"https:\/\/olimpijski.pl\/en\/olimpijczycy\/jozef-rysula\/","title":{"rendered":"J\u00f3zef Rysula (1939-2020)"},"content":{"rendered":"\n<p><br><\/p>\n\n\n\n<p><strong>narciarz-samotnik, jeden z najlepszych polskich biegaczy lat sze\u015b\u0107dziesi\u0105tych, 20-krotny mistrz Polski, olimpijczyk ze Squaw Valley (1960), Innsbrucku (1964) i Grenoble (1968).<br><\/strong><br>Urodzony 13 marca 1939 w Ko\u015bcielisku, syn Stanis\u0142awa i Heleny G\u0105sienicy, wykszta\u0142cenie podstawowe, rolnik, kierowca, narciarz-biegacz (166 cm, 60 kg), reprezentant SNPTT Zakopane (1954-1973). Bardzo oryginalny cz\u0142owiek i zawodnik. Nosi\u0142 w\u0142osy jak podw\u0142adni Janosika, mia\u0142 tak\u017ce orle rysy twarzy i charakter prawdziwego zb\u00f3jnika. Podobnie jak Janusz Kusoci\u0144ski lubi\u0142 indywidualn\u0105, samotn\u0105 zapraw\u0119 realizuj\u0105c koncepcj\u0119 treningow\u0105 (g\u0142\u00f3wnie kondycyjn\u0105) J\u00f3zefa Zubka.<\/p>\n\n\n\n<p>Uwielbia\u0142 biegi nad reglami i samotne w\u0119dr\u00f3wki w g\u00f3rach. W\u0142asna filozofia \u017cycia, treningu i start\u00f3w pozwoli\u0142a mu wywalczy\u0107 wiele zwyci\u0119stw, ale nie zaprowadzi\u0142a na podium \u015bwiatowych imprez, cho\u0107 pocz\u0105tek kariery by\u0142 imponuj\u0105cy. W 1959 sta\u0142 si\u0119 rewelacj\u0105 zawod\u00f3w w Holmenkollen, kiedy wygra\u0142 bieg junior\u00f3w na 10 km, a rok p\u00f3\u017aniej, te\u017c w markowych zawodach w szwajcarskim Le Brassus (walczy\u0142 o nominacj\u0119 olimpijsk\u0105 do Squaw Valley) stoczy\u0142 pasjonuj\u0105cy, wspania\u0142y pojedynek (15 km) ze znakomitym Finem Eero Maentyrant\u0105.<\/p>\n\n\n\n<p>Mimo ma\u0142ego do\u015bwiadczenia, ju\u017c podczas IO w USA (1960) \u015bwietnie pobieg\u0142 w sztafecie wyprowadzaj\u0105c j\u0105 (bieg\u0142 na drugiej zmianie) na trzeci\u0105 pozycj\u0119 (ostatecznie by\u0142a 6.). Odni\u00f3s\u0142 jeszcze potem sporo zwyci\u0119stw i sukces\u00f3w, ale najcz\u0119\u015bciej (bo nie zawsze) by\u0142y one dalekie od oczekiwa\u0144 (szczeg\u00f3lnie na arenie mi\u0119dzynarodowej).<\/p>\n\n\n\n<p>Karier\u0119 tego niew\u0105tpliwie utalentowanego zawodnika przerwa\u0142a kontuzja stawu biodrowego (1973). 20-krotny mistrz Polski w biegu na 15 km (1959-1961, 1964, 1966-1969, 1971, 1973), 30 km (1965, 1968, 1974) i w sztafecie 4 x 10 km (1960-1961, 1963-1966, 1968). 7-krotny wicemistrz kraju: na 15 km (1963), 30 km (1966) i w sztafecie 4 x 10 km (1967, 1969, 1971-1973). Uczestnik M\u015a: 1962 Zakopane: 24 m. (15 km), 7 m. (4&#215;10 km); 1966 Oslo:23 m. (15 km), 23 m. (30 km), 7 m. (4&#215;10 km); 1970 Szczyrbskie Jezioro: 35 m. (15 km), 11 m. (4&#215;10 km). 4-krotny medalista Mistrzostw Armii Zaprzyja\u017anionych: 1965 Kawgo\u0142owo: 2 m. (4&#215;10 km), 1967 Obersdorf: 3 m. (15 km), 3 m. (30 km), 1 m. (4&#215;10 km) i 3-krotny medalista Spartakiady Armii Zaprzyja\u017anionych: 1969 Szpindlerowy M\u0142yn: 3 m. (15 km), 2 m. (4&#215;10 km); 1971 Zakopane: 2 m. (4&#215;10 km). Zdobywca Pucharu Kurikkali (1960 -4 x10 km). 6-krotny zwyci\u0119zca Memoria\u0142u B. Czecha i H. Marusarz\u00f3wny (1959-1969) i 4-krotny triumfator Biegu Sylwestrowego w Zakopanem (1964, 1967-1969).<\/p>\n\n\n\n<p>Zas\u0142u\u017cony Mistrz Sportu odznaczony m. in. z\u0142otym Medalem za Wybitne Osi\u0105gni\u0119cia Sportowe. Zmar\u0142 w wieku 81 lat w Zakopanem 23 listopada 2020 roku.<\/p>\n\n\n\n<p><strong>*1960\u00a0 Squaw Valley: biegi narciarskie, 15 km<\/strong> &#8211; 18 m. na 54 start. z czasem 54.13,3 (zw. Norweg H. Brusveen &#8211; 51.55,5);\u00a0 <strong>4 x<\/strong> <strong>10 km<\/strong> &#8211; 6 m. na 11 start. z czasem 2:26.30,8 (zw. Finlandia &#8211; 2:18.45,6). Partnerami R.\u00a0w sztafecie byli:\u00a0J. Gut\u00a0 Misiaga, A. Mateja i K. Zelek.<\/p>\n\n\n\n<p><strong>*1964 Innsbruck: <strong>biegi narciarskie,<\/strong> 15 km<\/strong> &#8211; 21 m. na 75 start. z czasem 54.09,4 (zw. Fin E. Maentyranta &#8211; 50.54,1) <strong>30 km<\/strong> &#8211; 24 m. na 70 start. z czasem 1:38.29,1 (zw. Fin E. Maentyranta &#8211; 1:30.50,7);\u00a0<strong>4 x 10 km<\/strong> &#8211; 8 m. na 15 start. z czasem 2:27.27,0 (zw. Szwecja &#8211; 2:18.34,6). Partnerami R. w sztafecie byli: E. Budny, J. Gut Misiaga i T. Jankowski.<\/p>\n\n\n\n<p><strong>*1968 Grenoble:\u00a0<strong>biegi narciarskie,<\/strong><\/strong> <strong>15 km &#8211;<\/strong>\u00a0 21 m. na 75 start. z czasem 50.38,5 (zw. Norweg H. Groenningen &#8211; 47.54,2); <strong>50 km<\/strong> &#8211; 21 m. na 51 start. z czasem 2:35.30,9 (zw. Norweg\u00a0O. Ellefsaeter &#8211; 2:28.45,8).<\/p>\n\n\n\n<p><em>Bibl.: G\u0142uszek, Leksykon 1999, s. 314-315;&nbsp; Pawlak, Olimpijczycy, s. 221; MES, t. 2, s. 364;&nbsp;Porada, Igrzyska, s. 847, 858, 868; Fischer, Kronika, s. 251-254;&nbsp;Ziele\u015bkiewicz, Encyklopedia, s. 181-182, 387; USC Ko\u015bcielisko, AU 9\/1939\/K.<\/em><\/p>\n","protected":false},"excerpt":{"rendered":"<p>narciarz-samotnik, jeden z najlepszych polskich biegaczy lat sze\u015b\u0107dziesi\u0105tych, 20-krotny mistrz Polski, olimpijczyk ze Squaw Valley (1960), Innsbrucku (1964) i Grenoble (1968). &#8230; <a class=\"read-more\" href=\"https:\/\/olimpijski.pl\/en\/olimpijczycy\/jozef-rysula\/\">Czytaj dalej<\/a><\/p>\n","protected":false},"featured_media":36209,"menu_order":60,"template":"","meta":{"_acf_changed":false,"ub_ctt_via":"","footnotes":""},"class_list":["post-14937","person","type-person","status-publish","has-post-thumbnail","hentry","infinite-scroll-item","no-featured-image-padding","resize-featured-image"],"acf":{"olimpic_information":[{"olimpic":[{"ID":5904,"post_author":"15","post_date":"1960-06-17 13:54:39","post_date_gmt":"1960-06-17 11:54:39","post_content":"<!-- wp:heading {\"level\":1,\"className\":\"main-title\"} -->\n<h1 class=\"main-title\"><strong>VIII ZIO<\/strong><br>Squaw Valley 1960<\/h1>\n<!-- \/wp:heading -->\n\n<!-- wp:paragraph -->\n<p><br><\/p>\n<!-- \/wp:paragraph -->\n\n<!-- wp:image {\"align\":\"left\",\"id\":19398,\"sizeSlug\":\"large\",\"className\":\"is-style-default\"} -->\n<div class=\"wp-block-image is-style-default\"><figure class=\"alignleft size-large\"><img src=\"https:\/\/olimpijski.pl\/wp-content\/uploads\/1960\/06\/squaw-valley1960.png\" alt=\"\" class=\"wp-image-19398\"\/><\/figure><\/div>\n<!-- \/wp:image -->\n\n<!-- wp:list -->\n<ul><li>Igrzyska rozegrano w dniach <strong>18-28 lutego<\/strong>.<\/li><li>Wystartowa\u0142o <strong>665<\/strong> zawodnik\u00f3w (<strong>144<\/strong> kobiety) z <strong>30<\/strong> kraj\u00f3w.<\/li><li>Rozdano <strong>27<\/strong> komplet\u00f3w medali.<\/li><li>Znicz olimpijski zapali\u0142 \u0142y\u017cwiarz szybki <strong>Ken Henry<\/strong>.<\/li><li>Igrzyska otworzy\u0142 <strong>wiceprezydent USA Richard Nixon<\/strong>.<\/li><\/ul>\n<!-- \/wp:list -->\n\n<!-- wp:heading -->\n<h2><strong>Program Igrzysk \u2013 6 dyscyplin i 27 konkurencji<\/strong><\/h2>\n<!-- \/wp:heading -->\n\n<!-- wp:paragraph -->\n<p>biathlon (1 konkurencja), hokej na lodzie (1), \u0142y\u017cwiarstwo figurowe (3), \u0142y\u017cwiarstwo szybkie (8), narciarstwo alpejskie (6), narciarstwo klasyczne (8).<\/p>\n<!-- \/wp:paragraph -->\n\n<!-- wp:heading -->\n<h2><strong>Gwiazda Igrzysk<\/strong><\/h2>\n<!-- \/wp:heading -->\n\n<!-- wp:paragraph -->\n<p><strong>Sixten Jernberg<\/strong> (Szwecja, biegi narciarskie) \u2013 1 z\u0142oty, 1 srebrny<\/p>\n<!-- \/wp:paragraph -->\n\n<!-- wp:heading -->\n<h2><strong>Polska Reprezentacja Olimpijska<\/strong><\/h2>\n<!-- \/wp:heading -->\n\n<!-- wp:paragraph -->\n<p><strong>13 os\u00f3b<\/strong> (6 kobiet i 7 m\u0119\u017cczyzn) w 2 sportach: 2 \u0142y\u017cwiarki szybkie, 11 narciarzy (w tym 4 kobiety).<\/p>\n<!-- \/wp:paragraph -->\n\n<!-- wp:paragraph -->\n<p>Chor\u0105\u017cym reprezentacji Polski by\u0142 kombinator norweski <strong>J\u00f3zef Karpiel<\/strong>.<\/p>\n<!-- \/wp:paragraph -->\n\n<!-- wp:heading -->\n<h2><strong>Klasyfikacja medalowa<\/strong><\/h2>\n<!-- \/wp:heading -->\n\n<!-- wp:table {\"hasFixedLayout\":true,\"className\":\"is-style-stripes\"} -->\n<figure class=\"wp-block-table is-style-stripes\"><table class=\"has-fixed-layout\"><tbody><tr><td><\/td><td><\/td><td class=\"has-text-align-center\" data-align=\"center\">&nbsp;<\/td><td class=\"has-text-align-center\" data-align=\"center\">&nbsp;<\/td><td class=\"has-text-align-center\" data-align=\"center\">&nbsp;<\/td><td class=\"has-text-align-center\" data-align=\"center\">&nbsp;<\/td><\/tr><tr><td>&nbsp;<\/td><td>&nbsp;<\/td><td class=\"has-text-align-center\" data-align=\"center\">&nbsp;<\/td><td class=\"has-text-align-center\" data-align=\"center\"><img class=\"wp-image-26068\" style=\"width: 50px;\" src=\"https:\/\/olimpijski.pl\/wp-content\/uploads\/1948\/06\/2008_Pekin_zloty_50x50.jpg\" alt=\"\"><\/td><td class=\"has-text-align-center\" data-align=\"center\"><img class=\"wp-image-26071\" style=\"width: 50px;\" src=\"https:\/\/olimpijski.pl\/wp-content\/uploads\/1948\/06\/2008_Pekin_sreb_50x50.jpg\" alt=\"\"><\/td><td class=\"has-text-align-center\" data-align=\"center\"><img class=\"wp-image-26073\" style=\"width: 50px;\" src=\"https:\/\/olimpijski.pl\/wp-content\/uploads\/1948\/06\/2008_Pekin_braz_50x50.jpg\" alt=\"\"><\/td><\/tr><tr><td>1.<\/td><td>ZSRR<\/td><td class=\"has-text-align-center\" data-align=\"center\">21<\/td><td class=\"has-text-align-center\" data-align=\"center\">7<\/td><td class=\"has-text-align-center\" data-align=\"center\">5<\/td><td class=\"has-text-align-center\" data-align=\"center\">9<\/td><\/tr><tr><td>2.<\/td><td>Niemcy*<\/td><td class=\"has-text-align-center\" data-align=\"center\">8<\/td><td class=\"has-text-align-center\" data-align=\"center\">4<\/td><td class=\"has-text-align-center\" data-align=\"center\">3<\/td><td class=\"has-text-align-center\" data-align=\"center\">1<\/td><\/tr><tr><td>3.<\/td><td>USA<\/td><td class=\"has-text-align-center\" data-align=\"center\">10<\/td><td class=\"has-text-align-center\" data-align=\"center\">3<\/td><td class=\"has-text-align-center\" data-align=\"center\">4<\/td><td class=\"has-text-align-center\" data-align=\"center\">3<\/td><\/tr><tr><td>...<\/td><td>&nbsp;<\/td><td class=\"has-text-align-center\" data-align=\"center\">&nbsp;<\/td><td class=\"has-text-align-center\" data-align=\"center\">&nbsp;<\/td><td class=\"has-text-align-center\" data-align=\"center\">&nbsp;<\/td><td class=\"has-text-align-center\" data-align=\"center\">&nbsp;<\/td><\/tr><tr><td><strong>11-12.<\/strong><\/td><td><strong>Polska<\/strong><\/td><td class=\"has-text-align-center\" data-align=\"center\"><strong>2<\/strong><\/td><td class=\"has-text-align-center\" data-align=\"center\"><strong>0<\/strong><\/td><td class=\"has-text-align-center\" data-align=\"center\"><strong>1<\/strong><\/td><td class=\"has-text-align-center\" data-align=\"center\"><strong>1<\/strong><\/td><\/tr><\/tbody><\/table><\/figure>\n<!-- \/wp:table -->\n\n<!-- wp:heading -->\n<h2><strong>Medale dla Polski (2)<\/strong><\/h2>\n<!-- \/wp:heading -->\n\n<!-- wp:paragraph -->\n<p>Srebrny \u2013 Elwira Seroczy\u0144ska (\u0142y\u017cwiarstwo szybkie, 1500 m)<\/p>\n<!-- \/wp:paragraph -->\n\n<!-- wp:paragraph -->\n<p>Br\u0105zowy \u2013 Helena Pilejczyk (\u0142y\u017cwiarstwo szybkie, 1500 m)<\/p>\n<!-- \/wp:paragraph -->\n\n<!-- wp:quote {\"className\":\"is-style-default\"} -->\n<blockquote class=\"wp-block-quote is-style-default\"><p>W presti\u017cowym turnieju hokeja dw\u00f3ch wielkich rywali, Kanad\u0119 i ZSRR, nieoczekiwanie \u201epogodzi\u0142a\u201d ekipa gospodarzy, zdobywaj\u0105c z\u0142oto. Z uwagi na ma\u0142e zainteresowanie i du\u017ce koszty budowy tor\u00f3w MKOl skre\u015bli\u0142 z programu zawod\u00f3w bobsleje i saneczkarstwo. W igrzyskach zadebiutowa\u0142 za to biathlon i \u0142y\u017cwiarstwo szybkie kobiet.<\/p><\/blockquote>\n<!-- \/wp:quote -->\n\n<!-- wp:paragraph -->\n<p><em>* Niemcy wystawi\u0142y wsp\u00f3ln\u0105 reprezentacj\u0119 NRD i RFN.<\/em><\/p>\n<!-- \/wp:paragraph -->","post_title":"Squaw Valley 1960","post_excerpt":"","post_status":"publish","comment_status":"closed","ping_status":"closed","post_password":"","post_name":"squaw-valley-1960","to_ping":"","pinged":"","post_modified":"2020-09-30 12:06:06","post_modified_gmt":"2020-09-30 10:06:06","post_content_filtered":"","post_parent":0,"guid":"https:\/\/wai-q98d7hpf9hy9k.wpallimport-demo.qsandbox.me\/olympics_winter\/squaw-valley-1960\/","menu_order":0,"post_type":"olympics_winter","post_mime_type":"","comment_count":"0","filter":"raw"}],"competitions_rewards":[{"competition":[{"ID":5835,"post_author":"1","post_date":"2020-06-19 11:32:23","post_date_gmt":"2020-06-19 11:32:23","post_content":"","post_title":"Biegi narciarskie","post_excerpt":"","post_status":"publish","comment_status":"closed","ping_status":"closed","post_password":"","post_name":"biegi-narciarskie","to_ping":"","pinged":"","post_modified":"2020-06-29 13:13:11","post_modified_gmt":"2020-06-29 11:13:11","post_content_filtered":"","post_parent":0,"guid":"https:\/\/wai-q7byvryhhcz9k.wpallimport-demo.qsandbox.me\/competition\/biegi-narciarskie\/","menu_order":0,"post_type":"competition","post_mime_type":"","comment_count":"0","filter":"raw"}],"reward":""}]},{"olimpic":[{"ID":5903,"post_author":"15","post_date":"1964-06-17 13:54:39","post_date_gmt":"1964-06-17 11:54:39","post_content":"<!-- wp:heading {\"level\":1,\"className\":\"main-title\"} -->\n<h1 class=\"main-title\"><strong>IX ZIO<\/strong><br>Innsbruck 1964<\/h1>\n<!-- \/wp:heading -->\n\n<!-- wp:paragraph -->\n<p><br><\/p>\n<!-- \/wp:paragraph -->\n\n<!-- wp:image {\"align\":\"left\",\"id\":19374,\"sizeSlug\":\"large\",\"className\":\"is-style-default\"} -->\n<div class=\"wp-block-image is-style-default\"><figure class=\"alignleft size-large\"><img src=\"https:\/\/olimpijski.pl\/wp-content\/uploads\/1964\/06\/innsbruck1964.png\" alt=\"\" class=\"wp-image-19374\"\/><\/figure><\/div>\n<!-- \/wp:image -->\n\n<!-- wp:list -->\n<ul><li>Igrzyska rozegrano w dniach <strong>29 stycznia \u2013 9 lutego<\/strong>.<\/li><li>Wystartowa\u0142o <strong>1091<\/strong> zawodnik\u00f3w (w tym <strong>199<\/strong> kobiet) z <strong>36<\/strong> kraj\u00f3w.<\/li><li>Rozdano <strong>34<\/strong> komplety medali.<\/li><li>Ceremonii zapalenia znicza dokona\u0142 alpejczyk <strong>Josef Rieder<\/strong>.<\/li><li>Igrzyska otworzy\u0142 prezydent Austrii <strong>Adolf Scharf<\/strong>.<\/li><\/ul>\n<!-- \/wp:list -->\n\n<!-- wp:heading -->\n<h2><strong>Program Igrzysk \u2013 8 dyscyplin i 34 konkurencje<\/strong><\/h2>\n<!-- \/wp:heading -->\n\n<!-- wp:paragraph -->\n<p>biathlon (1 konkurencja), bobsleje (2), hokej na lodzie (1), \u0142y\u017cwiarstwo figurowe (3), \u0142y\u017cwiarstwo szybkie (8), narciarstwo alpejskie i klasyczne (16), saneczkarstwo (3).<\/p>\n<!-- \/wp:paragraph -->\n\n<!-- wp:heading -->\n<h2><strong>Gwiazdy Igrzysk<\/strong><\/h2>\n<!-- \/wp:heading -->\n\n<!-- wp:paragraph -->\n<p><strong>Lidia Skoblikowa<\/strong> (ZSRR, \u0142y\u017cwiarstwo szybkie) \u2013 4 z\u0142ote medale<br><strong>K\u0142awdia Bojarskich<\/strong> (ZSRR, biegi narciarskie) \u2013 3 z\u0142ote medale<br><strong>Eero Antero Mantyranta<\/strong> (Finlandia, biegi narciarskie) \u2013 2 z\u0142ote medale, 1 srebro<br><strong>Sixten Jernberg<\/strong> (Szwecja, biegi narciarskie) \u2013 2 z\u0142ote medale, 1 br\u0105zowy<\/p>\n<!-- \/wp:paragraph -->\n\n<!-- wp:heading -->\n<h2><strong>Polska Reprezentacja Olimpijska<\/strong><\/h2>\n<!-- \/wp:heading -->\n\n<!-- wp:paragraph -->\n<p><strong>56 os\u00f3b<\/strong> (startowa\u0142o 51 \u2013 11 kobiet i 40 m\u0119\u017cczyzn) w 5 sportach: 4 biathlonist\u00f3w, 17 hokeist\u00f3w, 3 \u0142y\u017cwiarki szybkie, 20 narciarzy (w tym 5 kobiet; 19 startowa\u0142o, 1 nie), 12 saneczkarzy (w tym 5 kobiet; 8 startowa\u0142o, 4 nie).<\/p>\n<!-- \/wp:paragraph -->\n\n<!-- wp:paragraph -->\n<p>Chor\u0105\u017cym reprezentacji Polski by\u0142 saneczkarz <strong>Jerzy Wojnar<\/strong>.<\/p>\n<!-- \/wp:paragraph -->\n\n<!-- wp:heading -->\n<h2><strong>Klasyfikacja medalowa<\/strong><\/h2>\n<!-- \/wp:heading -->\n\n<!-- wp:table {\"hasFixedLayout\":true,\"className\":\"is-style-stripes\"} -->\n<figure class=\"wp-block-table is-style-stripes\"><table class=\"has-fixed-layout\"><tbody><tr><td><\/td><td><\/td><td class=\"has-text-align-center\" data-align=\"center\">&nbsp;<\/td><td class=\"has-text-align-center\" data-align=\"center\">&nbsp;<\/td><td class=\"has-text-align-center\" data-align=\"center\">&nbsp;<\/td><td class=\"has-text-align-center\" data-align=\"center\">&nbsp;<\/td><\/tr><tr><td>&nbsp;<\/td><td>&nbsp;<\/td><td class=\"has-text-align-center\" data-align=\"center\">&nbsp;<\/td><td class=\"has-text-align-center\" data-align=\"center\"><img class=\"wp-image-26068\" style=\"width: 50px;\" src=\"https:\/\/olimpijski.pl\/wp-content\/uploads\/1948\/06\/2008_Pekin_zloty_50x50.jpg\" alt=\"\"><\/td><td class=\"has-text-align-center\" data-align=\"center\"><img class=\"wp-image-26071\" style=\"width: 50px;\" src=\"https:\/\/olimpijski.pl\/wp-content\/uploads\/1948\/06\/2008_Pekin_sreb_50x50.jpg\" alt=\"\"><\/td><td class=\"has-text-align-center\" data-align=\"center\"><img class=\"wp-image-26073\" style=\"width: 50px;\" src=\"https:\/\/olimpijski.pl\/wp-content\/uploads\/1948\/06\/2008_Pekin_braz_50x50.jpg\" alt=\"\"><\/td><\/tr><tr><td>1.<\/td><td>ZSRR<\/td><td class=\"has-text-align-center\" data-align=\"center\">25<\/td><td class=\"has-text-align-center\" data-align=\"center\">11<\/td><td class=\"has-text-align-center\" data-align=\"center\">8<\/td><td class=\"has-text-align-center\" data-align=\"center\">6<\/td><\/tr><tr><td>2.<\/td><td>Austria<\/td><td class=\"has-text-align-center\" data-align=\"center\">12<\/td><td class=\"has-text-align-center\" data-align=\"center\">4<\/td><td class=\"has-text-align-center\" data-align=\"center\">5<\/td><td class=\"has-text-align-center\" data-align=\"center\">3<\/td><\/tr><tr><td>3.<\/td><td>Norwegia<\/td><td class=\"has-text-align-center\" data-align=\"center\">15<\/td><td class=\"has-text-align-center\" data-align=\"center\">3<\/td><td class=\"has-text-align-center\" data-align=\"center\">6<\/td><td class=\"has-text-align-center\" data-align=\"center\">6<\/td><\/tr><tr><td>...<\/td><td>&nbsp;<\/td><td class=\"has-text-align-center\" data-align=\"center\">&nbsp;<\/td><td class=\"has-text-align-center\" data-align=\"center\">&nbsp;<\/td><td class=\"has-text-align-center\" data-align=\"center\">&nbsp;<\/td><td class=\"has-text-align-center\" data-align=\"center\">&nbsp;<\/td><\/tr><tr><td>&nbsp;<\/td><td><strong>Polska<\/strong><\/td><td class=\"has-text-align-center\" data-align=\"center\"><strong>0<\/strong><\/td><td class=\"has-text-align-center\" data-align=\"center\"><strong>0<\/strong><\/td><td class=\"has-text-align-center\" data-align=\"center\"><strong>0<\/strong><\/td><td class=\"has-text-align-center\" data-align=\"center\"><strong>0<\/strong><\/td><\/tr><\/tbody><\/table><\/figure>\n<!-- \/wp:table -->\n\n<!-- wp:quote {\"className\":\"is-style-default\"} -->\n<blockquote class=\"wp-block-quote is-style-default\"><p>Pierwszy medal w historii dla KRL-D (srebrny) wywalczy\u0142a \u0142y\u017cwiarka szybka Pil Hwa Han dziel\u0105c lokat\u0119 na 3000 m z Rosjank\u0105 Walentyn\u0105 Stienin\u0105.<\/p><p>Sportem pokazowym by\u0142a bawarska odmiana curlingu.<\/p><\/blockquote>\n<!-- \/wp:quote -->","post_title":"Innsbruck 1964","post_excerpt":"","post_status":"publish","comment_status":"closed","ping_status":"closed","post_password":"","post_name":"innsbruck-1964","to_ping":"","pinged":"","post_modified":"2020-09-30 12:07:57","post_modified_gmt":"2020-09-30 10:07:57","post_content_filtered":"","post_parent":0,"guid":"https:\/\/wai-q98d7hpf9hy9k.wpallimport-demo.qsandbox.me\/olympics_winter\/innsbruck-1964\/","menu_order":0,"post_type":"olympics_winter","post_mime_type":"","comment_count":"0","filter":"raw"}],"competitions_rewards":[{"competition":[{"ID":5835,"post_author":"1","post_date":"2020-06-19 11:32:23","post_date_gmt":"2020-06-19 11:32:23","post_content":"","post_title":"Biegi narciarskie","post_excerpt":"","post_status":"publish","comment_status":"closed","ping_status":"closed","post_password":"","post_name":"biegi-narciarskie","to_ping":"","pinged":"","post_modified":"2020-06-29 13:13:11","post_modified_gmt":"2020-06-29 11:13:11","post_content_filtered":"","post_parent":0,"guid":"https:\/\/wai-q7byvryhhcz9k.wpallimport-demo.qsandbox.me\/competition\/biegi-narciarskie\/","menu_order":0,"post_type":"competition","post_mime_type":"","comment_count":"0","filter":"raw"}],"reward":""}]},{"olimpic":[{"ID":5902,"post_author":"15","post_date":"1968-06-17 13:54:39","post_date_gmt":"1968-06-17 12:54:39","post_content":"<!-- wp:heading {\"level\":1,\"className\":\"main-title\"} -->\n<h1 class=\"main-title\"><strong>X ZIO<\/strong><br>Grenoble 1968<\/h1>\n<!-- \/wp:heading -->\n\n<!-- wp:paragraph -->\n<p><br><\/p>\n<!-- \/wp:paragraph -->\n\n<!-- wp:image {\"align\":\"left\",\"id\":19371,\"sizeSlug\":\"large\",\"className\":\"is-style-default\"} -->\n<div class=\"wp-block-image is-style-default\"><figure class=\"alignleft size-large\"><img src=\"https:\/\/olimpijski.pl\/wp-content\/uploads\/1968\/06\/grenoble1968.png\" alt=\"\" class=\"wp-image-19371\"\/><\/figure><\/div>\n<!-- \/wp:image -->\n\n<!-- wp:list -->\n<ul><li>Igrzyska zosta\u0142y rozegrane w dniach <strong>6-18 lutego<\/strong>.<\/li><li>Wystartowa\u0142o <strong>1158<\/strong> zawodnik\u00f3w (w tym <strong>211<\/strong> kobiet) z <strong>37<\/strong> kraj\u00f3w.<\/li><li>Rozdano <strong>35<\/strong> komplet\u00f3w medali.<\/li><li>Znicz zapali\u0142 \u0142y\u017cwiarz figurowy <strong>Alain Calmat<\/strong>.<\/li><li>Igrzyska otworzy\u0142 dokona\u0142 <strong>prezydent Francji Charles de Gaulle<\/strong>.<\/li><\/ul>\n<!-- \/wp:list -->\n\n<!-- wp:heading -->\n<h2><strong>Program Igrzysk \u2013 8 dyscyplin i 35 konkurencji<\/strong><\/h2>\n<!-- \/wp:heading -->\n\n<!-- wp:paragraph -->\n<p>biathlon (2 konkurencje), bobsleje (2), hokej na lodzie (1), \u0142y\u017cwiarstwo figurowe (3), \u0142y\u017cwiarstwo szybkie (8), narciarstwo alpejskie (6), narciarstwo klasyczne (10), saneczkarstwo (3).<\/p>\n<!-- \/wp:paragraph -->\n\n<!-- wp:heading -->\n<h2><strong>Gwiazdy Igrzysk<\/strong><\/h2>\n<!-- \/wp:heading -->\n\n<!-- wp:paragraph -->\n<p><strong>Jean-Claude KiIly<\/strong> (Francja, narciarstwo alpejskie) \u2013 3 z\u0142ote medale<br><strong>Toini Gustafsson<\/strong> (Szwecja, biegi narciarskie) \u2013 2 z\u0142ote medale, 1 srebrny<br><strong>Harald Groenningen<\/strong> (Norwegia, biegi narciarskie) \u2013 2 z\u0142ote medale<br><strong>Ole Ellefsaeter<\/strong> (Norwegia, biegi narciarskie) \u2013 2 z\u0142ote medale<br><strong>Eugenio Monti<\/strong> (W\u0142ochy, bobsleje) \u2013 2 z\u0142ote medale<br><strong>Luciano de Paolis<\/strong> (W\u0142ochy, bobsleje) \u2013 2 z\u0142ote medale<\/p>\n<!-- \/wp:paragraph -->\n\n<!-- wp:heading -->\n<h2><strong>Polska Reprezentacja Olimpijska<\/strong><\/h2>\n<!-- \/wp:heading -->\n\n<!-- wp:paragraph -->\n<p>35 os\u00f3b (startowa\u0142o 31 \u2013 8 kobiet i 23 m\u0119\u017cczyzn) w 4 sportach: 6 biathlonist\u00f3w, 16 narciarzy (w tym 4 kobiety; 14 startowa\u0142o + 2 rez., 1 nie) 2 \u0142y\u017cwiarzy figurowych (w tym 1 kobieta), 11 saneczkarzy (w tym 3 kobiety; 9 startowa\u0142o + 1 rez., 1 nie).<\/p>\n<!-- \/wp:paragraph -->\n\n<!-- wp:paragraph -->\n<p>Chor\u0105\u017cym reprezentacji Polski by\u0142 biathlonista <strong>Stanis\u0142aw Szczepaniak<\/strong>.<\/p>\n<!-- \/wp:paragraph -->\n\n<!-- wp:heading -->\n<h2><strong>Klasyfikacja medalowa<\/strong><\/h2>\n<!-- \/wp:heading -->\n\n<!-- wp:table {\"hasFixedLayout\":true,\"className\":\"is-style-stripes\"} -->\n<figure class=\"wp-block-table is-style-stripes\"><table class=\"has-fixed-layout\"><tbody><tr><td><\/td><td><\/td><td class=\"has-text-align-center\" data-align=\"center\">&nbsp;<\/td><td class=\"has-text-align-center\" data-align=\"center\">&nbsp;<\/td><td class=\"has-text-align-center\" data-align=\"center\">&nbsp;<\/td><td class=\"has-text-align-center\" data-align=\"center\">&nbsp;<\/td><\/tr><tr><td>&nbsp;<\/td><td>&nbsp;<\/td><td class=\"has-text-align-center\" data-align=\"center\">&nbsp;<\/td><td class=\"has-text-align-center\" data-align=\"center\"><img class=\"wp-image-26068\" style=\"width: 50px;\" src=\"https:\/\/olimpijski.pl\/wp-content\/uploads\/1948\/06\/2008_Pekin_zloty_50x50.jpg\" alt=\"\"><\/td><td class=\"has-text-align-center\" data-align=\"center\"><img class=\"wp-image-26071\" style=\"width: 50px;\" src=\"https:\/\/olimpijski.pl\/wp-content\/uploads\/1948\/06\/2008_Pekin_sreb_50x50.jpg\" alt=\"\"><\/td><td class=\"has-text-align-center\" data-align=\"center\"><img class=\"wp-image-26073\" style=\"width: 50px;\" src=\"https:\/\/olimpijski.pl\/wp-content\/uploads\/1948\/06\/2008_Pekin_braz_50x50.jpg\" alt=\"\"><\/td><\/tr><tr><td>1.<\/td><td>Norwegia<\/td><td class=\"has-text-align-center\" data-align=\"center\">14<\/td><td class=\"has-text-align-center\" data-align=\"center\">6<\/td><td class=\"has-text-align-center\" data-align=\"center\">6<\/td><td class=\"has-text-align-center\" data-align=\"center\">2<\/td><\/tr><tr><td>2.<\/td><td>ZSRR<\/td><td class=\"has-text-align-center\" data-align=\"center\">13<\/td><td class=\"has-text-align-center\" data-align=\"center\">5<\/td><td class=\"has-text-align-center\" data-align=\"center\">5<\/td><td class=\"has-text-align-center\" data-align=\"center\">3<\/td><\/tr><tr><td>3.<\/td><td>Francja<\/td><td class=\"has-text-align-center\" data-align=\"center\">9<\/td><td class=\"has-text-align-center\" data-align=\"center\">4<\/td><td class=\"has-text-align-center\" data-align=\"center\">3<\/td><td class=\"has-text-align-center\" data-align=\"center\">2<\/td><\/tr><tr><td>...<\/td><td>&nbsp;<\/td><td class=\"has-text-align-center\" data-align=\"center\">&nbsp;<\/td><td class=\"has-text-align-center\" data-align=\"center\">&nbsp;<\/td><td class=\"has-text-align-center\" data-align=\"center\">&nbsp;<\/td><td class=\"has-text-align-center\" data-align=\"center\">&nbsp;<\/td><\/tr><tr><td>&nbsp;<\/td><td><strong>Polska<\/strong><\/td><td class=\"has-text-align-center\" data-align=\"center\"><strong>0<\/strong><\/td><td class=\"has-text-align-center\" data-align=\"center\"><strong>0<\/strong><\/td><td class=\"has-text-align-center\" data-align=\"center\"><strong>0<\/strong><\/td><td class=\"has-text-align-center\" data-align=\"center\"><strong>0<\/strong><\/td><\/tr><\/tbody><\/table><\/figure>\n<!-- \/wp:table -->\n\n<!-- wp:quote {\"className\":\"is-style-default\"} -->\n<blockquote class=\"wp-block-quote is-style-default\"><p>Bia\u0142o-czerwoni zaj\u0119li&nbsp; cztery czwarte lokaty: Stanis\u0142aw Szczepaniak w biathlonowym biegu na 20 km oraz w sztafecie 4x7,5 km razem z Andrzejem Fiedorem, Stanis\u0142awem \u0141ukaszczykiem i J\u00f3zefem R\u00f3\u017cakiem.&nbsp; Czwarte miejsca przypad\u0142y ponadto Helenie Macher (pi\u0105ta by\u0142a Jadwiga Damse) i Zbigniewowi Gawiorowi w saneczkarskich jedynkach.<\/p><p>Transmisje telewizyjne liczy\u0142y 150 godzin i 13 minut. Po raz pierwszy telewidzowie mogli ogl\u0105da\u0107 przekaz kolorowy (31 godzin i 25 minut). Po raz pierwszy tak\u017ce przeprowadzono kontrole antydopingowe (86 pr\u00f3b) i kontrol\u0119 p\u0142ci. Najm\u0142odszym uczestnikiem igrzysk w historii by\u0142 Jan Hoffmann (NRD) \u2013 12 lat i 110 dni \u2013 sklasyfikowany na 26. miejscu w\u015br\u00f3d solist\u00f3w.<\/p><p>Po raz pierwszy pod w\u0142asn\u0105 flag\u0105 wyst\u0105pili sportowcy Niemieckiej Republiki Demokratycznej.<\/p><\/blockquote>\n<!-- \/wp:quote -->","post_title":"Grenoble 1968","post_excerpt":"","post_status":"publish","comment_status":"closed","ping_status":"closed","post_password":"","post_name":"grenoble-1968","to_ping":"","pinged":"","post_modified":"2020-09-30 12:10:16","post_modified_gmt":"2020-09-30 10:10:16","post_content_filtered":"","post_parent":0,"guid":"https:\/\/wai-q98d7hpf9hy9k.wpallimport-demo.qsandbox.me\/olympics_winter\/grenoble-1968\/","menu_order":0,"post_type":"olympics_winter","post_mime_type":"","comment_count":"0","filter":"raw"}],"competitions_rewards":[{"competition":[{"ID":5835,"post_author":"1","post_date":"2020-06-19 11:32:23","post_date_gmt":"2020-06-19 11:32:23","post_content":"","post_title":"Biegi narciarskie","post_excerpt":"","post_status":"publish","comment_status":"closed","ping_status":"closed","post_password":"","post_name":"biegi-narciarskie","to_ping":"","pinged":"","post_modified":"2020-06-29 13:13:11","post_modified_gmt":"2020-06-29 11:13:11","post_content_filtered":"","post_parent":0,"guid":"https:\/\/wai-q7byvryhhcz9k.wpallimport-demo.qsandbox.me\/competition\/biegi-narciarskie\/","menu_order":0,"post_type":"competition","post_mime_type":"","comment_count":"0","filter":"raw"}],"reward":""}]}],"picture":{"ID":36209,"id":36209,"title":"jozef_rysula","filename":"jozef_rysula.jpg","filesize":66774,"url":"https:\/\/olimpijski.pl\/wp-content\/uploads\/2020\/06\/jozef_rysula.jpg","link":"https:\/\/olimpijski.pl\/en\/olimpijczycy\/jozef-rysula\/jozef_rysula\/#main","alt":"","author":"15","description":"","caption":"","name":"jozef_rysula","status":"inherit","uploaded_to":14937,"date":"2020-11-24 07:52:49","modified":"2020-11-24 07:52:49","menu_order":0,"mime_type":"image\/jpeg","type":"image","subtype":"jpeg","icon":"https:\/\/olimpijski.pl\/wp-includes\/images\/media\/default.png","width":430,"height":541,"sizes":{"thumbnail":"https:\/\/olimpijski.pl\/wp-content\/uploads\/2020\/06\/jozef_rysula-150x150.jpg","thumbnail-width":150,"thumbnail-height":150,"medium":"https:\/\/olimpijski.pl\/wp-content\/uploads\/2020\/06\/jozef_rysula-238x300.jpg","medium-width":238,"medium-height":300,"medium_large":"https:\/\/olimpijski.pl\/wp-content\/uploads\/2020\/06\/jozef_rysula.jpg","medium_large-width":430,"medium_large-height":541,"large":"https:\/\/olimpijski.pl\/wp-content\/uploads\/2020\/06\/jozef_rysula.jpg","large-width":430,"large-height":541,"1536x1536":"https:\/\/olimpijski.pl\/wp-content\/uploads\/2020\/06\/jozef_rysula.jpg","1536x1536-width":430,"1536x1536-height":541,"2048x2048":"https:\/\/olimpijski.pl\/wp-content\/uploads\/2020\/06\/jozef_rysula.jpg","2048x2048-width":430,"2048x2048-height":541,"ultp_layout_landscape_large":"https:\/\/olimpijski.pl\/wp-content\/uploads\/2020\/06\/jozef_rysula.jpg","ultp_layout_landscape_large-width":430,"ultp_layout_landscape_large-height":541,"ultp_layout_landscape":"https:\/\/olimpijski.pl\/wp-content\/uploads\/2020\/06\/jozef_rysula.jpg","ultp_layout_landscape-width":430,"ultp_layout_landscape-height":541,"ultp_layout_portrait":"https:\/\/olimpijski.pl\/wp-content\/uploads\/2020\/06\/jozef_rysula.jpg","ultp_layout_portrait-width":430,"ultp_layout_portrait-height":541,"ultp_layout_square":"https:\/\/olimpijski.pl\/wp-content\/uploads\/2020\/06\/jozef_rysula.jpg","ultp_layout_square-width":430,"ultp_layout_square-height":541}},"firstname":"J\u00f3zef","lastname":"Rysula (1939-2020)","birthdate_date":"13\/03\/1939","birthdate":"13 marca 1939","deathdate_date":"23\/11\/2020","deathdate":"23 listopada 2020","placeofbirth":"","club":"","coach":"","metrics":"","seolink":"rysula-jozef","tmp_old_id":"14493","tmp_old_fid":"294","tmp_old_parent_id":"15544","createdate":"06\/11\/2013","tmp_old_title":"Rysula  J\u00f3zef","tmp_old_lead":"","tmp_old_body":"<p class=\"title-m-02\">RYSULA  J\u00d3ZEF<\/p><p><strong>rolnik, kierowca, narciarz-samotnik, jeden z najlepszych polskich biegaczy lat sze\u015b\u0107dziesi\u0105tych, 20-krotny mistrz Polski, olimpijczyk ze Squaw Valley (1960), Innsbrucku (1964) i Grenoble (1968).<br\/><\/strong><br\/>Urodzony 13 marca 1939 w Ko\u015bcielisku, syn Stanis\u0142awa i Heleny G\u0105sienicy, wykszta\u0142cenie podstawowe, rolnik, kierowca, narciarz-biegacz (166 cm, 60 kg), reprezentant SNPTT Zakopane (1954-1973). Bardzo oryginalny cz\u0142owiek i zawodnik. Nosi\u0142 w\u0142osy jak podw\u0142adni Janosika, mia\u0142 tak\u017ce orle rysy twarzy i charakter prawdziwego zb\u00f3jnika. Podobnie jak Janusz Kusoci\u0144ski lubi\u0142 indywidualn\u0105, samotn\u0105 zapraw\u0119 realizuj\u0105c koncepcj\u0119 treningow\u0105 (g\u0142\u00f3wnie kondycyjn\u0105) J\u00f3zefa Zubka. Uwielbia\u0142 biegi nad reglami i samotne w\u0119dr\u00f3wki w g\u00f3rach. W\u0142asna filozofia \u017cycia, treningu i start\u00f3w pozwoli\u0142a mu wywalczy\u0107 wiele zwyci\u0119stw, ale nie zaprowadzi\u0142a na podium \u015bwiatowych imprez, cho\u0107 pocz\u0105tek kariery by\u0142 imponuj\u0105cy. W 1959 sta\u0142 si\u0119 rewelacj\u0105 zawod\u00f3w w Holmenkollen, kiedy wygra\u0142 bieg junior\u00f3w na 10 km, a rok p\u00f3\u017aniej, te\u017c w markowych zawodach w szwajcarskim Le Brassus (walczy\u0142 o nominacj\u0119 olimpijsk\u0105 do Squaw Valley) stoczy\u0142 pasjonuj\u0105cy, wspania\u0142y pojedynek (15 km) ze znakomitym Finem Eero Maentyrant\u0105. Mimo ma\u0142ego do\u015bwiadczenia, ju\u017c podczas IO w USA (1960) \u015bwietnie pobieg\u0142 w sztafecie wyprowadzaj\u0105c j\u0105 (bieg\u0142 na drugiej zmianie) na trzeci\u0105 pozycj\u0119 (ostatecznie by\u0142a 6). Odni\u00f3s\u0142 jeszcze potem sporo zwyci\u0119stw i sukces\u00f3w, ale najcz\u0119\u015bciej (bo nie zawsze) by\u0142y one dalekie od oczekiwa\u0144 (szczeg\u00f3lnie na arenie mi\u0119dzynarodowej). Karier\u0119 tego niew\u0105tpliwie utalentowanego zawodnika przerwa\u0142a kontuzja stawu biodrowego (1973). 20-krotny mistrz Polski w biegu na 15 km (1959-1961, 1964, 1966-1969, 1971, 1973), 30 km (1965, 1968, 1974) i w sztafecie 4 x 10 km (1960-1961, 1963-1966, 1968). 7-krotny wicemistrz kraju: na 15 km (1963), 30 km (1966) i w sztafecie 4 x 10 km (1967, 1969, 1971-1973). Uczestnik M\u015a: 1962 Zakopane: 24 m. (15 km), 7 m. (4x10 km); 1966 Oslo:23 m. (15 km), 23 m. (30 km), 7 m. (4x10 km); 1970 Szczyrbskie Jezioro: 35 m. (15 km), 11 m. (4x10 km). 4-krotny medalista Mistrzostw Armii Zaprzyja\u017anionych: 1965 Kawgo\u0142owo: 2 m. (4x10 km), 1967 Obersdorf: 3 m. (15 km), 3 m. (30 km), 1 m. (4x10 km) i 3-krotny medalista Spartakiady Armii Zaprzyja\u017anionych: 1969 Szpindlerowy M\u0142yn: 3 m. (15 km), 2 m. (4x10 km); 1971 Zakopane: 2 m. (4x10 km). Zdobywca Pucharu Kurikkali (1960 -4 x10 km). 6-krotny zwyci\u0119zca Memoria\u0142u B. Czecha i H. Marusarz\u00f3wny (1959-1969) i 4-krotny triumfator Biegu Sylwestrowego w Zakopanem (1964, 1967-1969). Zas\u0142u\u017cony Mistrz Sportu odznaczony m. in. z\u0142otym Medalem za Wybitne Osi\u0105gni\u0119cia Sportowe. \u017bonaty (Krystyna Antolak), ma troje dzieci (Robert, Renata i Rita).<br\/><br\/>Bibl.: G\u0142uszek, Leksykon 1999, s. 314-315;\u00a0 Pawlak, Olimpijczycy, s. 221; MES, t. 2, s. 364;\u00a0Porada, Igrzyska, s. 847, 858, 868; Fischer, Kronika, s. 251-254;\u00a0Ziele\u015bkiewicz, Encyklopedia, s. 181-182, 387; USC Ko\u015bcielisko, AU 9\/1939\/K.<br\/><br\/><strong>*1960\u00a0 Squaw Valley: 15 km<\/strong> - 18 m. na 54 start. z czasem 54.13,3 (zw. Norweg H. Brusveen - 51.55,5);\u00a0 <strong>4 x<\/strong> <strong>10 km<\/strong> - 6 m. na 11 start. z czasem 2:26.30,8 (zw. Finlandia - 2:18.45,6). Partnerami R.\u00a0w sztafecie byli:\u00a0J. Gut\u00a0 Misiaga, A. Mateja i K. Zelek.<br\/><br\/><strong>*1964 Innsbruck: 15 km<\/strong> - 21 m. na 75 start. z czasem 54.09,4 (zw. Fin E. Maentyranta - 50.54,1) <strong>30 km<\/strong> - 24 m. na 70 start. z czasem 1:38.29,1 (zw. Fin E. Maentyranta - 1:30.50,7);\u00a0<strong>4 x 10 km<\/strong> - 8 m. na 15 start. z czasem 2:27.27,0 (zw. Szwecja - 2:18.34,6). Partnerami R. w sztafecie byli: E. Budny, J. Gut Misiaga i T. Jankowski.<br\/><br\/><strong>*1968 Grenoble:\u00a0 15 km -<\/strong>\u00a0 21 m. na 75 start. z czasem 50.38,5 (zw. Norweg H. Groenningen - 47.54,2); <strong>50 km<\/strong> - 21 m. na 51 start. z czasem 2:35.30,9 (zw. Norweg\u00a0O. Ellefsaeter - 2:28.45,8).<\/p><!-- history --><table width=\"85%\" style=\"text-align:right\" border=\"0\" cellspacing=\"0\" cellpadding=\"0\">  <tr>    <td align=\"right\" class=\"box3-title\"><a href=\"javascript:history.back()\">\u00ab powr\u00f3t do listy<\/a><\/td>  <\/tr><\/table>","tmp_old_body_img":false,"tmp_old_lead_img":false,"picture_medalists":false,"important":"","person_achivments":""},"_links":{"self":[{"href":"https:\/\/olimpijski.pl\/en\/wp-json\/wp\/v2\/person\/14937"}],"collection":[{"href":"https:\/\/olimpijski.pl\/en\/wp-json\/wp\/v2\/person"}],"about":[{"href":"https:\/\/olimpijski.pl\/en\/wp-json\/wp\/v2\/types\/person"}],"version-history":[{"count":2,"href":"https:\/\/olimpijski.pl\/en\/wp-json\/wp\/v2\/person\/14937\/revisions"}],"predecessor-version":[{"id":36212,"href":"https:\/\/olimpijski.pl\/en\/wp-json\/wp\/v2\/person\/14937\/revisions\/36212"}],"wp:featuredmedia":[{"embeddable":true,"href":"https:\/\/olimpijski.pl\/en\/wp-json\/wp\/v2\/media\/36209"}],"wp:attachment":[{"href":"https:\/\/olimpijski.pl\/en\/wp-json\/wp\/v2\/media?parent=14937"}],"curies":[{"name":"wp","href":"https:\/\/api.w.org\/{rel}","templated":true}]}}