{"id":14959,"date":"2020-06-24T16:51:02","date_gmt":"2020-06-24T14:51:02","guid":{"rendered":"http:\/\/pkol.local\/person\/jozef-schmidt\/"},"modified":"2024-09-19T10:07:46","modified_gmt":"2024-09-19T08:07:46","slug":"jozef-schmidt","status":"publish","type":"person","link":"https:\/\/olimpijski.pl\/en\/olimpijczycy\/jozef-schmidt\/","title":{"rendered":"J\u00f3zef Schmidt (1935-2024)"},"content":{"rendered":"\n<p><strong>\u015blusarz samochodowy, tr\u00f3jskoczek, rekordzista \u015bwiata (17.03), trzykrotny olimpijczyk (1960, 1964, 1968), zdobywca dw\u00f3ch z\u0142otych medali: w&nbsp;Rzymie i&nbsp;Tokio.<br><\/strong><br>Urodzony 28 marca 1935 w&nbsp;Micha\u0142kowicach na&nbsp;\u015al\u0105sku, syn Feliksa Jana i&nbsp;lgi Niewolik, absolwent G\u00f3rniczej Szko\u0142y Zawodowej, \u015blusarz samochodowy. Lekkoatleta (184 cm, 77 kg) G\u00f3rnika Zabrze (1955), CWKS Wroc\u0142aw (1956), \u015al\u0105ska Wroc\u0142aw (1957) i&nbsp;ponownie G\u00f3rnika Zabrze (1958-1972) specjalizuj\u0105cy si\u0119 w&nbsp;tr\u00f3jskoku. Dzi\u0119ki inicjatywie starszego brata Edwarda (czo\u0142owy sprinter, olimpijczyk) zosta\u0142 &#8220;sprawdzony&#8221; przez&nbsp;jednego z&nbsp;najbardziej zas\u0142u\u017conych szkoleniowc\u00f3w s\u0142ynnego lekkoatletycznego Wunderteamu Tadeusza Starzy\u0144skiego. Ten nauczy\u0142 go tr\u00f3jskoku, konkurencji kt\u00f3ra rozpoczyna\u0142a wielk\u0105 mi\u0119dzynarodow\u0105 karier\u0119 i&nbsp;by\u0142a domen\u0105 reprezentant\u00f3w ZSRR (skakali ju\u017c ponad 16 metr\u00f3w). Wykorzystuj\u0105c wrodzon\u0105 szybko\u015b\u0107 podopiecznego trener stworzy\u0142 nowy spos\u00f3b potr\u00f3jnego skoku zwany &#8220;stylem biegowym&#8221; (potem polskim), kt\u00f3ry dzi\u0119ki swojej skuteczno\u015bci (prostota, odleg\u0142o\u015b\u0107) sta\u0142 si\u0119 popularny i&nbsp;powszechnie stosowany. &#8220;Polski kangur&#8221; (tak zacz\u0119to nazywa\u0107 Schmidta) szybko dogoni\u0142 tr\u00f3jskoczk\u00f3w radzieckich, pobi\u0142 ich w&nbsp;Sztokholmie podczas ME (1958), a&nbsp;w&nbsp;roku olimpijskim (1960) ustanowi\u0142 rekord \u015bwiata przekraczaj\u0105c jako pierwszy granic\u0119 17 metr\u00f3w i&nbsp;rozpoczynaj\u0105c swoj\u0105 wieloletni\u0105 supremacj\u0119. Jej efektem by\u0142y z\u0142ote medale olimpijskie i&nbsp;olimpijski rekord, kt\u00f3ry pobity w&nbsp;Rzymie (1960), poprawiony w&nbsp;Tokio (1964) przetrwa\u0142 a\u017c do&nbsp;Meksyku (1968).<\/p>\n\n\n\n<p>40-krotny reprezentant Polski w&nbsp;meczach mi\u0119dzypa\u0144stwowych 1957-1970 (51 start\u00f3w, 27 zwyci\u0119stw indywidualnych), 9-krotny rekordzista kraju, w&nbsp;tym 7-krotny w&nbsp;tr\u00f3jskoku (od 16.06 w&nbsp;1958 do&nbsp;17.03 w&nbsp;1960) oraz&nbsp;w&nbsp;skoku w&nbsp;dal (7.84) i&nbsp;klubowej sztafecie 4 x 100 m (41.5), 13-krotny mistrz Polski: w&nbsp;tr\u00f3jskoku (1958, 1960, 1962, 1963, 1965-1967, 1969-1971), w&nbsp;skoku w&nbsp;dal (1961) i&nbsp;sztafecie 4 x 100 m (1959, 1960). Rekordy \u017cyciowe: tr\u00f3jskok &#8211; 17.03 (5 sierpnia 1960 Olsztyn) i&nbsp;skok w&nbsp;dal &#8211; 7.84 (14 lipca 1963 Spa\u0142a). W&nbsp;roku olimpijskim 1964 nast\u0105pi\u0142 najdramatyczniejszy okres w&nbsp;karierze &#8220;polskiego kangura&#8221;. B\u00f3l w&nbsp;kolanie (zapalenie torebki maziowej, podobnie jak u&nbsp;Janusza Kusoci\u0144skiego) pojawi\u0142 si\u0119 na&nbsp;wiosn\u0119. Chc\u0105c unikn\u0105\u0107 zabiegu operacyjnego lekarze (prof. Gruca, doc. Malawski) stosuj\u0105 zwyk\u0142e leczenie zachowawcze (blokady, zastrzyki, diatermi\u0119). Bez efekt\u00f3w. Operacja (wyci\u0119cie kaletki maziowej) nast\u0119puje 23 czerwca. Dopiero 1 sierpnia pacjent opuszcza szpital o&nbsp;lasce. Ju\u017c nikt, poza Starzy\u0144skim i&nbsp;Schmidtem nie wierzy\u0142 w&nbsp;jego olimpijski start 16 pa\u017adziernika. A jednak Polak w&nbsp;banda\u017cach wychodzi na&nbsp;olimpijsk\u0105 aren\u0119. Skacze ostro\u017cnie, ale&nbsp;skutecznie. Pi\u0119\u0107 d\u0142ugich godzin niepewno\u015bci i&nbsp;dramatyczne pytanie czy kolano wytrzyma? 16.65 w&nbsp;drugim skoku i&nbsp;prowadzenie w&nbsp;konkursie. W&nbsp;sz\u00f3stej pr\u00f3bie &#8211; i&nbsp;to by\u0142o niesamowite &#8211; 16.85.&nbsp;Pod wiatr. Rekord olimpijski. Lepiej ni\u017c w&nbsp;Rzymie. Wielcy rywale znokautowani. Po powrocie do&nbsp;kraju premier J\u00f3zef&nbsp;Cyrankiewicz, wielki entuzjasta sportu docenia ogromny wyczyn olimpijskiego&nbsp;mistrza dekoruj\u0105c go osobi\u015bcie Orderem Sztandaru Pracy II Klasy. A mistrz prze\u017cywa najwi\u0119ksz\u0105 w&nbsp;swojej karierze satysfakcj\u0119: pokona\u0142 chorob\u0119 i&nbsp;wygra\u0142&nbsp; ze wszystkimi rywalami spoza skoczni, kt\u00f3rzy ju\u017c przestali wierzy\u0107 w&nbsp;jego sportowe mo\u017cliwo\u015bci. 4-krotny uczestnik mistrzostw Europy (1958, 1962, 1966, 1971), gdzie zdoby\u0142 dwa tytu\u0142y mistrzowskie: w&nbsp;Sztokholmie (1958) z&nbsp;wynikiem 16.43 i&nbsp;Belgradzie (1962), gdzie wygra\u0142 osi\u0105gaj\u0105c 16.55. 3-krotnie bra\u0142 udzia\u0142 w&nbsp;fina\u0142ach Pucharu Europy zajmuj\u0105c w&nbsp;Stuttgarcie (1965), Kijowie (1967) i&nbsp;Sztokholmie (1970) &#8211; 3 miejsca z&nbsp;wynikami (kolejno) 16.41 , 16.29 i&nbsp;16.65. Dwukrotnie czytelnicy &#8220;PS&#8221; nadali mu tytu\u0142 najlepszego sportowca Polski, w&nbsp;dwa olimpijskie lata (1960, 1964).<\/p>\n\n\n\n<p>Zmar\u0142 29 lipca 2024 roku.<\/p>\n\n\n\n<p><strong>*1960 Rzym: lekkoatletyka, tr\u00f3jskok<\/strong> &#8211; w&nbsp;elim. osi\u0105gn\u0105\u0142 16.44 (min. kwalifik.15.50), w&nbsp;finale 1 m. (15 zaw.) z&nbsp;wynikiem 16.81 <strong>zdoby\u0142 z\u0142oty medal<\/strong> i&nbsp;pobi\u0142 rekord olimpijski.<br><strong><br>*1964 Tokio: lekkoatletyka, tr\u00f3jskok<\/strong> &#8211; w&nbsp;elim. osi\u0105gn\u0105\u0142 16.18 (min. kwalifik.15.80), w&nbsp;finale 1 m. (13 zaw.) z&nbsp;wynikiem 16.85 poprawiaj\u0105c rekord olimpijski i&nbsp;<strong>zdobywaj\u0105c z\u0142oty medal<\/strong>.<br><strong><br>*1968 Meksyk: lekkoatletyka, tr\u00f3jskok<\/strong> &#8211; w&nbsp;elim. osi\u0105gn\u0105\u0142 16.16 (min. kwalifik.16.10) w&nbsp;finale 7 m. (13 zaw.) z&nbsp;wynikiem 16.89 (zw. W. Saniejew ZSRR &#8211; 17.39).<\/p>\n\n\n\n<p><em>Bibl.: G\u0142uszek, Leksykon 1999, s. 342; Pawlak, Olimpijczycy, s. 254; Du\u0144ski, Od Pary\u017ca, s. 778-779; Najlepsi z&nbsp; najlepszych, s. 202- 207; Encyklopedia S\u0142awnych Polak\u00f3w, s. 326-328; Sportowcy XXX-lecia, s. 39-49; Cie\u015bli\u0144ski, Tajemnice, s. 115-136; \u0141ojewski, Mecze m\u0119\u017cczyzn, s. 50 , 356; Rozum, Osi\u0105gni\u0119cia, Tr\u00f3jskok, s. 200; MP m\u0119\u017cczyzn 1945-2002 (oprac. PZLA niepubl.); Encyklopedia (Statystyczna) LA, s. 8, 9, 62, 64, 119, 122, 140; MES, t. 2, s. 517 (tu wyst\u0119puje w&nbsp;pisowni: Szmidt); zur Megede, Die Geschichte der olympischen Leichtathletik, s. 208, 209, 217, 278, 279, 363, 365; Mistrovstvi Evropy 1934-1974, s. 117; Czempioni XX wieku, 17,03 ze snu szeregowca, Magazyn Sportowy, 8 czerwiec 2001; Najlepsi polscy, s. 191-199.<\/em><\/p>\n","protected":false},"excerpt":{"rendered":"<p>\u015blusarz samochodowy, tr\u00f3jskoczek, rekordzista \u015bwiata (17.03), trzykrotny olimpijczyk (1960, 1964, 1968), zdobywca dw\u00f3ch z\u0142otych medali: w\u00a0Rzymie i\u00a0Tokio. &#8230; <a class=\"read-more\" href=\"https:\/\/olimpijski.pl\/en\/olimpijczycy\/jozef-schmidt\/\">Czytaj dalej<\/a><\/p>\n","protected":false},"featured_media":29880,"menu_order":43,"template":"","meta":{"_acf_changed":false,"ub_ctt_via":"","footnotes":""},"class_list":["post-14959","person","type-person","status-publish","has-post-thumbnail","hentry","infinite-scroll-item","no-featured-image-padding","resize-featured-image"],"acf":{"olimpic_information":[{"olimpic":[{"ID":303,"post_author":"1","post_date":"1964-06-17 13:34:45","post_date_gmt":"1964-06-17 11:34:45","post_content":"<!-- wp:heading {\"level\":1,\"className\":\"main-title\"} -->\n<h1 class=\"main-title\"><strong>Igrzyska XVIII Olimpiady<\/strong><br>Tokio 1964<\/h1>\n<!-- \/wp:heading -->\n\n<!-- wp:paragraph -->\n<p><br><\/p>\n<!-- \/wp:paragraph -->\n\n<!-- wp:image {\"align\":\"left\",\"id\":19358,\"sizeSlug\":\"large\",\"className\":\"is-style-default\"} -->\n<div class=\"wp-block-image is-style-default\"><figure class=\"alignleft size-large\"><img src=\"https:\/\/olimpijski.pl\/wp-content\/uploads\/1964\/06\/tokio1964.png\" alt=\"\" class=\"wp-image-19358\"\/><\/figure><\/div>\n<!-- \/wp:image -->\n\n<!-- wp:list -->\n<ul><li>Igrzyska rozegrano w dniach <strong>10-24 pa\u017adziernika<\/strong>.<\/li><li>Wystartowa\u0142o <strong>5151<\/strong> zawodnik\u00f3w (w tym <strong>678<\/strong> kobiet) z <strong>93<\/strong> kraj\u00f3w.<\/li><li>Rozdano <strong>163<\/strong> komplety medali.<\/li><li>Przysi\u0119g\u0119 olimpijsk\u0105 w imieniu sportowc\u00f3w z\u0142o\u017cy\u0142 gimnastyk <strong>Yoshimori Ono<\/strong>.<\/li><li>Znicz zapali\u0142 <strong>Yoshinori Sakai<\/strong> (urodzi\u0142 si\u0119 6 sierpnia 1945 roku, w dniu zrzucenia przez Amerykan\u00f3w bomby atomowej na Hiroszim\u0119).<\/li><li>Igrzyska otworzy\u0142 <strong>cesarz Japonii Hirohito<\/strong>.<\/li><\/ul>\n<!-- \/wp:list -->\n\n<!-- wp:heading -->\n<h2><strong>Program Igrzysk \u2013 21 dyscyplin, 163 konkurencje<\/strong><\/h2>\n<!-- \/wp:heading -->\n\n<!-- wp:paragraph -->\n<p>boks (10 konkurencji), gimnastyka (14), hokej na trawie (1), je\u017adziectwo (6), judo (4), kajakarstwo (7), kolarstwo (7), koszyk\u00f3wka (1), lekkoatletyka (36), pi\u0119ciob\u00f3j nowoczesny (2), pi\u0142ka no\u017cna (1), pi\u0142ka siatkowa (2), pi\u0142ka wodna (1), p\u0142ywanie (18), podnoszenie ci\u0119\u017car\u00f3w (7), skoki do wody (4), strzelectwo (6), szermierka (8), wio\u015blarstwo (7), zapasy (16), \u017ceglarstwo (5).<\/p>\n<!-- \/wp:paragraph -->\n\n<!-- wp:heading -->\n<h2><strong>Gwiazda Igrzysk<\/strong><\/h2>\n<!-- \/wp:heading -->\n\n<!-- wp:paragraph -->\n<p><strong>\u0141arysa \u0141atynina<\/strong> (ZSRR, gimnastyka) \u2013 3 z\u0142ote medale, 2 srebrne, 1 br\u0105zowy<\/p>\n<!-- \/wp:paragraph -->\n\n<!-- wp:heading -->\n<h2><strong>Polska Reprezentacja Olimpijska<\/strong><\/h2>\n<!-- \/wp:heading -->\n\n<!-- wp:paragraph -->\n<p><strong>145 os\u00f3b <\/strong>(startowa\u0142o 140 \u2013 25 kobiet i 115 m\u0119\u017cczyzn) w 12 sportach: 10 bokser\u00f3w, 14 gimnastyk\u00f3w (w tym 7 kobiet; 12 startowa\u0142o + 2 rez.), 10 kajakarzy (w tym 3 kobiety; 9 startowa\u0142o + 1 rez.), 8 kolarzy, 12 koszykarzy, 36 lekkoatlet\u00f3w (w tym 7 kobiet; 35 startowa\u0142o + 1 rez.), 7 ci\u0119\u017carowc\u00f3w, 10 siatkarek, 6 strzelc\u00f3w, 15 szermierzy, 12 wio\u015blarzy (11 startowa\u0142o + 1 rez.), 5 zapa\u015bnik\u00f3w.<\/p>\n<!-- \/wp:paragraph -->\n\n<!-- wp:paragraph -->\n<p>Chor\u0105\u017cym reprezentacji Polski by\u0142 ci\u0119\u017carowiec <strong>Waldemar Baszanowski<\/strong>.<\/p>\n<!-- \/wp:paragraph -->\n\n<!-- wp:heading -->\n<h2><strong>Klasyfikacja medalowa<\/strong><\/h2>\n<!-- \/wp:heading -->\n\n<!-- wp:table {\"hasFixedLayout\":true,\"className\":\"is-style-stripes\"} -->\n<figure class=\"wp-block-table is-style-stripes\"><table class=\"has-fixed-layout\"><tbody><tr><td><\/td><td><\/td><td class=\"has-text-align-center\" data-align=\"center\">&nbsp;<\/td><td class=\"has-text-align-center\" data-align=\"center\">&nbsp;<\/td><td class=\"has-text-align-center\" data-align=\"center\">&nbsp;<\/td><td class=\"has-text-align-center\" data-align=\"center\">&nbsp;<\/td><\/tr><tr><td>&nbsp;<\/td><td>&nbsp;<\/td><td class=\"has-text-align-center\" data-align=\"center\">&nbsp;<\/td><td class=\"has-text-align-center\" data-align=\"center\"><img class=\"wp-image-27817\" style=\"width: 50px;\" src=\"https:\/\/olimpijski.pl\/wp-content\/uploads\/2016\/06\/2016_Rio_zloty_50x50.jpg\" alt=\"\"><\/td><td class=\"has-text-align-center\" data-align=\"center\"><img class=\"wp-image-27819\" style=\"width: 50px;\" src=\"https:\/\/olimpijski.pl\/wp-content\/uploads\/2016\/06\/2016_Rio_sreb_50x50.jpg\" alt=\"\"><\/td><td class=\"has-text-align-center\" data-align=\"center\"><img class=\"wp-image-27821\" style=\"width: 50px;\" src=\"https:\/\/olimpijski.pl\/wp-content\/uploads\/2016\/06\/2016_Rio_braz_50x50.jpg\" alt=\"\"><\/td><\/tr><tr><td>1.<\/td><td>USA<\/td><td class=\"has-text-align-center\" data-align=\"center\">90<\/td><td class=\"has-text-align-center\" data-align=\"center\">36<\/td><td class=\"has-text-align-center\" data-align=\"center\">26<\/td><td class=\"has-text-align-center\" data-align=\"center\">28<\/td><\/tr><tr><td>2.<\/td><td>ZSRR<\/td><td class=\"has-text-align-center\" data-align=\"center\">96<\/td><td class=\"has-text-align-center\" data-align=\"center\">30<\/td><td class=\"has-text-align-center\" data-align=\"center\">31<\/td><td class=\"has-text-align-center\" data-align=\"center\">35<\/td><\/tr><tr><td>3.<\/td><td>Japonia<\/td><td class=\"has-text-align-center\" data-align=\"center\">29<\/td><td class=\"has-text-align-center\" data-align=\"center\">16<\/td><td class=\"has-text-align-center\" data-align=\"center\">5<\/td><td class=\"has-text-align-center\" data-align=\"center\">8<\/td><\/tr><tr><td>...<\/td><td>&nbsp;<\/td><td class=\"has-text-align-center\" data-align=\"center\">&nbsp;<\/td><td class=\"has-text-align-center\" data-align=\"center\">&nbsp;<\/td><td class=\"has-text-align-center\" data-align=\"center\">&nbsp;<\/td><td class=\"has-text-align-center\" data-align=\"center\">&nbsp;<\/td><\/tr><tr><td><strong>7.<\/strong><\/td><td><strong>Polska<\/strong><\/td><td class=\"has-text-align-center\" data-align=\"center\"><strong>23<\/strong><\/td><td class=\"has-text-align-center\" data-align=\"center\"><strong>7<\/strong><\/td><td class=\"has-text-align-center\" data-align=\"center\"><strong>6<\/strong><\/td><td class=\"has-text-align-center\" data-align=\"center\"><strong>19<\/strong><\/td><\/tr><\/tbody><\/table><\/figure>\n<!-- \/wp:table -->\n\n<!-- wp:heading -->\n<h2><strong>Medale dla Polski (23)<\/strong><\/h2>\n<!-- \/wp:heading -->\n\n<!-- wp:ub\/content-toggle-block {\"blockID\":\"0f622570-af06-4c2c-83e5-ee668270480d\",\"theme\":\"#f1f1f1\",\"collapsed\":true,\"titleColor\":\"#000000\"} -->\n<!-- wp:ub\/content-toggle-panel-block {\"parentID\":\"0f622570-af06-4c2c-83e5-ee668270480d\",\"theme\":\"#f1f1f1\",\"collapsed\":true,\"titleColor\":\"#000000\",\"panelTitle\":\"Z\u0142ote\"} -->\n<!-- wp:paragraph -->\n<p><\/p>\n<!-- \/wp:paragraph -->\n\n<!-- wp:media-text {\"align\":\"\",\"mediaId\":30255,\"mediaLink\":\"https:\/\/olimpijski.pl\/igrzyska_letnie\/tokio-1964\/1964_tokio_zloty_200\/#main\",\"mediaType\":\"image\",\"mediaWidth\":20} -->\n<div class=\"wp-block-media-text is-stacked-on-mobile\" style=\"grid-template-columns:20% auto\"><figure class=\"wp-block-media-text__media\"><img src=\"https:\/\/olimpijski.pl\/wp-content\/uploads\/1964\/06\/1964_Tokio_zloty_200.jpg\" alt=\"\" class=\"wp-image-30255\"\/><\/figure><div class=\"wp-block-media-text__content\"><!-- wp:paragraph -->\n<p><strong>J\u00f3zef Schmidt<\/strong><br>(lekkoatletyka, tr\u00f3jskok)<\/p>\n<!-- \/wp:paragraph -->\n\n<!-- wp:paragraph -->\n<p><strong>J\u00f3zef Grudzie\u0144<\/strong><br>(boks, waga lekka)<\/p>\n<!-- \/wp:paragraph -->\n\n<!-- wp:paragraph -->\n<p><strong>Jerzy Kulej<\/strong><br>(boks, waga lekkop\u00f3\u0142\u015brednia)<\/p>\n<!-- \/wp:paragraph -->\n\n<!-- wp:paragraph -->\n<p><strong>Marian Kasprzyk<\/strong><br>(boks, waga p\u00f3\u0142\u015brednia)<\/p>\n<!-- \/wp:paragraph -->\n\n<!-- wp:paragraph -->\n<p><strong>Teresa Ciep\u0142y, Halina G\u00f3recka, Irena Kirszenstein, Ewa K\u0142obukowska<\/strong><br>(lekkoatletyka, sztafeta 4x100 m)<br><br><strong>Waldemar Baszanowski<\/strong><br>(podnoszenie ci\u0119\u017car\u00f3w, 67,5 kg)<\/p>\n<!-- \/wp:paragraph -->\n\n<!-- wp:paragraph -->\n<p><strong>Egon Franke<\/strong><br>(szermierka, floret)<\/p>\n<!-- \/wp:paragraph --><\/div><\/div>\n<!-- \/wp:media-text -->\n<!-- \/wp:ub\/content-toggle-panel-block -->\n<!-- \/wp:ub\/content-toggle-block -->\n\n<!-- wp:ub\/content-toggle-block {\"blockID\":\"0e892858-9992-41aa-b7a4-ae2ab8516756\",\"theme\":\"#f1f1f1\",\"collapsed\":true,\"titleColor\":\"#000000\"} -->\n<!-- wp:ub\/content-toggle-panel-block {\"parentID\":\"0e892858-9992-41aa-b7a4-ae2ab8516756\",\"theme\":\"#f1f1f1\",\"collapsed\":true,\"titleColor\":\"#000000\",\"panelTitle\":\"Srebrne\"} -->\n<!-- wp:paragraph -->\n<p><\/p>\n<!-- \/wp:paragraph -->\n\n<!-- wp:media-text {\"align\":\"\",\"mediaId\":30257,\"mediaLink\":\"https:\/\/olimpijski.pl\/igrzyska_letnie\/tokio-1964\/1964_tokio_sreb_200\/#main\",\"mediaType\":\"image\",\"mediaWidth\":20} -->\n<div class=\"wp-block-media-text is-stacked-on-mobile\" style=\"grid-template-columns:20% auto\"><figure class=\"wp-block-media-text__media\"><img src=\"https:\/\/olimpijski.pl\/wp-content\/uploads\/1964\/06\/1964_Tokio_sreb_200.jpg\" alt=\"\" class=\"wp-image-30257\"\/><\/figure><div class=\"wp-block-media-text__content\"><!-- wp:paragraph -->\n<p><strong>Irena Kirszenstein<\/strong><br>(lekkoatletyka, 200 m)<br><br><strong>Irena Kirszenstein<\/strong><br>(lekkoatletyka, skok w dal)<\/p>\n<!-- \/wp:paragraph -->\n\n<!-- wp:paragraph -->\n<p><strong>Teresa Ciep\u0142y<\/strong><br>(lekkoatletyka, 80 m pp\u0142)<br><br><strong>Marian Dudziak, Marian Foik, Wies\u0142aw Maniak, Andrzej Zieli\u0144ski<\/strong><br>(lekkoatletyka, sztafeta 4x100 m)<br><br><strong>Egon Franke, Ryszard Parulski, Janusz R\u00f3\u017cycki, Zbigniew Skrudlik, Witold Woyda<\/strong><br>(szermierka, floret dru\u017cynowo)<br><br><strong>Artur Olech<\/strong><br>(boks, waga musza)<\/p>\n<!-- \/wp:paragraph --><\/div><\/div>\n<!-- \/wp:media-text -->\n<!-- \/wp:ub\/content-toggle-panel-block -->\n<!-- \/wp:ub\/content-toggle-block -->\n\n<!-- wp:ub\/content-toggle-block {\"blockID\":\"a9884ed7-1db5-4041-92aa-f9a969627ca2\",\"theme\":\"#f1f1f1\",\"collapsed\":true,\"titleColor\":\"#000000\"} -->\n<!-- wp:ub\/content-toggle-panel-block {\"parentID\":\"a9884ed7-1db5-4041-92aa-f9a969627ca2\",\"theme\":\"#f1f1f1\",\"collapsed\":true,\"titleColor\":\"#000000\",\"panelTitle\":\"Br\u0105zowe\"} -->\n<!-- wp:paragraph -->\n<p><\/p>\n<!-- \/wp:paragraph -->\n\n<!-- wp:media-text {\"align\":\"\",\"mediaId\":30259,\"mediaLink\":\"https:\/\/olimpijski.pl\/igrzyska_letnie\/tokio-1964\/1964_tokio_braz_200\/#main\",\"mediaType\":\"image\",\"mediaWidth\":20} -->\n<div class=\"wp-block-media-text is-stacked-on-mobile\" style=\"grid-template-columns:20% auto\"><figure class=\"wp-block-media-text__media\"><img src=\"https:\/\/olimpijski.pl\/wp-content\/uploads\/1964\/06\/1964_Tokio_braz_200.jpg\" alt=\"\" class=\"wp-image-30259\"\/><\/figure><div class=\"wp-block-media-text__content\"><!-- wp:paragraph -->\n<p><strong>Krystyna Czajkowska, Maria Golimowska, Krystyna Jakubowska, Danuta Kordaczuk, Krystyna Krupa, J\u00f3zefa Ledwig, Jadwiga Marko, Jadwiga Rutkowska, Zofia Szcz\u0119\u015bniewska, Maria \u015aliwka<\/strong><br>(siatk\u00f3wka)<br><br><strong>Emil Ochyra, Jerzy Paw\u0142owski, Andrzej Pi\u0105tkowski, Wojciech Zab\u0142ocki, Ryszard Zub<\/strong><br>(szermierka, szabla dru\u017cynowo)<br><br><strong>Andrzej Bade\u0144ski<\/strong><br>(lekkoatletyka, 400 m)<br><br><strong>Ewa K\u0142obukowska<\/strong><br>(lekkoatletyka, 100 m)<br><br><strong>Mieczys\u0142aw Nowak<\/strong><br>(podnoszenie ci\u0119\u017car\u00f3w, 60 kg)<\/p>\n<!-- \/wp:paragraph -->\n\n<!-- wp:paragraph -->\n<p><strong>Marian Zieli\u0144ski<\/strong><br>(podnoszenie ci\u0119\u017car\u00f3w, 67,5 kg)<\/p>\n<!-- \/wp:paragraph -->\n\n<!-- wp:paragraph -->\n<p><strong>Ireneusz Pali\u0144ski<\/strong><br>(podnoszenie ci\u0119\u017car\u00f3w, 90 kg)<\/p>\n<!-- \/wp:paragraph -->\n\n<!-- wp:paragraph -->\n<p><strong>J\u00f3zef Grzesiak<\/strong><br>(boks, waga lekkop\u00f3\u0142\u015brednia)<br><br><strong>Tadeusz Walasek<\/strong><br>(boks, waga \u015brednia)<br><br><strong>Zbigniew Pietrzykowski<\/strong><br>(boks, waga p\u00f3\u0142ci\u0119\u017cka)<\/p>\n<!-- \/wp:paragraph --><\/div><\/div>\n<!-- \/wp:media-text -->\n<!-- \/wp:ub\/content-toggle-panel-block -->\n<!-- \/wp:ub\/content-toggle-block -->\n\n<!-- wp:quote {\"className\":\"is-style-default\"} -->\n<blockquote class=\"wp-block-quote is-style-default\"><p>Dla Polski by\u0142y to niezwykle udane igrzyska. Z 23 medalami zaj\u0119li\u015bmy najwy\u017csz\u0105 lokat\u0119&nbsp; w dotychczasowych startach. Autork\u0105 najwi\u0119kszej niespodzianki w polskiej ekipie by\u0142a 18-letnia Irena Kirszenstein, kt\u00f3ra zdoby\u0142a dwa srebrne medale (w skoku w dal oraz w biegu na 200 m). Po raz drugi na najwy\u017cszym stopniu podium stan\u0105\u0142 tr\u00f3jskoczek J\u00f3zef Schmidt.<\/p><p>Do programu igrzysk wprowadzono: siatk\u00f3wk\u0119 kobiet i m\u0119\u017cczyzn oraz narodowy sport gospodarzy - judo. W igrzyskach zadebiutowali reprezentanci, Algierii, Czadu, Dominikany, Kamerunu, Konga, Libii, Madagaskaru, Malezji, Mali, Monako, Nepalu, Nigru, Senegalu, Tanzanii (jako Tanganika) i Zambii (jako Rodezja P\u00f3\u0142nocna).<\/p><\/blockquote>\n<!-- \/wp:quote -->","post_title":"Tokio 1964","post_excerpt":"","post_status":"publish","comment_status":"closed","ping_status":"closed","post_password":"","post_name":"tokio-1964","to_ping":"","pinged":"","post_modified":"2020-10-05 16:22:25","post_modified_gmt":"2020-10-05 14:22:25","post_content_filtered":"","post_parent":0,"guid":"https:\/\/wai-q98d7hpf9hy9k.wpallimport-demo.qsandbox.me\/olympics_summer\/tokio-1964\/","menu_order":0,"post_type":"olympics_summer","post_mime_type":"","comment_count":"0","filter":"raw"}],"competitions_rewards":[{"competition":[{"ID":5734,"post_author":"1","post_date":"2020-06-19 11:32:08","post_date_gmt":"2020-06-19 09:32:08","post_content":"","post_title":"Lekkoatletyka - tr\u00f3jskok","post_excerpt":"","post_status":"publish","comment_status":"closed","ping_status":"closed","post_password":"","post_name":"trojskok","to_ping":"","pinged":"","post_modified":"2020-07-22 11:36:24","post_modified_gmt":"2020-07-22 09:36:24","post_content_filtered":"","post_parent":5819,"guid":"https:\/\/wai-q7byvryhhcz9k.wpallimport-demo.qsandbox.me\/competition\/trojskok\/","menu_order":0,"post_type":"competition","post_mime_type":"","comment_count":"0","filter":"raw"}],"reward":{"value":"1","label":"Z\u0142oty"}}]},{"olimpic":[{"ID":304,"post_author":"1","post_date":"1960-06-17 13:34:45","post_date_gmt":"1960-06-17 11:34:45","post_content":"<!-- wp:heading {\"level\":1,\"className\":\"main-title\"} -->\n<h1 class=\"wp-block-heading main-title\"><strong>Igrzyska XVII Olimpiady<\/strong><br>Rzym 1960<\/h1>\n<!-- \/wp:heading -->\n\n<!-- wp:paragraph -->\n<p><br><\/p>\n<!-- \/wp:paragraph -->\n\n<!-- wp:image {\"id\":19348,\"sizeSlug\":\"large\",\"align\":\"left\",\"className\":\"is-style-default\"} -->\n<figure class=\"wp-block-image alignleft size-large is-style-default\"><img src=\"https:\/\/olimpijski.pl\/wp-content\/uploads\/1960\/06\/rzym1960.png\" alt=\"\" class=\"wp-image-19348\"\/><\/figure>\n<!-- \/wp:image -->\n\n<!-- wp:list -->\n<ul><!-- wp:list-item -->\n<li>Igrzyska rozegrano w dniach <strong>25 sierpnia \u2013 11 wrze\u015bnia<\/strong>.<\/li>\n<!-- \/wp:list-item -->\n\n<!-- wp:list-item -->\n<li>Wystartowa\u0142o <strong>5338<\/strong> zawodnik\u00f3w (w tym <strong>611<\/strong> kobiet) z <strong>83<\/strong> kraj\u00f3w.<\/li>\n<!-- \/wp:list-item -->\n\n<!-- wp:list-item -->\n<li>Rozdano <strong>150<\/strong> komplet\u00f3w medali.<\/li>\n<!-- \/wp:list-item -->\n\n<!-- wp:list-item -->\n<li>Przysi\u0119g\u0119 w imieniu sportowc\u00f3w z\u0142o\u017cy\u0142 lekkoatleta <strong>Adolfo Consolini<\/strong>.<\/li>\n<!-- \/wp:list-item -->\n\n<!-- wp:list-item -->\n<li>Znicz zapali\u0142 posiadaj\u0105cy greckie korzenie <strong>Giancarlo Peris<\/strong> \u2013 W\u0142oski Komitet Olimpijski zdecydowa\u0142, \u017ce powinien go zapali\u0107 junior, zwyci\u0119zca biegu prze\u0142ajowego w tej kategorii wiekowej.<\/li>\n<!-- \/wp:list-item -->\n\n<!-- wp:list-item -->\n<li>Igrzyska otworzy\u0142 <strong>prezydent W\u0142och Giovanni Gronchi<\/strong>.<\/li>\n<!-- \/wp:list-item --><\/ul>\n<!-- \/wp:list -->\n\n<!-- wp:heading -->\n<h2 class=\"wp-block-heading\"><strong>Program Igrzysk \u2013 19 dyscyplin, 150 konkurencji<\/strong><\/h2>\n<!-- \/wp:heading -->\n\n<!-- wp:paragraph -->\n<p>boks (10 konkurencji), gimnastyka (14), hokej na trawie (1), je\u017adziectwo (5), kajakarstwo (7), kolarstwo (6), koszyk\u00f3wka (1), lekkoatletyka (34), pi\u0119ciob\u00f3j nowoczesny (2), pi\u0142ka no\u017cna (1), pi\u0142ka wodna (1), p\u0142ywanie (15), podnoszenie ci\u0119\u017car\u00f3w (7), skoki do wody (4), strzelectwo (6), szermierka (8), wio\u015blarstwo (7), zapasy (16), \u017ceglarstwo (5).<\/p>\n<!-- \/wp:paragraph -->\n\n<!-- wp:heading -->\n<h2 class=\"wp-block-heading\"><strong>Gwiazdy Igrzysk<\/strong><\/h2>\n<!-- \/wp:heading -->\n\n<!-- wp:paragraph -->\n<p><strong>Borys Szachlin<\/strong> (ZSRR, gimnastyka) \u2013 4 z\u0142ote medale, 2 srebrne i 1 br\u0105zowy<br><strong>Larysa \u0141atynina<\/strong>&nbsp;(ZSRR, gimnastyka) \u2013&nbsp;3 z\u0142ote, 2 srebrne, 1 br\u0105zowy<\/p>\n<!-- \/wp:paragraph -->\n\n<!-- wp:heading -->\n<h2 class=\"wp-block-heading\"><strong>Polska Reprezentacja Olimpijska<\/strong><\/h2>\n<!-- \/wp:heading -->\n\n<!-- wp:paragraph -->\n<p><strong>202 osoby<\/strong> (startowa\u0142o 185 \u2013 29 kobiet i 156 m\u0119\u017cczyzn) w 16 sportach: 10 bokser\u00f3w, 14 gimnastyk\u00f3w (w tym 7 kobiet; 12 startowa\u0142o + 2 rez.), 16 hokeist\u00f3w na trawie (13 startowa\u0142o + 3 rez.), 6 je\u017ad\u017ac\u00f3w (4 startowa\u0142o + 2 rez.), 8 kajakarzy (w tym 2 kobiety; 6 startowa\u0142o + 1 rez., 1 nie), 5 kolarzy, 12 koszykarzy, 51 lekkoatlet\u00f3w (w tym 16 kobiet; 49 startowa\u0142o + 2 rez.), 18 pi\u0142karzy (13 startowa\u0142o + 5 rez.), 3 pi\u0119cioboist\u00f3w, 7 p\u0142ywak\u00f3w (6 startowa\u0142o + 1 rez.), 7 ci\u0119\u017carowc\u00f3w, 7 strzelc\u00f3w, 21 szermierzy (w tym 5 kobiet), 5 wio\u015blarzy, 12 zapa\u015bnik\u00f3w.<\/p>\n<!-- \/wp:paragraph -->\n\n<!-- wp:paragraph -->\n<p>Chor\u0105\u017cym by\u0142 wio\u015blarz <strong>Teodor Kocerka<\/strong>.<\/p>\n<!-- \/wp:paragraph -->\n\n<!-- wp:heading -->\n<h2 class=\"wp-block-heading\"><strong>Klasyfikacja medalowa<\/strong><\/h2>\n<!-- \/wp:heading -->\n\n<!-- wp:table {\"hasFixedLayout\":true,\"className\":\"is-style-stripes\"} -->\n<figure class=\"wp-block-table is-style-stripes\"><table class=\"has-fixed-layout\"><tbody><tr><td><\/td><td><\/td><td class=\"has-text-align-center\" data-align=\"center\">&nbsp;<\/td><td class=\"has-text-align-center\" data-align=\"center\">&nbsp;<\/td><td class=\"has-text-align-center\" data-align=\"center\">&nbsp;<\/td><td class=\"has-text-align-center\" data-align=\"center\">&nbsp;<\/td><\/tr><tr><td>&nbsp;<\/td><td>&nbsp;<\/td><td class=\"has-text-align-center\" data-align=\"center\">&nbsp;<\/td><td class=\"has-text-align-center\" data-align=\"center\"><img class=\"wp-image-27817\" style=\"width: 50px;\" src=\"https:\/\/olimpijski.pl\/wp-content\/uploads\/2016\/06\/2016_Rio_zloty_50x50.jpg\" alt=\"\"><\/td><td class=\"has-text-align-center\" data-align=\"center\"><img class=\"wp-image-27819\" style=\"width: 50px;\" src=\"https:\/\/olimpijski.pl\/wp-content\/uploads\/2016\/06\/2016_Rio_sreb_50x50.jpg\" alt=\"\"><\/td><td class=\"has-text-align-center\" data-align=\"center\"><img class=\"wp-image-27821\" style=\"width: 50px;\" src=\"https:\/\/olimpijski.pl\/wp-content\/uploads\/2016\/06\/2016_Rio_braz_50x50.jpg\" alt=\"\"><\/td><\/tr><tr><td>1.<\/td><td>ZSRR<\/td><td class=\"has-text-align-center\" data-align=\"center\">103<\/td><td class=\"has-text-align-center\" data-align=\"center\">43<\/td><td class=\"has-text-align-center\" data-align=\"center\">29<\/td><td class=\"has-text-align-center\" data-align=\"center\">31<\/td><\/tr><tr><td>2.<\/td><td>USA<\/td><td class=\"has-text-align-center\" data-align=\"center\">71<\/td><td class=\"has-text-align-center\" data-align=\"center\">34<\/td><td class=\"has-text-align-center\" data-align=\"center\">21<\/td><td class=\"has-text-align-center\" data-align=\"center\">16<\/td><\/tr><tr><td>3.<\/td><td>W\u0142ochy<\/td><td class=\"has-text-align-center\" data-align=\"center\">36<\/td><td class=\"has-text-align-center\" data-align=\"center\">13<\/td><td class=\"has-text-align-center\" data-align=\"center\">10<\/td><td class=\"has-text-align-center\" data-align=\"center\">13<\/td><\/tr><tr><td>...<\/td><td>&nbsp;<\/td><td class=\"has-text-align-center\" data-align=\"center\">&nbsp;<\/td><td class=\"has-text-align-center\" data-align=\"center\">&nbsp;<\/td><td class=\"has-text-align-center\" data-align=\"center\">&nbsp;<\/td><td class=\"has-text-align-center\" data-align=\"center\">&nbsp;<\/td><\/tr><tr><td><strong>9.<\/strong><\/td><td><strong>Polska<\/strong><\/td><td class=\"has-text-align-center\" data-align=\"center\"><strong>21<\/strong><\/td><td class=\"has-text-align-center\" data-align=\"center\"><strong>4<\/strong><\/td><td class=\"has-text-align-center\" data-align=\"center\"><strong>6<\/strong><\/td><td class=\"has-text-align-center\" data-align=\"center\"><strong>11<\/strong><\/td><\/tr><\/tbody><\/table><\/figure>\n<!-- \/wp:table -->\n\n<!-- wp:heading -->\n<h2 class=\"wp-block-heading\"><strong>Medale dla Polski (21)<\/strong><\/h2>\n<!-- \/wp:heading -->\n\n<!-- wp:ub\/content-toggle-block {\"blockID\":\"d703506d-3cab-4ae7-bba6-c1f63e5faef8\",\"theme\":\"#f1f1f1\",\"collapsed\":true,\"titleColor\":\"#000000\"} -->\n<!-- wp:ub\/content-toggle-panel-block {\"parentID\":\"6d2bdf16-bc4c-43c4-a83f-43ee612c986d\",\"theme\":\"#f1f1f1\",\"collapsed\":true,\"titleColor\":\"#000000\",\"panelTitle\":\"Z\u0142ote\",\"blockID\":\"6f75d013-b6c3-4bb5-a060-deb5e307cb50\"} -->\n<!-- wp:paragraph -->\n<p><\/p>\n<!-- \/wp:paragraph -->\n\n<!-- wp:media-text {\"align\":\"wide\",\"mediaId\":30248,\"mediaType\":\"image\",\"mediaWidth\":20,\"isStackedOnMobile\":false,\"className\":\"is-stacked-on-mobile\"} -->\n<div class=\"wp-block-media-text alignwide is-stacked-on-mobile\" style=\"grid-template-columns:20% auto\"><figure class=\"wp-block-media-text__media\"><img src=\"https:\/\/olimpijski.pl\/wp-content\/uploads\/1960\/06\/1960_Rzym_zloty_200.jpg\" alt=\"\" class=\"wp-image-30248 size-full\"\/><\/figure><div class=\"wp-block-media-text__content\"><!-- wp:paragraph -->\n<p><strong>Zdzis\u0142aw Krzyszkowiak<\/strong><br>(lekkoatletyka, 3000m z przeszkodami)<\/p>\n<!-- \/wp:paragraph -->\n\n<!-- wp:paragraph -->\n<p><strong>J\u00f3zef Schmidt<\/strong><br>(lekkoatletyka, tr\u00f3jskok)<\/p>\n<!-- \/wp:paragraph -->\n\n<!-- wp:paragraph -->\n<p><strong>Ireneusz Pali\u0144ski<\/strong><br>(podnoszenie ci\u0119\u017car\u00f3w, 82,5 kg)<\/p>\n<!-- \/wp:paragraph -->\n\n<!-- wp:paragraph -->\n<p><strong>Kazimierz Pa\u017adzior<\/strong><br>(boks, waga lekka)<\/p>\n<!-- \/wp:paragraph --><\/div><\/div>\n<!-- \/wp:media-text -->\n<!-- \/wp:ub\/content-toggle-panel-block -->\n<!-- \/wp:ub\/content-toggle-block -->\n\n<!-- wp:ub\/content-toggle-block {\"blockID\":\"347fabe1-7fc8-4573-b872-e1e306314837\",\"theme\":\"#f1f1f1\",\"collapsed\":true,\"titleColor\":\"#000000\"} -->\n<!-- wp:ub\/content-toggle-panel-block {\"parentID\":\"b662193c-5a84-47eb-a9a5-76f446d5e30c\",\"theme\":\"#f1f1f1\",\"collapsed\":true,\"titleColor\":\"#000000\",\"panelTitle\":\"Srebrne\",\"blockID\":\"ed747d28-9a08-410b-b694-c97c0e315451\"} -->\n<!-- wp:paragraph -->\n<p><\/p>\n<!-- \/wp:paragraph -->\n\n<!-- wp:media-text {\"align\":\"wide\",\"mediaId\":30250,\"mediaType\":\"image\",\"mediaWidth\":20,\"isStackedOnMobile\":false,\"className\":\"is-stacked-on-mobile\"} -->\n<div class=\"wp-block-media-text alignwide is-stacked-on-mobile\" style=\"grid-template-columns:20% auto\"><figure class=\"wp-block-media-text__media\"><img src=\"https:\/\/olimpijski.pl\/wp-content\/uploads\/1960\/06\/1960_Rzym_sreb_200.jpg\" alt=\"\" class=\"wp-image-30250 size-full\"\/><\/figure><div class=\"wp-block-media-text__content\"><!-- wp:paragraph -->\n<p><strong>El\u017cbieta Krzesi\u0144ska<\/strong><br>(lekkoatletyka, skok w dal)<\/p>\n<!-- \/wp:paragraph -->\n\n<!-- wp:paragraph -->\n<p><strong>Jaros\u0142awa J\u00f3\u017awiakowska<\/strong><br>(lekkoatletyka, skok wzwy\u017c)<\/p>\n<!-- \/wp:paragraph -->\n\n<!-- wp:paragraph -->\n<p><strong>Jerzy Adamski<\/strong><br>(boks, waga pi\u00f3rkowa)<\/p>\n<!-- \/wp:paragraph -->\n\n<!-- wp:paragraph -->\n<p><strong>Tadeusz Walasek<\/strong><br>(boks, waga \u015brednia)<\/p>\n<!-- \/wp:paragraph -->\n\n<!-- wp:paragraph -->\n<p><strong>Zbigniew Pietrzykowski<\/strong><br>(boks, waga p\u00f3\u0142ci\u0119\u017cka)<\/p>\n<!-- \/wp:paragraph -->\n\n<!-- wp:paragraph -->\n<p><strong>Marian Kuszewski, Emil Ochyra, Jerzy Paw\u0142owski, Andrzej Pi\u0105tkowski, Wojciech Zab\u0142ocki, Ryszard Zub<\/strong><br>(szermierka, szabla dru\u017cynowo)<\/p>\n<!-- \/wp:paragraph --><\/div><\/div>\n<!-- \/wp:media-text -->\n<!-- \/wp:ub\/content-toggle-panel-block -->\n<!-- \/wp:ub\/content-toggle-block -->\n\n<!-- wp:ub\/content-toggle-block {\"blockID\":\"6c7378ab-a429-4ed7-a173-fb3e3494a047\",\"theme\":\"#f1f1f1\",\"collapsed\":true,\"titleColor\":\"#000000\"} -->\n<!-- wp:ub\/content-toggle-panel-block {\"parentID\":\"40cc4003-9e39-4c8d-965f-0ad01819e5ca\",\"theme\":\"#f1f1f1\",\"collapsed\":true,\"titleColor\":\"#000000\",\"panelTitle\":\"Br\u0105zowe\",\"blockID\":\"71fa9c40-d1a4-4c62-babe-89db9bcfdc96\"} -->\n<!-- wp:paragraph -->\n<p><\/p>\n<!-- \/wp:paragraph -->\n\n<!-- wp:media-text {\"align\":\"wide\",\"mediaId\":30252,\"mediaType\":\"image\",\"mediaWidth\":20,\"isStackedOnMobile\":false,\"className\":\"is-stacked-on-mobile\"} -->\n<div class=\"wp-block-media-text alignwide is-stacked-on-mobile\" style=\"grid-template-columns:20% auto\"><figure class=\"wp-block-media-text__media\"><img src=\"https:\/\/olimpijski.pl\/wp-content\/uploads\/1960\/06\/1960_Rzym_braz_200.jpg\" alt=\"\" class=\"wp-image-30252 size-full\"\/><\/figure><div class=\"wp-block-media-text__content\"><!-- wp:paragraph -->\n<p><strong>Brunon Bendig<\/strong><br>(boks - waga kogucia)<\/p>\n<!-- \/wp:paragraph -->\n\n<!-- wp:paragraph -->\n<p><strong>Leszek Drogosz<\/strong><br>(boks, waga lekkop\u00f3\u0142\u015brednia)<\/p>\n<!-- \/wp:paragraph -->\n\n<!-- wp:paragraph -->\n<p><strong>Marian Kasprzyk<\/strong><br>(boks, waga p\u00f3\u0142\u015brednia)<\/p>\n<!-- \/wp:paragraph -->\n\n<!-- wp:paragraph -->\n<p><strong>Danuta Walkowiak<\/strong><br>(kajakarstwo, K1 na 500 m)<\/p>\n<!-- \/wp:paragraph -->\n\n<!-- wp:paragraph -->\n<p><strong>Stefan Kap\u0142aniak, W\u0142adys\u0142aw Zieli\u0144ski<\/strong><br>(kajakarstwo, K2 na 1000 m)<\/p>\n<!-- \/wp:paragraph -->\n\n<!-- wp:paragraph -->\n<p><strong>Tadeusz Rut<\/strong><br>(lekkoatletyka, rzut m\u0142otem)<\/p>\n<!-- \/wp:paragraph -->\n\n<!-- wp:paragraph -->\n<p><strong>Kazimierz Zimny<\/strong><br>(lekkoatletyka, bieg na 5000 m)<\/p>\n<!-- \/wp:paragraph -->\n\n<!-- wp:paragraph -->\n<p><strong>Teresa Ciep\u0142y, Halina G\u00f3recka, Barbara Janiszewska, Celina Jesionowska<\/strong><br>(lekkoatletyka, sztafeta 4x100 m)<\/p>\n<!-- \/wp:paragraph -->\n\n<!-- wp:paragraph -->\n<p><strong>Teodor Kocerka<\/strong><br>(wio\u015blarstwo, jedynki)<\/p>\n<!-- \/wp:paragraph -->\n\n<!-- wp:paragraph -->\n<p><strong>Jan Bochenek<\/strong><br>(podnoszenie ci\u0119\u017car\u00f3w, waga 82,5 kg)<\/p>\n<!-- \/wp:paragraph -->\n\n<!-- wp:paragraph -->\n<p><strong>Tadeusz Trojanowski<\/strong><br>(zapasy, styl wolny - 60 kg)<\/p>\n<!-- \/wp:paragraph --><\/div><\/div>\n<!-- \/wp:media-text -->\n<!-- \/wp:ub\/content-toggle-panel-block -->\n<!-- \/wp:ub\/content-toggle-block -->\n\n<!-- wp:quote {\"className\":\"is-style-default\"} -->\n<blockquote class=\"wp-block-quote is-style-default\"><!-- wp:paragraph -->\n<p>Na starcie po raz pierwszy stan\u0119li sportowcy z Maroka, San Marino, Sudanu i Tunezji.<\/p>\n<!-- \/wp:paragraph --><\/blockquote>\n<!-- \/wp:quote -->","post_title":"Rzym 1960","post_excerpt":"","post_status":"publish","comment_status":"closed","ping_status":"closed","post_password":"","post_name":"rzym-1960","to_ping":"","pinged":"","post_modified":"2024-06-27 13:05:26","post_modified_gmt":"2024-06-27 11:05:26","post_content_filtered":"","post_parent":0,"guid":"https:\/\/wai-q98d7hpf9hy9k.wpallimport-demo.qsandbox.me\/olympics_summer\/rzym-1960\/","menu_order":0,"post_type":"olympics_summer","post_mime_type":"","comment_count":"0","filter":"raw"}],"competitions_rewards":[{"competition":[{"ID":5734,"post_author":"1","post_date":"2020-06-19 11:32:08","post_date_gmt":"2020-06-19 09:32:08","post_content":"","post_title":"Lekkoatletyka - tr\u00f3jskok","post_excerpt":"","post_status":"publish","comment_status":"closed","ping_status":"closed","post_password":"","post_name":"trojskok","to_ping":"","pinged":"","post_modified":"2020-07-22 11:36:24","post_modified_gmt":"2020-07-22 09:36:24","post_content_filtered":"","post_parent":5819,"guid":"https:\/\/wai-q7byvryhhcz9k.wpallimport-demo.qsandbox.me\/competition\/trojskok\/","menu_order":0,"post_type":"competition","post_mime_type":"","comment_count":"0","filter":"raw"}],"reward":{"value":"1","label":"Z\u0142oty"}}]},{"olimpic":[{"ID":302,"post_author":"1","post_date":"1968-06-17 13:34:45","post_date_gmt":"1968-06-17 12:34:45","post_content":"<!-- wp:heading {\"level\":1,\"className\":\"main-title\"} -->\n<h1 class=\"main-title\"><strong>Igrzyska XIX Olimpiady<\/strong><br>Meksyk 1968<\/h1>\n<!-- \/wp:heading -->\n\n<!-- wp:paragraph -->\n<p><br><\/p>\n<!-- \/wp:paragraph -->\n\n<!-- wp:image {\"align\":\"left\",\"id\":19330,\"sizeSlug\":\"large\",\"className\":\"is-style-default\"} -->\n<div class=\"wp-block-image is-style-default\"><figure class=\"alignleft size-large\"><img src=\"https:\/\/olimpijski.pl\/wp-content\/uploads\/1968\/06\/meksyk1968.png\" alt=\"\" class=\"wp-image-19330\"\/><\/figure><\/div>\n<!-- \/wp:image -->\n\n<!-- wp:list -->\n<ul><li>Igrzyska rozegrano w dniach <strong>12-27 pa\u017adziernika<\/strong>.<\/li><li>Wystartowa\u0142o <strong>5516<\/strong> zawodnik\u00f3w (w tym <strong>781<\/strong> kobiet) ze <strong>112<\/strong>.<\/li><li>Rozdano <strong>172<\/strong> komplety medali.<\/li><li>Przysi\u0119g\u0119 olimpijsk\u0105 w imieniu sportowc\u00f3w z\u0142o\u017cy\u0142 lekkoatleta <strong>Pablo Garrido<\/strong>.<\/li><li>Znicz zapali\u0142a sprinterka i uczestniczka igrzysk <strong>Norma Enriqueta Basilio de Sotelo<\/strong> staj\u0105c si\u0119 pierwsz\u0105 w historii igrzysk kobiet\u0105, kt\u00f3ra zapali\u0142a znicz olimpijski.<\/li><li>Igrzyska otworzy\u0142 <strong>prezydent Meksyku Gustavo Diaz Ordaz<\/strong>.<\/li><\/ul>\n<!-- \/wp:list -->\n\n<!-- wp:heading -->\n<h2><strong>Program Igrzysk \u2013 20 dyscyplin, 172 konkurencje<\/strong><\/h2>\n<!-- \/wp:heading -->\n\n<!-- wp:paragraph -->\n<p>boks (11 konkurencji), gimnastyka (14), hokej na trawie (1), je\u017adziectwo (6), kajakarstwo (7), kolarstwo (7), koszyk\u00f3wka (1), lekkoatletyka (36), pi\u0119ciob\u00f3j nowoczesny (2), pi\u0142ka no\u017cna (1), pi\u0142ka siatkowa (2), pi\u0142ka wodna (1), p\u0142ywanie (29), podnoszenie ci\u0119\u017car\u00f3w (7), skoki do wody (4), strzelectwo (7), szermierka (8), wio\u015blarstwo (7), zapasy (16), \u017ceglarstwo (5).<\/p>\n<!-- \/wp:paragraph -->\n\n<!-- wp:heading -->\n<h2><strong>Gwiazdy Igrzysk<\/strong><\/h2>\n<!-- \/wp:heading -->\n\n<!-- wp:paragraph -->\n<p><strong>Vera Caslavska<\/strong> (Czechos\u0142owacja, gimnastyka) \u2013 4 z\u0142ote medale, 2 srebrne<br><strong>Al Oerter <\/strong>(USA, lekkoatletyka) \u2013 czwarty z rz\u0119du z\u0142oty medal w rzucie dyskiem.<\/p>\n<!-- \/wp:paragraph -->\n\n<!-- wp:heading -->\n<h2><strong>Polska Reprezentacja Olimpijska<\/strong><\/h2>\n<!-- \/wp:heading -->\n\n<!-- wp:paragraph -->\n<p><strong>186 os\u00f3b <\/strong>(startowa\u0142o 177 \u2013 37 kobiet i 140 m\u0119\u017cczyzn) w 15 sportach: 11 bokser\u00f3w, 14 gimnastyk\u00f3w (w tym 7 kobiet; 12 startowa\u0142o + 2 rez.), 4 je\u017ad\u017ac\u00f3w, 8 kajakarzy (w tym 3 kobiety), 12 kolarzy (10 startowa\u0142o + 2 rez.), 33 lekkoatlet\u00f3w (w tym 8 kobiet; 31 startowa\u0142o + 2 rez.), 12 koszykarzy, 24 siatkarzy (w tym 12 kobiet), 9 p\u0142ywak\u00f3w (w tym 2 kobiety), 8 ci\u0119\u017carowc\u00f3w (7 startowa\u0142o + 1 rez.), 12 strzelc\u00f3w (w tym 1 kobieta; 11 startowa\u0142o +1 rez.), 20 szermierzy (w tym 5 kobiet), 3 wio\u015blarzy, 12 zapa\u015bnik\u00f3w, 4 \u017ceglarzy (3 startowa\u0142o + 1 rez.).<\/p>\n<!-- \/wp:paragraph -->\n\n<!-- wp:paragraph -->\n<p>Chor\u0105\u017cym reprezentacji Polski by\u0142 ci\u0119\u017carowiec <strong>Waldemar Baszanowski<\/strong>.<\/p>\n<!-- \/wp:paragraph -->\n\n<!-- wp:heading -->\n<h2><strong>Klasyfikacja medalowa<\/strong><\/h2>\n<!-- \/wp:heading -->\n\n<!-- wp:table {\"hasFixedLayout\":true,\"className\":\"is-style-stripes\"} -->\n<figure class=\"wp-block-table is-style-stripes\"><table class=\"has-fixed-layout\"><tbody><tr><td><\/td><td><\/td><td class=\"has-text-align-center\" data-align=\"center\">&nbsp;<\/td><td class=\"has-text-align-center\" data-align=\"center\">&nbsp;<\/td><td class=\"has-text-align-center\" data-align=\"center\">&nbsp;<\/td><td class=\"has-text-align-center\" data-align=\"center\">&nbsp;<\/td><\/tr><tr><td>&nbsp;<\/td><td>&nbsp;<\/td><td class=\"has-text-align-center\" data-align=\"center\">&nbsp;<\/td><td class=\"has-text-align-center\" data-align=\"center\"><img class=\"wp-image-27817\" style=\"width: 50px;\" src=\"https:\/\/olimpijski.pl\/wp-content\/uploads\/2016\/06\/2016_Rio_zloty_50x50.jpg\" alt=\"\"><\/td><td class=\"has-text-align-center\" data-align=\"center\"><img class=\"wp-image-27819\" style=\"width: 50px;\" src=\"https:\/\/olimpijski.pl\/wp-content\/uploads\/2016\/06\/2016_Rio_sreb_50x50.jpg\" alt=\"\"><\/td><td class=\"has-text-align-center\" data-align=\"center\"><img class=\"wp-image-27821\" style=\"width: 50px;\" src=\"https:\/\/olimpijski.pl\/wp-content\/uploads\/2016\/06\/2016_Rio_braz_50x50.jpg\" alt=\"\"><\/td><\/tr><tr><td>1.<\/td><td>USA<\/td><td class=\"has-text-align-center\" data-align=\"center\">107<\/td><td class=\"has-text-align-center\" data-align=\"center\">45<\/td><td class=\"has-text-align-center\" data-align=\"center\">28<\/td><td class=\"has-text-align-center\" data-align=\"center\">34<\/td><\/tr><tr><td>2.<\/td><td>ZSRR<\/td><td class=\"has-text-align-center\" data-align=\"center\">91<\/td><td class=\"has-text-align-center\" data-align=\"center\">29<\/td><td class=\"has-text-align-center\" data-align=\"center\">32<\/td><td class=\"has-text-align-center\" data-align=\"center\">30<\/td><\/tr><tr><td>3.<\/td><td>Japonia<\/td><td class=\"has-text-align-center\" data-align=\"center\">25<\/td><td class=\"has-text-align-center\" data-align=\"center\">11<\/td><td class=\"has-text-align-center\" data-align=\"center\">7<\/td><td class=\"has-text-align-center\" data-align=\"center\">7<\/td><\/tr><tr><td>...<\/td><td>&nbsp;<\/td><td class=\"has-text-align-center\" data-align=\"center\">&nbsp;<\/td><td class=\"has-text-align-center\" data-align=\"center\">&nbsp;<\/td><td class=\"has-text-align-center\" data-align=\"center\">&nbsp;<\/td><td class=\"has-text-align-center\" data-align=\"center\">&nbsp;<\/td><\/tr><tr><td><strong>11.<\/strong><\/td><td><strong>Polska<\/strong><\/td><td class=\"has-text-align-center\" data-align=\"center\"><strong>18<\/strong><\/td><td class=\"has-text-align-center\" data-align=\"center\"><strong>5<\/strong><\/td><td class=\"has-text-align-center\" data-align=\"center\"><strong>2<\/strong><\/td><td class=\"has-text-align-center\" data-align=\"center\"><strong>11<\/strong><\/td><\/tr><\/tbody><\/table><\/figure>\n<!-- \/wp:table -->\n\n<!-- wp:heading -->\n<h2><strong>Medale dla Polski (18)<\/strong><\/h2>\n<!-- \/wp:heading -->\n\n<!-- wp:ub\/content-toggle-block {\"blockID\":\"1a05adaf-4f93-4171-a580-1c718ee6b70e\",\"theme\":\"#f1f1f1\",\"collapsed\":true,\"titleColor\":\"#000000\"} -->\n<!-- wp:ub\/content-toggle-panel-block {\"parentID\":\"1a05adaf-4f93-4171-a580-1c718ee6b70e\",\"theme\":\"#f1f1f1\",\"collapsed\":true,\"titleColor\":\"#000000\",\"panelTitle\":\"Z\u0142ote\"} -->\n<!-- wp:paragraph -->\n<p><\/p>\n<!-- \/wp:paragraph -->\n\n<!-- wp:media-text {\"align\":\"\",\"mediaId\":30262,\"mediaLink\":\"https:\/\/olimpijski.pl\/igrzyska_letnie\/meksyk-1968\/1968_meksyk_zloty_200\/#main\",\"mediaType\":\"image\",\"mediaWidth\":20} -->\n<div class=\"wp-block-media-text is-stacked-on-mobile\" style=\"grid-template-columns:20% auto\"><figure class=\"wp-block-media-text__media\"><img src=\"https:\/\/olimpijski.pl\/wp-content\/uploads\/1968\/06\/1968_Meksyk_zloty_200.jpg\" alt=\"\" class=\"wp-image-30262\"\/><\/figure><div class=\"wp-block-media-text__content\"><!-- wp:paragraph -->\n<p><strong>Jerzy Kulej<\/strong><br>(boks, waga lekko\u015brednia)<\/p>\n<!-- \/wp:paragraph -->\n\n<!-- wp:paragraph -->\n<p><strong>Irena Szewi\u0144ska<\/strong><br>(lekkoatletyka, 200 m)<\/p>\n<!-- \/wp:paragraph -->\n\n<!-- wp:paragraph -->\n<p><strong>Waldemar Baszanowski<\/strong><br>(podnoszenie ci\u0119\u017car\u00f3w, 87,5 kg)<\/p>\n<!-- \/wp:paragraph -->\n\n<!-- wp:paragraph -->\n<p><strong>J\u00f3zef Zap\u0119dzki<\/strong><br>(strzelectwo, pistolet sylwetkowy)<\/p>\n<!-- \/wp:paragraph -->\n\n<!-- wp:paragraph -->\n<p><strong>Jerzy Paw\u0142owski<\/strong><br>(szermierka, szabla)<\/p>\n<!-- \/wp:paragraph --><\/div><\/div>\n<!-- \/wp:media-text -->\n<!-- \/wp:ub\/content-toggle-panel-block -->\n<!-- \/wp:ub\/content-toggle-block -->\n\n<!-- wp:ub\/content-toggle-block {\"blockID\":\"56a99d1e-5d16-4b96-9117-2cd71c78df48\",\"theme\":\"#f1f1f1\",\"collapsed\":true,\"titleColor\":\"#000000\"} -->\n<!-- wp:ub\/content-toggle-panel-block {\"parentID\":\"56a99d1e-5d16-4b96-9117-2cd71c78df48\",\"theme\":\"#f1f1f1\",\"collapsed\":true,\"titleColor\":\"#000000\",\"panelTitle\":\"Srebrne\"} -->\n<!-- wp:paragraph -->\n<p><\/p>\n<!-- \/wp:paragraph -->\n\n<!-- wp:media-text {\"align\":\"\",\"mediaId\":30264,\"mediaLink\":\"https:\/\/olimpijski.pl\/igrzyska_letnie\/meksyk-1968\/1968_meksyk_sreb_200\/#main\",\"mediaType\":\"image\",\"mediaWidth\":20} -->\n<div class=\"wp-block-media-text is-stacked-on-mobile\" style=\"grid-template-columns:20% auto\"><figure class=\"wp-block-media-text__media\"><img src=\"https:\/\/olimpijski.pl\/wp-content\/uploads\/1968\/06\/1968_Meksyk_sreb_200.jpg\" alt=\"\" class=\"wp-image-30264\"\/><\/figure><div class=\"wp-block-media-text__content\"><!-- wp:paragraph -->\n<p><strong>Artur Olech<\/strong><br>(boks, waga musza)<\/p>\n<!-- \/wp:paragraph -->\n\n<!-- wp:paragraph -->\n<p><strong>J\u00f3zef Grudzie\u0144<\/strong><br>(boks, waga lekka)<\/p>\n<!-- \/wp:paragraph --><\/div><\/div>\n<!-- \/wp:media-text -->\n<!-- \/wp:ub\/content-toggle-panel-block -->\n<!-- \/wp:ub\/content-toggle-block -->\n\n<!-- wp:ub\/content-toggle-block {\"blockID\":\"1f2d265b-a948-4d4c-88f0-7a2510db5f48\",\"theme\":\"#f1f1f1\",\"collapsed\":true,\"titleColor\":\"#000000\"} -->\n<!-- wp:ub\/content-toggle-panel-block {\"parentID\":\"1f2d265b-a948-4d4c-88f0-7a2510db5f48\",\"theme\":\"#f1f1f1\",\"collapsed\":true,\"titleColor\":\"#000000\",\"panelTitle\":\"Br\u0105zowe\"} -->\n<!-- wp:paragraph -->\n<p><\/p>\n<!-- \/wp:paragraph -->\n\n<!-- wp:media-text {\"align\":\"\",\"mediaId\":30266,\"mediaLink\":\"https:\/\/olimpijski.pl\/igrzyska_letnie\/meksyk-1968\/1968_meksyk_braz_200\/#main\",\"mediaType\":\"image\",\"mediaWidth\":21} -->\n<div class=\"wp-block-media-text is-stacked-on-mobile\" style=\"grid-template-columns:21% auto\"><figure class=\"wp-block-media-text__media\"><img src=\"https:\/\/olimpijski.pl\/wp-content\/uploads\/1968\/06\/1968_Meksyk_braz_200.jpg\" alt=\"\" class=\"wp-image-30266\"\/><\/figure><div class=\"wp-block-media-text__content\"><!-- wp:paragraph -->\n<p><strong>Irena Kirszenstein<\/strong><br>(lekkoatletyka, 100 m)<\/p>\n<!-- \/wp:paragraph -->\n\n<!-- wp:paragraph -->\n<p><strong>Egon Franke, Adam Lisewski, Ryszard Parulski, Zbigniew Skrudlik, Witold Wojda<\/strong><br>(szermierka, floret dru\u017cynowo)<\/p>\n<!-- \/wp:paragraph -->\n\n<!-- wp:paragraph -->\n<p><strong>Bohdan Andrzejewski, Kazimierz Barburski, Micha\u0142 Butkiewicz, Bohdan Gonsior, Henryk Nielaba<\/strong><br>(szermierka, szpada dru\u017cynowo)<\/p>\n<!-- \/wp:paragraph -->\n\n<!-- wp:paragraph -->\n<p><strong>Halina Aszkie\u0142owicz, Krystyna Czajkowska, Krystyna Jakubowska, Krystyna Krupa, J\u00f3zefa Ledwig, Jadwiga Marko-Ksi\u0105\u017cek, Barbara Niemczyk, Krystyna Ostrom\u0119cka, El\u017cbieta Porzec, Zofia Szcz\u0119\u015bniewska, Wanda Wiecha, Lidia \u017bmuda<\/strong><br>(siatk\u00f3wka)<\/p>\n<!-- \/wp:paragraph -->\n\n<!-- wp:paragraph -->\n<p><strong>Hubert Skrzypczak<\/strong><br>(boks, waga papierowa)<\/p>\n<!-- \/wp:paragraph -->\n\n<!-- wp:paragraph -->\n<p><strong>Stanis\u0142aw Dragan<\/strong><br>(boks, waga p\u00f3\u0142ci\u0119\u017cka)<\/p>\n<!-- \/wp:paragraph -->\n\n<!-- wp:paragraph -->\n<p><strong>Janusz Kierzkowski<\/strong><br>(kolarstwo torowe, 1000 m)<\/p>\n<!-- \/wp:paragraph -->\n\n<!-- wp:paragraph -->\n<p><strong>Henryk Tr\u0119bicki<\/strong><br>(podnoszenie ci\u0119\u017car\u00f3w, 56 kg)<\/p>\n<!-- \/wp:paragraph -->\n\n<!-- wp:paragraph -->\n<p><strong>Marian Zieli\u0144ski<\/strong><br>(podnoszenie ci\u0119\u017car\u00f3w, 67,5 kg)<\/p>\n<!-- \/wp:paragraph -->\n\n<!-- wp:paragraph -->\n<p><strong>Marek Go\u0142\u0105b<\/strong><br>(podnoszenie ci\u0119\u017car\u00f3w, 90 kg)<\/p>\n<!-- \/wp:paragraph -->\n\n<!-- wp:paragraph -->\n<p><strong>Norbert Ozimek<\/strong><br>(podnoszenie ci\u0119\u017car\u00f3w, 82,5 kg)<\/p>\n<!-- \/wp:paragraph --><\/div><\/div>\n<!-- \/wp:media-text -->\n<!-- \/wp:ub\/content-toggle-panel-block -->\n<!-- \/wp:ub\/content-toggle-block -->\n\n<!-- wp:quote -->\n<blockquote class=\"wp-block-quote\"><p>Kolejne \u015bwietne igrzyska Polak\u00f3w. Sukces z Tokio powt\u00f3rzy\u0142 bokser Jerzy Kulej, tym razem triumfuj\u0105c w wadze lekko\u015bredniej oraz Waldemar Baszanowski, najlepszy w wadze 87,5 kg. Dwa medale (z\u0142oty i br\u0105zowy)\u00a0do kolekcji dorzuci\u0142a Irena Szewi\u0144ska. Pozosta\u0142e tytu\u0142y mistrz\u00f3w przypad\u0142y: strzelcowi J\u00f3zefowi Zap\u0119dzkiemu w pistolecie sylwetkowym i szabli\u015bcie Jerzemu Paw\u0142owskiemu.<\/p><\/blockquote>\n<!-- \/wp:quote -->\n\n<!-- wp:quote -->\n<blockquote class=\"wp-block-quote\"><p>W meksyka\u0144skich igrzyskach zadebiutowa\u0142y: Barbados, Belize (jako Honduras Brytyjski), Demokratyczna Republika Kongo (jako Kongo Kinszasa, Gwinea, Honduras, Kuwejt, Nikaragua, Paragwaj, Republika\u00a0 \u015arodkowo-Afryka\u0144ska, Salwador, Sierra Leone oraz Wyspy Dziewicze Stan\u00f3w Zjednoczonych. Stwierdzono jeden przypadek dopingu.<\/p><\/blockquote>\n<!-- \/wp:quote -->","post_title":"Meksyk 1968","post_excerpt":"","post_status":"publish","comment_status":"closed","ping_status":"closed","post_password":"","post_name":"meksyk-1968","to_ping":"","pinged":"","post_modified":"2020-10-02 16:32:52","post_modified_gmt":"2020-10-02 14:32:52","post_content_filtered":"","post_parent":0,"guid":"https:\/\/wai-q98d7hpf9hy9k.wpallimport-demo.qsandbox.me\/olympics_summer\/meksyk-1968\/","menu_order":0,"post_type":"olympics_summer","post_mime_type":"","comment_count":"0","filter":"raw"}],"competitions_rewards":[{"competition":[{"ID":5819,"post_author":"1","post_date":"2020-06-19 11:32:23","post_date_gmt":"2020-06-19 11:32:23","post_content":"","post_title":"Lekkoatletyka","post_excerpt":"","post_status":"publish","comment_status":"open","ping_status":"open","post_password":"","post_name":"lekkoatletyka","to_ping":"","pinged":"","post_modified":"2020-06-29 13:17:08","post_modified_gmt":"2020-06-29 11:17:08","post_content_filtered":"","post_parent":0,"guid":"https:\/\/wai-q7byvryhhcz9k.wpallimport-demo.qsandbox.me\/competition\/lekkoatletyka\/","menu_order":0,"post_type":"competition","post_mime_type":"","comment_count":"0","filter":"raw"}],"reward":""}]}],"picture":{"ID":29880,"id":29880,"title":"J\u00f3zef Schmid na BMS (1)","filename":"Jozef-Schmid-na-BMS-1.jpg","filesize":43490,"url":"https:\/\/olimpijski.pl\/wp-content\/uploads\/2020\/06\/Jozef-Schmid-na-BMS-1.jpg","link":"https:\/\/olimpijski.pl\/en\/olimpijczycy\/jozef-schmidt\/jozef-schmid-na-bms-1\/#main","alt":"","author":"15","description":"","caption":"","name":"jozef-schmid-na-bms-1","status":"inherit","uploaded_to":14959,"date":"2020-10-01 12:15:27","modified":"2020-10-01 12:15:27","menu_order":0,"mime_type":"image\/jpeg","type":"image","subtype":"jpeg","icon":"https:\/\/olimpijski.pl\/wp-includes\/images\/media\/default.png","width":303,"height":421,"sizes":{"thumbnail":"https:\/\/olimpijski.pl\/wp-content\/uploads\/2020\/06\/Jozef-Schmid-na-BMS-1-150x150.jpg","thumbnail-width":150,"thumbnail-height":150,"medium":"https:\/\/olimpijski.pl\/wp-content\/uploads\/2020\/06\/Jozef-Schmid-na-BMS-1-216x300.jpg","medium-width":216,"medium-height":300,"medium_large":"https:\/\/olimpijski.pl\/wp-content\/uploads\/2020\/06\/Jozef-Schmid-na-BMS-1.jpg","medium_large-width":303,"medium_large-height":421,"large":"https:\/\/olimpijski.pl\/wp-content\/uploads\/2020\/06\/Jozef-Schmid-na-BMS-1.jpg","large-width":303,"large-height":421,"1536x1536":"https:\/\/olimpijski.pl\/wp-content\/uploads\/2020\/06\/Jozef-Schmid-na-BMS-1.jpg","1536x1536-width":303,"1536x1536-height":421,"2048x2048":"https:\/\/olimpijski.pl\/wp-content\/uploads\/2020\/06\/Jozef-Schmid-na-BMS-1.jpg","2048x2048-width":303,"2048x2048-height":421,"ultp_layout_landscape_large":"https:\/\/olimpijski.pl\/wp-content\/uploads\/2020\/06\/Jozef-Schmid-na-BMS-1.jpg","ultp_layout_landscape_large-width":303,"ultp_layout_landscape_large-height":421,"ultp_layout_landscape":"https:\/\/olimpijski.pl\/wp-content\/uploads\/2020\/06\/Jozef-Schmid-na-BMS-1.jpg","ultp_layout_landscape-width":303,"ultp_layout_landscape-height":421,"ultp_layout_portrait":"https:\/\/olimpijski.pl\/wp-content\/uploads\/2020\/06\/Jozef-Schmid-na-BMS-1.jpg","ultp_layout_portrait-width":303,"ultp_layout_portrait-height":421,"ultp_layout_square":"https:\/\/olimpijski.pl\/wp-content\/uploads\/2020\/06\/Jozef-Schmid-na-BMS-1.jpg","ultp_layout_square-width":303,"ultp_layout_square-height":421}},"firstname":"J\u00f3zef","lastname":"Schmidt (1935-2024)","birthdate_date":"28\/03\/1935","birthdate":"28 marca 1935","deathdate_date":"","deathdate":"29 lipca 2024","placeofbirth":"Micha\u0142kowice","club":"G\u00f3rnik Zabrze, CWKS Wroc\u0142aw, \u015al\u0105sk Wroc\u0142aw","coach":"Tadeusz Starzy\u0144ski","metrics":"184 cm \/ 77 kg","seolink":"schmidt-jozef","tmp_old_id":"14393","tmp_old_fid":"294","tmp_old_parent_id":"15544","createdate":"28\/01\/2014","tmp_old_title":"Schmidt  J\u00f3zef","tmp_old_lead":"","tmp_old_body":"<p class=\"title-m-02\">SCHMIDT  J\u00d3ZEF<\/p><p><strong>\u015blusarz samochodowy, tr\u00f3jskoczek, rekordzista \u015bwiata (17.03), trzykrotny olimpijczyk (1960, 1964, 1968), zdobywca dw\u00f3ch z\u0142otych medali: w Rzymie i Tokio.<br\/><\/strong><br\/>Urodzony 28 marca 1935 w Micha\u0142kowicach na \u015al\u0105sku, syn Feliksa Jana i lgi Niewolik, absolwent G\u00f3rniczej Szko\u0142y Zawodowej, \u015blusarz samochodowy. Lekkoatleta (184 cm, 77 kg) G\u00f3rnika Zabrze (1955), CWKS Wroc\u0142aw (1956), \u015al\u0105ska Wroc\u0142aw (1957) i ponownie G\u00f3rnika Zabrze (1958-1972) specjalizuj\u0105cy si\u0119 w tr\u00f3jskoku. Dzi\u0119ki inicjatywie starszego brata Edwarda (czo\u0142owy sprinter, olimpijczyk) zosta\u0142 \"sprawdzony\" przez jednego z najbardziej zas\u0142u\u017conych szkoleniowc\u00f3w s\u0142ynnego lekkoatletycznego Wunderteamu\u00a0 Tadeusza Starzy\u0144skiego. Ten nauczy\u0142 go tr\u00f3jskoku, konkurencji kt\u00f3ra rozpoczyna\u0142a wielk\u0105 mi\u0119dzynarodow\u0105 karier\u0119 i by\u0142a domen\u0105 reprezentant\u00f3w ZSRR (skakali ju\u017c ponad 16 metr\u00f3w). Wykorzystuj\u0105c wrodzon\u0105 szybko\u015b\u0107 podopiecznego trener stworzy\u0142 nowy spos\u00f3b potr\u00f3jnego skoku zwany \"stylem biegowym\" (potem polskim), kt\u00f3ry dzi\u0119ki swojej skuteczno\u015bci (prostota, odleg\u0142o\u015b\u0107) sta\u0142 si\u0119 popularny i powszechnie stosowany. \"Polski kangur\" (tak zacz\u0119to nazywa\u0107 Schmidta) szybko dogoni\u0142 tr\u00f3jskoczk\u00f3w radzieckich, pobi\u0142 ich w Sztokholmie podczas ME (1958), a w roku olimpijskim (1960) ustanowi\u0142 <strong>rekord \u015bwiata<\/strong> przekraczaj\u0105c jako pierwszy granic\u0119 17 metr\u00f3w i rozpoczynaj\u0105c swoj\u0105 wieloletni\u0105 supremacj\u0119. <strong>Jej efektem by\u0142y z\u0142ote medale olimpijskie i olimpijski rekord, kt\u00f3ry pobity w Rzymie (1960), poprawiony w Tokio (1964) przetrwa\u0142 a\u017c do Meksyku (1968).<\/strong> 40-krotny reprezentant Polski w meczach mi\u0119dzypa\u0144stwowych 1957-1970 (51 start\u00f3w, 27 zwyci\u0119stw indywidualnych), 9-krotny rekordzista kraju, w tym 7-krotny w tr\u00f3jskoku (od 16.06 w 1958 do 17.03 w 1960) oraz w skoku w dal (7.84) i klubowej sztafecie 4 x 100 m (41.5), 13-krotny mistrz Polski: w tr\u00f3jskoku (1958, 1960, 1962, 1963, 1965-1967, 1969-1971), w skoku w dal (1961) i sztafecie 4 x 100 m (1959, 1960). Rekordy \u017cyciowe: tr\u00f3jskok - 17.03 (5 sierpnia 1960 Olsztyn) i skok w dal - 7.84 (14 lipca 1963 Spa\u0142a). W roku olimpijskim 1964 nast\u0105pi\u0142 najdramatyczniejszy okres w karierze \"polskiego kangura\". B\u00f3l w kolanie (zapalenie torebki maziowej, podobnie jak u Janusza Kusoci\u0144skiego) pojawi\u0142 si\u0119 na wiosn\u0119. Chc\u0105c unikn\u0105\u0107 zabiegu operacyjnego lekarze (prof. Gruca, doc. Malawski) stosuj\u0105 zwyk\u0142e leczenie zachowawcze (blokady, zastrzyki, diatermi\u0119). Bez efekt\u00f3w. Operacja (wyci\u0119cie kaletki maziowej) nast\u0119puje 23 czerwca. Dopiero 1 sierpnia pacjent opuszcza szpital o lasce. Ju\u017c nikt, poza Starzy\u0144skim i Schmidtem nie wierzy\u0142 w jego olimpijski start 16 pa\u017adziernika. A jednak Polak w banda\u017cach wychodzi na olimpijsk\u0105 aren\u0119. Skacze ostro\u017cnie, ale skutecznie. Pi\u0119\u0107 d\u0142ugich godzin niepewno\u015bci i dramatyczne pytanie czy kolano wytrzyma? 16.65 w drugim skoku i prowadzenie w konkursie. W sz\u00f3stej pr\u00f3bie - i to by\u0142o niesamowite - 16.85.\u00a0Pod wiatr. Rekord olimpijski. Lepiej ni\u017c w Rzymie. Wielcy rywale znokautowani. Po powrocie do kraju premier J\u00f3zef\u00a0Cyrankiewicz, wielki entuzjasta sportu docenia ogromny wyczyn olimpijskiego\u00a0mistrza dekoruj\u0105c go osobi\u015bcie Orderem Sztandaru Pracy II Klasy. A mistrz prze\u017cywa najwi\u0119ksz\u0105 w swojej karierze satysfakcj\u0119: pokona\u0142 chorob\u0119 i wygra\u0142\u00a0 ze wszystkimi rywalami spoza skoczni, kt\u00f3rzy ju\u017c przestali wierzy\u0107 w jego sportowe mo\u017cliwo\u015bci. 4-krotny uczestnik mistrzostw Europy (1958, 1962, 1966, 1971), gdzie zdoby\u0142 dwa tytu\u0142y mistrzowskie: w Sztokholmie (1958) z wynikiem 16.43 i Belgradzie (1962), gdzie wygra\u0142 osi\u0105gaj\u0105c 16.55. 3-krotnie bra\u0142 udzia\u0142 w fina\u0142ach Pucharu Europy zajmuj\u0105c w Stuttgarcie (1965), Kijowie (1967) i Sztokholmie (1970) - 3 miejsca z wynikami (kolejno) 16.41 , 16.29 i 16.65. Dwukrotnie czytelnicy \"PS\" nadali mu tytu\u0142 najlepszego sportowca Polski, w dwa olimpijskie lata (1960, 1964). By\u0142 wspaniale walcz\u0105cym sportowcem nie lubi\u0105cym m\u00f3wi\u0107 o sobie i swoich sukcesach. Nikomu te\u017c publicznie nie zdradzi\u0142,\u00a0dlaczego wyjecha\u0142 do Niemiec (1975) ani te\u017c dlaczego powr\u00f3ci\u0142 do Polski (1992). Dalej unika dziennikarzy, dzia\u0142aczy i rozg\u0142osu. Podobno, gdzie\u015b w rodzinnych stronach \u017cony \u0141ucji, na Pomorzu w\u00a0Zagodziu ko\u0142o Drawska Pomorskiego kupi\u0142 kawa\u0142ek ziemi i cieszy si\u0119 z tego, co ma. Do przesz\u0142o\u015bci nie wraca. I trzeba to uszanowa\u0107.<br\/><br\/>Bibl.: G\u0142uszek, Leksykon 1999, s. 342; Pawlak, Olimpijczycy, s. 254; Du\u0144ski, Od Pary\u017ca, s. 778-779; Najlepsi z\u00a0 najlepszych, s. 202- 207; Encyklopedia S\u0142awnych Polak\u00f3w, s. 326-328; Sportowcy XXX - lecia , s. 39-49; Cie\u015bli\u0144ski, Tajemnice, s. 115-136; \u0141ojewski, Mecze m\u0119\u017cczyzn, s. 50 , 356; Rozum, Osi\u0105gni\u0119cia, Tr\u00f3jskok, s. 200; MP m\u0119\u017cczyzn 1945-2002 (oprac. PZLA niepubl.); Encyklopedia (Statystyczna) LA, s. 8, 9, 62, 64, 119 , 122, 140; MES, t. 2, s. 517 (tu wyst\u0119puje w pisowni : Szmidt); zur Megede, Die Geschichte der olympischen Leichtathletik, s. 208, 209, 217, 278, 279, 363, 365; Mistrovstvi Evropy 1934-1974, s. 117; Czempioni XX wieku, 17,03 ze snu szeregowca, Magazyn Sportowy, 8 czerwiec 2001; Najlepsi polscy, s. 191-199.<br\/><strong>*1960 Rzym: tr\u00f3jskok<\/strong> - w elim. osi\u0105gn\u0105\u0142 16.44 (min. kwalifik.15.50), w finale 1 m. (15 zaw.) z wynikiem 16.81 <strong>zdoby\u0142 z\u0142oty medal<\/strong> i pobi\u0142 rekord olimpijski.<br\/><strong>*1964 Tokio: tr\u00f3jskok<\/strong> - w elim. osi\u0105gn\u0105\u0142 16.18 (min. kwalifik.15.80), w finale 1 m. (13 zaw.) z wynikiem 16.85 poprawiaj\u0105c rekord olimpijski i <strong>zdobywaj\u0105c z\u0142oty medal<\/strong>.<br\/><strong>*1968 Meksyk: tr\u00f3jskok<\/strong> - w elim. osi\u0105gn\u0105\u0142 16.16 (min. kwalifik.16.10) w finale 7 m. (13 zaw.) z wynikiem 16.89 (zw. W. Saniejew ZSRR - 17.39).<br\/><\/p><!-- history --><table width=\"85%\" style=\"text-align:right\" border=\"0\" cellspacing=\"0\" cellpadding=\"0\">  <tr>    <td align=\"right\" class=\"box3-title\"><a href=\"javascript:history.back()\">\u00ab powr\u00f3t do listy<\/a><\/td>  <\/tr><\/table>","tmp_old_body_img":false,"tmp_old_lead_img":false,"picture_medalists":false,"important":"","person_achivments":"","group_knuie68fa087fd5h76":false},"_links":{"self":[{"href":"https:\/\/olimpijski.pl\/en\/wp-json\/wp\/v2\/person\/14959"}],"collection":[{"href":"https:\/\/olimpijski.pl\/en\/wp-json\/wp\/v2\/person"}],"about":[{"href":"https:\/\/olimpijski.pl\/en\/wp-json\/wp\/v2\/types\/person"}],"version-history":[{"count":3,"href":"https:\/\/olimpijski.pl\/en\/wp-json\/wp\/v2\/person\/14959\/revisions"}],"predecessor-version":[{"id":90174,"href":"https:\/\/olimpijski.pl\/en\/wp-json\/wp\/v2\/person\/14959\/revisions\/90174"}],"wp:featuredmedia":[{"embeddable":true,"href":"https:\/\/olimpijski.pl\/en\/wp-json\/wp\/v2\/media\/29880"}],"wp:attachment":[{"href":"https:\/\/olimpijski.pl\/en\/wp-json\/wp\/v2\/media?parent=14959"}],"curies":[{"name":"wp","href":"https:\/\/api.w.org\/{rel}","templated":true}]}}