{"id":14966,"date":"2020-06-24T16:51:07","date_gmt":"2020-06-24T14:51:07","guid":{"rendered":"http:\/\/pkol.local\/person\/scigala-edward-konrad\/"},"modified":"2023-02-20T09:43:31","modified_gmt":"2023-02-20T08:43:31","slug":"scigala-edward-konrad","status":"publish","type":"person","link":"https:\/\/olimpijski.pl\/en\/olimpijczycy\/scigala-edward-konrad\/","title":{"rendered":"Edward \u015aciga\u0142a (1926-1990)"},"content":{"rendered":"\n<p><br><br><br><strong>trener, jeden z pierwszych sztangist\u00f3w w Polsce, olimpijczyk z Helsinek (1952), dzia\u0142acz sportowy.<\/strong><\/p>\n\n\n\n<p>Urodzony 20 lutego 1926 w Piekarach \u015al\u0105skich, dzielnica Brzeziny \u015al\u0105skie, syn J\u00f3zefa i Marii z domu Wyle\u017ca\u0142ek, absolwent Technikum Budowlanego. Zawodnik (168 cm, 68 kg) Stali Brzeziny (1947-1953), jeden z pierwszych ci\u0119\u017carowc\u00f3w w Polsce, mistrz kraju wagi lekkiej (67,5 kg) 1950, 1951, kt\u00f3ry po zako\u0144czeniu kariery zawodniczej by\u0142 nie tylko trenerem i dzia\u0142aczem na \u015al\u0105sku, ale bra\u0142 tak\u017ce czynny udzia\u0142 w pracy Rady Trener\u00f3w przy Sekcji Podnoszenia Ci\u0119\u017car\u00f3w GKKF (1955-1956).<\/p>\n\n\n\n<p>Mistrz Sportu i Zas\u0142u\u017cony Dzia\u0142acz Kultury Fizycznej.<\/p>\n\n\n\n<p>Zmar\u0142 28 stycznia 1990 roku w Piekarach \u015al\u0105skich.<\/p>\n\n\n\n<p><strong>*1952 Helsinki: podnoszenie ci\u0119\u017car\u00f3w, w. lekka 67,5 kg<\/strong> &#8211; 21. miejsce na 24 start. z wynikiem 290 kg: 80, +90, +120 (zw. T. Kono USA &#8211; 362,5 kg: 105, +117,5, +140).<\/p>\n\n\n\n<p><em>Bibl.: G\u0142uszek, Leksykon 1999, s. 347 (tu imi\u0119 Edmund); Pawlak, Olimpijczycy, s. 260 (tu r\u00f3wnie\u017c imi\u0119 Edmund); Klimontowicz, Ruch olimpijski, s. 82; Zgondek, Podnoszenie ci\u0119\u017car\u00f3w na IO, s. 979; USC Piekary \u015al\u0105skie, AU 37\/1926\/2, AZ 40\/1990 (pismo z 26.03.2003); Wywiad \u015brodowiskowy.<\/em><\/p>\n","protected":false},"excerpt":{"rendered":"<p>trener, jeden z pierwszych sztangist\u00f3w w Polsce, olimpijczyk z Helsinek (1952), dzia\u0142acz sportowy. &#8230; <a class=\"read-more\" href=\"https:\/\/olimpijski.pl\/en\/olimpijczycy\/scigala-edward-konrad\/\">Czytaj dalej<\/a><\/p>\n","protected":false},"featured_media":0,"menu_order":60,"template":"","meta":{"_acf_changed":false,"ub_ctt_via":"","footnotes":""},"class_list":["post-14966","person","type-person","status-publish","hentry","infinite-scroll-item","no-featured-image-padding"],"acf":{"olimpic_information":[{"olimpic":[{"ID":306,"post_author":"1","post_date":"1952-06-17 13:34:45","post_date_gmt":"1952-06-17 12:34:45","post_content":"<!-- wp:heading {\"level\":1,\"className\":\"main-title\"} -->\n<h1 class=\"main-title\"><strong>Igrzyska XV Olimpiady<\/strong><br>Helsinki 1952<\/h1>\n<!-- \/wp:heading -->\n\n<!-- wp:paragraph -->\n<p><br><\/p>\n<!-- \/wp:paragraph -->\n\n<!-- wp:image {\"align\":\"left\",\"id\":19318,\"sizeSlug\":\"large\",\"className\":\"is-style-default\"} -->\n<div class=\"wp-block-image is-style-default\"><figure class=\"alignleft size-large\"><img src=\"https:\/\/olimpijski.pl\/wp-content\/uploads\/1952\/06\/helsinki1952.png\" alt=\"\" class=\"wp-image-19318\"\/><\/figure><\/div>\n<!-- \/wp:image -->\n\n<!-- wp:list -->\n<ul><li>Igrzyska rozegrano w dniach <strong>19 lipca \u2013 3 sierpnia<\/strong>.<\/li><li>Wystartowa\u0142o <strong>4955<\/strong> zawodnik\u00f3w (w tym <strong>519<\/strong> kobiet) z <strong>69<\/strong> kraj\u00f3w.<\/li><li>Rozdano <strong>149<\/strong> komplet\u00f3w medali.<\/li><li>Przysi\u0119g\u0119 w imieniu sportowc\u00f3w z\u0142o\u017cy\u0142 gimnastyk <strong>Heikki Savolainen<\/strong>.<\/li><li>Znicz olimpijski zapalili <strong>Hannes Kolehmainen<\/strong> i <strong>Paavo Nurmi<\/strong>.<\/li><li>Igrzyska otworzy\u0142 prezydent Finlandii <strong>Juho Kusti Paasikivi<\/strong>.<\/li><\/ul>\n<!-- \/wp:list -->\n\n<!-- wp:heading -->\n<h2><strong>Program Igrzysk \u2013 19 dyscyplin, 149 konkurencji<\/strong><\/h2>\n<!-- \/wp:heading -->\n\n<!-- wp:paragraph -->\n<p>Boks (10 konkurencji), gimnastyka (15), hokej na trawie (1), je\u017adziectwo (6), kajakarstwo (9), kolarstwo (6), koszyk\u00f3wka (1), lekkoatletyka (33), pi\u0119ciob\u00f3j nowoczesny (2), pi\u0142ka no\u017cna (1), pi\u0142ka wodna (1), p\u0142ywanie (11), podnoszenie ci\u0119\u017car\u00f3w (7), skoki do wody (4), strzelectwo (7), szermierka (7), wio\u015blarstwo (7), zapasy (16), \u017ceglarstwo (5).<\/p>\n<!-- \/wp:paragraph -->\n\n<!-- wp:heading -->\n<h2><strong>Gwiazdy Igrzysk<\/strong><\/h2>\n<!-- \/wp:heading -->\n\n<!-- wp:paragraph -->\n<p><strong>Emil Zatopek<\/strong> (Czechos\u0142owacja, lekkoatletyka) \u2013 3 z\u0142ote medale<br><strong>Dana Zatopek<\/strong> (Czechos\u0142owacja, lekkoatletyka) \u2013 1 z\u0142oty medal<\/p>\n<!-- \/wp:paragraph -->\n\n<!-- wp:heading -->\n<h2><strong>Polska Reprezentacja Olimpijska<\/strong><\/h2>\n<!-- \/wp:heading -->\n\n<!-- wp:paragraph -->\n<p>135 os\u00f3b (startowa\u0142o 125 \u2013 22 kobiety i 103 m\u0119\u017cczyzn) w 11 sportach: 11 bokser\u00f3w (10 startowa\u0142o + 1 rez.), 17 gimnastyk\u00f3w (w tym 9 kobiet; 16 startowa\u0142o + 1 rez.), 16 hokeist\u00f3w na trawie (14 startowa\u0142o + 2 rez.), 31 lekkoatlet\u00f3w (w tym 9 kobiet; 29 startowa\u0142o + 1 rez., 1 nie), 8 p\u0142ywak\u00f3w (w tym 2 kobiety (7 startowa\u0142o, 1 rez.), 4 ci\u0119\u017carowc\u00f3w, 17 pi\u0142karzy (15 startowa\u0142o + 2 rez.), 2 strzelc\u00f3w, 13 szermierzy (w tym 3 kobiety), 10 wio\u015blarzy, 6 zapa\u015bnik\u00f3w (5 startowa\u0142o, 1 nie).<\/p>\n<!-- \/wp:paragraph -->\n\n<!-- wp:paragraph -->\n<p>Chor\u0105\u017cym reprezentacji Polski by\u0142 wio\u015blarz <strong>Teodor Kocerka<\/strong>.<\/p>\n<!-- \/wp:paragraph -->\n\n<!-- wp:heading -->\n<h2><strong>Klasyfikacja medalowa<\/strong><\/h2>\n<!-- \/wp:heading -->\n\n<!-- wp:table {\"hasFixedLayout\":true,\"className\":\"is-style-stripes\"} -->\n<figure class=\"wp-block-table is-style-stripes\"><table class=\"has-fixed-layout\"><tbody><tr><td><\/td><td><\/td><td class=\"has-text-align-center\" data-align=\"center\">&nbsp;<\/td><td class=\"has-text-align-center\" data-align=\"center\">&nbsp;<\/td><td class=\"has-text-align-center\" data-align=\"center\">&nbsp;<\/td><td class=\"has-text-align-center\" data-align=\"center\">&nbsp;<\/td><\/tr><tr><td>&nbsp;<\/td><td>&nbsp;<\/td><td class=\"has-text-align-center\" data-align=\"center\">&nbsp;<\/td><td class=\"has-text-align-center\" data-align=\"center\"><img class=\"wp-image-27817\" style=\"width: 50px;\" src=\"https:\/\/olimpijski.pl\/wp-content\/uploads\/2016\/06\/2016_Rio_zloty_50x50.jpg\" alt=\"\"><\/td><td class=\"has-text-align-center\" data-align=\"center\"><img class=\"wp-image-27819\" style=\"width: 50px;\" src=\"https:\/\/olimpijski.pl\/wp-content\/uploads\/2016\/06\/2016_Rio_sreb_50x50.jpg\" alt=\"\"><\/td><td class=\"has-text-align-center\" data-align=\"center\"><img class=\"wp-image-27821\" style=\"width: 50px;\" src=\"https:\/\/olimpijski.pl\/wp-content\/uploads\/2016\/06\/2016_Rio_braz_50x50.jpg\" alt=\"\"><\/td><\/tr><tr><td>1.<\/td><td>USA<\/td><td class=\"has-text-align-center\" data-align=\"center\">76<\/td><td class=\"has-text-align-center\" data-align=\"center\">40<\/td><td class=\"has-text-align-center\" data-align=\"center\">19<\/td><td class=\"has-text-align-center\" data-align=\"center\">17<\/td><\/tr><tr><td>2.<\/td><td>ZSRR<\/td><td class=\"has-text-align-center\" data-align=\"center\">71<\/td><td class=\"has-text-align-center\" data-align=\"center\">22<\/td><td class=\"has-text-align-center\" data-align=\"center\">30<\/td><td class=\"has-text-align-center\" data-align=\"center\">19<\/td><\/tr><tr><td>3.<\/td><td>W\u0119gry<\/td><td class=\"has-text-align-center\" data-align=\"center\">42<\/td><td class=\"has-text-align-center\" data-align=\"center\">16<\/td><td class=\"has-text-align-center\" data-align=\"center\">10<\/td><td class=\"has-text-align-center\" data-align=\"center\">19<\/td><\/tr><tr><td>...<\/td><td>&nbsp;<\/td><td class=\"has-text-align-center\" data-align=\"center\">&nbsp;<\/td><td class=\"has-text-align-center\" data-align=\"center\">&nbsp;<\/td><td class=\"has-text-align-center\" data-align=\"center\">&nbsp;<\/td><td class=\"has-text-align-center\" data-align=\"center\">&nbsp;<\/td><\/tr><tr><td><strong>33.<\/strong><\/td><td><strong>Polska<\/strong><\/td><td class=\"has-text-align-center\" data-align=\"center\"><strong>4<\/strong><\/td><td class=\"has-text-align-center\" data-align=\"center\"><strong>1<\/strong><\/td><td class=\"has-text-align-center\" data-align=\"center\"><strong>2<\/strong><\/td><td class=\"has-text-align-center\" data-align=\"center\"><strong>1<\/strong><\/td><\/tr><\/tbody><\/table><\/figure>\n<!-- \/wp:table -->\n\n<!-- wp:heading -->\n<h2><strong>Medale dla Polski (4)<\/strong><\/h2>\n<!-- \/wp:heading -->\n\n<!-- wp:ub\/content-toggle-block {\"blockID\":\"6a4bf77c-c42d-48cf-86cd-6f66d1c7e3fb\",\"theme\":\"#f1f1f1\",\"collapsed\":true,\"titleColor\":\"#000000\"} -->\n<!-- wp:ub\/content-toggle-panel-block {\"parentID\":\"6a4bf77c-c42d-48cf-86cd-6f66d1c7e3fb\",\"theme\":\"#f1f1f1\",\"collapsed\":true,\"titleColor\":\"#000000\",\"panelTitle\":\"Z\u0142oty\"} -->\n<!-- wp:paragraph -->\n<p><\/p>\n<!-- \/wp:paragraph -->\n\n<!-- wp:media-text {\"align\":\"\",\"mediaId\":30230,\"mediaLink\":\"https:\/\/olimpijski.pl\/igrzyska_letnie\/helsinki-1952\/1952_helsinki_zloty_200\/#main\",\"mediaType\":\"image\",\"mediaWidth\":20} -->\n<div class=\"wp-block-media-text is-stacked-on-mobile\" style=\"grid-template-columns:20% auto\"><figure class=\"wp-block-media-text__media\"><img src=\"https:\/\/olimpijski.pl\/wp-content\/uploads\/1952\/06\/1952_Helsinki_zloty_200.jpg\" alt=\"\" class=\"wp-image-30230\"\/><\/figure><div class=\"wp-block-media-text__content\"><!-- wp:paragraph -->\n<p><strong>Zygmunt Chych\u0142a<\/strong><br>(boks, waga p\u00f3\u0142\u015brednia)<\/p>\n<!-- \/wp:paragraph --><\/div><\/div>\n<!-- \/wp:media-text -->\n<!-- \/wp:ub\/content-toggle-panel-block -->\n<!-- \/wp:ub\/content-toggle-block -->\n\n<!-- wp:ub\/content-toggle-block {\"blockID\":\"10c24053-1e9f-443d-8c6e-be0c82c74dc3\",\"theme\":\"#f1f1f1\",\"collapsed\":true,\"titleColor\":\"#000000\"} -->\n<!-- wp:ub\/content-toggle-panel-block {\"parentID\":\"10c24053-1e9f-443d-8c6e-be0c82c74dc3\",\"theme\":\"#f1f1f1\",\"collapsed\":true,\"titleColor\":\"#000000\",\"panelTitle\":\"Srebrne\"} -->\n<!-- wp:paragraph -->\n<p><\/p>\n<!-- \/wp:paragraph -->\n\n<!-- wp:media-text {\"align\":\"\",\"mediaId\":30232,\"mediaLink\":\"https:\/\/olimpijski.pl\/igrzyska_letnie\/helsinki-1952\/1952_helsinki_sreb_200\/#main\",\"mediaType\":\"image\",\"mediaWidth\":20} -->\n<div class=\"wp-block-media-text is-stacked-on-mobile\" style=\"grid-template-columns:20% auto\"><figure class=\"wp-block-media-text__media\"><img src=\"https:\/\/olimpijski.pl\/wp-content\/uploads\/1952\/06\/1952_Helsinki_sreb_200.jpg\" alt=\"\" class=\"wp-image-30232\"\/><\/figure><div class=\"wp-block-media-text__content\"><!-- wp:paragraph -->\n<p><strong>Aleksy Antkiewicz<\/strong><br>(boks, waga lekka)<\/p>\n<!-- \/wp:paragraph -->\n\n<!-- wp:paragraph -->\n<p><strong>Jerzy Jokiel<\/strong><br>(gimnastyka sportowa, \u0107wiczenia wolne)<\/p>\n<!-- \/wp:paragraph --><\/div><\/div>\n<!-- \/wp:media-text -->\n<!-- \/wp:ub\/content-toggle-panel-block -->\n<!-- \/wp:ub\/content-toggle-block -->\n\n<!-- wp:ub\/content-toggle-block {\"blockID\":\"9a7ad677-5265-4ca1-89f1-0e019a696b93\",\"theme\":\"#f1f1f1\",\"collapsed\":true,\"titleColor\":\"#000000\"} -->\n<!-- wp:ub\/content-toggle-panel-block {\"parentID\":\"9a7ad677-5265-4ca1-89f1-0e019a696b93\",\"theme\":\"#f1f1f1\",\"collapsed\":true,\"titleColor\":\"#000000\",\"panelTitle\":\"Br\u0105zowy\"} -->\n<!-- wp:paragraph -->\n<p><\/p>\n<!-- \/wp:paragraph -->\n\n<!-- wp:media-text {\"align\":\"\",\"mediaId\":30235,\"mediaLink\":\"https:\/\/olimpijski.pl\/igrzyska_letnie\/helsinki-1952\/1952_helsinki_braz_200\/#main\",\"mediaType\":\"image\",\"mediaWidth\":20} -->\n<div class=\"wp-block-media-text is-stacked-on-mobile\" style=\"grid-template-columns:20% auto\"><figure class=\"wp-block-media-text__media\"><img src=\"https:\/\/olimpijski.pl\/wp-content\/uploads\/1952\/06\/1952_Helsinki_braz_200.jpg\" alt=\"\" class=\"wp-image-30235\"\/><\/figure><div class=\"wp-block-media-text__content\"><!-- wp:paragraph -->\n<p><strong>Teodor Kocerka<\/strong><br>(wio\u015blarstwo, jedynki)<\/p>\n<!-- \/wp:paragraph --><\/div><\/div>\n<!-- \/wp:media-text -->\n<!-- \/wp:ub\/content-toggle-panel-block -->\n<!-- \/wp:ub\/content-toggle-block -->\n\n<!-- wp:quote {\"className\":\"is-style-default\"} -->\n<blockquote class=\"wp-block-quote is-style-default\"><p>Pierwszy z\u0142oty medal dla Polski po II wojnie \u015bwiatowej zdoby\u0142 w Helsinkach w wadze p\u00f3\u0142\u015bredniej bokser Zygmunt Chych\u0142a. Srebrny kr\u0105\u017cek w rywalizacji bokser\u00f3w przypad\u0142 w wadze lekkiej kolejnemu podopiecznemu trenera Feliksa Stamma, Aleksemu Antkiewiczowi, kt\u00f3ry poprawi\u0142 kolor kr\u0105\u017cka zdobytego przed czterema laty w Londynie na srebrny.<\/p><p>W igrzyskach po raz pierwszy wyst\u0105pili sportowcy z Antyli Holenderskich, Baham\u00f3w, Chi\u0144skiej republiki Ludowej, Ghany (jako Z\u0142ote Wybrze\u017ce), Gwatemali, Hongkongu, Indonezji, Izraela, Nigerii, Tajlandii, Wietnamu i ZSRR. Imprezami pokazowymi by\u0142y: pi\u0142ka r\u0119czna i baseball.<\/p><\/blockquote>\n<!-- \/wp:quote -->","post_title":"Helsinki 1952","post_excerpt":"","post_status":"publish","comment_status":"closed","ping_status":"closed","post_password":"","post_name":"helsinki-1952","to_ping":"","pinged":"","post_modified":"2020-10-02 15:46:41","post_modified_gmt":"2020-10-02 13:46:41","post_content_filtered":"","post_parent":0,"guid":"https:\/\/wai-q98d7hpf9hy9k.wpallimport-demo.qsandbox.me\/olympics_summer\/helsinki-1952\/","menu_order":0,"post_type":"olympics_summer","post_mime_type":"","comment_count":"0","filter":"raw"}],"competitions_rewards":[{"competition":[{"ID":5820,"post_author":"1","post_date":"2020-06-19 11:32:26","post_date_gmt":"2020-06-19 11:32:26","post_content":"","post_title":"Podnoszenie ci\u0119\u017car\u00f3w","post_excerpt":"","post_status":"publish","comment_status":"open","ping_status":"open","post_password":"","post_name":"podnoszenie-ciezarow","to_ping":"","pinged":"","post_modified":"2020-06-29 13:17:09","post_modified_gmt":"2020-06-29 11:17:09","post_content_filtered":"","post_parent":0,"guid":"https:\/\/wai-q7byvryhhcz9k.wpallimport-demo.qsandbox.me\/competition\/podnoszenie-ciezarow\/","menu_order":0,"post_type":"competition","post_mime_type":"","comment_count":"0","filter":"raw"}],"reward":""}]}],"picture":false,"firstname":"Edward","lastname":"\u015aciga\u0142a (1926-1990)","birthdate_date":"20\/02\/1926","birthdate":"20 lutego 1926","deathdate_date":"28\/02\/1990","deathdate":"28 stycznia 1990","placeofbirth":"","club":"","coach":"","metrics":"","seolink":"scigala-edward-konrad","tmp_old_id":"14922","tmp_old_fid":"294","tmp_old_parent_id":"15544","createdate":"06\/11\/2013","tmp_old_title":"\u015aciga\u0142a Edward Konrad (1926-1990)","tmp_old_lead":"","tmp_old_body":"<p class=\"title-m-02\">\u015aCIGA\u0141A EDWARD KONRAD (1926-1990)<\/p><p><strong>trener, jeden z pierwszych sztangist\u00f3w w Polsce, olimpijczyk z Helsinek (1952), dzia\u0142acz sportowy.<br\/><br\/><\/strong>Urodzony 20 lutego 1926 w Piekarach \u015al\u0105skich,&nbsp;dzielnica Brzeziny \u015al\u0105skie, syn J\u00f3zefa i Marii z domu Wyle\u017ca\u0142ek, absolwent Technikum Budowlanego. Zawodnik (168 cm, 68 kg) Stali Brzeziny (1947-1953), jeden z pierwszych ci\u0119\u017carowc\u00f3w w Polsce, mistrz kraju wagi lekkiej (67,5 kg) 1950, 1951, kt\u00f3ry po zako\u0144czeniu kariery zawodniczej by\u0142 nie tylko trenerem i dzia\u0142aczem na \u015al\u0105sku, ale bra\u0142 tak\u017ce czynny udzia\u0142 w pracy Rady Trener\u00f3w przy Sekcji Podnoszenia Ci\u0119\u017car\u00f3w GKKF (1955-1956). Mistrz Sportu i Zas\u0142u\u017cony Dzia\u0142acz Kultury Fizycznej. \u017bonaty. Zmar\u0142 28 stycznia 1990 w Piekarach \u015al\u0105skich.<br\/><br\/>Bibl.: G\u0142uszek, Leksykon 1999, s. 347 (tu imi\u0119 Edmund); Pawlak, Olimpijczycy, s. 260 (tu r\u00f3wnie\u017c imi\u0119 Edmund); Klimontowicz, Ruch olimpijski, s. 82; Zgondek, Podnoszenie ci\u0119\u017car\u00f3w na IO, s. 979; USC Piekary \u015al\u0105skie, AU 37\/1926\/2, AZ 40\/1990 (pismo z 26.03.2003); Wywiad \u015brodowiskowy.<br\/><strong>*1952 Helsinki: w. lekka 67,5 kg<\/strong> - 21 m. na 24 start. z wynikiem 290 kg: 80 +90+120 (zw. T. Kono USA - 362,5 kg: 105+117,5+140).<br\/><\/p><!-- history --><table width=\"85%\" style=\"text-align:right\" border=\"0\" cellspacing=\"0\" cellpadding=\"0\">  <tr>    <td align=\"right\" class=\"box3-title\"><a href=\"javascript:history.back()\">&laquo; powr\u00f3t do listy<\/a><\/td>  <\/tr><\/table>","tmp_old_body_img":false,"tmp_old_lead_img":false,"picture_medalists":false,"important":"","group_knuie68fa087fd5h76":false,"person_achivments":""},"_links":{"self":[{"href":"https:\/\/olimpijski.pl\/en\/wp-json\/wp\/v2\/person\/14966"}],"collection":[{"href":"https:\/\/olimpijski.pl\/en\/wp-json\/wp\/v2\/person"}],"about":[{"href":"https:\/\/olimpijski.pl\/en\/wp-json\/wp\/v2\/types\/person"}],"version-history":[{"count":4,"href":"https:\/\/olimpijski.pl\/en\/wp-json\/wp\/v2\/person\/14966\/revisions"}],"predecessor-version":[{"id":66416,"href":"https:\/\/olimpijski.pl\/en\/wp-json\/wp\/v2\/person\/14966\/revisions\/66416"}],"wp:attachment":[{"href":"https:\/\/olimpijski.pl\/en\/wp-json\/wp\/v2\/media?parent=14966"}],"curies":[{"name":"wp","href":"https:\/\/api.w.org\/{rel}","templated":true}]}}