{"id":14967,"date":"2020-06-24T16:51:07","date_gmt":"2020-06-24T14:51:07","guid":{"rendered":"http:\/\/pkol.local\/person\/wladyslaw-hipolit-segda\/"},"modified":"2021-05-25T12:23:40","modified_gmt":"2021-05-25T10:23:40","slug":"wladyslaw-hipolit-segda","status":"publish","type":"person","link":"https:\/\/olimpijski.pl\/en\/olimpijczycy\/wladyslaw-hipolit-segda\/","title":{"rendered":"W\u0142adys\u0142aw Segda (1895-1994)"},"content":{"rendered":"\n<p><br><br><br><strong>p\u0142k s\u0142.\u00a0st.\u00a0WP, najwszechstronniejszy szermierz okresu mi\u0119dzywojennego, dwukrotny br\u0105zowy medalista olimpijski z\u00a0Amsterdamu (1928) i\u00a0Los Angeles (1932), trzykrotny uczestnik igrzysk.<br><\/strong><br>Urodzony 25 maja 1895 w\u00a0Przemy\u015blu, syn Kazimierza i\u00a0Marii z\u00a0\u0141aszkiewicz\u00f3w, uko\u0144czy\u0142 Gimnazjum im. Cesarzowej Marii Teresy w\u00a0Hirtenbergu i\u00a0Akademi\u0119 Wojskow\u0105 w\u00a0Wiener-Neustadt (1915). Uczestnik I wojny \u015bwiatowej w\u00a0armii austriackiej na\u00a0froncie w\u0142oskim (ranny, odznaczony Krzy\u017cem Karola). Od 1 listopada 1918 w\u00a0Wojsku Polskim (w sk\u0142adzie 12 pp) bierze udzia\u0142 w\u00a0nieustaj\u0105cych bojach do\u00a01920 (m. in. walczy z\u00a0Ukrai\u0144cami o\u00a0Lw\u00f3w i\u00a0Czechami o\u00a0\u015al\u0105sk Cieszy\u0144ski). Dwukrotnie ranny, odznaczony Krzy\u017cem Zas\u0142ugi, w\u00a0stopniu kapitana z\u00a0jednostki liniowej skierowany zostaje do\u00a0\u017candarmerii polowej (oficer \u015bledczy), gdzie pe\u0142ni s\u0142u\u017cb\u0119 do\u00a0ko\u0144ca lat trzydziestych. Idealnie \u0142\u0105czy sport z\u00a0prac\u0105 zawodow\u0105 i\u00a0spo\u0142eczn\u0105. Zawodnik krakowskiego AZS (do 1928), Legii Warszawa i\u00a0Warszawianki.<\/p>\n\n\n\n<p>Szermierz wszechstronny. Z 13 tytu\u0142\u00f3w mistrza Polski: 6 przypada na floret (1925, 1927-1931), 5 na szabl\u0119 (1933, 1935, 1937-1939) i 2 na szpad\u0119 (1932, 1933). Dru\u017cynowy mistrz Polski w szabli (1934). Dwukrotny br\u0105zowy medalista mistrzostw Europy w szabli dru\u017cynowej (1930, 1934). Dzia\u0142acz sportowy: cz\u0142onek zarz\u0105du PKOl (1935-1936) i Polskiego Zwi\u0105zku Szermierczego (cz\u0142onek zarz\u0105du, sekretarz, kapitan zwi\u0105zkowy). Uczestnik kampanii wrze\u015bniowej 1939 (mjr, zast\u0119pca komendanta 1 O\u015brodka Zaopatrzeniowego Broni Pancernej), przedostaje si\u0119 przez Rumuni\u0119 do Francji, a potem do Anglii. Wsz\u0119dzie zajmuje si\u0119 organizowaniem wojska. Do 1943 jest szefem Samodzielnej 5 Brygady Kadrowej Strzelc\u00f3w, od 1945 szefem Samodzielnej Brygady Szkoleniowej Dow\u00f3dztwa Jednostek Wojskowych w Wielkiej Brytanii. Ju\u017c po zako\u0144czeniu wojny kieruje Referatem Transportu 1 Korpusu Polskiego w Anglii. Pozostaje na emigracji w Wielkiej Brytanii. Jest m. in. trenerem i wyk\u0142adowc\u0105 szermierki na Uniwersytecie w Edynburgu. Awansowany do stopnia pu\u0142kownika w korpusie broni pancernej (1986), kiedy mia\u0142 91 lat.<\/p>\n\n\n\n<p>Zmar\u0142 w Edynburgu w 1994.<\/p>\n\n\n\n<p><strong>*1928 Amsterdam: szermierka, floret ind.<\/strong> &#8211; 5. w&nbsp;grupie elim. (6 zaw.) z&nbsp;1 zw. odp. z&nbsp;konk. (zw. L. Gaudin, Francja); <strong>szabla dru\u017c.<\/strong> &#8211; w&nbsp;grupie \u0107wier\u0107fin. (4 dru\u017c.) Polacy pokonali W. Brytani\u0119 11:5 (Segda 4 zaw.) i&nbsp;USA 9:7 (2 zw.), w&nbsp;grupie p\u00f3\u0142fina\u0142owej (4 dru\u017c.) zwyci\u0119\u017cyli Belgi\u0119 9:7 (2 zw.) i&nbsp;Holandi\u0119 9:4 (Segda nie walczy\u0142) oraz&nbsp;przegrali z&nbsp;W\u0142ochami 0:16 (0 zw.). W&nbsp;pojedynku o&nbsp;msc 1-4 ulegli W\u0119grom 2:14 (0 zw.), a&nbsp;w&nbsp;spotkaniu o&nbsp;msc 3-4 pokonali Niemcy 9:7 (nie walczy\u0142) <strong>zdobywaj\u0105c br\u0105zowy medal<\/strong> (zw. W\u0119gry). Partnerami Segdy w&nbsp;dru\u017cynie byli: T. Friedrich, K. Laskowski, A. Ma\u0142ecki, A. Pap\u00e9e i&nbsp;J. Zabielski.<\/p>\n\n\n\n<p><strong>*1932 Los Angeles: szermierka, szabla ind.<\/strong> &#8211; 6. w&nbsp;grupie elim. (8 zaw.) z&nbsp;3 zw., 9. msc w&nbsp;grupie p\u00f3\u0142fin. (9 zaw.) z&nbsp;0 zw. odp. z&nbsp;konk. (zw. G. Piller, W\u0119gry); <strong>szabla dru\u017c.<\/strong> &#8211; w&nbsp;grupie p\u00f3\u0142fin. (4 dru\u017c.) Polacy pokonali Meksyk 10:6 (2 zw.) i&nbsp;Dani\u0119 9:5 (2 zw.), w&nbsp;grupie fina\u0142owej (4 dru\u017c.) zwyci\u0119\u017cyli USA 8:8 w&nbsp;trafieniach 59:60 (1 zw.) oraz&nbsp;przegrali z&nbsp;W\u0142ochami 1:9 (nie walczy\u0142) i&nbsp; W\u0119grami 1:9 (nie walczy\u0142), <strong>zdobywaj\u0105c br\u0105zowy medal<\/strong> (zw. W\u0119gry). Partnerami Segdy w&nbsp;dru\u017cynie byli: W. Dobrowolski, T. Friedrich, L. Lubicz-Nycz, A. Pap\u00e9e i&nbsp;M. Suski. Kapitan zespo\u0142u A. Pap\u00e9e&nbsp;wspominaj\u0105c ten pojedynek o&nbsp;br\u0105zowy medal&nbsp;napisa\u0142: <em>&#8220;Mecz ci\u0119\u017cki, ale&nbsp;dobrze s\u0119dziowany. Amerykanie walcz\u0105 zaci\u0119cie, a&nbsp;u nas s\u0142abiej, jak nigdy przedtem &#8211; Segda i&nbsp;Friedrich. Jest stan 8:6 dla&nbsp;przeciwnik\u00f3w, w&nbsp;walce przedostatniej Segdy 4:4. Je\u017celi Armitage zada jedno ci\u0119cie, to&nbsp;koniec. Ale Segda rozpaczliwym rzutem trafia i&nbsp;wygrywa t\u0119 walk\u0119. Ostatnie spotkanie ma Suski, kt\u00f3ry walczy spokojnie i&nbsp;zwyci\u0119\u017ca w&nbsp;decyduj\u0105cej walce. Br\u0105zowy medal obroniony, ale&nbsp;jakim\u017ce wysi\u0142kiem i&nbsp;napi\u0119ciem nerwowym&#8221;<\/em>.<\/p>\n\n\n\n<p><strong>*1936 Berlin: szermierka, szabla ind.<\/strong> &#8211; 3. w&nbsp;grupie elim. (8 zaw. ) z&nbsp;5 zw., 2. msc w&nbsp;grupie \u0107wier\u0107fin. (6 zaw.) z&nbsp;5 zw., 4. msc w&nbsp;grupie p\u00f3\u0142fin. z&nbsp;2 zw. i&nbsp;odp. z&nbsp;konk. (zw. E. Kabos, W\u0119gry); <strong>szabla dru\u017c.<\/strong> &#8211; w&nbsp;grupie elim. (3 dru\u017c. ) Polacy pokonali Grecj\u0119 9:3 (nie walczy\u0142), w&nbsp;grupie \u0107wier\u0107fin. (4 dru\u017c. ) pokonali Szwecj\u0119 15:1 (4 zw.) i&nbsp;Turcj\u0119 9:2 (nie walczy\u0142), w&nbsp;grupie p\u00f3\u0142fin. (4 dru\u017c.) wygrali z&nbsp;Francj\u0105 10:6 (2 zw.) i&nbsp;Austri\u0105 8:8 &#8211; w&nbsp;trafieniach 56:60 (3 zw.), w&nbsp;grupie fina\u0142owej (4 dru\u017c.) Polacy ulegli W\u0142ochom 6:10 (1 zw.), W\u0119grom 1:10 (nie walczy\u0142) i&nbsp;Niemcom 3:9 (1 zw.) zajmuj\u0105c ostatecznie w&nbsp;turnieju 4. msc (zw. W\u0119gry). Partnerami&nbsp;w dru\u017cynie byli: W. Dobrowolski, A. Pap\u00e9e, A. Sobik, M. Suski i&nbsp;T. Zaczyk.<\/p>\n\n\n\n<p><em>Bibl.: G\u0142uszek, Leksykon 1999, s. 317 (tu brak daty \u015bmierci); Pawlak, Olimpijczycy, s. 225 (tu brak dok\u0142adnej daty \u015bmierci); Du\u0144ski, Od Pary\u017ca, s. 780-782 (tu, podobnie jak we wszystkich innych \u017ar\u00f3d\u0142ach b\u0142\u0119dny dzie\u0144 urodzin 26 maja); Borz\u0119cki, Bia\u0142\u0105 broni\u0105 urzeczeni, s. 117 (tu b\u0142\u0119dna data urodzenia 4.05.1896); Kronika sportu, s. 1001-1002; Wryk, Akademicki, s. 244 i&nbsp;dalsze; S\u0142oniewski, Zarys, s. 119-120; \u0141uczak, Szermierka w&nbsp;Polsce, s. 27 i&nbsp;dalsze; USC Przemy\u015bl, AU&nbsp; (19.10.2001).<\/em><\/p>\n","protected":false},"excerpt":{"rendered":"<p>p\u0142k s\u0142.\u00a0st.\u00a0WP, najwszechstronniejszy szermierz okresu mi\u0119dzywojennego, dwukrotny br\u0105zowy medalista olimpijski z\u00a0Amsterdamu (1928) i\u00a0Los Angeles (1932), trzykrotny uczestnik igrzysk. &#8230; <a class=\"read-more\" href=\"https:\/\/olimpijski.pl\/en\/olimpijczycy\/wladyslaw-hipolit-segda\/\">Czytaj dalej<\/a><\/p>\n","protected":false},"featured_media":42307,"menu_order":60,"template":"","meta":{"_acf_changed":false,"ub_ctt_via":"","footnotes":""},"class_list":["post-14967","person","type-person","status-publish","has-post-thumbnail","hentry","infinite-scroll-item","no-featured-image-padding","resize-featured-image"],"acf":{"olimpic_information":[{"olimpic":[{"ID":309,"post_author":"1","post_date":"1932-06-17 13:34:45","post_date_gmt":"1932-06-17 12:34:45","post_content":"<!-- wp:heading {\"level\":1,\"className\":\"main-title\"} -->\n<h1 class=\"main-title\">Igrzyska X Olimpiady<strong><br>Los Angeles 1932<\/strong><br><\/h1>\n<!-- \/wp:heading -->\n\n<!-- wp:paragraph -->\n<p><br><\/p>\n<!-- \/wp:paragraph -->\n\n<!-- wp:image {\"align\":\"left\",\"id\":19326,\"sizeSlug\":\"large\"} -->\n<div class=\"wp-block-image\"><figure class=\"alignleft size-large\"><img src=\"https:\/\/olimpijski.pl\/wp-content\/uploads\/1932\/06\/los-angeles1932.png\" alt=\"\" class=\"wp-image-19326\"\/><\/figure><\/div>\n<!-- \/wp:image -->\n\n<!-- wp:list -->\n<ul><li>Igrzyska rozegrano w dniach <strong>30 lipca \u2013 14 sierpnia<\/strong>.<\/li><li>Wystartowa\u0142o <strong>1408<\/strong> zawodnik\u00f3w (w tym <strong>127<\/strong> kobiet) z <strong>37<\/strong> kraj\u00f3w.<\/li><li>Rozdano <strong>117<\/strong> komplet\u00f3w medali.<\/li><li>Przysi\u0119g\u0119 olimpijsk\u0105 w imieniu sportowc\u00f3w z\u0142o\u017cy\u0142 szpadzista <strong>George Charles Calnan<\/strong>.<\/li><li>Igrzyska otworzy\u0142 wiceprezydent USA <strong>Charles Curtis<\/strong>.<\/li><\/ul>\n<!-- \/wp:list -->\n\n<!-- wp:heading -->\n<h2><strong>Program Igrzysk \u2013 16 dyscyplin, 117 konkurencji<\/strong><\/h2>\n<!-- \/wp:heading -->\n\n<!-- wp:paragraph -->\n<p>boks (8 konkurencji), gimnastyka (11), hokej na trawie (1), je\u017adziectwo (6), kolarstwo (6), lekkoatletyka (29), pi\u0119ciob\u00f3j nowoczesny (1), pi\u0142ka wodna (1), p\u0142ywanie (11), podnoszenie ci\u0119\u017car\u00f3w (5), skoki do wody (4), strzelectwo (2), szermierka (7), wio\u015blarstwo (7), zapasy (14), \u017ceglarstwo (4).<\/p>\n<!-- \/wp:paragraph -->\n\n<!-- wp:heading -->\n<h2><strong>Polska Reprezentacja Olimpijska<\/strong><\/h2>\n<!-- \/wp:heading -->\n\n<!-- wp:paragraph -->\n<p><strong>20 os\u00f3b<\/strong> (3 kobiety i 17 m\u0119\u017cczyzn) w 3 sportach: 7 lekkoatlet\u00f3w (w tym 3 kobiety), 7 wio\u015blarzy, 6 szermierzy.<\/p>\n<!-- \/wp:paragraph -->\n\n<!-- wp:paragraph -->\n<p>Chor\u0105\u017cym reprezentacji Polski by\u0142 wio\u015blarz <strong>Janusz \u015al\u0105zak<\/strong>.<\/p>\n<!-- \/wp:paragraph -->\n\n<!-- wp:heading -->\n<h2><strong>Klasyfikacja medalowa<\/strong><\/h2>\n<!-- \/wp:heading -->\n\n<!-- wp:table {\"hasFixedLayout\":true,\"className\":\"is-style-stripes\"} -->\n<figure class=\"wp-block-table is-style-stripes\"><table class=\"has-fixed-layout\"><tbody><tr><td><\/td><td><\/td><td class=\"has-text-align-center\" data-align=\"center\">&nbsp;<\/td><td class=\"has-text-align-center\" data-align=\"center\">&nbsp;<\/td><td class=\"has-text-align-center\" data-align=\"center\">&nbsp;<\/td><td class=\"has-text-align-center\" data-align=\"center\">&nbsp;<\/td><\/tr><tr><td>&nbsp;<\/td><td>&nbsp;<\/td><td class=\"has-text-align-center\" data-align=\"center\">&nbsp;<\/td><td class=\"has-text-align-center\" data-align=\"center\"><img class=\"wp-image-27817\" style=\"width: 50px;\" src=\"https:\/\/olimpijski.pl\/wp-content\/uploads\/2016\/06\/2016_Rio_zloty_50x50.jpg\" alt=\"\"><\/td><td class=\"has-text-align-center\" data-align=\"center\"><img class=\"wp-image-27819\" style=\"width: 50px;\" src=\"https:\/\/olimpijski.pl\/wp-content\/uploads\/2016\/06\/2016_Rio_sreb_50x50.jpg\" alt=\"\"><\/td><td class=\"has-text-align-center\" data-align=\"center\"><img class=\"wp-image-27821\" style=\"width: 50px;\" src=\"https:\/\/olimpijski.pl\/wp-content\/uploads\/2016\/06\/2016_Rio_braz_50x50.jpg\" alt=\"\"><\/td><\/tr><tr><td>1.<\/td><td>USA<\/td><td class=\"has-text-align-center\" data-align=\"center\">103<\/td><td class=\"has-text-align-center\" data-align=\"center\">41<\/td><td class=\"has-text-align-center\" data-align=\"center\">32<\/td><td class=\"has-text-align-center\" data-align=\"center\">30<\/td><\/tr><tr><td>2.<\/td><td>W\u0142ochy<\/td><td class=\"has-text-align-center\" data-align=\"center\">36<\/td><td class=\"has-text-align-center\" data-align=\"center\">12<\/td><td class=\"has-text-align-center\" data-align=\"center\">12<\/td><td class=\"has-text-align-center\" data-align=\"center\">12<\/td><\/tr><tr><td>3.<\/td><td>Francja<\/td><td class=\"has-text-align-center\" data-align=\"center\">19<\/td><td class=\"has-text-align-center\" data-align=\"center\">10<\/td><td class=\"has-text-align-center\" data-align=\"center\">5<\/td><td class=\"has-text-align-center\" data-align=\"center\">4<\/td><\/tr><tr><td>...<\/td><td>&nbsp;<\/td><td class=\"has-text-align-center\" data-align=\"center\">&nbsp;<\/td><td class=\"has-text-align-center\" data-align=\"center\">&nbsp;<\/td><td class=\"has-text-align-center\" data-align=\"center\">&nbsp;<\/td><td class=\"has-text-align-center\" data-align=\"center\">&nbsp;<\/td><\/tr><tr><td><strong>14.<\/strong><\/td><td><strong>Polska<\/strong><\/td><td class=\"has-text-align-center\" data-align=\"center\"><strong>7<\/strong><\/td><td class=\"has-text-align-center\" data-align=\"center\"><strong>2<\/strong><\/td><td class=\"has-text-align-center\" data-align=\"center\"><strong>1<\/strong><\/td><td class=\"has-text-align-center\" data-align=\"center\"><strong>4<\/strong><\/td><\/tr><\/tbody><\/table><\/figure>\n<!-- \/wp:table -->\n\n<!-- wp:heading -->\n<h2><strong>Medale dla Polski (7)<\/strong><\/h2>\n<!-- \/wp:heading -->\n\n<!-- wp:ub\/content-toggle-block {\"blockID\":\"941c73d8-c409-456b-b9b4-db54b913c937\",\"theme\":\"#f1f1f1\",\"collapsed\":true,\"titleColor\":\"#000000\"} -->\n<!-- wp:ub\/content-toggle-panel-block {\"parentID\":\"941c73d8-c409-456b-b9b4-db54b913c937\",\"theme\":\"#f1f1f1\",\"collapsed\":true,\"titleColor\":\"#000000\",\"panelTitle\":\"Z\u0142ote\"} -->\n<!-- wp:paragraph -->\n<p><\/p>\n<!-- \/wp:paragraph -->\n\n<!-- wp:media-text {\"align\":\"\",\"mediaId\":30210,\"mediaLink\":\"https:\/\/olimpijski.pl\/igrzyska_letnie\/los-angeles-1932\/1932_losangeles_zloty_200\/#main\",\"mediaType\":\"image\",\"mediaWidth\":20} -->\n<div class=\"wp-block-media-text is-stacked-on-mobile\" style=\"grid-template-columns:20% auto\"><figure class=\"wp-block-media-text__media\"><img src=\"https:\/\/olimpijski.pl\/wp-content\/uploads\/1932\/06\/1932_LosAngeles_zloty_200.jpg\" alt=\"\" class=\"wp-image-30210\"\/><\/figure><div class=\"wp-block-media-text__content\"><!-- wp:paragraph -->\n<p><strong>Stanis\u0142awa Walasiewicz<\/strong><br>(lekkoatletyka, 100 m)<\/p>\n<!-- \/wp:paragraph -->\n\n<!-- wp:paragraph -->\n<p><strong>Janusz Kusoci\u0144ski<\/strong><br>(lekkoatletyka, 10 000 m)<\/p>\n<!-- \/wp:paragraph --><\/div><\/div>\n<!-- \/wp:media-text -->\n<!-- \/wp:ub\/content-toggle-panel-block -->\n<!-- \/wp:ub\/content-toggle-block -->\n\n<!-- wp:ub\/content-toggle-block {\"blockID\":\"152b71a8-a414-4ce6-bb8e-4954b90b9ed9\",\"theme\":\"#f1f1f1\",\"collapsed\":true,\"titleColor\":\"#000000\"} -->\n<!-- wp:ub\/content-toggle-panel-block {\"parentID\":\"152b71a8-a414-4ce6-bb8e-4954b90b9ed9\",\"theme\":\"#f1f1f1\",\"collapsed\":true,\"titleColor\":\"#000000\",\"panelTitle\":\"Srebrny\"} -->\n<!-- wp:paragraph -->\n<p><\/p>\n<!-- \/wp:paragraph -->\n\n<!-- wp:media-text {\"align\":\"\",\"mediaId\":30212,\"mediaLink\":\"https:\/\/olimpijski.pl\/igrzyska_letnie\/los-angeles-1932\/1932_losangeles_sreb_200\/#main\",\"mediaType\":\"image\",\"mediaWidth\":20} -->\n<div class=\"wp-block-media-text is-stacked-on-mobile\" style=\"grid-template-columns:20% auto\"><figure class=\"wp-block-media-text__media\"><img src=\"https:\/\/olimpijski.pl\/wp-content\/uploads\/1932\/06\/1932_LosAngeles_sreb_200.jpg\" alt=\"\" class=\"wp-image-30212\"\/><\/figure><div class=\"wp-block-media-text__content\"><!-- wp:paragraph -->\n<p><strong>Jerzy Braun, Janusz \u015al\u0105zak i sternik Jerzy Skolimowski<\/strong><br>(wio\u015blarstwo, dw\u00f3jka ze sternikiem)<\/p>\n<!-- \/wp:paragraph --><\/div><\/div>\n<!-- \/wp:media-text -->\n<!-- \/wp:ub\/content-toggle-panel-block -->\n<!-- \/wp:ub\/content-toggle-block -->\n\n<!-- wp:ub\/content-toggle-block {\"blockID\":\"21118689-4b5d-4f23-99d5-543fa2996ab7\",\"theme\":\"#f1f1f1\",\"collapsed\":true,\"titleColor\":\"#000000\"} -->\n<!-- wp:ub\/content-toggle-panel-block {\"parentID\":\"21118689-4b5d-4f23-99d5-543fa2996ab7\",\"theme\":\"#f1f1f1\",\"collapsed\":true,\"titleColor\":\"#000000\",\"panelTitle\":\"Br\u0105zowe\"} -->\n<!-- wp:paragraph -->\n<p><\/p>\n<!-- \/wp:paragraph -->\n\n<!-- wp:media-text {\"align\":\"\",\"mediaId\":30218,\"mediaLink\":\"https:\/\/olimpijski.pl\/igrzyska_letnie\/los-angeles-1932\/1932_losangeles_braz_200\/#main\",\"mediaType\":\"image\",\"mediaWidth\":20} -->\n<div class=\"wp-block-media-text is-stacked-on-mobile\" style=\"grid-template-columns:20% auto\"><figure class=\"wp-block-media-text__media\"><img src=\"https:\/\/olimpijski.pl\/wp-content\/uploads\/1932\/06\/1932_LosAngeles_braz_200.jpg\" alt=\"\" class=\"wp-image-30218\"\/><\/figure><div class=\"wp-block-media-text__content\"><!-- wp:paragraph -->\n<p><strong>Jadwiga Wajs<\/strong><br>(lekkoatletyka, rzut dyskiem)<\/p>\n<!-- \/wp:paragraph -->\n\n<!-- wp:paragraph -->\n<p><strong>Jerzy Braun, Edward Kobyli\u0144ski, Janusz \u015al\u0105zak, Stanis\u0142aw Urban i sternik Jerzy Skolimowski<\/strong><br>(wio\u015blarstwo, czw\u00f3rka ze sternikiem)<\/p>\n<!-- \/wp:paragraph -->\n\n<!-- wp:paragraph -->\n<p><strong>W\u0142adys\u0142aw Dobrowolski, Tadeusz Friedrich, Leszek Lubicz-Nycz, Adam Papee, W\u0142adys\u0142aw Segda, Marian Suski<\/strong><br>(szermierka, turniej dru\u017cynowy szablist\u00f3w)<\/p>\n<!-- \/wp:paragraph -->\n\n<!-- wp:paragraph -->\n<p><strong>Henryk Budzi\u0144ski, Jan Krenz-Miko\u0142ajczak<\/strong><br>(wio\u015blarstwo, dw\u00f3jka bez sternika)<\/p>\n<!-- \/wp:paragraph --><\/div><\/div>\n<!-- \/wp:media-text -->\n<!-- \/wp:ub\/content-toggle-panel-block -->\n<!-- \/wp:ub\/content-toggle-block -->\n\n<!-- wp:quote {\"className\":\"is-style-default\"} -->\n<blockquote class=\"wp-block-quote is-style-default\"><p>W Mie\u015bcie Anio\u0142\u00f3w, w drugich igrzyskach w USA, bia\u0142o-czerwoni stan\u0119li na podium siedem razy. Janusz Kusoci\u0144ski zdoby\u0142 pierwsze polskie m\u0119skie z\u0142oto.<br><br>Nowo\u015bci\u0105 by\u0142o zastosowania po raz pierwszy fotokom\u00f3rki ustalaj\u0105cej kolejno\u015b\u0107 na mecie, a ciekawostk\u0105, \u017ce jedyny raz przyznano medale w alpinizmie.<br><br>W Los Angeles chcia\u0142 zako\u0144czy\u0107 karier\u0119 s\u0142ynny fi\u0144ski biegacz Paavo Nurmi maj\u0105cy w dorobku&nbsp; 12 medali. Zosta\u0142&nbsp; jednak zdyskwalifikowany za przekroczenie statusu amatora.<\/p><\/blockquote>\n<!-- \/wp:quote -->","post_title":"Los Angeles 1932","post_excerpt":"","post_status":"publish","comment_status":"closed","ping_status":"closed","post_password":"","post_name":"los-angeles-1932","to_ping":"","pinged":"","post_modified":"2020-10-02 15:24:55","post_modified_gmt":"2020-10-02 13:24:55","post_content_filtered":"","post_parent":0,"guid":"https:\/\/wai-q98d7hpf9hy9k.wpallimport-demo.qsandbox.me\/olympics_summer\/los-angeles-1932\/","menu_order":0,"post_type":"olympics_summer","post_mime_type":"","comment_count":"0","filter":"raw"}],"competitions_rewards":[{"competition":[{"ID":5609,"post_author":"1","post_date":"2020-06-19 11:31:45","post_date_gmt":"2020-06-19 09:31:45","post_content":"","post_title":"Szermierka - szabla dru\u017c.","post_excerpt":"","post_status":"publish","comment_status":"closed","ping_status":"closed","post_password":"","post_name":"szabla-druz","to_ping":"","pinged":"","post_modified":"2020-07-22 12:07:04","post_modified_gmt":"2020-07-22 10:07:04","post_content_filtered":"","post_parent":5868,"guid":"https:\/\/wai-q7byvryhhcz9k.wpallimport-demo.qsandbox.me\/competition\/szabla-druz\/","menu_order":0,"post_type":"competition","post_mime_type":"","comment_count":"0","filter":"raw"}],"reward":{"value":"3","label":"Br\u0105zowy"}}]},{"olimpic":[{"ID":310,"post_author":"1","post_date":"1928-06-17 13:34:47","post_date_gmt":"1928-06-17 12:34:47","post_content":"<!-- wp:heading {\"level\":1,\"className\":\"main-title\"} -->\n<h1 class=\"main-title\">Igrzyska IX Olimpiady<br><strong>Amsterdam 1928<\/strong><\/h1>\n<!-- \/wp:heading -->\n\n<!-- wp:paragraph -->\n<p><br><\/p>\n<!-- \/wp:paragraph -->\n\n<!-- wp:image {\"align\":\"left\",\"id\":19258,\"sizeSlug\":\"large\"} -->\n<div class=\"wp-block-image\"><figure class=\"alignleft size-large\"><img src=\"https:\/\/olimpijski.pl\/wp-content\/uploads\/1928\/06\/amsterdam1928.png\" alt=\"\" class=\"wp-image-19258\"\/><\/figure><\/div>\n<!-- \/wp:image -->\n\n<!-- wp:list -->\n<ul><li>Igrzyska rozegrano w dniach <strong>17 maja \u2013 12 sierpnia<\/strong> [17\u201326 maja 1928 (hokej na trawie), 27 maja \u2013 3 czerwca 1928 (pi\u0142ka no\u017cna)].<\/li><li>Wystartowa\u0142o <strong>2883<\/strong> uczestnik\u00f3w (w tym <strong>277<\/strong> kobiet) z <strong>46<\/strong> kraj\u00f3w.<\/li><li>Rozdano <strong>109<\/strong> komplet\u00f3w medali.<\/li><li>Przysi\u0119g\u0119 w imieniu sportowc\u00f3w z\u0142o\u017cy\u0142 pi\u0142karz <strong>Leonard Barthlemie Denis<\/strong>.<\/li><li>Igrzyska otworzy\u0142 ksi\u0105\u017c\u0119 <strong>Hendrick Mecklenburg-Schwerin<\/strong>.<\/li><\/ul>\n<!-- \/wp:list -->\n\n<!-- wp:heading -->\n<h2><strong>Program Igrzysk \u2013 16 dyscyplin, 109 konkurencji<\/strong><\/h2>\n<!-- \/wp:heading -->\n\n<!-- wp:paragraph -->\n<p>boks (8 konkurencji), gimnastyka (8), hokej na trawie (1), je\u017adziectwo (6), kolarstwo (6), lekkoatletyka (27), pi\u0119ciob\u00f3j nowoczesny (1), pi\u0142ka no\u017cna (1), pi\u0142ka wodna (1), p\u0142ywanie (11), podnoszenie ci\u0119\u017car\u00f3w (5), skoki do wody (4), szermierka (7), wio\u015blarstwo (7), zapasy (13), \u017ceglarstwo (3).<\/p>\n<!-- \/wp:paragraph -->\n\n<!-- wp:heading -->\n<h2><strong>Gwiazdy Igrzysk<\/strong><\/h2>\n<!-- \/wp:heading -->\n\n<!-- wp:paragraph -->\n<p><strong>Herman Haenggi<\/strong> (Szwajcaria, gimnastyka) \u2013 2 z\u0142ote, 1 srebrny, 1 br\u0105z<br><strong>Georges Miez<\/strong> (Szwajcaria, gimnastyka) \u2013 3 z\u0142ote<br><strong>Paavo Nurmi<\/strong> (Finlandia, lekkoatletyka) \u2013 1 z\u0142oty, 2 srebrne<br><strong>Johnny Weismueller<\/strong> (USA, p\u0142ywanie) \u2013 2 z\u0142ote<br><strong>Albina Osipowichowa<\/strong> (USA, p\u0142ywanie) \u2013 2 z\u0142ote<\/p>\n<!-- \/wp:paragraph -->\n\n<!-- wp:heading -->\n<h2><strong>Polska Reprezentacja Olimpijska<\/strong><\/h2>\n<!-- \/wp:heading -->\n\n<!-- wp:paragraph -->\n<p>75 os\u00f3b (startowa\u0142o 66 \u2013 5 kobiet i 61 m\u0119\u017cczyzn) w 10 sportach: 4 bokser\u00f3w, 7 je\u017ad\u017ac\u00f3w (5 start + 2 rez.), 12 kolarzy (11 startowa\u0142o, 1 nie), 16 lekkoatlet\u00f3w (w tym 5 kobiet; 15 startowa\u0142o, 1 nie), 4 pi\u0119cioboist\u00f3w (3 startowa\u0142o, 1 nie), 2 p\u0142ywak\u00f3w (w tym 1 kobieta), 6 szermierzy, 17 wio\u015blarzy (14 startowa\u0142o + 3 rez.), 5 zapa\u015bnik\u00f3w (4 startowa\u0142o, 1 nie), 2 \u017ceglarzy.<\/p>\n<!-- \/wp:paragraph -->\n\n<!-- wp:paragraph -->\n<p>Chor\u0105\u017cym reprezentacji Polski by\u0142 zapa\u015bnik <strong>Marian Cieniewski<\/strong>.<\/p>\n<!-- \/wp:paragraph -->\n\n<!-- wp:heading -->\n<h2><strong>Klasyfikacja medalowa<\/strong><\/h2>\n<!-- \/wp:heading -->\n\n<!-- wp:table {\"hasFixedLayout\":true,\"className\":\"is-style-stripes\"} -->\n<figure class=\"wp-block-table is-style-stripes\"><table class=\"has-fixed-layout\"><tbody><tr><td><\/td><td><\/td><td class=\"has-text-align-center\" data-align=\"center\">&nbsp;<\/td><td class=\"has-text-align-center\" data-align=\"center\">&nbsp;<\/td><td class=\"has-text-align-center\" data-align=\"center\">&nbsp;<\/td><td class=\"has-text-align-center\" data-align=\"center\">&nbsp;<\/td><\/tr><tr><td>&nbsp;<\/td><td>&nbsp;<\/td><td class=\"has-text-align-center\" data-align=\"center\">&nbsp;<\/td><td class=\"has-text-align-center\" data-align=\"center\"><img class=\"wp-image-27817\" style=\"width: 50px;\" src=\"https:\/\/olimpijski.pl\/wp-content\/uploads\/2016\/06\/2016_Rio_zloty_50x50.jpg\" alt=\"\"><\/td><td class=\"has-text-align-center\" data-align=\"center\"><img class=\"wp-image-27819\" style=\"width: 50px;\" src=\"https:\/\/olimpijski.pl\/wp-content\/uploads\/2016\/06\/2016_Rio_sreb_50x50.jpg\" alt=\"\"><\/td><td class=\"has-text-align-center\" data-align=\"center\"><img class=\"wp-image-27821\" style=\"width: 50px;\" src=\"https:\/\/olimpijski.pl\/wp-content\/uploads\/2016\/06\/2016_Rio_braz_50x50.jpg\" alt=\"\"><\/td><\/tr><tr><td>1.<\/td><td>USA<\/td><td class=\"has-text-align-center\" data-align=\"center\">56<\/td><td class=\"has-text-align-center\" data-align=\"center\">22<\/td><td class=\"has-text-align-center\" data-align=\"center\">18<\/td><td class=\"has-text-align-center\" data-align=\"center\">16<\/td><\/tr><tr><td>2.<\/td><td>Niemcy<\/td><td class=\"has-text-align-center\" data-align=\"center\">31<\/td><td class=\"has-text-align-center\" data-align=\"center\">10<\/td><td class=\"has-text-align-center\" data-align=\"center\">7<\/td><td class=\"has-text-align-center\" data-align=\"center\">14<\/td><\/tr><tr><td>3.<\/td><td>Finlandia<\/td><td class=\"has-text-align-center\" data-align=\"center\">25<\/td><td class=\"has-text-align-center\" data-align=\"center\">8<\/td><td class=\"has-text-align-center\" data-align=\"center\">8<\/td><td class=\"has-text-align-center\" data-align=\"center\">9<\/td><\/tr><tr><td>...<\/td><td>&nbsp;<\/td><td class=\"has-text-align-center\" data-align=\"center\">&nbsp;<\/td><td class=\"has-text-align-center\" data-align=\"center\">&nbsp;<\/td><td class=\"has-text-align-center\" data-align=\"center\">&nbsp;<\/td><td class=\"has-text-align-center\" data-align=\"center\">&nbsp;<\/td><\/tr><tr><td><strong>21-22.<\/strong><\/td><td><strong>Polska<\/strong><\/td><td class=\"has-text-align-center\" data-align=\"center\"><strong>5<\/strong><\/td><td class=\"has-text-align-center\" data-align=\"center\"><strong>1<\/strong><\/td><td class=\"has-text-align-center\" data-align=\"center\"><strong>1<\/strong><\/td><td class=\"has-text-align-center\" data-align=\"center\"><strong>3<\/strong><\/td><\/tr><\/tbody><\/table><\/figure>\n<!-- \/wp:table -->\n\n<!-- wp:heading -->\n<h2><strong>Medale dla Polski (5)<\/strong><\/h2>\n<!-- \/wp:heading -->\n\n<!-- wp:ub\/content-toggle-block {\"blockID\":\"df8e2a5a-82a8-4f24-87e2-30492831c6fc\",\"theme\":\"#f1f1f1\",\"collapsed\":true,\"titleColor\":\"#000000\"} -->\n<!-- wp:ub\/content-toggle-panel-block {\"parentID\":\"df8e2a5a-82a8-4f24-87e2-30492831c6fc\",\"theme\":\"#f1f1f1\",\"collapsed\":true,\"titleColor\":\"#000000\",\"panelTitle\":\"Z\u0142oty\"} -->\n<!-- wp:paragraph -->\n<p><\/p>\n<!-- \/wp:paragraph -->\n\n<!-- wp:media-text {\"align\":\"\",\"mediaId\":30202,\"mediaLink\":\"https:\/\/olimpijski.pl\/igrzyska_letnie\/amsterdam-1928\/1928_amsterdam_zloty_200\/#main\",\"mediaType\":\"image\",\"mediaWidth\":20} -->\n<div class=\"wp-block-media-text is-stacked-on-mobile\" style=\"grid-template-columns:20% auto\"><figure class=\"wp-block-media-text__media\"><img src=\"https:\/\/olimpijski.pl\/wp-content\/uploads\/1928\/06\/1928_Amsterdam_zloty_200.jpg\" alt=\"\" class=\"wp-image-30202\"\/><\/figure><div class=\"wp-block-media-text__content\"><!-- wp:paragraph -->\n<p><strong>Halina Konopacka<\/strong><br>(lekkoatletyka, rzut dyskiem)<\/p>\n<!-- \/wp:paragraph --><\/div><\/div>\n<!-- \/wp:media-text -->\n<!-- \/wp:ub\/content-toggle-panel-block -->\n<!-- \/wp:ub\/content-toggle-block -->\n\n<!-- wp:ub\/content-toggle-block {\"blockID\":\"7bb790d6-4119-4c10-8275-0050b117058b\",\"theme\":\"#f1f1f1\",\"collapsed\":true,\"titleColor\":\"#000000\"} -->\n<!-- wp:ub\/content-toggle-panel-block {\"parentID\":\"7bb790d6-4119-4c10-8275-0050b117058b\",\"theme\":\"#f1f1f1\",\"collapsed\":true,\"titleColor\":\"#000000\",\"panelTitle\":\"Srebrny\"} -->\n<!-- wp:paragraph -->\n<p><\/p>\n<!-- \/wp:paragraph -->\n\n<!-- wp:media-text {\"align\":\"\",\"mediaId\":30204,\"mediaLink\":\"https:\/\/olimpijski.pl\/igrzyska_letnie\/amsterdam-1928\/1928_amsterdam_sreb_aw\/#main\",\"mediaType\":\"image\",\"mediaWidth\":20} -->\n<div class=\"wp-block-media-text is-stacked-on-mobile\" style=\"grid-template-columns:20% auto\"><figure class=\"wp-block-media-text__media\"><img src=\"https:\/\/olimpijski.pl\/wp-content\/uploads\/1928\/06\/1928_Amsterdam_sreb_aw.jpg\" alt=\"\" class=\"wp-image-30204\"\/><\/figure><div class=\"wp-block-media-text__content\"><!-- wp:paragraph -->\n<p><strong>Micha\u0142 Woysym-Antoniewicz, Kazimierz Gzowski, Kazimierz Szosland<\/strong><br>(je\u017adziectwo, skoki przez przeszkody)<\/p>\n<!-- \/wp:paragraph --><\/div><\/div>\n<!-- \/wp:media-text -->\n<!-- \/wp:ub\/content-toggle-panel-block -->\n<!-- \/wp:ub\/content-toggle-block -->\n\n<!-- wp:ub\/content-toggle-block {\"blockID\":\"c93581ba-53bc-42f5-aa8a-a0434da9f859\",\"theme\":\"#f1f1f1\",\"collapsed\":true,\"titleColor\":\"#000000\"} -->\n<!-- wp:ub\/content-toggle-panel-block {\"parentID\":\"c93581ba-53bc-42f5-aa8a-a0434da9f859\",\"theme\":\"#f1f1f1\",\"collapsed\":true,\"titleColor\":\"#000000\",\"panelTitle\":\"Br\u0105zowe\"} -->\n<!-- wp:paragraph -->\n<p><\/p>\n<!-- \/wp:paragraph -->\n\n<!-- wp:media-text {\"align\":\"\",\"mediaId\":30206,\"mediaLink\":\"https:\/\/olimpijski.pl\/igrzyska_letnie\/amsterdam-1928\/1928_amsterdam_braz_200\/#main\",\"mediaType\":\"image\",\"mediaWidth\":20} -->\n<div class=\"wp-block-media-text is-stacked-on-mobile\" style=\"grid-template-columns:20% auto\"><figure class=\"wp-block-media-text__media\"><img src=\"https:\/\/olimpijski.pl\/wp-content\/uploads\/1928\/06\/1928_Amsterdam_braz_200.jpg\" alt=\"\" class=\"wp-image-30206\"\/><\/figure><div class=\"wp-block-media-text__content\"><!-- wp:paragraph -->\n<p><strong>Micha\u0142 Woysym-Antoniewicz, Karol R\u00f3mmel, J\u00f3zef Trenkwald<\/strong><br>(je\u017adziectwo, WKKW)<\/p>\n<!-- \/wp:paragraph -->\n\n<!-- wp:paragraph -->\n<p><strong>Tadeusz Friedrich, Kazimierz Laskowski, Aleksander Ma\u0142ecki, Adam Papee,\u00a0W\u0142adys\u0142aw Segda, Jerzy Zabielski<\/strong><br>(szermierka, szabla dru\u017cynowo)<\/p>\n<!-- \/wp:paragraph -->\n\n<!-- wp:paragraph -->\n<p><strong>Leon Birkholc, Franciszek Bronikowski, Edmund Jankowski, Bernard Ormanowski i\u00a0sternik Boles\u0142aw Drewek<\/strong><br>(wio\u015blarstwo, czw\u00f3rka ze sternikiem)<\/p>\n<!-- \/wp:paragraph --><\/div><\/div>\n<!-- \/wp:media-text -->\n<!-- \/wp:ub\/content-toggle-panel-block -->\n<!-- \/wp:ub\/content-toggle-block -->\n\n<!-- wp:quote {\"className\":\"is-style-default\"} -->\n<blockquote class=\"wp-block-quote is-style-default\"><p>Igrzyska w Amsterdamie przynios\u0142y Polsce pierwszy z\u0142oty medal olimpijski. Konkurs rzutu dyskiem wygra\u0142a uznana potem za miss imprezy Halina Konopacka. Je\u017adziectwo zanotowa\u0142o kolejne dwa medale: srebrny i br\u0105zowy. Po raz pierwszy na podium pojawili si\u0119 polscy wio\u015blarze.<\/p><\/blockquote>\n<!-- \/wp:quote -->","post_title":"Amsterdam 1928","post_excerpt":"","post_status":"publish","comment_status":"closed","ping_status":"closed","post_password":"","post_name":"amsterdam-1928","to_ping":"","pinged":"","post_modified":"2020-10-02 15:14:59","post_modified_gmt":"2020-10-02 13:14:59","post_content_filtered":"","post_parent":0,"guid":"https:\/\/wai-q98d7hpf9hy9k.wpallimport-demo.qsandbox.me\/olympics_summer\/amsterdam-1928\/","menu_order":0,"post_type":"olympics_summer","post_mime_type":"","comment_count":"0","filter":"raw"}],"competitions_rewards":[{"competition":[{"ID":5609,"post_author":"1","post_date":"2020-06-19 11:31:45","post_date_gmt":"2020-06-19 09:31:45","post_content":"","post_title":"Szermierka - szabla dru\u017c.","post_excerpt":"","post_status":"publish","comment_status":"closed","ping_status":"closed","post_password":"","post_name":"szabla-druz","to_ping":"","pinged":"","post_modified":"2020-07-22 12:07:04","post_modified_gmt":"2020-07-22 10:07:04","post_content_filtered":"","post_parent":5868,"guid":"https:\/\/wai-q7byvryhhcz9k.wpallimport-demo.qsandbox.me\/competition\/szabla-druz\/","menu_order":0,"post_type":"competition","post_mime_type":"","comment_count":"0","filter":"raw"}],"reward":{"value":"3","label":"Br\u0105zowy"}}]},{"olimpic":[{"ID":308,"post_author":"1","post_date":"1936-06-17 13:34:45","post_date_gmt":"1936-06-17 12:34:45","post_content":"<!-- wp:heading {\"level\":1,\"className\":\"main-title\"} -->\n<h1 class=\"main-title\"><strong>Igrzyska XI Olimpiady<\/strong><br>Berlin 1936<\/h1>\n<!-- \/wp:heading -->\n\n<!-- wp:paragraph -->\n<p><br><\/p>\n<!-- \/wp:paragraph -->\n\n<!-- wp:image {\"align\":\"left\",\"id\":19316,\"width\":137,\"height\":137,\"sizeSlug\":\"large\"} -->\n<div class=\"wp-block-image\"><figure class=\"alignleft size-large is-resized\"><img src=\"https:\/\/olimpijski.pl\/wp-content\/uploads\/1936\/06\/berlin1936.png\" alt=\"\" class=\"wp-image-19316\" width=\"137\" height=\"137\"\/><\/figure><\/div>\n<!-- \/wp:image -->\n\n<!-- wp:list -->\n<ul><li>Igrzyska zosta\u0142y rozegrane w dniach <strong>1-16 sierpnia<\/strong>.<\/li><li>Wystartowa\u0142o <strong>4066<\/strong> zawodnik\u00f3w z <strong>49<\/strong> kraj\u00f3w (w tym <strong>328<\/strong> kobiet).<\/li><li>Rozdano <strong>129<\/strong> komplet\u00f3w medali.<\/li><li>Przysi\u0119g\u0119 w imieniu olimpijczyk\u00f3w z\u0142o\u017cy\u0142 ci\u0119\u017carowiec <strong>Rudolf Ismayr<\/strong>.<\/li><li>Po raz pierwszy w historii, na arenie igrzysk zapalony zosta\u0142 znicz olimpijski, a zaszczyt ten przypad\u0142 lekkoatlecie <strong>Fritzowi Schilgenowi<\/strong>, wybranemu ze wzgl\u0119du na \u0142adny styl biegania.<\/li><li>Igrzyska otworzy\u0142 kanclerz Niemiec <strong>Adolf Hitler<\/strong>.<\/li><\/ul>\n<!-- \/wp:list -->\n\n<!-- wp:heading -->\n<h2><strong>Program Igrzysk <strong>\u2013<\/strong> 21 dyscyplin, 129 konkurencji<\/strong><\/h2>\n<!-- \/wp:heading -->\n\n<!-- wp:paragraph -->\n<p>boks (8 konkurencji), gimnastyka (9), hokej na trawie (1), je\u017adziectwo (6), kajakarstwo (9), kolarstwo (6), koszyk\u00f3wka (1), lekkoatletyka (29), pi\u0119ciob\u00f3j nowoczesny (1), pi\u0142ka no\u017cna (1), pi\u0142ka r\u0119czna (1), pi\u0142ka wodna (1), p\u0142ywanie (11), podnoszenie ci\u0119\u017car\u00f3w (5), polo (1), skoki do wody (4), strzelectwo (3), szermierka (7), wio\u015blarstwo (7), zapasy (14), \u017ceglarstwo (4).<\/p>\n<!-- \/wp:paragraph -->\n\n<!-- wp:heading -->\n<h2><strong>Gwiazda Igrzysk<\/strong><\/h2>\n<!-- \/wp:heading -->\n\n<!-- wp:paragraph -->\n<p><strong>James Cleveland \u201eJesse\u201d Owens<\/strong> (USA, lekkoatletyka) \u2013 4 z\u0142ote medale<\/p>\n<!-- \/wp:paragraph -->\n\n<!-- wp:heading -->\n<h2><strong>Polska Reprezentacja Olimpijska<\/strong><\/h2>\n<!-- \/wp:heading -->\n\n<!-- wp:paragraph -->\n<p><strong>125 os\u00f3b<\/strong> (startowa\u0142o 113 \u2013 11 kobiet i 102 m\u0119\u017cczyzn) w 14 sportach: 8 bokser\u00f3w (7 startowa\u0142o, 1 nie), 9 gimnastyczek (8 startowa\u0142o, 1 nie),8 je\u017ad\u017ac\u00f3w (6 startowa\u0142o + 2 rez.), 5 kolarzy (4 startowa\u0142o + 1 rez.), 18 lekkoatlet\u00f3w (w tym 3 zawodniczki; 17 startowa\u0142o, 1 nie), 12 koszykarzy (10 startowa\u0142o + 2 rez.), 2 kajakarzy, 5 p\u0142ywak\u00f3w (4 startowa\u0142o + 1 rez.), 18 pi\u0142karzy (17 startowa\u0142o + 1 rez.), 11 szermierzy, 6 strzelc\u00f3w, 11 wio\u015blarzy, 4 zapa\u015bnik\u00f3w (3 startowa\u0142o, 1 nie), 8 \u017ceglarzy (7 startowa\u0142o + 1 rez.).<\/p>\n<!-- \/wp:paragraph -->\n\n<!-- wp:paragraph -->\n<p>Chor\u0105\u017cym reprezentacji Polski by\u0142 lekkoatleta <strong>Klemens Biniakowski<\/strong>.<\/p>\n<!-- \/wp:paragraph -->\n\n<!-- wp:heading -->\n<h2><strong>Klasyfikacja medalowa<\/strong><\/h2>\n<!-- \/wp:heading -->\n\n<!-- wp:table {\"hasFixedLayout\":true,\"className\":\"is-style-stripes\"} -->\n<figure class=\"wp-block-table is-style-stripes\"><table class=\"has-fixed-layout\"><tbody><tr><td><\/td><td><\/td><td class=\"has-text-align-center\" data-align=\"center\">&nbsp;<\/td><td class=\"has-text-align-center\" data-align=\"center\">&nbsp;<\/td><td class=\"has-text-align-center\" data-align=\"center\">&nbsp;<\/td><td class=\"has-text-align-center\" data-align=\"center\">&nbsp;<\/td><\/tr><tr><td>&nbsp;<\/td><td>&nbsp;<\/td><td class=\"has-text-align-center\" data-align=\"center\">&nbsp;<\/td><td class=\"has-text-align-center\" data-align=\"center\"><img class=\"wp-image-27817\" style=\"width: 50px;\" src=\"https:\/\/olimpijski.pl\/wp-content\/uploads\/2016\/06\/2016_Rio_zloty_50x50.jpg\" alt=\"\"><\/td><td class=\"has-text-align-center\" data-align=\"center\"><img class=\"wp-image-27819\" style=\"width: 50px;\" src=\"https:\/\/olimpijski.pl\/wp-content\/uploads\/2016\/06\/2016_Rio_sreb_50x50.jpg\" alt=\"\"><\/td><td class=\"has-text-align-center\" data-align=\"center\"><img class=\"wp-image-27821\" style=\"width: 50px;\" src=\"https:\/\/olimpijski.pl\/wp-content\/uploads\/2016\/06\/2016_Rio_braz_50x50.jpg\" alt=\"\"><\/td><\/tr><tr><td>1.<\/td><td>Niemcy<\/td><td class=\"has-text-align-center\" data-align=\"center\">89<\/td><td class=\"has-text-align-center\" data-align=\"center\">33<\/td><td class=\"has-text-align-center\" data-align=\"center\">26<\/td><td class=\"has-text-align-center\" data-align=\"center\">30<\/td><\/tr><tr><td>2.<\/td><td>USA<\/td><td class=\"has-text-align-center\" data-align=\"center\">56<\/td><td class=\"has-text-align-center\" data-align=\"center\">24<\/td><td class=\"has-text-align-center\" data-align=\"center\">20<\/td><td class=\"has-text-align-center\" data-align=\"center\">12<\/td><\/tr><tr><td>3.<\/td><td>W\u0119gry<\/td><td class=\"has-text-align-center\" data-align=\"center\">16<\/td><td class=\"has-text-align-center\" data-align=\"center\">10<\/td><td class=\"has-text-align-center\" data-align=\"center\">1<\/td><td class=\"has-text-align-center\" data-align=\"center\">5<\/td><\/tr><tr><td>...<\/td><td>&nbsp;<\/td><td class=\"has-text-align-center\" data-align=\"center\">&nbsp;<\/td><td class=\"has-text-align-center\" data-align=\"center\">&nbsp;<\/td><td class=\"has-text-align-center\" data-align=\"center\">&nbsp;<\/td><td class=\"has-text-align-center\" data-align=\"center\">&nbsp;<\/td><\/tr><tr><td><strong>22.<\/strong><\/td><td><strong>Polska<\/strong><\/td><td class=\"has-text-align-center\" data-align=\"center\"><strong>6<\/strong><\/td><td class=\"has-text-align-center\" data-align=\"center\"><strong>0<\/strong><\/td><td class=\"has-text-align-center\" data-align=\"center\"><strong>3<\/strong><\/td><td class=\"has-text-align-center\" data-align=\"center\"><strong>3<\/strong><\/td><\/tr><\/tbody><\/table><\/figure>\n<!-- \/wp:table -->\n\n<!-- wp:heading -->\n<h2><strong>Medale dla Polski (6)<\/strong><\/h2>\n<!-- \/wp:heading -->\n\n<!-- wp:ub\/content-toggle-block {\"blockID\":\"61bbb204-487c-421f-8244-fb42e8f2da7e\",\"theme\":\"#f1f1f1\",\"collapsed\":true,\"titleColor\":\"#000000\"} -->\n<!-- wp:ub\/content-toggle-panel-block {\"parentID\":\"61bbb204-487c-421f-8244-fb42e8f2da7e\",\"theme\":\"#f1f1f1\",\"collapsed\":true,\"titleColor\":\"#000000\",\"panelTitle\":\"Srebrne\"} -->\n<!-- wp:paragraph -->\n<p><\/p>\n<!-- \/wp:paragraph -->\n\n<!-- wp:media-text {\"align\":\"\",\"mediaId\":30221,\"mediaLink\":\"https:\/\/olimpijski.pl\/igrzyska_letnie\/berlin-1936\/1936_berlin_sreb_200\/#main\",\"mediaType\":\"image\",\"mediaWidth\":20} -->\n<div class=\"wp-block-media-text is-stacked-on-mobile\" style=\"grid-template-columns:20% auto\"><figure class=\"wp-block-media-text__media\"><img src=\"https:\/\/olimpijski.pl\/wp-content\/uploads\/1936\/06\/1936_Berlin_sreb_200.jpg\" alt=\"\" class=\"wp-image-30221\"\/><\/figure><div class=\"wp-block-media-text__content\"><!-- wp:paragraph -->\n<p><strong>Stanis\u0142awa Walasiewicz<\/strong><br>(lekkoatletyka, bieg na 100 m)<br><br><strong>Jadwiga Wajs<\/strong><br>(lekkoatletyka, rzut dyskiem)<\/p>\n<!-- \/wp:paragraph -->\n\n<!-- wp:paragraph -->\n<p><strong>Zdzis\u0142aw Kawecki, Henryk Leliwa-Roycewicz, Seweryn Kulesza<\/strong><br>(je\u017adziectwo, WKKW)<\/p>\n<!-- \/wp:paragraph --><\/div><\/div>\n<!-- \/wp:media-text -->\n<!-- \/wp:ub\/content-toggle-panel-block -->\n<!-- \/wp:ub\/content-toggle-block -->\n\n<!-- wp:ub\/content-toggle-block {\"blockID\":\"4c66526b-45eb-4431-93e8-e6d76c006dc6\",\"theme\":\"#f1f1f1\",\"collapsed\":true,\"titleColor\":\"#000000\"} -->\n<!-- wp:ub\/content-toggle-panel-block {\"parentID\":\"4c66526b-45eb-4431-93e8-e6d76c006dc6\",\"theme\":\"#f1f1f1\",\"collapsed\":true,\"titleColor\":\"#000000\",\"panelTitle\":\"Br\u0105zowe\"} -->\n<!-- wp:paragraph -->\n<p><\/p>\n<!-- \/wp:paragraph -->\n\n<!-- wp:media-text {\"align\":\"\",\"mediaId\":30223,\"mediaLink\":\"https:\/\/olimpijski.pl\/igrzyska_letnie\/berlin-1936\/1936_berlin_braz_200\/#main\",\"mediaType\":\"image\",\"mediaWidth\":20} -->\n<div class=\"wp-block-media-text is-stacked-on-mobile\" style=\"grid-template-columns:20% auto\"><figure class=\"wp-block-media-text__media\"><img src=\"https:\/\/olimpijski.pl\/wp-content\/uploads\/1936\/06\/1936_Berlin_braz_200.jpg\" alt=\"\" class=\"wp-image-30223\"\/><\/figure><div class=\"wp-block-media-text__content\"><!-- wp:paragraph -->\n<p><strong>Maria Kwa\u015bniewska<\/strong><br>(lekkoatletyka, rzut oszczepem)<\/p>\n<!-- \/wp:paragraph -->\n\n<!-- wp:paragraph -->\n<p><strong>W\u0142adys\u0142aw Kara\u015b<\/strong><br>(strzelectwo, karabin ma\u0142okalibrowy le\u017c\u0105c 50 m)<\/p>\n<!-- \/wp:paragraph -->\n\n<!-- wp:paragraph -->\n<p><strong>Jerzy Ustupski, Roger Verey<\/strong><br>(wio\u015blarstwo, dw\u00f3jka podw\u00f3jna)<\/p>\n<!-- \/wp:paragraph --><\/div><\/div>\n<!-- \/wp:media-text -->\n<!-- \/wp:ub\/content-toggle-panel-block -->\n<!-- \/wp:ub\/content-toggle-block -->\n\n<!-- wp:quote {\"className\":\"is-style-default\"} -->\n<blockquote class=\"wp-block-quote is-style-default\"><p>Trzy medale wywalczy\u0142y lekkoatletki, po jednym je\u017ad\u017acy, strzelec i wio\u015blarze. Ponownie w gronie najlepszych znalaz\u0142y si\u0119 Stanis\u0142awa Walasiewicz zajmuj\u0105c drugie miejsce w biegu na 100 m oraz Jadwiga Wajs w rzucie dyskiem. Trzecia, w rzucie oszczepem, by\u0142a Maria Kwa\u015bniewska.<\/p><\/blockquote>\n<!-- \/wp:quote -->","post_title":"Berlin 1936","post_excerpt":"","post_status":"publish","comment_status":"closed","ping_status":"closed","post_password":"","post_name":"berlin-1936","to_ping":"","pinged":"","post_modified":"2020-10-02 15:33:24","post_modified_gmt":"2020-10-02 13:33:24","post_content_filtered":"","post_parent":0,"guid":"https:\/\/wai-q98d7hpf9hy9k.wpallimport-demo.qsandbox.me\/olympics_summer\/berlin-1936\/","menu_order":0,"post_type":"olympics_summer","post_mime_type":"","comment_count":"0","filter":"raw"}],"competitions_rewards":[{"competition":[{"ID":5868,"post_author":"1","post_date":"2020-06-19 11:32:30","post_date_gmt":"2020-06-19 11:32:30","post_content":"","post_title":"Szermierka","post_excerpt":"","post_status":"publish","comment_status":"open","ping_status":"open","post_password":"","post_name":"szermierka","to_ping":"","pinged":"","post_modified":"2020-06-29 13:17:09","post_modified_gmt":"2020-06-29 11:17:09","post_content_filtered":"","post_parent":0,"guid":"https:\/\/wai-q7byvryhhcz9k.wpallimport-demo.qsandbox.me\/competition\/szermierka\/","menu_order":0,"post_type":"competition","post_mime_type":"","comment_count":"0","filter":"raw"}],"reward":""}]}],"picture":{"ID":42307,"id":42307,"title":"Wladyslaw_Segda","filename":"Wladyslaw_Segda.jpg","filesize":44067,"url":"https:\/\/olimpijski.pl\/wp-content\/uploads\/2020\/06\/Wladyslaw_Segda.jpg","link":"https:\/\/olimpijski.pl\/en\/olimpijczycy\/wladyslaw-hipolit-segda\/wladyslaw_segda\/#main","alt":"","author":"15","description":"","caption":"","name":"wladyslaw_segda","status":"inherit","uploaded_to":14967,"date":"2021-05-25 10:23:01","modified":"2021-05-25 10:23:01","menu_order":0,"mime_type":"image\/jpeg","type":"image","subtype":"jpeg","icon":"https:\/\/olimpijski.pl\/wp-includes\/images\/media\/default.png","width":400,"height":473,"sizes":{"thumbnail":"https:\/\/olimpijski.pl\/wp-content\/uploads\/2020\/06\/Wladyslaw_Segda-150x150.jpg","thumbnail-width":150,"thumbnail-height":150,"medium":"https:\/\/olimpijski.pl\/wp-content\/uploads\/2020\/06\/Wladyslaw_Segda-254x300.jpg","medium-width":254,"medium-height":300,"medium_large":"https:\/\/olimpijski.pl\/wp-content\/uploads\/2020\/06\/Wladyslaw_Segda.jpg","medium_large-width":400,"medium_large-height":473,"large":"https:\/\/olimpijski.pl\/wp-content\/uploads\/2020\/06\/Wladyslaw_Segda.jpg","large-width":400,"large-height":473,"1536x1536":"https:\/\/olimpijski.pl\/wp-content\/uploads\/2020\/06\/Wladyslaw_Segda.jpg","1536x1536-width":400,"1536x1536-height":473,"2048x2048":"https:\/\/olimpijski.pl\/wp-content\/uploads\/2020\/06\/Wladyslaw_Segda.jpg","2048x2048-width":400,"2048x2048-height":473,"ultp_layout_landscape_large":"https:\/\/olimpijski.pl\/wp-content\/uploads\/2020\/06\/Wladyslaw_Segda.jpg","ultp_layout_landscape_large-width":400,"ultp_layout_landscape_large-height":473,"ultp_layout_landscape":"https:\/\/olimpijski.pl\/wp-content\/uploads\/2020\/06\/Wladyslaw_Segda.jpg","ultp_layout_landscape-width":400,"ultp_layout_landscape-height":473,"ultp_layout_portrait":"https:\/\/olimpijski.pl\/wp-content\/uploads\/2020\/06\/Wladyslaw_Segda.jpg","ultp_layout_portrait-width":400,"ultp_layout_portrait-height":473,"ultp_layout_square":"https:\/\/olimpijski.pl\/wp-content\/uploads\/2020\/06\/Wladyslaw_Segda.jpg","ultp_layout_square-width":400,"ultp_layout_square-height":473}},"firstname":"W\u0142adys\u0142aw","lastname":"Segda (1895-1994)","birthdate_date":"25\/05\/1895","birthdate":"25 maja 1895","deathdate_date":"01\/01\/1994","deathdate":"1 stycznia 1994","placeofbirth":"Przemy\u015bl","club":"AZS Krak\u00f3w, Legia Warszawa","coach":"","metrics":"","seolink":"segda-wladyslaw-hipolit","tmp_old_id":"12987","tmp_old_fid":"294","tmp_old_parent_id":"15544","createdate":"28\/02\/2014","tmp_old_title":"Segda W\u0142adys\u0142aw Hipolit (1895-1994)","tmp_old_lead":"","tmp_old_body":"<p class=\"title-m-02\">SEGDA W\u0141ADYS\u0141AW HIPOLIT (1895-1994)<\/p><table  border=\"0\" align=\"LEFT\" cellpadding=\"0\" cellspacing=\"0\"> <tr> <td class=\"photo-td-01\"><table  border=\"0\" cellspacing=\"0\" cellpadding=\"0\"> <tr>  <td><img src=\"files\/old\/i\/olimpijczycy\/Segda_Wladyslaw_m.jpg\" alt=\"SEGDA W\u0141ADYS\u0141AW HIPOLIT\" border=\"0\" width=\"50\" height=\"50\"><\/td> <\/tr> <\/table><\/td><\/tr><\/table><p><strong>p\u0142k s\u0142.\u00a0st.\u00a0WP, najwszechstronniejszy szermierz okresu mi\u0119dzywojennego, dwukrotny br\u0105zowy medalista olimpijski z Amsterdamu (1928) i Los Angeles (1932), trzykrotny uczestnik igrzysk.<br\/><\/strong><br\/>Urodzony 25 maja 1895 w Przemy\u015blu, syn Kazimierza i Marii z \u0141aszkiewicz\u00f3w, uko\u0144czy\u0142 Gimnazjum im. Cesarzowej Marii Teresy w Hirtenbergu i Akademi\u0119 Wojskow\u0105 w Wiener-Neustadt (1915). Uczestnik I wojny \u015bwiatowej w armii austriackiej na froncie w\u0142oskim (ranny, odznaczony Krzy\u017cem Karola). Od 1 listopada 1918 w Wojsku Polskim (w sk\u0142adzie 12 pp) bierze udzia\u0142 w nieustaj\u0105cych bojach do 1920 (m. in. walczy z Ukrai\u0144cami o Lw\u00f3w i Czechami o \u015al\u0105sk Cieszy\u0144ski). Dwukrotnie ranny, odznaczony Krzy\u017cem Zas\u0142ugi, w stopniu kapitana z jednostki liniowej skierowany zostaje do \u017candarmerii polowej (oficer \u015bledczy), gdzie pe\u0142ni s\u0142u\u017cb\u0119 do ko\u0144ca lat trzydziestych. Idealnie \u0142\u0105czy sport z prac\u0105 zawodow\u0105 i spo\u0142eczn\u0105. Zawodnik krakowskiego AZS (do 1928), Legii\u00a0 Warszawa i Warszawianki. <strong>Szermierz wszechstronny<\/strong>. Z 13 tytu\u0142\u00f3w mistrza Polski: 6 przypada na floret (1925, 1927-1931), 5 na szabl\u0119 (1933, 1935, 1937-1939) i 2 na szpad\u0119 (1932, 1933). Dru\u017cynowy mistrz Polski w szabli (1934). <strong>Dwukrotny br\u0105zowy medalista mistrzostw Europy<\/strong> w szabli dru\u017cynowej (1930, 1934). Dzia\u0142acz sportowy: cz\u0142onek zarz\u0105du PKOl (1935-1936) i Polskiego Zwi\u0105zku Szermierczego (cz\u0142onek zarz\u0105du, sekretarz, kapitan zwi\u0105zkowy). Uczestnik kampanii wrze\u015bniowej 1939 (mjr, zast\u0119pca komendanta 1 O\u015brodka Zaopatrzeniowego Broni Pancernej), przedostaje si\u0119 przez Rumuni\u0119 do Francji, a potem do Anglii. Wsz\u0119dzie zajmuje si\u0119 organizowaniem wojska. Do 1943 jest szefem Samodzielnej 5 Brygady Kadrowej Strzelc\u00f3w, od 1945 szefem Samodzielnej Brygady Szkoleniowej Dow\u00f3dztwa Jednostek Wojskowych w Wielkiej Brytanii. Ju\u017c po zako\u0144czeniu wojny kieruje Referatem Transportu 1 Korpusu Polskiego w Anglii. Pozostaje na emigracji w Wielkiej Brytanii. Jest m. in. trenerem i wyk\u0142adowc\u0105 szermierki na Uniwersytecie w Edynburgu. Awansowany do stopnia pu\u0142kownika w korpusie broni pancernej (1986), kiedy mia\u0142 91 lat. \u017bonaty (26 grudnia 1922) z Helen\u0105 Bednarsk\u0105,\u00a0mia\u0142 troje dzieci: Leszka Ferdynanda (1924), Krystyn\u0119 Mari\u0119 (1926) i Jerzego Kazimierza (1932). Zmar\u0142 w Edynburgu w 1994.<br\/><br\/>Bibl.: G\u0142uszek, Leksykon 1999, s. 317 (tu brak daty \u015bmierci); Pawlak, Olimpijczycy, s. 225 (tu brak dok\u0142adnej daty \u015bmierci); Du\u0144ski, Od Pary\u017ca, s. 780-782 (tu, podobnie jak we wszystkich innych \u017ar\u00f3d\u0142ach b\u0142\u0119dny dzie\u0144 urodzin 26 maja); Borz\u0119cki, Bia\u0142\u0105 broni\u0105 urzeczeni, s. 117 (tu b\u0142\u0119dna data urodzenia 4.05.1896); Kronika sportu, s. 1001-1002; Wryk, Akademicki, s. 244 i dalsze; S\u0142oniewski, Zarys, s. 119-120; \u0141uczak, Szermierka w Polsce, s. 27 i dalsze; USC Przemy\u015bl, AU\u00a0 (19.10.2001).<br\/><strong>* 1928 Amsterdam: floret ind.<\/strong> - 5 m. w grupie elim. (6 zaw.) z 1 zw. odp. z konk. (zw. L. Gaudin, Francja); <strong>szabla dru\u017c.<\/strong> - w grupie \u0107wier\u0107fin. (4 dru\u017c.) Polacy pokonali W. Brytani\u0119 11:5 (Segda 4 zaw.) i USA 9:7 (2 zw.), w grupie p\u00f3\u0142fina\u0142owej (4 dru\u017c.) zwyci\u0119\u017cyli Belgi\u0119 9:7 (2 zw.) i Holandi\u0119 9:4 (Segda nie walczy\u0142) oraz przegrali z W\u0142ochami 0:16 (0 zw.). W pojedynku o m. 1-4 ulegli W\u0119grom 2:14 (0 zw.), a w spotkaniu o m. 3-4 pokonali Niemcy 9:7 (nie walczy\u0142) <strong>zdobywaj\u0105c br\u0105zowy medal<\/strong> (zw. W\u0119gry). Partnerami Segdy w dru\u017cynie byli: T. Friedrich, K. Laskowski, A. Ma\u0142ecki, A. Pap\u00e9e i J. Zabielski.<br\/><strong>*1932 Los Angeles: szabla ind.<\/strong> - 6 m. w grupie elim. (8 zaw.) z 3 zw., 9 m. w grupie p\u00f3\u0142fin. (9 zaw.) z 0 zw. odp. z konk. (zw. G. Piller, W\u0119gry); <strong>szabla dru\u017c.<\/strong> - w grupie p\u00f3\u0142fin. (4 dru\u017c.) Polacy pokonali Meksyk 10:6 (2 zw.) i Dani\u0119 9:5 (2 zw.), w grupie fina\u0142owej (4 dru\u017c.) zwyci\u0119\u017cyli USA 8:8 w trafieniach 59:60 (1 zw.) oraz\u00a0 przegrali z W\u0142ochami 1:9 (nie walczy\u0142) i\u00a0 W\u0119grami 1:9 (nie walczy\u0142), <strong>zdobywaj\u0105c br\u0105zowy medal<\/strong> (zw. W\u0119gry). Partnerami Segdy w dru\u017cynie byli: W. Dobrowolski, T. Friedrich, L. Lubicz-Nycz, A. Pap\u00e9e i M. Suski. Kapitan zespo\u0142u A. Pap\u00e9e\u00a0wspominaj\u0105c ten pojedynek o br\u0105zowy medal\u00a0napisa\u0142: <em>\"Mecz ci\u0119\u017cki, ale dobrze s\u0119dziowany. Amerykanie walcz\u0105 zaci\u0119cie, a u nas s\u0142abiej, jak nigdy przedtem - Segda i Friedrich. Jest stan 8:6 dla przeciwnik\u00f3w, w walce przedostatniej Segdy 4:4. Je\u017celi Armitage zada jedno ci\u0119cie, to koniec. Ale Segda rozpaczliwym rzutem trafia i wygrywa t\u0119 walk\u0119. Ostatnie spotkanie ma Suski, kt\u00f3ry walczy spokojnie i zwyci\u0119\u017ca w decyduj\u0105cej walce. Br\u0105zowy medal obroniony, ale jakim\u017ce wysi\u0142kiem i napi\u0119ciem nerwowym\"<\/em>.<br\/><strong>*1936 Berlin: szabla ind.<\/strong> - 3 m. w grupie elim. (8 zaw. ) z 5 zw., 2 m. w grupie \u0107wier\u0107fin. (6 zaw.) z 5 zw., 4 m. w grupie p\u00f3\u0142fin. z 2 zw. i odp. z konk. (zw. E. Kabos, W\u0119gry); <strong>szabla dru\u017c.<\/strong> - w grupie elim. (3 dru\u017c. ) Polacy pokonali Grecj\u0119 9:3 (nie walczy\u0142), w grupie \u0107wier\u0107fin. (4 dru\u017c. ) pokonali Szwecj\u0119 15:1 (4 zw.) i Turcj\u0119 9:2 (nie walczy\u0142), w grupie p\u00f3\u0142fin. (4 dru\u017c.) wygrali z Francj\u0105 10:6 (2 zw.) i Austri\u0105 8:8 - w trafieniach 56:60 (3 zw.), w grupie fina\u0142owej (4 dru\u017c.) Polacy ulegli W\u0142ochom 6:10 (1 zw.), W\u0119grom 1:10 (nie walczy\u0142) i Niemcom 3:9 (1 zw.) zajmuj\u0105c ostatecznie w turnieju 4 m. (zw. W\u0119gry). Partnerami\u00a0w dru\u017cynie byli: W. Dobrowolski, A. Pap\u00e9e, A. Sobik, M. Suski i T. Zaczyk.<br\/><\/p><!-- history --><table width=\"85%\" style=\"text-align:right\" border=\"0\" cellspacing=\"0\" cellpadding=\"0\">  <tr>    <td align=\"right\" class=\"box3-title\"><a href=\"javascript:history.back()\">\u00ab powr\u00f3t do listy<\/a><\/td>  <\/tr><\/table>","tmp_old_body_img":false,"tmp_old_lead_img":false,"picture_medalists":false,"important":"","person_achivments":"","group_knuie68fa087fd5h76":false},"_links":{"self":[{"href":"https:\/\/olimpijski.pl\/en\/wp-json\/wp\/v2\/person\/14967"}],"collection":[{"href":"https:\/\/olimpijski.pl\/en\/wp-json\/wp\/v2\/person"}],"about":[{"href":"https:\/\/olimpijski.pl\/en\/wp-json\/wp\/v2\/types\/person"}],"version-history":[{"count":3,"href":"https:\/\/olimpijski.pl\/en\/wp-json\/wp\/v2\/person\/14967\/revisions"}],"predecessor-version":[{"id":42310,"href":"https:\/\/olimpijski.pl\/en\/wp-json\/wp\/v2\/person\/14967\/revisions\/42310"}],"wp:featuredmedia":[{"embeddable":true,"href":"https:\/\/olimpijski.pl\/en\/wp-json\/wp\/v2\/media\/42307"}],"wp:attachment":[{"href":"https:\/\/olimpijski.pl\/en\/wp-json\/wp\/v2\/media?parent=14967"}],"curies":[{"name":"wp","href":"https:\/\/api.w.org\/{rel}","templated":true}]}}