{"id":15053,"date":"2020-06-24T16:51:25","date_gmt":"2020-06-24T14:51:25","guid":{"rendered":"http:\/\/pkol.local\/person\/aleksandra-socha\/"},"modified":"2021-03-30T10:03:01","modified_gmt":"2021-03-30T08:03:01","slug":"aleksandra-socha","status":"publish","type":"person","link":"https:\/\/olimpijski.pl\/en\/olimpijczycy\/aleksandra-socha\/","title":{"rendered":"Aleksandra Shelton (Socha)"},"content":{"rendered":"\n<p><br><br><br><strong>szablistka, czterokrotna mistrzyni Polski, mistrzyni Europy, medalistka mistrzostw \u015bwiata, olimpijka z\u00a0Aten (2004), Pekinu (2008) i\u00a0Londynu (2012).<\/strong><\/p>\n\n\n\n<p>Urodzona 30 marca 1982 roku w&nbsp;Pabianicach. Studentka na&nbsp;AWF w&nbsp;Warszawie (wydzia\u0142 wychowanie fizyczne). Szermierka, szablistka (175 cm \/ 62 kg), reprezentantka: Zjednoczonych Pabianice (tam mo\u017cna by\u0142o trenowa\u0107 tylko floret), nast\u0119pnie Kolejarza \u0141\u00f3d\u017a, AWF Warszawa. Trenerzy: Oleg Wizgunow (pierwszy), Leszek Ksi\u0119\u017cyk, Piotr Stroka i&nbsp;Marek Gniewkowski (w klubie), w&nbsp;kadrze Arkadiusz Roszak.<\/p>\n\n\n\n<p>Br\u0105zowa medalistka M\u015a 2003 Hawana (szabla ind.). 2-krotna mistrzyni Europy 2004 Kopenhaga (szabla ind.), 2008 Kij\u00f3w (szabla dru\u017c.). 2-krotna wicemistrzyni Europy: 2006 Izmir i 2011 Sheffield (szabla dru\u017c.). 3-krotna br\u0105zowa medalistka ME: 2001 Koblencja (szabla dru\u017c.), 2012 Legnano i 2013 Zagrzeb (szabla ind.).<\/p>\n\n\n\n<p>2-krotna br\u0105zowa medalistka M\u015aJ (do 20 lat): 2000 South Bend (szabla ind.), 2001 Gda\u0144sk (szabla dru\u017c.). Br\u0105zowa medalistka MEJ (do 20 lat) 2000 Antalya (szabla ind.). Br\u0105zowa medalistka Uniwersjady 2005 Izmir (szabla dru\u017c.). Mistrzyni \u015awiatowych Wojskowych Igrzysk Sportowych: 2010 Caracas (szabla ind. i dru\u017c.), 2011 Rio de Janeiro (szabla ind. i dru\u017c.). Finalistka M\u015a: 2004 Nowy Jork \u2013 5 m. (szabla dru\u017c.), 2005 Lipsk \u2013 4 m. (szabla dru\u017c.), 2006 Turyn \u2013 4 m. (szabla dru\u017c.), 2007 Sankt Petersburg \u2013 6 m. (szabla dru\u017c.), 8 m. (szabla ind.), 2009 Antalya \u2013 7 m. (szabla dru\u017c.), 2010 Pary\u017c \u2013 6 m. (szabla dru\u017c.), 2011 Katania \u2013 5 m. (szabla dru\u017c.), 2012 Kij\u00f3w \u2013 5 m. (szabla dru\u017c.), 2013 Budapeszt \u2013 5 m. (szabla dru\u017c.), 7 m. szabla (ind.) i ME: 2002 Moskwa \u2013 6 m. (szabla ind. i dru\u017c.), 2003 Bourges \u2013 7 m. (szabla dru\u017c.), 2004 Kopenhaga \u2013 5 m. (szabla dru\u017c.), 2005 Zalaegerszeg \u2013 6 m. (szabla dru\u017c.), 2006 Izmir \u2013 5 m. (szabla ind.), 2007 Gandawa \u2013 6 m. (szabla dru\u017c.), 8 m. (szabla ind.), 2009 P\u0142owdiw \u2013 6 m. (szabla dru\u017c.), 2010 Lipsk \u2013 7 m. (szabla ind.), 5 m. (szabla dru\u017c.), 2012 Legnano \u2013 4 m. (szabla dru\u017c.), 2013 Zagrzeb \u2013 4 m. (szabla dru\u017c.), M\u015aJ: 2000 South Bend \u2013 4 m. (szabla dru\u017c.), MEJ: 2000 Antalya \u2013 4 m. (szabla dru\u017c.), 2001 Keszthely \u2013 6 m. (szabla dru\u017c.). Sukcesy w turnieju ind. P\u015a: 1m. (2005 Welkenraedt, 2005 Las Vegas, 2008 Budapeszt, 2010 Hawana, 2013 Cancun), 2 m. (2002 Budapeszt, Tauber, 2003 Hawana, 2005 Moskwa, 2008 Algier, 2009 Koblencja, 2010 Hawana, 2011 Bolonia, 2012 Tian Jin), 3 m. (2003 Budapeszt i Nowy Jork, 2004 Orlean, 2007 Algier i Gandawa, 2010 Tian Jin, 2013 Orlean, Londyn, Gandawa). Klasyfikacja generalna P\u015a: 2 m. (2004\/2005), 4 m. (2002\/2003). 5-krotna mistrzyni Polski w turnieju indywidualnym szabli (1999, 2002, 2003, 2008, 2009) i 8-krotnie w dru\u017cynie (2000\u20132005, 2007, 2009, 2013). 3-krotna wicemistrzyni Polski (2001, 2004, 2007) i 3-krotna br\u0105zowa medalistka MP (2005, 2010, 2012) w konkurencji indywidualnej.<\/p>\n\n\n\n<p>Absolwentka Szko\u0142y Mistrzostwa Sportowego w&nbsp;Warszawie (2001), Wydzia\u0142u Wychowania Fizycznego sto\u0142ecznej AWF (2007, magister wf) i&nbsp;Podyplomowych Studi\u00f3w Collegium Civitas, Wydzia\u0142 Stosunki Mi\u0119dzynarodowe i&nbsp;Dyplomacja. \u017bo\u0142nierz zawodowy WP.<\/p>\n\n\n\n<p><strong>*Ateny 2004: szermierka, szabla kobiet ind.<\/strong> &#8211; w&nbsp;1\/8 fina\u0142u przegra\u0142a 12:15 z&nbsp;C. Gheorghitoai\u0105 (Rumunia), odp. z&nbsp;konk. i&nbsp;zosta\u0142a sklasyfikowana na&nbsp;11 m. w&nbsp;turnieju (zw. w&nbsp;finale M. Zagunis, USA).<\/p>\n\n\n\n<p><strong>*Pekin 2008: szermierka, szabla kobiet ind.<\/strong> &#8211; w 1\/16 fina\u0142u przegra\u0142a 11:15 z O. Chomrow\u0105 (Ukraina), odp. z konk., zajmuj\u0105c 18 m. w turnieju (zw. M. Zagunis, USA); szabla dru\u017c.: w \u0107wier\u0107fin. Polki przegra\u0142y z Chinkami 25:45 (Socha 9 pkt.), w meczu o 5-8 m. wygra\u0142y z Kanad\u0105 45:44 (16 pkt.), w meczu o 5\u20136 m. przegra\u0142y z Rosj\u0105 36:45 (9 pkt.), zajmuj\u0105c 6 m. w turnieju (zw. Ukraina). Partnerkami by\u0142y: B. J\u00f3\u017awiak i I. Wi\u0119ckowska.<\/p>\n\n\n\n<p><strong>*Londyn 2012: szermierka, szabla kobiet ind.<\/strong> &#8211; w&nbsp;1\/16 fina\u0142u wygra\u0142a 15:7 z&nbsp;S. Sassine (Kanada), w&nbsp;1\/8 fina\u0142u przegra\u0142a 12:15 z&nbsp;V. Vougiouk\u0105 (Grecja), odp. z&nbsp;konk., zajmuj\u0105c 13 m. w&nbsp;turnieju (zw. J. Kim, Korea).<\/p>\n\n\n\n<p><strong>*Rio 2016: szermierka, szabla kobiet<\/strong> <strong>dru\u017c.<\/strong> &#8211; w 1\/4 fina\u0142u Polki przegra\u0142y z USA 43:45. W meczu o miejsca 5-8 pokona\u0142y Meksyk 45:23, a w pojedynku o 5. miejsce uleg\u0142y Korei P\u0142d. 41:54, zajmuj\u0105c ostatecznie 6. miejsce. Wygra\u0142y Rosjanki, przed Ukrainkami i USA.<\/p>\n","protected":false},"excerpt":{"rendered":"<p>szablistka, czterokrotna mistrzyni Polski, mistrzyni Europy, medalistka mistrzostw \u015bwiata, olimpijka z Aten (2004), Pekinu (2008) i Londynu (2012). &#8230; <a class=\"read-more\" href=\"https:\/\/olimpijski.pl\/en\/olimpijczycy\/aleksandra-socha\/\">Czytaj dalej<\/a><\/p>\n","protected":false},"featured_media":19922,"menu_order":60,"template":"","meta":{"_acf_changed":false,"ub_ctt_via":"","footnotes":""},"class_list":["post-15053","person","type-person","status-publish","has-post-thumbnail","hentry","infinite-scroll-item","no-featured-image-padding","resize-featured-image"],"acf":{"olimpic_information":[{"olimpic":[{"ID":292,"post_author":"1","post_date":"2008-06-17 13:34:45","post_date_gmt":"2008-06-17 11:34:45","post_content":"<!-- wp:heading {\"level\":1,\"className\":\"main-title\"} -->\n<h1 class=\"main-title\"><strong>Igrzyska XXIX Olimpiady<\/strong><br>Pekin 2008<\/h1>\n<!-- \/wp:heading -->\n\n<!-- wp:paragraph -->\n<p><br><\/p>\n<!-- \/wp:paragraph -->\n\n<!-- wp:image {\"align\":\"left\",\"id\":19344,\"sizeSlug\":\"large\",\"className\":\"is-style-default\"} -->\n<div class=\"wp-block-image is-style-default\"><figure class=\"alignleft size-large\"><img src=\"https:\/\/olimpijski.pl\/wp-content\/uploads\/2008\/06\/pekin2008.png\" alt=\"\" class=\"wp-image-19344\"\/><\/figure><\/div>\n<!-- \/wp:image -->\n\n<!-- wp:list -->\n<ul><li>Igrzyska rozegrano w dniach <strong>8-24 sierpnia<\/strong>.<\/li><li>Wystartowa\u0142o <strong>11 128<\/strong> zawodnik\u00f3w (w tym <strong>4746<\/strong> kobiet) z <strong>204<\/strong> kraj\u00f3w.<\/li><li>Rozdano <strong>302<\/strong> komplety medali.<\/li><li>Przysi\u0119g\u0119 olimpijsk\u0105 w imieniu sportowc\u00f3w z\u0142o\u017cy\u0142a tenisistka sto\u0142owa <strong>Yining Zhang<\/strong>, natomiast w imieniu s\u0119dzi\u00f3w i trener\u00f3w \u2013 <strong>Lipeng Huang<\/strong>.<\/li><li>Znicz zapali\u0142 gimnastyk <strong>Ning Li<\/strong> zdobywca 3 z\u0142otych, dw\u00f3ch srebrnych i jednego br\u0105zowego w igrzyskach olimpijskich w Los Angeles w 1984 roku.<\/li><li>Otwarcia dokona\u0142 prezydent Chin <strong>Jintao Hu<\/strong>.<\/li><\/ul>\n<!-- \/wp:list -->\n\n<!-- wp:heading -->\n<h2><strong>Program Igrzysk \u2013 31 dyscyplin, 302 konkurencje<\/strong><\/h2>\n<!-- \/wp:heading -->\n\n<!-- wp:paragraph -->\n<p>badminton (5 konkurencji), baseball (1), boks (11), gimnastyka (18), hokej na trawie (2), je\u017adziectwo (6), judo (14), kajakarstwo (16), kolarstwo (18), koszyk\u00f3wka (2), lekkoatletyka (47), \u0142ucznictwo (4), pi\u0119ciob\u00f3j nowoczesny (2), pi\u0142ka no\u017cna (2), pi\u0142ka r\u0119czna (2), pi\u0142ka siatkowa (4), pi\u0142ka wodna (2), p\u0142ywanie (34), p\u0142ywanie synchroniczne (2), podnoszenie ci\u0119\u017car\u00f3w (15), skoki do wody (8), softball (1), strzelectwo (15), szermierka (10), taekwondo (8), tenis (4), tenis sto\u0142owy (4), triathlon (2), wio\u015blarstwo (14), zapasy (18), \u017ceglarstwo (11).<\/p>\n<!-- \/wp:paragraph -->\n\n<!-- wp:heading -->\n<h2><strong>Gwiazda Igrzysk<\/strong><\/h2>\n<!-- \/wp:heading -->\n\n<!-- wp:paragraph -->\n<p><strong>Michael Phelps<\/strong> (USA, p\u0142ywanie) \u2013 8 z\u0142otych medali<\/p>\n<!-- \/wp:paragraph -->\n\n<!-- wp:heading -->\n<h2><strong>Polska Reprezentacja Olimpijska<\/strong><\/h2>\n<!-- \/wp:heading -->\n\n<!-- wp:paragraph -->\n<p><strong>269 os\u00f3b<\/strong> (startowa\u0142o 257 \u2013 101 kobiet i 156 m\u0119\u017cczyzn) w 22 sportach: 5 badmintonist\u00f3w (w tym 2 kobiety), 2 bokser\u00f3w, 1 gimnastyczka artystyczna, 2 gimnastyk\u00f3w sportowych (w tym 1 kobieta), 3 je\u017ad\u017ac\u00f3w, 7 judok\u00f3w (w tym 2 kobiety), 21 kajakarzy (w tym 6 kobiet), 11 kolarzy (w tym 3 kobiety), 66 lekkoatlet\u00f3w (w tym 35 kobiet; 60 startowa\u0142o + 6 rez.), 6 \u0142ucznik\u00f3w (w tym 3 kobiety), 4 pi\u0119cioboist\u00f3w (w tym 2 kobiety), 15 pi\u0142karzy r\u0119cznych (14 startowa\u0142o + 1 rez.), 24 siatkarzy (w tym 12 kobiet), 17 p\u0142ywak\u00f3w (w tym 8 kobiet; 15 startowa\u0142o + 2 rez.), 10 ci\u0119\u017carowc\u00f3w (w tym 4 kobiety), 6 strzelc\u00f3w (w tym 4 kobiety), 14 szermierzy (w tym 8 kobiet; 13 startowa\u0142o + 1 rez.), 6 tenisist\u00f3w (w tym 4 kobiety), 4 tenisist\u00f3w sto\u0142owych (w tym 3 kobiet), 3 triathlonist\u00f3w (w tym 2 kobiety), 22 wio\u015blarzy (w tym 1 kobieta; 20 startowa\u0142o + 2 rez.), 9 zapa\u015bnik\u00f3w (w tym 2 kobiety), 11 \u017ceglarzy (w tym 2 kobiety).<\/p>\n<!-- \/wp:paragraph -->\n\n<!-- wp:paragraph -->\n<p>Chor\u0105\u017cym reprezentacji Polski by\u0142 kajakarz <strong>Marek Twardowski<\/strong>.<\/p>\n<!-- \/wp:paragraph -->\n\n<!-- wp:heading -->\n<h2><strong>Klasyfikacja medalowa<\/strong><\/h2>\n<!-- \/wp:heading -->\n\n<!-- wp:table {\"hasFixedLayout\":true,\"className\":\"is-style-stripes\"} -->\n<figure class=\"wp-block-table is-style-stripes\"><table class=\"has-fixed-layout\"><tbody><tr><td><\/td><td><\/td><td class=\"has-text-align-center\" data-align=\"center\">&nbsp;<\/td><td class=\"has-text-align-center\" data-align=\"center\">&nbsp;<\/td><td class=\"has-text-align-center\" data-align=\"center\">&nbsp;<\/td><td class=\"has-text-align-center\" data-align=\"center\">&nbsp;<\/td><\/tr><tr><td>&nbsp;<\/td><td>&nbsp;<\/td><td class=\"has-text-align-center\" data-align=\"center\">&nbsp;<\/td><td class=\"has-text-align-center\" data-align=\"center\"><img class=\"wp-image-27817\" style=\"width: 50px;\" src=\"https:\/\/olimpijski.pl\/wp-content\/uploads\/2016\/06\/2016_Rio_zloty_50x50.jpg\" alt=\"\"><\/td><td class=\"has-text-align-center\" data-align=\"center\"><img class=\"wp-image-27819\" style=\"width: 50px;\" src=\"https:\/\/olimpijski.pl\/wp-content\/uploads\/2016\/06\/2016_Rio_sreb_50x50.jpg\" alt=\"\"><\/td><td class=\"has-text-align-center\" data-align=\"center\"><img class=\"wp-image-27821\" style=\"width: 50px;\" src=\"https:\/\/olimpijski.pl\/wp-content\/uploads\/2016\/06\/2016_Rio_braz_50x50.jpg\" alt=\"\"><\/td><\/tr><tr><td>1.<\/td><td>Chiny<\/td><td class=\"has-text-align-center\" data-align=\"center\">100<\/td><td class=\"has-text-align-center\" data-align=\"center\">51<\/td><td class=\"has-text-align-center\" data-align=\"center\">21<\/td><td class=\"has-text-align-center\" data-align=\"center\">28<\/td><\/tr><tr><td>2.<\/td><td>USA<\/td><td class=\"has-text-align-center\" data-align=\"center\">110<\/td><td class=\"has-text-align-center\" data-align=\"center\">36<\/td><td class=\"has-text-align-center\" data-align=\"center\">38<\/td><td class=\"has-text-align-center\" data-align=\"center\">36<\/td><\/tr><tr><td>3.<\/td><td>Rosja<\/td><td class=\"has-text-align-center\" data-align=\"center\">71<\/td><td class=\"has-text-align-center\" data-align=\"center\">22<\/td><td class=\"has-text-align-center\" data-align=\"center\">21<\/td><td class=\"has-text-align-center\" data-align=\"center\">28<\/td><\/tr><tr><td>...<\/td><td>&nbsp;<\/td><td class=\"has-text-align-center\" data-align=\"center\">&nbsp;<\/td><td class=\"has-text-align-center\" data-align=\"center\">&nbsp;<\/td><td class=\"has-text-align-center\" data-align=\"center\">&nbsp;<\/td><td class=\"has-text-align-center\" data-align=\"center\">&nbsp;<\/td><\/tr><tr><td><strong>16.<\/strong><\/td><td><strong>Polska<\/strong><\/td><td class=\"has-text-align-center\" data-align=\"center\"><strong>11<\/strong><\/td><td class=\"has-text-align-center\" data-align=\"center\"><strong>4<\/strong><\/td><td class=\"has-text-align-center\" data-align=\"center\"><strong>5<\/strong><\/td><td class=\"has-text-align-center\" data-align=\"center\"><strong>2<\/strong><\/td><\/tr><\/tbody><\/table><\/figure>\n<!-- \/wp:table -->\n\n<!-- wp:heading -->\n<h2><strong>Medale dla Polski (11)<\/strong><\/h2>\n<!-- \/wp:heading -->\n\n<!-- wp:ub\/content-toggle-block {\"blockID\":\"8844a311-441c-4185-a50e-fa41562c5ef5\",\"theme\":\"#f1f1f1\",\"collapsed\":true,\"titleColor\":\"#000000\"} -->\n<!-- wp:ub\/content-toggle-panel-block {\"parentID\":\"8844a311-441c-4185-a50e-fa41562c5ef5\",\"theme\":\"#f1f1f1\",\"collapsed\":true,\"titleColor\":\"#000000\",\"panelTitle\":\"Z\u0142ote\"} -->\n<!-- wp:paragraph -->\n<p><\/p>\n<!-- \/wp:paragraph -->\n\n<!-- wp:media-text {\"align\":\"\",\"mediaId\":30150,\"mediaLink\":\"https:\/\/olimpijski.pl\/igrzyska_letnie\/pekin-2008\/2008_pekin_zloty_200\/#main\",\"mediaType\":\"image\",\"mediaWidth\":20} -->\n<div class=\"wp-block-media-text is-stacked-on-mobile\" style=\"grid-template-columns:20% auto\"><figure class=\"wp-block-media-text__media\"><img src=\"https:\/\/olimpijski.pl\/wp-content\/uploads\/2008\/06\/2008_Pekin_zloty_200.jpg\" alt=\"\" class=\"wp-image-30150\"\/><\/figure><div class=\"wp-block-media-text__content\"><!-- wp:paragraph -->\n<p><strong>Leszek Blanik<\/strong><br>(gimnastyka, skok)<\/p>\n<!-- \/wp:paragraph -->\n\n<!-- wp:paragraph -->\n<p><strong>Tomasz Majewski<\/strong><br>(lekkoatletyka, pchni\u0119cie kul\u0105)<\/p>\n<!-- \/wp:paragraph -->\n\n<!-- wp:paragraph -->\n<p><strong>Adam Korol, Marek Kolbowicz, Micha\u0142 Jeli\u0144ski i Konrad Wasielewski<\/strong><br>(wio\u015blarstwo, czw\u00f3rka podw\u00f3jna)<\/p>\n<!-- \/wp:paragraph -->\n\n<!-- wp:paragraph -->\n<p><strong>Szymon Ko\u0142ecki<\/strong><br>(podnoszenie ci\u0119\u017car\u00f3w, waga 94 kg)<\/p>\n<!-- \/wp:paragraph --><\/div><\/div>\n<!-- \/wp:media-text -->\n\n<!-- wp:paragraph -->\n<p><\/p>\n<!-- \/wp:paragraph -->\n<!-- \/wp:ub\/content-toggle-panel-block -->\n<!-- \/wp:ub\/content-toggle-block -->\n\n<!-- wp:ub\/content-toggle-block {\"blockID\":\"66384a72-41bb-458a-89e0-c071da3f2511\",\"theme\":\"#f1f1f1\",\"collapsed\":true,\"titleColor\":\"#000000\"} -->\n<!-- wp:ub\/content-toggle-panel-block {\"parentID\":\"66384a72-41bb-458a-89e0-c071da3f2511\",\"theme\":\"#f1f1f1\",\"collapsed\":true,\"titleColor\":\"#000000\",\"panelTitle\":\"Srebrne\"} -->\n<!-- wp:paragraph -->\n<p><\/p>\n<!-- \/wp:paragraph -->\n\n<!-- wp:media-text {\"align\":\"\",\"mediaId\":30152,\"mediaLink\":\"https:\/\/olimpijski.pl\/igrzyska_letnie\/pekin-2008\/2008_pekin_sreb_200\/#main\",\"mediaType\":\"image\",\"mediaWidth\":20} -->\n<div class=\"wp-block-media-text is-stacked-on-mobile\" style=\"grid-template-columns:20% auto\"><figure class=\"wp-block-media-text__media\"><img src=\"https:\/\/olimpijski.pl\/wp-content\/uploads\/2008\/06\/2008_Pekin_sreb_200.jpg\" alt=\"\" class=\"wp-image-30152\"\/><\/figure><div class=\"wp-block-media-text__content\"><!-- wp:paragraph -->\n<p><br><br><br><strong>Piotr Ma\u0142achowski<\/strong><br>(lekkoatletyka, rzut dyskiem)<br><br><strong>Aneta Konieczna, Beata Miko\u0142ajczyk<\/strong><br>(kajakarstwo, K2 500)<br><br><strong>Maja W\u0142oszczowska<\/strong><br>(kolarstwo g\u00f3rskie)<\/p>\n<!-- \/wp:paragraph -->\n\n<!-- wp:paragraph -->\n<p><strong>Robert Andrzejuk, Tomasz Motyka, Adam Wiercioch, Rados\u0142aw Zawrotniak<\/strong><br>(szermierka, szpada dru\u017cynowo)<br><br><strong>Mi\u0142osz Bernatajtys, \u0141ukasz Paw\u0142owski, Bart\u0142omiej Pawe\u0142czak, Pawe\u0142 Ra\u0144da<\/strong><br>(wio\u015blarstwo, czw\u00f3rka wagi lekkiej)<\/p>\n<!-- \/wp:paragraph --><\/div><\/div>\n<!-- \/wp:media-text -->\n<!-- \/wp:ub\/content-toggle-panel-block -->\n<!-- \/wp:ub\/content-toggle-block -->\n\n<!-- wp:ub\/content-toggle-block {\"blockID\":\"b6619c81-d659-42e3-869c-35457a540cfa\",\"theme\":\"#f1f1f1\",\"collapsed\":true,\"titleColor\":\"#000000\"} -->\n<!-- wp:ub\/content-toggle-panel-block {\"parentID\":\"b6619c81-d659-42e3-869c-35457a540cfa\",\"theme\":\"#f1f1f1\",\"collapsed\":true,\"titleColor\":\"#000000\",\"panelTitle\":\"Br\u0105zowy\"} -->\n<!-- wp:paragraph -->\n<p><\/p>\n<!-- \/wp:paragraph -->\n\n<!-- wp:media-text {\"align\":\"\",\"mediaId\":30154,\"mediaLink\":\"https:\/\/olimpijski.pl\/igrzyska_letnie\/pekin-2008\/2008_pekin_braz_200\/#main\",\"mediaType\":\"image\",\"mediaWidth\":20} -->\n<div class=\"wp-block-media-text is-stacked-on-mobile\" style=\"grid-template-columns:20% auto\"><figure class=\"wp-block-media-text__media\"><img src=\"https:\/\/olimpijski.pl\/wp-content\/uploads\/2008\/06\/2008_Pekin_braz_200.jpg\" alt=\"\" class=\"wp-image-30154\"\/><\/figure><div class=\"wp-block-media-text__content\"><!-- wp:paragraph -->\n<p><strong>Agnieszka Wieszczek<\/strong><br>(zapasy, waga 72 kg)<\/p>\n<!-- \/wp:paragraph -->\n\n<!-- wp:paragraph -->\n<p><strong>Marcin Do\u0142\u0119ga<br><\/strong>(podnoszenie ci\u0119\u017car\u00f3w, waga 105 kg)<\/p>\n<!-- \/wp:paragraph --><\/div><\/div>\n<!-- \/wp:media-text -->\n\n<!-- wp:paragraph -->\n<p><\/p>\n<!-- \/wp:paragraph -->\n<!-- \/wp:ub\/content-toggle-panel-block -->\n<!-- \/wp:ub\/content-toggle-block -->\n\n<!-- wp:paragraph -->\n<p><\/p>\n<!-- \/wp:paragraph -->\n\n<!-- wp:quote {\"className\":\"is-style-default\"} -->\n<blockquote class=\"wp-block-quote is-style-default\"><p>Po raz pierwszy na igrzyska przyjechali sportowcy z Tuvalu i Wysp Marshalla. Tak\u017ce po raz pierwszy oddzielnie wyst\u0105pili olimpijczycy z Czarnog\u00f3ry i Serbii. Ciekawostk\u0105 jest to, \u017ce podczas ceremonii otwarcia zaprezentowano oratorium Krzysztofa Pendereckiego.<\/p><\/blockquote>\n<!-- \/wp:quote -->","post_title":"Pekin 2008","post_excerpt":"","post_status":"publish","comment_status":"closed","ping_status":"closed","post_password":"","post_name":"pekin-2008","to_ping":"","pinged":"","post_modified":"2020-12-03 13:11:40","post_modified_gmt":"2020-12-03 12:11:40","post_content_filtered":"","post_parent":0,"guid":"https:\/\/wai-q98d7hpf9hy9k.wpallimport-demo.qsandbox.me\/olympics_summer\/pekin-2008\/","menu_order":0,"post_type":"olympics_summer","post_mime_type":"","comment_count":"0","filter":"raw"}],"competitions_rewards":[{"competition":[{"ID":5868,"post_author":"1","post_date":"2020-06-19 11:32:30","post_date_gmt":"2020-06-19 11:32:30","post_content":"","post_title":"Szermierka","post_excerpt":"","post_status":"publish","comment_status":"open","ping_status":"open","post_password":"","post_name":"szermierka","to_ping":"","pinged":"","post_modified":"2020-06-29 13:17:09","post_modified_gmt":"2020-06-29 11:17:09","post_content_filtered":"","post_parent":0,"guid":"https:\/\/wai-q7byvryhhcz9k.wpallimport-demo.qsandbox.me\/competition\/szermierka\/","menu_order":0,"post_type":"competition","post_mime_type":"","comment_count":"0","filter":"raw"}],"reward":""}]},{"olimpic":[{"ID":293,"post_author":"1","post_date":"2004-06-17 13:34:45","post_date_gmt":"2004-06-17 11:34:45","post_content":"<!-- wp:heading {\"level\":1,\"className\":\"main-title\"} -->\n<h1 class=\"main-title\"><strong>Igrzyska XXVIII Olimpiady<\/strong><br>Ateny 2004<\/h1>\n<!-- \/wp:heading -->\n\n<!-- wp:paragraph -->\n<p><br><\/p>\n<!-- \/wp:paragraph -->\n\n<!-- wp:image {\"align\":\"left\",\"id\":19310,\"sizeSlug\":\"large\",\"className\":\"is-style-default\"} -->\n<div class=\"wp-block-image is-style-default\"><figure class=\"alignleft size-large\"><img src=\"https:\/\/olimpijski.pl\/wp-content\/uploads\/2004\/06\/ateny2004.png\" alt=\"\" class=\"wp-image-19310\"\/><\/figure><\/div>\n<!-- \/wp:image -->\n\n<!-- wp:list -->\n<ul><li>Igrzyska rozegrano w dniach <strong>13-29 sierpnia<\/strong>.<\/li><li>Wystartowa\u0142o <strong>10 625<\/strong> zawodnik\u00f3w (w tym <strong>4329<\/strong> kobiet) z <strong>201<\/strong> kraj\u00f3w.<\/li><li>Rozdano <strong>301<\/strong> komplet\u00f3w medali.<\/li><li>Przysi\u0119g\u0119 olimpijsk\u0105 w imieniu sportowc\u00f3w z\u0142o\u017cy\u0142a p\u0142ywaczka <strong>Zoe Dimoschaki<\/strong>, natomiast w imieniu s\u0119dzi\u00f3w i trener\u00f3w \u2013 <strong>Lazaros Voreadis<\/strong>.<\/li><li>Znicz zapali\u0142 \u017ceglarz, mistrz olimpijski z Atlanty 1996 w klasie Mistral <strong>Nikolaos Kaklamanakis<\/strong>.<\/li><li>Igrzyska otworzy\u0142 prezydent Grecji <strong>Kostis Stephanopoulos<\/strong>.<\/li><\/ul>\n<!-- \/wp:list -->\n\n<!-- wp:heading -->\n<h2><strong>Program Igrzysk \u2013 31 dyscyplin, 301 konkurencji<\/strong><\/h2>\n<!-- \/wp:heading -->\n\n<!-- wp:paragraph -->\n<p>badminton (5 konkurencji), baseball (1), boks (11), gimnastyka (18), hokej na trawie (2), je\u017adziectwo (6), judo (14), kajakarstwo (16), kolarstwo (18), koszyk\u00f3wka (2), lekkoatletyka (46), \u0142ucznictwo (4), pi\u0119ciob\u00f3j nowoczesny (2), pi\u0142ka no\u017cna (2), pi\u0142ka r\u0119czna (2), pi\u0142ka siatkowa (4), pi\u0142ka wodna (2), p\u0142ywanie (32), p\u0142ywanie synchroniczne (2), podnoszenie ci\u0119\u017car\u00f3w (15), skoki do wody (8), softball (1), strzelectwo (17), szermierka (10), taekwondo (8), tenis (4), tenis sto\u0142owy (4), triathlon (2), wio\u015blarstwo (14), zapasy (18), \u017ceglarstwo (11).<\/p>\n<!-- \/wp:paragraph -->\n\n<!-- wp:heading -->\n<h2><strong>Gwiazda Igrzysk<\/strong><\/h2>\n<!-- \/wp:heading -->\n\n<!-- wp:paragraph -->\n<p><strong>Michael Phelps<\/strong> (USA, p\u0142ywanie) \u2013 6 z\u0142otych medali, 2 br\u0105zowe<br><strong>Otylia J\u0119drzejczak<\/strong> (Polska, p\u0142ywanie) \u2013 1 z\u0142oty medal, 2 srebrne<\/p>\n<!-- \/wp:paragraph -->\n\n<!-- wp:heading -->\n<h2><strong>Polska Reprezentacja Olimpijska<\/strong><\/h2>\n<!-- \/wp:heading -->\n\n<!-- wp:paragraph -->\n<p><strong>202 osoby<\/strong> (startowa\u0142o 194 \u2013 62 kobiety i 132 m\u0119\u017cczyzn) w 21 sportach: 3 badmintonist\u00f3w, 3 bokser\u00f3w, 6 gimnastyczek artystycznych, 1 gimnastyczka sportowa (nie startowa\u0142a), 4 je\u017ad\u017ac\u00f3w, 6 judok\u00f3w (w tym 2 kobiety), 23 kajakarzy (w tym 7 kobiet), 16 kolarzy (w tym 5 kobiet), 52 lekkoatlet\u00f3w (w tym 23 kobiety; 45 startowa\u0142o + 5 rez., 2 nie), 4 \u0142ucznik\u00f3w (w tym 3 kobiety), 4 pi\u0119cioboist\u00f3w (w tym 2 kobiety), 7 p\u0142ywak\u00f3w (w tym 2 kobiet), 7 ci\u0119\u017carowc\u00f3w (w tym 2 kobiety), 12 siatkarzy, 5 strzelc\u00f3w (w tym 3 kobiety), 3 szermierzy (w tym 2 kobiety), 1 taekwondo (kobieta), 2 tenisist\u00f3w, 2 tenisist\u00f3w sto\u0142owych, 23 wio\u015blarzy (w tym 2 kobiety), 9 zapa\u015bnik\u00f3w, 9 \u017ceglarzy (w tym 2 kobiety).<\/p>\n<!-- \/wp:paragraph -->\n\n<!-- wp:paragraph -->\n<p>Chor\u0105\u017cym reprezentacji Polski by\u0142 p\u0142ywak <strong>Bartosz Kizierowski<\/strong>.<\/p>\n<!-- \/wp:paragraph -->\n\n<!-- wp:heading -->\n<h2><strong>Klasyfikacja medalowa<\/strong><\/h2>\n<!-- \/wp:heading -->\n\n<!-- wp:table {\"hasFixedLayout\":true,\"className\":\"is-style-stripes\"} -->\n<figure class=\"wp-block-table is-style-stripes\"><table class=\"has-fixed-layout\"><tbody><tr><td><\/td><td><\/td><td class=\"has-text-align-center\" data-align=\"center\">&nbsp;<\/td><td class=\"has-text-align-center\" data-align=\"center\">&nbsp;<\/td><td class=\"has-text-align-center\" data-align=\"center\">&nbsp;<\/td><td class=\"has-text-align-center\" data-align=\"center\">&nbsp;<\/td><\/tr><tr><td>&nbsp;<\/td><td>&nbsp;<\/td><td class=\"has-text-align-center\" data-align=\"center\">&nbsp;<\/td><td class=\"has-text-align-center\" data-align=\"center\"><img class=\"wp-image-27817\" style=\"width: 50px;\" src=\"https:\/\/olimpijski.pl\/wp-content\/uploads\/2016\/06\/2016_Rio_zloty_50x50.jpg\" alt=\"\"><\/td><td class=\"has-text-align-center\" data-align=\"center\"><img class=\"wp-image-27819\" style=\"width: 50px;\" src=\"https:\/\/olimpijski.pl\/wp-content\/uploads\/2016\/06\/2016_Rio_sreb_50x50.jpg\" alt=\"\"><\/td><td class=\"has-text-align-center\" data-align=\"center\"><img class=\"wp-image-27821\" style=\"width: 50px;\" src=\"https:\/\/olimpijski.pl\/wp-content\/uploads\/2016\/06\/2016_Rio_braz_50x50.jpg\" alt=\"\"><\/td><\/tr><tr><td>1.<\/td><td>USA<\/td><td class=\"has-text-align-center\" data-align=\"center\">102<\/td><td class=\"has-text-align-center\" data-align=\"center\">37<\/td><td class=\"has-text-align-center\" data-align=\"center\">38<\/td><td class=\"has-text-align-center\" data-align=\"center\">27<\/td><\/tr><tr><td>2.<\/td><td>Chiny<\/td><td class=\"has-text-align-center\" data-align=\"center\">63<\/td><td class=\"has-text-align-center\" data-align=\"center\">32<\/td><td class=\"has-text-align-center\" data-align=\"center\">17<\/td><td class=\"has-text-align-center\" data-align=\"center\">14<\/td><\/tr><tr><td>3.<\/td><td>Rosja<\/td><td class=\"has-text-align-center\" data-align=\"center\">92<\/td><td class=\"has-text-align-center\" data-align=\"center\">27<\/td><td class=\"has-text-align-center\" data-align=\"center\">27<\/td><td class=\"has-text-align-center\" data-align=\"center\">38<\/td><\/tr><tr><td>...<\/td><td>&nbsp;<\/td><td class=\"has-text-align-center\" data-align=\"center\">&nbsp;<\/td><td class=\"has-text-align-center\" data-align=\"center\">&nbsp;<\/td><td class=\"has-text-align-center\" data-align=\"center\">&nbsp;<\/td><td class=\"has-text-align-center\" data-align=\"center\">&nbsp;<\/td><\/tr><tr><td><strong>23.<\/strong><\/td><td><strong>Polska<\/strong><\/td><td class=\"has-text-align-center\" data-align=\"center\"><strong>10<\/strong><\/td><td class=\"has-text-align-center\" data-align=\"center\"><strong>3<\/strong><\/td><td class=\"has-text-align-center\" data-align=\"center\"><strong>2<\/strong><\/td><td class=\"has-text-align-center\" data-align=\"center\"><strong>5<\/strong><\/td><\/tr><\/tbody><\/table><\/figure>\n<!-- \/wp:table -->\n\n<!-- wp:heading -->\n<h2><strong>Medale dla Polski (10)<\/strong><\/h2>\n<!-- \/wp:heading -->\n\n<!-- wp:ub\/content-toggle-block {\"blockID\":\"120ac614-72ab-4f12-9dc0-2ec9c4c90969\",\"theme\":\"#f1f1f1\",\"collapsed\":true,\"titleColor\":\"#000000\"} -->\n<!-- wp:ub\/content-toggle-panel-block {\"parentID\":\"120ac614-72ab-4f12-9dc0-2ec9c4c90969\",\"theme\":\"#f1f1f1\",\"collapsed\":true,\"titleColor\":\"#000000\",\"panelTitle\":\"Z\u0142ote\"} -->\n<!-- wp:paragraph -->\n<p><\/p>\n<!-- \/wp:paragraph -->\n\n<!-- wp:media-text {\"align\":\"\",\"mediaId\":30158,\"mediaLink\":\"https:\/\/olimpijski.pl\/igrzyska_letnie\/ateny-2004\/2004_ateny_zloty_200\/#main\",\"mediaType\":\"image\",\"mediaWidth\":20} -->\n<div class=\"wp-block-media-text is-stacked-on-mobile\" style=\"grid-template-columns:20% auto\"><figure class=\"wp-block-media-text__media\"><img src=\"https:\/\/olimpijski.pl\/wp-content\/uploads\/2004\/06\/2004_Ateny_zloty_200.jpg\" alt=\"\" class=\"wp-image-30158\"\/><\/figure><div class=\"wp-block-media-text__content\"><!-- wp:paragraph -->\n<p><strong>Otylia J\u0119drzejczak<\/strong><br>(p\u0142ywanie, 200 m stylem motylkowym)<\/p>\n<!-- \/wp:paragraph -->\n\n<!-- wp:paragraph -->\n<p><strong>Robert Korzeniowski<\/strong><br>(lekkoatletyka, ch\u00f3d na 50 km)<\/p>\n<!-- \/wp:paragraph -->\n\n<!-- wp:paragraph -->\n<p><strong>Tomasz Kucharski, Robert Sycz<\/strong><br>(wio\u015blarstwo, dw\u00f3jka podw\u00f3jna wagi lekkiej)<\/p>\n<!-- \/wp:paragraph --><\/div><\/div>\n<!-- \/wp:media-text -->\n<!-- \/wp:ub\/content-toggle-panel-block -->\n<!-- \/wp:ub\/content-toggle-block -->\n\n<!-- wp:ub\/content-toggle-block {\"blockID\":\"55a13279-a60a-41b7-80e6-8fbd16225fbc\",\"theme\":\"#f1f1f1\",\"collapsed\":true,\"titleColor\":\"#000000\"} -->\n<!-- wp:ub\/content-toggle-panel-block {\"parentID\":\"55a13279-a60a-41b7-80e6-8fbd16225fbc\",\"theme\":\"#f1f1f1\",\"collapsed\":true,\"titleColor\":\"#000000\",\"panelTitle\":\"Srebrne\"} -->\n<!-- wp:paragraph -->\n<p><\/p>\n<!-- \/wp:paragraph -->\n\n<!-- wp:media-text {\"align\":\"\",\"mediaId\":30160,\"mediaLink\":\"https:\/\/olimpijski.pl\/igrzyska_letnie\/ateny-2004\/2004_ateny_sreb_200\/#main\",\"mediaType\":\"image\",\"mediaWidth\":20} -->\n<div class=\"wp-block-media-text is-stacked-on-mobile\" style=\"grid-template-columns:20% auto\"><figure class=\"wp-block-media-text__media\"><img src=\"https:\/\/olimpijski.pl\/wp-content\/uploads\/2004\/06\/2004_Ateny_sreb_200.jpg\" alt=\"\" class=\"wp-image-30160\"\/><\/figure><div class=\"wp-block-media-text__content\"><!-- wp:paragraph -->\n<p><strong>Otylia J\u0119drzejczak<\/strong><br>(p\u0142ywanie, 100 m stylem motylkowym)<\/p>\n<!-- \/wp:paragraph -->\n\n<!-- wp:paragraph -->\n<p><strong>Otylia J\u0119drzejczak<\/strong><br>(p\u0142ywanie, 400 m stylem dowolnym)<br><\/p>\n<!-- \/wp:paragraph --><\/div><\/div>\n<!-- \/wp:media-text -->\n<!-- \/wp:ub\/content-toggle-panel-block -->\n<!-- \/wp:ub\/content-toggle-block -->\n\n<!-- wp:ub\/content-toggle-block {\"blockID\":\"2797118c-7890-4757-a47f-6bd9d2c91ce3\",\"theme\":\"#f1f1f1\",\"collapsed\":true,\"titleColor\":\"#000000\"} -->\n<!-- wp:ub\/content-toggle-panel-block {\"parentID\":\"2797118c-7890-4757-a47f-6bd9d2c91ce3\",\"theme\":\"#f1f1f1\",\"collapsed\":true,\"titleColor\":\"#000000\",\"panelTitle\":\"Br\u0105zowe\"} -->\n<!-- wp:paragraph -->\n<p><\/p>\n<!-- \/wp:paragraph -->\n\n<!-- wp:media-text {\"align\":\"\",\"mediaId\":30162,\"mediaLink\":\"https:\/\/olimpijski.pl\/igrzyska_letnie\/ateny-2004\/2004_ateny_braz_200\/#main\",\"mediaType\":\"image\",\"mediaWidth\":20} -->\n<div class=\"wp-block-media-text is-stacked-on-mobile\" style=\"grid-template-columns:20% auto\"><figure class=\"wp-block-media-text__media\"><img src=\"https:\/\/olimpijski.pl\/wp-content\/uploads\/2004\/06\/2004_Ateny_braz_200.jpg\" alt=\"\" class=\"wp-image-30162\"\/><\/figure><div class=\"wp-block-media-text__content\"><!-- wp:paragraph -->\n<p><strong>Beata Soko\u0142owska-Kulesza, Aneta Pastuszka<\/strong><br>(kajakarstwo, K2 na 500 m)<\/p>\n<!-- \/wp:paragraph -->\n\n<!-- wp:paragraph -->\n<p><strong>Sylwia Grucha\u0142a<\/strong><br>(szermierka, floret)<\/p>\n<!-- \/wp:paragraph -->\n\n<!-- wp:paragraph -->\n<p><strong>Agata Wr\u00f3bel<\/strong><br>(podnoszenie ci\u0119\u017car\u00f3w, waga powy\u017cej 75 kg)<\/p>\n<!-- \/wp:paragraph -->\n\n<!-- wp:paragraph -->\n<p><strong>Anna Rogowska<\/strong><br>(lekkoatletyka, skok o tyczce)<\/p>\n<!-- \/wp:paragraph -->\n\n<!-- wp:paragraph -->\n<p><strong>Mateusz Kusznierewicz<\/strong><br>(\u017ceglarstwo, klasa Finn)<\/p>\n<!-- \/wp:paragraph --><\/div><\/div>\n<!-- \/wp:media-text -->\n\n<!-- wp:paragraph -->\n<p><\/p>\n<!-- \/wp:paragraph -->\n<!-- \/wp:ub\/content-toggle-panel-block -->\n<!-- \/wp:ub\/content-toggle-block -->\n\n<!-- wp:quote {\"className\":\"is-style-default\"} -->\n<blockquote class=\"wp-block-quote is-style-default\"><p>Bohaterk\u0105 naszej reprezentacji by\u0142a Otylia J\u0119drzejczak, kt\u00f3ra zdoby\u0142a jeden z\u0142oty i dwa srebrne medale. Sw\u00f3j czwarty z\u0142oty medal zdoby\u0142 Robert Korzeniowski i sta\u0142 si\u0119 najbardziej utytu\u0142owanym polskim olimpijczykiem \u2013 4 z\u0142ote medale.<br><br>W rywalizacji po raz pierwszy wyst\u0105pili sportowcy z Kiribati i Timoru Wschodniego.<\/p><\/blockquote>\n<!-- \/wp:quote -->","post_title":"Ateny 2004","post_excerpt":"","post_status":"publish","comment_status":"closed","ping_status":"closed","post_password":"","post_name":"ateny-2004","to_ping":"","pinged":"","post_modified":"2020-10-06 15:08:00","post_modified_gmt":"2020-10-06 13:08:00","post_content_filtered":"","post_parent":0,"guid":"https:\/\/wai-q98d7hpf9hy9k.wpallimport-demo.qsandbox.me\/olympics_summer\/ateny-2004\/","menu_order":0,"post_type":"olympics_summer","post_mime_type":"","comment_count":"0","filter":"raw"}],"competitions_rewards":[{"competition":[{"ID":5868,"post_author":"1","post_date":"2020-06-19 11:32:30","post_date_gmt":"2020-06-19 11:32:30","post_content":"","post_title":"Szermierka","post_excerpt":"","post_status":"publish","comment_status":"open","ping_status":"open","post_password":"","post_name":"szermierka","to_ping":"","pinged":"","post_modified":"2020-06-29 13:17:09","post_modified_gmt":"2020-06-29 11:17:09","post_content_filtered":"","post_parent":0,"guid":"https:\/\/wai-q7byvryhhcz9k.wpallimport-demo.qsandbox.me\/competition\/szermierka\/","menu_order":0,"post_type":"competition","post_mime_type":"","comment_count":"0","filter":"raw"}],"reward":""}]},{"olimpic":[{"ID":5890,"post_author":"1","post_date":"2016-06-17 13:34:47","post_date_gmt":"2016-06-17 11:34:47","post_content":"<!-- wp:heading {\"level\":1,\"className\":\"main-title\"} -->\n<h1 class=\"main-title\"><strong>Igrzyska XXXI Olimpiady<\/strong><br>Rio de Janeiro 2016<\/h1>\n<!-- \/wp:heading -->\n\n<!-- wp:paragraph -->\n<p><br><\/p>\n<!-- \/wp:paragraph -->\n\n<!-- wp:image {\"align\":\"left\",\"id\":19346,\"sizeSlug\":\"large\",\"className\":\"is-style-default\"} -->\n<div class=\"wp-block-image is-style-default\"><figure class=\"alignleft size-large\"><img src=\"https:\/\/olimpijski.pl\/wp-content\/uploads\/2016\/06\/rio2016.png\" alt=\"\" class=\"wp-image-19346\"\/><\/figure><\/div>\n<!-- \/wp:image -->\n\n<!-- wp:list -->\n<ul><li>Igrzyska rozegrano w dniach <strong>5-21 sierpnia<\/strong>.<\/li><li>Wystartowa\u0142o <strong>11 238<\/strong> zawodnik\u00f3w z <strong>207<\/strong> kraj\u00f3w.<\/li><li>Rozdano <strong>306<\/strong> komplet\u00f3w medali.<\/li><li>Przysi\u0119g\u0119 olimpijsk\u0105 w imieniu sportowc\u00f3w z\u0142o\u017cy\u0142 \u017ceglarz <strong>Robert Scheidt<\/strong>, natomiast w imieniu s\u0119dzi\u00f3w <strong>Martinho Nobre<\/strong>.<\/li><li>Znicz olimpijski na stadionie zapali\u0142 br\u0105zowy medalista olimpijski z Aten 2004 w maratonie <strong>Vanderlei Cordeiro de Lima<\/strong>, natomiast drugi \u2013 przed neoklasycystycznym ko\u015bcio\u0142em Candelaria w centrum miasta \u2013 14-letni <strong>Jorge Gomez<\/strong>, uczestnik projektu sportowego Rio de Janeiro.<\/li><li>Otwarcia igrzysk dokona\u0142 pe\u0142ni\u0105cy obowi\u0105zki prezydenta Brazylii <strong>Michel Temer<\/strong>.<\/li><\/ul>\n<!-- \/wp:list -->\n\n<!-- wp:heading -->\n<h2><strong>Program Igrzysk \u2013 31 dyscyplin, 306 konkurencji<\/strong><\/h2>\n<!-- \/wp:heading -->\n\n<!-- wp:paragraph -->\n<p>badminton (5 konkurencji), boks (13), gimnastyka (18), golf (2), hokej na trawie (2), je\u017adziectwo (6), judo (14), kajakarstwo (16), kolarstwo (18), koszyk\u00f3wka (2), lekkoatletyka (47), \u0142ucznictwo (4), pi\u0119ciob\u00f3j nowoczesny (2), pi\u0142ka no\u017cna (2), pi\u0142ka r\u0119czna (2), pi\u0142ka siatkowa (4), pi\u0142ka wodna (2), p\u0142ywanie (34), p\u0142ywanie synchroniczne (2), podnoszenie ci\u0119\u017car\u00f3w (15), rugby 7-osobowe (2), skoki do wody (8), strzelectwo (15), szermierka (10), taekwondo (8), tenis (5), tenis sto\u0142owy (4), triathlon (2), wio\u015blarstwo (14), zapasy (18), \u017ceglarstwo (10).<\/p>\n<!-- \/wp:paragraph -->\n\n<!-- wp:heading -->\n<h2><strong>Gwiazdy Igrzysk<\/strong><\/h2>\n<!-- \/wp:heading -->\n\n<!-- wp:paragraph -->\n<p><strong>Michael Phelps<\/strong> (USA, p\u0142ywanie) \u2013 5 z\u0142otych medali, 1srebrny<br><strong>Katie Ledecky<\/strong> (USA, p\u0142ywanie ) \u2013 4 z\u0142ote medale, 1 srebrny<br><strong>Simona Biles<\/strong> (USA, gimnastyka) \u2013 4 z\u0142ote medale, 1 br\u0105zowy<\/p>\n<!-- \/wp:paragraph -->\n\n<!-- wp:heading -->\n<h2><strong>Polska Reprezentacja Olimpijska<\/strong><\/h2>\n<!-- \/wp:heading -->\n\n<!-- wp:paragraph -->\n<p><strong>245 os\u00f3b<\/strong> (startowa\u0142y 234 \u2013 95 kobiet i 139 m\u0119\u017cczyzn) w 23 sportach: 5 badmintonist\u00f3w (w tym 1 kobieta), 2 pi\u0119\u015bciarzy, 1 gimnastyczka sportowa, 1 je\u017adziec, 4 judok\u00f3w (w tym 3 kobieta), 15 kajakarzy (w tym 6 kobiet), 17 kolarzy (w tym 10 kobiet; 15 startowa\u0142o, 2 nie), 70 lekkoatlet\u00f3w (w tym 34 kobiet; 65 startowa\u0142o + 5 rez.), 1 \u0142uczniczka, 3 pi\u0119cioboist\u00f3w (w tym 2 kobiety), 18 siatkarzy (w tym 2 kobiety), 16 pi\u0142karzy r\u0119cznych (15 startowa\u0142o, 1 nie), 20 p\u0142ywak\u00f3w (w tym 6 kobiet; 19 startowa\u0142o + 1 rez.), 5 ci\u0119\u017carowc\u00f3w (w tym 1 kobieta; 3 startowa\u0142o, 2 nie), 5 szermierzy (kobiety), 5 strzelc\u00f3w (w tym 4 kobiety), 7 tenisist\u00f3w (w tym 4 kobiety), 6 tenisist\u00f3w sto\u0142owych (w tym 3 kobiety), 2 taekwondo, 1 triathlonistka, 26 wio\u015blarzy (w tym 10 kobiet), 8 zapa\u015bnik\u00f3w (w tym 4 kobiety), 7 \u017ceglarzy (w tym 3 kobiety).<\/p>\n<!-- \/wp:paragraph -->\n\n<!-- wp:paragraph -->\n<p>Chor\u0105\u017cym reprezentacji Polski by\u0142 pi\u0142karz r\u0119czny <strong>Karol Bielecki<\/strong>.<\/p>\n<!-- \/wp:paragraph -->\n\n<!-- wp:heading -->\n<h2><strong>Klasyfikacja medalowa<\/strong><\/h2>\n<!-- \/wp:heading -->\n\n<!-- wp:table {\"hasFixedLayout\":true,\"className\":\"is-style-stripes\"} -->\n<figure class=\"wp-block-table is-style-stripes\"><table class=\"has-fixed-layout\"><tbody><tr><td><\/td><td><\/td><td class=\"has-text-align-center\" data-align=\"center\">&nbsp;<\/td><td class=\"has-text-align-center\" data-align=\"center\">&nbsp;<\/td><td class=\"has-text-align-center\" data-align=\"center\">&nbsp;<\/td><td class=\"has-text-align-center\" data-align=\"center\">&nbsp;<\/td><\/tr><tr><td>&nbsp;<\/td><td>&nbsp;<\/td><td class=\"has-text-align-center\" data-align=\"center\">&nbsp;<\/td><td class=\"has-text-align-center\" data-align=\"center\"><img class=\"wp-image-27817\" style=\"width: 50px;\" src=\"https:\/\/olimpijski.pl\/wp-content\/uploads\/2016\/06\/2016_Rio_zloty_50x50.jpg\" alt=\"\"><\/td><td class=\"has-text-align-center\" data-align=\"center\"><img class=\"wp-image-27819\" style=\"width: 50px;\" src=\"https:\/\/olimpijski.pl\/wp-content\/uploads\/2016\/06\/2016_Rio_sreb_50x50.jpg\" alt=\"\"><\/td><td class=\"has-text-align-center\" data-align=\"center\"><img class=\"wp-image-27821\" style=\"width: 50px;\" src=\"https:\/\/olimpijski.pl\/wp-content\/uploads\/2016\/06\/2016_Rio_braz_50x50.jpg\" alt=\"\"><\/td><\/tr><tr><td>1.<\/td><td>USA<\/td><td class=\"has-text-align-center\" data-align=\"center\">121<\/td><td class=\"has-text-align-center\" data-align=\"center\">46<\/td><td class=\"has-text-align-center\" data-align=\"center\">37<\/td><td class=\"has-text-align-center\" data-align=\"center\">38<\/td><\/tr><tr><td>2.<\/td><td>Wlk. Brytania<\/td><td class=\"has-text-align-center\" data-align=\"center\">67<\/td><td class=\"has-text-align-center\" data-align=\"center\">27<\/td><td class=\"has-text-align-center\" data-align=\"center\">23<\/td><td class=\"has-text-align-center\" data-align=\"center\">17<\/td><\/tr><tr><td>3.<\/td><td>Chiny<\/td><td class=\"has-text-align-center\" data-align=\"center\">70<\/td><td class=\"has-text-align-center\" data-align=\"center\">26<\/td><td class=\"has-text-align-center\" data-align=\"center\">18<\/td><td class=\"has-text-align-center\" data-align=\"center\">26<\/td><\/tr><tr><td>...<\/td><td>&nbsp;<\/td><td class=\"has-text-align-center\" data-align=\"center\">&nbsp;<\/td><td class=\"has-text-align-center\" data-align=\"center\">&nbsp;<\/td><td class=\"has-text-align-center\" data-align=\"center\">&nbsp;<\/td><td class=\"has-text-align-center\" data-align=\"center\">&nbsp;<\/td><\/tr><tr><td><strong>33.<\/strong><\/td><td><strong>Polska<\/strong><\/td><td class=\"has-text-align-center\" data-align=\"center\"><strong>11<\/strong><\/td><td class=\"has-text-align-center\" data-align=\"center\"><strong>2<\/strong><\/td><td class=\"has-text-align-center\" data-align=\"center\"><strong>3<\/strong><\/td><td class=\"has-text-align-center\" data-align=\"center\"><strong>6<\/strong><\/td><\/tr><\/tbody><\/table><\/figure>\n<!-- \/wp:table -->\n\n<!-- wp:paragraph -->\n<p><\/p>\n<!-- \/wp:paragraph -->\n\n<!-- wp:heading -->\n<h2><strong>Medale dla Polski (11)<\/strong><\/h2>\n<!-- \/wp:heading -->\n\n<!-- wp:ub\/content-toggle-block {\"blockID\":\"c1064b0d-254c-4c51-8019-5052b08a8768\",\"theme\":\"#f1f1f1\",\"collapsed\":true,\"titleColor\":\"#000000\"} -->\n<!-- wp:ub\/content-toggle-panel-block {\"parentID\":\"c1064b0d-254c-4c51-8019-5052b08a8768\",\"theme\":\"#f1f1f1\",\"collapsed\":true,\"titleColor\":\"#000000\",\"panelTitle\":\"\\u003cstrong\\u003eZ\u0142ote\\u003c\/strong\\u003e\"} -->\n<!-- wp:separator {\"className\":\"is-style-wide\"} -->\n<hr class=\"wp-block-separator is-style-wide\"\/>\n<!-- \/wp:separator -->\n\n<!-- wp:media-text {\"align\":\"\",\"mediaId\":35315,\"mediaType\":\"image\",\"mediaWidth\":30} -->\n<div class=\"wp-block-media-text is-stacked-on-mobile\" style=\"grid-template-columns:30% auto\"><figure class=\"wp-block-media-text__media\"><img src=\"https:\/\/olimpijski.pl\/wp-content\/uploads\/2020\/10\/Wlodarczyk_Anita-1024x734.jpg\" alt=\"\" class=\"wp-image-35315 size-full\"\/><\/figure><div class=\"wp-block-media-text__content\"><!-- wp:paragraph -->\n<p><br><br><br><strong>Anita W\u0142odarczyk<\/strong><br>(lekkoatletyka, rzut m\u0142otem)<br><\/p>\n<!-- \/wp:paragraph --><\/div><\/div>\n<!-- \/wp:media-text -->\n\n<!-- wp:paragraph -->\n<p><\/p>\n<!-- \/wp:paragraph -->\n\n<!-- wp:media-text {\"align\":\"\",\"mediaId\":35317,\"mediaType\":\"image\",\"mediaWidth\":30} -->\n<div class=\"wp-block-media-text is-stacked-on-mobile\" style=\"grid-template-columns:30% auto\"><figure class=\"wp-block-media-text__media\"><img src=\"https:\/\/olimpijski.pl\/wp-content\/uploads\/2020\/10\/Fularczyk_Madaj-1024x683.jpg\" alt=\"\" class=\"wp-image-35317 size-full\"\/><\/figure><div class=\"wp-block-media-text__content\"><!-- wp:paragraph -->\n<p><strong>Magdalena Fularczyk-Koz\u0142owska, Natalia Madaj<\/strong><br>(wio\u015blarstwo, dw\u00f3jka podw\u00f3jna)<\/p>\n<!-- \/wp:paragraph --><\/div><\/div>\n<!-- \/wp:media-text -->\n<!-- \/wp:ub\/content-toggle-panel-block -->\n<!-- \/wp:ub\/content-toggle-block -->\n\n<!-- wp:ub\/content-toggle-block {\"blockID\":\"2f3679be-87fa-4985-80d1-5a22bec83a2f\",\"theme\":\"#f1f1f1\",\"collapsed\":true,\"titleColor\":\"#000000\"} -->\n<!-- wp:ub\/content-toggle-panel-block {\"parentID\":\"2f3679be-87fa-4985-80d1-5a22bec83a2f\",\"theme\":\"#f1f1f1\",\"collapsed\":true,\"titleColor\":\"#000000\",\"panelTitle\":\"\\u003cstrong\\u003eSrebrne\\u003c\/strong\\u003e\"} -->\n<!-- wp:paragraph -->\n<p><\/p>\n<!-- \/wp:paragraph -->\n\n<!-- wp:media-text {\"align\":\"\",\"mediaId\":35327,\"mediaType\":\"image\",\"mediaWidth\":30} -->\n<div class=\"wp-block-media-text is-stacked-on-mobile\" style=\"grid-template-columns:30% auto\"><figure class=\"wp-block-media-text__media\"><img src=\"https:\/\/olimpijski.pl\/wp-content\/uploads\/2020\/10\/Wloszczowska_Maja-1024x683.jpg\" alt=\"\" class=\"wp-image-35327 size-full\"\/><\/figure><div class=\"wp-block-media-text__content\"><!-- wp:paragraph -->\n<p><strong>Maja W\u0142oszczowska<\/strong><br>(kolarstwo g\u00f3rskie, MTB)<\/p>\n<!-- \/wp:paragraph --><\/div><\/div>\n<!-- \/wp:media-text -->\n\n<!-- wp:paragraph -->\n<p><\/p>\n<!-- \/wp:paragraph -->\n\n<!-- wp:media-text {\"align\":\"\",\"mediaId\":35329,\"mediaType\":\"image\",\"mediaWidth\":30} -->\n<div class=\"wp-block-media-text is-stacked-on-mobile\" style=\"grid-template-columns:30% auto\"><figure class=\"wp-block-media-text__media\"><img src=\"https:\/\/olimpijski.pl\/wp-content\/uploads\/2020\/10\/Walczykiewicz_Marta-1024x710.jpg\" alt=\"\" class=\"wp-image-35329 size-full\"\/><\/figure><div class=\"wp-block-media-text__content\"><!-- wp:paragraph -->\n<p><strong>Marta Walczykiewicz<\/strong><br>(kajakarstwo, K1 na 200 m)<\/p>\n<!-- \/wp:paragraph --><\/div><\/div>\n<!-- \/wp:media-text -->\n\n<!-- wp:paragraph -->\n<p><\/p>\n<!-- \/wp:paragraph -->\n\n<!-- wp:media-text {\"align\":\"\",\"mediaId\":35331,\"mediaType\":\"image\",\"mediaWidth\":30} -->\n<div class=\"wp-block-media-text is-stacked-on-mobile\" style=\"grid-template-columns:30% auto\"><figure class=\"wp-block-media-text__media\"><img src=\"https:\/\/olimpijski.pl\/wp-content\/uploads\/2020\/10\/Malachowski_Piotr-1024x647.jpg\" alt=\"\" class=\"wp-image-35331 size-full\"\/><\/figure><div class=\"wp-block-media-text__content\"><!-- wp:paragraph -->\n<p><strong>Piotr Ma\u0142achowski<\/strong><br>(lekkoatletyka, rzut dyskiem)<\/p>\n<!-- \/wp:paragraph --><\/div><\/div>\n<!-- \/wp:media-text -->\n<!-- \/wp:ub\/content-toggle-panel-block -->\n<!-- \/wp:ub\/content-toggle-block -->\n\n<!-- wp:ub\/content-toggle-block {\"blockID\":\"af8d479f-0ded-45c8-a4ee-81145111605f\",\"theme\":\"#f1f1f1\",\"collapsed\":true,\"titleColor\":\"#000000\"} -->\n<!-- wp:ub\/content-toggle-panel-block {\"parentID\":\"af8d479f-0ded-45c8-a4ee-81145111605f\",\"theme\":\"#f1f1f1\",\"collapsed\":true,\"titleColor\":\"#000000\",\"panelTitle\":\"\\u003cstrong\\u003eBr\u0105zowe\\u003c\/strong\\u003e\"} -->\n<!-- wp:media-text {\"align\":\"\",\"mediaId\":35334,\"mediaType\":\"image\",\"mediaWidth\":30} -->\n<div class=\"wp-block-media-text is-stacked-on-mobile\" style=\"grid-template-columns:30% auto\"><figure class=\"wp-block-media-text__media\"><img src=\"https:\/\/olimpijski.pl\/wp-content\/uploads\/2020\/10\/Ciaciuch_Kobus_Springwald_Leszczynska-1024x637.jpg\" alt=\"\" class=\"wp-image-35334 size-full\"\/><\/figure><div class=\"wp-block-media-text__content\"><!-- wp:paragraph -->\n<p><\/p>\n<!-- \/wp:paragraph -->\n\n<!-- wp:paragraph -->\n<p><strong>Monika Ciaciuch, Agnieszka Kobus, Maria Springwald, Joanna Leszczy\u0144ska<\/strong><br>(wio\u015blarstwo, czw\u00f3rka podw\u00f3jna)<br><br><\/p>\n<!-- \/wp:paragraph --><\/div><\/div>\n<!-- \/wp:media-text -->\n\n<!-- wp:paragraph -->\n<p><\/p>\n<!-- \/wp:paragraph -->\n\n<!-- wp:media-text {\"align\":\"\",\"mediaId\":35336,\"mediaType\":\"image\",\"mediaWidth\":30} -->\n<div class=\"wp-block-media-text is-stacked-on-mobile\" style=\"grid-template-columns:30% auto\"><figure class=\"wp-block-media-text__media\"><img src=\"https:\/\/olimpijski.pl\/wp-content\/uploads\/2020\/10\/Mikolajczyk-Naja-1024x727.jpg\" alt=\"\" class=\"wp-image-35336 size-full\"\/><\/figure><div class=\"wp-block-media-text__content\"><!-- wp:paragraph -->\n<p><strong>Karolina Naja, Beata Miko\u0142ajczyk<\/strong><br>(kajakarstwo, K2 500 m)<\/p>\n<!-- \/wp:paragraph --><\/div><\/div>\n<!-- \/wp:media-text -->\n\n<!-- wp:paragraph -->\n<p><\/p>\n<!-- \/wp:paragraph -->\n\n<!-- wp:media-text {\"align\":\"\",\"mediaId\":35338,\"mediaType\":\"image\",\"mediaWidth\":30} -->\n<div class=\"wp-block-media-text is-stacked-on-mobile\" style=\"grid-template-columns:30% auto\"><figure class=\"wp-block-media-text__media\"><img src=\"https:\/\/olimpijski.pl\/wp-content\/uploads\/2020\/10\/Michalik_Monika-1024x654.jpg\" alt=\"\" class=\"wp-image-35338 size-full\"\/><\/figure><div class=\"wp-block-media-text__content\"><!-- wp:paragraph -->\n<p><strong>Monika Michalik<\/strong><br>(zapasy, waga 63 kg)<\/p>\n<!-- \/wp:paragraph --><\/div><\/div>\n<!-- \/wp:media-text -->\n\n<!-- wp:paragraph -->\n<p><\/p>\n<!-- \/wp:paragraph -->\n\n<!-- wp:media-text {\"align\":\"\",\"mediaId\":35342,\"mediaType\":\"image\",\"mediaWidth\":30} -->\n<div class=\"wp-block-media-text is-stacked-on-mobile\" style=\"grid-template-columns:30% auto\"><figure class=\"wp-block-media-text__media\"><img src=\"https:\/\/olimpijski.pl\/wp-content\/uploads\/2020\/10\/Nowicki_Wojciech-1024x636.jpg\" alt=\"\" class=\"wp-image-35342 size-full\"\/><\/figure><div class=\"wp-block-media-text__content\"><!-- wp:paragraph -->\n<p><strong>Wojciech Nowicki<\/strong><br>(lekkoatletyka, rzut m\u0142otem)<\/p>\n<!-- \/wp:paragraph --><\/div><\/div>\n<!-- \/wp:media-text -->\n\n<!-- wp:paragraph -->\n<p><\/p>\n<!-- \/wp:paragraph -->\n\n<!-- wp:media-text {\"align\":\"\",\"mediaId\":35340,\"mediaType\":\"image\",\"mediaWidth\":30} -->\n<div class=\"wp-block-media-text is-stacked-on-mobile\" style=\"grid-template-columns:30% auto\"><figure class=\"wp-block-media-text__media\"><img src=\"https:\/\/olimpijski.pl\/wp-content\/uploads\/2020\/10\/Nowacka_Oktawia-1024x653.jpg\" alt=\"\" class=\"wp-image-35340 size-full\"\/><\/figure><div class=\"wp-block-media-text__content\"><!-- wp:paragraph -->\n<p><strong>Oktawia Nowacka<\/strong><br>(pi\u0119ciob\u00f3j nowoczesny)<\/p>\n<!-- \/wp:paragraph --><\/div><\/div>\n<!-- \/wp:media-text -->\n\n<!-- wp:paragraph -->\n<p><\/p>\n<!-- \/wp:paragraph -->\n\n<!-- wp:media-text {\"align\":\"\",\"mediaId\":35344,\"mediaType\":\"image\",\"mediaWidth\":30} -->\n<div class=\"wp-block-media-text is-stacked-on-mobile\" style=\"grid-template-columns:30% auto\"><figure class=\"wp-block-media-text__media\"><img src=\"https:\/\/olimpijski.pl\/wp-content\/uploads\/2020\/10\/Majka_Rafal-1024x671.jpg\" alt=\"\" class=\"wp-image-35344 size-full\"\/><\/figure><div class=\"wp-block-media-text__content\"><!-- wp:paragraph -->\n<p><strong>Rafa\u0142 Majka<\/strong><br>(kolarstwo szosowe, start wsp\u00f3lny)<\/p>\n<!-- \/wp:paragraph --><\/div><\/div>\n<!-- \/wp:media-text -->\n<!-- \/wp:ub\/content-toggle-panel-block -->\n<!-- \/wp:ub\/content-toggle-block -->\n\n<!-- wp:paragraph -->\n<p><\/p>\n<!-- \/wp:paragraph -->\n\n<!-- wp:paragraph -->\n<p><\/p>\n<!-- \/wp:paragraph -->\n\n<!-- wp:quote -->\n<blockquote class=\"wp-block-quote\"><p>W Brazylii, sportowcy Kuwejtu startowali jako Niezale\u017cni Sportowcy Olimpijscy, gdy\u017c MKOl zawiesi\u0142 ich krajowy komitet.<\/p><\/blockquote>\n<!-- \/wp:quote -->\n\n<!-- wp:quote -->\n<blockquote class=\"wp-block-quote\"><p>Do programu w\u0142\u0105czony zosta\u0142 golf oraz rugby dru\u017cyn 7-osobowych.<\/p><\/blockquote>\n<!-- \/wp:quote -->\n\n<!-- wp:quote -->\n<blockquote class=\"wp-block-quote\"><p>Z\u0142ote medale, po raz pierwszy w historii przypad\u0142y sportowcom z Bahrajnu, Fid\u017ci, Kosowa, Portoryko, Singapuru, Tad\u017cykistanu, Wietnamu i Wybrze\u017ca Ko\u015bci S\u0142oniowej.<\/p><\/blockquote>\n<!-- \/wp:quote -->","post_title":"Rio 2016","post_excerpt":"","post_status":"publish","comment_status":"closed","ping_status":"closed","post_password":"","post_name":"rio-2016","to_ping":"","pinged":"","post_modified":"2022-01-10 10:44:32","post_modified_gmt":"2022-01-10 09:44:32","post_content_filtered":"","post_parent":0,"guid":"https:\/\/wai-q98d7hpf9hy9k.wpallimport-demo.qsandbox.me\/olympics_summer\/rio-2016\/","menu_order":0,"post_type":"olympics_summer","post_mime_type":"","comment_count":"0","filter":"raw"}],"competitions_rewards":[{"competition":[{"ID":5868,"post_author":"1","post_date":"2020-06-19 11:32:30","post_date_gmt":"2020-06-19 11:32:30","post_content":"","post_title":"Szermierka","post_excerpt":"","post_status":"publish","comment_status":"open","ping_status":"open","post_password":"","post_name":"szermierka","to_ping":"","pinged":"","post_modified":"2020-06-29 13:17:09","post_modified_gmt":"2020-06-29 11:17:09","post_content_filtered":"","post_parent":0,"guid":"https:\/\/wai-q7byvryhhcz9k.wpallimport-demo.qsandbox.me\/competition\/szermierka\/","menu_order":0,"post_type":"competition","post_mime_type":"","comment_count":"0","filter":"raw"}],"reward":""}]},{"olimpic":[{"ID":5890,"post_author":"1","post_date":"2016-06-17 13:34:47","post_date_gmt":"2016-06-17 11:34:47","post_content":"<!-- wp:heading {\"level\":1,\"className\":\"main-title\"} -->\n<h1 class=\"main-title\"><strong>Igrzyska XXXI Olimpiady<\/strong><br>Rio de Janeiro 2016<\/h1>\n<!-- \/wp:heading -->\n\n<!-- wp:paragraph -->\n<p><br><\/p>\n<!-- \/wp:paragraph -->\n\n<!-- wp:image {\"align\":\"left\",\"id\":19346,\"sizeSlug\":\"large\",\"className\":\"is-style-default\"} -->\n<div class=\"wp-block-image is-style-default\"><figure class=\"alignleft size-large\"><img src=\"https:\/\/olimpijski.pl\/wp-content\/uploads\/2016\/06\/rio2016.png\" alt=\"\" class=\"wp-image-19346\"\/><\/figure><\/div>\n<!-- \/wp:image -->\n\n<!-- wp:list -->\n<ul><li>Igrzyska rozegrano w dniach <strong>5-21 sierpnia<\/strong>.<\/li><li>Wystartowa\u0142o <strong>11 238<\/strong> zawodnik\u00f3w z <strong>207<\/strong> kraj\u00f3w.<\/li><li>Rozdano <strong>306<\/strong> komplet\u00f3w medali.<\/li><li>Przysi\u0119g\u0119 olimpijsk\u0105 w imieniu sportowc\u00f3w z\u0142o\u017cy\u0142 \u017ceglarz <strong>Robert Scheidt<\/strong>, natomiast w imieniu s\u0119dzi\u00f3w <strong>Martinho Nobre<\/strong>.<\/li><li>Znicz olimpijski na stadionie zapali\u0142 br\u0105zowy medalista olimpijski z Aten 2004 w maratonie <strong>Vanderlei Cordeiro de Lima<\/strong>, natomiast drugi \u2013 przed neoklasycystycznym ko\u015bcio\u0142em Candelaria w centrum miasta \u2013 14-letni <strong>Jorge Gomez<\/strong>, uczestnik projektu sportowego Rio de Janeiro.<\/li><li>Otwarcia igrzysk dokona\u0142 pe\u0142ni\u0105cy obowi\u0105zki prezydenta Brazylii <strong>Michel Temer<\/strong>.<\/li><\/ul>\n<!-- \/wp:list -->\n\n<!-- wp:heading -->\n<h2><strong>Program Igrzysk \u2013 31 dyscyplin, 306 konkurencji<\/strong><\/h2>\n<!-- \/wp:heading -->\n\n<!-- wp:paragraph -->\n<p>badminton (5 konkurencji), boks (13), gimnastyka (18), golf (2), hokej na trawie (2), je\u017adziectwo (6), judo (14), kajakarstwo (16), kolarstwo (18), koszyk\u00f3wka (2), lekkoatletyka (47), \u0142ucznictwo (4), pi\u0119ciob\u00f3j nowoczesny (2), pi\u0142ka no\u017cna (2), pi\u0142ka r\u0119czna (2), pi\u0142ka siatkowa (4), pi\u0142ka wodna (2), p\u0142ywanie (34), p\u0142ywanie synchroniczne (2), podnoszenie ci\u0119\u017car\u00f3w (15), rugby 7-osobowe (2), skoki do wody (8), strzelectwo (15), szermierka (10), taekwondo (8), tenis (5), tenis sto\u0142owy (4), triathlon (2), wio\u015blarstwo (14), zapasy (18), \u017ceglarstwo (10).<\/p>\n<!-- \/wp:paragraph -->\n\n<!-- wp:heading -->\n<h2><strong>Gwiazdy Igrzysk<\/strong><\/h2>\n<!-- \/wp:heading -->\n\n<!-- wp:paragraph -->\n<p><strong>Michael Phelps<\/strong> (USA, p\u0142ywanie) \u2013 5 z\u0142otych medali, 1srebrny<br><strong>Katie Ledecky<\/strong> (USA, p\u0142ywanie ) \u2013 4 z\u0142ote medale, 1 srebrny<br><strong>Simona Biles<\/strong> (USA, gimnastyka) \u2013 4 z\u0142ote medale, 1 br\u0105zowy<\/p>\n<!-- \/wp:paragraph -->\n\n<!-- wp:heading -->\n<h2><strong>Polska Reprezentacja Olimpijska<\/strong><\/h2>\n<!-- \/wp:heading -->\n\n<!-- wp:paragraph -->\n<p><strong>245 os\u00f3b<\/strong> (startowa\u0142y 234 \u2013 95 kobiet i 139 m\u0119\u017cczyzn) w 23 sportach: 5 badmintonist\u00f3w (w tym 1 kobieta), 2 pi\u0119\u015bciarzy, 1 gimnastyczka sportowa, 1 je\u017adziec, 4 judok\u00f3w (w tym 3 kobieta), 15 kajakarzy (w tym 6 kobiet), 17 kolarzy (w tym 10 kobiet; 15 startowa\u0142o, 2 nie), 70 lekkoatlet\u00f3w (w tym 34 kobiet; 65 startowa\u0142o + 5 rez.), 1 \u0142uczniczka, 3 pi\u0119cioboist\u00f3w (w tym 2 kobiety), 18 siatkarzy (w tym 2 kobiety), 16 pi\u0142karzy r\u0119cznych (15 startowa\u0142o, 1 nie), 20 p\u0142ywak\u00f3w (w tym 6 kobiet; 19 startowa\u0142o + 1 rez.), 5 ci\u0119\u017carowc\u00f3w (w tym 1 kobieta; 3 startowa\u0142o, 2 nie), 5 szermierzy (kobiety), 5 strzelc\u00f3w (w tym 4 kobiety), 7 tenisist\u00f3w (w tym 4 kobiety), 6 tenisist\u00f3w sto\u0142owych (w tym 3 kobiety), 2 taekwondo, 1 triathlonistka, 26 wio\u015blarzy (w tym 10 kobiet), 8 zapa\u015bnik\u00f3w (w tym 4 kobiety), 7 \u017ceglarzy (w tym 3 kobiety).<\/p>\n<!-- \/wp:paragraph -->\n\n<!-- wp:paragraph -->\n<p>Chor\u0105\u017cym reprezentacji Polski by\u0142 pi\u0142karz r\u0119czny <strong>Karol Bielecki<\/strong>.<\/p>\n<!-- \/wp:paragraph -->\n\n<!-- wp:heading -->\n<h2><strong>Klasyfikacja medalowa<\/strong><\/h2>\n<!-- \/wp:heading -->\n\n<!-- wp:table {\"hasFixedLayout\":true,\"className\":\"is-style-stripes\"} -->\n<figure class=\"wp-block-table is-style-stripes\"><table class=\"has-fixed-layout\"><tbody><tr><td><\/td><td><\/td><td class=\"has-text-align-center\" data-align=\"center\">&nbsp;<\/td><td class=\"has-text-align-center\" data-align=\"center\">&nbsp;<\/td><td class=\"has-text-align-center\" data-align=\"center\">&nbsp;<\/td><td class=\"has-text-align-center\" data-align=\"center\">&nbsp;<\/td><\/tr><tr><td>&nbsp;<\/td><td>&nbsp;<\/td><td class=\"has-text-align-center\" data-align=\"center\">&nbsp;<\/td><td class=\"has-text-align-center\" data-align=\"center\"><img class=\"wp-image-27817\" style=\"width: 50px;\" src=\"https:\/\/olimpijski.pl\/wp-content\/uploads\/2016\/06\/2016_Rio_zloty_50x50.jpg\" alt=\"\"><\/td><td class=\"has-text-align-center\" data-align=\"center\"><img class=\"wp-image-27819\" style=\"width: 50px;\" src=\"https:\/\/olimpijski.pl\/wp-content\/uploads\/2016\/06\/2016_Rio_sreb_50x50.jpg\" alt=\"\"><\/td><td class=\"has-text-align-center\" data-align=\"center\"><img class=\"wp-image-27821\" style=\"width: 50px;\" src=\"https:\/\/olimpijski.pl\/wp-content\/uploads\/2016\/06\/2016_Rio_braz_50x50.jpg\" alt=\"\"><\/td><\/tr><tr><td>1.<\/td><td>USA<\/td><td class=\"has-text-align-center\" data-align=\"center\">121<\/td><td class=\"has-text-align-center\" data-align=\"center\">46<\/td><td class=\"has-text-align-center\" data-align=\"center\">37<\/td><td class=\"has-text-align-center\" data-align=\"center\">38<\/td><\/tr><tr><td>2.<\/td><td>Wlk. Brytania<\/td><td class=\"has-text-align-center\" data-align=\"center\">67<\/td><td class=\"has-text-align-center\" data-align=\"center\">27<\/td><td class=\"has-text-align-center\" data-align=\"center\">23<\/td><td class=\"has-text-align-center\" data-align=\"center\">17<\/td><\/tr><tr><td>3.<\/td><td>Chiny<\/td><td class=\"has-text-align-center\" data-align=\"center\">70<\/td><td class=\"has-text-align-center\" data-align=\"center\">26<\/td><td class=\"has-text-align-center\" data-align=\"center\">18<\/td><td class=\"has-text-align-center\" data-align=\"center\">26<\/td><\/tr><tr><td>...<\/td><td>&nbsp;<\/td><td class=\"has-text-align-center\" data-align=\"center\">&nbsp;<\/td><td class=\"has-text-align-center\" data-align=\"center\">&nbsp;<\/td><td class=\"has-text-align-center\" data-align=\"center\">&nbsp;<\/td><td class=\"has-text-align-center\" data-align=\"center\">&nbsp;<\/td><\/tr><tr><td><strong>33.<\/strong><\/td><td><strong>Polska<\/strong><\/td><td class=\"has-text-align-center\" data-align=\"center\"><strong>11<\/strong><\/td><td class=\"has-text-align-center\" data-align=\"center\"><strong>2<\/strong><\/td><td class=\"has-text-align-center\" data-align=\"center\"><strong>3<\/strong><\/td><td class=\"has-text-align-center\" data-align=\"center\"><strong>6<\/strong><\/td><\/tr><\/tbody><\/table><\/figure>\n<!-- \/wp:table -->\n\n<!-- wp:paragraph -->\n<p><\/p>\n<!-- \/wp:paragraph -->\n\n<!-- wp:heading -->\n<h2><strong>Medale dla Polski (11)<\/strong><\/h2>\n<!-- \/wp:heading -->\n\n<!-- wp:ub\/content-toggle-block {\"blockID\":\"c1064b0d-254c-4c51-8019-5052b08a8768\",\"theme\":\"#f1f1f1\",\"collapsed\":true,\"titleColor\":\"#000000\"} -->\n<!-- wp:ub\/content-toggle-panel-block {\"parentID\":\"c1064b0d-254c-4c51-8019-5052b08a8768\",\"theme\":\"#f1f1f1\",\"collapsed\":true,\"titleColor\":\"#000000\",\"panelTitle\":\"\\u003cstrong\\u003eZ\u0142ote\\u003c\/strong\\u003e\"} -->\n<!-- wp:separator {\"className\":\"is-style-wide\"} -->\n<hr class=\"wp-block-separator is-style-wide\"\/>\n<!-- \/wp:separator -->\n\n<!-- wp:media-text {\"align\":\"\",\"mediaId\":35315,\"mediaType\":\"image\",\"mediaWidth\":30} -->\n<div class=\"wp-block-media-text is-stacked-on-mobile\" style=\"grid-template-columns:30% auto\"><figure class=\"wp-block-media-text__media\"><img src=\"https:\/\/olimpijski.pl\/wp-content\/uploads\/2020\/10\/Wlodarczyk_Anita-1024x734.jpg\" alt=\"\" class=\"wp-image-35315 size-full\"\/><\/figure><div class=\"wp-block-media-text__content\"><!-- wp:paragraph -->\n<p><br><br><br><strong>Anita W\u0142odarczyk<\/strong><br>(lekkoatletyka, rzut m\u0142otem)<br><\/p>\n<!-- \/wp:paragraph --><\/div><\/div>\n<!-- \/wp:media-text -->\n\n<!-- wp:paragraph -->\n<p><\/p>\n<!-- \/wp:paragraph -->\n\n<!-- wp:media-text {\"align\":\"\",\"mediaId\":35317,\"mediaType\":\"image\",\"mediaWidth\":30} -->\n<div class=\"wp-block-media-text is-stacked-on-mobile\" style=\"grid-template-columns:30% auto\"><figure class=\"wp-block-media-text__media\"><img src=\"https:\/\/olimpijski.pl\/wp-content\/uploads\/2020\/10\/Fularczyk_Madaj-1024x683.jpg\" alt=\"\" class=\"wp-image-35317 size-full\"\/><\/figure><div class=\"wp-block-media-text__content\"><!-- wp:paragraph -->\n<p><strong>Magdalena Fularczyk-Koz\u0142owska, Natalia Madaj<\/strong><br>(wio\u015blarstwo, dw\u00f3jka podw\u00f3jna)<\/p>\n<!-- \/wp:paragraph --><\/div><\/div>\n<!-- \/wp:media-text -->\n<!-- \/wp:ub\/content-toggle-panel-block -->\n<!-- \/wp:ub\/content-toggle-block -->\n\n<!-- wp:ub\/content-toggle-block {\"blockID\":\"2f3679be-87fa-4985-80d1-5a22bec83a2f\",\"theme\":\"#f1f1f1\",\"collapsed\":true,\"titleColor\":\"#000000\"} -->\n<!-- wp:ub\/content-toggle-panel-block {\"parentID\":\"2f3679be-87fa-4985-80d1-5a22bec83a2f\",\"theme\":\"#f1f1f1\",\"collapsed\":true,\"titleColor\":\"#000000\",\"panelTitle\":\"\\u003cstrong\\u003eSrebrne\\u003c\/strong\\u003e\"} -->\n<!-- wp:paragraph -->\n<p><\/p>\n<!-- \/wp:paragraph -->\n\n<!-- wp:media-text {\"align\":\"\",\"mediaId\":35327,\"mediaType\":\"image\",\"mediaWidth\":30} -->\n<div class=\"wp-block-media-text is-stacked-on-mobile\" style=\"grid-template-columns:30% auto\"><figure class=\"wp-block-media-text__media\"><img src=\"https:\/\/olimpijski.pl\/wp-content\/uploads\/2020\/10\/Wloszczowska_Maja-1024x683.jpg\" alt=\"\" class=\"wp-image-35327 size-full\"\/><\/figure><div class=\"wp-block-media-text__content\"><!-- wp:paragraph -->\n<p><strong>Maja W\u0142oszczowska<\/strong><br>(kolarstwo g\u00f3rskie, MTB)<\/p>\n<!-- \/wp:paragraph --><\/div><\/div>\n<!-- \/wp:media-text -->\n\n<!-- wp:paragraph -->\n<p><\/p>\n<!-- \/wp:paragraph -->\n\n<!-- wp:media-text {\"align\":\"\",\"mediaId\":35329,\"mediaType\":\"image\",\"mediaWidth\":30} -->\n<div class=\"wp-block-media-text is-stacked-on-mobile\" style=\"grid-template-columns:30% auto\"><figure class=\"wp-block-media-text__media\"><img src=\"https:\/\/olimpijski.pl\/wp-content\/uploads\/2020\/10\/Walczykiewicz_Marta-1024x710.jpg\" alt=\"\" class=\"wp-image-35329 size-full\"\/><\/figure><div class=\"wp-block-media-text__content\"><!-- wp:paragraph -->\n<p><strong>Marta Walczykiewicz<\/strong><br>(kajakarstwo, K1 na 200 m)<\/p>\n<!-- \/wp:paragraph --><\/div><\/div>\n<!-- \/wp:media-text -->\n\n<!-- wp:paragraph -->\n<p><\/p>\n<!-- \/wp:paragraph -->\n\n<!-- wp:media-text {\"align\":\"\",\"mediaId\":35331,\"mediaType\":\"image\",\"mediaWidth\":30} -->\n<div class=\"wp-block-media-text is-stacked-on-mobile\" style=\"grid-template-columns:30% auto\"><figure class=\"wp-block-media-text__media\"><img src=\"https:\/\/olimpijski.pl\/wp-content\/uploads\/2020\/10\/Malachowski_Piotr-1024x647.jpg\" alt=\"\" class=\"wp-image-35331 size-full\"\/><\/figure><div class=\"wp-block-media-text__content\"><!-- wp:paragraph -->\n<p><strong>Piotr Ma\u0142achowski<\/strong><br>(lekkoatletyka, rzut dyskiem)<\/p>\n<!-- \/wp:paragraph --><\/div><\/div>\n<!-- \/wp:media-text -->\n<!-- \/wp:ub\/content-toggle-panel-block -->\n<!-- \/wp:ub\/content-toggle-block -->\n\n<!-- wp:ub\/content-toggle-block {\"blockID\":\"af8d479f-0ded-45c8-a4ee-81145111605f\",\"theme\":\"#f1f1f1\",\"collapsed\":true,\"titleColor\":\"#000000\"} -->\n<!-- wp:ub\/content-toggle-panel-block {\"parentID\":\"af8d479f-0ded-45c8-a4ee-81145111605f\",\"theme\":\"#f1f1f1\",\"collapsed\":true,\"titleColor\":\"#000000\",\"panelTitle\":\"\\u003cstrong\\u003eBr\u0105zowe\\u003c\/strong\\u003e\"} -->\n<!-- wp:media-text {\"align\":\"\",\"mediaId\":35334,\"mediaType\":\"image\",\"mediaWidth\":30} -->\n<div class=\"wp-block-media-text is-stacked-on-mobile\" style=\"grid-template-columns:30% auto\"><figure class=\"wp-block-media-text__media\"><img src=\"https:\/\/olimpijski.pl\/wp-content\/uploads\/2020\/10\/Ciaciuch_Kobus_Springwald_Leszczynska-1024x637.jpg\" alt=\"\" class=\"wp-image-35334 size-full\"\/><\/figure><div class=\"wp-block-media-text__content\"><!-- wp:paragraph -->\n<p><\/p>\n<!-- \/wp:paragraph -->\n\n<!-- wp:paragraph -->\n<p><strong>Monika Ciaciuch, Agnieszka Kobus, Maria Springwald, Joanna Leszczy\u0144ska<\/strong><br>(wio\u015blarstwo, czw\u00f3rka podw\u00f3jna)<br><br><\/p>\n<!-- \/wp:paragraph --><\/div><\/div>\n<!-- \/wp:media-text -->\n\n<!-- wp:paragraph -->\n<p><\/p>\n<!-- \/wp:paragraph -->\n\n<!-- wp:media-text {\"align\":\"\",\"mediaId\":35336,\"mediaType\":\"image\",\"mediaWidth\":30} -->\n<div class=\"wp-block-media-text is-stacked-on-mobile\" style=\"grid-template-columns:30% auto\"><figure class=\"wp-block-media-text__media\"><img src=\"https:\/\/olimpijski.pl\/wp-content\/uploads\/2020\/10\/Mikolajczyk-Naja-1024x727.jpg\" alt=\"\" class=\"wp-image-35336 size-full\"\/><\/figure><div class=\"wp-block-media-text__content\"><!-- wp:paragraph -->\n<p><strong>Karolina Naja, Beata Miko\u0142ajczyk<\/strong><br>(kajakarstwo, K2 500 m)<\/p>\n<!-- \/wp:paragraph --><\/div><\/div>\n<!-- \/wp:media-text -->\n\n<!-- wp:paragraph -->\n<p><\/p>\n<!-- \/wp:paragraph -->\n\n<!-- wp:media-text {\"align\":\"\",\"mediaId\":35338,\"mediaType\":\"image\",\"mediaWidth\":30} -->\n<div class=\"wp-block-media-text is-stacked-on-mobile\" style=\"grid-template-columns:30% auto\"><figure class=\"wp-block-media-text__media\"><img src=\"https:\/\/olimpijski.pl\/wp-content\/uploads\/2020\/10\/Michalik_Monika-1024x654.jpg\" alt=\"\" class=\"wp-image-35338 size-full\"\/><\/figure><div class=\"wp-block-media-text__content\"><!-- wp:paragraph -->\n<p><strong>Monika Michalik<\/strong><br>(zapasy, waga 63 kg)<\/p>\n<!-- \/wp:paragraph --><\/div><\/div>\n<!-- \/wp:media-text -->\n\n<!-- wp:paragraph -->\n<p><\/p>\n<!-- \/wp:paragraph -->\n\n<!-- wp:media-text {\"align\":\"\",\"mediaId\":35342,\"mediaType\":\"image\",\"mediaWidth\":30} -->\n<div class=\"wp-block-media-text is-stacked-on-mobile\" style=\"grid-template-columns:30% auto\"><figure class=\"wp-block-media-text__media\"><img src=\"https:\/\/olimpijski.pl\/wp-content\/uploads\/2020\/10\/Nowicki_Wojciech-1024x636.jpg\" alt=\"\" class=\"wp-image-35342 size-full\"\/><\/figure><div class=\"wp-block-media-text__content\"><!-- wp:paragraph -->\n<p><strong>Wojciech Nowicki<\/strong><br>(lekkoatletyka, rzut m\u0142otem)<\/p>\n<!-- \/wp:paragraph --><\/div><\/div>\n<!-- \/wp:media-text -->\n\n<!-- wp:paragraph -->\n<p><\/p>\n<!-- \/wp:paragraph -->\n\n<!-- wp:media-text {\"align\":\"\",\"mediaId\":35340,\"mediaType\":\"image\",\"mediaWidth\":30} -->\n<div class=\"wp-block-media-text is-stacked-on-mobile\" style=\"grid-template-columns:30% auto\"><figure class=\"wp-block-media-text__media\"><img src=\"https:\/\/olimpijski.pl\/wp-content\/uploads\/2020\/10\/Nowacka_Oktawia-1024x653.jpg\" alt=\"\" class=\"wp-image-35340 size-full\"\/><\/figure><div class=\"wp-block-media-text__content\"><!-- wp:paragraph -->\n<p><strong>Oktawia Nowacka<\/strong><br>(pi\u0119ciob\u00f3j nowoczesny)<\/p>\n<!-- \/wp:paragraph --><\/div><\/div>\n<!-- \/wp:media-text -->\n\n<!-- wp:paragraph -->\n<p><\/p>\n<!-- \/wp:paragraph -->\n\n<!-- wp:media-text {\"align\":\"\",\"mediaId\":35344,\"mediaType\":\"image\",\"mediaWidth\":30} -->\n<div class=\"wp-block-media-text is-stacked-on-mobile\" style=\"grid-template-columns:30% auto\"><figure class=\"wp-block-media-text__media\"><img src=\"https:\/\/olimpijski.pl\/wp-content\/uploads\/2020\/10\/Majka_Rafal-1024x671.jpg\" alt=\"\" class=\"wp-image-35344 size-full\"\/><\/figure><div class=\"wp-block-media-text__content\"><!-- wp:paragraph -->\n<p><strong>Rafa\u0142 Majka<\/strong><br>(kolarstwo szosowe, start wsp\u00f3lny)<\/p>\n<!-- \/wp:paragraph --><\/div><\/div>\n<!-- \/wp:media-text -->\n<!-- \/wp:ub\/content-toggle-panel-block -->\n<!-- \/wp:ub\/content-toggle-block -->\n\n<!-- wp:paragraph -->\n<p><\/p>\n<!-- \/wp:paragraph -->\n\n<!-- wp:paragraph -->\n<p><\/p>\n<!-- \/wp:paragraph -->\n\n<!-- wp:quote -->\n<blockquote class=\"wp-block-quote\"><p>W Brazylii, sportowcy Kuwejtu startowali jako Niezale\u017cni Sportowcy Olimpijscy, gdy\u017c MKOl zawiesi\u0142 ich krajowy komitet.<\/p><\/blockquote>\n<!-- \/wp:quote -->\n\n<!-- wp:quote -->\n<blockquote class=\"wp-block-quote\"><p>Do programu w\u0142\u0105czony zosta\u0142 golf oraz rugby dru\u017cyn 7-osobowych.<\/p><\/blockquote>\n<!-- \/wp:quote -->\n\n<!-- wp:quote -->\n<blockquote class=\"wp-block-quote\"><p>Z\u0142ote medale, po raz pierwszy w historii przypad\u0142y sportowcom z Bahrajnu, Fid\u017ci, Kosowa, Portoryko, Singapuru, Tad\u017cykistanu, Wietnamu i Wybrze\u017ca Ko\u015bci S\u0142oniowej.<\/p><\/blockquote>\n<!-- \/wp:quote -->","post_title":"Rio 2016","post_excerpt":"","post_status":"publish","comment_status":"closed","ping_status":"closed","post_password":"","post_name":"rio-2016","to_ping":"","pinged":"","post_modified":"2022-01-10 10:44:32","post_modified_gmt":"2022-01-10 09:44:32","post_content_filtered":"","post_parent":0,"guid":"https:\/\/wai-q98d7hpf9hy9k.wpallimport-demo.qsandbox.me\/olympics_summer\/rio-2016\/","menu_order":0,"post_type":"olympics_summer","post_mime_type":"","comment_count":"0","filter":"raw"}],"competitions_rewards":[{"competition":[{"ID":5868,"post_author":"1","post_date":"2020-06-19 11:32:30","post_date_gmt":"2020-06-19 11:32:30","post_content":"","post_title":"Szermierka","post_excerpt":"","post_status":"publish","comment_status":"open","ping_status":"open","post_password":"","post_name":"szermierka","to_ping":"","pinged":"","post_modified":"2020-06-29 13:17:09","post_modified_gmt":"2020-06-29 11:17:09","post_content_filtered":"","post_parent":0,"guid":"https:\/\/wai-q7byvryhhcz9k.wpallimport-demo.qsandbox.me\/competition\/szermierka\/","menu_order":0,"post_type":"competition","post_mime_type":"","comment_count":"0","filter":"raw"}],"reward":""}]}],"picture":{"ID":19922,"id":19922,"title":"Socha_Aleksandra","filename":"Socha_Aleksandra.jpg","filesize":199555,"url":"https:\/\/olimpijski.pl\/wp-content\/uploads\/2020\/07\/Socha_Aleksandra.jpg","link":"https:\/\/olimpijski.pl\/en\/olimpijczycy\/aleksandra-socha\/socha_aleksandra\/#main","alt":"","author":"1","description":"","caption":"","name":"socha_aleksandra","status":"inherit","uploaded_to":15053,"date":"2020-07-31 13:31:41","modified":"2021-03-30 08:00:52","menu_order":0,"mime_type":"image\/jpeg","type":"image","subtype":"jpeg","icon":"https:\/\/olimpijski.pl\/wp-includes\/images\/media\/default.png","width":503,"height":630,"sizes":{"thumbnail":"https:\/\/olimpijski.pl\/wp-content\/uploads\/2020\/07\/Socha_Aleksandra-150x150.jpg","thumbnail-width":150,"thumbnail-height":150,"medium":"https:\/\/olimpijski.pl\/wp-content\/uploads\/2020\/07\/Socha_Aleksandra-240x300.jpg","medium-width":240,"medium-height":300,"medium_large":"https:\/\/olimpijski.pl\/wp-content\/uploads\/2020\/07\/Socha_Aleksandra.jpg","medium_large-width":503,"medium_large-height":630,"large":"https:\/\/olimpijski.pl\/wp-content\/uploads\/2020\/07\/Socha_Aleksandra.jpg","large-width":503,"large-height":630,"1536x1536":"https:\/\/olimpijski.pl\/wp-content\/uploads\/2020\/07\/Socha_Aleksandra.jpg","1536x1536-width":503,"1536x1536-height":630,"2048x2048":"https:\/\/olimpijski.pl\/wp-content\/uploads\/2020\/07\/Socha_Aleksandra.jpg","2048x2048-width":503,"2048x2048-height":630,"ultp_layout_landscape_large":"https:\/\/olimpijski.pl\/wp-content\/uploads\/2020\/07\/Socha_Aleksandra.jpg","ultp_layout_landscape_large-width":503,"ultp_layout_landscape_large-height":630,"ultp_layout_landscape":"https:\/\/olimpijski.pl\/wp-content\/uploads\/2020\/07\/Socha_Aleksandra.jpg","ultp_layout_landscape-width":455,"ultp_layout_landscape-height":570,"ultp_layout_portrait":"https:\/\/olimpijski.pl\/wp-content\/uploads\/2020\/07\/Socha_Aleksandra.jpg","ultp_layout_portrait-width":503,"ultp_layout_portrait-height":630,"ultp_layout_square":"https:\/\/olimpijski.pl\/wp-content\/uploads\/2020\/07\/Socha_Aleksandra.jpg","ultp_layout_square-width":479,"ultp_layout_square-height":600}},"firstname":"Aleksandra","lastname":"Shelton (Socha)","birthdate_date":"30\/03\/1982","birthdate":"30 marca 1982","deathdate_date":"","deathdate":"","placeofbirth":"Pabianice","club":"AZS AWF Warszawa","coach":"Piotr Stroka \/ Norbert Jaskot","metrics":"175 cm \/ 62 kg","seolink":"socha-aleksandra","tmp_old_id":"14071","tmp_old_fid":"294","tmp_old_parent_id":"15544","createdate":"29\/07\/2016","tmp_old_title":"Socha Aleksandra","tmp_old_lead":"","tmp_old_body":"<p class=\"title-m-02\">SOCHA ALEKSANDRA<\/p><p><strong>studentka, c\u00f3rka florecistki Bronis\u0142awy Piech-Sochy, st\u0105d te\u017c i Ola rozpocz\u0119\u0142a swoj\u0105 przygod\u0119 sportow\u0105 z floretem. Do szabli trafi\u0142a przypadkiem. M\u0142ody wiek i osi\u0105gni\u0119cia na niwie mi\u0119dzynarodowej stawiaj\u0105 j\u0105 jako wielk\u0105 nadziej\u0119 polskiego sportu. Olimpijka z Aten (2004).<\/strong><p>Urodzona 30 marca 1982 roku w Pabianicach. Studentka na AWF w Warszawie (wydzia\u0142 wychowanie fizyczne). Szermierka, szablistka (175 cm\/62 kg), reprezentantka: Zjednoczonych Pabianice (tam mo\u017cna by\u0142o trenowa\u0107 tylko floret), nast\u0119pnie Kolejarza \u0141\u00f3d\u017a, AWF Warszawa. Trenerzy: Oleg Wizgunow (pierwszy), Leszek Ksi\u0119\u017cyk, obecnie Piotr Stroka i Marek Gniewkowski (w klubie), w kadrze Arkadiusz Roszak. <\/p><p>Trzykrotna mistrzyni Polski (pierwszy tytu\u0142 zdoby\u0142a w wieku niespe\u0142na 17 lat), 3. m. MEJ indywidualnie (2000), 3. m. M\u015aJ indywidualnie (2000), 3. m. M\u015aJ dru\u017cynowo (2001), 6. ME indywidualnie i dru\u017cynowo (2002), 3. m. ME dru\u017cynowo (2001), 3. m. M\u015a indywidualnie (2003), 1. m. ME indywidualnie (2004) - to jej najwi\u0119ksze sukcesy. <\/p><p>Do szabli trafi\u0142a przypadkiem. Wydawa\u0142o si\u0119, \u017ce jej przeznaczeniem b\u0119dzie floret (podobnie jak w przypadku mamy, kt\u00f3r\u0105 uprawia\u0142a t\u0119 dyscyplin\u0119). Przypadkowo trafi\u0142a na turniej szabli w \u0141odzi. Postanowi\u0142a niejako \"z biegu\" wzi\u0105\u0107 w nim udzia\u0142 i... wygra\u0142a. W szabli podoba jej si\u0119 dynamika i szybko\u015b\u0107 przeprowadzanych akcji. Uprawia t\u0119 konkurencj\u0119, odk\u0105d powsta\u0142a ona oficjalnie (od 5 lat). Tak wi\u0119c w Atenach debiutowa\u0142a Ola i... w rywalizacji w szabli. W wieku niespe\u0142na 16 lat wygra\u0142a pierwszy w Polsce turniej szabli kobiet. Nale\u017cy do \u015bcis\u0142ej czo\u0142\u00f3wki rankingu Mi\u0119dzynarodowej Federacji Szermierczej. Mimo tego, najm\u0142odsza i najmniej do\u015bwiadczona spo\u015br\u00f3d tr\u00f3jki polskich szermierzy, kt\u00f3rzy wyst\u0105pili w Atenach. <\/p><p>Panna (narzeczony Zbigniew). Mieszka w Warszawie. Treningi i nauka wype\u0142niaj\u0105 jej prawie ca\u0142y czas. Uprawia aerobic, a zim\u0105 snowboard, kt\u00f3ry j\u0105 bardzo fascynuje. <\/p><p>W 2003 roku w Hawanie zdoby\u0142a br\u0105zowy medal, na niewiele ponad miesi\u0105c przed igrzyskami (30 czerwca) zosta\u0142a mistrzyni\u0105 Europy. Jak sama twierdzi sukcesy zawdzi\u0119cza trenerom, ale tak\u017ce pomocy pani psycholog, kt\u00f3ra wsp\u00f3\u0142pracuje z kadr\u0105 - Katarzyna Ratajczak. Mimo dobrych wynik\u00f3w, kt\u00f3re wp\u0142yn\u0119\u0142y pozytywnie na wiar\u0119 w jej umiej\u0119tno\u015bci, Ola zastrzega, \u017ce szermierka to sport nieprzewidywalny i nie dawa\u0142a szumnych zapowiedzi, \u017ce ze stolicy Grecji przywiezie medal.<\/p><p><strong>*Ateny 2004: szabla kobiet ind.<\/strong> - przegra\u0142a w 1\/8 fina\u0142u z Rumunk\u0105 Catalin\u0105 Gheorghitoai\u0105 12:15. Nie awansowa\u0142a do \u0107wier\u0107fina\u0142u.<\/p><\/p><!-- history --><table width=\"85%\" style=\"text-align:right\" border=\"0\" cellspacing=\"0\" cellpadding=\"0\">  <tr>    <td align=\"right\" class=\"box3-title\"><a href=\"javascript:history.back()\">\u00ab powr\u00f3t do listy<\/a><\/td>  <\/tr><\/table>","tmp_old_body_img":false,"tmp_old_lead_img":false,"picture_medalists":false,"important":"","group_knuie68fa087fd5h76":false,"person_achivments":""},"_links":{"self":[{"href":"https:\/\/olimpijski.pl\/en\/wp-json\/wp\/v2\/person\/15053"}],"collection":[{"href":"https:\/\/olimpijski.pl\/en\/wp-json\/wp\/v2\/person"}],"about":[{"href":"https:\/\/olimpijski.pl\/en\/wp-json\/wp\/v2\/types\/person"}],"version-history":[{"count":4,"href":"https:\/\/olimpijski.pl\/en\/wp-json\/wp\/v2\/person\/15053\/revisions"}],"predecessor-version":[{"id":40835,"href":"https:\/\/olimpijski.pl\/en\/wp-json\/wp\/v2\/person\/15053\/revisions\/40835"}],"wp:featuredmedia":[{"embeddable":true,"href":"https:\/\/olimpijski.pl\/en\/wp-json\/wp\/v2\/media\/19922"}],"wp:attachment":[{"href":"https:\/\/olimpijski.pl\/en\/wp-json\/wp\/v2\/media?parent=15053"}],"curies":[{"name":"wp","href":"https:\/\/api.w.org\/{rel}","templated":true}]}}