{"id":15056,"date":"2020-06-24T16:51:25","date_gmt":"2020-06-24T14:51:25","guid":{"rendered":"http:\/\/pkol.local\/person\/wlodzimierz-sokolowski\/"},"modified":"2021-09-03T13:30:55","modified_gmt":"2021-09-03T11:30:55","slug":"wlodzimierz-sokolowski","status":"publish","type":"person","link":"https:\/\/olimpijski.pl\/en\/olimpijczycy\/wlodzimierz-sokolowski\/","title":{"rendered":"W\u0142odzimierz Soko\u0142owski (1940-2012)"},"content":{"rendered":"\n<p><br><br><br><strong>in\u017cynier architekt, mistrz i rekordzista Polski w skoku o tyczce, olimpijczyk z Tokio (1964).<br><\/strong><br>Urodzony 3 wrze\u015bnia 1940 w Mijaczowie-Myszkowie, pow. Zawiercie, w robotniczej rodzinie W\u0142adys\u0142awa i Melanii S\u0142owikowskiej, uko\u0144czy\u0142 Technikum Budowlane nr 17 w Cz\u0119stochowie (1961) i Wydzia\u0142 Architektury PW (1972), gdzie otrzyma\u0142 tytu\u0142 magistra in\u017cyniera architekta (specjalno\u015b\u0107 projektowanie budynk\u00f3w u\u017cyteczno\u015bci publicznej). Tyczkarz (183 cm, 75 kg) MKS Rak\u00f3w Cz\u0119stochowa (1958-1961) oraz warszawskich klub\u00f3w: Lotnika (1962-1967) i Legii (1968-1973), podopieczny trener\u00f3w: Zenona Wa\u017cnego i Andrzeja Krzesi\u0144skiego.<\/p>\n\n\n\n<p>22-krotny reprezentant Polski w meczach mi\u0119dzypa\u0144stwowych 1962-1971 (22 starty, 1 zwyci\u0119stwo indywidualne), 6-krotny rekordzista kraju (od 4.69 w 1963 do 5.05 w 1967) i 5-krotny mistrz Polski w skoku o tyczce (1963-1966, 1971). Rekord \u017cyciowy: skok o tyczce &#8211; 5.13 (21 sierpnia 1971 Warszawa). Podczas mistrzostw Europy zaj\u0105\u0142 miejsca: 1966 (Budapeszt) &#8211; 6, 1971 (Helsinki) &#8211; 5 oraz w Europejskich Igrzyskach Halowych: 8 m. w Pradze (1967). By\u0142 5. podczas fina\u0142u Pucharu Europy w Stuttgarcie (1965) z wynikiem 4.80 (zwyci\u0119zca W. Nordwig z NRD skoczy\u0142 5.00). Jako jeden z niewielu polskich sportowc\u00f3w wyst\u0119powa\u0142 w grupie zawodowc\u00f3w ITA (1973).<\/p>\n\n\n\n<p>Zmar\u0142 29 czerwca 2012 roku w Nowym Jorku.<\/p>\n\n\n\n<p><strong>*1964 Tokio: lekkoatletyka, skok o tyczce<\/strong> &#8211; w elim. osi\u0105gn\u0105\u0142 4.40 (min. kw. 4.60) i odp. z konk. (zw. F. Hansen, USA &#8211; 5.10).<\/p>\n\n\n\n<p><em>Bibl.: G\u0142uszek, Leksykon 1999, s. 327; Pawlak, Olimpijczycy, s. 236; Kurzy\u0144ski, Indeks LA 1957-1970 (oprac. niepubl.); \u0141ojewski, Mecze m\u0119\u017cczyzn, s. 51, 359; Encyklopedia (Statystyczna) LA, s. 59, 104, 122, 141, 155; Mistrovstvi Evropy, s. 108, 109; European Indoor Handbook, s. 40; MES, t. 2, s. 433; zur Megede, Die Geschichte der olympischen Leichtathletik, s. 274; APW, nr alb. 69330.<\/em><\/p>\n","protected":false},"excerpt":{"rendered":"<p>in\u017cynier architekt, mistrz i rekordzista Polski w skoku o tyczce, olimpijczyk z Tokio (1964). &#8230; <a class=\"read-more\" href=\"https:\/\/olimpijski.pl\/en\/olimpijczycy\/wlodzimierz-sokolowski\/\">Czytaj dalej<\/a><\/p>\n","protected":false},"featured_media":0,"menu_order":60,"template":"","meta":{"_acf_changed":false,"ub_ctt_via":"","footnotes":""},"class_list":["post-15056","person","type-person","status-publish","hentry","infinite-scroll-item","no-featured-image-padding"],"acf":{"olimpic_information":[{"olimpic":[{"ID":303,"post_author":"1","post_date":"1964-06-17 13:34:45","post_date_gmt":"1964-06-17 11:34:45","post_content":"<!-- wp:heading {\"level\":1,\"className\":\"main-title\"} -->\n<h1 class=\"main-title\"><strong>Igrzyska XVIII Olimpiady<\/strong><br>Tokio 1964<\/h1>\n<!-- \/wp:heading -->\n\n<!-- wp:paragraph -->\n<p><br><\/p>\n<!-- \/wp:paragraph -->\n\n<!-- wp:image {\"align\":\"left\",\"id\":19358,\"sizeSlug\":\"large\",\"className\":\"is-style-default\"} -->\n<div class=\"wp-block-image is-style-default\"><figure class=\"alignleft size-large\"><img src=\"https:\/\/olimpijski.pl\/wp-content\/uploads\/1964\/06\/tokio1964.png\" alt=\"\" class=\"wp-image-19358\"\/><\/figure><\/div>\n<!-- \/wp:image -->\n\n<!-- wp:list -->\n<ul><li>Igrzyska rozegrano w dniach <strong>10-24 pa\u017adziernika<\/strong>.<\/li><li>Wystartowa\u0142o <strong>5151<\/strong> zawodnik\u00f3w (w tym <strong>678<\/strong> kobiet) z <strong>93<\/strong> kraj\u00f3w.<\/li><li>Rozdano <strong>163<\/strong> komplety medali.<\/li><li>Przysi\u0119g\u0119 olimpijsk\u0105 w imieniu sportowc\u00f3w z\u0142o\u017cy\u0142 gimnastyk <strong>Yoshimori Ono<\/strong>.<\/li><li>Znicz zapali\u0142 <strong>Yoshinori Sakai<\/strong> (urodzi\u0142 si\u0119 6 sierpnia 1945 roku, w dniu zrzucenia przez Amerykan\u00f3w bomby atomowej na Hiroszim\u0119).<\/li><li>Igrzyska otworzy\u0142 <strong>cesarz Japonii Hirohito<\/strong>.<\/li><\/ul>\n<!-- \/wp:list -->\n\n<!-- wp:heading -->\n<h2><strong>Program Igrzysk \u2013 21 dyscyplin, 163 konkurencje<\/strong><\/h2>\n<!-- \/wp:heading -->\n\n<!-- wp:paragraph -->\n<p>boks (10 konkurencji), gimnastyka (14), hokej na trawie (1), je\u017adziectwo (6), judo (4), kajakarstwo (7), kolarstwo (7), koszyk\u00f3wka (1), lekkoatletyka (36), pi\u0119ciob\u00f3j nowoczesny (2), pi\u0142ka no\u017cna (1), pi\u0142ka siatkowa (2), pi\u0142ka wodna (1), p\u0142ywanie (18), podnoszenie ci\u0119\u017car\u00f3w (7), skoki do wody (4), strzelectwo (6), szermierka (8), wio\u015blarstwo (7), zapasy (16), \u017ceglarstwo (5).<\/p>\n<!-- \/wp:paragraph -->\n\n<!-- wp:heading -->\n<h2><strong>Gwiazda Igrzysk<\/strong><\/h2>\n<!-- \/wp:heading -->\n\n<!-- wp:paragraph -->\n<p><strong>\u0141arysa \u0141atynina<\/strong> (ZSRR, gimnastyka) \u2013 3 z\u0142ote medale, 2 srebrne, 1 br\u0105zowy<\/p>\n<!-- \/wp:paragraph -->\n\n<!-- wp:heading -->\n<h2><strong>Polska Reprezentacja Olimpijska<\/strong><\/h2>\n<!-- \/wp:heading -->\n\n<!-- wp:paragraph -->\n<p><strong>145 os\u00f3b <\/strong>(startowa\u0142o 140 \u2013 25 kobiet i 115 m\u0119\u017cczyzn) w 12 sportach: 10 bokser\u00f3w, 14 gimnastyk\u00f3w (w tym 7 kobiet; 12 startowa\u0142o + 2 rez.), 10 kajakarzy (w tym 3 kobiety; 9 startowa\u0142o + 1 rez.), 8 kolarzy, 12 koszykarzy, 36 lekkoatlet\u00f3w (w tym 7 kobiet; 35 startowa\u0142o + 1 rez.), 7 ci\u0119\u017carowc\u00f3w, 10 siatkarek, 6 strzelc\u00f3w, 15 szermierzy, 12 wio\u015blarzy (11 startowa\u0142o + 1 rez.), 5 zapa\u015bnik\u00f3w.<\/p>\n<!-- \/wp:paragraph -->\n\n<!-- wp:paragraph -->\n<p>Chor\u0105\u017cym reprezentacji Polski by\u0142 ci\u0119\u017carowiec <strong>Waldemar Baszanowski<\/strong>.<\/p>\n<!-- \/wp:paragraph -->\n\n<!-- wp:heading -->\n<h2><strong>Klasyfikacja medalowa<\/strong><\/h2>\n<!-- \/wp:heading -->\n\n<!-- wp:table {\"hasFixedLayout\":true,\"className\":\"is-style-stripes\"} -->\n<figure class=\"wp-block-table is-style-stripes\"><table class=\"has-fixed-layout\"><tbody><tr><td><\/td><td><\/td><td class=\"has-text-align-center\" data-align=\"center\">&nbsp;<\/td><td class=\"has-text-align-center\" data-align=\"center\">&nbsp;<\/td><td class=\"has-text-align-center\" data-align=\"center\">&nbsp;<\/td><td class=\"has-text-align-center\" data-align=\"center\">&nbsp;<\/td><\/tr><tr><td>&nbsp;<\/td><td>&nbsp;<\/td><td class=\"has-text-align-center\" data-align=\"center\">&nbsp;<\/td><td class=\"has-text-align-center\" data-align=\"center\"><img class=\"wp-image-27817\" style=\"width: 50px;\" src=\"https:\/\/olimpijski.pl\/wp-content\/uploads\/2016\/06\/2016_Rio_zloty_50x50.jpg\" alt=\"\"><\/td><td class=\"has-text-align-center\" data-align=\"center\"><img class=\"wp-image-27819\" style=\"width: 50px;\" src=\"https:\/\/olimpijski.pl\/wp-content\/uploads\/2016\/06\/2016_Rio_sreb_50x50.jpg\" alt=\"\"><\/td><td class=\"has-text-align-center\" data-align=\"center\"><img class=\"wp-image-27821\" style=\"width: 50px;\" src=\"https:\/\/olimpijski.pl\/wp-content\/uploads\/2016\/06\/2016_Rio_braz_50x50.jpg\" alt=\"\"><\/td><\/tr><tr><td>1.<\/td><td>USA<\/td><td class=\"has-text-align-center\" data-align=\"center\">90<\/td><td class=\"has-text-align-center\" data-align=\"center\">36<\/td><td class=\"has-text-align-center\" data-align=\"center\">26<\/td><td class=\"has-text-align-center\" data-align=\"center\">28<\/td><\/tr><tr><td>2.<\/td><td>ZSRR<\/td><td class=\"has-text-align-center\" data-align=\"center\">96<\/td><td class=\"has-text-align-center\" data-align=\"center\">30<\/td><td class=\"has-text-align-center\" data-align=\"center\">31<\/td><td class=\"has-text-align-center\" data-align=\"center\">35<\/td><\/tr><tr><td>3.<\/td><td>Japonia<\/td><td class=\"has-text-align-center\" data-align=\"center\">29<\/td><td class=\"has-text-align-center\" data-align=\"center\">16<\/td><td class=\"has-text-align-center\" data-align=\"center\">5<\/td><td class=\"has-text-align-center\" data-align=\"center\">8<\/td><\/tr><tr><td>...<\/td><td>&nbsp;<\/td><td class=\"has-text-align-center\" data-align=\"center\">&nbsp;<\/td><td class=\"has-text-align-center\" data-align=\"center\">&nbsp;<\/td><td class=\"has-text-align-center\" data-align=\"center\">&nbsp;<\/td><td class=\"has-text-align-center\" data-align=\"center\">&nbsp;<\/td><\/tr><tr><td><strong>7.<\/strong><\/td><td><strong>Polska<\/strong><\/td><td class=\"has-text-align-center\" data-align=\"center\"><strong>23<\/strong><\/td><td class=\"has-text-align-center\" data-align=\"center\"><strong>7<\/strong><\/td><td class=\"has-text-align-center\" data-align=\"center\"><strong>6<\/strong><\/td><td class=\"has-text-align-center\" data-align=\"center\"><strong>19<\/strong><\/td><\/tr><\/tbody><\/table><\/figure>\n<!-- \/wp:table -->\n\n<!-- wp:heading -->\n<h2><strong>Medale dla Polski (23)<\/strong><\/h2>\n<!-- \/wp:heading -->\n\n<!-- wp:ub\/content-toggle-block {\"blockID\":\"0f622570-af06-4c2c-83e5-ee668270480d\",\"theme\":\"#f1f1f1\",\"collapsed\":true,\"titleColor\":\"#000000\"} -->\n<!-- wp:ub\/content-toggle-panel-block {\"parentID\":\"0f622570-af06-4c2c-83e5-ee668270480d\",\"theme\":\"#f1f1f1\",\"collapsed\":true,\"titleColor\":\"#000000\",\"panelTitle\":\"Z\u0142ote\"} -->\n<!-- wp:paragraph -->\n<p><\/p>\n<!-- \/wp:paragraph -->\n\n<!-- wp:media-text {\"align\":\"\",\"mediaId\":30255,\"mediaLink\":\"https:\/\/olimpijski.pl\/igrzyska_letnie\/tokio-1964\/1964_tokio_zloty_200\/#main\",\"mediaType\":\"image\",\"mediaWidth\":20} -->\n<div class=\"wp-block-media-text is-stacked-on-mobile\" style=\"grid-template-columns:20% auto\"><figure class=\"wp-block-media-text__media\"><img src=\"https:\/\/olimpijski.pl\/wp-content\/uploads\/1964\/06\/1964_Tokio_zloty_200.jpg\" alt=\"\" class=\"wp-image-30255\"\/><\/figure><div class=\"wp-block-media-text__content\"><!-- wp:paragraph -->\n<p><strong>J\u00f3zef Schmidt<\/strong><br>(lekkoatletyka, tr\u00f3jskok)<\/p>\n<!-- \/wp:paragraph -->\n\n<!-- wp:paragraph -->\n<p><strong>J\u00f3zef Grudzie\u0144<\/strong><br>(boks, waga lekka)<\/p>\n<!-- \/wp:paragraph -->\n\n<!-- wp:paragraph -->\n<p><strong>Jerzy Kulej<\/strong><br>(boks, waga lekkop\u00f3\u0142\u015brednia)<\/p>\n<!-- \/wp:paragraph -->\n\n<!-- wp:paragraph -->\n<p><strong>Marian Kasprzyk<\/strong><br>(boks, waga p\u00f3\u0142\u015brednia)<\/p>\n<!-- \/wp:paragraph -->\n\n<!-- wp:paragraph -->\n<p><strong>Teresa Ciep\u0142y, Halina G\u00f3recka, Irena Kirszenstein, Ewa K\u0142obukowska<\/strong><br>(lekkoatletyka, sztafeta 4x100 m)<br><br><strong>Waldemar Baszanowski<\/strong><br>(podnoszenie ci\u0119\u017car\u00f3w, 67,5 kg)<\/p>\n<!-- \/wp:paragraph -->\n\n<!-- wp:paragraph -->\n<p><strong>Egon Franke<\/strong><br>(szermierka, floret)<\/p>\n<!-- \/wp:paragraph --><\/div><\/div>\n<!-- \/wp:media-text -->\n<!-- \/wp:ub\/content-toggle-panel-block -->\n<!-- \/wp:ub\/content-toggle-block -->\n\n<!-- wp:ub\/content-toggle-block {\"blockID\":\"0e892858-9992-41aa-b7a4-ae2ab8516756\",\"theme\":\"#f1f1f1\",\"collapsed\":true,\"titleColor\":\"#000000\"} -->\n<!-- wp:ub\/content-toggle-panel-block {\"parentID\":\"0e892858-9992-41aa-b7a4-ae2ab8516756\",\"theme\":\"#f1f1f1\",\"collapsed\":true,\"titleColor\":\"#000000\",\"panelTitle\":\"Srebrne\"} -->\n<!-- wp:paragraph -->\n<p><\/p>\n<!-- \/wp:paragraph -->\n\n<!-- wp:media-text {\"align\":\"\",\"mediaId\":30257,\"mediaLink\":\"https:\/\/olimpijski.pl\/igrzyska_letnie\/tokio-1964\/1964_tokio_sreb_200\/#main\",\"mediaType\":\"image\",\"mediaWidth\":20} -->\n<div class=\"wp-block-media-text is-stacked-on-mobile\" style=\"grid-template-columns:20% auto\"><figure class=\"wp-block-media-text__media\"><img src=\"https:\/\/olimpijski.pl\/wp-content\/uploads\/1964\/06\/1964_Tokio_sreb_200.jpg\" alt=\"\" class=\"wp-image-30257\"\/><\/figure><div class=\"wp-block-media-text__content\"><!-- wp:paragraph -->\n<p><strong>Irena Kirszenstein<\/strong><br>(lekkoatletyka, 200 m)<br><br><strong>Irena Kirszenstein<\/strong><br>(lekkoatletyka, skok w dal)<\/p>\n<!-- \/wp:paragraph -->\n\n<!-- wp:paragraph -->\n<p><strong>Teresa Ciep\u0142y<\/strong><br>(lekkoatletyka, 80 m pp\u0142)<br><br><strong>Marian Dudziak, Marian Foik, Wies\u0142aw Maniak, Andrzej Zieli\u0144ski<\/strong><br>(lekkoatletyka, sztafeta 4x100 m)<br><br><strong>Egon Franke, Ryszard Parulski, Janusz R\u00f3\u017cycki, Zbigniew Skrudlik, Witold Woyda<\/strong><br>(szermierka, floret dru\u017cynowo)<br><br><strong>Artur Olech<\/strong><br>(boks, waga musza)<\/p>\n<!-- \/wp:paragraph --><\/div><\/div>\n<!-- \/wp:media-text -->\n<!-- \/wp:ub\/content-toggle-panel-block -->\n<!-- \/wp:ub\/content-toggle-block -->\n\n<!-- wp:ub\/content-toggle-block {\"blockID\":\"a9884ed7-1db5-4041-92aa-f9a969627ca2\",\"theme\":\"#f1f1f1\",\"collapsed\":true,\"titleColor\":\"#000000\"} -->\n<!-- wp:ub\/content-toggle-panel-block {\"parentID\":\"a9884ed7-1db5-4041-92aa-f9a969627ca2\",\"theme\":\"#f1f1f1\",\"collapsed\":true,\"titleColor\":\"#000000\",\"panelTitle\":\"Br\u0105zowe\"} -->\n<!-- wp:paragraph -->\n<p><\/p>\n<!-- \/wp:paragraph -->\n\n<!-- wp:media-text {\"align\":\"\",\"mediaId\":30259,\"mediaLink\":\"https:\/\/olimpijski.pl\/igrzyska_letnie\/tokio-1964\/1964_tokio_braz_200\/#main\",\"mediaType\":\"image\",\"mediaWidth\":20} -->\n<div class=\"wp-block-media-text is-stacked-on-mobile\" style=\"grid-template-columns:20% auto\"><figure class=\"wp-block-media-text__media\"><img src=\"https:\/\/olimpijski.pl\/wp-content\/uploads\/1964\/06\/1964_Tokio_braz_200.jpg\" alt=\"\" class=\"wp-image-30259\"\/><\/figure><div class=\"wp-block-media-text__content\"><!-- wp:paragraph -->\n<p><strong>Krystyna Czajkowska, Maria Golimowska, Krystyna Jakubowska, Danuta Kordaczuk, Krystyna Krupa, J\u00f3zefa Ledwig, Jadwiga Marko, Jadwiga Rutkowska, Zofia Szcz\u0119\u015bniewska, Maria \u015aliwka<\/strong><br>(siatk\u00f3wka)<br><br><strong>Emil Ochyra, Jerzy Paw\u0142owski, Andrzej Pi\u0105tkowski, Wojciech Zab\u0142ocki, Ryszard Zub<\/strong><br>(szermierka, szabla dru\u017cynowo)<br><br><strong>Andrzej Bade\u0144ski<\/strong><br>(lekkoatletyka, 400 m)<br><br><strong>Ewa K\u0142obukowska<\/strong><br>(lekkoatletyka, 100 m)<br><br><strong>Mieczys\u0142aw Nowak<\/strong><br>(podnoszenie ci\u0119\u017car\u00f3w, 60 kg)<\/p>\n<!-- \/wp:paragraph -->\n\n<!-- wp:paragraph -->\n<p><strong>Marian Zieli\u0144ski<\/strong><br>(podnoszenie ci\u0119\u017car\u00f3w, 67,5 kg)<\/p>\n<!-- \/wp:paragraph -->\n\n<!-- wp:paragraph -->\n<p><strong>Ireneusz Pali\u0144ski<\/strong><br>(podnoszenie ci\u0119\u017car\u00f3w, 90 kg)<\/p>\n<!-- \/wp:paragraph -->\n\n<!-- wp:paragraph -->\n<p><strong>J\u00f3zef Grzesiak<\/strong><br>(boks, waga lekkop\u00f3\u0142\u015brednia)<br><br><strong>Tadeusz Walasek<\/strong><br>(boks, waga \u015brednia)<br><br><strong>Zbigniew Pietrzykowski<\/strong><br>(boks, waga p\u00f3\u0142ci\u0119\u017cka)<\/p>\n<!-- \/wp:paragraph --><\/div><\/div>\n<!-- \/wp:media-text -->\n<!-- \/wp:ub\/content-toggle-panel-block -->\n<!-- \/wp:ub\/content-toggle-block -->\n\n<!-- wp:quote {\"className\":\"is-style-default\"} -->\n<blockquote class=\"wp-block-quote is-style-default\"><p>Dla Polski by\u0142y to niezwykle udane igrzyska. Z 23 medalami zaj\u0119li\u015bmy najwy\u017csz\u0105 lokat\u0119&nbsp; w dotychczasowych startach. Autork\u0105 najwi\u0119kszej niespodzianki w polskiej ekipie by\u0142a 18-letnia Irena Kirszenstein, kt\u00f3ra zdoby\u0142a dwa srebrne medale (w skoku w dal oraz w biegu na 200 m). Po raz drugi na najwy\u017cszym stopniu podium stan\u0105\u0142 tr\u00f3jskoczek J\u00f3zef Schmidt.<\/p><p>Do programu igrzysk wprowadzono: siatk\u00f3wk\u0119 kobiet i m\u0119\u017cczyzn oraz narodowy sport gospodarzy - judo. W igrzyskach zadebiutowali reprezentanci, Algierii, Czadu, Dominikany, Kamerunu, Konga, Libii, Madagaskaru, Malezji, Mali, Monako, Nepalu, Nigru, Senegalu, Tanzanii (jako Tanganika) i Zambii (jako Rodezja P\u00f3\u0142nocna).<\/p><\/blockquote>\n<!-- \/wp:quote -->","post_title":"Tokio 1964","post_excerpt":"","post_status":"publish","comment_status":"closed","ping_status":"closed","post_password":"","post_name":"tokio-1964","to_ping":"","pinged":"","post_modified":"2020-10-05 16:22:25","post_modified_gmt":"2020-10-05 14:22:25","post_content_filtered":"","post_parent":0,"guid":"https:\/\/wai-q98d7hpf9hy9k.wpallimport-demo.qsandbox.me\/olympics_summer\/tokio-1964\/","menu_order":0,"post_type":"olympics_summer","post_mime_type":"","comment_count":"0","filter":"raw"}],"competitions_rewards":[{"competition":[{"ID":5819,"post_author":"1","post_date":"2020-06-19 11:32:23","post_date_gmt":"2020-06-19 11:32:23","post_content":"","post_title":"Lekkoatletyka","post_excerpt":"","post_status":"publish","comment_status":"open","ping_status":"open","post_password":"","post_name":"lekkoatletyka","to_ping":"","pinged":"","post_modified":"2020-06-29 13:17:08","post_modified_gmt":"2020-06-29 11:17:08","post_content_filtered":"","post_parent":0,"guid":"https:\/\/wai-q7byvryhhcz9k.wpallimport-demo.qsandbox.me\/competition\/lekkoatletyka\/","menu_order":0,"post_type":"competition","post_mime_type":"","comment_count":"0","filter":"raw"}],"reward":""}]}],"picture":false,"firstname":"W\u0142odzimierz","lastname":"Soko\u0142owski (1940-2012)","birthdate_date":"03\/09\/1940","birthdate":"3 wrze\u015bnia 1940","deathdate_date":"29\/06\/2012","deathdate":"29 czerwca 2012","placeofbirth":"","club":"","coach":"","metrics":"","seolink":"sokolowski-wlodzimierz","tmp_old_id":"14416","tmp_old_fid":"294","tmp_old_parent_id":"15544","createdate":"06\/11\/2013","tmp_old_title":"Soko\u0142owski W\u0142odzimierz","tmp_old_lead":"","tmp_old_body":"<p class=\"title-m-02\">SOKO\u0141OWSKI W\u0141ODZIMIERZ<\/p><p><strong>in\u017cynier architekt, mistrz i rekordzista Polski w skoku o tyczce, olimpijczyk z Tokio (1964).<br\/><\/strong><br\/>Urodzony 3 wrze\u015bnia 1940 w Mijaczowie-Myszkowie, pow. Zawiercie, w robotniczej rodzinie W\u0142adys\u0142awa i Melanii S\u0142owikowskiej, uko\u0144czy\u0142 Technikum Budowlane nr 17 w Cz\u0119stochowie (1961) i Wydzia\u0142 Architektury PW (1972), gdzie otrzyma\u0142 tytu\u0142 magistra in\u017cyniera architekta (specjalno\u015b\u0107 projektowanie budynk\u00f3w u\u017cyteczno\u015bci publicznej). Tyczkarz (183 cm, 75 kg) MKS Rak\u00f3w Cz\u0119stochowa (1958-1961) oraz warszawskich klub\u00f3w: Lotnika (1962-1967) i Legii (1968-1973), podopieczny trener\u00f3w: Zenona Wa\u017cnego i Andrzeja Krzesi\u0144skiego. 22-krotny reprezentant Polski w meczach mi\u0119dzypa\u0144stwowych 1962-1971 (22 starty, 1 zwyci\u0119stwo indywidualne), <strong>6-krotny rekordzista kraju<\/strong> (od 4.69 w 1963 do 5.05 w 1967) i 5-krotny mistrz Polski w skoku o tyczce (1963-1966, 1971). Rekord \u017cyciowy: skok o tyczce - 5.13 (21 sierpnia 1971 Warszawa). Podczas mistrzostw Europy zaj\u0105\u0142 miejsca: 1966 (Budapeszt) - 6, 1971 (Helsinki) - 5 oraz w Europejskich Igrzyskach Halowych: 8 m. w Pradze (1967). By\u0142 5 podczas fina\u0142u Pucharu Europy w Stuttgarcie (1965) z wynikiem 4.80 (zwyci\u0119zca W. Nordwig z NRD skoczy\u0142 5.00). Jako jeden z niewielu polskich sportowc\u00f3w wyst\u0119powa\u0142 w grupie zawodowc\u00f3w ITA (1973). Mieszka i pracuje w USA (Nowy Jork).<br\/><br\/>Bibl.: G\u0142uszek, Leksykon 1999, s. 327; Pawlak, Olimpijczycy, s. 236; Kurzy\u0144ski, Indeks LA 1957-1970 (oprac. niepubl.); \u0141ojewski, Mecze m\u0119\u017cczyzn, s. 51, 359; Encyklopedia (Statystyczna) LA, s. 59, 104, 122, <strong>141<\/strong>, 155; Mistrovstvi Evropy, s. 108, 109; European Indoor Handbook, s. 40; MES, t. 2, s. 433; zur Megede, Die Geschichte der olympischen Leichtathletik, s. 274; APW, nr alb. 69330.<br\/><strong>*1964 Tokio: tyczka<\/strong> - w elim. osi\u0105gn\u0105\u0142 4.40 (min. kwalifik. 4.60) i odp. z konk. (zw. F. Hansen, USA - 5.10).<br\/><\/p><!-- history --><table width=\"85%\" style=\"text-align:right\" border=\"0\" cellspacing=\"0\" cellpadding=\"0\">  <tr>    <td align=\"right\" class=\"box3-title\"><a href=\"javascript:history.back()\">\u00ab powr\u00f3t do listy<\/a><\/td>  <\/tr><\/table>","tmp_old_body_img":false,"tmp_old_lead_img":false,"picture_medalists":false,"important":"","group_knuie68fa087fd5h76":false,"person_achivments":""},"_links":{"self":[{"href":"https:\/\/olimpijski.pl\/en\/wp-json\/wp\/v2\/person\/15056"}],"collection":[{"href":"https:\/\/olimpijski.pl\/en\/wp-json\/wp\/v2\/person"}],"about":[{"href":"https:\/\/olimpijski.pl\/en\/wp-json\/wp\/v2\/types\/person"}],"version-history":[{"count":2,"href":"https:\/\/olimpijski.pl\/en\/wp-json\/wp\/v2\/person\/15056\/revisions"}],"predecessor-version":[{"id":47399,"href":"https:\/\/olimpijski.pl\/en\/wp-json\/wp\/v2\/person\/15056\/revisions\/47399"}],"wp:attachment":[{"href":"https:\/\/olimpijski.pl\/en\/wp-json\/wp\/v2\/media?parent=15056"}],"curies":[{"name":"wp","href":"https:\/\/api.w.org\/{rel}","templated":true}]}}