{"id":15117,"date":"2020-06-24T16:51:44","date_gmt":"2020-06-24T14:51:44","guid":{"rendered":"http:\/\/pkol.local\/person\/leszek-swornowski\/"},"modified":"2023-03-28T14:16:54","modified_gmt":"2023-03-28T12:16:54","slug":"leszek-swornowski","status":"publish","type":"person","link":"https:\/\/olimpijski.pl\/en\/olimpijczycy\/leszek-swornowski\/","title":{"rendered":"Leszek Swornowski"},"content":{"rendered":"\n<p><strong>nauczyciel wf, trener, modelarz, jeden z\u00a0wielu wychowank\u00f3w trenera Adama Medy\u0144skiego, medalista mistrzostw Europy i\u00a0\u015bwiata w\u00a0szpadzie (indywidualnie) oraz\u00a0srebrny medalista IO w\u00a0Moskwie 1980 (dru\u017cynowo).<br><\/strong><br>Urodzony 28 marca 1955 we Wroc\u0142awiu, syn Mariana (mechanik samochodowy) i\u00a0Ireny Wyku\u017c, absolwent miejscowego Pedagogicznego Studium Technicznego (1977) i\u00a0wroc\u0142awskiej AWF (1984), gdzie otrzyma\u0142 tytu\u0142 magistra wf. Szpadzista (170 cm, 62 kg) AZS Wroc\u0142aw, jeden z\u00a0wielu wychowank\u00f3w trenera Adama Medy\u0144skiego (od 1968). Sprytny, z\u00a0refleksem i\u00a0wrodzon\u0105 bojowo\u015bci\u0105 &#8211; tak\u0105 rekomendacj\u0119 otrzyma\u0142 od\u00a0nauczyciela wf, kiedy ten oddawa\u0142 go w\u00a0r\u0119ce szermierczego fechtmistrza. Dosz\u0142a niezwyk\u0142a pracowito\u015b\u0107 i\u00a0niewielki wzrostem wroc\u0142awianin sta\u0142 si\u0119 absolutnym zaprzeczeniem wsp\u00f3\u0142czesnych teorii, \u017ce\u00a0w\u00a0szpadzie maj\u0105 szans\u0119 wy\u0142\u0105cznie olbrzymy o\u00a0gigantycznym zasi\u0119gu ramion.<\/p>\n\n\n\n<p>Dwukrotny mistrz (1978, 1986) i&nbsp;wicemistrz (1982, 1984) Polski oraz&nbsp;11-krotny dru\u017cynowy&nbsp;mistrz kraju (1977-1987) i&nbsp;3-krotny wicemistrz (1974-1976). Br\u0105zowy medalista mistrzostw \u015bwiata z&nbsp;Melbourne (1979) i&nbsp;mistrzostw Europy z&nbsp;Lizbony (1983). By\u0142 tak\u017ce finalist\u0105 mistrzostw \u015bwiata w&nbsp;konkurencji dru\u017cynowej: w&nbsp;Rzymie (1982) &#8211; 6. msc i&nbsp;w Wiedniu (1983) &#8211; 4. msc. W&nbsp;dru\u017cynie te\u017c&nbsp;zdoby\u0142 tytu\u0142 wicemistrza Uniwersiady w&nbsp;Edmonton (1983). Pod koniec kariery sportowej reprezentowa\u0142 barwy wroc\u0142awskiego Kolejarza, gdzie &#8220;dla chleba&#8221; by\u0142 zawodnikiem, instruktorem i&nbsp;trenerem.<\/p>\n\n\n\n<p>Odznaczony m.in. z\u0142otym Medalem za Wybitne Osi\u0105gni\u0119cia Sportowe oraz Z\u0142otym i Srebrnym Krzy\u017cami Zas\u0142ugi.<\/p>\n\n\n\n<p><strong>*1976 Montreal: szermierka, szpada dru\u017c.<\/strong> &#8211; w grupie elim. (4 dru\u017c.) po pora\u017ckach z Francj\u0105 1:13 (Swornowski 1 zw.) i W\u0119grami 4:11 (1 zw.) Polacy zaj\u0119li 4. msc w grupie i odp. z konk. Partnerami w dru\u017cynie byli: J. Janikowski, Z. Matwiejew i M. Wiech.<\/p>\n\n\n\n<p><strong>*1980 Moskwa: szermierka, szpada ind.<\/strong> &#8211; 4. msc w grupie elim. (6 zaw.) z 3 zw., odp. z konk., zajmuj\u0105c 25. msc w turnieju (zw. J. Harmenberg Szwecja); <strong>szpada dru\u017c.<\/strong> &#8211; w&nbsp;grupie elim. (3 dru\u017c.) Polacy pokonali Kub\u0119 12:4 (0 zw.) i&nbsp;przegrali z&nbsp;ZSRR 5:7 (0 zw.), zajmuj\u0105c 2. msc w&nbsp;grupie; w&nbsp;\u0107wier\u0107fin. pokonali Szwecj\u0119 8:6 (0 zw.); w&nbsp;p\u00f3\u0142fin. wygrali z&nbsp;Rumuni\u0105 8:4 (0 zw.); w&nbsp;finale ulegli Francji 4:8 (3 zw.) <strong>zdobywaj\u0105c srebrny medal<\/strong>. Partnerami w&nbsp;dru\u017cynie byli: L. Chronowski, P. Jab\u0142kowski, A. Lis i&nbsp;M. Strza\u0142ka.<\/p>\n\n\n\n<p><em>Bibl.: G\u0142uszek, Leksykon 1999, s. 336-337; Pawlak, Olimpijczycy, s. 248; MES, t. 2, s. 489; Du\u0144ski, Od Pary\u017ca, s. 874-875; Schwarzer, Dolno\u015bl\u0105scy olimpijczycy, s. 44, 57; Borz\u0119cki, Bia\u0142\u0105 broni\u0105, s. 8, 13, 129 i&nbsp;dalsze; \u0141uczak, Szermierka w&nbsp;Polsce, s. 97 i&nbsp;dalsze; AAWF Wroc\u0142aw, sygn. 5491 \/ S.&nbsp;<\/em><\/p>\n","protected":false},"excerpt":{"rendered":"<p>nauczyciel wf, trener, modelarz, jeden z\u00a0wielu wychowank\u00f3w trenera Adama Medy\u0144skiego, medalista mistrzostw Europy i\u00a0\u015bwiata w\u00a0szpadzie (indywidualnie) oraz\u00a0srebrny medalista IO w\u00a0Moskwie 1980 (dru\u017cynowo). &#8230; <a class=\"read-more\" href=\"https:\/\/olimpijski.pl\/en\/olimpijczycy\/leszek-swornowski\/\">Czytaj dalej<\/a><\/p>\n","protected":false},"featured_media":30763,"menu_order":63,"template":"","meta":{"_acf_changed":false,"ub_ctt_via":"","footnotes":""},"class_list":["post-15117","person","type-person","status-publish","has-post-thumbnail","hentry","infinite-scroll-item","no-featured-image-padding","resize-featured-image"],"acf":{"olimpic_information":[{"olimpic":[{"ID":299,"post_author":"1","post_date":"1980-06-17 13:34:45","post_date_gmt":"1980-06-17 11:34:45","post_content":"<!-- wp:heading {\"level\":1,\"className\":\"main-title\"} -->\n<h1 class=\"main-title\"><strong>Igrzyska XXII Olimpiady<\/strong><br>Moskwa 1980<\/h1>\n<!-- \/wp:heading -->\n\n<!-- wp:paragraph -->\n<p><br><\/p>\n<!-- \/wp:paragraph -->\n\n<!-- wp:image {\"align\":\"left\",\"id\":19338,\"sizeSlug\":\"large\",\"className\":\"is-style-default\"} -->\n<div class=\"wp-block-image is-style-default\"><figure class=\"alignleft size-large\"><img src=\"https:\/\/olimpijski.pl\/wp-content\/uploads\/1980\/06\/moskwa1980.png\" alt=\"\" class=\"wp-image-19338\"\/><\/figure><\/div>\n<!-- \/wp:image -->\n\n<!-- wp:list -->\n<ul><li>Igrzyska rozegrano w dniach <strong>19 lipca \u2013 3 sierpnia<\/strong>.<\/li><li>Wystartowa\u0142o <strong>5217<\/strong> zawodnik\u00f3w (w tym <strong>1124<\/strong> kobiet) z <strong>81<\/strong> kraj\u00f3w.<\/li><li>Rozdano <strong>203<\/strong> komplety medali.<\/li><li>Przysi\u0119g\u0119 olimpijsk\u0105 w imieniu sportowc\u00f3w z\u0142o\u017cy\u0142 gimnastyk <strong>Niko\u0142aj Andrianow<\/strong>, natomiast w imieniu s\u0119dzi\u00f3w i trener\u00f3w \u2013 <strong>Aleksander Miedwied<\/strong>.<\/li><li>Znicz olimpijski zapali\u0142 koszykarz <strong>Siergiej Bie\u0142ow<\/strong>, z\u0142oty medalista olimpijski z Monachium.<\/li><li>Igrzyska otworzy\u0142 <strong>I sekretarz Komunistycznej Partii Zwi\u0105zku Radzieckiego Leonid Bre\u017cniew<\/strong>.<\/li><\/ul>\n<!-- \/wp:list -->\n\n<!-- wp:heading -->\n<h2><strong>Program Igrzysk \u2013 23 dyscypliny, 203 konkurencje<\/strong><\/h2>\n<!-- \/wp:heading -->\n\n<!-- wp:paragraph -->\n<p>boks (11 konkurencji), gimnastyka (14), hokej na trawie (2), je\u017adziectwo (6), judo (8), kajakarstwo (11), kolarstwo (6), koszyk\u00f3wka (2), lekkoatletyka (38), \u0142ucznictwo (2), pi\u0119ciob\u00f3j nowoczesny (2), pi\u0142ka no\u017cna (1), pi\u0142ka r\u0119czna (2), pi\u0142ka siatkowa (2), pi\u0142ka wodna (1), p\u0142ywanie (26), podnoszenie ci\u0119\u017car\u00f3w (10), skoki do wody (4), strzelectwo (7), szermierka (8), wio\u015blarstwo (14), zapasy (20), \u017ceglarstwo (6).<\/p>\n<!-- \/wp:paragraph -->\n\n<!-- wp:heading -->\n<h2><strong>Gwiazda Igrzysk<\/strong><\/h2>\n<!-- \/wp:heading -->\n\n<!-- wp:paragraph -->\n<p><strong>Aleksander Ditiatin<\/strong> (ZSRR, gimnastyka) \u2013 3 z\u0142ote medale, 4 srebrne, 1 br\u0105zowy<\/p>\n<!-- \/wp:paragraph -->\n\n<!-- wp:heading -->\n<h2><strong>Polska Reprezentacja Olimpijska<\/strong><\/h2>\n<!-- \/wp:heading -->\n\n<!-- wp:paragraph -->\n<p><strong>325 os\u00f3b<\/strong> (startowa\u0142o 306 \u2013 74 kobiety i 232 m\u0119\u017cczyzn) w 21 sportach: 11 bokser\u00f3w, 10 gimnastyk\u00f3w (w tym 7 kobiet; 9 startowa\u0142o + 1 rez.), 32 hokeist\u00f3w na trawie (w tym 16 kobiet), 14 je\u017ad\u017ac\u00f3w (w tym 3 kobiety; 11 startowa\u0142o + 3 rez.), 7 judok\u00f3w, 16 kajakarzy (w tym 3 kobiety; 15 startowa\u0142o + 1 rez.), 15 kolarzy (11 startowa\u0142o + 4 rez.), 12 koszykarzy, 50 lekkoatlet\u00f3w (w tym 17 kobiet; 48 startowa\u0142o + 2 rez.), 3 \u0142ucznik\u00f3w (w tym 2 kobiety), 4 pi\u0119cioboist\u00f3w (3 startowa\u0142o + 1 rez.), 8 p\u0142ywak\u00f3w (w tym 4 kobiety), 2 skoczk\u00f3w do wody (w tym 1 kobieta), 12 ci\u0119\u017carowc\u00f3w (10 startowa\u0142o + 2 rez.), 14 pi\u0142karzy r\u0119cznych, 12 siatkarzy (11 startowa\u0142o + 1 rez.), 18 szermierzy (w tym 5 kobiet), 12 strzelc\u00f3w, 38 wio\u015blarzy (w tym 20 kobiet; 37 startowa\u0142o, + 1 rez.), 20 zapa\u015bnik\u00f3w, 15 \u017ceglarzy (12 startowa\u0142o + 3 rez.).<\/p>\n<!-- \/wp:paragraph -->\n\n<!-- wp:paragraph -->\n<p>Chor\u0105\u017cym reprezentacji Polski by\u0142 zapa\u015bnik stylu klasycznego <strong>Czes\u0142aw Kwieci\u0144ski<\/strong>.<\/p>\n<!-- \/wp:paragraph -->\n\n<!-- wp:heading -->\n<h2><strong>Klasyfikacja medalowa<\/strong><\/h2>\n<!-- \/wp:heading -->\n\n<!-- wp:table {\"hasFixedLayout\":true,\"className\":\"is-style-stripes\"} -->\n<figure class=\"wp-block-table is-style-stripes\"><table class=\"has-fixed-layout\"><tbody><tr><td><\/td><td><\/td><td class=\"has-text-align-center\" data-align=\"center\">&nbsp;<\/td><td class=\"has-text-align-center\" data-align=\"center\">&nbsp;<\/td><td class=\"has-text-align-center\" data-align=\"center\">&nbsp;<\/td><td class=\"has-text-align-center\" data-align=\"center\">&nbsp;<\/td><\/tr><tr><td>&nbsp;<\/td><td>&nbsp;<\/td><td class=\"has-text-align-center\" data-align=\"center\">&nbsp;<\/td><td class=\"has-text-align-center\" data-align=\"center\"><img class=\"wp-image-27817\" style=\"width: 50px;\" src=\"https:\/\/olimpijski.pl\/wp-content\/uploads\/2016\/06\/2016_Rio_zloty_50x50.jpg\" alt=\"\"><\/td><td class=\"has-text-align-center\" data-align=\"center\"><img class=\"wp-image-27819\" style=\"width: 50px;\" src=\"https:\/\/olimpijski.pl\/wp-content\/uploads\/2016\/06\/2016_Rio_sreb_50x50.jpg\" alt=\"\"><\/td><td class=\"has-text-align-center\" data-align=\"center\"><img class=\"wp-image-27821\" style=\"width: 50px;\" src=\"https:\/\/olimpijski.pl\/wp-content\/uploads\/2016\/06\/2016_Rio_braz_50x50.jpg\" alt=\"\"><\/td><\/tr><tr><td>1.<\/td><td>ZSRR<\/td><td class=\"has-text-align-center\" data-align=\"center\">195<\/td><td class=\"has-text-align-center\" data-align=\"center\">80<\/td><td class=\"has-text-align-center\" data-align=\"center\">69<\/td><td class=\"has-text-align-center\" data-align=\"center\">46<\/td><\/tr><tr><td>2.<\/td><td>NRD<\/td><td class=\"has-text-align-center\" data-align=\"center\">126<\/td><td class=\"has-text-align-center\" data-align=\"center\">47<\/td><td class=\"has-text-align-center\" data-align=\"center\">37<\/td><td class=\"has-text-align-center\" data-align=\"center\">40<\/td><\/tr><tr><td>3.<\/td><td>Bu\u0142garia<\/td><td class=\"has-text-align-center\" data-align=\"center\">41<\/td><td class=\"has-text-align-center\" data-align=\"center\">8<\/td><td class=\"has-text-align-center\" data-align=\"center\">16<\/td><td class=\"has-text-align-center\" data-align=\"center\">17<\/td><\/tr><tr><td>...<\/td><td>&nbsp;<\/td><td class=\"has-text-align-center\" data-align=\"center\">&nbsp;<\/td><td class=\"has-text-align-center\" data-align=\"center\">&nbsp;<\/td><td class=\"has-text-align-center\" data-align=\"center\">&nbsp;<\/td><td class=\"has-text-align-center\" data-align=\"center\">&nbsp;<\/td><\/tr><tr><td><strong>10.<\/strong><\/td><td><strong>Polska<\/strong><\/td><td class=\"has-text-align-center\" data-align=\"center\"><strong>32<\/strong><\/td><td class=\"has-text-align-center\" data-align=\"center\"><strong>3<\/strong><\/td><td class=\"has-text-align-center\" data-align=\"center\"><strong>14<\/strong><\/td><td class=\"has-text-align-center\" data-align=\"center\"><strong>15<\/strong><\/td><\/tr><\/tbody><\/table><\/figure>\n<!-- \/wp:table -->\n\n<!-- wp:heading -->\n<h2><strong>Medale dla Polski (32)<\/strong><\/h2>\n<!-- \/wp:heading -->\n\n<!-- wp:paragraph -->\n<p>z\u0142oty - W\u0142adys\u0142aw Kozakiewicz (lekkoatletyka - skok o tyczce)<br>z\u0142oty - Jan Kowalczyk (je\u017adziectwo - indywidualny konkurs skok\u00f3w przez przeszkody)<br>z\u0142oty - Bronis\u0142aw Malinowski (lekkoatletyka - bieg na 3000 m z przeszkodami)<\/p>\n<!-- \/wp:paragraph -->\n\n<!-- wp:paragraph -->\n<p>srebrny - Pawe\u0142 Skrzecz (boks - waga p\u00f3\u0142ci\u0119\u017cka)<br>srebrny - Czes\u0142aw Lang (kolarstwo - wy\u015bcig indywidualny ze startu wsp\u00f3lnego)<br>srebrny - Janusz Bobik, Wies\u0142aw Hartman, Jan Kowalczyk, Marian Kozicki (je\u017adziectwo - dru\u017cynowy konkurs skok\u00f3w przez przeszkody)<br>srebrny - Urszula Kielan (lekkoatletyka - skok wzwy\u017c)<br>srebrny - Jacek Wszo\u0142a (lekkoatletyka - skok wzwy\u017c)<br>srebrny - Tadeusz \u015alusarski (lekkoatletyka - skok o tyczce)<br>srebrny - Leszek Dunecki, Zenon Licznerski, Marian Woronin, Krzysztof Zwoli\u0144ski (lekkoatletyka - sztafeta 4x100 m)<br>srebrny - Ludomir Chronowski, Piotr Jab\u0142kowski, Andrzej Lis, Mariusz Strza\u0142ka, Leszek Swornowski (szermierka - turniej dru\u017cynowy szpadzist\u00f3w)<br>srebrny - Ma\u0142gorzata D\u0142u\u017cewska, Czes\u0142awa Ko\u015bcia\u0144ska (wio\u015blarstwo - dw\u00f3jka bez sterniczki)<br>srebrny - W\u0142adys\u0142aw Stecyk (zapasy - styl wolny - waga 52 kg)<br>srebrny - J\u00f3zef Lipie\u0144 (zapasy - styl klasyczny - waga 57 kg)<br>srebrny - Andrzej Supron (zapasy - styl klasyczny - waga 68 kg)<br>srebrny - Jan Do\u0142gowicz (zapasy - styl klasyczny - waga 82 kg)<br>srebrny - Roman Bier\u0142a (zapasy - styl klasyczny - waga 100&nbsp; kg)<\/p>\n<!-- \/wp:paragraph -->\n\n<!-- wp:paragraph -->\n<p>br\u0105zowy - Krzysztof Kosedowski (boks - waga pi\u00f3rkowa)<br>br\u0105zowy - Kazimierz Adach (boks - waga lekka)<br>br\u0105zowy - Kazimierz Szczerba (boks - waga p\u00f3\u0142\u015brednia)<br>br\u0105zowy - Jerzy Rybicki (boks -waga \u015brednia)<br>br\u0105zowy - Janusz Paw\u0142owski (judo - waga 65 kg)<br>br\u0105zowy - Lucyna Langer (lekkoatletyka - bieg na 100 m pp\u0142)<br>br\u0105zowy - Agnieszka Czopek (p\u0142ywanie - wy\u015bcig na 400 m stylem zmiennym)<br>br\u0105zowy - Tadeusz Dembo\u0144czyk (podnoszenie ci\u0119\u017car\u00f3w - waga 56 kg)<br>br\u0105zowy - Marek Seweryn (podnoszenie ci\u0119\u017car\u00f3w - waga 60 kg)<br>br\u0105zowy - Tadeusz Rutkowski (podnoszenie ci\u0119\u017car\u00f3w - waga ponad 110 kg)<br>br\u0105zowy - Barbara Wysocza\u0144ska (szermierka - turniej indywidualny florecistek)<br>br\u0105zowy - Lech Koziejowski, Adam Robak, Bogus\u0142aw Zych, Marian Sypniewski (szermierka turniej dru\u017cynowy florecist\u00f3w)<br>br\u0105zowy - Grzegorz Nowak, Grzegorz Stellak, Ryszard Stadniuk, Adam Tomasiak, sternik Ryszard Kubiak (wio\u015blarstwo - czw\u00f3rka ze sternikiem)<br>br\u0105zowy - Aleksander Cicho\u0144 (zapasy - styl wolny - waga 90 kg)<br>br\u0105zowy - Adam Sandurski (zapasy - styl wolny - waga ponad 100 kg)<\/p>\n<!-- \/wp:paragraph -->\n\n<!-- wp:quote {\"className\":\"is-style-default\"} -->\n<blockquote class=\"wp-block-quote is-style-default\"><p>Nasi reprezentanci zdobyli na tych igrzyskach 32 medale najwi\u0119cej w ca\u0142ej historii start\u00f3w olimpijskich.<\/p><p>Konkurencje \u017ceglarskie igrzysk przeprowadzono w Tallinnie.&nbsp; Do Moskwy nie przyjechali sportowcy USA. Polityka wymusi\u0142a na dzia\u0142aczach sportowych bojkot igrzysk w Moskwie z powodu interwencji ZSRR w Afganistanie. Z bojkotu wy\u0142ama\u0142o si\u0119 wielu sportowc\u00f3w m.in. z Australii, Brazylii, Danii, Grecji, Hiszpanii, Meksyku RFN, Szwajcarii, Szwecji, W\u0142och, Wielkiej Brytanii i Wenezueli.<\/p><\/blockquote>\n<!-- \/wp:quote -->","post_title":"Moskwa 1980","post_excerpt":"","post_status":"publish","comment_status":"closed","ping_status":"closed","post_password":"","post_name":"moskwa-1980","to_ping":"","pinged":"","post_modified":"2020-09-28 15:49:10","post_modified_gmt":"2020-09-28 13:49:10","post_content_filtered":"","post_parent":0,"guid":"https:\/\/wai-q98d7hpf9hy9k.wpallimport-demo.qsandbox.me\/olympics_summer\/moskwa-1980\/","menu_order":0,"post_type":"olympics_summer","post_mime_type":"","comment_count":"0","filter":"raw"}],"competitions_rewards":[{"competition":[{"ID":5783,"post_author":"1","post_date":"2020-06-19 11:32:17","post_date_gmt":"2020-06-19 09:32:17","post_content":"","post_title":"Szermierka - szpada dru\u017c.","post_excerpt":"","post_status":"publish","comment_status":"closed","ping_status":"closed","post_password":"","post_name":"szpada-druz","to_ping":"","pinged":"","post_modified":"2020-07-22 12:07:18","post_modified_gmt":"2020-07-22 10:07:18","post_content_filtered":"","post_parent":5868,"guid":"https:\/\/wai-q7byvryhhcz9k.wpallimport-demo.qsandbox.me\/competition\/szpada-druz\/","menu_order":0,"post_type":"competition","post_mime_type":"","comment_count":"0","filter":"raw"}],"reward":{"value":"2","label":"Srebrny"}}]},{"olimpic":[{"ID":300,"post_author":"1","post_date":"1976-06-17 13:34:45","post_date_gmt":"1976-06-17 12:34:45","post_content":"<!-- wp:heading {\"level\":1,\"className\":\"main-title\"} -->\n<h1 class=\"main-title\"><strong>Igrzyska XXI Olimpiady<\/strong><br>Montreal 1976<\/h1>\n<!-- \/wp:heading -->\n\n<!-- wp:paragraph -->\n<p><br><\/p>\n<!-- \/wp:paragraph -->\n\n<!-- wp:image {\"align\":\"left\",\"id\":19336,\"sizeSlug\":\"large\",\"className\":\"is-style-default\"} -->\n<div class=\"wp-block-image is-style-default\"><figure class=\"alignleft size-large\"><img src=\"https:\/\/olimpijski.pl\/wp-content\/uploads\/1976\/06\/montreal1976.png\" alt=\"\" class=\"wp-image-19336\"\/><\/figure><\/div>\n<!-- \/wp:image -->\n\n<!-- wp:list -->\n<ul><li>Igrzyska rozegrano w dniach <strong>17 lipca \u2013 1 sierpnia<\/strong>.<\/li><li>Wystartowa\u0142o <strong>6084<\/strong> zawodnik\u00f3w (w tym <strong>1260<\/strong> kobiet) z <strong>92<\/strong> kraj\u00f3w.<\/li><li>Rozdano <strong>198<\/strong> komplet\u00f3w medali.<\/li><li>Przysi\u0119g\u0119 olimpijsk\u0105 w imieniu sportowc\u00f3w z\u0142o\u017cy\u0142 ci\u0119\u017carowiec <strong>Pierre Saint-Jean<\/strong>, natomiast w imieniu s\u0119dzi\u00f3w i trener\u00f3w \u2013 <strong>Maurice Fauget<\/strong>.<\/li><li>Znicz olimpijski zapalili nastolatkowie reprezentuj\u0105cy angielsk\u0105 i francusk\u0105 spo\u0142eczno\u015b\u0107 Kanady \u2013 <strong>Sandra Henderson<\/strong> i <strong>Stephane Prefontaine<\/strong>.<\/li><li>Igrzyska otworzy\u0142a <strong>kr\u00f3lowa Anglii El\u017cbieta II<\/strong>.<\/li><\/ul>\n<!-- \/wp:list -->\n\n<!-- wp:heading -->\n<h2><strong>Program Igrzysk \u2013 23 dyscypliny, 198 konkurencji<\/strong><\/h2>\n<!-- \/wp:heading -->\n\n<!-- wp:paragraph -->\n<p>boks (11 konkurencji), gimnastyka (14), hokej na trawie (1), je\u017adziectwo (6), judo (6), kajakarstwo (11), kolarstwo (6), koszyk\u00f3wka (2), lekkoatletyka (37), \u0142ucznictwo (2), pi\u0119ciob\u00f3j nowoczesny (2), pi\u0142ka no\u017cna (1), pi\u0142ka r\u0119czna (2), pi\u0142ka siatkowa (2), pi\u0142ka wodna (1), p\u0142ywanie (26), podnoszenie ci\u0119\u017car\u00f3w (9), skoki do wody (4), strzelectwo (7), szermierka (8), wio\u015blarstwo (14), zapasy (20), \u017ceglarstwo (6).<\/p>\n<!-- \/wp:paragraph -->\n\n<!-- wp:heading -->\n<h2><strong>Gwiazda Igrzysk<\/strong><\/h2>\n<!-- \/wp:heading -->\n\n<!-- wp:paragraph -->\n<p><strong>Nadia Comaneci<\/strong> (Rumunia, gimnastyka) \u2013 3 z\u0142ote medale, 1 srebrny, 1 br\u0105zowy<\/p>\n<!-- \/wp:paragraph -->\n\n<!-- wp:heading -->\n<h2><strong>Polska Reprezentacja Olimpijska<\/strong><\/h2>\n<!-- \/wp:heading -->\n\n<!-- wp:paragraph -->\n<p>223 osoby (startowa\u0142o 207 \u2013 27 kobiet i 180 m\u0119\u017cczyzn) w 18 sportach: 11 bokser\u00f3w, 7 gimnastyk\u00f3w (6 startowa\u0142o, 1 nie), 5 judok\u00f3w, 16 kajakarzy (w tym 4 kobiety; 13 startowa\u0142o + 3 rez.), 14 kolarzy (11 startowa\u0142o + 3 rez.), 33 lekkoatlet\u00f3w (w tym 4 kobiety; 32 startowa\u0142o, 1 nie), 4 \u0142ucznik\u00f3w (w tym 2 kobiety), 4 pi\u0119cioboist\u00f3w (3 startowa\u0142o + 1 rez.), 17 pi\u0142karzy, 14 pi\u0142karzy r\u0119cznych, 12 siatkarzy, 3 p\u0142ywak\u00f3w (w tym 1 kobieta), 11 ci\u0119\u017carowc\u00f3w (9 startowa\u0142o + 2 rez.), 12 strzelc\u00f3w, 18 szermierzy (w tym 5 kobiet), 26 wio\u015blarzy (w tym 14 kobiet; 22 startowa\u0142o + 4 rez.), 14 zapa\u015bnik\u00f3w, 2 \u017ceglarzy (1 startowa\u0142o + 1 rez.).<\/p>\n<!-- \/wp:paragraph -->\n\n<!-- wp:paragraph -->\n<p>Chor\u0105\u017cym reprezentacji Polski by\u0142 kajakarz <strong>Grzegorz \u015aledziewski<\/strong>.<\/p>\n<!-- \/wp:paragraph -->\n\n<!-- wp:heading -->\n<h2><strong>Klasyfikacja medalowa<\/strong><\/h2>\n<!-- \/wp:heading -->\n\n<!-- wp:table {\"hasFixedLayout\":true,\"className\":\"is-style-stripes\"} -->\n<figure class=\"wp-block-table is-style-stripes\"><table class=\"has-fixed-layout\"><tbody><tr><td><\/td><td><\/td><td class=\"has-text-align-center\" data-align=\"center\">&nbsp;<\/td><td class=\"has-text-align-center\" data-align=\"center\">&nbsp;<\/td><td class=\"has-text-align-center\" data-align=\"center\">&nbsp;<\/td><td class=\"has-text-align-center\" data-align=\"center\">&nbsp;<\/td><\/tr><tr><td>&nbsp;<\/td><td>&nbsp;<\/td><td class=\"has-text-align-center\" data-align=\"center\">&nbsp;<\/td><td class=\"has-text-align-center\" data-align=\"center\"><img class=\"wp-image-27817\" style=\"width: 50px;\" src=\"https:\/\/olimpijski.pl\/wp-content\/uploads\/2016\/06\/2016_Rio_zloty_50x50.jpg\" alt=\"\"><\/td><td class=\"has-text-align-center\" data-align=\"center\"><img class=\"wp-image-27819\" style=\"width: 50px;\" src=\"https:\/\/olimpijski.pl\/wp-content\/uploads\/2016\/06\/2016_Rio_sreb_50x50.jpg\" alt=\"\"><\/td><td class=\"has-text-align-center\" data-align=\"center\"><img class=\"wp-image-27821\" style=\"width: 50px;\" src=\"https:\/\/olimpijski.pl\/wp-content\/uploads\/2016\/06\/2016_Rio_braz_50x50.jpg\" alt=\"\"><\/td><\/tr><tr><td>1.<\/td><td>ZSRR<\/td><td class=\"has-text-align-center\" data-align=\"center\">125<\/td><td class=\"has-text-align-center\" data-align=\"center\">49<\/td><td class=\"has-text-align-center\" data-align=\"center\">41<\/td><td class=\"has-text-align-center\" data-align=\"center\">35<\/td><\/tr><tr><td>2.<\/td><td>NRD<\/td><td class=\"has-text-align-center\" data-align=\"center\">90<\/td><td class=\"has-text-align-center\" data-align=\"center\">40<\/td><td class=\"has-text-align-center\" data-align=\"center\">25<\/td><td class=\"has-text-align-center\" data-align=\"center\">25<\/td><\/tr><tr><td>3.<\/td><td>USA<\/td><td class=\"has-text-align-center\" data-align=\"center\">94<\/td><td class=\"has-text-align-center\" data-align=\"center\">34<\/td><td class=\"has-text-align-center\" data-align=\"center\">35<\/td><td class=\"has-text-align-center\" data-align=\"center\">25<\/td><\/tr><tr><td>...<\/td><td>&nbsp;<\/td><td class=\"has-text-align-center\" data-align=\"center\">&nbsp;<\/td><td class=\"has-text-align-center\" data-align=\"center\">&nbsp;<\/td><td class=\"has-text-align-center\" data-align=\"center\">&nbsp;<\/td><td class=\"has-text-align-center\" data-align=\"center\">&nbsp;<\/td><\/tr><tr><td><strong>6.<\/strong><\/td><td><strong>Polska<\/strong><\/td><td class=\"has-text-align-center\" data-align=\"center\"><strong>26<\/strong><\/td><td class=\"has-text-align-center\" data-align=\"center\"><strong>7<\/strong><\/td><td class=\"has-text-align-center\" data-align=\"center\"><strong>6<\/strong><\/td><td class=\"has-text-align-center\" data-align=\"center\"><strong>13<\/strong><\/td><\/tr><\/tbody><\/table><\/figure>\n<!-- \/wp:table -->\n\n<!-- wp:heading -->\n<h2><strong>Medale dla Polski (26)<\/strong><\/h2>\n<!-- \/wp:heading -->\n\n<!-- wp:paragraph -->\n<p>z\u0142oty - Irena Szewi\u0144ska (lekkoatletyka - bieg na 400 m)<br>z\u0142oty - Janusz Pyciak-Peciak (pi\u0119ciob\u00f3j nowoczesny)<br>z\u0142oty - Jerzy Rybicki (boks - waga lekko\u015brednia)<br>z\u0142oty - Tadeusz \u015alusarski (lekkoatletyka - skok o tyczce)<br>z\u0142oty - Jacek Wszo\u0142a (lekkoatletyka - skok wzwy\u017c)<br>z\u0142oty Kazimierz Lipie\u0144 (zapasy - styl klasyczny - waga 62 kg)<br>z\u0142oty - Bronis\u0142aw Bebel, Ryszard Bosek, Wies\u0142aw Gaw\u0142owski, Marek Karbarz, Zbigniew Lubiejewski, Lech Lasko, Miros\u0142aw Rybaczewski, W\u0142odzimierz Sadalski, Edward Skorek, W\u0142odzimierz Stefa\u0144ski, Tomasz Wojtowicz i Zbigniew Zarzycki (siatk\u00f3wka)<\/p>\n<!-- \/wp:paragraph -->\n\n<!-- wp:paragraph -->\n<p>srebrny - Andrzej Gronowicz i Jerzy Opara (kajakarstwo - C2&nbsp; 500 m)<br>srebrny - Bronis\u0142aw Malinowski (lekkoatletyka- bieg na 3000 m z przeszkodami)<br>srebrny - Grzegorz Cziura (podnoszenie ci\u0119\u017car\u00f3w - waga 56 kg)<br>srebrny - Grzegorz Jaremski, Jerzy Pietrzyk, Ryszard Podlas i Jan Werner (lekkoatletyka - sztafeta 4x400 m)<br>srebrny - Tadeusz Mytnik, Mieczys\u0142aw Nowicki, Stanis\u0142aw Szozda, Ryszard Szurkowski (kolarstwo - szosowy wy\u015bcig dru\u017c. na 100 km)<br>srebrny - (Jan Beniger, Les\u0142aw \u0106mikiewicz, Kazimierz Deyna, Jerzy Gorgo\u0144, Henryk Kasperczak, Kazimierz Kmiecik, Grzegorz Lato, Zygmunt Maszczyk, Piotr Mowlik, Roman Ogaza, Wojciech Rudy, Andrzej Szarmach, Antoni Szymanowski, Jan Tomaszewski, Henryk Wawrowski, Henryk Wieczorek, W\u0142adys\u0142aw \u017bmuda (pi\u0142ka no\u017cna)<\/p>\n<!-- \/wp:paragraph -->\n\n<!-- wp:paragraph -->\n<p>br\u0105zowy - Leszek B\u0142a\u017cy\u0144ski (boks - waga musza)<br>br\u0105zowy - Leszek Kosedowski (boks - waga pi\u00f3rkowa)<br>br\u0105zowy - Kazimierz Szczerba (boks - waga lekkop\u00f3\u0142\u015brednia)<br>br\u0105zowy - Janusz Gortat (boks -waga p\u00f3\u0142ci\u0119\u017cka)<br>br\u0105zowy - Marian Ta\u0142aj (judo - waga 71 kg)<br>br\u0105zowy - Mieczys\u0142aw Nowicki (kolarstwo - wy\u015bcig indywidualny)<br>br\u0105zowy - Wies\u0142aw Gawlikowski (strzelectwo - skeet)<br>br\u0105zowy - Jerzy Greszkiewicz (strzelectwo - strzelanie do sylwetki biegn\u0105cego dzika)<br>br\u0105zowy - Czes\u0142aw Kwieci\u0144ski (zapasy - styl klasyczny - waga 90 kg)<br>br\u0105zowy - Andrzej Skrzydlewski (zapasy - styl klasyczny - waga 100 kg)<br>br\u0105zowy - Kazimierz Czarnecki (podnoszenie ci\u0119\u017car\u00f3w - waga 67,5 kg)<br>br\u0105zowy - Tadeusz Rutkowski (podnoszenie ci\u0119\u017car\u00f3w - waga ponad 110 kg)<br>br\u0105zowy - Zdzis\u0142aw Antczak, Janusz Brzozowski, Piotr Cie\u015bla, Jan Gmyrek, Alfred Ka\u0142uzi\u0144ski, Jerzy Klempel, Zygfryd Kuchta, Jerzy Melcer, Ryszard Przybysz, Henryk Rozmiarek, Andrzej Soko\u0142owski, Andrzej Szymczak, Mieczys\u0142aw Wojczak i W\u0142odzimierz Zieli\u0144ski (pi\u0142ka r\u0119czna)<\/p>\n<!-- \/wp:paragraph -->\n\n<!-- wp:quote {\"className\":\"is-style-default\"} -->\n<blockquote class=\"wp-block-quote is-style-default\"><p>A\u017c siedem razy zagrano bia\u0142o-czerwonym Mazurek D\u0105browskiego: Irenie Szewi\u0144skiej triumfatorce biegu na 400 m, bokserowi Jerzemu Rybickiemu, Jackowi Wszole najlepszemu w skoku wzwy\u017c i Tadeuszowi \u015alusarskiemu, kt\u00f3ry wygra\u0142 konkurs skoku o tyczce, najlepszemu pi\u0119cioboi\u015bcie nowoczesnemu igrzysk Januszowi Pyciakowi-Peciakowi, zapa\u015bnikowi klasykowi Kazimierzowi Lipieniowi oraz siatkarzom, podopiecznym trenera Huberta Wagnera.<\/p><p>Drugi olimpijski kr\u0105\u017cek wywalczyli pi\u0142karze no\u017cni \u2013 tym razem srebro, z kolei zdobyli br\u0105z pi\u0142karze r\u0119czni.<\/p><\/blockquote>\n<!-- \/wp:quote -->","post_title":"Montreal 1976","post_excerpt":"","post_status":"publish","comment_status":"closed","ping_status":"closed","post_password":"","post_name":"montreal-1976","to_ping":"","pinged":"","post_modified":"2020-09-28 15:51:36","post_modified_gmt":"2020-09-28 13:51:36","post_content_filtered":"","post_parent":0,"guid":"https:\/\/wai-q98d7hpf9hy9k.wpallimport-demo.qsandbox.me\/olympics_summer\/montreal-1976\/","menu_order":0,"post_type":"olympics_summer","post_mime_type":"","comment_count":"0","filter":"raw"}],"competitions_rewards":[{"competition":[{"ID":5868,"post_author":"1","post_date":"2020-06-19 11:32:30","post_date_gmt":"2020-06-19 11:32:30","post_content":"","post_title":"Szermierka","post_excerpt":"","post_status":"publish","comment_status":"open","ping_status":"open","post_password":"","post_name":"szermierka","to_ping":"","pinged":"","post_modified":"2020-06-29 13:17:09","post_modified_gmt":"2020-06-29 11:17:09","post_content_filtered":"","post_parent":0,"guid":"https:\/\/wai-q7byvryhhcz9k.wpallimport-demo.qsandbox.me\/competition\/szermierka\/","menu_order":0,"post_type":"competition","post_mime_type":"","comment_count":"0","filter":"raw"}],"reward":""}]}],"picture":{"ID":30763,"id":30763,"title":"Leszek Swornowski - szpada","filename":"Leszek-Swornowski-szpada.jpg","filesize":84869,"url":"https:\/\/olimpijski.pl\/wp-content\/uploads\/2020\/06\/Leszek-Swornowski-szpada.jpg","link":"https:\/\/olimpijski.pl\/en\/olimpijczycy\/leszek-swornowski\/leszek-swornowski-szpada\/#main","alt":"","author":"15","description":"","caption":"","name":"leszek-swornowski-szpada","status":"inherit","uploaded_to":15117,"date":"2020-10-06 10:18:20","modified":"2020-10-06 10:18:20","menu_order":0,"mime_type":"image\/jpeg","type":"image","subtype":"jpeg","icon":"https:\/\/olimpijski.pl\/wp-includes\/images\/media\/default.png","width":864,"height":965,"sizes":{"thumbnail":"https:\/\/olimpijski.pl\/wp-content\/uploads\/2020\/06\/Leszek-Swornowski-szpada-150x150.jpg","thumbnail-width":150,"thumbnail-height":150,"medium":"https:\/\/olimpijski.pl\/wp-content\/uploads\/2020\/06\/Leszek-Swornowski-szpada-269x300.jpg","medium-width":269,"medium-height":300,"medium_large":"https:\/\/olimpijski.pl\/wp-content\/uploads\/2020\/06\/Leszek-Swornowski-szpada-768x858.jpg","medium_large-width":768,"medium_large-height":858,"large":"https:\/\/olimpijski.pl\/wp-content\/uploads\/2020\/06\/Leszek-Swornowski-szpada.jpg","large-width":864,"large-height":965,"1536x1536":"https:\/\/olimpijski.pl\/wp-content\/uploads\/2020\/06\/Leszek-Swornowski-szpada.jpg","1536x1536-width":864,"1536x1536-height":965,"2048x2048":"https:\/\/olimpijski.pl\/wp-content\/uploads\/2020\/06\/Leszek-Swornowski-szpada.jpg","2048x2048-width":864,"2048x2048-height":965,"ultp_layout_landscape_large":"https:\/\/olimpijski.pl\/wp-content\/uploads\/2020\/06\/Leszek-Swornowski-szpada-864x800.jpg","ultp_layout_landscape_large-width":864,"ultp_layout_landscape_large-height":800,"ultp_layout_landscape":"https:\/\/olimpijski.pl\/wp-content\/uploads\/2020\/06\/Leszek-Swornowski-szpada-864x570.jpg","ultp_layout_landscape-width":864,"ultp_layout_landscape-height":570,"ultp_layout_portrait":"https:\/\/olimpijski.pl\/wp-content\/uploads\/2020\/06\/Leszek-Swornowski-szpada-600x900.jpg","ultp_layout_portrait-width":600,"ultp_layout_portrait-height":900,"ultp_layout_square":"https:\/\/olimpijski.pl\/wp-content\/uploads\/2020\/06\/Leszek-Swornowski-szpada-600x600.jpg","ultp_layout_square-width":600,"ultp_layout_square-height":600}},"firstname":"Leszek","lastname":"Swornowski","birthdate_date":"28\/03\/1955","birthdate":"28 marca 1955","deathdate_date":"","deathdate":"","placeofbirth":"Wroc\u0142aw","club":"AZS Wroc\u0142aw","coach":"Adam Medy\u0144ski","metrics":"170 cm \/ 62 kg","seolink":"swornowski-leszek","tmp_old_id":"13150","tmp_old_fid":"294","tmp_old_parent_id":"15544","createdate":"20\/05\/2015","tmp_old_title":"Swornowski Leszek","tmp_old_lead":"","tmp_old_body":"<p class=\"title-m-02\">SWORNOWSKI LESZEK<\/p><table  border=\"0\" align=\"LEFT\" cellpadding=\"0\" cellspacing=\"0\"> <tr> <td class=\"photo-td-01\"><table  border=\"0\" cellspacing=\"0\" cellpadding=\"0\"> <tr>  <td><img src=\"files\/old\/i\/olimpijczycy\/Swornowski_Leszek_m.jpg\" alt=\"SWORNOWSKI LESZEK\" border=\"0\" width=\"50\" height=\"50\"><\/td> <\/tr> <\/table><\/td><\/tr><\/table><p><strong>nauczyciel wf, trener, modelarz, jeden z wielu wychowank\u00f3w trenera Adama Medy\u0144skiego, medalistka mistrzostw Europy i \u015bwiata w szpadzie (indywidualnie) oraz srebrny medalista IO w Moskwie 1980 (dru\u017cynowo).<br\/><\/strong><br\/>Urodzony 28 marca 1955 we Wroc\u0142awiu, syn Mariana (mechanik samochodowy) i Ireny Wyku\u017c, absolwent miejscowego Pedagogicznego Studium Technicznego (1977) i wroc\u0142awskiej AWF (1984), gdzie otrzyma\u0142 tytu\u0142 magistra wf. Szpadzista (170 cm, 62 kg) AZS Wroc\u0142aw, jeden z wielu wychowank\u00f3w trenera Adama Medy\u0144skiego (od 1968). Sprytny, z refleksem i wrodzon\u0105 bojowo\u015bci\u0105 - tak\u0105 rekomendacj\u0119 otrzyma\u0142 od nauczyciela wf, kiedy ten oddawa\u0142 go w r\u0119ce szermierczego fechtmistrza. Dosz\u0142a niezwyk\u0142a pracowito\u015b\u0107 i\u00a0niewielki wzrostem wroc\u0142awianin sta\u0142 si\u0119 absolutnym zaprzeczeniem wsp\u00f3\u0142czesnych teorii, \u017ce w szpadzie maj\u0105 szans\u0119 wy\u0142\u0105cznie olbrzymy o gigantycznym zasi\u0119gu ramion. Dwukrotny mistrz (1978, 1986) i wicemistrz (1982, 1984) Polski oraz <strong>11-krotny dru\u017cynowy\u00a0mistrz kraju<\/strong> (1977-1987) i 3-krotny wicemistrz (1974-1976). <strong>Br\u0105zowy medalista mistrzostw \u015bwiata z Melbourne<\/strong> (1979) i mistrzostw Europy z Lizbony (1983). By\u0142 tak\u017ce finalist\u0105 mistrzostw \u015bwiata w konkurencji dru\u017cynowej: w Rzymie (1982) - 6 m. i w Wiedniu (1983) - 4 m. W dru\u017cynie te\u017c\u00a0zdoby\u0142 tytu\u0142 wicemistrza Uniwersiady w Edmonton (1983). Pod koniec kariery sportowej reprezentowa\u0142 barwy wroc\u0142awskiego Kolejarza, gdzie \"dla chleba\" by\u0142 zawodnikiem, instruktorem i trenerem. Jego hobby by\u0142o modelarstwo. Otworzy\u0142 nawet we Wroc\u0142awiu sklep z nowo\u015bciami z tej dziedziny, ale szukaj\u0105c dalej miejsca w \u017cyciu wyjecha\u0142 do Francji, gdzie mieszka wraz z rodzin\u0105 (\u017cona, jedno dziecko). Odznaczony m. in. z\u0142otym Medalem za Wybitne Osi\u0105gni\u0119cia Sportowe oraz Z\u0142otym i Srebrnym Krzy\u017cami Zas\u0142ugi.<br\/><br\/>Bibl.: G\u0142uszek, Leksykon 1999, s. 336-337; Pawlak, Olimpijczycy, s. 248; MES, t. 2, s. 489; Du\u0144ski, Od Pary\u017ca, s. 874-875; Schwarzer, Dolno\u015bl\u0105scy olimpijczycy, s. 44, 57; Borz\u0119cki, Bia\u0142\u0105 broni\u0105, s. 8, 13, 129 i dalsze; \u0141uczak, Szermierka w Polsce, s. 97 i dalsze; AAWF Wroc\u0142aw, sygn. 5491 \/ S. <br\/><strong>*1976 Montreal: szpada dru\u017c.<\/strong> - w grupie elim. (4 dru\u017c.) po pora\u017ckach z Francj\u0105 1:13 (Swornowski 1 zw.) i W\u0119grami 4:11 (1 zw.) Polacy zaj\u0119li 4 m. w grupie i odp. z konk. Partnerami w dru\u017cynie byli: J. Janikowski, Z. Matwiejew i M. Wiech.<br\/><strong>*1980 Moskwa: szpada ind.<\/strong> - 4 m. w grupie elim. (6\u00a0 zaw.) z 3 zw. , odp. z konk., zajmuj\u0105c 25 m. w turnieju (zw. J. Harmenberg Szwecja); <strong>szpada dru\u017c.<\/strong> - w grupie elim. (3 dru\u017c.) Polacy pokonali Kub\u0119 12:4 (0 zw.) i przegrali z ZSRR 5:7 (0 zw.), zajmuj\u0105c 2 m. w grupie; w \u0107wier\u0107fin. pokonali Szwecj\u0119 8:6 (0 zw.); w p\u00f3\u0142fin. wygrali z Rumuni\u0105 8:4 (0 zw.); w finale ulegli Francji 4:8 (3 zw.) <strong>zdobywaj\u0105c srebrny medal<\/strong>. Partnerami w dru\u017cynie byli: L. Chronowski, P. Jab\u0142kowski, A. Lis i M. Strza\u0142ka.<br\/><\/p><!-- history --><table width=\"85%\" style=\"text-align:right\" border=\"0\" cellspacing=\"0\" cellpadding=\"0\">  <tr>    <td align=\"right\" class=\"box3-title\"><a href=\"javascript:history.back()\">\u00ab powr\u00f3t do listy<\/a><\/td>  <\/tr><\/table>","tmp_old_body_img":false,"tmp_old_lead_img":false,"picture_medalists":false,"important":"","person_achivments":"","group_knuie68fa087fd5h76":false},"_links":{"self":[{"href":"https:\/\/olimpijski.pl\/en\/wp-json\/wp\/v2\/person\/15117"}],"collection":[{"href":"https:\/\/olimpijski.pl\/en\/wp-json\/wp\/v2\/person"}],"about":[{"href":"https:\/\/olimpijski.pl\/en\/wp-json\/wp\/v2\/types\/person"}],"version-history":[{"count":5,"href":"https:\/\/olimpijski.pl\/en\/wp-json\/wp\/v2\/person\/15117\/revisions"}],"predecessor-version":[{"id":67106,"href":"https:\/\/olimpijski.pl\/en\/wp-json\/wp\/v2\/person\/15117\/revisions\/67106"}],"wp:featuredmedia":[{"embeddable":true,"href":"https:\/\/olimpijski.pl\/en\/wp-json\/wp\/v2\/media\/30763"}],"wp:attachment":[{"href":"https:\/\/olimpijski.pl\/en\/wp-json\/wp\/v2\/media?parent=15117"}],"curies":[{"name":"wp","href":"https:\/\/api.w.org\/{rel}","templated":true}]}}