{"id":15121,"date":"2020-06-24T16:51:44","date_gmt":"2020-06-24T14:51:44","guid":{"rendered":"http:\/\/pkol.local\/person\/anna-szafraniec\/"},"modified":"2023-02-16T13:02:11","modified_gmt":"2023-02-16T12:02:11","slug":"anna-szafraniec","status":"publish","type":"person","link":"https:\/\/olimpijski.pl\/en\/olimpijczycy\/anna-szafraniec\/","title":{"rendered":"Anna Szafraniec"},"content":{"rendered":"\n<p><br><br><br><strong>kolarka g\u00f3rska (MTB), mistrzyni \u015bwiata i br\u0105zowa medalistka mistrzostw \u015bwiata juniorek, wicemistrzyni \u015bwiata (2002 &#8211; wy\u015bcig indywidualny), wicemistrzyni Europy i mistrzyni \u015bwiata w sztafecie MTB (2003), uczestniczka Igrzysk Olimpijskich w Atenach (2004).<\/strong><\/p>\n\n\n\n<p>Urodzi\u0142a si\u0119 16 lutego 1981 roku w My\u015blenicach, mieszka w G\u0142ogoczowie. Absolwentka Liceum Ekonomicznego w My\u015blenicach (200) i wychowania fizycznego we Wszechnicy \u015awi\u0119tokrzyskiej w Kielcach (licencjat, 2004). Podopieczna trener\u00f3w: J\u00f3zef Tylek, Jan Mela, Andrzej Pi\u0105tek, Marek Gali\u0144ski.<\/p>\n\n\n\n<p>Jedna z najlepszych polskich kolarek uprawiaj\u0105cych MTB (kolarstwo g\u00f3rskie) i jeden z najwi\u0119kszych polskich talent\u00f3w w tej dyscyplinie sportu nieprzerwanie od ko\u0144ca lat 90-tych ubieg\u0142ego wieku. Zawodniczka mieszkaj\u0105ca na co dzie\u0144 w G\u0142ogoczowie (woj. ma\u0142opolskie) kolarstwo uprawia od 1995.<\/p>\n\n\n\n<p>Jej najwi\u0119ksze sukcesy to mistrzostwo \u015bwiata w sztafecie (MTB, Lugano 2003) oraz wicemistrzostwo \u015bwiata indywidualnie (MTB, Kaprun 2002). Zawodniczka mo\u017ce pochwali\u0107 si\u0119 tym, \u017ce jako pierwsza zdoby\u0142a medale dla Polski w kolarstwie g\u00f3rskim, co na sta\u0142e zapisuje j\u0105 w historii polskiego kolarstwa. Jej pierwszy medal w imprezie mi\u0119dzynarodowej by\u0142 br\u0105zowy, a wywalczy\u0142a go w wy\u015bcigu indywidualnym MTB w 1997 roku. Dwa lata p\u00f3\u017aniej zdominowa\u0142a polskie MTB, wygrywa\u0142a wy\u015bcigi z seniorkami, a w szwedzkim Are (1999) zosta\u0142a mistrzyni\u0105 \u015bwiata juniorek.<\/p>\n\n\n\n<p>Jest wielokrotn\u0105 uczestniczk\u0105 M\u015a MTB: sztafeta mieszana &#8211; 4. m (2000 Zurych, Szwajcaria), 7. m (2001 Vail, USA); cross-country &#8211; 12. m (2004 Les Gets, Francja), 17. m (2005 Livigno, W\u0142ochy), 7. m (2006 Rotorua, Nowa Zelandia), 7. m (2007 Fort William, Wlk. Brytania), 5. m (2009 Canberra, Australia). Mistrzostwa Europy: cross-country &#8211; 7. m (2001), 8. m (2004), 9. m (2003), 5. m (2006), 4. m (2009).<\/p>\n\n\n\n<p>Anna Szafraniec to tak\u017ce wielokrotna mistrzyni i medalistka mistrzostw Polski MTB w cross-country oraz maratonie rowerowym MTB. Stawa\u0142a na najwy\u017cszym stopniu podium mistrzostw Polski w kolarstwie szosowym i podczas G\u00f3rskich Mistrzostw Polski w kolarstwie szosowym. Dwukrotnie zdobywa\u0142a Puchar Polski MTB i 7 razy wygrywa\u0142a klasyfikacje generaln\u0105 GP MTB, presti\u017cowych zawod\u00f3w organizowanych przez Czes\u0142awa Langa. Dwa razy w tej rywalizacji by\u0142a druga.<\/p>\n\n\n\n<p>W 2012 roku wywalczy\u0142a Puchar Europy i Puchar Polski MTB oraz wygra\u0142a ko\u0144cz\u0105cy sezon kolarstwa g\u00f3rskiego, bardzo presti\u017cowy wy\u015bcig Roc d&#8217;Azur na Lazurowym Wybrze\u017cu.<\/p>\n\n\n\n<p>W 2004 roku zadebiutowa\u0142a w najwa\u017cniejszej sportowej imprezie &#8211; Igrzyskach Olimpijskich w Atenach &#8211; gdzie zaj\u0119\u0142a 11. miejsce na 30 startuj\u0105cych.<\/p>\n\n\n\n<p>Wyst\u0119powa\u0142a w zespo\u0142ach: Iskra G\u0142ogocz\u00f3w, RMF FM Coca-Cola Krak\u00f3w, Lotto Team, Halls Team, JBG2 Pro MTB Team, CCC Polkowice. W sezonie 2013 zmieni\u0142a barwy na Kross Racing Team.<\/p>\n\n\n\n<p>Pod koniec listopada 2005 zosta\u0142a uhonorowana srebrnym medalem Akademii Polskiego Sukcesu za wybitne osi\u0105gni\u0119cia dla Polski w kolarstwie g\u00f3rskim.<\/p>\n\n\n\n<p><strong>*Ateny 2004: kolarstwo, kolarstwo g\u00f3rskie, cross-country<\/strong> &#8211; 11. miejsce na 30 startuj\u0105cych (zwyci\u0119\u017cy\u0142a Gunn Rita Dahle &#8211; Norwegia).<\/p>\n","protected":false},"excerpt":{"rendered":"<p>kolarka g\u00f3rska (MTB), mistrzyni \u015bwiata i br\u0105zowa medalistka mistrzostw \u015bwiata juniorek, wicemistrzyni \u015bwiata (2002 &#8211; wy\u015bcig indywidualny), wicemistrzyni Europy i mistrzyni \u015bwiata w sztafecie MTB (2003), uczestniczka Igrzysk Olimpijskich w Atenach (2004). &#8230; <a class=\"read-more\" href=\"https:\/\/olimpijski.pl\/en\/olimpijczycy\/anna-szafraniec\/\">Czytaj dalej<\/a><\/p>\n","protected":false},"featured_media":66342,"menu_order":60,"template":"","meta":{"_acf_changed":false,"ub_ctt_via":"","footnotes":""},"class_list":["post-15121","person","type-person","status-publish","has-post-thumbnail","hentry","infinite-scroll-item","no-featured-image-padding","resize-featured-image"],"acf":{"olimpic_information":[{"olimpic":[{"ID":293,"post_author":"1","post_date":"2004-06-17 13:34:45","post_date_gmt":"2004-06-17 11:34:45","post_content":"<!-- wp:heading {\"level\":1,\"className\":\"main-title\"} -->\n<h1 class=\"main-title\"><strong>Igrzyska XXVIII Olimpiady<\/strong><br>Ateny 2004<\/h1>\n<!-- \/wp:heading -->\n\n<!-- wp:paragraph -->\n<p><br><\/p>\n<!-- \/wp:paragraph -->\n\n<!-- wp:image {\"align\":\"left\",\"id\":19310,\"sizeSlug\":\"large\",\"className\":\"is-style-default\"} -->\n<div class=\"wp-block-image is-style-default\"><figure class=\"alignleft size-large\"><img src=\"https:\/\/olimpijski.pl\/wp-content\/uploads\/2004\/06\/ateny2004.png\" alt=\"\" class=\"wp-image-19310\"\/><\/figure><\/div>\n<!-- \/wp:image -->\n\n<!-- wp:list -->\n<ul><li>Igrzyska rozegrano w dniach <strong>13-29 sierpnia<\/strong>.<\/li><li>Wystartowa\u0142o <strong>10 625<\/strong> zawodnik\u00f3w (w tym <strong>4329<\/strong> kobiet) z <strong>201<\/strong> kraj\u00f3w.<\/li><li>Rozdano <strong>301<\/strong> komplet\u00f3w medali.<\/li><li>Przysi\u0119g\u0119 olimpijsk\u0105 w imieniu sportowc\u00f3w z\u0142o\u017cy\u0142a p\u0142ywaczka <strong>Zoe Dimoschaki<\/strong>, natomiast w imieniu s\u0119dzi\u00f3w i trener\u00f3w \u2013 <strong>Lazaros Voreadis<\/strong>.<\/li><li>Znicz zapali\u0142 \u017ceglarz, mistrz olimpijski z Atlanty 1996 w klasie Mistral <strong>Nikolaos Kaklamanakis<\/strong>.<\/li><li>Igrzyska otworzy\u0142 prezydent Grecji <strong>Kostis Stephanopoulos<\/strong>.<\/li><\/ul>\n<!-- \/wp:list -->\n\n<!-- wp:heading -->\n<h2><strong>Program Igrzysk \u2013 31 dyscyplin, 301 konkurencji<\/strong><\/h2>\n<!-- \/wp:heading -->\n\n<!-- wp:paragraph -->\n<p>badminton (5 konkurencji), baseball (1), boks (11), gimnastyka (18), hokej na trawie (2), je\u017adziectwo (6), judo (14), kajakarstwo (16), kolarstwo (18), koszyk\u00f3wka (2), lekkoatletyka (46), \u0142ucznictwo (4), pi\u0119ciob\u00f3j nowoczesny (2), pi\u0142ka no\u017cna (2), pi\u0142ka r\u0119czna (2), pi\u0142ka siatkowa (4), pi\u0142ka wodna (2), p\u0142ywanie (32), p\u0142ywanie synchroniczne (2), podnoszenie ci\u0119\u017car\u00f3w (15), skoki do wody (8), softball (1), strzelectwo (17), szermierka (10), taekwondo (8), tenis (4), tenis sto\u0142owy (4), triathlon (2), wio\u015blarstwo (14), zapasy (18), \u017ceglarstwo (11).<\/p>\n<!-- \/wp:paragraph -->\n\n<!-- wp:heading -->\n<h2><strong>Gwiazda Igrzysk<\/strong><\/h2>\n<!-- \/wp:heading -->\n\n<!-- wp:paragraph -->\n<p><strong>Michael Phelps<\/strong> (USA, p\u0142ywanie) \u2013 6 z\u0142otych medali, 2 br\u0105zowe<br><strong>Otylia J\u0119drzejczak<\/strong> (Polska, p\u0142ywanie) \u2013 1 z\u0142oty medal, 2 srebrne<\/p>\n<!-- \/wp:paragraph -->\n\n<!-- wp:heading -->\n<h2><strong>Polska Reprezentacja Olimpijska<\/strong><\/h2>\n<!-- \/wp:heading -->\n\n<!-- wp:paragraph -->\n<p><strong>202 osoby<\/strong> (startowa\u0142o 194 \u2013 62 kobiety i 132 m\u0119\u017cczyzn) w 21 sportach: 3 badmintonist\u00f3w, 3 bokser\u00f3w, 6 gimnastyczek artystycznych, 1 gimnastyczka sportowa (nie startowa\u0142a), 4 je\u017ad\u017ac\u00f3w, 6 judok\u00f3w (w tym 2 kobiety), 23 kajakarzy (w tym 7 kobiet), 16 kolarzy (w tym 5 kobiet), 52 lekkoatlet\u00f3w (w tym 23 kobiety; 45 startowa\u0142o + 5 rez., 2 nie), 4 \u0142ucznik\u00f3w (w tym 3 kobiety), 4 pi\u0119cioboist\u00f3w (w tym 2 kobiety), 7 p\u0142ywak\u00f3w (w tym 2 kobiet), 7 ci\u0119\u017carowc\u00f3w (w tym 2 kobiety), 12 siatkarzy, 5 strzelc\u00f3w (w tym 3 kobiety), 3 szermierzy (w tym 2 kobiety), 1 taekwondo (kobieta), 2 tenisist\u00f3w, 2 tenisist\u00f3w sto\u0142owych, 23 wio\u015blarzy (w tym 2 kobiety), 9 zapa\u015bnik\u00f3w, 9 \u017ceglarzy (w tym 2 kobiety).<\/p>\n<!-- \/wp:paragraph -->\n\n<!-- wp:paragraph -->\n<p>Chor\u0105\u017cym reprezentacji Polski by\u0142 p\u0142ywak <strong>Bartosz Kizierowski<\/strong>.<\/p>\n<!-- \/wp:paragraph -->\n\n<!-- wp:heading -->\n<h2><strong>Klasyfikacja medalowa<\/strong><\/h2>\n<!-- \/wp:heading -->\n\n<!-- wp:table {\"hasFixedLayout\":true,\"className\":\"is-style-stripes\"} -->\n<figure class=\"wp-block-table is-style-stripes\"><table class=\"has-fixed-layout\"><tbody><tr><td><\/td><td><\/td><td class=\"has-text-align-center\" data-align=\"center\">&nbsp;<\/td><td class=\"has-text-align-center\" data-align=\"center\">&nbsp;<\/td><td class=\"has-text-align-center\" data-align=\"center\">&nbsp;<\/td><td class=\"has-text-align-center\" data-align=\"center\">&nbsp;<\/td><\/tr><tr><td>&nbsp;<\/td><td>&nbsp;<\/td><td class=\"has-text-align-center\" data-align=\"center\">&nbsp;<\/td><td class=\"has-text-align-center\" data-align=\"center\"><img class=\"wp-image-27817\" style=\"width: 50px;\" src=\"https:\/\/olimpijski.pl\/wp-content\/uploads\/2016\/06\/2016_Rio_zloty_50x50.jpg\" alt=\"\"><\/td><td class=\"has-text-align-center\" data-align=\"center\"><img class=\"wp-image-27819\" style=\"width: 50px;\" src=\"https:\/\/olimpijski.pl\/wp-content\/uploads\/2016\/06\/2016_Rio_sreb_50x50.jpg\" alt=\"\"><\/td><td class=\"has-text-align-center\" data-align=\"center\"><img class=\"wp-image-27821\" style=\"width: 50px;\" src=\"https:\/\/olimpijski.pl\/wp-content\/uploads\/2016\/06\/2016_Rio_braz_50x50.jpg\" alt=\"\"><\/td><\/tr><tr><td>1.<\/td><td>USA<\/td><td class=\"has-text-align-center\" data-align=\"center\">102<\/td><td class=\"has-text-align-center\" data-align=\"center\">37<\/td><td class=\"has-text-align-center\" data-align=\"center\">38<\/td><td class=\"has-text-align-center\" data-align=\"center\">27<\/td><\/tr><tr><td>2.<\/td><td>Chiny<\/td><td class=\"has-text-align-center\" data-align=\"center\">63<\/td><td class=\"has-text-align-center\" data-align=\"center\">32<\/td><td class=\"has-text-align-center\" data-align=\"center\">17<\/td><td class=\"has-text-align-center\" data-align=\"center\">14<\/td><\/tr><tr><td>3.<\/td><td>Rosja<\/td><td class=\"has-text-align-center\" data-align=\"center\">92<\/td><td class=\"has-text-align-center\" data-align=\"center\">27<\/td><td class=\"has-text-align-center\" data-align=\"center\">27<\/td><td class=\"has-text-align-center\" data-align=\"center\">38<\/td><\/tr><tr><td>...<\/td><td>&nbsp;<\/td><td class=\"has-text-align-center\" data-align=\"center\">&nbsp;<\/td><td class=\"has-text-align-center\" data-align=\"center\">&nbsp;<\/td><td class=\"has-text-align-center\" data-align=\"center\">&nbsp;<\/td><td class=\"has-text-align-center\" data-align=\"center\">&nbsp;<\/td><\/tr><tr><td><strong>23.<\/strong><\/td><td><strong>Polska<\/strong><\/td><td class=\"has-text-align-center\" data-align=\"center\"><strong>10<\/strong><\/td><td class=\"has-text-align-center\" data-align=\"center\"><strong>3<\/strong><\/td><td class=\"has-text-align-center\" data-align=\"center\"><strong>2<\/strong><\/td><td class=\"has-text-align-center\" data-align=\"center\"><strong>5<\/strong><\/td><\/tr><\/tbody><\/table><\/figure>\n<!-- \/wp:table -->\n\n<!-- wp:heading -->\n<h2><strong>Medale dla Polski (10)<\/strong><\/h2>\n<!-- \/wp:heading -->\n\n<!-- wp:ub\/content-toggle-block {\"blockID\":\"120ac614-72ab-4f12-9dc0-2ec9c4c90969\",\"theme\":\"#f1f1f1\",\"collapsed\":true,\"titleColor\":\"#000000\"} -->\n<!-- wp:ub\/content-toggle-panel-block {\"parentID\":\"120ac614-72ab-4f12-9dc0-2ec9c4c90969\",\"theme\":\"#f1f1f1\",\"collapsed\":true,\"titleColor\":\"#000000\",\"panelTitle\":\"Z\u0142ote\"} -->\n<!-- wp:paragraph -->\n<p><\/p>\n<!-- \/wp:paragraph -->\n\n<!-- wp:media-text {\"align\":\"\",\"mediaId\":30158,\"mediaLink\":\"https:\/\/olimpijski.pl\/igrzyska_letnie\/ateny-2004\/2004_ateny_zloty_200\/#main\",\"mediaType\":\"image\",\"mediaWidth\":20} -->\n<div class=\"wp-block-media-text is-stacked-on-mobile\" style=\"grid-template-columns:20% auto\"><figure class=\"wp-block-media-text__media\"><img src=\"https:\/\/olimpijski.pl\/wp-content\/uploads\/2004\/06\/2004_Ateny_zloty_200.jpg\" alt=\"\" class=\"wp-image-30158\"\/><\/figure><div class=\"wp-block-media-text__content\"><!-- wp:paragraph -->\n<p><strong>Otylia J\u0119drzejczak<\/strong><br>(p\u0142ywanie, 200 m stylem motylkowym)<\/p>\n<!-- \/wp:paragraph -->\n\n<!-- wp:paragraph -->\n<p><strong>Robert Korzeniowski<\/strong><br>(lekkoatletyka, ch\u00f3d na 50 km)<\/p>\n<!-- \/wp:paragraph -->\n\n<!-- wp:paragraph -->\n<p><strong>Tomasz Kucharski, Robert Sycz<\/strong><br>(wio\u015blarstwo, dw\u00f3jka podw\u00f3jna wagi lekkiej)<\/p>\n<!-- \/wp:paragraph --><\/div><\/div>\n<!-- \/wp:media-text -->\n<!-- \/wp:ub\/content-toggle-panel-block -->\n<!-- \/wp:ub\/content-toggle-block -->\n\n<!-- wp:ub\/content-toggle-block {\"blockID\":\"55a13279-a60a-41b7-80e6-8fbd16225fbc\",\"theme\":\"#f1f1f1\",\"collapsed\":true,\"titleColor\":\"#000000\"} -->\n<!-- wp:ub\/content-toggle-panel-block {\"parentID\":\"55a13279-a60a-41b7-80e6-8fbd16225fbc\",\"theme\":\"#f1f1f1\",\"collapsed\":true,\"titleColor\":\"#000000\",\"panelTitle\":\"Srebrne\"} -->\n<!-- wp:paragraph -->\n<p><\/p>\n<!-- \/wp:paragraph -->\n\n<!-- wp:media-text {\"align\":\"\",\"mediaId\":30160,\"mediaLink\":\"https:\/\/olimpijski.pl\/igrzyska_letnie\/ateny-2004\/2004_ateny_sreb_200\/#main\",\"mediaType\":\"image\",\"mediaWidth\":20} -->\n<div class=\"wp-block-media-text is-stacked-on-mobile\" style=\"grid-template-columns:20% auto\"><figure class=\"wp-block-media-text__media\"><img src=\"https:\/\/olimpijski.pl\/wp-content\/uploads\/2004\/06\/2004_Ateny_sreb_200.jpg\" alt=\"\" class=\"wp-image-30160\"\/><\/figure><div class=\"wp-block-media-text__content\"><!-- wp:paragraph -->\n<p><strong>Otylia J\u0119drzejczak<\/strong><br>(p\u0142ywanie, 100 m stylem motylkowym)<\/p>\n<!-- \/wp:paragraph -->\n\n<!-- wp:paragraph -->\n<p><strong>Otylia J\u0119drzejczak<\/strong><br>(p\u0142ywanie, 400 m stylem dowolnym)<br><\/p>\n<!-- \/wp:paragraph --><\/div><\/div>\n<!-- \/wp:media-text -->\n<!-- \/wp:ub\/content-toggle-panel-block -->\n<!-- \/wp:ub\/content-toggle-block -->\n\n<!-- wp:ub\/content-toggle-block {\"blockID\":\"2797118c-7890-4757-a47f-6bd9d2c91ce3\",\"theme\":\"#f1f1f1\",\"collapsed\":true,\"titleColor\":\"#000000\"} -->\n<!-- wp:ub\/content-toggle-panel-block {\"parentID\":\"2797118c-7890-4757-a47f-6bd9d2c91ce3\",\"theme\":\"#f1f1f1\",\"collapsed\":true,\"titleColor\":\"#000000\",\"panelTitle\":\"Br\u0105zowe\"} -->\n<!-- wp:paragraph -->\n<p><\/p>\n<!-- \/wp:paragraph -->\n\n<!-- wp:media-text {\"align\":\"\",\"mediaId\":30162,\"mediaLink\":\"https:\/\/olimpijski.pl\/igrzyska_letnie\/ateny-2004\/2004_ateny_braz_200\/#main\",\"mediaType\":\"image\",\"mediaWidth\":20} -->\n<div class=\"wp-block-media-text is-stacked-on-mobile\" style=\"grid-template-columns:20% auto\"><figure class=\"wp-block-media-text__media\"><img src=\"https:\/\/olimpijski.pl\/wp-content\/uploads\/2004\/06\/2004_Ateny_braz_200.jpg\" alt=\"\" class=\"wp-image-30162\"\/><\/figure><div class=\"wp-block-media-text__content\"><!-- wp:paragraph -->\n<p><strong>Beata Soko\u0142owska-Kulesza, Aneta Pastuszka<\/strong><br>(kajakarstwo, K2 na 500 m)<\/p>\n<!-- \/wp:paragraph -->\n\n<!-- wp:paragraph -->\n<p><strong>Sylwia Grucha\u0142a<\/strong><br>(szermierka, floret)<\/p>\n<!-- \/wp:paragraph -->\n\n<!-- wp:paragraph -->\n<p><strong>Agata Wr\u00f3bel<\/strong><br>(podnoszenie ci\u0119\u017car\u00f3w, waga powy\u017cej 75 kg)<\/p>\n<!-- \/wp:paragraph -->\n\n<!-- wp:paragraph -->\n<p><strong>Anna Rogowska<\/strong><br>(lekkoatletyka, skok o tyczce)<\/p>\n<!-- \/wp:paragraph -->\n\n<!-- wp:paragraph -->\n<p><strong>Mateusz Kusznierewicz<\/strong><br>(\u017ceglarstwo, klasa Finn)<\/p>\n<!-- \/wp:paragraph --><\/div><\/div>\n<!-- \/wp:media-text -->\n\n<!-- wp:paragraph -->\n<p><\/p>\n<!-- \/wp:paragraph -->\n<!-- \/wp:ub\/content-toggle-panel-block -->\n<!-- \/wp:ub\/content-toggle-block -->\n\n<!-- wp:quote {\"className\":\"is-style-default\"} -->\n<blockquote class=\"wp-block-quote is-style-default\"><p>Bohaterk\u0105 naszej reprezentacji by\u0142a Otylia J\u0119drzejczak, kt\u00f3ra zdoby\u0142a jeden z\u0142oty i dwa srebrne medale. Sw\u00f3j czwarty z\u0142oty medal zdoby\u0142 Robert Korzeniowski i sta\u0142 si\u0119 najbardziej utytu\u0142owanym polskim olimpijczykiem \u2013 4 z\u0142ote medale.<br><br>W rywalizacji po raz pierwszy wyst\u0105pili sportowcy z Kiribati i Timoru Wschodniego.<\/p><\/blockquote>\n<!-- \/wp:quote -->","post_title":"Ateny 2004","post_excerpt":"","post_status":"publish","comment_status":"closed","ping_status":"closed","post_password":"","post_name":"ateny-2004","to_ping":"","pinged":"","post_modified":"2020-10-06 15:08:00","post_modified_gmt":"2020-10-06 13:08:00","post_content_filtered":"","post_parent":0,"guid":"https:\/\/wai-q98d7hpf9hy9k.wpallimport-demo.qsandbox.me\/olympics_summer\/ateny-2004\/","menu_order":0,"post_type":"olympics_summer","post_mime_type":"","comment_count":"0","filter":"raw"}],"competitions_rewards":[{"competition":[{"ID":5865,"post_author":"1","post_date":"2020-06-19 11:32:30","post_date_gmt":"2020-06-19 11:32:30","post_content":"","post_title":"Kolarstwo g\u00f3rskie","post_excerpt":"","post_status":"publish","comment_status":"open","ping_status":"open","post_password":"","post_name":"kolarstwo-gorskie","to_ping":"","pinged":"","post_modified":"2020-06-29 13:17:08","post_modified_gmt":"2020-06-29 11:17:08","post_content_filtered":"","post_parent":0,"guid":"https:\/\/wai-q7byvryhhcz9k.wpallimport-demo.qsandbox.me\/competition\/kolarstwo-gorskie\/","menu_order":0,"post_type":"competition","post_mime_type":"","comment_count":"0","filter":"raw"}],"reward":""}]}],"picture":{"ID":66342,"id":66342,"title":"anna-szafraniec-450","filename":"anna-szafraniec-450.jpg","filesize":50169,"url":"https:\/\/olimpijski.pl\/wp-content\/uploads\/2020\/06\/anna-szafraniec-450.jpg","link":"https:\/\/olimpijski.pl\/en\/olimpijczycy\/anna-szafraniec\/anna-szafraniec-450\/#main","alt":"","author":"15","description":"","caption":"","name":"anna-szafraniec-450","status":"inherit","uploaded_to":15121,"date":"2023-02-16 12:01:48","modified":"2023-02-16 12:01:48","menu_order":0,"mime_type":"image\/jpeg","type":"image","subtype":"jpeg","icon":"https:\/\/olimpijski.pl\/wp-includes\/images\/media\/default.png","width":450,"height":543,"sizes":{"thumbnail":"https:\/\/olimpijski.pl\/wp-content\/uploads\/2020\/06\/anna-szafraniec-450-150x150.jpg","thumbnail-width":150,"thumbnail-height":150,"medium":"https:\/\/olimpijski.pl\/wp-content\/uploads\/2020\/06\/anna-szafraniec-450-249x300.jpg","medium-width":249,"medium-height":300,"medium_large":"https:\/\/olimpijski.pl\/wp-content\/uploads\/2020\/06\/anna-szafraniec-450.jpg","medium_large-width":450,"medium_large-height":543,"large":"https:\/\/olimpijski.pl\/wp-content\/uploads\/2020\/06\/anna-szafraniec-450.jpg","large-width":450,"large-height":543,"1536x1536":"https:\/\/olimpijski.pl\/wp-content\/uploads\/2020\/06\/anna-szafraniec-450.jpg","1536x1536-width":450,"1536x1536-height":543,"2048x2048":"https:\/\/olimpijski.pl\/wp-content\/uploads\/2020\/06\/anna-szafraniec-450.jpg","2048x2048-width":450,"2048x2048-height":543,"ultp_layout_landscape_large":"https:\/\/olimpijski.pl\/wp-content\/uploads\/2020\/06\/anna-szafraniec-450.jpg","ultp_layout_landscape_large-width":450,"ultp_layout_landscape_large-height":543,"ultp_layout_landscape":"https:\/\/olimpijski.pl\/wp-content\/uploads\/2020\/06\/anna-szafraniec-450.jpg","ultp_layout_landscape-width":450,"ultp_layout_landscape-height":543,"ultp_layout_portrait":"https:\/\/olimpijski.pl\/wp-content\/uploads\/2020\/06\/anna-szafraniec-450.jpg","ultp_layout_portrait-width":450,"ultp_layout_portrait-height":543,"ultp_layout_square":"https:\/\/olimpijski.pl\/wp-content\/uploads\/2020\/06\/anna-szafraniec-450.jpg","ultp_layout_square-width":450,"ultp_layout_square-height":543}},"firstname":"Anna","lastname":"Szafraniec","birthdate_date":"16\/02\/1981","birthdate":"16 lutego 1981","deathdate_date":"","deathdate":"","placeofbirth":"","club":"","coach":"","metrics":"","seolink":"szafraniec-anna","tmp_old_id":"16249","tmp_old_fid":"0","tmp_old_parent_id":"15544","createdate":"06\/11\/2013","tmp_old_title":"Szafraniec Anna","tmp_old_lead":"","tmp_old_body":"<p class=\"title-m-02\">SZAFRANIEC ANNA<\/p><p><strong>kolarka g&oacute;rska (MTB), mistrzyni \u015bwiata i br\u0105zowa medalistka mistrzostw \u015bwiata juniorek, wicemistrzyni \u015bwiata (2002 - wy\u015bcig indywidualny), wicemistrzyni Europy i mistrzyni \u015bwiata w sztafecie MTB (2003), uczestniczka Igrzysk Olimpijskich w Atenach (2004).<\/strong><br \/><br \/>Urodzi\u0142a si\u0119 16 lutego 1981 roku w My\u015blenicach, mieszka w G\u0142ogoczowie. Absolwentka Liceum Ekonomicznego w My\u015blenicach (200) i wychowania fizycznego we Wszechnicy \u015awi\u0119tokrzyskiej w Kielcach (licencjat, 2004). Podopieczna trener&oacute;w: J&oacute;zef Tylek, Jan Mela, Andrzej Pi\u0105tek, Marek Gali\u0144ski.<br \/><br \/>Jedna z najlepszych polskich kolarek uprawiaj\u0105cych MTB (kolarstwo g&oacute;rskie) i jeden z najwi\u0119kszych polskich talent&oacute;w w tej dyscyplinie sportu nieprzerwanie od ko\u0144ca lat 90-tych ubieg\u0142ego wieku. Zawodniczka mieszkaj\u0105ca na co dzie\u0144 w G\u0142ogoczowie (woj. ma\u0142opolskie) kolarstwo uprawia od 1995.<br \/><br \/>Jej najwi\u0119ksze sukcesy to mistrzostwo \u015bwiata w sztafecie (MTB, Lugano 2003) oraz wicemistrzostwo \u015bwiata indywidualnie (MTB, Kaprun 2002). Zawodniczka mo\u017ce pochwali\u0107 si\u0119 tym, \u017ce jako pierwsza zdoby\u0142a medale dla Polski w kolarstwie g&oacute;rskim, co na sta\u0142e zapisuje j\u0105 w historii polskiego kolarstwa. Jej pierwszy medal w imprezie mi\u0119dzynarodowej by\u0142 br\u0105zowy, a wywalczy\u0142a go w wy\u015bcigu indywidualnym MTB w 1997 roku. Dwa lata p&oacute;\u017aniej zdominowa\u0142a polskie MTB, wygrywa\u0142a wy\u015bcigi z seniorkami, a w szwedzkim Are (1999) zosta\u0142a mistrzyni\u0105 \u015bwiata juniorek.<br \/><br \/>Jest wielokrotn\u0105 uczestniczk\u0105 M\u015a MTB: sztafeta mieszana - 4. m (2000 Zurych, Szwajcaria), 7. m (2001 Vail, USA); cross-country - 12. m (2004 Les Gets, Francja), 17. m (2005 Livigno, W\u0142ochy), 7. m (2006 Rotorua, Nowa Zelandia), 7. m (2007 Fort William, Wlk. Brytania), 5. m (2009 Canberra, Australia). Mistrzostwa Europy: cross-country - 7. m (2001), 8. m (2004), 9. m (2003), 5. m (2006), 4. m (2009).<br \/><br \/>Anna Szafraniec to tak\u017ce wielokrotna mistrzyni i medalistka mistrzostw Polski MTB w cross-country oraz maratonie rowerowym MTB. Stawa\u0142a na najwy\u017cszym stopniu podium mistrzostw Polski w kolarstwie szosowym i podczas G&oacute;rskich Mistrzostw Polski w kolarstwie szosowym. Dwukrotnie zdobywa\u0142a Puchar Polski MTB i 7 razy wygrywa\u0142a klasyfikacje generaln\u0105 GP MTB, presti\u017cowych zawod&oacute;w organizowanych przez Czes\u0142awa Langa. Dwa razy w tej rywalizacji by\u0142a druga.<br \/><br \/>W 2012 roku wywalczy\u0142a Puchar Europy i Puchar Polski MTB oraz wygra\u0142a ko\u0144cz\u0105cy sezon kolarstwa g&oacute;rskiego, bardzo presti\u017cowy wy\u015bcig Roc d'Azur na Lazurowym Wybrze\u017cu.<br \/><br \/>W 2004 roku zadebiutowa\u0142a w najwa\u017cniejszej sportowej imprezie - Igrzyskach Olimpijskich w Atenach - gdzie zaj\u0119\u0142a 11. miejsce na 30 startuj\u0105cych.<br \/><br \/>Wyst\u0119powa\u0142a w zespo\u0142ach: Iskra G\u0142ogocz&oacute;w, RMF FM Coca-Cola Krak&oacute;w, Lotto Team, Halls Team, JBG2 Pro MTB Team, CCC Polkowice. W sezonie 2013 zmieni\u0142a barwy na Kross Racing Team.<br \/><br \/>Pod koniec listopada 2005 zosta\u0142a uhonorowana srebrnym medalem Akademii Polskiego Sukcesu za wybitne osi\u0105gni\u0119cia dla Polski w kolarstwie g&oacute;rskim.<\/p><p><strong>* 2004 Ateny: cross-country<\/strong> - 11. miejsce na 30 startuj\u0105cych (zwyci\u0119\u017cy\u0142a Gunn Rita Dahle - Norwegia).<\/p><!-- history --><table width=\"85%\" cellspacing=\"0\" cellpadding=\"0\" border=\"0\" style=\"text-align: right;\">    <tbody>        <tr>            <td align=\"right\" class=\"box3-title\"><a href=\"javascript:history.back()\">&laquo; powr&oacute;t do listy<\/a><\/td>        <\/tr>    <\/tbody><\/table>","tmp_old_body_img":false,"tmp_old_lead_img":false,"picture_medalists":false,"important":"","group_knuie68fa087fd5h76":false,"person_achivments":""},"_links":{"self":[{"href":"https:\/\/olimpijski.pl\/en\/wp-json\/wp\/v2\/person\/15121"}],"collection":[{"href":"https:\/\/olimpijski.pl\/en\/wp-json\/wp\/v2\/person"}],"about":[{"href":"https:\/\/olimpijski.pl\/en\/wp-json\/wp\/v2\/types\/person"}],"version-history":[{"count":3,"href":"https:\/\/olimpijski.pl\/en\/wp-json\/wp\/v2\/person\/15121\/revisions"}],"predecessor-version":[{"id":66344,"href":"https:\/\/olimpijski.pl\/en\/wp-json\/wp\/v2\/person\/15121\/revisions\/66344"}],"wp:featuredmedia":[{"embeddable":true,"href":"https:\/\/olimpijski.pl\/en\/wp-json\/wp\/v2\/media\/66342"}],"wp:attachment":[{"href":"https:\/\/olimpijski.pl\/en\/wp-json\/wp\/v2\/media?parent=15121"}],"curies":[{"name":"wp","href":"https:\/\/api.w.org\/{rel}","templated":true}]}}